{"id":764,"date":"2022-12-08T09:51:31","date_gmt":"2022-12-08T08:51:31","guid":{"rendered":"https:\/\/www.camping-laclairiere.fr\/?page_id=764"},"modified":"2025-01-28T19:12:18","modified_gmt":"2025-01-28T18:12:18","slug":"location-mobil-home-saint-paul-en-born","status":"publish","type":"page","link":"https:\/\/www.camping-laclairiere.fr\/fr\/location-mobil-home-saint-paul-en-born\/","title":{"rendered":"Locations"},"content":{"rendered":"<section id=\"ls-section-block_6322f73ba1535587d02e5adabbf93470\" class=\"ls-section  page-intro\" >\n        <div class=\"container \">\n        \n\n<h1 class=\"ls__heading wp-block-heading has-text-align-center aquarelle deco-centre\">Louez un mobil-home confort <br>dans les Landes<\/h1>\n\n\n    <\/div>\n<\/section>\n\n<section id=\"ls-section-block_c4b023057d3d91e4572b25e73c7582eb\" class=\"ls-section  page-hebergements has-p-t p-t-0\" >\n        <div class=\"container container--wide\">\n        \n\n<div id=\"ls-hebergements-block_6cd20f11001a49280b24978f71546962\" class=\"ls-hebergements\" >\n    \n    <div class=\"ls-customizer\">\n\n    <div class=\"ls-customizer__filters\">\n        <div class=\"ls-customizer__filters__close\">\n            <i class=\"fas fa-times\"><\/i>\n        <\/div>\n\n        <div class=\"ls-customizer__filters__title\">\n            <b>Filtres<\/b>\n            <span class=\"ls-customizer__filters__clear\"><i class=\"fas fa-times\"><\/i> Effacer les filtres<\/span>\n        <\/div>\n        \n        <!-- Filtres ACF fields -->\n        \n                                <!-- Filtre nombre_de_personnes -->\n                        <div class=\"filter\" id=\"filter-nombre_de_personnes\">\n                <div class=\"filter__title\">Capacit\u00e9 maximale<i class=\"fas fa-angle-down\"><\/i><\/div>\n                <fieldset data-filter=\"nombre_de_personnes\" data-operator=\"<=\" class=\"input\">\n                    \n                    <div><input type=\"radio\" name=\"nombre_de_personnes\" id=\"nombre_de_personnes-all\"  class=\"checkbox\" \/><label for='nombre_de_personnes-all'>Tous<\/label><\/div><div><input type=\"radio\" name=\"nombre_de_personnes\" id=\"nombre_de_personnes-2\" value=\"2\" class=\"checkbox\"  \/><label for='nombre_de_personnes-2'>Jusqu&rsquo;\u00e0 2 pers.<\/label><\/div><div><input type=\"radio\" name=\"nombre_de_personnes\" id=\"nombre_de_personnes-2-4\" value=\"2-4\" class=\"checkbox\"  \/><label for='nombre_de_personnes-2-4'>Jusqu&rsquo;\u00e0 2\/4 pers.<\/label><\/div><div><input type=\"radio\" name=\"nombre_de_personnes\" id=\"nombre_de_personnes-4\" value=\"4\" class=\"checkbox\"  \/><label for='nombre_de_personnes-4'>Jusqu&rsquo;\u00e0 4 pers.<\/label><\/div><div><input type=\"radio\" name=\"nombre_de_personnes\" id=\"nombre_de_personnes-4-6\" value=\"4-6\" class=\"checkbox\"  \/><label for='nombre_de_personnes-4-6'>Jusqu&rsquo;\u00e0 4\/6 pers.<\/label><\/div><div><input type=\"radio\" name=\"nombre_de_personnes\" id=\"nombre_de_personnes-6\" value=\"6\" class=\"checkbox\"  \/><label for='nombre_de_personnes-6'>Jusqu&rsquo;\u00e0 6 pers.<\/label><\/div>                <\/fieldset>\n            <\/div>\n                                <!-- Filtre nombre_de_chambres -->\n                        <div class=\"filter\" id=\"filter-nombre_de_chambres\">\n                <div class=\"filter__title\">Nombre de chambres<i class=\"fas fa-angle-down\"><\/i><\/div>\n                <fieldset data-filter=\"nombre_de_chambres\" data-operator=\"==\" class=\"input\">\n                    \n                    <div><input type=\"radio\" name=\"nombre_de_chambres\" id=\"nombre_de_chambres-all\"  class=\"checkbox\" \/><label for='nombre_de_chambres-all'>Tous<\/label><\/div><div><input type=\"radio\" name=\"nombre_de_chambres\" id=\"nombre_de_chambres-1\" value=\"1\" class=\"checkbox\"  \/><label for='nombre_de_chambres-1'>1<\/label><\/div><div><input type=\"radio\" name=\"nombre_de_chambres\" id=\"nombre_de_chambres-2\" value=\"2\" class=\"checkbox\"  \/><label for='nombre_de_chambres-2'>2<\/label><\/div><div><input type=\"radio\" name=\"nombre_de_chambres\" id=\"nombre_de_chambres-3\" value=\"3\" class=\"checkbox\"  \/><label for='nombre_de_chambres-3'>3<\/label><\/div>                <\/fieldset>\n            <\/div>\n                    \n\n        \n    <\/div>\n\n\n<\/div><div class=\"ls-hebergements__results\" data-row=\"3\" data-campings=\"false\" data-types=\"false\"><div class=\"ls-hebergement\" data-postid='2785' data-id-reservation='132329' data-id-site='' data-id1='' data-nombre_de_personnes='2' data-nombre_de_chambres='1' data-type='premium'>\n\n\t<div class=\"ls-hebergement__thumb\">\n\t\t\t<img decoding=\"async\" width=\"421\" height=\"272\" src=\"https:\/\/www.camping-laclairiere.fr\/wp-content\/uploads\/2023\/03\/Premium-1-chbre-cta.jpg\" class=\"attachment-full size-full wp-post-image\" alt=\"\" srcset=\"https:\/\/www.camping-laclairiere.fr\/wp-content\/uploads\/2023\/03\/Premium-1-chbre-cta.jpg 421w, https:\/\/www.camping-laclairiere.fr\/wp-content\/uploads\/2023\/03\/Premium-1-chbre-cta-300x194.jpg 300w\" sizes=\"(max-width: 421px) 100vw, 421px\" \/>\t<\/div>\n\n\n\t<div class=\"ls-hebergement__details\">\n\n\t\t<div class=\"ls-hebergement__icons\">\n\n\t\t\t\t\t\t<span class=\"ls-hebergement__icon\">\n\t\t\t\t<i class=\"clairiere-famille\"><\/i>\n\t\t\t\t2\t\t\t<\/span>\n\t\t\t\n\t\t\t\n\t\t\t\t\t\t<span class=\"ls-hebergement__icon\">\n\t\t\t\t<i class=\"clairiere-area\"><\/i>\n\t\t\t\t13.5m\u00b2\n\t\t\t<\/span>\n\t\t\t\n\t\t\t\t\t\t<span class=\"ls-hebergement__icon\">\n\t\t\t\t<i class=\"clairiere-door\"><\/i>\n\t\t\t\t\t\t\t\t1 chambre\t\t\t\t\t\t\t<\/span>\n\t\t\t\n\n\t\t\t\t\t<\/div>\n\t<\/div>\n\n\t<div class=\"ls-hebergement__title\">\n\t\tPremium 1chbre\n\t<\/div>\n\t\t\t\t\t<div class=\"ls-hebergement__subtitle\">Mobil-Home<\/div>\n\t\n\t<div class=\"ls-hebergement__disponibilite ls-button aligncenter\">\n\t\t<span class=\"text\">D\u00e9couvrir<\/span><span class='clairiere-arrow'><\/span>\n\t<\/div>\n\n<\/div><div class=\"ls-hebergement\" data-postid='846' data-id-reservation='67461' data-id-site='' data-id1='' data-nombre_de_personnes='4\/6' data-nombre_de_chambres='2' data-type='locations'>\n\n\t<div class=\"ls-hebergement__thumb\">\n\t\t\t<img decoding=\"async\" width=\"421\" height=\"272\" src=\"https:\/\/www.camping-laclairiere.fr\/wp-content\/uploads\/2023\/03\/Premium2ch-cta.jpg\" class=\"attachment-full size-full wp-post-image\" alt=\"\" srcset=\"https:\/\/www.camping-laclairiere.fr\/wp-content\/uploads\/2023\/03\/Premium2ch-cta.jpg 421w, https:\/\/www.camping-laclairiere.fr\/wp-content\/uploads\/2023\/03\/Premium2ch-cta-300x194.jpg 300w\" sizes=\"(max-width: 421px) 100vw, 421px\" \/>\t<\/div>\n\n\n\t<div class=\"ls-hebergement__details\">\n\n\t\t<div class=\"ls-hebergement__icons\">\n\n\t\t\t\t\t\t<span class=\"ls-hebergement__icon\">\n\t\t\t\t<i class=\"clairiere-famille\"><\/i>\n\t\t\t\t4\/6\t\t\t<\/span>\n\t\t\t\n\t\t\t\t\t\t<span class=\"ls-hebergement__icon\">\n\t\t\t\t<i class=\"clairiere-shower\"><\/i>\n\t\t\t\t\t\t\t\t1 sdb\t\t\t\t\t\t\t<\/span>\n\t\t\t\n\t\t\t\t\t\t<span class=\"ls-hebergement__icon\">\n\t\t\t\t<i class=\"clairiere-area\"><\/i>\n\t\t\t\t36m\u00b2\n\t\t\t<\/span>\n\t\t\t\n\t\t\t\t\t\t<span class=\"ls-hebergement__icon\">\n\t\t\t\t<i class=\"clairiere-door\"><\/i>\n\t\t\t\t\t\t\t\t2 chambres\t\t\t\t\t\t\t<\/span>\n\t\t\t\n\n\t\t\t\t\t<\/div>\n\t<\/div>\n\n\t<div class=\"ls-hebergement__title\">\n\t\tPremium + 2chbres\n\t<\/div>\n\t\t\t\t\t<div class=\"ls-hebergement__subtitle\">Mobil-home<\/div>\n\t\n\t<div class=\"ls-hebergement__disponibilite ls-button aligncenter\">\n\t\t<span class=\"text\">D\u00e9couvrir<\/span><span class='clairiere-arrow'><\/span>\n\t<\/div>\n\n<\/div><div class=\"ls-hebergement\" data-postid='843' data-id-reservation='71735' data-id-site='' data-id1='' data-nombre_de_personnes='6' data-nombre_de_chambres='3' data-type='locations'>\n\n\t<div class=\"ls-hebergement__thumb\">\n\t\t\t<img decoding=\"async\" width=\"421\" height=\"272\" src=\"https:\/\/www.camping-laclairiere.fr\/wp-content\/uploads\/2023\/03\/Premium3ch-cta.jpg\" class=\"attachment-full size-full wp-post-image\" alt=\"\" srcset=\"https:\/\/www.camping-laclairiere.fr\/wp-content\/uploads\/2023\/03\/Premium3ch-cta.jpg 421w, https:\/\/www.camping-laclairiere.fr\/wp-content\/uploads\/2023\/03\/Premium3ch-cta-300x194.jpg 300w\" sizes=\"(max-width: 421px) 100vw, 421px\" \/>\t<\/div>\n\n\n\t<div class=\"ls-hebergement__details\">\n\n\t\t<div class=\"ls-hebergement__icons\">\n\n\t\t\t\t\t\t<span class=\"ls-hebergement__icon\">\n\t\t\t\t<i class=\"clairiere-famille\"><\/i>\n\t\t\t\t6\t\t\t<\/span>\n\t\t\t\n\t\t\t\t\t\t<span class=\"ls-hebergement__icon\">\n\t\t\t\t<i class=\"clairiere-shower\"><\/i>\n\t\t\t\t\t\t\t\t1 sdb\t\t\t\t\t\t\t<\/span>\n\t\t\t\n\t\t\t\t\t\t<span class=\"ls-hebergement__icon\">\n\t\t\t\t<i class=\"clairiere-area\"><\/i>\n\t\t\t\t40m\u00b2\n\t\t\t<\/span>\n\t\t\t\n\t\t\t\t\t\t<span class=\"ls-hebergement__icon\">\n\t\t\t\t<i class=\"clairiere-door\"><\/i>\n\t\t\t\t\t\t\t\t3 chambres\t\t\t\t\t\t\t<\/span>\n\t\t\t\n\n\t\t\t\t\t<\/div>\n\t<\/div>\n\n\t<div class=\"ls-hebergement__title\">\n\t\tPremium + 3chbres\n\t<\/div>\n\t\t\t\t\t<div class=\"ls-hebergement__subtitle\">Mobil-home<\/div>\n\t\n\t<div class=\"ls-hebergement__disponibilite ls-button aligncenter\">\n\t\t<span class=\"text\">D\u00e9couvrir<\/span><span class='clairiere-arrow'><\/span>\n\t<\/div>\n\n<\/div><div class=\"ls-hebergement\" data-postid='2505' data-id-reservation='114591' data-id-site='' data-id1='' data-nombre_de_personnes='6' data-nombre_de_chambres='3' data-type='locations'>\n\n\t<div class=\"ls-hebergement__thumb\">\n\t\t\t<img decoding=\"async\" width=\"640\" height=\"480\" src=\"https:\/\/www.camping-laclairiere.fr\/wp-content\/uploads\/2023\/03\/louer-mobil-home-landes.jpg\" class=\"attachment-full size-full wp-post-image\" alt=\"louer mobil home landes\" srcset=\"https:\/\/www.camping-laclairiere.fr\/wp-content\/uploads\/2023\/03\/louer-mobil-home-landes.jpg 640w, https:\/\/www.camping-laclairiere.fr\/wp-content\/uploads\/2023\/03\/louer-mobil-home-landes-300x225.jpg 300w\" sizes=\"(max-width: 640px) 100vw, 640px\" \/>\t<\/div>\n\n\n\t<div class=\"ls-hebergement__details\">\n\n\t\t<div class=\"ls-hebergement__icons\">\n\n\t\t\t\t\t\t<span class=\"ls-hebergement__icon\">\n\t\t\t\t<i class=\"clairiere-famille\"><\/i>\n\t\t\t\t6\t\t\t<\/span>\n\t\t\t\n\t\t\t\t\t\t<span class=\"ls-hebergement__icon\">\n\t\t\t\t<i class=\"clairiere-shower\"><\/i>\n\t\t\t\t\t\t\t\t2 sdb\t\t\t\t\t\t\t<\/span>\n\t\t\t\n\t\t\t\t\t\t<span class=\"ls-hebergement__icon\">\n\t\t\t\t<i class=\"clairiere-area\"><\/i>\n\t\t\t\t40m\u00b2\n\t\t\t<\/span>\n\t\t\t\n\t\t\t\t\t\t<span class=\"ls-hebergement__icon\">\n\t\t\t\t<i class=\"clairiere-door\"><\/i>\n\t\t\t\t\t\t\t\t3 chambres\t\t\t\t\t\t\t<\/span>\n\t\t\t\n\n\t\t\t\t\t<\/div>\n\t<\/div>\n\n\t<div class=\"ls-hebergement__title\">\n\t\tPremium 3chbres\n\t<\/div>\n\t\t\t\t\t<div class=\"ls-hebergement__subtitle\">Mobil-home<\/div>\n\t\n\t<div class=\"ls-hebergement__disponibilite ls-button aligncenter\">\n\t\t<span class=\"text\">D\u00e9couvrir<\/span><span class='clairiere-arrow'><\/span>\n\t<\/div>\n\n<\/div><div class=\"ls-hebergement\" data-postid='2504' data-id-reservation='114590' data-id-site='' data-id1='' data-nombre_de_personnes='4' data-nombre_de_chambres='2' data-type='locations'>\n\n\t<div class=\"ls-hebergement__thumb\">\n\t\t\t<img decoding=\"async\" width=\"512\" height=\"384\" src=\"https:\/\/www.camping-laclairiere.fr\/wp-content\/uploads\/2023\/03\/mobil-home-confort-plus.jpg\" class=\"attachment-full size-full wp-post-image\" alt=\"mobil home confort plus\" srcset=\"https:\/\/www.camping-laclairiere.fr\/wp-content\/uploads\/2023\/03\/mobil-home-confort-plus.jpg 512w, https:\/\/www.camping-laclairiere.fr\/wp-content\/uploads\/2023\/03\/mobil-home-confort-plus-300x225.jpg 300w\" sizes=\"(max-width: 512px) 100vw, 512px\" \/>\t<\/div>\n\n\n\t<div class=\"ls-hebergement__details\">\n\n\t\t<div class=\"ls-hebergement__icons\">\n\n\t\t\t\t\t\t<span class=\"ls-hebergement__icon\">\n\t\t\t\t<i class=\"clairiere-famille\"><\/i>\n\t\t\t\t4\t\t\t<\/span>\n\t\t\t\n\t\t\t\t\t\t<span class=\"ls-hebergement__icon\">\n\t\t\t\t<i class=\"clairiere-shower\"><\/i>\n\t\t\t\t\t\t\t\t1\t\t\t\t\t\t\t<\/span>\n\t\t\t\n\t\t\t\t\t\t<span class=\"ls-hebergement__icon\">\n\t\t\t\t<i class=\"clairiere-area\"><\/i>\n\t\t\t\t32m\u00b2\n\t\t\t<\/span>\n\t\t\t\n\t\t\t\t\t\t<span class=\"ls-hebergement__icon\">\n\t\t\t\t<i class=\"clairiere-door\"><\/i>\n\t\t\t\t\t\t\t\t2 chambres\t\t\t\t\t\t\t<\/span>\n\t\t\t\n\n\t\t\t\t\t<\/div>\n\t<\/div>\n\n\t<div class=\"ls-hebergement__title\">\n\t\tConfort+ 2chbres\n\t<\/div>\n\t\t\t\t\t<div class=\"ls-hebergement__subtitle\">Mobil-home<\/div>\n\t\n\t<div class=\"ls-hebergement__disponibilite ls-button aligncenter\">\n\t\t<span class=\"text\">D\u00e9couvrir<\/span><span class='clairiere-arrow'><\/span>\n\t<\/div>\n\n<\/div><div class=\"ls-hebergement\" data-postid='1281' data-id-reservation='68743' data-id-site='' data-id1='' data-nombre_de_personnes='2\/4' data-nombre_de_chambres='1' data-type='locations'>\n\n\t<div class=\"ls-hebergement__thumb\">\n\t\t\t<img decoding=\"async\" width=\"2560\" height=\"1704\" src=\"https:\/\/www.camping-laclairiere.fr\/wp-content\/uploads\/2023\/03\/La-Clairiere-Escapades_280623_028_0-scaled.jpg\" class=\"attachment-full size-full wp-post-image\" alt=\"\" srcset=\"https:\/\/www.camping-laclairiere.fr\/wp-content\/uploads\/2023\/03\/La-Clairiere-Escapades_280623_028_0-scaled.jpg 2560w, https:\/\/www.camping-laclairiere.fr\/wp-content\/uploads\/2023\/03\/La-Clairiere-Escapades_280623_028_0-300x200.jpg 300w, https:\/\/www.camping-laclairiere.fr\/wp-content\/uploads\/2023\/03\/La-Clairiere-Escapades_280623_028_0-1024x682.jpg 1024w, https:\/\/www.camping-laclairiere.fr\/wp-content\/uploads\/2023\/03\/La-Clairiere-Escapades_280623_028_0-768x511.jpg 768w, https:\/\/www.camping-laclairiere.fr\/wp-content\/uploads\/2023\/03\/La-Clairiere-Escapades_280623_028_0-1536x1022.jpg 1536w, https:\/\/www.camping-laclairiere.fr\/wp-content\/uploads\/2023\/03\/La-Clairiere-Escapades_280623_028_0-2048x1363.jpg 2048w\" sizes=\"(max-width: 2560px) 100vw, 2560px\" \/>\t<\/div>\n\n\n\t<div class=\"ls-hebergement__details\">\n\n\t\t<div class=\"ls-hebergement__icons\">\n\n\t\t\t\t\t\t<span class=\"ls-hebergement__icon\">\n\t\t\t\t<i class=\"clairiere-famille\"><\/i>\n\t\t\t\t2\/4\t\t\t<\/span>\n\t\t\t\n\t\t\t\t\t\t<span class=\"ls-hebergement__icon\">\n\t\t\t\t<i class=\"clairiere-shower\"><\/i>\n\t\t\t\t\t\t\t\t1 sdb\t\t\t\t\t\t\t<\/span>\n\t\t\t\n\t\t\t\t\t\t<span class=\"ls-hebergement__icon\">\n\t\t\t\t<i class=\"clairiere-area\"><\/i>\n\t\t\t\t20m\u00b2\n\t\t\t<\/span>\n\t\t\t\n\t\t\t\t\t\t<span class=\"ls-hebergement__icon\">\n\t\t\t\t<i class=\"clairiere-door\"><\/i>\n\t\t\t\t\t\t\t\t1 chambre\t\t\t\t\t\t\t<\/span>\n\t\t\t\n\n\t\t\t\t\t<\/div>\n\t<\/div>\n\n\t<div class=\"ls-hebergement__title\">\n\t\tConfort 1 chbre\n\t<\/div>\n\t\t\t\t\t<div class=\"ls-hebergement__subtitle\">Mobil-Home<\/div>\n\t\n\t<div class=\"ls-hebergement__disponibilite ls-button aligncenter\">\n\t\t<span class=\"text\">D\u00e9couvrir<\/span><span class='clairiere-arrow'><\/span>\n\t<\/div>\n\n<\/div><div class=\"ls-hebergement\" data-postid='1286' data-id-reservation='47745' data-id-site='' data-id1='' data-nombre_de_personnes='4' data-nombre_de_chambres='2' data-type='locations'>\n\n\t<div class=\"ls-hebergement__thumb\">\n\t\t\t<img decoding=\"async\" width=\"564\" height=\"423\" src=\"https:\/\/www.camping-laclairiere.fr\/wp-content\/uploads\/2022\/12\/pops.jpg\" class=\"attachment-full size-full wp-post-image\" alt=\"pops\" srcset=\"https:\/\/www.camping-laclairiere.fr\/wp-content\/uploads\/2022\/12\/pops.jpg 564w, https:\/\/www.camping-laclairiere.fr\/wp-content\/uploads\/2022\/12\/pops-300x225.jpg 300w\" sizes=\"(max-width: 564px) 100vw, 564px\" \/>\t<\/div>\n\n\n\t<div class=\"ls-hebergement__details\">\n\n\t\t<div class=\"ls-hebergement__icons\">\n\n\t\t\t\t\t\t<span class=\"ls-hebergement__icon\">\n\t\t\t\t<i class=\"clairiere-famille\"><\/i>\n\t\t\t\t4\t\t\t<\/span>\n\t\t\t\n\t\t\t\t\t\t<span class=\"ls-hebergement__icon\">\n\t\t\t\t<i class=\"clairiere-shower\"><\/i>\n\t\t\t\t\t\t\t\t1 sdb\t\t\t\t\t\t\t<\/span>\n\t\t\t\n\t\t\t\t\t\t<span class=\"ls-hebergement__icon\">\n\t\t\t\t<i class=\"clairiere-area\"><\/i>\n\t\t\t\t27m\u00b2\n\t\t\t<\/span>\n\t\t\t\n\t\t\t\t\t\t<span class=\"ls-hebergement__icon\">\n\t\t\t\t<i class=\"clairiere-door\"><\/i>\n\t\t\t\t\t\t\t\t2 chambres\t\t\t\t\t\t\t<\/span>\n\t\t\t\n\n\t\t\t\t\t<\/div>\n\t<\/div>\n\n\t<div class=\"ls-hebergement__title\">\n\t\tConfort 2 chbres\n\t<\/div>\n\t\t\t\t\t<div class=\"ls-hebergement__subtitle\">Mobil-Home<\/div>\n\t\n\t<div class=\"ls-hebergement__disponibilite ls-button aligncenter\">\n\t\t<span class=\"text\">D\u00e9couvrir<\/span><span class='clairiere-arrow'><\/span>\n\t<\/div>\n\n<\/div><div class=\"ls-hebergement\" data-postid='1287' data-id-reservation='48098' data-id-site='' data-id1='' data-nombre_de_personnes='4\/6' data-nombre_de_chambres='2' data-type='locations'>\n\n\t<div class=\"ls-hebergement__thumb\">\n\t\t\t<img decoding=\"async\" width=\"564\" height=\"370\" src=\"https:\/\/www.camping-laclairiere.fr\/wp-content\/uploads\/2022\/12\/zens.jpg\" class=\"attachment-full size-full wp-post-image\" alt=\"zens\" srcset=\"https:\/\/www.camping-laclairiere.fr\/wp-content\/uploads\/2022\/12\/zens.jpg 564w, https:\/\/www.camping-laclairiere.fr\/wp-content\/uploads\/2022\/12\/zens-300x197.jpg 300w\" sizes=\"(max-width: 564px) 100vw, 564px\" \/>\t<\/div>\n\n\n\t<div class=\"ls-hebergement__details\">\n\n\t\t<div class=\"ls-hebergement__icons\">\n\n\t\t\t\t\t\t<span class=\"ls-hebergement__icon\">\n\t\t\t\t<i class=\"clairiere-famille\"><\/i>\n\t\t\t\t4\/6\t\t\t<\/span>\n\t\t\t\n\t\t\t\t\t\t<span class=\"ls-hebergement__icon\">\n\t\t\t\t<i class=\"clairiere-shower\"><\/i>\n\t\t\t\t\t\t\t\t1 sdb\t\t\t\t\t\t\t<\/span>\n\t\t\t\n\t\t\t\t\t\t<span class=\"ls-hebergement__icon\">\n\t\t\t\t<i class=\"clairiere-area\"><\/i>\n\t\t\t\t33m\u00b2\n\t\t\t<\/span>\n\t\t\t\n\t\t\t\t\t\t<span class=\"ls-hebergement__icon\">\n\t\t\t\t<i class=\"clairiere-door\"><\/i>\n\t\t\t\t\t\t\t\t2 chambres\t\t\t\t\t\t\t<\/span>\n\t\t\t\n\n\t\t\t\t\t<\/div>\n\t<\/div>\n\n\t<div class=\"ls-hebergement__title\">\n\t\tConfort 2 chbres\n\t<\/div>\n\t\t\t\t\t<div class=\"ls-hebergement__subtitle\">Mobil-Home<\/div>\n\t\n\t<div class=\"ls-hebergement__disponibilite ls-button aligncenter\">\n\t\t<span class=\"text\">D\u00e9couvrir<\/span><span class='clairiere-arrow'><\/span>\n\t<\/div>\n\n<\/div><div class=\"ls-hebergement\" data-postid='1291' data-id-reservation='47746' data-id-site='' data-id1='' data-nombre_de_personnes='6' data-nombre_de_chambres='3' data-type='locations'>\n\n\t<div class=\"ls-hebergement__thumb\">\n\t\t\t<img decoding=\"async\" width=\"564\" height=\"370\" src=\"https:\/\/www.camping-laclairiere.fr\/wp-content\/uploads\/2022\/12\/cottages.jpg\" class=\"attachment-full size-full wp-post-image\" alt=\"cottages\" srcset=\"https:\/\/www.camping-laclairiere.fr\/wp-content\/uploads\/2022\/12\/cottages.jpg 564w, https:\/\/www.camping-laclairiere.fr\/wp-content\/uploads\/2022\/12\/cottages-300x197.jpg 300w\" sizes=\"(max-width: 564px) 100vw, 564px\" \/>\t<\/div>\n\n\n\t<div class=\"ls-hebergement__details\">\n\n\t\t<div class=\"ls-hebergement__icons\">\n\n\t\t\t\t\t\t<span class=\"ls-hebergement__icon\">\n\t\t\t\t<i class=\"clairiere-famille\"><\/i>\n\t\t\t\t6\t\t\t<\/span>\n\t\t\t\n\t\t\t\t\t\t<span class=\"ls-hebergement__icon\">\n\t\t\t\t<i class=\"clairiere-shower\"><\/i>\n\t\t\t\t\t\t\t\t1 sdb\t\t\t\t\t\t\t<\/span>\n\t\t\t\n\t\t\t\t\t\t<span class=\"ls-hebergement__icon\">\n\t\t\t\t<i class=\"clairiere-area\"><\/i>\n\t\t\t\t33m\u00b2\n\t\t\t<\/span>\n\t\t\t\n\t\t\t\t\t\t<span class=\"ls-hebergement__icon\">\n\t\t\t\t<i class=\"clairiere-door\"><\/i>\n\t\t\t\t\t\t\t\t3 chambres\t\t\t\t\t\t\t<\/span>\n\t\t\t\n\n\t\t\t\t\t<\/div>\n\t<\/div>\n\n\t<div class=\"ls-hebergement__title\">\n\t\tConfort 3 chbres\n\t<\/div>\n\t\t\t\t\t<div class=\"ls-hebergement__subtitle\">Mobil-Home<\/div>\n\t\n\t<div class=\"ls-hebergement__disponibilite ls-button aligncenter\">\n\t\t<span class=\"text\">D\u00e9couvrir<\/span><span class='clairiere-arrow'><\/span>\n\t<\/div>\n\n<\/div><div class=\"ls-hebergement\" data-postid='832' data-id-reservation='110773' data-id-site='' data-id1='' data-nombre_de_personnes='4' data-nombre_de_chambres='2' data-type='locations'>\n\n\t<div class=\"ls-hebergement__thumb\">\n\t\t\t<img decoding=\"async\" width=\"552\" height=\"367\" src=\"https:\/\/www.camping-laclairiere.fr\/wp-content\/uploads\/2022\/12\/219-hebergement-tente-lodge-ext-552x367-1.jpg\" class=\"attachment-full size-full wp-post-image\" alt=\"tente lodge\" srcset=\"https:\/\/www.camping-laclairiere.fr\/wp-content\/uploads\/2022\/12\/219-hebergement-tente-lodge-ext-552x367-1.jpg 552w, https:\/\/www.camping-laclairiere.fr\/wp-content\/uploads\/2022\/12\/219-hebergement-tente-lodge-ext-552x367-1-300x199.jpg 300w\" sizes=\"(max-width: 552px) 100vw, 552px\" \/>\t<\/div>\n\n\n\t<div class=\"ls-hebergement__details\">\n\n\t\t<div class=\"ls-hebergement__icons\">\n\n\t\t\t\t\t\t<span class=\"ls-hebergement__icon\">\n\t\t\t\t<i class=\"clairiere-famille\"><\/i>\n\t\t\t\t4\t\t\t<\/span>\n\t\t\t\n\t\t\t\t\t\t<span class=\"ls-hebergement__icon\">\n\t\t\t\t<i class=\"clairiere-shower\"><\/i>\n\t\t\t\t\t\t\t\t1 sdb\t\t\t\t\t\t\t<\/span>\n\t\t\t\n\t\t\t\t\t\t<span class=\"ls-hebergement__icon\">\n\t\t\t\t<i class=\"clairiere-area\"><\/i>\n\t\t\t\t35m\u00b2\n\t\t\t<\/span>\n\t\t\t\n\t\t\t\t\t\t<span class=\"ls-hebergement__icon\">\n\t\t\t\t<i class=\"clairiere-door\"><\/i>\n\t\t\t\t\t\t\t\t2 chambres\t\t\t\t\t\t\t<\/span>\n\t\t\t\n\n\t\t\t\t\t<\/div>\n\t<\/div>\n\n\t<div class=\"ls-hebergement__title\">\n\t\tTente Lodge\n\t<\/div>\n\t\t\t\t\t<div class=\"ls-hebergement__subtitle\">Tente<\/div>\n\t\n\t<div class=\"ls-hebergement__disponibilite ls-button aligncenter\">\n\t\t<span class=\"text\">D\u00e9couvrir<\/span><span class='clairiere-arrow'><\/span>\n\t<\/div>\n\n<\/div><div class=\"ls-hebergement\" data-postid='2506' data-id-reservation='114577' data-id-site='' data-id1='' data-nombre_de_personnes='4' data-nombre_de_chambres='2' data-type='locations'>\n\n\t<div class=\"ls-hebergement__thumb\">\n\t\t\t<img decoding=\"async\" width=\"480\" height=\"640\" src=\"https:\/\/www.camping-laclairiere.fr\/wp-content\/uploads\/2023\/03\/rapidgomlo75tp-rotated.jpg\" class=\"attachment-full size-full wp-post-image\" alt=\"\" srcset=\"https:\/\/www.camping-laclairiere.fr\/wp-content\/uploads\/2023\/03\/rapidgomlo75tp-rotated.jpg 480w, https:\/\/www.camping-laclairiere.fr\/wp-content\/uploads\/2023\/03\/rapidgomlo75tp-225x300.jpg 225w\" sizes=\"(max-width: 480px) 100vw, 480px\" \/>\t<\/div>\n\n\n\t<div class=\"ls-hebergement__details\">\n\n\t\t<div class=\"ls-hebergement__icons\">\n\n\t\t\t\t\t\t<span class=\"ls-hebergement__icon\">\n\t\t\t\t<i class=\"clairiere-famille\"><\/i>\n\t\t\t\t4\t\t\t<\/span>\n\t\t\t\n\t\t\t\t\t\t<span class=\"ls-hebergement__icon\">\n\t\t\t\t<i class=\"clairiere-shower\"><\/i>\n\t\t\t\t\t\t\t\t1\t\t\t\t\t\t\t<\/span>\n\t\t\t\n\t\t\t\t\t\t<span class=\"ls-hebergement__icon\">\n\t\t\t\t<i class=\"clairiere-area\"><\/i>\n\t\t\t\t26m\u00b2\n\t\t\t<\/span>\n\t\t\t\n\t\t\t\t\t\t<span class=\"ls-hebergement__icon\">\n\t\t\t\t<i class=\"clairiere-door\"><\/i>\n\t\t\t\t\t\t\t\t2 chambres\t\t\t\t\t\t\t<\/span>\n\t\t\t\n\n\t\t\t\t\t<\/div>\n\t<\/div>\n\n\t<div class=\"ls-hebergement__title\">\n\t\tPremium 2 chbres\n\t<\/div>\n\t\t\t\t\t<div class=\"ls-hebergement__subtitle\">Mobil-home<\/div>\n\t\n\t<div class=\"ls-hebergement__disponibilite ls-button aligncenter\">\n\t\t<span class=\"text\">D\u00e9couvrir<\/span><span class='clairiere-arrow'><\/span>\n\t<\/div>\n\n<\/div><div class=\"ls-hebergement\" data-postid='2507' data-id-reservation='114589' data-id-site='' data-id1='' data-nombre_de_personnes='6' data-nombre_de_chambres='3' data-type='locations'>\n\n\t<div class=\"ls-hebergement__thumb\">\n\t\t\t<img decoding=\"async\" width=\"640\" height=\"480\" src=\"https:\/\/www.camping-laclairiere.fr\/wp-content\/uploads\/2023\/02\/location-mobil-home-mimizan.jpg\" class=\"attachment-full size-full wp-post-image\" alt=\"location mobil home mimizan\" srcset=\"https:\/\/www.camping-laclairiere.fr\/wp-content\/uploads\/2023\/02\/location-mobil-home-mimizan.jpg 640w, https:\/\/www.camping-laclairiere.fr\/wp-content\/uploads\/2023\/02\/location-mobil-home-mimizan-300x225.jpg 300w\" sizes=\"(max-width: 640px) 100vw, 640px\" \/>\t<\/div>\n\n\n\t<div class=\"ls-hebergement__details\">\n\n\t\t<div class=\"ls-hebergement__icons\">\n\n\t\t\t\t\t\t<span class=\"ls-hebergement__icon\">\n\t\t\t\t<i class=\"clairiere-famille\"><\/i>\n\t\t\t\t6\t\t\t<\/span>\n\t\t\t\n\t\t\t\t\t\t<span class=\"ls-hebergement__icon\">\n\t\t\t\t<i class=\"clairiere-shower\"><\/i>\n\t\t\t\t\t\t\t\t1\t\t\t\t\t\t\t<\/span>\n\t\t\t\n\t\t\t\t\t\t<span class=\"ls-hebergement__icon\">\n\t\t\t\t<i class=\"clairiere-area\"><\/i>\n\t\t\t\t33m\u00b2\n\t\t\t<\/span>\n\t\t\t\n\t\t\t\t\t\t<span class=\"ls-hebergement__icon\">\n\t\t\t\t<i class=\"clairiere-door\"><\/i>\n\t\t\t\t\t\t\t\t3 chambres\t\t\t\t\t\t\t<\/span>\n\t\t\t\n\n\t\t\t\t\t<\/div>\n\t<\/div>\n\n\t<div class=\"ls-hebergement__title\">\n\t\tConfort+ 3 chbres\n\t<\/div>\n\t\t\t\t\t<div class=\"ls-hebergement__subtitle\">Mobil-home<\/div>\n\t\n\t<div class=\"ls-hebergement__disponibilite ls-button aligncenter\">\n\t\t<span class=\"text\">D\u00e9couvrir<\/span><span class='clairiere-arrow'><\/span>\n\t<\/div>\n\n<\/div><div class=\"ls-hebergement\" data-postid='1292' data-id-reservation='47748' data-id-site='' data-id1='' data-nombre_de_personnes='4' data-nombre_de_chambres='2' data-type='locations'>\n\n\t<div class=\"ls-hebergement__thumb\">\n\t\t\t<img decoding=\"async\" width=\"620\" height=\"370\" src=\"https:\/\/www.camping-laclairiere.fr\/wp-content\/uploads\/2022\/12\/cases.jpg\" class=\"attachment-full size-full wp-post-image\" alt=\"cases\" srcset=\"https:\/\/www.camping-laclairiere.fr\/wp-content\/uploads\/2022\/12\/cases.jpg 620w, https:\/\/www.camping-laclairiere.fr\/wp-content\/uploads\/2022\/12\/cases-300x179.jpg 300w\" sizes=\"(max-width: 620px) 100vw, 620px\" \/>\t<\/div>\n\n\n\t<div class=\"ls-hebergement__details\">\n\n\t\t<div class=\"ls-hebergement__icons\">\n\n\t\t\t\t\t\t<span class=\"ls-hebergement__icon\">\n\t\t\t\t<i class=\"clairiere-famille\"><\/i>\n\t\t\t\t4\t\t\t<\/span>\n\t\t\t\n\t\t\t\n\t\t\t\t\t\t<span class=\"ls-hebergement__icon\">\n\t\t\t\t<i class=\"clairiere-area\"><\/i>\n\t\t\t\t30m\u00b2\n\t\t\t<\/span>\n\t\t\t\n\t\t\t\t\t\t<span class=\"ls-hebergement__icon\">\n\t\t\t\t<i class=\"clairiere-door\"><\/i>\n\t\t\t\t\t\t\t\t2 chambres\t\t\t\t\t\t\t<\/span>\n\t\t\t\n\n\t\t\t\t\t<\/div>\n\t<\/div>\n\n\t<div class=\"ls-hebergement__title\">\n\t\tTente Eco\n\t<\/div>\n\t\t\t\t\t<div class=\"ls-hebergement__subtitle\">Tentes<\/div>\n\t\n\t<div class=\"ls-hebergement__disponibilite ls-button aligncenter\">\n\t\t<span class=\"text\">D\u00e9couvrir<\/span><span class='clairiere-arrow'><\/span>\n\t<\/div>\n\n<\/div><div class=\"ls-hebergement\" data-postid='1293' data-id-reservation='63644' data-id-site='' data-id1='' data-nombre_de_personnes='4' data-nombre_de_chambres='2' data-type='locations'>\n\n\t<div class=\"ls-hebergement__thumb\">\n\t\t\t<img decoding=\"async\" width=\"620\" height=\"466\" src=\"https:\/\/www.camping-laclairiere.fr\/wp-content\/uploads\/2022\/12\/standard.jpg\" class=\"attachment-full size-full wp-post-image\" alt=\"standard\" srcset=\"https:\/\/www.camping-laclairiere.fr\/wp-content\/uploads\/2022\/12\/standard.jpg 620w, https:\/\/www.camping-laclairiere.fr\/wp-content\/uploads\/2022\/12\/standard-300x225.jpg 300w\" sizes=\"(max-width: 620px) 100vw, 620px\" \/>\t<\/div>\n\n\n\t<div class=\"ls-hebergement__details\">\n\n\t\t<div class=\"ls-hebergement__icons\">\n\n\t\t\t\t\t\t<span class=\"ls-hebergement__icon\">\n\t\t\t\t<i class=\"clairiere-famille\"><\/i>\n\t\t\t\t4\t\t\t<\/span>\n\t\t\t\n\t\t\t\t\t\t<span class=\"ls-hebergement__icon\">\n\t\t\t\t<i class=\"clairiere-shower\"><\/i>\n\t\t\t\t\t\t\t\t1sdb\t\t\t\t\t\t\t<\/span>\n\t\t\t\n\t\t\t\n\t\t\t\t\t\t<span class=\"ls-hebergement__icon\">\n\t\t\t\t<i class=\"clairiere-door\"><\/i>\n\t\t\t\t\t\t\t\t2 chambres\t\t\t\t\t\t\t<\/span>\n\t\t\t\n\n\t\t\t\t\t<\/div>\n\t<\/div>\n\n\t<div class=\"ls-hebergement__title\">\n\t\tConfort 2 chbres\n\t<\/div>\n\t\t\t\t\t<div class=\"ls-hebergement__subtitle\">Mobil-home<\/div>\n\t\n\t<div class=\"ls-hebergement__disponibilite ls-button aligncenter\">\n\t\t<span class=\"text\">D\u00e9couvrir<\/span><span class='clairiere-arrow'><\/span>\n\t<\/div>\n\n<\/div><\/div><\/div>\n\n    <\/div>\n<\/section>\n\n<section id=\"ls-section-block_93f4f08c1bbc00185f3b5cae8a1a8af4\" class=\"ls-section \" >\n        <div class=\"container container--wide\">\n        \n\n<div class=\"wp-block-columns is-layout-flex wp-container-core-columns-is-layout-9d6595d7 wp-block-columns-is-layout-flex\">\n<div class=\"wp-block-column is-layout-flow wp-block-column-is-layout-flow\">\n<h2 class=\"ls__heading wp-block-heading deco-gauche\">Nos mobil-homes en location pour 1 \u00e0 6 personnes<\/h2>\n\n\n\n<p class=\"ls-paragraph\">Nos locations de mobil-homes \u00e0 Saint-Paul-en-Born restent parfaites pour ceux qui recherchent un s\u00e9jour confortable et pratique. Des cuisines enti\u00e8rement \u00e9quip\u00e9es aux <strong>espaces de vie spacieux<\/strong>, nos mobil-homes sont id\u00e9aux pour les couples ou les familles qui souhaitent profiter d&rsquo;un s\u00e9jour id\u00e9al.<\/p>\n\n\n\n<p class=\"ls-paragraph\">Avec 50 tentes lodge et mobil-homes, le <a href=\"\/fr\/\">camping la Clairi\u00e8re<\/a> vous propose des h\u00e9bergements r\u00e9cents et fonctionnels pour votre s\u00e9jour sur la c\u00f4te Aquitaine. Toutes ces locations poss\u00e8dent une <strong>terrasse avec un salon de jardin<\/strong> afin de profiter pleinement de la vie en plein air sans pour autant renoncer au confort douillet d&rsquo;une chambre ou d&rsquo;une cuisine \u00e9quip\u00e9e.<\/p>\n\n\n\n<p class=\"ls-paragraph\">Nos mobil-homes sont disponibles \u00e0 la location dans une gamme de styles, de tailles et de prix, pour convenir \u00e0 tous les budgets. Vous pouvez choisir un mobil-home tout confort de 1, 2 ou 3 chambres, en fonction de la taille de votre groupe. Ils sont \u00e9quip\u00e9s de toutes les commodit\u00e9s, appareils et ustensiles n\u00e9cessaires pour rendre votre s\u00e9jour aussi agr\u00e9able que possible, tout en conservant des <a href=\"\/fr\/camping-pas-cher-saint-paul-en-born\/\">prix attractifs<\/a>.<\/p>\n\n\n\n<h2 class=\"ls__heading wp-block-heading deco-gauche\">Louer un h\u00e9bergements \u00e0 St. Paul-en-Born<\/h2>\n\n\n\n<p class=\"ls-paragraph\">Si vous cherchez un moyen <strong>abordable et confortable<\/strong> de passer quelques jours dans les Landes, nos tentes lodge sont la solution id\u00e9ale. Situ\u00e9es dans un <strong>cadre magnifique<\/strong> et tranquille, nos tentes lodges confortables offrent la parfaite combinaison de commodit\u00e9s, de confort et de valeur<\/p>\n<\/div>\n\n\n\n<div class=\"wp-block-column is-vertically-aligned-center is-layout-flow wp-block-column-is-layout-flow\">\n<p class=\"ls-paragraph\">Chacune de nos tentes lodges comprend deux chambres et chaque chambre dispose de lits. Le salon est \u00e9quip\u00e9 d&rsquo;une cuisine compl\u00e8te, de la vaisselle, une cafeti\u00e8re, un micro-ondes et un r\u00e9frig\u00e9rateur. Il y a \u00e9galement une grande terrasse en bois couverte pour <strong>profiter du grand air<\/strong>.<\/p>\n\n\n\n<p class=\"ls-paragraph\">Bien que ces tentes lodge ne disposent pas de salle de bains ni de TV, nous proposons un bloc sanitaire moderne, \u00e9quip\u00e9 avec des douches et des toilettes situ\u00e9es \u00e0 proximit\u00e9 de votre emplacement.<\/p>\n\n\n\n<p class=\"ls-paragraph\">Notre \u00e9quipe vous propose d&rsquo;<strong>\u00eatre accompagner<\/strong> jusqu\u2019\u00e0 son h\u00e9bergement.<\/p>\n\n\n\n<h2 class=\"ls__heading wp-block-heading deco-gauche\">Louez un h\u00e9bergement tout confort dans les Landes<\/h2>\n\n\n\n<p class=\"ls-paragraph\">Nos locations de mobil-homes proposent un confort et une d\u00e9tente ultimes, offrant aux couples et aux familles l&rsquo;<strong>endroit id\u00e9al pour se d\u00e9tendre<\/strong> et profiter de leur temps ensemble. Avec des superficies de 20 \u00e0 40 m\u00b2, vous pouvez trouver la location parfaite pour votre tribu. Que vous veniez \u00e0 deux ou six personnes, nos mobil-homes sont \u00e9quip\u00e9s de tout confort pour vous accueillir. <\/p>\n\n\n\n<p class=\"ls-paragraph\">Chaque emplacement est \u00e9galement \u00e9quip\u00e9 d&rsquo;une terrasse, avec tables et chaises. Vous acc\u00e9dez ainsi \u00e0 un <strong>espace ext\u00e9rieur id\u00e9al<\/strong> pour prendre vos repas et vous d\u00e9tendre au soleil. Nous proposons \u00e9galement diff\u00e9rentes   gammes de mobil-homes : Standard, Confort, Confort +, Premium et Premium+.<\/p>\n\n\n\n<p class=\"ls-paragraph\">Si vous souhaitez louer un h\u00e9bergements plus traditionnel, nous disposons \u00e9galement d&rsquo;une <a href=\"\/fr\/location-emplacement-saint-paul-en-born\/\">large gamme d&#8217;emplacements<\/a> d\u00e9limit\u00e9s pour tentes, caravane ou bien camping car.<\/p>\n<\/div>\n<\/div>\n\n\n    <\/div>\n<\/section>\n\n<section id=\"ls-section-block_69377f783d9a87662256a1a280f3d518\" class=\"ls-section  page-maillage has-background has-color-3-background-color has-p-t p-t-14 has-p-b p-b-14\" >\n        <div class=\"container container--wide\">\n        \n\n<div id=\"ls-heading ls-titre-div-block_e15b408e2bf6026275a48b0ae9615dd0\" class=\"ls-titre-div deco-centre aligncenter h2-like\" >\n    D\u00e9couvrez les emplacements et les services de notre camping<\/div>\n\n\n<div id=\"ls-maillage-block_57e9cd386204619b2fcebd15e56d3af5\" class=\"ls-maillage cta-style-normal has-p-t p-t-8\" data-rows=\"3\">\n    <div class=\"wp-block-columns\"><div class=\"wp-block-column\">\n\n<a href=\"https:\/\/www.camping-laclairiere.fr\/fr\/location-emplacement-saint-paul-en-born\/\" target=\"\" rel=\"noopener\" class=\"ls-cta__link\">\n\n\t<div class=\"ls-cta__image\"><img decoding=\"async\" src=\"https:\/\/www.camping-laclairiere.fr\/wp-content\/uploads\/2022\/12\/emplacement-tente-ou-caravaning.jpg\" alt=\"emplacement tente ou caravaning\"><\/div>\n\t<div class=\"ls-cta__title\">\n\t\tEmplacements\t<\/div>\n\n\t\t\n<\/a><\/div><div class=\"wp-block-column\">\n\n<a href=\"https:\/\/www.camping-laclairiere.fr\/fr\/camping-pas-cher-saint-paul-en-born\/\" target=\"\" rel=\"noopener\" class=\"ls-cta__link\">\n\n\t<div class=\"ls-cta__image\"><img decoding=\"async\" src=\"https:\/\/www.camping-laclairiere.fr\/wp-content\/uploads\/2022\/12\/tarifs-camping-clairiere-landes.jpg\" alt=\"tarifs camping clairiere landes\"><\/div>\n\t<div class=\"ls-cta__title\">\n\t\tTarifs\t<\/div>\n\n\t\t\n<\/a><\/div><div class=\"wp-block-column\">\n\n<a href=\"https:\/\/www.camping-laclairiere.fr\/fr\/camping-familial-saint-paul-en-born\/\" target=\"\" rel=\"noopener\" class=\"ls-cta__link\">\n\n\t<div class=\"ls-cta__image\"><img decoding=\"async\" src=\"https:\/\/www.camping-laclairiere.fr\/wp-content\/uploads\/2022\/12\/vienoisserie-et-depot-de-pain-la-clairiere-landes.jpg\" alt=\"viennoiserie et depot de pain\"><\/div>\n\t<div class=\"ls-cta__title\">\n\t\tRestaurant et services\t<\/div>\n\n\t\t\n<\/a><\/div><\/div><\/div>\n\n    <\/div>\n<\/section>","protected":false},"excerpt":{"rendered":"","protected":false},"author":1,"featured_media":1213,"parent":0,"menu_order":0,"comment_status":"closed","ping_status":"closed","template":"","meta":{"_acf_changed":false,"footnotes":""},"sujet":[],"class_list":["post-764","page","type-page","status-publish","has-post-thumbnail","hentry"],"acf":[],"yoast_head":"<!-- This site is optimized with the Yoast SEO plugin v25.3 - https:\/\/yoast.com\/wordpress\/plugins\/seo\/ -->\n<title>Louer mobil-home St. Paul-en-Born | Location mobil-home Landes<\/title>\n<meta name=\"description\" content=\"H\u00e9bergements mobil-homes de 2 \u00e0 6 personnes ou tentes 4 personnes pour vos vacances dans les Landes sur la c\u00f4te Aquitaine\" \/>\n<meta name=\"robots\" content=\"index, follow, max-snippet:-1, max-image-preview:large, max-video-preview:-1\" \/>\n<link rel=\"canonical\" href=\"https:\/\/www.camping-laclairiere.fr\/fr\/location-mobil-home-saint-paul-en-born\/\" \/>\n<meta property=\"og:locale\" content=\"fr_FR\" \/>\n<meta property=\"og:type\" content=\"article\" \/>\n<meta property=\"og:title\" content=\"Louer mobil-home St. Paul-en-Born | Location mobil-home Landes\" \/>\n<meta property=\"og:description\" content=\"H\u00e9bergements mobil-homes de 2 \u00e0 6 personnes ou tentes 4 personnes pour vos vacances dans les Landes sur la c\u00f4te Aquitaine\" \/>\n<meta property=\"og:url\" content=\"https:\/\/www.camping-laclairiere.fr\/fr\/location-mobil-home-saint-paul-en-born\/\" \/>\n<meta property=\"og:site_name\" content=\"Camping La Clairi\u00e8re\" \/>\n<meta property=\"article:modified_time\" content=\"2025-01-28T18:12:18+00:00\" \/>\n<meta property=\"og:image\" content=\"https:\/\/www.camping-laclairiere.fr\/wp-content\/uploads\/2022\/12\/location-mobil-homes-landes.jpg\" \/>\n\t<meta property=\"og:image:width\" content=\"1920\" \/>\n\t<meta property=\"og:image:height\" content=\"712\" \/>\n\t<meta property=\"og:image:type\" content=\"image\/jpeg\" \/>\n<meta name=\"twitter:card\" content=\"summary_large_image\" \/>\n<meta name=\"twitter:label1\" content=\"Dur\u00e9e de lecture estim\u00e9e\" \/>\n\t<meta name=\"twitter:data1\" content=\"3 minutes\" \/>\n<script type=\"application\/ld+json\" class=\"yoast-schema-graph\">{\"@context\":\"https:\/\/schema.org\",\"@graph\":[{\"@type\":\"WebPage\",\"@id\":\"https:\/\/www.camping-laclairiere.fr\/fr\/location-mobil-home-saint-paul-en-born\/\",\"url\":\"https:\/\/www.camping-laclairiere.fr\/fr\/location-mobil-home-saint-paul-en-born\/\",\"name\":\"Louer mobil-home St. Paul-en-Born | Location mobil-home Landes\",\"isPartOf\":{\"@id\":\"https:\/\/www.camping-laclairiere.fr\/fr\/#website\"},\"primaryImageOfPage\":{\"@id\":\"https:\/\/www.camping-laclairiere.fr\/fr\/location-mobil-home-saint-paul-en-born\/#primaryimage\"},\"image\":{\"@id\":\"https:\/\/www.camping-laclairiere.fr\/fr\/location-mobil-home-saint-paul-en-born\/#primaryimage\"},\"thumbnailUrl\":\"https:\/\/www.camping-laclairiere.fr\/wp-content\/uploads\/2022\/12\/location-mobil-homes-landes.jpg\",\"datePublished\":\"2022-12-08T08:51:31+00:00\",\"dateModified\":\"2025-01-28T18:12:18+00:00\",\"description\":\"H\u00e9bergements mobil-homes de 2 \u00e0 6 personnes ou tentes 4 personnes pour vos vacances dans les Landes sur la c\u00f4te Aquitaine\",\"breadcrumb\":{\"@id\":\"https:\/\/www.camping-laclairiere.fr\/fr\/location-mobil-home-saint-paul-en-born\/#breadcrumb\"},\"inLanguage\":\"fr-FR\",\"potentialAction\":[{\"@type\":\"ReadAction\",\"target\":[\"https:\/\/www.camping-laclairiere.fr\/fr\/location-mobil-home-saint-paul-en-born\/\"]}]},{\"@type\":\"ImageObject\",\"inLanguage\":\"fr-FR\",\"@id\":\"https:\/\/www.camping-laclairiere.fr\/fr\/location-mobil-home-saint-paul-en-born\/#primaryimage\",\"url\":\"https:\/\/www.camping-laclairiere.fr\/wp-content\/uploads\/2022\/12\/location-mobil-homes-landes.jpg\",\"contentUrl\":\"https:\/\/www.camping-laclairiere.fr\/wp-content\/uploads\/2022\/12\/location-mobil-homes-landes.jpg\",\"width\":1920,\"height\":712,\"caption\":\"location mobil homes landes\"},{\"@type\":\"BreadcrumbList\",\"@id\":\"https:\/\/www.camping-laclairiere.fr\/fr\/location-mobil-home-saint-paul-en-born\/#breadcrumb\",\"itemListElement\":[{\"@type\":\"ListItem\",\"position\":1,\"name\":\"Camping Landes\",\"item\":\"https:\/\/www.camping-laclairiere.fr\/fr\/\"},{\"@type\":\"ListItem\",\"position\":2,\"name\":\"Location mobil-home \u00e0 St. Paul-en-Born\"}]},{\"@type\":\"WebSite\",\"@id\":\"https:\/\/www.camping-laclairiere.fr\/fr\/#website\",\"url\":\"https:\/\/www.camping-laclairiere.fr\/fr\/\",\"name\":\"Camping La Clairi\u00e8re\",\"description\":\"\",\"publisher\":{\"@id\":\"https:\/\/www.camping-laclairiere.fr\/fr\/#organization\"},\"potentialAction\":[{\"@type\":\"SearchAction\",\"target\":{\"@type\":\"EntryPoint\",\"urlTemplate\":\"https:\/\/www.camping-laclairiere.fr\/fr\/?s={search_term_string}\"},\"query-input\":{\"@type\":\"PropertyValueSpecification\",\"valueRequired\":true,\"valueName\":\"search_term_string\"}}],\"inLanguage\":\"fr-FR\"},{\"@type\":\"Organization\",\"@id\":\"https:\/\/www.camping-laclairiere.fr\/fr\/#organization\",\"name\":\"Camping La Clairi\u00e8re\",\"url\":\"https:\/\/www.camping-laclairiere.fr\/fr\/\",\"logo\":{\"@type\":\"ImageObject\",\"inLanguage\":\"fr-FR\",\"@id\":\"https:\/\/www.camping-laclairiere.fr\/fr\/#\/schema\/logo\/image\/\",\"url\":\"https:\/\/www.camping-laclairiere.fr\/wp-content\/uploads\/2022\/12\/logo-camping-la-clairiere.png\",\"contentUrl\":\"https:\/\/www.camping-laclairiere.fr\/wp-content\/uploads\/2022\/12\/logo-camping-la-clairiere.png\",\"width\":317,\"height\":111,\"caption\":\"Camping La Clairi\u00e8re\"},\"image\":{\"@id\":\"https:\/\/www.camping-laclairiere.fr\/fr\/#\/schema\/logo\/image\/\"}}]}<\/script>\n<!-- \/ Yoast SEO plugin. -->","yoast_head_json":{"title":"Louer mobil-home St. Paul-en-Born | Location mobil-home Landes","description":"H\u00e9bergements mobil-homes de 2 \u00e0 6 personnes ou tentes 4 personnes pour vos vacances dans les Landes sur la c\u00f4te Aquitaine","robots":{"index":"index","follow":"follow","max-snippet":"max-snippet:-1","max-image-preview":"max-image-preview:large","max-video-preview":"max-video-preview:-1"},"canonical":"https:\/\/www.camping-laclairiere.fr\/fr\/location-mobil-home-saint-paul-en-born\/","og_locale":"fr_FR","og_type":"article","og_title":"Louer mobil-home St. Paul-en-Born | Location mobil-home Landes","og_description":"H\u00e9bergements mobil-homes de 2 \u00e0 6 personnes ou tentes 4 personnes pour vos vacances dans les Landes sur la c\u00f4te Aquitaine","og_url":"https:\/\/www.camping-laclairiere.fr\/fr\/location-mobil-home-saint-paul-en-born\/","og_site_name":"Camping La Clairi\u00e8re","article_modified_time":"2025-01-28T18:12:18+00:00","og_image":[{"width":1920,"height":712,"url":"https:\/\/www.camping-laclairiere.fr\/wp-content\/uploads\/2022\/12\/location-mobil-homes-landes.jpg","type":"image\/jpeg"}],"twitter_card":"summary_large_image","twitter_misc":{"Dur\u00e9e de lecture estim\u00e9e":"3 minutes"},"schema":{"@context":"https:\/\/schema.org","@graph":[{"@type":"WebPage","@id":"https:\/\/www.camping-laclairiere.fr\/fr\/location-mobil-home-saint-paul-en-born\/","url":"https:\/\/www.camping-laclairiere.fr\/fr\/location-mobil-home-saint-paul-en-born\/","name":"Louer mobil-home St. Paul-en-Born | Location mobil-home Landes","isPartOf":{"@id":"https:\/\/www.camping-laclairiere.fr\/fr\/#website"},"primaryImageOfPage":{"@id":"https:\/\/www.camping-laclairiere.fr\/fr\/location-mobil-home-saint-paul-en-born\/#primaryimage"},"image":{"@id":"https:\/\/www.camping-laclairiere.fr\/fr\/location-mobil-home-saint-paul-en-born\/#primaryimage"},"thumbnailUrl":"https:\/\/www.camping-laclairiere.fr\/wp-content\/uploads\/2022\/12\/location-mobil-homes-landes.jpg","datePublished":"2022-12-08T08:51:31+00:00","dateModified":"2025-01-28T18:12:18+00:00","description":"H\u00e9bergements mobil-homes de 2 \u00e0 6 personnes ou tentes 4 personnes pour vos vacances dans les Landes sur la c\u00f4te Aquitaine","breadcrumb":{"@id":"https:\/\/www.camping-laclairiere.fr\/fr\/location-mobil-home-saint-paul-en-born\/#breadcrumb"},"inLanguage":"fr-FR","potentialAction":[{"@type":"ReadAction","target":["https:\/\/www.camping-laclairiere.fr\/fr\/location-mobil-home-saint-paul-en-born\/"]}]},{"@type":"ImageObject","inLanguage":"fr-FR","@id":"https:\/\/www.camping-laclairiere.fr\/fr\/location-mobil-home-saint-paul-en-born\/#primaryimage","url":"https:\/\/www.camping-laclairiere.fr\/wp-content\/uploads\/2022\/12\/location-mobil-homes-landes.jpg","contentUrl":"https:\/\/www.camping-laclairiere.fr\/wp-content\/uploads\/2022\/12\/location-mobil-homes-landes.jpg","width":1920,"height":712,"caption":"location mobil homes landes"},{"@type":"BreadcrumbList","@id":"https:\/\/www.camping-laclairiere.fr\/fr\/location-mobil-home-saint-paul-en-born\/#breadcrumb","itemListElement":[{"@type":"ListItem","position":1,"name":"Camping Landes","item":"https:\/\/www.camping-laclairiere.fr\/fr\/"},{"@type":"ListItem","position":2,"name":"Location mobil-home \u00e0 St. Paul-en-Born"}]},{"@type":"WebSite","@id":"https:\/\/www.camping-laclairiere.fr\/fr\/#website","url":"https:\/\/www.camping-laclairiere.fr\/fr\/","name":"Camping La Clairi\u00e8re","description":"","publisher":{"@id":"https:\/\/www.camping-laclairiere.fr\/fr\/#organization"},"potentialAction":[{"@type":"SearchAction","target":{"@type":"EntryPoint","urlTemplate":"https:\/\/www.camping-laclairiere.fr\/fr\/?s={search_term_string}"},"query-input":{"@type":"PropertyValueSpecification","valueRequired":true,"valueName":"search_term_string"}}],"inLanguage":"fr-FR"},{"@type":"Organization","@id":"https:\/\/www.camping-laclairiere.fr\/fr\/#organization","name":"Camping La Clairi\u00e8re","url":"https:\/\/www.camping-laclairiere.fr\/fr\/","logo":{"@type":"ImageObject","inLanguage":"fr-FR","@id":"https:\/\/www.camping-laclairiere.fr\/fr\/#\/schema\/logo\/image\/","url":"https:\/\/www.camping-laclairiere.fr\/wp-content\/uploads\/2022\/12\/logo-camping-la-clairiere.png","contentUrl":"https:\/\/www.camping-laclairiere.fr\/wp-content\/uploads\/2022\/12\/logo-camping-la-clairiere.png","width":317,"height":111,"caption":"Camping La Clairi\u00e8re"},"image":{"@id":"https:\/\/www.camping-laclairiere.fr\/fr\/#\/schema\/logo\/image\/"}}]}},"_links":{"self":[{"href":"https:\/\/www.camping-laclairiere.fr\/fr\/wp-json\/wp\/v2\/pages\/764","targetHints":{"allow":["GET"]}}],"collection":[{"href":"https:\/\/www.camping-laclairiere.fr\/fr\/wp-json\/wp\/v2\/pages"}],"about":[{"href":"https:\/\/www.camping-laclairiere.fr\/fr\/wp-json\/wp\/v2\/types\/page"}],"author":[{"embeddable":true,"href":"https:\/\/www.camping-laclairiere.fr\/fr\/wp-json\/wp\/v2\/users\/1"}],"replies":[{"embeddable":true,"href":"https:\/\/www.camping-laclairiere.fr\/fr\/wp-json\/wp\/v2\/comments?post=764"}],"version-history":[{"count":33,"href":"https:\/\/www.camping-laclairiere.fr\/fr\/wp-json\/wp\/v2\/pages\/764\/revisions"}],"predecessor-version":[{"id":3015,"href":"https:\/\/www.camping-laclairiere.fr\/fr\/wp-json\/wp\/v2\/pages\/764\/revisions\/3015"}],"wp:featuredmedia":[{"embeddable":true,"href":"https:\/\/www.camping-laclairiere.fr\/fr\/wp-json\/wp\/v2\/media\/1213"}],"wp:attachment":[{"href":"https:\/\/www.camping-laclairiere.fr\/fr\/wp-json\/wp\/v2\/media?parent=764"}],"wp:term":[{"taxonomy":"sujet","embeddable":true,"href":"https:\/\/www.camping-laclairiere.fr\/fr\/wp-json\/wp\/v2\/sujet?post=764"}],"curies":[{"name":"wp","href":"https:\/\/api.w.org\/{rel}","templated":true}]}}