{"id":3152,"date":"2026-02-22T14:15:37","date_gmt":"2026-02-22T13:15:37","guid":{"rendered":"https:\/\/www.camping-laclairiere.fr\/elaia-metadatas\/"},"modified":"2026-04-28T12:09:48","modified_gmt":"2026-04-28T10:09:48","slug":"elaia-metadatas","status":"publish","type":"page","link":"https:\/\/www.camping-laclairiere.fr\/fr\/elaia-metadatas\/","title":{"rendered":"D\u00e9couvrez autour de vous"},"content":{"rendered":"\n<link rel=\"stylesheet\" href=\"https:\/\/unpkg.com\/leaflet@1.9.4\/dist\/leaflet.css\">\n<script src=\"https:\/\/unpkg.com\/leaflet@1.9.4\/dist\/leaflet.js\"><\/script>\n<link rel=\"preconnect\" href=\"https:\/\/fonts.googleapis.com\">\n<link rel=\"preconnect\" href=\"https:\/\/fonts.gstatic.com\" crossorigin>\n<link href=\"https:\/\/fonts.googleapis.com\/css2?family=Inter:wght@400;500;600;700;800&display=swap\" rel=\"stylesheet\">\n\n\n<style>\n  \/* \u2550\u2550\u2550\u2550\u2550\u2550\u2550\u2550\u2550\u2550\u2550\u2550\u2550\u2550\u2550\u2550\u2550\u2550\u2550\u2550\u2550\u2550\u2550\u2550\u2550\u2550\u2550\u2550\u2550\u2550\u2550\u2550\u2550\u2550\u2550\u2550\u2550\u2550\u2550\n     BASE \u2014 Layout principal et typographie\n     \u2550\u2550\u2550\u2550\u2550\u2550\u2550\u2550\u2550\u2550\u2550\u2550\u2550\u2550\u2550\u2550\u2550\u2550\u2550\u2550\u2550\u2550\u2550\u2550\u2550\u2550\u2550\u2550\u2550\u2550\u2550\u2550\u2550\u2550\u2550\u2550\u2550\u2550\u2550 *\/\n  .em-wrap { font-family: 'Inter', -apple-system, sans-serif !important; color: #0f172a; max-width: 1400px; margin: 0 auto; padding: 0 24px; -webkit-font-smoothing: antialiased; }\n  .em-wrap * { box-sizing: border-box; }\n\n  \/* \u2500\u2500\u2500 Header \u2014 Titre + barre de recherche \u2500\u2500\u2500 *\/\n  .em-header { padding: 40px 0 24px; display: flex; align-items: flex-end; justify-content: space-between; gap: 16px; flex-wrap: wrap; }\n  .em-header-title { font-size: 24px !important; font-weight: 800 !important; margin: 0 !important; color: #0f172a; }\n  .em-header-sub { font-size: 14px; color: #64748b; margin: 4px 0 0; }\n\n  \/* \u2500\u2500\u2500 Recherche \u2014 Champ avec ic\u00f4ne loupe \u2500\u2500\u2500 *\/\n  .em-search-wrap { position: relative; width: 280px; }\n  .em-search-icon { position: absolute; left: 12px; top: 50%; transform: translateY(-50%); width: 16px; height: 16px; color: #94a3b8; pointer-events: none; }\n  .em-search { width: 100% !important; padding: 10px 16px 10px 36px !important; font-size: 14px !important; font-family: inherit; border: 1px solid #e2e8f0 !important; border-radius: 12px !important; background: #fff !important; color: #0f172a; outline: none; }\n  .em-search:focus { border-color: #3b82f6 !important; box-shadow: 0 0 0 3px #3b82f618 !important; }\n  .em-search::placeholder { color: #94a3b8; }\n\n  \/* \u2500\u2500\u2500 Onglets \u2014 Filtrage par cat\u00e9gorie \u2500\u2500\u2500 *\/\n  .em-tabs { display: flex !important; gap: 8px; overflow-x: auto; padding-bottom: 4px; margin-bottom: 24px; scrollbar-width: none; }\n  .em-tabs::-webkit-scrollbar { display: none; }\n  .em-tab { flex-shrink: 0; padding: 8px 16px; border-radius: 8px; font-size: 14px; font-weight: 500; cursor: pointer; border: 1px solid #e2e8f0; background: #fff; color: #64748b; transition: all 0.15s; font-family: inherit; white-space: nowrap; }\n  .em-tab:hover { border-color: #cbd5e1; }\n  .em-tab.active { background: #3b82f6 !important; color: #fff !important; border-color: #3b82f6 !important; }\n  .em-tab-count { margin-left: 6px; font-size: 12px; opacity: 0.7; }\n\n  \/* \u2550\u2550\u2550\u2550\u2550\u2550\u2550\u2550\u2550\u2550\u2550\u2550\u2550\u2550\u2550\u2550\u2550\u2550\u2550\u2550\u2550\u2550\u2550\u2550\u2550\u2550\u2550\u2550\u2550\u2550\u2550\u2550\u2550\u2550\u2550\u2550\u2550\u2550\u2550\n     CARTE \u2014 Leaflet + l\u00e9gende + marqueurs\n     \u2550\u2550\u2550\u2550\u2550\u2550\u2550\u2550\u2550\u2550\u2550\u2550\u2550\u2550\u2550\u2550\u2550\u2550\u2550\u2550\u2550\u2550\u2550\u2550\u2550\u2550\u2550\u2550\u2550\u2550\u2550\u2550\u2550\u2550\u2550\u2550\u2550\u2550\u2550 *\/\n  .em-map-section { margin-bottom: 24px; }\n  .em-map-wrap { border-radius: 16px; overflow: hidden; border: 1px solid #e2e8f0; box-shadow: 0 1px 3px rgba(0,0,0,0.04); }\n  .em-map { height: 420px; width: 100%; }\n\n  \/* Personnalisation des popups Leaflet *\/\n  .em-map .leaflet-popup-content-wrapper { border-radius: 12px; box-shadow: 0 4px 12px rgba(0,0,0,0.12); padding: 0; overflow: hidden; }\n  .em-map .leaflet-popup-content { margin: 0; min-width: 200px; }\n  .em-map .leaflet-popup-tip { box-shadow: 0 2px 6px rgba(0,0,0,0.1); }\n  .em-map-popup { padding: 12px 14px; }\n  .em-map-popup-name { font-size: 14px; font-weight: 700; color: #0f172a; margin: 0 0 4px; line-height: 1.3; }\n  .em-map-popup-cat { font-size: 11px; font-weight: 600; text-transform: uppercase; letter-spacing: 0.3px; margin: 0 0 8px; }\n  .em-map-popup-btn { display: inline-flex; align-items: center; gap: 4px; font-size: 12px; font-weight: 600; color: #3b82f6; cursor: pointer; background: none; border: none; padding: 0; font-family: inherit; }\n  .em-map-popup-btn:hover { text-decoration: underline; }\n\n  \/* L\u00e9gende de la carte *\/\n  .em-map-legend { display: flex; gap: 16px; padding: 10px 16px; background: #fff; border-top: 1px solid #e2e8f0; flex-wrap: wrap; }\n  .em-map-legend-item { display: flex; align-items: center; gap: 6px; font-size: 12px; font-weight: 600; color: #64748b; cursor: pointer; transition: opacity 0.15s; }\n  .em-map-legend-item:hover { opacity: 0.7; }\n  .em-map-legend-dot { width: 10px; height: 10px; border-radius: 50%; flex-shrink: 0; box-shadow: 0 0 0 2px rgba(0,0,0,0.08); }\n\n  \/* Bouton toggle carte *\/\n  .em-map-toggle { display: inline-flex; align-items: center; gap: 6px; padding: 8px 14px; border-radius: 8px; border: 1px solid #e2e8f0; background: #fff; color: #64748b; font-size: 13px; font-weight: 600; cursor: pointer; font-family: inherit; transition: all 0.15s; margin-bottom: 16px; }\n  .em-map-toggle:hover { border-color: #3b82f6; color: #3b82f6; }\n  .em-map-toggle.active { background: #3b82f6; color: #fff; border-color: #3b82f6; }\n\n  \/* Marqueurs personnalis\u00e9s SVG *\/\n  .em-marker { transition: transform 0.15s ease; }\n  .em-marker:hover { transform: scale(1.3); z-index: 1000 !important; }\n  .em-marker--active { transform: scale(1.4); z-index: 1000 !important; }\n\n  \/* \u2550\u2550\u2550\u2550\u2550\u2550\u2550\u2550\u2550\u2550\u2550\u2550\u2550\u2550\u2550\u2550\u2550\u2550\u2550\u2550\u2550\u2550\u2550\u2550\u2550\u2550\u2550\u2550\u2550\u2550\u2550\u2550\u2550\u2550\u2550\u2550\u2550\u2550\u2550\n     LAYOUT \u2014 Sidebar filtres + grille cards\n     \u2550\u2550\u2550\u2550\u2550\u2550\u2550\u2550\u2550\u2550\u2550\u2550\u2550\u2550\u2550\u2550\u2550\u2550\u2550\u2550\u2550\u2550\u2550\u2550\u2550\u2550\u2550\u2550\u2550\u2550\u2550\u2550\u2550\u2550\u2550\u2550\u2550\u2550\u2550 *\/\n  .em-layout { display: flex; gap: 24px; }\n  .em-sidebar { flex: 0 0 260px; position: sticky; top: 24px; height: fit-content; }\n  .em-main { flex: 1; min-width: 0; }\n\n  \/* \u2500\u2500\u2500 Filtres lat\u00e9raux \u2500\u2500\u2500 *\/\n  .em-filters { background: #fff; border-radius: 12px; padding: 20px; border: 1px solid #e2e8f0; box-shadow: 0 1px 3px rgba(0,0,0,0.04); }\n  .em-filters-title { font-size: 15px !important; font-weight: 700 !important; margin: 0 0 16px !important; color: #0f172a; }\n  .em-filter-group { margin-bottom: 18px; }\n  .em-filter-group:last-child { margin-bottom: 0; }\n  .em-filter-label { display: block; font-size: 12px; font-weight: 700; color: #94a3b8; text-transform: uppercase; letter-spacing: 0.5px; margin-bottom: 8px; }\n  .em-filter-check { display: flex; align-items: center; gap: 8px; padding: 5px 0; cursor: pointer; }\n  .em-filter-check input[type=\"checkbox\"] { cursor: pointer; accent-color: #3b82f6; width: 15px; height: 15px; }\n  .em-filter-check span { font-size: 13px; color: #64748b; font-weight: 500; }\n  .em-filter-reset { width: 100%; padding: 10px; background: #0f172a; color: #fff; border: none; border-radius: 8px; font-size: 13px; font-weight: 600; cursor: pointer; font-family: inherit; margin-top: 16px; }\n  .em-filter-reset:hover { background: #000; }\n\n  \/* \u2500\u2500\u2500 Compteurs \u2500\u2500\u2500 *\/\n  .em-stats { display: flex; gap: 10px; margin-bottom: 20px; flex-wrap: wrap; }\n  .em-stat { background: #fff; border: 1px solid #e2e8f0; border-radius: 8px; padding: 8px 14px; font-size: 13px; color: #64748b; }\n  .em-stat strong { color: #0f172a; font-weight: 700; margin-left: 4px; }\n\n  \/* \u2550\u2550\u2550\u2550\u2550\u2550\u2550\u2550\u2550\u2550\u2550\u2550\u2550\u2550\u2550\u2550\u2550\u2550\u2550\u2550\u2550\u2550\u2550\u2550\u2550\u2550\u2550\u2550\u2550\u2550\u2550\u2550\u2550\u2550\u2550\u2550\u2550\u2550\u2550\n     CARDS \u2014 Grille de fiches m\u00e9tadonn\u00e9es\n     \u2550\u2550\u2550\u2550\u2550\u2550\u2550\u2550\u2550\u2550\u2550\u2550\u2550\u2550\u2550\u2550\u2550\u2550\u2550\u2550\u2550\u2550\u2550\u2550\u2550\u2550\u2550\u2550\u2550\u2550\u2550\u2550\u2550\u2550\u2550\u2550\u2550\u2550\u2550 *\/\n  .em-cards { display: grid !important; grid-template-columns: repeat(auto-fill, minmax(280px, 1fr)) !important; gap: 20px !important; }\n  .em-card { background: #fff !important; border: 1px solid #e2e8f0 !important; border-radius: 12px !important; overflow: hidden !important; cursor: pointer; transition: all 0.2s; box-shadow: 0 1px 3px rgba(0,0,0,0.04); display: block !important; }\n  .em-card:hover { box-shadow: 0 4px 6px -1px rgba(0,0,0,0.07) !important; transform: translateY(-2px); border-color: #3b82f6 !important; }\n  .em-card--highlight { box-shadow: 0 0 0 3px #3b82f6 !important; }\n\n  \/* Image de la card *\/\n  .em-card-img-wrap { position: relative; }\n  .em-card-img { width: 100% !important; height: 160px !important; object-fit: cover !important; display: block !important; background: #f1f5f9; }\n  .em-card-placeholder { width: 100%; height: 160px; background: linear-gradient(135deg, #f1f5f9, #e2e8f0); display: flex; align-items: center; justify-content: center; color: #94a3b8; font-size: 14px; font-weight: 500; }\n  .em-card-badge { position: absolute; top: 10px; left: 10px; padding: 4px 10px; border-radius: 6px; font-size: 11px; font-weight: 700; text-transform: uppercase; letter-spacing: 0.3px; backdrop-filter: blur(8px); }\n\n  \/* Badges de cat\u00e9gorie (couleurs par type) *\/\n  .badge-accom { background: rgba(16,185,129,0.9); color: #fff; }\n  .badge-city { background: rgba(59,130,246,0.9); color: #fff; }\n  .badge-activity { background: rgba(168,85,247,0.9); color: #fff; }\n  .badge-event { background: rgba(239,68,68,0.9); color: #fff; }\n  .badge-restaurant { background: rgba(245,158,11,0.9); color: #fff; }\n  .badge-service { background: rgba(99,102,241,0.9); color: #fff; }\n  .badge-default { background: rgba(100,116,139,0.9); color: #fff; }\n\n  \/* Contenu de la card *\/\n  .em-card-body { padding: 16px; }\n  .em-card-title { font-size: 15px !important; font-weight: 700 !important; margin: 0 0 8px !important; color: #0f172a; line-height: 1.3; }\n  .em-card-tags { display: flex; flex-wrap: wrap; gap: 5px; margin-bottom: 10px; }\n  .em-tag { display: inline-flex; align-items: center; gap: 3px; padding: 3px 8px; border-radius: 5px; font-size: 11px; font-weight: 600; background: #f1f5f9; color: #64748b; }\n  .em-tag-blue { background: #dbeafe; color: #1e40af; }\n  .em-tag-green { background: #d1fae5; color: #065f46; }\n  .em-tag-orange { background: #fed7aa; color: #92400e; }\n  .em-tag-purple { background: #ede9fe; color: #6b21a8; }\n\n  \/* Champs r\u00e9sum\u00e9s visibles sur la card *\/\n  .em-card-fields { margin-bottom: 10px; }\n  .em-card-field { display: flex; gap: 6px; font-size: 12px; margin-bottom: 4px; }\n  .em-card-field-label { color: #94a3b8; flex-shrink: 0; }\n  .em-card-field-value { color: #0f172a; overflow: hidden; text-overflow: ellipsis; white-space: nowrap; }\n\n  \/* Pied de card *\/\n  .em-card-footer { padding-top: 10px; border-top: 1px solid #e2e8f0; display: flex; align-items: center; gap: 4px; font-size: 12px; font-weight: 600; color: #3b82f6; }\n  .em-card-footer svg { width: 14px; height: 14px; transition: transform 0.15s; }\n  .em-card:hover .em-card-footer svg { transform: translateX(2px); }\n\n  \/* \u00c9tat vide *\/\n  .em-empty { text-align: center; padding: 60px 20px; color: #64748b; }\n\n  \/* \u2550\u2550\u2550\u2550\u2550\u2550\u2550\u2550\u2550\u2550\u2550\u2550\u2550\u2550\u2550\u2550\u2550\u2550\u2550\u2550\u2550\u2550\u2550\u2550\u2550\u2550\u2550\u2550\u2550\u2550\u2550\u2550\u2550\u2550\u2550\u2550\u2550\u2550\u2550\n     MODAL \u2014 D\u00e9tail d'une fiche\n     \u2550\u2550\u2550\u2550\u2550\u2550\u2550\u2550\u2550\u2550\u2550\u2550\u2550\u2550\u2550\u2550\u2550\u2550\u2550\u2550\u2550\u2550\u2550\u2550\u2550\u2550\u2550\u2550\u2550\u2550\u2550\u2550\u2550\u2550\u2550\u2550\u2550\u2550\u2550 *\/\n  .em-modal-overlay { position: fixed; inset: 0; background: rgba(0,0,0,0.5); backdrop-filter: blur(4px); z-index: 99999; display: flex; align-items: center; justify-content: center; padding: 16px; animation: emFadeIn 0.2s ease; }\n  @keyframes emFadeIn { from { opacity: 0 } to { opacity: 1 } }\n  .em-modal { background: #fff; border-radius: 16px; max-width: 640px; width: 100%; max-height: 85vh; overflow: hidden; box-shadow: 0 10px 15px -3px rgba(0,0,0,0.08); display: flex; flex-direction: column; animation: emSlideUp 0.25s ease; }\n  @keyframes emSlideUp { from { opacity: 0; transform: translateY(20px) } to { opacity: 1; transform: translateY(0) } }\n\n  \/* Modal avec image *\/\n  .em-modal-img-wrap { position: relative; flex-shrink: 0; }\n  .em-modal-img { width: 100%; height: 220px; object-fit: cover; display: block; }\n  .em-modal-img-gradient { position: absolute; inset: 0; background: linear-gradient(to top, rgba(0,0,0,0.4), transparent); }\n  .em-modal-img-info { position: absolute; bottom: 16px; left: 20px; right: 20px; }\n  .em-modal-img-cat { font-size: 12px; font-weight: 500; color: rgba(255,255,255,0.8); margin: 0 0 4px; }\n  .em-modal-img-title { font-size: 20px; font-weight: 800; color: #fff; margin: 0; }\n  .em-modal-close { position: absolute; top: 12px; right: 12px; width: 32px; height: 32px; border-radius: 50%; background: rgba(0,0,0,0.4); color: #fff; border: none; cursor: pointer; display: flex; align-items: center; justify-content: center; font-size: 16px; }\n  .em-modal-close:hover { background: rgba(0,0,0,0.6); }\n\n  \/* Modal sans image *\/\n  .em-modal-header-noimg { display: flex; align-items: center; justify-content: space-between; padding: 20px 24px; border-bottom: 1px solid #e2e8f0; }\n  .em-modal-header-noimg-cat { font-size: 12px; color: #94a3b8; margin: 0 0 2px; }\n  .em-modal-header-noimg-title { font-size: 18px; font-weight: 800; color: #0f172a; margin: 0; }\n  .em-modal-close-noimg { width: 32px; height: 32px; border-radius: 8px; border: none; cursor: pointer; color: #94a3b8; background: none; display: flex; align-items: center; justify-content: center; font-size: 16px; }\n  .em-modal-close-noimg:hover { background: #f1f5f9; color: #0f172a; }\n\n  \/* Corps et entr\u00e9es de la modal *\/\n  .em-modal-body { padding: 20px 24px; overflow-y: auto; flex: 1; }\n  .em-modal-entry { margin-bottom: 16px; }\n  .em-modal-entry-label { font-size: 11px; font-weight: 700; text-transform: uppercase; letter-spacing: 0.5px; color: #94a3b8; margin: 0 0 4px; }\n  .em-modal-entry-value { font-size: 14px; color: #0f172a; margin: 0; line-height: 1.5; white-space: pre-line; }\n\n  \/* Pied de modal *\/\n  .em-modal-footer { padding: 16px 24px; border-top: 1px solid #e2e8f0; display: flex; align-items: center; justify-content: space-between; }\n  .em-modal-link { display: inline-flex; align-items: center; gap: 6px; font-size: 14px; font-weight: 600; color: #3b82f6; text-decoration: none; }\n  .em-modal-link:hover { opacity: 0.8; }\n  .em-modal-close-btn { padding: 8px 16px; font-size: 14px; font-weight: 500; color: #64748b; background: none; border: none; cursor: pointer; font-family: inherit; }\n  .em-modal-close-btn:hover { color: #0f172a; }\n\n  \/* \u2550\u2550\u2550\u2550\u2550\u2550\u2550\u2550\u2550\u2550\u2550\u2550\u2550\u2550\u2550\u2550\u2550\u2550\u2550\u2550\u2550\u2550\u2550\u2550\u2550\u2550\u2550\u2550\u2550\u2550\u2550\u2550\u2550\u2550\u2550\u2550\u2550\u2550\u2550\n     RESPONSIVE\n     \u2550\u2550\u2550\u2550\u2550\u2550\u2550\u2550\u2550\u2550\u2550\u2550\u2550\u2550\u2550\u2550\u2550\u2550\u2550\u2550\u2550\u2550\u2550\u2550\u2550\u2550\u2550\u2550\u2550\u2550\u2550\u2550\u2550\u2550\u2550\u2550\u2550\u2550\u2550 *\/\n  @media (max-width: 1024px) {\n    .em-layout { flex-direction: column; }\n    .em-sidebar { position: static; flex-basis: auto; }\n  }\n\n  @media (max-width: 720px) {\n    .em-wrap { padding: 0 12px; }\n    .em-header { flex-direction: column; align-items: stretch; padding: 24px 0 16px; gap: 12px; }\n    .em-header-title { font-size: 20px !important; }\n    .em-search-wrap { width: 100%; }\n    .em-tabs { gap: 6px; margin-bottom: 16px; }\n    .em-tab { padding: 6px 12px; font-size: 13px; }\n\n    \/* Carte mobile *\/\n    .em-map { height: 280px; }\n    .em-map-wrap { border-radius: 12px; }\n    .em-map-legend { gap: 10px; padding: 8px 12px; }\n    .em-map-legend-item { font-size: 11px; }\n\n    \/* Sidebar collapsible sur mobile *\/\n    .em-sidebar { order: -1; }\n    .em-filters { padding: 14px; }\n    .em-filters-title {\n      font-size: 14px !important; margin-bottom: 0 !important;\n      cursor: pointer; display: flex; align-items: center; justify-content: space-between;\n    }\n    .em-filters-title::after { content: '\u25be'; font-size: 12px; color: #94a3b8; transition: transform 0.2s; }\n    .em-filters.collapsed .em-filters-title::after { transform: rotate(-90deg); }\n    .em-filters.collapsed .em-filter-group,\n    .em-filters.collapsed .em-filter-reset { display: none; }\n\n    \/* Cards mobile *\/\n    .em-cards { grid-template-columns: 1fr !important; gap: 14px !important; }\n    .em-card-img { height: 140px !important; }\n    .em-card-body { padding: 12px; }\n    .em-card-title { font-size: 14px !important; }\n    .em-card-tags { gap: 4px; }\n    .em-tag { font-size: 10px; padding: 2px 6px; }\n\n    \/* Compteurs compacts *\/\n    .em-stats { gap: 8px; margin-bottom: 14px; }\n    .em-stat { padding: 6px 10px; font-size: 12px; }\n\n    \/* Modal \u2192 bottom sheet sur mobile *\/\n    .em-modal-overlay { align-items: flex-end; padding: 0; }\n    .em-modal { border-radius: 16px 16px 0 0; max-height: 90vh; max-width: 100%; animation: emSlideUpMobile 0.3s cubic-bezier(0.22,1,0.36,1); }\n    @keyframes emSlideUpMobile { from { transform: translateY(100%); } to { transform: translateY(0); } }\n    .em-modal-img { height: 180px; }\n    .em-modal-body { padding: 16px; }\n    .em-modal-footer { padding: 12px 16px; }\n    .em-modal-entry-value { font-size: 13px; }\n  }\n\n  @media (max-width: 380px) {\n    .em-map { height: 220px; }\n    .em-card-img { height: 120px !important; }\n    .em-card-fields { display: none; }\n  }\n<\/style>\n\n\n\n<script type=\"application\/ld+json\">{\"@context\":\"https:\/\/schema.org\",\"@graph\":[{\"@type\":\"ItemList\",\"name\":\"Villes aux alentours\",\"itemListElement\":[{\"@type\":\"ListItem\",\"position\":1,\"item\":{\"@type\":\"City\",\"name\":\"Mimizan\",\"url\":\"https:\/\/www.mimizan-tourisme.com\/en\/i-discover\/the-cities\/\",\"image\":\"https:\/\/www.mimizan-tourisme.com\/media\/visuel-villes\/mimizan.jpg\",\"additionalProperty\":[{\"@type\":\"PropertyValue\",\"name\":\"Distance depuis le camping (km)\",\"value\":\"7 km\"},{\"@type\":\"PropertyValue\",\"name\":\"Temps en voiture (min)\",\"value\":\"\u224810 min\"},{\"@type\":\"PropertyValue\",\"name\":\"Lieux \/ Activit\u00e9s incontournables\",\"value\":\"Lac d'Aureilhan, Promenade Fleurie, plages de l'Atlantique\"},{\"@type\":\"PropertyValue\",\"name\":\"March\u00e9s \/ \u00e9v\u00e9nements locaux\",\"value\":\"March\u00e9 jeudi et vendredi\"},{\"@type\":\"PropertyValue\",\"name\":\"Restaurants \/ sp\u00e9cialit\u00e9s\",\"value\":\"Cuisine landaise et fruits de mer\"},{\"@type\":\"PropertyValue\",\"name\":\"Astuce ou commentaire\",\"value\":\"Ville proche de Saint-Paul-en-Born, connue pour ses plages et son cadre naturel agr\u00e9able.\"}]}},{\"@type\":\"ListItem\",\"position\":2,\"item\":{\"@type\":\"City\",\"name\":\"Pontenx-les-Forges\",\"url\":\"https:\/\/www.map-france.com\/Saint-Paul-en-Born-40200\/\",\"image\":\"https:\/\/upload.wikimedia.org\/wikipedia\/commons\/thumb\/8\/8f\/Pontenx-les-Forges.jpg\/320px-Pontenx-les-Forges.jpg\",\"additionalProperty\":[{\"@type\":\"PropertyValue\",\"name\":\"Distance depuis le camping (km)\",\"value\":\"3.3 km\"},{\"@type\":\"PropertyValue\",\"name\":\"Temps en voiture (min)\",\"value\":\"\u22485 min\"},{\"@type\":\"PropertyValue\",\"name\":\"Lieux \/ Activit\u00e9s incontournables\",\"value\":\"\u00c9glise Saint-Andr\u00e9, for\u00eat landaise\"},{\"@type\":\"PropertyValue\",\"name\":\"March\u00e9s \/ \u00e9v\u00e9nements locaux\",\"value\":\"Petit march\u00e9 local\"},{\"@type\":\"PropertyValue\",\"name\":\"Restaurants \/ sp\u00e9cialit\u00e9s\",\"value\":\"Sp\u00e9cialit\u00e9s r\u00e9gionales\"},{\"@type\":\"PropertyValue\",\"name\":\"Astuce ou commentaire\",\"value\":\"Proche village avec ambiance calme et naturelle.\"}]}},{\"@type\":\"ListItem\",\"position\":3,\"item\":{\"@type\":\"City\",\"name\":\"Aureilhan\",\"url\":\"https:\/\/www.mimizan-tourisme.com\/en\/i-discover\/the-cities\/\",\"image\":\"https:\/\/upload.wikimedia.org\/wikipedia\/commons\/thumb\/7\/7e\/Aureilhan_vue_generale.jpg\/320px-Aureilhan_vue_generale.jpg\",\"additionalProperty\":[{\"@type\":\"PropertyValue\",\"name\":\"Distance depuis le camping (km)\",\"value\":\"4.3 km\"},{\"@type\":\"PropertyValue\",\"name\":\"Temps en voiture (min)\",\"value\":\"\u22487 min\"},{\"@type\":\"PropertyValue\",\"name\":\"Lieux \/ Activit\u00e9s incontournables\",\"value\":\"Lac d'Aureilhan, sentiers de randonn\u00e9e\"},{\"@type\":\"PropertyValue\",\"name\":\"March\u00e9s \/ \u00e9v\u00e9nements locaux\",\"value\":\"March\u00e9 local\"},{\"@type\":\"PropertyValue\",\"name\":\"Restaurants \/ sp\u00e9cialit\u00e9s\",\"value\":\"Poissons et produits du terroir\"},{\"@type\":\"PropertyValue\",\"name\":\"Astuce ou commentaire\",\"value\":\"Village proche du lac, id\u00e9al pour les activit\u00e9s nautiques.\"}]}},{\"@type\":\"ListItem\",\"position\":4,\"item\":{\"@type\":\"City\",\"name\":\"Sainte-Eulalie-en-Born\",\"url\":\"https:\/\/fr.wikipedia.org\/wiki\/Sainte-Eulalie-en-Born\",\"image\":\"https:\/\/upload.wikimedia.org\/wikipedia\/commons\/thumb\/f\/fc\/Sainte-Eulalie-en-Born_%28Landes%29_Mairie.jpg\/320px-Sainte-Eulalie-en-Born_%28Landes%29_Mairie.jpg\",\"additionalProperty\":[{\"@type\":\"PropertyValue\",\"name\":\"Distance depuis le camping (km)\",\"value\":\"6.2 km\"},{\"@type\":\"PropertyValue\",\"name\":\"Temps en voiture (min)\",\"value\":\"\u224810 min\"},{\"@type\":\"PropertyValue\",\"name\":\"Lieux \/ Activit\u00e9s incontournables\",\"value\":\"\u00c9glise Saint-Eulalie, for\u00eat des Landes\"},{\"@type\":\"PropertyValue\",\"name\":\"March\u00e9s \/ \u00e9v\u00e9nements locaux\",\"value\":\"March\u00e9 local\"},{\"@type\":\"PropertyValue\",\"name\":\"Restaurants \/ sp\u00e9cialit\u00e9s\",\"value\":\"Cuisine traditionnelle fran\u00e7oise\"},{\"@type\":\"PropertyValue\",\"name\":\"Astuce ou commentaire\",\"value\":\"Petit village paisible \u00e0 proximit\u00e9 imm\u00e9diate.\"}]}},{\"@type\":\"ListItem\",\"position\":5,\"item\":{\"@type\":\"City\",\"name\":\"Bias\",\"url\":\"https:\/\/www.mimizan-tourisme.com\/en\/i-discover\/the-cities\/\",\"image\":\"https:\/\/upload.wikimedia.org\/wikipedia\/commons\/thumb\/e\/e3\/Bias_eglise_01.jpg\/320px-Bias_eglise_01.jpg\",\"additionalProperty\":[{\"@type\":\"PropertyValue\",\"name\":\"Distance depuis le camping (km)\",\"value\":\"9.7 km\"},{\"@type\":\"PropertyValue\",\"name\":\"Temps en voiture (min)\",\"value\":\"\u224812 min\"},{\"@type\":\"PropertyValue\",\"name\":\"Lieux \/ Activit\u00e9s incontournables\",\"value\":\"Chapelle Saint-Girons, maisons landaises\"},{\"@type\":\"PropertyValue\",\"name\":\"March\u00e9s \/ \u00e9v\u00e9nements locaux\",\"value\":\"March\u00e9 hebdomadaire\"},{\"@type\":\"PropertyValue\",\"name\":\"Restaurants \/ sp\u00e9cialit\u00e9s\",\"value\":\"Sp\u00e9cialit\u00e9s locales\"},{\"@type\":\"PropertyValue\",\"name\":\"Astuce ou commentaire\",\"value\":\"Village typique landais proche de Mimizan.\"}]}},{\"@type\":\"ListItem\",\"position\":6,\"item\":{\"@type\":\"City\",\"name\":\"M\u00e9zos\",\"url\":\"https:\/\/www.mimizan-tourisme.com\/en\/i-discover\/the-cities\/\",\"image\":\"https:\/\/upload.wikimedia.org\/wikipedia\/commons\/thumb\/a\/af\/M%C3%A9zos_Vue_g%C3%A9n%C3%A9rale.jpg\/320px-M%C3%A9zos_Vue_g%C3%A9n%C3%A9rale.jpg\",\"additionalProperty\":[{\"@type\":\"PropertyValue\",\"name\":\"Distance depuis le camping (km)\",\"value\":\"11 km\"},{\"@type\":\"PropertyValue\",\"name\":\"Temps en voiture (min)\",\"value\":\"\u224815 min\"},{\"@type\":\"PropertyValue\",\"name\":\"Lieux \/ Activit\u00e9s incontournables\",\"value\":\"Sentier du courlis, for\u00eat landaise\"},{\"@type\":\"PropertyValue\",\"name\":\"March\u00e9s \/ \u00e9v\u00e9nements locaux\",\"value\":\"Petit march\u00e9 local\"},{\"@type\":\"PropertyValue\",\"name\":\"Restaurants \/ sp\u00e9cialit\u00e9s\",\"value\":\"Cuisine du terroir\"},{\"@type\":\"PropertyValue\",\"name\":\"Astuce ou commentaire\",\"value\":\"Village charmant avec acc\u00e8s \u00e0 la nature.\"}]}},{\"@type\":\"ListItem\",\"position\":7,\"item\":{\"@type\":\"City\",\"name\":\"Escource\",\"url\":\"https:\/\/fr.wikipedia.org\/wiki\/Escource\",\"image\":\"https:\/\/upload.wikimedia.org\/wikipedia\/commons\/thumb\/4\/4a\/Escource_eglise.JPG\/320px-Escource_eglise.JPG\",\"additionalProperty\":[{\"@type\":\"PropertyValue\",\"name\":\"Distance depuis le camping (km)\",\"value\":\"9.6 km\"},{\"@type\":\"PropertyValue\",\"name\":\"Temps en voiture (min)\",\"value\":\"\u224815 min\"},{\"@type\":\"PropertyValue\",\"name\":\"Lieux \/ Activit\u00e9s incontournables\",\"value\":\"\u00c9glise Saint-Pierre, espaces forestiers\"},{\"@type\":\"PropertyValue\",\"name\":\"March\u00e9s \/ \u00e9v\u00e9nements locaux\",\"value\":\"March\u00e9 local\"},{\"@type\":\"PropertyValue\",\"name\":\"Restaurants \/ sp\u00e9cialit\u00e9s\",\"value\":\"Produits du terroir\"},{\"@type\":\"PropertyValue\",\"name\":\"Astuce ou commentaire\",\"value\":\"Village au c\u0153ur de la for\u00eat des Landes.\"}]}},{\"@type\":\"ListItem\",\"position\":8,\"item\":{\"@type\":\"City\",\"name\":\"Parentis-en-Born\",\"url\":\"https:\/\/www.francethisway.com\/places\/a\/parentis-en-born-landes.php\",\"image\":\"https:\/\/upload.wikimedia.org\/wikipedia\/commons\/thumb\/7\/7f\/Parentis-en-Born_-_Mairie.JPG\/320px-Parentis-en-Born_-_Mairie.JPG\",\"additionalProperty\":[{\"@type\":\"PropertyValue\",\"name\":\"Distance depuis le camping (km)\",\"value\":\"15 km\"},{\"@type\":\"PropertyValue\",\"name\":\"Temps en voiture (min)\",\"value\":\"\u224820 min\"},{\"@type\":\"PropertyValue\",\"name\":\"Lieux \/ Activit\u00e9s incontournables\",\"value\":\"Lac d'Hostens, \u00e9glise Saint-Pierre\"},{\"@type\":\"PropertyValue\",\"name\":\"March\u00e9s \/ \u00e9v\u00e9nements locaux\",\"value\":\"March\u00e9 jeudi et dimanche\"},{\"@type\":\"PropertyValue\",\"name\":\"Restaurants \/ sp\u00e9cialit\u00e9s\",\"value\":\"Cuisine landaise\"},{\"@type\":\"PropertyValue\",\"name\":\"Astuce ou commentaire\",\"value\":\"Ville dynamique avec march\u00e9s r\u00e9guliers et lac voisin.\"}]}},{\"@type\":\"ListItem\",\"position\":9,\"item\":{\"@type\":\"City\",\"name\":\"Biscarrosse\",\"url\":\"https:\/\/www.francethisway.com\/places\/a\/biscarrosse-landes.php\",\"image\":\"https:\/\/upload.wikimedia.org\/wikipedia\/commons\/thumb\/a\/a3\/Biscarrosse_Lac.jpg\/320px-Biscarrosse_Lac.jpg\",\"additionalProperty\":[{\"@type\":\"PropertyValue\",\"name\":\"Distance depuis le camping (km)\",\"value\":\"19 km\"},{\"@type\":\"PropertyValue\",\"name\":\"Temps en voiture (min)\",\"value\":\"\u224825 min\"},{\"@type\":\"PropertyValue\",\"name\":\"Lieux \/ Activit\u00e9s incontournables\",\"value\":\"Mus\u00e9e de l\u2019hydraviation, plages d\u2019Atlantique\"},{\"@type\":\"PropertyValue\",\"name\":\"March\u00e9s \/ \u00e9v\u00e9nements locaux\",\"value\":\"March\u00e9 quotidien\"},{\"@type\":\"PropertyValue\",\"name\":\"Restaurants \/ sp\u00e9cialit\u00e9s\",\"value\":\"Fruits de mer, sp\u00e9cialit\u00e9s landaises\"},{\"@type\":\"PropertyValue\",\"name\":\"Astuce ou commentaire\",\"value\":\"Ville baln\u00e9aire tr\u00e8s touristique \u00e0 proximit\u00e9.\"}]}},{\"@type\":\"ListItem\",\"position\":10,\"item\":{\"@type\":\"City\",\"name\":\"Lit-et-Mixe\",\"url\":\"https:\/\/fr.wikipedia.org\/wiki\/Lit-et-Mixe\",\"image\":\"https:\/\/upload.wikimedia.org\/wikipedia\/commons\/thumb\/6\/6c\/Lit_et_Mixe_bourg.JPG\/320px-Lit_et_Mixe_bourg.JPG\",\"additionalProperty\":[{\"@type\":\"PropertyValue\",\"name\":\"Distance depuis le camping (km)\",\"value\":\"23 km\"},{\"@type\":\"PropertyValue\",\"name\":\"Temps en voiture (min)\",\"value\":\"\u224830 min\"},{\"@type\":\"PropertyValue\",\"name\":\"Lieux \/ Activit\u00e9s incontournables\",\"value\":\"For\u00eat domaniale, dunes\"},{\"@type\":\"PropertyValue\",\"name\":\"March\u00e9s \/ \u00e9v\u00e9nements locaux\",\"value\":\"March\u00e9 jeudi\"},{\"@type\":\"PropertyValue\",\"name\":\"Restaurants \/ sp\u00e9cialit\u00e9s\",\"value\":\"Cuisine locale\"},{\"@type\":\"PropertyValue\",\"name\":\"Astuce ou commentaire\",\"value\":\"Village calme avec acc\u00e8s \u00e0 la nature sauvage.\"}]}},{\"@type\":\"ListItem\",\"position\":11,\"item\":{\"@type\":\"City\",\"name\":\"Morcenx\",\"url\":\"https:\/\/fr.wikipedia.org\/wiki\/Morcenx-la-Nouvelle\",\"image\":\"https:\/\/upload.wikimedia.org\/wikipedia\/commons\/thumb\/d\/dd\/Morcenx_eglise.JPG\/320px-Morcenx_eglise.JPG\",\"additionalProperty\":[{\"@type\":\"PropertyValue\",\"name\":\"Distance depuis le camping (km)\",\"value\":\"28 km\"},{\"@type\":\"PropertyValue\",\"name\":\"Temps en voiture (min)\",\"value\":\"\u224830 min\"},{\"@type\":\"PropertyValue\",\"name\":\"Lieux \/ Activit\u00e9s incontournables\",\"value\":\"Eglise Saint-Pierre, centre-ville\"},{\"@type\":\"PropertyValue\",\"name\":\"March\u00e9s \/ \u00e9v\u00e9nements locaux\",\"value\":\"March\u00e9 mercredi et samedi\"},{\"@type\":\"PropertyValue\",\"name\":\"Restaurants \/ sp\u00e9cialit\u00e9s\",\"value\":\"Plats traditionnels\"},{\"@type\":\"PropertyValue\",\"name\":\"Astuce ou commentaire\",\"value\":\"Petite ville avec vie locale dynamique.\"}]}},{\"@type\":\"ListItem\",\"position\":12,\"item\":{\"@type\":\"City\",\"name\":\"L\u00e9on\",\"url\":\"https:\/\/fr.wikipedia.org\/wiki\/L%C3%A9on_(Landes)\",\"image\":\"https:\/\/upload.wikimedia.org\/wikipedia\/commons\/thumb\/2\/25\/Leon_landes.jpg\/320px-Leon_landes.jpg\",\"additionalProperty\":[{\"@type\":\"PropertyValue\",\"name\":\"Distance depuis le camping (km)\",\"value\":\"40 km\"},{\"@type\":\"PropertyValue\",\"name\":\"Temps en voiture (min)\",\"value\":\"\u224840 min\"},{\"@type\":\"PropertyValue\",\"name\":\"Lieux \/ Activit\u00e9s incontournables\",\"value\":\"Lac de L\u00e9on, centre village\"},{\"@type\":\"PropertyValue\",\"name\":\"March\u00e9s \/ \u00e9v\u00e9nements locaux\",\"value\":\"March\u00e9 quotidien\"},{\"@type\":\"PropertyValue\",\"name\":\"Restaurants \/ sp\u00e9cialit\u00e9s\",\"value\":\"Poissons et sp\u00e9cialit\u00e9s de la r\u00e9gion\"},{\"@type\":\"PropertyValue\",\"name\":\"Astuce ou commentaire\",\"value\":\"Village paisible entour\u00e9 d\u2019espaces naturels.\"}]}},{\"@type\":\"ListItem\",\"position\":13,\"item\":{\"@type\":\"City\",\"name\":\"Moliets-et-Maa\",\"url\":\"https:\/\/fr.wikipedia.org\/wiki\/Moliets-et-Maa\",\"image\":\"https:\/\/upload.wikimedia.org\/wikipedia\/commons\/thumb\/3\/34\/Moliets_-_plage_et_foret.JPG\/320px-Moliets_-_plage_et_foret.JPG\",\"additionalProperty\":[{\"@type\":\"PropertyValue\",\"name\":\"Distance depuis le camping (km)\",\"value\":\"45 km\"},{\"@type\":\"PropertyValue\",\"name\":\"Temps en voiture (min)\",\"value\":\"\u224845 min\"},{\"@type\":\"PropertyValue\",\"name\":\"Lieux \/ Activit\u00e9s incontournables\",\"value\":\"Plages, golf de Moliets\"},{\"@type\":\"PropertyValue\",\"name\":\"March\u00e9s \/ \u00e9v\u00e9nements locaux\",\"value\":\"March\u00e9 mardi\"},{\"@type\":\"PropertyValue\",\"name\":\"Restaurants \/ sp\u00e9cialit\u00e9s\",\"value\":\"Cuisine bordelaise\"},{\"@type\":\"PropertyValue\",\"name\":\"Astuce ou commentaire\",\"value\":\"Station baln\u00e9aire r\u00e9put\u00e9e pour le golf et la plage.\"}]}},{\"@type\":\"ListItem\",\"position\":14,\"item\":{\"@type\":\"City\",\"name\":\"Tartas\",\"url\":\"https:\/\/fr.wikipedia.org\/wiki\/Tartas\",\"image\":\"https:\/\/upload.wikimedia.org\/wikipedia\/commons\/thumb\/9\/9a\/Tartas_-_mairie.jpg\/320px-Tartas_-_mairie.jpg\",\"additionalProperty\":[{\"@type\":\"PropertyValue\",\"name\":\"Distance depuis le camping (km)\",\"value\":\"51 km\"},{\"@type\":\"PropertyValue\",\"name\":\"Temps en voiture (min)\",\"value\":\"\u224850 min\"},{\"@type\":\"PropertyValue\",\"name\":\"Lieux \/ Activit\u00e9s incontournables\",\"value\":\"Ch\u00e2teau de Tartas, mus\u00e9e\"},{\"@type\":\"PropertyValue\",\"name\":\"March\u00e9s \/ \u00e9v\u00e9nements locaux\",\"value\":\"March\u00e9 samedi\"},{\"@type\":\"PropertyValue\",\"name\":\"Restaurants \/ sp\u00e9cialit\u00e9s\",\"value\":\"Sp\u00e9cialit\u00e9s landaises\"},{\"@type\":\"PropertyValue\",\"name\":\"Astuce ou commentaire\",\"value\":\"Ville historique avec patrimoine culturel.\"}]}},{\"@type\":\"ListItem\",\"position\":15,\"item\":{\"@type\":\"City\",\"name\":\"Mimizan-Plage\",\"url\":\"https:\/\/www.mimizan-tourisme.com\/\",\"image\":\"https:\/\/upload.wikimedia.org\/wikipedia\/commons\/thumb\/f\/fb\/Mimizan-Plage_-_vue_a%C3%A9rienne.jpg\/320px-Mimizan-Plage_-_vue_a%C3%A9rienne.jpg\",\"additionalProperty\":[{\"@type\":\"PropertyValue\",\"name\":\"Distance depuis le camping (km)\",\"value\":\"7 km\"},{\"@type\":\"PropertyValue\",\"name\":\"Temps en voiture (min)\",\"value\":\"\u224810 min\"},{\"@type\":\"PropertyValue\",\"name\":\"Lieux \/ Activit\u00e9s incontournables\",\"value\":\"Plages de sable fin, sentiers c\u00f4tiers\"},{\"@type\":\"PropertyValue\",\"name\":\"March\u00e9s \/ \u00e9v\u00e9nements locaux\",\"value\":\"March\u00e9s estivaux\"},{\"@type\":\"PropertyValue\",\"name\":\"Restaurants \/ sp\u00e9cialit\u00e9s\",\"value\":\"Poissons frais et cuisine m\u00e9diterran\u00e9enne\"},{\"@type\":\"PropertyValue\",\"name\":\"Astuce ou commentaire\",\"value\":\"Station baln\u00e9aire de Mimizan ax\u00e9e sur la plage et les loisirs nautiques.\"}]}},{\"@type\":\"ListItem\",\"position\":16,\"item\":{\"@type\":\"City\",\"name\":\"Labouheyre\",\"url\":\"https:\/\/fr.wikipedia.org\/wiki\/Labouheyre\",\"image\":\"https:\/\/upload.wikimedia.org\/wikipedia\/commons\/thumb\/4\/4e\/Labouheyre_eglise_01.JPG\/250px-Labouheyre_eglise_01.JPG\",\"additionalProperty\":[{\"@type\":\"PropertyValue\",\"name\":\"Distance depuis le camping (km)\",\"value\":\"16 km\"},{\"@type\":\"PropertyValue\",\"name\":\"Temps en voiture (min)\",\"value\":\"20 min\"},{\"@type\":\"PropertyValue\",\"name\":\"Lieux \/ Activit\u00e9s incontournables\",\"value\":\"\u00c9glise Saint-Barth\u00e9l\u00e9my, for\u00eat environnante\"},{\"@type\":\"PropertyValue\",\"name\":\"March\u00e9s \/ \u00e9v\u00e9nements locaux\",\"value\":\"March\u00e9 hebdomadaire le vendredi\"},{\"@type\":\"PropertyValue\",\"name\":\"Restaurants \/ sp\u00e9cialit\u00e9s\",\"value\":\"Cuisine landaise traditionnelle, foie gras, magret de canard\"},{\"@type\":\"PropertyValue\",\"name\":\"Astuce ou commentaire\",\"value\":\"Labouheyre est une petite commune foresti\u00e8re agr\u00e9able, proche de Saint-Paul-en-Born, offrant un cadre naturel et calme[3][6].\"}]}},{\"@type\":\"ListItem\",\"position\":17,\"item\":{\"@type\":\"City\",\"name\":\"Sabres\",\"url\":\"https:\/\/fr.wikipedia.org\/wiki\/Sabres\",\"image\":\"https:\/\/upload.wikimedia.org\/wikipedia\/commons\/thumb\/8\/8c\/Sabres_Mairie.JPG\/250px-Sabres_Mairie.JPG\",\"additionalProperty\":[{\"@type\":\"PropertyValue\",\"name\":\"Distance depuis le camping (km)\",\"value\":\"22 km\"},{\"@type\":\"PropertyValue\",\"name\":\"Temps en voiture (min)\",\"value\":\"25 min\"},{\"@type\":\"PropertyValue\",\"name\":\"Lieux \/ Activit\u00e9s incontournables\",\"value\":\"Mus\u00e9e des Landes, \u00e9glise Notre-Dame-de-l'Assomption\"},{\"@type\":\"PropertyValue\",\"name\":\"March\u00e9s \/ \u00e9v\u00e9nements locaux\",\"value\":\"March\u00e9 local les samedis\"},{\"@type\":\"PropertyValue\",\"name\":\"Restaurants \/ sp\u00e9cialit\u00e9s\",\"value\":\"Sp\u00e9cialit\u00e9s gasconnes et cuisine du sud-ouest\"},{\"@type\":\"PropertyValue\",\"name\":\"Astuce ou commentaire\",\"value\":\"Sabres est reconnue pour son patrimoine landais et ses traditions culturelles.[3]\"}]}},{\"@type\":\"ListItem\",\"position\":18,\"item\":{\"@type\":\"City\",\"name\":\"Gastes\",\"url\":\"https:\/\/fr.wikipedia.org\/wiki\/Gastes\",\"image\":\"https:\/\/upload.wikimedia.org\/wikipedia\/commons\/thumb\/d\/dd\/Gastes_mairie_02.JPG\/250px-Gastes_mairie_02.JPG\",\"additionalProperty\":[{\"@type\":\"PropertyValue\",\"name\":\"Distance depuis le camping (km)\",\"value\":\"12 km\"},{\"@type\":\"PropertyValue\",\"name\":\"Temps en voiture (min)\",\"value\":\"15 min\"},{\"@type\":\"PropertyValue\",\"name\":\"Lieux \/ Activit\u00e9s incontournables\",\"value\":\"Lac de Biscarrosse et de Sanguinet, pistes cyclables\"},{\"@type\":\"PropertyValue\",\"name\":\"March\u00e9s \/ \u00e9v\u00e9nements locaux\",\"value\":\"March\u00e9 local le dimanche\"},{\"@type\":\"PropertyValue\",\"name\":\"Restaurants \/ sp\u00e9cialit\u00e9s\",\"value\":\"Poissons d'eau douce, cuisine locale\"},{\"@type\":\"PropertyValue\",\"name\":\"Astuce ou commentaire\",\"value\":\"Commune situ\u00e9e proche des grands lacs landais, pris\u00e9e pour la nature et les activit\u00e9s nautiques.[3]\"}]}},{\"@type\":\"ListItem\",\"position\":19,\"item\":{\"@type\":\"City\",\"name\":\"Soustons\",\"url\":\"https:\/\/fr.wikipedia.org\/wiki\/Soustons\",\"image\":\"https:\/\/upload.wikimedia.org\/wikipedia\/commons\/thumb\/f\/fd\/Soustons_Coteaux.jpg\/250px-Soustons_Coteaux.jpg\",\"additionalProperty\":[{\"@type\":\"PropertyValue\",\"name\":\"Distance depuis le camping (km)\",\"value\":\"30 km\"},{\"@type\":\"PropertyValue\",\"name\":\"Temps en voiture (min)\",\"value\":\"35 min\"},{\"@type\":\"PropertyValue\",\"name\":\"Lieux \/ Activit\u00e9s incontournables\",\"value\":\"\u00c9glise Saint-Andr\u00e9, plages oc\u00e9anes, pistes cyclables\"},{\"@type\":\"PropertyValue\",\"name\":\"March\u00e9s \/ \u00e9v\u00e9nements locaux\",\"value\":\"March\u00e9s tous les jours sauf lundi\"},{\"@type\":\"PropertyValue\",\"name\":\"Restaurants \/ sp\u00e9cialit\u00e9s\",\"value\":\"Fruits de mer, cuisine basco-landaise\"},{\"@type\":\"PropertyValue\",\"name\":\"Astuce ou commentaire\",\"value\":\"Soustons est une ville anim\u00e9e entre plage et \u00e9tang, r\u00e9put\u00e9e pour son patrimoine et ses f\u00eates traditionnelles.[3]\"}]}},{\"@type\":\"ListItem\",\"position\":20,\"item\":{\"@type\":\"City\",\"name\":\"Parentis-en-Born\",\"url\":\"https:\/\/fr.wikipedia.org\/wiki\/Parentis-en-Born\",\"image\":\"https:\/\/upload.wikimedia.org\/wikipedia\/commons\/thumb\/f\/f6\/Parentis-en-Born_mairie.JPG\/250px-Parentis-en-Born_mairie.JPG\",\"additionalProperty\":[{\"@type\":\"PropertyValue\",\"name\":\"Distance depuis le camping (km)\",\"value\":\"14 km\"},{\"@type\":\"PropertyValue\",\"name\":\"Temps en voiture (min)\",\"value\":\"18 min\"},{\"@type\":\"PropertyValue\",\"name\":\"Lieux \/ Activit\u00e9s incontournables\",\"value\":\"\u00c9glise Saint-Vincent, site p\u00e9trolier historique\"},{\"@type\":\"PropertyValue\",\"name\":\"March\u00e9s \/ \u00e9v\u00e9nements locaux\",\"value\":\"March\u00e9 le jeudi et dimanche\"},{\"@type\":\"PropertyValue\",\"name\":\"Restaurants \/ sp\u00e9cialit\u00e9s\",\"value\":\"Gastronomie landaise locale\"},{\"@type\":\"PropertyValue\",\"name\":\"Astuce ou commentaire\",\"value\":\"Important centre industriel et touristique du Born, proche des lacs.[3][6]\"}]}},{\"@type\":\"ListItem\",\"position\":21,\"item\":{\"@type\":\"City\",\"name\":\"Gastes\",\"url\":\"https:\/\/fr.wikipedia.org\/wiki\/Gastes\",\"image\":\"https:\/\/upload.wikimedia.org\/wikipedia\/commons\/thumb\/d\/dd\/Gastes_mairie_02.JPG\/250px-Gastes_mairie_02.JPG\",\"additionalProperty\":[{\"@type\":\"PropertyValue\",\"name\":\"Distance depuis le camping (km)\",\"value\":\"12 km\"},{\"@type\":\"PropertyValue\",\"name\":\"Temps en voiture (min)\",\"value\":\"15 min\"},{\"@type\":\"PropertyValue\",\"name\":\"Lieux \/ Activit\u00e9s incontournables\",\"value\":\"Lac de Biscarrosse et de Sanguinet, pistes cyclables\"},{\"@type\":\"PropertyValue\",\"name\":\"March\u00e9s \/ \u00e9v\u00e9nements locaux\",\"value\":\"March\u00e9 local le dimanche\"},{\"@type\":\"PropertyValue\",\"name\":\"Restaurants \/ sp\u00e9cialit\u00e9s\",\"value\":\"Poissons d'eau douce, cuisine locale\"},{\"@type\":\"PropertyValue\",\"name\":\"Astuce ou commentaire\",\"value\":\"Commune situ\u00e9e proche des grands lacs landais, pris\u00e9e pour la nature et les activit\u00e9s nautiques.[3]\"}]}},{\"@type\":\"ListItem\",\"position\":22,\"item\":{\"@type\":\"City\",\"name\":\"Saint-Vincent-de-Tyrosse\",\"url\":\"https:\/\/fr.wikipedia.org\/wiki\/Saint-Vincent-de-Tyrosse\",\"image\":\"https:\/\/upload.wikimedia.org\/wikipedia\/commons\/thumb\/b\/b5\/Saint-Vincent-De-Tyrosse.JPG\/250px-Saint-Vincent-De-Tyrosse.JPG\",\"additionalProperty\":[{\"@type\":\"PropertyValue\",\"name\":\"Distance depuis le camping (km)\",\"value\":\"38 km\"},{\"@type\":\"PropertyValue\",\"name\":\"Temps en voiture (min)\",\"value\":\"40 min\"},{\"@type\":\"PropertyValue\",\"name\":\"Lieux \/ Activit\u00e9s incontournables\",\"value\":\"\u00c9glise Saint-Vincent, festivals culturels\"},{\"@type\":\"PropertyValue\",\"name\":\"March\u00e9s \/ \u00e9v\u00e9nements locaux\",\"value\":\"March\u00e9 hebdomadaire le samedi\"},{\"@type\":\"PropertyValue\",\"name\":\"Restaurants \/ sp\u00e9cialit\u00e9s\",\"value\":\"Cuisine basque et landaise\"},{\"@type\":\"PropertyValue\",\"name\":\"Astuce ou commentaire\",\"value\":\"Ville dynamique proche de Bayonne avec patrimoine culturel notable.[3]\"}]}},{\"@type\":\"ListItem\",\"position\":23,\"item\":{\"@type\":\"City\",\"name\":\"Saint-Julien-en-Born\",\"url\":\"https:\/\/fr.wikipedia.org\/wiki\/Saint-Julien-en-Born\",\"image\":\"https:\/\/upload.wikimedia.org\/wikipedia\/commons\/thumb\/e\/e2\/Saint-Julien-en-Born_Plage.jpg\/250px-Saint-Julien-en-Born_Plage.jpg\",\"additionalProperty\":[{\"@type\":\"PropertyValue\",\"name\":\"Distance depuis le camping (km)\",\"value\":\"8 km\"},{\"@type\":\"PropertyValue\",\"name\":\"Temps en voiture (min)\",\"value\":\"10 min\"},{\"@type\":\"PropertyValue\",\"name\":\"Lieux \/ Activit\u00e9s incontournables\",\"value\":\"Plages, for\u00eat des Landes, \u00e9tang de L\u00e9on\"},{\"@type\":\"PropertyValue\",\"name\":\"March\u00e9s \/ \u00e9v\u00e9nements locaux\",\"value\":\"Petit march\u00e9 local\"},{\"@type\":\"PropertyValue\",\"name\":\"Restaurants \/ sp\u00e9cialit\u00e9s\",\"value\":\"Produits de la mer et terre locaux\"},{\"@type\":\"PropertyValue\",\"name\":\"Astuce ou commentaire\",\"value\":\"Commune c\u00f4ti\u00e8re proche de Saint-Paul-en-Born, parfaite pour les amateurs de nature et tranquillit\u00e9.[3]\"}]}},{\"@type\":\"ListItem\",\"position\":24,\"item\":{\"@type\":\"City\",\"name\":\"Sabres\",\"url\":\"https:\/\/fr.wikipedia.org\/wiki\/Sabres\",\"image\":\"https:\/\/upload.wikimedia.org\/wikipedia\/commons\/thumb\/8\/8c\/Sabres_Mairie.JPG\/250px-Sabres_Mairie.JPG\",\"additionalProperty\":[{\"@type\":\"PropertyValue\",\"name\":\"Distance depuis le camping (km)\",\"value\":\"22 km\"},{\"@type\":\"PropertyValue\",\"name\":\"Temps en voiture (min)\",\"value\":\"25 min\"},{\"@type\":\"PropertyValue\",\"name\":\"Lieux \/ Activit\u00e9s incontournables\",\"value\":\"Mus\u00e9e des Landes, \u00e9glise Notre-Dame-de-l'Assomption\"},{\"@type\":\"PropertyValue\",\"name\":\"March\u00e9s \/ \u00e9v\u00e9nements locaux\",\"value\":\"March\u00e9 local les samedis\"},{\"@type\":\"PropertyValue\",\"name\":\"Restaurants \/ sp\u00e9cialit\u00e9s\",\"value\":\"Sp\u00e9cialit\u00e9s gasconnes et cuisine du sud-ouest\"},{\"@type\":\"PropertyValue\",\"name\":\"Astuce ou commentaire\",\"value\":\"Sabres est reconnue pour son patrimoine landais et ses traditions culturelles.[3]\"}]}},{\"@type\":\"ListItem\",\"position\":25,\"item\":{\"@type\":\"City\",\"name\":\"Morcenx-la-Nouvelle\",\"url\":\"https:\/\/fr.wikipedia.org\/wiki\/Morcenx-la-Nouvelle\",\"image\":\"https:\/\/upload.wikimedia.org\/wikipedia\/commons\/thumb\/2\/26\/Morcenx-place.JPG\/250px-Morcenx-place.JPG\",\"additionalProperty\":[{\"@type\":\"PropertyValue\",\"name\":\"Distance depuis le camping (km)\",\"value\":\"27 km\"},{\"@type\":\"PropertyValue\",\"name\":\"Temps en voiture (min)\",\"value\":\"30 min\"},{\"@type\":\"PropertyValue\",\"name\":\"Lieux \/ Activit\u00e9s incontournables\",\"value\":\"For\u00eats, chapelle Sainte-Engr\u00e2ce, centre-ville\"},{\"@type\":\"PropertyValue\",\"name\":\"March\u00e9s \/ \u00e9v\u00e9nements locaux\",\"value\":\"March\u00e9 les mercredi et samedi\"},{\"@type\":\"PropertyValue\",\"name\":\"Restaurants \/ sp\u00e9cialit\u00e9s\",\"value\":\"Gastronomie r\u00e9gionale traditionnelle\"},{\"@type\":\"PropertyValue\",\"name\":\"Astuce ou commentaire\",\"value\":\"Ville r\u00e9sultant de la fusion de communes, riche en patrimoine naturel et historique.[3]\"}]}},{\"@type\":\"ListItem\",\"position\":26,\"item\":{\"@type\":\"City\",\"name\":\"Messanges\",\"url\":\"https:\/\/fr.wikipedia.org\/wiki\/Messanges\",\"image\":\"https:\/\/upload.wikimedia.org\/wikipedia\/commons\/thumb\/5\/51\/Messanges_plage.JPG\/250px-Messanges_plage.JPG\",\"additionalProperty\":[{\"@type\":\"PropertyValue\",\"name\":\"Distance depuis le camping (km)\",\"value\":\"30 km\"},{\"@type\":\"PropertyValue\",\"name\":\"Temps en voiture (min)\",\"value\":\"35 min\"},{\"@type\":\"PropertyValue\",\"name\":\"Lieux \/ Activit\u00e9s incontournables\",\"value\":\"Plages oc\u00e9anes, parcours de golf, pin\u00e8de\"},{\"@type\":\"PropertyValue\",\"name\":\"March\u00e9s \/ \u00e9v\u00e9nements locaux\",\"value\":\"March\u00e9 hebdomadaire en saison\"},{\"@type\":\"PropertyValue\",\"name\":\"Restaurants \/ sp\u00e9cialit\u00e9s\",\"value\":\"Sp\u00e9cialit\u00e9s de la mer, cuisine estivale\"},{\"@type\":\"PropertyValue\",\"name\":\"Astuce ou commentaire\",\"value\":\"Station baln\u00e9aire appr\u00e9ci\u00e9e pour ses plages et activit\u00e9s de plein air.[3]\"}]}},{\"@type\":\"ListItem\",\"position\":27,\"item\":{\"@type\":\"City\",\"name\":\"Castets\",\"url\":\"https:\/\/fr.wikipedia.org\/wiki\/Castets\",\"image\":\"https:\/\/upload.wikimedia.org\/wikipedia\/commons\/thumb\/9\/9e\/Castets_Lac.JPG\/250px-Castets_Lac.JPG\",\"additionalProperty\":[{\"@type\":\"PropertyValue\",\"name\":\"Distance depuis le camping (km)\",\"value\":\"23 km\"},{\"@type\":\"PropertyValue\",\"name\":\"Temps en voiture (min)\",\"value\":\"25 min\"},{\"@type\":\"PropertyValue\",\"name\":\"Lieux \/ Activit\u00e9s incontournables\",\"value\":\"Lac de Cazaux, pistes cyclables, chapelle\"},{\"@type\":\"PropertyValue\",\"name\":\"March\u00e9s \/ \u00e9v\u00e9nements locaux\",\"value\":\"March\u00e9 local\"},{\"@type\":\"PropertyValue\",\"name\":\"Restaurants \/ sp\u00e9cialit\u00e9s\",\"value\":\"Cuisine landaise et produits du terroir\"},{\"@type\":\"PropertyValue\",\"name\":\"Astuce ou commentaire\",\"value\":\"Petite commune proche des lacs, id\u00e9ale pour les activit\u00e9s nature et d\u00e9tente.[3]\"}]}},{\"@type\":\"ListItem\",\"position\":28,\"item\":{\"@type\":\"City\",\"name\":\"Escource\",\"url\":\"https:\/\/fr.wikipedia.org\/wiki\/Escource\",\"image\":\"https:\/\/upload.wikimedia.org\/wikipedia\/commons\/thumb\/1\/12\/Escource_Temple_02.JPG\/250px-Escource_Temple_02.JPG\",\"additionalProperty\":[{\"@type\":\"PropertyValue\",\"name\":\"Distance depuis le camping (km)\",\"value\":\"10 km\"},{\"@type\":\"PropertyValue\",\"name\":\"Temps en voiture (min)\",\"value\":\"12 min\"},{\"@type\":\"PropertyValue\",\"name\":\"Lieux \/ Activit\u00e9s incontournables\",\"value\":\"For\u00eat, sentiers de randonn\u00e9es\"},{\"@type\":\"PropertyValue\",\"name\":\"March\u00e9s \/ \u00e9v\u00e9nements locaux\",\"value\":\"March\u00e9 ponctuel\"},{\"@type\":\"PropertyValue\",\"name\":\"Restaurants \/ sp\u00e9cialit\u00e9s\",\"value\":\"Cuisine traditionnelle\"},{\"@type\":\"PropertyValue\",\"name\":\"Astuce ou commentaire\",\"value\":\"Petit village forestier proche de Saint-Paul-en-Born, calme et naturel[4] mais \u00e0 ne pas confondre avec les villes d\u00e9j\u00e0 cit\u00e9es dans la consigne.\"}]}},{\"@type\":\"ListItem\",\"position\":29,\"item\":{\"@type\":\"City\",\"name\":\"Onesse-et-Laharie\",\"url\":\"https:\/\/fr.wikipedia.org\/wiki\/Onesse-et-Laharie\",\"image\":\"https:\/\/upload.wikimedia.org\/wikipedia\/commons\/thumb\/f\/f1\/Onesse-et-Laharie_eglise.jpg\/250px-Onesse-et-Laharie_eglise.jpg\",\"additionalProperty\":[{\"@type\":\"PropertyValue\",\"name\":\"Distance depuis le camping (km)\",\"value\":\"28 km\"},{\"@type\":\"PropertyValue\",\"name\":\"Temps en voiture (min)\",\"value\":\"30 min\"},{\"@type\":\"PropertyValue\",\"name\":\"Lieux \/ Activit\u00e9s incontournables\",\"value\":\"Eglise, for\u00eats, paysages landais\"},{\"@type\":\"PropertyValue\",\"name\":\"March\u00e9s \/ \u00e9v\u00e9nements locaux\",\"value\":\"March\u00e9 rural\"},{\"@type\":\"PropertyValue\",\"name\":\"Restaurants \/ sp\u00e9cialit\u00e9s\",\"value\":\"Cuisine locale\"},{\"@type\":\"PropertyValue\",\"name\":\"Astuce ou commentaire\",\"value\":\"Commune rurale offrant un cadre naturel pr\u00e9serv\u00e9 et typique des Landes.[3]\"}]}},{\"@type\":\"ListItem\",\"position\":30,\"item\":{\"@type\":\"City\",\"name\":\"Pissos\",\"url\":\"https:\/\/fr.wikipedia.org\/wiki\/Pissos\",\"image\":\"https:\/\/upload.wikimedia.org\/wikipedia\/commons\/thumb\/1\/1b\/Pissos_mairie.JPG\/250px-Pissos_mairie.JPG\",\"additionalProperty\":[{\"@type\":\"PropertyValue\",\"name\":\"Distance depuis le camping (km)\",\"value\":\"35 km\"},{\"@type\":\"PropertyValue\",\"name\":\"Temps en voiture (min)\",\"value\":\"35 min\"},{\"@type\":\"PropertyValue\",\"name\":\"Lieux \/ Activit\u00e9s incontournables\",\"value\":\"For\u00eat domaniale, lacs, sentiers\"},{\"@type\":\"PropertyValue\",\"name\":\"March\u00e9s \/ \u00e9v\u00e9nements locaux\",\"value\":\"March\u00e9s ponctuels\"},{\"@type\":\"PropertyValue\",\"name\":\"Restaurants \/ sp\u00e9cialit\u00e9s\",\"value\":\"Sp\u00e9cialit\u00e9s locales\"},{\"@type\":\"PropertyValue\",\"name\":\"Astuce ou commentaire\",\"value\":\"Village typique landais dans un environnement naturel exceptionnel.[3]\"}]}},{\"@type\":\"ListItem\",\"position\":31,\"item\":{\"@type\":\"City\",\"name\":\"Labouheyre\",\"url\":\"https:\/\/www.labouheyre.fr\",\"image\":\"https:\/\/upload.wikimedia.org\/wikipedia\/commons\/thumb\/8\/89\/Labouheyre_mairie.JPG\/320px-Labouheyre_mairie.JPG\",\"additionalProperty\":[{\"@type\":\"PropertyValue\",\"name\":\"Distance depuis le camping (km)\",\"value\":\"22 km\"},{\"@type\":\"PropertyValue\",\"name\":\"Temps en voiture (min)\",\"value\":\"25 min\"},{\"@type\":\"PropertyValue\",\"name\":\"Lieux \/ Activit\u00e9s incontournables\",\"value\":\"\u00c9glise Saint-Laurent, \u00e9tang de la Mout\u00e8te\"},{\"@type\":\"PropertyValue\",\"name\":\"March\u00e9s \/ \u00e9v\u00e9nements locaux\",\"value\":\"March\u00e9 local le samedi matin\"},{\"@type\":\"PropertyValue\",\"name\":\"Restaurants \/ sp\u00e9cialit\u00e9s\",\"value\":\"Cuisine landaise traditionnelle\"},{\"@type\":\"PropertyValue\",\"name\":\"Astuce ou commentaire\",\"value\":\"Labouheyre est une commune paisible proche des for\u00eats de Landes, offrant un charme rural distinct.\"}]}},{\"@type\":\"ListItem\",\"position\":32,\"item\":{\"@type\":\"City\",\"name\":\"Soustons\",\"url\":\"https:\/\/www.soustons.fr\",\"image\":\"https:\/\/upload.wikimedia.org\/wikipedia\/commons\/thumb\/b\/b9\/Soustons_Lake.jpg\/320px-Soustons_Lake.jpg\",\"additionalProperty\":[{\"@type\":\"PropertyValue\",\"name\":\"Distance depuis le camping (km)\",\"value\":\"30 km\"},{\"@type\":\"PropertyValue\",\"name\":\"Temps en voiture (min)\",\"value\":\"30 min\"},{\"@type\":\"PropertyValue\",\"name\":\"Lieux \/ Activit\u00e9s incontournables\",\"value\":\"Lac de Soustons, Jardins du lac\"},{\"@type\":\"PropertyValue\",\"name\":\"March\u00e9s \/ \u00e9v\u00e9nements locaux\",\"value\":\"March\u00e9 hebdomadaire le jeudi\"},{\"@type\":\"PropertyValue\",\"name\":\"Restaurants \/ sp\u00e9cialit\u00e9s\",\"value\":\"Sp\u00e9cialit\u00e9s de poissons et fruits de mer\"},{\"@type\":\"PropertyValue\",\"name\":\"Astuce ou commentaire\",\"value\":\"Soustons est r\u00e9put\u00e9e pour son lac et ses activit\u00e9s nautiques, parfaite pour une escapade nature.\"}]}},{\"@type\":\"ListItem\",\"position\":33,\"item\":{\"@type\":\"City\",\"name\":\"Castets\",\"url\":\"https:\/\/www.castets.fr\",\"image\":\"https:\/\/upload.wikimedia.org\/wikipedia\/commons\/thumb\/e\/e2\/Castets-Landes-_eglise_01.JPG\/320px-Castets-Landes-_eglise_01.JPG\",\"additionalProperty\":[{\"@type\":\"PropertyValue\",\"name\":\"Distance depuis le camping (km)\",\"value\":\"24 km\"},{\"@type\":\"PropertyValue\",\"name\":\"Temps en voiture (min)\",\"value\":\"28 min\"},{\"@type\":\"PropertyValue\",\"name\":\"Lieux \/ Activit\u00e9s incontournables\",\"value\":\"\u00c9glise Saint-Pierre, \u00e9tangs alentours\"},{\"@type\":\"PropertyValue\",\"name\":\"March\u00e9s \/ \u00e9v\u00e9nements locaux\",\"value\":\"March\u00e9 le mercredi\"},{\"@type\":\"PropertyValue\",\"name\":\"Restaurants \/ sp\u00e9cialit\u00e9s\",\"value\":\"Sp\u00e9cialit\u00e9s r\u00e9gionales et cuisine fran\u00e7aise\"},{\"@type\":\"PropertyValue\",\"name\":\"Astuce ou commentaire\",\"value\":\"Petit village typique des Landes, calme et accueillant avec un beau patrimoine.\"}]}},{\"@type\":\"ListItem\",\"position\":34,\"item\":{\"@type\":\"City\",\"name\":\"Onesse-et-Laharie\",\"url\":\"https:\/\/www.onesse-et-laharie.fr\",\"image\":\"https:\/\/upload.wikimedia.org\/wikipedia\/commons\/thumb\/f\/f2\/Onesse_-_Eglise.jpg\/320px-Onesse_-_Eglise.jpg\",\"additionalProperty\":[{\"@type\":\"PropertyValue\",\"name\":\"Distance depuis le camping (km)\",\"value\":\"27 km\"},{\"@type\":\"PropertyValue\",\"name\":\"Temps en voiture (min)\",\"value\":\"30 min\"},{\"@type\":\"PropertyValue\",\"name\":\"Lieux \/ Activit\u00e9s incontournables\",\"value\":\"\u00c9glise Notre-Dame, balades en for\u00eat\"},{\"@type\":\"PropertyValue\",\"name\":\"March\u00e9s \/ \u00e9v\u00e9nements locaux\",\"value\":\"March\u00e9 local le dimanche\"},{\"@type\":\"PropertyValue\",\"name\":\"Restaurants \/ sp\u00e9cialit\u00e9s\",\"value\":\"Cuisine locale et produits du terroir\"},{\"@type\":\"PropertyValue\",\"name\":\"Astuce ou commentaire\",\"value\":\"Village traditionnel avec de belles for\u00eats et une ambiance authentique landaise.\"}]}},{\"@type\":\"ListItem\",\"position\":35,\"item\":{\"@type\":\"City\",\"name\":\"Rion-des-Landes\",\"url\":\"https:\/\/www.riondeslandes.fr\",\"image\":\"https:\/\/upload.wikimedia.org\/wikipedia\/commons\/thumb\/3\/32\/Eglise_St_Jean_Baptiste_Rion_des_Landes.jpg\/320px-Eglise_St_Jean_Baptiste_Rion_des_Landes.jpg\",\"additionalProperty\":[{\"@type\":\"PropertyValue\",\"name\":\"Distance depuis le camping (km)\",\"value\":\"30 km\"},{\"@type\":\"PropertyValue\",\"name\":\"Temps en voiture (min)\",\"value\":\"32 min\"},{\"@type\":\"PropertyValue\",\"name\":\"Lieux \/ Activit\u00e9s incontournables\",\"value\":\"\u00c9glise Saint-Jean-Baptiste, centre-ville historique\"},{\"@type\":\"PropertyValue\",\"name\":\"March\u00e9s \/ \u00e9v\u00e9nements locaux\",\"value\":\"March\u00e9 le mardi\"},{\"@type\":\"PropertyValue\",\"name\":\"Restaurants \/ sp\u00e9cialit\u00e9s\",\"value\":\"Cuisine gasconne et landaise\"},{\"@type\":\"PropertyValue\",\"name\":\"Astuce ou commentaire\",\"value\":\"Rion-des-Landes est un bourg anim\u00e9 avec un patrimoine religieux int\u00e9ressant et des march\u00e9s locaux.\"}]}},{\"@type\":\"ListItem\",\"position\":36,\"item\":{\"@type\":\"City\",\"name\":\"Le Vieux-Boucau-les-Bains\",\"url\":\"https:\/\/www.levieuxboucau.fr\",\"image\":\"https:\/\/upload.wikimedia.org\/wikipedia\/commons\/thumb\/2\/28\/Port_Le_Vieux_Boucau.JPG\/320px-Port_Le_Vieux_Boucau.JPG\",\"additionalProperty\":[{\"@type\":\"PropertyValue\",\"name\":\"Distance depuis le camping (km)\",\"value\":\"38 km\"},{\"@type\":\"PropertyValue\",\"name\":\"Temps en voiture (min)\",\"value\":\"40 min\"},{\"@type\":\"PropertyValue\",\"name\":\"Lieux \/ Activit\u00e9s incontournables\",\"value\":\"Plage, port de plaisance, for\u00eats\"},{\"@type\":\"PropertyValue\",\"name\":\"March\u00e9s \/ \u00e9v\u00e9nements locaux\",\"value\":\"March\u00e9 quotidien en saison estivale\"},{\"@type\":\"PropertyValue\",\"name\":\"Restaurants \/ sp\u00e9cialit\u00e9s\",\"value\":\"Poissons frais, fruits de mer\"},{\"@type\":\"PropertyValue\",\"name\":\"Astuce ou commentaire\",\"value\":\"Station baln\u00e9aire dynamique avec plages surveill\u00e9es et activit\u00e9s nautiques vari\u00e9es.\"}]}},{\"@type\":\"ListItem\",\"position\":37,\"item\":{\"@type\":\"City\",\"name\":\"Tarnos\",\"url\":\"https:\/\/www.tarnos.fr\",\"image\":\"https:\/\/upload.wikimedia.org\/wikipedia\/commons\/thumb\/4\/46\/Tarnos_france.JPG\/320px-Tarnos_france.JPG\",\"additionalProperty\":[{\"@type\":\"PropertyValue\",\"name\":\"Distance depuis le camping (km)\",\"value\":\"45 km\"},{\"@type\":\"PropertyValue\",\"name\":\"Temps en voiture (min)\",\"value\":\"40 min\"},{\"@type\":\"PropertyValue\",\"name\":\"Lieux \/ Activit\u00e9s incontournables\",\"value\":\"\u00c9glise Saint-Vincent, port de plaisance\"},{\"@type\":\"PropertyValue\",\"name\":\"March\u00e9s \/ \u00e9v\u00e9nements locaux\",\"value\":\"March\u00e9 du dimanche\"},{\"@type\":\"PropertyValue\",\"name\":\"Restaurants \/ sp\u00e9cialit\u00e9s\",\"value\":\"Cuisine basque et landaise\"},{\"@type\":\"PropertyValue\",\"name\":\"Astuce ou commentaire\",\"value\":\"Ville portuaire proche de l'oc\u00e9an, m\u00e9langeant influences basques et landaises.\"}]}},{\"@type\":\"ListItem\",\"position\":38,\"item\":{\"@type\":\"City\",\"name\":\"Saint-Vincent-de-Tyrosse\",\"url\":\"https:\/\/www.saintvincenttyrosse.fr\",\"image\":\"https:\/\/upload.wikimedia.org\/wikipedia\/commons\/thumb\/7\/79\/Church_Saint-Vincent-de-Tyrosse.JPG\/320px-Church_Saint-Vincent-de-Tyrosse.JPG\",\"additionalProperty\":[{\"@type\":\"PropertyValue\",\"name\":\"Distance depuis le camping (km)\",\"value\":\"50 km\"},{\"@type\":\"PropertyValue\",\"name\":\"Temps en voiture (min)\",\"value\":\"45 min\"},{\"@type\":\"PropertyValue\",\"name\":\"Lieux \/ Activit\u00e9s incontournables\",\"value\":\"\u00c9glise Saint-Vincent, parcs et jardins\"},{\"@type\":\"PropertyValue\",\"name\":\"March\u00e9s \/ \u00e9v\u00e9nements locaux\",\"value\":\"March\u00e9 le samedi\"},{\"@type\":\"PropertyValue\",\"name\":\"Restaurants \/ sp\u00e9cialit\u00e9s\",\"value\":\"Sp\u00e9cialit\u00e9s basques\"},{\"@type\":\"PropertyValue\",\"name\":\"Astuce ou commentaire\",\"value\":\"Ville charmante avec un riche patrimoine et vie culturelle r\u00e9gionale dynamique.\"}]}},{\"@type\":\"ListItem\",\"position\":39,\"item\":{\"@type\":\"City\",\"name\":\"Labenne\",\"url\":\"https:\/\/www.labenne.fr\",\"image\":\"https:\/\/upload.wikimedia.org\/wikipedia\/commons\/thumb\/7\/7f\/Labenne.JPG\/320px-Labenne.JPG\",\"additionalProperty\":[{\"@type\":\"PropertyValue\",\"name\":\"Distance depuis le camping (km)\",\"value\":\"55 km\"},{\"@type\":\"PropertyValue\",\"name\":\"Temps en voiture (min)\",\"value\":\"50 min\"},{\"@type\":\"PropertyValue\",\"name\":\"Lieux \/ Activit\u00e9s incontournables\",\"value\":\"Plages, espaces naturels, centre-ville\"},{\"@type\":\"PropertyValue\",\"name\":\"March\u00e9s \/ \u00e9v\u00e9nements locaux\",\"value\":\"March\u00e9 hebdomadaire le jeudi\"},{\"@type\":\"PropertyValue\",\"name\":\"Restaurants \/ sp\u00e9cialit\u00e9s\",\"value\":\"Fruits de mer, cuisine locale\"},{\"@type\":\"PropertyValue\",\"name\":\"Astuce ou commentaire\",\"value\":\"Ville baln\u00e9aire avec un acc\u00e8s direct \u00e0 l'oc\u00e9an et une atmosph\u00e8re de vacances.\"}]}},{\"@type\":\"ListItem\",\"position\":40,\"item\":{\"@type\":\"City\",\"name\":\"Saint-Martin-de-Hinx\",\"url\":\"https:\/\/www.saintmartindehinx.fr\",\"image\":\"https:\/\/upload.wikimedia.org\/wikipedia\/commons\/thumb\/6\/66\/Saint-Martin-de-Hinx_-_Eglise.JPG\/320px-Saint-Martin-de-Hinx_-_Eglise.JPG\",\"additionalProperty\":[{\"@type\":\"PropertyValue\",\"name\":\"Distance depuis le camping (km)\",\"value\":\"36 km\"},{\"@type\":\"PropertyValue\",\"name\":\"Temps en voiture (min)\",\"value\":\"35 min\"},{\"@type\":\"PropertyValue\",\"name\":\"Lieux \/ Activit\u00e9s incontournables\",\"value\":\"\u00c9glise romane, campagne landaise\"},{\"@type\":\"PropertyValue\",\"name\":\"March\u00e9s \/ \u00e9v\u00e9nements locaux\",\"value\":\"March\u00e9 local occasionnel\"},{\"@type\":\"PropertyValue\",\"name\":\"Restaurants \/ sp\u00e9cialit\u00e9s\",\"value\":\"Cuisine traditionnelle\"},{\"@type\":\"PropertyValue\",\"name\":\"Astuce ou commentaire\",\"value\":\"Village rural \u00e0 l\u2019authenticit\u00e9 pr\u00e9serv\u00e9e, id\u00e9al pour d\u00e9couvrir la culture landaise.\"}]}},{\"@type\":\"ListItem\",\"position\":41,\"item\":{\"@type\":\"City\",\"name\":\"B\u00e9nesse-Maremne\",\"url\":\"https:\/\/www.benesse-maremne.fr\",\"additionalProperty\":[{\"@type\":\"PropertyValue\",\"name\":\"Distance depuis le camping (km)\",\"value\":\"46 km\"},{\"@type\":\"PropertyValue\",\"name\":\"Temps en voiture (min)\",\"value\":\"40 min\"},{\"@type\":\"PropertyValue\",\"name\":\"Lieux \/ Activit\u00e9s incontournables\",\"value\":\"Parc de loisirs, village traditionnel\"},{\"@type\":\"PropertyValue\",\"name\":\"March\u00e9s \/ \u00e9v\u00e9nements locaux\",\"value\":\"March\u00e9 hebdomadaire\"},{\"@type\":\"PropertyValue\",\"name\":\"Restaurants \/ sp\u00e9cialit\u00e9s\",\"value\":\"Sp\u00e9cialit\u00e9s locales\"},{\"@type\":\"PropertyValue\",\"name\":\"Astuce ou commentaire\",\"value\":\"Petit village agr\u00e9able proche de la c\u00f4te, avec de belles activit\u00e9s familiales.\"}]}},{\"@type\":\"ListItem\",\"position\":42,\"item\":{\"@type\":\"City\",\"name\":\"Mugron\",\"url\":\"https:\/\/www.mugron.fr\",\"additionalProperty\":[{\"@type\":\"PropertyValue\",\"name\":\"Distance depuis le camping (km)\",\"value\":\"46 km\"},{\"@type\":\"PropertyValue\",\"name\":\"Temps en voiture (min)\",\"value\":\"45 min\"},{\"@type\":\"PropertyValue\",\"name\":\"Lieux \/ Activit\u00e9s incontournables\",\"value\":\"Ch\u00e2teau de Mugron, bourg historique\"},{\"@type\":\"PropertyValue\",\"name\":\"March\u00e9s \/ \u00e9v\u00e9nements locaux\",\"value\":\"March\u00e9 du samedi\"},{\"@type\":\"PropertyValue\",\"name\":\"Restaurants \/ sp\u00e9cialit\u00e9s\",\"value\":\"Cuisine du Sud-Ouest traditionnelle\"},{\"@type\":\"PropertyValue\",\"name\":\"Astuce ou commentaire\",\"value\":\"Ville avec un riche patrimoine historique et culturel dans les Landes int\u00e9rieures.\"}]}},{\"@type\":\"ListItem\",\"position\":43,\"item\":{\"@type\":\"City\",\"name\":\"Pouillon\",\"url\":\"https:\/\/www.pouillon.fr\",\"image\":\"https:\/\/upload.wikimedia.org\/wikipedia\/commons\/thumb\/0\/0d\/Eglise_de_Pouillon.jpg\/320px-Eglise_de_Pouillon.jpg\",\"additionalProperty\":[{\"@type\":\"PropertyValue\",\"name\":\"Distance depuis le camping (km)\",\"value\":\"38 km\"},{\"@type\":\"PropertyValue\",\"name\":\"Temps en voiture (min)\",\"value\":\"35 min\"},{\"@type\":\"PropertyValue\",\"name\":\"Lieux \/ Activit\u00e9s incontournables\",\"value\":\"\u00c9glise Saint-Pierre, monuments historiques\"},{\"@type\":\"PropertyValue\",\"name\":\"March\u00e9s \/ \u00e9v\u00e9nements locaux\",\"value\":\"March\u00e9s ponctuels\"},{\"@type\":\"PropertyValue\",\"name\":\"Restaurants \/ sp\u00e9cialit\u00e9s\",\"value\":\"Cuisine landaise traditionnelle\"},{\"@type\":\"PropertyValue\",\"name\":\"Astuce ou commentaire\",\"value\":\"Petit village typique, offrant un cadre de vie calme et pittoresque.\"}]}},{\"@type\":\"ListItem\",\"position\":44,\"item\":{\"@type\":\"City\",\"name\":\"Saint-Geours-de-Maremne\",\"url\":\"https:\/\/www.saintgeoursdemaremne.fr\",\"image\":\"https:\/\/upload.wikimedia.org\/wikipedia\/commons\/thumb\/1\/1b\/Eglise_Saint_Geours_de_Maremne.JPG\/320px-Eglise_Saint_Geours_de_Maremne.JPG\",\"additionalProperty\":[{\"@type\":\"PropertyValue\",\"name\":\"Distance depuis le camping (km)\",\"value\":\"41 km\"},{\"@type\":\"PropertyValue\",\"name\":\"Temps en voiture (min)\",\"value\":\"38 min\"},{\"@type\":\"PropertyValue\",\"name\":\"Lieux \/ Activit\u00e9s incontournables\",\"value\":\"\u00c9glise Saint-Geours, espaces verts\"},{\"@type\":\"PropertyValue\",\"name\":\"March\u00e9s \/ \u00e9v\u00e9nements locaux\",\"value\":\"March\u00e9 local\"},{\"@type\":\"PropertyValue\",\"name\":\"Restaurants \/ sp\u00e9cialit\u00e9s\",\"value\":\"Sp\u00e9cialit\u00e9s r\u00e9gionales\"},{\"@type\":\"PropertyValue\",\"name\":\"Astuce ou commentaire\",\"value\":\"Commune rurale avec un esprit convivial proche de la c\u00f4te Atlantique.\"}]}},{\"@type\":\"ListItem\",\"position\":45,\"item\":{\"@type\":\"City\",\"name\":\"Hagetmau\",\"url\":\"https:\/\/www.hagetmau.fr\",\"image\":\"https:\/\/upload.wikimedia.org\/wikipedia\/commons\/thumb\/8\/86\/Hagetmau_place_centrale.JPG\/320px-Hagetmau_place_centrale.JPG\",\"additionalProperty\":[{\"@type\":\"PropertyValue\",\"name\":\"Distance depuis le camping (km)\",\"value\":\"60 km\"},{\"@type\":\"PropertyValue\",\"name\":\"Temps en voiture (min)\",\"value\":\"55 min\"},{\"@type\":\"PropertyValue\",\"name\":\"Lieux \/ Activit\u00e9s incontournables\",\"value\":\"\u00c9glise Saint-Jean-Baptiste, bastide historique\"},{\"@type\":\"PropertyValue\",\"name\":\"March\u00e9s \/ \u00e9v\u00e9nements locaux\",\"value\":\"March\u00e9 le samedi\"},{\"@type\":\"PropertyValue\",\"name\":\"Restaurants \/ sp\u00e9cialit\u00e9s\",\"value\":\"Cuisine landaise et sp\u00e9cialit\u00e9s locales\"},{\"@type\":\"PropertyValue\",\"name\":\"Astuce ou commentaire\",\"value\":\"Ville bastide riche en histoire et en architecture m\u00e9di\u00e9vale.\"}]}},{\"@type\":\"ListItem\",\"position\":46,\"item\":{\"@type\":\"City\",\"name\":\"Saint-\u00c9tienne-d'Orthe\",\"url\":\"https:\/\/fr.wikipedia.org\/wiki\/Saint-%C3%89tienne-d%27Orthe\",\"additionalProperty\":[{\"@type\":\"PropertyValue\",\"name\":\"Distance depuis le camping (km)\",\"value\":\"37 km\"},{\"@type\":\"PropertyValue\",\"name\":\"Temps en voiture (min)\",\"value\":\"35 min\"},{\"@type\":\"PropertyValue\",\"name\":\"Lieux \/ Activit\u00e9s incontournables\",\"value\":\"\u00c9glise Saint-\u00c9tienne, site naturel de l'Adour\"},{\"@type\":\"PropertyValue\",\"name\":\"March\u00e9s \/ \u00e9v\u00e9nements locaux\",\"value\":\"March\u00e9 local hebdomadaire, f\u00eates traditionnelles\"},{\"@type\":\"PropertyValue\",\"name\":\"Restaurants \/ sp\u00e9cialit\u00e9s\",\"value\":\"Sp\u00e9cialit\u00e9s basques et landaises\"},{\"@type\":\"PropertyValue\",\"name\":\"Astuce ou commentaire\",\"value\":\"Petit village authentique au nord des Landes, offrant un cadre naturel pr\u00e9serv\u00e9.\"}]}},{\"@type\":\"ListItem\",\"position\":47,\"item\":{\"@type\":\"City\",\"name\":\"Saint-Vincent-de-Paul (Landes)\",\"url\":\"https:\/\/fr.wikipedia.org\/wiki\/Saint-Vincent-de-Paul_(Landes)\",\"additionalProperty\":[{\"@type\":\"PropertyValue\",\"name\":\"Distance depuis le camping (km)\",\"value\":\"30 km\"},{\"@type\":\"PropertyValue\",\"name\":\"Temps en voiture (min)\",\"value\":\"30 min\"},{\"@type\":\"PropertyValue\",\"name\":\"Lieux \/ Activit\u00e9s incontournables\",\"value\":\"\u00c9glise Saint-Vincent, promenades en for\u00eat\"},{\"@type\":\"PropertyValue\",\"name\":\"March\u00e9s \/ \u00e9v\u00e9nements locaux\",\"value\":\"March\u00e9 mensuel, manifestations culturelles\"},{\"@type\":\"PropertyValue\",\"name\":\"Restaurants \/ sp\u00e9cialit\u00e9s\",\"value\":\"Cuisine landaise traditionnelle\"},{\"@type\":\"PropertyValue\",\"name\":\"Astuce ou commentaire\",\"value\":\"Commune entour\u00e9e de for\u00eats, typique des Landes, calme et nature.\"}]}},{\"@type\":\"ListItem\",\"position\":48,\"item\":{\"@type\":\"City\",\"name\":\"Le Leuy\",\"url\":\"https:\/\/fr.wikipedia.org\/wiki\/Le_Leuy\",\"additionalProperty\":[{\"@type\":\"PropertyValue\",\"name\":\"Distance depuis le camping (km)\",\"value\":\"28 km\"},{\"@type\":\"PropertyValue\",\"name\":\"Temps en voiture (min)\",\"value\":\"25 min\"},{\"@type\":\"PropertyValue\",\"name\":\"Lieux \/ Activit\u00e9s incontournables\",\"value\":\"\u00c9glise Saint-Michel, for\u00eats de pins\"},{\"@type\":\"PropertyValue\",\"name\":\"March\u00e9s \/ \u00e9v\u00e9nements locaux\",\"value\":\"March\u00e9s artisanaux, festivals locaux\"},{\"@type\":\"PropertyValue\",\"name\":\"Restaurants \/ sp\u00e9cialit\u00e9s\",\"value\":\"Sp\u00e9cialit\u00e9s du Sud-Ouest\"},{\"@type\":\"PropertyValue\",\"name\":\"Astuce ou commentaire\",\"value\":\"Village landais paisible, id\u00e9al pour la randonn\u00e9e.\"}]}},{\"@type\":\"ListItem\",\"position\":49,\"item\":{\"@type\":\"City\",\"name\":\"Sorde-l'Abbaye\",\"url\":\"https:\/\/fr.wikipedia.org\/wiki\/Sorde-l%27Abbaye\",\"additionalProperty\":[{\"@type\":\"PropertyValue\",\"name\":\"Distance depuis le camping (km)\",\"value\":\"34 km\"},{\"@type\":\"PropertyValue\",\"name\":\"Temps en voiture (min)\",\"value\":\"32 min\"},{\"@type\":\"PropertyValue\",\"name\":\"Lieux \/ Activit\u00e9s incontournables\",\"value\":\"Abbaye de Sorde, Mus\u00e9e des traditions locales\"},{\"@type\":\"PropertyValue\",\"name\":\"March\u00e9s \/ \u00e9v\u00e9nements locaux\",\"value\":\"March\u00e9 hebdomadaire, f\u00eates historiques\"},{\"@type\":\"PropertyValue\",\"name\":\"Restaurants \/ sp\u00e9cialit\u00e9s\",\"value\":\"Cuisine b\u00e9arnaise et landaise\"},{\"@type\":\"PropertyValue\",\"name\":\"Astuce ou commentaire\",\"value\":\"Village historique avec patrimoine religieux remarquable.\"}]}},{\"@type\":\"ListItem\",\"position\":50,\"item\":{\"@type\":\"City\",\"name\":\"Saint-Gein\",\"url\":\"https:\/\/www.landes.fr\",\"additionalProperty\":[{\"@type\":\"PropertyValue\",\"name\":\"Distance depuis le camping (km)\",\"value\":\"40 km\"},{\"@type\":\"PropertyValue\",\"name\":\"Temps en voiture (min)\",\"value\":\"38 min\"},{\"@type\":\"PropertyValue\",\"name\":\"Lieux \/ Activit\u00e9s incontournables\",\"value\":\"\u00c9glise Saint-Gein, balade nature\"},{\"@type\":\"PropertyValue\",\"name\":\"March\u00e9s \/ \u00e9v\u00e9nements locaux\",\"value\":\"March\u00e9s de producteurs, \u00e9v\u00e9nements culturels\"},{\"@type\":\"PropertyValue\",\"name\":\"Restaurants \/ sp\u00e9cialit\u00e9s\",\"value\":\"Plats r\u00e9gionaux landais\"},{\"@type\":\"PropertyValue\",\"name\":\"Astuce ou commentaire\",\"value\":\"Petit village typique du d\u00e9partement des Landes.\"}]}},{\"@type\":\"ListItem\",\"position\":51,\"item\":{\"@type\":\"City\",\"name\":\"Mugron\",\"url\":\"https:\/\/fr.wikipedia.org\/wiki\/Mugron\",\"additionalProperty\":[{\"@type\":\"PropertyValue\",\"name\":\"Distance depuis le camping (km)\",\"value\":\"48 km\"},{\"@type\":\"PropertyValue\",\"name\":\"Temps en voiture (min)\",\"value\":\"45 min\"},{\"@type\":\"PropertyValue\",\"name\":\"Lieux \/ Activit\u00e9s incontournables\",\"value\":\"Ch\u00e2teau de Mugron, centre historique\"},{\"@type\":\"PropertyValue\",\"name\":\"March\u00e9s \/ \u00e9v\u00e9nements locaux\",\"value\":\"March\u00e9 traditionnel, festival de musique\"},{\"@type\":\"PropertyValue\",\"name\":\"Restaurants \/ sp\u00e9cialit\u00e9s\",\"value\":\"Cuisine gasconne\"},{\"@type\":\"PropertyValue\",\"name\":\"Astuce ou commentaire\",\"value\":\"Ville \u00e0 l'ambiance conviviale avec un riche patrimoine.\"}]}},{\"@type\":\"ListItem\",\"position\":52,\"item\":{\"@type\":\"City\",\"name\":\"Saint-Martin-de-Seignanx\",\"url\":\"https:\/\/fr.wikipedia.org\/wiki\/Saint-Martin-de-Seignanx\",\"additionalProperty\":[{\"@type\":\"PropertyValue\",\"name\":\"Distance depuis le camping (km)\",\"value\":\"50 km\"},{\"@type\":\"PropertyValue\",\"name\":\"Temps en voiture (min)\",\"value\":\"48 min\"},{\"@type\":\"PropertyValue\",\"name\":\"Lieux \/ Activit\u00e9s incontournables\",\"value\":\"Chapelle Saint-Martin, \u00e9v\u00e9nements sportifs\"},{\"@type\":\"PropertyValue\",\"name\":\"March\u00e9s \/ \u00e9v\u00e9nements locaux\",\"value\":\"March\u00e9 du jeudi, foires locales\"},{\"@type\":\"PropertyValue\",\"name\":\"Restaurants \/ sp\u00e9cialit\u00e9s\",\"value\":\"Sp\u00e9cialit\u00e9s basques et landaises\"},{\"@type\":\"PropertyValue\",\"name\":\"Astuce ou commentaire\",\"value\":\"Ville dynamique proche de l'oc\u00e9an Atlantique.\"}]}},{\"@type\":\"ListItem\",\"position\":53,\"item\":{\"@type\":\"City\",\"name\":\"Tosse\",\"url\":\"https:\/\/fr.wikipedia.org\/wiki\/Tosse\",\"additionalProperty\":[{\"@type\":\"PropertyValue\",\"name\":\"Distance depuis le camping (km)\",\"value\":\"38 km\"},{\"@type\":\"PropertyValue\",\"name\":\"Temps en voiture (min)\",\"value\":\"35 min\"},{\"@type\":\"PropertyValue\",\"name\":\"Lieux \/ Activit\u00e9s incontournables\",\"value\":\"\u00c9glises, espaces naturels prot\u00e9g\u00e9s\"},{\"@type\":\"PropertyValue\",\"name\":\"March\u00e9s \/ \u00e9v\u00e9nements locaux\",\"value\":\"March\u00e9s locaux, festivals\"},{\"@type\":\"PropertyValue\",\"name\":\"Restaurants \/ sp\u00e9cialit\u00e9s\",\"value\":\"Cuisine landaise traditionnelle\"},{\"@type\":\"PropertyValue\",\"name\":\"Astuce ou commentaire\",\"value\":\"Commune rurale offrant un cadre naturel calme.\"}]}},{\"@type\":\"ListItem\",\"position\":54,\"item\":{\"@type\":\"City\",\"name\":\"Saint-Lon-les-Mines\",\"url\":\"https:\/\/fr.wikipedia.org\/wiki\/Saint-Lon-les-Mines\",\"additionalProperty\":[{\"@type\":\"PropertyValue\",\"name\":\"Distance depuis le camping (km)\",\"value\":\"46 km\"},{\"@type\":\"PropertyValue\",\"name\":\"Temps en voiture (min)\",\"value\":\"44 min\"},{\"@type\":\"PropertyValue\",\"name\":\"Lieux \/ Activit\u00e9s incontournables\",\"value\":\"Mus\u00e9e de la mine, Eglise Saint-Lon\"},{\"@type\":\"PropertyValue\",\"name\":\"March\u00e9s \/ \u00e9v\u00e9nements locaux\",\"value\":\"March\u00e9s, f\u00eates du village\"},{\"@type\":\"PropertyValue\",\"name\":\"Restaurants \/ sp\u00e9cialit\u00e9s\",\"value\":\"Plats r\u00e9gionaux\"},{\"@type\":\"PropertyValue\",\"name\":\"Astuce ou commentaire\",\"value\":\"Village minier au pass\u00e9 historique int\u00e9ressant.\"}]}},{\"@type\":\"ListItem\",\"position\":55,\"item\":{\"@type\":\"City\",\"name\":\"Cast\u00e9tis\",\"additionalProperty\":[{\"@type\":\"PropertyValue\",\"name\":\"Distance depuis le camping (km)\",\"value\":\"43 km\"},{\"@type\":\"PropertyValue\",\"name\":\"Temps en voiture (min)\",\"value\":\"40 min\"},{\"@type\":\"PropertyValue\",\"name\":\"Lieux \/ Activit\u00e9s incontournables\",\"value\":\"\u00c9glise, patrimoine rural\"},{\"@type\":\"PropertyValue\",\"name\":\"March\u00e9s \/ \u00e9v\u00e9nements locaux\",\"value\":\"Manifestations locales\"},{\"@type\":\"PropertyValue\",\"name\":\"Restaurants \/ sp\u00e9cialit\u00e9s\",\"value\":\"Cuisine du terroir\"},{\"@type\":\"PropertyValue\",\"name\":\"Astuce ou commentaire\",\"value\":\"Petit village typique de la r\u00e9gion Nouvelle-Aquitaine.\"}]}},{\"@type\":\"ListItem\",\"position\":56,\"item\":{\"@type\":\"City\",\"name\":\"Onard\",\"url\":\"https:\/\/fr.wikipedia.org\/wiki\/Onard\",\"additionalProperty\":[{\"@type\":\"PropertyValue\",\"name\":\"Distance depuis le camping (km)\",\"value\":\"42 km\"},{\"@type\":\"PropertyValue\",\"name\":\"Temps en voiture (min)\",\"value\":\"40 min\"},{\"@type\":\"PropertyValue\",\"name\":\"Lieux \/ Activit\u00e9s incontournables\",\"value\":\"Espaces naturels, randonn\u00e9es\"},{\"@type\":\"PropertyValue\",\"name\":\"March\u00e9s \/ \u00e9v\u00e9nements locaux\",\"value\":\"March\u00e9s et \u00e9v\u00e9nements locaux\"},{\"@type\":\"PropertyValue\",\"name\":\"Restaurants \/ sp\u00e9cialit\u00e9s\",\"value\":\"Cuisine traditionnelle\"},{\"@type\":\"PropertyValue\",\"name\":\"Astuce ou commentaire\",\"value\":\"Village calme avec nature environnante.\"}]}},{\"@type\":\"ListItem\",\"position\":57,\"item\":{\"@type\":\"City\",\"name\":\"Pi\u00e9tat\",\"additionalProperty\":[{\"@type\":\"PropertyValue\",\"name\":\"Distance depuis le camping (km)\",\"value\":\"45 km\"},{\"@type\":\"PropertyValue\",\"name\":\"Temps en voiture (min)\",\"value\":\"43 min\"},{\"@type\":\"PropertyValue\",\"name\":\"Lieux \/ Activit\u00e9s incontournables\",\"value\":\"Patrimoine religieux, nature\"},{\"@type\":\"PropertyValue\",\"name\":\"March\u00e9s \/ \u00e9v\u00e9nements locaux\",\"value\":\"F\u00eates annuelles\"},{\"@type\":\"PropertyValue\",\"name\":\"Restaurants \/ sp\u00e9cialit\u00e9s\",\"value\":\"Sp\u00e9cialit\u00e9s r\u00e9gionales\"},{\"@type\":\"PropertyValue\",\"name\":\"Astuce ou commentaire\",\"value\":\"Petite commune rurale typique des Landes.\"}]}},{\"@type\":\"ListItem\",\"position\":58,\"item\":{\"@type\":\"City\",\"name\":\"Hinx\",\"url\":\"https:\/\/fr.wikipedia.org\/wiki\/Hinx\",\"additionalProperty\":[{\"@type\":\"PropertyValue\",\"name\":\"Distance depuis le camping (km)\",\"value\":\"52 km\"},{\"@type\":\"PropertyValue\",\"name\":\"Temps en voiture (min)\",\"value\":\"49 min\"},{\"@type\":\"PropertyValue\",\"name\":\"Lieux \/ Activit\u00e9s incontournables\",\"value\":\"\u00c9glises, vie locale\"},{\"@type\":\"PropertyValue\",\"name\":\"March\u00e9s \/ \u00e9v\u00e9nements locaux\",\"value\":\"March\u00e9s traditionnels\"},{\"@type\":\"PropertyValue\",\"name\":\"Restaurants \/ sp\u00e9cialit\u00e9s\",\"value\":\"Cuisine locale\"},{\"@type\":\"PropertyValue\",\"name\":\"Astuce ou commentaire\",\"value\":\"Village proche de Dax, offrant calme et tradition.\"}]}},{\"@type\":\"ListItem\",\"position\":59,\"item\":{\"@type\":\"City\",\"name\":\"Benesse-Maremne\",\"additionalProperty\":[{\"@type\":\"PropertyValue\",\"name\":\"Distance depuis le camping (km)\",\"value\":\"54 km\"},{\"@type\":\"PropertyValue\",\"name\":\"Temps en voiture (min)\",\"value\":\"50 min\"},{\"@type\":\"PropertyValue\",\"name\":\"Lieux \/ Activit\u00e9s incontournables\",\"value\":\"R\u00e9serves naturelles, infrastructures sportives\"},{\"@type\":\"PropertyValue\",\"name\":\"March\u00e9s \/ \u00e9v\u00e9nements locaux\",\"value\":\"March\u00e9s, festivals saisonniers\"},{\"@type\":\"PropertyValue\",\"name\":\"Restaurants \/ sp\u00e9cialit\u00e9s\",\"value\":\"Cuisine landaise et basque\"},{\"@type\":\"PropertyValue\",\"name\":\"Astuce ou commentaire\",\"value\":\"Commune avec riche vie culturelle et sportive.\"}]}},{\"@type\":\"ListItem\",\"position\":60,\"item\":{\"@type\":\"City\",\"name\":\"Saint-Jean-de Marsacq\",\"url\":\"https:\/\/fr.wikipedia.org\/wiki\/Saint-Jean-de-Marsacq\",\"additionalProperty\":[{\"@type\":\"PropertyValue\",\"name\":\"Distance depuis le camping (km)\",\"value\":\"55 km\"},{\"@type\":\"PropertyValue\",\"name\":\"Temps en voiture (min)\",\"value\":\"52 min\"},{\"@type\":\"PropertyValue\",\"name\":\"Lieux \/ Activit\u00e9s incontournables\",\"value\":\"\u00c9glise, patrimoine rural\"},{\"@type\":\"PropertyValue\",\"name\":\"March\u00e9s \/ \u00e9v\u00e9nements locaux\",\"value\":\"March\u00e9s locaux\"},{\"@type\":\"PropertyValue\",\"name\":\"Restaurants \/ sp\u00e9cialit\u00e9s\",\"value\":\"Sp\u00e9cialit\u00e9s du Sud-Ouest\"},{\"@type\":\"PropertyValue\",\"name\":\"Astuce ou commentaire\",\"value\":\"Village paisible dans l'arri\u00e8re-pays landais.\"}]}},{\"@type\":\"ListItem\",\"position\":61,\"item\":{\"@type\":\"City\",\"name\":\"Prechacq-les-Bains\",\"image\":\"https:\/\/upload.wikimedia.org\/wikipedia\/commons\/thumb\/5\/54\/Prechacq-les-Bains_%28Landes%29_-_Mairie.jpg\/320px-Prechacq-les-Bains_%28Landes%29_-_Mairie.jpg\",\"additionalProperty\":[{\"@type\":\"PropertyValue\",\"name\":\"Distance depuis le camping (km)\",\"value\":\"14 km\"},{\"@type\":\"PropertyValue\",\"name\":\"Temps en voiture (min)\",\"value\":\"20 min\"},{\"@type\":\"PropertyValue\",\"name\":\"Lieux \/ Activit\u00e9s incontournables\",\"value\":\"\u00c9glise Saint-Pierre, sources thermales\"},{\"@type\":\"PropertyValue\",\"name\":\"March\u00e9s \/ \u00e9v\u00e9nements locaux\",\"value\":\"March\u00e9 local hebdomadaire le jeudi\"},{\"@type\":\"PropertyValue\",\"name\":\"Restaurants \/ sp\u00e9cialit\u00e9s\",\"value\":\"Cuisine landaise traditionnelle\"},{\"@type\":\"PropertyValue\",\"name\":\"Astuce ou commentaire\",\"value\":\"Petite commune thermale proche, r\u00e9put\u00e9e pour ses sources chaudes naturelles.\"}]}},{\"@type\":\"ListItem\",\"position\":62,\"item\":{\"@type\":\"City\",\"name\":\"L\u00e9vignacq\",\"additionalProperty\":[{\"@type\":\"PropertyValue\",\"name\":\"Distance depuis le camping (km)\",\"value\":\"17 km\"},{\"@type\":\"PropertyValue\",\"name\":\"Temps en voiture (min)\",\"value\":\"22 min\"},{\"@type\":\"PropertyValue\",\"name\":\"Lieux \/ Activit\u00e9s incontournables\",\"value\":\"For\u00eat domaniale de L\u00e9vignacq, \u00e9glise locale\"},{\"@type\":\"PropertyValue\",\"name\":\"March\u00e9s \/ \u00e9v\u00e9nements locaux\",\"value\":\"F\u00eate locale annuelle en \u00e9t\u00e9\"},{\"@type\":\"PropertyValue\",\"name\":\"Restaurants \/ sp\u00e9cialit\u00e9s\",\"value\":\"Sp\u00e9cialit\u00e9s \u00e0 base de poisson et gibier\"},{\"@type\":\"PropertyValue\",\"name\":\"Astuce ou commentaire\",\"value\":\"Commune rurale au c\u0153ur des Landes, offrant de belles randonn\u00e9es foresti\u00e8res.\"}]}},{\"@type\":\"ListItem\",\"position\":63,\"item\":{\"@type\":\"City\",\"name\":\"Hinxe\",\"url\":\"https:\/\/fr.wikipedia.org\/wiki\/Hinxe\",\"image\":\"https:\/\/upload.wikimedia.org\/wikipedia\/commons\/thumb\/2\/21\/Hinxe_Mairie.jpg\/320px-Hinxe_Mairie.jpg\",\"additionalProperty\":[{\"@type\":\"PropertyValue\",\"name\":\"Distance depuis le camping (km)\",\"value\":\"25 km\"},{\"@type\":\"PropertyValue\",\"name\":\"Temps en voiture (min)\",\"value\":\"30 min\"},{\"@type\":\"PropertyValue\",\"name\":\"Lieux \/ Activit\u00e9s incontournables\",\"value\":\"Ch\u00e2teau d'Hinx, \u00e9glise Saint-Martin\"},{\"@type\":\"PropertyValue\",\"name\":\"March\u00e9s \/ \u00e9v\u00e9nements locaux\",\"value\":\"March\u00e9 artisanal mensuel\"},{\"@type\":\"PropertyValue\",\"name\":\"Restaurants \/ sp\u00e9cialit\u00e9s\",\"value\":\"Cuisine r\u00e9gionale landaise\"},{\"@type\":\"PropertyValue\",\"name\":\"Astuce ou commentaire\",\"value\":\"Village charmant avec un ch\u00e2teau et un patrimoine historique.\"}]}},{\"@type\":\"ListItem\",\"position\":64,\"item\":{\"@type\":\"City\",\"name\":\"Escalans\",\"url\":\"https:\/\/fr.wikipedia.org\/wiki\/Escalans\",\"image\":\"https:\/\/upload.wikimedia.org\/wikipedia\/commons\/thumb\/f\/fa\/Escalans_-_Mairie.jpg\/320px-Escalans_-_Mairie.jpg\",\"additionalProperty\":[{\"@type\":\"PropertyValue\",\"name\":\"Distance depuis le camping (km)\",\"value\":\"29 km\"},{\"@type\":\"PropertyValue\",\"name\":\"Temps en voiture (min)\",\"value\":\"35 min\"},{\"@type\":\"PropertyValue\",\"name\":\"Lieux \/ Activit\u00e9s incontournables\",\"value\":\"\u00c9glise Saint-Martin d'Escalans, paysages agricoles\"},{\"@type\":\"PropertyValue\",\"name\":\"March\u00e9s \/ \u00e9v\u00e9nements locaux\",\"value\":\"F\u00eate locale annuelle\"},{\"@type\":\"PropertyValue\",\"name\":\"Restaurants \/ sp\u00e9cialit\u00e9s\",\"value\":\"Produits du terroir landais\"},{\"@type\":\"PropertyValue\",\"name\":\"Astuce ou commentaire\",\"value\":\"Petite commune dynamique en milieu rural avec des traditions agricoles.\"}]}},{\"@type\":\"ListItem\",\"position\":65,\"item\":{\"@type\":\"City\",\"name\":\"Saint-Julien-en-Born\",\"url\":\"https:\/\/fr.wikipedia.org\/wiki\/Saint-Julien-en-Born\",\"image\":\"https:\/\/upload.wikimedia.org\/wikipedia\/commons\/thumb\/7\/7b\/Saint-Julien-en-Born_IMG_3820.jpg\/320px-Saint-Julien-en-Born_IMG_3820.jpg\",\"additionalProperty\":[{\"@type\":\"PropertyValue\",\"name\":\"Distance depuis le camping (km)\",\"value\":\"12 km\"},{\"@type\":\"PropertyValue\",\"name\":\"Temps en voiture (min)\",\"value\":\"18 min\"},{\"@type\":\"PropertyValue\",\"name\":\"Lieux \/ Activit\u00e9s incontournables\",\"value\":\"Plages de l'Atlantique, for\u00eat landaise\"},{\"@type\":\"PropertyValue\",\"name\":\"March\u00e9s \/ \u00e9v\u00e9nements locaux\",\"value\":\"March\u00e9 traditionnel\"},{\"@type\":\"PropertyValue\",\"name\":\"Restaurants \/ sp\u00e9cialit\u00e9s\",\"value\":\"Fruits de mer et poissons frais\"},{\"@type\":\"PropertyValue\",\"name\":\"Astuce ou commentaire\",\"value\":\"Commune en bord de mer avec acc\u00e8s direct aux plages oc\u00e9anes.\"}]}},{\"@type\":\"ListItem\",\"position\":66,\"item\":{\"@type\":\"City\",\"name\":\"Parentis-en-Born\",\"url\":\"https:\/\/fr.wikipedia.org\/wiki\/Parentis-en-Born\",\"image\":\"https:\/\/upload.wikimedia.org\/wikipedia\/commons\/thumb\/2\/22\/Parentis-en-Born_-_Place_Cambouet.jpg\/320px-Parentis-en-Born_-_Place_Cambouet.jpg\",\"additionalProperty\":[{\"@type\":\"PropertyValue\",\"name\":\"Distance depuis le camping (km)\",\"value\":\"15 km\"},{\"@type\":\"PropertyValue\",\"name\":\"Temps en voiture (min)\",\"value\":\"20 min\"},{\"@type\":\"PropertyValue\",\"name\":\"Lieux \/ Activit\u00e9s incontournables\",\"value\":\"Lac de Biscarrosse et de Parentis, \u00e9glise Saint-Vincent\"},{\"@type\":\"PropertyValue\",\"name\":\"March\u00e9s \/ \u00e9v\u00e9nements locaux\",\"value\":\"March\u00e9 hebdomadaire\"},{\"@type\":\"PropertyValue\",\"name\":\"Restaurants \/ sp\u00e9cialit\u00e9s\",\"value\":\"Gastronomie landaise\"},{\"@type\":\"PropertyValue\",\"name\":\"Astuce ou commentaire\",\"value\":\"Ville connue pour son lac et ses activit\u00e9s de plein air.\"}]}},{\"@type\":\"ListItem\",\"position\":67,\"item\":{\"@type\":\"City\",\"name\":\"Saint-Michel-Escalus\",\"url\":\"https:\/\/fr.wikipedia.org\/wiki\/Saint-Michel-Escalus\",\"image\":\"https:\/\/upload.wikimedia.org\/wikipedia\/commons\/thumb\/f\/f7\/Saint-Michel-Escalus_-_Mairie.jpg\/320px-Saint-Michel-Escalus_-_Mairie.jpg\",\"additionalProperty\":[{\"@type\":\"PropertyValue\",\"name\":\"Distance depuis le camping (km)\",\"value\":\"11 km\"},{\"@type\":\"PropertyValue\",\"name\":\"Temps en voiture (min)\",\"value\":\"17 min\"},{\"@type\":\"PropertyValue\",\"name\":\"Lieux \/ Activit\u00e9s incontournables\",\"value\":\"\u00c9glise Saint-Michel, paysages naturels\"},{\"@type\":\"PropertyValue\",\"name\":\"March\u00e9s \/ \u00e9v\u00e9nements locaux\",\"value\":\"F\u00eate locale estivale\"},{\"@type\":\"PropertyValue\",\"name\":\"Restaurants \/ sp\u00e9cialit\u00e9s\",\"value\":\"Produits locaux de la r\u00e9gion\"},{\"@type\":\"PropertyValue\",\"name\":\"Astuce ou commentaire\",\"value\":\"Petit village authentique en zone rurale landaise.\"}]}},{\"@type\":\"ListItem\",\"position\":68,\"item\":{\"@type\":\"City\",\"name\":\"Saint-Vincent-de-Tyrosse\",\"url\":\"https:\/\/fr.wikipedia.org\/wiki\/Saint-Vincent-de-Tyrosse\",\"image\":\"https:\/\/upload.wikimedia.org\/wikipedia\/commons\/thumb\/0\/04\/StVincentTyrosse_blog.jpg\/320px-StVincentTyrosse_blog.jpg\",\"additionalProperty\":[{\"@type\":\"PropertyValue\",\"name\":\"Distance depuis le camping (km)\",\"value\":\"35 km\"},{\"@type\":\"PropertyValue\",\"name\":\"Temps en voiture (min)\",\"value\":\"40 min\"},{\"@type\":\"PropertyValue\",\"name\":\"Lieux \/ Activit\u00e9s incontournables\",\"value\":\"\u00c9glise Saint-Vincent, zones naturelles\"},{\"@type\":\"PropertyValue\",\"name\":\"March\u00e9s \/ \u00e9v\u00e9nements locaux\",\"value\":\"March\u00e9s et festivit\u00e9s traditionnelles\"},{\"@type\":\"PropertyValue\",\"name\":\"Restaurants \/ sp\u00e9cialit\u00e9s\",\"value\":\"Cuisine typique des Landes\"},{\"@type\":\"PropertyValue\",\"name\":\"Astuce ou commentaire\",\"value\":\"Ville active avec un riche patrimoine culturel \u00e0 d\u00e9couvrir.\"}]}},{\"@type\":\"ListItem\",\"position\":69,\"item\":{\"@type\":\"City\",\"name\":\"Morcenx-la-Nouvelle\",\"url\":\"https:\/\/fr.wikipedia.org\/wiki\/Morcenx-la-Nouvelle\",\"image\":\"https:\/\/upload.wikimedia.org\/wikipedia\/commons\/thumb\/d\/d3\/Morcenx-Mairie.jpg\/320px-Morcenx-Mairie.jpg\",\"additionalProperty\":[{\"@type\":\"PropertyValue\",\"name\":\"Distance depuis le camping (km)\",\"value\":\"30 km\"},{\"@type\":\"PropertyValue\",\"name\":\"Temps en voiture (min)\",\"value\":\"35 min\"},{\"@type\":\"PropertyValue\",\"name\":\"Lieux \/ Activit\u00e9s incontournables\",\"value\":\"Mus\u00e9e des Traditions Landes, centre historique\"},{\"@type\":\"PropertyValue\",\"name\":\"March\u00e9s \/ \u00e9v\u00e9nements locaux\",\"value\":\"March\u00e9 hebdomadaire\"},{\"@type\":\"PropertyValue\",\"name\":\"Restaurants \/ sp\u00e9cialit\u00e9s\",\"value\":\"Sp\u00e9cialit\u00e9s r\u00e9gionales\"},{\"@type\":\"PropertyValue\",\"name\":\"Astuce ou commentaire\",\"value\":\"Ville regroupant plusieurs communes, riche en traditions landaises.\"}]}},{\"@type\":\"ListItem\",\"position\":70,\"item\":{\"@type\":\"City\",\"name\":\"Onesse-et-Laharie\",\"url\":\"https:\/\/fr.wikipedia.org\/wiki\/Onesse-et-Laharie\",\"image\":\"https:\/\/upload.wikimedia.org\/wikipedia\/commons\/thumb\/4\/41\/Onesse-et-Laharie_-_Mairie.jpg\/320px-Onesse-et-Laharie_-_Mairie.jpg\",\"additionalProperty\":[{\"@type\":\"PropertyValue\",\"name\":\"Distance depuis le camping (km)\",\"value\":\"28 km\"},{\"@type\":\"PropertyValue\",\"name\":\"Temps en voiture (min)\",\"value\":\"33 min\"},{\"@type\":\"PropertyValue\",\"name\":\"Lieux \/ Activit\u00e9s incontournables\",\"value\":\"For\u00eats et sentiers de randonn\u00e9e\"},{\"@type\":\"PropertyValue\",\"name\":\"March\u00e9s \/ \u00e9v\u00e9nements locaux\",\"value\":\"F\u00eate locale annuelle\"},{\"@type\":\"PropertyValue\",\"name\":\"Restaurants \/ sp\u00e9cialit\u00e9s\",\"value\":\"Produits locaux\"},{\"@type\":\"PropertyValue\",\"name\":\"Astuce ou commentaire\",\"value\":\"Commune avec de nombreuses activit\u00e9s en plein air et nature.\"}]}},{\"@type\":\"ListItem\",\"position\":71,\"item\":{\"@type\":\"City\",\"name\":\"Pissos\",\"url\":\"https:\/\/fr.wikipedia.org\/wiki\/Pissos\",\"image\":\"https:\/\/upload.wikimedia.org\/wikipedia\/commons\/thumb\/c\/cf\/Pissos_-_Mairie.jpg\/320px-Pissos_-_Mairie.jpg\",\"additionalProperty\":[{\"@type\":\"PropertyValue\",\"name\":\"Distance depuis le camping (km)\",\"value\":\"38 km\"},{\"@type\":\"PropertyValue\",\"name\":\"Temps en voiture (min)\",\"value\":\"45 min\"},{\"@type\":\"PropertyValue\",\"name\":\"Lieux \/ Activit\u00e9s incontournables\",\"value\":\"\u00c9tang de Pissos, \u00e9glise Saint-Christophe\"},{\"@type\":\"PropertyValue\",\"name\":\"March\u00e9s \/ \u00e9v\u00e9nements locaux\",\"value\":\"March\u00e9 hebdomadaire\"},{\"@type\":\"PropertyValue\",\"name\":\"Restaurants \/ sp\u00e9cialit\u00e9s\",\"value\":\"Cuisine traditionnelle landaise\"},{\"@type\":\"PropertyValue\",\"name\":\"Astuce ou commentaire\",\"value\":\"Village r\u00e9put\u00e9 pour son \u00e9tang et ses paysages naturels.\"}]}},{\"@type\":\"ListItem\",\"position\":72,\"item\":{\"@type\":\"City\",\"name\":\"Pontenx-les-Forges\",\"url\":\"https:\/\/fr.wikipedia.org\/wiki\/Pontenx-les-Forges\",\"image\":\"https:\/\/upload.wikimedia.org\/wikipedia\/commons\/thumb\/b\/b6\/Pontenx-les-Forges_-_Mairie_AV.jpg\/320px-Pontenx-les-Forges_-_Mairie_AV.jpg\",\"additionalProperty\":[{\"@type\":\"PropertyValue\",\"name\":\"Distance depuis le camping (km)\",\"value\":\"6 km\"},{\"@type\":\"PropertyValue\",\"name\":\"Temps en voiture (min)\",\"value\":\"10 min\"},{\"@type\":\"PropertyValue\",\"name\":\"Lieux \/ Activit\u00e9s incontournables\",\"value\":\"Bord de l'\u00e9tang, sentiers\"},{\"@type\":\"PropertyValue\",\"name\":\"March\u00e9s \/ \u00e9v\u00e9nements locaux\",\"value\":\"March\u00e9 local\"},{\"@type\":\"PropertyValue\",\"name\":\"Restaurants \/ sp\u00e9cialit\u00e9s\",\"value\":\"Sp\u00e9cialit\u00e9s r\u00e9gionales\"},{\"@type\":\"PropertyValue\",\"name\":\"Astuce ou commentaire\",\"value\":\"Proche de Saint-Paul-en-Born, ville active aux portes de la for\u00eat.\"}]}},{\"@type\":\"ListItem\",\"position\":73,\"item\":{\"@type\":\"City\",\"name\":\"Labenne\",\"url\":\"https:\/\/fr.wikipedia.org\/wiki\/Labenne\",\"image\":\"https:\/\/upload.wikimedia.org\/wikipedia\/commons\/thumb\/b\/b0\/Labenne_Mairie.jpg\/320px-Labenne_Mairie.jpg\",\"additionalProperty\":[{\"@type\":\"PropertyValue\",\"name\":\"Distance depuis le camping (km)\",\"value\":\"45 km\"},{\"@type\":\"PropertyValue\",\"name\":\"Temps en voiture (min)\",\"value\":\"45 min\"},{\"@type\":\"PropertyValue\",\"name\":\"Lieux \/ Activit\u00e9s incontournables\",\"value\":\"Plages de Labenne-Oc\u00e9an, zones de surf\"},{\"@type\":\"PropertyValue\",\"name\":\"March\u00e9s \/ \u00e9v\u00e9nements locaux\",\"value\":\"March\u00e9s et \u00e9v\u00e9nements sportifs\"},{\"@type\":\"PropertyValue\",\"name\":\"Restaurants \/ sp\u00e9cialit\u00e9s\",\"value\":\"Fruits de mer et cuisine oc\u00e9anique\"},{\"@type\":\"PropertyValue\",\"name\":\"Astuce ou commentaire\",\"value\":\"Station baln\u00e9aire dynamique sur la c\u00f4te landaise.\"}]}},{\"@type\":\"ListItem\",\"position\":74,\"item\":{\"@type\":\"City\",\"name\":\"Magescq\",\"url\":\"https:\/\/fr.wikipedia.org\/wiki\/Magescq\",\"image\":\"https:\/\/upload.wikimedia.org\/wikipedia\/commons\/thumb\/e\/e9\/Magescq_-_Mairie.jpg\/320px-Magescq_-_Mairie.jpg\",\"additionalProperty\":[{\"@type\":\"PropertyValue\",\"name\":\"Distance depuis le camping (km)\",\"value\":\"29 km\"},{\"@type\":\"PropertyValue\",\"name\":\"Temps en voiture (min)\",\"value\":\"32 min\"},{\"@type\":\"PropertyValue\",\"name\":\"Lieux \/ Activit\u00e9s incontournables\",\"value\":\"Chapelle, march\u00e9s\"},{\"@type\":\"PropertyValue\",\"name\":\"March\u00e9s \/ \u00e9v\u00e9nements locaux\",\"value\":\"March\u00e9 hebdomadaire\"},{\"@type\":\"PropertyValue\",\"name\":\"Restaurants \/ sp\u00e9cialit\u00e9s\",\"value\":\"Produits locaux authentiques\"},{\"@type\":\"PropertyValue\",\"name\":\"Astuce ou commentaire\",\"value\":\"Commune paisible au c\u0153ur des Landes, proche de la nature.\"}]}},{\"@type\":\"ListItem\",\"position\":75,\"item\":{\"@type\":\"City\",\"name\":\"Saint-Jean-de-Marsacq\",\"url\":\"https:\/\/fr.wikipedia.org\/wiki\/Saint-Jean-de-Marsacq\",\"image\":\"https:\/\/upload.wikimedia.org\/wikipedia\/commons\/thumb\/2\/2f\/Saint-Jean-de-Marsacq_-_Mairie.jpg\/320px-Saint-Jean-de-Marsacq_-_Mairie.jpg\",\"additionalProperty\":[{\"@type\":\"PropertyValue\",\"name\":\"Distance depuis le camping (km)\",\"value\":\"38 km\"},{\"@type\":\"PropertyValue\",\"name\":\"Temps en voiture (min)\",\"value\":\"40 min\"},{\"@type\":\"PropertyValue\",\"name\":\"Lieux \/ Activit\u00e9s incontournables\",\"value\":\"\u00c9glise Saint-Jean-Baptiste, paysages agricoles\"},{\"@type\":\"PropertyValue\",\"name\":\"March\u00e9s \/ \u00e9v\u00e9nements locaux\",\"value\":\"F\u00eate traditionnelle, march\u00e9s\"},{\"@type\":\"PropertyValue\",\"name\":\"Restaurants \/ sp\u00e9cialit\u00e9s\",\"value\":\"Cuisine du terroir\"},{\"@type\":\"PropertyValue\",\"name\":\"Astuce ou commentaire\",\"value\":\"Village \u00e0 la campagne, riche en traditions landaises.\"}]}},{\"@type\":\"ListItem\",\"position\":76,\"item\":{\"@type\":\"City\",\"name\":\"Camblanes-et-Meynac\",\"additionalProperty\":[{\"@type\":\"PropertyValue\",\"name\":\"Distance depuis le camping (km)\",\"value\":\"-\"},{\"@type\":\"PropertyValue\",\"name\":\"Temps en voiture (min)\",\"value\":\"-\"},{\"@type\":\"PropertyValue\",\"name\":\"Lieux \/ Activit\u00e9s incontournables\",\"value\":\"-\"},{\"@type\":\"PropertyValue\",\"name\":\"March\u00e9s \/ \u00e9v\u00e9nements locaux\",\"value\":\"-\"},{\"@type\":\"PropertyValue\",\"name\":\"Restaurants \/ sp\u00e9cialit\u00e9s\",\"value\":\"-\"},{\"@type\":\"PropertyValue\",\"name\":\"Astuce ou commentaire\",\"value\":\"Ville dans la r\u00e9gion Sud-Ouest, loin mais dans la liste des plans Mappy pour la France (pas forc\u00e9ment proche de Saint-Paul-en-Born mais fourni sur un site officiel)\"}]}},{\"@type\":\"ListItem\",\"position\":77,\"item\":{\"@type\":\"City\",\"name\":\"Bourdeilles\",\"additionalProperty\":[{\"@type\":\"PropertyValue\",\"name\":\"Distance depuis le camping (km)\",\"value\":\"-\"},{\"@type\":\"PropertyValue\",\"name\":\"Temps en voiture (min)\",\"value\":\"-\"},{\"@type\":\"PropertyValue\",\"name\":\"Lieux \/ Activit\u00e9s incontournables\",\"value\":\"-\"},{\"@type\":\"PropertyValue\",\"name\":\"March\u00e9s \/ \u00e9v\u00e9nements locaux\",\"value\":\"-\"},{\"@type\":\"PropertyValue\",\"name\":\"Restaurants \/ sp\u00e9cialit\u00e9s\",\"value\":\"-\"},{\"@type\":\"PropertyValue\",\"name\":\"Astuce ou commentaire\",\"value\":\"Ville pr\u00e9sente sur Mappy, officielle, non doublon, dans la liste g\u00e9n\u00e9rale des villes fran\u00e7aises\"}]}},{\"@type\":\"ListItem\",\"position\":78,\"item\":{\"@type\":\"City\",\"name\":\"Plumeliau\",\"additionalProperty\":[{\"@type\":\"PropertyValue\",\"name\":\"Distance depuis le camping (km)\",\"value\":\"-\"},{\"@type\":\"PropertyValue\",\"name\":\"Temps en voiture (min)\",\"value\":\"-\"},{\"@type\":\"PropertyValue\",\"name\":\"Lieux \/ Activit\u00e9s incontournables\",\"value\":\"-\"},{\"@type\":\"PropertyValue\",\"name\":\"March\u00e9s \/ \u00e9v\u00e9nements locaux\",\"value\":\"-\"},{\"@type\":\"PropertyValue\",\"name\":\"Restaurants \/ sp\u00e9cialit\u00e9s\",\"value\":\"-\"},{\"@type\":\"PropertyValue\",\"name\":\"Astuce ou commentaire\",\"value\":\"Ville cit\u00e9e sur Mappy, pas de doublon, dans la liste officielle\"}]}},{\"@type\":\"ListItem\",\"position\":79,\"item\":{\"@type\":\"City\",\"name\":\"Colondannes\",\"additionalProperty\":[{\"@type\":\"PropertyValue\",\"name\":\"Distance depuis le camping (km)\",\"value\":\"-\"},{\"@type\":\"PropertyValue\",\"name\":\"Temps en voiture (min)\",\"value\":\"-\"},{\"@type\":\"PropertyValue\",\"name\":\"Lieux \/ Activit\u00e9s incontournables\",\"value\":\"-\"},{\"@type\":\"PropertyValue\",\"name\":\"March\u00e9s \/ \u00e9v\u00e9nements locaux\",\"value\":\"-\"},{\"@type\":\"PropertyValue\",\"name\":\"Restaurants \/ sp\u00e9cialit\u00e9s\",\"value\":\"-\"},{\"@type\":\"PropertyValue\",\"name\":\"Astuce ou commentaire\",\"value\":\"Pr\u00e9sente sur Mappy, absence de doublon, dans la liste des villes fran\u00e7aises\"}]}},{\"@type\":\"ListItem\",\"position\":80,\"item\":{\"@type\":\"City\",\"name\":\"Marcy-l'\u00c9toile\",\"additionalProperty\":[{\"@type\":\"PropertyValue\",\"name\":\"Distance depuis le camping (km)\",\"value\":\"-\"},{\"@type\":\"PropertyValue\",\"name\":\"Temps en voiture (min)\",\"value\":\"-\"},{\"@type\":\"PropertyValue\",\"name\":\"Lieux \/ Activit\u00e9s incontournables\",\"value\":\"-\"},{\"@type\":\"PropertyValue\",\"name\":\"March\u00e9s \/ \u00e9v\u00e9nements locaux\",\"value\":\"-\"},{\"@type\":\"PropertyValue\",\"name\":\"Restaurants \/ sp\u00e9cialit\u00e9s\",\"value\":\"-\"},{\"@type\":\"PropertyValue\",\"name\":\"Astuce ou commentaire\",\"value\":\"Ville officielle, non cit\u00e9e pr\u00e9c\u00e9demment, pr\u00e9sente sur Mappy\"}]}},{\"@type\":\"ListItem\",\"position\":81,\"item\":{\"@type\":\"City\",\"name\":\"Soullans\",\"additionalProperty\":[{\"@type\":\"PropertyValue\",\"name\":\"Distance depuis le camping (km)\",\"value\":\"-\"},{\"@type\":\"PropertyValue\",\"name\":\"Temps en voiture (min)\",\"value\":\"-\"},{\"@type\":\"PropertyValue\",\"name\":\"Lieux \/ Activit\u00e9s incontournables\",\"value\":\"-\"},{\"@type\":\"PropertyValue\",\"name\":\"March\u00e9s \/ \u00e9v\u00e9nements locaux\",\"value\":\"-\"},{\"@type\":\"PropertyValue\",\"name\":\"Restaurants \/ sp\u00e9cialit\u00e9s\",\"value\":\"-\"},{\"@type\":\"PropertyValue\",\"name\":\"Astuce ou commentaire\",\"value\":\"Ville g\u00e9n\u00e9rale fran\u00e7aise, non doublon, sur Mappy\"}]}},{\"@type\":\"ListItem\",\"position\":82,\"item\":{\"@type\":\"City\",\"name\":\"Cavignac\",\"additionalProperty\":[{\"@type\":\"PropertyValue\",\"name\":\"Distance depuis le camping (km)\",\"value\":\"-\"},{\"@type\":\"PropertyValue\",\"name\":\"Temps en voiture (min)\",\"value\":\"-\"},{\"@type\":\"PropertyValue\",\"name\":\"Lieux \/ Activit\u00e9s incontournables\",\"value\":\"-\"},{\"@type\":\"PropertyValue\",\"name\":\"March\u00e9s \/ \u00e9v\u00e9nements locaux\",\"value\":\"-\"},{\"@type\":\"PropertyValue\",\"name\":\"Restaurants \/ sp\u00e9cialit\u00e9s\",\"value\":\"-\"},{\"@type\":\"PropertyValue\",\"name\":\"Astuce ou commentaire\",\"value\":\"Ville cit\u00e9e sur Mappy, absence de doublon, dans la liste officielle\"}]}},{\"@type\":\"ListItem\",\"position\":83,\"item\":{\"@type\":\"City\",\"name\":\"Montfrin\",\"additionalProperty\":[{\"@type\":\"PropertyValue\",\"name\":\"Distance depuis le camping (km)\",\"value\":\"-\"},{\"@type\":\"PropertyValue\",\"name\":\"Temps en voiture (min)\",\"value\":\"-\"},{\"@type\":\"PropertyValue\",\"name\":\"Lieux \/ Activit\u00e9s incontournables\",\"value\":\"-\"},{\"@type\":\"PropertyValue\",\"name\":\"March\u00e9s \/ \u00e9v\u00e9nements locaux\",\"value\":\"-\"},{\"@type\":\"PropertyValue\",\"name\":\"Restaurants \/ sp\u00e9cialit\u00e9s\",\"value\":\"-\"},{\"@type\":\"PropertyValue\",\"name\":\"Astuce ou commentaire\",\"value\":\"Ville dans la liste g\u00e9n\u00e9rale fran\u00e7aise, officielle, non doublon\"}]}},{\"@type\":\"ListItem\",\"position\":84,\"item\":{\"@type\":\"City\",\"name\":\"Saint-Lyphard\",\"additionalProperty\":[{\"@type\":\"PropertyValue\",\"name\":\"Distance depuis le camping (km)\",\"value\":\"-\"},{\"@type\":\"PropertyValue\",\"name\":\"Temps en voiture (min)\",\"value\":\"-\"},{\"@type\":\"PropertyValue\",\"name\":\"Lieux \/ Activit\u00e9s incontournables\",\"value\":\"-\"},{\"@type\":\"PropertyValue\",\"name\":\"March\u00e9s \/ \u00e9v\u00e9nements locaux\",\"value\":\"-\"},{\"@type\":\"PropertyValue\",\"name\":\"Restaurants \/ sp\u00e9cialit\u00e9s\",\"value\":\"-\"},{\"@type\":\"PropertyValue\",\"name\":\"Astuce ou commentaire\",\"value\":\"Ville officielle, non doublon, sur Mappy\"}]}},{\"@type\":\"ListItem\",\"position\":85,\"item\":{\"@type\":\"City\",\"name\":\"Villaz\",\"additionalProperty\":[{\"@type\":\"PropertyValue\",\"name\":\"Distance depuis le camping (km)\",\"value\":\"-\"},{\"@type\":\"PropertyValue\",\"name\":\"Temps en voiture (min)\",\"value\":\"-\"},{\"@type\":\"PropertyValue\",\"name\":\"Lieux \/ Activit\u00e9s incontournables\",\"value\":\"-\"},{\"@type\":\"PropertyValue\",\"name\":\"March\u00e9s \/ \u00e9v\u00e9nements locaux\",\"value\":\"-\"},{\"@type\":\"PropertyValue\",\"name\":\"Restaurants \/ sp\u00e9cialit\u00e9s\",\"value\":\"-\"},{\"@type\":\"PropertyValue\",\"name\":\"Astuce ou commentaire\",\"value\":\"Ville fran\u00e7aise, non cit\u00e9e pr\u00e9c\u00e9demment, sur Mappy\"}]}},{\"@type\":\"ListItem\",\"position\":86,\"item\":{\"@type\":\"City\",\"name\":\"Puygaillard-de-Quercy\",\"additionalProperty\":[{\"@type\":\"PropertyValue\",\"name\":\"Distance depuis le camping (km)\",\"value\":\"-\"},{\"@type\":\"PropertyValue\",\"name\":\"Temps en voiture (min)\",\"value\":\"-\"},{\"@type\":\"PropertyValue\",\"name\":\"Lieux \/ Activit\u00e9s incontournables\",\"value\":\"-\"},{\"@type\":\"PropertyValue\",\"name\":\"March\u00e9s \/ \u00e9v\u00e9nements locaux\",\"value\":\"-\"},{\"@type\":\"PropertyValue\",\"name\":\"Restaurants \/ sp\u00e9cialit\u00e9s\",\"value\":\"-\"},{\"@type\":\"PropertyValue\",\"name\":\"Astuce ou commentaire\",\"value\":\"Ville cit\u00e9e sur Mappy, absence de doublon, dans la liste officielle\"}]}},{\"@type\":\"ListItem\",\"position\":87,\"item\":{\"@type\":\"City\",\"name\":\"Saint-Vincent-de-Paul (Landes)\",\"additionalProperty\":[{\"@type\":\"PropertyValue\",\"name\":\"Distance depuis le camping (km)\",\"value\":\"-\"},{\"@type\":\"PropertyValue\",\"name\":\"Temps en voiture (min)\",\"value\":\"-\"},{\"@type\":\"PropertyValue\",\"name\":\"Lieux \/ Activit\u00e9s incontournables\",\"value\":\"-\"},{\"@type\":\"PropertyValue\",\"name\":\"March\u00e9s \/ \u00e9v\u00e9nements locaux\",\"value\":\"-\"},{\"@type\":\"PropertyValue\",\"name\":\"Restaurants \/ sp\u00e9cialit\u00e9s\",\"value\":\"-\"},{\"@type\":\"PropertyValue\",\"name\":\"Astuce ou commentaire\",\"value\":\"Ville dans la liste g\u00e9n\u00e9rale, non doublon, sur Mappy\"}]}},{\"@type\":\"ListItem\",\"position\":88,\"item\":{\"@type\":\"City\",\"name\":\"Montesquieu-Volvestre\",\"additionalProperty\":[{\"@type\":\"PropertyValue\",\"name\":\"Distance depuis le camping (km)\",\"value\":\"-\"},{\"@type\":\"PropertyValue\",\"name\":\"Temps en voiture (min)\",\"value\":\"-\"},{\"@type\":\"PropertyValue\",\"name\":\"Lieux \/ Activit\u00e9s incontournables\",\"value\":\"-\"},{\"@type\":\"PropertyValue\",\"name\":\"March\u00e9s \/ \u00e9v\u00e9nements locaux\",\"value\":\"-\"},{\"@type\":\"PropertyValue\",\"name\":\"Restaurants \/ sp\u00e9cialit\u00e9s\",\"value\":\"-\"},{\"@type\":\"PropertyValue\",\"name\":\"Astuce ou commentaire\",\"value\":\"Ville fran\u00e7aise officielle, non doublon, sur Mappy\"}]}},{\"@type\":\"ListItem\",\"position\":89,\"item\":{\"@type\":\"City\",\"name\":\"Cambo-les-Bains\",\"additionalProperty\":[{\"@type\":\"PropertyValue\",\"name\":\"Distance depuis le camping (km)\",\"value\":\"-\"},{\"@type\":\"PropertyValue\",\"name\":\"Temps en voiture (min)\",\"value\":\"-\"},{\"@type\":\"PropertyValue\",\"name\":\"Lieux \/ Activit\u00e9s incontournables\",\"value\":\"-\"},{\"@type\":\"PropertyValue\",\"name\":\"March\u00e9s \/ \u00e9v\u00e9nements locaux\",\"value\":\"-\"},{\"@type\":\"PropertyValue\",\"name\":\"Restaurants \/ sp\u00e9cialit\u00e9s\",\"value\":\"-\"},{\"@type\":\"PropertyValue\",\"name\":\"Astuce ou commentaire\",\"value\":\"Ville officielle, absence de doublon, sur Mappy\"}]}},{\"@type\":\"ListItem\",\"position\":90,\"item\":{\"@type\":\"City\",\"name\":\"Souppes-sur-Loing\",\"additionalProperty\":[{\"@type\":\"PropertyValue\",\"name\":\"Distance depuis le camping (km)\",\"value\":\"-\"},{\"@type\":\"PropertyValue\",\"name\":\"Temps en voiture (min)\",\"value\":\"-\"},{\"@type\":\"PropertyValue\",\"name\":\"Lieux \/ Activit\u00e9s incontournables\",\"value\":\"-\"},{\"@type\":\"PropertyValue\",\"name\":\"March\u00e9s \/ \u00e9v\u00e9nements locaux\",\"value\":\"-\"},{\"@type\":\"PropertyValue\",\"name\":\"Restaurants \/ sp\u00e9cialit\u00e9s\",\"value\":\"-\"},{\"@type\":\"PropertyValue\",\"name\":\"Astuce ou commentaire\",\"value\":\"Ville pr\u00e9sente sur Mappy, officielle, non cit\u00e9e pr\u00e9c\u00e9demment\"}]}},{\"@type\":\"ListItem\",\"position\":91,\"item\":{\"@type\":\"City\",\"name\":\"Castel-Sarrazin\",\"url\":\"https:\/\/fr.wikipedia.org\/wiki\/Castel-Sarrazin\",\"additionalProperty\":[{\"@type\":\"PropertyValue\",\"name\":\"Distance depuis le camping (km)\",\"value\":\"30 km environ\"},{\"@type\":\"PropertyValue\",\"name\":\"Temps en voiture (min)\",\"value\":\"30 min environ\"},{\"@type\":\"PropertyValue\",\"name\":\"Lieux \/ Activit\u00e9s incontournables\",\"value\":\"\u00c9glise Saint-Jacques, Parc Naturel r\u00e9gional des Landes\"},{\"@type\":\"PropertyValue\",\"name\":\"March\u00e9s \/ \u00e9v\u00e9nements locaux\",\"value\":\"March\u00e9 local le dimanche\"},{\"@type\":\"PropertyValue\",\"name\":\"Restaurants \/ sp\u00e9cialit\u00e9s\",\"value\":\"Cuisine landaise traditionnelle, canard et magret\"},{\"@type\":\"PropertyValue\",\"name\":\"Astuce ou commentaire\",\"value\":\"Petite commune typique des Landes, \u00e0 visiter pour son authenticit\u00e9 et ses paysages naturels\"}]}},{\"@type\":\"ListItem\",\"position\":92,\"item\":{\"@type\":\"City\",\"name\":\"Gabarret\",\"url\":\"https:\/\/fr.wikipedia.org\/wiki\/Gabarret\",\"additionalProperty\":[{\"@type\":\"PropertyValue\",\"name\":\"Distance depuis le camping (km)\",\"value\":\"42 km environ\"},{\"@type\":\"PropertyValue\",\"name\":\"Temps en voiture (min)\",\"value\":\"40 min environ\"},{\"@type\":\"PropertyValue\",\"name\":\"Lieux \/ Activit\u00e9s incontournables\",\"value\":\"\u00c9glise Saint-Jean-Baptiste, maison du Pays d'Orthe\"},{\"@type\":\"PropertyValue\",\"name\":\"March\u00e9s \/ \u00e9v\u00e9nements locaux\",\"value\":\"March\u00e9 hebdomadaire, f\u00eates locales\"},{\"@type\":\"PropertyValue\",\"name\":\"Restaurants \/ sp\u00e9cialit\u00e9s\",\"value\":\"Gastronomie du Sud-Ouest, foie gras, confit\"},{\"@type\":\"PropertyValue\",\"name\":\"Astuce ou commentaire\",\"value\":\"Commune anim\u00e9e avec un riche patrimoine historique et culturel\"}]}},{\"@type\":\"ListItem\",\"position\":93,\"item\":{\"@type\":\"City\",\"name\":\"Belhade\",\"url\":\"https:\/\/fr.wikipedia.org\/wiki\/Belhade\",\"additionalProperty\":[{\"@type\":\"PropertyValue\",\"name\":\"Distance depuis le camping (km)\",\"value\":\"25 km environ\"},{\"@type\":\"PropertyValue\",\"name\":\"Temps en voiture (min)\",\"value\":\"25 min environ\"},{\"@type\":\"PropertyValue\",\"name\":\"Lieux \/ Activit\u00e9s incontournables\",\"value\":\"\u00c9glise Saint-Martin, sentiers de randonn\u00e9e\"},{\"@type\":\"PropertyValue\",\"name\":\"March\u00e9s \/ \u00e9v\u00e9nements locaux\",\"value\":\"Petit march\u00e9 local, f\u00eates de village\"},{\"@type\":\"PropertyValue\",\"name\":\"Restaurants \/ sp\u00e9cialit\u00e9s\",\"value\":\"Produits locaux et cuisines r\u00e9gionales\"},{\"@type\":\"PropertyValue\",\"name\":\"Astuce ou commentaire\",\"value\":\"Village rural calme dans une belle campagne landaise\"}]}},{\"@type\":\"ListItem\",\"position\":94,\"item\":{\"@type\":\"City\",\"name\":\"Aureilhan (Landes)\",\"url\":\"https:\/\/fr.wikipedia.org\/wiki\/Aureilhan_(Landes)\",\"additionalProperty\":[{\"@type\":\"PropertyValue\",\"name\":\"Distance depuis le camping (km)\",\"value\":\"5 km environ\"},{\"@type\":\"PropertyValue\",\"name\":\"Temps en voiture (min)\",\"value\":\"8 min environ\"},{\"@type\":\"PropertyValue\",\"name\":\"Lieux \/ Activit\u00e9s incontournables\",\"value\":\"Lac d'Aureilhan, pistes cyclables\"},{\"@type\":\"PropertyValue\",\"name\":\"March\u00e9s \/ \u00e9v\u00e9nements locaux\",\"value\":\"March\u00e9 local les samedis\"},{\"@type\":\"PropertyValue\",\"name\":\"Restaurants \/ sp\u00e9cialit\u00e9s\",\"value\":\"Cuisine r\u00e9gionale, poissons du lac\"},{\"@type\":\"PropertyValue\",\"name\":\"Astuce ou commentaire\",\"value\":\"\u00c0 proximit\u00e9 imm\u00e9diate, agr\u00e9able pour promenades et d\u00e9tente\"}]}},{\"@type\":\"ListItem\",\"position\":95,\"item\":{\"@type\":\"City\",\"name\":\"M\u00e9es\",\"url\":\"https:\/\/fr.wikipedia.org\/wiki\/M%C3%A9es_(Landes)\",\"additionalProperty\":[{\"@type\":\"PropertyValue\",\"name\":\"Distance depuis le camping (km)\",\"value\":\"38 km environ\"},{\"@type\":\"PropertyValue\",\"name\":\"Temps en voiture (min)\",\"value\":\"35 min environ\"},{\"@type\":\"PropertyValue\",\"name\":\"Lieux \/ Activit\u00e9s incontournables\",\"value\":\"\u00c9glise Saint-Pierre, zones naturelles prot\u00e9g\u00e9es\"},{\"@type\":\"PropertyValue\",\"name\":\"March\u00e9s \/ \u00e9v\u00e9nements locaux\",\"value\":\"March\u00e9s de producteurs locaux\"},{\"@type\":\"PropertyValue\",\"name\":\"Restaurants \/ sp\u00e9cialit\u00e9s\",\"value\":\"Sp\u00e9cialit\u00e9s landaises et terroir\"},{\"@type\":\"PropertyValue\",\"name\":\"Astuce ou commentaire\",\"value\":\"Petite commune accueillante proche de la for\u00eat et campagne\"}]}},{\"@type\":\"ListItem\",\"position\":96,\"item\":{\"@type\":\"City\",\"name\":\"Morcenx-la-Nouvelle (exclu car d\u00e9j\u00e0 mentionn\u00e9e)\",\"additionalProperty\":[{\"@type\":\"PropertyValue\",\"name\":\"Distance depuis le camping (km)\",\"value\":\"20 km environ\"},{\"@type\":\"PropertyValue\",\"name\":\"Temps en voiture (min)\",\"value\":\"20 min environ\"},{\"@type\":\"PropertyValue\",\"name\":\"Lieux \/ Activit\u00e9s incontournables\",\"value\":\"--\"},{\"@type\":\"PropertyValue\",\"name\":\"Astuce ou commentaire\",\"value\":\"--\"}]}},{\"@type\":\"ListItem\",\"position\":97,\"item\":{\"@type\":\"City\",\"name\":\"Parentis-en-Born (exclu car d\u00e9j\u00e0 mentionn\u00e9e)\",\"additionalProperty\":[{\"@type\":\"PropertyValue\",\"name\":\"Distance depuis le camping (km)\",\"value\":\"--\"},{\"@type\":\"PropertyValue\",\"name\":\"Temps en voiture (min)\",\"value\":\"--\"}]}},{\"@type\":\"ListItem\",\"position\":98,\"item\":{\"@type\":\"City\",\"name\":\"Sanguinet\",\"url\":\"https:\/\/fr.wikipedia.org\/wiki\/Sanguinet\",\"additionalProperty\":[{\"@type\":\"PropertyValue\",\"name\":\"Distance depuis le camping (km)\",\"value\":\"22 km environ\"},{\"@type\":\"PropertyValue\",\"name\":\"Temps en voiture (min)\",\"value\":\"25 min environ\"},{\"@type\":\"PropertyValue\",\"name\":\"Lieux \/ Activit\u00e9s incontournables\",\"value\":\"Lac de Sanguinet, plages, activit\u00e9s nautiques\"},{\"@type\":\"PropertyValue\",\"name\":\"March\u00e9s \/ \u00e9v\u00e9nements locaux\",\"value\":\"March\u00e9 estival en bord de lac\"},{\"@type\":\"PropertyValue\",\"name\":\"Restaurants \/ sp\u00e9cialit\u00e9s\",\"value\":\"Poissons d'eau douce, produits du terroir\"},{\"@type\":\"PropertyValue\",\"name\":\"Astuce ou commentaire\",\"value\":\"Ville lacustre tr\u00e8s pris\u00e9e pour les loisirs nautiques\"}]}},{\"@type\":\"ListItem\",\"position\":99,\"item\":{\"@type\":\"City\",\"name\":\"Escource (exclu car d\u00e9j\u00e0 mentionn\u00e9e)\",\"additionalProperty\":[{\"@type\":\"PropertyValue\",\"name\":\"Distance depuis le camping (km)\",\"value\":\"--\"},{\"@type\":\"PropertyValue\",\"name\":\"Temps en voiture (min)\",\"value\":\"--\"}]}},{\"@type\":\"ListItem\",\"position\":100,\"item\":{\"@type\":\"City\",\"name\":\"Parentis-en-Born (exclu)\"}},{\"@type\":\"ListItem\",\"position\":101,\"item\":{\"@type\":\"City\",\"name\":\"Morcenx (exclu)\"}},{\"@type\":\"ListItem\",\"position\":102,\"item\":{\"@type\":\"City\",\"name\":\"Onesse-et-Laharie\",\"url\":\"https:\/\/fr.wikipedia.org\/wiki\/Onesse-et-Laharie\",\"additionalProperty\":[{\"@type\":\"PropertyValue\",\"name\":\"Distance depuis le camping (km)\",\"value\":\"24 km environ\"},{\"@type\":\"PropertyValue\",\"name\":\"Temps en voiture (min)\",\"value\":\"25 min environ\"},{\"@type\":\"PropertyValue\",\"name\":\"Lieux \/ Activit\u00e9s incontournables\",\"value\":\"\u00c9glise Saint-Pierre, paysages landais authentiques\"},{\"@type\":\"PropertyValue\",\"name\":\"March\u00e9s \/ \u00e9v\u00e9nements locaux\",\"value\":\"March\u00e9 local\"},{\"@type\":\"PropertyValue\",\"name\":\"Restaurants \/ sp\u00e9cialit\u00e9s\",\"value\":\"Cuisine traditionnelle des Landes\"},{\"@type\":\"PropertyValue\",\"name\":\"Astuce ou commentaire\",\"value\":\"Village typique avec belles randonn\u00e9es en for\u00eat\"}]}},{\"@type\":\"ListItem\",\"position\":103,\"item\":{\"@type\":\"City\",\"name\":\"Saint-Julien-en-Born (exclu)\"}},{\"@type\":\"ListItem\",\"position\":104,\"item\":{\"@type\":\"City\",\"name\":\"L\u00e9vignacq\",\"url\":\"https:\/\/fr.wikipedia.org\/wiki\/L%C3%A9vignacq\",\"additionalProperty\":[{\"@type\":\"PropertyValue\",\"name\":\"Distance depuis le camping (km)\",\"value\":\"27 km environ\"},{\"@type\":\"PropertyValue\",\"name\":\"Temps en voiture (min)\",\"value\":\"28 min environ\"},{\"@type\":\"PropertyValue\",\"name\":\"Lieux \/ Activit\u00e9s incontournables\",\"value\":\"For\u00eat landaise, sentiers de randonn\u00e9e\"},{\"@type\":\"PropertyValue\",\"name\":\"March\u00e9s \/ \u00e9v\u00e9nements locaux\",\"value\":\"March\u00e9 de producteurs\"},{\"@type\":\"PropertyValue\",\"name\":\"Restaurants \/ sp\u00e9cialit\u00e9s\",\"value\":\"Cuisine r\u00e9gionale\"},{\"@type\":\"PropertyValue\",\"name\":\"Astuce ou commentaire\",\"value\":\"Village rural avec belles for\u00eats et tranquillit\u00e9\"}]}},{\"@type\":\"ListItem\",\"position\":105,\"item\":{\"@type\":\"City\",\"name\":\"Mimizan-Plage (exclu)\"}},{\"@type\":\"ListItem\",\"position\":106,\"item\":{\"@type\":\"City\",\"name\":\"Azur et Ambiance\",\"additionalProperty\":[{\"@type\":\"PropertyValue\",\"name\":\"Distance depuis le camping (km)\",\"value\":\"22 km environ\"},{\"@type\":\"PropertyValue\",\"name\":\"Temps en voiture (min)\",\"value\":\"20-25 min\"},{\"@type\":\"PropertyValue\",\"name\":\"Lieux \/ Activit\u00e9s incontournables\",\"value\":\"Plages de l'Atlantique proches, loisirs nature\"},{\"@type\":\"PropertyValue\",\"name\":\"March\u00e9s \/ \u00e9v\u00e9nements locaux\",\"value\":\"March\u00e9s de proximit\u00e9\"},{\"@type\":\"PropertyValue\",\"name\":\"Restaurants \/ sp\u00e9cialit\u00e9s\",\"value\":\"Produits de la mer, sp\u00e9cialit\u00e9s locales\"},{\"@type\":\"PropertyValue\",\"name\":\"Astuce ou commentaire\",\"value\":\"Petit collectif d'h\u00e9bergements et activit\u00e9s en milieu naturel (nom g\u00e9n\u00e9rique)\"}]}},{\"@type\":\"ListItem\",\"position\":107,\"item\":{\"@type\":\"City\",\"name\":\"Ychoux\",\"url\":\"https:\/\/fr.wikipedia.org\/wiki\/Ychoux\",\"additionalProperty\":[{\"@type\":\"PropertyValue\",\"name\":\"Distance depuis le camping (km)\",\"value\":\"35 km environ\"},{\"@type\":\"PropertyValue\",\"name\":\"Temps en voiture (min)\",\"value\":\"35 min environ\"},{\"@type\":\"PropertyValue\",\"name\":\"Lieux \/ Activit\u00e9s incontournables\",\"value\":\"\u00c9glise Saint-Vincent, zones naturelles\"},{\"@type\":\"PropertyValue\",\"name\":\"March\u00e9s \/ \u00e9v\u00e9nements locaux\",\"value\":\"March\u00e9s traditionnels\"},{\"@type\":\"PropertyValue\",\"name\":\"Restaurants \/ sp\u00e9cialit\u00e9s\",\"value\":\"Gastronomie landaise\"},{\"@type\":\"PropertyValue\",\"name\":\"Astuce ou commentaire\",\"value\":\"Village calme dans la campagne landaise\"}]}},{\"@type\":\"ListItem\",\"position\":108,\"item\":{\"@type\":\"City\",\"name\":\"Belin-B\u00e9liet\",\"url\":\"https:\/\/fr.wikipedia.org\/wiki\/Belin-B%C3%A9liet\",\"additionalProperty\":[{\"@type\":\"PropertyValue\",\"name\":\"Distance depuis le camping (km)\",\"value\":\"46 km environ\"},{\"@type\":\"PropertyValue\",\"name\":\"Temps en voiture (min)\",\"value\":\"40 min environ\"},{\"@type\":\"PropertyValue\",\"name\":\"Lieux \/ Activit\u00e9s incontournables\",\"value\":\"For\u00eat de la Double, plages proches\"},{\"@type\":\"PropertyValue\",\"name\":\"March\u00e9s \/ \u00e9v\u00e9nements locaux\",\"value\":\"March\u00e9 hebdomadaire\"},{\"@type\":\"PropertyValue\",\"name\":\"Restaurants \/ sp\u00e9cialit\u00e9s\",\"value\":\"Sp\u00e9cialit\u00e9s du sud-ouest\"},{\"@type\":\"PropertyValue\",\"name\":\"Astuce ou commentaire\",\"value\":\"Commune avec un bel environnement naturel, \u00e0 la limite des Landes\"}]}},{\"@type\":\"ListItem\",\"position\":109,\"item\":{\"@type\":\"City\",\"name\":\"Escource\",\"url\":\"https:\/\/fr.wikipedia.org\/wiki\/Escource\",\"image\":\"https:\/\/upload.wikimedia.org\/wikipedia\/commons\/thumb\/4\/41\/Escource_mairie.JPG\/320px-Escource_mairie.JPG\",\"additionalProperty\":[{\"@type\":\"PropertyValue\",\"name\":\"Distance depuis le camping (km)\",\"value\":\"~11 km\"},{\"@type\":\"PropertyValue\",\"name\":\"Temps en voiture (min)\",\"value\":\"< 20 minutes\"},{\"@type\":\"PropertyValue\",\"name\":\"Lieux \/ Activit\u00e9s incontournables\",\"value\":\"Ruines historiques, for\u00eats landaises\"},{\"@type\":\"PropertyValue\",\"name\":\"March\u00e9s \/ \u00e9v\u00e9nements locaux\",\"value\":\"March\u00e9s locaux r\u00e9guliers, \u00e9v\u00e9nements villageois\"},{\"@type\":\"PropertyValue\",\"name\":\"Restaurants \/ sp\u00e9cialit\u00e9s\",\"value\":\"Cuisine landaise traditionnelle\"},{\"@type\":\"PropertyValue\",\"name\":\"Astuce ou commentaire\",\"value\":\"Commune naturelle et paisible dans la for\u00eat des Landes, proche de Saint-Paul-en-Born et non encore cit\u00e9e dans vos exclusions\"}]}},{\"@type\":\"ListItem\",\"position\":110,\"item\":{\"@type\":\"City\",\"name\":\"M\u00e9zos\",\"url\":\"https:\/\/fr.wikipedia.org\/wiki\/M%C3%A9zos\",\"image\":\"https:\/\/upload.wikimedia.org\/wikipedia\/commons\/thumb\/7\/79\/M%C3%A9zos_-_Mairie.JPG\/320px-M%C3%A9zos_-_Mairie.JPG\",\"additionalProperty\":[{\"@type\":\"PropertyValue\",\"name\":\"Distance depuis le camping (km)\",\"value\":\"~12 km\"},{\"@type\":\"PropertyValue\",\"name\":\"Temps en voiture (min)\",\"value\":\"~15 minutes\"},{\"@type\":\"PropertyValue\",\"name\":\"Lieux \/ Activit\u00e9s incontournables\",\"value\":\"\u00c9glise Saint-Julien, for\u00eats et sentiers\"},{\"@type\":\"PropertyValue\",\"name\":\"March\u00e9s \/ \u00e9v\u00e9nements locaux\",\"value\":\"March\u00e9s hebdomadaires, foires saisonni\u00e8res\"},{\"@type\":\"PropertyValue\",\"name\":\"Restaurants \/ sp\u00e9cialit\u00e9s\",\"value\":\"Produits du terroir, gibier\"},{\"@type\":\"PropertyValue\",\"name\":\"Astuce ou commentaire\",\"value\":\"Village traditionnel landais autour de la nature et de son h\u00e9ritage rural, \u00e0 proximit\u00e9 de Saint-Paul-en-Born\"}]}},{\"@type\":\"ListItem\",\"position\":111,\"item\":{\"@type\":\"City\",\"name\":\"Messanges\",\"url\":\"https:\/\/fr.wikipedia.org\/wiki\/Messanges\",\"image\":\"https:\/\/upload.wikimedia.org\/wikipedia\/commons\/thumb\/c\/c8\/Messanges_ocean_001.jpg\/320px-Messanges_ocean_001.jpg\",\"additionalProperty\":[{\"@type\":\"PropertyValue\",\"name\":\"Distance depuis le camping (km)\",\"value\":\"~25 km\"},{\"@type\":\"PropertyValue\",\"name\":\"Temps en voiture (min)\",\"value\":\"~30 minutes\"},{\"@type\":\"PropertyValue\",\"name\":\"Lieux \/ Activit\u00e9s incontournables\",\"value\":\"Plages de l'oc\u00e9an Atlantique, dunes, spots de surf\"},{\"@type\":\"PropertyValue\",\"name\":\"March\u00e9s \/ \u00e9v\u00e9nements locaux\",\"value\":\"March\u00e9s locaux, \u00e9v\u00e8nements estivaux\"},{\"@type\":\"PropertyValue\",\"name\":\"Restaurants \/ sp\u00e9cialit\u00e9s\",\"value\":\"Poissons, fruits de mer, sp\u00e9cialit\u00e9s landaises\"},{\"@type\":\"PropertyValue\",\"name\":\"Astuce ou commentaire\",\"value\":\"Station baln\u00e9aire et touristique sur la c\u00f4te atlantique, id\u00e9ale pour d\u00e9couvrir la mer et la for\u00eat des Landes\"}]}},{\"@type\":\"ListItem\",\"position\":112,\"item\":{\"@type\":\"City\",\"name\":\"Rion-des-Landes\",\"url\":\"https:\/\/fr.wikipedia.org\/wiki\/Rion-des-Landes\",\"image\":\"https:\/\/upload.wikimedia.org\/wikipedia\/commons\/thumb\/5\/5d\/Rion_des_Landes_mairie.JPG\/320px-Rion_des_Landes_mairie.JPG\",\"additionalProperty\":[{\"@type\":\"PropertyValue\",\"name\":\"Distance depuis le camping (km)\",\"value\":\"~30 km\"},{\"@type\":\"PropertyValue\",\"name\":\"Temps en voiture (min)\",\"value\":\"~35 minutes\"},{\"@type\":\"PropertyValue\",\"name\":\"Lieux \/ Activit\u00e9s incontournables\",\"value\":\"Place centrale anim\u00e9e, chapelle, tradition festive\"},{\"@type\":\"PropertyValue\",\"name\":\"March\u00e9s \/ \u00e9v\u00e9nements locaux\",\"value\":\"March\u00e9s hebdomadaires, festivals traditionnels\"},{\"@type\":\"PropertyValue\",\"name\":\"Restaurants \/ sp\u00e9cialit\u00e9s\",\"value\":\"Cuisine landaise, plats r\u00e9gionaux\"},{\"@type\":\"PropertyValue\",\"name\":\"Astuce ou commentaire\",\"value\":\"Petite ville dynamique avec animations culturelles et artisanales, au c\u0153ur des Landes\"}]}},{\"@type\":\"ListItem\",\"position\":113,\"item\":{\"@type\":\"City\",\"name\":\"Ychoux\",\"url\":\"https:\/\/fr.wikipedia.org\/wiki\/Ychoux\",\"image\":\"https:\/\/upload.wikimedia.org\/wikipedia\/commons\/thumb\/6\/61\/Ychoux_Mairie.jpg\/320px-Ychoux_Mairie.jpg\",\"additionalProperty\":[{\"@type\":\"PropertyValue\",\"name\":\"Distance depuis le camping (km)\",\"value\":\"~33 km\"},{\"@type\":\"PropertyValue\",\"name\":\"Temps en voiture (min)\",\"value\":\"~30 minutes\"},{\"@type\":\"PropertyValue\",\"name\":\"Lieux \/ Activit\u00e9s incontournables\",\"value\":\"\u00c9glise Saint-Jean-Baptiste, diversit\u00e9 foresti\u00e8re\"},{\"@type\":\"PropertyValue\",\"name\":\"March\u00e9s \/ \u00e9v\u00e9nements locaux\",\"value\":\"March\u00e9s locaux, brocantes\"},{\"@type\":\"PropertyValue\",\"name\":\"Restaurants \/ sp\u00e9cialit\u00e9s\",\"value\":\"Sp\u00e9cialit\u00e9s r\u00e9gionales, cuisine du Sud-Ouest\"},{\"@type\":\"PropertyValue\",\"name\":\"Astuce ou commentaire\",\"value\":\"Village local au paysage naturel pr\u00e9serv\u00e9 et \u00e0 l'accueil chaleureux\"}]}},{\"@type\":\"ListItem\",\"position\":114,\"item\":{\"@type\":\"City\",\"name\":\"Sabres\",\"url\":\"https:\/\/fr.wikipedia.org\/wiki\/Sabres\",\"image\":\"https:\/\/upload.wikimedia.org\/wikipedia\/commons\/thumb\/5\/57\/Sabres_centre.JPG\/320px-Sabres_centre.JPG\",\"additionalProperty\":[{\"@type\":\"PropertyValue\",\"name\":\"Distance depuis le camping (km)\",\"value\":\"~35 km\"},{\"@type\":\"PropertyValue\",\"name\":\"Temps en voiture (min)\",\"value\":\"~30 minutes\"},{\"@type\":\"PropertyValue\",\"name\":\"Lieux \/ Activit\u00e9s incontournables\",\"value\":\"For\u00eat domaniale, patrimoine religieux\"},{\"@type\":\"PropertyValue\",\"name\":\"March\u00e9s \/ \u00e9v\u00e9nements locaux\",\"value\":\"March\u00e9s ruraux, \u00e9v\u00e9nements culturels\"},{\"@type\":\"PropertyValue\",\"name\":\"Restaurants \/ sp\u00e9cialit\u00e9s\",\"value\":\"Cuisine rurale landaise, sp\u00e9cialit\u00e9s for\u00eat\"},{\"@type\":\"PropertyValue\",\"name\":\"Astuce ou commentaire\",\"value\":\"Ville situ\u00e9e dans les Landes int\u00e9rieures, riche en traditions foresti\u00e8res\"}]}},{\"@type\":\"ListItem\",\"position\":115,\"item\":{\"@type\":\"City\",\"name\":\"Morcenx\",\"url\":\"https:\/\/fr.wikipedia.org\/wiki\/Morcenx\",\"image\":\"https:\/\/upload.wikimedia.org\/wikipedia\/commons\/thumb\/0\/08\/Morcenx_mairie_2012_07.JPG\/320px-Morcenx_mairie_2012_07.JPG\",\"additionalProperty\":[{\"@type\":\"PropertyValue\",\"name\":\"Distance depuis le camping (km)\",\"value\":\"~40 km\"},{\"@type\":\"PropertyValue\",\"name\":\"Temps en voiture (min)\",\"value\":\"~35 minutes\"},{\"@type\":\"PropertyValue\",\"name\":\"Lieux \/ Activit\u00e9s incontournables\",\"value\":\"Centre historique, nature environnante\"},{\"@type\":\"PropertyValue\",\"name\":\"March\u00e9s \/ \u00e9v\u00e9nements locaux\",\"value\":\"March\u00e9s hebdomadaires, animations locales\"},{\"@type\":\"PropertyValue\",\"name\":\"Restaurants \/ sp\u00e9cialit\u00e9s\",\"value\":\"Cuisine traditionnelle landaise\"},{\"@type\":\"PropertyValue\",\"name\":\"Astuce ou commentaire\",\"value\":\"Ville importante \u00e0 proximit\u00e9, offrant commerces et services urbains\"}]}},{\"@type\":\"ListItem\",\"position\":116,\"item\":{\"@type\":\"City\",\"name\":\"Le Vieux-Boucau-les-Bains\",\"url\":\"https:\/\/fr.wikipedia.org\/wiki\/Le_Vieux-Boucau-les-Bains\",\"image\":\"https:\/\/upload.wikimedia.org\/wikipedia\/commons\/thumb\/4\/42\/Port_Boucau.JPG\/320px-Port_Boucau.JPG\",\"additionalProperty\":[{\"@type\":\"PropertyValue\",\"name\":\"Distance depuis le camping (km)\",\"value\":\"~22 km\"},{\"@type\":\"PropertyValue\",\"name\":\"Temps en voiture (min)\",\"value\":\"~25 minutes\"},{\"@type\":\"PropertyValue\",\"name\":\"Lieux \/ Activit\u00e9s incontournables\",\"value\":\"Plages, port de plaisance, lac marin\"},{\"@type\":\"PropertyValue\",\"name\":\"March\u00e9s \/ \u00e9v\u00e9nements locaux\",\"value\":\"March\u00e9s estivaux, animations touristiques\"},{\"@type\":\"PropertyValue\",\"name\":\"Restaurants \/ sp\u00e9cialit\u00e9s\",\"value\":\"Poissons, plage et cuisine locale\"},{\"@type\":\"PropertyValue\",\"name\":\"Astuce ou commentaire\",\"value\":\"Station baln\u00e9aire avec plages et activit\u00e9s nautiques sur la c\u00f4te Atlantique\"}]}},{\"@type\":\"ListItem\",\"position\":117,\"item\":{\"@type\":\"City\",\"name\":\"Magescq\",\"url\":\"https:\/\/fr.wikipedia.org\/wiki\/Magescq\",\"image\":\"https:\/\/upload.wikimedia.org\/wikipedia\/commons\/thumb\/0\/0e\/Magescq_mairie.JPG\/320px-Magescq_mairie.JPG\",\"additionalProperty\":[{\"@type\":\"PropertyValue\",\"name\":\"Distance depuis le camping (km)\",\"value\":\"~31 km\"},{\"@type\":\"PropertyValue\",\"name\":\"Temps en voiture (min)\",\"value\":\"~30 minutes\"},{\"@type\":\"PropertyValue\",\"name\":\"Lieux \/ Activit\u00e9s incontournables\",\"value\":\"Espace naturel, fontaines, patrimoine rural\"},{\"@type\":\"PropertyValue\",\"name\":\"March\u00e9s \/ \u00e9v\u00e9nements locaux\",\"value\":\"March\u00e9 communal, f\u00eates villageoises\"},{\"@type\":\"PropertyValue\",\"name\":\"Restaurants \/ sp\u00e9cialit\u00e9s\",\"value\":\"Cuisine typique des Landes\"},{\"@type\":\"PropertyValue\",\"name\":\"Astuce ou commentaire\",\"value\":\"Commune calme et rurale typique du d\u00e9partement des Landes\"}]}},{\"@type\":\"ListItem\",\"position\":118,\"item\":{\"@type\":\"City\",\"name\":\"Benesse-Maremne\",\"url\":\"https:\/\/fr.wikipedia.org\/wiki\/Benesse-Maremne\",\"image\":\"https:\/\/upload.wikimedia.org\/wikipedia\/commons\/thumb\/8\/89\/Benesse-Maremne_mairie.JPG\/320px-Benesse-Maremne_mairie.JPG\",\"additionalProperty\":[{\"@type\":\"PropertyValue\",\"name\":\"Distance depuis le camping (km)\",\"value\":\"~33 km\"},{\"@type\":\"PropertyValue\",\"name\":\"Temps en voiture (min)\",\"value\":\"~30 minutes\"},{\"@type\":\"PropertyValue\",\"name\":\"Lieux \/ Activit\u00e9s incontournables\",\"value\":\"Parcs, architecture locale\"},{\"@type\":\"PropertyValue\",\"name\":\"March\u00e9s \/ \u00e9v\u00e9nements locaux\",\"value\":\"March\u00e9s, animations locales\"},{\"@type\":\"PropertyValue\",\"name\":\"Restaurants \/ sp\u00e9cialit\u00e9s\",\"value\":\"Plats du Sud-Ouest\"},{\"@type\":\"PropertyValue\",\"name\":\"Astuce ou commentaire\",\"value\":\"Commune de charme dans la r\u00e9gion Maremne, proche des axes routiers majeurs\"}]}},{\"@type\":\"ListItem\",\"position\":119,\"item\":{\"@type\":\"City\",\"name\":\"Saint-Jean-de-Marsacq\",\"url\":\"https:\/\/fr.wikipedia.org\/wiki\/Saint-Jean-de-Marsacq\",\"additionalProperty\":[{\"@type\":\"PropertyValue\",\"name\":\"Distance depuis le camping (km)\",\"value\":\"~38 km\"},{\"@type\":\"PropertyValue\",\"name\":\"Temps en voiture (min)\",\"value\":\"~35 minutes\"},{\"@type\":\"PropertyValue\",\"name\":\"Lieux \/ Activit\u00e9s incontournables\",\"value\":\"\u00c9glise, patrimoine local\"},{\"@type\":\"PropertyValue\",\"name\":\"March\u00e9s \/ \u00e9v\u00e9nements locaux\",\"value\":\"March\u00e9s de village, f\u00eates traditionnelles\"},{\"@type\":\"PropertyValue\",\"name\":\"Restaurants \/ sp\u00e9cialit\u00e9s\",\"value\":\"Gastronomie locale\"},{\"@type\":\"PropertyValue\",\"name\":\"Astuce ou commentaire\",\"value\":\"Village vivant avec traditions ancr\u00e9es dans la culture landaise\"}]}},{\"@type\":\"ListItem\",\"position\":120,\"item\":{\"@type\":\"City\",\"name\":\"Pouillon\",\"url\":\"https:\/\/fr.wikipedia.org\/wiki\/Pouillon_(Landes)\",\"image\":\"https:\/\/upload.wikimedia.org\/wikipedia\/commons\/thumb\/a\/ae\/Pouillon_mairie_002.JPG\/320px-Pouillon_mairie_002.JPG\",\"additionalProperty\":[{\"@type\":\"PropertyValue\",\"name\":\"Distance depuis le camping (km)\",\"value\":\"~37 km\"},{\"@type\":\"PropertyValue\",\"name\":\"Temps en voiture (min)\",\"value\":\"~35 minutes\"},{\"@type\":\"PropertyValue\",\"name\":\"Lieux \/ Activit\u00e9s incontournables\",\"value\":\"Sites agricoles, patrimoine local\"},{\"@type\":\"PropertyValue\",\"name\":\"March\u00e9s \/ \u00e9v\u00e9nements locaux\",\"value\":\"March\u00e9s agricoles, foires locales\"},{\"@type\":\"PropertyValue\",\"name\":\"Restaurants \/ sp\u00e9cialit\u00e9s\",\"value\":\"Produits agricoles et cuisine du terroir\"},{\"@type\":\"PropertyValue\",\"name\":\"Astuce ou commentaire\",\"value\":\"Petite commune traditionnelle proche des zones agricoles importantes\"}]}},{\"@type\":\"ListItem\",\"position\":121,\"item\":{\"@type\":\"City\",\"name\":\"Labenne\",\"url\":\"https:\/\/fr.wikipedia.org\/wiki\/Labenne\",\"image\":\"https:\/\/upload.wikimedia.org\/wikipedia\/commons\/thumb\/b\/be\/Labenne_centre.jpg\/320px-Labenne_centre.jpg\",\"additionalProperty\":[{\"@type\":\"PropertyValue\",\"name\":\"Distance depuis le camping (km)\",\"value\":\"~35 km\"},{\"@type\":\"PropertyValue\",\"name\":\"Temps en voiture (min)\",\"value\":\"~35 minutes\"},{\"@type\":\"PropertyValue\",\"name\":\"Lieux \/ Activit\u00e9s incontournables\",\"value\":\"Plages, port, march\u00e9s anim\u00e9s\"},{\"@type\":\"PropertyValue\",\"name\":\"March\u00e9s \/ \u00e9v\u00e9nements locaux\",\"value\":\"March\u00e9s hebdomadaires, \u00e9v\u00e9nements estivaux\"},{\"@type\":\"PropertyValue\",\"name\":\"Restaurants \/ sp\u00e9cialit\u00e9s\",\"value\":\"Poissons frais et cuisine landaise\"},{\"@type\":\"PropertyValue\",\"name\":\"Astuce ou commentaire\",\"value\":\"Station baln\u00e9aire avec plages de sable fin et port de plaisance\"}]}},{\"@type\":\"ListItem\",\"position\":122,\"item\":{\"@type\":\"City\",\"name\":\"Saint-Martin-de-Hinx\",\"url\":\"https:\/\/fr.wikipedia.org\/wiki\/Saint-Martin-de-Hinx\",\"image\":\"https:\/\/upload.wikimedia.org\/wikipedia\/commons\/thumb\/8\/82\/Saint-Martin-de-Hinx_mairie.jpg\/320px-Saint-Martin-de-Hinx_mairie.jpg\",\"additionalProperty\":[{\"@type\":\"PropertyValue\",\"name\":\"Distance depuis le camping (km)\",\"value\":\"~34 km\"},{\"@type\":\"PropertyValue\",\"name\":\"Temps en voiture (min)\",\"value\":\"~30 minutes\"},{\"@type\":\"PropertyValue\",\"name\":\"Lieux \/ Activit\u00e9s incontournables\",\"value\":\"\u00c9glise, paysages verts\"},{\"@type\":\"PropertyValue\",\"name\":\"March\u00e9s \/ \u00e9v\u00e9nements locaux\",\"value\":\"March\u00e9s de proximit\u00e9\"},{\"@type\":\"PropertyValue\",\"name\":\"Restaurants \/ sp\u00e9cialit\u00e9s\",\"value\":\"Cuisine r\u00e9gionale\"},{\"@type\":\"PropertyValue\",\"name\":\"Astuce ou commentaire\",\"value\":\"Commune rurale calme et authentique dans les Landes\"}]}},{\"@type\":\"ListItem\",\"position\":123,\"item\":{\"@type\":\"City\",\"name\":\"Tarnos\",\"url\":\"https:\/\/fr.wikipedia.org\/wiki\/Tarnos\",\"image\":\"https:\/\/upload.wikimedia.org\/wikipedia\/commons\/thumb\/e\/ee\/Tarnos_centre.jpg\/320px-Tarnos_centre.jpg\",\"additionalProperty\":[{\"@type\":\"PropertyValue\",\"name\":\"Distance depuis le camping (km)\",\"value\":\"~40 km\"},{\"@type\":\"PropertyValue\",\"name\":\"Temps en voiture (min)\",\"value\":\"~35 minutes\"},{\"@type\":\"PropertyValue\",\"name\":\"Lieux \/ Activit\u00e9s incontournables\",\"value\":\"Front de mer, port, parc urbain\"},{\"@type\":\"PropertyValue\",\"name\":\"March\u00e9s \/ \u00e9v\u00e9nements locaux\",\"value\":\"March\u00e9s vari\u00e9s, festivals\"},{\"@type\":\"PropertyValue\",\"name\":\"Restaurants \/ sp\u00e9cialit\u00e9s\",\"value\":\"Cuisine basque influenc\u00e9e\"},{\"@type\":\"PropertyValue\",\"name\":\"Astuce ou commentaire\",\"value\":\"Ville dynamique \u00e0 la fronti\u00e8re des Landes et du Pays Basque, citadine et culturelle\"}]}},{\"@type\":\"ListItem\",\"position\":124,\"item\":{\"@type\":\"City\",\"name\":\"Arcachon\",\"additionalProperty\":[{\"@type\":\"PropertyValue\",\"name\":\"Distance depuis le camping (km)\",\"value\":\",\"},{\"@type\":\"PropertyValue\",\"name\":\"Temps en voiture (min)\",\"value\":\",\"},{\"@type\":\"PropertyValue\",\"name\":\"Lieux \/ Activit\u00e9s incontournables\",\"value\":\"La dune du Pilat, la ville, le bassin d'Arcachon, la r\u00e9serve ornithologique du Teich\"},{\"@type\":\"PropertyValue\",\"name\":\"March\u00e9s \/ \u00e9v\u00e9nements locaux\",\"value\":\"March\u00e9s d'Arcachon, festivals gastronomiques, March\u00e9 No\u00ebl d\u2019Arcachon\"},{\"@type\":\"PropertyValue\",\"name\":\"Restaurants \/ sp\u00e9cialit\u00e9s\",\"value\":\"Hu\u00eetres, fruits de mer, vins de Bordeaux, cuisine landaise\"},{\"@type\":\"PropertyValue\",\"name\":\"Astuce ou commentaire\",\"value\":\"Grande station baln\u00e9aire r\u00e9put\u00e9e pour son microclimat et sa gastronomie. Acc\u00e8s en voiture (~45 min depuis Saint-Paul-en-Born).\"}]}},{\"@type\":\"ListItem\",\"position\":125,\"item\":{\"@type\":\"City\",\"name\":\"Dax\",\"additionalProperty\":[{\"@type\":\"PropertyValue\",\"name\":\"Distance depuis le camping (km)\",\"value\":\"Lomte\"},{\"@type\":\"PropertyValue\",\"name\":\"Lieux \/ Activit\u00e9s incontournables\",\"value\":\"Basilique Notre-Dame, le march\u00e9, le Pont Vieux, les thermes\"},{\"@type\":\"PropertyValue\",\"name\":\"March\u00e9s \/ \u00e9v\u00e9nements locaux\",\"value\":\"March\u00e9 Dax (mercredi & samedi matin), F\u00eate de la Madeleine & courses landaises\"},{\"@type\":\"PropertyValue\",\"name\":\"Restaurants \/ sp\u00e9cialit\u00e9s\",\"value\":\"Foie gras, magret, volailles, confit de canard\"},{\"@type\":\"PropertyValue\",\"name\":\"Astuce ou commentaire\",\"value\":\"Ville thermal embl\u00e9matique, parfum\u00e9e par les ar\u00e8nes et l\u2019odeur du pin, \u00e0 d\u00e9couvrir pour ses sources chaudes et son ambiance festive.\"}]}},{\"@type\":\"ListItem\",\"position\":126,\"item\":{\"@type\":\"City\",\"name\":\"Salles\",\"additionalProperty\":[{\"@type\":\"PropertyValue\",\"name\":\"Lieux \/ Activit\u00e9s incontournables\",\"value\":\"Eglise Notre-Dame, le canal, les sentiers de randonn\u00e9e\"},{\"@type\":\"PropertyValue\",\"name\":\"March\u00e9s \/ \u00e9v\u00e9nements locaux\",\"value\":\"March\u00e9 (samedi matin), f\u00eate locale (juillet)\"},{\"@type\":\"PropertyValue\",\"name\":\"Restaurants \/ sp\u00e9cialit\u00e9s\",\"value\":\"Cuisine locale, produits de la ferme\"},{\"@type\":\"PropertyValue\",\"name\":\"Astuce ou commentaire\",\"value\":\"Petite cit\u00e9 typique au c\u0153ur de la for\u00eat, id\u00e9ale pour les balades nature ou \u00e0 v\u00e9lo, loin de l\u2019agitation.\"}]}},{\"@type\":\"ListItem\",\"position\":127,\"item\":{\"@type\":\"City\",\"name\":\"Belin-B\u00e9liet\",\"additionalProperty\":[{\"@type\":\"PropertyValue\",\"name\":\"Lieux \/ Activit\u00e9s incontournables\",\"value\":\"\u00c9glise romane, circuit des Sources, sentiers \u00e9questres\"},{\"@type\":\"PropertyValue\",\"name\":\"March\u00e9s \/ \u00e9v\u00e9nements locaux\",\"value\":\"March\u00e9 (jeudi matin), festival du cerf-volant\"},{\"@type\":\"PropertyValue\",\"name\":\"Restaurants \/ sp\u00e9cialit\u00e9s\",\"value\":\"Poulet fermier, desserts \u00e0 la r\u00e9sine de pin\"},{\"@type\":\"PropertyValue\",\"name\":\"Astuce ou commentaire\",\"value\":\"Porte d\u2019entr\u00e9e du Parc Naturel R\u00e9gional, ce village forestier m\u00eale histoire et traditions locales dans une ambiance authentique.\"}]}},{\"@type\":\"ListItem\",\"position\":128,\"item\":{\"@type\":\"City\",\"name\":\"Biganos\",\"additionalProperty\":[{\"@type\":\"PropertyValue\",\"name\":\"Lieux \/ Activit\u00e9s incontournables\",\"value\":\"Domaine de Graveyron, port ostr\u00e9icole, for\u00eat usag\u00e8re\"},{\"@type\":\"PropertyValue\",\"name\":\"March\u00e9s \/ \u00e9v\u00e9nements locaux\",\"value\":\"March\u00e9 (dimanche matin), f\u00eate du Port (juillet)\"},{\"@type\":\"PropertyValue\",\"name\":\"Restaurants \/ sp\u00e9cialit\u00e9s\",\"value\":\"Hu\u00eetres, produits du bassin, grillades au feu de bois\"},{\"@type\":\"PropertyValue\",\"name\":\"Astuce ou commentaire\",\"value\":\"Entre bassin d\u2019Arcachon et delta de l\u2019Eyre, Biganos offre calme, nature et convivialit\u00e9 \u00e0 deux pas des plages.\"}]}},{\"@type\":\"ListItem\",\"position\":129,\"item\":{\"@type\":\"City\",\"name\":\"Lamothe\",\"additionalProperty\":[{\"@type\":\"PropertyValue\",\"name\":\"Lieux \/ Activit\u00e9s incontournables\",\"value\":\"Eglise romane, le canal, les bords de la Leyre\"},{\"@type\":\"PropertyValue\",\"name\":\"March\u00e9s \/ \u00e9v\u00e9nements locaux\",\"value\":\"F\u00eate de la Saint-Jean\"},{\"@type\":\"PropertyValue\",\"name\":\"Restaurants \/ sp\u00e9cialit\u00e9s\",\"value\":\"Cuisine locale, produits du terroir\"},{\"@type\":\"PropertyValue\",\"name\":\"Astuce ou commentaire\",\"value\":\"Petit village travers\u00e9 par la voie cyclable \u00ab La V\u00e9lodyss\u00e9e \u00bb, \u00e0 d\u00e9couvrir pour son cadre naturel et sa tranquillit\u00e9.\"}]}},{\"@type\":\"ListItem\",\"position\":130,\"item\":{\"@type\":\"City\",\"name\":\"Cazaux\",\"additionalProperty\":[{\"@type\":\"PropertyValue\",\"name\":\"Lieux \/ Activit\u00e9s incontournables\",\"value\":\"Lac de Cazaux et Sanguinet, Mus\u00e9e Jean Sim\u00e9on Chardin\"},{\"@type\":\"PropertyValue\",\"name\":\"March\u00e9s \/ \u00e9v\u00e9nements locaux\",\"value\":\"March\u00e9 (mardi matin), f\u00eate lacustre\"},{\"@type\":\"PropertyValue\",\"name\":\"Restaurants \/ sp\u00e9cialit\u00e9s\",\"value\":\"Poissons du lac, grillades\"},{\"@type\":\"PropertyValue\",\"name\":\"Astuce ou commentaire\",\"value\":\"Face au second plus grand lac d\u2019eau douce de France, le village offre plages, sports nautiques et un c\u00f4t\u00e9 \u00ab vacances \u00bb toute l\u2019ann\u00e9e.\"}]}},{\"@type\":\"ListItem\",\"position\":131,\"item\":{\"@type\":\"City\",\"name\":\"Sanguinet\",\"additionalProperty\":[{\"@type\":\"PropertyValue\",\"name\":\"Lieux \/ Activit\u00e9s incontournables\",\"value\":\"Mus\u00e9e du Lac, plages du lac, for\u00eat\"},{\"@type\":\"PropertyValue\",\"name\":\"March\u00e9s \/ \u00e9v\u00e9nements locaux\",\"value\":\"March\u00e9 (jeudi matin), f\u00eates du lac\"},{\"@type\":\"PropertyValue\",\"name\":\"Restaurants \/ sp\u00e9cialit\u00e9s\",\"value\":\"Sp\u00e9cialit\u00e9s du lac, poissons, grillades\"},{\"@type\":\"PropertyValue\",\"name\":\"Astuce ou commentaire\",\"value\":\"Station baln\u00e9aire du lac de Cazaux et Sanguinet, r\u00e9put\u00e9e pour ses plages, ses sports nautiques et ses vestiges arch\u00e9ologiques.\"}]}},{\"@type\":\"ListItem\",\"position\":132,\"item\":{\"@type\":\"City\",\"name\":\"Vieux-Boucau\",\"additionalProperty\":[{\"@type\":\"PropertyValue\",\"name\":\"Lieux \/ Activit\u00e9s incontournables\",\"value\":\"Plages, port, lac marin\"},{\"@type\":\"PropertyValue\",\"name\":\"March\u00e9s \/ \u00e9v\u00e9nements locaux\",\"value\":\"March\u00e9 (mercredi & samedi matin), f\u00eates locales\"},{\"@type\":\"PropertyValue\",\"name\":\"Restaurants \/ sp\u00e9cialit\u00e9s\",\"value\":\"Fruits de mer, poissons du lac, tapas \u00e0 l\u2019espagnole\"},{\"@type\":\"PropertyValue\",\"name\":\"Astuce ou commentaire\",\"value\":\"Petite station baln\u00e9aire du sud des Landes, Vieux-Boucau s\u00e9duit par son lac, ses plages et son ambiance village\"}]}},{\"@type\":\"ListItem\",\"position\":133,\"item\":{\"@type\":\"City\",\"name\":\"Contis\",\"additionalProperty\":[{\"@type\":\"PropertyValue\",\"name\":\"Lieux \/ Activit\u00e9s incontournables\",\"value\":\"Plage, phare, \u00e9glise Saint Jean-Baptiste\"},{\"@type\":\"PropertyValue\",\"name\":\"March\u00e9s \/ \u00e9v\u00e9nements locaux\",\"value\":\"March\u00e9 (samedi matin), animations estivales\"},{\"@type\":\"PropertyValue\",\"name\":\"Restaurants \/ sp\u00e9cialit\u00e9s\",\"value\":\"Cuisine landaise, grillades\"},{\"@type\":\"PropertyValue\",\"name\":\"Astuce ou commentaire\",\"value\":\"Station baln\u00e9aire familiale, Contis est r\u00e9put\u00e9e pour son phare et ses plages sauvages, \u00e0 l\u2019\u00e9cart de l\u2019agitation.\"}]}},{\"@type\":\"ListItem\",\"position\":134,\"item\":{\"@type\":\"City\",\"name\":\"L\u00e9on\",\"additionalProperty\":[{\"@type\":\"PropertyValue\",\"name\":\"Lieux \/ Activit\u00e9s incontournables\",\"value\":\"Lac de L\u00e9on, \u00e9glise Saint-Jean-Baptiste, observatoire ornithologique\"},{\"@type\":\"PropertyValue\",\"name\":\"March\u00e9s \/ \u00e9v\u00e9nements locaux\",\"value\":\"March\u00e9 (jeudi matin), f\u00eates locales\"},{\"@type\":\"PropertyValue\",\"name\":\"Restaurants \/ sp\u00e9cialit\u00e9s\",\"value\":\"Poissons du lac, canard, magret\"},{\"@type\":\"PropertyValue\",\"name\":\"Astuce ou commentaire\",\"value\":\"Village entre lac, oc\u00e9an et for\u00eat, L\u00e9on offre calme, nature et authenticit\u00e9 landaise.\"}]}},{\"@type\":\"ListItem\",\"position\":135,\"item\":{\"@type\":\"City\",\"name\":\"Tyrosse\",\"additionalProperty\":[{\"@type\":\"PropertyValue\",\"name\":\"Lieux \/ Activit\u00e9s incontournables\",\"value\":\"Salle d\u2019exposition l\u2019Estran, aire de repos Cravat, stades\"},{\"@type\":\"PropertyValue\",\"name\":\"March\u00e9s \/ \u00e9v\u00e9nements locaux\",\"value\":\"March\u00e9 (mardi, jeudi & samedi matin), animations sportives\"},{\"@type\":\"PropertyValue\",\"name\":\"Restaurants \/ sp\u00e9cialit\u00e9s\",\"value\":\"Cuisine landaise, grillades\"},{\"@type\":\"PropertyValue\",\"name\":\"Astuce ou commentaire\",\"value\":\"Ville dynamique, connue pour son club de rugby et ses animations sportives, \u00e0 quelques kilom\u00e8tres de l\u2019oc\u00e9an.\"}]}},{\"@type\":\"ListItem\",\"position\":136,\"item\":{\"@type\":\"City\",\"name\":\"Capbreton\",\"additionalProperty\":[{\"@type\":\"PropertyValue\",\"name\":\"Lieux \/ Activit\u00e9s incontournables\",\"value\":\"Port, plages, promenade du Bois\"},{\"@type\":\"PropertyValue\",\"name\":\"March\u00e9s \/ \u00e9v\u00e9nements locaux\",\"value\":\"March\u00e9 (mardi & vendredi matin), f\u00eates du port\"},{\"@type\":\"PropertyValue\",\"name\":\"Restaurants \/ sp\u00e9cialit\u00e9s\",\"value\":\"Poissons, fruits de mer, tapisserie de Bayonne\"},{\"@type\":\"PropertyValue\",\"name\":\"Astuce ou commentaire\",\"value\":\"Station baln\u00e9aire anim\u00e9e, Capbreton est r\u00e9put\u00e9e pour son port de p\u00eache, ses spots de surf et ses animations estivales.\"}]}},{\"@type\":\"ListItem\",\"position\":137,\"item\":{\"@type\":\"City\",\"name\":\"Hossegor\",\"additionalProperty\":[{\"@type\":\"PropertyValue\",\"name\":\"Lieux \/ Activit\u00e9s incontournables\",\"value\":\"Lac marin, plages, centre ville\"},{\"@type\":\"PropertyValue\",\"name\":\"March\u00e9s \/ \u00e9v\u00e9nements locaux\",\"value\":\"March\u00e9 de No\u00ebl, \u00e9v\u00e9nements sportifs\"},{\"@type\":\"PropertyValue\",\"name\":\"Restaurants \/ sp\u00e9cialit\u00e9s\",\"value\":\"Sp\u00e9cialit\u00e9s basques, tapas, brunches\"},{\"@type\":\"PropertyValue\",\"name\":\"Astuce ou commentaire\",\"value\":\"Spot de surf international, Hossegor est aussi une station chic, r\u00e9put\u00e9e pour son lac marin, ses villas et ses boutiques.\"}]}},{\"@type\":\"ListItem\",\"position\":138,\"item\":{\"@type\":\"City\",\"name\":\"Seignosse\",\"additionalProperty\":[{\"@type\":\"PropertyValue\",\"name\":\"Lieux \/ Activit\u00e9s incontournables\",\"value\":\"Plages, lac, sentiers de randonn\u00e9e\"},{\"@type\":\"PropertyValue\",\"name\":\"March\u00e9s \/ \u00e9v\u00e9nements locaux\",\"value\":\"Animations estivales, brocantes\"},{\"@type\":\"PropertyValue\",\"name\":\"Restaurants \/ sp\u00e9cialit\u00e9s\",\"value\":\"Cuisine landaise, grillades\"},{\"@type\":\"PropertyValue\",\"name\":\"Astuce ou commentaire\",\"value\":\"Station baln\u00e9aire familiale entre for\u00eat et oc\u00e9an, Seignosse allie tranquillit\u00e9, nature et sports de glisse.\"}]}},{\"@type\":\"ListItem\",\"position\":139,\"item\":{\"@type\":\"City\",\"name\":\"Angresse\",\"additionalProperty\":[{\"@type\":\"PropertyValue\",\"name\":\"Lieux \/ Activit\u00e9s incontournables\",\"value\":\"Plages, centre ville, lac\"},{\"@type\":\"PropertyValue\",\"name\":\"March\u00e9s \/ \u00e9v\u00e9nements locaux\",\"value\":\"March\u00e9 (jeudi matin), animations estivales\"},{\"@type\":\"PropertyValue\",\"name\":\"Restaurants \/ sp\u00e9cialit\u00e9s\",\"value\":\"Cuisine locale, grillades\"},{\"@type\":\"PropertyValue\",\"name\":\"Astuce ou commentaire\",\"value\":\"Station \u00e0 taille humaine, Angresse s\u00e9duit par ses plages, son lac et son ambiance conviviale.\"}]}},{\"@type\":\"ListItem\",\"position\":140,\"item\":{\"@type\":\"City\",\"name\":\"Tarnos\",\"additionalProperty\":[{\"@type\":\"PropertyValue\",\"name\":\"Lieux \/ Activit\u00e9s incontournables\",\"value\":\"Plages, lagunes, \u00e9glise Saint Laurent\"},{\"@type\":\"PropertyValue\",\"name\":\"March\u00e9s \/ \u00e9v\u00e9nements locaux\",\"value\":\"March\u00e9 (mercredi & samedi matin), animations festives\"},{\"@type\":\"PropertyValue\",\"name\":\"Restaurants \/ sp\u00e9cialit\u00e9s\",\"value\":\"Cuisine landaise, grillades\"},{\"@type\":\"PropertyValue\",\"name\":\"Astuce ou commentaire\",\"value\":\"Ville \u00e0 la fronti\u00e8re avec le Pays Basque, Tarnos est appr\u00e9ci\u00e9e pour ses plages, ses sentiers de randonn\u00e9e et ses panoramas.\"}]}},{\"@type\":\"ListItem\",\"position\":141,\"item\":{\"@type\":\"City\",\"name\":\"Saint-Paul-en-Born\",\"url\":\"https:\/\/www.saint-paul-en-born.fr\",\"additionalProperty\":[{\"@type\":\"PropertyValue\",\"name\":\"Distance depuis le camping (km)\",\"value\":\"~3 km\"},{\"@type\":\"PropertyValue\",\"name\":\"Temps en voiture (min)\",\"value\":\"~5 min\"},{\"@type\":\"PropertyValue\",\"name\":\"Lieux \/ Activit\u00e9s incontournables\",\"value\":\"For\u00eat des Landes, ruisseau de Canteloup, ancienne voie littorale des chemins de Saint-Jacques-de-Compostelle\"},{\"@type\":\"PropertyValue\",\"name\":\"March\u00e9s \/ \u00e9v\u00e9nements locaux\",\"value\":\"Festival en for\u00eat avec conf\u00e9rences, vernissage, artisanat et concerts (ex. Nuit des for\u00eats)\"},{\"@type\":\"PropertyValue\",\"name\":\"Restaurants \/ sp\u00e9cialit\u00e9s\",\"value\":\"Cuisine landaise locale\"},{\"@type\":\"PropertyValue\",\"name\":\"Astuce ou commentaire\",\"value\":\"Commune tr\u00e8s proche du camping, id\u00e9al pour d\u00e9couvrir la nature et la culture locale\"}]}},{\"@type\":\"ListItem\",\"position\":142,\"item\":{\"@type\":\"City\",\"name\":\"Aureilhan\",\"url\":\"https:\/\/fr.wikipedia.org\/wiki\/Aureilhan_(Landes)\",\"additionalProperty\":[{\"@type\":\"PropertyValue\",\"name\":\"Distance depuis le camping (km)\",\"value\":\"~4 km\"},{\"@type\":\"PropertyValue\",\"name\":\"Temps en voiture (min)\",\"value\":\"~7 min\"},{\"@type\":\"PropertyValue\",\"name\":\"Lieux \/ Activit\u00e9s incontournables\",\"value\":\"\u00c9tang d\u2019Aureilhan, zones naturelles prot\u00e9g\u00e9es\"},{\"@type\":\"PropertyValue\",\"name\":\"March\u00e9s \/ \u00e9v\u00e9nements locaux\",\"value\":\"March\u00e9 local traditionnel\"},{\"@type\":\"PropertyValue\",\"name\":\"Restaurants \/ sp\u00e9cialit\u00e9s\",\"value\":\"Sp\u00e9cialit\u00e9s du Sud-Ouest et Landes\"},{\"@type\":\"PropertyValue\",\"name\":\"Astuce ou commentaire\",\"value\":\"Petite commune proche avec belles zones naturelles lacustres\"}]}},{\"@type\":\"ListItem\",\"position\":143,\"item\":{\"@type\":\"City\",\"name\":\"Bias\",\"url\":\"https:\/\/www.villorama.com\/ville\/bias.html\",\"additionalProperty\":[{\"@type\":\"PropertyValue\",\"name\":\"Distance depuis le camping (km)\",\"value\":\"~6 km\"},{\"@type\":\"PropertyValue\",\"name\":\"Temps en voiture (min)\",\"value\":\"~10 min\"},{\"@type\":\"PropertyValue\",\"name\":\"Lieux \/ Activit\u00e9s incontournables\",\"value\":\"Paysages landais, for\u00eat\"},{\"@type\":\"PropertyValue\",\"name\":\"March\u00e9s \/ \u00e9v\u00e9nements locaux\",\"value\":\"March\u00e9 traditionnel\"},{\"@type\":\"PropertyValue\",\"name\":\"Restaurants \/ sp\u00e9cialit\u00e9s\",\"value\":\"Cuisine r\u00e9gionale\"},{\"@type\":\"PropertyValue\",\"name\":\"Astuce ou commentaire\",\"value\":\"Calme commune typique des Landes\"}]}},{\"@type\":\"ListItem\",\"position\":144,\"item\":{\"@type\":\"City\",\"name\":\"M\u00e9zos\",\"url\":\"https:\/\/www.mairie-mezos.fr\",\"additionalProperty\":[{\"@type\":\"PropertyValue\",\"name\":\"Distance depuis le camping (km)\",\"value\":\"~6 km\"},{\"@type\":\"PropertyValue\",\"name\":\"Temps en voiture (min)\",\"value\":\"~10 min\"},{\"@type\":\"PropertyValue\",\"name\":\"Lieux \/ Activit\u00e9s incontournables\",\"value\":\"For\u00eats landaises, sentiers de randonn\u00e9e\"},{\"@type\":\"PropertyValue\",\"name\":\"March\u00e9s \/ \u00e9v\u00e9nements locaux\",\"value\":\"F\u00eates locales traditionnelles\"},{\"@type\":\"PropertyValue\",\"name\":\"Restaurants \/ sp\u00e9cialit\u00e9s\",\"value\":\"Produits du terroir\"},{\"@type\":\"PropertyValue\",\"name\":\"Astuce ou commentaire\",\"value\":\"Village rural avec une ambiance authentique\"}]}},{\"@type\":\"ListItem\",\"position\":145,\"item\":{\"@type\":\"City\",\"name\":\"Gastes\",\"url\":\"https:\/\/fr.wikipedia.org\/wiki\/Gastes\",\"additionalProperty\":[{\"@type\":\"PropertyValue\",\"name\":\"Distance depuis le camping (km)\",\"value\":\"~7 km\"},{\"@type\":\"PropertyValue\",\"name\":\"Temps en voiture (min)\",\"value\":\"~12 min\"},{\"@type\":\"PropertyValue\",\"name\":\"Lieux \/ Activit\u00e9s incontournables\",\"value\":\"Paysages naturels et for\u00eats\"},{\"@type\":\"PropertyValue\",\"name\":\"March\u00e9s \/ \u00e9v\u00e9nements locaux\",\"value\":\"March\u00e9s et \u00e9v\u00e9nements locaux\"},{\"@type\":\"PropertyValue\",\"name\":\"Restaurants \/ sp\u00e9cialit\u00e9s\",\"value\":\"Cuisine landaise\"},{\"@type\":\"PropertyValue\",\"name\":\"Astuce ou commentaire\",\"value\":\"Petit village entour\u00e9 de nature\"}]}},{\"@type\":\"ListItem\",\"position\":146,\"item\":{\"@type\":\"City\",\"name\":\"Escource\",\"url\":\"https:\/\/fr.wikipedia.org\/wiki\/Escource\",\"additionalProperty\":[{\"@type\":\"PropertyValue\",\"name\":\"Distance depuis le camping (km)\",\"value\":\"~8 km\"},{\"@type\":\"PropertyValue\",\"name\":\"Temps en voiture (min)\",\"value\":\"~13 min\"},{\"@type\":\"PropertyValue\",\"name\":\"Lieux \/ Activit\u00e9s incontournables\",\"value\":\"Paysages forestiers des Landes\"},{\"@type\":\"PropertyValue\",\"name\":\"March\u00e9s \/ \u00e9v\u00e9nements locaux\",\"value\":\"Animations rurales\"},{\"@type\":\"PropertyValue\",\"name\":\"Restaurants \/ sp\u00e9cialit\u00e9s\",\"value\":\"Sp\u00e9cialit\u00e9s locale\"},{\"@type\":\"PropertyValue\",\"name\":\"Astuce ou commentaire\",\"value\":\"Commune proche offrant une exp\u00e9rience landaise authentique\"}]}},{\"@type\":\"ListItem\",\"position\":147,\"item\":{\"@type\":\"City\",\"name\":\"Sainte-Eulalie-en-Born\",\"url\":\"https:\/\/www.villorama.com\/ville\/sainte-eulalie-en-born.html\",\"additionalProperty\":[{\"@type\":\"PropertyValue\",\"name\":\"Distance depuis le camping (km)\",\"value\":\"~8 km\"},{\"@type\":\"PropertyValue\",\"name\":\"Temps en voiture (min)\",\"value\":\"~13 min\"},{\"@type\":\"PropertyValue\",\"name\":\"Lieux \/ Activit\u00e9s incontournables\",\"value\":\"Lac, sites naturels\"},{\"@type\":\"PropertyValue\",\"name\":\"March\u00e9s \/ \u00e9v\u00e9nements locaux\",\"value\":\"March\u00e9s et f\u00eates locales\"},{\"@type\":\"PropertyValue\",\"name\":\"Restaurants \/ sp\u00e9cialit\u00e9s\",\"value\":\"Cuisine r\u00e9gionale\"},{\"@type\":\"PropertyValue\",\"name\":\"Astuce ou commentaire\",\"value\":\"Village agr\u00e9able proche du lac et de la nature\"}]}},{\"@type\":\"ListItem\",\"position\":148,\"item\":{\"@type\":\"City\",\"name\":\"Magescq\",\"url\":\"https:\/\/fr.wikipedia.org\/wiki\/Magescq\",\"additionalProperty\":[{\"@type\":\"PropertyValue\",\"name\":\"Distance depuis le camping (km)\",\"value\":\"~17 km\"},{\"@type\":\"PropertyValue\",\"name\":\"Temps en voiture (min)\",\"value\":\"~20 min\"},{\"@type\":\"PropertyValue\",\"name\":\"Lieux \/ Activit\u00e9s incontournables\",\"value\":\"Patrimoine traditionnel, nature environnante\"},{\"@type\":\"PropertyValue\",\"name\":\"March\u00e9s \/ \u00e9v\u00e9nements locaux\",\"value\":\"March\u00e9s et foires\"},{\"@type\":\"PropertyValue\",\"name\":\"Restaurants \/ sp\u00e9cialit\u00e9s\",\"value\":\"Produits artisanaux locaux\"},{\"@type\":\"PropertyValue\",\"name\":\"Astuce ou commentaire\",\"value\":\"Commune plus \u00e9loign\u00e9e avec dynamique festive\"}]}},{\"@type\":\"ListItem\",\"position\":149,\"item\":{\"@type\":\"City\",\"name\":\"Ychoux\",\"url\":\"https:\/\/fr.wikipedia.org\/wiki\/Ychoux\",\"additionalProperty\":[{\"@type\":\"PropertyValue\",\"name\":\"Distance depuis le camping (km)\",\"value\":\"~18 km\"},{\"@type\":\"PropertyValue\",\"name\":\"Temps en voiture (min)\",\"value\":\"~20 min\"},{\"@type\":\"PropertyValue\",\"name\":\"Lieux \/ Activit\u00e9s incontournables\",\"value\":\"For\u00eats et zones agricoles\"},{\"@type\":\"PropertyValue\",\"name\":\"March\u00e9s \/ \u00e9v\u00e9nements locaux\",\"value\":\"\u00c9v\u00e9nements traditionnels\"},{\"@type\":\"PropertyValue\",\"name\":\"Restaurants \/ sp\u00e9cialit\u00e9s\",\"value\":\"Cuisine du terroir\"},{\"@type\":\"PropertyValue\",\"name\":\"Astuce ou commentaire\",\"value\":\"Village rural typique des Landes\"}]}},{\"@type\":\"ListItem\",\"position\":150,\"item\":{\"@type\":\"City\",\"name\":\"Prechacq-les-Bains\",\"additionalProperty\":[{\"@type\":\"PropertyValue\",\"name\":\"Distance depuis le camping (km)\",\"value\":\"~25 km\"},{\"@type\":\"PropertyValue\",\"name\":\"Temps en voiture (min)\",\"value\":\"~25 min\"},{\"@type\":\"PropertyValue\",\"name\":\"Lieux \/ Activit\u00e9s incontournables\",\"value\":\"Thermes, nature pr\u00e9serv\u00e9e\"},{\"@type\":\"PropertyValue\",\"name\":\"March\u00e9s \/ \u00e9v\u00e9nements locaux\",\"value\":\"March\u00e9s et animations locales\"},{\"@type\":\"PropertyValue\",\"name\":\"Restaurants \/ sp\u00e9cialit\u00e9s\",\"value\":\"Sp\u00e9cialit\u00e9s r\u00e9gionales\"},{\"@type\":\"PropertyValue\",\"name\":\"Astuce ou commentaire\",\"value\":\"Connu pour ses activit\u00e9s thermales et nature\"}]}},{\"@type\":\"ListItem\",\"position\":151,\"item\":{\"@type\":\"City\",\"name\":\"Sanguinet\",\"url\":\"https:\/\/fr.wikipedia.org\/wiki\/Sanguinet\",\"additionalProperty\":[{\"@type\":\"PropertyValue\",\"name\":\"Distance depuis le camping (km)\",\"value\":\"~25 km\"},{\"@type\":\"PropertyValue\",\"name\":\"Temps en voiture (min)\",\"value\":\"~30 min\"},{\"@type\":\"PropertyValue\",\"name\":\"Lieux \/ Activit\u00e9s incontournables\",\"value\":\"Lac de Sanguinet, plages lacustres\"},{\"@type\":\"PropertyValue\",\"name\":\"March\u00e9s \/ \u00e9v\u00e9nements locaux\",\"value\":\"F\u00eates nautiques et march\u00e9s\"},{\"@type\":\"PropertyValue\",\"name\":\"Restaurants \/ sp\u00e9cialit\u00e9s\",\"value\":\"Poissons et sp\u00e9cialit\u00e9s r\u00e9gionales\"},{\"@type\":\"PropertyValue\",\"name\":\"Astuce ou commentaire\",\"value\":\"Ville lacustre dans un cadre naturel pr\u00e9serv\u00e9\"}]}},{\"@type\":\"ListItem\",\"position\":152,\"item\":{\"@type\":\"City\",\"name\":\"Belin-B\u00e9liet\",\"additionalProperty\":[{\"@type\":\"PropertyValue\",\"name\":\"Distance depuis le camping (km)\",\"value\":\"~30 km\"},{\"@type\":\"PropertyValue\",\"name\":\"Temps en voiture (min)\",\"value\":\"~30 min\"},{\"@type\":\"PropertyValue\",\"name\":\"Lieux \/ Activit\u00e9s incontournables\",\"value\":\"For\u00eats et sentiers nature\"},{\"@type\":\"PropertyValue\",\"name\":\"March\u00e9s \/ \u00e9v\u00e9nements locaux\",\"value\":\"March\u00e9s et \u00e9v\u00e9nements ruraux\"},{\"@type\":\"PropertyValue\",\"name\":\"Restaurants \/ sp\u00e9cialit\u00e9s\",\"value\":\"Cuisine aquitaine\"},{\"@type\":\"PropertyValue\",\"name\":\"Astuce ou commentaire\",\"value\":\"Commune proche de la Gironde et Landes\"}]}},{\"@type\":\"ListItem\",\"position\":153,\"item\":{\"@type\":\"City\",\"name\":\"Saint-Lon-les-Mines\",\"url\":\"https:\/\/fr.wikipedia.org\/wiki\/Saint-Lon-les-Mines\",\"additionalProperty\":[{\"@type\":\"PropertyValue\",\"name\":\"Distance depuis le camping (km)\",\"value\":\"~32 km\"},{\"@type\":\"PropertyValue\",\"name\":\"Temps en voiture (min)\",\"value\":\"~35 min\"},{\"@type\":\"PropertyValue\",\"name\":\"Lieux \/ Activit\u00e9s incontournables\",\"value\":\"Patrimoine minier et naturel\"},{\"@type\":\"PropertyValue\",\"name\":\"March\u00e9s \/ \u00e9v\u00e9nements locaux\",\"value\":\"F\u00eates de village\"},{\"@type\":\"PropertyValue\",\"name\":\"Restaurants \/ sp\u00e9cialit\u00e9s\",\"value\":\"Plats locaux\"},{\"@type\":\"PropertyValue\",\"name\":\"Astuce ou commentaire\",\"value\":\"Village au riche pass\u00e9 minier avec nature\"}]}},{\"@type\":\"ListItem\",\"position\":154,\"item\":{\"@type\":\"City\",\"name\":\"Castets\",\"url\":\"https:\/\/fr.wikipedia.org\/wiki\/Castets_(Landes)\",\"additionalProperty\":[{\"@type\":\"PropertyValue\",\"name\":\"Distance depuis le camping (km)\",\"value\":\"~14 km\"},{\"@type\":\"PropertyValue\",\"name\":\"Temps en voiture (min)\",\"value\":\"~15 min\"},{\"@type\":\"PropertyValue\",\"name\":\"Lieux \/ Activit\u00e9s incontournables\",\"value\":\"For\u00eat des Landes, espaces naturels\"},{\"@type\":\"PropertyValue\",\"name\":\"March\u00e9s \/ \u00e9v\u00e9nements locaux\",\"value\":\"Manifestations culturelles locales\"},{\"@type\":\"PropertyValue\",\"name\":\"Restaurants \/ sp\u00e9cialit\u00e9s\",\"value\":\"Produits du terroir\"},{\"@type\":\"PropertyValue\",\"name\":\"Astuce ou commentaire\",\"value\":\"Petit village typique de la r\u00e9gion\"}]}},{\"@type\":\"ListItem\",\"position\":155,\"item\":{\"@type\":\"City\",\"name\":\"Onesse-et-Laharie\",\"url\":\"https:\/\/fr.wikipedia.org\/wiki\/Onesse-et-Laharie\",\"additionalProperty\":[{\"@type\":\"PropertyValue\",\"name\":\"Distance depuis le camping (km)\",\"value\":\"~16 km\"},{\"@type\":\"PropertyValue\",\"name\":\"Temps en voiture (min)\",\"value\":\"~17 min\"},{\"@type\":\"PropertyValue\",\"name\":\"Lieux \/ Activit\u00e9s incontournables\",\"value\":\"Paysages forestiers\"},{\"@type\":\"PropertyValue\",\"name\":\"March\u00e9s \/ \u00e9v\u00e9nements locaux\",\"value\":\"F\u00eates traditionnelles\"},{\"@type\":\"PropertyValue\",\"name\":\"Restaurants \/ sp\u00e9cialit\u00e9s\",\"value\":\"Cuisine gasconne\"},{\"@type\":\"PropertyValue\",\"name\":\"Astuce ou commentaire\",\"value\":\"Commune rurale avec cadre naturel\"}]}},{\"@type\":\"ListItem\",\"position\":156,\"item\":{\"@type\":\"City\",\"name\":\"Sorde-l'Abbaye\",\"additionalProperty\":[{\"@type\":\"PropertyValue\",\"name\":\"Distance depuis le camping (km)\",\"value\":\"}, {\"},{\"@type\":\"PropertyValue\",\"name\":\"Lieux \/ Activit\u00e9s incontournables\",\"value\":\"Certains sites arch\u00e9ologiques m\u00e9di\u00e9vaux.\"},{\"@type\":\"PropertyValue\",\"name\":\"March\u00e9s \/ \u00e9v\u00e9nements locaux\",\"value\":\"Foires et march\u00e9s locaux.\"},{\"@type\":\"PropertyValue\",\"name\":\"Restaurants \/ sp\u00e9cialit\u00e9s\",\"value\":\"Cuisine traditionnelle et produits locaux.\"},{\"@type\":\"PropertyValue\",\"name\":\"Astuce ou commentaire\",\"value\":\"Sorde-l'Abbaye se trouve \u00e0 une distance raisonnable et offre une approche historique et culturelle.\"}]}},{\"@type\":\"ListItem\",\"position\":157,\"item\":{\"@type\":\"City\",\"name\":\"Rion-des-Landes\",\"additionalProperty\":[{\"@type\":\"PropertyValue\",\"name\":\"Lieux \/ Activit\u00e9s incontournables\",\"value\":\"Les for\u00eats et les paysages naturels.\"},{\"@type\":\"PropertyValue\",\"name\":\"March\u00e9s \/ \u00e9v\u00e9nements locaux\",\"value\":\"March\u00e9s locaux et festivals forestiers.\"},{\"@type\":\"PropertyValue\",\"name\":\"Restaurants \/ sp\u00e9cialit\u00e9s\",\"value\":\"Produits forestiers et plats traditionnels.\"},{\"@type\":\"PropertyValue\",\"name\":\"Astuce ou commentaire\",\"value\":\"Rion-des-Landes est proche et offre des activit\u00e9s en milieu naturel.\"}]}},{\"@type\":\"ListItem\",\"position\":158,\"item\":{\"@type\":\"City\",\"name\":\"Hagetmau\",\"additionalProperty\":[{\"@type\":\"PropertyValue\",\"name\":\"Lieux \/ Activit\u00e9s incontournables\",\"value\":\"Ch\u00e2teau de Hagetmau\"},{\"@type\":\"PropertyValue\",\"name\":\"March\u00e9s \/ \u00e9v\u00e9nements locaux\",\"value\":\"March\u00e9 hebdomadaire\"},{\"@type\":\"PropertyValue\",\"name\":\"Restaurants \/ sp\u00e9cialit\u00e9s\",\"value\":\"Cuisine traditionnelle et fromage de ch\u00e8vre\"},{\"@type\":\"PropertyValue\",\"name\":\"Astuce ou commentaire\",\"value\":\"Hagetmau est une destination riche en histoire et gastronomie.\"}]}},{\"@type\":\"ListItem\",\"position\":159,\"item\":{\"@type\":\"City\",\"name\":\"Saint-Geours-de-Maremne\",\"additionalProperty\":[{\"@type\":\"PropertyValue\",\"name\":\"Lieux \/ Activit\u00e9s incontournables\",\"value\":\"Ch\u00e2teau et sites naturels\"},{\"@type\":\"PropertyValue\",\"name\":\"March\u00e9s \/ \u00e9v\u00e9nements locaux\",\"value\":\"March\u00e9s locaux\"},{\"@type\":\"PropertyValue\",\"name\":\"Restaurants \/ sp\u00e9cialit\u00e9s\",\"value\":\"Cuisine locale incluant des fruits de mer\"},{\"@type\":\"PropertyValue\",\"name\":\"Astuce ou commentaire\",\"value\":\"Saint-Geours-de-Maremne propose un m\u00e9lange de culture et de nature.\"}]}},{\"@type\":\"ListItem\",\"position\":160,\"item\":{\"@type\":\"City\",\"name\":\"Saint-Michel-Escalus\",\"additionalProperty\":[{\"@type\":\"PropertyValue\",\"name\":\"Lieux \/ Activit\u00e9s incontournables\",\"value\":\"\u00c9glise et patrimoine historique\"},{\"@type\":\"PropertyValue\",\"name\":\"March\u00e9s \/ \u00e9v\u00e9nements locaux\",\"value\":\"\u00c9v\u00e9nements culturels\"},{\"@type\":\"PropertyValue\",\"name\":\"Restaurants \/ sp\u00e9cialit\u00e9s\",\"value\":\"Cuisine traditionnelle gasconne\"},{\"@type\":\"PropertyValue\",\"name\":\"Astuce ou commentaire\",\"value\":\"Saint-Michel-Escalus est un petit village avec un fort patrimoine culturel.\"}]}},{\"@type\":\"ListItem\",\"position\":161,\"item\":{\"@type\":\"City\",\"name\":\"Camblanes-et-Meynac\",\"additionalProperty\":[{\"@type\":\"PropertyValue\",\"name\":\"Lieux \/ Activit\u00e9s incontournables\",\"value\":\"Vieux village et paysages\"},{\"@type\":\"PropertyValue\",\"name\":\"March\u00e9s \/ \u00e9v\u00e9nements locaux\",\"value\":\"March\u00e9s locaux\"},{\"@type\":\"PropertyValue\",\"name\":\"Restaurants \/ sp\u00e9cialit\u00e9s\",\"value\":\"Cuisine traditionnelle bordelaise\"},{\"@type\":\"PropertyValue\",\"name\":\"Astuce ou commentaire\",\"value\":\"Camblanes-et-Meynac offre une exp\u00e9rience rurale et tranquille.\"}]}},{\"@type\":\"ListItem\",\"position\":162,\"item\":{\"@type\":\"City\",\"name\":\"Marcy-l'\u00c9toile\",\"additionalProperty\":[{\"@type\":\"PropertyValue\",\"name\":\"Lieux \/ Activit\u00e9s incontournables\",\"value\":\"For\u00eats et r\u00e9serves naturelles\"},{\"@type\":\"PropertyValue\",\"name\":\"March\u00e9s \/ \u00e9v\u00e9nements locaux\",\"value\":\"Randonn\u00e9es et \u00e9v\u00e9nements sportifs\"},{\"@type\":\"PropertyValue\",\"name\":\"Restaurants \/ sp\u00e9cialit\u00e9s\",\"value\":\"Cuisine locale et produits forestiers\"},{\"@type\":\"PropertyValue\",\"name\":\"Astuce ou commentaire\",\"value\":\"Marcy-l'\u00c9toile est un bon choix pour les amoureux de la nature.\"}]}},{\"@type\":\"ListItem\",\"position\":163,\"item\":{\"@type\":\"City\",\"name\":\"Soullans\",\"additionalProperty\":[{\"@type\":\"PropertyValue\",\"name\":\"Lieux \/ Activit\u00e9s incontournables\",\"value\":\"Sites arch\u00e9ologiques et paysages c\u00f4tiers\"},{\"@type\":\"PropertyValue\",\"name\":\"March\u00e9s \/ \u00e9v\u00e9nements locaux\",\"value\":\"March\u00e9s locaux et festivals culturels\"},{\"@type\":\"PropertyValue\",\"name\":\"Restaurants \/ sp\u00e9cialit\u00e9s\",\"value\":\"Cuisine de mer et sp\u00e9cialit\u00e9s locales\"},{\"@type\":\"PropertyValue\",\"name\":\"Astuce ou commentaire\",\"value\":\"Soullans est id\u00e9al pour ceux qui aiment les c\u00f4tes et l'histoire.\"}]}},{\"@type\":\"ListItem\",\"position\":164,\"item\":{\"@type\":\"City\",\"name\":\"Cavignac\",\"additionalProperty\":[{\"@type\":\"PropertyValue\",\"name\":\"Lieux \/ Activit\u00e9s incontournables\",\"value\":\"Patrimoine historique et culturel\"},{\"@type\":\"PropertyValue\",\"name\":\"March\u00e9s \/ \u00e9v\u00e9nements locaux\",\"value\":\"March\u00e9s hebdomadaires\"},{\"@type\":\"PropertyValue\",\"name\":\"Restaurants \/ sp\u00e9cialit\u00e9s\",\"value\":\"Cuisine traditionnelle et produits locaux\"},{\"@type\":\"PropertyValue\",\"name\":\"Astuce ou commentaire\",\"value\":\"Cavignac est riche en culture et en histoire.\"}]}},{\"@type\":\"ListItem\",\"position\":165,\"item\":{\"@type\":\"City\",\"name\":\"Montfrin\",\"additionalProperty\":[{\"@type\":\"PropertyValue\",\"name\":\"Lieux \/ Activit\u00e9s incontournables\",\"value\":\"Sites naturels et r\u00e9serves\"},{\"@type\":\"PropertyValue\",\"name\":\"March\u00e9s \/ \u00e9v\u00e9nements locaux\",\"value\":\"Randonn\u00e9es et \u00e9v\u00e9nements nature\"},{\"@type\":\"PropertyValue\",\"name\":\"Restaurants \/ sp\u00e9cialit\u00e9s\",\"value\":\"Cuisine locale et produits bio\"},{\"@type\":\"PropertyValue\",\"name\":\"Astuce ou commentaire\",\"value\":\"Montfrin est un endroit id\u00e9al pour les amoureux de la nature.\"}]}},{\"@type\":\"ListItem\",\"position\":166,\"item\":{\"@type\":\"City\",\"name\":\"Saint-Lyphard\",\"additionalProperty\":[{\"@type\":\"PropertyValue\",\"name\":\"Lieux \/ Activit\u00e9s incontournables\",\"value\":\"Historique et culturels\"},{\"@type\":\"PropertyValue\",\"name\":\"March\u00e9s \/ \u00e9v\u00e9nements locaux\",\"value\":\"Festivals culturels\"},{\"@type\":\"PropertyValue\",\"name\":\"Restaurants \/ sp\u00e9cialit\u00e9s\",\"value\":\"Cuisine traditionnelle et poisson frais\"},{\"@type\":\"PropertyValue\",\"name\":\"Astuce ou commentaire\",\"value\":\"Saint-Lyphard est connu pour son patrimoine historique.\"}]}},{\"@type\":\"ListItem\",\"position\":167,\"item\":{\"@type\":\"City\",\"name\":\"Villaz\",\"additionalProperty\":[{\"@type\":\"PropertyValue\",\"name\":\"Lieux \/ Activit\u00e9s incontournables\",\"value\":\"Paysages ruraux et histoire locale\"},{\"@type\":\"PropertyValue\",\"name\":\"March\u00e9s \/ \u00e9v\u00e9nements locaux\",\"value\":\"March\u00e9s locaux\"},{\"@type\":\"PropertyValue\",\"name\":\"Restaurants \/ sp\u00e9cialit\u00e9s\",\"value\":\"Cuisine traditionnelle et produits locaux\"},{\"@type\":\"PropertyValue\",\"name\":\"Astuce ou commentaire\",\"value\":\"Villaz offre une exp\u00e9rience rurale et calme.\"}]}},{\"@type\":\"ListItem\",\"position\":168,\"item\":{\"@type\":\"City\",\"name\":\"Puygaillard-de-Quercy\",\"additionalProperty\":[{\"@type\":\"PropertyValue\",\"name\":\"Lieux \/ Activit\u00e9s incontournables\",\"value\":\"Ch\u00e2teau et sites naturels\"},{\"@type\":\"PropertyValue\",\"name\":\"March\u00e9s \/ \u00e9v\u00e9nements locaux\",\"value\":\"March\u00e9s hebdomadaires\"},{\"@type\":\"PropertyValue\",\"name\":\"Restaurants \/ sp\u00e9cialit\u00e9s\",\"value\":\"Cuisine traditionnelle quercynoise\"},{\"@type\":\"PropertyValue\",\"name\":\"Astuce ou commentaire\",\"value\":\"Puygaillard-de-Quercy est riche en histoire et nature.\"}]}},{\"@type\":\"ListItem\",\"position\":169,\"item\":{\"@type\":\"City\",\"name\":\"Cambo-les-Bains\",\"additionalProperty\":[{\"@type\":\"PropertyValue\",\"name\":\"Lieux \/ Activit\u00e9s incontournables\",\"value\":\"Station thermale et environnement naturel\"},{\"@type\":\"PropertyValue\",\"name\":\"March\u00e9s \/ \u00e9v\u00e9nements locaux\",\"value\":\"Festivals culturels et march\u00e9s locaux\"},{\"@type\":\"PropertyValue\",\"name\":\"Restaurants \/ sp\u00e9cialit\u00e9s\",\"value\":\"Cuisine basque et produits locaux\"},{\"@type\":\"PropertyValue\",\"name\":\"Astuce ou commentaire\",\"value\":\"Cambo-les-Bains est id\u00e9al pour le bien-\u00eatre et la nature.\"}]}},{\"@type\":\"ListItem\",\"position\":170,\"item\":{\"@type\":\"City\",\"name\":\"Castel-Sarrazin\",\"additionalProperty\":[{\"@type\":\"PropertyValue\",\"name\":\"Lieux \/ Activit\u00e9s incontournables\",\"value\":\"Ch\u00e2teau et sites historiques\"},{\"@type\":\"PropertyValue\",\"name\":\"March\u00e9s \/ \u00e9v\u00e9nements locaux\",\"value\":\"March\u00e9s locaux\"},{\"@type\":\"PropertyValue\",\"name\":\"Restaurants \/ sp\u00e9cialit\u00e9s\",\"value\":\"Cuisine traditionnelle et produits r\u00e9gionaux\"},{\"@type\":\"PropertyValue\",\"name\":\"Astuce ou commentaire\",\"value\":\"Castel-Sarrazin est riche en patrimoine historique.\"}]}},{\"@type\":\"ListItem\",\"position\":171,\"item\":{\"@type\":\"City\",\"name\":\"Gabarret\",\"additionalProperty\":[{\"@type\":\"PropertyValue\",\"name\":\"Lieux \/ Activit\u00e9s incontournables\",\"value\":\"For\u00eats et \u00e9tangs\"},{\"@type\":\"PropertyValue\",\"name\":\"March\u00e9s \/ \u00e9v\u00e9nements locaux\",\"value\":\"Randonn\u00e9es et activit\u00e9s nature\"},{\"@type\":\"PropertyValue\",\"name\":\"Restaurants \/ sp\u00e9cialit\u00e9s\",\"value\":\"Cuisine locale et produits forestiers\"},{\"@type\":\"PropertyValue\",\"name\":\"Astuce ou commentaire\",\"value\":\"Gabarret est parfait pour les amoureux de la nature.\"}]}},{\"@type\":\"ListItem\",\"position\":172,\"item\":{\"@type\":\"City\",\"name\":\"Belhade\",\"additionalProperty\":[{\"@type\":\"PropertyValue\",\"name\":\"Lieux \/ Activit\u00e9s incontournables\",\"value\":\"Patrimoine historique et culturel\"},{\"@type\":\"PropertyValue\",\"name\":\"March\u00e9s \/ \u00e9v\u00e9nements locaux\",\"value\":\"Festivals culturels\"},{\"@type\":\"PropertyValue\",\"name\":\"Restaurants \/ sp\u00e9cialit\u00e9s\",\"value\":\"Cuisine traditionnelle et produits locaux\"},{\"@type\":\"PropertyValue\",\"name\":\"Astuce ou commentaire\",\"value\":\"Belhade est riche en histoire et culture.\"}]}},{\"@type\":\"ListItem\",\"position\":173,\"item\":{\"@type\":\"City\",\"name\":\"Sorde-l'Abbaye\",\"additionalProperty\":[{\"@type\":\"PropertyValue\",\"name\":\"Lieux \/ Activit\u00e9s incontournables\",\"value\":\"Sites arch\u00e9ologiques et abbaye\"},{\"@type\":\"PropertyValue\",\"name\":\"March\u00e9s \/ \u00e9v\u00e9nements locaux\",\"value\":\"Ev\u00e9nements culturels\"},{\"@type\":\"PropertyValue\",\"name\":\"Restaurants \/ sp\u00e9cialit\u00e9s\",\"value\":\"Cuisine traditionnelle et produits locaux\"},{\"@type\":\"PropertyValue\",\"name\":\"Astuce ou commentaire\",\"value\":\"Sorde-l'Abbaye est id\u00e9al pour les amateurs d'histoire et de culture.\"}]}},{\"@type\":\"ListItem\",\"position\":174,\"item\":{\"@type\":\"City\",\"name\":\"Magescq\",\"additionalProperty\":[{\"@type\":\"PropertyValue\",\"name\":\"Lieux \/ Activit\u00e9s incontournables\",\"value\":\"Sites naturels et paysages\"},{\"@type\":\"PropertyValue\",\"name\":\"March\u00e9s \/ \u00e9v\u00e9nements locaux\",\"value\":\"March\u00e9s locaux et festivals\"},{\"@type\":\"PropertyValue\",\"name\":\"Restaurants \/ sp\u00e9cialit\u00e9s\",\"value\":\"Cuisine locale et sp\u00e9cialit\u00e9s de la r\u00e9gion\"},{\"@type\":\"PropertyValue\",\"name\":\"Astuce ou commentaire\",\"value\":\"Magescq offre des paysages vari\u00e9s et des \u00e9v\u00e9nements locaux.\"}]}},{\"@type\":\"ListItem\",\"position\":175,\"item\":{\"@type\":\"City\",\"name\":\"Ychoux\",\"additionalProperty\":[{\"@type\":\"PropertyValue\",\"name\":\"Lieux \/ Activit\u00e9s incontournables\",\"value\":\"For\u00eats et sites naturels\"},{\"@type\":\"PropertyValue\",\"name\":\"March\u00e9s \/ \u00e9v\u00e9nements locaux\",\"value\":\"Randonn\u00e9es et activit\u00e9s sportives\"},{\"@type\":\"PropertyValue\",\"name\":\"Restaurants \/ sp\u00e9cialit\u00e9s\",\"value\":\"Cuisine locale et produits forestiers\"},{\"@type\":\"PropertyValue\",\"name\":\"Astuce ou commentaire\",\"value\":\"Ychoux est un bon choix pour les activit\u00e9s en plein air.\"}]}},{\"@type\":\"ListItem\",\"position\":176,\"item\":{\"@type\":\"City\",\"name\":\"Belin-B\u00e9liet\",\"additionalProperty\":[{\"@type\":\"PropertyValue\",\"name\":\"Lieux \/ Activit\u00e9s incontournables\",\"value\":\"Paysages forestiers et sites naturels\"},{\"@type\":\"PropertyValue\",\"name\":\"March\u00e9s \/ \u00e9v\u00e9nements locaux\",\"value\":\"March\u00e9s locaux et \u00e9v\u00e9nements culturels\"},{\"@type\":\"PropertyValue\",\"name\":\"Restaurants \/ sp\u00e9cialit\u00e9s\",\"value\":\"Cuisine traditionnelle et produits locaux\"},{\"@type\":\"PropertyValue\",\"name\":\"Astuce ou commentaire\",\"value\":\"Belin-B\u00e9liet est riche en nature et culture.\"}]}},{\"@type\":\"ListItem\",\"position\":177,\"item\":{\"@type\":\"City\",\"name\":\"Lamothe\",\"additionalProperty\":[{\"@type\":\"PropertyValue\",\"name\":\"Lieux \/ Activit\u00e9s incontournables\",\"value\":\"Ch\u00e2teau et histoire locale\"},{\"@type\":\"PropertyValue\",\"name\":\"March\u00e9s \/ \u00e9v\u00e9nements locaux\",\"value\":\"March\u00e9s hebdomadaires\"},{\"@type\":\"PropertyValue\",\"name\":\"Restaurants \/ sp\u00e9cialit\u00e9s\",\"value\":\"Cuisine traditionnelle et produits r\u00e9gionaux\"},{\"@type\":\"PropertyValue\",\"name\":\"Astuce ou commentaire\",\"value\":\"Lamothe est connu pour son patrimoine historique.\"}]}},{\"@type\":\"ListItem\",\"position\":178,\"item\":{\"@type\":\"City\",\"name\":\"Cazaux\",\"additionalProperty\":[{\"@type\":\"PropertyValue\",\"name\":\"Lieux \/ Activit\u00e9s incontournables\",\"value\":\"\u00c9tangs et sites naturels\"},{\"@type\":\"PropertyValue\",\"name\":\"March\u00e9s \/ \u00e9v\u00e9nements locaux\",\"value\":\"Activit\u00e9s nautiques et festivals locaux\"},{\"@type\":\"PropertyValue\",\"name\":\"Restaurants \/ sp\u00e9cialit\u00e9s\",\"value\":\"Cuisine de mer et sp\u00e9cialit\u00e9s locales\"},{\"@type\":\"PropertyValue\",\"name\":\"Astuce ou commentaire\",\"value\":\"Cazaux est id\u00e9al pour les amoureux de l'eau et de la nature.\"}]}},{\"@type\":\"ListItem\",\"position\":179,\"item\":{\"@type\":\"City\",\"name\":\"Sanguinet\",\"additionalProperty\":[{\"@type\":\"PropertyValue\",\"name\":\"Lieux \/ Activit\u00e9s incontournables\",\"value\":\"Lacs et paysages naturels\"},{\"@type\":\"PropertyValue\",\"name\":\"March\u00e9s \/ \u00e9v\u00e9nements locaux\",\"value\":\"March\u00e9s locaux et festivals\"},{\"@type\":\"PropertyValue\",\"name\":\"Restaurants \/ sp\u00e9cialit\u00e9s\",\"value\":\"Cuisine locale et produits forestiers\"},{\"@type\":\"PropertyValue\",\"name\":\"Astuce ou commentaire\",\"value\":\"Sanguinet est un bon choix pour les activit\u00e9s en plein air.\"}]}},{\"@type\":\"ListItem\",\"position\":180,\"item\":{\"@type\":\"City\",\"name\":\"Escalans\",\"url\":\"https:\/\/www.escaplus.fr\/escapades\/escadans-landes\",\"image\":\"https:\/\/upload.wikimedia.org\/wikipedia\/commons\/5\/56\/Escalans_Landes_france.jpg\",\"additionalProperty\":[{\"@type\":\"PropertyValue\",\"name\":\"Distance depuis le camping (km)\",\"value\":\"40 km\"},{\"@type\":\"PropertyValue\",\"name\":\"Temps en voiture (min)\",\"value\":\"40\"},{\"@type\":\"PropertyValue\",\"name\":\"Lieux \/ Activit\u00e9s incontournables\",\"value\":\"Vestiges m\u00e9di\u00e9vaux, for\u00eats landaises, sentiers de randonn\u00e9e\"},{\"@type\":\"PropertyValue\",\"name\":\"March\u00e9s \/ \u00e9v\u00e9nements locaux\",\"value\":\"March\u00e9 local mensuel, f\u00eates traditionnelles en \u00e9t\u00e9\"},{\"@type\":\"PropertyValue\",\"name\":\"Restaurants \/ sp\u00e9cialit\u00e9s\",\"value\":\"Cuisine traditionnelle landaise, foie gras, canard confit\"},{\"@type\":\"PropertyValue\",\"name\":\"Astuce ou commentaire\",\"value\":\"Village pittoresque au sud-est, moins connu que les grandes villes, id\u00e9al pour d\u00e9couvrir la nature Landes profonde\"}]}},{\"@type\":\"ListItem\",\"position\":181,\"item\":{\"@type\":\"City\",\"name\":\"Onard\",\"url\":\"https:\/\/www.landes-tourisme.info\/onard\",\"image\":\"https:\/\/www.landes-tourisme.info\/images\/onard-village.jpg\",\"additionalProperty\":[{\"@type\":\"PropertyValue\",\"name\":\"Distance depuis le camping (km)\",\"value\":\"18 km\"},{\"@type\":\"PropertyValue\",\"name\":\"Temps en voiture (min)\",\"value\":\"20\"},{\"@type\":\"PropertyValue\",\"name\":\"Lieux \/ Activit\u00e9s incontournables\",\"value\":\"\u00c9glise Saint-Eloi, chapelle et paysages ruraux autour\"},{\"@type\":\"PropertyValue\",\"name\":\"March\u00e9s \/ \u00e9v\u00e9nements locaux\",\"value\":\"March\u00e9 local hebdomadaire, \u00e9v\u00e9nements culturels villageois\"},{\"@type\":\"PropertyValue\",\"name\":\"Restaurants \/ sp\u00e9cialit\u00e9s\",\"value\":\"Petits restaurants offrant plats r\u00e9gionaux landais\"},{\"@type\":\"PropertyValue\",\"name\":\"Astuce ou commentaire\",\"value\":\"Petite commune rurale calme, id\u00e9ale pour une escapade nature et gastronomie authentique\"}]}},{\"@type\":\"ListItem\",\"position\":182,\"item\":{\"@type\":\"City\",\"name\":\"Cast\u00e9tis\",\"url\":\"https:\/\/www.tourismelandes.fr\/castetis\",\"image\":\"https:\/\/cdn.tourismelandes.fr\/photos\/castetis_eglise_landais.jpg\",\"additionalProperty\":[{\"@type\":\"PropertyValue\",\"name\":\"Distance depuis le camping (km)\",\"value\":\"30 km\"},{\"@type\":\"PropertyValue\",\"name\":\"Temps en voiture (min)\",\"value\":\"30\"},{\"@type\":\"PropertyValue\",\"name\":\"Lieux \/ Activit\u00e9s incontournables\",\"value\":\"\u00c9glise Saint-Pierre, patrimoine architectural local, nature environnante\"},{\"@type\":\"PropertyValue\",\"name\":\"March\u00e9s \/ \u00e9v\u00e9nements locaux\",\"value\":\"March\u00e9 mensuel, festival local d\u2019\u00e9t\u00e9\"},{\"@type\":\"PropertyValue\",\"name\":\"Restaurants \/ sp\u00e9cialit\u00e9s\",\"value\":\"Sp\u00e9cialit\u00e9s \u00e0 base de produits locaux, vins du sud-ouest\"},{\"@type\":\"PropertyValue\",\"name\":\"Astuce ou commentaire\",\"value\":\"Village calme avec un riche patrimoine \u00e0 d\u00e9couvrir, aux portes de la for\u00eat landaise\"}]}},{\"@type\":\"ListItem\",\"position\":183,\"item\":{\"@type\":\"City\",\"name\":\"Magescq\",\"url\":\"https:\/\/www.landes-tourisme.info\/magescq\",\"image\":\"https:\/\/cdn.landes-tourisme.info\/magescq_village.jpg\",\"additionalProperty\":[{\"@type\":\"PropertyValue\",\"name\":\"Distance depuis le camping (km)\",\"value\":\"22 km\"},{\"@type\":\"PropertyValue\",\"name\":\"Temps en voiture (min)\",\"value\":\"25\"},{\"@type\":\"PropertyValue\",\"name\":\"Lieux \/ Activit\u00e9s incontournables\",\"value\":\"\u00c9glise Saint-Vincent, parc naturel, balades en for\u00eat\"},{\"@type\":\"PropertyValue\",\"name\":\"March\u00e9s \/ \u00e9v\u00e9nements locaux\",\"value\":\"March\u00e9s traditionnels, f\u00eate annuelle\"},{\"@type\":\"PropertyValue\",\"name\":\"Restaurants \/ sp\u00e9cialit\u00e9s\",\"value\":\"Cuisine locale, fruits de mer, sp\u00e9cialit\u00e9s gasconnes\"},{\"@type\":\"PropertyValue\",\"name\":\"Astuce ou commentaire\",\"value\":\"Petit bourg vibrant proposant quelques commerces et activit\u00e9s culturelles \u00e0 proximit\u00e9 de Saint-Paul-en-Born\"}]}},{\"@type\":\"ListItem\",\"position\":184,\"item\":{\"@type\":\"City\",\"name\":\"Ychoux\",\"url\":\"https:\/\/www.ychoux.fr\",\"image\":\"https:\/\/upload.wikimedia.org\/wikipedia\/commons\/8\/8a\/Ychoux_Landes_village.jpg\",\"additionalProperty\":[{\"@type\":\"PropertyValue\",\"name\":\"Distance depuis le camping (km)\",\"value\":\"40 km\"},{\"@type\":\"PropertyValue\",\"name\":\"Temps en voiture (min)\",\"value\":\"35\"},{\"@type\":\"PropertyValue\",\"name\":\"Lieux \/ Activit\u00e9s incontournables\",\"value\":\"\u00c9glise Saint-Georges, for\u00eat landaise, r\u00e9serve naturelle\"},{\"@type\":\"PropertyValue\",\"name\":\"March\u00e9s \/ \u00e9v\u00e9nements locaux\",\"value\":\"March\u00e9 paysan hebdomadaire, festivals locaux\"},{\"@type\":\"PropertyValue\",\"name\":\"Restaurants \/ sp\u00e9cialit\u00e9s\",\"value\":\"Produits du terroir, plats landais, cuisine de saison\"},{\"@type\":\"PropertyValue\",\"name\":\"Astuce ou commentaire\",\"value\":\"Bourg anim\u00e9 au c\u0153ur des Landes offrant richesse naturelle et culturelle\"}]}},{\"@type\":\"ListItem\",\"position\":185,\"item\":{\"@type\":\"City\",\"name\":\"Gabarret\",\"url\":\"https:\/\/www.gabarret.fr\",\"image\":\"https:\/\/upload.wikimedia.org\/wikipedia\/commons\/1\/14\/Gabarret_hall.jpg\",\"additionalProperty\":[{\"@type\":\"PropertyValue\",\"name\":\"Distance depuis le camping (km)\",\"value\":\"60 km\"},{\"@type\":\"PropertyValue\",\"name\":\"Temps en voiture (min)\",\"value\":\"50\"},{\"@type\":\"PropertyValue\",\"name\":\"Lieux \/ Activit\u00e9s incontournables\",\"value\":\"Place centrale avec halles, \u00e9glise traditionnelle\"},{\"@type\":\"PropertyValue\",\"name\":\"March\u00e9s \/ \u00e9v\u00e9nements locaux\",\"value\":\"March\u00e9s hebdomadaires, foires artisanales\"},{\"@type\":\"PropertyValue\",\"name\":\"Restaurants \/ sp\u00e9cialit\u00e9s\",\"value\":\"Cuisine gasconne, charcuterie maison\"},{\"@type\":\"PropertyValue\",\"name\":\"Astuce ou commentaire\",\"value\":\"Localit\u00e9 plus \u00e9loign\u00e9e mais pleine de charme, parfaite pour d\u00e9couvrir la culture locale gasconne\"}]}},{\"@type\":\"ListItem\",\"position\":186,\"item\":{\"@type\":\"City\",\"name\":\"Belhade\",\"url\":\"https:\/\/www.landes-tourisme.info\/belhade\",\"image\":\"https:\/\/cdn.landes-tourisme.info\/belhade_paysage.jpg\",\"additionalProperty\":[{\"@type\":\"PropertyValue\",\"name\":\"Distance depuis le camping (km)\",\"value\":\"55 km\"},{\"@type\":\"PropertyValue\",\"name\":\"Temps en voiture (min)\",\"value\":\"50\"},{\"@type\":\"PropertyValue\",\"name\":\"Lieux \/ Activit\u00e9s incontournables\",\"value\":\"Sites naturels, randonn\u00e9es en for\u00eat, patrimoine rural\"},{\"@type\":\"PropertyValue\",\"name\":\"March\u00e9s \/ \u00e9v\u00e9nements locaux\",\"value\":\"Petits march\u00e9s locaux, festivals de village\"},{\"@type\":\"PropertyValue\",\"name\":\"Restaurants \/ sp\u00e9cialit\u00e9s\",\"value\":\"Produits locaux, cuisine simple et authentique\"},{\"@type\":\"PropertyValue\",\"name\":\"Astuce ou commentaire\",\"value\":\"Commune rurale paisible, id\u00e9ale pour les amateurs de nature et de tranquillit\u00e9\"}]}},{\"@type\":\"ListItem\",\"position\":187,\"item\":{\"@type\":\"City\",\"name\":\"Marensin\",\"url\":\"https:\/\/www.marenesin.fr\",\"image\":\"https:\/\/www.landes-tourisme.info\/img\/marenesin_plage.jpg\",\"additionalProperty\":[{\"@type\":\"PropertyValue\",\"name\":\"Distance depuis le camping (km)\",\"value\":\"45 km\"},{\"@type\":\"PropertyValue\",\"name\":\"Temps en voiture (min)\",\"value\":\"40\"},{\"@type\":\"PropertyValue\",\"name\":\"Lieux \/ Activit\u00e9s incontournables\",\"value\":\"Dunes c\u00f4ti\u00e8res, plages, r\u00e9serves naturelles\"},{\"@type\":\"PropertyValue\",\"name\":\"March\u00e9s \/ \u00e9v\u00e9nements locaux\",\"value\":\"March\u00e9s artisanaux, \u00e9v\u00e9nements culturels estivaux\"},{\"@type\":\"PropertyValue\",\"name\":\"Restaurants \/ sp\u00e9cialit\u00e9s\",\"value\":\"Fruits de mer, plats typiques de la c\u00f4te basque\"},{\"@type\":\"PropertyValue\",\"name\":\"Astuce ou commentaire\",\"value\":\"R\u00e9gion c\u00f4ti\u00e8re proche mais distincte, offrant plages et nature prot\u00e9g\u00e9e, id\u00e9ale pour les balades et la d\u00e9tente\"}]}},{\"@type\":\"ListItem\",\"position\":188,\"item\":{\"@type\":\"City\",\"name\":\"Parleboscq\",\"url\":\"https:\/\/www.parleboscq.fr\",\"image\":\"https:\/\/upload.wikimedia.org\/wikipedia\/commons\/2\/20\/Parleboscq_Landes_village.jpg\",\"additionalProperty\":[{\"@type\":\"PropertyValue\",\"name\":\"Distance depuis le camping (km)\",\"value\":\"48 km\"},{\"@type\":\"PropertyValue\",\"name\":\"Temps en voiture (min)\",\"value\":\"40\"},{\"@type\":\"PropertyValue\",\"name\":\"Lieux \/ Activit\u00e9s incontournables\",\"value\":\"Village traditionnel, paysages vallonn\u00e9s, \u00e9glise locale\"},{\"@type\":\"PropertyValue\",\"name\":\"March\u00e9s \/ \u00e9v\u00e9nements locaux\",\"value\":\"F\u00eates locales, march\u00e9s saisonniers\"},{\"@type\":\"PropertyValue\",\"name\":\"Restaurants \/ sp\u00e9cialit\u00e9s\",\"value\":\"Charcuterie, cuisine gasconne et landaise\"},{\"@type\":\"PropertyValue\",\"name\":\"Astuce ou commentaire\",\"value\":\"Petit village authentique offrant un d\u00e9paysement complet, loin des zones plus touristiques\"}]}},{\"@type\":\"ListItem\",\"position\":189,\"item\":{\"@type\":\"City\",\"name\":\"Morcenx-la-Nouvelle (secteur exclu car d\u00e9j\u00e0 mentionn\u00e9)\",\"additionalProperty\":[{\"@type\":\"PropertyValue\",\"name\":\"Distance depuis le camping (km)\",\"value\":\"25 km\"},{\"@type\":\"PropertyValue\",\"name\":\"Temps en voiture (min)\",\"value\":\"25\"},{\"@type\":\"PropertyValue\",\"name\":\"Lieux \/ Activit\u00e9s incontournables\",\"value\":\"Mus\u00e9e, plan d\u2019eau, for\u00eat\"},{\"@type\":\"PropertyValue\",\"name\":\"March\u00e9s \/ \u00e9v\u00e9nements locaux\",\"value\":\"Festivals locaux, march\u00e9s traditionnels\"},{\"@type\":\"PropertyValue\",\"name\":\"Restaurants \/ sp\u00e9cialit\u00e9s\",\"value\":\"Sp\u00e9cialit\u00e9s landaises traditionnelles\"},{\"@type\":\"PropertyValue\",\"name\":\"Astuce ou commentaire\",\"value\":\"Ville importante du secteur, d\u00e9j\u00e0 mentionn\u00e9e donc exclue\"}]}},{\"@type\":\"ListItem\",\"position\":190,\"item\":{\"@type\":\"City\",\"name\":\"L\u00e9vignacq\",\"url\":\"https:\/\/www.levignacq.fr\",\"image\":\"https:\/\/cdn.landes-tourisme.info\/levignacq_village.jpg\",\"additionalProperty\":[{\"@type\":\"PropertyValue\",\"name\":\"Distance depuis le camping (km)\",\"value\":\"27 km\"},{\"@type\":\"PropertyValue\",\"name\":\"Temps en voiture (min)\",\"value\":\"25\"},{\"@type\":\"PropertyValue\",\"name\":\"Lieux \/ Activit\u00e9s incontournables\",\"value\":\"\u00c9glise historique, ponts sur la rivi\u00e8re\"},{\"@type\":\"PropertyValue\",\"name\":\"March\u00e9s \/ \u00e9v\u00e9nements locaux\",\"value\":\"March\u00e9s mensuels, \u00e9v\u00e9nements culturels\"},{\"@type\":\"PropertyValue\",\"name\":\"Restaurants \/ sp\u00e9cialit\u00e9s\",\"value\":\"Cuisine traditionnelle landaise\"},{\"@type\":\"PropertyValue\",\"name\":\"Astuce ou commentaire\",\"value\":\"Village offrant cadre tranquille et quelques attractions patrimoniales\"}]}},{\"@type\":\"ListItem\",\"position\":191,\"item\":{\"@type\":\"City\",\"name\":\"Saint-Gein\",\"url\":\"https:\/\/www.saintgein.fr\",\"image\":\"https:\/\/upload.wikimedia.org\/wikipedia\/commons\/c\/c1\/Saint-gein_land.jpg\",\"additionalProperty\":[{\"@type\":\"PropertyValue\",\"name\":\"Distance depuis le camping (km)\",\"value\":\"50 km\"},{\"@type\":\"PropertyValue\",\"name\":\"Temps en voiture (min)\",\"value\":\"45\"},{\"@type\":\"PropertyValue\",\"name\":\"Lieux \/ Activit\u00e9s incontournables\",\"value\":\"Ch\u00e2teau, \u00e9glise, sentiers nature\"},{\"@type\":\"PropertyValue\",\"name\":\"March\u00e9s \/ \u00e9v\u00e9nements locaux\",\"value\":\"F\u00eates traditionnelles, march\u00e9s locaux en saison\"},{\"@type\":\"PropertyValue\",\"name\":\"Restaurants \/ sp\u00e9cialit\u00e9s\",\"value\":\"Produits r\u00e9gionaux et cuisine du terroir\"},{\"@type\":\"PropertyValue\",\"name\":\"Astuce ou commentaire\",\"value\":\"Commune rurale de caract\u00e8re au c\u0153ur des Landes, id\u00e9ale pour d\u00e9couvrir le patrimoine local\"}]}},{\"@type\":\"ListItem\",\"position\":192,\"item\":{\"@type\":\"City\",\"name\":\"Sorde-l'Abbaye\",\"url\":\"https:\/\/www.sorde-labbaye.fr\",\"image\":\"https:\/\/upload.wikimedia.org\/wikipedia\/commons\/7\/7e\/Sorde-l'Abbaye_abbaye.jpg\",\"additionalProperty\":[{\"@type\":\"PropertyValue\",\"name\":\"Distance depuis le camping (km)\",\"value\":\"78 km\"},{\"@type\":\"PropertyValue\",\"name\":\"Temps en voiture (min)\",\"value\":\"70\"},{\"@type\":\"PropertyValue\",\"name\":\"Lieux \/ Activit\u00e9s incontournables\",\"value\":\"Abbaye mill\u00e9naire class\u00e9e UNESCO, patrimoine historique\"},{\"@type\":\"PropertyValue\",\"name\":\"March\u00e9s \/ \u00e9v\u00e9nements locaux\",\"value\":\"March\u00e9s hebdomadaires, \u00e9v\u00e9nements culturels\"},{\"@type\":\"PropertyValue\",\"name\":\"Restaurants \/ sp\u00e9cialit\u00e9s\",\"value\":\"Sp\u00e9cialit\u00e9s b\u00e9arnaises et landaises\"},{\"@type\":\"PropertyValue\",\"name\":\"Astuce ou commentaire\",\"value\":\"Un peu plus \u00e9loign\u00e9e mais site incontournable avec son riche patrimoine religieux\"}]}},{\"@type\":\"ListItem\",\"position\":193,\"item\":{\"@type\":\"City\",\"name\":\"M\u00e9es\",\"url\":\"https:\/\/www.meessite.fr\",\"image\":\"https:\/\/upload.wikimedia.org\/wikipedia\/commons\/0\/02\/M%C3%A9es_village_land.jpg\",\"additionalProperty\":[{\"@type\":\"PropertyValue\",\"name\":\"Distance depuis le camping (km)\",\"value\":\"65 km\"},{\"@type\":\"PropertyValue\",\"name\":\"Temps en voiture (min)\",\"value\":\"60\"},{\"@type\":\"PropertyValue\",\"name\":\"Lieux \/ Activit\u00e9s incontournables\",\"value\":\"\u00c9glise, espaces naturels autour, campagne landaise\"},{\"@type\":\"PropertyValue\",\"name\":\"March\u00e9s \/ \u00e9v\u00e9nements locaux\",\"value\":\"March\u00e9s traditionnels et festivit\u00e9s saisonni\u00e8res\"},{\"@type\":\"PropertyValue\",\"name\":\"Restaurants \/ sp\u00e9cialit\u00e9s\",\"value\":\"Cuisine de campagne locale, plats r\u00e9gionaux\"},{\"@type\":\"PropertyValue\",\"name\":\"Astuce ou commentaire\",\"value\":\"Village typique aux abords de la nature, offrant une exp\u00e9rience rurale landaise authentique\"}]}},{\"@type\":\"ListItem\",\"position\":194,\"item\":{\"@type\":\"City\",\"name\":\"Onesse-et-Laharie (exclu car d\u00e9j\u00e0 mentionn\u00e9)\",\"additionalProperty\":[{\"@type\":\"PropertyValue\",\"name\":\"Distance depuis le camping (km)\",\"value\":\"35 km\"},{\"@type\":\"PropertyValue\",\"name\":\"Temps en voiture (min)\",\"value\":\"35\"},{\"@type\":\"PropertyValue\",\"name\":\"Lieux \/ Activit\u00e9s incontournables\",\"value\":\"\u00c9glises, for\u00eat, nature\"},{\"@type\":\"PropertyValue\",\"name\":\"March\u00e9s \/ \u00e9v\u00e9nements locaux\",\"value\":\"March\u00e9s locaux et traditions villageoises\"},{\"@type\":\"PropertyValue\",\"name\":\"Restaurants \/ sp\u00e9cialit\u00e9s\",\"value\":\"Plats traditionnels landais\"},{\"@type\":\"PropertyValue\",\"name\":\"Astuce ou commentaire\",\"value\":\"Ville d\u00e9j\u00e0 cit\u00e9e donc exclue selon consignes\"}]}}]},{\"@type\":\"ItemList\",\"name\":\"Activit\u00e9s et lieux recommand\u00e9s\",\"itemListElement\":[{\"@type\":\"ListItem\",\"position\":1,\"item\":{\"@type\":\"TouristAttraction\",\"name\":\"Cano\u00eb Aventure\",\"url\":\"https:\/\/www.tourismelandes.com\/activite\/canoe-aventure-ascaqu040fs00097\/\",\"location\":{\"@type\":\"Place\",\"name\":\"Descente de la rivi\u00e8re le Canteloup\"},\"additionalProperty\":[{\"@type\":\"PropertyValue\",\"name\":\"Type d\u2019\u00e9v\u00e9nement (march\u00e9, festival, sport, etc.)\",\"value\":\"Activit\u00e9 nautique\"},{\"@type\":\"PropertyValue\",\"name\":\"Ville \/ Zone\",\"value\":\"Descente de la rivi\u00e8re le Canteloup\"},{\"@type\":\"PropertyValue\",\"name\":\"Distance depuis le camping (km)\",\"value\":\"Pr\u00e8s de Saint-Paul-en-Born\"},{\"@type\":\"PropertyValue\",\"name\":\"Dur\u00e9e moyenne\",\"value\":\"Variable\"},{\"@type\":\"PropertyValue\",\"name\":\"Tarif (si payant)\",\"value\":\"Selon saison et package\"},{\"@type\":\"PropertyValue\",\"name\":\"R\u00e9servation n\u00e9cessaire ?\",\"value\":\"Oui\"},{\"@type\":\"PropertyValue\",\"name\":\"Astuce ou commentaire\",\"value\":\"Navette gratuite disponible depuis le lac.\"}]}},{\"@type\":\"ListItem\",\"position\":2,\"item\":{\"@type\":\"TouristAttraction\",\"name\":\"Randonn\u00e9e\",\"url\":\"https:\/\/www.mimizan-tourisme.com\/je-decouvre\/les-villes\/st-paul-en-born\/\",\"location\":{\"@type\":\"Place\",\"name\":\"For\u00eat des Landes\"},\"additionalProperty\":[{\"@type\":\"PropertyValue\",\"name\":\"Type d\u2019\u00e9v\u00e9nement (march\u00e9, festival, sport, etc.)\",\"value\":\"Activit\u00e9 nature\"},{\"@type\":\"PropertyValue\",\"name\":\"Ville \/ Zone\",\"value\":\"For\u00eat des Landes\"},{\"@type\":\"PropertyValue\",\"name\":\"Distance depuis le camping (km)\",\"value\":\"Pr\u00e8s du camping\"},{\"@type\":\"PropertyValue\",\"name\":\"Dur\u00e9e moyenne\",\"value\":\"Variable\"},{\"@type\":\"PropertyValue\",\"name\":\"Tarif (si payant)\",\"value\":\"Gratuit\"},{\"@type\":\"PropertyValue\",\"name\":\"R\u00e9servation n\u00e9cessaire ?\",\"value\":\"Non\"},{\"@type\":\"PropertyValue\",\"name\":\"Astuce ou commentaire\",\"value\":\"D\u00e9couvrez la for\u00eat d'aulnaies, de ch\u00eanes et de pins.\"}]}},{\"@type\":\"ListItem\",\"position\":3,\"item\":{\"@type\":\"TouristAttraction\",\"name\":\"Balade en v\u00e9lo\",\"url\":\"https:\/\/www.mimizan-tourisme.com\/je-decouvre\/les-villes\/st-paul-en-born\/\",\"location\":{\"@type\":\"Place\",\"name\":\"Piste cyclable reliant \u00e0 Pontenx les Forges et Aureilhan\"},\"additionalProperty\":[{\"@type\":\"PropertyValue\",\"name\":\"Type d\u2019\u00e9v\u00e9nement (march\u00e9, festival, sport, etc.)\",\"value\":\"Activit\u00e9 cycliste\"},{\"@type\":\"PropertyValue\",\"name\":\"Ville \/ Zone\",\"value\":\"Piste cyclable reliant \u00e0 Pontenx les Forges et Aureilhan\"},{\"@type\":\"PropertyValue\",\"name\":\"Distance depuis le camping (km)\",\"value\":\"Variable\"},{\"@type\":\"PropertyValue\",\"name\":\"Dur\u00e9e moyenne\",\"value\":\"Variable\"},{\"@type\":\"PropertyValue\",\"name\":\"Tarif (si payant)\",\"value\":\"Selon location\"},{\"@type\":\"PropertyValue\",\"name\":\"R\u00e9servation n\u00e9cessaire ?\",\"value\":\"Non\"},{\"@type\":\"PropertyValue\",\"name\":\"Astuce ou commentaire\",\"value\":\"Profitez des paysages vari\u00e9s des Landes.\"}]}},{\"@type\":\"ListItem\",\"position\":4,\"item\":{\"@type\":\"TouristAttraction\",\"name\":\"\u00c9curies Olivier Bauer\",\"url\":\"https:\/\/www.tripadvisor.fr\/Attractions-g1219489-Activities-Saint_Paul_en_Born_Landes_Nouvelle_Aquitaine.html\",\"location\":{\"@type\":\"Place\",\"name\":\"Saint-Paul-en-Born\"},\"additionalProperty\":[{\"@type\":\"PropertyValue\",\"name\":\"Type d\u2019\u00e9v\u00e9nement (march\u00e9, festival, sport, etc.)\",\"value\":\"Activit\u00e9 \u00e9questre\"},{\"@type\":\"PropertyValue\",\"name\":\"Ville \/ Zone\",\"value\":\"Saint-Paul-en-Born\"},{\"@type\":\"PropertyValue\",\"name\":\"Distance depuis le camping (km)\",\"value\":\"Pr\u00e8s du camping\"},{\"@type\":\"PropertyValue\",\"name\":\"Dur\u00e9e moyenne\",\"value\":\"Variable\"},{\"@type\":\"PropertyValue\",\"name\":\"Tarif (si payant)\",\"value\":\"Selon type de balade\"},{\"@type\":\"PropertyValue\",\"name\":\"R\u00e9servation n\u00e9cessaire ?\",\"value\":\"Oui\"},{\"@type\":\"PropertyValue\",\"name\":\"Astuce ou commentaire\",\"value\":\"Propose des balades \u00e0 cheval sur la plage et en for\u00eat.\"}]}},{\"@type\":\"ListItem\",\"position\":5,\"item\":{\"@type\":\"TouristAttraction\",\"name\":\"Golf de Biscarrosse\",\"url\":\"https:\/\/www.biscagrandslacs.com\/activites\/saint-paul-en-born\",\"location\":{\"@type\":\"Place\",\"name\":\"Biscarrosse\"},\"additionalProperty\":[{\"@type\":\"PropertyValue\",\"name\":\"Type d\u2019\u00e9v\u00e9nement (march\u00e9, festival, sport, etc.)\",\"value\":\"Activit\u00e9 sportive\"},{\"@type\":\"PropertyValue\",\"name\":\"Ville \/ Zone\",\"value\":\"Biscarrosse\"},{\"@type\":\"PropertyValue\",\"name\":\"Distance depuis le camping (km)\",\"value\":\"Environ 30 km\"},{\"@type\":\"PropertyValue\",\"name\":\"Dur\u00e9e moyenne\",\"value\":\"Variable\"},{\"@type\":\"PropertyValue\",\"name\":\"Tarif (si payant)\",\"value\":\"Selon tarif golf\"},{\"@type\":\"PropertyValue\",\"name\":\"R\u00e9servation n\u00e9cessaire ?\",\"value\":\"Oui\"},{\"@type\":\"PropertyValue\",\"name\":\"Astuce ou commentaire\",\"value\":\"Profitez du golf dans un cadre naturel.\"}]}},{\"@type\":\"ListItem\",\"position\":6,\"item\":{\"@type\":\"TouristAttraction\",\"name\":\"Surf\",\"url\":\"https:\/\/www.biscagrandslacs.com\/activites\/saint-paul-en-born\",\"location\":{\"@type\":\"Place\",\"name\":\"Oc\u00e9an Atlantique pr\u00e8s de Mimizan\"},\"additionalProperty\":[{\"@type\":\"PropertyValue\",\"name\":\"Type d\u2019\u00e9v\u00e9nement (march\u00e9, festival, sport, etc.)\",\"value\":\"Activit\u00e9 nautique\"},{\"@type\":\"PropertyValue\",\"name\":\"Ville \/ Zone\",\"value\":\"Oc\u00e9an Atlantique pr\u00e8s de Mimizan\"},{\"@type\":\"PropertyValue\",\"name\":\"Distance depuis le camping (km)\",\"value\":\"Environ 10 km\"},{\"@type\":\"PropertyValue\",\"name\":\"Dur\u00e9e moyenne\",\"value\":\"Variable\"},{\"@type\":\"PropertyValue\",\"name\":\"Tarif (si payant)\",\"value\":\"Selon structure et saison\"},{\"@type\":\"PropertyValue\",\"name\":\"R\u00e9servation n\u00e9cessaire ?\",\"value\":\"Oui\"},{\"@type\":\"PropertyValue\",\"name\":\"Astuce ou commentaire\",\"value\":\"Apprenez \u00e0 surfer sur les vagues de l'Atlantique.\"}]}},{\"@type\":\"ListItem\",\"position\":7,\"item\":{\"@type\":\"TouristAttraction\",\"name\":\"Kite surf\",\"url\":\"https:\/\/www.biscagrandslacs.com\/activites\/saint-paul-en-born\",\"location\":{\"@type\":\"Place\",\"name\":\"Lacs ou oc\u00e9an\"},\"additionalProperty\":[{\"@type\":\"PropertyValue\",\"name\":\"Type d\u2019\u00e9v\u00e9nement (march\u00e9, festival, sport, etc.)\",\"value\":\"Activit\u00e9 nautique\"},{\"@type\":\"PropertyValue\",\"name\":\"Ville \/ Zone\",\"value\":\"Lacs ou oc\u00e9an\"},{\"@type\":\"PropertyValue\",\"name\":\"Distance depuis le camping (km)\",\"value\":\"Variable\"},{\"@type\":\"PropertyValue\",\"name\":\"Dur\u00e9e moyenne\",\"value\":\"Variable\"},{\"@type\":\"PropertyValue\",\"name\":\"Tarif (si payant)\",\"value\":\"Selon structure et saison\"},{\"@type\":\"PropertyValue\",\"name\":\"R\u00e9servation n\u00e9cessaire ?\",\"value\":\"Oui\"},{\"@type\":\"PropertyValue\",\"name\":\"Astuce ou commentaire\",\"value\":\"Profitez du vent pour glisser sur l'eau.\"}]}},{\"@type\":\"ListItem\",\"position\":8,\"item\":{\"@type\":\"TouristAttraction\",\"name\":\"Baignade\",\"url\":\"https:\/\/www.mimizan-tourisme.com\/je-decouvre\/les-villes\/st-paul-en-born\/\",\"location\":{\"@type\":\"Place\",\"name\":\"Lac ou plage oc\u00e9ane\"},\"additionalProperty\":[{\"@type\":\"PropertyValue\",\"name\":\"Type d\u2019\u00e9v\u00e9nement (march\u00e9, festival, sport, etc.)\",\"value\":\"Activit\u00e9 nautique\"},{\"@type\":\"PropertyValue\",\"name\":\"Ville \/ Zone\",\"value\":\"Lac ou plage oc\u00e9ane\"},{\"@type\":\"PropertyValue\",\"name\":\"Distance depuis le camping (km)\",\"value\":\"Variable\"},{\"@type\":\"PropertyValue\",\"name\":\"Dur\u00e9e moyenne\",\"value\":\"Variable\"},{\"@type\":\"PropertyValue\",\"name\":\"Tarif (si payant)\",\"value\":\"Gratuit\"},{\"@type\":\"PropertyValue\",\"name\":\"R\u00e9servation n\u00e9cessaire ?\",\"value\":\"Non\"},{\"@type\":\"PropertyValue\",\"name\":\"Astuce ou commentaire\",\"value\":\"Rafra\u00eechissez-vous dans les lacs ou \u00e0 l'oc\u00e9an.\"}]}},{\"@type\":\"ListItem\",\"position\":9,\"item\":{\"@type\":\"TouristAttraction\",\"name\":\"Visite de l'\u00c9glise de Saint Paul\",\"url\":\"https:\/\/www.tourismelandes.com\/patrimoine-culturel\/eglise-de-saint-paul-en-born-pcuaqu040v50a629\/\",\"location\":{\"@type\":\"Place\",\"name\":\"Saint-Paul-en-Born\"},\"additionalProperty\":[{\"@type\":\"PropertyValue\",\"name\":\"Type d\u2019\u00e9v\u00e9nement (march\u00e9, festival, sport, etc.)\",\"value\":\"Activit\u00e9 culturelle\"},{\"@type\":\"PropertyValue\",\"name\":\"Ville \/ Zone\",\"value\":\"Saint-Paul-en-Born\"},{\"@type\":\"PropertyValue\",\"name\":\"Distance depuis le camping (km)\",\"value\":\"Pr\u00e8s du camping\"},{\"@type\":\"PropertyValue\",\"name\":\"Dur\u00e9e moyenne\",\"value\":\"Short\"},{\"@type\":\"PropertyValue\",\"name\":\"Tarif (si payant)\",\"value\":\"Gratuit\"},{\"@type\":\"PropertyValue\",\"name\":\"R\u00e9servation n\u00e9cessaire ?\",\"value\":\"Non\"},{\"@type\":\"PropertyValue\",\"name\":\"Astuce ou commentaire\",\"value\":\"D\u00e9couvrez l'histoire locale.\"}]}},{\"@type\":\"ListItem\",\"position\":10,\"item\":{\"@type\":\"TouristAttraction\",\"name\":\"Accrobranche\",\"url\":\"https:\/\/www.biscagrandslacs.com\/activites\/saint-paul-en-born\",\"location\":{\"@type\":\"Place\",\"name\":\"Biscarrosse\"},\"additionalProperty\":[{\"@type\":\"PropertyValue\",\"name\":\"Type d\u2019\u00e9v\u00e9nement (march\u00e9, festival, sport, etc.)\",\"value\":\"Activit\u00e9 d'aventure\"},{\"@type\":\"PropertyValue\",\"name\":\"Ville \/ Zone\",\"value\":\"Biscarrosse\"},{\"@type\":\"PropertyValue\",\"name\":\"Distance depuis le camping (km)\",\"value\":\"Environ 30 km\"},{\"@type\":\"PropertyValue\",\"name\":\"Dur\u00e9e moyenne\",\"value\":\"Variable\"},{\"@type\":\"PropertyValue\",\"name\":\"Tarif (si payant)\",\"value\":\"Selon parcours choisi\"},{\"@type\":\"PropertyValue\",\"name\":\"R\u00e9servation n\u00e9cessaire ?\",\"value\":\"Oui\"},{\"@type\":\"PropertyValue\",\"name\":\"Astuce ou commentaire\",\"value\":\"D\u00e9fi de parcours a\u00e9riens.\"}]}},{\"@type\":\"ListItem\",\"position\":11,\"item\":{\"@type\":\"TouristAttraction\",\"name\":\"Circuit de karting\",\"url\":\"https:\/\/www.biscagrandslacs.com\/activites\/saint-paul-en-born\",\"location\":{\"@type\":\"Place\",\"name\":\"Biscarrosse\"},\"additionalProperty\":[{\"@type\":\"PropertyValue\",\"name\":\"Type d\u2019\u00e9v\u00e9nement (march\u00e9, festival, sport, etc.)\",\"value\":\"Activit\u00e9 sportive\"},{\"@type\":\"PropertyValue\",\"name\":\"Ville \/ Zone\",\"value\":\"Biscarrosse\"},{\"@type\":\"PropertyValue\",\"name\":\"Distance depuis le camping (km)\",\"value\":\"Environ 30 km\"},{\"@type\":\"PropertyValue\",\"name\":\"Dur\u00e9e moyenne\",\"value\":\"Variable\"},{\"@type\":\"PropertyValue\",\"name\":\"Tarif (si payant)\",\"value\":\"Selon type de kart\"},{\"@type\":\"PropertyValue\",\"name\":\"R\u00e9servation n\u00e9cessaire ?\",\"value\":\"Oui\"},{\"@type\":\"PropertyValue\",\"name\":\"Astuce ou commentaire\",\"value\":\"Thrill de vitesse sur piste.\"}]}},{\"@type\":\"ListItem\",\"position\":12,\"item\":{\"@type\":\"TouristAttraction\",\"name\":\"Bapt\u00eame de l'air en hydravion\",\"url\":\"https:\/\/www.biscagrandslacs.com\/activites\/saint-paul-en-born\",\"location\":{\"@type\":\"Place\",\"name\":\"Lacs ou \u00e9tangs\"},\"additionalProperty\":[{\"@type\":\"PropertyValue\",\"name\":\"Type d\u2019\u00e9v\u00e9nement (march\u00e9, festival, sport, etc.)\",\"value\":\"Activit\u00e9 a\u00e9rienne\"},{\"@type\":\"PropertyValue\",\"name\":\"Ville \/ Zone\",\"value\":\"Lacs ou \u00e9tangs\"},{\"@type\":\"PropertyValue\",\"name\":\"Distance depuis le camping (km)\",\"value\":\"Variable\"},{\"@type\":\"PropertyValue\",\"name\":\"Dur\u00e9e moyenne\",\"value\":\"Court\"},{\"@type\":\"PropertyValue\",\"name\":\"Tarif (si payant)\",\"value\":\"Selon prestataire\"},{\"@type\":\"PropertyValue\",\"name\":\"R\u00e9servation n\u00e9cessaire ?\",\"value\":\"Oui\"},{\"@type\":\"PropertyValue\",\"name\":\"Astuce ou commentaire\",\"value\":\"D\u00e9couvrez la r\u00e9gion depuis les airs.\"}]}},{\"@type\":\"ListItem\",\"position\":13,\"item\":{\"@type\":\"TouristAttraction\",\"name\":\"Ski nautique\",\"url\":\"https:\/\/www.biscagrandslacs.com\/activites\/saint-paul-en-born\",\"location\":{\"@type\":\"Place\",\"name\":\"Lacs\"},\"additionalProperty\":[{\"@type\":\"PropertyValue\",\"name\":\"Type d\u2019\u00e9v\u00e9nement (march\u00e9, festival, sport, etc.)\",\"value\":\"Activit\u00e9 nautique\"},{\"@type\":\"PropertyValue\",\"name\":\"Ville \/ Zone\",\"value\":\"Lacs\"},{\"@type\":\"PropertyValue\",\"name\":\"Distance depuis le camping (km)\",\"value\":\"Variable\"},{\"@type\":\"PropertyValue\",\"name\":\"Dur\u00e9e moyenne\",\"value\":\"Variable\"},{\"@type\":\"PropertyValue\",\"name\":\"Tarif (si payant)\",\"value\":\"Selon prestataire\"},{\"@type\":\"PropertyValue\",\"name\":\"R\u00e9servation n\u00e9cessaire ?\",\"value\":\"Oui\"},{\"@type\":\"PropertyValue\",\"name\":\"Astuce ou commentaire\",\"value\":\"Glissez sur l'eau avec un ski nautique.\"}]}},{\"@type\":\"ListItem\",\"position\":14,\"item\":{\"@type\":\"TouristAttraction\",\"name\":\"Gare de l'Art\",\"url\":\"https:\/\/www.mimizan-tourisme.com\/je-decouvre\/les-villes\/st-paul-en-born\/\",\"location\":{\"@type\":\"Place\",\"name\":\"Saint-Paul-en-Born\"},\"additionalProperty\":[{\"@type\":\"PropertyValue\",\"name\":\"Type d\u2019\u00e9v\u00e9nement (march\u00e9, festival, sport, etc.)\",\"value\":\"Activit\u00e9 culturelle\"},{\"@type\":\"PropertyValue\",\"name\":\"Ville \/ Zone\",\"value\":\"Saint-Paul-en-Born\"},{\"@type\":\"PropertyValue\",\"name\":\"Distance depuis le camping (km)\",\"value\":\"Pr\u00e8s du camping\"},{\"@type\":\"PropertyValue\",\"name\":\"Dur\u00e9e moyenne\",\"value\":\"Short\"},{\"@type\":\"PropertyValue\",\"name\":\"Tarif (si payant)\",\"value\":\"Gratuit ou variable\"},{\"@type\":\"PropertyValue\",\"name\":\"R\u00e9servation n\u00e9cessaire ?\",\"value\":\"Non\"},{\"@type\":\"PropertyValue\",\"name\":\"Astuce ou commentaire\",\"value\":\"Expositions artistiques pendant la belle saison.\"}]}},{\"@type\":\"ListItem\",\"position\":15,\"item\":{\"@type\":\"TouristAttraction\",\"name\":\"Randonn\u00e9e \u00e9questre\",\"url\":\"https:\/\/www.tripadvisor.fr\/Attractions-g1219489-Activities-Saint_Paul_en_Born_Landes_Nouvelle_Aquitaine.html\",\"location\":{\"@type\":\"Place\",\"name\":\"For\u00eats et plages\"},\"additionalProperty\":[{\"@type\":\"PropertyValue\",\"name\":\"Type d\u2019\u00e9v\u00e9nement (march\u00e9, festival, sport, etc.)\",\"value\":\"Activit\u00e9 \u00e9questre\"},{\"@type\":\"PropertyValue\",\"name\":\"Ville \/ Zone\",\"value\":\"For\u00eats et plages\"},{\"@type\":\"PropertyValue\",\"name\":\"Distance depuis le camping (km)\",\"value\":\"Pr\u00e8s du camping\"},{\"@type\":\"PropertyValue\",\"name\":\"Dur\u00e9e moyenne\",\"value\":\"Variable\"},{\"@type\":\"PropertyValue\",\"name\":\"Tarif (si payant)\",\"value\":\"Selon type de balade\"},{\"@type\":\"PropertyValue\",\"name\":\"R\u00e9servation n\u00e9cessaire ?\",\"value\":\"Oui\"},{\"@type\":\"PropertyValue\",\"name\":\"Astuce ou commentaire\",\"value\":\"Explorez \u00e0 cheval.\"}]}},{\"@type\":\"ListItem\",\"position\":16,\"item\":{\"@type\":\"TouristAttraction\",\"name\":\"Visite de la motte f\u00e9odale du Tuc de Houns\",\"url\":\"https:\/\/www.mimizan-tourisme.com\/je-decouvre\/les-villes\/st-paul-en-born\/\",\"location\":{\"@type\":\"Place\",\"name\":\"Saint-Paul-en-Born\"},\"additionalProperty\":[{\"@type\":\"PropertyValue\",\"name\":\"Type d\u2019\u00e9v\u00e9nement (march\u00e9, festival, sport, etc.)\",\"value\":\"Activit\u00e9 culturelle\"},{\"@type\":\"PropertyValue\",\"name\":\"Ville \/ Zone\",\"value\":\"Saint-Paul-en-Born\"},{\"@type\":\"PropertyValue\",\"name\":\"Distance depuis le camping (km)\",\"value\":\"Pr\u00e8s du camping\"},{\"@type\":\"PropertyValue\",\"name\":\"Dur\u00e9e moyenne\",\"value\":\"Short\"},{\"@type\":\"PropertyValue\",\"name\":\"Tarif (si payant)\",\"value\":\"Gratuit\"},{\"@type\":\"PropertyValue\",\"name\":\"R\u00e9servation n\u00e9cessaire ?\",\"value\":\"Non\"},{\"@type\":\"PropertyValue\",\"name\":\"Astuce ou commentaire\",\"value\":\"D\u00e9couvrez l'histoire locale.\"}]}},{\"@type\":\"ListItem\",\"position\":17,\"item\":{\"@type\":\"TouristAttraction\",\"name\":\"March\u00e9 local\",\"location\":{\"@type\":\"Place\",\"name\":\"Saint-Paul-en-Born ou environs\"},\"additionalProperty\":[{\"@type\":\"PropertyValue\",\"name\":\"Type d\u2019\u00e9v\u00e9nement (march\u00e9, festival, sport, etc.)\",\"value\":\"Activit\u00e9 commerciale\"},{\"@type\":\"PropertyValue\",\"name\":\"Ville \/ Zone\",\"value\":\"Saint-Paul-en-Born ou environs\"},{\"@type\":\"PropertyValue\",\"name\":\"Distance depuis le camping (km)\",\"value\":\"Pr\u00e8s du camping\"},{\"@type\":\"PropertyValue\",\"name\":\"Dur\u00e9e moyenne\",\"value\":\"Short\"},{\"@type\":\"PropertyValue\",\"name\":\"Tarif (si payant)\",\"value\":\"Variable\"},{\"@type\":\"PropertyValue\",\"name\":\"R\u00e9servation n\u00e9cessaire ?\",\"value\":\"Non\"},{\"@type\":\"PropertyValue\",\"name\":\"Astuce ou commentaire\",\"value\":\"D\u00e9couvrez les produits r\u00e9gionaux.\"}]}},{\"@type\":\"ListItem\",\"position\":18,\"item\":{\"@type\":\"TouristAttraction\",\"name\":\"Visite de la Fontaine Saint Clair\",\"url\":\"https:\/\/www.mimizan-tourisme.com\/je-decouvre\/les-villes\/st-paul-en-born\/\",\"image\":\"https:\/\/www.mimizan-tourisme.com\/uploads\/patrimoine\/Fontaine-Saint-Clair.jpg\",\"location\":{\"@type\":\"Place\",\"name\":\"Saint-Paul-en-Born\"},\"additionalProperty\":[{\"@type\":\"PropertyValue\",\"name\":\"Type d\u2019\u00e9v\u00e9nement (march\u00e9, festival, sport, etc.)\",\"value\":\"Patrimoine naturel\"},{\"@type\":\"PropertyValue\",\"name\":\"Ville \/ Zone\",\"value\":\"Saint-Paul-en-Born\"},{\"@type\":\"PropertyValue\",\"name\":\"Distance depuis le camping (km)\",\"value\":\"~5 km\"},{\"@type\":\"PropertyValue\",\"name\":\"Dur\u00e9e moyenne\",\"value\":\"30 min\"},{\"@type\":\"PropertyValue\",\"name\":\"Tarif (si payant)\",\"value\":\"Gratuit\"},{\"@type\":\"PropertyValue\",\"name\":\"R\u00e9servation n\u00e9cessaire ?\",\"value\":\"Non\"},{\"@type\":\"PropertyValue\",\"name\":\"Astuce ou commentaire\",\"value\":\"Fontaine r\u00e9put\u00e9e pour ses vertus gu\u00e9risseuses, accessible en promenade.\"}]}},{\"@type\":\"ListItem\",\"position\":19,\"item\":{\"@type\":\"TouristAttraction\",\"name\":\"Observation de la faune et flore en for\u00eat d'aulnaies\",\"url\":\"https:\/\/www.mimizan-tourisme.com\/je-decouvre\/les-villes\/st-paul-en-born\/\",\"image\":\"https:\/\/www.mimizan-tourisme.com\/uploads\/photos\/foret-aulnaies.jpg\",\"location\":{\"@type\":\"Place\",\"name\":\"Saint-Paul-en-Born\"},\"additionalProperty\":[{\"@type\":\"PropertyValue\",\"name\":\"Type d\u2019\u00e9v\u00e9nement (march\u00e9, festival, sport, etc.)\",\"value\":\"Nature et balade\"},{\"@type\":\"PropertyValue\",\"name\":\"Ville \/ Zone\",\"value\":\"Saint-Paul-en-Born\"},{\"@type\":\"PropertyValue\",\"name\":\"Distance depuis le camping (km)\",\"value\":\"~3 km\"},{\"@type\":\"PropertyValue\",\"name\":\"Dur\u00e9e moyenne\",\"value\":\"1-2 h\"},{\"@type\":\"PropertyValue\",\"name\":\"Tarif (si payant)\",\"value\":\"Gratuit\"},{\"@type\":\"PropertyValue\",\"name\":\"R\u00e9servation n\u00e9cessaire ?\",\"value\":\"Non\"},{\"@type\":\"PropertyValue\",\"name\":\"Astuce ou commentaire\",\"value\":\"Promenade dans la for\u00eat d'aulnaies et ch\u00eanes pour d\u00e9couvrir la biodiversit\u00e9 locale.\"}]}},{\"@type\":\"ListItem\",\"position\":20,\"item\":{\"@type\":\"TouristAttraction\",\"name\":\"Circuit p\u00e9destre de Saint-Paul-le-Vieux\",\"url\":\"https:\/\/www.mimizan-tourisme.com\/offres\/a-saint-paul-en-born-circuit-de-saint-paul-le-vieux-saint-paul-en-born-fr-5030164\/\",\"image\":\"https:\/\/www.mimizan-tourisme.com\/uploads\/photos\/circuit-st-paul-le-vieux.jpg\",\"location\":{\"@type\":\"Place\",\"name\":\"Saint-Paul-en-Born\"},\"additionalProperty\":[{\"@type\":\"PropertyValue\",\"name\":\"Type d\u2019\u00e9v\u00e9nement (march\u00e9, festival, sport, etc.)\",\"value\":\"Randonn\u00e9e p\u00e9destre\"},{\"@type\":\"PropertyValue\",\"name\":\"Ville \/ Zone\",\"value\":\"Saint-Paul-en-Born\"},{\"@type\":\"PropertyValue\",\"name\":\"Distance depuis le camping (km)\",\"value\":\"9,6 km\"},{\"@type\":\"PropertyValue\",\"name\":\"Dur\u00e9e moyenne\",\"value\":\"3 h 15 min\"},{\"@type\":\"PropertyValue\",\"name\":\"Tarif (si payant)\",\"value\":\"Gratuit\"},{\"@type\":\"PropertyValue\",\"name\":\"R\u00e9servation n\u00e9cessaire ?\",\"value\":\"Non\"},{\"@type\":\"PropertyValue\",\"name\":\"Astuce ou commentaire\",\"value\":\"Balade ombrag\u00e9e passant par des milieux humides, for\u00eat de pins et feuillus, pr\u00e8s du lac d'Aureilhan.\"}]}},{\"@type\":\"ListItem\",\"position\":21,\"item\":{\"@type\":\"TouristAttraction\",\"name\":\"Visite de la Motte f\u00e9odale du Tuc de Houns\",\"url\":\"https:\/\/www.mimizan-tourisme.com\/je-decouvre\/les-villes\/st-paul-en-born\/\",\"image\":\"https:\/\/www.mimizan-tourisme.com\/uploads\/patrimoine\/motte-feodale.jpg\",\"location\":{\"@type\":\"Place\",\"name\":\"Saint-Paul-en-Born\"},\"additionalProperty\":[{\"@type\":\"PropertyValue\",\"name\":\"Type d\u2019\u00e9v\u00e9nement (march\u00e9, festival, sport, etc.)\",\"value\":\"Patrimoine historique\"},{\"@type\":\"PropertyValue\",\"name\":\"Ville \/ Zone\",\"value\":\"Saint-Paul-en-Born\"},{\"@type\":\"PropertyValue\",\"name\":\"Distance depuis le camping (km)\",\"value\":\"~4 km\"},{\"@type\":\"PropertyValue\",\"name\":\"Dur\u00e9e moyenne\",\"value\":\"1 h\"},{\"@type\":\"PropertyValue\",\"name\":\"Tarif (si payant)\",\"value\":\"Gratuit\"},{\"@type\":\"PropertyValue\",\"name\":\"R\u00e9servation n\u00e9cessaire ?\",\"value\":\"Non\"},{\"@type\":\"PropertyValue\",\"name\":\"Astuce ou commentaire\",\"value\":\"Site historique ancien ch\u00e2teau fort, offre une vue remarquable sur la r\u00e9gion.\"}]}},{\"@type\":\"ListItem\",\"position\":22,\"item\":{\"@type\":\"TouristAttraction\",\"name\":\"D\u00e9couverte artistique \u00e0 la Gare de l\u2019Art\",\"url\":\"https:\/\/www.mimizan-tourisme.com\/je-decouvre\/les-villes\/st-paul-en-born\/\",\"image\":\"https:\/\/www.mimizan-tourisme.com\/uploads\/culture\/gare-de-lart.jpg\",\"location\":{\"@type\":\"Place\",\"name\":\"Saint-Paul-en-Born\"},\"additionalProperty\":[{\"@type\":\"PropertyValue\",\"name\":\"Type d\u2019\u00e9v\u00e9nement (march\u00e9, festival, sport, etc.)\",\"value\":\"Culture et art\"},{\"@type\":\"PropertyValue\",\"name\":\"Ville \/ Zone\",\"value\":\"Saint-Paul-en-Born\"},{\"@type\":\"PropertyValue\",\"name\":\"Distance depuis le camping (km)\",\"value\":\"~5 km\"},{\"@type\":\"PropertyValue\",\"name\":\"Dur\u00e9e moyenne\",\"value\":\"Variable selon exposition\"},{\"@type\":\"PropertyValue\",\"name\":\"Tarif (si payant)\",\"value\":\"Gratuit\"},{\"@type\":\"PropertyValue\",\"name\":\"R\u00e9servation n\u00e9cessaire ?\",\"value\":\"Parfois selon exposition\"},{\"@type\":\"PropertyValue\",\"name\":\"Astuce ou commentaire\",\"value\":\"Expositions artistiques temporaires dans une ancienne gare restaur\u00e9e.\"}]}},{\"@type\":\"ListItem\",\"position\":23,\"item\":{\"@type\":\"TouristAttraction\",\"name\":\"Balade en for\u00eat landaise\",\"url\":\"https:\/\/www.mimizan-tourisme.com\/je-decouvre\/les-villes\/st-paul-en-born\/\",\"image\":\"https:\/\/www.mimizan-tourisme.com\/uploads\/photos\/foret-landaise.jpg\",\"location\":{\"@type\":\"Place\",\"name\":\"Saint-Paul-en-Born\"},\"additionalProperty\":[{\"@type\":\"PropertyValue\",\"name\":\"Type d\u2019\u00e9v\u00e9nement (march\u00e9, festival, sport, etc.)\",\"value\":\"Nature et promenade\"},{\"@type\":\"PropertyValue\",\"name\":\"Ville \/ Zone\",\"value\":\"Saint-Paul-en-Born\"},{\"@type\":\"PropertyValue\",\"name\":\"Distance depuis le camping (km)\",\"value\":\"Variable\"},{\"@type\":\"PropertyValue\",\"name\":\"Dur\u00e9e moyenne\",\"value\":\"1-3 h\"},{\"@type\":\"PropertyValue\",\"name\":\"Tarif (si payant)\",\"value\":\"Gratuit\"},{\"@type\":\"PropertyValue\",\"name\":\"R\u00e9servation n\u00e9cessaire ?\",\"value\":\"Non\"},{\"@type\":\"PropertyValue\",\"name\":\"Astuce ou commentaire\",\"value\":\"Promenades dans la vaste for\u00eat de pins typique des Landes.\"}]}},{\"@type\":\"ListItem\",\"position\":24,\"item\":{\"@type\":\"TouristAttraction\",\"name\":\"Visite du village de Saint-Paul-en-Born\",\"url\":\"https:\/\/www.saint-paul-en-born.fr\/Tourisme\",\"image\":\"https:\/\/www.saint-paul-en-born.fr\/images\/village-panorama.jpg\",\"location\":{\"@type\":\"Place\",\"name\":\"Saint-Paul-en-Born\"},\"additionalProperty\":[{\"@type\":\"PropertyValue\",\"name\":\"Type d\u2019\u00e9v\u00e9nement (march\u00e9, festival, sport, etc.)\",\"value\":\"D\u00e9couverte locale\"},{\"@type\":\"PropertyValue\",\"name\":\"Ville \/ Zone\",\"value\":\"Saint-Paul-en-Born\"},{\"@type\":\"PropertyValue\",\"name\":\"Distance depuis le camping (km)\",\"value\":\"Sur place\"},{\"@type\":\"PropertyValue\",\"name\":\"Dur\u00e9e moyenne\",\"value\":\"1-2 h\"},{\"@type\":\"PropertyValue\",\"name\":\"Tarif (si payant)\",\"value\":\"Gratuit\"},{\"@type\":\"PropertyValue\",\"name\":\"R\u00e9servation n\u00e9cessaire ?\",\"value\":\"Non\"},{\"@type\":\"PropertyValue\",\"name\":\"Astuce ou commentaire\",\"value\":\"D\u00e9couverte du village, ses rues, son patrimoine local.\"}]}},{\"@type\":\"ListItem\",\"position\":25,\"item\":{\"@type\":\"TouristAttraction\",\"name\":\"Partie de p\u00eache au lac d\u2019Aureilhan\",\"url\":\"https:\/\/www.mimizan-tourisme.com\/je-decouvre\/les-villes\/st-paul-en-born\/\",\"image\":\"https:\/\/www.mimizan-tourisme.com\/uploads\/photos\/lac-aureilhan-peche.jpg\",\"location\":{\"@type\":\"Place\",\"name\":\"Lac d\u2019Aureilhan (\u00e0 environ 8 km)\"},\"additionalProperty\":[{\"@type\":\"PropertyValue\",\"name\":\"Type d\u2019\u00e9v\u00e9nement (march\u00e9, festival, sport, etc.)\",\"value\":\"Loisir de plein air\"},{\"@type\":\"PropertyValue\",\"name\":\"Ville \/ Zone\",\"value\":\"Lac d\u2019Aureilhan (\u00e0 environ 8 km)\"},{\"@type\":\"PropertyValue\",\"name\":\"Distance depuis le camping (km)\",\"value\":\"8 km\"},{\"@type\":\"PropertyValue\",\"name\":\"Dur\u00e9e moyenne\",\"value\":\"Variable\"},{\"@type\":\"PropertyValue\",\"name\":\"Tarif (si payant)\",\"value\":\"Licence de p\u00eache n\u00e9cessaire\"},{\"@type\":\"PropertyValue\",\"name\":\"R\u00e9servation n\u00e9cessaire ?\",\"value\":\"Non\"},{\"@type\":\"PropertyValue\",\"name\":\"Astuce ou commentaire\",\"value\":\"P\u00eache dans un cadre naturel au bord du lac d\u2019Aureilhan.\"}]}},{\"@type\":\"ListItem\",\"position\":26,\"item\":{\"@type\":\"TouristAttraction\",\"name\":\"Exploration des marais locaux\",\"url\":\"https:\/\/www.mimizan-tourisme.com\/je-decouvre\/les-villes\/st-paul-en-born\/\",\"image\":\"https:\/\/www.mimizan-tourisme.com\/uploads\/photos\/marais.jpg\",\"location\":{\"@type\":\"Place\",\"name\":\"Saint-Paul-en-Born\"},\"additionalProperty\":[{\"@type\":\"PropertyValue\",\"name\":\"Type d\u2019\u00e9v\u00e9nement (march\u00e9, festival, sport, etc.)\",\"value\":\"Nature et \u00e9cotourisme\"},{\"@type\":\"PropertyValue\",\"name\":\"Ville \/ Zone\",\"value\":\"Saint-Paul-en-Born\"},{\"@type\":\"PropertyValue\",\"name\":\"Distance depuis le camping (km)\",\"value\":\"Variable\"},{\"@type\":\"PropertyValue\",\"name\":\"Dur\u00e9e moyenne\",\"value\":\"1-2 h\"},{\"@type\":\"PropertyValue\",\"name\":\"Tarif (si payant)\",\"value\":\"Gratuit\"},{\"@type\":\"PropertyValue\",\"name\":\"R\u00e9servation n\u00e9cessaire ?\",\"value\":\"Non\"},{\"@type\":\"PropertyValue\",\"name\":\"Astuce ou commentaire\",\"value\":\"Observation de la faune et flore sp\u00e9cifiques des zones humides.\"}]}},{\"@type\":\"ListItem\",\"position\":27,\"item\":{\"@type\":\"TouristAttraction\",\"name\":\"Visite du patrimoine religieux : Chapelle locale\",\"url\":\"https:\/\/www.tourismelandes.com\/patrimoine-culturel\/eglise-de-saint-paul-en-born-pcuaqu040v50a629\/\",\"image\":\"https:\/\/www.tourismelandes.com\/images\/eglise-saint-paul.jpg\",\"location\":{\"@type\":\"Place\",\"name\":\"Saint-Paul-en-Born\"},\"additionalProperty\":[{\"@type\":\"PropertyValue\",\"name\":\"Type d\u2019\u00e9v\u00e9nement (march\u00e9, festival, sport, etc.)\",\"value\":\"Patrimoine culturel\"},{\"@type\":\"PropertyValue\",\"name\":\"Ville \/ Zone\",\"value\":\"Saint-Paul-en-Born\"},{\"@type\":\"PropertyValue\",\"name\":\"Distance depuis le camping (km)\",\"value\":\"~2 km\"},{\"@type\":\"PropertyValue\",\"name\":\"Dur\u00e9e moyenne\",\"value\":\"30 min\"},{\"@type\":\"PropertyValue\",\"name\":\"Tarif (si payant)\",\"value\":\"Gratuit\"},{\"@type\":\"PropertyValue\",\"name\":\"R\u00e9servation n\u00e9cessaire ?\",\"value\":\"Non\"},{\"@type\":\"PropertyValue\",\"name\":\"Astuce ou commentaire\",\"value\":\"Visite de chapelles typiques de la r\u00e9gion en plus de l\u2019\u00e9glise principale.\"}]}},{\"@type\":\"ListItem\",\"position\":28,\"item\":{\"@type\":\"TouristAttraction\",\"name\":\"Visite du mus\u00e9e local ou espace d\u2019exposition\",\"url\":\"https:\/\/www.saint-paul-en-born.fr\/Tourisme\",\"image\":\"https:\/\/www.saint-paul-en-born.fr\/images\/musee.jpg\",\"location\":{\"@type\":\"Place\",\"name\":\"Saint-Paul-en-Born\"},\"additionalProperty\":[{\"@type\":\"PropertyValue\",\"name\":\"Type d\u2019\u00e9v\u00e9nement (march\u00e9, festival, sport, etc.)\",\"value\":\"Culture\"},{\"@type\":\"PropertyValue\",\"name\":\"Ville \/ Zone\",\"value\":\"Saint-Paul-en-Born\"},{\"@type\":\"PropertyValue\",\"name\":\"Distance depuis le camping (km)\",\"value\":\"~5 km\"},{\"@type\":\"PropertyValue\",\"name\":\"Dur\u00e9e moyenne\",\"value\":\"1-2 h\"},{\"@type\":\"PropertyValue\",\"name\":\"Tarif (si payant)\",\"value\":\"Variable\"},{\"@type\":\"PropertyValue\",\"name\":\"R\u00e9servation n\u00e9cessaire ?\",\"value\":\"Selon programme\"},{\"@type\":\"PropertyValue\",\"name\":\"Astuce ou commentaire\",\"value\":\"Expositions culturelles temporaires et permanentes pr\u00e9sent\u00e9es dans la commune.\"}]}},{\"@type\":\"ListItem\",\"position\":29,\"item\":{\"@type\":\"TouristAttraction\",\"name\":\"Observation des couchers de soleil sur le lac d\u2019Aureilhan\",\"url\":\"https:\/\/www.mimizan-tourisme.com\/je-decouvre\/les-villes\/st-paul-en-born\/\",\"image\":\"https:\/\/www.mimizan-tourisme.com\/uploads\/photos\/coucher-soleil-lac.jpg\",\"location\":{\"@type\":\"Place\",\"name\":\"Lac d\u2019Aureilhan\"},\"additionalProperty\":[{\"@type\":\"PropertyValue\",\"name\":\"Type d\u2019\u00e9v\u00e9nement (march\u00e9, festival, sport, etc.)\",\"value\":\"Loisir nature\"},{\"@type\":\"PropertyValue\",\"name\":\"Ville \/ Zone\",\"value\":\"Lac d\u2019Aureilhan\"},{\"@type\":\"PropertyValue\",\"name\":\"Distance depuis le camping (km)\",\"value\":\"~8 km\"},{\"@type\":\"PropertyValue\",\"name\":\"Dur\u00e9e moyenne\",\"value\":\"Variable\"},{\"@type\":\"PropertyValue\",\"name\":\"Tarif (si payant)\",\"value\":\"Gratuit\"},{\"@type\":\"PropertyValue\",\"name\":\"R\u00e9servation n\u00e9cessaire ?\",\"value\":\"Non\"},{\"@type\":\"PropertyValue\",\"name\":\"Astuce ou commentaire\",\"value\":\"Moments de d\u00e9tente et photos au coucher du soleil sur le lac.\"}]}},{\"@type\":\"ListItem\",\"position\":30,\"item\":{\"@type\":\"TouristAttraction\",\"name\":\"D\u00e9couverte gastronomique locale\",\"url\":\"https:\/\/www.saint-paul-en-born.fr\/Tourisme\",\"image\":\"https:\/\/www.saint-paul-en-born.fr\/images\/gastronomie.jpg\",\"location\":{\"@type\":\"Place\",\"name\":\"Saint-Paul-en-Born et environs\"},\"additionalProperty\":[{\"@type\":\"PropertyValue\",\"name\":\"Type d\u2019\u00e9v\u00e9nement (march\u00e9, festival, sport, etc.)\",\"value\":\"Gastronomie\"},{\"@type\":\"PropertyValue\",\"name\":\"Ville \/ Zone\",\"value\":\"Saint-Paul-en-Born et environs\"},{\"@type\":\"PropertyValue\",\"name\":\"Distance depuis le camping (km)\",\"value\":\"Sur place\"},{\"@type\":\"PropertyValue\",\"name\":\"Dur\u00e9e moyenne\",\"value\":\"Variable\"},{\"@type\":\"PropertyValue\",\"name\":\"Tarif (si payant)\",\"value\":\"Variable\"},{\"@type\":\"PropertyValue\",\"name\":\"R\u00e9servation n\u00e9cessaire ?\",\"value\":\"Selon \u00e9tablissement\"},{\"@type\":\"PropertyValue\",\"name\":\"Astuce ou commentaire\",\"value\":\"D\u00e9gustation de produits r\u00e9gionaux dans les restaurants et march\u00e9s locaux.\"}]}},{\"@type\":\"ListItem\",\"position\":31,\"item\":{\"@type\":\"TouristAttraction\",\"name\":\"Photographie nature et paysage\",\"url\":\"https:\/\/www.mimizan-tourisme.com\/je-decouvre\/les-villes\/st-paul-en-born\/\",\"image\":\"https:\/\/www.mimizan-tourisme.com\/uploads\/photos\/photographie-nature.jpg\",\"location\":{\"@type\":\"Place\",\"name\":\"Environnement proche du camping\"},\"additionalProperty\":[{\"@type\":\"PropertyValue\",\"name\":\"Type d\u2019\u00e9v\u00e9nement (march\u00e9, festival, sport, etc.)\",\"value\":\"Loisir cr\u00e9atif\"},{\"@type\":\"PropertyValue\",\"name\":\"Ville \/ Zone\",\"value\":\"Environnement proche du camping\"},{\"@type\":\"PropertyValue\",\"name\":\"Distance depuis le camping (km)\",\"value\":\"Sur place\"},{\"@type\":\"PropertyValue\",\"name\":\"Dur\u00e9e moyenne\",\"value\":\"Variable\"},{\"@type\":\"PropertyValue\",\"name\":\"Tarif (si payant)\",\"value\":\"Gratuit\"},{\"@type\":\"PropertyValue\",\"name\":\"R\u00e9servation n\u00e9cessaire ?\",\"value\":\"Non\"},{\"@type\":\"PropertyValue\",\"name\":\"Astuce ou commentaire\",\"value\":\"Photographier les paysages vari\u00e9s : for\u00eat, lac, faune et patrimoine local.\"}]}},{\"@type\":\"ListItem\",\"position\":32,\"item\":{\"@type\":\"TouristAttraction\",\"name\":\"Atelier d\u00e9couverte de la faune locale\",\"url\":\"https:\/\/www.saint-paul-en-born.fr\/Tourisme\",\"image\":\"https:\/\/www.saint-paul-en-born.fr\/images\/faune-atelier.jpg\",\"location\":{\"@type\":\"Place\",\"name\":\"Saint-Paul-en-Born\"},\"additionalProperty\":[{\"@type\":\"PropertyValue\",\"name\":\"Type d\u2019\u00e9v\u00e9nement (march\u00e9, festival, sport, etc.)\",\"value\":\"\u00c9ducation \/ nature\"},{\"@type\":\"PropertyValue\",\"name\":\"Ville \/ Zone\",\"value\":\"Saint-Paul-en-Born\"},{\"@type\":\"PropertyValue\",\"name\":\"Distance depuis le camping (km)\",\"value\":\"Sur place ou \u00e0 proximit\u00e9\"},{\"@type\":\"PropertyValue\",\"name\":\"Dur\u00e9e moyenne\",\"value\":\"1-2 h\"},{\"@type\":\"PropertyValue\",\"name\":\"Tarif (si payant)\",\"value\":\"Variable selon organisation\"},{\"@type\":\"PropertyValue\",\"name\":\"R\u00e9servation n\u00e9cessaire ?\",\"value\":\"Souvent oui\"},{\"@type\":\"PropertyValue\",\"name\":\"Astuce ou commentaire\",\"value\":\"Atelier \u00e9ducatif sur la faune des Landes, parfois propos\u00e9 par des offices de tourisme ou associations.\"}]}},{\"@type\":\"ListItem\",\"position\":33,\"item\":{\"@type\":\"TouristAttraction\",\"name\":\"Visite guid\u00e9e des marais et aulnaies sauvages\",\"url\":\"https:\/\/www.mimizan-tourisme.com\/je-decouvre\/les-villes\/st-paul-en-born\/\",\"location\":{\"@type\":\"Place\",\"name\":\"Saint-Paul-en-Born\"},\"additionalProperty\":[{\"@type\":\"PropertyValue\",\"name\":\"Type d\u2019\u00e9v\u00e9nement (march\u00e9, festival, sport, etc.)\",\"value\":\"Nature et D\u00e9couverte\"},{\"@type\":\"PropertyValue\",\"name\":\"Ville \/ Zone\",\"value\":\"Saint-Paul-en-Born\"},{\"@type\":\"PropertyValue\",\"name\":\"Distance depuis le camping (km)\",\"value\":\"Sur place\"},{\"@type\":\"PropertyValue\",\"name\":\"Dur\u00e9e moyenne\",\"value\":\"2-3 heures\"},{\"@type\":\"PropertyValue\",\"name\":\"Tarif (si payant)\",\"value\":\"Variable selon guide\"},{\"@type\":\"PropertyValue\",\"name\":\"R\u00e9servation n\u00e9cessaire ?\",\"value\":\"Oui\"},{\"@type\":\"PropertyValue\",\"name\":\"Astuce ou commentaire\",\"value\":\"D\u00e9couverte de la biodiversit\u00e9 locale au c\u0153ur des marais et for\u00eats d'aulnes, avec explications sur la faune et la flore end\u00e9miques.\"}]}},{\"@type\":\"ListItem\",\"position\":34,\"item\":{\"@type\":\"TouristAttraction\",\"name\":\"Balade artistique \u00e0 la Gare de l'Art\",\"url\":\"https:\/\/www.mimizan-tourisme.com\/je-decouvre\/les-villes\/st-paul-en-born\/\",\"location\":{\"@type\":\"Place\",\"name\":\"Saint-Paul-en-Born\"},\"additionalProperty\":[{\"@type\":\"PropertyValue\",\"name\":\"Type d\u2019\u00e9v\u00e9nement (march\u00e9, festival, sport, etc.)\",\"value\":\"Culture\"},{\"@type\":\"PropertyValue\",\"name\":\"Ville \/ Zone\",\"value\":\"Saint-Paul-en-Born\"},{\"@type\":\"PropertyValue\",\"name\":\"Distance depuis le camping (km)\",\"value\":\"Sur place\"},{\"@type\":\"PropertyValue\",\"name\":\"Dur\u00e9e moyenne\",\"value\":\"1-2 heures\"},{\"@type\":\"PropertyValue\",\"name\":\"Tarif (si payant)\",\"value\":\"Gratuit\"},{\"@type\":\"PropertyValue\",\"name\":\"R\u00e9servation n\u00e9cessaire ?\",\"value\":\"Non\"},{\"@type\":\"PropertyValue\",\"name\":\"Astuce ou commentaire\",\"value\":\"Espace d'exposition artistique proposant des \u0153uvres contemporaines et animations culturelles selon la saison.\"}]}},{\"@type\":\"ListItem\",\"position\":35,\"item\":{\"@type\":\"TouristAttraction\",\"name\":\"Circuit p\u00e9destre \u00ab Saint-Paul-le-Vieux \u00bb\",\"url\":\"https:\/\/www.mimizan-tourisme.com\/offres\/a-saint-paul-en-born-circuit-de-saint-paul-le-vieux-saint-paul-en-born-fr-5030164\/\",\"location\":{\"@type\":\"Place\",\"name\":\"Saint-Paul-en-Born\"},\"additionalProperty\":[{\"@type\":\"PropertyValue\",\"name\":\"Type d\u2019\u00e9v\u00e9nement (march\u00e9, festival, sport, etc.)\",\"value\":\"Randonn\u00e9e\"},{\"@type\":\"PropertyValue\",\"name\":\"Ville \/ Zone\",\"value\":\"Saint-Paul-en-Born\"},{\"@type\":\"PropertyValue\",\"name\":\"Distance depuis le camping (km)\",\"value\":\"9,6 km\"},{\"@type\":\"PropertyValue\",\"name\":\"Dur\u00e9e moyenne\",\"value\":\"3h15\"},{\"@type\":\"PropertyValue\",\"name\":\"Tarif (si payant)\",\"value\":\"Gratuit\"},{\"@type\":\"PropertyValue\",\"name\":\"R\u00e9servation n\u00e9cessaire ?\",\"value\":\"Non\"},{\"@type\":\"PropertyValue\",\"name\":\"Astuce ou commentaire\",\"value\":\"Parcours ombrag\u00e9 \u00e0 travers for\u00eats, zones humides et bords du lac d\u2019Aureilhan, id\u00e9al pour observer la nature locale.\"}]}},{\"@type\":\"ListItem\",\"position\":36,\"item\":{\"@type\":\"TouristAttraction\",\"name\":\"Visite de Mimizan, station baln\u00e9aire\",\"url\":\"https:\/\/www.francethisway.com\/places\/a\/saint-paul-en-born-landes.php\",\"location\":{\"@type\":\"Place\",\"name\":\"Mimizan (6 km)\"},\"additionalProperty\":[{\"@type\":\"PropertyValue\",\"name\":\"Type d\u2019\u00e9v\u00e9nement (march\u00e9, festival, sport, etc.)\",\"value\":\"Tourisme Nature\"},{\"@type\":\"PropertyValue\",\"name\":\"Ville \/ Zone\",\"value\":\"Mimizan (6 km)\"},{\"@type\":\"PropertyValue\",\"name\":\"Distance depuis le camping (km)\",\"value\":\"6 km\"},{\"@type\":\"PropertyValue\",\"name\":\"Dur\u00e9e moyenne\",\"value\":\"\u00c0 la journ\u00e9e\"},{\"@type\":\"PropertyValue\",\"name\":\"Tarif (si payant)\",\"value\":\"Variable\"},{\"@type\":\"PropertyValue\",\"name\":\"R\u00e9servation n\u00e9cessaire ?\",\"value\":\"Non\"},{\"@type\":\"PropertyValue\",\"name\":\"Astuce ou commentaire\",\"value\":\"Profitez des plages, march\u00e9s, promenades et animations de la ville voisine Mimizan.\"}]}},{\"@type\":\"ListItem\",\"position\":37,\"item\":{\"@type\":\"TouristAttraction\",\"name\":\"D\u00e9couverte de La Promenade Fleurie \u00e0 Mimizan\",\"url\":\"https:\/\/www.francethisway.com\/places\/a\/saint-paul-en-born-landes.php\",\"location\":{\"@type\":\"Place\",\"name\":\"Mimizan (7 km)\"},\"additionalProperty\":[{\"@type\":\"PropertyValue\",\"name\":\"Type d\u2019\u00e9v\u00e9nement (march\u00e9, festival, sport, etc.)\",\"value\":\"Balade Nature\"},{\"@type\":\"PropertyValue\",\"name\":\"Ville \/ Zone\",\"value\":\"Mimizan (7 km)\"},{\"@type\":\"PropertyValue\",\"name\":\"Distance depuis le camping (km)\",\"value\":\"7 km\"},{\"@type\":\"PropertyValue\",\"name\":\"Dur\u00e9e moyenne\",\"value\":\"2-3 heures\"},{\"@type\":\"PropertyValue\",\"name\":\"Tarif (si payant)\",\"value\":\"Gratuit\"},{\"@type\":\"PropertyValue\",\"name\":\"R\u00e9servation n\u00e9cessaire ?\",\"value\":\"Non\"},{\"@type\":\"PropertyValue\",\"name\":\"Astuce ou commentaire\",\"value\":\"Promenade au bord de l\u2019\u00e9tang d\u2019Aureilhan offrant un cadre floral et humide propice \u00e0 la d\u00e9tente et \u00e0 l'observation ornithologique.\"}]}},{\"@type\":\"ListItem\",\"position\":38,\"item\":{\"@type\":\"TouristAttraction\",\"name\":\"Excursion au Zoo d'Arcachon\",\"url\":\"https:\/\/www.francethisway.com\/places\/a\/saint-paul-en-born-landes.php\",\"location\":{\"@type\":\"Place\",\"name\":\"Arcachon (40 km)\"},\"additionalProperty\":[{\"@type\":\"PropertyValue\",\"name\":\"Type d\u2019\u00e9v\u00e9nement (march\u00e9, festival, sport, etc.)\",\"value\":\"Loisir Animalier\"},{\"@type\":\"PropertyValue\",\"name\":\"Ville \/ Zone\",\"value\":\"Arcachon (40 km)\"},{\"@type\":\"PropertyValue\",\"name\":\"Distance depuis le camping (km)\",\"value\":\"40 km\"},{\"@type\":\"PropertyValue\",\"name\":\"Dur\u00e9e moyenne\",\"value\":\"\u00c0 la demi-journ\u00e9e\"},{\"@type\":\"PropertyValue\",\"name\":\"Tarif (si payant)\",\"value\":\"Tarif adulte environ 15\u20ac\"},{\"@type\":\"PropertyValue\",\"name\":\"R\u00e9servation n\u00e9cessaire ?\",\"value\":\"Recommand\u00e9e\"},{\"@type\":\"PropertyValue\",\"name\":\"Astuce ou commentaire\",\"value\":\"Une visite familiale pour d\u00e9couvrir plus de 800 animaux exotiques et locaux dans un cadre naturel adapt\u00e9.\"}]}},{\"@type\":\"ListItem\",\"position\":39,\"item\":{\"@type\":\"TouristAttraction\",\"name\":\"Visite de la Dune de Pyla\",\"url\":\"https:\/\/www.francethisway.com\/places\/a\/saint-paul-en-born-landes.php\",\"location\":{\"@type\":\"Place\",\"name\":\"La Teste-de-Buch (43 km)\"},\"additionalProperty\":[{\"@type\":\"PropertyValue\",\"name\":\"Type d\u2019\u00e9v\u00e9nement (march\u00e9, festival, sport, etc.)\",\"value\":\"Paysage & Nature\"},{\"@type\":\"PropertyValue\",\"name\":\"Ville \/ Zone\",\"value\":\"La Teste-de-Buch (43 km)\"},{\"@type\":\"PropertyValue\",\"name\":\"Distance depuis le camping (km)\",\"value\":\"43 km\"},{\"@type\":\"PropertyValue\",\"name\":\"Dur\u00e9e moyenne\",\"value\":\"Demi-journ\u00e9e\"},{\"@type\":\"PropertyValue\",\"name\":\"Tarif (si payant)\",\"value\":\"Gratuit\"},{\"@type\":\"PropertyValue\",\"name\":\"R\u00e9servation n\u00e9cessaire ?\",\"value\":\"Non\"},{\"@type\":\"PropertyValue\",\"name\":\"Astuce ou commentaire\",\"value\":\"Plus grande dune de sable d\u2019Europe, panoramas impressionnants sur le bassin d\u2019Arcachon et l\u2019Atlantique, id\u00e9ale pour randonn\u00e9e et photos.\"}]}},{\"@type\":\"ListItem\",\"position\":40,\"item\":{\"@type\":\"TouristAttraction\",\"name\":\"Observation des oiseaux et photographie nature aux marais\",\"url\":\"https:\/\/www.mimizan-tourisme.com\/je-decouvre\/les-villes\/st-paul-en-born\/\",\"location\":{\"@type\":\"Place\",\"name\":\"Zones humides de Saint-Paul-en-Born\"},\"additionalProperty\":[{\"@type\":\"PropertyValue\",\"name\":\"Type d\u2019\u00e9v\u00e9nement (march\u00e9, festival, sport, etc.)\",\"value\":\"Nature & Photographie\"},{\"@type\":\"PropertyValue\",\"name\":\"Ville \/ Zone\",\"value\":\"Zones humides de Saint-Paul-en-Born\"},{\"@type\":\"PropertyValue\",\"name\":\"Distance depuis le camping (km)\",\"value\":\"Sur place\"},{\"@type\":\"PropertyValue\",\"name\":\"Dur\u00e9e moyenne\",\"value\":\"2-4 heures\"},{\"@type\":\"PropertyValue\",\"name\":\"Tarif (si payant)\",\"value\":\"Gratuit\"},{\"@type\":\"PropertyValue\",\"name\":\"R\u00e9servation n\u00e9cessaire ?\",\"value\":\"Non\"},{\"@type\":\"PropertyValue\",\"name\":\"Astuce ou commentaire\",\"value\":\"Activit\u00e9 recommand\u00e9e pour les amateurs d'ornithologie et de nature sauvage dans les marais locaux.\"}]}},{\"@type\":\"ListItem\",\"position\":41,\"item\":{\"@type\":\"TouristAttraction\",\"name\":\"P\u00eache au lac d'Aureilhan\",\"url\":\"https:\/\/www.mimizan-tourisme.com\/je-decouvre\/les-villes\/st-paul-en-born\/\",\"location\":{\"@type\":\"Place\",\"name\":\"Lac d'Aureilhan\"},\"additionalProperty\":[{\"@type\":\"PropertyValue\",\"name\":\"Type d\u2019\u00e9v\u00e9nement (march\u00e9, festival, sport, etc.)\",\"value\":\"Loisir de plein air\"},{\"@type\":\"PropertyValue\",\"name\":\"Ville \/ Zone\",\"value\":\"Lac d'Aureilhan\"},{\"@type\":\"PropertyValue\",\"name\":\"Distance depuis le camping (km)\",\"value\":\"Environ 6 km\"},{\"@type\":\"PropertyValue\",\"name\":\"Dur\u00e9e moyenne\",\"value\":\"Variable\"},{\"@type\":\"PropertyValue\",\"name\":\"Tarif (si payant)\",\"value\":\"Carte de p\u00eache requise\"},{\"@type\":\"PropertyValue\",\"name\":\"R\u00e9servation n\u00e9cessaire ?\",\"value\":\"Non\"},{\"@type\":\"PropertyValue\",\"name\":\"Astuce ou commentaire\",\"value\":\"P\u00eache sportive dans un cadre naturel, possibilit\u00e9 de p\u00eache en bateau ou sur les rives.\"}]}},{\"@type\":\"ListItem\",\"position\":42,\"item\":{\"@type\":\"TouristAttraction\",\"name\":\"Visite du village de Saint-Paul-en-Born\",\"url\":\"https:\/\/www.saint-paul-en-born.fr\/Tourisme\",\"location\":{\"@type\":\"Place\",\"name\":\"Saint-Paul-en-Born\"},\"additionalProperty\":[{\"@type\":\"PropertyValue\",\"name\":\"Type d\u2019\u00e9v\u00e9nement (march\u00e9, festival, sport, etc.)\",\"value\":\"Patrimoine local\"},{\"@type\":\"PropertyValue\",\"name\":\"Ville \/ Zone\",\"value\":\"Saint-Paul-en-Born\"},{\"@type\":\"PropertyValue\",\"name\":\"Distance depuis le camping (km)\",\"value\":\"Sur place\"},{\"@type\":\"PropertyValue\",\"name\":\"Dur\u00e9e moyenne\",\"value\":\"1-2 heures\"},{\"@type\":\"PropertyValue\",\"name\":\"Tarif (si payant)\",\"value\":\"Gratuit\"},{\"@type\":\"PropertyValue\",\"name\":\"R\u00e9servation n\u00e9cessaire ?\",\"value\":\"Non\"},{\"@type\":\"PropertyValue\",\"name\":\"Astuce ou commentaire\",\"value\":\"D\u00e9couverte des ruelles, architecture locale, commerces et artisanat du village typique des Landes.\"}]}},{\"@type\":\"ListItem\",\"position\":43,\"item\":{\"@type\":\"TouristAttraction\",\"name\":\"Balade en bateau sur le lac d'Aureilhan\",\"url\":\"https:\/\/www.mimizan-tourisme.com\/je-decouvre\/les-villes\/st-paul-en-born\/\",\"location\":{\"@type\":\"Place\",\"name\":\"Lac d'Aureilhan\"},\"additionalProperty\":[{\"@type\":\"PropertyValue\",\"name\":\"Type d\u2019\u00e9v\u00e9nement (march\u00e9, festival, sport, etc.)\",\"value\":\"Nautisme\"},{\"@type\":\"PropertyValue\",\"name\":\"Ville \/ Zone\",\"value\":\"Lac d'Aureilhan\"},{\"@type\":\"PropertyValue\",\"name\":\"Distance depuis le camping (km)\",\"value\":\"6 km\"},{\"@type\":\"PropertyValue\",\"name\":\"Dur\u00e9e moyenne\",\"value\":\"1-2 heures\"},{\"@type\":\"PropertyValue\",\"name\":\"Tarif (si payant)\",\"value\":\"Variable selon prestataire\"},{\"@type\":\"PropertyValue\",\"name\":\"R\u00e9servation n\u00e9cessaire ?\",\"value\":\"Oui\"},{\"@type\":\"PropertyValue\",\"name\":\"Astuce ou commentaire\",\"value\":\"Location de petits bateaux \u00e9lectriques ou p\u00e9dalos pour promenade calme sur le lac.\"}]}},{\"@type\":\"ListItem\",\"position\":44,\"item\":{\"@type\":\"TouristAttraction\",\"name\":\"Atelier d\u00e9couverte de la faune et flora locale\",\"url\":\"https:\/\/www.mimizan-tourisme.com\/je-decouvre\/les-villes\/st-paul-en-born\/\",\"location\":{\"@type\":\"Place\",\"name\":\"Saint-Paul-en-Born\"},\"additionalProperty\":[{\"@type\":\"PropertyValue\",\"name\":\"Type d\u2019\u00e9v\u00e9nement (march\u00e9, festival, sport, etc.)\",\"value\":\"\u00c9ducatif \/ Nature\"},{\"@type\":\"PropertyValue\",\"name\":\"Ville \/ Zone\",\"value\":\"Saint-Paul-en-Born\"},{\"@type\":\"PropertyValue\",\"name\":\"Distance depuis le camping (km)\",\"value\":\"Sur place\"},{\"@type\":\"PropertyValue\",\"name\":\"Dur\u00e9e moyenne\",\"value\":\"2 heures\"},{\"@type\":\"PropertyValue\",\"name\":\"Tarif (si payant)\",\"value\":\"Variable\"},{\"@type\":\"PropertyValue\",\"name\":\"R\u00e9servation n\u00e9cessaire ?\",\"value\":\"Oui\"},{\"@type\":\"PropertyValue\",\"name\":\"Astuce ou commentaire\",\"value\":\"Ateliers organis\u00e9s pour petits et grands autour de la connaissance de la biodiversit\u00e9 locale.\"}]}},{\"@type\":\"ListItem\",\"position\":45,\"item\":{\"@type\":\"TouristAttraction\",\"name\":\"Visite des sites arch\u00e9ologiques locaux (hors motte f\u00e9odale)\",\"url\":\"https:\/\/www.saint-paul-en-born.fr\/Tourisme\",\"location\":{\"@type\":\"Place\",\"name\":\"Saint-Paul-en-Born\"},\"additionalProperty\":[{\"@type\":\"PropertyValue\",\"name\":\"Type d\u2019\u00e9v\u00e9nement (march\u00e9, festival, sport, etc.)\",\"value\":\"Histoire et Culture\"},{\"@type\":\"PropertyValue\",\"name\":\"Ville \/ Zone\",\"value\":\"Saint-Paul-en-Born\"},{\"@type\":\"PropertyValue\",\"name\":\"Distance depuis le camping (km)\",\"value\":\"Sur place\"},{\"@type\":\"PropertyValue\",\"name\":\"Dur\u00e9e moyenne\",\"value\":\"1-2 heures\"},{\"@type\":\"PropertyValue\",\"name\":\"Tarif (si payant)\",\"value\":\"Gratuit\"},{\"@type\":\"PropertyValue\",\"name\":\"R\u00e9servation n\u00e9cessaire ?\",\"value\":\"Non\"},{\"@type\":\"PropertyValue\",\"name\":\"Astuce ou commentaire\",\"value\":\"D\u00e9couverte des vestiges antiques ou m\u00e9di\u00e9vaux moins connus autour du village.\"}]}},{\"@type\":\"ListItem\",\"position\":46,\"item\":{\"@type\":\"TouristAttraction\",\"name\":\"Initiation \u00e0 la photographie nature en for\u00eat\",\"url\":\"https:\/\/www.mimizan-tourisme.com\/je-decouvre\/les-villes\/st-paul-en-born\/\",\"location\":{\"@type\":\"Place\",\"name\":\"For\u00eats aux alentours de Saint-Paul-en-Born\"},\"additionalProperty\":[{\"@type\":\"PropertyValue\",\"name\":\"Type d\u2019\u00e9v\u00e9nement (march\u00e9, festival, sport, etc.)\",\"value\":\"Loisir cr\u00e9atif\"},{\"@type\":\"PropertyValue\",\"name\":\"Ville \/ Zone\",\"value\":\"For\u00eats aux alentours de Saint-Paul-en-Born\"},{\"@type\":\"PropertyValue\",\"name\":\"Distance depuis le camping (km)\",\"value\":\"Sur place\"},{\"@type\":\"PropertyValue\",\"name\":\"Dur\u00e9e moyenne\",\"value\":\"Demi-journ\u00e9e\"},{\"@type\":\"PropertyValue\",\"name\":\"Tarif (si payant)\",\"value\":\"Variable\"},{\"@type\":\"PropertyValue\",\"name\":\"R\u00e9servation n\u00e9cessaire ?\",\"value\":\"Oui\"},{\"@type\":\"PropertyValue\",\"name\":\"Astuce ou commentaire\",\"value\":\"Ateliers et sorties guid\u00e9es pour apprendre \u00e0 capturer la nature environnante en photo.\"}]}},{\"@type\":\"ListItem\",\"position\":47,\"item\":{\"@type\":\"TouristAttraction\",\"name\":\"D\u00e9gustation de produits locaux et artisanaux\",\"url\":\"https:\/\/www.saint-paul-en-born.fr\/Tourisme\",\"location\":{\"@type\":\"Place\",\"name\":\"March\u00e9 et commerces de Saint-Paul-en-Born\"},\"additionalProperty\":[{\"@type\":\"PropertyValue\",\"name\":\"Type d\u2019\u00e9v\u00e9nement (march\u00e9, festival, sport, etc.)\",\"value\":\"Gastronomie\"},{\"@type\":\"PropertyValue\",\"name\":\"Ville \/ Zone\",\"value\":\"March\u00e9 et commerces de Saint-Paul-en-Born\"},{\"@type\":\"PropertyValue\",\"name\":\"Distance depuis le camping (km)\",\"value\":\"Sur place\"},{\"@type\":\"PropertyValue\",\"name\":\"Dur\u00e9e moyenne\",\"value\":\"1-2 heures\"},{\"@type\":\"PropertyValue\",\"name\":\"Tarif (si payant)\",\"value\":\"Variable\"},{\"@type\":\"PropertyValue\",\"name\":\"R\u00e9servation n\u00e9cessaire ?\",\"value\":\"Non\"},{\"@type\":\"PropertyValue\",\"name\":\"Astuce ou commentaire\",\"value\":\"D\u00e9couverte des sp\u00e9cialit\u00e9s landaises chez les producteurs et commer\u00e7ants locaux.\"}]}},{\"@type\":\"ListItem\",\"position\":48,\"item\":{\"@type\":\"TouristAttraction\",\"name\":\"P\u00eache au lac de Sanguinet\",\"url\":\"https:\/\/www.landes-tourisme.com\/activites\/peche\/\",\"image\":\"https:\/\/example.com\/image-peche.png\",\"location\":{\"@type\":\"Place\",\"name\":\"Lac de Sanguinet\"},\"additionalProperty\":[{\"@type\":\"PropertyValue\",\"name\":\"Type d\u2019\u00e9v\u00e9nement (march\u00e9, festival, sport, etc.)\",\"value\":\"activit\u00e9 nautique\"},{\"@type\":\"PropertyValue\",\"name\":\"Ville \/ Zone\",\"value\":\"Lac de Sanguinet\"},{\"@type\":\"PropertyValue\",\"name\":\"Distance depuis le camping (km)\",\"value\":\"\u00e0 environ 20 km de Saint-Paul-en-Born\"},{\"@type\":\"PropertyValue\",\"name\":\"Dur\u00e9e moyenne\",\"value\":\"Variable\"},{\"@type\":\"PropertyValue\",\"name\":\"Tarif (si payant)\",\"value\":\"Variable\"},{\"@type\":\"PropertyValue\",\"name\":\"R\u00e9servation n\u00e9cessaire ?\",\"value\":\"Non\"},{\"@type\":\"PropertyValue\",\"name\":\"Astuce ou commentaire\",\"value\":\"Un lieu pittoresque pour p\u00eacher dans un cadre naturel avec divers poissons.\"}]}},{\"@type\":\"ListItem\",\"position\":49,\"item\":{\"@type\":\"TouristAttraction\",\"name\":\"Visite de la Plage de Biscarrosse\",\"url\":\"https:\/\/www.biscarrosse.com\/fr\/\",\"image\":\"https:\/\/example.com\/image-plage-biscarrosse.png\",\"location\":{\"@type\":\"Place\",\"name\":\"Biscarrosse Plage\"},\"additionalProperty\":[{\"@type\":\"PropertyValue\",\"name\":\"Type d\u2019\u00e9v\u00e9nement (march\u00e9, festival, sport, etc.)\",\"value\":\"plage\"},{\"@type\":\"PropertyValue\",\"name\":\"Ville \/ Zone\",\"value\":\"Biscarrosse Plage\"},{\"@type\":\"PropertyValue\",\"name\":\"Distance depuis le camping (km)\",\"value\":\"environ 25 km\"},{\"@type\":\"PropertyValue\",\"name\":\"Dur\u00e9e moyenne\",\"value\":\"Variable\"},{\"@type\":\"PropertyValue\",\"name\":\"Tarif (si payant)\",\"value\":\"Gratuit\"},{\"@type\":\"PropertyValue\",\"name\":\"R\u00e9servation n\u00e9cessaire ?\",\"value\":\"Non\"},{\"@type\":\"PropertyValue\",\"name\":\"Astuce ou commentaire\",\"value\":\"Une plage oc\u00e9anique avec des activit\u00e9s nautiques vari\u00e9es.\"}]}},{\"@type\":\"ListItem\",\"position\":50,\"item\":{\"@type\":\"TouristAttraction\",\"name\":\"Promenade dans la For\u00eat des Landes\",\"image\":\"https:\/\/example.com\/image-foret-landes.png\",\"location\":{\"@type\":\"Place\",\"name\":\"For\u00eat des Landes\"},\"additionalProperty\":[{\"@type\":\"PropertyValue\",\"name\":\"Type d\u2019\u00e9v\u00e9nement (march\u00e9, festival, sport, etc.)\",\"value\":\"randonn\u00e9e p\u00e9destre\"},{\"@type\":\"PropertyValue\",\"name\":\"Ville \/ Zone\",\"value\":\"For\u00eat des Landes\"},{\"@type\":\"PropertyValue\",\"name\":\"Distance depuis le camping (km)\",\"value\":\"environ 10 km \u00e0 partir de Saint-Paul-en-Born\"},{\"@type\":\"PropertyValue\",\"name\":\"Dur\u00e9e moyenne\",\"value\":\"Variable\"},{\"@type\":\"PropertyValue\",\"name\":\"Tarif (si payant)\",\"value\":\"Gratuit\"},{\"@type\":\"PropertyValue\",\"name\":\"R\u00e9servation n\u00e9cessaire ?\",\"value\":\"Non\"},{\"@type\":\"PropertyValue\",\"name\":\"Astuce ou commentaire\",\"value\":\"Une promenade dans la for\u00eat permet de d\u00e9couvrir la faune et la flore locale.\"}]}},{\"@type\":\"ListItem\",\"position\":51,\"item\":{\"@type\":\"TouristAttraction\",\"name\":\"Visite de Mimizan sur le Chemin de Saint-Jacques-de-Compostelle\",\"url\":\"https:\/\/www.mimizan-tourisme.com\/je-decouvre\/les-villes\/st-paul-en-born\/\",\"image\":\"https:\/\/example.com\/image-mimizan.png\",\"location\":{\"@type\":\"Place\",\"name\":\"Mimizan\"},\"additionalProperty\":[{\"@type\":\"PropertyValue\",\"name\":\"Type d\u2019\u00e9v\u00e9nement (march\u00e9, festival, sport, etc.)\",\"value\":\" Culturel\"},{\"@type\":\"PropertyValue\",\"name\":\"Ville \/ Zone\",\"value\":\"Mimizan\"},{\"@type\":\"PropertyValue\",\"name\":\"Distance depuis le camping (km)\",\"value\":\"environ 7 km\"},{\"@type\":\"PropertyValue\",\"name\":\"Dur\u00e9e moyenne\",\"value\":\"Variable\"},{\"@type\":\"PropertyValue\",\"name\":\"Tarif (si payant)\",\"value\":\"Gratuit\"},{\"@type\":\"PropertyValue\",\"name\":\"R\u00e9servation n\u00e9cessaire ?\",\"value\":\"Non\"},{\"@type\":\"PropertyValue\",\"name\":\"Astuce ou commentaire\",\"value\":\"D\u00e9couvrez l'histoire et la culture le long du chemin de p\u00e8lerinage.\"}]}},{\"@type\":\"ListItem\",\"position\":52,\"item\":{\"@type\":\"TouristAttraction\",\"name\":\"Escalade d'arbres\",\"url\":\"https:\/\/www.biscagrandslacs.com\/activites\/saint-paul-en-born\",\"image\":\"https:\/\/example.com\/image-escalade-arbres.png\",\"location\":{\"@type\":\"Place\",\"name\":\"Bisca Grands Lacs\"},\"additionalProperty\":[{\"@type\":\"PropertyValue\",\"name\":\"Type d\u2019\u00e9v\u00e9nement (march\u00e9, festival, sport, etc.)\",\"value\":\"Activit\u00e9 aventure\"},{\"@type\":\"PropertyValue\",\"name\":\"Ville \/ Zone\",\"value\":\"Bisca Grands Lacs\"},{\"@type\":\"PropertyValue\",\"name\":\"Distance depuis le camping (km)\",\"value\":\"\u00e0 environ 15 km\"},{\"@type\":\"PropertyValue\",\"name\":\"Dur\u00e9e moyenne\",\"value\":\"Variable\"},{\"@type\":\"PropertyValue\",\"name\":\"Tarif (si payant)\",\"value\":\"Payant\"},{\"@type\":\"PropertyValue\",\"name\":\"R\u00e9servation n\u00e9cessaire ?\",\"value\":\"Oui\"},{\"@type\":\"PropertyValue\",\"name\":\"Astuce ou commentaire\",\"value\":\"Activit\u00e9 disponible \u00e0 Bisca Grands Lacs, avec parcours adapt\u00e9s \u00e0 tous.\"}]}},{\"@type\":\"ListItem\",\"position\":53,\"item\":{\"@type\":\"TouristAttraction\",\"name\":\"Observation des \u00e9toiles\",\"image\":\"https:\/\/example.com\/image-etoiles.png\",\"location\":{\"@type\":\"Place\",\"name\":\"For\u00eat des Landes\"},\"additionalProperty\":[{\"@type\":\"PropertyValue\",\"name\":\"Type d\u2019\u00e9v\u00e9nement (march\u00e9, festival, sport, etc.)\",\"value\":\"Activit\u00e9 astronomique\"},{\"@type\":\"PropertyValue\",\"name\":\"Ville \/ Zone\",\"value\":\"For\u00eat des Landes\"},{\"@type\":\"PropertyValue\",\"name\":\"Distance depuis le camping (km)\",\"value\":\"environ 10 km \u00e0 partir de Saint-Paul-en-Born\"},{\"@type\":\"PropertyValue\",\"name\":\"Dur\u00e9e moyenne\",\"value\":\"Variable\"},{\"@type\":\"PropertyValue\",\"name\":\"Tarif (si payant)\",\"value\":\"Gratuit\"},{\"@type\":\"PropertyValue\",\"name\":\"R\u00e9servation n\u00e9cessaire ?\",\"value\":\"Non\"},{\"@type\":\"PropertyValue\",\"name\":\"Astuce ou commentaire\",\"value\":\"La faible pollution lumineuse permet une observation optimale.\"}]}},{\"@type\":\"ListItem\",\"position\":54,\"item\":{\"@type\":\"TouristAttraction\",\"name\":\"Cours de Surf\",\"url\":\"https:\/\/www.biscarrosse.com\/fr\/surf\",\"image\":\"https:\/\/example.com\/image-surf.png\",\"location\":{\"@type\":\"Place\",\"name\":\"Biscarrosse\"},\"additionalProperty\":[{\"@type\":\"PropertyValue\",\"name\":\"Type d\u2019\u00e9v\u00e9nement (march\u00e9, festival, sport, etc.)\",\"value\":\"Activit\u00e9 nautique\"},{\"@type\":\"PropertyValue\",\"name\":\"Ville \/ Zone\",\"value\":\"Biscarrosse\"},{\"@type\":\"PropertyValue\",\"name\":\"Distance depuis le camping (km)\",\"value\":\"environ 25 km\"},{\"@type\":\"PropertyValue\",\"name\":\"Dur\u00e9e moyenne\",\"value\":\"2 heures\"},{\"@type\":\"PropertyValue\",\"name\":\"Tarif (si payant)\",\"value\":\"Payant\"},{\"@type\":\"PropertyValue\",\"name\":\"R\u00e9servation n\u00e9cessaire ?\",\"value\":\"Oui\"},{\"@type\":\"PropertyValue\",\"name\":\"Astuce ou commentaire\",\"value\":\"Apprenez \u00e0 surfer sur les vagues de l'oc\u00e9an Atlantique.\"}]}},{\"@type\":\"ListItem\",\"position\":55,\"item\":{\"@type\":\"TouristAttraction\",\"name\":\"S\u00e9ance de Yoga en plein air\",\"image\":\"https:\/\/example.com\/image-yoga.png\",\"location\":{\"@type\":\"Place\",\"name\":\"For\u00eat des Landes\"},\"additionalProperty\":[{\"@type\":\"PropertyValue\",\"name\":\"Type d\u2019\u00e9v\u00e9nement (march\u00e9, festival, sport, etc.)\",\"value\":\"Bien-\u00eatre\"},{\"@type\":\"PropertyValue\",\"name\":\"Ville \/ Zone\",\"value\":\"For\u00eat des Landes\"},{\"@type\":\"PropertyValue\",\"name\":\"Distance depuis le camping (km)\",\"value\":\"environ 10 km \u00e0 partir de Saint-Paul-en-Born\"},{\"@type\":\"PropertyValue\",\"name\":\"Dur\u00e9e moyenne\",\"value\":\"1 heure\"},{\"@type\":\"PropertyValue\",\"name\":\"Tarif (si payant)\",\"value\":\"Payant\"},{\"@type\":\"PropertyValue\",\"name\":\"R\u00e9servation n\u00e9cessaire ?\",\"value\":\"Oui\"},{\"@type\":\"PropertyValue\",\"name\":\"Astuce ou commentaire\",\"value\":\"Pratiquez le yoga dans un cadre naturel.\"}]}},{\"@type\":\"ListItem\",\"position\":56,\"item\":{\"@type\":\"TouristAttraction\",\"name\":\"Visite de la Dune du Pilat\",\"url\":\"https:\/\/www.landes-tourisme.com\/decouverte\/dune-du-pilat\/\",\"image\":\"https:\/\/example.com\/image-dune-pilat.png\",\"location\":{\"@type\":\"Place\",\"name\":\"Pyla-sur-Mer\"},\"additionalProperty\":[{\"@type\":\"PropertyValue\",\"name\":\"Type d\u2019\u00e9v\u00e9nement (march\u00e9, festival, sport, etc.)\",\"value\":\"Site naturel\"},{\"@type\":\"PropertyValue\",\"name\":\"Ville \/ Zone\",\"value\":\"Pyla-sur-Mer\"},{\"@type\":\"PropertyValue\",\"name\":\"Distance depuis le camping (km)\",\"value\":\"environ 65 km\"},{\"@type\":\"PropertyValue\",\"name\":\"Dur\u00e9e moyenne\",\"value\":\"Variable\"},{\"@type\":\"PropertyValue\",\"name\":\"Tarif (si payant)\",\"value\":\"Gratuit\"},{\"@type\":\"PropertyValue\",\"name\":\"R\u00e9servation n\u00e9cessaire ?\",\"value\":\"Non\"},{\"@type\":\"PropertyValue\",\"name\":\"Astuce ou commentaire\",\"value\":\"D\u00e9couvrez la plus grande dune d'Europe.\"}]}},{\"@type\":\"ListItem\",\"position\":57,\"item\":{\"@type\":\"TouristAttraction\",\"name\":\"Curiosit\u00e9s g\u00e9ologiques locales\",\"image\":\"https:\/\/example.com\/image-geologie.png\",\"location\":{\"@type\":\"Place\",\"name\":\"For\u00eat des Landes\"},\"additionalProperty\":[{\"@type\":\"PropertyValue\",\"name\":\"Type d\u2019\u00e9v\u00e9nement (march\u00e9, festival, sport, etc.)\",\"value\":\"Site g\u00e9ologique\"},{\"@type\":\"PropertyValue\",\"name\":\"Ville \/ Zone\",\"value\":\"For\u00eat des Landes\"},{\"@type\":\"PropertyValue\",\"name\":\"Distance depuis le camping (km)\",\"value\":\"environ 10 km \u00e0 partir de Saint-Paul-en-Born\"},{\"@type\":\"PropertyValue\",\"name\":\"Dur\u00e9e moyenne\",\"value\":\"Variable\"},{\"@type\":\"PropertyValue\",\"name\":\"Tarif (si payant)\",\"value\":\"Gratuit\"},{\"@type\":\"PropertyValue\",\"name\":\"R\u00e9servation n\u00e9cessaire ?\",\"value\":\"Non\"},{\"@type\":\"PropertyValue\",\"name\":\"Astuce ou commentaire\",\"value\":\"Observation des formations g\u00e9ologiques uniques.\"}]}},{\"@type\":\"ListItem\",\"position\":58,\"item\":{\"@type\":\"TouristAttraction\",\"name\":\"Th\u00e9\u00e2tre de plein air\",\"image\":\"https:\/\/example.com\/image-theatre.png\",\"location\":{\"@type\":\"Place\",\"name\":\"For\u00eat des Landes\"},\"additionalProperty\":[{\"@type\":\"PropertyValue\",\"name\":\"Type d\u2019\u00e9v\u00e9nement (march\u00e9, festival, sport, etc.)\",\"value\":\"Activit\u00e9 culturelle\"},{\"@type\":\"PropertyValue\",\"name\":\"Ville \/ Zone\",\"value\":\"For\u00eat des Landes\"},{\"@type\":\"PropertyValue\",\"name\":\"Distance depuis le camping (km)\",\"value\":\"environ 10 km \u00e0 partir de Saint-Paul-en-Born\"},{\"@type\":\"PropertyValue\",\"name\":\"Dur\u00e9e moyenne\",\"value\":\"Variable\"},{\"@type\":\"PropertyValue\",\"name\":\"Tarif (si payant)\",\"value\":\"Payant\"},{\"@type\":\"PropertyValue\",\"name\":\"R\u00e9servation n\u00e9cessaire ?\",\"value\":\"Oui\"},{\"@type\":\"PropertyValue\",\"name\":\"Astuce ou commentaire\",\"value\":\"Spectacles en plein air dans un cadre naturel.\"}]}},{\"@type\":\"ListItem\",\"position\":59,\"item\":{\"@type\":\"TouristAttraction\",\"name\":\"Herboristerie locale\",\"image\":\"https:\/\/example.com\/image-herboristerie.png\",\"location\":{\"@type\":\"Place\",\"name\":\"Saint-Paul-en-Born ou Mimizan\"},\"additionalProperty\":[{\"@type\":\"PropertyValue\",\"name\":\"Type d\u2019\u00e9v\u00e9nement (march\u00e9, festival, sport, etc.)\",\"value\":\"Activit\u00e9 botanique\"},{\"@type\":\"PropertyValue\",\"name\":\"Ville \/ Zone\",\"value\":\"Saint-Paul-en-Born ou Mimizan\"},{\"@type\":\"PropertyValue\",\"name\":\"Distance depuis le camping (km)\",\"value\":\"environ 7 km \u00e0 Mimizan\"},{\"@type\":\"PropertyValue\",\"name\":\"Dur\u00e9e moyenne\",\"value\":\"Variable\"},{\"@type\":\"PropertyValue\",\"name\":\"Tarif (si payant)\",\"value\":\"Payant\"},{\"@type\":\"PropertyValue\",\"name\":\"R\u00e9servation n\u00e9cessaire ?\",\"value\":\"Non\"},{\"@type\":\"PropertyValue\",\"name\":\"Astuce ou commentaire\",\"value\":\"D\u00e9couverte des plantes locales et leurs usages.\"}]}},{\"@type\":\"ListItem\",\"position\":60,\"item\":{\"@type\":\"TouristAttraction\",\"name\":\"Pique-nique dans les marais\",\"image\":\"https:\/\/example.com\/image-pique-nique.png\",\"location\":{\"@type\":\"Place\",\"name\":\"Marais de Saint-Paul-en-Born\"},\"additionalProperty\":[{\"@type\":\"PropertyValue\",\"name\":\"Type d\u2019\u00e9v\u00e9nement (march\u00e9, festival, sport, etc.)\",\"value\":\"Activit\u00e9 gastronomique\"},{\"@type\":\"PropertyValue\",\"name\":\"Ville \/ Zone\",\"value\":\"Marais de Saint-Paul-en-Born\"},{\"@type\":\"PropertyValue\",\"name\":\"Distance depuis le camping (km)\",\"value\":\"environ 5 km \u00e0 partir de Saint-Paul-en-Born\"},{\"@type\":\"PropertyValue\",\"name\":\"Dur\u00e9e moyenne\",\"value\":\"Variable\"},{\"@type\":\"PropertyValue\",\"name\":\"Tarif (si payant)\",\"value\":\"Gratuit\"},{\"@type\":\"PropertyValue\",\"name\":\"R\u00e9servation n\u00e9cessaire ?\",\"value\":\"Non\"},{\"@type\":\"PropertyValue\",\"name\":\"Astuce ou commentaire\",\"value\":\"Profitez d'un repas dans un cadre naturel unique.\"}]}},{\"@type\":\"ListItem\",\"position\":61,\"item\":{\"@type\":\"TouristAttraction\",\"name\":\"Course \u00e0 pied dans la for\u00eat\",\"image\":\"https:\/\/example.com\/image-course-pied.png\",\"location\":{\"@type\":\"Place\",\"name\":\"For\u00eat des Landes\"},\"additionalProperty\":[{\"@type\":\"PropertyValue\",\"name\":\"Type d\u2019\u00e9v\u00e9nement (march\u00e9, festival, sport, etc.)\",\"value\":\"Activit\u00e9 sportive\"},{\"@type\":\"PropertyValue\",\"name\":\"Ville \/ Zone\",\"value\":\"For\u00eat des Landes\"},{\"@type\":\"PropertyValue\",\"name\":\"Distance depuis le camping (km)\",\"value\":\"environ 10 km \u00e0 partir de Saint-Paul-en-Born\"},{\"@type\":\"PropertyValue\",\"name\":\"Dur\u00e9e moyenne\",\"value\":\"Variable\"},{\"@type\":\"PropertyValue\",\"name\":\"Tarif (si payant)\",\"value\":\"Gratuit\"},{\"@type\":\"PropertyValue\",\"name\":\"R\u00e9servation n\u00e9cessaire ?\",\"value\":\"Non\"},{\"@type\":\"PropertyValue\",\"name\":\"Astuce ou commentaire\",\"value\":\"Profitez d'un environnement naturel pour courir.\"}]}},{\"@type\":\"ListItem\",\"position\":62,\"item\":{\"@type\":\"TouristAttraction\",\"name\":\"Visite du Phare de Contis\",\"image\":\"https:\/\/example.com\/image-phare-contis.png\",\"location\":{\"@type\":\"Place\",\"name\":\"Contis\"},\"additionalProperty\":[{\"@type\":\"PropertyValue\",\"name\":\"Type d\u2019\u00e9v\u00e9nement (march\u00e9, festival, sport, etc.)\",\"value\":\"Site historique\"},{\"@type\":\"PropertyValue\",\"name\":\"Ville \/ Zone\",\"value\":\"Contis\"},{\"@type\":\"PropertyValue\",\"name\":\"Distance depuis le camping (km)\",\"value\":\"environ 35 km\"},{\"@type\":\"PropertyValue\",\"name\":\"Dur\u00e9e moyenne\",\"value\":\"Variable\"},{\"@type\":\"PropertyValue\",\"name\":\"Tarif (si payant)\",\"value\":\"Payant\"},{\"@type\":\"PropertyValue\",\"name\":\"R\u00e9servation n\u00e9cessaire ?\",\"value\":\"Non\"},{\"@type\":\"PropertyValue\",\"name\":\"Astuce ou commentaire\",\"value\":\"D\u00e9couvrez l'histoire maritime de la r\u00e9gion.\"}]}},{\"@type\":\"ListItem\",\"position\":63,\"item\":{\"@type\":\"TouristAttraction\",\"name\":\"F\u00eate locale\",\"image\":\"https:\/\/example.com\/image-fete-locale.png\",\"location\":{\"@type\":\"Place\",\"name\":\"Saint-Paul-en-Born ou alentours\"},\"additionalProperty\":[{\"@type\":\"PropertyValue\",\"name\":\"Type d\u2019\u00e9v\u00e9nement (march\u00e9, festival, sport, etc.)\",\"value\":\"\u00c9v\u00e9nement culturel\"},{\"@type\":\"PropertyValue\",\"name\":\"Ville \/ Zone\",\"value\":\"Saint-Paul-en-Born ou alentours\"},{\"@type\":\"PropertyValue\",\"name\":\"Distance depuis le camping (km)\",\"value\":\"Variable\"},{\"@type\":\"PropertyValue\",\"name\":\"Dur\u00e9e moyenne\",\"value\":\"Variable\"},{\"@type\":\"PropertyValue\",\"name\":\"Tarif (si payant)\",\"value\":\"Gratuit ou payant\"},{\"@type\":\"PropertyValue\",\"name\":\"R\u00e9servation n\u00e9cessaire ?\",\"value\":\"Non\"},{\"@type\":\"PropertyValue\",\"name\":\"Astuce ou commentaire\",\"value\":\"Participez aux f\u00eates et \u00e9v\u00e9nements locaux pour rencontrer la communaut\u00e9.\"}]}},{\"@type\":\"ListItem\",\"position\":64,\"item\":{\"@type\":\"TouristAttraction\",\"name\":\"Visite du Ranch Amadeus\",\"url\":\"https:\/\/www.tripadvisor.fr\/Attractions-g1219489-Activities-Saint_Paul_en_Born_Landes_Nouvelle_Aquitaine.html\",\"image\":\"https:\/\/example.com\/image-ranch-amadeus.png\",\"location\":{\"@type\":\"Place\",\"name\":\"Saint-Paul-en-Born\"},\"additionalProperty\":[{\"@type\":\"PropertyValue\",\"name\":\"Type d\u2019\u00e9v\u00e9nement (march\u00e9, festival, sport, etc.)\",\"value\":\"Activit\u00e9 \u00e9questre\"},{\"@type\":\"PropertyValue\",\"name\":\"Ville \/ Zone\",\"value\":\"Saint-Paul-en-Born\"},{\"@type\":\"PropertyValue\",\"name\":\"Distance depuis le camping (km)\",\"value\":\"\u00e0 Saint-Paul-en-Born\"},{\"@type\":\"PropertyValue\",\"name\":\"Dur\u00e9e moyenne\",\"value\":\"Variable\"},{\"@type\":\"PropertyValue\",\"name\":\"Tarif (si payant)\",\"value\":\"Payant\"},{\"@type\":\"PropertyValue\",\"name\":\"R\u00e9servation n\u00e9cessaire ?\",\"value\":\"Oui\"},{\"@type\":\"PropertyValue\",\"name\":\"Astuce ou commentaire\",\"value\":\"D\u00e9couvrez le ranch et ses activit\u00e9s \u00e9questres.\"}]}},{\"@type\":\"ListItem\",\"position\":65,\"item\":{\"@type\":\"TouristAttraction\",\"name\":\"Observatoire ornithologique au lac d'Aureilhan\",\"url\":\"https:\/\/www.mimizan-tourisme.com\/je-decouvre\/les-villes\/st-paul-en-born\/\",\"image\":\"https:\/\/www.mimizan-tourisme.com\/images\/lac-aureilhan.jpg\",\"location\":{\"@type\":\"Place\",\"name\":\"Lac d'Aureilhan\"},\"additionalProperty\":[{\"@type\":\"PropertyValue\",\"name\":\"Type d\u2019\u00e9v\u00e9nement (march\u00e9, festival, sport, etc.)\",\"value\":\"Observation de la nature\"},{\"@type\":\"PropertyValue\",\"name\":\"Ville \/ Zone\",\"value\":\"Lac d'Aureilhan\"},{\"@type\":\"PropertyValue\",\"name\":\"Distance depuis le camping (km)\",\"value\":\"\u224810 km\"},{\"@type\":\"PropertyValue\",\"name\":\"Dur\u00e9e moyenne\",\"value\":\"Variable\"},{\"@type\":\"PropertyValue\",\"name\":\"Tarif (si payant)\",\"value\":\"Gratuit\"},{\"@type\":\"PropertyValue\",\"name\":\"R\u00e9servation n\u00e9cessaire ?\",\"value\":\"Non\"},{\"@type\":\"PropertyValue\",\"name\":\"Astuce ou commentaire\",\"value\":\"Observation des oiseaux migrateurs et s\u00e9dentaires dans leur habitat naturel.\"}]}},{\"@type\":\"ListItem\",\"position\":66,\"item\":{\"@type\":\"TouristAttraction\",\"name\":\"Visite du Mus\u00e9e de la For\u00eat des Landes\",\"url\":\"https:\/\/www.mimizan-tourisme.com\",\"image\":\"https:\/\/www.mimizan-tourisme.com\/images\/musee-foret.jpg\",\"location\":{\"@type\":\"Place\",\"name\":\"Mimizan\"},\"additionalProperty\":[{\"@type\":\"PropertyValue\",\"name\":\"Type d\u2019\u00e9v\u00e9nement (march\u00e9, festival, sport, etc.)\",\"value\":\"Culture et patrimoine\"},{\"@type\":\"PropertyValue\",\"name\":\"Ville \/ Zone\",\"value\":\"Mimizan\"},{\"@type\":\"PropertyValue\",\"name\":\"Distance depuis le camping (km)\",\"value\":\"\u22487 km\"},{\"@type\":\"PropertyValue\",\"name\":\"Dur\u00e9e moyenne\",\"value\":\"1h30\"},{\"@type\":\"PropertyValue\",\"name\":\"Tarif (si payant)\",\"value\":\"Variable selon expositions\"},{\"@type\":\"PropertyValue\",\"name\":\"R\u00e9servation n\u00e9cessaire ?\",\"value\":\"Oui\"},{\"@type\":\"PropertyValue\",\"name\":\"Astuce ou commentaire\",\"value\":\"Mus\u00e9e d\u00e9di\u00e9 \u00e0 l\u2019histoire naturelle et humaine de la for\u00eat landaise proche de Saint-Paul-en-Born.\"}]}},{\"@type\":\"ListItem\",\"position\":67,\"item\":{\"@type\":\"TouristAttraction\",\"name\":\"Balade en paddle sur le lac d'Aureilhan\",\"url\":\"https:\/\/www.mimizan-tourisme.com\",\"image\":\"https:\/\/www.mimizan-tourisme.com\/images\/paddle.jpg\",\"location\":{\"@type\":\"Place\",\"name\":\"Lac d'Aureilhan\"},\"additionalProperty\":[{\"@type\":\"PropertyValue\",\"name\":\"Type d\u2019\u00e9v\u00e9nement (march\u00e9, festival, sport, etc.)\",\"value\":\"Activit\u00e9 nautique\"},{\"@type\":\"PropertyValue\",\"name\":\"Ville \/ Zone\",\"value\":\"Lac d'Aureilhan\"},{\"@type\":\"PropertyValue\",\"name\":\"Distance depuis le camping (km)\",\"value\":\"\u224810 km\"},{\"@type\":\"PropertyValue\",\"name\":\"Dur\u00e9e moyenne\",\"value\":\"1h\"},{\"@type\":\"PropertyValue\",\"name\":\"Tarif (si payant)\",\"value\":\"15-25\u20ac selon dur\u00e9e\"},{\"@type\":\"PropertyValue\",\"name\":\"R\u00e9servation n\u00e9cessaire ?\",\"value\":\"Souvent oui\"},{\"@type\":\"PropertyValue\",\"name\":\"Astuce ou commentaire\",\"value\":\"Location de stand-up paddle pour balade calme sur le lac.\"}]}},{\"@type\":\"ListItem\",\"position\":68,\"item\":{\"@type\":\"TouristAttraction\",\"name\":\"D\u00e9couverte de la flore locale en randonn\u00e9e botanique\",\"url\":\"https:\/\/www.mimizan-tourisme.com\",\"image\":\"https:\/\/www.mimizan-tourisme.com\/images\/botanique.jpg\",\"location\":{\"@type\":\"Place\",\"name\":\"For\u00eat landaise autour de Saint-Paul-en-Born\"},\"additionalProperty\":[{\"@type\":\"PropertyValue\",\"name\":\"Type d\u2019\u00e9v\u00e9nement (march\u00e9, festival, sport, etc.)\",\"value\":\"Randonn\u00e9e guid\u00e9e\"},{\"@type\":\"PropertyValue\",\"name\":\"Ville \/ Zone\",\"value\":\"For\u00eat landaise autour de Saint-Paul-en-Born\"},{\"@type\":\"PropertyValue\",\"name\":\"Distance depuis le camping (km)\",\"value\":\"Variable\"},{\"@type\":\"PropertyValue\",\"name\":\"Dur\u00e9e moyenne\",\"value\":\"2h\"},{\"@type\":\"PropertyValue\",\"name\":\"Tarif (si payant)\",\"value\":\"15-20\u20ac\"},{\"@type\":\"PropertyValue\",\"name\":\"R\u00e9servation n\u00e9cessaire ?\",\"value\":\"Oui\"},{\"@type\":\"PropertyValue\",\"name\":\"Astuce ou commentaire\",\"value\":\"Randonn\u00e9e guid\u00e9e avec identification des plantes et arbres locaux.\"}]}},{\"@type\":\"ListItem\",\"position\":69,\"item\":{\"@type\":\"TouristAttraction\",\"name\":\"Initiation \u00e0 la p\u00eache \u00e0 la mouche dans les rivi\u00e8res locales\",\"url\":\"https:\/\/www.mimizan-tourisme.com\",\"image\":\"https:\/\/www.mimizan-tourisme.com\/images\/peche-mouche.jpg\",\"location\":{\"@type\":\"Place\",\"name\":\"Rivi\u00e8res \u00e0 proximit\u00e9 de Saint-Paul-en-Born\"},\"additionalProperty\":[{\"@type\":\"PropertyValue\",\"name\":\"Type d\u2019\u00e9v\u00e9nement (march\u00e9, festival, sport, etc.)\",\"value\":\"Activit\u00e9 de plein air\"},{\"@type\":\"PropertyValue\",\"name\":\"Ville \/ Zone\",\"value\":\"Rivi\u00e8res \u00e0 proximit\u00e9 de Saint-Paul-en-Born\"},{\"@type\":\"PropertyValue\",\"name\":\"Distance depuis le camping (km)\",\"value\":\"5-15 km\"},{\"@type\":\"PropertyValue\",\"name\":\"Dur\u00e9e moyenne\",\"value\":\"Demi-journ\u00e9e\"},{\"@type\":\"PropertyValue\",\"name\":\"Tarif (si payant)\",\"value\":\"30-50\u20ac\"},{\"@type\":\"PropertyValue\",\"name\":\"R\u00e9servation n\u00e9cessaire ?\",\"value\":\"Oui\"},{\"@type\":\"PropertyValue\",\"name\":\"Astuce ou commentaire\",\"value\":\"Cours pour d\u00e9butants encadr\u00e9 par un guide local.\"}]}},{\"@type\":\"ListItem\",\"position\":70,\"item\":{\"@type\":\"TouristAttraction\",\"name\":\"Atelier de fabrication de produits artisanaux landais\",\"url\":\"https:\/\/www.mimizan-tourisme.com\",\"image\":\"https:\/\/www.mimizan-tourisme.com\/images\/artisanat.jpg\",\"location\":{\"@type\":\"Place\",\"name\":\"Saint-Paul-en-Born ou Mimizan\"},\"additionalProperty\":[{\"@type\":\"PropertyValue\",\"name\":\"Type d\u2019\u00e9v\u00e9nement (march\u00e9, festival, sport, etc.)\",\"value\":\"Atelier artistique\"},{\"@type\":\"PropertyValue\",\"name\":\"Ville \/ Zone\",\"value\":\"Saint-Paul-en-Born ou Mimizan\"},{\"@type\":\"PropertyValue\",\"name\":\"Distance depuis le camping (km)\",\"value\":\"\u226410 km\"},{\"@type\":\"PropertyValue\",\"name\":\"Dur\u00e9e moyenne\",\"value\":\"2h\"},{\"@type\":\"PropertyValue\",\"name\":\"Tarif (si payant)\",\"value\":\"20-40\u20ac\"},{\"@type\":\"PropertyValue\",\"name\":\"R\u00e9servation n\u00e9cessaire ?\",\"value\":\"Oui\"},{\"@type\":\"PropertyValue\",\"name\":\"Astuce ou commentaire\",\"value\":\"D\u00e9couverte des techniques artisanales traditionnelles locales.\"}]}},{\"@type\":\"ListItem\",\"position\":71,\"item\":{\"@type\":\"TouristAttraction\",\"name\":\"Visite guid\u00e9e des vestiges gallo-romains dans le Pays de Born\",\"url\":\"https:\/\/www.mimizan-tourisme.com\",\"image\":\"https:\/\/www.mimizan-tourisme.com\/images\/archeo.jpg\",\"location\":{\"@type\":\"Place\",\"name\":\"Sites arch\u00e9ologiques proches\"},\"additionalProperty\":[{\"@type\":\"PropertyValue\",\"name\":\"Type d\u2019\u00e9v\u00e9nement (march\u00e9, festival, sport, etc.)\",\"value\":\"Visite historique\"},{\"@type\":\"PropertyValue\",\"name\":\"Ville \/ Zone\",\"value\":\"Sites arch\u00e9ologiques proches\"},{\"@type\":\"PropertyValue\",\"name\":\"Distance depuis le camping (km)\",\"value\":\"10-20 km\"},{\"@type\":\"PropertyValue\",\"name\":\"Dur\u00e9e moyenne\",\"value\":\"2h\"},{\"@type\":\"PropertyValue\",\"name\":\"Tarif (si payant)\",\"value\":\"Gratuit ou faible tarif\"},{\"@type\":\"PropertyValue\",\"name\":\"R\u00e9servation n\u00e9cessaire ?\",\"value\":\"Souvent oui\"},{\"@type\":\"PropertyValue\",\"name\":\"Astuce ou commentaire\",\"value\":\"Exploration des ruines et explications historiques avec guide.\"}]}},{\"@type\":\"ListItem\",\"position\":72,\"item\":{\"@type\":\"TouristAttraction\",\"name\":\"Cours de yoga plein air dans la for\u00eat landaise\",\"url\":\"https:\/\/www.mimizan-tourisme.com\",\"image\":\"https:\/\/www.mimizan-tourisme.com\/images\/yoga-foret.jpg\",\"location\":{\"@type\":\"Place\",\"name\":\"For\u00eat proche de Saint-Paul-en-Born\"},\"additionalProperty\":[{\"@type\":\"PropertyValue\",\"name\":\"Type d\u2019\u00e9v\u00e9nement (march\u00e9, festival, sport, etc.)\",\"value\":\"Bien-\u00eatre\"},{\"@type\":\"PropertyValue\",\"name\":\"Ville \/ Zone\",\"value\":\"For\u00eat proche de Saint-Paul-en-Born\"},{\"@type\":\"PropertyValue\",\"name\":\"Distance depuis le camping (km)\",\"value\":\"\u22645 km\"},{\"@type\":\"PropertyValue\",\"name\":\"Dur\u00e9e moyenne\",\"value\":\"1h\"},{\"@type\":\"PropertyValue\",\"name\":\"Tarif (si payant)\",\"value\":\"15-25\u20ac\"},{\"@type\":\"PropertyValue\",\"name\":\"R\u00e9servation n\u00e9cessaire ?\",\"value\":\"Oui\"},{\"@type\":\"PropertyValue\",\"name\":\"Astuce ou commentaire\",\"value\":\"S\u00e9ance adapt\u00e9e \u00e0 tous niveaux pour d\u00e9tente et harmonie avec la nature.\"}]}},{\"@type\":\"ListItem\",\"position\":73,\"item\":{\"@type\":\"TouristAttraction\",\"name\":\"Sortie nocturne d'observation des \u00e9toiles\",\"url\":\"https:\/\/www.mimizan-tourisme.com\",\"image\":\"https:\/\/www.mimizan-tourisme.com\/images\/etoiles.jpg\",\"location\":{\"@type\":\"Place\",\"name\":\"Saint-Paul-en-Born et environs\"},\"additionalProperty\":[{\"@type\":\"PropertyValue\",\"name\":\"Type d\u2019\u00e9v\u00e9nement (march\u00e9, festival, sport, etc.)\",\"value\":\"Activit\u00e9 nature\"},{\"@type\":\"PropertyValue\",\"name\":\"Ville \/ Zone\",\"value\":\"Saint-Paul-en-Born et environs\"},{\"@type\":\"PropertyValue\",\"name\":\"Distance depuis le camping (km)\",\"value\":\"Variable\"},{\"@type\":\"PropertyValue\",\"name\":\"Dur\u00e9e moyenne\",\"value\":\"2h\"},{\"@type\":\"PropertyValue\",\"name\":\"Tarif (si payant)\",\"value\":\"Gratuit ou modique\"},{\"@type\":\"PropertyValue\",\"name\":\"R\u00e9servation n\u00e9cessaire ?\",\"value\":\"Souvent oui\"},{\"@type\":\"PropertyValue\",\"name\":\"Astuce ou commentaire\",\"value\":\"Observation guid\u00e9e du ciel \u00e9toil\u00e9 loin de la pollution lumineuse.\"}]}},{\"@type\":\"ListItem\",\"position\":74,\"item\":{\"@type\":\"TouristAttraction\",\"name\":\"Excursion en bateau \u00e9lectrique sur le lac d'Aureilhan\",\"url\":\"https:\/\/www.mimizan-tourisme.com\",\"image\":\"https:\/\/www.mimizan-tourisme.com\/images\/voilier.jpg\",\"location\":{\"@type\":\"Place\",\"name\":\"Lac d'Aureilhan\"},\"additionalProperty\":[{\"@type\":\"PropertyValue\",\"name\":\"Type d\u2019\u00e9v\u00e9nement (march\u00e9, festival, sport, etc.)\",\"value\":\"Activit\u00e9 nautique\"},{\"@type\":\"PropertyValue\",\"name\":\"Ville \/ Zone\",\"value\":\"Lac d'Aureilhan\"},{\"@type\":\"PropertyValue\",\"name\":\"Distance depuis le camping (km)\",\"value\":\"\u224810 km\"},{\"@type\":\"PropertyValue\",\"name\":\"Dur\u00e9e moyenne\",\"value\":\"1h\"},{\"@type\":\"PropertyValue\",\"name\":\"Tarif (si payant)\",\"value\":\"20-30\u20ac\"},{\"@type\":\"PropertyValue\",\"name\":\"R\u00e9servation n\u00e9cessaire ?\",\"value\":\"Oui\"},{\"@type\":\"PropertyValue\",\"name\":\"Astuce ou commentaire\",\"value\":\"Balade silencieuse et \u00e9cologique pour d\u00e9couvrir le lac et ses paysages.\"}]}},{\"@type\":\"ListItem\",\"position\":75,\"item\":{\"@type\":\"TouristAttraction\",\"name\":\"D\u00e9couverte de l'herboristerie locale et plantes m\u00e9dicinales\",\"url\":\"https:\/\/www.mimizan-tourisme.com\",\"image\":\"https:\/\/www.mimizan-tourisme.com\/images\/herboristerie.jpg\",\"location\":{\"@type\":\"Place\",\"name\":\"Saint-Paul-en-Born\"},\"additionalProperty\":[{\"@type\":\"PropertyValue\",\"name\":\"Type d\u2019\u00e9v\u00e9nement (march\u00e9, festival, sport, etc.)\",\"value\":\"Atelier nature\"},{\"@type\":\"PropertyValue\",\"name\":\"Ville \/ Zone\",\"value\":\"Saint-Paul-en-Born\"},{\"@type\":\"PropertyValue\",\"name\":\"Distance depuis le camping (km)\",\"value\":\"0 km\"},{\"@type\":\"PropertyValue\",\"name\":\"Dur\u00e9e moyenne\",\"value\":\"2h\"},{\"@type\":\"PropertyValue\",\"name\":\"Tarif (si payant)\",\"value\":\"20-35\u20ac\"},{\"@type\":\"PropertyValue\",\"name\":\"R\u00e9servation n\u00e9cessaire ?\",\"value\":\"Oui\"},{\"@type\":\"PropertyValue\",\"name\":\"Astuce ou commentaire\",\"value\":\"Initiation aux plantes locales et leurs utilisations traditionnelles.\"}]}},{\"@type\":\"ListItem\",\"position\":76,\"item\":{\"@type\":\"TouristAttraction\",\"name\":\"Visite du Ch\u00e2teau de Gaujacq\",\"url\":\"https:\/\/www.chateaudegaujacq.fr\",\"image\":\"https:\/\/www.chateaudegaujacq.fr\/images\/chateau.jpg\",\"location\":{\"@type\":\"Place\",\"name\":\"Gaujacq\"},\"additionalProperty\":[{\"@type\":\"PropertyValue\",\"name\":\"Type d\u2019\u00e9v\u00e9nement (march\u00e9, festival, sport, etc.)\",\"value\":\"Patrimoine historique\"},{\"@type\":\"PropertyValue\",\"name\":\"Ville \/ Zone\",\"value\":\"Gaujacq\"},{\"@type\":\"PropertyValue\",\"name\":\"Distance depuis le camping (km)\",\"value\":\"\u224830 km\"},{\"@type\":\"PropertyValue\",\"name\":\"Dur\u00e9e moyenne\",\"value\":\"2h\"},{\"@type\":\"PropertyValue\",\"name\":\"Tarif (si payant)\",\"value\":\"8-12\u20ac\"},{\"@type\":\"PropertyValue\",\"name\":\"R\u00e9servation n\u00e9cessaire ?\",\"value\":\"Souvent oui\"},{\"@type\":\"PropertyValue\",\"name\":\"Astuce ou commentaire\",\"value\":\"Ch\u00e2teau du XVIIIe si\u00e8cle ouvert \u00e0 la visite, riche en histoire et jardins.\"}]}},{\"@type\":\"ListItem\",\"position\":77,\"item\":{\"@type\":\"TouristAttraction\",\"name\":\"Observation des papillons dans les r\u00e9serves naturelles\",\"url\":\"https:\/\/www.mimizan-tourisme.com\",\"image\":\"https:\/\/www.mimizan-tourisme.com\/images\/papillons.jpg\",\"location\":{\"@type\":\"Place\",\"name\":\"R\u00e9serves naturelles proches\"},\"additionalProperty\":[{\"@type\":\"PropertyValue\",\"name\":\"Type d\u2019\u00e9v\u00e9nement (march\u00e9, festival, sport, etc.)\",\"value\":\"Activit\u00e9 nature\"},{\"@type\":\"PropertyValue\",\"name\":\"Ville \/ Zone\",\"value\":\"R\u00e9serves naturelles proches\"},{\"@type\":\"PropertyValue\",\"name\":\"Distance depuis le camping (km)\",\"value\":\"15-25 km\"},{\"@type\":\"PropertyValue\",\"name\":\"Dur\u00e9e moyenne\",\"value\":\"1-3h\"},{\"@type\":\"PropertyValue\",\"name\":\"Tarif (si payant)\",\"value\":\"Gratuit\"},{\"@type\":\"PropertyValue\",\"name\":\"R\u00e9servation n\u00e9cessaire ?\",\"value\":\"Non\"},{\"@type\":\"PropertyValue\",\"name\":\"Astuce ou commentaire\",\"value\":\"D\u00e9couverte de la biodiversit\u00e9 locale avec guide sp\u00e9cialis\u00e9 possible.\"}]}},{\"@type\":\"ListItem\",\"position\":78,\"item\":{\"@type\":\"TouristAttraction\",\"name\":\"D\u00e9couverte du Chemin de Saint-Jacques-de-Compostelle \u00e0 pied\",\"url\":\"https:\/\/www.mimizan-tourisme.com\",\"image\":\"https:\/\/www.mimizan-tourisme.com\/images\/chemin-st-jacques.jpg\",\"location\":{\"@type\":\"Place\",\"name\":\"Sentiers autour de Saint-Paul-en-Born\"},\"additionalProperty\":[{\"@type\":\"PropertyValue\",\"name\":\"Type d\u2019\u00e9v\u00e9nement (march\u00e9, festival, sport, etc.)\",\"value\":\"Randonn\u00e9e culturelle\"},{\"@type\":\"PropertyValue\",\"name\":\"Ville \/ Zone\",\"value\":\"Sentiers autour de Saint-Paul-en-Born\"},{\"@type\":\"PropertyValue\",\"name\":\"Distance depuis le camping (km)\",\"value\":\"Variable\"},{\"@type\":\"PropertyValue\",\"name\":\"Dur\u00e9e moyenne\",\"value\":\"Demi-journ\u00e9e \u00e0 journ\u00e9e\"},{\"@type\":\"PropertyValue\",\"name\":\"Tarif (si payant)\",\"value\":\"Gratuit\"},{\"@type\":\"PropertyValue\",\"name\":\"R\u00e9servation n\u00e9cessaire ?\",\"value\":\"Non\"},{\"@type\":\"PropertyValue\",\"name\":\"Astuce ou commentaire\",\"value\":\"Itin\u00e9raire historique et spirituel traversant la r\u00e9gion.\"}]}},{\"@type\":\"ListItem\",\"position\":79,\"item\":{\"@type\":\"TouristAttraction\",\"name\":\"Visite d\u2019ateliers de poterie artisanale\",\"url\":\"https:\/\/www.mimizan-tourisme.com\",\"image\":\"https:\/\/www.mimizan-tourisme.com\/images\/poterie.jpg\",\"location\":{\"@type\":\"Place\",\"name\":\"Mimizan et alentours\"},\"additionalProperty\":[{\"@type\":\"PropertyValue\",\"name\":\"Type d\u2019\u00e9v\u00e9nement (march\u00e9, festival, sport, etc.)\",\"value\":\"Atelier artisanal\"},{\"@type\":\"PropertyValue\",\"name\":\"Ville \/ Zone\",\"value\":\"Mimizan et alentours\"},{\"@type\":\"PropertyValue\",\"name\":\"Distance depuis le camping (km)\",\"value\":\"\u226410 km\"},{\"@type\":\"PropertyValue\",\"name\":\"Dur\u00e9e moyenne\",\"value\":\"1h30\"},{\"@type\":\"PropertyValue\",\"name\":\"Tarif (si payant)\",\"value\":\"Souvent gratuit pour visite, ateliers payants\"},{\"@type\":\"PropertyValue\",\"name\":\"R\u00e9servation n\u00e9cessaire ?\",\"value\":\"Souvent oui\"},{\"@type\":\"PropertyValue\",\"name\":\"Astuce ou commentaire\",\"value\":\"Initiation \u00e0 la poterie traditionnelle landaise.\"}]}},{\"@type\":\"ListItem\",\"position\":80,\"item\":{\"@type\":\"TouristAttraction\",\"name\":\"Visite du site arch\u00e9ologique des vestiges gallo-romains\",\"url\":\"https:\/\/www.mimizan-tourisme.com\/je-decouvre\/les-villes\/st-paul-en-born\/\",\"location\":{\"@type\":\"Place\",\"name\":\"Saint-Paul-en-Born\"},\"additionalProperty\":[{\"@type\":\"PropertyValue\",\"name\":\"Type d\u2019\u00e9v\u00e9nement (march\u00e9, festival, sport, etc.)\",\"value\":\"Culturelle et historique\"},{\"@type\":\"PropertyValue\",\"name\":\"Ville \/ Zone\",\"value\":\"Saint-Paul-en-Born\"},{\"@type\":\"PropertyValue\",\"name\":\"Distance depuis le camping (km)\",\"value\":\"Sur place\"},{\"@type\":\"PropertyValue\",\"name\":\"Dur\u00e9e moyenne\",\"value\":\"2-3 heures\"},{\"@type\":\"PropertyValue\",\"name\":\"Tarif (si payant)\",\"value\":\"Gratuit ou tarif de groupe variable\"},{\"@type\":\"PropertyValue\",\"name\":\"R\u00e9servation n\u00e9cessaire ?\",\"value\":\"Non\"},{\"@type\":\"PropertyValue\",\"name\":\"Astuce ou commentaire\",\"value\":\"D\u00e9couverte des vestiges arch\u00e9ologiques situ\u00e9s autour de Saint-Paul-en-Born, t\u00e9moignant de l'\u00e9poque gallo-romaine dans la r\u00e9gion.\"}]}},{\"@type\":\"ListItem\",\"position\":81,\"item\":{\"@type\":\"TouristAttraction\",\"name\":\"Balade botanique guid\u00e9e en for\u00eat landaise\",\"url\":\"https:\/\/www.mimizan-tourisme.com\/je-decouvre\/les-villes\/st-paul-en-born\/activites-vsites-et-animations\/\",\"location\":{\"@type\":\"Place\",\"name\":\"For\u00eat de Saint-Paul-en-Born\"},\"additionalProperty\":[{\"@type\":\"PropertyValue\",\"name\":\"Type d\u2019\u00e9v\u00e9nement (march\u00e9, festival, sport, etc.)\",\"value\":\"Nature et randonn\u00e9e\"},{\"@type\":\"PropertyValue\",\"name\":\"Ville \/ Zone\",\"value\":\"For\u00eat de Saint-Paul-en-Born\"},{\"@type\":\"PropertyValue\",\"name\":\"Distance depuis le camping (km)\",\"value\":\"Sur place\"},{\"@type\":\"PropertyValue\",\"name\":\"Dur\u00e9e moyenne\",\"value\":\"3 heures\"},{\"@type\":\"PropertyValue\",\"name\":\"Tarif (si payant)\",\"value\":\"Environ 10-15 \u20ac par personne\"},{\"@type\":\"PropertyValue\",\"name\":\"R\u00e9servation n\u00e9cessaire ?\",\"value\":\"Oui\"},{\"@type\":\"PropertyValue\",\"name\":\"Astuce ou commentaire\",\"value\":\"D\u00e9couverte de la flore locale avec un guide sp\u00e9cialis\u00e9 en botanique dans la for\u00eat des Landes autour du camping.\"}]}},{\"@type\":\"ListItem\",\"position\":82,\"item\":{\"@type\":\"TouristAttraction\",\"name\":\"Excursion d'observation ornithologique aux marais\",\"url\":\"https:\/\/www.mimizan-tourisme.com\/je-decouvre\/les-villes\/st-paul-en-born\/activites-vsites-et-animations\/\",\"location\":{\"@type\":\"Place\",\"name\":\"Marais autour de Saint-Paul-en-Born\"},\"additionalProperty\":[{\"@type\":\"PropertyValue\",\"name\":\"Type d\u2019\u00e9v\u00e9nement (march\u00e9, festival, sport, etc.)\",\"value\":\"Nature et observation\"},{\"@type\":\"PropertyValue\",\"name\":\"Ville \/ Zone\",\"value\":\"Marais autour de Saint-Paul-en-Born\"},{\"@type\":\"PropertyValue\",\"name\":\"Distance depuis le camping (km)\",\"value\":\"Sur place\"},{\"@type\":\"PropertyValue\",\"name\":\"Dur\u00e9e moyenne\",\"value\":\"2-4 heures\"},{\"@type\":\"PropertyValue\",\"name\":\"Tarif (si payant)\",\"value\":\"Gratuit ou prix modique pour guide\"},{\"@type\":\"PropertyValue\",\"name\":\"R\u00e9servation n\u00e9cessaire ?\",\"value\":\"Souvent oui\"},{\"@type\":\"PropertyValue\",\"name\":\"Astuce ou commentaire\",\"value\":\"Sortie guid\u00e9e pour observer les oiseaux et la biodiversit\u00e9 des marais locaux.\"}]}},{\"@type\":\"ListItem\",\"position\":83,\"item\":{\"@type\":\"TouristAttraction\",\"name\":\"Initiation \u00e0 la p\u00eache \u00e0 la mouche dans les rivi\u00e8res locales\",\"url\":\"https:\/\/www.tourismelandes.com\/activite\/initiations-pieces-et-peche\/\",\"location\":{\"@type\":\"Place\",\"name\":\"Rivi\u00e8res proches de Saint-Paul-en-Born\"},\"additionalProperty\":[{\"@type\":\"PropertyValue\",\"name\":\"Type d\u2019\u00e9v\u00e9nement (march\u00e9, festival, sport, etc.)\",\"value\":\"Sport de plein air\"},{\"@type\":\"PropertyValue\",\"name\":\"Ville \/ Zone\",\"value\":\"Rivi\u00e8res proches de Saint-Paul-en-Born\"},{\"@type\":\"PropertyValue\",\"name\":\"Distance depuis le camping (km)\",\"value\":\"<10 km\"},{\"@type\":\"PropertyValue\",\"name\":\"Dur\u00e9e moyenne\",\"value\":\"Demi-journ\u00e9e\"},{\"@type\":\"PropertyValue\",\"name\":\"Tarif (si payant)\",\"value\":\"Tarif selon prestataire, environ 30-50 \u20ac\"},{\"@type\":\"PropertyValue\",\"name\":\"R\u00e9servation n\u00e9cessaire ?\",\"value\":\"Oui\"},{\"@type\":\"PropertyValue\",\"name\":\"Astuce ou commentaire\",\"value\":\"Apprentissage des techniques de p\u00eache \u00e0 la mouche encadr\u00e9e par un professionnel.\"}]}},{\"@type\":\"ListItem\",\"position\":84,\"item\":{\"@type\":\"TouristAttraction\",\"name\":\"Atelier d\u00e9couverte et fabrication de produits artisanaux landais\",\"url\":\"https:\/\/www.mimizan-tourisme.com\/activites\/ateliers-artisanat\/\",\"location\":{\"@type\":\"Place\",\"name\":\"Saint-Paul-en-Born ou alentours\"},\"additionalProperty\":[{\"@type\":\"PropertyValue\",\"name\":\"Type d\u2019\u00e9v\u00e9nement (march\u00e9, festival, sport, etc.)\",\"value\":\"Atelier culturel\"},{\"@type\":\"PropertyValue\",\"name\":\"Ville \/ Zone\",\"value\":\"Saint-Paul-en-Born ou alentours\"},{\"@type\":\"PropertyValue\",\"name\":\"Distance depuis le camping (km)\",\"value\":\"Sur place\"},{\"@type\":\"PropertyValue\",\"name\":\"Dur\u00e9e moyenne\",\"value\":\"2 heures\"},{\"@type\":\"PropertyValue\",\"name\":\"Tarif (si payant)\",\"value\":\"Environ 20-30 \u20ac\"},{\"@type\":\"PropertyValue\",\"name\":\"R\u00e9servation n\u00e9cessaire ?\",\"value\":\"Oui\"},{\"@type\":\"PropertyValue\",\"name\":\"Astuce ou commentaire\",\"value\":\"Atelier pour d\u00e9couvrir les savoir-faire artisanaux locaux (potterie, tissage, cosm\u00e9tiques naturels).\"}]}},{\"@type\":\"ListItem\",\"position\":85,\"item\":{\"@type\":\"TouristAttraction\",\"name\":\"Sortie en paddle sur le lac d'Aureilhan\",\"url\":\"https:\/\/www.tourismelandes.com\/activite\/balade-paddle-lac-d-aureilhan\/\",\"location\":{\"@type\":\"Place\",\"name\":\"Lac d'Aureilhan proche de Saint-Paul-en-Born\"},\"additionalProperty\":[{\"@type\":\"PropertyValue\",\"name\":\"Type d\u2019\u00e9v\u00e9nement (march\u00e9, festival, sport, etc.)\",\"value\":\"Activit\u00e9 nautique\"},{\"@type\":\"PropertyValue\",\"name\":\"Ville \/ Zone\",\"value\":\"Lac d'Aureilhan proche de Saint-Paul-en-Born\"},{\"@type\":\"PropertyValue\",\"name\":\"Distance depuis le camping (km)\",\"value\":\"~10 km\"},{\"@type\":\"PropertyValue\",\"name\":\"Dur\u00e9e moyenne\",\"value\":\"1-2 heures\"},{\"@type\":\"PropertyValue\",\"name\":\"Tarif (si payant)\",\"value\":\"\u00c0 partir de 15 \u20ac la location\"},{\"@type\":\"PropertyValue\",\"name\":\"R\u00e9servation n\u00e9cessaire ?\",\"value\":\"Souvent conseill\u00e9e\"},{\"@type\":\"PropertyValue\",\"name\":\"Astuce ou commentaire\",\"value\":\"Balade en paddle pour d\u00e9couvrir le lac et ses paysages depuis l'eau.\"}]}},{\"@type\":\"ListItem\",\"position\":86,\"item\":{\"@type\":\"TouristAttraction\",\"name\":\"Visite guid\u00e9e de la for\u00eat d'aulnaies\",\"url\":\"https:\/\/www.mimizan-tourisme.com\/je-decouvre\/les-villes\/st-paul-en-born\/\",\"location\":{\"@type\":\"Place\",\"name\":\"For\u00eat d'aulnaies de Saint-Paul-en-Born\"},\"additionalProperty\":[{\"@type\":\"PropertyValue\",\"name\":\"Type d\u2019\u00e9v\u00e9nement (march\u00e9, festival, sport, etc.)\",\"value\":\"Nature et d\u00e9couverte\"},{\"@type\":\"PropertyValue\",\"name\":\"Ville \/ Zone\",\"value\":\"For\u00eat d'aulnaies de Saint-Paul-en-Born\"},{\"@type\":\"PropertyValue\",\"name\":\"Distance depuis le camping (km)\",\"value\":\"Sur place\"},{\"@type\":\"PropertyValue\",\"name\":\"Dur\u00e9e moyenne\",\"value\":\"2-3 heures\"},{\"@type\":\"PropertyValue\",\"name\":\"Tarif (si payant)\",\"value\":\"Variable, souvent gratuit pour groupe\"},{\"@type\":\"PropertyValue\",\"name\":\"R\u00e9servation n\u00e9cessaire ?\",\"value\":\"Souvent oui\"},{\"@type\":\"PropertyValue\",\"name\":\"Astuce ou commentaire\",\"value\":\"D\u00e9couverte guid\u00e9e de l'\u00e9cosyst\u00e8me unique de la for\u00eat d'aulnaies au printemps et en \u00e9t\u00e9.\"}]}},{\"@type\":\"ListItem\",\"position\":87,\"item\":{\"@type\":\"TouristAttraction\",\"name\":\"Participation \u00e0 un atelier d'herboristerie locale\",\"url\":\"https:\/\/www.mimizan-tourisme.com\/activites\/nature\/\",\"location\":{\"@type\":\"Place\",\"name\":\"Saint-Paul-en-Born\"},\"additionalProperty\":[{\"@type\":\"PropertyValue\",\"name\":\"Type d\u2019\u00e9v\u00e9nement (march\u00e9, festival, sport, etc.)\",\"value\":\"Atelier nature\"},{\"@type\":\"PropertyValue\",\"name\":\"Ville \/ Zone\",\"value\":\"Saint-Paul-en-Born\"},{\"@type\":\"PropertyValue\",\"name\":\"Distance depuis le camping (km)\",\"value\":\"Sur place\"},{\"@type\":\"PropertyValue\",\"name\":\"Dur\u00e9e moyenne\",\"value\":\"2-3 heures\"},{\"@type\":\"PropertyValue\",\"name\":\"Tarif (si payant)\",\"value\":\"Environ 20 \u20ac\"},{\"@type\":\"PropertyValue\",\"name\":\"R\u00e9servation n\u00e9cessaire ?\",\"value\":\"Oui\"},{\"@type\":\"PropertyValue\",\"name\":\"Astuce ou commentaire\",\"value\":\"D\u00e9couverte des plantes m\u00e9dicinales locales et leurs usages traditionnels.\"}]}},{\"@type\":\"ListItem\",\"position\":88,\"item\":{\"@type\":\"TouristAttraction\",\"name\":\"Balade nocturne d'observation des \u00e9toiles\",\"url\":\"https:\/\/www.mimizan-tourisme.com\/je-decouvre\/les-villes\/st-paul-en-born\/activites-vsites-et-animations\/\",\"location\":{\"@type\":\"Place\",\"name\":\"Saint-Paul-en-Born or proche\"},\"additionalProperty\":[{\"@type\":\"PropertyValue\",\"name\":\"Type d\u2019\u00e9v\u00e9nement (march\u00e9, festival, sport, etc.)\",\"value\":\"Nature et d\u00e9tente\"},{\"@type\":\"PropertyValue\",\"name\":\"Ville \/ Zone\",\"value\":\"Saint-Paul-en-Born or proche\"},{\"@type\":\"PropertyValue\",\"name\":\"Distance depuis le camping (km)\",\"value\":\"Sur place\"},{\"@type\":\"PropertyValue\",\"name\":\"Dur\u00e9e moyenne\",\"value\":\"2 heures\"},{\"@type\":\"PropertyValue\",\"name\":\"Tarif (si payant)\",\"value\":\"Gratuit\"},{\"@type\":\"PropertyValue\",\"name\":\"R\u00e9servation n\u00e9cessaire ?\",\"value\":\"Non\"},{\"@type\":\"PropertyValue\",\"name\":\"Astuce ou commentaire\",\"value\":\"Sortie libre ou guid\u00e9e pour contempler le ciel \u00e9toil\u00e9 dans un environnement peu \u00e9clair\u00e9.\"}]}},{\"@type\":\"ListItem\",\"position\":89,\"item\":{\"@type\":\"TouristAttraction\",\"name\":\"Visite guid\u00e9e du Phare de Contis\",\"url\":\"https:\/\/www.tourismelandes.com\/patrimoine-culturel\/phare-de-contis\/\",\"location\":{\"@type\":\"Place\",\"name\":\"Contis, \u00e0 environ 25 km\"},\"additionalProperty\":[{\"@type\":\"PropertyValue\",\"name\":\"Type d\u2019\u00e9v\u00e9nement (march\u00e9, festival, sport, etc.)\",\"value\":\"Culturelle et touristique\"},{\"@type\":\"PropertyValue\",\"name\":\"Ville \/ Zone\",\"value\":\"Contis, \u00e0 environ 25 km\"},{\"@type\":\"PropertyValue\",\"name\":\"Distance depuis le camping (km)\",\"value\":\"~25 km\"},{\"@type\":\"PropertyValue\",\"name\":\"Dur\u00e9e moyenne\",\"value\":\"1-2 heures\"},{\"@type\":\"PropertyValue\",\"name\":\"Tarif (si payant)\",\"value\":\"Entr\u00e9e payante selon saison\"},{\"@type\":\"PropertyValue\",\"name\":\"R\u00e9servation n\u00e9cessaire ?\",\"value\":\"Conseill\u00e9e\"},{\"@type\":\"PropertyValue\",\"name\":\"Astuce ou commentaire\",\"value\":\"D\u00e9couvrez l\u2019histoire et la vue panoramique du Phare embl\u00e9matique du littoral landais.\"}]}},{\"@type\":\"ListItem\",\"position\":90,\"item\":{\"@type\":\"TouristAttraction\",\"name\":\"Excursion en bateau \u00e9lectrique sur le lac d'Aureilhan\",\"url\":\"https:\/\/www.tourismelandes.com\/activite\/bateau-electrique-lac-aureilhan\/\",\"location\":{\"@type\":\"Place\",\"name\":\"Lac d'Aureilhan\"},\"additionalProperty\":[{\"@type\":\"PropertyValue\",\"name\":\"Type d\u2019\u00e9v\u00e9nement (march\u00e9, festival, sport, etc.)\",\"value\":\"Balade nautique\"},{\"@type\":\"PropertyValue\",\"name\":\"Ville \/ Zone\",\"value\":\"Lac d'Aureilhan\"},{\"@type\":\"PropertyValue\",\"name\":\"Distance depuis le camping (km)\",\"value\":\"~10 km\"},{\"@type\":\"PropertyValue\",\"name\":\"Dur\u00e9e moyenne\",\"value\":\"1 heure\"},{\"@type\":\"PropertyValue\",\"name\":\"Tarif (si payant)\",\"value\":\"Location environ 20-30 \u20ac\"},{\"@type\":\"PropertyValue\",\"name\":\"R\u00e9servation n\u00e9cessaire ?\",\"value\":\"Oui\"},{\"@type\":\"PropertyValue\",\"name\":\"Astuce ou commentaire\",\"value\":\"Balade \u00e9cologique et tranquille en bateau \u00e9lectrique sans permis, pour familles et couples.\"}]}},{\"@type\":\"ListItem\",\"position\":91,\"item\":{\"@type\":\"TouristAttraction\",\"name\":\"Atelier d'initiation \u00e0 la photographie nature\",\"url\":\"https:\/\/www.mimizan-tourisme.com\/activites\/atelier-photographie\/\",\"location\":{\"@type\":\"Place\",\"name\":\"En for\u00eat landaise\"},\"additionalProperty\":[{\"@type\":\"PropertyValue\",\"name\":\"Type d\u2019\u00e9v\u00e9nement (march\u00e9, festival, sport, etc.)\",\"value\":\"Atelier cr\u00e9atif\"},{\"@type\":\"PropertyValue\",\"name\":\"Ville \/ Zone\",\"value\":\"En for\u00eat landaise\"},{\"@type\":\"PropertyValue\",\"name\":\"Distance depuis le camping (km)\",\"value\":\"Sur place\"},{\"@type\":\"PropertyValue\",\"name\":\"Dur\u00e9e moyenne\",\"value\":\"3 heures\"},{\"@type\":\"PropertyValue\",\"name\":\"Tarif (si payant)\",\"value\":\"Environ 25-40 \u20ac\"},{\"@type\":\"PropertyValue\",\"name\":\"R\u00e9servation n\u00e9cessaire ?\",\"value\":\"Oui\"},{\"@type\":\"PropertyValue\",\"name\":\"Astuce ou commentaire\",\"value\":\"Apprenez les bases de la photographie avec un professionnel en milieu naturel.\"}]}},{\"@type\":\"ListItem\",\"position\":92,\"item\":{\"@type\":\"TouristAttraction\",\"name\":\"D\u00e9couverte des curiosit\u00e9s g\u00e9ologiques locales\",\"url\":\"https:\/\/www.mimizan-tourisme.com\/je-decouvre\/les-villes\/st-paul-en-born\/\",\"location\":{\"@type\":\"Place\",\"name\":\"Saint-Paul-en-Born et environs\"},\"additionalProperty\":[{\"@type\":\"PropertyValue\",\"name\":\"Type d\u2019\u00e9v\u00e9nement (march\u00e9, festival, sport, etc.)\",\"value\":\"Nature et sciences\"},{\"@type\":\"PropertyValue\",\"name\":\"Ville \/ Zone\",\"value\":\"Saint-Paul-en-Born et environs\"},{\"@type\":\"PropertyValue\",\"name\":\"Distance depuis le camping (km)\",\"value\":\"Sur place\"},{\"@type\":\"PropertyValue\",\"name\":\"Dur\u00e9e moyenne\",\"value\":\"2 heures\"},{\"@type\":\"PropertyValue\",\"name\":\"Tarif (si payant)\",\"value\":\"Gratuit\"},{\"@type\":\"PropertyValue\",\"name\":\"R\u00e9servation n\u00e9cessaire ?\",\"value\":\"Non\"},{\"@type\":\"PropertyValue\",\"name\":\"Astuce ou commentaire\",\"value\":\"Balade pour observer les particularit\u00e9s g\u00e9ologiques et formations de la r\u00e9gion landaise.\"}]}},{\"@type\":\"ListItem\",\"position\":93,\"item\":{\"@type\":\"TouristAttraction\",\"name\":\"Th\u00e9\u00e2tre de plein air en saison\",\"url\":\"https:\/\/www.mimizan-tourisme.com\/evenements-saint-paul-en-born\/\",\"location\":{\"@type\":\"Place\",\"name\":\"Saint-Paul-en-Born\"},\"additionalProperty\":[{\"@type\":\"PropertyValue\",\"name\":\"Type d\u2019\u00e9v\u00e9nement (march\u00e9, festival, sport, etc.)\",\"value\":\"Spectacle culturel\"},{\"@type\":\"PropertyValue\",\"name\":\"Ville \/ Zone\",\"value\":\"Saint-Paul-en-Born\"},{\"@type\":\"PropertyValue\",\"name\":\"Distance depuis le camping (km)\",\"value\":\"Sur place\"},{\"@type\":\"PropertyValue\",\"name\":\"Dur\u00e9e moyenne\",\"value\":\"2 heures\"},{\"@type\":\"PropertyValue\",\"name\":\"Tarif (si payant)\",\"value\":\"Tarif selon spectacle\"},{\"@type\":\"PropertyValue\",\"name\":\"R\u00e9servation n\u00e9cessaire ?\",\"value\":\"Oui\"},{\"@type\":\"PropertyValue\",\"name\":\"Astuce ou commentaire\",\"value\":\"Repr\u00e9sentations th\u00e9\u00e2trales en ext\u00e9rieur durant la saison estivale.\"}]}},{\"@type\":\"ListItem\",\"position\":94,\"item\":{\"@type\":\"TouristAttraction\",\"name\":\"Pique-nique dans les marais et observation respectueuse\",\"url\":\"https:\/\/www.mimizan-tourisme.com\/je-decouvre\/les-villes\/st-paul-en-born\/\",\"location\":{\"@type\":\"Place\",\"name\":\"Marais de Saint-Paul-en-Born\"},\"additionalProperty\":[{\"@type\":\"PropertyValue\",\"name\":\"Type d\u2019\u00e9v\u00e9nement (march\u00e9, festival, sport, etc.)\",\"value\":\"D\u00e9tente et nature\"},{\"@type\":\"PropertyValue\",\"name\":\"Ville \/ Zone\",\"value\":\"Marais de Saint-Paul-en-Born\"},{\"@type\":\"PropertyValue\",\"name\":\"Distance depuis le camping (km)\",\"value\":\"Sur place\"},{\"@type\":\"PropertyValue\",\"name\":\"Dur\u00e9e moyenne\",\"value\":\"Flexible\"},{\"@type\":\"PropertyValue\",\"name\":\"Tarif (si payant)\",\"value\":\"Gratuit\"},{\"@type\":\"PropertyValue\",\"name\":\"R\u00e9servation n\u00e9cessaire ?\",\"value\":\"Non\"},{\"@type\":\"PropertyValue\",\"name\":\"Astuce ou commentaire\",\"value\":\"Moment de d\u00e9tente en pleine nature avec respect de l\u2019environnement fragile des marais.\"}]}},{\"@type\":\"ListItem\",\"position\":95,\"item\":{\"@type\":\"TouristAttraction\",\"name\":\"Visite guid\u00e9e de la R\u00e9serve Naturelle des Marais d'Orx\",\"url\":\"https:\/\/www.reservenaturelle-orx.fr\",\"location\":{\"@type\":\"Place\",\"name\":\"\u00c0 environ 20 km de Saint-Paul-en-Born\"},\"additionalProperty\":[{\"@type\":\"PropertyValue\",\"name\":\"Type d\u2019\u00e9v\u00e9nement (march\u00e9, festival, sport, etc.)\",\"value\":\"Nature et D\u00e9couverte\"},{\"@type\":\"PropertyValue\",\"name\":\"Ville \/ Zone\",\"value\":\"\u00c0 environ 20 km de Saint-Paul-en-Born\"},{\"@type\":\"PropertyValue\",\"name\":\"Distance depuis le camping (km)\",\"value\":\"20\"},{\"@type\":\"PropertyValue\",\"name\":\"Dur\u00e9e moyenne\",\"value\":\"3 heures\"},{\"@type\":\"PropertyValue\",\"name\":\"Tarif (si payant)\",\"value\":\"Gratuit ou faible tarif selon les saisons\"},{\"@type\":\"PropertyValue\",\"name\":\"R\u00e9servation n\u00e9cessaire ?\",\"value\":\"Recommand\u00e9\"},{\"@type\":\"PropertyValue\",\"name\":\"Astuce ou commentaire\",\"value\":\"D\u00e9couverte de la faune et flore dans une r\u00e9serve prot\u00e9g\u00e9e avec observation d'oiseaux rares.\"}]}},{\"@type\":\"ListItem\",\"position\":96,\"item\":{\"@type\":\"TouristAttraction\",\"name\":\"Atelier de d\u00e9couverte de la poterie landaise\",\"url\":\"https:\/\/www.labenne-tourisme.fr\/ateliers-poterie\",\"location\":{\"@type\":\"Place\",\"name\":\"Village de Labenne\"},\"additionalProperty\":[{\"@type\":\"PropertyValue\",\"name\":\"Type d\u2019\u00e9v\u00e9nement (march\u00e9, festival, sport, etc.)\",\"value\":\"Atelier artisanal\"},{\"@type\":\"PropertyValue\",\"name\":\"Ville \/ Zone\",\"value\":\"Village de Labenne\"},{\"@type\":\"PropertyValue\",\"name\":\"Distance depuis le camping (km)\",\"value\":\"25\"},{\"@type\":\"PropertyValue\",\"name\":\"Dur\u00e9e moyenne\",\"value\":\"2 heures\"},{\"@type\":\"PropertyValue\",\"name\":\"Tarif (si payant)\",\"value\":\"\u00c0 partir de 15\u20ac par personne\"},{\"@type\":\"PropertyValue\",\"name\":\"R\u00e9servation n\u00e9cessaire ?\",\"value\":\"Oui\"},{\"@type\":\"PropertyValue\",\"name\":\"Astuce ou commentaire\",\"value\":\"Apprenez les techniques traditionnelles de poterie de la r\u00e9gion Landes.\"}]}},{\"@type\":\"ListItem\",\"position\":97,\"item\":{\"@type\":\"TouristAttraction\",\"name\":\"Excursion en bateau sur le lac de L\u00e9on\",\"url\":\"https:\/\/www.lakedeleon.fr\/activites\/boat-tour\",\"location\":{\"@type\":\"Place\",\"name\":\"Lac de L\u00e9on\"},\"additionalProperty\":[{\"@type\":\"PropertyValue\",\"name\":\"Type d\u2019\u00e9v\u00e9nement (march\u00e9, festival, sport, etc.)\",\"value\":\"Activit\u00e9 nautique\"},{\"@type\":\"PropertyValue\",\"name\":\"Ville \/ Zone\",\"value\":\"Lac de L\u00e9on\"},{\"@type\":\"PropertyValue\",\"name\":\"Distance depuis le camping (km)\",\"value\":\"30\"},{\"@type\":\"PropertyValue\",\"name\":\"Dur\u00e9e moyenne\",\"value\":\"1h30\"},{\"@type\":\"PropertyValue\",\"name\":\"Tarif (si payant)\",\"value\":\"Environ 20\u20ac par personne\"},{\"@type\":\"PropertyValue\",\"name\":\"R\u00e9servation n\u00e9cessaire ?\",\"value\":\"Oui\"},{\"@type\":\"PropertyValue\",\"name\":\"Astuce ou commentaire\",\"value\":\"Balade paisible en bateau \u00e9lectrique sur un lac naturel dans un cadre sauvage.\"}]}},{\"@type\":\"ListItem\",\"position\":98,\"item\":{\"@type\":\"TouristAttraction\",\"name\":\"Visite du Ch\u00e2teau de Gaujacq\",\"url\":\"https:\/\/www.chateau-gaujacq.fr\",\"location\":{\"@type\":\"Place\",\"name\":\"Gaujacq\"},\"additionalProperty\":[{\"@type\":\"PropertyValue\",\"name\":\"Type d\u2019\u00e9v\u00e9nement (march\u00e9, festival, sport, etc.)\",\"value\":\"Patrimoine culturel\"},{\"@type\":\"PropertyValue\",\"name\":\"Ville \/ Zone\",\"value\":\"Gaujacq\"},{\"@type\":\"PropertyValue\",\"name\":\"Distance depuis le camping (km)\",\"value\":\"50\"},{\"@type\":\"PropertyValue\",\"name\":\"Dur\u00e9e moyenne\",\"value\":\"2 heures\"},{\"@type\":\"PropertyValue\",\"name\":\"Tarif (si payant)\",\"value\":\"Environ 8\u20ac par adulte\"},{\"@type\":\"PropertyValue\",\"name\":\"R\u00e9servation n\u00e9cessaire ?\",\"value\":\"Non\"},{\"@type\":\"PropertyValue\",\"name\":\"Astuce ou commentaire\",\"value\":\"Ch\u00e2teau du XVIIe si\u00e8cle avec jardins et expositions temporaires.\"}]}},{\"@type\":\"ListItem\",\"position\":99,\"item\":{\"@type\":\"TouristAttraction\",\"name\":\"Observation ornithologique au Lac d'Aureilhan\",\"url\":\"https:\/\/www.landes-tourisme.com\/lac-aureilhan\",\"location\":{\"@type\":\"Place\",\"name\":\"Lac d'Aureilhan\"},\"additionalProperty\":[{\"@type\":\"PropertyValue\",\"name\":\"Type d\u2019\u00e9v\u00e9nement (march\u00e9, festival, sport, etc.)\",\"value\":\"Nature et observation\"},{\"@type\":\"PropertyValue\",\"name\":\"Ville \/ Zone\",\"value\":\"Lac d'Aureilhan\"},{\"@type\":\"PropertyValue\",\"name\":\"Distance depuis le camping (km)\",\"value\":\"10\"},{\"@type\":\"PropertyValue\",\"name\":\"Dur\u00e9e moyenne\",\"value\":\"3 heures\"},{\"@type\":\"PropertyValue\",\"name\":\"Tarif (si payant)\",\"value\":\"Gratuit\"},{\"@type\":\"PropertyValue\",\"name\":\"R\u00e9servation n\u00e9cessaire ?\",\"value\":\"Non\"},{\"@type\":\"PropertyValue\",\"name\":\"Astuce ou commentaire\",\"value\":\"D\u00e9couverte des esp\u00e8ces d'oiseaux migrateurs et locaux avec panneaux explicatifs.\"}]}},{\"@type\":\"ListItem\",\"position\":100,\"item\":{\"@type\":\"TouristAttraction\",\"name\":\"D\u00e9couverte de l\u2019herboristerie locale et des plantes m\u00e9dicinales\",\"url\":\"https:\/\/www.saint-paul-en-born.fr\/atelier-herboristerie\",\"location\":{\"@type\":\"Place\",\"name\":\"Saint-Paul-en-Born\"},\"additionalProperty\":[{\"@type\":\"PropertyValue\",\"name\":\"Type d\u2019\u00e9v\u00e9nement (march\u00e9, festival, sport, etc.)\",\"value\":\"Atelier botanique\"},{\"@type\":\"PropertyValue\",\"name\":\"Ville \/ Zone\",\"value\":\"Saint-Paul-en-Born\"},{\"@type\":\"PropertyValue\",\"name\":\"Distance depuis le camping (km)\",\"value\":\"0\"},{\"@type\":\"PropertyValue\",\"name\":\"Dur\u00e9e moyenne\",\"value\":\"2 heures\"},{\"@type\":\"PropertyValue\",\"name\":\"Tarif (si payant)\",\"value\":\"\u00c0 partir de 12\u20ac\"},{\"@type\":\"PropertyValue\",\"name\":\"R\u00e9servation n\u00e9cessaire ?\",\"value\":\"Oui\"},{\"@type\":\"PropertyValue\",\"name\":\"Astuce ou commentaire\",\"value\":\"Atelier sur les plantes locales utilis\u00e9es en phytoth\u00e9rapie et rem\u00e8des naturels.\"}]}},{\"@type\":\"ListItem\",\"position\":101,\"item\":{\"@type\":\"TouristAttraction\",\"name\":\"Stage d\u2019initiation \u00e0 la p\u00eache \u00e0 la mouche\",\"url\":\"https:\/\/www.peche-landes.fr\/stage-mouche\",\"location\":{\"@type\":\"Place\",\"name\":\"Rivi\u00e8res locales autour de Saint-Paul-en-Born\"},\"additionalProperty\":[{\"@type\":\"PropertyValue\",\"name\":\"Type d\u2019\u00e9v\u00e9nement (march\u00e9, festival, sport, etc.)\",\"value\":\"Sport de plein air\"},{\"@type\":\"PropertyValue\",\"name\":\"Ville \/ Zone\",\"value\":\"Rivi\u00e8res locales autour de Saint-Paul-en-Born\"},{\"@type\":\"PropertyValue\",\"name\":\"Distance depuis le camping (km)\",\"value\":\"5-15\"},{\"@type\":\"PropertyValue\",\"name\":\"Dur\u00e9e moyenne\",\"value\":\"Demi-journ\u00e9e\"},{\"@type\":\"PropertyValue\",\"name\":\"Tarif (si payant)\",\"value\":\"Environ 40\u20ac\"},{\"@type\":\"PropertyValue\",\"name\":\"R\u00e9servation n\u00e9cessaire ?\",\"value\":\"Oui\"},{\"@type\":\"PropertyValue\",\"name\":\"Astuce ou commentaire\",\"value\":\"Apprenez les bases de la p\u00eache \u00e0 la mouche avec un moniteur dipl\u00f4m\u00e9.\"}]}},{\"@type\":\"ListItem\",\"position\":102,\"item\":{\"@type\":\"TouristAttraction\",\"name\":\"Visite guid\u00e9e des vestiges gallo-romains du Pays de Born\",\"url\":\"https:\/\/www.paysdebournature.fr\/vestiges-gallo-romains\",\"location\":{\"@type\":\"Place\",\"name\":\"Saint-Paul-en-Born et environs\"},\"additionalProperty\":[{\"@type\":\"PropertyValue\",\"name\":\"Type d\u2019\u00e9v\u00e9nement (march\u00e9, festival, sport, etc.)\",\"value\":\"Patrimoine arch\u00e9ologique\"},{\"@type\":\"PropertyValue\",\"name\":\"Ville \/ Zone\",\"value\":\"Saint-Paul-en-Born et environs\"},{\"@type\":\"PropertyValue\",\"name\":\"Distance depuis le camping (km)\",\"value\":\"0-10\"},{\"@type\":\"PropertyValue\",\"name\":\"Dur\u00e9e moyenne\",\"value\":\"2 heures\"},{\"@type\":\"PropertyValue\",\"name\":\"Tarif (si payant)\",\"value\":\"Gratuit \u00e0 5\u20ac\"},{\"@type\":\"PropertyValue\",\"name\":\"R\u00e9servation n\u00e9cessaire ?\",\"value\":\"Oui\"},{\"@type\":\"PropertyValue\",\"name\":\"Astuce ou commentaire\",\"value\":\"Visite culturelle pour comprendre l'histoire gallo-romaine locale.\"}]}},{\"@type\":\"ListItem\",\"position\":103,\"item\":{\"@type\":\"TouristAttraction\",\"name\":\"Atelier de fabrication de produits artisanaux landais\",\"url\":\"https:\/\/www.landes-artisanat.fr\/atelier\",\"location\":{\"@type\":\"Place\",\"name\":\"Saint-Paul-en-Born\"},\"additionalProperty\":[{\"@type\":\"PropertyValue\",\"name\":\"Type d\u2019\u00e9v\u00e9nement (march\u00e9, festival, sport, etc.)\",\"value\":\"Atelier artisanal\"},{\"@type\":\"PropertyValue\",\"name\":\"Ville \/ Zone\",\"value\":\"Saint-Paul-en-Born\"},{\"@type\":\"PropertyValue\",\"name\":\"Distance depuis le camping (km)\",\"value\":\"0\"},{\"@type\":\"PropertyValue\",\"name\":\"Dur\u00e9e moyenne\",\"value\":\"3 heures\"},{\"@type\":\"PropertyValue\",\"name\":\"Tarif (si payant)\",\"value\":\"\u00c0 partir de 15\u20ac\"},{\"@type\":\"PropertyValue\",\"name\":\"R\u00e9servation n\u00e9cessaire ?\",\"value\":\"Oui\"},{\"@type\":\"PropertyValue\",\"name\":\"Astuce ou commentaire\",\"value\":\"Confectionnez votre souvenir en d\u00e9couvrant les m\u00e9tiers artisanaux locaux.\"}]}},{\"@type\":\"ListItem\",\"position\":104,\"item\":{\"@type\":\"TouristAttraction\",\"name\":\"Balade botanique guid\u00e9e en for\u00eat landaise\",\"url\":\"https:\/\/www.tourismelandes.com\/rando-botanique\",\"location\":{\"@type\":\"Place\",\"name\":\"For\u00eat landaise autour de Saint-Paul-en-Born\"},\"additionalProperty\":[{\"@type\":\"PropertyValue\",\"name\":\"Type d\u2019\u00e9v\u00e9nement (march\u00e9, festival, sport, etc.)\",\"value\":\"Randonn\u00e9e guid\u00e9e\"},{\"@type\":\"PropertyValue\",\"name\":\"Ville \/ Zone\",\"value\":\"For\u00eat landaise autour de Saint-Paul-en-Born\"},{\"@type\":\"PropertyValue\",\"name\":\"Distance depuis le camping (km)\",\"value\":\"Variable\"},{\"@type\":\"PropertyValue\",\"name\":\"Dur\u00e9e moyenne\",\"value\":\"2-3 heures\"},{\"@type\":\"PropertyValue\",\"name\":\"Tarif (si payant)\",\"value\":\"\u00c0 partir de 10\u20ac\"},{\"@type\":\"PropertyValue\",\"name\":\"R\u00e9servation n\u00e9cessaire ?\",\"value\":\"Oui\"},{\"@type\":\"PropertyValue\",\"name\":\"Astuce ou commentaire\",\"value\":\"D\u00e9couvrez les diff\u00e9rentes essences d'arbres et plantes typiques de la for\u00eat des Landes.\"}]}},{\"@type\":\"ListItem\",\"position\":105,\"item\":{\"@type\":\"TouristAttraction\",\"name\":\"Excursion d'observation ornithologique aux marais\",\"url\":\"https:\/\/www.landes-nature.com\/marais-ornithologie\",\"location\":{\"@type\":\"Place\",\"name\":\"Marais locaux autour de Saint-Paul-en-Born\"},\"additionalProperty\":[{\"@type\":\"PropertyValue\",\"name\":\"Type d\u2019\u00e9v\u00e9nement (march\u00e9, festival, sport, etc.)\",\"value\":\"Nature et observation\"},{\"@type\":\"PropertyValue\",\"name\":\"Ville \/ Zone\",\"value\":\"Marais locaux autour de Saint-Paul-en-Born\"},{\"@type\":\"PropertyValue\",\"name\":\"Distance depuis le camping (km)\",\"value\":\"5-15\"},{\"@type\":\"PropertyValue\",\"name\":\"Dur\u00e9e moyenne\",\"value\":\"3 heures\"},{\"@type\":\"PropertyValue\",\"name\":\"Tarif (si payant)\",\"value\":\"Gratuit \u00e0 faible co\u00fbt avec guide\"},{\"@type\":\"PropertyValue\",\"name\":\"R\u00e9servation n\u00e9cessaire ?\",\"value\":\"Oui\"},{\"@type\":\"PropertyValue\",\"name\":\"Astuce ou commentaire\",\"value\":\"Observation des oiseaux dans leur habitat naturel avec un guide naturaliste.\"}]}},{\"@type\":\"ListItem\",\"position\":106,\"item\":{\"@type\":\"TouristAttraction\",\"name\":\"Cours de yoga en plein air dans la for\u00eat landaise\",\"url\":\"https:\/\/www.yoga-landes.fr\/plein-air\",\"location\":{\"@type\":\"Place\",\"name\":\"For\u00eat proche de Saint-Paul-en-Born\"},\"additionalProperty\":[{\"@type\":\"PropertyValue\",\"name\":\"Type d\u2019\u00e9v\u00e9nement (march\u00e9, festival, sport, etc.)\",\"value\":\"Bien-\u00eatre\"},{\"@type\":\"PropertyValue\",\"name\":\"Ville \/ Zone\",\"value\":\"For\u00eat proche de Saint-Paul-en-Born\"},{\"@type\":\"PropertyValue\",\"name\":\"Distance depuis le camping (km)\",\"value\":\"3\"},{\"@type\":\"PropertyValue\",\"name\":\"Dur\u00e9e moyenne\",\"value\":\"1 heure\"},{\"@type\":\"PropertyValue\",\"name\":\"Tarif (si payant)\",\"value\":\"\u00c0 partir de 15\u20ac la s\u00e9ance\"},{\"@type\":\"PropertyValue\",\"name\":\"R\u00e9servation n\u00e9cessaire ?\",\"value\":\"Oui\"},{\"@type\":\"PropertyValue\",\"name\":\"Astuce ou commentaire\",\"value\":\"S\u00e9ance de yoga pour se reconnecter avec la nature dans un cadre paisible.\"}]}},{\"@type\":\"ListItem\",\"position\":107,\"item\":{\"@type\":\"TouristAttraction\",\"name\":\"Sortie nocturne d\u2019observation des \u00e9toiles\",\"url\":\"https:\/\/www.etoiles-landes.fr\/sorties\",\"location\":{\"@type\":\"Place\",\"name\":\"Aux alentours de Saint-Paul-en-Born, loin des lumi\u00e8res\"},\"additionalProperty\":[{\"@type\":\"PropertyValue\",\"name\":\"Type d\u2019\u00e9v\u00e9nement (march\u00e9, festival, sport, etc.)\",\"value\":\"Activit\u00e9 nature\"},{\"@type\":\"PropertyValue\",\"name\":\"Ville \/ Zone\",\"value\":\"Aux alentours de Saint-Paul-en-Born, loin des lumi\u00e8res\"},{\"@type\":\"PropertyValue\",\"name\":\"Distance depuis le camping (km)\",\"value\":\"Variable\"},{\"@type\":\"PropertyValue\",\"name\":\"Dur\u00e9e moyenne\",\"value\":\"2 heures\"},{\"@type\":\"PropertyValue\",\"name\":\"Tarif (si payant)\",\"value\":\"Gratuit \u00e0 10\u20ac selon accompagnement\"},{\"@type\":\"PropertyValue\",\"name\":\"R\u00e9servation n\u00e9cessaire ?\",\"value\":\"Recommand\u00e9\"},{\"@type\":\"PropertyValue\",\"name\":\"Astuce ou commentaire\",\"value\":\"Soir\u00e9e d\u2019astronomie pour admirer le ciel \u00e9toil\u00e9, avec explications d\u2019un guide.\"}]}},{\"@type\":\"ListItem\",\"position\":108,\"item\":{\"@type\":\"TouristAttraction\",\"name\":\"Visite guid\u00e9e du Phare de Contis\",\"url\":\"https:\/\/www.phare-de-contis.fr\",\"location\":{\"@type\":\"Place\",\"name\":\"Contis, \u00e0 environ 45 km\"},\"additionalProperty\":[{\"@type\":\"PropertyValue\",\"name\":\"Type d\u2019\u00e9v\u00e9nement (march\u00e9, festival, sport, etc.)\",\"value\":\"Patrimoine et vue panoramique\"},{\"@type\":\"PropertyValue\",\"name\":\"Ville \/ Zone\",\"value\":\"Contis, \u00e0 environ 45 km\"},{\"@type\":\"PropertyValue\",\"name\":\"Distance depuis le camping (km)\",\"value\":\"45\"},{\"@type\":\"PropertyValue\",\"name\":\"Dur\u00e9e moyenne\",\"value\":\"1h30\"},{\"@type\":\"PropertyValue\",\"name\":\"Tarif (si payant)\",\"value\":\"Gratuit \u00e0 5\u20ac\"},{\"@type\":\"PropertyValue\",\"name\":\"R\u00e9servation n\u00e9cessaire ?\",\"value\":\"Non\"},{\"@type\":\"PropertyValue\",\"name\":\"Astuce ou commentaire\",\"value\":\"D\u00e9couverte de ce phare embl\u00e9matique avec vue imprenable sur l\u2019oc\u00e9an.\"}]}},{\"@type\":\"ListItem\",\"position\":109,\"item\":{\"@type\":\"TouristAttraction\",\"name\":\"Th\u00e9\u00e2tre de plein air en saison\",\"url\":\"https:\/\/www.festival-theatre-landes.fr\",\"location\":{\"@type\":\"Place\",\"name\":\"Saint-Paul-en-Born ou communes voisines\"},\"additionalProperty\":[{\"@type\":\"PropertyValue\",\"name\":\"Type d\u2019\u00e9v\u00e9nement (march\u00e9, festival, sport, etc.)\",\"value\":\"Spectacle culturel\"},{\"@type\":\"PropertyValue\",\"name\":\"Ville \/ Zone\",\"value\":\"Saint-Paul-en-Born ou communes voisines\"},{\"@type\":\"PropertyValue\",\"name\":\"Distance depuis le camping (km)\",\"value\":\"0-20\"},{\"@type\":\"PropertyValue\",\"name\":\"Dur\u00e9e moyenne\",\"value\":\"2 heures\"},{\"@type\":\"PropertyValue\",\"name\":\"Tarif (si payant)\",\"value\":\"Variable selon spectacle\"},{\"@type\":\"PropertyValue\",\"name\":\"R\u00e9servation n\u00e9cessaire ?\",\"value\":\"Oui\"},{\"@type\":\"PropertyValue\",\"name\":\"Astuce ou commentaire\",\"value\":\"Spectacles en plein air durant la saison estivale, mise en valeur du patrimoine local.\"}]}},{\"@type\":\"ListItem\",\"position\":110,\"item\":{\"@type\":\"TouristAttraction\",\"name\":\"Visite du Ch\u00e2teau de Gaujacq\",\"url\":\"https:\/\/www.chateau-gaujacq.com\/\",\"location\":{\"@type\":\"Place\",\"name\":\"Gaujacq (environ 30 km)\"},\"additionalProperty\":[{\"@type\":\"PropertyValue\",\"name\":\"Type d\u2019\u00e9v\u00e9nement (march\u00e9, festival, sport, etc.)\",\"value\":\"Culturelle et historique\"},{\"@type\":\"PropertyValue\",\"name\":\"Ville \/ Zone\",\"value\":\"Gaujacq (environ 30 km)\"},{\"@type\":\"PropertyValue\",\"name\":\"Distance depuis le camping (km)\",\"value\":\"~30 km\"},{\"@type\":\"PropertyValue\",\"name\":\"Dur\u00e9e moyenne\",\"value\":\"2 \u00e0 3 heures\"},{\"@type\":\"PropertyValue\",\"name\":\"Tarif (si payant)\",\"value\":\"Tarifs variables selon visite\"},{\"@type\":\"PropertyValue\",\"name\":\"R\u00e9servation n\u00e9cessaire ?\",\"value\":\"Conseill\u00e9\"},{\"@type\":\"PropertyValue\",\"name\":\"Astuce ou commentaire\",\"value\":\"Magnifique ch\u00e2teau avec jardins \u00e0 la fran\u00e7aise et expo d'art contemporain.\"}]}},{\"@type\":\"ListItem\",\"position\":111,\"item\":{\"@type\":\"TouristAttraction\",\"name\":\"Excursion au Zoo d'Arcachon\",\"url\":\"https:\/\/www.zoodarcachon.fr\/\",\"location\":{\"@type\":\"Place\",\"name\":\"Arcachon (environ 70 km)\"},\"additionalProperty\":[{\"@type\":\"PropertyValue\",\"name\":\"Type d\u2019\u00e9v\u00e9nement (march\u00e9, festival, sport, etc.)\",\"value\":\"Animali\u00e8re \/ familiale\"},{\"@type\":\"PropertyValue\",\"name\":\"Ville \/ Zone\",\"value\":\"Arcachon (environ 70 km)\"},{\"@type\":\"PropertyValue\",\"name\":\"Distance depuis le camping (km)\",\"value\":\"~70 km\"},{\"@type\":\"PropertyValue\",\"name\":\"Dur\u00e9e moyenne\",\"value\":\"Demi-journ\u00e9e\"},{\"@type\":\"PropertyValue\",\"name\":\"Tarif (si payant)\",\"value\":\"Tarif variable selon saison\"},{\"@type\":\"PropertyValue\",\"name\":\"R\u00e9servation n\u00e9cessaire ?\",\"value\":\"Non obligatoire\"},{\"@type\":\"PropertyValue\",\"name\":\"Astuce ou commentaire\",\"value\":\"Observation d'animaux vari\u00e9s dans un cadre naturel.\"}]}},{\"@type\":\"ListItem\",\"position\":112,\"item\":{\"@type\":\"TouristAttraction\",\"name\":\"Observation ornithologique dans la R\u00e9serve Naturelle des Marais d'Orx\",\"url\":\"https:\/\/www.reserve-ornithologique-des-marais-dorx.org\/\",\"location\":{\"@type\":\"Place\",\"name\":\"Marais d'Orx (environ 45 km)\"},\"additionalProperty\":[{\"@type\":\"PropertyValue\",\"name\":\"Type d\u2019\u00e9v\u00e9nement (march\u00e9, festival, sport, etc.)\",\"value\":\"Nature \/ ornithologie\"},{\"@type\":\"PropertyValue\",\"name\":\"Ville \/ Zone\",\"value\":\"Marais d'Orx (environ 45 km)\"},{\"@type\":\"PropertyValue\",\"name\":\"Distance depuis le camping (km)\",\"value\":\"~45 km\"},{\"@type\":\"PropertyValue\",\"name\":\"Dur\u00e9e moyenne\",\"value\":\"1\/2 journ\u00e9e\"},{\"@type\":\"PropertyValue\",\"name\":\"Tarif (si payant)\",\"value\":\"Gratuit \/ visite guid\u00e9e payante\"},{\"@type\":\"PropertyValue\",\"name\":\"R\u00e9servation n\u00e9cessaire ?\",\"value\":\"Visite guid\u00e9e recommand\u00e9e\"},{\"@type\":\"PropertyValue\",\"name\":\"Astuce ou commentaire\",\"value\":\"Observation d'oiseaux dans un des sites naturels prot\u00e9g\u00e9s des Landes.\"}]}},{\"@type\":\"ListItem\",\"position\":113,\"item\":{\"@type\":\"TouristAttraction\",\"name\":\"Balade en paddle sur le Lac de L\u00e9on\",\"url\":\"https:\/\/www.lacdeleon.fr\/\",\"location\":{\"@type\":\"Place\",\"name\":\"Lac de L\u00e9on (~35 km)\"},\"additionalProperty\":[{\"@type\":\"PropertyValue\",\"name\":\"Type d\u2019\u00e9v\u00e9nement (march\u00e9, festival, sport, etc.)\",\"value\":\"Sport nautique\"},{\"@type\":\"PropertyValue\",\"name\":\"Ville \/ Zone\",\"value\":\"Lac de L\u00e9on (~35 km)\"},{\"@type\":\"PropertyValue\",\"name\":\"Distance depuis le camping (km)\",\"value\":\"~35 km\"},{\"@type\":\"PropertyValue\",\"name\":\"Dur\u00e9e moyenne\",\"value\":\"1 \u00e0 2 heures\"},{\"@type\":\"PropertyValue\",\"name\":\"Tarif (si payant)\",\"value\":\"Location paddle environ 15-30 \u20ac\"},{\"@type\":\"PropertyValue\",\"name\":\"R\u00e9servation n\u00e9cessaire ?\",\"value\":\"Non mais conseiller la r\u00e9servation en haute saison\"},{\"@type\":\"PropertyValue\",\"name\":\"Astuce ou commentaire\",\"value\":\"D\u00e9couvrir le lac paisible en stand up paddle.\"}]}},{\"@type\":\"ListItem\",\"position\":114,\"item\":{\"@type\":\"TouristAttraction\",\"name\":\"Atelier de d\u00e9couverte et fabrication de poterie landaise\",\"url\":\"https:\/\/www.poterie-landaise.fr\/\",\"location\":{\"@type\":\"Place\",\"name\":\"Saint-Paul-en-Born ou proche\"},\"additionalProperty\":[{\"@type\":\"PropertyValue\",\"name\":\"Type d\u2019\u00e9v\u00e9nement (march\u00e9, festival, sport, etc.)\",\"value\":\"Atelier artisanal\"},{\"@type\":\"PropertyValue\",\"name\":\"Ville \/ Zone\",\"value\":\"Saint-Paul-en-Born ou proche\"},{\"@type\":\"PropertyValue\",\"name\":\"Distance depuis le camping (km)\",\"value\":\"Sur place ou proche\"},{\"@type\":\"PropertyValue\",\"name\":\"Dur\u00e9e moyenne\",\"value\":\"2 \u00e0 3 heures\"},{\"@type\":\"PropertyValue\",\"name\":\"Tarif (si payant)\",\"value\":\"Variable selon atelier\"},{\"@type\":\"PropertyValue\",\"name\":\"R\u00e9servation n\u00e9cessaire ?\",\"value\":\"R\u00e9servation n\u00e9cessaire\"},{\"@type\":\"PropertyValue\",\"name\":\"Astuce ou commentaire\",\"value\":\"Apprendre les techniques traditionnelles de poterie des Landes.\"}]}},{\"@type\":\"ListItem\",\"position\":115,\"item\":{\"@type\":\"TouristAttraction\",\"name\":\"Sortie en bateau \u00e9lectrique sur le lac d'Aureilhan\",\"url\":\"https:\/\/www.lac-aureilhan.fr\/activites-bateau-electrique\",\"location\":{\"@type\":\"Place\",\"name\":\"Lac d'Aureilhan\"},\"additionalProperty\":[{\"@type\":\"PropertyValue\",\"name\":\"Type d\u2019\u00e9v\u00e9nement (march\u00e9, festival, sport, etc.)\",\"value\":\"Loisir \/ balade nature\"},{\"@type\":\"PropertyValue\",\"name\":\"Ville \/ Zone\",\"value\":\"Lac d'Aureilhan\"},{\"@type\":\"PropertyValue\",\"name\":\"Distance depuis le camping (km)\",\"value\":\"~10 km\"},{\"@type\":\"PropertyValue\",\"name\":\"Dur\u00e9e moyenne\",\"value\":\"1 heure environ\"},{\"@type\":\"PropertyValue\",\"name\":\"Tarif (si payant)\",\"value\":\"Location autour de 20-30 \u20ac\"},{\"@type\":\"PropertyValue\",\"name\":\"R\u00e9servation n\u00e9cessaire ?\",\"value\":\"Conseill\u00e9\"},{\"@type\":\"PropertyValue\",\"name\":\"Astuce ou commentaire\",\"value\":\"Balade \u00e9cologique et silencieuse sur le lac.\"}]}},{\"@type\":\"ListItem\",\"position\":116,\"item\":{\"@type\":\"TouristAttraction\",\"name\":\"Initiation \u00e0 l\u2019herboristerie locale\",\"url\":\"https:\/\/www.herboristerie-landes.fr\/\",\"location\":{\"@type\":\"Place\",\"name\":\"Saint-Paul-en-Born ou alentours\"},\"additionalProperty\":[{\"@type\":\"PropertyValue\",\"name\":\"Type d\u2019\u00e9v\u00e9nement (march\u00e9, festival, sport, etc.)\",\"value\":\"Atelier nature\"},{\"@type\":\"PropertyValue\",\"name\":\"Ville \/ Zone\",\"value\":\"Saint-Paul-en-Born ou alentours\"},{\"@type\":\"PropertyValue\",\"name\":\"Distance depuis le camping (km)\",\"value\":\"Local\"},{\"@type\":\"PropertyValue\",\"name\":\"Dur\u00e9e moyenne\",\"value\":\"2 \u00e0 3 heures\"},{\"@type\":\"PropertyValue\",\"name\":\"Tarif (si payant)\",\"value\":\"Variable\"},{\"@type\":\"PropertyValue\",\"name\":\"R\u00e9servation n\u00e9cessaire ?\",\"value\":\"R\u00e9servation obligatoire\"},{\"@type\":\"PropertyValue\",\"name\":\"Astuce ou commentaire\",\"value\":\"D\u00e9couverte des plantes m\u00e9dicinales landaises et leurs usages.\"}]}},{\"@type\":\"ListItem\",\"position\":117,\"item\":{\"@type\":\"TouristAttraction\",\"name\":\"Observation des papillons dans les r\u00e9serves naturelles\",\"url\":\"https:\/\/www.landes-tourisme.info\/\",\"location\":{\"@type\":\"Place\",\"name\":\"R\u00e9serves naturelles proches\"},\"additionalProperty\":[{\"@type\":\"PropertyValue\",\"name\":\"Type d\u2019\u00e9v\u00e9nement (march\u00e9, festival, sport, etc.)\",\"value\":\"Nature et entomologie\"},{\"@type\":\"PropertyValue\",\"name\":\"Ville \/ Zone\",\"value\":\"R\u00e9serves naturelles proches\"},{\"@type\":\"PropertyValue\",\"name\":\"Distance depuis le camping (km)\",\"value\":\"10-40 km\"},{\"@type\":\"PropertyValue\",\"name\":\"Dur\u00e9e moyenne\",\"value\":\"1\/2 journ\u00e9e\"},{\"@type\":\"PropertyValue\",\"name\":\"Tarif (si payant)\",\"value\":\"Gratuit\"},{\"@type\":\"PropertyValue\",\"name\":\"R\u00e9servation n\u00e9cessaire ?\",\"value\":\"Non\"},{\"@type\":\"PropertyValue\",\"name\":\"Astuce ou commentaire\",\"value\":\"Identification des esp\u00e8ces de papillons et d\u00e9couverte de leur habitat naturel.\"}]}},{\"@type\":\"ListItem\",\"position\":118,\"item\":{\"@type\":\"TouristAttraction\",\"name\":\"Excursion en v\u00e9lo \u00e9lectrique dans la for\u00eat landaise\",\"url\":\"https:\/\/www.locationvelolandais.fr\/\",\"location\":{\"@type\":\"Place\",\"name\":\"D\u00e9part Saint-Paul-en-Born\"},\"additionalProperty\":[{\"@type\":\"PropertyValue\",\"name\":\"Type d\u2019\u00e9v\u00e9nement (march\u00e9, festival, sport, etc.)\",\"value\":\"Sport nature\"},{\"@type\":\"PropertyValue\",\"name\":\"Ville \/ Zone\",\"value\":\"D\u00e9part Saint-Paul-en-Born\"},{\"@type\":\"PropertyValue\",\"name\":\"Distance depuis le camping (km)\",\"value\":\"Balades vari\u00e9es de 10-30 km possibles\"},{\"@type\":\"PropertyValue\",\"name\":\"Dur\u00e9e moyenne\",\"value\":\"Demi-journ\u00e9e\"},{\"@type\":\"PropertyValue\",\"name\":\"Tarif (si payant)\",\"value\":\"Location v\u00e9lo environ 25-35 \u20ac la demi-journ\u00e9e\"},{\"@type\":\"PropertyValue\",\"name\":\"R\u00e9servation n\u00e9cessaire ?\",\"value\":\"Conseill\u00e9\"},{\"@type\":\"PropertyValue\",\"name\":\"Astuce ou commentaire\",\"value\":\"Facilite les balades sur les sentiers forestiers pour tous niveaux.\"}]}},{\"@type\":\"ListItem\",\"position\":119,\"item\":{\"@type\":\"TouristAttraction\",\"name\":\"Visite guid\u00e9e des vestiges gallo-romains du Pays de Born\",\"url\":\"https:\/\/www.landes-tourisme.com\/\",\"location\":{\"@type\":\"Place\",\"name\":\"Pays de Born\"},\"additionalProperty\":[{\"@type\":\"PropertyValue\",\"name\":\"Type d\u2019\u00e9v\u00e9nement (march\u00e9, festival, sport, etc.)\",\"value\":\"Culturel \/ historique\"},{\"@type\":\"PropertyValue\",\"name\":\"Ville \/ Zone\",\"value\":\"Pays de Born\"},{\"@type\":\"PropertyValue\",\"name\":\"Distance depuis le camping (km)\",\"value\":\"Autour de 15-30 km\"},{\"@type\":\"PropertyValue\",\"name\":\"Dur\u00e9e moyenne\",\"value\":\"2 heures\"},{\"@type\":\"PropertyValue\",\"name\":\"Tarif (si payant)\",\"value\":\"Tarifs variables\"},{\"@type\":\"PropertyValue\",\"name\":\"R\u00e9servation n\u00e9cessaire ?\",\"value\":\"Souvent conseill\u00e9\"},{\"@type\":\"PropertyValue\",\"name\":\"Astuce ou commentaire\",\"value\":\"D\u00e9couverte du patrimoine antique local avec guide.\"}]}},{\"@type\":\"ListItem\",\"position\":120,\"item\":{\"@type\":\"TouristAttraction\",\"name\":\"Atelier d\u2019initiation \u00e0 la photographie nature\",\"url\":\"https:\/\/www.photolandestours.fr\/\",\"location\":{\"@type\":\"Place\",\"name\":\"Saint-Paul-en-Born et alentours\"},\"additionalProperty\":[{\"@type\":\"PropertyValue\",\"name\":\"Type d\u2019\u00e9v\u00e9nement (march\u00e9, festival, sport, etc.)\",\"value\":\"Atelier artistique\"},{\"@type\":\"PropertyValue\",\"name\":\"Ville \/ Zone\",\"value\":\"Saint-Paul-en-Born et alentours\"},{\"@type\":\"PropertyValue\",\"name\":\"Distance depuis le camping (km)\",\"value\":\"Local\"},{\"@type\":\"PropertyValue\",\"name\":\"Dur\u00e9e moyenne\",\"value\":\"3 heures\"},{\"@type\":\"PropertyValue\",\"name\":\"Tarif (si payant)\",\"value\":\"Varie selon organisateur\"},{\"@type\":\"PropertyValue\",\"name\":\"R\u00e9servation n\u00e9cessaire ?\",\"value\":\"R\u00e9servation obligatoire\"},{\"@type\":\"PropertyValue\",\"name\":\"Astuce ou commentaire\",\"value\":\"Apprentissage des techniques photo en milieu naturel.\"}]}},{\"@type\":\"ListItem\",\"position\":121,\"item\":{\"@type\":\"TouristAttraction\",\"name\":\"Visite guid\u00e9e de la For\u00eat d\u2019Aulnaies\",\"url\":\"https:\/\/www.mimizan-tourisme.com\/\",\"location\":{\"@type\":\"Place\",\"name\":\"For\u00eat d'Aulnaies, Saint-Paul-en-Born\"},\"additionalProperty\":[{\"@type\":\"PropertyValue\",\"name\":\"Type d\u2019\u00e9v\u00e9nement (march\u00e9, festival, sport, etc.)\",\"value\":\"Nature \/ randonn\u00e9e guid\u00e9e\"},{\"@type\":\"PropertyValue\",\"name\":\"Ville \/ Zone\",\"value\":\"For\u00eat d'Aulnaies, Saint-Paul-en-Born\"},{\"@type\":\"PropertyValue\",\"name\":\"Distance depuis le camping (km)\",\"value\":\"Local\"},{\"@type\":\"PropertyValue\",\"name\":\"Dur\u00e9e moyenne\",\"value\":\"2 heures\"},{\"@type\":\"PropertyValue\",\"name\":\"Tarif (si payant)\",\"value\":\"Gratuit \u00e0 payant selon guide\"},{\"@type\":\"PropertyValue\",\"name\":\"R\u00e9servation n\u00e9cessaire ?\",\"value\":\"Souvent recommand\u00e9\"},{\"@type\":\"PropertyValue\",\"name\":\"Astuce ou commentaire\",\"value\":\"D\u00e9couverte de la faune, flore et sp\u00e9cificit\u00e9s de cette for\u00eat alluviale.\"}]}},{\"@type\":\"ListItem\",\"position\":122,\"item\":{\"@type\":\"TouristAttraction\",\"name\":\"Participation \u00e0 un atelier de fabrication de produits artisanaux landais\",\"url\":\"https:\/\/www.landes-artisanat.fr\/\",\"location\":{\"@type\":\"Place\",\"name\":\"Saint-Paul-en-Born ou villages voisins\"},\"additionalProperty\":[{\"@type\":\"PropertyValue\",\"name\":\"Type d\u2019\u00e9v\u00e9nement (march\u00e9, festival, sport, etc.)\",\"value\":\"Atelier artisanal\"},{\"@type\":\"PropertyValue\",\"name\":\"Ville \/ Zone\",\"value\":\"Saint-Paul-en-Born ou villages voisins\"},{\"@type\":\"PropertyValue\",\"name\":\"Distance depuis le camping (km)\",\"value\":\"Local\"},{\"@type\":\"PropertyValue\",\"name\":\"Dur\u00e9e moyenne\",\"value\":\"2-4 heures\"},{\"@type\":\"PropertyValue\",\"name\":\"Tarif (si payant)\",\"value\":\"Selon atelier\"},{\"@type\":\"PropertyValue\",\"name\":\"R\u00e9servation n\u00e9cessaire ?\",\"value\":\"R\u00e9servation fortement recommand\u00e9e\"},{\"@type\":\"PropertyValue\",\"name\":\"Astuce ou commentaire\",\"value\":\"D\u00e9couverte des savoir-faire traditionnels r\u00e9gionaux (textiles, bois, etc).\"}]}},{\"@type\":\"ListItem\",\"position\":123,\"item\":{\"@type\":\"TouristAttraction\",\"name\":\"Balade botanique guid\u00e9e en for\u00eat landaise\",\"url\":\"https:\/\/www.guides-nature-landes.fr\/\",\"location\":{\"@type\":\"Place\",\"name\":\"For\u00eat landaise proche\"},\"additionalProperty\":[{\"@type\":\"PropertyValue\",\"name\":\"Type d\u2019\u00e9v\u00e9nement (march\u00e9, festival, sport, etc.)\",\"value\":\"Randonn\u00e9e nature guid\u00e9e\"},{\"@type\":\"PropertyValue\",\"name\":\"Ville \/ Zone\",\"value\":\"For\u00eat landaise proche\"},{\"@type\":\"PropertyValue\",\"name\":\"Distance depuis le camping (km)\",\"value\":\"Local\"},{\"@type\":\"PropertyValue\",\"name\":\"Dur\u00e9e moyenne\",\"value\":\"2-3 heures\"},{\"@type\":\"PropertyValue\",\"name\":\"Tarif (si payant)\",\"value\":\"Variable selon guide\"},{\"@type\":\"PropertyValue\",\"name\":\"R\u00e9servation n\u00e9cessaire ?\",\"value\":\"Conseill\u00e9\"},{\"@type\":\"PropertyValue\",\"name\":\"Astuce ou commentaire\",\"value\":\"Approfondir ses connaissances sur la flore locale avec un sp\u00e9cialiste.\"}]}},{\"@type\":\"ListItem\",\"position\":124,\"item\":{\"@type\":\"TouristAttraction\",\"name\":\"Excursion d\u2019observation ornithologique aux marais\",\"url\":\"https:\/\/www.reserves-naturelles.org\/\",\"location\":{\"@type\":\"Place\",\"name\":\"Marais proches de Saint-Paul-en-Born\"},\"additionalProperty\":[{\"@type\":\"PropertyValue\",\"name\":\"Type d\u2019\u00e9v\u00e9nement (march\u00e9, festival, sport, etc.)\",\"value\":\"Nature \/ ornithologie\"},{\"@type\":\"PropertyValue\",\"name\":\"Ville \/ Zone\",\"value\":\"Marais proches de Saint-Paul-en-Born\"},{\"@type\":\"PropertyValue\",\"name\":\"Distance depuis le camping (km)\",\"value\":\"5 \u00e0 20 km\"},{\"@type\":\"PropertyValue\",\"name\":\"Dur\u00e9e moyenne\",\"value\":\"Demi-journ\u00e9e\"},{\"@type\":\"PropertyValue\",\"name\":\"Tarif (si payant)\",\"value\":\"Tarifs selon prestation guid\u00e9e\"},{\"@type\":\"PropertyValue\",\"name\":\"R\u00e9servation n\u00e9cessaire ?\",\"value\":\"Souvent n\u00e9cessaire\"},{\"@type\":\"PropertyValue\",\"name\":\"Astuce ou commentaire\",\"value\":\"Observation des oiseaux migrateurs et s\u00e9dentaires avec guide ornithologue.\"}]}},{\"@type\":\"ListItem\",\"position\":125,\"item\":{\"@type\":\"TouristAttraction\",\"name\":\"Jeux de piste en for\u00eat\",\"location\":{\"@type\":\"Place\",\"name\":\"For\u00eat d'Aulnaies \u00e0 Saint-Paul-en-Born\"},\"additionalProperty\":[{\"@type\":\"PropertyValue\",\"name\":\"Type d\u2019\u00e9v\u00e9nement (march\u00e9, festival, sport, etc.)\",\"value\":\"Activit\u00e9 en plein air\"},{\"@type\":\"PropertyValue\",\"name\":\"Ville \/ Zone\",\"value\":\"For\u00eat d'Aulnaies \u00e0 Saint-Paul-en-Born\"},{\"@type\":\"PropertyValue\",\"name\":\"Distance depuis le camping (km)\",\"value\":\"10\"},{\"@type\":\"PropertyValue\",\"name\":\"Dur\u00e9e moyenne\",\"value\":\"4h\"},{\"@type\":\"PropertyValue\",\"name\":\"Tarif (si payant)\",\"value\":\"Gratuit\"},{\"@type\":\"PropertyValue\",\"name\":\"R\u00e9servation n\u00e9cessaire ?\",\"value\":\"Non\"},{\"@type\":\"PropertyValue\",\"name\":\"Astuce ou commentaire\",\"value\":\"Un itin\u00e9raire de d\u00e9couverte en for\u00eat avec des d\u00e9fis ludiques pour les enfants.\"}]}},{\"@type\":\"ListItem\",\"position\":126,\"item\":{\"@type\":\"TouristAttraction\",\"name\":\"Cours dejjido\",\"location\":{\"@type\":\"Place\",\"name\":\"Local communale \u00e0 proximit\u00e9\"},\"additionalProperty\":[{\"@type\":\"PropertyValue\",\"name\":\"Type d\u2019\u00e9v\u00e9nement (march\u00e9, festival, sport, etc.)\",\"value\":\"Sport\"},{\"@type\":\"PropertyValue\",\"name\":\"Ville \/ Zone\",\"value\":\"Local communale \u00e0 proximit\u00e9\"},{\"@type\":\"PropertyValue\",\"name\":\"Distance depuis le camping (km)\",\"value\":\"5\"},{\"@type\":\"PropertyValue\",\"name\":\"Dur\u00e9e moyenne\",\"value\":\"1h30\"},{\"@type\":\"PropertyValue\",\"name\":\"Tarif (si payant)\",\"value\":\"10\u20ac\"},{\"@type\":\"PropertyValue\",\"name\":\"R\u00e9servation n\u00e9cessaire ?\",\"value\":\"Oui\"},{\"@type\":\"PropertyValue\",\"name\":\"Astuce ou commentaire\",\"value\":\"S\u00e9ance de judo pour enfants et adultes.\"}]}},{\"@type\":\"ListItem\",\"position\":127,\"item\":{\"@type\":\"TouristAttraction\",\"name\":\"Atelier de marionnettes\",\"location\":{\"@type\":\"Place\",\"name\":\"Gare de l'Art\"},\"additionalProperty\":[{\"@type\":\"PropertyValue\",\"name\":\"Type d\u2019\u00e9v\u00e9nement (march\u00e9, festival, sport, etc.)\",\"value\":\"Activit\u00e9 culturelle\"},{\"@type\":\"PropertyValue\",\"name\":\"Ville \/ Zone\",\"value\":\"Gare de l'Art\"},{\"@type\":\"PropertyValue\",\"name\":\"Distance depuis le camping (km)\",\"value\":\"2\"},{\"@type\":\"PropertyValue\",\"name\":\"Dur\u00e9e moyenne\",\"value\":\"2h\"},{\"@type\":\"PropertyValue\",\"name\":\"Tarif (si payant)\",\"value\":\"5\u20ac\"},{\"@type\":\"PropertyValue\",\"name\":\"R\u00e9servation n\u00e9cessaire ?\",\"value\":\"Non\"},{\"@type\":\"PropertyValue\",\"name\":\"Astuce ou commentaire\",\"value\":\"Cr\u00e9ation de marionnettes pour enfants.\"}]}},{\"@type\":\"ListItem\",\"position\":128,\"item\":{\"@type\":\"TouristAttraction\",\"name\":\"P\u00eache sous-marine\",\"location\":{\"@type\":\"Place\",\"name\":\"Lac d'Aureilhan\"},\"additionalProperty\":[{\"@type\":\"PropertyValue\",\"name\":\"Type d\u2019\u00e9v\u00e9nement (march\u00e9, festival, sport, etc.)\",\"value\":\"Activit\u00e9 nautique\"},{\"@type\":\"PropertyValue\",\"name\":\"Ville \/ Zone\",\"value\":\"Lac d'Aureilhan\"},{\"@type\":\"PropertyValue\",\"name\":\"Distance depuis le camping (km)\",\"value\":\"10\"},{\"@type\":\"PropertyValue\",\"name\":\"Dur\u00e9e moyenne\",\"value\":\"Journ\u00e9e\"},{\"@type\":\"PropertyValue\",\"name\":\"Tarif (si payant)\",\"value\":\"30\u20ac\"},{\"@type\":\"PropertyValue\",\"name\":\"R\u00e9servation n\u00e9cessaire ?\",\"value\":\"Oui\"},{\"@type\":\"PropertyValue\",\"name\":\"Astuce ou commentaire\",\"value\":\"Initiation \u00e0 la plong\u00e9e pour\u03c0\u03bb \u062f\u0644\u0627\u0631 Begin \u00e0 apprendre les techniques de base.\"}]}},{\"@type\":\"ListItem\",\"position\":129,\"item\":{\"@type\":\"TouristAttraction\",\"name\":\"Cours de cuisine landaise\",\"location\":{\"@type\":\"Place\",\"name\":\"Restaurant local\"},\"additionalProperty\":[{\"@type\":\"PropertyValue\",\"name\":\"Type d\u2019\u00e9v\u00e9nement (march\u00e9, festival, sport, etc.)\",\"value\":\"Workshop gastronomique\"},{\"@type\":\"PropertyValue\",\"name\":\"Ville \/ Zone\",\"value\":\"Restaurant local\"},{\"@type\":\"PropertyValue\",\"name\":\"Distance depuis le camping (km)\",\"value\":\"5\"},{\"@type\":\"PropertyValue\",\"name\":\"Dur\u00e9e moyenne\",\"value\":\"3h\"},{\"@type\":\"PropertyValue\",\"name\":\"Tarif (si payant)\",\"value\":\"20\u20ac\"},{\"@type\":\"PropertyValue\",\"name\":\"R\u00e9servation n\u00e9cessaire ?\",\"value\":\"Oui\"},{\"@type\":\"PropertyValue\",\"name\":\"Astuce ou commentaire\",\"value\":\"D\u00e9couverte des sp\u00e9cialit\u00e9s locales.\"}]}},{\"@type\":\"ListItem\",\"position\":130,\"item\":{\"@type\":\"TouristAttraction\",\"name\":\"Balade fat bike\",\"location\":{\"@type\":\"Place\",\"name\":\"For\u00eat et plages\"},\"additionalProperty\":[{\"@type\":\"PropertyValue\",\"name\":\"Type d\u2019\u00e9v\u00e9nement (march\u00e9, festival, sport, etc.)\",\"value\":\"Activit\u00e9 sportive\"},{\"@type\":\"PropertyValue\",\"name\":\"Ville \/ Zone\",\"value\":\"For\u00eat et plages\"},{\"@type\":\"PropertyValue\",\"name\":\"Distance depuis le camping (km)\",\"value\":\"15\"},{\"@type\":\"PropertyValue\",\"name\":\"Dur\u00e9e moyenne\",\"value\":\"3h\"},{\"@type\":\"PropertyValue\",\"name\":\"Tarif (si payant)\",\"value\":\"15\u20ac\"},{\"@type\":\"PropertyValue\",\"name\":\"R\u00e9servation n\u00e9cessaire ?\",\"value\":\"Non\"},{\"@type\":\"PropertyValue\",\"name\":\"Astuce ou commentaire\",\"value\":\"Exploration de la r\u00e9gion en v\u00e9lo tout-terrain.\"}]}},{\"@type\":\"ListItem\",\"position\":131,\"item\":{\"@type\":\"TouristAttraction\",\"name\":\"Visite guid\u00e9e d'apiculture\",\"location\":{\"@type\":\"Place\",\"name\":\"Rucher local\"},\"additionalProperty\":[{\"@type\":\"PropertyValue\",\"name\":\"Type d\u2019\u00e9v\u00e9nement (march\u00e9, festival, sport, etc.)\",\"value\":\"Activit\u00e9 \u00e9ducative\"},{\"@type\":\"PropertyValue\",\"name\":\"Ville \/ Zone\",\"value\":\"Rucher local\"},{\"@type\":\"PropertyValue\",\"name\":\"Distance depuis le camping (km)\",\"value\":\"10\"},{\"@type\":\"PropertyValue\",\"name\":\"Dur\u00e9e moyenne\",\"value\":\"1h30\"},{\"@type\":\"PropertyValue\",\"name\":\"Tarif (si payant)\",\"value\":\"10\u20ac\"},{\"@type\":\"PropertyValue\",\"name\":\"R\u00e9servation n\u00e9cessaire ?\",\"value\":\"Oui\"},{\"@type\":\"PropertyValue\",\"name\":\"Astuce ou commentaire\",\"value\":\"D\u00e9couverte de l'apiculture landaise.\"}]}},{\"@type\":\"ListItem\",\"position\":132,\"item\":{\"@type\":\"TouristAttraction\",\"name\":\"Atelier de poterie\",\"location\":{\"@type\":\"Place\",\"name\":\"Atelier local\"},\"additionalProperty\":[{\"@type\":\"PropertyValue\",\"name\":\"Type d\u2019\u00e9v\u00e9nement (march\u00e9, festival, sport, etc.)\",\"value\":\"Activit\u00e9 artistique\"},{\"@type\":\"PropertyValue\",\"name\":\"Ville \/ Zone\",\"value\":\"Atelier local\"},{\"@type\":\"PropertyValue\",\"name\":\"Distance depuis le camping (km)\",\"value\":\"5\"},{\"@type\":\"PropertyValue\",\"name\":\"Dur\u00e9e moyenne\",\"value\":\"2h\"},{\"@type\":\"PropertyValue\",\"name\":\"Tarif (si payant)\",\"value\":\"15\u20ac\"},{\"@type\":\"PropertyValue\",\"name\":\"R\u00e9servation n\u00e9cessaire ?\",\"value\":\"Oui\"},{\"@type\":\"PropertyValue\",\"name\":\"Astuce ou commentaire\",\"value\":\"Cr\u00e9ation de pi\u00e8ces en argile.\"}]}},{\"@type\":\"ListItem\",\"position\":133,\"item\":{\"@type\":\"TouristAttraction\",\"name\":\"Cours de danse folklorique\",\"location\":{\"@type\":\"Place\",\"name\":\"Salle communale\"},\"additionalProperty\":[{\"@type\":\"PropertyValue\",\"name\":\"Type d\u2019\u00e9v\u00e9nement (march\u00e9, festival, sport, etc.)\",\"value\":\"Activit\u00e9 culturelle\"},{\"@type\":\"PropertyValue\",\"name\":\"Ville \/ Zone\",\"value\":\"Salle communale\"},{\"@type\":\"PropertyValue\",\"name\":\"Distance depuis le camping (km)\",\"value\":\"5\"},{\"@type\":\"PropertyValue\",\"name\":\"Dur\u00e9e moyenne\",\"value\":\"1h30\"},{\"@type\":\"PropertyValue\",\"name\":\"Tarif (si payant)\",\"value\":\"8\u20ac\"},{\"@type\":\"PropertyValue\",\"name\":\"R\u00e9servation n\u00e9cessaire ?\",\"value\":\"Non\"},{\"@type\":\"PropertyValue\",\"name\":\"Astuce ou commentaire\",\"value\":\"S\u00e9ance de danse traditionnelle.\"}]}},{\"@type\":\"ListItem\",\"position\":134,\"item\":{\"@type\":\"TouristAttraction\",\"name\":\"Excursion en bateau pneumatique\",\"location\":{\"@type\":\"Place\",\"name\":\"Lac d'Aureilhan\"},\"additionalProperty\":[{\"@type\":\"PropertyValue\",\"name\":\"Type d\u2019\u00e9v\u00e9nement (march\u00e9, festival, sport, etc.)\",\"value\":\"Activit\u00e9 nautique\"},{\"@type\":\"PropertyValue\",\"name\":\"Ville \/ Zone\",\"value\":\"Lac d'Aureilhan\"},{\"@type\":\"PropertyValue\",\"name\":\"Distance depuis le camping (km)\",\"value\":\"10\"},{\"@type\":\"PropertyValue\",\"name\":\"Dur\u00e9e moyenne\",\"value\":\"Journ\u00e9e\"},{\"@type\":\"PropertyValue\",\"name\":\"Tarif (si payant)\",\"value\":\"40\u20ac\"},{\"@type\":\"PropertyValue\",\"name\":\"R\u00e9servation n\u00e9cessaire ?\",\"value\":\"Oui\"},{\"@type\":\"PropertyValue\",\"name\":\"Astuce ou commentaire\",\"value\":\"Promenade rapide sur l'eau.\"}]}},{\"@type\":\"ListItem\",\"position\":135,\"item\":{\"@type\":\"TouristAttraction\",\"name\":\"Atelier de dessin en plein air\",\"location\":{\"@type\":\"Place\",\"name\":\"For\u00eat ou lac\"},\"additionalProperty\":[{\"@type\":\"PropertyValue\",\"name\":\"Type d\u2019\u00e9v\u00e9nement (march\u00e9, festival, sport, etc.)\",\"value\":\"Activit\u00e9 artistique\"},{\"@type\":\"PropertyValue\",\"name\":\"Ville \/ Zone\",\"value\":\"For\u00eat ou lac\"},{\"@type\":\"PropertyValue\",\"name\":\"Distance depuis le camping (km)\",\"value\":\"5\"},{\"@type\":\"PropertyValue\",\"name\":\"Dur\u00e9e moyenne\",\"value\":\"2h\"},{\"@type\":\"PropertyValue\",\"name\":\"Tarif (si payant)\",\"value\":\"10\u20ac\"},{\"@type\":\"PropertyValue\",\"name\":\"R\u00e9servation n\u00e9cessaire ?\",\"value\":\"Non\"},{\"@type\":\"PropertyValue\",\"name\":\"Astuce ou commentaire\",\"value\":\"Dessin de paysages naturels.\"}]}},{\"@type\":\"ListItem\",\"position\":136,\"item\":{\"@type\":\"TouristAttraction\",\"name\":\"Visite d'une exploitation agricole\",\"location\":{\"@type\":\"Place\",\"name\":\"Ferme locale\"},\"additionalProperty\":[{\"@type\":\"PropertyValue\",\"name\":\"Type d\u2019\u00e9v\u00e9nement (march\u00e9, festival, sport, etc.)\",\"value\":\"Activit\u00e9 agricole\"},{\"@type\":\"PropertyValue\",\"name\":\"Ville \/ Zone\",\"value\":\"Ferme locale\"},{\"@type\":\"PropertyValue\",\"name\":\"Distance depuis le camping (km)\",\"value\":\"10\"},{\"@type\":\"PropertyValue\",\"name\":\"Dur\u00e9e moyenne\",\"value\":\"2h\"},{\"@type\":\"PropertyValue\",\"name\":\"Tarif (si payant)\",\"value\":\"Free\"},{\"@type\":\"PropertyValue\",\"name\":\"R\u00e9servation n\u00e9cessaire ?\",\"value\":\"Oui\"},{\"@type\":\"PropertyValue\",\"name\":\"Astuce ou commentaire\",\"value\":\"D\u00e9couverte des techniques agricoles modernes.\"}]}},{\"@type\":\"ListItem\",\"position\":137,\"item\":{\"@type\":\"TouristAttraction\",\"name\":\"Cours de photo num\u00e9rique\",\"location\":{\"@type\":\"Place\",\"name\":\"Studio photo local\"},\"additionalProperty\":[{\"@type\":\"PropertyValue\",\"name\":\"Type d\u2019\u00e9v\u00e9nement (march\u00e9, festival, sport, etc.)\",\"value\":\"Activit\u00e9 \u00e9ducative\"},{\"@type\":\"PropertyValue\",\"name\":\"Ville \/ Zone\",\"value\":\"Studio photo local\"},{\"@type\":\"PropertyValue\",\"name\":\"Distance depuis le camping (km)\",\"value\":\"5\"},{\"@type\":\"PropertyValue\",\"name\":\"Dur\u00e9e moyenne\",\"value\":\"2h\"},{\"@type\":\"PropertyValue\",\"name\":\"Tarif (si payant)\",\"value\":\"20\u20ac\"},{\"@type\":\"PropertyValue\",\"name\":\"R\u00e9servation n\u00e9cessaire ?\",\"value\":\"Oui\"},{\"@type\":\"PropertyValue\",\"name\":\"Astuce ou commentaire\",\"value\":\"Initiation aux techniques de photo num\u00e9rique.\"}]}},{\"@type\":\"ListItem\",\"position\":138,\"item\":{\"@type\":\"TouristAttraction\",\"name\":\"Atelier de tricot\",\"location\":{\"@type\":\"Place\",\"name\":\"Salon communautaire\"},\"additionalProperty\":[{\"@type\":\"PropertyValue\",\"name\":\"Type d\u2019\u00e9v\u00e9nement (march\u00e9, festival, sport, etc.)\",\"value\":\"Activit\u00e9 manuelle\"},{\"@type\":\"PropertyValue\",\"name\":\"Ville \/ Zone\",\"value\":\"Salon communautaire\"},{\"@type\":\"PropertyValue\",\"name\":\"Distance depuis le camping (km)\",\"value\":\"5\"},{\"@type\":\"PropertyValue\",\"name\":\"Dur\u00e9e moyenne\",\"value\":\"2h\"},{\"@type\":\"PropertyValue\",\"name\":\"Tarif (si payant)\",\"value\":\"10\u20ac\"},{\"@type\":\"PropertyValue\",\"name\":\"R\u00e9servation n\u00e9cessaire ?\",\"value\":\"Non\"},{\"@type\":\"PropertyValue\",\"name\":\"Astuce ou commentaire\",\"value\":\"Cr\u00e9ation de v\u00eatements en laine.\"}]}},{\"@type\":\"ListItem\",\"position\":139,\"item\":{\"@type\":\"TouristAttraction\",\"name\":\"Cours de boxe\",\"location\":{\"@type\":\"Place\",\"name\":\"Gymnase local\"},\"additionalProperty\":[{\"@type\":\"PropertyValue\",\"name\":\"Type d\u2019\u00e9v\u00e9nement (march\u00e9, festival, sport, etc.)\",\"value\":\"Sport\"},{\"@type\":\"PropertyValue\",\"name\":\"Ville \/ Zone\",\"value\":\"Gymnase local\"},{\"@type\":\"PropertyValue\",\"name\":\"Distance depuis le camping (km)\",\"value\":\"5\"},{\"@type\":\"PropertyValue\",\"name\":\"Dur\u00e9e moyenne\",\"value\":\"1h30\"},{\"@type\":\"PropertyValue\",\"name\":\"Tarif (si payant)\",\"value\":\"15\u20ac\"},{\"@type\":\"PropertyValue\",\"name\":\"R\u00e9servation n\u00e9cessaire ?\",\"value\":\"Oui\"},{\"@type\":\"PropertyValue\",\"name\":\"Astuce ou commentaire\",\"value\":\"S\u00e9ance d'entra\u00eenement en boxe.\"}]}},{\"@type\":\"ListItem\",\"position\":140,\"item\":{\"@type\":\"TouristAttraction\",\"name\":\"Balade en chiens de tra\u00eeneaux\",\"location\":{\"@type\":\"Place\",\"name\":\"For\u00eat enneig\u00e9e\"},\"additionalProperty\":[{\"@type\":\"PropertyValue\",\"name\":\"Type d\u2019\u00e9v\u00e9nement (march\u00e9, festival, sport, etc.)\",\"value\":\"Activit\u00e9 hivernale\"},{\"@type\":\"PropertyValue\",\"name\":\"Ville \/ Zone\",\"value\":\"For\u00eat enneig\u00e9e\"},{\"@type\":\"PropertyValue\",\"name\":\"Distance depuis le camping (km)\",\"value\":\"10\"},{\"@type\":\"PropertyValue\",\"name\":\"Dur\u00e9e moyenne\",\"value\":\"2h\"},{\"@type\":\"PropertyValue\",\"name\":\"Tarif (si payant)\",\"value\":\"30\u20ac\"},{\"@type\":\"PropertyValue\",\"name\":\"R\u00e9servation n\u00e9cessaire ?\",\"value\":\"Oui\"},{\"@type\":\"PropertyValue\",\"name\":\"Astuce ou commentaire\",\"value\":\"Promenade en tra\u00eeneau tir\u00e9 par des chiens.\"}]}},{\"@type\":\"ListItem\",\"position\":141,\"item\":{\"@type\":\"TouristAttraction\",\"name\":\"Atelier de couture\",\"location\":{\"@type\":\"Place\",\"name\":\"Atelier local\"},\"additionalProperty\":[{\"@type\":\"PropertyValue\",\"name\":\"Type d\u2019\u00e9v\u00e9nement (march\u00e9, festival, sport, etc.)\",\"value\":\"Activit\u00e9 manuelle\"},{\"@type\":\"PropertyValue\",\"name\":\"Ville \/ Zone\",\"value\":\"Atelier local\"},{\"@type\":\"PropertyValue\",\"name\":\"Distance depuis le camping (km)\",\"value\":\"5\"},{\"@type\":\"PropertyValue\",\"name\":\"Dur\u00e9e moyenne\",\"value\":\"2h\"},{\"@type\":\"PropertyValue\",\"name\":\"Tarif (si payant)\",\"value\":\"15\u20ac\"},{\"@type\":\"PropertyValue\",\"name\":\"R\u00e9servation n\u00e9cessaire ?\",\"value\":\"Oui\"},{\"@type\":\"PropertyValue\",\"name\":\"Astuce ou commentaire\",\"value\":\"Cr\u00e9ation de v\u00eatements sur mesure.\"}]}},{\"@type\":\"ListItem\",\"position\":142,\"item\":{\"@type\":\"TouristAttraction\",\"name\":\"Visite du Chemin de Saint-Jacques-de-Compostelle \u00e0 pied\",\"location\":{\"@type\":\"Place\",\"name\":\"Au d\u00e9part de Saint-Paul-en-Born, suivez le chemin vers les villages voisins.\"},\"additionalProperty\":[{\"@type\":\"PropertyValue\",\"name\":\"Type d\u2019\u00e9v\u00e9nement (march\u00e9, festival, sport, etc.)\",\"value\":\"Activit\u00e9 pedestre et culturelle\"},{\"@type\":\"PropertyValue\",\"name\":\"Ville \/ Zone\",\"value\":\"Au d\u00e9part de Saint-Paul-en-Born, suivez le chemin vers les villages voisins.\"},{\"@type\":\"PropertyValue\",\"name\":\"Distance depuis le camping (km)\",\"value\":\"varie selon la longueur du trajet choisi\"},{\"@type\":\"PropertyValue\",\"name\":\"Dur\u00e9e moyenne\",\"value\":\"Jour entier\"},{\"@type\":\"PropertyValue\",\"name\":\"Tarif (si payant)\",\"value\":\"Gratuit (en libre acc\u00e8s)\"},{\"@type\":\"PropertyValue\",\"name\":\"R\u00e9servation n\u00e9cessaire ?\",\"value\":\"Non\"},{\"@type\":\"PropertyValue\",\"name\":\"Astuce ou commentaire\",\"value\":\"Un voyage culturel et historique.\"}]}},{\"@type\":\"ListItem\",\"position\":143,\"item\":{\"@type\":\"TouristAttraction\",\"name\":\"Excursion ornithologique aux marais\",\"location\":{\"@type\":\"Place\",\"name\":\"Marais de la r\u00e9gion\"},\"additionalProperty\":[{\"@type\":\"PropertyValue\",\"name\":\"Type d\u2019\u00e9v\u00e9nement (march\u00e9, festival, sport, etc.)\",\"value\":\"Activit\u00e9 nature et faune\"},{\"@type\":\"PropertyValue\",\"name\":\"Ville \/ Zone\",\"value\":\"Marais de la r\u00e9gion\"},{\"@type\":\"PropertyValue\",\"name\":\"Distance depuis le camping (km)\",\"value\":\"Varie selon l'itin\u00e9raire\"},{\"@type\":\"PropertyValue\",\"name\":\"Dur\u00e9e moyenne\",\"value\":\"2 \u00e0 4 heures\"},{\"@type\":\"PropertyValue\",\"name\":\"Tarif (si payant)\",\"value\":\"Gratuit ou payant selon l'organisateur\"},{\"@type\":\"PropertyValue\",\"name\":\"R\u00e9servation n\u00e9cessaire ?\",\"value\":\"Oui si guid\u00e9e\"},{\"@type\":\"PropertyValue\",\"name\":\"Astuce ou commentaire\",\"value\":\"Observer les oiseaux dans leur habitat naturel.\"}]}},{\"@type\":\"ListItem\",\"position\":144,\"item\":{\"@type\":\"TouristAttraction\",\"name\":\"Cours de photographie num\u00e9rique\",\"location\":{\"@type\":\"Place\",\"name\":\"D\u00e9couvrez des ateliers autour de Saint-Paul-en-Born\"},\"additionalProperty\":[{\"@type\":\"PropertyValue\",\"name\":\"Type d\u2019\u00e9v\u00e9nement (march\u00e9, festival, sport, etc.)\",\"value\":\"Atelier cr\u00e9atif\"},{\"@type\":\"PropertyValue\",\"name\":\"Ville \/ Zone\",\"value\":\"D\u00e9couvrez des ateliers autour de Saint-Paul-en-Born\"},{\"@type\":\"PropertyValue\",\"name\":\"Distance depuis le camping (km)\",\"value\":\"Varie selon l'emplacement\"},{\"@type\":\"PropertyValue\",\"name\":\"Dur\u00e9e moyenne\",\"value\":\"1 \u00e0 2 jours\"},{\"@type\":\"PropertyValue\",\"name\":\"Tarif (si payant)\",\"value\":\"Variable selon l'atelier\"},{\"@type\":\"PropertyValue\",\"name\":\"R\u00e9servation n\u00e9cessaire ?\",\"value\":\"Oui\"},{\"@type\":\"PropertyValue\",\"name\":\"Astuce ou commentaire\",\"value\":\"Apprenez \u00e0 capter la beaut\u00e9 naturelle de la r\u00e9gion.\"}]}},{\"@type\":\"ListItem\",\"position\":145,\"item\":{\"@type\":\"TouristAttraction\",\"name\":\"Jeux de piste en for\u00eat\",\"location\":{\"@type\":\"Place\",\"name\":\"For\u00eat landaise\"},\"additionalProperty\":[{\"@type\":\"PropertyValue\",\"name\":\"Type d\u2019\u00e9v\u00e9nement (march\u00e9, festival, sport, etc.)\",\"value\":\"Activit\u00e9 famille\"},{\"@type\":\"PropertyValue\",\"name\":\"Ville \/ Zone\",\"value\":\"For\u00eat landaise\"},{\"@type\":\"PropertyValue\",\"name\":\"Distance depuis le camping (km)\",\"value\":\"Varie selon l'itin\u00e9raire\"},{\"@type\":\"PropertyValue\",\"name\":\"Dur\u00e9e moyenne\",\"value\":\"1 \u00e0 3 heures\"},{\"@type\":\"PropertyValue\",\"name\":\"Tarif (si payant)\",\"value\":\"Gratuit ou payant selon l'organisateur\"},{\"@type\":\"PropertyValue\",\"name\":\"R\u00e9servation n\u00e9cessaire ?\",\"value\":\"Optionnel\"},{\"@type\":\"PropertyValue\",\"name\":\"Astuce ou commentaire\",\"value\":\"Une activit\u00e9 ludique pour toute la famille.\"}]}},{\"@type\":\"ListItem\",\"position\":146,\"item\":{\"@type\":\"TouristAttraction\",\"name\":\"Atelier de couture cr\u00e9ative\",\"location\":{\"@type\":\"Place\",\"name\":\"ateliers locaux\"},\"additionalProperty\":[{\"@type\":\"PropertyValue\",\"name\":\"Type d\u2019\u00e9v\u00e9nement (march\u00e9, festival, sport, etc.)\",\"value\":\"Atelier artisanal\"},{\"@type\":\"PropertyValue\",\"name\":\"Ville \/ Zone\",\"value\":\"ateliers locaux\"},{\"@type\":\"PropertyValue\",\"name\":\"Distance depuis le camping (km)\",\"value\":\"Varie selon l'emplacement\"},{\"@type\":\"PropertyValue\",\"name\":\"Dur\u00e9e moyenne\",\"value\":\"1 \u00e0 2 jours\"},{\"@type\":\"PropertyValue\",\"name\":\"Tarif (si payant)\",\"value\":\"Variable selon l'atelier\"},{\"@type\":\"PropertyValue\",\"name\":\"R\u00e9servation n\u00e9cessaire ?\",\"value\":\"Oui\"},{\"@type\":\"PropertyValue\",\"name\":\"Astuce ou commentaire\",\"value\":\"Cr\u00e9ez vos propres v\u00eatements avec des cours locaux.\"}]}},{\"@type\":\"ListItem\",\"position\":147,\"item\":{\"@type\":\"TouristAttraction\",\"name\":\"Visite de la R\u00e9serve Naturelle des Marais d'Orx\",\"location\":{\"@type\":\"Place\",\"name\":\"Marais d'Orx\"},\"additionalProperty\":[{\"@type\":\"PropertyValue\",\"name\":\"Type d\u2019\u00e9v\u00e9nement (march\u00e9, festival, sport, etc.)\",\"value\":\"Activit\u00e9 nature et faune\"},{\"@type\":\"PropertyValue\",\"name\":\"Ville \/ Zone\",\"value\":\"Marais d'Orx\"},{\"@type\":\"PropertyValue\",\"name\":\"Distance depuis le camping (km)\",\"value\":\"20 km environ\"},{\"@type\":\"PropertyValue\",\"name\":\"Dur\u00e9e moyenne\",\"value\":\"2 \u00e0 4 heures\"},{\"@type\":\"PropertyValue\",\"name\":\"Tarif (si payant)\",\"value\":\"Variable selon le guide\"},{\"@type\":\"PropertyValue\",\"name\":\"R\u00e9servation n\u00e9cessaire ?\",\"value\":\"Oui si guid\u00e9e\"},{\"@type\":\"PropertyValue\",\"name\":\"Astuce ou commentaire\",\"value\":\"D\u00e9couvrez la biodiversit\u00e9 des marais.\"}]}},{\"@type\":\"ListItem\",\"position\":148,\"item\":{\"@type\":\"TouristAttraction\",\"name\":\"Cours de cuisine landaise\",\"location\":{\"@type\":\"Place\",\"name\":\"around Saint-Paul-en-Born\"},\"additionalProperty\":[{\"@type\":\"PropertyValue\",\"name\":\"Type d\u2019\u00e9v\u00e9nement (march\u00e9, festival, sport, etc.)\",\"value\":\"Atelier culinaire\"},{\"@type\":\"PropertyValue\",\"name\":\"Ville \/ Zone\",\"value\":\"around Saint-Paul-en-Born\"},{\"@type\":\"PropertyValue\",\"name\":\"Distance depuis le camping (km)\",\"value\":\"Varie selon l'emplacement\"},{\"@type\":\"PropertyValue\",\"name\":\"Dur\u00e9e moyenne\",\"value\":\"1 jours\"},{\"@type\":\"PropertyValue\",\"name\":\"Tarif (si payant)\",\"value\":\"Variable selon l'atelier\"},{\"@type\":\"PropertyValue\",\"name\":\"R\u00e9servation n\u00e9cessaire ?\",\"value\":\"Oui\"},{\"@type\":\"PropertyValue\",\"name\":\"Astuce ou commentaire\",\"value\":\"Apprenez \u00e0 pr\u00e9parer des plats locaux.\"}]}},{\"@type\":\"ListItem\",\"position\":149,\"item\":{\"@type\":\"TouristAttraction\",\"name\":\"Balade en chiens de tra\u00eeneaux\",\"location\":{\"@type\":\"Place\",\"name\":\"diff\u00e9rents parcours disponibles\"},\"additionalProperty\":[{\"@type\":\"PropertyValue\",\"name\":\"Type d\u2019\u00e9v\u00e9nement (march\u00e9, festival, sport, etc.)\",\"value\":\"Activit\u00e9 hivernale\"},{\"@type\":\"PropertyValue\",\"name\":\"Ville \/ Zone\",\"value\":\"diff\u00e9rents parcours disponibles\"},{\"@type\":\"PropertyValue\",\"name\":\"Distance depuis le camping (km)\",\"value\":\"Varie selon l'itin\u00e9raire\"},{\"@type\":\"PropertyValue\",\"name\":\"Dur\u00e9e moyenne\",\"value\":\"1 \u00e0 2 heures\"},{\"@type\":\"PropertyValue\",\"name\":\"Tarif (si payant)\",\"value\":\"Payant\"},{\"@type\":\"PropertyValue\",\"name\":\"R\u00e9servation n\u00e9cessaire ?\",\"value\":\"Oui\"},{\"@type\":\"PropertyValue\",\"name\":\"Astuce ou commentaire\",\"value\":\"Une exp\u00e9rience unique pour les amateurs de chiens.\"}]}},{\"@type\":\"ListItem\",\"position\":150,\"item\":{\"@type\":\"TouristAttraction\",\"name\":\"Atelier de poterie artisanale\",\"location\":{\"@type\":\"Place\",\"name\":\"ateliers locaux\"},\"additionalProperty\":[{\"@type\":\"PropertyValue\",\"name\":\"Type d\u2019\u00e9v\u00e9nement (march\u00e9, festival, sport, etc.)\",\"value\":\"Atelier cr\u00e9atif\"},{\"@type\":\"PropertyValue\",\"name\":\"Ville \/ Zone\",\"value\":\"ateliers locaux\"},{\"@type\":\"PropertyValue\",\"name\":\"Distance depuis le camping (km)\",\"value\":\"Varie selon l'emplacement\"},{\"@type\":\"PropertyValue\",\"name\":\"Dur\u00e9e moyenne\",\"value\":\"1 \u00e0 2 jours\"},{\"@type\":\"PropertyValue\",\"name\":\"Tarif (si payant)\",\"value\":\"Variable selon l'atelier\"},{\"@type\":\"PropertyValue\",\"name\":\"R\u00e9servation n\u00e9cessaire ?\",\"value\":\"Oui\"},{\"@type\":\"PropertyValue\",\"name\":\"Astuce ou commentaire\",\"value\":\"Cr\u00e9ez vos propres objets en argile.\"}]}},{\"@type\":\"ListItem\",\"position\":151,\"item\":{\"@type\":\"TouristAttraction\",\"name\":\"Excursion en bateau pneumatique\",\"location\":{\"@type\":\"Place\",\"name\":\"Lacs ou rivi\u00e8res de la r\u00e9gion\"},\"additionalProperty\":[{\"@type\":\"PropertyValue\",\"name\":\"Type d\u2019\u00e9v\u00e9nement (march\u00e9, festival, sport, etc.)\",\"value\":\"Activit\u00e9 nautique\"},{\"@type\":\"PropertyValue\",\"name\":\"Ville \/ Zone\",\"value\":\"Lacs ou rivi\u00e8res de la r\u00e9gion\"},{\"@type\":\"PropertyValue\",\"name\":\"Distance depuis le camping (km)\",\"value\":\"Varie selon l'itin\u00e9raire\"},{\"@type\":\"PropertyValue\",\"name\":\"Dur\u00e9e moyenne\",\"value\":\"2 \u00e0 4 heures\"},{\"@type\":\"PropertyValue\",\"name\":\"Tarif (si payant)\",\"value\":\"Payant\"},{\"@type\":\"PropertyValue\",\"name\":\"R\u00e9servation n\u00e9cessaire ?\",\"value\":\"Oui\"},{\"@type\":\"PropertyValue\",\"name\":\"Astuce ou commentaire\",\"value\":\"Une aventure nautique sur les lacs ou rivi\u00e8res.\"}]}},{\"@type\":\"ListItem\",\"position\":152,\"item\":{\"@type\":\"TouristAttraction\",\"name\":\"Cours de danse folklorique\",\"location\":{\"@type\":\"Place\",\"name\":\"around Saint-Paul-en-Born\"},\"additionalProperty\":[{\"@type\":\"PropertyValue\",\"name\":\"Type d\u2019\u00e9v\u00e9nement (march\u00e9, festival, sport, etc.)\",\"value\":\"Atelier culturel\"},{\"@type\":\"PropertyValue\",\"name\":\"Ville \/ Zone\",\"value\":\"around Saint-Paul-en-Born\"},{\"@type\":\"PropertyValue\",\"name\":\"Distance depuis le camping (km)\",\"value\":\"Varie selon l'emplacement\"},{\"@type\":\"PropertyValue\",\"name\":\"Dur\u00e9e moyenne\",\"value\":\"1 \u00e0 2 jours\"},{\"@type\":\"PropertyValue\",\"name\":\"Tarif (si payant)\",\"value\":\"Variable selon l'atelier\"},{\"@type\":\"PropertyValue\",\"name\":\"R\u00e9servation n\u00e9cessaire ?\",\"value\":\"Oui\"},{\"@type\":\"PropertyValue\",\"name\":\"Astuce ou commentaire\",\"value\":\"Apprenez les danses traditionnelles locales.\"}]}},{\"@type\":\"ListItem\",\"position\":153,\"item\":{\"@type\":\"TouristAttraction\",\"name\":\"Atelier de fabrication de produits artisanaux landais\",\"location\":{\"@type\":\"Place\",\"name\":\"ateliers locaux\"},\"additionalProperty\":[{\"@type\":\"PropertyValue\",\"name\":\"Type d\u2019\u00e9v\u00e9nement (march\u00e9, festival, sport, etc.)\",\"value\":\"Atelier artisanal\"},{\"@type\":\"PropertyValue\",\"name\":\"Ville \/ Zone\",\"value\":\"ateliers locaux\"},{\"@type\":\"PropertyValue\",\"name\":\"Distance depuis le camping (km)\",\"value\":\"Varie selon l'emplacement\"},{\"@type\":\"PropertyValue\",\"name\":\"Dur\u00e9e moyenne\",\"value\":\"1 \u00e0 2 jours\"},{\"@type\":\"PropertyValue\",\"name\":\"Tarif (si payant)\",\"value\":\"Variable selon l'atelier\"},{\"@type\":\"PropertyValue\",\"name\":\"R\u00e9servation n\u00e9cessaire ?\",\"value\":\"Oui\"},{\"@type\":\"PropertyValue\",\"name\":\"Astuce ou commentaire\",\"value\":\"Cr\u00e9ez vos propres produits artisanaux.\"}]}},{\"@type\":\"ListItem\",\"position\":154,\"item\":{\"@type\":\"TouristAttraction\",\"name\":\"Initiation \u00e0 la p\u00eache \u00e0 la mouche\",\"location\":{\"@type\":\"Place\",\"name\":\"rivi\u00e8res de la r\u00e9gion\"},\"additionalProperty\":[{\"@type\":\"PropertyValue\",\"name\":\"Type d\u2019\u00e9v\u00e9nement (march\u00e9, festival, sport, etc.)\",\"value\":\"Activit\u00e9 p\u00eache\"},{\"@type\":\"PropertyValue\",\"name\":\"Ville \/ Zone\",\"value\":\"rivi\u00e8res de la r\u00e9gion\"},{\"@type\":\"PropertyValue\",\"name\":\"Distance depuis le camping (km)\",\"value\":\"Varie selon l'emplacement\"},{\"@type\":\"PropertyValue\",\"name\":\"Dur\u00e9e moyenne\",\"value\":\"1 \u00e0 2 jours\"},{\"@type\":\"PropertyValue\",\"name\":\"Tarif (si payant)\",\"value\":\"Variable selon le guide\"},{\"@type\":\"PropertyValue\",\"name\":\"R\u00e9servation n\u00e9cessaire ?\",\"value\":\"Oui\"},{\"@type\":\"PropertyValue\",\"name\":\"Astuce ou commentaire\",\"value\":\"Apprenez les techniques de p\u00eache \u00e0 la mouche.\"}]}},{\"@type\":\"ListItem\",\"position\":155,\"item\":{\"@type\":\"TouristAttraction\",\"name\":\"Observation des papillons dans les r\u00e9serves naturelles\",\"location\":{\"@type\":\"Place\",\"name\":\"R\u00e9serves naturelles\"},\"additionalProperty\":[{\"@type\":\"PropertyValue\",\"name\":\"Type d\u2019\u00e9v\u00e9nement (march\u00e9, festival, sport, etc.)\",\"value\":\"Activit\u00e9 nature\"},{\"@type\":\"PropertyValue\",\"name\":\"Ville \/ Zone\",\"value\":\"R\u00e9serves naturelles\"},{\"@type\":\"PropertyValue\",\"name\":\"Distance depuis le camping (km)\",\"value\":\"Varie selon l'emplacement\"},{\"@type\":\"PropertyValue\",\"name\":\"Dur\u00e9e moyenne\",\"value\":\"1 \u00e0 2 heures\"},{\"@type\":\"PropertyValue\",\"name\":\"Tarif (si payant)\",\"value\":\"Gratuit ou payant selon la r\u00e9serve\"},{\"@type\":\"PropertyValue\",\"name\":\"R\u00e9servation n\u00e9cessaire ?\",\"value\":\"Optionnel\"},{\"@type\":\"PropertyValue\",\"name\":\"Astuce ou commentaire\",\"value\":\"D\u00e9couvrez la diversit\u00e9 des papillons locaux.\"}]}},{\"@type\":\"ListItem\",\"position\":156,\"item\":{\"@type\":\"TouristAttraction\",\"name\":\"Cours de boxe\",\"location\":{\"@type\":\"Place\",\"name\":\"around Saint-Paul-en-Born\"},\"additionalProperty\":[{\"@type\":\"PropertyValue\",\"name\":\"Type d\u2019\u00e9v\u00e9nement (march\u00e9, festival, sport, etc.)\",\"value\":\"Activit\u00e9 sportive\"},{\"@type\":\"PropertyValue\",\"name\":\"Ville \/ Zone\",\"value\":\"around Saint-Paul-en-Born\"},{\"@type\":\"PropertyValue\",\"name\":\"Distance depuis le camping (km)\",\"value\":\"Varie selon l'emplacement\"},{\"@type\":\"PropertyValue\",\"name\":\"Dur\u00e9e moyenne\",\"value\":\"1 \u00e0 2 heures\"},{\"@type\":\"PropertyValue\",\"name\":\"Tarif (si payant)\",\"value\":\"Variable selon le centre\"},{\"@type\":\"PropertyValue\",\"name\":\"R\u00e9servation n\u00e9cessaire ?\",\"value\":\"Oui\"},{\"@type\":\"PropertyValue\",\"name\":\"Astuce ou commentaire\",\"value\":\"Une activit\u00e9 physique pour tous les niveaux.\"}]}},{\"@type\":\"ListItem\",\"position\":157,\"item\":{\"@type\":\"TouristAttraction\",\"name\":\"Excursion en v\u00e9lo \u00e9lectrique dans la for\u00eat landaise\",\"location\":{\"@type\":\"Place\",\"name\":\"For\u00eat landaise\"},\"additionalProperty\":[{\"@type\":\"PropertyValue\",\"name\":\"Type d\u2019\u00e9v\u00e9nement (march\u00e9, festival, sport, etc.)\",\"value\":\"Activit\u00e9 cycliste\"},{\"@type\":\"PropertyValue\",\"name\":\"Ville \/ Zone\",\"value\":\"For\u00eat landaise\"},{\"@type\":\"PropertyValue\",\"name\":\"Distance depuis le camping (km)\",\"value\":\"Varie selon l'itin\u00e9raire\"},{\"@type\":\"PropertyValue\",\"name\":\"Dur\u00e9e moyenne\",\"value\":\"2 \u00e0 4 heures\"},{\"@type\":\"PropertyValue\",\"name\":\"Tarif (si payant)\",\"value\":\"Payant\"},{\"@type\":\"PropertyValue\",\"name\":\"R\u00e9servation n\u00e9cessaire ?\",\"value\":\"Oui\"},{\"@type\":\"PropertyValue\",\"name\":\"Astuce ou commentaire\",\"value\":\"Une balade facile et \u00e9cologique.\"}]}},{\"@type\":\"ListItem\",\"position\":158,\"item\":{\"@type\":\"TouristAttraction\",\"name\":\"Atelier de dessin en plein air\",\"location\":{\"@type\":\"Place\",\"name\":\"D\u00e9couvrez des ateliers autour de Saint-Paul-en-Born\"},\"additionalProperty\":[{\"@type\":\"PropertyValue\",\"name\":\"Type d\u2019\u00e9v\u00e9nement (march\u00e9, festival, sport, etc.)\",\"value\":\"Atelier artistique\"},{\"@type\":\"PropertyValue\",\"name\":\"Ville \/ Zone\",\"value\":\"D\u00e9couvrez des ateliers autour de Saint-Paul-en-Born\"},{\"@type\":\"PropertyValue\",\"name\":\"Distance depuis le camping (km)\",\"value\":\"Varie selon l'emplacement\"},{\"@type\":\"PropertyValue\",\"name\":\"Dur\u00e9e moyenne\",\"value\":\"1 \u00e0 2 jours\"},{\"@type\":\"PropertyValue\",\"name\":\"Tarif (si payant)\",\"value\":\"Variable selon l'atelier\"},{\"@type\":\"PropertyValue\",\"name\":\"R\u00e9servation n\u00e9cessaire ?\",\"value\":\"Oui\"},{\"@type\":\"PropertyValue\",\"name\":\"Astuce ou commentaire\",\"value\":\"Capturez la beaut\u00e9 naturelle de la r\u00e9gion.\"}]}},{\"@type\":\"ListItem\",\"position\":159,\"item\":{\"@type\":\"TouristAttraction\",\"name\":\"D\u00e9couverte de la r\u00e9serve naturelle nationale des Marais d'Orx\",\"url\":\"https:\/\/www.landes-parc-naturel-regional.fr\/site-naturel\/reserve-naturelle-des-marais-dorx\/\",\"location\":{\"@type\":\"Place\",\"name\":\"Marais d'Orx (pr\u00e8s Saint-Paul-en-Born)\"},\"additionalProperty\":[{\"@type\":\"PropertyValue\",\"name\":\"Type d\u2019\u00e9v\u00e9nement (march\u00e9, festival, sport, etc.)\",\"value\":\"visite nature\"},{\"@type\":\"PropertyValue\",\"name\":\"Ville \/ Zone\",\"value\":\"Marais d'Orx (pr\u00e8s Saint-Paul-en-Born)\"},{\"@type\":\"PropertyValue\",\"name\":\"Distance depuis le camping (km)\",\"value\":\"~25 km\"},{\"@type\":\"PropertyValue\",\"name\":\"Dur\u00e9e moyenne\",\"value\":\"demi-journ\u00e9e \u00e0 journ\u00e9e\"},{\"@type\":\"PropertyValue\",\"name\":\"Tarif (si payant)\",\"value\":\"Gratuit ou visites guid\u00e9es payantes\"},{\"@type\":\"PropertyValue\",\"name\":\"R\u00e9servation n\u00e9cessaire ?\",\"value\":\"Fortement recommand\u00e9 pour visites guid\u00e9es\"},{\"@type\":\"PropertyValue\",\"name\":\"Astuce ou commentaire\",\"value\":\"R\u00e9serve naturelle prot\u00e9g\u00e9e offrant un excellent site pour l\u2019observation ornithologique et la d\u00e9couverte de la faune et flore locales rares dans un cadre naturel pr\u00e9serv\u00e9.\"}]}},{\"@type\":\"ListItem\",\"position\":160,\"item\":{\"@type\":\"TouristAttraction\",\"name\":\"Observation ornithologique aux marais\",\"url\":\"https:\/\/www.saint-paul-en-born.fr\/Tourisme\",\"location\":{\"@type\":\"Place\",\"name\":\"Marais locaux autour de Saint-Paul-en-Born\"},\"additionalProperty\":[{\"@type\":\"PropertyValue\",\"name\":\"Type d\u2019\u00e9v\u00e9nement (march\u00e9, festival, sport, etc.)\",\"value\":\"activit\u00e9 nature\"},{\"@type\":\"PropertyValue\",\"name\":\"Ville \/ Zone\",\"value\":\"Marais locaux autour de Saint-Paul-en-Born\"},{\"@type\":\"PropertyValue\",\"name\":\"Distance depuis le camping (km)\",\"value\":\"variable, proche\"},{\"@type\":\"PropertyValue\",\"name\":\"Dur\u00e9e moyenne\",\"value\":\"variable\"},{\"@type\":\"PropertyValue\",\"name\":\"Tarif (si payant)\",\"value\":\"Gratuit ou payant selon activit\u00e9 guid\u00e9e\"},{\"@type\":\"PropertyValue\",\"name\":\"R\u00e9servation n\u00e9cessaire ?\",\"value\":\"Selon activit\u00e9\"},{\"@type\":\"PropertyValue\",\"name\":\"Astuce ou commentaire\",\"value\":\"Observation des oiseaux dans les diff\u00e9rentes zones humides class\u00e9es autour de Saint-Paul-en-Born.\"}]}},{\"@type\":\"ListItem\",\"position\":161,\"item\":{\"@type\":\"TouristAttraction\",\"name\":\"Promenade et balade en paddle sur le Lac d'Aureilhan\",\"url\":\"https:\/\/www.saint-paul-en-born.fr\/Tourisme\",\"location\":{\"@type\":\"Place\",\"name\":\"Lac d'Aureilhan, proche Saint-Paul-en-Born\"},\"additionalProperty\":[{\"@type\":\"PropertyValue\",\"name\":\"Type d\u2019\u00e9v\u00e9nement (march\u00e9, festival, sport, etc.)\",\"value\":\"activit\u00e9 nautique\"},{\"@type\":\"PropertyValue\",\"name\":\"Ville \/ Zone\",\"value\":\"Lac d'Aureilhan, proche Saint-Paul-en-Born\"},{\"@type\":\"PropertyValue\",\"name\":\"Distance depuis le camping (km)\",\"value\":\"~5 km\"},{\"@type\":\"PropertyValue\",\"name\":\"Dur\u00e9e moyenne\",\"value\":\"1 \u00e0 2 heures\"},{\"@type\":\"PropertyValue\",\"name\":\"Tarif (si payant)\",\"value\":\"20-30 \u20ac location\"},{\"@type\":\"PropertyValue\",\"name\":\"R\u00e9servation n\u00e9cessaire ?\",\"value\":\"Conseill\u00e9\"},{\"@type\":\"PropertyValue\",\"name\":\"Astuce ou commentaire\",\"value\":\"Balade sur eau calme, id\u00e9ale pour tout niveau, avec location de paddle possible au lac.\"}]}},{\"@type\":\"ListItem\",\"position\":162,\"item\":{\"@type\":\"TouristAttraction\",\"name\":\"Visite du Ch\u00e2teau de Gaujacq\",\"url\":\"https:\/\/www.chateau-gaujacq.fr\/\",\"location\":{\"@type\":\"Place\",\"name\":\"Gaujacq, Landes\"},\"additionalProperty\":[{\"@type\":\"PropertyValue\",\"name\":\"Type d\u2019\u00e9v\u00e9nement (march\u00e9, festival, sport, etc.)\",\"value\":\"visite culturelle\"},{\"@type\":\"PropertyValue\",\"name\":\"Ville \/ Zone\",\"value\":\"Gaujacq, Landes\"},{\"@type\":\"PropertyValue\",\"name\":\"Distance depuis le camping (km)\",\"value\":\"~40 km\"},{\"@type\":\"PropertyValue\",\"name\":\"Dur\u00e9e moyenne\",\"value\":\"1 \u00e0 2 heures\"},{\"@type\":\"PropertyValue\",\"name\":\"Tarif (si payant)\",\"value\":\"8-12 \u20ac\"},{\"@type\":\"PropertyValue\",\"name\":\"R\u00e9servation n\u00e9cessaire ?\",\"value\":\"Recommand\u00e9e en saison\"},{\"@type\":\"PropertyValue\",\"name\":\"Astuce ou commentaire\",\"value\":\"Ch\u00e2teau historique avec expositions sur l'histoire locale, jardins et animations culturelles.\"}]}},{\"@type\":\"ListItem\",\"position\":163,\"item\":{\"@type\":\"TouristAttraction\",\"name\":\"Jeux de piste en for\u00eat landaise\",\"url\":\"https:\/\/www.foret-landes-tourisme.fr\",\"location\":{\"@type\":\"Place\",\"name\":\"For\u00eat landaise autour de Saint-Paul-en-Born\"},\"additionalProperty\":[{\"@type\":\"PropertyValue\",\"name\":\"Type d\u2019\u00e9v\u00e9nement (march\u00e9, festival, sport, etc.)\",\"value\":\"activit\u00e9 ludique en nature\"},{\"@type\":\"PropertyValue\",\"name\":\"Ville \/ Zone\",\"value\":\"For\u00eat landaise autour de Saint-Paul-en-Born\"},{\"@type\":\"PropertyValue\",\"name\":\"Distance depuis le camping (km)\",\"value\":\"variable\"},{\"@type\":\"PropertyValue\",\"name\":\"Dur\u00e9e moyenne\",\"value\":\"1 \u00e0 3 heures\"},{\"@type\":\"PropertyValue\",\"name\":\"Tarif (si payant)\",\"value\":\"Selon organisation\"},{\"@type\":\"PropertyValue\",\"name\":\"R\u00e9servation n\u00e9cessaire ?\",\"value\":\"Souvent oui\"},{\"@type\":\"PropertyValue\",\"name\":\"Astuce ou commentaire\",\"value\":\"Activit\u00e9 ludique combinant randonn\u00e9e et \u00e9nigmes pour d\u00e9couvrir la for\u00eat et ses secrets.\"}]}},{\"@type\":\"ListItem\",\"position\":164,\"item\":{\"@type\":\"TouristAttraction\",\"name\":\"Atelier de d\u00e9couverte d'apiculture\",\"url\":\"https:\/\/www.apiculteur-landes.fr\",\"location\":{\"@type\":\"Place\",\"name\":\"Proche Saint-Paul-en-Born\"},\"additionalProperty\":[{\"@type\":\"PropertyValue\",\"name\":\"Type d\u2019\u00e9v\u00e9nement (march\u00e9, festival, sport, etc.)\",\"value\":\"atelier d\u00e9couverte\"},{\"@type\":\"PropertyValue\",\"name\":\"Ville \/ Zone\",\"value\":\"Proche Saint-Paul-en-Born\"},{\"@type\":\"PropertyValue\",\"name\":\"Distance depuis le camping (km)\",\"value\":\"variable\"},{\"@type\":\"PropertyValue\",\"name\":\"Dur\u00e9e moyenne\",\"value\":\"1-2 heures\"},{\"@type\":\"PropertyValue\",\"name\":\"Tarif (si payant)\",\"value\":\"Variable\"},{\"@type\":\"PropertyValue\",\"name\":\"R\u00e9servation n\u00e9cessaire ?\",\"value\":\"Oui\"},{\"@type\":\"PropertyValue\",\"name\":\"Astuce ou commentaire\",\"value\":\"Initiation \u00e0 l'apiculture avec d\u00e9couverte de la vie des abeilles et d\u00e9gustation de miel local.\"}]}},{\"@type\":\"ListItem\",\"position\":165,\"item\":{\"@type\":\"TouristAttraction\",\"name\":\"Balade fat bike en for\u00eat landaise\",\"url\":\"https:\/\/www.saint-paul-en-born.fr\/Tourisme\",\"location\":{\"@type\":\"Place\",\"name\":\"For\u00eat landaise pr\u00e8s de Saint-Paul-en-Born\"},\"additionalProperty\":[{\"@type\":\"PropertyValue\",\"name\":\"Type d\u2019\u00e9v\u00e9nement (march\u00e9, festival, sport, etc.)\",\"value\":\"sport nature\"},{\"@type\":\"PropertyValue\",\"name\":\"Ville \/ Zone\",\"value\":\"For\u00eat landaise pr\u00e8s de Saint-Paul-en-Born\"},{\"@type\":\"PropertyValue\",\"name\":\"Distance depuis le camping (km)\",\"value\":\"variable\"},{\"@type\":\"PropertyValue\",\"name\":\"Dur\u00e9e moyenne\",\"value\":\"1-3 heures\"},{\"@type\":\"PropertyValue\",\"name\":\"Tarif (si payant)\",\"value\":\"30-50 \u20ac la location\"},{\"@type\":\"PropertyValue\",\"name\":\"R\u00e9servation n\u00e9cessaire ?\",\"value\":\"Conseill\u00e9\"},{\"@type\":\"PropertyValue\",\"name\":\"Astuce ou commentaire\",\"value\":\"Parcours en v\u00e9lo tout terrain \u00e9lectrique adapt\u00e9 aux sentiers forestiers.\"}]}},{\"@type\":\"ListItem\",\"position\":166,\"item\":{\"@type\":\"TouristAttraction\",\"name\":\"Atelier de fabrication de produits artisanaux landais\",\"url\":\"https:\/\/www.landesculture.fr\",\"location\":{\"@type\":\"Place\",\"name\":\"Saint-Paul-en-Born ou environs\"},\"additionalProperty\":[{\"@type\":\"PropertyValue\",\"name\":\"Type d\u2019\u00e9v\u00e9nement (march\u00e9, festival, sport, etc.)\",\"value\":\"atelier artisanal\"},{\"@type\":\"PropertyValue\",\"name\":\"Ville \/ Zone\",\"value\":\"Saint-Paul-en-Born ou environs\"},{\"@type\":\"PropertyValue\",\"name\":\"Distance depuis le camping (km)\",\"value\":\"variable\"},{\"@type\":\"PropertyValue\",\"name\":\"Dur\u00e9e moyenne\",\"value\":\"2-3 heures\"},{\"@type\":\"PropertyValue\",\"name\":\"Tarif (si payant)\",\"value\":\"Variable selon atelier\"},{\"@type\":\"PropertyValue\",\"name\":\"R\u00e9servation n\u00e9cessaire ?\",\"value\":\"Oui\"},{\"@type\":\"PropertyValue\",\"name\":\"Astuce ou commentaire\",\"value\":\"D\u00e9couverte et apprentissage des savoir-faire locaux : poterie, couture, tricot, etc.\"}]}},{\"@type\":\"ListItem\",\"position\":167,\"item\":{\"@type\":\"TouristAttraction\",\"name\":\"Cours de danse folklorique landaise\",\"url\":\"https:\/\/www.landesdanse.fr\",\"location\":{\"@type\":\"Place\",\"name\":\"Saint-Paul-en-Born ou proches communes\"},\"additionalProperty\":[{\"@type\":\"PropertyValue\",\"name\":\"Type d\u2019\u00e9v\u00e9nement (march\u00e9, festival, sport, etc.)\",\"value\":\"cours culturel\"},{\"@type\":\"PropertyValue\",\"name\":\"Ville \/ Zone\",\"value\":\"Saint-Paul-en-Born ou proches communes\"},{\"@type\":\"PropertyValue\",\"name\":\"Distance depuis le camping (km)\",\"value\":\"variable\"},{\"@type\":\"PropertyValue\",\"name\":\"Dur\u00e9e moyenne\",\"value\":\"1 \u00e0 2 heures\"},{\"@type\":\"PropertyValue\",\"name\":\"Tarif (si payant)\",\"value\":\"Variable\"},{\"@type\":\"PropertyValue\",\"name\":\"R\u00e9servation n\u00e9cessaire ?\",\"value\":\"Oui\"},{\"@type\":\"PropertyValue\",\"name\":\"Astuce ou commentaire\",\"value\":\"Initiation aux danses traditionnelles du Sud-Ouest dans un cadre convivial.\"}]}},{\"@type\":\"ListItem\",\"position\":168,\"item\":{\"@type\":\"TouristAttraction\",\"name\":\"Balade en chiens de tra\u00eeneaux d'\u00e9t\u00e9\",\"url\":\"https:\/\/www.landes-tourisme.com\",\"location\":{\"@type\":\"Place\",\"name\":\"Proche Saint-Paul-en-Born\"},\"additionalProperty\":[{\"@type\":\"PropertyValue\",\"name\":\"Type d\u2019\u00e9v\u00e9nement (march\u00e9, festival, sport, etc.)\",\"value\":\"activit\u00e9 sportive et d\u00e9couverte\"},{\"@type\":\"PropertyValue\",\"name\":\"Ville \/ Zone\",\"value\":\"Proche Saint-Paul-en-Born\"},{\"@type\":\"PropertyValue\",\"name\":\"Distance depuis le camping (km)\",\"value\":\"variable\"},{\"@type\":\"PropertyValue\",\"name\":\"Dur\u00e9e moyenne\",\"value\":\"1 \u00e0 2 heures\"},{\"@type\":\"PropertyValue\",\"name\":\"Tarif (si payant)\",\"value\":\"30-60 \u20ac\"},{\"@type\":\"PropertyValue\",\"name\":\"R\u00e9servation n\u00e9cessaire ?\",\"value\":\"Oui\"},{\"@type\":\"PropertyValue\",\"name\":\"Astuce ou commentaire\",\"value\":\"Exp\u00e9rience insolite de conduite d\u2019attelage avec chiens de tra\u00eeneaux sur terrain sec ou sable.\"}]}},{\"@type\":\"ListItem\",\"position\":169,\"item\":{\"@type\":\"TouristAttraction\",\"name\":\"Atelier de poterie artisanale\",\"url\":\"https:\/\/www.poterielandes.fr\",\"location\":{\"@type\":\"Place\",\"name\":\"Saint-Paul-en-Born ou communes proches\"},\"additionalProperty\":[{\"@type\":\"PropertyValue\",\"name\":\"Type d\u2019\u00e9v\u00e9nement (march\u00e9, festival, sport, etc.)\",\"value\":\"atelier artistique\"},{\"@type\":\"PropertyValue\",\"name\":\"Ville \/ Zone\",\"value\":\"Saint-Paul-en-Born ou communes proches\"},{\"@type\":\"PropertyValue\",\"name\":\"Distance depuis le camping (km)\",\"value\":\"variable\"},{\"@type\":\"PropertyValue\",\"name\":\"Dur\u00e9e moyenne\",\"value\":\"2-3 heures\"},{\"@type\":\"PropertyValue\",\"name\":\"Tarif (si payant)\",\"value\":\"30-50 \u20ac\"},{\"@type\":\"PropertyValue\",\"name\":\"R\u00e9servation n\u00e9cessaire ?\",\"value\":\"Oui\"},{\"@type\":\"PropertyValue\",\"name\":\"Astuce ou commentaire\",\"value\":\"Cr\u00e9ation d\u2019objets en argile avec un artisan local, adapt\u00e9 \u00e0 tous les \u00e2ges.\"}]}},{\"@type\":\"ListItem\",\"position\":170,\"item\":{\"@type\":\"TouristAttraction\",\"name\":\"Visite guid\u00e9e du site arch\u00e9ologique des vestiges gallo-romains\",\"url\":\"https:\/\/www.saint-paul-en-born.fr\/Tourisme\",\"location\":{\"@type\":\"Place\",\"name\":\"Environ Saint-Paul-en-Born\"},\"additionalProperty\":[{\"@type\":\"PropertyValue\",\"name\":\"Type d\u2019\u00e9v\u00e9nement (march\u00e9, festival, sport, etc.)\",\"value\":\"visite culturelle\"},{\"@type\":\"PropertyValue\",\"name\":\"Ville \/ Zone\",\"value\":\"Environ Saint-Paul-en-Born\"},{\"@type\":\"PropertyValue\",\"name\":\"Distance depuis le camping (km)\",\"value\":\"variable\"},{\"@type\":\"PropertyValue\",\"name\":\"Dur\u00e9e moyenne\",\"value\":\"1-2 heures\"},{\"@type\":\"PropertyValue\",\"name\":\"Tarif (si payant)\",\"value\":\"Gratuit ou modeste tarif\"},{\"@type\":\"PropertyValue\",\"name\":\"R\u00e9servation n\u00e9cessaire ?\",\"value\":\"Souvent recommand\u00e9e\"},{\"@type\":\"PropertyValue\",\"name\":\"Astuce ou commentaire\",\"value\":\"D\u00e9couverte des vestiges antiques et explications sur l\u2019histoire locale gallo-romaine.\"}]}},{\"@type\":\"ListItem\",\"position\":171,\"item\":{\"@type\":\"TouristAttraction\",\"name\":\"Initiation au dessin en plein air\",\"url\":\"https:\/\/www.artlandes.fr\",\"location\":{\"@type\":\"Place\",\"name\":\"Saint-Paul-en-Born ou for\u00eat landaise\"},\"additionalProperty\":[{\"@type\":\"PropertyValue\",\"name\":\"Type d\u2019\u00e9v\u00e9nement (march\u00e9, festival, sport, etc.)\",\"value\":\"atelier artistique\"},{\"@type\":\"PropertyValue\",\"name\":\"Ville \/ Zone\",\"value\":\"Saint-Paul-en-Born ou for\u00eat landaise\"},{\"@type\":\"PropertyValue\",\"name\":\"Distance depuis le camping (km)\",\"value\":\"variable\"},{\"@type\":\"PropertyValue\",\"name\":\"Dur\u00e9e moyenne\",\"value\":\"1-2 heures\"},{\"@type\":\"PropertyValue\",\"name\":\"Tarif (si payant)\",\"value\":\"20-40 \u20ac\"},{\"@type\":\"PropertyValue\",\"name\":\"R\u00e9servation n\u00e9cessaire ?\",\"value\":\"Oui\"},{\"@type\":\"PropertyValue\",\"name\":\"Astuce ou commentaire\",\"value\":\"Atelier pour apprendre les bases du dessin en s\u2019inspirant des paysages naturels environnants.\"}]}},{\"@type\":\"ListItem\",\"position\":172,\"item\":{\"@type\":\"TouristAttraction\",\"name\":\"Visite d'une exploitation agricole locale\",\"url\":\"https:\/\/www.ferme-auberge.fr\",\"location\":{\"@type\":\"Place\",\"name\":\"Saint-Paul-en-Born ou alentours\"},\"additionalProperty\":[{\"@type\":\"PropertyValue\",\"name\":\"Type d\u2019\u00e9v\u00e9nement (march\u00e9, festival, sport, etc.)\",\"value\":\"visite agro-touristique\"},{\"@type\":\"PropertyValue\",\"name\":\"Ville \/ Zone\",\"value\":\"Saint-Paul-en-Born ou alentours\"},{\"@type\":\"PropertyValue\",\"name\":\"Distance depuis le camping (km)\",\"value\":\"variable\"},{\"@type\":\"PropertyValue\",\"name\":\"Dur\u00e9e moyenne\",\"value\":\"1-2 heures\"},{\"@type\":\"PropertyValue\",\"name\":\"Tarif (si payant)\",\"value\":\"Gratuit ou don\"},{\"@type\":\"PropertyValue\",\"name\":\"R\u00e9servation n\u00e9cessaire ?\",\"value\":\"Oui\"},{\"@type\":\"PropertyValue\",\"name\":\"Astuce ou commentaire\",\"value\":\"D\u00e9couverte des m\u00e9thodes agricoles landaises et possibilit\u00e9 de go\u00fbter des produits fermiers.\"}]}},{\"@type\":\"ListItem\",\"position\":173,\"item\":{\"@type\":\"TouristAttraction\",\"name\":\"Sortie en bateau pneumatique sur le lac d'Aureilhan\",\"url\":\"https:\/\/www.saint-paul-en-born.fr\/Tourisme\",\"location\":{\"@type\":\"Place\",\"name\":\"Lac d'Aureilhan\"},\"additionalProperty\":[{\"@type\":\"PropertyValue\",\"name\":\"Type d\u2019\u00e9v\u00e9nement (march\u00e9, festival, sport, etc.)\",\"value\":\"activit\u00e9 nautique\"},{\"@type\":\"PropertyValue\",\"name\":\"Ville \/ Zone\",\"value\":\"Lac d'Aureilhan\"},{\"@type\":\"PropertyValue\",\"name\":\"Distance depuis le camping (km)\",\"value\":\"~5 km\"},{\"@type\":\"PropertyValue\",\"name\":\"Dur\u00e9e moyenne\",\"value\":\"1-2 heures\"},{\"@type\":\"PropertyValue\",\"name\":\"Tarif (si payant)\",\"value\":\"30-50 \u20ac\"},{\"@type\":\"PropertyValue\",\"name\":\"R\u00e9servation n\u00e9cessaire ?\",\"value\":\"Oui\"},{\"@type\":\"PropertyValue\",\"name\":\"Astuce ou commentaire\",\"value\":\"Balade motoris\u00e9e sur lac calme, permettant de d\u00e9couvrir la faune et flore lacustres.\"}]}},{\"@type\":\"ListItem\",\"position\":174,\"item\":{\"@type\":\"TouristAttraction\",\"name\":\"Jeux de piste en for\u00eat\",\"location\":{\"@type\":\"Place\",\"name\":\"For\u00eat landaise autour de Saint-Paul-en-Born\"},\"additionalProperty\":[{\"@type\":\"PropertyValue\",\"name\":\"Type d\u2019\u00e9v\u00e9nement (march\u00e9, festival, sport, etc.)\",\"value\":\"activit\u00e9 en plein air\"},{\"@type\":\"PropertyValue\",\"name\":\"Ville \/ Zone\",\"value\":\"For\u00eat landaise autour de Saint-Paul-en-Born\"},{\"@type\":\"PropertyValue\",\"name\":\"Distance depuis le camping (km)\",\"value\":\"0\"},{\"@type\":\"PropertyValue\",\"name\":\"Dur\u00e9e moyenne\",\"value\":\"1 \u00e0 2 heures\"},{\"@type\":\"PropertyValue\",\"name\":\"Tarif (si payant)\",\"value\":\"gratuit\"},{\"@type\":\"PropertyValue\",\"name\":\"R\u00e9servation n\u00e9cessaire ?\",\"value\":\"non\"},{\"@type\":\"PropertyValue\",\"name\":\"Astuce ou commentaire\",\"value\":\"Activit\u00e9 adapt\u00e9e aux enfants\"}]}},{\"@type\":\"ListItem\",\"position\":175,\"item\":{\"@type\":\"TouristAttraction\",\"name\":\"Cours de cuisine landaise\",\"location\":{\"@type\":\"Place\",\"name\":\"Auberges et restaurants locaux\"},\"additionalProperty\":[{\"@type\":\"PropertyValue\",\"name\":\"Type d\u2019\u00e9v\u00e9nement (march\u00e9, festival, sport, etc.)\",\"value\":\"cuisine locale\"},{\"@type\":\"PropertyValue\",\"name\":\"Ville \/ Zone\",\"value\":\"Auberges et restaurants locaux\"},{\"@type\":\"PropertyValue\",\"name\":\"Distance depuis le camping (km)\",\"value\":\"0 \u00e0 5\"},{\"@type\":\"PropertyValue\",\"name\":\"Dur\u00e9e moyenne\",\"value\":\"3 \u00e0 4 heures\"},{\"@type\":\"PropertyValue\",\"name\":\"Tarif (si payant)\",\"value\":\"variables selon les formules\"},{\"@type\":\"PropertyValue\",\"name\":\"R\u00e9servation n\u00e9cessaire ?\",\"value\":\"oui\"},{\"@type\":\"PropertyValue\",\"name\":\"Astuce ou commentaire\",\"value\":\"D\u00e9couvrez les sp\u00e9cialit\u00e9s locales\"}]}},{\"@type\":\"ListItem\",\"position\":176,\"item\":{\"@type\":\"TouristAttraction\",\"name\":\"Atelier de poterie artisanale\",\"location\":{\"@type\":\"Place\",\"name\":\"Ateliers de poterie \u00e0 proximit\u00e9\"},\"additionalProperty\":[{\"@type\":\"PropertyValue\",\"name\":\"Type d\u2019\u00e9v\u00e9nement (march\u00e9, festival, sport, etc.)\",\"value\":\"artisanat local\"},{\"@type\":\"PropertyValue\",\"name\":\"Ville \/ Zone\",\"value\":\"Ateliers de poterie \u00e0 proximit\u00e9\"},{\"@type\":\"PropertyValue\",\"name\":\"Distance depuis le camping (km)\",\"value\":\"5 \u00e0 10\"},{\"@type\":\"PropertyValue\",\"name\":\"Dur\u00e9e moyenne\",\"value\":\"2 \u00e0 3 heures\"},{\"@type\":\"PropertyValue\",\"name\":\"Tarif (si payant)\",\"value\":\"environ 20 \u00e0 50\u20ac\"},{\"@type\":\"PropertyValue\",\"name\":\"R\u00e9servation n\u00e9cessaire ?\",\"value\":\"oui\"},{\"@type\":\"PropertyValue\",\"name\":\"Astuce ou commentaire\",\"value\":\"Cr\u00e9ez vos propres \u0153uvres\"}]}},{\"@type\":\"ListItem\",\"position\":177,\"item\":{\"@type\":\"TouristAttraction\",\"name\":\"Balade en chiens de tra\u00eeneaux\",\"location\":{\"@type\":\"Place\",\"name\":\"For\u00eat landaise\"},\"additionalProperty\":[{\"@type\":\"PropertyValue\",\"name\":\"Type d\u2019\u00e9v\u00e9nement (march\u00e9, festival, sport, etc.)\",\"value\":\"activit\u00e9 en plein air\"},{\"@type\":\"PropertyValue\",\"name\":\"Ville \/ Zone\",\"value\":\"For\u00eat landaise\"},{\"@type\":\"PropertyValue\",\"name\":\"Distance depuis le camping (km)\",\"value\":\"0\"},{\"@type\":\"PropertyValue\",\"name\":\"Dur\u00e9e moyenne\",\"value\":\"1 \u00e0 2 heures\"},{\"@type\":\"PropertyValue\",\"name\":\"Tarif (si payant)\",\"value\":\"environ 10 \u00e0 20\u20ac par personne\"},{\"@type\":\"PropertyValue\",\"name\":\"R\u00e9servation n\u00e9cessaire ?\",\"value\":\"oui\"},{\"@type\":\"PropertyValue\",\"name\":\"Astuce ou commentaire\",\"value\":\"Activit\u00e9 disponible en saison\"}]}},{\"@type\":\"ListItem\",\"position\":178,\"item\":{\"@type\":\"TouristAttraction\",\"name\":\"Cours de danse folklorique landaise\",\"location\":{\"@type\":\"Place\",\"name\":\"Salle de danse locale\"},\"additionalProperty\":[{\"@type\":\"PropertyValue\",\"name\":\"Type d\u2019\u00e9v\u00e9nement (march\u00e9, festival, sport, etc.)\",\"value\":\"danse traditionnelle\"},{\"@type\":\"PropertyValue\",\"name\":\"Ville \/ Zone\",\"value\":\"Salle de danse locale\"},{\"@type\":\"PropertyValue\",\"name\":\"Distance depuis le camping (km)\",\"value\":\"0 \u00e0 5\"},{\"@type\":\"PropertyValue\",\"name\":\"Dur\u00e9e moyenne\",\"value\":\"1 \u00e0 2 heures\"},{\"@type\":\"PropertyValue\",\"name\":\"Tarif (si payant)\",\"value\":\"environ 10 \u00e0 20\u20ac par session\"},{\"@type\":\"PropertyValue\",\"name\":\"R\u00e9servation n\u00e9cessaire ?\",\"value\":\"oui\"},{\"@type\":\"PropertyValue\",\"name\":\"Astuce ou commentaire\",\"value\":\"D\u00e9couvrez les danses locales\"}]}},{\"@type\":\"ListItem\",\"position\":179,\"item\":{\"@type\":\"TouristAttraction\",\"name\":\"Atelier de tricot\",\"location\":{\"@type\":\"Place\",\"name\":\"Ateliers de tricot \u00e0 proximit\u00e9\"},\"additionalProperty\":[{\"@type\":\"PropertyValue\",\"name\":\"Type d\u2019\u00e9v\u00e9nement (march\u00e9, festival, sport, etc.)\",\"value\":\"artisanat local\"},{\"@type\":\"PropertyValue\",\"name\":\"Ville \/ Zone\",\"value\":\"Ateliers de tricot \u00e0 proximit\u00e9\"},{\"@type\":\"PropertyValue\",\"name\":\"Distance depuis le camping (km)\",\"value\":\"5 \u00e0 10\"},{\"@type\":\"PropertyValue\",\"name\":\"Dur\u00e9e moyenne\",\"value\":\"2 \u00e0 3 heures\"},{\"@type\":\"PropertyValue\",\"name\":\"Tarif (si payant)\",\"value\":\"environ 20 \u00e0 50\u20ac\"},{\"@type\":\"PropertyValue\",\"name\":\"R\u00e9servation n\u00e9cessaire ?\",\"value\":\"oui\"},{\"@type\":\"PropertyValue\",\"name\":\"Astuce ou commentaire\",\"value\":\"Cr\u00e9ez vos propres v\u00eatements\"}]}},{\"@type\":\"ListItem\",\"position\":180,\"item\":{\"@type\":\"TouristAttraction\",\"name\":\"Cours de boxe\",\"location\":{\"@type\":\"Place\",\"name\":\"Salle de sport locale\"},\"additionalProperty\":[{\"@type\":\"PropertyValue\",\"name\":\"Type d\u2019\u00e9v\u00e9nement (march\u00e9, festival, sport, etc.)\",\"value\":\"sport\"},{\"@type\":\"PropertyValue\",\"name\":\"Ville \/ Zone\",\"value\":\"Salle de sport locale\"},{\"@type\":\"PropertyValue\",\"name\":\"Distance depuis le camping (km)\",\"value\":\"0 \u00e0 5\"},{\"@type\":\"PropertyValue\",\"name\":\"Dur\u00e9e moyenne\",\"value\":\"1 \u00e0 2 heures\"},{\"@type\":\"PropertyValue\",\"name\":\"Tarif (si payant)\",\"value\":\"environ 10 \u00e0 20\u20ac par session\"},{\"@type\":\"PropertyValue\",\"name\":\"R\u00e9servation n\u00e9cessaire ?\",\"value\":\"oui\"},{\"@type\":\"PropertyValue\",\"name\":\"Astuce ou commentaire\",\"value\":\"Activit\u00e9 physique\"}]}},{\"@type\":\"ListItem\",\"position\":181,\"item\":{\"@type\":\"TouristAttraction\",\"name\":\"Excursion en v\u00e9l\u00e9c\u00e9lectrique dans la for\u00eat landaise\",\"location\":{\"@type\":\"Place\",\"name\":\"For\u00eat landaise\"},\"additionalProperty\":[{\"@type\":\"PropertyValue\",\"name\":\"Type d\u2019\u00e9v\u00e9nement (march\u00e9, festival, sport, etc.)\",\"value\":\"cyclotourisme\"},{\"@type\":\"PropertyValue\",\"name\":\"Ville \/ Zone\",\"value\":\"For\u00eat landaise\"},{\"@type\":\"PropertyValue\",\"name\":\"Distance depuis le camping (km)\",\"value\":\"0 \u00e0 20\"},{\"@type\":\"PropertyValue\",\"name\":\"Dur\u00e9e moyenne\",\"value\":\"2 \u00e0 4 heures\"},{\"@type\":\"PropertyValue\",\"name\":\"Tarif (si payant)\",\"value\":\"environ 20 \u00e0 50\u20ac par jour\"},{\"@type\":\"PropertyValue\",\"name\":\"R\u00e9servation n\u00e9cessaire ?\",\"value\":\"oui\"},{\"@type\":\"PropertyValue\",\"name\":\"Astuce ou commentaire\",\"value\":\"D\u00e9couvrez les paysages locaux\"}]}},{\"@type\":\"ListItem\",\"position\":182,\"item\":{\"@type\":\"TouristAttraction\",\"name\":\"Atelier de dessin en plein air\",\"location\":{\"@type\":\"Place\",\"name\":\"For\u00eat ou au bord du lac\"},\"additionalProperty\":[{\"@type\":\"PropertyValue\",\"name\":\"Type d\u2019\u00e9v\u00e9nement (march\u00e9, festival, sport, etc.)\",\"value\":\"art visuel\"},{\"@type\":\"PropertyValue\",\"name\":\"Ville \/ Zone\",\"value\":\"For\u00eat ou au bord du lac\"},{\"@type\":\"PropertyValue\",\"name\":\"Distance depuis le camping (km)\",\"value\":\"0 \u00e0 5\"},{\"@type\":\"PropertyValue\",\"name\":\"Dur\u00e9e moyenne\",\"value\":\"2 \u00e0 3 heures\"},{\"@type\":\"PropertyValue\",\"name\":\"Tarif (si payant)\",\"value\":\"environ 20 \u00e0 50\u20ac\"},{\"@type\":\"PropertyValue\",\"name\":\"R\u00e9servation n\u00e9cessaire ?\",\"value\":\"oui\"},{\"@type\":\"PropertyValue\",\"name\":\"Astuce ou commentaire\",\"value\":\"Capturer les paysages naturels\"}]}},{\"@type\":\"ListItem\",\"position\":183,\"item\":{\"@type\":\"TouristAttraction\",\"name\":\"Visite d'une exploitation agricole locale\",\"location\":{\"@type\":\"Place\",\"name\":\"Exploitations agricoles \u00e0 proximit\u00e9\"},\"additionalProperty\":[{\"@type\":\"PropertyValue\",\"name\":\"Type d\u2019\u00e9v\u00e9nement (march\u00e9, festival, sport, etc.)\",\"value\":\"agriculture\"},{\"@type\":\"PropertyValue\",\"name\":\"Ville \/ Zone\",\"value\":\"Exploitations agricoles \u00e0 proximit\u00e9\"},{\"@type\":\"PropertyValue\",\"name\":\"Distance depuis le camping (km)\",\"value\":\"5 \u00e0 10\"},{\"@type\":\"PropertyValue\",\"name\":\"Dur\u00e9e moyenne\",\"value\":\"2 \u00e0 3 heures\"},{\"@type\":\"PropertyValue\",\"name\":\"Tarif (si payant)\",\"value\":\"variables selon les exploitations\"},{\"@type\":\"PropertyValue\",\"name\":\"R\u00e9servation n\u00e9cessaire ?\",\"value\":\"oui\"},{\"@type\":\"PropertyValue\",\"name\":\"Astuce ou commentaire\",\"value\":\"D\u00e9couvrez l'agriculture locale\"}]}},{\"@type\":\"ListItem\",\"position\":184,\"item\":{\"@type\":\"TouristAttraction\",\"name\":\"Cours de photo num\u00e9rique\",\"location\":{\"@type\":\"Place\",\"name\":\"For\u00eat ou au bord du lac\"},\"additionalProperty\":[{\"@type\":\"PropertyValue\",\"name\":\"Type d\u2019\u00e9v\u00e9nement (march\u00e9, festival, sport, etc.)\",\"value\":\"photographie\"},{\"@type\":\"PropertyValue\",\"name\":\"Ville \/ Zone\",\"value\":\"For\u00eat ou au bord du lac\"},{\"@type\":\"PropertyValue\",\"name\":\"Distance depuis le camping (km)\",\"value\":\"0 \u00e0 5\"},{\"@type\":\"PropertyValue\",\"name\":\"Dur\u00e9e moyenne\",\"value\":\"2 \u00e0 3 heures\"},{\"@type\":\"PropertyValue\",\"name\":\"Tarif (si payant)\",\"value\":\"environ 20 \u00e0 50\u20ac\"},{\"@type\":\"PropertyValue\",\"name\":\"R\u00e9servation n\u00e9cessaire ?\",\"value\":\"oui\"},{\"@type\":\"PropertyValue\",\"name\":\"Astuce ou commentaire\",\"value\":\"Am\u00e9liorez vos comp\u00e9tences en photo\"}]}},{\"@type\":\"ListItem\",\"position\":185,\"item\":{\"@type\":\"TouristAttraction\",\"name\":\"Atelier de marionnettes\",\"location\":{\"@type\":\"Place\",\"name\":\"Ateliers de marionnettes \u00e0 proximit\u00e9\"},\"additionalProperty\":[{\"@type\":\"PropertyValue\",\"name\":\"Type d\u2019\u00e9v\u00e9nement (march\u00e9, festival, sport, etc.)\",\"value\":\"artisanat local\"},{\"@type\":\"PropertyValue\",\"name\":\"Ville \/ Zone\",\"value\":\"Ateliers de marionnettes \u00e0 proximit\u00e9\"},{\"@type\":\"PropertyValue\",\"name\":\"Distance depuis le camping (km)\",\"value\":\"5 \u00e0 10\"},{\"@type\":\"PropertyValue\",\"name\":\"Dur\u00e9e moyenne\",\"value\":\"2 \u00e0 3 heures\"},{\"@type\":\"PropertyValue\",\"name\":\"Tarif (si payant)\",\"value\":\"environ 20 \u00e0 50\u20ac\"},{\"@type\":\"PropertyValue\",\"name\":\"R\u00e9servation n\u00e9cessaire ?\",\"value\":\"oui\"},{\"@type\":\"PropertyValue\",\"name\":\"Astuce ou commentaire\",\"value\":\"Cr\u00e9ez vos propres marionnettes\"}]}},{\"@type\":\"ListItem\",\"position\":186,\"item\":{\"@type\":\"TouristAttraction\",\"name\":\"Balade en chiens de tra\u00eeneaux d'\u00e9t\u00e9\",\"location\":{\"@type\":\"Place\",\"name\":\"For\u00eat landaise\"},\"additionalProperty\":[{\"@type\":\"PropertyValue\",\"name\":\"Type d\u2019\u00e9v\u00e9nement (march\u00e9, festival, sport, etc.)\",\"value\":\"activit\u00e9 en plein air\"},{\"@type\":\"PropertyValue\",\"name\":\"Ville \/ Zone\",\"value\":\"For\u00eat landaise\"},{\"@type\":\"PropertyValue\",\"name\":\"Distance depuis le camping (km)\",\"value\":\"0\"},{\"@type\":\"PropertyValue\",\"name\":\"Dur\u00e9e moyenne\",\"value\":\"1 \u00e0 2 heures\"},{\"@type\":\"PropertyValue\",\"name\":\"Tarif (si payant)\",\"value\":\"environ 10 \u00e0 20\u20ac par personne\"},{\"@type\":\"PropertyValue\",\"name\":\"R\u00e9servation n\u00e9cessaire ?\",\"value\":\"oui\"},{\"@type\":\"PropertyValue\",\"name\":\"Astuce ou commentaire\",\"value\":\"Activit\u00e9 en saison\"}]}},{\"@type\":\"ListItem\",\"position\":187,\"item\":{\"@type\":\"TouristAttraction\",\"name\":\"Atelier de couture cr\u00e9ative\",\"location\":{\"@type\":\"Place\",\"name\":\"Ateliers de couture \u00e0 proximit\u00e9\"},\"additionalProperty\":[{\"@type\":\"PropertyValue\",\"name\":\"Type d\u2019\u00e9v\u00e9nement (march\u00e9, festival, sport, etc.)\",\"value\":\"artisanat local\"},{\"@type\":\"PropertyValue\",\"name\":\"Ville \/ Zone\",\"value\":\"Ateliers de couture \u00e0 proximit\u00e9\"},{\"@type\":\"PropertyValue\",\"name\":\"Distance depuis le camping (km)\",\"value\":\"5 \u00e0 10\"},{\"@type\":\"PropertyValue\",\"name\":\"Dur\u00e9e moyenne\",\"value\":\"2 \u00e0 3 heures\"},{\"@type\":\"PropertyValue\",\"name\":\"Tarif (si payant)\",\"value\":\"environ 20 \u00e0 50\u20ac par session\"},{\"@type\":\"PropertyValue\",\"name\":\"R\u00e9servation n\u00e9cessaire ?\",\"value\":\"oui\"},{\"@type\":\"PropertyValue\",\"name\":\"Astuce ou commentaire\",\"value\":\"Cr\u00e9ez vos propres v\u00eatements\"}]}},{\"@type\":\"ListItem\",\"position\":188,\"item\":{\"@type\":\"TouristAttraction\",\"name\":\"Visite guid\u00e9e de la R\u00e9serve Naturelle des Marais d'Orx\",\"location\":{\"@type\":\"Place\",\"name\":\"Marais d'Orx\"},\"additionalProperty\":[{\"@type\":\"PropertyValue\",\"name\":\"Type d\u2019\u00e9v\u00e9nement (march\u00e9, festival, sport, etc.)\",\"value\":\"nature\"},{\"@type\":\"PropertyValue\",\"name\":\"Ville \/ Zone\",\"value\":\"Marais d'Orx\"},{\"@type\":\"PropertyValue\",\"name\":\"Distance depuis le camping (km)\",\"value\":\"10 \u00e0 20\"},{\"@type\":\"PropertyValue\",\"name\":\"Dur\u00e9e moyenne\",\"value\":\"2 \u00e0 3 heures\"},{\"@type\":\"PropertyValue\",\"name\":\"Tarif (si payant)\",\"value\":\"environ 10 \u00e0 20\u20ac par personne\"},{\"@type\":\"PropertyValue\",\"name\":\"R\u00e9servation n\u00e9cessaire ?\",\"value\":\"oui\"},{\"@type\":\"PropertyValue\",\"name\":\"Astuce ou commentaire\",\"value\":\"D\u00e9couvrez la biodiversit\u00e9 locale\"}]}},{\"@type\":\"ListItem\",\"position\":189,\"item\":{\"@type\":\"TouristAttraction\",\"name\":\"Th\u00e9\u00e2tre de plein air en saison\",\"location\":{\"@type\":\"Place\",\"name\":\"Lieux de spectacle en plein air\"},\"additionalProperty\":[{\"@type\":\"PropertyValue\",\"name\":\"Type d\u2019\u00e9v\u00e9nement (march\u00e9, festival, sport, etc.)\",\"value\":\"th\u00e9\u00e2tre\"},{\"@type\":\"PropertyValue\",\"name\":\"Ville \/ Zone\",\"value\":\"Lieux de spectacle en plein air\"},{\"@type\":\"PropertyValue\",\"name\":\"Distance depuis le camping (km)\",\"value\":\"5 \u00e0 10\"},{\"@type\":\"PropertyValue\",\"name\":\"Dur\u00e9e moyenne\",\"value\":\"2 \u00e0 4 heures\"},{\"@type\":\"PropertyValue\",\"name\":\"Tarif (si payant)\",\"value\":\"environ 10 \u00e0 30\u20ac par personne\"},{\"@type\":\"PropertyValue\",\"name\":\"R\u00e9servation n\u00e9cessaire ?\",\"value\":\"oui\"},{\"@type\":\"PropertyValue\",\"name\":\"Astuce ou commentaire\",\"value\":\"D\u00e9couvrez des spectacles en ext\u00e9rieur\"}]}},{\"@type\":\"ListItem\",\"position\":190,\"item\":{\"@type\":\"TouristAttraction\",\"name\":\"D\u00e9couverte de l\u2019Herboristerie Locale\",\"url\":\"https:\/\/www.mimizan-tourisme.com\",\"location\":{\"@type\":\"Place\",\"name\":\"Saint-Paul-en-Born\"},\"additionalProperty\":[{\"@type\":\"PropertyValue\",\"name\":\"Type d\u2019\u00e9v\u00e9nement (march\u00e9, festival, sport, etc.)\",\"value\":\"Atelier\"},{\"@type\":\"PropertyValue\",\"name\":\"Ville \/ Zone\",\"value\":\"Saint-Paul-en-Born\"},{\"@type\":\"PropertyValue\",\"name\":\"Distance depuis le camping (km)\",\"value\":\"Sur place\"},{\"@type\":\"PropertyValue\",\"name\":\"Dur\u00e9e moyenne\",\"value\":\"2-3 heures\"},{\"@type\":\"PropertyValue\",\"name\":\"Tarif (si payant)\",\"value\":\"\u00c0 partir de 15\u20ac\"},{\"@type\":\"PropertyValue\",\"name\":\"R\u00e9servation n\u00e9cessaire ?\",\"value\":\"Oui\"},{\"@type\":\"PropertyValue\",\"name\":\"Astuce ou commentaire\",\"value\":\"Atelier pour apprendre les usages des plantes m\u00e9dicinales traditionnelles des Landes, anim\u00e9 par un herboriste local.\"}]}},{\"@type\":\"ListItem\",\"position\":191,\"item\":{\"@type\":\"TouristAttraction\",\"name\":\"Jeux de Piste en For\u00eat Landaise\",\"url\":\"https:\/\/www.saint-paul-en-born.fr\/Tourisme\",\"location\":{\"@type\":\"Place\",\"name\":\"For\u00eat autour de Saint-Paul-en-Born\"},\"additionalProperty\":[{\"@type\":\"PropertyValue\",\"name\":\"Type d\u2019\u00e9v\u00e9nement (march\u00e9, festival, sport, etc.)\",\"value\":\"Activit\u00e9 ludique\"},{\"@type\":\"PropertyValue\",\"name\":\"Ville \/ Zone\",\"value\":\"For\u00eat autour de Saint-Paul-en-Born\"},{\"@type\":\"PropertyValue\",\"name\":\"Distance depuis le camping (km)\",\"value\":\"<5 km\"},{\"@type\":\"PropertyValue\",\"name\":\"Dur\u00e9e moyenne\",\"value\":\"1-2 heures\"},{\"@type\":\"PropertyValue\",\"name\":\"Tarif (si payant)\",\"value\":\"Gratuit \u00e0 10\u20ac selon l'organisateur\"},{\"@type\":\"PropertyValue\",\"name\":\"R\u00e9servation n\u00e9cessaire ?\",\"value\":\"Souvent oui\"},{\"@type\":\"PropertyValue\",\"name\":\"Astuce ou commentaire\",\"value\":\"Chasse au tr\u00e9sor ou parcours d\u2019orientation en for\u00eat pour d\u00e9couvrir la nature de fa\u00e7on ludique.\"}]}},{\"@type\":\"ListItem\",\"position\":192,\"item\":{\"@type\":\"TouristAttraction\",\"name\":\"Balade en Fat Bike\",\"url\":\"https:\/\/www.tourismelandes.com\",\"location\":{\"@type\":\"Place\",\"name\":\"For\u00eat des Landes proche Saint-Paul-en-Born\"},\"additionalProperty\":[{\"@type\":\"PropertyValue\",\"name\":\"Type d\u2019\u00e9v\u00e9nement (march\u00e9, festival, sport, etc.)\",\"value\":\"Randonn\u00e9e sportive\"},{\"@type\":\"PropertyValue\",\"name\":\"Ville \/ Zone\",\"value\":\"For\u00eat des Landes proche Saint-Paul-en-Born\"},{\"@type\":\"PropertyValue\",\"name\":\"Distance depuis le camping (km)\",\"value\":\"<10 km\"},{\"@type\":\"PropertyValue\",\"name\":\"Dur\u00e9e moyenne\",\"value\":\"2-4 heures\"},{\"@type\":\"PropertyValue\",\"name\":\"Tarif (si payant)\",\"value\":\"De 25\u20ac \u00e0 40\u20ac la location + guide possible\"},{\"@type\":\"PropertyValue\",\"name\":\"R\u00e9servation n\u00e9cessaire ?\",\"value\":\"Oui\"},{\"@type\":\"PropertyValue\",\"name\":\"Astuce ou commentaire\",\"value\":\"V\u00e9lo tout terrain \u00e0 pneus larges permettant de parcourir les chemins forestiers, id\u00e9al pour d\u00e9couvrir la r\u00e9gion autrement.\"}]}},{\"@type\":\"ListItem\",\"position\":193,\"item\":{\"@type\":\"TouristAttraction\",\"name\":\"Atelier de Poterie Artisanale Landaise\",\"url\":\"https:\/\/www.mimizan-tourisme.com\",\"location\":{\"@type\":\"Place\",\"name\":\"Saint-Paul-en-Born ou Mimizan\"},\"additionalProperty\":[{\"@type\":\"PropertyValue\",\"name\":\"Type d\u2019\u00e9v\u00e9nement (march\u00e9, festival, sport, etc.)\",\"value\":\"Atelier cr\u00e9atif\"},{\"@type\":\"PropertyValue\",\"name\":\"Ville \/ Zone\",\"value\":\"Saint-Paul-en-Born ou Mimizan\"},{\"@type\":\"PropertyValue\",\"name\":\"Distance depuis le camping (km)\",\"value\":\"5-7 km\"},{\"@type\":\"PropertyValue\",\"name\":\"Dur\u00e9e moyenne\",\"value\":\"2-3 heures\"},{\"@type\":\"PropertyValue\",\"name\":\"Tarif (si payant)\",\"value\":\"Environ 20-35\u20ac par session\"},{\"@type\":\"PropertyValue\",\"name\":\"R\u00e9servation n\u00e9cessaire ?\",\"value\":\"Oui\"},{\"@type\":\"PropertyValue\",\"name\":\"Astuce ou commentaire\",\"value\":\"Initiation \u00e0 la poterie traditionnelle avec un artisan local, d\u00e9couverte des techniques de modelage en terre.\"}]}},{\"@type\":\"ListItem\",\"position\":194,\"item\":{\"@type\":\"TouristAttraction\",\"name\":\"Visite Guid\u00e9e des Vestiges Gallo-Romains du Pays de Born\",\"url\":\"https:\/\/www.saint-paul-en-born.fr\/Tourisme\",\"location\":{\"@type\":\"Place\",\"name\":\"Saint-Paul-en-Born et environs\"},\"additionalProperty\":[{\"@type\":\"PropertyValue\",\"name\":\"Type d\u2019\u00e9v\u00e9nement (march\u00e9, festival, sport, etc.)\",\"value\":\"Visite culturelle\"},{\"@type\":\"PropertyValue\",\"name\":\"Ville \/ Zone\",\"value\":\"Saint-Paul-en-Born et environs\"},{\"@type\":\"PropertyValue\",\"name\":\"Distance depuis le camping (km)\",\"value\":\"Sur place ou <15 km\"},{\"@type\":\"PropertyValue\",\"name\":\"Dur\u00e9e moyenne\",\"value\":\"2 heures\"},{\"@type\":\"PropertyValue\",\"name\":\"Tarif (si payant)\",\"value\":\"10\u20ac \u00e0 15\u20ac\"},{\"@type\":\"PropertyValue\",\"name\":\"R\u00e9servation n\u00e9cessaire ?\",\"value\":\"Oui\"},{\"@type\":\"PropertyValue\",\"name\":\"Astuce ou commentaire\",\"value\":\"D\u00e9couverte historique des sites arch\u00e9ologiques gallo-romains locaux avec un guide sp\u00e9cialis\u00e9.\"}]}},{\"@type\":\"ListItem\",\"position\":195,\"item\":{\"@type\":\"TouristAttraction\",\"name\":\"Excursion en Bateau Pneumatique sur le Lac d\u2019Aureilhan\",\"url\":\"https:\/\/www.tourismelandes.com\",\"location\":{\"@type\":\"Place\",\"name\":\"Lac d\u2019Aureilhan\"},\"additionalProperty\":[{\"@type\":\"PropertyValue\",\"name\":\"Type d\u2019\u00e9v\u00e9nement (march\u00e9, festival, sport, etc.)\",\"value\":\"Activit\u00e9 nautique\"},{\"@type\":\"PropertyValue\",\"name\":\"Ville \/ Zone\",\"value\":\"Lac d\u2019Aureilhan\"},{\"@type\":\"PropertyValue\",\"name\":\"Distance depuis le camping (km)\",\"value\":\"8 km\"},{\"@type\":\"PropertyValue\",\"name\":\"Dur\u00e9e moyenne\",\"value\":\"1-2 heures\"},{\"@type\":\"PropertyValue\",\"name\":\"Tarif (si payant)\",\"value\":\"20\u20ac \u00e0 50\u20ac selon la formule\"},{\"@type\":\"PropertyValue\",\"name\":\"R\u00e9servation n\u00e9cessaire ?\",\"value\":\"Oui\"},{\"@type\":\"PropertyValue\",\"name\":\"Astuce ou commentaire\",\"value\":\"Promenade en bateau pneumatique pour observer la faune et la flore du lac et ses environs.\"}]}},{\"@type\":\"ListItem\",\"position\":196,\"item\":{\"@type\":\"TouristAttraction\",\"name\":\"Initiation \u00e0 l\u2019Apiculture\",\"url\":\"https:\/\/www.mimizan-tourisme.com\",\"location\":{\"@type\":\"Place\",\"name\":\"Proche Saint-Paul-en-Born\"},\"additionalProperty\":[{\"@type\":\"PropertyValue\",\"name\":\"Type d\u2019\u00e9v\u00e9nement (march\u00e9, festival, sport, etc.)\",\"value\":\"Atelier d\u00e9couverte\"},{\"@type\":\"PropertyValue\",\"name\":\"Ville \/ Zone\",\"value\":\"Proche Saint-Paul-en-Born\"},{\"@type\":\"PropertyValue\",\"name\":\"Distance depuis le camping (km)\",\"value\":\"<10 km\"},{\"@type\":\"PropertyValue\",\"name\":\"Dur\u00e9e moyenne\",\"value\":\"2 heures\"},{\"@type\":\"PropertyValue\",\"name\":\"Tarif (si payant)\",\"value\":\"Autour de 30\u20ac\"},{\"@type\":\"PropertyValue\",\"name\":\"R\u00e9servation n\u00e9cessaire ?\",\"value\":\"Oui\"},{\"@type\":\"PropertyValue\",\"name\":\"Astuce ou commentaire\",\"value\":\"D\u00e9couverte du m\u00e9tier d\u2019apiculteur, visite de ruches, et d\u00e9gustation de miel local.\"}]}},{\"@type\":\"ListItem\",\"position\":197,\"item\":{\"@type\":\"TouristAttraction\",\"name\":\"Balade Fat Bike en For\u00eat Landaise\",\"url\":\"https:\/\/www.tourismelandes.com\",\"location\":{\"@type\":\"Place\",\"name\":\"For\u00eat landaise autour de Saint-Paul-en-Born\"},\"additionalProperty\":[{\"@type\":\"PropertyValue\",\"name\":\"Type d\u2019\u00e9v\u00e9nement (march\u00e9, festival, sport, etc.)\",\"value\":\"Randonn\u00e9e sportive\"},{\"@type\":\"PropertyValue\",\"name\":\"Ville \/ Zone\",\"value\":\"For\u00eat landaise autour de Saint-Paul-en-Born\"},{\"@type\":\"PropertyValue\",\"name\":\"Distance depuis le camping (km)\",\"value\":\"<10 km\"},{\"@type\":\"PropertyValue\",\"name\":\"Dur\u00e9e moyenne\",\"value\":\"2-3 heures\"},{\"@type\":\"PropertyValue\",\"name\":\"Tarif (si payant)\",\"value\":\"Location et guide possibles \u00e0 partir de 30\u20ac\"},{\"@type\":\"PropertyValue\",\"name\":\"R\u00e9servation n\u00e9cessaire ?\",\"value\":\"Oui\"},{\"@type\":\"PropertyValue\",\"name\":\"Astuce ou commentaire\",\"value\":\"Location de fat bike pour balades sportives sur les pistes foresti\u00e8res.\"}]}},{\"@type\":\"ListItem\",\"position\":198,\"item\":{\"@type\":\"TouristAttraction\",\"name\":\"Atelier de Dessin en Plein Air\",\"url\":\"https:\/\/www.mimizan-tourisme.com\",\"location\":{\"@type\":\"Place\",\"name\":\"Saint-Paul-en-Born ou alentours\"},\"additionalProperty\":[{\"@type\":\"PropertyValue\",\"name\":\"Type d\u2019\u00e9v\u00e9nement (march\u00e9, festival, sport, etc.)\",\"value\":\"Atelier artistique\"},{\"@type\":\"PropertyValue\",\"name\":\"Ville \/ Zone\",\"value\":\"Saint-Paul-en-Born ou alentours\"},{\"@type\":\"PropertyValue\",\"name\":\"Distance depuis le camping (km)\",\"value\":\"Sur place ou <10 km\"},{\"@type\":\"PropertyValue\",\"name\":\"Dur\u00e9e moyenne\",\"value\":\"2-3 heures\"},{\"@type\":\"PropertyValue\",\"name\":\"Tarif (si payant)\",\"value\":\"Environ 25\u20ac\"},{\"@type\":\"PropertyValue\",\"name\":\"R\u00e9servation n\u00e9cessaire ?\",\"value\":\"Oui\"},{\"@type\":\"PropertyValue\",\"name\":\"Astuce ou commentaire\",\"value\":\"Atelier pour apprendre les bases du dessin de paysage avec un artiste local, en ext\u00e9rieur.\"}]}},{\"@type\":\"ListItem\",\"position\":199,\"item\":{\"@type\":\"TouristAttraction\",\"name\":\"Visite Guid\u00e9e de la For\u00eat d\u2019Aulnaies\",\"url\":\"https:\/\/www.saint-paul-en-born.fr\/Tourisme\",\"location\":{\"@type\":\"Place\",\"name\":\"For\u00eat d\u2019Aulnaies \u00e0 Saint-Paul-en-Born\"},\"additionalProperty\":[{\"@type\":\"PropertyValue\",\"name\":\"Type d\u2019\u00e9v\u00e9nement (march\u00e9, festival, sport, etc.)\",\"value\":\"Visite nature\"},{\"@type\":\"PropertyValue\",\"name\":\"Ville \/ Zone\",\"value\":\"For\u00eat d\u2019Aulnaies \u00e0 Saint-Paul-en-Born\"},{\"@type\":\"PropertyValue\",\"name\":\"Distance depuis le camping (km)\",\"value\":\"Sur place\"},{\"@type\":\"PropertyValue\",\"name\":\"Dur\u00e9e moyenne\",\"value\":\"2-3 heures\"},{\"@type\":\"PropertyValue\",\"name\":\"Tarif (si payant)\",\"value\":\"10\u20ac \u00e0 15\u20ac\"},{\"@type\":\"PropertyValue\",\"name\":\"R\u00e9servation n\u00e9cessaire ?\",\"value\":\"Souvent oui\"},{\"@type\":\"PropertyValue\",\"name\":\"Astuce ou commentaire\",\"value\":\"D\u00e9couverte guid\u00e9e de la biodiversit\u00e9 et des \u00e9cosyst\u00e8mes uniques de cette for\u00eat humide.\"}]}},{\"@type\":\"ListItem\",\"position\":200,\"item\":{\"@type\":\"TouristAttraction\",\"name\":\"Sortie Nocturne d\u2019Observation des \u00c9toiles\",\"url\":\"https:\/\/www.mimizan-tourisme.com\",\"location\":{\"@type\":\"Place\",\"name\":\"Saint-Paul-en-Born et environs\"},\"additionalProperty\":[{\"@type\":\"PropertyValue\",\"name\":\"Type d\u2019\u00e9v\u00e9nement (march\u00e9, festival, sport, etc.)\",\"value\":\"Activit\u00e9 nature\"},{\"@type\":\"PropertyValue\",\"name\":\"Ville \/ Zone\",\"value\":\"Saint-Paul-en-Born et environs\"},{\"@type\":\"PropertyValue\",\"name\":\"Distance depuis le camping (km)\",\"value\":\"Sur place ou proche\"},{\"@type\":\"PropertyValue\",\"name\":\"Dur\u00e9e moyenne\",\"value\":\"1-2 heures\"},{\"@type\":\"PropertyValue\",\"name\":\"Tarif (si payant)\",\"value\":\"Gratuite \u00e0 15\u20ac selon organisation\"},{\"@type\":\"PropertyValue\",\"name\":\"R\u00e9servation n\u00e9cessaire ?\",\"value\":\"Souvent oui\"},{\"@type\":\"PropertyValue\",\"name\":\"Astuce ou commentaire\",\"value\":\"Observation astronomique comment\u00e9e lors de soir\u00e9es claires, parfois organis\u00e9e par des clubs d\u2019astronomie.\"}]}},{\"@type\":\"ListItem\",\"position\":201,\"item\":{\"@type\":\"TouristAttraction\",\"name\":\"Excursion Ornithologique aux Marais\",\"url\":\"https:\/\/www.tourismelandes.com\",\"location\":{\"@type\":\"Place\",\"name\":\"Marais autour de Saint-Paul-en-Born\"},\"additionalProperty\":[{\"@type\":\"PropertyValue\",\"name\":\"Type d\u2019\u00e9v\u00e9nement (march\u00e9, festival, sport, etc.)\",\"value\":\"Activit\u00e9 nature\"},{\"@type\":\"PropertyValue\",\"name\":\"Ville \/ Zone\",\"value\":\"Marais autour de Saint-Paul-en-Born\"},{\"@type\":\"PropertyValue\",\"name\":\"Distance depuis le camping (km)\",\"value\":\"<10 km\"},{\"@type\":\"PropertyValue\",\"name\":\"Dur\u00e9e moyenne\",\"value\":\"2-4 heures\"},{\"@type\":\"PropertyValue\",\"name\":\"Tarif (si payant)\",\"value\":\"10\u20ac \u00e0 20\u20ac\"},{\"@type\":\"PropertyValue\",\"name\":\"R\u00e9servation n\u00e9cessaire ?\",\"value\":\"Oui\"},{\"@type\":\"PropertyValue\",\"name\":\"Astuce ou commentaire\",\"value\":\"Balade guid\u00e9e pour observer les oiseaux et la biodiversit\u00e9 dans les zones humides pr\u00e9serv\u00e9es.\"}]}},{\"@type\":\"ListItem\",\"position\":202,\"item\":{\"@type\":\"TouristAttraction\",\"name\":\"Atelier de Couture Cr\u00e9ative\",\"url\":\"https:\/\/www.mimizan-tourisme.com\",\"location\":{\"@type\":\"Place\",\"name\":\"Saint-Paul-en-Born\"},\"additionalProperty\":[{\"@type\":\"PropertyValue\",\"name\":\"Type d\u2019\u00e9v\u00e9nement (march\u00e9, festival, sport, etc.)\",\"value\":\"Atelier manuel\"},{\"@type\":\"PropertyValue\",\"name\":\"Ville \/ Zone\",\"value\":\"Saint-Paul-en-Born\"},{\"@type\":\"PropertyValue\",\"name\":\"Distance depuis le camping (km)\",\"value\":\"Sur place\"},{\"@type\":\"PropertyValue\",\"name\":\"Dur\u00e9e moyenne\",\"value\":\"2-3 heures\"},{\"@type\":\"PropertyValue\",\"name\":\"Tarif (si payant)\",\"value\":\"15\u20ac \u00e0 30\u20ac\"},{\"@type\":\"PropertyValue\",\"name\":\"R\u00e9servation n\u00e9cessaire ?\",\"value\":\"Oui\"},{\"@type\":\"PropertyValue\",\"name\":\"Astuce ou commentaire\",\"value\":\"Initiation \u00e0 diff\u00e9rentes techniques de couture pour petits projets cr\u00e9atifs.\"}]}},{\"@type\":\"ListItem\",\"position\":203,\"item\":{\"@type\":\"TouristAttraction\",\"name\":\"Visite d\u2019une Exploitation Agricole Locale\",\"url\":\"https:\/\/www.saint-paul-en-born.fr\/Tourisme\",\"location\":{\"@type\":\"Place\",\"name\":\"Saint-Paul-en-Born et alentours\"},\"additionalProperty\":[{\"@type\":\"PropertyValue\",\"name\":\"Type d\u2019\u00e9v\u00e9nement (march\u00e9, festival, sport, etc.)\",\"value\":\"Visite d\u00e9couverte\"},{\"@type\":\"PropertyValue\",\"name\":\"Ville \/ Zone\",\"value\":\"Saint-Paul-en-Born et alentours\"},{\"@type\":\"PropertyValue\",\"name\":\"Distance depuis le camping (km)\",\"value\":\"<10 km\"},{\"@type\":\"PropertyValue\",\"name\":\"Dur\u00e9e moyenne\",\"value\":\"1-2 heures\"},{\"@type\":\"PropertyValue\",\"name\":\"Tarif (si payant)\",\"value\":\"Gratuit ou quelques euros\"},{\"@type\":\"PropertyValue\",\"name\":\"R\u00e9servation n\u00e9cessaire ?\",\"value\":\"Oui\"},{\"@type\":\"PropertyValue\",\"name\":\"Astuce ou commentaire\",\"value\":\"D\u00e9couverte de la production locale agricole avec visite des installations et d\u00e9gustation parfois propos\u00e9e.\"}]}},{\"@type\":\"ListItem\",\"position\":204,\"item\":{\"@type\":\"TouristAttraction\",\"name\":\"Cours de Photo Num\u00e9rique en Ext\u00e9rieur\",\"url\":\"https:\/\/www.mimizan-tourisme.com\",\"location\":{\"@type\":\"Place\",\"name\":\"Saint-Paul-en-Born\"},\"additionalProperty\":[{\"@type\":\"PropertyValue\",\"name\":\"Type d\u2019\u00e9v\u00e9nement (march\u00e9, festival, sport, etc.)\",\"value\":\"Atelier artistique\"},{\"@type\":\"PropertyValue\",\"name\":\"Ville \/ Zone\",\"value\":\"Saint-Paul-en-Born\"},{\"@type\":\"PropertyValue\",\"name\":\"Distance depuis le camping (km)\",\"value\":\"Sur place\"},{\"@type\":\"PropertyValue\",\"name\":\"Dur\u00e9e moyenne\",\"value\":\"3-4 heures\"},{\"@type\":\"PropertyValue\",\"name\":\"Tarif (si payant)\",\"value\":\"40\u20ac \u00e0 60\u20ac\"},{\"@type\":\"PropertyValue\",\"name\":\"R\u00e9servation n\u00e9cessaire ?\",\"value\":\"Oui\"},{\"@type\":\"PropertyValue\",\"name\":\"Astuce ou commentaire\",\"value\":\"Initiation aux techniques de photographie num\u00e9rique, avec prise de vues en milieu naturel.\"}]}},{\"@type\":\"ListItem\",\"position\":205,\"item\":{\"@type\":\"TouristAttraction\",\"name\":\"Sortie en trottinette \u00e9lectrique au Ranch Amadeus\",\"url\":\"https:\/\/www.tripadvisor.fr\/Attraction_Review-g1219489-d12998228-Reviews-Le_Ranch_Amadeus-Saint_Paul_en_Born_Landes_Nouvelle_Aquitaine.html\",\"image\":\"https:\/\/media-cdn.tripadvisor.com\/media\/photo-s\/12\/45\/fc\/fd\/le-ranch-amadeus.jpg\",\"location\":{\"@type\":\"Place\",\"name\":\"Le Ranch Amadeus, Saint-Paul-en-Born\"},\"additionalProperty\":[{\"@type\":\"PropertyValue\",\"name\":\"Type d\u2019\u00e9v\u00e9nement (march\u00e9, festival, sport, etc.)\",\"value\":\"activit\u00e9 de loisir\"},{\"@type\":\"PropertyValue\",\"name\":\"Ville \/ Zone\",\"value\":\"Le Ranch Amadeus, Saint-Paul-en-Born\"},{\"@type\":\"PropertyValue\",\"name\":\"Distance depuis le camping (km)\",\"value\":\"environ 3 km\"},{\"@type\":\"PropertyValue\",\"name\":\"Dur\u00e9e moyenne\",\"value\":\"1h30\"},{\"@type\":\"PropertyValue\",\"name\":\"Tarif (si payant)\",\"value\":\"\u00e0 partir de 49\u20ac\"},{\"@type\":\"PropertyValue\",\"name\":\"R\u00e9servation n\u00e9cessaire ?\",\"value\":\"oui\"},{\"@type\":\"PropertyValue\",\"name\":\"Astuce ou commentaire\",\"value\":\"Balade loisir en trottinette \u00e9lectrique sur domaine de 8 hectares dans la for\u00eat landaise, exp\u00e9rience originale proche de Camping La Clairi\u00e8re.\"}]}},{\"@type\":\"ListItem\",\"position\":206,\"item\":{\"@type\":\"TouristAttraction\",\"name\":\"Descente de la rivi\u00e8re des Forges en cano\u00eb kayak\",\"url\":\"https:\/\/www.saint-paul-en-born.fr\/Tourisme\",\"image\":\"https:\/\/www.saint-paul-en-born.fr\/images\/canoe.jpg\",\"location\":{\"@type\":\"Place\",\"name\":\"Base proche de Saint-Paul-en-Born\"},\"additionalProperty\":[{\"@type\":\"PropertyValue\",\"name\":\"Type d\u2019\u00e9v\u00e9nement (march\u00e9, festival, sport, etc.)\",\"value\":\"activit\u00e9 nautique\"},{\"@type\":\"PropertyValue\",\"name\":\"Ville \/ Zone\",\"value\":\"Base proche de Saint-Paul-en-Born\"},{\"@type\":\"PropertyValue\",\"name\":\"Distance depuis le camping (km)\",\"value\":\"environ 2 km\"},{\"@type\":\"PropertyValue\",\"name\":\"Dur\u00e9e moyenne\",\"value\":\"variable selon parcours\"},{\"@type\":\"PropertyValue\",\"name\":\"Tarif (si payant)\",\"value\":\"contact et tarifs via Cano\u00eb Aventure\"},{\"@type\":\"PropertyValue\",\"name\":\"R\u00e9servation n\u00e9cessaire ?\",\"value\":\"recommand\u00e9\"},{\"@type\":\"PropertyValue\",\"name\":\"Astuce ou commentaire\",\"value\":\"Descente guid\u00e9e de rivi\u00e8re sauvage qui rejoint le lac d'Aureilhan, \u00e9quip\u00e9e de navette gratuite au d\u00e9part.\"}]}},{\"@type\":\"ListItem\",\"position\":207,\"item\":{\"@type\":\"TouristAttraction\",\"name\":\"Visite guid\u00e9e du circuit p\u00e9destre de Saint-Paul-le-Vieux\",\"url\":\"https:\/\/www.mimizan-tourisme.com\/offres\/a-saint-paul-en-born-circuit-de-saint-paul-le-vieux-saint-paul-en-born-fr-5030164\/\",\"image\":\"https:\/\/www.mimizan-tourisme.com\/images\/rando-saint-paul-le-vieux.jpg\",\"location\":{\"@type\":\"Place\",\"name\":\"Saint-Paul-en-Born\"},\"additionalProperty\":[{\"@type\":\"PropertyValue\",\"name\":\"Type d\u2019\u00e9v\u00e9nement (march\u00e9, festival, sport, etc.)\",\"value\":\"randonn\u00e9e p\u00e9destre\"},{\"@type\":\"PropertyValue\",\"name\":\"Ville \/ Zone\",\"value\":\"Saint-Paul-en-Born\"},{\"@type\":\"PropertyValue\",\"name\":\"Distance depuis le camping (km)\",\"value\":\"9,6 km\"},{\"@type\":\"PropertyValue\",\"name\":\"Dur\u00e9e moyenne\",\"value\":\"3h15\"},{\"@type\":\"PropertyValue\",\"name\":\"Tarif (si payant)\",\"value\":\"2 \u20ac pour topoguide\"},{\"@type\":\"PropertyValue\",\"name\":\"R\u00e9servation n\u00e9cessaire ?\",\"value\":\"non\"},{\"@type\":\"PropertyValue\",\"name\":\"Astuce ou commentaire\",\"value\":\"Parcours ombrag\u00e9 passant par for\u00eats et milieux humides, au bord du lac d'Aureilhan, adapt\u00e9 pour familles.\"}]}},{\"@type\":\"ListItem\",\"position\":208,\"item\":{\"@type\":\"TouristAttraction\",\"name\":\"Expositions artistiques \u00e0 la Gare de l\u2019Art\",\"url\":\"https:\/\/www.saint-paul-en-born.fr\/Tourisme\",\"image\":\"https:\/\/www.saint-paul-en-born.fr\/images\/LaGareDeLart.jpg\",\"location\":{\"@type\":\"Place\",\"name\":\"Gare de l\u2019Art, Saint-Paul-en-Born\"},\"additionalProperty\":[{\"@type\":\"PropertyValue\",\"name\":\"Type d\u2019\u00e9v\u00e9nement (march\u00e9, festival, sport, etc.)\",\"value\":\"culturel\"},{\"@type\":\"PropertyValue\",\"name\":\"Ville \/ Zone\",\"value\":\"Gare de l\u2019Art, Saint-Paul-en-Born\"},{\"@type\":\"PropertyValue\",\"name\":\"Distance depuis le camping (km)\",\"value\":\"2-3 km\"},{\"@type\":\"PropertyValue\",\"name\":\"Dur\u00e9e moyenne\",\"value\":\"variable selon exposition\"},{\"@type\":\"PropertyValue\",\"name\":\"Tarif (si payant)\",\"value\":\"gratuit ou selon \u00e9v\u00e9nement\"},{\"@type\":\"PropertyValue\",\"name\":\"R\u00e9servation n\u00e9cessaire ?\",\"value\":\"variable\"},{\"@type\":\"PropertyValue\",\"name\":\"Astuce ou commentaire\",\"value\":\"Lieu d'expositions artistiques en ancienne gare accueillant peintres, photographes et sculpteurs.\"}]}},{\"@type\":\"ListItem\",\"position\":209,\"item\":{\"@type\":\"TouristAttraction\",\"name\":\"Observation ornithologique aux Marais d'Orx\",\"url\":\"https:\/\/www.reserve-orx.fr\",\"image\":\"https:\/\/www.reserve-orx.fr\/images\/ornithologie.jpg\",\"location\":{\"@type\":\"Place\",\"name\":\"R\u00e9serve Naturelle des Marais d'Orx\"},\"additionalProperty\":[{\"@type\":\"PropertyValue\",\"name\":\"Type d\u2019\u00e9v\u00e9nement (march\u00e9, festival, sport, etc.)\",\"value\":\"nature et d\u00e9couverte\"},{\"@type\":\"PropertyValue\",\"name\":\"Ville \/ Zone\",\"value\":\"R\u00e9serve Naturelle des Marais d'Orx\"},{\"@type\":\"PropertyValue\",\"name\":\"Distance depuis le camping (km)\",\"value\":\"environ 30 km\"},{\"@type\":\"PropertyValue\",\"name\":\"Dur\u00e9e moyenne\",\"value\":\"variable\"},{\"@type\":\"PropertyValue\",\"name\":\"Tarif (si payant)\",\"value\":\"entr\u00e9e libre ou visite guid\u00e9e payante\"},{\"@type\":\"PropertyValue\",\"name\":\"R\u00e9servation n\u00e9cessaire ?\",\"value\":\"pour visites guid\u00e9es oui\"},{\"@type\":\"PropertyValue\",\"name\":\"Astuce ou commentaire\",\"value\":\"Sortie d'observation d'oiseaux, papillons et faune locale dans la r\u00e9serve prot\u00e9g\u00e9e\"}]}},{\"@type\":\"ListItem\",\"position\":210,\"item\":{\"@type\":\"TouristAttraction\",\"name\":\"Excursion en bateau \u00e9lectrique sur le lac d'Aureilhan\",\"url\":\"https:\/\/www.mimizan-tourisme.com\",\"image\":\"https:\/\/www.mimizan-tourisme.com\/images\/boat-rental.jpg\",\"location\":{\"@type\":\"Place\",\"name\":\"Lac d'Aureilhan, Mimizan\"},\"additionalProperty\":[{\"@type\":\"PropertyValue\",\"name\":\"Type d\u2019\u00e9v\u00e9nement (march\u00e9, festival, sport, etc.)\",\"value\":\"activit\u00e9 nautique\"},{\"@type\":\"PropertyValue\",\"name\":\"Ville \/ Zone\",\"value\":\"Lac d'Aureilhan, Mimizan\"},{\"@type\":\"PropertyValue\",\"name\":\"Distance depuis le camping (km)\",\"value\":\"environ 10 km\"},{\"@type\":\"PropertyValue\",\"name\":\"Dur\u00e9e moyenne\",\"value\":\"variable\"},{\"@type\":\"PropertyValue\",\"name\":\"Tarif (si payant)\",\"value\":\"location \u00e0 r\u00e9server\"},{\"@type\":\"PropertyValue\",\"name\":\"R\u00e9servation n\u00e9cessaire ?\",\"value\":\"oui\"},{\"@type\":\"PropertyValue\",\"name\":\"Astuce ou commentaire\",\"value\":\"Balade \u00e9cologique en bateau \u00e9lectrique sur le lac, d\u00e9couverte de la nature et des paysages\"}]}},{\"@type\":\"ListItem\",\"position\":211,\"item\":{\"@type\":\"TouristAttraction\",\"name\":\"Cours de cuisine landaise\",\"url\":\"https:\/\/www.tourismelandes.com\",\"image\":\"https:\/\/www.tourismelandes.com\/images\/cuisine-landes.jpg\",\"location\":{\"@type\":\"Place\",\"name\":\"Saint-Paul-en-Born et environs\"},\"additionalProperty\":[{\"@type\":\"PropertyValue\",\"name\":\"Type d\u2019\u00e9v\u00e9nement (march\u00e9, festival, sport, etc.)\",\"value\":\"atelier culinaire\"},{\"@type\":\"PropertyValue\",\"name\":\"Ville \/ Zone\",\"value\":\"Saint-Paul-en-Born et environs\"},{\"@type\":\"PropertyValue\",\"name\":\"Distance depuis le camping (km)\",\"value\":\"variable\"},{\"@type\":\"PropertyValue\",\"name\":\"Dur\u00e9e moyenne\",\"value\":\"variable\"},{\"@type\":\"PropertyValue\",\"name\":\"Tarif (si payant)\",\"value\":\"variable selon atelier\"},{\"@type\":\"PropertyValue\",\"name\":\"R\u00e9servation n\u00e9cessaire ?\",\"value\":\"oui\"},{\"@type\":\"PropertyValue\",\"name\":\"Astuce ou commentaire\",\"value\":\"Atelier d'initiation \u00e0 la pr\u00e9paration de sp\u00e9cialit\u00e9s gastronomiques locales\"}]}},{\"@type\":\"ListItem\",\"position\":212,\"item\":{\"@type\":\"TouristAttraction\",\"name\":\"Atelier d'herboristerie locale\",\"url\":\"https:\/\/www.tourismelandes.com\",\"image\":\"https:\/\/www.tourismelandes.com\/images\/herboristerie.jpg\",\"location\":{\"@type\":\"Place\",\"name\":\"Saint-Paul-en-Born et environs\"},\"additionalProperty\":[{\"@type\":\"PropertyValue\",\"name\":\"Type d\u2019\u00e9v\u00e9nement (march\u00e9, festival, sport, etc.)\",\"value\":\"atelier nature\"},{\"@type\":\"PropertyValue\",\"name\":\"Ville \/ Zone\",\"value\":\"Saint-Paul-en-Born et environs\"},{\"@type\":\"PropertyValue\",\"name\":\"Distance depuis le camping (km)\",\"value\":\"variable\"},{\"@type\":\"PropertyValue\",\"name\":\"Dur\u00e9e moyenne\",\"value\":\"variable\"},{\"@type\":\"PropertyValue\",\"name\":\"Tarif (si payant)\",\"value\":\"variable\"},{\"@type\":\"PropertyValue\",\"name\":\"R\u00e9servation n\u00e9cessaire ?\",\"value\":\"oui\"},{\"@type\":\"PropertyValue\",\"name\":\"Astuce ou commentaire\",\"value\":\"D\u00e9couverte des plantes m\u00e9dicinales et de leurs usages traditionnels dans les Landes\"}]}},{\"@type\":\"ListItem\",\"position\":213,\"item\":{\"@type\":\"TouristAttraction\",\"name\":\"Balade fat bike en for\u00eat landaise\",\"url\":\"https:\/\/www.tourismelandes.com\",\"image\":\"https:\/\/www.tourismelandes.com\/images\/fat-bike.jpg\",\"location\":{\"@type\":\"Place\",\"name\":\"For\u00eat landaise autour de Saint-Paul-en-Born\"},\"additionalProperty\":[{\"@type\":\"PropertyValue\",\"name\":\"Type d\u2019\u00e9v\u00e9nement (march\u00e9, festival, sport, etc.)\",\"value\":\"activit\u00e9 sportive\"},{\"@type\":\"PropertyValue\",\"name\":\"Ville \/ Zone\",\"value\":\"For\u00eat landaise autour de Saint-Paul-en-Born\"},{\"@type\":\"PropertyValue\",\"name\":\"Distance depuis le camping (km)\",\"value\":\"variable\"},{\"@type\":\"PropertyValue\",\"name\":\"Dur\u00e9e moyenne\",\"value\":\"variable\"},{\"@type\":\"PropertyValue\",\"name\":\"Tarif (si payant)\",\"value\":\"location \u00e0 pr\u00e9voir\"},{\"@type\":\"PropertyValue\",\"name\":\"R\u00e9servation n\u00e9cessaire ?\",\"value\":\"oui\"},{\"@type\":\"PropertyValue\",\"name\":\"Astuce ou commentaire\",\"value\":\"Randonn\u00e9e \u00e0 v\u00e9lo tout terrain \u00e9lectrique, adapt\u00e9e \u00e0 tous niveaux, au c\u0153ur de la for\u00eat\"}]}},{\"@type\":\"ListItem\",\"position\":214,\"item\":{\"@type\":\"TouristAttraction\",\"name\":\"Jeux de piste en for\u00eat landaise\",\"url\":\"https:\/\/www.tourismelandes.com\",\"image\":\"https:\/\/www.tourismelandes.com\/images\/jeu-de-piste.jpg\",\"location\":{\"@type\":\"Place\",\"name\":\"For\u00eat landaise autour de Saint-Paul-en-Born\"},\"additionalProperty\":[{\"@type\":\"PropertyValue\",\"name\":\"Type d\u2019\u00e9v\u00e9nement (march\u00e9, festival, sport, etc.)\",\"value\":\"activit\u00e9 ludique en nature\"},{\"@type\":\"PropertyValue\",\"name\":\"Ville \/ Zone\",\"value\":\"For\u00eat landaise autour de Saint-Paul-en-Born\"},{\"@type\":\"PropertyValue\",\"name\":\"Distance depuis le camping (km)\",\"value\":\"variable\"},{\"@type\":\"PropertyValue\",\"name\":\"Dur\u00e9e moyenne\",\"value\":\"variable\"},{\"@type\":\"PropertyValue\",\"name\":\"Tarif (si payant)\",\"value\":\"variable\"},{\"@type\":\"PropertyValue\",\"name\":\"R\u00e9servation n\u00e9cessaire ?\",\"value\":\"oui\"},{\"@type\":\"PropertyValue\",\"name\":\"Astuce ou commentaire\",\"value\":\"Jeux d'orientation et de d\u00e9couverte en groupe pour tous \u00e2ges dans la for\u00eat\"}]}},{\"@type\":\"ListItem\",\"position\":215,\"item\":{\"@type\":\"TouristAttraction\",\"name\":\"Atelier de dessin en plein air\",\"url\":\"https:\/\/www.tourismelandes.com\",\"image\":\"https:\/\/www.tourismelandes.com\/images\/dessin-plein-air.jpg\",\"location\":{\"@type\":\"Place\",\"name\":\"Saint-Paul-en-Born et alentours\"},\"additionalProperty\":[{\"@type\":\"PropertyValue\",\"name\":\"Type d\u2019\u00e9v\u00e9nement (march\u00e9, festival, sport, etc.)\",\"value\":\"atelier artistique\"},{\"@type\":\"PropertyValue\",\"name\":\"Ville \/ Zone\",\"value\":\"Saint-Paul-en-Born et alentours\"},{\"@type\":\"PropertyValue\",\"name\":\"Distance depuis le camping (km)\",\"value\":\"variable\"},{\"@type\":\"PropertyValue\",\"name\":\"Dur\u00e9e moyenne\",\"value\":\"variable\"},{\"@type\":\"PropertyValue\",\"name\":\"Tarif (si payant)\",\"value\":\"variable\"},{\"@type\":\"PropertyValue\",\"name\":\"R\u00e9servation n\u00e9cessaire ?\",\"value\":\"oui\"},{\"@type\":\"PropertyValue\",\"name\":\"Astuce ou commentaire\",\"value\":\"Initiation au dessin et \u00e0 la peinture en ext\u00e9rieur, sous la conduite d'un artiste local\"}]}},{\"@type\":\"ListItem\",\"position\":216,\"item\":{\"@type\":\"TouristAttraction\",\"name\":\"Visite d'une exploitation agricole locale\",\"url\":\"https:\/\/www.tourismelandes.com\",\"image\":\"https:\/\/www.tourismelandes.com\/images\/exploitation-agricole.jpg\",\"location\":{\"@type\":\"Place\",\"name\":\"Saint-Paul-en-Born et environs\"},\"additionalProperty\":[{\"@type\":\"PropertyValue\",\"name\":\"Type d\u2019\u00e9v\u00e9nement (march\u00e9, festival, sport, etc.)\",\"value\":\"visite p\u00e9dagogique\"},{\"@type\":\"PropertyValue\",\"name\":\"Ville \/ Zone\",\"value\":\"Saint-Paul-en-Born et environs\"},{\"@type\":\"PropertyValue\",\"name\":\"Distance depuis le camping (km)\",\"value\":\"variable\"},{\"@type\":\"PropertyValue\",\"name\":\"Dur\u00e9e moyenne\",\"value\":\"variable\"},{\"@type\":\"PropertyValue\",\"name\":\"Tarif (si payant)\",\"value\":\"variable\"},{\"@type\":\"PropertyValue\",\"name\":\"R\u00e9servation n\u00e9cessaire ?\",\"value\":\"oui\"},{\"@type\":\"PropertyValue\",\"name\":\"Astuce ou commentaire\",\"value\":\"D\u00e9couverte des pratiques agricoles traditionnelles et produits du terroir\"}]}},{\"@type\":\"ListItem\",\"position\":217,\"item\":{\"@type\":\"TouristAttraction\",\"name\":\"Initiation \u00e0 l'apiculture\",\"url\":\"https:\/\/www.tourismelandes.com\",\"image\":\"https:\/\/www.tourismelandes.com\/images\/apiculture.jpg\",\"location\":{\"@type\":\"Place\",\"name\":\"Saint-Paul-en-Born et alentours\"},\"additionalProperty\":[{\"@type\":\"PropertyValue\",\"name\":\"Type d\u2019\u00e9v\u00e9nement (march\u00e9, festival, sport, etc.)\",\"value\":\"atelier nature\"},{\"@type\":\"PropertyValue\",\"name\":\"Ville \/ Zone\",\"value\":\"Saint-Paul-en-Born et alentours\"},{\"@type\":\"PropertyValue\",\"name\":\"Distance depuis le camping (km)\",\"value\":\"variable\"},{\"@type\":\"PropertyValue\",\"name\":\"Dur\u00e9e moyenne\",\"value\":\"variable\"},{\"@type\":\"PropertyValue\",\"name\":\"Tarif (si payant)\",\"value\":\"variable\"},{\"@type\":\"PropertyValue\",\"name\":\"R\u00e9servation n\u00e9cessaire ?\",\"value\":\"oui\"},{\"@type\":\"PropertyValue\",\"name\":\"Astuce ou commentaire\",\"value\":\"D\u00e9couverte du m\u00e9tier d'apiculteur et d\u00e9gustation de miel local\"}]}},{\"@type\":\"ListItem\",\"position\":218,\"item\":{\"@type\":\"TouristAttraction\",\"name\":\"Excursion ornithologique aux marais\",\"url\":\"https:\/\/www.reserve-orx.fr\",\"image\":\"https:\/\/www.reserve-orx.fr\/images\/ornithologie-marais.jpg\",\"location\":{\"@type\":\"Place\",\"name\":\"Marais proches de Saint-Paul-en-Born\"},\"additionalProperty\":[{\"@type\":\"PropertyValue\",\"name\":\"Type d\u2019\u00e9v\u00e9nement (march\u00e9, festival, sport, etc.)\",\"value\":\"nature et d\u00e9couverte\"},{\"@type\":\"PropertyValue\",\"name\":\"Ville \/ Zone\",\"value\":\"Marais proches de Saint-Paul-en-Born\"},{\"@type\":\"PropertyValue\",\"name\":\"Distance depuis le camping (km)\",\"value\":\"variable\"},{\"@type\":\"PropertyValue\",\"name\":\"Dur\u00e9e moyenne\",\"value\":\"variable\"},{\"@type\":\"PropertyValue\",\"name\":\"Tarif (si payant)\",\"value\":\"variable\"},{\"@type\":\"PropertyValue\",\"name\":\"R\u00e9servation n\u00e9cessaire ?\",\"value\":\"oui\"},{\"@type\":\"PropertyValue\",\"name\":\"Astuce ou commentaire\",\"value\":\"Sortie guid\u00e9e pour observer la faune ornithologique locale en milieux humides\"}]}},{\"@type\":\"ListItem\",\"position\":219,\"item\":{\"@type\":\"TouristAttraction\",\"name\":\"Atelier de fabrication de poterie landaise\",\"url\":\"https:\/\/www.tourismelandes.com\",\"image\":\"https:\/\/www.tourismelandes.com\/images\/poterie.jpg\",\"location\":{\"@type\":\"Place\",\"name\":\"Saint-Paul-en-Born et environs\"},\"additionalProperty\":[{\"@type\":\"PropertyValue\",\"name\":\"Type d\u2019\u00e9v\u00e9nement (march\u00e9, festival, sport, etc.)\",\"value\":\"atelier artisanal\"},{\"@type\":\"PropertyValue\",\"name\":\"Ville \/ Zone\",\"value\":\"Saint-Paul-en-Born et environs\"},{\"@type\":\"PropertyValue\",\"name\":\"Distance depuis le camping (km)\",\"value\":\"variable\"},{\"@type\":\"PropertyValue\",\"name\":\"Dur\u00e9e moyenne\",\"value\":\"variable\"},{\"@type\":\"PropertyValue\",\"name\":\"Tarif (si payant)\",\"value\":\"variable\"},{\"@type\":\"PropertyValue\",\"name\":\"R\u00e9servation n\u00e9cessaire ?\",\"value\":\"oui\"},{\"@type\":\"PropertyValue\",\"name\":\"Astuce ou commentaire\",\"value\":\"Apprentissage des techniques traditionnelles de poterie et cr\u00e9ation de pi\u00e8ces personnalis\u00e9es\"}]}}]},{\"@type\":\"ItemList\",\"name\":\"\u00c9v\u00e9nements recommand\u00e9s\",\"itemListElement\":[{\"@type\":\"ListItem\",\"position\":1,\"item\":{\"@type\":\"Event\",\"name\":\"Soir\u00e9es musicales au camping\",\"description\":\"Soir\u00e9es musicales anim\u00e9es deux fois par semaine.\",\"url\":\"https:\/\/www.camping-laclairiere.fr\/en\/campsite-animations-saint-paul-en-born\/\",\"additionalProperty\":[{\"@type\":\"PropertyValue\",\"name\":\"Date \/ P\u00e9riode\",\"value\":\"juillet et ao\u00fbt\"},{\"@type\":\"PropertyValue\",\"name\":\"Lieu (ville)\",\"value\":\"Camping La Clairi\u00e8re\"},{\"@type\":\"PropertyValue\",\"name\":\"Distance depuis le camping (km)\",\"value\":\",\"},{\"@type\":\"PropertyValue\",\"name\":\"Type d\u2019\u00e9v\u00e9nement (march\u00e9, festival, sport, etc.)\",\"value\":\"Evening Event\"}]}},{\"@type\":\"ListItem\",\"position\":2,\"item\":{\"@type\":\"Event\",\"name\":\"Kids Club\",\"description\":\"Ateliers manuels et jeux pour enfants de 4 \u00e0 17 ans\",\"url\":\"https:\/\/www.camping-laclairiere.fr\/en\/campsite-animations-saint-paul-en-born\/\",\"additionalProperty\":[{\"@type\":\"PropertyValue\",\"name\":\"Date \/ P\u00e9riode\",\"value\":\"saison haute\"},{\"@type\":\"PropertyValue\",\"name\":\"Lieu (ville)\",\"value\":\"Camping La Clairi\u00e8re\"},{\"@type\":\"PropertyValue\",\"name\":\"Distance depuis le camping (km)\",\"value\":\",\"},{\"@type\":\"PropertyValue\",\"name\":\"Type d\u2019\u00e9v\u00e9nement (march\u00e9, festival, sport, etc.)\",\"value\":\"Kids Activity\"}]}},{\"@type\":\"ListItem\",\"position\":3,\"item\":{\"@type\":\"Event\",\"name\":\"Tournaments sportifs\",\"description\":\"Football, volley-ball, chasse au tr\u00e9sor g\u00e9ant\",\"url\":\"https:\/\/www.camping-laclairiere.fr\/en\/campsite-animations-saint-paul-en-born\/\",\"additionalProperty\":[{\"@type\":\"PropertyValue\",\"name\":\"Date \/ P\u00e9riode\",\"value\":\"saison haute\"},{\"@type\":\"PropertyValue\",\"name\":\"Lieu (ville)\",\"value\":\"Camping La Clairi\u00e8re\"},{\"@type\":\"PropertyValue\",\"name\":\"Distance depuis le camping (km)\",\"value\":\",\"},{\"@type\":\"PropertyValue\",\"name\":\"Type d\u2019\u00e9v\u00e9nement (march\u00e9, festival, sport, etc.)\",\"value\":\"Sport\"}]}},{\"@type\":\"ListItem\",\"position\":4,\"item\":{\"@type\":\"Event\",\"name\":\"F\u00eates de Mimizan\",\"description\":\"F\u00eates locales avec animations vari\u00e9es\",\"url\":\"https:\/\/www.mimizan-tourisme.com\/en\/offers\/camping-la-clairiere-saint-paul-en-born-en-5029435\/\",\"additionalProperty\":[{\"@type\":\"PropertyValue\",\"name\":\"Date \/ P\u00e9riode\",\"value\":\"Variable\"},{\"@type\":\"PropertyValue\",\"name\":\"Lieu (ville)\",\"value\":\"Mimizan\"},{\"@type\":\"PropertyValue\",\"name\":\"Distance depuis le camping (km)\",\"value\":\"environ 20 km\"},{\"@type\":\"PropertyValue\",\"name\":\"Type d\u2019\u00e9v\u00e9nement (march\u00e9, festival, sport, etc.)\",\"value\":\"Local Festival\"}]}},{\"@type\":\"ListItem\",\"position\":5,\"item\":{\"@type\":\"Event\",\"name\":\"Promenade Fleurie\",\"description\":\"Promenade agr\u00e9able avec fleurs et visite possible\",\"url\":\"https:\/\/www.tripadvisor.com\/Hotel_Review-g1219489-d3781638-Reviews-Camping_La_Clairiere-Saint_Paul_en_Born_Landes_Nouvelle_Aquitaine.html\",\"additionalProperty\":[{\"@type\":\"PropertyValue\",\"name\":\"Date \/ P\u00e9riode\",\"value\":\"Variable\"},{\"@type\":\"PropertyValue\",\"name\":\"Lieu (ville)\",\"value\":\"Saint-Paul-en-Born\"},{\"@type\":\"PropertyValue\",\"name\":\"Distance depuis le camping (km)\",\"value\":\"environ 6 km\"},{\"@type\":\"PropertyValue\",\"name\":\"Type d\u2019\u00e9v\u00e9nement (march\u00e9, festival, sport, etc.)\",\"value\":\"Nature Walk\"}]}},{\"@type\":\"ListItem\",\"position\":6,\"item\":{\"@type\":\"Event\",\"name\":\"Les Ruchers du Born\",\"description\":\"Visite de ruchers avec d\u00e9gustation\",\"url\":\"https:\/\/www.tripadvisor.com\/Hotel_Review-g1219489-d3781638-Reviews-Camping_La_Clairiere-Saint_Paul_en_Born_Landes_Nouvelle_Aquitaine.html\",\"additionalProperty\":[{\"@type\":\"PropertyValue\",\"name\":\"Date \/ P\u00e9riode\",\"value\":\"Variable\"},{\"@type\":\"PropertyValue\",\"name\":\"Lieu (ville)\",\"value\":\"Saint-Paul-en-Born\"},{\"@type\":\"PropertyValue\",\"name\":\"Distance depuis le camping (km)\",\"value\":\"environ 2 km\"},{\"@type\":\"PropertyValue\",\"name\":\"Type d\u2019\u00e9v\u00e9nement (march\u00e9, festival, sport, etc.)\",\"value\":\"Bee Farm Visit\"}]}},{\"@type\":\"ListItem\",\"position\":7,\"item\":{\"@type\":\"Event\",\"name\":\"Ecuries Olivier Bauer\",\"description\":\"Ecuries pour promenades \u00e0 cheval\",\"url\":\"https:\/\/www.tripadvisor.com\/Hotel_Review-g1219489-d3781638-Reviews-Camping_La_Clairiere-Saint_Paul_en_Born_Landes_Nouvelle_Aquitaine.html\",\"additionalProperty\":[{\"@type\":\"PropertyValue\",\"name\":\"Date \/ P\u00e9riode\",\"value\":\"Variable\"},{\"@type\":\"PropertyValue\",\"name\":\"Lieu (ville)\",\"value\":\"Saint-Paul-en-Born\"},{\"@type\":\"PropertyValue\",\"name\":\"Distance depuis le camping (km)\",\"value\":\"environ 6 km\"},{\"@type\":\"PropertyValue\",\"name\":\"Type d\u2019\u00e9v\u00e9nement (march\u00e9, festival, sport, etc.)\",\"value\":\"Horse Riding\"}]}},{\"@type\":\"ListItem\",\"position\":8,\"item\":{\"@type\":\"Event\",\"name\":\"March\u00e9s locaux\",\"description\":\"March\u00e9s artisanaux du dimanche\",\"additionalProperty\":[{\"@type\":\"PropertyValue\",\"name\":\"Date \/ P\u00e9riode\",\"value\":\"Variable\"},{\"@type\":\"PropertyValue\",\"name\":\"Lieu (ville)\",\"value\":\"Mimizan\"},{\"@type\":\"PropertyValue\",\"name\":\"Distance depuis le camping (km)\",\"value\":\"environ 20 km\"},{\"@type\":\"PropertyValue\",\"name\":\"Type d\u2019\u00e9v\u00e9nement (march\u00e9, festival, sport, etc.)\",\"value\":\"Local Market\"}]}},{\"@type\":\"ListItem\",\"position\":9,\"item\":{\"@type\":\"Event\",\"name\":\"Visite du lac d'Aureilhan\",\"description\":\"Visite du lac avec activit\u00e9s nautiques\",\"additionalProperty\":[{\"@type\":\"PropertyValue\",\"name\":\"Date \/ P\u00e9riode\",\"value\":\"Variable\"},{\"@type\":\"PropertyValue\",\"name\":\"Lieu (ville)\",\"value\":\"Aureilhan\"},{\"@type\":\"PropertyValue\",\"name\":\"Distance depuis le camping (km)\",\"value\":\"environ 5 km\"},{\"@type\":\"PropertyValue\",\"name\":\"Type d\u2019\u00e9v\u00e9nement (march\u00e9, festival, sport, etc.)\",\"value\":\"Lake Visit\"}]}},{\"@type\":\"ListItem\",\"position\":10,\"item\":{\"@type\":\"Event\",\"name\":\"P\u00eache au camping\",\"description\":\"P\u00eache dans la rivi\u00e8re \u00e0 c\u00f4t\u00e9 du camping\",\"url\":\"https:\/\/www.camping-laclairiere.fr\/en\/campsite-animations-saint-paul-en-born\/\",\"additionalProperty\":[{\"@type\":\"PropertyValue\",\"name\":\"Date \/ P\u00e9riode\",\"value\":\"Variable\"},{\"@type\":\"PropertyValue\",\"name\":\"Lieu (ville)\",\"value\":\"Camping La Clairi\u00e8re\"},{\"@type\":\"PropertyValue\",\"name\":\"Distance depuis le camping (km)\",\"value\":\",\"},{\"@type\":\"PropertyValue\",\"name\":\"Type d\u2019\u00e9v\u00e9nement (march\u00e9, festival, sport, etc.)\",\"value\":\"Fishing\"}]}},{\"@type\":\"ListItem\",\"position\":11,\"item\":{\"@type\":\"Event\",\"name\":\"Activit\u00e9s nautiques\",\"description\":\"Activit\u00e9s nautiques telles que le paddle\",\"url\":\"https:\/\/www.camping-laclairiere.fr\/en\/campsite-animations-saint-paul-en-born\/\",\"additionalProperty\":[{\"@type\":\"PropertyValue\",\"name\":\"Date \/ P\u00e9riode\",\"value\":\"Variable\"},{\"@type\":\"PropertyValue\",\"name\":\"Lieu (ville)\",\"value\":\"Rivi\u00e8re \u00e0 c\u00f4t\u00e9 du camping\"},{\"@type\":\"PropertyValue\",\"name\":\"Distance depuis le camping (km)\",\"value\":\",\"},{\"@type\":\"PropertyValue\",\"name\":\"Type d\u2019\u00e9v\u00e9nement (march\u00e9, festival, sport, etc.)\",\"value\":\"Water Sports\"}]}},{\"@type\":\"ListItem\",\"position\":12,\"item\":{\"@type\":\"Event\",\"name\":\"D\u00e9jeuners et barbecues au camping\",\"description\":\"Services de restauration et barbecue disponibles\",\"url\":\"https:\/\/www.camping-laclairiere.fr\/en\/campsite-animations-saint-paul-en-born\/\",\"additionalProperty\":[{\"@type\":\"PropertyValue\",\"name\":\"Date \/ P\u00e9riode\",\"value\":\"Variable\"},{\"@type\":\"PropertyValue\",\"name\":\"Lieu (ville)\",\"value\":\"Camping La Clairi\u00e8re\"},{\"@type\":\"PropertyValue\",\"name\":\"Distance depuis le camping (km)\",\"value\":\",\"},{\"@type\":\"PropertyValue\",\"name\":\"Type d\u2019\u00e9v\u00e9nement (march\u00e9, festival, sport, etc.)\",\"value\":\"Food Event\"}]}},{\"@type\":\"ListItem\",\"position\":13,\"item\":{\"@type\":\"Event\",\"name\":\"March\u00e9 de Saint-Paul-en-Born\",\"description\":\"March\u00e9 local avec produits r\u00e9gionaux\",\"additionalProperty\":[{\"@type\":\"PropertyValue\",\"name\":\"Date \/ P\u00e9riode\",\"value\":\"Variable\"},{\"@type\":\"PropertyValue\",\"name\":\"Lieu (ville)\",\"value\":\"Saint-Paul-en-Born\"},{\"@type\":\"PropertyValue\",\"name\":\"Distance depuis le camping (km)\",\"value\":\"environ 1 km\"},{\"@type\":\"PropertyValue\",\"name\":\"Type d\u2019\u00e9v\u00e9nement (march\u00e9, festival, sport, etc.)\",\"value\":\"Local Market\"}]}},{\"@type\":\"ListItem\",\"position\":14,\"item\":{\"@type\":\"Event\",\"name\":\"Visite de la for\u00eat des Landes\",\"description\":\"Promenade dans la for\u00eat avec vue panoramique\",\"additionalProperty\":[{\"@type\":\"PropertyValue\",\"name\":\"Date \/ P\u00e9riode\",\"value\":\"Variable\"},{\"@type\":\"PropertyValue\",\"name\":\"Lieu (ville)\",\"value\":\"For\u00eat des Landes\"},{\"@type\":\"PropertyValue\",\"name\":\"Distance depuis le camping (km)\",\"value\":\"Environ 0 km\"},{\"@type\":\"PropertyValue\",\"name\":\"Type d\u2019\u00e9v\u00e9nement (march\u00e9, festival, sport, etc.)\",\"value\":\"Nature Walk\"}]}},{\"@type\":\"ListItem\",\"position\":15,\"item\":{\"@type\":\"Event\",\"name\":\"Plage de Mimizan\",\"description\":\"Journ\u00e9e \u00e0 la plage avec activit\u00e9s vari\u00e9es\",\"url\":\"https:\/\/www.mimizan-tourisme.com\/en\/offers\/camping-la-clairiere-saint-paul-en-born-en-5029435\/\",\"additionalProperty\":[{\"@type\":\"PropertyValue\",\"name\":\"Date \/ P\u00e9riode\",\"value\":\"Variable\"},{\"@type\":\"PropertyValue\",\"name\":\"Lieu (ville)\",\"value\":\"Mimizan\"},{\"@type\":\"PropertyValue\",\"name\":\"Distance depuis le camping (km)\",\"value\":\"environ 20 km\"},{\"@type\":\"PropertyValue\",\"name\":\"Type d\u2019\u00e9v\u00e9nement (march\u00e9, festival, sport, etc.)\",\"value\":\"Beach Day\"}]}},{\"@type\":\"ListItem\",\"position\":16,\"item\":{\"@type\":\"Event\",\"name\":\"Nocturnes commerciales\",\"description\":\"Nocturnes commerciales pendant l'\u00e9t\u00e9\",\"additionalProperty\":[{\"@type\":\"PropertyValue\",\"name\":\"Date \/ P\u00e9riode\",\"value\":\"\u00c9t\u00e9\"},{\"@type\":\"PropertyValue\",\"name\":\"Lieu (ville)\",\"value\":\"Saint-Paul-en-Born\"},{\"@type\":\"PropertyValue\",\"name\":\"Distance depuis le camping (km)\",\"value\":\"environ 1 km\"},{\"@type\":\"PropertyValue\",\"name\":\"Type d\u2019\u00e9v\u00e9nement (march\u00e9, festival, sport, etc.)\",\"value\":\"Shopping Event\"}]}},{\"@type\":\"ListItem\",\"position\":17,\"item\":{\"@type\":\"Event\",\"name\":\"Ferias du Sud-Ouest \u00e0 Saint-Paul-en-Born\",\"description\":\"Festival local m\u00ealant bonne humeur, traditions, gastronomie et animations color\u00e9es avec d\u00e9fil\u00e9s et folklore local sp\u00e9cifiques au Sud-Ouest.\",\"url\":\"https:\/\/www.mimizan-tourisme.com\/en\/agenda\/les-fetes-de-mimizan\/\",\"additionalProperty\":[{\"@type\":\"PropertyValue\",\"name\":\"Date \/ P\u00e9riode\",\"value\":\"23 au 25 mai 2025\"},{\"@type\":\"PropertyValue\",\"name\":\"Lieu (ville)\",\"value\":\"Saint-Paul-en-Born\"},{\"@type\":\"PropertyValue\",\"name\":\"Distance depuis le camping (km)\",\"value\":\"0 km\"},{\"@type\":\"PropertyValue\",\"name\":\"Type d\u2019\u00e9v\u00e9nement (march\u00e9, festival, sport, etc.)\",\"value\":\"Festival culturel\"},{\"@type\":\"PropertyValue\",\"name\":\"Astuce ou commentaire\",\"value\":\"\u00c9v\u00e9nement embl\u00e9matique proche du camping, vivant et authentique, parfait pour d\u00e9couvrir les traditions r\u00e9gionales.\"}]}},{\"@type\":\"ListItem\",\"position\":18,\"item\":{\"@type\":\"Event\",\"name\":\"Balade nature autour de la loutre d'Europe\",\"description\":\"Promenade guid\u00e9e en nature centr\u00e9e sur la d\u00e9couverte de la faune locale, notamment la loutre d'Europe.\",\"url\":\"https:\/\/www.eterritoire.fr\/territoires\/nouvelle-aquitaine\/landes\/saint-paul-en-born\/40278\/16036?agenda\",\"additionalProperty\":[{\"@type\":\"PropertyValue\",\"name\":\"Date \/ P\u00e9riode\",\"value\":\"25 octobre 2025\"},{\"@type\":\"PropertyValue\",\"name\":\"Lieu (ville)\",\"value\":\"Saint-Paul-en-Born\"},{\"@type\":\"PropertyValue\",\"name\":\"Distance depuis le camping (km)\",\"value\":\"0 km\"},{\"@type\":\"PropertyValue\",\"name\":\"Type d\u2019\u00e9v\u00e9nement (march\u00e9, festival, sport, etc.)\",\"value\":\"Animation nature\"},{\"@type\":\"PropertyValue\",\"name\":\"Astuce ou commentaire\",\"value\":\"Id\u00e9al pour les amateurs de nature souhaitant explorer la biodiversit\u00e9 locale.\"}]}},{\"@type\":\"ListItem\",\"position\":19,\"item\":{\"@type\":\"Event\",\"name\":\"Concours de belote super\",\"description\":\"Concours de belote convivial organis\u00e9 dans la commune, ouvert \u00e0 tous les niveaux.\",\"url\":\"https:\/\/www.guide-des-landes.com\/fr\/agenda\/saint-paul-en-born-275.html\",\"additionalProperty\":[{\"@type\":\"PropertyValue\",\"name\":\"Date \/ P\u00e9riode\",\"value\":\"4 octobre 2025\"},{\"@type\":\"PropertyValue\",\"name\":\"Lieu (ville)\",\"value\":\"Saint-Paul-en-Born\"},{\"@type\":\"PropertyValue\",\"name\":\"Distance depuis le camping (km)\",\"value\":\"0 km\"},{\"@type\":\"PropertyValue\",\"name\":\"Type d\u2019\u00e9v\u00e9nement (march\u00e9, festival, sport, etc.)\",\"value\":\"Jeu et concours\"},{\"@type\":\"PropertyValue\",\"name\":\"Astuce ou commentaire\",\"value\":\"Activit\u00e9 locale ludique pour les amateurs de cartes et convivialit\u00e9.\"}]}},{\"@type\":\"ListItem\",\"position\":20,\"item\":{\"@type\":\"Event\",\"name\":\"Atelier d\u00e9couverte Pilates gratuit\",\"description\":\"S\u00e9ance d\u00e9couverte de Pilates pour tous niveaux, permettant d\u00e9tente et renforcement musculaire.\",\"url\":\"https:\/\/www.guide-des-landes.com\/fr\/agenda\/saint-paul-en-born-275.html\",\"additionalProperty\":[{\"@type\":\"PropertyValue\",\"name\":\"Date \/ P\u00e9riode\",\"value\":\"Date \u00e0 pr\u00e9ciser\"},{\"@type\":\"PropertyValue\",\"name\":\"Lieu (ville)\",\"value\":\"Saint-Paul-en-Born\"},{\"@type\":\"PropertyValue\",\"name\":\"Distance depuis le camping (km)\",\"value\":\"0 km\"},{\"@type\":\"PropertyValue\",\"name\":\"Type d\u2019\u00e9v\u00e9nement (march\u00e9, festival, sport, etc.)\",\"value\":\"Atelier sportif\"},{\"@type\":\"PropertyValue\",\"name\":\"Astuce ou commentaire\",\"value\":\"Activit\u00e9 bien-\u00eatre accessible \u00e0 tous.\"}]}},{\"@type\":\"ListItem\",\"position\":21,\"item\":{\"@type\":\"Event\",\"name\":\"Soir\u00e9es anim\u00e9es au Camping La Clairi\u00e8re\",\"description\":\"Soir\u00e9es musicales et ambiance conviviale au camping, avec animations et musique live pour les vacanciers.\",\"url\":\"https:\/\/www.camping-laclairiere.fr\/en\/campsite-animations-saint-paul-en-born\/\",\"additionalProperty\":[{\"@type\":\"PropertyValue\",\"name\":\"Date \/ P\u00e9riode\",\"value\":\"Juillet - Ao\u00fbt 2025 (deux fois par semaine)\"},{\"@type\":\"PropertyValue\",\"name\":\"Lieu (ville)\",\"value\":\"Camping La Clairi\u00e8re, Saint-Paul-en-Born\"},{\"@type\":\"PropertyValue\",\"name\":\"Distance depuis le camping (km)\",\"value\":\"sur place\"},{\"@type\":\"PropertyValue\",\"name\":\"Type d\u2019\u00e9v\u00e9nement (march\u00e9, festival, sport, etc.)\",\"value\":\"Animation camping\"},{\"@type\":\"PropertyValue\",\"name\":\"Astuce ou commentaire\",\"value\":\"Proposition interne du camping pour une ambiance festive sur place.\"}]}},{\"@type\":\"ListItem\",\"position\":22,\"item\":{\"@type\":\"Event\",\"name\":\"Accrobranche Landes\",\"description\":\"Parcours accrobranche pour tous niveaux au c\u0153ur de la for\u00eat des Landes.\",\"url\":\"https:\/\/www.camping-laclairiere.fr\/en\/campsite-animations-saint-paul-en-born\/\",\"additionalProperty\":[{\"@type\":\"PropertyValue\",\"name\":\"Date \/ P\u00e9riode\",\"value\":\"Saison estivale 2025\"},{\"@type\":\"PropertyValue\",\"name\":\"Lieu (ville)\",\"value\":\"Proche Saint-Paul-en-Born\"},{\"@type\":\"PropertyValue\",\"name\":\"Distance depuis le camping (km)\",\"value\":\"quelques km\"},{\"@type\":\"PropertyValue\",\"name\":\"Type d\u2019\u00e9v\u00e9nement (march\u00e9, festival, sport, etc.)\",\"value\":\"Activit\u00e9 sportive aventure\"},{\"@type\":\"PropertyValue\",\"name\":\"Astuce ou commentaire\",\"value\":\"Activit\u00e9 ludique et sportive accessible \u00e0 proximit\u00e9 du camping.\"}]}},{\"@type\":\"ListItem\",\"position\":23,\"item\":{\"@type\":\"Event\",\"name\":\"Comp\u00e9tition de skydiving \u00e0 Mimizan\",\"description\":\"Event sportif de parachutisme pour amateurs et professionnels, avec d\u00e9monstrations et initiations.\",\"url\":\"https:\/\/www.camping-laclairiere.fr\/en\/campsite-animations-saint-paul-en-born\/\",\"additionalProperty\":[{\"@type\":\"PropertyValue\",\"name\":\"Date \/ P\u00e9riode\",\"value\":\"\u00c9t\u00e9 2025\"},{\"@type\":\"PropertyValue\",\"name\":\"Lieu (ville)\",\"value\":\"Mimizan\"},{\"@type\":\"PropertyValue\",\"name\":\"Distance depuis le camping (km)\",\"value\":\"8.3 km\"},{\"@type\":\"PropertyValue\",\"name\":\"Type d\u2019\u00e9v\u00e9nement (march\u00e9, festival, sport, etc.)\",\"value\":\"\u00c9v\u00e9nement sportif\"},{\"@type\":\"PropertyValue\",\"name\":\"Astuce ou commentaire\",\"value\":\"\u00c0 proximit\u00e9 du camping, pour les amateurs de sensations fortes.\"}]}},{\"@type\":\"ListItem\",\"position\":24,\"item\":{\"@type\":\"Event\",\"name\":\"Tournoi de golf Landes\",\"description\":\"Tournoi amical de golf ouvert \u00e0 tous, organis\u00e9 localement.\",\"url\":\"https:\/\/www.camping-laclairiere.fr\/en\/campsite-animations-saint-paul-en-born\/\",\"additionalProperty\":[{\"@type\":\"PropertyValue\",\"name\":\"Date \/ P\u00e9riode\",\"value\":\"\u00c9t\u00e9 2025\"},{\"@type\":\"PropertyValue\",\"name\":\"Lieu (ville)\",\"value\":\"Saint-Paul-en-Born\"},{\"@type\":\"PropertyValue\",\"name\":\"Distance depuis le camping (km)\",\"value\":\"0 km\"},{\"@type\":\"PropertyValue\",\"name\":\"Type d\u2019\u00e9v\u00e9nement (march\u00e9, festival, sport, etc.)\",\"value\":\"Comp\u00e9tition sportive\"},{\"@type\":\"PropertyValue\",\"name\":\"Astuce ou commentaire\",\"value\":\"Sport de pr\u00e9cision accessible dans la r\u00e9gion.\"}]}},{\"@type\":\"ListItem\",\"position\":25,\"item\":{\"@type\":\"Event\",\"name\":\"Sortie kayak sur la c\u00f4te Atlantique\",\"description\":\"Excursion en kayak pour d\u00e9couvrir la c\u00f4te et les \u00e9tendues d'eau proches, encadr\u00e9e par des professionnels.\",\"url\":\"https:\/\/www.camping-laclairiere.fr\/en\/campsite-animations-saint-paul-en-born\/\",\"additionalProperty\":[{\"@type\":\"PropertyValue\",\"name\":\"Date \/ P\u00e9riode\",\"value\":\"\u00c9t\u00e9 2025\"},{\"@type\":\"PropertyValue\",\"name\":\"Lieu (ville)\",\"value\":\"Saint-Paul-en-Born et environs\"},{\"@type\":\"PropertyValue\",\"name\":\"Distance depuis le camping (km)\",\"value\":\"0-10 km\"},{\"@type\":\"PropertyValue\",\"name\":\"Type d\u2019\u00e9v\u00e9nement (march\u00e9, festival, sport, etc.)\",\"value\":\"Activit\u00e9 nautique\"},{\"@type\":\"PropertyValue\",\"name\":\"Astuce ou commentaire\",\"value\":\"Alternative sportive et nature \u00e0 proximit\u00e9 du camping.\"}]}},{\"@type\":\"ListItem\",\"position\":26,\"item\":{\"@type\":\"Event\",\"name\":\"Initiation au paddle board\",\"description\":\"Cours et initiation \u00e0 la pratique du paddle sur le lac ou la mer.\",\"url\":\"https:\/\/www.camping-laclairiere.fr\/en\/campsite-animations-saint-paul-en-born\/\",\"additionalProperty\":[{\"@type\":\"PropertyValue\",\"name\":\"Date \/ P\u00e9riode\",\"value\":\"Saison estivale 2025\"},{\"@type\":\"PropertyValue\",\"name\":\"Lieu (ville)\",\"value\":\"Mimizan\"},{\"@type\":\"PropertyValue\",\"name\":\"Distance depuis le camping (km)\",\"value\":\"8.3 km\"},{\"@type\":\"PropertyValue\",\"name\":\"Type d\u2019\u00e9v\u00e9nement (march\u00e9, festival, sport, etc.)\",\"value\":\"Activit\u00e9 nautique\"},{\"@type\":\"PropertyValue\",\"name\":\"Astuce ou commentaire\",\"value\":\"Activit\u00e9 accessible d\u00e9butants \u00e0 quelques kilom\u00e8tres du camping.\"}]}},{\"@type\":\"ListItem\",\"position\":27,\"item\":{\"@type\":\"Event\",\"name\":\"Exposition locale et Fest'Images\",\"description\":\"Exposition photographique annuelle pr\u00e9sentant la r\u00e9gion et ses paysages.\",\"url\":\"https:\/\/www.ville-saintpaultroischateaux.fr\/systeme\/agenda\/\",\"additionalProperty\":[{\"@type\":\"PropertyValue\",\"name\":\"Date \/ P\u00e9riode\",\"value\":\"11 au 19 octobre 2025\"},{\"@type\":\"PropertyValue\",\"name\":\"Lieu (ville)\",\"value\":\"Ville proche (Saint-Paul-Trois-Ch\u00e2teaux)\"},{\"@type\":\"PropertyValue\",\"name\":\"Distance depuis le camping (km)\",\"value\":\"plus de 100 km (hors p\u00e9rim\u00e8tre imm\u00e9diat)\"},{\"@type\":\"PropertyValue\",\"name\":\"Type d\u2019\u00e9v\u00e9nement (march\u00e9, festival, sport, etc.)\",\"value\":\"Exposition culturelle\"},{\"@type\":\"PropertyValue\",\"name\":\"Astuce ou commentaire\",\"value\":\"Bien que \u00e9loign\u00e9, cit\u00e9 pour contexte culturel, mais hors p\u00e9rim\u00e8tre proche du camping.\"}]}},{\"@type\":\"ListItem\",\"position\":28,\"item\":{\"@type\":\"Event\",\"name\":\"Journ\u00e9e d\u00e9couverte du patrimoine naturel\",\"description\":\"Balades et ateliers pour d\u00e9couvrir le patrimoine naturel et environnemental local.\",\"url\":\"https:\/\/www.eterritoire.fr\/territoires\/nouvelle-aquitaine\/landes\/saint-paul-en-born\/40278\/16036?agenda\",\"additionalProperty\":[{\"@type\":\"PropertyValue\",\"name\":\"Date \/ P\u00e9riode\",\"value\":\"dates variables 2025\"},{\"@type\":\"PropertyValue\",\"name\":\"Lieu (ville)\",\"value\":\"Saint-Paul-en-Born\"},{\"@type\":\"PropertyValue\",\"name\":\"Distance depuis le camping (km)\",\"value\":\"0 km\"},{\"@type\":\"PropertyValue\",\"name\":\"Type d\u2019\u00e9v\u00e9nement (march\u00e9, festival, sport, etc.)\",\"value\":\"Activit\u00e9 culturelle et nature\"},{\"@type\":\"PropertyValue\",\"name\":\"Astuce ou commentaire\",\"value\":\"Favorise la sensibilisation \u00e0 la nature et \u00e0 l\u2019environnement local.\"}]}},{\"@type\":\"ListItem\",\"position\":29,\"item\":{\"@type\":\"Event\",\"name\":\"Animation sportive locale\",\"description\":\"Sessions sportives diverses comprenant volleyball, tennis et home ball, avec pr\u00eat de mat\u00e9riel.\",\"url\":\"https:\/\/www.camping-laclairiere.fr\/en\/campsite-animations-saint-paul-en-born\/\",\"additionalProperty\":[{\"@type\":\"PropertyValue\",\"name\":\"Date \/ P\u00e9riode\",\"value\":\"\u00c9t\u00e9 2025\"},{\"@type\":\"PropertyValue\",\"name\":\"Lieu (ville)\",\"value\":\"Saint-Paul-en-Born\"},{\"@type\":\"PropertyValue\",\"name\":\"Distance depuis le camping (km)\",\"value\":\"0 km\"},{\"@type\":\"PropertyValue\",\"name\":\"Type d\u2019\u00e9v\u00e9nement (march\u00e9, festival, sport, etc.)\",\"value\":\"Animation sportive\"},{\"@type\":\"PropertyValue\",\"name\":\"Astuce ou commentaire\",\"value\":\"Permet la pratique facile de sports sur place.\"}]}},{\"@type\":\"ListItem\",\"position\":30,\"item\":{\"@type\":\"Event\",\"name\":\"Atelier musical pour enfants\",\"description\":\"Activit\u00e9 d\u2019initiation musicale et chants pour enfants organis\u00e9e localement.\",\"additionalProperty\":[{\"@type\":\"PropertyValue\",\"name\":\"Date \/ P\u00e9riode\",\"value\":\"Juillet - Ao\u00fbt 2025\"},{\"@type\":\"PropertyValue\",\"name\":\"Lieu (ville)\",\"value\":\"Saint-Paul-en-Born\"},{\"@type\":\"PropertyValue\",\"name\":\"Distance depuis le camping (km)\",\"value\":\"0 km\"},{\"@type\":\"PropertyValue\",\"name\":\"Type d\u2019\u00e9v\u00e9nement (march\u00e9, festival, sport, etc.)\",\"value\":\"Atelier culturel\"},{\"@type\":\"PropertyValue\",\"name\":\"Astuce ou commentaire\",\"value\":\"Compl\u00e8te le Kids Club pour enfants pr\u00e9sent au camping.\"}]}},{\"@type\":\"ListItem\",\"position\":31,\"item\":{\"@type\":\"Event\",\"name\":\"Soir\u00e9e dansante traditionnelle du Sud-Ouest\",\"description\":\"Soir\u00e9e festive avec danse traditionnelle, bandas et ambiance r\u00e9gionale.\",\"url\":\"https:\/\/www.mimizan-tourisme.com\/en\/agenda\/major-events\/\",\"additionalProperty\":[{\"@type\":\"PropertyValue\",\"name\":\"Date \/ P\u00e9riode\",\"value\":\"Dates estivales 2025\"},{\"@type\":\"PropertyValue\",\"name\":\"Lieu (ville)\",\"value\":\"Saint-Paul-en-Born\"},{\"@type\":\"PropertyValue\",\"name\":\"Distance depuis le camping (km)\",\"value\":\"0 km\"},{\"@type\":\"PropertyValue\",\"name\":\"Type d\u2019\u00e9v\u00e9nement (march\u00e9, festival, sport, etc.)\",\"value\":\"Soir\u00e9e festive\"},{\"@type\":\"PropertyValue\",\"name\":\"Astuce ou commentaire\",\"value\":\"Animation locale traditionnelle invitant \u00e0 la convivialit\u00e9 et \u00e0 la culture r\u00e9gionale.\"}]}},{\"@type\":\"ListItem\",\"position\":32,\"item\":{\"@type\":\"Event\",\"name\":\"Festival Nature et Loutres\",\"description\":\"Balade nature centr\u00e9e autour de la loutre d'Europe, pour d\u00e9couvrir la faune locale et sensibiliser \u00e0 la protection de l'environnement.\",\"url\":\"https:\/\/www.eterritoire.fr\/territoires\/nouvelle-aquitaine\/landes\/saint-paul-en-born\/40278\/16036?agenda#agenda\",\"additionalProperty\":[{\"@type\":\"PropertyValue\",\"name\":\"Date \/ P\u00e9riode\",\"value\":\"25 octobre 2025\"},{\"@type\":\"PropertyValue\",\"name\":\"Lieu (ville)\",\"value\":\"Saint-Paul-en-Born\"},{\"@type\":\"PropertyValue\",\"name\":\"Distance depuis le camping (km)\",\"value\":\"0 km\"},{\"@type\":\"PropertyValue\",\"name\":\"Type d\u2019\u00e9v\u00e9nement (march\u00e9, festival, sport, etc.)\",\"value\":\"manifestation culturelle, nature, environnement\"},{\"@type\":\"PropertyValue\",\"name\":\"Astuce ou commentaire\",\"value\":\"\u00c9v\u00e9nement local naturel et \u00e9ducatif organis\u00e9 \u00e0 Saint-Paul-en-Born.\"}]}},{\"@type\":\"ListItem\",\"position\":33,\"item\":{\"@type\":\"Event\",\"name\":\"Mimizan Triathlon 2025\",\"description\":\"37\u00e8me \u00e9dition du triathlon de Mimizan avec plusieurs parcours sportifs pour tous les niveaux.\",\"url\":\"https:\/\/www.mimizan-tourisme.com\/en\/agenda\/major-events\/\",\"additionalProperty\":[{\"@type\":\"PropertyValue\",\"name\":\"Date \/ P\u00e9riode\",\"value\":\"7-8 juin 2025\"},{\"@type\":\"PropertyValue\",\"name\":\"Lieu (ville)\",\"value\":\"Mimizan\"},{\"@type\":\"PropertyValue\",\"name\":\"Distance depuis le camping (km)\",\"value\":\"8.3 km\"},{\"@type\":\"PropertyValue\",\"name\":\"Type d\u2019\u00e9v\u00e9nement (march\u00e9, festival, sport, etc.)\",\"value\":\"sport, comp\u00e9tition\"},{\"@type\":\"PropertyValue\",\"name\":\"Astuce ou commentaire\",\"value\":\"\u00c9v\u00e9nement sportif majeur \u00e0 proximit\u00e9 imm\u00e9diate du camping.\"}]}},{\"@type\":\"ListItem\",\"position\":34,\"item\":{\"@type\":\"Event\",\"name\":\"Ferias du Sud-Ouest \u00e0 Mimizan\",\"description\":\"Festival festif m\u00ealant traditions locales, gastronomie et spectacles color\u00e9s avec bandas et bals populaires.\",\"url\":\"https:\/\/www.mimizan-tourisme.com\/en\/agenda\/les-fetes-de-mimizan\/\",\"additionalProperty\":[{\"@type\":\"PropertyValue\",\"name\":\"Date \/ P\u00e9riode\",\"value\":\"21-24 ao\u00fbt 2025\"},{\"@type\":\"PropertyValue\",\"name\":\"Lieu (ville)\",\"value\":\"Mimizan\"},{\"@type\":\"PropertyValue\",\"name\":\"Distance depuis le camping (km)\",\"value\":\"8.3 km\"},{\"@type\":\"PropertyValue\",\"name\":\"Type d\u2019\u00e9v\u00e9nement (march\u00e9, festival, sport, etc.)\",\"value\":\"festival, culture, tradition\"},{\"@type\":\"PropertyValue\",\"name\":\"Astuce ou commentaire\",\"value\":\"Festival embl\u00e9matique de la r\u00e9gion du Sud-Ouest.\"}]}},{\"@type\":\"ListItem\",\"position\":35,\"item\":{\"@type\":\"Event\",\"name\":\"Soir\u00e9es anim\u00e9es deux fois par semaine\",\"description\":\"Soir\u00e9es musicales et conviviales deux fois par semaine autour de la piscine chauff\u00e9e avec ambiance chaleureuse.\",\"url\":\"https:\/\/www.camping-laclairiere.fr\/en\/campsite-animations-saint-paul-en-born\/\",\"additionalProperty\":[{\"@type\":\"PropertyValue\",\"name\":\"Date \/ P\u00e9riode\",\"value\":\"Juillet - Ao\u00fbt 2025\"},{\"@type\":\"PropertyValue\",\"name\":\"Lieu (ville)\",\"value\":\"Camping La Clairi\u00e8re, Saint-Paul-en-Born\"},{\"@type\":\"PropertyValue\",\"name\":\"Distance depuis le camping (km)\",\"value\":\"0 km\"},{\"@type\":\"PropertyValue\",\"name\":\"Type d\u2019\u00e9v\u00e9nement (march\u00e9, festival, sport, etc.)\",\"value\":\"animation camping\"},{\"@type\":\"PropertyValue\",\"name\":\"Astuce ou commentaire\",\"value\":\"Animation propre au camping, cr\u00e9ant une ambiance festive sur place.\"}]}},{\"@type\":\"ListItem\",\"position\":36,\"item\":{\"@type\":\"Event\",\"name\":\"Cours et initiation au surf\",\"description\":\"Initiations et cours de surf pour tous les \u00e2ges, id\u00e9al pour profiter de l'oc\u00e9an Atlantique.\",\"url\":\"https:\/\/www.mimizan-tourisme.com\/en\/agenda\/major-events\/\",\"additionalProperty\":[{\"@type\":\"PropertyValue\",\"name\":\"Date \/ P\u00e9riode\",\"value\":\"\u00c9t\u00e9 2025\"},{\"@type\":\"PropertyValue\",\"name\":\"Lieu (ville)\",\"value\":\"Plage proche Mimizan\"},{\"@type\":\"PropertyValue\",\"name\":\"Distance depuis le camping (km)\",\"value\":\"8.3 km\"},{\"@type\":\"PropertyValue\",\"name\":\"Type d\u2019\u00e9v\u00e9nement (march\u00e9, festival, sport, etc.)\",\"value\":\"activit\u00e9 sportive, nautique\"},{\"@type\":\"PropertyValue\",\"name\":\"Astuce ou commentaire\",\"value\":\"Activit\u00e9 sportive de plein air \u00e0 proximit\u00e9 du camping.\"}]}},{\"@type\":\"ListItem\",\"position\":37,\"item\":{\"@type\":\"Event\",\"name\":\"Parcours accrobranche dans les Landes\",\"description\":\"Activit\u00e9 ludique et sportive en for\u00eat avec parcours d\u2019accrobranche adapt\u00e9 \u00e0 tous les niveaux.\",\"url\":\"https:\/\/www.camping-laclairiere.fr\/en\/campsite-animations-saint-paul-en-born\/\",\"additionalProperty\":[{\"@type\":\"PropertyValue\",\"name\":\"Date \/ P\u00e9riode\",\"value\":\"Toute la saison 2025\"},{\"@type\":\"PropertyValue\",\"name\":\"Lieu (ville)\",\"value\":\"Aux alentours de Saint-Paul-en-Born\"},{\"@type\":\"PropertyValue\",\"name\":\"Distance depuis le camping (km)\",\"value\":\"Variable (environs 10 km)\"},{\"@type\":\"PropertyValue\",\"name\":\"Type d\u2019\u00e9v\u00e9nement (march\u00e9, festival, sport, etc.)\",\"value\":\"loisirs nature\"},{\"@type\":\"PropertyValue\",\"name\":\"Astuce ou commentaire\",\"value\":\"Activit\u00e9 ext\u00e9rieure proche du camping proposant aventure et d\u00e9tente.\"}]}},{\"@type\":\"ListItem\",\"position\":38,\"item\":{\"@type\":\"Event\",\"name\":\"March\u00e9 artisanal et gastronomique de Saint-Paul-en-Born\",\"description\":\"March\u00e9 local proposant produits artisanaux, sp\u00e9cialit\u00e9s landaises et animation conviviale.\",\"url\":\"https:\/\/www.eterritoire.fr\/territoires\/nouvelle-aquitaine\/landes\/saint-paul-en-born\/40278\/16036?agenda\",\"additionalProperty\":[{\"@type\":\"PropertyValue\",\"name\":\"Date \/ P\u00e9riode\",\"value\":\"Hebdomadaire, \u00e9t\u00e9s 2025\"},{\"@type\":\"PropertyValue\",\"name\":\"Lieu (ville)\",\"value\":\"Saint-Paul-en-Born centre\"},{\"@type\":\"PropertyValue\",\"name\":\"Distance depuis le camping (km)\",\"value\":\"1-2 km\"},{\"@type\":\"PropertyValue\",\"name\":\"Type d\u2019\u00e9v\u00e9nement (march\u00e9, festival, sport, etc.)\",\"value\":\"march\u00e9, gastronomie locale\"},{\"@type\":\"PropertyValue\",\"name\":\"Astuce ou commentaire\",\"value\":\"March\u00e9 typique permettant de d\u00e9couvrir des saveurs et artisans locaux.\"}]}},{\"@type\":\"ListItem\",\"position\":39,\"item\":{\"@type\":\"Event\",\"name\":\"Initiation au golf\",\"description\":\"S\u00e9ances d\u2019initiation au golf ouvertes \u00e0 tous les \u00e2ges et niveaux.\",\"url\":\"https:\/\/www.camping-laclairiere.fr\/en\/campsite-animations-saint-paul-en-born\/\",\"additionalProperty\":[{\"@type\":\"PropertyValue\",\"name\":\"Date \/ P\u00e9riode\",\"value\":\"Saison estivale 2025\"},{\"@type\":\"PropertyValue\",\"name\":\"Lieu (ville)\",\"value\":\"Golf proche de Mimizan\"},{\"@type\":\"PropertyValue\",\"name\":\"Distance depuis le camping (km)\",\"value\":\"10 km\"},{\"@type\":\"PropertyValue\",\"name\":\"Type d\u2019\u00e9v\u00e9nement (march\u00e9, festival, sport, etc.)\",\"value\":\"activit\u00e9 sportive\"},{\"@type\":\"PropertyValue\",\"name\":\"Astuce ou commentaire\",\"value\":\"Sport accessible et d\u00e9tente \u00e0 proximit\u00e9 du camping.\"}]}},{\"@type\":\"ListItem\",\"position\":40,\"item\":{\"@type\":\"Event\",\"name\":\"Kayak sur les \u00e9tangs landais\",\"description\":\"Balades en kayak sur les plans d'eau calmes entourant le camping.\",\"url\":\"https:\/\/www.camping-laclairiere.fr\/en\/campsite-animations-saint-paul-en-born\/\",\"additionalProperty\":[{\"@type\":\"PropertyValue\",\"name\":\"Date \/ P\u00e9riode\",\"value\":\"Mai \u00e0 septembre 2025\"},{\"@type\":\"PropertyValue\",\"name\":\"Lieu (ville)\",\"value\":\"\u00c9tangs autour de Saint-Paul-en-Born\"},{\"@type\":\"PropertyValue\",\"name\":\"Distance depuis le camping (km)\",\"value\":\"3-10 km\"},{\"@type\":\"PropertyValue\",\"name\":\"Type d\u2019\u00e9v\u00e9nement (march\u00e9, festival, sport, etc.)\",\"value\":\"activit\u00e9 nautique\"},{\"@type\":\"PropertyValue\",\"name\":\"Astuce ou commentaire\",\"value\":\"Activit\u00e9 nature et sport d\u00e9couverte tr\u00e8s proche du camping.\"}]}},{\"@type\":\"ListItem\",\"position\":41,\"item\":{\"@type\":\"Event\",\"name\":\"Ateliers d\u00e9couverte de la biodiversit\u00e9 foresti\u00e8re\",\"description\":\"Ateliers p\u00e9dagogiques pour adultes et enfants sur la flore et la faune locale en for\u00eat.\",\"url\":\"https:\/\/www.eterritoire.fr\/territoires\/nouvelle-aquitaine\/landes\/saint-paul-en-born\/40278\/16036?agenda\",\"additionalProperty\":[{\"@type\":\"PropertyValue\",\"name\":\"Date \/ P\u00e9riode\",\"value\":\"Printemps et automne 2025\"},{\"@type\":\"PropertyValue\",\"name\":\"Lieu (ville)\",\"value\":\"For\u00eat des Landes pr\u00e8s Saint-Paul-en-Born\"},{\"@type\":\"PropertyValue\",\"name\":\"Distance depuis le camping (km)\",\"value\":\"5 km\"},{\"@type\":\"PropertyValue\",\"name\":\"Type d\u2019\u00e9v\u00e9nement (march\u00e9, festival, sport, etc.)\",\"value\":\"activit\u00e9 nature, p\u00e9dagogique\"},{\"@type\":\"PropertyValue\",\"name\":\"Astuce ou commentaire\",\"value\":\"Activit\u00e9 \u00e9ducative proche promouvant la d\u00e9couverte de la nature environnante.\"}]}},{\"@type\":\"ListItem\",\"position\":42,\"item\":{\"@type\":\"Event\",\"name\":\"Balades guid\u00e9es en v\u00e9lo tout terrain\",\"description\":\"Excursions guid\u00e9es en VTT pour d\u00e9couvrir les paysages landais et profiter de la nature.\",\"url\":\"https:\/\/www.eterritoire.fr\/territoires\/nouvelle-aquitaine\/landes\/saint-paul-en-born\/40278\/16036?agenda\",\"additionalProperty\":[{\"@type\":\"PropertyValue\",\"name\":\"Date \/ P\u00e9riode\",\"value\":\"Saison 2025\"},{\"@type\":\"PropertyValue\",\"name\":\"Lieu (ville)\",\"value\":\"For\u00eats et pistes autour de Saint-Paul-en-Born\"},{\"@type\":\"PropertyValue\",\"name\":\"Distance depuis le camping (km)\",\"value\":\"0-10 km\"},{\"@type\":\"PropertyValue\",\"name\":\"Type d\u2019\u00e9v\u00e9nement (march\u00e9, festival, sport, etc.)\",\"value\":\"loisir sportif\"},{\"@type\":\"PropertyValue\",\"name\":\"Astuce ou commentaire\",\"value\":\"Activit\u00e9 sportive plein air accessible depuis le camping.\"}]}},{\"@type\":\"ListItem\",\"position\":43,\"item\":{\"@type\":\"Event\",\"name\":\"Soir\u00e9es barbecue conviviaux au camping\",\"description\":\"Soir\u00e9es barbecue organis\u00e9es pour les campeurs avec partage et d\u00e9tente dans un cadre naturel.\",\"url\":\"https:\/\/www.camping-laclairiere.fr\/en\/campsite-animations-saint-paul-en-born\/\",\"additionalProperty\":[{\"@type\":\"PropertyValue\",\"name\":\"Date \/ P\u00e9riode\",\"value\":\"Saisons chaudes 2025\"},{\"@type\":\"PropertyValue\",\"name\":\"Lieu (ville)\",\"value\":\"Camping La Clairi\u00e8re\"},{\"@type\":\"PropertyValue\",\"name\":\"Distance depuis le camping (km)\",\"value\":\"0 km\"},{\"@type\":\"PropertyValue\",\"name\":\"Type d\u2019\u00e9v\u00e9nement (march\u00e9, festival, sport, etc.)\",\"value\":\"animation camping\"},{\"@type\":\"PropertyValue\",\"name\":\"Astuce ou commentaire\",\"value\":\"Temps fort convivial propre au camping pour ses visiteurs.\"}]}},{\"@type\":\"ListItem\",\"position\":44,\"item\":{\"@type\":\"Event\",\"name\":\"Animations et spectacles pour enfants au camping\",\"description\":\"Activit\u00e9s r\u00e9cr\u00e9atives et spectacles pour les enfants sur le site du camping.\",\"url\":\"https:\/\/www.camping-laclairiere.fr\/en\/campsite-animations-saint-paul-en-born\/\",\"additionalProperty\":[{\"@type\":\"PropertyValue\",\"name\":\"Date \/ P\u00e9riode\",\"value\":\"Juillet - ao\u00fbt 2025\"},{\"@type\":\"PropertyValue\",\"name\":\"Lieu (ville)\",\"value\":\"Camping La Clairi\u00e8re\"},{\"@type\":\"PropertyValue\",\"name\":\"Distance depuis le camping (km)\",\"value\":\"0 km\"},{\"@type\":\"PropertyValue\",\"name\":\"Type d\u2019\u00e9v\u00e9nement (march\u00e9, festival, sport, etc.)\",\"value\":\"animation camping, famille\"},{\"@type\":\"PropertyValue\",\"name\":\"Astuce ou commentaire\",\"value\":\"Programme sp\u00e9cial enfants d\u00e9velopp\u00e9 par le camping.\"}]}},{\"@type\":\"ListItem\",\"position\":45,\"item\":{\"@type\":\"Event\",\"name\":\"Expositions et visites culturelles locales\",\"description\":\"Expositions d\u2019art, patrimoine local et visites guid\u00e9es pour d\u00e9couvrir la culture r\u00e9gionale.\",\"url\":\"https:\/\/www.eterritoire.fr\/territoires\/nouvelle-aquitaine\/landes\/saint-paul-en-born\/40278\/16036?agenda\",\"additionalProperty\":[{\"@type\":\"PropertyValue\",\"name\":\"Date \/ P\u00e9riode\",\"value\":\"Tout au long de l'ann\u00e9e 2025\"},{\"@type\":\"PropertyValue\",\"name\":\"Lieu (ville)\",\"value\":\"Saint-Paul-en-Born et environs\"},{\"@type\":\"PropertyValue\",\"name\":\"Distance depuis le camping (km)\",\"value\":\"0-10 km\"},{\"@type\":\"PropertyValue\",\"name\":\"Type d\u2019\u00e9v\u00e9nement (march\u00e9, festival, sport, etc.)\",\"value\":\"culture, patrimoine\"},{\"@type\":\"PropertyValue\",\"name\":\"Astuce ou commentaire\",\"value\":\"Offre culturelle \u00e0 proximit\u00e9 du camping.\"}]}},{\"@type\":\"ListItem\",\"position\":46,\"item\":{\"@type\":\"Event\",\"name\":\"Volley-ball sur terrain du camping\",\"description\":\"Tournois et parties de volley-ball organis\u00e9s sur les terrains sportifs du camping.\",\"url\":\"https:\/\/www.camping-laclairiere.fr\/en\/campsite-animations-saint-paul-en-born\/\",\"additionalProperty\":[{\"@type\":\"PropertyValue\",\"name\":\"Date \/ P\u00e9riode\",\"value\":\"Toute la saison estivale 2025\"},{\"@type\":\"PropertyValue\",\"name\":\"Lieu (ville)\",\"value\":\"Camping La Clairi\u00e8re\"},{\"@type\":\"PropertyValue\",\"name\":\"Distance depuis le camping (km)\",\"value\":\"0 km\"},{\"@type\":\"PropertyValue\",\"name\":\"Type d\u2019\u00e9v\u00e9nement (march\u00e9, festival, sport, etc.)\",\"value\":\"activit\u00e9 sportive camping\"},{\"@type\":\"PropertyValue\",\"name\":\"Astuce ou commentaire\",\"value\":\"Animation sportive sur place pour les clients.\"}]}},{\"@type\":\"ListItem\",\"position\":47,\"item\":{\"@type\":\"Event\",\"name\":\"March\u00e9 nocturne de Saint-Paul-en-Born\",\"description\":\"March\u00e9 nocturne estival proposant produits artisanaux, sp\u00e9cialit\u00e9s locales et animations musicales en plein air.\",\"url\":\"https:\/\/www.mimizan-tourisme.com\/\",\"additionalProperty\":[{\"@type\":\"PropertyValue\",\"name\":\"Date \/ P\u00e9riode\",\"value\":\"\u00c0 partir de juin jusqu'en septembre 2025, un soir par semaine\"},{\"@type\":\"PropertyValue\",\"name\":\"Lieu (ville)\",\"value\":\"Saint-Paul-en-Born\"},{\"@type\":\"PropertyValue\",\"name\":\"Distance depuis le camping (km)\",\"value\":\"0 km\"},{\"@type\":\"PropertyValue\",\"name\":\"Type d\u2019\u00e9v\u00e9nement (march\u00e9, festival, sport, etc.)\",\"value\":\"March\u00e9 et animation locale\"},{\"@type\":\"PropertyValue\",\"name\":\"Astuce ou commentaire\",\"value\":\"Un moment convivial et typique \u00e0 d\u00e9couvrir en soir\u00e9e proche du camping.\"}]}},{\"@type\":\"ListItem\",\"position\":48,\"item\":{\"@type\":\"Event\",\"name\":\"Atelier d\u00e9couverte de la boussole c\u00e9leste - Automne en Sc\u00e8ne\",\"description\":\"Animation culturelle pour apprendre \u00e0 s\u2019orienter la nuit gr\u00e2ce \u00e0 la boussole c\u00e9leste.\",\"url\":\"https:\/\/www.guide-des-landes.com\/fr\/tourisme\/se-loger\/campings\/campings-mobil-homes\/saint-paul-en-born-275\/camping-la-clairiere-691.html\",\"additionalProperty\":[{\"@type\":\"PropertyValue\",\"name\":\"Date \/ P\u00e9riode\",\"value\":\"Septembre 2025\"},{\"@type\":\"PropertyValue\",\"name\":\"Lieu (ville)\",\"value\":\"Saint-Paul-en-Born\"},{\"@type\":\"PropertyValue\",\"name\":\"Distance depuis le camping (km)\",\"value\":\"1,1 km\"},{\"@type\":\"PropertyValue\",\"name\":\"Type d\u2019\u00e9v\u00e9nement (march\u00e9, festival, sport, etc.)\",\"value\":\"Atelier culturel\"},{\"@type\":\"PropertyValue\",\"name\":\"Astuce ou commentaire\",\"value\":\"Activit\u00e9 p\u00e9dagogique et accessible \u00e0 tous les \u00e2ges, organis\u00e9e \u00e0 proximit\u00e9 imm\u00e9diate du camping.\"}]}},{\"@type\":\"ListItem\",\"position\":49,\"item\":{\"@type\":\"Event\",\"name\":\"F\u00eate traditionnelle villageoise avec bandas et repas landais\",\"description\":\"F\u00eates populaires locales incluant concerts, bals traditionnels et feux d\u2019artifice.\",\"url\":\"https:\/\/www.campingsluxe.fr\/aquitaine\/landes\/saint-paul-en-born\/a-34908\",\"additionalProperty\":[{\"@type\":\"PropertyValue\",\"name\":\"Date \/ P\u00e9riode\",\"value\":\"Chaque \u00e9t\u00e9, dates pr\u00e9cises variables en 2025\"},{\"@type\":\"PropertyValue\",\"name\":\"Lieu (ville)\",\"value\":\"Saint-Paul-en-Born\"},{\"@type\":\"PropertyValue\",\"name\":\"Distance depuis le camping (km)\",\"value\":\"1-3 km\"},{\"@type\":\"PropertyValue\",\"name\":\"Type d\u2019\u00e9v\u00e9nement (march\u00e9, festival, sport, etc.)\",\"value\":\"F\u00eate traditionnelle\"},{\"@type\":\"PropertyValue\",\"name\":\"Astuce ou commentaire\",\"value\":\"Offre un aper\u00e7u authentique de la culture landaise pendant la saison estivale.\"}]}},{\"@type\":\"ListItem\",\"position\":50,\"item\":{\"@type\":\"Event\",\"name\":\"Circuit cycliste sur la V\u00e9lodys\u00e9e\",\"description\":\"Parcours balis\u00e9 pour cyclistes reliant la c\u00f4te Atlantique au camping en traversant la for\u00eat des Landes.\",\"url\":\"https:\/\/www.camping-laclairiere.fr\/fr\/\",\"additionalProperty\":[{\"@type\":\"PropertyValue\",\"name\":\"Date \/ P\u00e9riode\",\"value\":\"Toute l\u2019ann\u00e9e\"},{\"@type\":\"PropertyValue\",\"name\":\"Lieu (ville)\",\"value\":\"Saint-Paul-en-Born et environs\"},{\"@type\":\"PropertyValue\",\"name\":\"Distance depuis le camping (km)\",\"value\":\"0-10 km\"},{\"@type\":\"PropertyValue\",\"name\":\"Type d\u2019\u00e9v\u00e9nement (march\u00e9, festival, sport, etc.)\",\"value\":\"Activit\u00e9 sportive en plein air\"},{\"@type\":\"PropertyValue\",\"name\":\"Astuce ou commentaire\",\"value\":\"Id\u00e9al pour les amateurs de v\u00e9lo voulant explorer les paysages locaux depuis le camping.\"}]}},{\"@type\":\"ListItem\",\"position\":51,\"item\":{\"@type\":\"Event\",\"name\":\"Randonn\u00e9es p\u00e9destres sur le chemin de Saint-Jacques-de-Compostelle\",\"description\":\"Sentiers balis\u00e9s autour de Saint-Paul-en-Born emprunt\u00e9s par les p\u00e8lerins, adapt\u00e9s pour randonneurs.\",\"url\":\"https:\/\/www.camping-laclairiere.fr\/fr\/\",\"additionalProperty\":[{\"@type\":\"PropertyValue\",\"name\":\"Date \/ P\u00e9riode\",\"value\":\"Toute l\u2019ann\u00e9e\"},{\"@type\":\"PropertyValue\",\"name\":\"Lieu (ville)\",\"value\":\"D\u00e9part proche camping\"},{\"@type\":\"PropertyValue\",\"name\":\"Distance depuis le camping (km)\",\"value\":\"0 km\"},{\"@type\":\"PropertyValue\",\"name\":\"Type d\u2019\u00e9v\u00e9nement (march\u00e9, festival, sport, etc.)\",\"value\":\"Randonn\u00e9e nature\"},{\"@type\":\"PropertyValue\",\"name\":\"Astuce ou commentaire\",\"value\":\"Exp\u00e9rience culturelle et sportive accessible \u00e0 tous, \u00e0 proximit\u00e9 imm\u00e9diate du camping.\"}]}},{\"@type\":\"ListItem\",\"position\":52,\"item\":{\"@type\":\"Event\",\"name\":\"Animations sportives familiales au city stade\",\"description\":\"Activit\u00e9s sportives encadr\u00e9es pour enfants et adultes, ouvertes \u00e0 tous.\",\"url\":\"https:\/\/www.camping-laclairiere.fr\/fr\/\",\"additionalProperty\":[{\"@type\":\"PropertyValue\",\"name\":\"Date \/ P\u00e9riode\",\"value\":\"Juillet et ao\u00fbt 2025, en apr\u00e8s-midi\"},{\"@type\":\"PropertyValue\",\"name\":\"Lieu (ville)\",\"value\":\"\u00c0 1 km du camping, Saint-Paul-en-Born\"},{\"@type\":\"PropertyValue\",\"name\":\"Distance depuis le camping (km)\",\"value\":\"1 km\"},{\"@type\":\"PropertyValue\",\"name\":\"Type d\u2019\u00e9v\u00e9nement (march\u00e9, festival, sport, etc.)\",\"value\":\"Animation sportive\"},{\"@type\":\"PropertyValue\",\"name\":\"Astuce ou commentaire\",\"value\":\"Compl\u00e9ment aux animations du camping, favorisant la convivialit\u00e9 et le sport en famille.\"}]}},{\"@type\":\"ListItem\",\"position\":53,\"item\":{\"@type\":\"Event\",\"name\":\"Club enfants matin et activit\u00e9s ludiques l\u2019apr\u00e8s-midi\",\"description\":\"Programme d\u2019animations pour enfants de divers \u00e2ges incluant activit\u00e9s cr\u00e9atives, sportives et r\u00e9cr\u00e9atives.\",\"url\":\"https:\/\/www.camping-laclairiere.fr\/fr\/camping-animations-saint-paul-en-born\/\",\"additionalProperty\":[{\"@type\":\"PropertyValue\",\"name\":\"Date \/ P\u00e9riode\",\"value\":\"Juillet et ao\u00fbt 2025\"},{\"@type\":\"PropertyValue\",\"name\":\"Lieu (ville)\",\"value\":\"Camping La Clairi\u00e8re\"},{\"@type\":\"PropertyValue\",\"name\":\"Distance depuis le camping (km)\",\"value\":\"0 km\"},{\"@type\":\"PropertyValue\",\"name\":\"Type d\u2019\u00e9v\u00e9nement (march\u00e9, festival, sport, etc.)\",\"value\":\"Animation enfants\"},{\"@type\":\"PropertyValue\",\"name\":\"Astuce ou commentaire\",\"value\":\"Sur place au camping, entrants dans les services offerts, sans recoupement avec Kids Club g\u00e9n\u00e9ral.\"}]}},{\"@type\":\"ListItem\",\"position\":54,\"item\":{\"@type\":\"Event\",\"name\":\"Tournois amicaux de p\u00e9tanque\",\"description\":\"Comp\u00e9titions amicales de p\u00e9tanque ouvertes aux campeurs, dans une ambiance d\u00e9tendue et festive.\",\"url\":\"https:\/\/www.guide-des-landes.com\/fr\/tourisme\/se-loger\/campings\/campings-mobil-homes\/saint-paul-en-born-275\/camping-la-clairiere-691.html\",\"additionalProperty\":[{\"@type\":\"PropertyValue\",\"name\":\"Date \/ P\u00e9riode\",\"value\":\"Juillet et ao\u00fbt 2025, dates ponctuelles\"},{\"@type\":\"PropertyValue\",\"name\":\"Lieu (ville)\",\"value\":\"Camping La Clairi\u00e8re\"},{\"@type\":\"PropertyValue\",\"name\":\"Distance depuis le camping (km)\",\"value\":\"0 km\"},{\"@type\":\"PropertyValue\",\"name\":\"Type d\u2019\u00e9v\u00e9nement (march\u00e9, festival, sport, etc.)\",\"value\":\"Activit\u00e9 sportive locale\"},{\"@type\":\"PropertyValue\",\"name\":\"Astuce ou commentaire\",\"value\":\"Animation locale conviviale typique des Landes, propos\u00e9e sur site.\"}]}},{\"@type\":\"ListItem\",\"position\":55,\"item\":{\"@type\":\"Event\",\"name\":\"Cours de tennis de table sur site\",\"description\":\"Sessions de tennis de table pour tous niveaux, anim\u00e9es pour passer un moment convivial.\",\"url\":\"https:\/\/www.guide-des-landes.com\/fr\/tourisme\/se-loger\/campings\/campings-mobil-homes\/saint-paul-en-born-275\/camping-la-clairiere-691.html\",\"additionalProperty\":[{\"@type\":\"PropertyValue\",\"name\":\"Date \/ P\u00e9riode\",\"value\":\"Juillet et ao\u00fbt 2025\"},{\"@type\":\"PropertyValue\",\"name\":\"Lieu (ville)\",\"value\":\"Camping La Clairi\u00e8re\"},{\"@type\":\"PropertyValue\",\"name\":\"Distance depuis le camping (km)\",\"value\":\"0 km\"},{\"@type\":\"PropertyValue\",\"name\":\"Type d\u2019\u00e9v\u00e9nement (march\u00e9, festival, sport, etc.)\",\"value\":\"Animation sportive\"},{\"@type\":\"PropertyValue\",\"name\":\"Astuce ou commentaire\",\"value\":\"Activit\u00e9 sportive en acc\u00e8s direct au camping, compl\u00e9mentaire aux sports nautiques.\"}]}},{\"@type\":\"ListItem\",\"position\":56,\"item\":{\"@type\":\"Event\",\"name\":\"Aire de jeux pour enfants\",\"description\":\"Espace ludique ext\u00e9rieur s\u00e9curis\u00e9 pour les plus jeunes enfants, avec balan\u00e7oires et toboggans.\",\"url\":\"https:\/\/www.guide-des-landes.com\/fr\/tourisme\/se-loger\/campings\/campings-mobil-homes\/saint-paul-en-born-275\/camping-la-clairiere-691.html\",\"additionalProperty\":[{\"@type\":\"PropertyValue\",\"name\":\"Date \/ P\u00e9riode\",\"value\":\"Ouvert toute la saison 2025\"},{\"@type\":\"PropertyValue\",\"name\":\"Lieu (ville)\",\"value\":\"Camping La Clairi\u00e8re\"},{\"@type\":\"PropertyValue\",\"name\":\"Distance depuis le camping (km)\",\"value\":\"0 km\"},{\"@type\":\"PropertyValue\",\"name\":\"Type d\u2019\u00e9v\u00e9nement (march\u00e9, festival, sport, etc.)\",\"value\":\"Activit\u00e9 enfants\"},{\"@type\":\"PropertyValue\",\"name\":\"Astuce ou commentaire\",\"value\":\"Compl\u00e9mentaire aux animations organis\u00e9es pour enfants, favorise les moments en famille.\"}]}},{\"@type\":\"ListItem\",\"position\":57,\"item\":{\"@type\":\"Event\",\"name\":\"Service d\u2019accueil v\u00e9lo avec conseils et r\u00e9parations basiques\",\"description\":\"Dispositif d\u2019assistance pour cyclistes, incluant station de r\u00e9paration et informations sur les routes.\",\"url\":\"https:\/\/www.camping-laclairiere.fr\/fr\/\",\"additionalProperty\":[{\"@type\":\"PropertyValue\",\"name\":\"Date \/ P\u00e9riode\",\"value\":\"Saison 2025\"},{\"@type\":\"PropertyValue\",\"name\":\"Lieu (ville)\",\"value\":\"Camping La Clairi\u00e8re\"},{\"@type\":\"PropertyValue\",\"name\":\"Distance depuis le camping (km)\",\"value\":\"0 km\"},{\"@type\":\"PropertyValue\",\"name\":\"Type d\u2019\u00e9v\u00e9nement (march\u00e9, festival, sport, etc.)\",\"value\":\"Service cycliste\"},{\"@type\":\"PropertyValue\",\"name\":\"Astuce ou commentaire\",\"value\":\"Facilite la pratique du v\u00e9lo sur la V\u00e9lodys\u00e9e depuis le camping.\"}]}},{\"@type\":\"ListItem\",\"position\":58,\"item\":{\"@type\":\"Event\",\"name\":\"Excursion d\u00e9couverte de la faune locale\",\"description\":\"Sorties accompagn\u00e9es pour observer la biodiversit\u00e9 locale dans la for\u00eat des Landes.\",\"url\":\"https:\/\/www.guide-des-landes.com\/fr\/tourisme\/se-loger\/campings\/campings-mobil-homes\/saint-paul-en-born-275\/camping-la-clairiere-691.html\",\"additionalProperty\":[{\"@type\":\"PropertyValue\",\"name\":\"Date \/ P\u00e9riode\",\"value\":\"Juillet - ao\u00fbt 2025\"},{\"@type\":\"PropertyValue\",\"name\":\"Lieu (ville)\",\"value\":\"D\u00e9part proche camping\"},{\"@type\":\"PropertyValue\",\"name\":\"Distance depuis le camping (km)\",\"value\":\"1-3 km\"},{\"@type\":\"PropertyValue\",\"name\":\"Type d\u2019\u00e9v\u00e9nement (march\u00e9, festival, sport, etc.)\",\"value\":\"Sortie nature guid\u00e9e\"},{\"@type\":\"PropertyValue\",\"name\":\"Astuce ou commentaire\",\"value\":\"Activit\u00e9 \u00e9ducative adapt\u00e9e aux familles et amateurs de nature.\"}]}},{\"@type\":\"ListItem\",\"position\":59,\"item\":{\"@type\":\"Event\",\"name\":\"Animations d\u2019\u00e9t\u00e9 au restaurant du camping\",\"description\":\"Soir\u00e9es festives incluant d\u00e9gustations, menus th\u00e9matiques et animations musicales ponctuelles.\",\"url\":\"https:\/\/www.camping-laclairiere.fr\/fr\/camping-animations-saint-paul-en-born\/\",\"additionalProperty\":[{\"@type\":\"PropertyValue\",\"name\":\"Date \/ P\u00e9riode\",\"value\":\"Juillet et ao\u00fbt 2025\"},{\"@type\":\"PropertyValue\",\"name\":\"Lieu (ville)\",\"value\":\"Camping La Clairi\u00e8re\"},{\"@type\":\"PropertyValue\",\"name\":\"Distance depuis le camping (km)\",\"value\":\"0 km\"},{\"@type\":\"PropertyValue\",\"name\":\"Type d\u2019\u00e9v\u00e9nement (march\u00e9, festival, sport, etc.)\",\"value\":\"Animation culinaire\"},{\"@type\":\"PropertyValue\",\"name\":\"Astuce ou commentaire\",\"value\":\"Offre une ambiance conviviale dans le restaurant associ\u00e9 au camping.\"}]}},{\"@type\":\"ListItem\",\"position\":60,\"item\":{\"@type\":\"Event\",\"name\":\"Initiation \u00e0 la p\u00e9tanque pour d\u00e9butants\",\"description\":\"S\u00e9ances d\u2019apprentissage aux r\u00e8gles et techniques de p\u00e9tanque pour toute la famille.\",\"url\":\"https:\/\/www.guide-des-landes.com\/fr\/tourisme\/se-loger\/campings\/campings-mobil-homes\/saint-paul-en-born-275\/camping-la-clairiere-691.html\",\"additionalProperty\":[{\"@type\":\"PropertyValue\",\"name\":\"Date \/ P\u00e9riode\",\"value\":\"Juin \u00e0 septembre 2025, dates programm\u00e9es\"},{\"@type\":\"PropertyValue\",\"name\":\"Lieu (ville)\",\"value\":\"Camping La Clairi\u00e8re\"},{\"@type\":\"PropertyValue\",\"name\":\"Distance depuis le camping (km)\",\"value\":\"0 km\"},{\"@type\":\"PropertyValue\",\"name\":\"Type d\u2019\u00e9v\u00e9nement (march\u00e9, festival, sport, etc.)\",\"value\":\"Atelier sportif\"},{\"@type\":\"PropertyValue\",\"name\":\"Astuce ou commentaire\",\"value\":\"Activit\u00e9 ludique pour d\u00e9couvrir un sport traditionnel local.\"}]}},{\"@type\":\"ListItem\",\"position\":61,\"item\":{\"@type\":\"Event\",\"name\":\"Sorties nature guid\u00e9es \u00e0 v\u00e9lo\",\"description\":\"Balades accompagn\u00e9es \u00e0 v\u00e9lo dans la for\u00eat et sur les pistes cyclables environnantes.\",\"url\":\"https:\/\/www.camping-laclairiere.fr\/fr\/\",\"additionalProperty\":[{\"@type\":\"PropertyValue\",\"name\":\"Date \/ P\u00e9riode\",\"value\":\"Juillet et ao\u00fbt 2025\"},{\"@type\":\"PropertyValue\",\"name\":\"Lieu (ville)\",\"value\":\"D\u00e9part du camping\"},{\"@type\":\"PropertyValue\",\"name\":\"Distance depuis le camping (km)\",\"value\":\"0 km\"},{\"@type\":\"PropertyValue\",\"name\":\"Type d\u2019\u00e9v\u00e9nement (march\u00e9, festival, sport, etc.)\",\"value\":\"Excursion sportive\"},{\"@type\":\"PropertyValue\",\"name\":\"Astuce ou commentaire\",\"value\":\"Permet de d\u00e9couvrir la r\u00e9gion en activit\u00e9 physique encadr\u00e9e.\"}]}},{\"@type\":\"ListItem\",\"position\":62,\"item\":{\"@type\":\"Event\",\"name\":\"Exposition \\\"Automne en Sc\u00e8ne\\\" - Atelier d\u00e9couverte de la boussole c\u00e9leste\",\"description\":\"Atelier d'initiation \u00e0 la boussole c\u00e9leste dans le cadre du festival \\\"Automne en Sc\u00e8ne\\\", permettant la d\u00e9couverte de techniques de navigation anciennes.\",\"url\":\"https:\/\/www.guide-des-landes.com\/fr\/tourisme\/se-loger\/campings\/campings-mobil-homes\/saint-paul-en-born-275\/camping-la-clairiere-691.html\",\"additionalProperty\":[{\"@type\":\"PropertyValue\",\"name\":\"Date \/ P\u00e9riode\",\"value\":\"Octobre 2025\"},{\"@type\":\"PropertyValue\",\"name\":\"Lieu (ville)\",\"value\":\"Saint-Paul-en-Born, \u00e0 1,1 km du camping La Clairi\u00e8re\"},{\"@type\":\"PropertyValue\",\"name\":\"Distance depuis le camping (km)\",\"value\":\"1,1 km\"},{\"@type\":\"PropertyValue\",\"name\":\"Type d\u2019\u00e9v\u00e9nement (march\u00e9, festival, sport, etc.)\",\"value\":\"Atelier culturel\"},{\"@type\":\"PropertyValue\",\"name\":\"Astuce ou commentaire\",\"value\":\"\u00c9v\u00e9nement local accessible \u00e0 proximit\u00e9 imm\u00e9diate du camping, pour tous les \u00e2ges.\"}]}},{\"@type\":\"ListItem\",\"position\":63,\"item\":{\"@type\":\"Event\",\"name\":\"F\u00eates traditionnelles du village avec bandas et repas landais\",\"description\":\"F\u00eates villageoises typiques avec ambiance musicale (bandas), repas traditionnels et danses, invitant \u00e0 la d\u00e9couverte de la culture landaise.\",\"url\":\"https:\/\/www.campingsluxe.fr\/aquitaine\/landes\/saint-paul-en-born\/a-34908\",\"additionalProperty\":[{\"@type\":\"PropertyValue\",\"name\":\"Date \/ P\u00e9riode\",\"value\":\"\u00c9t\u00e9 2025 (dates variables)\"},{\"@type\":\"PropertyValue\",\"name\":\"Lieu (ville)\",\"value\":\"Saint-Paul-en-Born\"},{\"@type\":\"PropertyValue\",\"name\":\"Distance depuis le camping (km)\",\"value\":\"1 km\"},{\"@type\":\"PropertyValue\",\"name\":\"Type d\u2019\u00e9v\u00e9nement (march\u00e9, festival, sport, etc.)\",\"value\":\"F\u00eate traditionnelle\"},{\"@type\":\"PropertyValue\",\"name\":\"Astuce ou commentaire\",\"value\":\"Animation conviviale en plein c\u0153ur du village proche du camping.\"}]}},{\"@type\":\"ListItem\",\"position\":64,\"item\":{\"@type\":\"Event\",\"name\":\"March\u00e9 nocturne artisanal et gastronomique\",\"description\":\"March\u00e9 en soir\u00e9e mettant en avant produits artisanaux et sp\u00e9cialit\u00e9s culinaires de la r\u00e9gion, avec animations musicales ponctuelles.\",\"url\":\"https:\/\/www.camping-laclairiere.fr\/fr\/camping-animations-saint-paul-en-born\/\",\"additionalProperty\":[{\"@type\":\"PropertyValue\",\"name\":\"Date \/ P\u00e9riode\",\"value\":\"Estivale, juillet-ao\u00fbt 2025\"},{\"@type\":\"PropertyValue\",\"name\":\"Lieu (ville)\",\"value\":\"Saint-Paul-en-Born\"},{\"@type\":\"PropertyValue\",\"name\":\"Distance depuis le camping (km)\",\"value\":\"1 km\"},{\"@type\":\"PropertyValue\",\"name\":\"Type d\u2019\u00e9v\u00e9nement (march\u00e9, festival, sport, etc.)\",\"value\":\"March\u00e9 local\"},{\"@type\":\"PropertyValue\",\"name\":\"Astuce ou commentaire\",\"value\":\"Une occasion id\u00e9ale pour d\u00e9couvrir les produits locaux \u00e0 deux pas du camping.\"}]}},{\"@type\":\"ListItem\",\"position\":65,\"item\":{\"@type\":\"Event\",\"name\":\"Balades nature guid\u00e9es dans la for\u00eat des Landes\",\"description\":\"Randonn\u00e9es accompagn\u00e9es par un guide naturaliste pour observer la faune et la flore typiques des Landes.\",\"url\":\"https:\/\/www.guide-des-landes.com\/fr\/tourisme\/se-loger\/campings\/campings-mobil-homes\/saint-paul-en-born-275\/camping-la-clairiere-691.html\",\"additionalProperty\":[{\"@type\":\"PropertyValue\",\"name\":\"Date \/ P\u00e9riode\",\"value\":\"Printemps \u00e0 automne 2025\"},{\"@type\":\"PropertyValue\",\"name\":\"Lieu (ville)\",\"value\":\"For\u00eat des Landes, pr\u00e8s Saint-Paul-en-Born\"},{\"@type\":\"PropertyValue\",\"name\":\"Distance depuis le camping (km)\",\"value\":\"2 km\"},{\"@type\":\"PropertyValue\",\"name\":\"Type d\u2019\u00e9v\u00e9nement (march\u00e9, festival, sport, etc.)\",\"value\":\"Sortie nature\"},{\"@type\":\"PropertyValue\",\"name\":\"Astuce ou commentaire\",\"value\":\"Parfait pour les amoureux de la nature souhaitant explorer l'environnement du camping.\"}]}},{\"@type\":\"ListItem\",\"position\":66,\"item\":{\"@type\":\"Event\",\"name\":\"Comp\u00e9tition annuelle de course cycliste \\\"Circuit cycliste sur la V\u00e9lodys\u00e9e\\\"\",\"description\":\"Course cycliste sur la c\u00e9l\u00e8bre piste cyclable V\u00e9lodys\u00e9e, traversant les paysages landais proches du camping.\",\"url\":\"https:\/\/www.guide-des-landes.com\/fr\/tourisme\/se-loger\/campings\/campings-mobil-homes\/saint-paul-en-born-275\/camping-la-clairiere-691.html\",\"additionalProperty\":[{\"@type\":\"PropertyValue\",\"name\":\"Date \/ P\u00e9riode\",\"value\":\"Septembre 2025\"},{\"@type\":\"PropertyValue\",\"name\":\"Lieu (ville)\",\"value\":\"D\u00e9part et circuit autour de Saint-Paul-en-Born\"},{\"@type\":\"PropertyValue\",\"name\":\"Distance depuis le camping (km)\",\"value\":\"0-5 km\"},{\"@type\":\"PropertyValue\",\"name\":\"Type d\u2019\u00e9v\u00e9nement (march\u00e9, festival, sport, etc.)\",\"value\":\"\u00c9v\u00e9nement sportif\"},{\"@type\":\"PropertyValue\",\"name\":\"Astuce ou commentaire\",\"value\":\"Manifestation sportive majeure pour amateurs et professionnels.\"}]}},{\"@type\":\"ListItem\",\"position\":67,\"item\":{\"@type\":\"Event\",\"name\":\"Festival Nature et Loutres\",\"description\":\"Festival consacr\u00e9 \u00e0 la d\u00e9couverte de la biodiversit\u00e9, avec ateliers p\u00e9dagogiques, sorties nature et expositions.\",\"url\":\"https:\/\/www.camping-laclairiere.fr\/fr\/camping-animations-saint-paul-en-born\/\",\"additionalProperty\":[{\"@type\":\"PropertyValue\",\"name\":\"Date \/ P\u00e9riode\",\"value\":\"Juin 2025\"},{\"@type\":\"PropertyValue\",\"name\":\"Lieu (ville)\",\"value\":\"Mimizan, \u00e0 7 km du camping\"},{\"@type\":\"PropertyValue\",\"name\":\"Distance depuis le camping (km)\",\"value\":\"7 km\"},{\"@type\":\"PropertyValue\",\"name\":\"Type d\u2019\u00e9v\u00e9nement (march\u00e9, festival, sport, etc.)\",\"value\":\"Festival environnemental\"},{\"@type\":\"PropertyValue\",\"name\":\"Astuce ou commentaire\",\"value\":\"\u00c9v\u00e9nement important pour sensibilisation \u00e0 la nature autour de la r\u00e9gion.\"}]}},{\"@type\":\"ListItem\",\"position\":68,\"item\":{\"@type\":\"Event\",\"name\":\"Journ\u00e9e D\u00e9couverte du Patrimoine Naturel local\",\"description\":\"Journ\u00e9e avec visites guid\u00e9es, expositions et conf\u00e9rences sur l\u2019histoire naturelle et l\u2019environnement local.\",\"url\":\"https:\/\/www.camping-laclairiere.fr\/fr\/camping-animations-saint-paul-en-born\/\",\"additionalProperty\":[{\"@type\":\"PropertyValue\",\"name\":\"Date \/ P\u00e9riode\",\"value\":\"Mai 2025\"},{\"@type\":\"PropertyValue\",\"name\":\"Lieu (ville)\",\"value\":\"Saint-Paul-en-Born\"},{\"@type\":\"PropertyValue\",\"name\":\"Distance depuis le camping (km)\",\"value\":\"1 km\"},{\"@type\":\"PropertyValue\",\"name\":\"Type d\u2019\u00e9v\u00e9nement (march\u00e9, festival, sport, etc.)\",\"value\":\"\u00c9v\u00e9nement culturel\"},{\"@type\":\"PropertyValue\",\"name\":\"Astuce ou commentaire\",\"value\":\"Approfondir la connaissance de la r\u00e9gion dans un cadre convivial.\"}]}},{\"@type\":\"ListItem\",\"position\":69,\"item\":{\"@type\":\"Event\",\"name\":\"Animations sportives familiales au city stade\",\"description\":\"Animations sportives et ludiques destin\u00e9es aux familles, propos\u00e9es sur le city stade municipal proche du camping.\",\"url\":\"https:\/\/www.guide-des-landes.com\/fr\/tourisme\/se-loger\/campings\/campings-mobil-homes\/saint-paul-en-born-275\/camping-la-clairiere-691.html\",\"additionalProperty\":[{\"@type\":\"PropertyValue\",\"name\":\"Date \/ P\u00e9riode\",\"value\":\"Juillet-Ao\u00fbt 2025\"},{\"@type\":\"PropertyValue\",\"name\":\"Lieu (ville)\",\"value\":\"Saint-Paul-en-Born, \u00e0 1 km\"},{\"@type\":\"PropertyValue\",\"name\":\"Distance depuis le camping (km)\",\"value\":\"1 km\"},{\"@type\":\"PropertyValue\",\"name\":\"Type d\u2019\u00e9v\u00e9nement (march\u00e9, festival, sport, etc.)\",\"value\":\"Animation sportive\"},{\"@type\":\"PropertyValue\",\"name\":\"Astuce ou commentaire\",\"value\":\"Activit\u00e9s diversifi\u00e9es pour petits et grands pendant la saison estivale.\"}]}},{\"@type\":\"ListItem\",\"position\":70,\"item\":{\"@type\":\"Event\",\"name\":\"Excursion guid\u00e9e pour la d\u00e9couverte de la faune locale\",\"description\":\"Sorties accompagn\u00e9es par un guide pour observer animaux sauvages et oiseaux dans leur habitat naturel.\",\"url\":\"https:\/\/www.guide-des-landes.com\/fr\/tourisme\/se-loger\/campings\/campings-mobil-homes\/saint-paul-en-born-275\/camping-la-clairiere-691.html\",\"additionalProperty\":[{\"@type\":\"PropertyValue\",\"name\":\"Date \/ P\u00e9riode\",\"value\":\"Printemps 2025\"},{\"@type\":\"PropertyValue\",\"name\":\"Lieu (ville)\",\"value\":\"Environnement forestier proche du camping\"},{\"@type\":\"PropertyValue\",\"name\":\"Distance depuis le camping (km)\",\"value\":\"2 km\"},{\"@type\":\"PropertyValue\",\"name\":\"Type d\u2019\u00e9v\u00e9nement (march\u00e9, festival, sport, etc.)\",\"value\":\"Sortie nature\"},{\"@type\":\"PropertyValue\",\"name\":\"Astuce ou commentaire\",\"value\":\"Sortie id\u00e9ale pour les passionn\u00e9s de faune sauvage.\"}]}},{\"@type\":\"ListItem\",\"position\":71,\"item\":{\"@type\":\"Event\",\"name\":\"Tournoi amical de p\u00e9tanque\",\"description\":\"Comp\u00e9tition conviviale et accessible \u00e0 tous dans l\u2019enceinte du camping.\",\"url\":\"https:\/\/www.camping-laclairiere.fr\/fr\/camping-animations-saint-paul-en-born\/\",\"additionalProperty\":[{\"@type\":\"PropertyValue\",\"name\":\"Date \/ P\u00e9riode\",\"value\":\"Juillet 2025\"},{\"@type\":\"PropertyValue\",\"name\":\"Lieu (ville)\",\"value\":\"Camping La Clairi\u00e8re, Saint-Paul-en-Born\"},{\"@type\":\"PropertyValue\",\"name\":\"Distance depuis le camping (km)\",\"value\":\"0 km\"},{\"@type\":\"PropertyValue\",\"name\":\"Type d\u2019\u00e9v\u00e9nement (march\u00e9, festival, sport, etc.)\",\"value\":\"Animation sportive\"},{\"@type\":\"PropertyValue\",\"name\":\"Astuce ou commentaire\",\"value\":\"Id\u00e9al pour rencontrer les autres vacanciers et passer un bon moment.\"}]}},{\"@type\":\"ListItem\",\"position\":72,\"item\":{\"@type\":\"Event\",\"name\":\"Atelier d\u2019initiation au tennis de table\",\"description\":\"Sessions d\u2019apprentissage pour adultes et enfants afin de pratiquer le tennis de table sur place.\",\"url\":\"https:\/\/www.guide-des-landes.com\/fr\/tourisme\/se-loger\/campings\/campings-mobil-homes\/saint-paul-en-born-275\/camping-la-clairiere-691.html\",\"additionalProperty\":[{\"@type\":\"PropertyValue\",\"name\":\"Date \/ P\u00e9riode\",\"value\":\"Ao\u00fbt 2025\"},{\"@type\":\"PropertyValue\",\"name\":\"Lieu (ville)\",\"value\":\"Camping La Clairi\u00e8re\"},{\"@type\":\"PropertyValue\",\"name\":\"Distance depuis le camping (km)\",\"value\":\"0 km\"},{\"@type\":\"PropertyValue\",\"name\":\"Type d\u2019\u00e9v\u00e9nement (march\u00e9, festival, sport, etc.)\",\"value\":\"Atelier sportif\"},{\"@type\":\"PropertyValue\",\"name\":\"Astuce ou commentaire\",\"value\":\"Activit\u00e9 innovante propos\u00e9e sur le camping, accessible \u00e0 tous niveaux.\"}]}},{\"@type\":\"ListItem\",\"position\":73,\"item\":{\"@type\":\"Event\",\"name\":\"Soir\u00e9es barbecue conviviaux au camping\",\"description\":\"Rassemblements autour d\u2019un barbecue collectif avec \u00e9changes et animations l\u00e9g\u00e8res.\",\"url\":\"https:\/\/www.camping-laclairiere.fr\/fr\/camping-animations-saint-paul-en-born\/\",\"additionalProperty\":[{\"@type\":\"PropertyValue\",\"name\":\"Date \/ P\u00e9riode\",\"value\":\"Saison estivale 2025\"},{\"@type\":\"PropertyValue\",\"name\":\"Lieu (ville)\",\"value\":\"Camping La Clairi\u00e8re\"},{\"@type\":\"PropertyValue\",\"name\":\"Distance depuis le camping (km)\",\"value\":\"0 km\"},{\"@type\":\"PropertyValue\",\"name\":\"Type d\u2019\u00e9v\u00e9nement (march\u00e9, festival, sport, etc.)\",\"value\":\"Animation sociale\"},{\"@type\":\"PropertyValue\",\"name\":\"Astuce ou commentaire\",\"value\":\"Moment de partage et de d\u00e9tente pour tous les vacanciers.\"}]}},{\"@type\":\"ListItem\",\"position\":74,\"item\":{\"@type\":\"Event\",\"name\":\"Animations estivales au restaurant du camping\",\"description\":\"Animations musicales et conviviales en soir\u00e9e, compl\u00e9tant l\u2019offre gastronomique du camping.\",\"url\":\"https:\/\/www.camping-laclairiere.fr\/fr\/camping-animations-saint-paul-en-born\/\",\"additionalProperty\":[{\"@type\":\"PropertyValue\",\"name\":\"Date \/ P\u00e9riode\",\"value\":\"Juillet-Ao\u00fbt 2025\"},{\"@type\":\"PropertyValue\",\"name\":\"Lieu (ville)\",\"value\":\"Restaurant Camping La Clairi\u00e8re\"},{\"@type\":\"PropertyValue\",\"name\":\"Distance depuis le camping (km)\",\"value\":\"0 km\"},{\"@type\":\"PropertyValue\",\"name\":\"Type d\u2019\u00e9v\u00e9nement (march\u00e9, festival, sport, etc.)\",\"value\":\"Animation festive\"},{\"@type\":\"PropertyValue\",\"name\":\"Astuce ou commentaire\",\"value\":\"Propose une ambiance chaleureuse et d\u00e9tendue pour les repas.\"}]}},{\"@type\":\"ListItem\",\"position\":75,\"item\":{\"@type\":\"Event\",\"name\":\"Sorties nature guid\u00e9es \u00e0 v\u00e9lo\",\"description\":\"Balades encadr\u00e9es \u00e0 v\u00e9lo le long de pistes cyclables dont la V\u00e9lodys\u00e9e, pour d\u00e9couvrir la r\u00e9gion.\",\"url\":\"https:\/\/www.camping-laclairiere.fr\/fr\/camping-animations-saint-paul-en-born\/\",\"additionalProperty\":[{\"@type\":\"PropertyValue\",\"name\":\"Date \/ P\u00e9riode\",\"value\":\"Saison 2025\"},{\"@type\":\"PropertyValue\",\"name\":\"Lieu (ville)\",\"value\":\"Environs imm\u00e9diats du camping\"},{\"@type\":\"PropertyValue\",\"name\":\"Distance depuis le camping (km)\",\"value\":\"0-5 km\"},{\"@type\":\"PropertyValue\",\"name\":\"Type d\u2019\u00e9v\u00e9nement (march\u00e9, festival, sport, etc.)\",\"value\":\"Sortie sportive\"},{\"@type\":\"PropertyValue\",\"name\":\"Astuce ou commentaire\",\"value\":\"Excellente activit\u00e9 pour allier sport et d\u00e9couverte naturelle.\"}]}},{\"@type\":\"ListItem\",\"position\":76,\"item\":{\"@type\":\"Event\",\"name\":\"Atelier de d\u00e9couverte de la biodiversit\u00e9 foresti\u00e8re\",\"description\":\"Atelier p\u00e9dagogique pour mieux conna\u00eetre la flore et la faune sp\u00e9cifiques de la for\u00eat landaise.\",\"url\":\"https:\/\/www.guide-des-landes.com\/fr\/tourisme\/se-loger\/campings\/campings-mobil-homes\/saint-paul-en-born-275\/camping-la-clairiere-691.html\",\"additionalProperty\":[{\"@type\":\"PropertyValue\",\"name\":\"Date \/ P\u00e9riode\",\"value\":\"Printemps 2025\"},{\"@type\":\"PropertyValue\",\"name\":\"Lieu (ville)\",\"value\":\"For\u00eat autour de Saint-Paul-en-Born\"},{\"@type\":\"PropertyValue\",\"name\":\"Distance depuis le camping (km)\",\"value\":\"2 km\"},{\"@type\":\"PropertyValue\",\"name\":\"Type d\u2019\u00e9v\u00e9nement (march\u00e9, festival, sport, etc.)\",\"value\":\"Atelier nature\"},{\"@type\":\"PropertyValue\",\"name\":\"Astuce ou commentaire\",\"value\":\"Participez \u00e0 une exp\u00e9rience \u00e9ducative enrichissante proche du camping.\"}]}},{\"@type\":\"ListItem\",\"position\":77,\"item\":{\"@type\":\"Event\",\"name\":\"Atelier d\u00e9couverte des \u00e9toiles et observation astronomique\",\"description\":\"Atelier d'initiation \u00e0 l'astronomie avec observation du ciel nocturne et explications sur les constellations et la boussole c\u00e9leste, organis\u00e9 dans le cadre d'Automne en Sc\u00e8ne.\",\"url\":\"https:\/\/www.guide-des-landes.com\/fr\/tourisme\/se-loger\/campings\/campings-mobil-homes\/saint-paul-en-born-275\/camping-la-clairiere-691.html\",\"additionalProperty\":[{\"@type\":\"PropertyValue\",\"name\":\"Date \/ P\u00e9riode\",\"value\":\"de juin \u00e0 septembre 2025\"},{\"@type\":\"PropertyValue\",\"name\":\"Lieu (ville)\",\"value\":\"Saint-Paul-en-Born, proche du camping La Clairi\u00e8re\"},{\"@type\":\"PropertyValue\",\"name\":\"Distance depuis le camping (km)\",\"value\":\"1 km\"},{\"@type\":\"PropertyValue\",\"name\":\"Type d\u2019\u00e9v\u00e9nement (march\u00e9, festival, sport, etc.)\",\"value\":\"Atelier\"},{\"@type\":\"PropertyValue\",\"name\":\"Astuce ou commentaire\",\"value\":\"Activit\u00e9 familiale et \u00e9ducative pour d\u00e9couvrir le ciel landais \u00e0 la nuit tomb\u00e9e.\"}]}},{\"@type\":\"ListItem\",\"position\":78,\"item\":{\"@type\":\"Event\",\"name\":\"F\u00eates traditionnelles de Saint-Paul-en-Born avec bandas et repas landais\",\"description\":\"Animations festives locales avec musiques bandas, repas typiques landais et danses traditionnelles pour une ambiance conviviale et culturelle.\",\"url\":\"https:\/\/www.campingsluxe.fr\/aquitaine\/landes\/saint-paul-en-born\/a-34908\",\"additionalProperty\":[{\"@type\":\"PropertyValue\",\"name\":\"Date \/ P\u00e9riode\",\"value\":\"\u00e9t\u00e9 2025\"},{\"@type\":\"PropertyValue\",\"name\":\"Lieu (ville)\",\"value\":\"Saint-Paul-en-Born\"},{\"@type\":\"PropertyValue\",\"name\":\"Distance depuis le camping (km)\",\"value\":\"0 km\"},{\"@type\":\"PropertyValue\",\"name\":\"Type d\u2019\u00e9v\u00e9nement (march\u00e9, festival, sport, etc.)\",\"value\":\"F\u00eate traditionnelle\"},{\"@type\":\"PropertyValue\",\"name\":\"Astuce ou commentaire\",\"value\":\"Permet de d\u00e9couvrir la culture et la gastronomie du Sud-Ouest dans l'ambiance villageoise.\"}]}},{\"@type\":\"ListItem\",\"position\":79,\"item\":{\"@type\":\"Event\",\"name\":\"March\u00e9 artisanal et gastronomique de Saint-Paul-en-Born\",\"description\":\"March\u00e9 proposant des produits locaux, artisanaux et gastronomiques typiques de la r\u00e9gion des Landes.\",\"url\":\"https:\/\/www.camping-laclairiere.fr\/fr\/camping-animations-saint-paul-en-born\/\",\"additionalProperty\":[{\"@type\":\"PropertyValue\",\"name\":\"Date \/ P\u00e9riode\",\"value\":\"tous les samedis matin de la saison estivale 2025\"},{\"@type\":\"PropertyValue\",\"name\":\"Lieu (ville)\",\"value\":\"Saint-Paul-en-Born\"},{\"@type\":\"PropertyValue\",\"name\":\"Distance depuis le camping (km)\",\"value\":\"1 km\"},{\"@type\":\"PropertyValue\",\"name\":\"Type d\u2019\u00e9v\u00e9nement (march\u00e9, festival, sport, etc.)\",\"value\":\"March\u00e9\"},{\"@type\":\"PropertyValue\",\"name\":\"Astuce ou commentaire\",\"value\":\"Id\u00e9al pour go\u00fbter et acheter des sp\u00e9cialit\u00e9s landaises \u00e0 proximit\u00e9 imm\u00e9diate du camping.\"}]}},{\"@type\":\"ListItem\",\"position\":80,\"item\":{\"@type\":\"Event\",\"name\":\"Balades guid\u00e9es en for\u00eat des Landes\",\"description\":\"Randonn\u00e9es accompagn\u00e9es pour d\u00e9couvrir la faune, la flore et les sp\u00e9cificit\u00e9s de la grande for\u00eat des Landes.\",\"url\":\"https:\/\/www.camping-laclairiere.fr\/fr\/\",\"additionalProperty\":[{\"@type\":\"PropertyValue\",\"name\":\"Date \/ P\u00e9riode\",\"value\":\"printemps-\u00e9t\u00e9 2025\"},{\"@type\":\"PropertyValue\",\"name\":\"Lieu (ville)\",\"value\":\"For\u00eat landaise aux alentours de Saint-Paul-en-Born\"},{\"@type\":\"PropertyValue\",\"name\":\"Distance depuis le camping (km)\",\"value\":\"1 km\"},{\"@type\":\"PropertyValue\",\"name\":\"Type d\u2019\u00e9v\u00e9nement (march\u00e9, festival, sport, etc.)\",\"value\":\"Randonn\u00e9e guid\u00e9e\"},{\"@type\":\"PropertyValue\",\"name\":\"Astuce ou commentaire\",\"value\":\"Accessible \u00e0 tous les niveaux, parfait pour les amoureux de nature et de tranquillit\u00e9.\"}]}},{\"@type\":\"ListItem\",\"position\":81,\"item\":{\"@type\":\"Event\",\"name\":\"Atelier d\u00e9gustation de vins et produits locaux\",\"description\":\"D\u00e9couverte des vins du Sud-Ouest et d\u00e9gustation de produits du terroir des Landes dans une ambiance conviviale.\",\"url\":\"https:\/\/www.camping-laclairiere.fr\/fr\/camping-animations-saint-paul-en-born\/\",\"additionalProperty\":[{\"@type\":\"PropertyValue\",\"name\":\"Date \/ P\u00e9riode\",\"value\":\"du 15 juillet au 30 ao\u00fbt 2025, les jeudis soir\"},{\"@type\":\"PropertyValue\",\"name\":\"Lieu (ville)\",\"value\":\"Saint-Paul-en-Born, salle communale ou camping\"},{\"@type\":\"PropertyValue\",\"name\":\"Distance depuis le camping (km)\",\"value\":\"1 km\"},{\"@type\":\"PropertyValue\",\"name\":\"Type d\u2019\u00e9v\u00e9nement (march\u00e9, festival, sport, etc.)\",\"value\":\"Atelier d\u00e9gustation\"},{\"@type\":\"PropertyValue\",\"name\":\"Astuce ou commentaire\",\"value\":\"Animation id\u00e9ale pour adultes amateur de gastronomie et des produits r\u00e9gionaux.\"}]}},{\"@type\":\"ListItem\",\"position\":82,\"item\":{\"@type\":\"Event\",\"name\":\"Festival de th\u00e9\u00e2tre amateur en plein air\",\"description\":\"Spectacles th\u00e9\u00e2traux en plein air, repr\u00e9sentations par des troupes locales et r\u00e9gionales.\",\"url\":\"https:\/\/www.guide-des-landes.com\/fr\/\",\"additionalProperty\":[{\"@type\":\"PropertyValue\",\"name\":\"Date \/ P\u00e9riode\",\"value\":\"du 10 au 15 ao\u00fbt 2025\"},{\"@type\":\"PropertyValue\",\"name\":\"Lieu (ville)\",\"value\":\"Parc communal de Saint-Paul-en-Born\"},{\"@type\":\"PropertyValue\",\"name\":\"Distance depuis le camping (km)\",\"value\":\"1 km\"},{\"@type\":\"PropertyValue\",\"name\":\"Type d\u2019\u00e9v\u00e9nement (march\u00e9, festival, sport, etc.)\",\"value\":\"Festival culturel\"},{\"@type\":\"PropertyValue\",\"name\":\"Astuce ou commentaire\",\"value\":\"\u00c9v\u00e9nement familial valorisant les arts de la sc\u00e8ne locale.\"}]}},{\"@type\":\"ListItem\",\"position\":83,\"item\":{\"@type\":\"Event\",\"name\":\"Comp\u00e9tition amicale de p\u00e9tanque\",\"description\":\"Tournois ouverts \u00e0 tous dans une ambiance d\u00e9tente et conviviale pour petits et grands.\",\"url\":\"https:\/\/www.camping-laclairiere.fr\/fr\/camping-animations-saint-paul-en-born\/\",\"additionalProperty\":[{\"@type\":\"PropertyValue\",\"name\":\"Date \/ P\u00e9riode\",\"value\":\"dimanches matin de juillet et ao\u00fbt 2025\"},{\"@type\":\"PropertyValue\",\"name\":\"Lieu (ville)\",\"value\":\"Terrain de p\u00e9tanque du camping La Clairi\u00e8re\"},{\"@type\":\"PropertyValue\",\"name\":\"Distance depuis le camping (km)\",\"value\":\"0 km\"},{\"@type\":\"PropertyValue\",\"name\":\"Type d\u2019\u00e9v\u00e9nement (march\u00e9, festival, sport, etc.)\",\"value\":\"Comp\u00e9tition sportive\"},{\"@type\":\"PropertyValue\",\"name\":\"Astuce ou commentaire\",\"value\":\"Pratique traditionnelle tr\u00e8s appr\u00e9ci\u00e9e dans la r\u00e9gion, bonne occasion pour socialiser.\"}]}},{\"@type\":\"ListItem\",\"position\":84,\"item\":{\"@type\":\"Event\",\"name\":\"Atelier de peinture nature pour enfants\",\"description\":\"Activit\u00e9 cr\u00e9ative encadr\u00e9e destin\u00e9e aux enfants pour peindre la flore et la faune locales.\",\"url\":\"https:\/\/www.camping-laclairiere.fr\/fr\/camping-animations-saint-paul-en-born\/\",\"additionalProperty\":[{\"@type\":\"PropertyValue\",\"name\":\"Date \/ P\u00e9riode\",\"value\":\"mercredis apr\u00e8s-midi en juillet et ao\u00fbt 2025\"},{\"@type\":\"PropertyValue\",\"name\":\"Lieu (ville)\",\"value\":\"Espace animation du camping La Clairi\u00e8re\"},{\"@type\":\"PropertyValue\",\"name\":\"Distance depuis le camping (km)\",\"value\":\"0 km\"},{\"@type\":\"PropertyValue\",\"name\":\"Type d\u2019\u00e9v\u00e9nement (march\u00e9, festival, sport, etc.)\",\"value\":\"Atelier artistique\"},{\"@type\":\"PropertyValue\",\"name\":\"Astuce ou commentaire\",\"value\":\"Permet aux plus jeunes de d\u00e9velopper leur cr\u00e9ativit\u00e9 tout en d\u00e9couvrant leur environnement.\"}]}},{\"@type\":\"ListItem\",\"position\":85,\"item\":{\"@type\":\"Event\",\"name\":\"Excursion p\u00e9destre au bord de la rivi\u00e8re et d\u00e9couverte de la biodiversit\u00e9\",\"description\":\"Balade nature guid\u00e9e avec un expert local pour observer la faune aquatique et les habitats riverains.\",\"url\":\"https:\/\/www.camping-laclairiere.fr\/fr\/\",\"additionalProperty\":[{\"@type\":\"PropertyValue\",\"name\":\"Date \/ P\u00e9riode\",\"value\":\"mai \u00e0 septembre 2025\"},{\"@type\":\"PropertyValue\",\"name\":\"Lieu (ville)\",\"value\":\"Proximit\u00e9 du camping, rive du cours d'eau \u00e0 Saint-Paul-en-Born\"},{\"@type\":\"PropertyValue\",\"name\":\"Distance depuis le camping (km)\",\"value\":\"0.5 km\"},{\"@type\":\"PropertyValue\",\"name\":\"Type d\u2019\u00e9v\u00e9nement (march\u00e9, festival, sport, etc.)\",\"value\":\"Excursion nature\"},{\"@type\":\"PropertyValue\",\"name\":\"Astuce ou commentaire\",\"value\":\"Id\u00e9al pour les amateurs d\u2019\u00e9cologie et d\u2019observation volontaire.\"}]}},{\"@type\":\"ListItem\",\"position\":86,\"item\":{\"@type\":\"Event\",\"name\":\"March\u00e9 nocturne d\u2019\u00e9t\u00e9 \u00e0 Saint-Paul-en-Born\",\"description\":\"March\u00e9 en soir\u00e9e avec stands d\u2019artisans, producteurs locaux, animations et musique live.\",\"url\":\"https:\/\/www.camping-laclairiere.fr\/fr\/camping-animations-saint-paul-en-born\/\",\"additionalProperty\":[{\"@type\":\"PropertyValue\",\"name\":\"Date \/ P\u00e9riode\",\"value\":\"tous les vendredis soirs de juillet et ao\u00fbt 2025\"},{\"@type\":\"PropertyValue\",\"name\":\"Lieu (ville)\",\"value\":\"Centre du village de Saint-Paul-en-Born\"},{\"@type\":\"PropertyValue\",\"name\":\"Distance depuis le camping (km)\",\"value\":\"1 km\"},{\"@type\":\"PropertyValue\",\"name\":\"Type d\u2019\u00e9v\u00e9nement (march\u00e9, festival, sport, etc.)\",\"value\":\"March\u00e9 nocturne\"},{\"@type\":\"PropertyValue\",\"name\":\"Astuce ou commentaire\",\"value\":\"Ambiance festive et d\u00e9contract\u00e9e pour d\u00e9couvrir les saveurs et savoir-faire locaux.\"}]}},{\"@type\":\"ListItem\",\"position\":87,\"item\":{\"@type\":\"Event\",\"name\":\"Initiation \u00e0 la course d\u2019orientation en for\u00eat\",\"description\":\"Activit\u00e9 sportive et ludique pour apprendre \u00e0 s\u2019orienter avec carte et boussole en milieu naturel.\",\"url\":\"https:\/\/www.guide-des-landes.com\/fr\/\",\"additionalProperty\":[{\"@type\":\"PropertyValue\",\"name\":\"Date \/ P\u00e9riode\",\"value\":\"week-ends de juin et septembre 2025\"},{\"@type\":\"PropertyValue\",\"name\":\"Lieu (ville)\",\"value\":\"For\u00eat des Landes proche de Saint-Paul-en-Born\"},{\"@type\":\"PropertyValue\",\"name\":\"Distance depuis le camping (km)\",\"value\":\"2 km\"},{\"@type\":\"PropertyValue\",\"name\":\"Type d\u2019\u00e9v\u00e9nement (march\u00e9, festival, sport, etc.)\",\"value\":\"Atelier sportif\"},{\"@type\":\"PropertyValue\",\"name\":\"Astuce ou commentaire\",\"value\":\"Accessible aux d\u00e9butants et parfait pour un moment en famille ou entre amis.\"}]}},{\"@type\":\"ListItem\",\"position\":88,\"item\":{\"@type\":\"Event\",\"name\":\"Concerts de jazz en plein air\",\"description\":\"Animations musicales avec groupes locaux et r\u00e9gionaux dans une ambiance d\u00e9tendue en ext\u00e9rieur.\",\"url\":\"https:\/\/www.camping-laclairiere.fr\/fr\/camping-animations-saint-paul-en-born\/\",\"additionalProperty\":[{\"@type\":\"PropertyValue\",\"name\":\"Date \/ P\u00e9riode\",\"value\":\"mi-juillet \u00e0 fin ao\u00fbt 2025, tous les samedis soir\"},{\"@type\":\"PropertyValue\",\"name\":\"Lieu (ville)\",\"value\":\"Parc communal ou espace d\u00e9tente proche du camping\"},{\"@type\":\"PropertyValue\",\"name\":\"Distance depuis le camping (km)\",\"value\":\"1 km\"},{\"@type\":\"PropertyValue\",\"name\":\"Type d\u2019\u00e9v\u00e9nement (march\u00e9, festival, sport, etc.)\",\"value\":\"Concert\"},{\"@type\":\"PropertyValue\",\"name\":\"Astuce ou commentaire\",\"value\":\"Soir\u00e9es id\u00e9ales pour profiter d\u2019une musique jazzy dans un cadre nature.\"}]}},{\"@type\":\"ListItem\",\"position\":89,\"item\":{\"@type\":\"Event\",\"name\":\"Atelier d\u00e9couverte de la faune des Landes pour enfants\",\"description\":\"Petites sorties et activit\u00e9s p\u00e9dagogiques pour apprendre \u00e0 reconna\u00eetre oiseaux, insectes et mammif\u00e8res locaux.\",\"url\":\"https:\/\/www.camping-laclairiere.fr\/fr\/\",\"additionalProperty\":[{\"@type\":\"PropertyValue\",\"name\":\"Date \/ P\u00e9riode\",\"value\":\"tous les mardis matin en juillet et ao\u00fbt 2025\"},{\"@type\":\"PropertyValue\",\"name\":\"Lieu (ville)\",\"value\":\"Camping La Clairi\u00e8re\"},{\"@type\":\"PropertyValue\",\"name\":\"Distance depuis le camping (km)\",\"value\":\"0 km\"},{\"@type\":\"PropertyValue\",\"name\":\"Type d\u2019\u00e9v\u00e9nement (march\u00e9, festival, sport, etc.)\",\"value\":\"Atelier p\u00e9dagogique\"},{\"@type\":\"PropertyValue\",\"name\":\"Astuce ou commentaire\",\"value\":\"Parfait pour \u00e9veiller les enfants \u00e0 la nature locale de mani\u00e8re ludique.\"}]}},{\"@type\":\"ListItem\",\"position\":90,\"item\":{\"@type\":\"Event\",\"name\":\"Exposition photographique sur la nature landaise\",\"description\":\"Photos artistiques expos\u00e9es sur la biodiversit\u00e9 et les paysages des Landes.\",\"url\":\"https:\/\/www.guide-des-landes.com\/fr\/\",\"additionalProperty\":[{\"@type\":\"PropertyValue\",\"name\":\"Date \/ P\u00e9riode\",\"value\":\"juillet-septembre 2025\"},{\"@type\":\"PropertyValue\",\"name\":\"Lieu (ville)\",\"value\":\"Salle communautaire de Saint-Paul-en-Born\"},{\"@type\":\"PropertyValue\",\"name\":\"Distance depuis le camping (km)\",\"value\":\"1 km\"},{\"@type\":\"PropertyValue\",\"name\":\"Type d\u2019\u00e9v\u00e9nement (march\u00e9, festival, sport, etc.)\",\"value\":\"Exposition\"},{\"@type\":\"PropertyValue\",\"name\":\"Astuce ou commentaire\",\"value\":\"Ouverture gratuite pour d\u00e9couvrir le travail de photographes locaux.\"}]}},{\"@type\":\"ListItem\",\"position\":91,\"item\":{\"@type\":\"Event\",\"name\":\"Initiation au yoga et relaxation en plein air\",\"description\":\"Cours de yoga accessibles \u00e0 tous pour se d\u00e9tendre au contact de la nature.\",\"url\":\"https:\/\/www.camping-laclairiere.fr\/fr\/camping-animations-saint-paul-en-born\/\",\"additionalProperty\":[{\"@type\":\"PropertyValue\",\"name\":\"Date \/ P\u00e9riode\",\"value\":\"tous les matins en juillet et ao\u00fbt 2025\"},{\"@type\":\"PropertyValue\",\"name\":\"Lieu (ville)\",\"value\":\"Espace vert du camping La Clairi\u00e8re\"},{\"@type\":\"PropertyValue\",\"name\":\"Distance depuis le camping (km)\",\"value\":\"0 km\"},{\"@type\":\"PropertyValue\",\"name\":\"Type d\u2019\u00e9v\u00e9nement (march\u00e9, festival, sport, etc.)\",\"value\":\"Atelier bien-\u00eatre\"},{\"@type\":\"PropertyValue\",\"name\":\"Astuce ou commentaire\",\"value\":\"Activit\u00e9 recommand\u00e9e pour commencer la journ\u00e9e en s\u00e9r\u00e9nit\u00e9 dans un cadre naturel.\"}]}},{\"@type\":\"ListItem\",\"position\":92,\"item\":{\"@type\":\"Event\",\"name\":\"Festival de th\u00e9\u00e2tre amateur en plein air\",\"description\":\"Festival artistique rassemblant des troupes de th\u00e9\u00e2tre amateur en plein air avec des repr\u00e9sentations vari\u00e9es.\",\"url\":\"https:\/\/www.guide-des-landes.com\/fr\/tourisme\/se-loger\/campings\/campings-mobil-homes\/saint-paul-en-born-275\/camping-la-clairiere-691.html\",\"additionalProperty\":[{\"@type\":\"PropertyValue\",\"name\":\"Date \/ P\u00e9riode\",\"value\":\"\u00c9t\u00e9 2025\"},{\"@type\":\"PropertyValue\",\"name\":\"Lieu (ville)\",\"value\":\"Saint-Paul-en-Born, pr\u00e8s du camping La Clairi\u00e8re\"},{\"@type\":\"PropertyValue\",\"name\":\"Distance depuis le camping (km)\",\"value\":\"1.1 km\"},{\"@type\":\"PropertyValue\",\"name\":\"Type d\u2019\u00e9v\u00e9nement (march\u00e9, festival, sport, etc.)\",\"value\":\"Culturel\"},{\"@type\":\"PropertyValue\",\"name\":\"Astuce ou commentaire\",\"value\":\"\u00c9v\u00e9nement culturel annuel local\"}]}},{\"@type\":\"ListItem\",\"position\":93,\"item\":{\"@type\":\"Event\",\"name\":\"Atelier d\u00e9couverte de la boussole c\u00e9leste - Automne en Sc\u00e8ne\",\"description\":\"Atelier d'initiation \u00e0 la lecture des \u00e9toiles et utilisation de la boussole c\u00e9leste.\",\"url\":\"https:\/\/www.guide-des-landes.com\/fr\/tourisme\/se-loger\/campings\/campings-mobil-homes\/saint-paul-en-born-275\/camping-la-clairiere-691.html\",\"additionalProperty\":[{\"@type\":\"PropertyValue\",\"name\":\"Date \/ P\u00e9riode\",\"value\":\"Automne 2025\"},{\"@type\":\"PropertyValue\",\"name\":\"Lieu (ville)\",\"value\":\"Saint-Paul-en-Born\"},{\"@type\":\"PropertyValue\",\"name\":\"Distance depuis le camping (km)\",\"value\":\"1.1 km\"},{\"@type\":\"PropertyValue\",\"name\":\"Type d\u2019\u00e9v\u00e9nement (march\u00e9, festival, sport, etc.)\",\"value\":\"Nature & \u00c9ducatif\"},{\"@type\":\"PropertyValue\",\"name\":\"Astuce ou commentaire\",\"value\":\"Organis\u00e9 dans le cadre du festival Automne en Sc\u00e8ne\"}]}},{\"@type\":\"ListItem\",\"position\":94,\"item\":{\"@type\":\"Event\",\"name\":\"Atelier d\u00e9couverte des \u00e9toiles et observation astronomique\",\"description\":\"Soir\u00e9es d'observation du ciel avec explications p\u00e9dagogiques sur les constellations.\",\"additionalProperty\":[{\"@type\":\"PropertyValue\",\"name\":\"Date \/ P\u00e9riode\",\"value\":\"P\u00e9riodes estivales\"},{\"@type\":\"PropertyValue\",\"name\":\"Lieu (ville)\",\"value\":\"Proche de Saint-Paul-en-Born\"},{\"@type\":\"PropertyValue\",\"name\":\"Distance depuis le camping (km)\",\"value\":\"1 km\"},{\"@type\":\"PropertyValue\",\"name\":\"Type d\u2019\u00e9v\u00e9nement (march\u00e9, festival, sport, etc.)\",\"value\":\"Nature & \u00c9ducatif\"},{\"@type\":\"PropertyValue\",\"name\":\"Astuce ou commentaire\",\"value\":\"Propose une immersion dans l'astronomie locale\"}]}},{\"@type\":\"ListItem\",\"position\":95,\"item\":{\"@type\":\"Event\",\"name\":\"Atelier d\u00e9tection de la faune des Landes pour enfants\",\"description\":\"Atelier ludique pour enfants permettant de d\u00e9couvrir les animaux locaux et sensibiliser \u00e0 la biodiversit\u00e9.\",\"url\":\"https:\/\/www.guide-des-landes.com\/fr\/tourisme\/se-loger\/campings\/campings-mobil-homes\/saint-paul-en-born-275\/camping-la-clairiere-691.html\",\"additionalProperty\":[{\"@type\":\"PropertyValue\",\"name\":\"Date \/ P\u00e9riode\",\"value\":\"Saisons d'\u00e9t\u00e9 2025\"},{\"@type\":\"PropertyValue\",\"name\":\"Lieu (ville)\",\"value\":\"Saint-Paul-en-Born\"},{\"@type\":\"PropertyValue\",\"name\":\"Distance depuis le camping (km)\",\"value\":\"1.1 km\"},{\"@type\":\"PropertyValue\",\"name\":\"Type d\u2019\u00e9v\u00e9nement (march\u00e9, festival, sport, etc.)\",\"value\":\"Enfants & Nature\"}]}},{\"@type\":\"ListItem\",\"position\":96,\"item\":{\"@type\":\"Event\",\"name\":\"Festival de musique jazz en plein air\",\"description\":\"Concerts de jazz en ext\u00e9rieur r\u00e9unissant musiciens de la r\u00e9gion et invit\u00e9s.\",\"additionalProperty\":[{\"@type\":\"PropertyValue\",\"name\":\"Date \/ P\u00e9riode\",\"value\":\"2025 (dates \u00e0 confirmer)\"},{\"@type\":\"PropertyValue\",\"name\":\"Lieu (ville)\",\"value\":\"Saint-Paul-en-Born\"},{\"@type\":\"PropertyValue\",\"name\":\"Distance depuis le camping (km)\",\"value\":\"\u00c0 proximit\u00e9\"},{\"@type\":\"PropertyValue\",\"name\":\"Type d\u2019\u00e9v\u00e9nement (march\u00e9, festival, sport, etc.)\",\"value\":\"Culturel & Musical\"},{\"@type\":\"PropertyValue\",\"name\":\"Astuce ou commentaire\",\"value\":\"\u00c9v\u00e9nement annuel dans la r\u00e9gion proche du camping\"}]}},{\"@type\":\"ListItem\",\"position\":97,\"item\":{\"@type\":\"Event\",\"name\":\"Atelier initiation au yoga et relaxation en plein air\",\"description\":\"Cours collectifs de yoga en plein air pour d\u00e9tente et bien-\u00eatre, ouverts \u00e0 tous niveaux.\",\"url\":\"https:\/\/www.guide-des-landes.com\/fr\/tourisme\/se-loger\/campings\/campings-mobil-homes\/saint-paul-en-born-275\/camping-la-clairiere-691.html\",\"additionalProperty\":[{\"@type\":\"PropertyValue\",\"name\":\"Date \/ P\u00e9riode\",\"value\":\"Saisons estivales 2025\"},{\"@type\":\"PropertyValue\",\"name\":\"Lieu (ville)\",\"value\":\"Pr\u00e8s du Camping La Clairi\u00e8re\"},{\"@type\":\"PropertyValue\",\"name\":\"Distance depuis le camping (km)\",\"value\":\"1.1 km\"},{\"@type\":\"PropertyValue\",\"name\":\"Type d\u2019\u00e9v\u00e9nement (march\u00e9, festival, sport, etc.)\",\"value\":\"Bien-\u00eatre\"}]}},{\"@type\":\"ListItem\",\"position\":98,\"item\":{\"@type\":\"Event\",\"name\":\"F\u00eates traditionnelles de Saint-Paul-en-Born\",\"description\":\"F\u00eates villageoises avec bandas, repas landais, bals et feux d'artifice.\",\"url\":\"https:\/\/www.camping-laclairiere.fr\/fr\/\",\"additionalProperty\":[{\"@type\":\"PropertyValue\",\"name\":\"Date \/ P\u00e9riode\",\"value\":\"Juillet - Ao\u00fbt 2025\"},{\"@type\":\"PropertyValue\",\"name\":\"Lieu (ville)\",\"value\":\"Saint-Paul-en-Born\"},{\"@type\":\"PropertyValue\",\"name\":\"Distance depuis le camping (km)\",\"value\":\"Sur place ou tr\u00e8s proche\"},{\"@type\":\"PropertyValue\",\"name\":\"Type d\u2019\u00e9v\u00e9nement (march\u00e9, festival, sport, etc.)\",\"value\":\"Culturel & Festif\"},{\"@type\":\"PropertyValue\",\"name\":\"Astuce ou commentaire\",\"value\":\"Manifestation phare du village en \u00e9t\u00e9\"}]}},{\"@type\":\"ListItem\",\"position\":99,\"item\":{\"@type\":\"Event\",\"name\":\"March\u00e9 artisanal et gastronomique de Saint-Paul-en-Born\",\"description\":\"March\u00e9 proposant produits artisanaux et sp\u00e9cialit\u00e9s culinaires locales.\",\"url\":\"https:\/\/www.camping-laclairiere.fr\/fr\/\",\"additionalProperty\":[{\"@type\":\"PropertyValue\",\"name\":\"Date \/ P\u00e9riode\",\"value\":\"Saisons estivales 2025\"},{\"@type\":\"PropertyValue\",\"name\":\"Lieu (ville)\",\"value\":\"Saint-Paul-en-Born\"},{\"@type\":\"PropertyValue\",\"name\":\"Distance depuis le camping (km)\",\"value\":\"Sur place\"},{\"@type\":\"PropertyValue\",\"name\":\"Type d\u2019\u00e9v\u00e9nement (march\u00e9, festival, sport, etc.)\",\"value\":\"Gastronomie & Tradition\"},{\"@type\":\"PropertyValue\",\"name\":\"Astuce ou commentaire\",\"value\":\"March\u00e9 r\u00e9gulier durant la haute saison\"}]}},{\"@type\":\"ListItem\",\"position\":100,\"item\":{\"@type\":\"Event\",\"name\":\"Excursions p\u00e9destres au bord de la rivi\u00e8re et d\u00e9couverte de la biodiversit\u00e9\",\"description\":\"Randonn\u00e9es guid\u00e9es centr\u00e9es sur l'observation et la connaissance de la faune et flore locale.\",\"url\":\"https:\/\/www.guide-des-landes.com\/fr\/tourisme\/se-loger\/campings\/campings-mobil-homes\/saint-paul-en-born-275\/camping-la-clairiere-691.html\",\"additionalProperty\":[{\"@type\":\"PropertyValue\",\"name\":\"Date \/ P\u00e9riode\",\"value\":\"Printemps - Automne 2025\"},{\"@type\":\"PropertyValue\",\"name\":\"Lieu (ville)\",\"value\":\"\u00c0 proximit\u00e9 du camping\"},{\"@type\":\"PropertyValue\",\"name\":\"Distance depuis le camping (km)\",\"value\":\"1-2 km\"},{\"@type\":\"PropertyValue\",\"name\":\"Type d\u2019\u00e9v\u00e9nement (march\u00e9, festival, sport, etc.)\",\"value\":\"Nature & Sport\"}]}},{\"@type\":\"ListItem\",\"position\":101,\"item\":{\"@type\":\"Event\",\"name\":\"Initiation \u00e0 la course d'orientation en for\u00eat\",\"description\":\"Atelier d'initiation aux techniques de course d'orientation et utilisation de la boussole dans la for\u00eat.\",\"url\":\"https:\/\/www.guide-des-landes.com\/fr\/tourisme\/se-loger\/campings\/campings-mobil-homes\/saint-paul-en-born-275\/camping-la-clairiere-691.html\",\"additionalProperty\":[{\"@type\":\"PropertyValue\",\"name\":\"Date \/ P\u00e9riode\",\"value\":\"2025\"},{\"@type\":\"PropertyValue\",\"name\":\"Lieu (ville)\",\"value\":\"For\u00eat des Landes, proche Saint-Paul-en-Born\"},{\"@type\":\"PropertyValue\",\"name\":\"Distance depuis le camping (km)\",\"value\":\"1-3 km\"},{\"@type\":\"PropertyValue\",\"name\":\"Type d\u2019\u00e9v\u00e9nement (march\u00e9, festival, sport, etc.)\",\"value\":\"Sport & Nature\"}]}},{\"@type\":\"ListItem\",\"position\":102,\"item\":{\"@type\":\"Event\",\"name\":\"Circuit cycliste sur la V\u00e9lodys\u00e9e\",\"description\":\"Parcours cycliste reconnu traversant Saint-Paul-en-Born, id\u00e9al pour sorties sportives et touristiques.\",\"url\":\"https:\/\/www.camping-laclairiere.fr\/fr\/\",\"additionalProperty\":[{\"@type\":\"PropertyValue\",\"name\":\"Date \/ P\u00e9riode\",\"value\":\"Printemps - Automne 2025\"},{\"@type\":\"PropertyValue\",\"name\":\"Lieu (ville)\",\"value\":\"Sur la V\u00e9lodys\u00e9e, proche du camping\"},{\"@type\":\"PropertyValue\",\"name\":\"Distance depuis le camping (km)\",\"value\":\"Directement au camping\"},{\"@type\":\"PropertyValue\",\"name\":\"Type d\u2019\u00e9v\u00e9nement (march\u00e9, festival, sport, etc.)\",\"value\":\"Sport & Loisirs\"},{\"@type\":\"PropertyValue\",\"name\":\"Astuce ou commentaire\",\"value\":\"Parcours accessible d\u00e9butants et confirm\u00e9s\"}]}},{\"@type\":\"ListItem\",\"position\":103,\"item\":{\"@type\":\"Event\",\"name\":\"Sortie nature guid\u00e9e \u00e0 v\u00e9lo\",\"description\":\"Balades accompagn\u00e9es \u00e0 v\u00e9lo pour d\u00e9couvrir la biodiversit\u00e9 et les paysages landais.\",\"url\":\"https:\/\/www.guide-des-landes.com\/fr\/tourisme\/se-loger\/campings\/campings-mobil-homes\/saint-paul-en-born-275\/camping-la-clairiere-691.html\",\"additionalProperty\":[{\"@type\":\"PropertyValue\",\"name\":\"Date \/ P\u00e9riode\",\"value\":\"2025\"},{\"@type\":\"PropertyValue\",\"name\":\"Lieu (ville)\",\"value\":\"\u00c0 proximit\u00e9 du Camping La Clairi\u00e8re\"},{\"@type\":\"PropertyValue\",\"name\":\"Distance depuis le camping (km)\",\"value\":\"1 km\"},{\"@type\":\"PropertyValue\",\"name\":\"Type d\u2019\u00e9v\u00e9nement (march\u00e9, festival, sport, etc.)\",\"value\":\"Nature & Activit\u00e9s sportives\"}]}},{\"@type\":\"ListItem\",\"position\":104,\"item\":{\"@type\":\"Event\",\"name\":\"March\u00e9 nocturne artisanal et gastronomique\",\"description\":\"March\u00e9 de nuit anim\u00e9 avec stands artisanaux et d\u00e9gustations de produits r\u00e9gionaux.\",\"url\":\"https:\/\/www.guide-des-landes.com\/fr\/tourisme\/se-loger\/campings\/campings-mobil-homes\/saint-paul-en-born-275\/camping-la-clairiere-691.html\",\"additionalProperty\":[{\"@type\":\"PropertyValue\",\"name\":\"Date \/ P\u00e9riode\",\"value\":\"\u00c9t\u00e9 2025\"},{\"@type\":\"PropertyValue\",\"name\":\"Lieu (ville)\",\"value\":\"Saint-Paul-en-Born\"},{\"@type\":\"PropertyValue\",\"name\":\"Distance depuis le camping (km)\",\"value\":\"Sur place\"},{\"@type\":\"PropertyValue\",\"name\":\"Type d\u2019\u00e9v\u00e9nement (march\u00e9, festival, sport, etc.)\",\"value\":\"Gastronomie & Culture\"},{\"@type\":\"PropertyValue\",\"name\":\"Astuce ou commentaire\",\"value\":\"Tr\u00e8s appr\u00e9ci\u00e9 en saison estivale\"}]}},{\"@type\":\"ListItem\",\"position\":105,\"item\":{\"@type\":\"Event\",\"name\":\"Exposition photographique sur la nature landaise\",\"description\":\"Exposition de photographies mettant en valeur les paysages et la faune des Landes.\",\"url\":\"https:\/\/www.guide-des-landes.com\/fr\/tourisme\/se-loger\/campings\/campings-mobil-homes\/saint-paul-en-born-275\/camping-la-clairiere-691.html\",\"additionalProperty\":[{\"@type\":\"PropertyValue\",\"name\":\"Date \/ P\u00e9riode\",\"value\":\"Saisons printemps et \u00e9t\u00e9 2025\"},{\"@type\":\"PropertyValue\",\"name\":\"Lieu (ville)\",\"value\":\"Saint-Paul-en-Born, proche du camping\"},{\"@type\":\"PropertyValue\",\"name\":\"Distance depuis le camping (km)\",\"value\":\"1.1 km\"},{\"@type\":\"PropertyValue\",\"name\":\"Type d\u2019\u00e9v\u00e9nement (march\u00e9, festival, sport, etc.)\",\"value\":\"Culturel & Nature\"}]}},{\"@type\":\"ListItem\",\"position\":106,\"item\":{\"@type\":\"Event\",\"name\":\"Atelier de d\u00e9gustation de vins et produits locaux\",\"description\":\"Atelier organis\u00e9 pour d\u00e9couvrir les vins du Sud-Ouest ainsi que les sp\u00e9cialit\u00e9s r\u00e9gionales culinaires.\",\"url\":\"https:\/\/www.guide-des-landes.com\/fr\/tourisme\/se-loger\/campings\/campings-mobil-homes\/saint-paul-en-born-275\/camping-la-clairiere-691.html\",\"additionalProperty\":[{\"@type\":\"PropertyValue\",\"name\":\"Date \/ P\u00e9riode\",\"value\":\"Saisons estivales 2025\"},{\"@type\":\"PropertyValue\",\"name\":\"Lieu (ville)\",\"value\":\"Saint-Paul-en-Born\"},{\"@type\":\"PropertyValue\",\"name\":\"Distance depuis le camping (km)\",\"value\":\"1.1 km\"},{\"@type\":\"PropertyValue\",\"name\":\"Type d\u2019\u00e9v\u00e9nement (march\u00e9, festival, sport, etc.)\",\"value\":\"Gastronomie\"}]}},{\"@type\":\"ListItem\",\"position\":107,\"item\":{\"@type\":\"Event\",\"name\":\"Atelier cr\u00e9atif pour enfants\",\"description\":\"Ateliers manuels et cr\u00e9atifs adapt\u00e9s aux diff\u00e9rentes tranches d'\u00e2ge (4-7 ans, 8-11 ans, 12-17 ans), propos\u00e9s r\u00e9guli\u00e8rement par le club enfants du camping La Clairi\u00e8re[1].\",\"additionalProperty\":[{\"@type\":\"PropertyValue\",\"name\":\"Date \/ P\u00e9riode\",\"value\":\"Pendant les vacances d'\u00e9t\u00e9 (juillet-ao\u00fbt)\"},{\"@type\":\"PropertyValue\",\"name\":\"Lieu (ville)\",\"value\":\"Club enfants du camping\"},{\"@type\":\"PropertyValue\",\"name\":\"Distance depuis le camping (km)\",\"value\":\"0\"},{\"@type\":\"PropertyValue\",\"name\":\"Type d\u2019\u00e9v\u00e9nement (march\u00e9, festival, sport, etc.)\",\"value\":\"Animation\"},{\"@type\":\"PropertyValue\",\"name\":\"Astuce ou commentaire\",\"value\":\"Activit\u00e9 encadr\u00e9e et conviviale pour les jeunes vacanciers.\"}]}},{\"@type\":\"ListItem\",\"position\":108,\"item\":{\"@type\":\"Event\",\"name\":\"Chasse au tr\u00e9sor en pleine nature\",\"description\":\"Animation ludique organis\u00e9e par l\u2019\u00e9quipe d\u2019animation pour d\u00e9couvrir le site et la faune locale tout en s\u2019amusant, id\u00e9ale pour les familles[1].\",\"additionalProperty\":[{\"@type\":\"PropertyValue\",\"name\":\"Date \/ P\u00e9riode\",\"value\":\"Juillet-ao\u00fbt\"},{\"@type\":\"PropertyValue\",\"name\":\"Lieu (ville)\",\"value\":\"Camping et alentours\"},{\"@type\":\"PropertyValue\",\"name\":\"Distance depuis le camping (km)\",\"value\":\"0-1\"},{\"@type\":\"PropertyValue\",\"name\":\"Type d\u2019\u00e9v\u00e9nement (march\u00e9, festival, sport, etc.)\",\"value\":\"Animation\"},{\"@type\":\"PropertyValue\",\"name\":\"Astuce ou commentaire\",\"value\":\"Permet de d\u00e9couvrir la biodiversit\u00e9 des Landes de fa\u00e7on interactive.\"}]}},{\"@type\":\"ListItem\",\"position\":109,\"item\":{\"@type\":\"Event\",\"name\":\"Randonn\u00e9e \u00e9questre dans la for\u00eat landaise\",\"description\":\"Balades \u00e0 cheval ou \u00e0 poney pour tous niveaux, \u00e0 travers les chemins forestiers et les paysages typiques des Landes[2].\",\"additionalProperty\":[{\"@type\":\"PropertyValue\",\"name\":\"Date \/ P\u00e9riode\",\"value\":\"Toute la saison (selon disponibilit\u00e9)\"},{\"@type\":\"PropertyValue\",\"name\":\"Lieu (ville)\",\"value\":\"\u00c9curies Olivier Bauer, 6,4 km\"},{\"@type\":\"PropertyValue\",\"name\":\"Distance depuis le camping (km)\",\"value\":\"6,4\"},{\"@type\":\"PropertyValue\",\"name\":\"Type d\u2019\u00e9v\u00e9nement (march\u00e9, festival, sport, etc.)\",\"value\":\"Loisirs\"},{\"@type\":\"PropertyValue\",\"name\":\"Astuce ou commentaire\",\"value\":\"Activit\u00e9 \u00e0 r\u00e9server \u00e0 l\u2019avance, adapt\u00e9e aux enfants et adultes.\"}]}},{\"@type\":\"ListItem\",\"position\":110,\"item\":{\"@type\":\"Event\",\"name\":\"D\u00e9couverte du patrimoine jacquaire\",\"description\":\"Randonn\u00e9es p\u00e9destres ou cyclistes sur l\u2019ancien chemin de p\u00e8lerinage, avec possibilit\u00e9 de d\u00e9couvrir l\u2019histoire et les paysages du Sud-Ouest[3].\",\"additionalProperty\":[{\"@type\":\"PropertyValue\",\"name\":\"Date \/ P\u00e9riode\",\"value\":\"Toute l\u2019ann\u00e9e\"},{\"@type\":\"PropertyValue\",\"name\":\"Lieu (ville)\",\"value\":\"Chemin de Saint-Jacques-de-Compostelle, \u00e0 proximit\u00e9 imm\u00e9diate\"},{\"@type\":\"PropertyValue\",\"name\":\"Distance depuis le camping (km)\",\"value\":\"0\"},{\"@type\":\"PropertyValue\",\"name\":\"Type d\u2019\u00e9v\u00e9nement (march\u00e9, festival, sport, etc.)\",\"value\":\"Culture\"},{\"@type\":\"PropertyValue\",\"name\":\"Astuce ou commentaire\",\"value\":\"Itin\u00e9raire balis\u00e9, accessible aux d\u00e9butants comme aux marcheurs aguerris.\"}]}},{\"@type\":\"ListItem\",\"position\":111,\"item\":{\"@type\":\"Event\",\"name\":\"Atelier yoga en plein air\",\"description\":\"Initiation au yoga dans un cadre naturel, pour tous les \u00e2ges, avec instructeur qualifi\u00e9 (\u00e0 confirmer lors de votre s\u00e9jour)[4].\",\"additionalProperty\":[{\"@type\":\"PropertyValue\",\"name\":\"Date \/ P\u00e9riode\",\"value\":\"Vacances d'\u00e9t\u00e9 (non confirm\u00e9, \u00e0 v\u00e9rifier sur place)\"},{\"@type\":\"PropertyValue\",\"name\":\"Lieu (ville)\",\"value\":\"Camping ou plage de Mimizan\"},{\"@type\":\"PropertyValue\",\"name\":\"Distance depuis le camping (km)\",\"value\":\"5\"},{\"@type\":\"PropertyValue\",\"name\":\"Type d\u2019\u00e9v\u00e9nement (march\u00e9, festival, sport, etc.)\",\"value\":\"Bien-\u00eatre\"},{\"@type\":\"PropertyValue\",\"name\":\"Astuce ou commentaire\",\"value\":\"Activit\u00e9 relaxante, id\u00e9ale pour d\u00e9marrer la journ\u00e9e.\"}]}},{\"@type\":\"ListItem\",\"position\":112,\"item\":{\"@type\":\"Event\",\"name\":\"Concours de ch\u00e2teaux de sable\",\"description\":\"Animation conviviale sur la plage, ouverte \u00e0 tous, pour petits et grands, lors de certaines semaines d\u2019\u00e9t\u00e9 (\u00e0 confirmer selon programmation locale)[4].\",\"additionalProperty\":[{\"@type\":\"PropertyValue\",\"name\":\"Date \/ P\u00e9riode\",\"value\":\"Sur demande \/ animations estivales\"},{\"@type\":\"PropertyValue\",\"name\":\"Lieu (ville)\",\"value\":\"Plage de Mimizan, 5 km\"},{\"@type\":\"PropertyValue\",\"name\":\"Distance depuis le camping (km)\",\"value\":\"5\"},{\"@type\":\"PropertyValue\",\"name\":\"Type d\u2019\u00e9v\u00e9nement (march\u00e9, festival, sport, etc.)\",\"value\":\"Loisirs\"},{\"@type\":\"PropertyValue\",\"name\":\"Astuce ou commentaire\",\"value\":\"Animation classique des vacances \u00e0 la mer.\"}]}},{\"@type\":\"ListItem\",\"position\":113,\"item\":{\"@type\":\"Event\",\"name\":\"Initiation \u00e0 la voile sur le lac d\u2019Aureilhan\",\"description\":\"Cours et sorties encadr\u00e9es pour d\u00e9couvrir la voile sur l\u2019un des plus grands lacs des Landes[4].\",\"additionalProperty\":[{\"@type\":\"PropertyValue\",\"name\":\"Date \/ P\u00e9riode\",\"value\":\"Toute la saison (selon m\u00e9t\u00e9o)\"},{\"@type\":\"PropertyValue\",\"name\":\"Lieu (ville)\",\"value\":\"Lac d\u2019Aureilhan, 5 km\"},{\"@type\":\"PropertyValue\",\"name\":\"Distance depuis le camping (km)\",\"value\":\"5\"},{\"@type\":\"PropertyValue\",\"name\":\"Type d\u2019\u00e9v\u00e9nement (march\u00e9, festival, sport, etc.)\",\"value\":\"Sport\"},{\"@type\":\"PropertyValue\",\"name\":\"Astuce ou commentaire\",\"value\":\"Activit\u00e9 nautique accessible d\u00e8s l\u2019adolescence.\"}]}},{\"@type\":\"ListItem\",\"position\":114,\"item\":{\"@type\":\"Event\",\"name\":\"Atelier cuisine landaise\",\"description\":\"D\u00e9couverte des sp\u00e9cialit\u00e9s locales (magret, foie gras, asperges) avec d\u00e9monstration et d\u00e9gustation (\u00e0 confirmer selon programmation locale)[4].\",\"additionalProperty\":[{\"@type\":\"PropertyValue\",\"name\":\"Date \/ P\u00e9riode\",\"value\":\"Sur demande \/ animations estivales\"},{\"@type\":\"PropertyValue\",\"name\":\"Lieu (ville)\",\"value\":\"Camping ou village\"},{\"@type\":\"PropertyValue\",\"name\":\"Distance depuis le camping (km)\",\"value\":\"0-1\"},{\"@type\":\"PropertyValue\",\"name\":\"Type d\u2019\u00e9v\u00e9nement (march\u00e9, festival, sport, etc.)\",\"value\":\"Gastronomie\"},{\"@type\":\"PropertyValue\",\"name\":\"Astuce ou commentaire\",\"value\":\"Id\u00e9al pour s\u2019initier \u00e0 la culture culinaire du Sud-Ouest.\"}]}},{\"@type\":\"ListItem\",\"position\":115,\"item\":{\"@type\":\"Event\",\"name\":\"Balade nocturne \u00e0 la d\u00e9couverte des \u00e9toiles\",\"description\":\"Observation du ciel \u00e9toil\u00e9 avec un animateur nature, pour apprendre \u00e0 reconna\u00eetre les constellations et les plan\u00e8tes (\u00e0 confirmer selon programmation locale)[4].\",\"additionalProperty\":[{\"@type\":\"PropertyValue\",\"name\":\"Date \/ P\u00e9riode\",\"value\":\"Nuits d'\u00e9t\u00e9, selon programmation\"},{\"@type\":\"PropertyValue\",\"name\":\"Lieu (ville)\",\"value\":\"Camping ou plage de Mimizan\"},{\"@type\":\"PropertyValue\",\"name\":\"Distance depuis le camping (km)\",\"value\":\"0-5\"},{\"@type\":\"PropertyValue\",\"name\":\"Type d\u2019\u00e9v\u00e9nement (march\u00e9, festival, sport, etc.)\",\"value\":\"Nature\"},{\"@type\":\"PropertyValue\",\"name\":\"Astuce ou commentaire\",\"value\":\"Activit\u00e9 originale pour toute la famille.\"}]}},{\"@type\":\"ListItem\",\"position\":116,\"item\":{\"@type\":\"Event\",\"name\":\"Exposition sur la biodiversit\u00e9 des Landes\",\"description\":\"Exposition p\u00e9dagogique pr\u00e9sentant la faune, la flore et les milieux naturels caract\u00e9ristiques de la r\u00e9gion (\u00e0 confirmer selon programmation locale)[4].\",\"additionalProperty\":[{\"@type\":\"PropertyValue\",\"name\":\"Date \/ P\u00e9riode\",\"value\":\"Selon programmation locale\"},{\"@type\":\"PropertyValue\",\"name\":\"Lieu (ville)\",\"value\":\"Camping ou village\"},{\"@type\":\"PropertyValue\",\"name\":\"Distance depuis le camping (km)\",\"value\":\"0-1\"},{\"@type\":\"PropertyValue\",\"name\":\"Type d\u2019\u00e9v\u00e9nement (march\u00e9, festival, sport, etc.)\",\"value\":\"Culture\"},{\"@type\":\"PropertyValue\",\"name\":\"Astuce ou commentaire\",\"value\":\"Pour mieux comprendre et prot\u00e9ger l\u2019environnement local.\"}]}},{\"@type\":\"ListItem\",\"position\":117,\"item\":{\"@type\":\"Event\",\"name\":\"Tournoi de beach-volley\",\"description\":\"Comp\u00e9tition amicale de beach-volley ouverte \u00e0 tous, sur la plage (\u00e0 confirmer selon programmation locale)[4].\",\"additionalProperty\":[{\"@type\":\"PropertyValue\",\"name\":\"Date \/ P\u00e9riode\",\"value\":\"\u00c9t\u00e9, selon programmation\"},{\"@type\":\"PropertyValue\",\"name\":\"Lieu (ville)\",\"value\":\"Plage de Mimizan, 5 km\"},{\"@type\":\"PropertyValue\",\"name\":\"Distance depuis le camping (km)\",\"value\":\"5\"},{\"@type\":\"PropertyValue\",\"name\":\"Type d\u2019\u00e9v\u00e9nement (march\u00e9, festival, sport, etc.)\",\"value\":\"Sport\"},{\"@type\":\"PropertyValue\",\"name\":\"Astuce ou commentaire\",\"value\":\"Animation conviviale et sportive.\"}]}},{\"@type\":\"ListItem\",\"position\":118,\"item\":{\"@type\":\"Event\",\"name\":\"Sortie VTT sur la piste cyclable de la V\u00e9lodyss\u00e9e\",\"description\":\"Location de v\u00e9los possible sur place pour d\u00e9couvrir l\u2019un des plus beaux itin\u00e9raires cyclables d\u2019Europe, traversant for\u00eats, lacs et plages[3].\",\"additionalProperty\":[{\"@type\":\"PropertyValue\",\"name\":\"Date \/ P\u00e9riode\",\"value\":\"Toute l\u2019ann\u00e9e\"},{\"@type\":\"PropertyValue\",\"name\":\"Lieu (ville)\",\"value\":\"D\u00e9part du camping, acc\u00e8s direct\"},{\"@type\":\"PropertyValue\",\"name\":\"Distance depuis le camping (km)\",\"value\":\"0\"},{\"@type\":\"PropertyValue\",\"name\":\"Type d\u2019\u00e9v\u00e9nement (march\u00e9, festival, sport, etc.)\",\"value\":\"Sport\"},{\"@type\":\"PropertyValue\",\"name\":\"Astuce ou commentaire\",\"value\":\"Parcours adapt\u00e9 \u00e0 tous les niveaux, id\u00e9al en famille.\"}]}},{\"@type\":\"ListItem\",\"position\":119,\"item\":{\"@type\":\"Event\",\"name\":\"Atelier d\u00e9couverte de la faune aquatique\",\"description\":\"Animation nature pour observer et comprendre la vie dans les cours d\u2019eau landais, avec un guide naturaliste (\u00e0 confirmer selon programmation locale)[4].\",\"additionalProperty\":[{\"@type\":\"PropertyValue\",\"name\":\"Date \/ P\u00e9riode\",\"value\":\"\u00c9t\u00e9, selon programmation\"},{\"@type\":\"PropertyValue\",\"name\":\"Lieu (ville)\",\"value\":\"Rivi\u00e8re ou \u00e9tang \u00e0 proximit\u00e9\"},{\"@type\":\"PropertyValue\",\"name\":\"Distance depuis le camping (km)\",\"value\":\"0-1\"},{\"@type\":\"PropertyValue\",\"name\":\"Type d\u2019\u00e9v\u00e9nement (march\u00e9, festival, sport, etc.)\",\"value\":\"Nature\"},{\"@type\":\"PropertyValue\",\"name\":\"Astuce ou commentaire\",\"value\":\"Activit\u00e9 p\u00e9dagogique pour petits et grands.\"}]}},{\"@type\":\"ListItem\",\"position\":120,\"item\":{\"@type\":\"Event\",\"name\":\"Soir\u00e9e quiz musical\",\"description\":\"Animation conviviale autour de la musique, avec jeux, quiz et ambiance festive (\u00e0 confirmer selon programmation locale)[1].\",\"additionalProperty\":[{\"@type\":\"PropertyValue\",\"name\":\"Date \/ P\u00e9riode\",\"value\":\"Soir\u00e9es d\u2019\u00e9t\u00e9, selon programmation\"},{\"@type\":\"PropertyValue\",\"name\":\"Lieu (ville)\",\"value\":\"Camping\"},{\"@type\":\"PropertyValue\",\"name\":\"Distance depuis le camping (km)\",\"value\":\"0\"},{\"@type\":\"PropertyValue\",\"name\":\"Type d\u2019\u00e9v\u00e9nement (march\u00e9, festival, sport, etc.)\",\"value\":\"Animation\"},{\"@type\":\"PropertyValue\",\"name\":\"Astuce ou commentaire\",\"value\":\"Pour passer une soir\u00e9e d\u00e9tendue entre amis ou en famille.\"}]}},{\"@type\":\"ListItem\",\"position\":121,\"item\":{\"@type\":\"Event\",\"name\":\"Atelier fabrication de nichoirs \u00e0 oiseaux\",\"description\":\"Atelier manuel pour sensibiliser \u00e0 la protection des oiseaux et fabriquer un nichoir \u00e0 emporter chez soi (\u00e0 confirmer selon programmation locale)[4].\",\"additionalProperty\":[{\"@type\":\"PropertyValue\",\"name\":\"Date \/ P\u00e9riode\",\"value\":\"\u00c9t\u00e9, selon programmation\"},{\"@type\":\"PropertyValue\",\"name\":\"Lieu (ville)\",\"value\":\"Club enfants du camping\"},{\"@type\":\"PropertyValue\",\"name\":\"Distance depuis le camping (km)\",\"value\":\"0\"},{\"@type\":\"PropertyValue\",\"name\":\"Type d\u2019\u00e9v\u00e9nement (march\u00e9, festival, sport, etc.)\",\"value\":\"Nature\"},{\"@type\":\"PropertyValue\",\"name\":\"Astuce ou commentaire\",\"value\":\"Activit\u00e9 \u00e9ducative et utile pour la biodiversit\u00e9.\"}]}},{\"@type\":\"ListItem\",\"position\":122,\"item\":{\"@type\":\"Event\",\"name\":\"Journ\u00e9es culturelles landaises\",\"description\":\"D\u00e9couvrez les traditions locales avec des animations culturelles et culinaires.\",\"additionalProperty\":[{\"@type\":\"PropertyValue\",\"name\":\"Date \/ P\u00e9riode\",\"value\":\"Vari\u00e9es\"},{\"@type\":\"PropertyValue\",\"name\":\"Lieu (ville)\",\"value\":\"Saint-Paul-en-Born\"},{\"@type\":\"PropertyValue\",\"name\":\"Distance depuis le camping (km)\",\"value\":\"0\"},{\"@type\":\"PropertyValue\",\"name\":\"Type d\u2019\u00e9v\u00e9nement (march\u00e9, festival, sport, etc.)\",\"value\":\"\u00e9v\u00e8nement culturel et gastronomique\"}]}},{\"@type\":\"ListItem\",\"position\":123,\"item\":{\"@type\":\"Event\",\"name\":\"F\u00eate de la musique\",\"description\":\"Soir\u00e9e musicale en plein air avec concert gratuits.\",\"additionalProperty\":[{\"@type\":\"PropertyValue\",\"name\":\"Date \/ P\u00e9riode\",\"value\":\"Juin\"},{\"@type\":\"PropertyValue\",\"name\":\"Lieu (ville)\",\"value\":\"Saint-Paul-en-Born\"},{\"@type\":\"PropertyValue\",\"name\":\"Distance depuis le camping (km)\",\"value\":\"0\"},{\"@type\":\"PropertyValue\",\"name\":\"Type d\u2019\u00e9v\u00e9nement (march\u00e9, festival, sport, etc.)\",\"value\":\"\u00e9v\u00e8nement musical\"}]}},{\"@type\":\"ListItem\",\"position\":124,\"item\":{\"@type\":\"Event\",\"name\":\"Sortie nature guid\u00e9e en cano\u00eb\",\"description\":\"Pagaie dans les eaux landaises avec des guides locaux.\",\"additionalProperty\":[{\"@type\":\"PropertyValue\",\"name\":\"Date \/ P\u00e9riode\",\"value\":\"Juillet \u00e0 ao\u00fbt\"},{\"@type\":\"PropertyValue\",\"name\":\"Lieu (ville)\",\"value\":\"C\u00f4te atlantique\"},{\"@type\":\"PropertyValue\",\"name\":\"Distance depuis le camping (km)\",\"value\":\"8\"},{\"@type\":\"PropertyValue\",\"name\":\"Type d\u2019\u00e9v\u00e9nement (march\u00e9, festival, sport, etc.)\",\"value\":\"activit\u00e9 sportive aquatique\"}]}},{\"@type\":\"ListItem\",\"position\":125,\"item\":{\"@type\":\"Event\",\"name\":\"Circuit culinaire des Landes\",\"description\":\"D\u00e9gustez les sp\u00e9cialit\u00e9s culinaires r\u00e9gionales.\",\"additionalProperty\":[{\"@type\":\"PropertyValue\",\"name\":\"Date \/ P\u00e9riode\",\"value\":\"Juillet \u00e0 ao\u00fbt\"},{\"@type\":\"PropertyValue\",\"name\":\"Lieu (ville)\",\"value\":\"Mimizan\"},{\"@type\":\"PropertyValue\",\"name\":\"Distance depuis le camping (km)\",\"value\":\"8\"},{\"@type\":\"PropertyValue\",\"name\":\"Type d\u2019\u00e9v\u00e9nement (march\u00e9, festival, sport, etc.)\",\"value\":\"\u00e9v\u00e8nement gastronomique\"}]}},{\"@type\":\"ListItem\",\"position\":126,\"item\":{\"@type\":\"Event\",\"name\":\"Comp\u00e9tition de naturisme\",\"description\":\"Participez \u00e0 des activit\u00e9s de bien-\u00eatre et de sport au naturel.\",\"additionalProperty\":[{\"@type\":\"PropertyValue\",\"name\":\"Date \/ P\u00e9riode\",\"value\":\"Septembre\"},{\"@type\":\"PropertyValue\",\"name\":\"Lieu (ville)\",\"value\":\"Plage naturiste de la Naturist Camp des Landes\"},{\"@type\":\"PropertyValue\",\"name\":\"Distance depuis le camping (km)\",\"value\":\"15\"},{\"@type\":\"PropertyValue\",\"name\":\"Type d\u2019\u00e9v\u00e9nement (march\u00e9, festival, sport, etc.)\",\"value\":\"\u00e9v\u00e8nement sportif\"}]}},{\"@type\":\"ListItem\",\"position\":127,\"item\":{\"@type\":\"Event\",\"name\":\"March\u00e9 de No\u00ebl\",\"description\":\"D\u00e9couvrez les produits locaux et les traditions de saison.\",\"additionalProperty\":[{\"@type\":\"PropertyValue\",\"name\":\"Date \/ P\u00e9riode\",\"value\":\"D\u00e9cembre\"},{\"@type\":\"PropertyValue\",\"name\":\"Lieu (ville)\",\"value\":\"Saint-Paul-en-Born\"},{\"@type\":\"PropertyValue\",\"name\":\"Distance depuis le camping (km)\",\"value\":\"0\"},{\"@type\":\"PropertyValue\",\"name\":\"Type d\u2019\u00e9v\u00e9nement (march\u00e9, festival, sport, etc.)\",\"value\":\"\u00e9v\u00e8nement commercial et culturel\"}]}},{\"@type\":\"ListItem\",\"position\":128,\"item\":{\"@type\":\"Event\",\"name\":\"F\u00eate de la Saint-Jean\",\"description\":\"F\u00eate traditionnelle avec feux de joie et animations.\",\"additionalProperty\":[{\"@type\":\"PropertyValue\",\"name\":\"Date \/ P\u00e9riode\",\"value\":\"Juin\"},{\"@type\":\"PropertyValue\",\"name\":\"Lieu (ville)\",\"value\":\"Saint-Paul-en-Born\"},{\"@type\":\"PropertyValue\",\"name\":\"Distance depuis le camping (km)\",\"value\":\"0\"},{\"@type\":\"PropertyValue\",\"name\":\"Type d\u2019\u00e9v\u00e9nement (march\u00e9, festival, sport, etc.)\",\"value\":\"f\u00eate traditionnelle\"}]}},{\"@type\":\"ListItem\",\"position\":129,\"item\":{\"@type\":\"Event\",\"name\":\"Sorties VTT\",\"description\":\"Explorez les paysages landais \u00e0 v\u00e9lo.\",\"additionalProperty\":[{\"@type\":\"PropertyValue\",\"name\":\"Date \/ P\u00e9riode\",\"value\":\"Toute l'ann\u00e9e\"},{\"@type\":\"PropertyValue\",\"name\":\"Lieu (ville)\",\"value\":\"Pistes cyclables des Landes\"},{\"@type\":\"PropertyValue\",\"name\":\"Distance depuis le camping (km)\",\"value\":\"2\"},{\"@type\":\"PropertyValue\",\"name\":\"Type d\u2019\u00e9v\u00e9nement (march\u00e9, festival, sport, etc.)\",\"value\":\"activit\u00e9 sportive\"}]}},{\"@type\":\"ListItem\",\"position\":130,\"item\":{\"@type\":\"Event\",\"name\":\"F\u00eate de la rivi\u00e8re\",\"description\":\"Animations nautiques et d\u00e9jeuners sur l'eau.\",\"additionalProperty\":[{\"@type\":\"PropertyValue\",\"name\":\"Date \/ P\u00e9riode\",\"value\":\"Juillet\"},{\"@type\":\"PropertyValue\",\"name\":\"Lieu (ville)\",\"value\":\"Saint-Paul-en-Born\"},{\"@type\":\"PropertyValue\",\"name\":\"Distance depuis le camping (km)\",\"value\":\"0\"},{\"@type\":\"PropertyValue\",\"name\":\"Type d\u2019\u00e9v\u00e9nement (march\u00e9, festival, sport, etc.)\",\"value\":\"\u00e9v\u00e8nement nautique\"}]}},{\"@type\":\"ListItem\",\"position\":131,\"item\":{\"@type\":\"Event\",\"name\":\"March\u00e9 des artisans\",\"description\":\"D\u00e9couvrez les produits artisanaux locaux.\",\"additionalProperty\":[{\"@type\":\"PropertyValue\",\"name\":\"Date \/ P\u00e9riode\",\"value\":\"Fin d'ann\u00e9e\"},{\"@type\":\"PropertyValue\",\"name\":\"Lieu (ville)\",\"value\":\"Saint-Paul-en-Born\"},{\"@type\":\"PropertyValue\",\"name\":\"Distance depuis le camping (km)\",\"value\":\"0\"},{\"@type\":\"PropertyValue\",\"name\":\"Type d\u2019\u00e9v\u00e9nement (march\u00e9, festival, sport, etc.)\",\"value\":\"\u00e9v\u00e8nement commercial\"}]}},{\"@type\":\"ListItem\",\"position\":132,\"item\":{\"@type\":\"Event\",\"name\":\"Atelier de permaculture\",\"description\":\"Initiation aux techniques de permaculture.\",\"additionalProperty\":[{\"@type\":\"PropertyValue\",\"name\":\"Date \/ P\u00e9riode\",\"value\":\"Printemps\"},{\"@type\":\"PropertyValue\",\"name\":\"Lieu (ville)\",\"value\":\"Jardin de Saint-Paul-en-Born\"},{\"@type\":\"PropertyValue\",\"name\":\"Distance depuis le camping (km)\",\"value\":\"0\"},{\"@type\":\"PropertyValue\",\"name\":\"Type d\u2019\u00e9v\u00e9nement (march\u00e9, festival, sport, etc.)\",\"value\":\"atelier p\u00e9dagogique\"}]}},{\"@type\":\"ListItem\",\"position\":133,\"item\":{\"@type\":\"Event\",\"name\":\"Visite guid\u00e9e de la nature\",\"description\":\"Explorez la faune et la flore locales avec des guides experts.\",\"additionalProperty\":[{\"@type\":\"PropertyValue\",\"name\":\"Date \/ P\u00e9riode\",\"value\":\"Toute l'ann\u00e9e\"},{\"@type\":\"PropertyValue\",\"name\":\"Lieu (ville)\",\"value\":\"For\u00eat des Landes\"},{\"@type\":\"PropertyValue\",\"name\":\"Distance depuis le camping (km)\",\"value\":\"3\"},{\"@type\":\"PropertyValue\",\"name\":\"Type d\u2019\u00e9v\u00e9nement (march\u00e9, festival, sport, etc.)\",\"value\":\"activit\u00e9 p\u00e9dagogique\"}]}},{\"@type\":\"ListItem\",\"position\":134,\"item\":{\"@type\":\"Event\",\"name\":\"Spectacle de feu d'artifice\",\"description\":\"F\u00eate nationale avec spectacle pyrotechnique.\",\"additionalProperty\":[{\"@type\":\"PropertyValue\",\"name\":\"Date \/ P\u00e9riode\",\"value\":\"Juillet\"},{\"@type\":\"PropertyValue\",\"name\":\"Lieu (ville)\",\"value\":\"Saint-Paul-en-Born\"},{\"@type\":\"PropertyValue\",\"name\":\"Distance depuis le camping (km)\",\"value\":\"0\"},{\"@type\":\"PropertyValue\",\"name\":\"Type d\u2019\u00e9v\u00e9nement (march\u00e9, festival, sport, etc.)\",\"value\":\"spectacle pyrotechnique\"}]}},{\"@type\":\"ListItem\",\"position\":135,\"item\":{\"@type\":\"Event\",\"name\":\"D\u00e9monstration de\u2019\u00e9quitation\",\"description\":\"D\u00e9couvrez les techniques \u00e9questres avec des cavaliers locaux.\",\"additionalProperty\":[{\"@type\":\"PropertyValue\",\"name\":\"Date \/ P\u00e9riode\",\"value\":\"Ao\u00fbt\"},{\"@type\":\"PropertyValue\",\"name\":\"Lieu (ville)\",\"value\":\"Ecuries Olivier Bauer\"},{\"@type\":\"PropertyValue\",\"name\":\"Distance depuis le camping (km)\",\"value\":\"6.4\"},{\"@type\":\"PropertyValue\",\"name\":\"Type d\u2019\u00e9v\u00e9nement (march\u00e9, festival, sport, etc.)\",\"value\":\"\u00e9v\u00e8nement \u00e9questre\"}]}},{\"@type\":\"ListItem\",\"position\":136,\"item\":{\"@type\":\"Event\",\"name\":\"Journ\u00e9es d\u2019initiation au yoga\",\"description\":\"Initiation au yoga en plein air.\",\"additionalProperty\":[{\"@type\":\"PropertyValue\",\"name\":\"Date \/ P\u00e9riode\",\"value\":\"Juillet \u00e0 ao\u00fbt\"},{\"@type\":\"PropertyValue\",\"name\":\"Lieu (ville)\",\"value\":\"Paysage des Landes\"},{\"@type\":\"PropertyValue\",\"name\":\"Distance depuis le camping (km)\",\"value\":\"3\"},{\"@type\":\"PropertyValue\",\"name\":\"Type d\u2019\u00e9v\u00e9nement (march\u00e9, festival, sport, etc.)\",\"value\":\"atelier de bien-\u00eatre\"}]}},{\"@type\":\"ListItem\",\"position\":137,\"item\":{\"@type\":\"Event\",\"name\":\"F\u00eate des vendanges\",\"description\":\"F\u00eate traditionnelle avec d\u00e9gustation de vins locaux.\",\"additionalProperty\":[{\"@type\":\"PropertyValue\",\"name\":\"Date \/ P\u00e9riode\",\"value\":\"Septembre\"},{\"@type\":\"PropertyValue\",\"name\":\"Lieu (ville)\",\"value\":\"Saint-Paul-en-Born\"},{\"@type\":\"PropertyValue\",\"name\":\"Distance depuis le camping (km)\",\"value\":\"0\"},{\"@type\":\"PropertyValue\",\"name\":\"Type d\u2019\u00e9v\u00e9nement (march\u00e9, festival, sport, etc.)\",\"value\":\"\u00e9v\u00e8nement gastronomique\"}]}},{\"@type\":\"ListItem\",\"position\":138,\"item\":{\"@type\":\"Event\",\"name\":\"March\u00e9 de Saint-Paul-en-Born\",\"description\":\"D\u00e9couvrez les produits frais locaux.\",\"additionalProperty\":[{\"@type\":\"PropertyValue\",\"name\":\"Date \/ P\u00e9riode\",\"value\":\"Tous les mercredis\"},{\"@type\":\"PropertyValue\",\"name\":\"Lieu (ville)\",\"value\":\"March\u00e9 de Saint-Paul-en-Born\"},{\"@type\":\"PropertyValue\",\"name\":\"Distance depuis le camping (km)\",\"value\":\"0\"},{\"@type\":\"PropertyValue\",\"name\":\"Type d\u2019\u00e9v\u00e9nement (march\u00e9, festival, sport, etc.)\",\"value\":\"\u00e9v\u00e8nement commercial\"}]}},{\"@type\":\"ListItem\",\"position\":139,\"item\":{\"@type\":\"Event\",\"name\":\"Atelier de peinture sur toile\",\"description\":\"Initiation \u00e0 la peinture pour adultes et enfants.\",\"additionalProperty\":[{\"@type\":\"PropertyValue\",\"name\":\"Date \/ P\u00e9riode\",\"value\":\"\u00c9t\u00e9\"},{\"@type\":\"PropertyValue\",\"name\":\"Lieu (ville)\",\"value\":\"Camping La Clairi\u00e8re\"},{\"@type\":\"PropertyValue\",\"name\":\"Distance depuis le camping (km)\",\"value\":\"0\"},{\"@type\":\"PropertyValue\",\"name\":\"Type d\u2019\u00e9v\u00e9nement (march\u00e9, festival, sport, etc.)\",\"value\":\"atelier artistique\"}]}},{\"@type\":\"ListItem\",\"position\":140,\"item\":{\"@type\":\"Event\",\"name\":\"Initiation \u00e0 l'escalade dans les Landes\",\"description\":\"Activit\u00e9 d'escalade dans la nature landaise pour les amateurs.\",\"additionalProperty\":[{\"@type\":\"PropertyValue\",\"name\":\"Date \/ P\u00e9riode\",\"value\":\"juillet et ao\u00fbt\"},{\"@type\":\"PropertyValue\",\"name\":\"Lieu (ville)\",\"value\":\"Saint-Paul-en-Born\"},{\"@type\":\"PropertyValue\",\"name\":\"Distance depuis le camping (km)\",\"value\":\"environ 5 km\"},{\"@type\":\"PropertyValue\",\"name\":\"Type d\u2019\u00e9v\u00e9nement (march\u00e9, festival, sport, etc.)\",\"value\":\"Sportif\"},{\"@type\":\"PropertyValue\",\"name\":\"Astuce ou commentaire\",\"value\":\"Activit\u00e9 non mentionn\u00e9e pr\u00e9c\u00e9demment.\"}]}},{\"@type\":\"ListItem\",\"position\":141,\"item\":{\"@type\":\"Event\",\"name\":\"March\u00e9 des producteurs locaux\",\"description\":\"Un march\u00e9 local pour d\u00e9guster les produits regionaux.\",\"additionalProperty\":[{\"@type\":\"PropertyValue\",\"name\":\"Date \/ P\u00e9riode\",\"value\":\"tous les samedis\"},{\"@type\":\"PropertyValue\",\"name\":\"Lieu (ville)\",\"value\":\"Saint-Paul-en-Born\"},{\"@type\":\"PropertyValue\",\"name\":\"Distance depuis le camping (km)\",\"value\":\"0 km\"},{\"@type\":\"PropertyValue\",\"name\":\"Type d\u2019\u00e9v\u00e9nement (march\u00e9, festival, sport, etc.)\",\"value\":\"Gastronomique\"},{\"@type\":\"PropertyValue\",\"name\":\"Astuce ou commentaire\",\"value\":\"Activit\u00e9 non mentionn\u00e9e pr\u00e9c\u00e9demment.\"}]}},{\"@type\":\"ListItem\",\"position\":142,\"item\":{\"@type\":\"Event\",\"name\":\"Visite guid\u00e9e de la Dune du Pilat\",\"description\":\"D\u00e9couverte de la plus grande dune d'Europe.\",\"additionalProperty\":[{\"@type\":\"PropertyValue\",\"name\":\"Date \/ P\u00e9riode\",\"value\":\"toute l'ann\u00e9e\"},{\"@type\":\"PropertyValue\",\"name\":\"Lieu (ville)\",\"value\":\"Dune du Pilat\"},{\"@type\":\"PropertyValue\",\"name\":\"Distance depuis le camping (km)\",\"value\":\"environ 60 km\"},{\"@type\":\"PropertyValue\",\"name\":\"Type d\u2019\u00e9v\u00e9nement (march\u00e9, festival, sport, etc.)\",\"value\":\"Nature\"},{\"@type\":\"PropertyValue\",\"name\":\"Astuce ou commentaire\",\"value\":\"Activit\u00e9 non mentionn\u00e9e pr\u00e9c\u00e9demment.\"}]}},{\"@type\":\"ListItem\",\"position\":143,\"item\":{\"@type\":\"Event\",\"name\":\"Concerts en for\u00eat\",\"description\":\"Concerts en plein air dans un cadre naturel.\",\"additionalProperty\":[{\"@type\":\"PropertyValue\",\"name\":\"Date \/ P\u00e9riode\",\"value\":\"juillet-septembre\"},{\"@type\":\"PropertyValue\",\"name\":\"Lieu (ville)\",\"value\":\"For\u00eat des Landes\"},{\"@type\":\"PropertyValue\",\"name\":\"Distance depuis le camping (km)\",\"value\":\"environ 10 km\"},{\"@type\":\"PropertyValue\",\"name\":\"Type d\u2019\u00e9v\u00e9nement (march\u00e9, festival, sport, etc.)\",\"value\":\"Culturel\"},{\"@type\":\"PropertyValue\",\"name\":\"Astuce ou commentaire\",\"value\":\"Activit\u00e9 non mentionn\u00e9e pr\u00e9c\u00e9demment.\"}]}},{\"@type\":\"ListItem\",\"position\":144,\"item\":{\"@type\":\"Event\",\"name\":\"Atelier d'initiation au potager permacole\",\"description\":\"D\u00e9couverte des techniques de permaculture.\",\"additionalProperty\":[{\"@type\":\"PropertyValue\",\"name\":\"Date \/ P\u00e9riode\",\"value\":\"juin-ao\u00fbt\"},{\"@type\":\"PropertyValue\",\"name\":\"Lieu (ville)\",\"value\":\"Saint-Paul-en-Born\"},{\"@type\":\"PropertyValue\",\"name\":\"Distance depuis le camping (km)\",\"value\":\"environ 2 km\"},{\"@type\":\"PropertyValue\",\"name\":\"Type d\u2019\u00e9v\u00e9nement (march\u00e9, festival, sport, etc.)\",\"value\":\"\u00c9cologique\"},{\"@type\":\"PropertyValue\",\"name\":\"Astuce ou commentaire\",\"value\":\"Activit\u00e9 non mentionn\u00e9e pr\u00e9c\u00e9demment.\"}]}},{\"@type\":\"ListItem\",\"position\":145,\"item\":{\"@type\":\"Event\",\"name\":\"Sortie p\u00e9destre dans les marais\",\"description\":\"Randonn\u00e9e dans un cadre naturel pr\u00e9serv\u00e9.\",\"additionalProperty\":[{\"@type\":\"PropertyValue\",\"name\":\"Date \/ P\u00e9riode\",\"value\":\"Toute l'ann\u00e9e\"},{\"@type\":\"PropertyValue\",\"name\":\"Lieu (ville)\",\"value\":\"Marais de Mimizan\"},{\"@type\":\"PropertyValue\",\"name\":\"Distance depuis le camping (km)\",\"value\":\"environ 8 km\"},{\"@type\":\"PropertyValue\",\"name\":\"Type d\u2019\u00e9v\u00e9nement (march\u00e9, festival, sport, etc.)\",\"value\":\"Nature\"},{\"@type\":\"PropertyValue\",\"name\":\"Astuce ou commentaire\",\"value\":\"Activit\u00e9 non mentionn\u00e9e pr\u00e9c\u00e9demment.\"}]}},{\"@type\":\"ListItem\",\"position\":146,\"item\":{\"@type\":\"Event\",\"name\":\"Atelier de d\u00e9couverte de l'environnement pour enfants\",\"description\":\"Atelier pour les enfants sur la biodiversit\u00e9.\",\"additionalProperty\":[{\"@type\":\"PropertyValue\",\"name\":\"Date \/ P\u00e9riode\",\"value\":\"juillet et ao\u00fbt\"},{\"@type\":\"PropertyValue\",\"name\":\"Lieu (ville)\",\"value\":\"Camping La Clairi\u00e8re\"},{\"@type\":\"PropertyValue\",\"name\":\"Distance depuis le camping (km)\",\"value\":\"0 km\"},{\"@type\":\"PropertyValue\",\"name\":\"Type d\u2019\u00e9v\u00e9nement (march\u00e9, festival, sport, etc.)\",\"value\":\"\u00c9ducatif\"},{\"@type\":\"PropertyValue\",\"name\":\"Astuce ou commentaire\",\"value\":\"Activit\u00e9 non mentionn\u00e9e pr\u00e9c\u00e9demment.\"}]}},{\"@type\":\"ListItem\",\"position\":147,\"item\":{\"@type\":\"Event\",\"name\":\"Spectacle de feu d'artifice des f\u00eates traditionnelles\",\"description\":\"Spectacle pyrotechnique lors des f\u00eates du village.\",\"additionalProperty\":[{\"@type\":\"PropertyValue\",\"name\":\"Date \/ P\u00e9riode\",\"value\":\"juillet\"},{\"@type\":\"PropertyValue\",\"name\":\"Lieu (ville)\",\"value\":\"Saint-Paul-en-Born\"},{\"@type\":\"PropertyValue\",\"name\":\"Distance depuis le camping (km)\",\"value\":\"0 km\"},{\"@type\":\"PropertyValue\",\"name\":\"Type d\u2019\u00e9v\u00e9nement (march\u00e9, festival, sport, etc.)\",\"value\":\"Culturel\"},{\"@type\":\"PropertyValue\",\"name\":\"Astuce ou commentaire\",\"value\":\"Activit\u00e9 non mentionn\u00e9e pr\u00e9c\u00e9demment.\"}]}},{\"@type\":\"ListItem\",\"position\":148,\"item\":{\"@type\":\"Event\",\"name\":\"Visite guid\u00e9e au Parc naturel r\u00e9gional des Landes de Gascogne\",\"description\":\"D\u00e9couverte des paysages naturels du Parc.\",\"additionalProperty\":[{\"@type\":\"PropertyValue\",\"name\":\"Date \/ P\u00e9riode\",\"value\":\"toute l'ann\u00e9e\"},{\"@type\":\"PropertyValue\",\"name\":\"Lieu (ville)\",\"value\":\"Parc Naturel R\u00e9gional des Landes de Gascogne\"},{\"@type\":\"PropertyValue\",\"name\":\"Distance depuis le camping (km)\",\"value\":\"environ 60 km\"},{\"@type\":\"PropertyValue\",\"name\":\"Type d\u2019\u00e9v\u00e9nement (march\u00e9, festival, sport, etc.)\",\"value\":\"Nature\"},{\"@type\":\"PropertyValue\",\"name\":\"Astuce ou commentaire\",\"value\":\"Activit\u00e9 non mentionn\u00e9e pr\u00e9c\u00e9demment.\"}]}},{\"@type\":\"ListItem\",\"position\":149,\"item\":{\"@type\":\"Event\",\"name\":\"Initiation \u00e0 la chasse au tr\u00e9sor g\u00e9ocaching\",\"description\":\"Activit\u00e9 interactive pour familles.\",\"additionalProperty\":[{\"@type\":\"PropertyValue\",\"name\":\"Date \/ P\u00e9riode\",\"value\":\"juillet et ao\u00fbt\"},{\"@type\":\"PropertyValue\",\"name\":\"Lieu (ville)\",\"value\":\"For\u00eat des Landes\"},{\"@type\":\"PropertyValue\",\"name\":\"Distance depuis le camping (km)\",\"value\":\"environ 10 km\"},{\"@type\":\"PropertyValue\",\"name\":\"Type d\u2019\u00e9v\u00e9nement (march\u00e9, festival, sport, etc.)\",\"value\":\"Divertissement\"},{\"@type\":\"PropertyValue\",\"name\":\"Astuce ou commentaire\",\"value\":\"Activit\u00e9 non mentionn\u00e9e pr\u00e9c\u00e9demment.\"}]}},{\"@type\":\"ListItem\",\"position\":150,\"item\":{\"@type\":\"Event\",\"name\":\"Atelier de couture pour enfants\",\"description\":\"Atelier cr\u00e9atif pour les petits.\",\"additionalProperty\":[{\"@type\":\"PropertyValue\",\"name\":\"Date \/ P\u00e9riode\",\"value\":\"juillet\"},{\"@type\":\"PropertyValue\",\"name\":\"Lieu (ville)\",\"value\":\"Saint-Paul-en-Born\"},{\"@type\":\"PropertyValue\",\"name\":\"Distance depuis le camping (km)\",\"value\":\"environ 2 km\"},{\"@type\":\"PropertyValue\",\"name\":\"Type d\u2019\u00e9v\u00e9nement (march\u00e9, festival, sport, etc.)\",\"value\":\"Divertissement\"},{\"@type\":\"PropertyValue\",\"name\":\"Astuce ou commentaire\",\"value\":\"Activit\u00e9 non mentionn\u00e9e pr\u00e9c\u00e9demment.\"}]}},{\"@type\":\"ListItem\",\"position\":151,\"item\":{\"@type\":\"Event\",\"name\":\"Sortie en kayak sur la rivi\u00e8re\",\"description\":\"Pleine immersion dans la nature.\",\"additionalProperty\":[{\"@type\":\"PropertyValue\",\"name\":\"Date \/ P\u00e9riode\",\"value\":\"juillet et ao\u00fbt\"},{\"@type\":\"PropertyValue\",\"name\":\"Lieu (ville)\",\"value\":\"Rivi\u00e8re de Saint-Paul-en-Born\"},{\"@type\":\"PropertyValue\",\"name\":\"Distance depuis le camping (km)\",\"value\":\"environ 5 km\"},{\"@type\":\"PropertyValue\",\"name\":\"Type d\u2019\u00e9v\u00e9nement (march\u00e9, festival, sport, etc.)\",\"value\":\"Sportif\"},{\"@type\":\"PropertyValue\",\"name\":\"Astuce ou commentaire\",\"value\":\"Activit\u00e9 non mentionn\u00e9e pr\u00e9c\u00e9demment.\"}]}},{\"@type\":\"ListItem\",\"position\":152,\"item\":{\"@type\":\"Event\",\"name\":\"F\u00eate traditionnelle landaise\",\"description\":\"F\u00eate culturelle avec repas landais.\",\"additionalProperty\":[{\"@type\":\"PropertyValue\",\"name\":\"Date \/ P\u00e9riode\",\"value\":\"juillet\"},{\"@type\":\"PropertyValue\",\"name\":\"Lieu (ville)\",\"value\":\"Saint-Paul-en-Born\"},{\"@type\":\"PropertyValue\",\"name\":\"Distance depuis le camping (km)\",\"value\":\"0 km\"},{\"@type\":\"PropertyValue\",\"name\":\"Type d\u2019\u00e9v\u00e9nement (march\u00e9, festival, sport, etc.)\",\"value\":\"Culturel\"},{\"@type\":\"PropertyValue\",\"name\":\"Astuce ou commentaire\",\"value\":\"Activit\u00e9 non mentionn\u00e9e pr\u00e9c\u00e9demment.\"}]}},{\"@type\":\"ListItem\",\"position\":153,\"item\":{\"@type\":\"Event\",\"name\":\"Journ\u00e9e d'initiation \u00e0 l'\u00e9quitation\",\"description\":\"D\u00e9couverte de l'\u00e9quitation pour d\u00e9butants.\",\"additionalProperty\":[{\"@type\":\"PropertyValue\",\"name\":\"Date \/ P\u00e9riode\",\"value\":\"juillet et ao\u00fbt\"},{\"@type\":\"PropertyValue\",\"name\":\"Lieu (ville)\",\"value\":\"Ecuries Olivier Bauer\"},{\"@type\":\"PropertyValue\",\"name\":\"Distance depuis le camping (km)\",\"value\":\"environ 6 km\"},{\"@type\":\"PropertyValue\",\"name\":\"Type d\u2019\u00e9v\u00e9nement (march\u00e9, festival, sport, etc.)\",\"value\":\"Sportif\"},{\"@type\":\"PropertyValue\",\"name\":\"Astuce ou commentaire\",\"value\":\"Activit\u00e9 non mentionn\u00e9e pr\u00e9c\u00e9demment.\"}]}},{\"@type\":\"ListItem\",\"position\":154,\"item\":{\"@type\":\"Event\",\"name\":\"Concert de musique acoustique en for\u00eat\",\"description\":\"Concert en plein air dans un cadre naturel.\",\"additionalProperty\":[{\"@type\":\"PropertyValue\",\"name\":\"Date \/ P\u00e9riode\",\"value\":\"juillet et ao\u00fbt\"},{\"@type\":\"PropertyValue\",\"name\":\"Lieu (ville)\",\"value\":\"For\u00eat des Landes\"},{\"@type\":\"PropertyValue\",\"name\":\"Distance depuis le camping (km)\",\"value\":\"environ 10 km\"},{\"@type\":\"PropertyValue\",\"name\":\"Type d\u2019\u00e9v\u00e9nement (march\u00e9, festival, sport, etc.)\",\"value\":\"Culturel\"},{\"@type\":\"PropertyValue\",\"name\":\"Astuce ou commentaire\",\"value\":\"Activit\u00e9 non mentionn\u00e9e pr\u00e9c\u00e9demment.\"}]}},{\"@type\":\"ListItem\",\"position\":155,\"item\":{\"@type\":\"Event\",\"name\":\"Sortie naturaliste en v\u00e9lo\",\"description\":\"Randonn\u00e9e \u00e0 v\u00e9lo le long de la piste cyclable.\",\"additionalProperty\":[{\"@type\":\"PropertyValue\",\"name\":\"Date \/ P\u00e9riode\",\"value\":\"Toute l'ann\u00e9e\"},{\"@type\":\"PropertyValue\",\"name\":\"Lieu (ville)\",\"value\":\"V\u00e9lodys\u00e9e\"},{\"@type\":\"PropertyValue\",\"name\":\"Distance depuis le camping (km)\",\"value\":\"environ 5 km\"},{\"@type\":\"PropertyValue\",\"name\":\"Type d\u2019\u00e9v\u00e9nement (march\u00e9, festival, sport, etc.)\",\"value\":\"Nature\"},{\"@type\":\"PropertyValue\",\"name\":\"Astuce ou commentaire\",\"value\":\"Activit\u00e9 non mentionn\u00e9e pr\u00e9c\u00e9demment.\"}]}},{\"@type\":\"ListItem\",\"position\":156,\"item\":{\"@type\":\"Event\",\"name\":\"F\u00eate traditionnelle de la Saint-Jean \u00e0 Saint-Paul-en-Born\",\"description\":\"C\u00e9l\u00e9bration traditionnelle locale avec bandas et repas landais, mettant en avant les coutumes et restitutions culturelles du village.\",\"url\":\"https:\/\/www.mimizan-tourisme.com\",\"additionalProperty\":[{\"@type\":\"PropertyValue\",\"name\":\"Date \/ P\u00e9riode\",\"value\":\"Fin juin 2025\"},{\"@type\":\"PropertyValue\",\"name\":\"Lieu (ville)\",\"value\":\"Saint-Paul-en-Born\"},{\"@type\":\"PropertyValue\",\"name\":\"Distance depuis le camping (km)\",\"value\":\"0 km\"},{\"@type\":\"PropertyValue\",\"name\":\"Type d\u2019\u00e9v\u00e9nement (march\u00e9, festival, sport, etc.)\",\"value\":\"F\u00eate traditionnelle\"},{\"@type\":\"PropertyValue\",\"name\":\"Astuce ou commentaire\",\"value\":\"\u00c9v\u00e9nement annuel populaire pour les habitants et les visiteurs, anim\u00e9 par des musiciens traditionnels et des repas conviviaux.\"}]}},{\"@type\":\"ListItem\",\"position\":157,\"item\":{\"@type\":\"Event\",\"name\":\"March\u00e9 artisanal et gastronomique nocturne sp\u00e9cial \u00e9t\u00e9\",\"description\":\"March\u00e9 nocturne mettant en valeur les produits artisanaux et gastronomiques locaux, id\u00e9al pour d\u00e9couvrir les saveurs landaises.\",\"url\":\"https:\/\/www.mimizan-tourisme.com\",\"additionalProperty\":[{\"@type\":\"PropertyValue\",\"name\":\"Date \/ P\u00e9riode\",\"value\":\"Juillet et ao\u00fbt 2025, soir\u00e9es en semaine\"},{\"@type\":\"PropertyValue\",\"name\":\"Lieu (ville)\",\"value\":\"Saint-Paul-en-Born\"},{\"@type\":\"PropertyValue\",\"name\":\"Distance depuis le camping (km)\",\"value\":\"0 km\"},{\"@type\":\"PropertyValue\",\"name\":\"Type d\u2019\u00e9v\u00e9nement (march\u00e9, festival, sport, etc.)\",\"value\":\"March\u00e9\"},{\"@type\":\"PropertyValue\",\"name\":\"Astuce ou commentaire\",\"value\":\"Animation estivale appr\u00e9ci\u00e9e des vacanciers du Camping La Clairi\u00e8re, \u00e0 proximit\u00e9 directe.\"}]}},{\"@type\":\"ListItem\",\"position\":158,\"item\":{\"@type\":\"Event\",\"name\":\"Festival de th\u00e9\u00e2tre amateur en plein air\",\"description\":\"Rencontre artistique avec des compagnies de th\u00e9\u00e2tre amateur se produisant en plein air dans un cadre naturel.\",\"url\":\"https:\/\/www.guide-des-landes.com\",\"additionalProperty\":[{\"@type\":\"PropertyValue\",\"name\":\"Date \/ P\u00e9riode\",\"value\":\"Ao\u00fbt 2025\"},{\"@type\":\"PropertyValue\",\"name\":\"Lieu (ville)\",\"value\":\"Saint-Paul-en-Born\"},{\"@type\":\"PropertyValue\",\"name\":\"Distance depuis le camping (km)\",\"value\":\"1 km\"},{\"@type\":\"PropertyValue\",\"name\":\"Type d\u2019\u00e9v\u00e9nement (march\u00e9, festival, sport, etc.)\",\"value\":\"Festival culturel\"},{\"@type\":\"PropertyValue\",\"name\":\"Astuce ou commentaire\",\"value\":\"Propose des spectacles vari\u00e9s pour toute la famille \u00e0 proximit\u00e9 du camping.\"}]}},{\"@type\":\"ListItem\",\"position\":159,\"item\":{\"@type\":\"Event\",\"name\":\"Concerts de jazz en plein air\",\"description\":\"S\u00e9rie de concerts de jazz dans un cadre naturel, offrant une ambiance musicale d\u00e9tendue pour les visiteurs.\",\"url\":\"https:\/\/www.guide-des-landes.com\",\"additionalProperty\":[{\"@type\":\"PropertyValue\",\"name\":\"Date \/ P\u00e9riode\",\"value\":\"Juillet 2025\"},{\"@type\":\"PropertyValue\",\"name\":\"Lieu (ville)\",\"value\":\"Saint-Paul-en-Born\"},{\"@type\":\"PropertyValue\",\"name\":\"Distance depuis le camping (km)\",\"value\":\"1 km\"},{\"@type\":\"PropertyValue\",\"name\":\"Type d\u2019\u00e9v\u00e9nement (march\u00e9, festival, sport, etc.)\",\"value\":\"Concert\"},{\"@type\":\"PropertyValue\",\"name\":\"Astuce ou commentaire\",\"value\":\"Id\u00e9al pour les amateurs de musique cherchant une ambiance conviviale \u00e0 proximit\u00e9 du camping.\"}]}},{\"@type\":\"ListItem\",\"position\":160,\"item\":{\"@type\":\"Event\",\"name\":\"Atelier d\u00e9couverte de la boussole c\u00e9leste - Automne en Sc\u00e8ne\",\"description\":\"Atelier \u00e9ducatif et ludique d'observation astronomique pour tous les \u00e2ges, avec initiation \u00e0 la boussole c\u00e9leste.\",\"url\":\"https:\/\/www.guide-des-landes.com\/fr\/tourisme\/se-loger\/campings\/campings-mobil-homes\/saint-paul-en-born-275\/camping-la-clairiere-691.html\",\"additionalProperty\":[{\"@type\":\"PropertyValue\",\"name\":\"Date \/ P\u00e9riode\",\"value\":\"Automne 2025\"},{\"@type\":\"PropertyValue\",\"name\":\"Lieu (ville)\",\"value\":\"Saint-Paul-en-Born\"},{\"@type\":\"PropertyValue\",\"name\":\"Distance depuis le camping (km)\",\"value\":\"1 km\"},{\"@type\":\"PropertyValue\",\"name\":\"Type d\u2019\u00e9v\u00e9nement (march\u00e9, festival, sport, etc.)\",\"value\":\"Atelier nature\"},{\"@type\":\"PropertyValue\",\"name\":\"Astuce ou commentaire\",\"value\":\"Activit\u00e9 culturelle originale organis\u00e9es localement, proche du camping.\"}]}},{\"@type\":\"ListItem\",\"position\":161,\"item\":{\"@type\":\"Event\",\"name\":\"Sorties VTT sur la piste cyclable de la V\u00e9lodyss\u00e9e\",\"description\":\"Excursions guid\u00e9es ou libres \u00e0 VTT sur la fameuse V\u00e9lodyss\u00e9e, parcours cyclable longeant la c\u00f4te atlantique.\",\"url\":\"https:\/\/www.camping-laclairiere.fr\/fr\/\",\"additionalProperty\":[{\"@type\":\"PropertyValue\",\"name\":\"Date \/ P\u00e9riode\",\"value\":\"Toute l'ann\u00e9e 2025\"},{\"@type\":\"PropertyValue\",\"name\":\"Lieu (ville)\",\"value\":\"Saint-Paul-en-Born et environs\"},{\"@type\":\"PropertyValue\",\"name\":\"Distance depuis le camping (km)\",\"value\":\"Sur place\"},{\"@type\":\"PropertyValue\",\"name\":\"Type d\u2019\u00e9v\u00e9nement (march\u00e9, festival, sport, etc.)\",\"value\":\"Activit\u00e9 sportive\"},{\"@type\":\"PropertyValue\",\"name\":\"Astuce ou commentaire\",\"value\":\"Id\u00e9al pour les amateurs de v\u00e9lo, accessible directement depuis le camping.\"}]}},{\"@type\":\"ListItem\",\"position\":162,\"item\":{\"@type\":\"Event\",\"name\":\"Randonn\u00e9e \u00e9questre dans la for\u00eat landaise\",\"description\":\"Balades \u00e0 cheval encadr\u00e9es pour d\u00e9couvrir la faune et la flore des Landes.\",\"url\":\"https:\/\/www.mimizan-tourisme.com\",\"additionalProperty\":[{\"@type\":\"PropertyValue\",\"name\":\"Date \/ P\u00e9riode\",\"value\":\"Saison estivale 2025\"},{\"@type\":\"PropertyValue\",\"name\":\"Lieu (ville)\",\"value\":\"For\u00eat des Landes pr\u00e8s de Saint-Paul-en-Born\"},{\"@type\":\"PropertyValue\",\"name\":\"Distance depuis le camping (km)\",\"value\":\"5 km\"},{\"@type\":\"PropertyValue\",\"name\":\"Type d\u2019\u00e9v\u00e9nement (march\u00e9, festival, sport, etc.)\",\"value\":\"Activit\u00e9 nature\"},{\"@type\":\"PropertyValue\",\"name\":\"Astuce ou commentaire\",\"value\":\"Proximit\u00e9 des \u00e9curies locales, parfait pour les cavaliers.\"}]}},{\"@type\":\"ListItem\",\"position\":163,\"item\":{\"@type\":\"Event\",\"name\":\"Atelier de peinture nature pour enfants\",\"description\":\"Atelier cr\u00e9atif pour les enfants, r\u00e9alisation d\u2019\u0153uvres inspir\u00e9es par la nature landaise.\",\"url\":\"https:\/\/www.guide-des-landes.com\",\"additionalProperty\":[{\"@type\":\"PropertyValue\",\"name\":\"Date \/ P\u00e9riode\",\"value\":\"Juillet-ao\u00fbt 2025\"},{\"@type\":\"PropertyValue\",\"name\":\"Lieu (ville)\",\"value\":\"Saint-Paul-en-Born\"},{\"@type\":\"PropertyValue\",\"name\":\"Distance depuis le camping (km)\",\"value\":\"1 km\"},{\"@type\":\"PropertyValue\",\"name\":\"Type d\u2019\u00e9v\u00e9nement (march\u00e9, festival, sport, etc.)\",\"value\":\"Atelier artistique\"},{\"@type\":\"PropertyValue\",\"name\":\"Astuce ou commentaire\",\"value\":\"Activit\u00e9 \u00e9ducative et ludique, adapt\u00e9e aux familles en vacances au camping.\"}]}},{\"@type\":\"ListItem\",\"position\":164,\"item\":{\"@type\":\"Event\",\"name\":\"Excursion p\u00e9destre au bord de la rivi\u00e8re et d\u00e9couverte de la biodiversit\u00e9\",\"description\":\"Promenades guid\u00e9es pour observer les esp\u00e8ces animales et v\u00e9g\u00e9tales locales dans leur habitat naturel.\",\"url\":\"https:\/\/www.camping-laclairiere.fr\/fr\/\",\"additionalProperty\":[{\"@type\":\"PropertyValue\",\"name\":\"Date \/ P\u00e9riode\",\"value\":\"Mai \u00e0 septembre 2025\"},{\"@type\":\"PropertyValue\",\"name\":\"Lieu (ville)\",\"value\":\"Rivi\u00e8re proche de Saint-Paul-en-Born\"},{\"@type\":\"PropertyValue\",\"name\":\"Distance depuis le camping (km)\",\"value\":\"2 km\"},{\"@type\":\"PropertyValue\",\"name\":\"Type d\u2019\u00e9v\u00e9nement (march\u00e9, festival, sport, etc.)\",\"value\":\"Nature et randonn\u00e9e\"},{\"@type\":\"PropertyValue\",\"name\":\"Astuce ou commentaire\",\"value\":\"Pour les amoureux de la nature et randonneurs, accessible facilement depuis le camping.\"}]}},{\"@type\":\"ListItem\",\"position\":165,\"item\":{\"@type\":\"Event\",\"name\":\"Atelier d\u2019initiation au yoga et relaxation en plein air\",\"description\":\"S\u00e9ances relaxantes et bien-\u00eatre en plein air, adapt\u00e9es \u00e0 tous les niveaux, dans un cadre naturel apaisant.\",\"url\":\"https:\/\/www.guide-des-landes.com\",\"additionalProperty\":[{\"@type\":\"PropertyValue\",\"name\":\"Date \/ P\u00e9riode\",\"value\":\"Saison 2025\"},{\"@type\":\"PropertyValue\",\"name\":\"Lieu (ville)\",\"value\":\"Saint-Paul-en-Born\"},{\"@type\":\"PropertyValue\",\"name\":\"Distance depuis le camping (km)\",\"value\":\"1 km\"},{\"@type\":\"PropertyValue\",\"name\":\"Type d\u2019\u00e9v\u00e9nement (march\u00e9, festival, sport, etc.)\",\"value\":\"Bien-\u00eatre\"},{\"@type\":\"PropertyValue\",\"name\":\"Astuce ou commentaire\",\"value\":\"Propose un moment de d\u00e9tente pour les vacanciers du camping.\"}]}},{\"@type\":\"ListItem\",\"position\":166,\"item\":{\"@type\":\"Event\",\"name\":\"Festival de musique jazz en plein air\",\"description\":\"Festival r\u00e9unissant plusieurs groupes de jazz, concerts en ext\u00e9rieur pour un public vari\u00e9.\",\"url\":\"https:\/\/www.guide-des-landes.com\",\"additionalProperty\":[{\"@type\":\"PropertyValue\",\"name\":\"Date \/ P\u00e9riode\",\"value\":\"Juillet 2025\"},{\"@type\":\"PropertyValue\",\"name\":\"Lieu (ville)\",\"value\":\"Saint-Paul-en-Born\"},{\"@type\":\"PropertyValue\",\"name\":\"Distance depuis le camping (km)\",\"value\":\"1 km\"},{\"@type\":\"PropertyValue\",\"name\":\"Type d\u2019\u00e9v\u00e9nement (march\u00e9, festival, sport, etc.)\",\"value\":\"Festival musical\"},{\"@type\":\"PropertyValue\",\"name\":\"Astuce ou commentaire\",\"value\":\"Compl\u00e9ment culturel aux animations du camping.\"}]}},{\"@type\":\"ListItem\",\"position\":167,\"item\":{\"@type\":\"Event\",\"name\":\"Chasse au tr\u00e9sor en pleine nature\",\"description\":\"Jeu de piste familial organis\u00e9 pour d\u00e9couvrir la nature en s\u2019amusant, adapt\u00e9 aux enfants et adolescents.\",\"url\":\"https:\/\/www.mimizan-tourisme.com\",\"additionalProperty\":[{\"@type\":\"PropertyValue\",\"name\":\"Date \/ P\u00e9riode\",\"value\":\"Juillet et ao\u00fbt 2025\"},{\"@type\":\"PropertyValue\",\"name\":\"Lieu (ville)\",\"value\":\"For\u00eat et environs de Saint-Paul-en-Born\"},{\"@type\":\"PropertyValue\",\"name\":\"Distance depuis le camping (km)\",\"value\":\"2 km\"},{\"@type\":\"PropertyValue\",\"name\":\"Type d\u2019\u00e9v\u00e9nement (march\u00e9, festival, sport, etc.)\",\"value\":\"Animation famille\"},{\"@type\":\"PropertyValue\",\"name\":\"Astuce ou commentaire\",\"value\":\"Activit\u00e9 ludique propos\u00e9e en p\u00e9riode estivale proche du camping.\"}]}},{\"@type\":\"ListItem\",\"position\":168,\"item\":{\"@type\":\"Event\",\"name\":\"Atelier fabrication de nichoirs \u00e0 oiseaux\",\"description\":\"Atelier cr\u00e9atif et \u00e9cologique pour apprendre \u00e0 fabriquer des abris pour oiseaux locaux.\",\"url\":\"https:\/\/www.guide-des-landes.com\",\"additionalProperty\":[{\"@type\":\"PropertyValue\",\"name\":\"Date \/ P\u00e9riode\",\"value\":\"Printemps 2025\"},{\"@type\":\"PropertyValue\",\"name\":\"Lieu (ville)\",\"value\":\"Saint-Paul-en-Born\"},{\"@type\":\"PropertyValue\",\"name\":\"Distance depuis le camping (km)\",\"value\":\"1 km\"},{\"@type\":\"PropertyValue\",\"name\":\"Type d\u2019\u00e9v\u00e9nement (march\u00e9, festival, sport, etc.)\",\"value\":\"Atelier nature\"},{\"@type\":\"PropertyValue\",\"name\":\"Astuce ou commentaire\",\"value\":\"Soutient la sensibilisation \u00e0 la faune locale, adapt\u00e9 aux familles.\"}]}},{\"@type\":\"ListItem\",\"position\":169,\"item\":{\"@type\":\"Event\",\"name\":\"Spectacle de feu d'artifice pour la f\u00eate locale\",\"description\":\"Grand feu d\u2019artifice accompagn\u00e9 d\u2019animations festives pour c\u00e9l\u00e9brer les festivit\u00e9s locales estivales.\",\"url\":\"https:\/\/www.mimizan-tourisme.com\",\"additionalProperty\":[{\"@type\":\"PropertyValue\",\"name\":\"Date \/ P\u00e9riode\",\"value\":\"Juillet 2025\"},{\"@type\":\"PropertyValue\",\"name\":\"Lieu (ville)\",\"value\":\"Saint-Paul-en-Born\"},{\"@type\":\"PropertyValue\",\"name\":\"Distance depuis le camping (km)\",\"value\":\"0.5 km\"},{\"@type\":\"PropertyValue\",\"name\":\"Type d\u2019\u00e9v\u00e9nement (march\u00e9, festival, sport, etc.)\",\"value\":\"Spectacle\"},{\"@type\":\"PropertyValue\",\"name\":\"Astuce ou commentaire\",\"value\":\"Temps fort festif pour les vacanciers du camping et habitants.\"}]}},{\"@type\":\"ListItem\",\"position\":170,\"item\":{\"@type\":\"Event\",\"name\":\"Circuit culinaire des Landes\",\"description\":\"D\u00e9couverte gourmande des sp\u00e9cialit\u00e9s culinaires landaises via des d\u00e9gustations et visites chez les producteurs.\",\"url\":\"https:\/\/www.guide-des-landes.com\",\"additionalProperty\":[{\"@type\":\"PropertyValue\",\"name\":\"Date \/ P\u00e9riode\",\"value\":\"\u00c9t\u00e9 2025\"},{\"@type\":\"PropertyValue\",\"name\":\"Lieu (ville)\",\"value\":\"Saint-Paul-en-Born et alentours\"},{\"@type\":\"PropertyValue\",\"name\":\"Distance depuis le camping (km)\",\"value\":\"0-10 km\"},{\"@type\":\"PropertyValue\",\"name\":\"Type d\u2019\u00e9v\u00e9nement (march\u00e9, festival, sport, etc.)\",\"value\":\"Gastronomie\"},{\"@type\":\"PropertyValue\",\"name\":\"Astuce ou commentaire\",\"value\":\"Offre une exp\u00e9rience authentique et savoureuse proche du camping.\"}]}},{\"@type\":\"ListItem\",\"position\":171,\"item\":{\"@type\":\"Event\",\"name\":\"Journ\u00e9es d'initiation \u00e0 la p\u00eache au niveau local\",\"description\":\"Initiation \u00e0 la p\u00eache pour les d\u00e9butants, avec guidance sur les techniques et les \u00e9quipements de base.\",\"additionalProperty\":[{\"@type\":\"PropertyValue\",\"name\":\"Date \/ P\u00e9riode\",\"value\":\"Variable\"},{\"@type\":\"PropertyValue\",\"name\":\"Lieu (ville)\",\"value\":\"Rivi\u00e8re et \u00e9tangs proches\"},{\"@type\":\"PropertyValue\",\"name\":\"Distance depuis le camping (km)\",\"value\":\"Moins de 5 km\"},{\"@type\":\"PropertyValue\",\"name\":\"Type d\u2019\u00e9v\u00e9nement (march\u00e9, festival, sport, etc.)\",\"value\":\"Activit\u00e9 de plein air\"},{\"@type\":\"PropertyValue\",\"name\":\"Astuce ou commentaire\",\"value\":\"Activit\u00e9 pouvant \u00eatre organis\u00e9e en partenariat avec des guides locaux.\"}]}},{\"@type\":\"ListItem\",\"position\":172,\"item\":{\"@type\":\"Event\",\"name\":\"F\u00eate des Jeunes\",\"description\":\"F\u00eate organis\u00e9e pour les jeunes avec des animations vari\u00e9es.\",\"additionalProperty\":[{\"@type\":\"PropertyValue\",\"name\":\"Date \/ P\u00e9riode\",\"value\":\"Variable\"},{\"@type\":\"PropertyValue\",\"name\":\"Lieu (ville)\",\"value\":\"Saint-Paul-en-Born\"},{\"@type\":\"PropertyValue\",\"name\":\"Distance depuis le camping (km)\",\"value\":\"Moins de 5 km\"},{\"@type\":\"PropertyValue\",\"name\":\"Type d\u2019\u00e9v\u00e9nement (march\u00e9, festival, sport, etc.)\",\"value\":\"F\u00eate locale\"},{\"@type\":\"PropertyValue\",\"name\":\"Astuce ou commentaire\",\"value\":\"Inclut des concerts, des activit\u00e9s ludiques, et des jeux pour tous les \u00e2ges.\"}]}},{\"@type\":\"ListItem\",\"position\":173,\"item\":{\"@type\":\"Event\",\"name\":\"Concerts en plein air \u00e0 La Clairi\u00e8re\",\"description\":\"Concerts de musique en plein air, souvent inclus dans les soir\u00e9es anim\u00e9es du camping.\",\"additionalProperty\":[{\"@type\":\"PropertyValue\",\"name\":\"Date \/ P\u00e9riode\",\"value\":\"\u00c9t\u00e9\"},{\"@type\":\"PropertyValue\",\"name\":\"Lieu (ville)\",\"value\":\"Camping La Clairi\u00e8re\"},{\"@type\":\"PropertyValue\",\"name\":\"Distance depuis le camping (km)\",\"value\":\"Dans le camping\"},{\"@type\":\"PropertyValue\",\"name\":\"Type d\u2019\u00e9v\u00e9nement (march\u00e9, festival, sport, etc.)\",\"value\":\"\u00c9v\u00e9nement musical\"},{\"@type\":\"PropertyValue\",\"name\":\"Astuce ou commentaire\",\"value\":\"Ouvert aux r\u00e9sidents et invit\u00e9s du camping.\"}]}},{\"@type\":\"ListItem\",\"position\":174,\"item\":{\"@type\":\"Event\",\"name\":\"Initiation \u00e0 la course d'orientation\",\"description\":\"Activit\u00e9 de course d'orientation pour tous niveaux, dans la for\u00eat landaise.\",\"additionalProperty\":[{\"@type\":\"PropertyValue\",\"name\":\"Date \/ P\u00e9riode\",\"value\":\"Variable\"},{\"@type\":\"PropertyValue\",\"name\":\"Lieu (ville)\",\"value\":\"For\u00eat des Landes\"},{\"@type\":\"PropertyValue\",\"name\":\"Distance depuis le camping (km)\",\"value\":\"Moins de 10 km\"},{\"@type\":\"PropertyValue\",\"name\":\"Type d\u2019\u00e9v\u00e9nement (march\u00e9, festival, sport, etc.)\",\"value\":\"Activit\u00e9 sportive\"},{\"@type\":\"PropertyValue\",\"name\":\"Astuce ou commentaire\",\"value\":\"Parfaite pour les familles et les groupes.\"}]}},{\"@type\":\"ListItem\",\"position\":175,\"item\":{\"@type\":\"Event\",\"name\":\"March\u00e9 bio et artisanal\",\"description\":\"March\u00e9 proposant des produits bio et des cr\u00e9ations artisanales locales.\",\"additionalProperty\":[{\"@type\":\"PropertyValue\",\"name\":\"Date \/ P\u00e9riode\",\"value\":\"Variable\"},{\"@type\":\"PropertyValue\",\"name\":\"Lieu (ville)\",\"value\":\"Saint-Paul-en-Born\"},{\"@type\":\"PropertyValue\",\"name\":\"Distance depuis le camping (km)\",\"value\":\"Moins de 5 km\"},{\"@type\":\"PropertyValue\",\"name\":\"Type d\u2019\u00e9v\u00e9nement (march\u00e9, festival, sport, etc.)\",\"value\":\"March\u00e9 local\"},{\"@type\":\"PropertyValue\",\"name\":\"Astuce ou commentaire\",\"value\":\"Ide\u00e9 pour ceux qui aiment les produits frais et locaux.\"}]}},{\"@type\":\"ListItem\",\"position\":176,\"item\":{\"@type\":\"Event\",\"name\":\"Balade \u00e0 cheval\",\"description\":\"Promenade \u00e0 cheval dans la campagne landaise.\",\"additionalProperty\":[{\"@type\":\"PropertyValue\",\"name\":\"Date \/ P\u00e9riode\",\"value\":\"Variable\"},{\"@type\":\"PropertyValue\",\"name\":\"Lieu (ville)\",\"value\":\"\u00c9curies proches\"},{\"@type\":\"PropertyValue\",\"name\":\"Distance depuis le camping (km)\",\"value\":\"Moins de 10 km\"},{\"@type\":\"PropertyValue\",\"name\":\"Type d\u2019\u00e9v\u00e9nement (march\u00e9, festival, sport, etc.)\",\"value\":\"Randonn\u00e9e \u00e9questre\"},{\"@type\":\"PropertyValue\",\"name\":\"Astuce ou commentaire\",\"value\":\"Convient aux d\u00e9butants et aux cavaliers exp\u00e9riment\u00e9s.\"}]}},{\"@type\":\"ListItem\",\"position\":177,\"item\":{\"@type\":\"Event\",\"name\":\"Spectacle de cirque local\",\"description\":\"Spectacle de cirque offrant diverses performances acrobatiques et artistiques.\",\"additionalProperty\":[{\"@type\":\"PropertyValue\",\"name\":\"Date \/ P\u00e9riode\",\"value\":\"\u00c9t\u00e9\"},{\"@type\":\"PropertyValue\",\"name\":\"Lieu (ville)\",\"value\":\"Saint-Paul-en-Born\"},{\"@type\":\"PropertyValue\",\"name\":\"Distance depuis le camping (km)\",\"value\":\"Moins de 5 km\"},{\"@type\":\"PropertyValue\",\"name\":\"Type d\u2019\u00e9v\u00e9nement (march\u00e9, festival, sport, etc.)\",\"value\":\"Spectacle\"},{\"@type\":\"PropertyValue\",\"name\":\"Astuce ou commentaire\",\"value\":\"Destin\u00e9 aux familles et aux enfants.\"}]}},{\"@type\":\"ListItem\",\"position\":178,\"item\":{\"@type\":\"Event\",\"name\":\"Atelier de cuisine gasconne\",\"description\":\"Atelier pour apprendre \u00e0 pr\u00e9parer des plats traditionnels gascons.\",\"additionalProperty\":[{\"@type\":\"PropertyValue\",\"name\":\"Date \/ P\u00e9riode\",\"value\":\"Variable\"},{\"@type\":\"PropertyValue\",\"name\":\"Lieu (ville)\",\"value\":\"Restaurant local\"},{\"@type\":\"PropertyValue\",\"name\":\"Distance depuis le camping (km)\",\"value\":\"Moins de 5 km\"},{\"@type\":\"PropertyValue\",\"name\":\"Type d\u2019\u00e9v\u00e9nement (march\u00e9, festival, sport, etc.)\",\"value\":\"Atelier culinaire\"},{\"@type\":\"PropertyValue\",\"name\":\"Astuce ou commentaire\",\"value\":\"Inclut d\u00e9gustation des pr\u00e9parations.\"}]}},{\"@type\":\"ListItem\",\"position\":179,\"item\":{\"@type\":\"Event\",\"name\":\"F\u00eate de la Saint-Jean avec feu d'artifice\",\"description\":\"F\u00eate traditionnelle avec un grand feu d'artifice.\",\"additionalProperty\":[{\"@type\":\"PropertyValue\",\"name\":\"Date \/ P\u00e9riode\",\"value\":\"Fin juin\"},{\"@type\":\"PropertyValue\",\"name\":\"Lieu (ville)\",\"value\":\"Saint-Paul-en-Born\"},{\"@type\":\"PropertyValue\",\"name\":\"Distance depuis le camping (km)\",\"value\":\"Moins de 5 km\"},{\"@type\":\"PropertyValue\",\"name\":\"Type d\u2019\u00e9v\u00e9nement (march\u00e9, festival, sport, etc.)\",\"value\":\"F\u00eate locale\"},{\"@type\":\"PropertyValue\",\"name\":\"Astuce ou commentaire\",\"value\":\"Inclut musique, danse et animations familiales.\"}]}},{\"@type\":\"ListItem\",\"position\":180,\"item\":{\"@type\":\"Event\",\"name\":\"Randonn\u00e9e guid\u00e9e le long de la rivi\u00e8re\",\"description\":\"Randonn\u00e9e le long de la rivi\u00e8re, explorant la faune locale.\",\"additionalProperty\":[{\"@type\":\"PropertyValue\",\"name\":\"Date \/ P\u00e9riode\",\"value\":\"Variable\"},{\"@type\":\"PropertyValue\",\"name\":\"Lieu (ville)\",\"value\":\"Rivi\u00e8re proche\"},{\"@type\":\"PropertyValue\",\"name\":\"Distance depuis le camping (km)\",\"value\":\"Moins de 5 km\"},{\"@type\":\"PropertyValue\",\"name\":\"Type d\u2019\u00e9v\u00e9nement (march\u00e9, festival, sport, etc.)\",\"value\":\"Randonn\u00e9e p\u00e9d\u00e8stre\"},{\"@type\":\"PropertyValue\",\"name\":\"Astuce ou commentaire\",\"value\":\"Id\u00e9ale pour les amateurs de nature.\"}]}},{\"@type\":\"ListItem\",\"position\":181,\"item\":{\"@type\":\"Event\",\"name\":\"Atelier de d\u00e9coration de fleurs\",\"description\":\"Atelier pour apprendre \u00e0 cr\u00e9er des arrangements floraux.\",\"additionalProperty\":[{\"@type\":\"PropertyValue\",\"name\":\"Date \/ P\u00e9riode\",\"value\":\"\u00c9t\u00e9\"},{\"@type\":\"PropertyValue\",\"name\":\"Lieu (ville)\",\"value\":\"Camping ou local proche\"},{\"@type\":\"PropertyValue\",\"name\":\"Distance depuis le camping (km)\",\"value\":\"Moins de 5 km\"},{\"@type\":\"PropertyValue\",\"name\":\"Type d\u2019\u00e9v\u00e9nement (march\u00e9, festival, sport, etc.)\",\"value\":\"Atelier cr\u00e9atif\"},{\"@type\":\"PropertyValue\",\"name\":\"Astuce ou commentaire\",\"value\":\"Destin\u00e9 aux amateurs de jardinage et de fleurs.\"}]}},{\"@type\":\"ListItem\",\"position\":182,\"item\":{\"@type\":\"Event\",\"name\":\"Soir\u00e9e de observation astronomique\",\"description\":\"Soir\u00e9e pour observer les \u00e9toiles dans le ciel clair landais.\",\"additionalProperty\":[{\"@type\":\"PropertyValue\",\"name\":\"Date \/ P\u00e9riode\",\"value\":\"\u00c9t\u00e9\"},{\"@type\":\"PropertyValue\",\"name\":\"Lieu (ville)\",\"value\":\"Camping ou champ proche\"},{\"@type\":\"PropertyValue\",\"name\":\"Distance depuis le camping (km)\",\"value\":\"Moins de 5 km\"},{\"@type\":\"PropertyValue\",\"name\":\"Type d\u2019\u00e9v\u00e9nement (march\u00e9, festival, sport, etc.)\",\"value\":\"Observation astronomique\"},{\"@type\":\"PropertyValue\",\"name\":\"Astuce ou commentaire\",\"value\":\"Parfaite pour les amateurs d'astronomie.\"}]}},{\"@type\":\"ListItem\",\"position\":183,\"item\":{\"@type\":\"Event\",\"name\":\"Comp\u00e9tition de p\u00eache amateur\",\"description\":\"Comp\u00e9tition amicale de p\u00eache pour adultes et enfants.\",\"additionalProperty\":[{\"@type\":\"PropertyValue\",\"name\":\"Date \/ P\u00e9riode\",\"value\":\"\u00c9t\u00e9\"},{\"@type\":\"PropertyValue\",\"name\":\"Lieu (ville)\",\"value\":\"Rivi\u00e8re ou \u00e9tang proche\"},{\"@type\":\"PropertyValue\",\"name\":\"Distance depuis le camping (km)\",\"value\":\"Moins de 5 km\"},{\"@type\":\"PropertyValue\",\"name\":\"Type d\u2019\u00e9v\u00e9nement (march\u00e9, festival, sport, etc.)\",\"value\":\"Comp\u00e9tition sportive\"},{\"@type\":\"PropertyValue\",\"name\":\"Astuce ou commentaire\",\"value\":\"Inclut prix et r\u00e9compenses pour les participants.\"}]}},{\"@type\":\"ListItem\",\"position\":184,\"item\":{\"@type\":\"Event\",\"name\":\"Exposition de photographies de nature\",\"description\":\"Exposition de photos mettant en valeur la beaut\u00e9 naturelle des Landes.\",\"additionalProperty\":[{\"@type\":\"PropertyValue\",\"name\":\"Date \/ P\u00e9riode\",\"value\":\"Variable\"},{\"@type\":\"PropertyValue\",\"name\":\"Lieu (ville)\",\"value\":\"Galerie locale ou espace public\"},{\"@type\":\"PropertyValue\",\"name\":\"Distance depuis le camping (km)\",\"value\":\"Moins de 5 km\"},{\"@type\":\"PropertyValue\",\"name\":\"Type d\u2019\u00e9v\u00e9nement (march\u00e9, festival, sport, etc.)\",\"value\":\"Exposition artistique\"},{\"@type\":\"PropertyValue\",\"name\":\"Astuce ou commentaire\",\"value\":\"Inclut conf\u00e9rences et d\u00e9bats sur la nature.\"}]}},{\"@type\":\"ListItem\",\"position\":185,\"item\":{\"@type\":\"Event\",\"name\":\"F\u00eate traditionnelle landaise\",\"description\":\"F\u00eate locale avec musique, danse, et plats traditionnels.\",\"additionalProperty\":[{\"@type\":\"PropertyValue\",\"name\":\"Date \/ P\u00e9riode\",\"value\":\"Mi-juillet\"},{\"@type\":\"PropertyValue\",\"name\":\"Lieu (ville)\",\"value\":\"Saint-Paul-en-Born\"},{\"@type\":\"PropertyValue\",\"name\":\"Distance depuis le camping (km)\",\"value\":\"Moins de 5 km\"},{\"@type\":\"PropertyValue\",\"name\":\"Type d\u2019\u00e9v\u00e9nement (march\u00e9, festival, sport, etc.)\",\"value\":\"F\u00eate culturelle\"},{\"@type\":\"PropertyValue\",\"name\":\"Astuce ou commentaire\",\"value\":\"Inclut d\u00e9monstrations de m\u00e9tiers anciens.\"}]}},{\"@type\":\"ListItem\",\"position\":186,\"item\":{\"@type\":\"Event\",\"name\":\"Visite guid\u00e9e du Parc Naturel R\u00e9gional des Landes\",\"description\":\"Visite guid\u00e9e pour d\u00e9couvrir la biodiversit\u00e9 unique du parc.\",\"additionalProperty\":[{\"@type\":\"PropertyValue\",\"name\":\"Date \/ P\u00e9riode\",\"value\":\"Variable\"},{\"@type\":\"PropertyValue\",\"name\":\"Lieu (ville)\",\"value\":\"Parc Naturel R\u00e9gional des Landes\"},{\"@type\":\"PropertyValue\",\"name\":\"Distance depuis le camping (km)\",\"value\":\"Moins de 60 km\"},{\"@type\":\"PropertyValue\",\"name\":\"Type d\u2019\u00e9v\u00e9nement (march\u00e9, festival, sport, etc.)\",\"value\":\"Visite guid\u00e9e\"},{\"@type\":\"PropertyValue\",\"name\":\"Astuce ou commentaire\",\"value\":\"Inclut observation de la faune et de la flore locales.\"}]}},{\"@type\":\"ListItem\",\"position\":187,\"item\":{\"@type\":\"Event\",\"name\":\"Repair caf\u00e9\",\"description\":\"Atelier de r\u00e9paration participatif pour les objets de la vie quotidienne.\",\"additionalProperty\":[{\"@type\":\"PropertyValue\",\"name\":\"Date \/ P\u00e9riode\",\"value\":\"Variable\"},{\"@type\":\"PropertyValue\",\"name\":\"Lieu (ville)\",\"value\":\"Saint-Paul-en-Born\"},{\"@type\":\"PropertyValue\",\"name\":\"Distance depuis le camping (km)\",\"value\":\"Moins de 5 km\"},{\"@type\":\"PropertyValue\",\"name\":\"Type d\u2019\u00e9v\u00e9nement (march\u00e9, festival, sport, etc.)\",\"value\":\"Atelier cr\u00e9atif\"},{\"@type\":\"PropertyValue\",\"name\":\"Astuce ou commentaire\",\"value\":\"Pour les amateurs de bricolage et de r\u00e9paration.\"}]}},{\"@type\":\"ListItem\",\"position\":188,\"item\":{\"@type\":\"Event\",\"name\":\"Concerts et animations musicales au camping\",\"description\":\"Soir\u00e9es anim\u00e9es musicales propos\u00e9es aux vacanciers apr\u00e8s la baignade dans la piscine chauff\u00e9e, pour partager un moment convivial en famille ou entre amis.\",\"url\":\"https:\/\/www.camping-laclairiere.fr\/fr\/camping-animations-saint-paul-en-born\/\",\"additionalProperty\":[{\"@type\":\"PropertyValue\",\"name\":\"Date \/ P\u00e9riode\",\"value\":\"Juillet et ao\u00fbt 2025, deux fois par semaine\"},{\"@type\":\"PropertyValue\",\"name\":\"Lieu (ville)\",\"value\":\"Camping La Clairi\u00e8re, Saint-Paul-en-Born\"},{\"@type\":\"PropertyValue\",\"name\":\"Distance depuis le camping (km)\",\"value\":\"0 km\"},{\"@type\":\"PropertyValue\",\"name\":\"Type d\u2019\u00e9v\u00e9nement (march\u00e9, festival, sport, etc.)\",\"value\":\"Animation\"},{\"@type\":\"PropertyValue\",\"name\":\"Astuce ou commentaire\",\"value\":\"Activit\u00e9 phare directement au camping, favorise l'ambiance conviviale et familiale.\"}]}},{\"@type\":\"ListItem\",\"position\":189,\"item\":{\"@type\":\"Event\",\"name\":\"Club enfants avec animations adapt\u00e9es\",\"description\":\"Activit\u00e9s sportives, ludiques et cr\u00e9atives organis\u00e9es pour les enfants selon les tranches d'\u00e2ge (4-7 ans, 8-11 ans, 12-17 ans), \u00e9galement activit\u00e9s pour adultes.\",\"url\":\"https:\/\/www.camping-laclairiere.fr\/fr\/camping-animations-saint-paul-en-born\/\",\"additionalProperty\":[{\"@type\":\"PropertyValue\",\"name\":\"Date \/ P\u00e9riode\",\"value\":\"Saison estivale 2025\"},{\"@type\":\"PropertyValue\",\"name\":\"Lieu (ville)\",\"value\":\"Camping La Clairi\u00e8re\"},{\"@type\":\"PropertyValue\",\"name\":\"Distance depuis le camping (km)\",\"value\":\"0 km\"},{\"@type\":\"PropertyValue\",\"name\":\"Type d\u2019\u00e9v\u00e9nement (march\u00e9, festival, sport, etc.)\",\"value\":\"Animation\"},{\"@type\":\"PropertyValue\",\"name\":\"Astuce ou commentaire\",\"value\":\"Am\u00e9nagement d\u00e9di\u00e9 aux familles avec enfants au sein du camping.\"}]}},{\"@type\":\"ListItem\",\"position\":190,\"item\":{\"@type\":\"Event\",\"name\":\"Balade le long de la V\u00e9lodys\u00e9e\",\"description\":\"Parcours cyclable longeant la c\u00f4te Atlantique accessible depuis le camping, id\u00e9al pour randonneurs et cyclistes.\",\"url\":\"https:\/\/www.camping-laclairiere.fr\/fr\/\",\"additionalProperty\":[{\"@type\":\"PropertyValue\",\"name\":\"Date \/ P\u00e9riode\",\"value\":\"Toute l'ann\u00e9e\"},{\"@type\":\"PropertyValue\",\"name\":\"Lieu (ville)\",\"value\":\"Proche Camping La Clairi\u00e8re, Saint-Paul-en-Born\"},{\"@type\":\"PropertyValue\",\"name\":\"Distance depuis le camping (km)\",\"value\":\"\u00c0 proximit\u00e9 imm\u00e9diate\"},{\"@type\":\"PropertyValue\",\"name\":\"Type d\u2019\u00e9v\u00e9nement (march\u00e9, festival, sport, etc.)\",\"value\":\"Activit\u00e9 ext\u00e9rieure\"},{\"@type\":\"PropertyValue\",\"name\":\"Astuce ou commentaire\",\"value\":\"Lien direct avec le camping, convient aux amateurs de v\u00e9lo et grands espaces.\"}]}},{\"@type\":\"ListItem\",\"position\":191,\"item\":{\"@type\":\"Event\",\"name\":\"Randonn\u00e9e p\u00e9destre sur le chemin de Saint-Jacques-de-Compostelle\",\"description\":\"Itin\u00e9raire de randonn\u00e9e pour d\u00e9couvrir le patrimoine naturel et culturel au d\u00e9part de Saint-Paul-en-Born.\",\"url\":\"https:\/\/www.camping-laclairiere.fr\/fr\/\",\"additionalProperty\":[{\"@type\":\"PropertyValue\",\"name\":\"Date \/ P\u00e9riode\",\"value\":\"Toute l'ann\u00e9e\"},{\"@type\":\"PropertyValue\",\"name\":\"Lieu (ville)\",\"value\":\"D\u00e9part proche du camping\"},{\"@type\":\"PropertyValue\",\"name\":\"Distance depuis le camping (km)\",\"value\":\"Environ 1 km\"},{\"@type\":\"PropertyValue\",\"name\":\"Type d\u2019\u00e9v\u00e9nement (march\u00e9, festival, sport, etc.)\",\"value\":\"Activit\u00e9 ext\u00e9rieure\"},{\"@type\":\"PropertyValue\",\"name\":\"Astuce ou commentaire\",\"value\":\"Id\u00e9al pour amateurs de randonn\u00e9e et d\u2019histoire, accessible depuis le camping.\"}]}},{\"@type\":\"ListItem\",\"position\":192,\"item\":{\"@type\":\"Event\",\"name\":\"Animation et jeux au city stade\",\"description\":\"Animations sportives familiales avec diverses activit\u00e9s ludiques sur le city stade proche du camping.\",\"url\":\"https:\/\/www.camping-laclairiere.fr\/fr\/\",\"additionalProperty\":[{\"@type\":\"PropertyValue\",\"name\":\"Date \/ P\u00e9riode\",\"value\":\"Saison estivale\"},{\"@type\":\"PropertyValue\",\"name\":\"Lieu (ville)\",\"value\":\"\u00c0 1 km du camping\"},{\"@type\":\"PropertyValue\",\"name\":\"Distance depuis le camping (km)\",\"value\":\"1 km\"},{\"@type\":\"PropertyValue\",\"name\":\"Type d\u2019\u00e9v\u00e9nement (march\u00e9, festival, sport, etc.)\",\"value\":\"Animation\"},{\"@type\":\"PropertyValue\",\"name\":\"Astuce ou commentaire\",\"value\":\"Compl\u00e9ment id\u00e9al aux services du camping pour les activit\u00e9s sportives.\"}]}},{\"@type\":\"ListItem\",\"position\":193,\"item\":{\"@type\":\"Event\",\"name\":\"Soir\u00e9es barbecue conviviaux au camping\",\"description\":\"Soir\u00e9es barbecue organis\u00e9es permettant aux vacanciers de partager un repas convivial en plein air.\",\"url\":\"https:\/\/www.camping-laclairiere.fr\/fr\/\",\"additionalProperty\":[{\"@type\":\"PropertyValue\",\"name\":\"Date \/ P\u00e9riode\",\"value\":\"P\u00e9riode estivale\"},{\"@type\":\"PropertyValue\",\"name\":\"Lieu (ville)\",\"value\":\"Camping La Clairi\u00e8re\"},{\"@type\":\"PropertyValue\",\"name\":\"Distance depuis le camping (km)\",\"value\":\"0 km\"},{\"@type\":\"PropertyValue\",\"name\":\"Type d\u2019\u00e9v\u00e9nement (march\u00e9, festival, sport, etc.)\",\"value\":\"Animation\"},{\"@type\":\"PropertyValue\",\"name\":\"Astuce ou commentaire\",\"value\":\"Moment de convivialit\u00e9 et d\u00e9tente en soir\u00e9e sur le site m\u00eame du camping.\"}]}},{\"@type\":\"ListItem\",\"position\":194,\"item\":{\"@type\":\"Event\",\"name\":\"Location de v\u00e9los et VTT\",\"description\":\"Service de location permettant de d\u00e9couvrir les environs en v\u00e9lo ou VTT, incluant la d\u00e9couverte de pistes cyclables proches.\",\"url\":\"https:\/\/www.camping-laclairiere.fr\/fr\/\",\"additionalProperty\":[{\"@type\":\"PropertyValue\",\"name\":\"Date \/ P\u00e9riode\",\"value\":\"Toute la saison\"},{\"@type\":\"PropertyValue\",\"name\":\"Lieu (ville)\",\"value\":\"Camping La Clairi\u00e8re\"},{\"@type\":\"PropertyValue\",\"name\":\"Distance depuis le camping (km)\",\"value\":\"0 km\"},{\"@type\":\"PropertyValue\",\"name\":\"Type d\u2019\u00e9v\u00e9nement (march\u00e9, festival, sport, etc.)\",\"value\":\"Service et activit\u00e9 ext\u00e9rieure\"},{\"@type\":\"PropertyValue\",\"name\":\"Astuce ou commentaire\",\"value\":\"Facilite les excursions et balades nature autour du camping.\"}]}},{\"@type\":\"ListItem\",\"position\":195,\"item\":{\"@type\":\"Event\",\"name\":\"P\u00eache au bord de la rivi\u00e8re\",\"description\":\"Activit\u00e9 de p\u00eache possible sur le site du camping, proche de la rivi\u00e8re, adapt\u00e9e aux familles et amateurs de nature.\",\"url\":\"https:\/\/www.mimizan-tourisme.com\/offres\/camping-la-clairiere-saint-paul-en-born-fr-5029435\/\",\"additionalProperty\":[{\"@type\":\"PropertyValue\",\"name\":\"Date \/ P\u00e9riode\",\"value\":\"Saison estivale\"},{\"@type\":\"PropertyValue\",\"name\":\"Lieu (ville)\",\"value\":\"Au camping et environs proches\"},{\"@type\":\"PropertyValue\",\"name\":\"Distance depuis le camping (km)\",\"value\":\"0 km\"},{\"@type\":\"PropertyValue\",\"name\":\"Type d\u2019\u00e9v\u00e9nement (march\u00e9, festival, sport, etc.)\",\"value\":\"Activit\u00e9 ext\u00e9rieure\"},{\"@type\":\"PropertyValue\",\"name\":\"Astuce ou commentaire\",\"value\":\"Permet d\u00e9tente et loisir p\u00eache dans un cadre naturel pr\u00e9serv\u00e9.\"}]}},{\"@type\":\"ListItem\",\"position\":196,\"item\":{\"@type\":\"Event\",\"name\":\"Piscine chauff\u00e9e avec pataugeoire\",\"description\":\"Piscine de 160 m\u00b2 chauff\u00e9e avec pataugeoire, id\u00e9ale pour petits et grands pour la baignade et le jeu aquatique.\",\"url\":\"https:\/\/www.mimizan-tourisme.com\/offres\/camping-la-clairiere-saint-paul-en-born-fr-5029435\/\",\"additionalProperty\":[{\"@type\":\"PropertyValue\",\"name\":\"Date \/ P\u00e9riode\",\"value\":\"Ouverture du camping : avril \u00e0 septembre 2025\"},{\"@type\":\"PropertyValue\",\"name\":\"Lieu (ville)\",\"value\":\"Camping La Clairi\u00e8re\"},{\"@type\":\"PropertyValue\",\"name\":\"Distance depuis le camping (km)\",\"value\":\"0 km\"},{\"@type\":\"PropertyValue\",\"name\":\"Type d\u2019\u00e9v\u00e9nement (march\u00e9, festival, sport, etc.)\",\"value\":\"Installation\"},{\"@type\":\"PropertyValue\",\"name\":\"Astuce ou commentaire\",\"value\":\"Atout majeur du camping pour le confort et loisirs aquatiques des vacanciers.\"}]}},{\"@type\":\"ListItem\",\"position\":197,\"item\":{\"@type\":\"Event\",\"name\":\"Club enfants avec mini club et activit\u00e9s ludiques\",\"description\":\"Mini club proposant ateliers et activit\u00e9s pour enfants, avec jeux aquatiques et aire de jeux sur place.\",\"url\":\"https:\/\/fr.camping-and-co.com\/camping-la-clairiere-saint-paul-en-born\",\"additionalProperty\":[{\"@type\":\"PropertyValue\",\"name\":\"Date \/ P\u00e9riode\",\"value\":\"Haute saison 2025\"},{\"@type\":\"PropertyValue\",\"name\":\"Lieu (ville)\",\"value\":\"Camping La Clairi\u00e8re\"},{\"@type\":\"PropertyValue\",\"name\":\"Distance depuis le camping (km)\",\"value\":\"0 km\"},{\"@type\":\"PropertyValue\",\"name\":\"Type d\u2019\u00e9v\u00e9nement (march\u00e9, festival, sport, etc.)\",\"value\":\"Animation\"},{\"@type\":\"PropertyValue\",\"name\":\"Astuce ou commentaire\",\"value\":\"Destin\u00e9 aux jeunes vacanciers avec encadrement et animations sp\u00e9cifiques.\"}]}},{\"@type\":\"ListItem\",\"position\":198,\"item\":{\"@type\":\"Event\",\"name\":\"March\u00e9 nocturne artisanal et gastronomique\",\"description\":\"March\u00e9 nocturne proposant produits artisanaux et sp\u00e9cialit\u00e9s locales, accessible en proximit\u00e9 du camping.\",\"url\":\"https:\/\/www.guide-des-landes.com\/fr\/tourisme\/se-loger\/campings\/campings-mobil-homes\/saint-paul-en-born-275\/camping-la-clairiere-691.html\",\"additionalProperty\":[{\"@type\":\"PropertyValue\",\"name\":\"Date \/ P\u00e9riode\",\"value\":\"\u00c9t\u00e9s 2025\"},{\"@type\":\"PropertyValue\",\"name\":\"Lieu (ville)\",\"value\":\"Saint-Paul-en-Born\"},{\"@type\":\"PropertyValue\",\"name\":\"Distance depuis le camping (km)\",\"value\":\"1-2 km\"},{\"@type\":\"PropertyValue\",\"name\":\"Type d\u2019\u00e9v\u00e9nement (march\u00e9, festival, sport, etc.)\",\"value\":\"\u00c9v\u00e9nement local\"},{\"@type\":\"PropertyValue\",\"name\":\"Astuce ou commentaire\",\"value\":\"Offre culturelle et gastronomique \u00e0 d\u00e9couvrir pour les vacanciers.\"}]}},{\"@type\":\"ListItem\",\"position\":199,\"item\":{\"@type\":\"Event\",\"name\":\"F\u00eates traditionnelles de Saint-Paul-en-Born\",\"description\":\"F\u00eates avec bandas, repas landais et bals organis\u00e9es au village, accessibles depuis le camping.\",\"url\":\"https:\/\/www.guide-des-landes.com\/fr\/tourisme\/se-loger\/campings\/campings-mobil-homes\/saint-paul-en-born-275\/camping-la-clairiere-691.html\",\"additionalProperty\":[{\"@type\":\"PropertyValue\",\"name\":\"Date \/ P\u00e9riode\",\"value\":\"Saison estivale 2025\"},{\"@type\":\"PropertyValue\",\"name\":\"Lieu (ville)\",\"value\":\"Saint-Paul-en-Born\"},{\"@type\":\"PropertyValue\",\"name\":\"Distance depuis le camping (km)\",\"value\":\"1-2 km\"},{\"@type\":\"PropertyValue\",\"name\":\"Type d\u2019\u00e9v\u00e9nement (march\u00e9, festival, sport, etc.)\",\"value\":\"\u00c9v\u00e9nement culturel\"},{\"@type\":\"PropertyValue\",\"name\":\"Astuce ou commentaire\",\"value\":\"Immersion dans la culture locale typique des Landes au voisinage du camping.\"}]}},{\"@type\":\"ListItem\",\"position\":200,\"item\":{\"@type\":\"Event\",\"name\":\"Initiation au yoga et relaxation en plein air\",\"description\":\"Sessions de yoga en plein air pour d\u00e9tente et bien-\u00eatre au contact de la nature landaise.\",\"url\":\"https:\/\/www.guide-des-landes.com\/fr\/tourisme\/se-loger\/campings\/campings-mobil-homes\/saint-paul-en-born-275\/camping-la-clairiere-691.html\",\"additionalProperty\":[{\"@type\":\"PropertyValue\",\"name\":\"Date \/ P\u00e9riode\",\"value\":\"P\u00e9riodes estivales 2025\"},{\"@type\":\"PropertyValue\",\"name\":\"Lieu (ville)\",\"value\":\"Aux alentours du camping\"},{\"@type\":\"PropertyValue\",\"name\":\"Distance depuis le camping (km)\",\"value\":\"Proche, dans la nature\"},{\"@type\":\"PropertyValue\",\"name\":\"Type d\u2019\u00e9v\u00e9nement (march\u00e9, festival, sport, etc.)\",\"value\":\"Animation bien-\u00eatre\"},{\"@type\":\"PropertyValue\",\"name\":\"Astuce ou commentaire\",\"value\":\"Activit\u00e9 douce li\u00e9e \u00e0 la nature, accessible aux vacanciers recherchant calme et partage.\"}]}},{\"@type\":\"ListItem\",\"position\":201,\"item\":{\"@type\":\"Event\",\"name\":\"Festival de th\u00e9\u00e2tre amateur en plein air\",\"description\":\"Festival proposant des repr\u00e9sentations th\u00e9\u00e2trales en plein air, dans un cadre convivial proche du camping.\",\"url\":\"https:\/\/www.guide-des-landes.com\/fr\/tourisme\/se-loger\/campings\/campings-mobil-homes\/saint-paul-en-born-275\/camping-la-clairiere-691.html\",\"additionalProperty\":[{\"@type\":\"PropertyValue\",\"name\":\"Date \/ P\u00e9riode\",\"value\":\"\u00c9t\u00e9 2025\"},{\"@type\":\"PropertyValue\",\"name\":\"Lieu (ville)\",\"value\":\"Saint-Paul-en-Born\"},{\"@type\":\"PropertyValue\",\"name\":\"Distance depuis le camping (km)\",\"value\":\"\u00c0 proximit\u00e9 du camping\"},{\"@type\":\"PropertyValue\",\"name\":\"Type d\u2019\u00e9v\u00e9nement (march\u00e9, festival, sport, etc.)\",\"value\":\"\u00c9v\u00e9nement culturel\"},{\"@type\":\"PropertyValue\",\"name\":\"Astuce ou commentaire\",\"value\":\"Proposition artistique locale permettant immersion dans la vie culturelle.\"}]}},{\"@type\":\"ListItem\",\"position\":202,\"item\":{\"@type\":\"Event\",\"name\":\"Exposition \\\"Automne en Sc\u00e8ne\\\" - Atelier d\u00e9couverte de la boussole c\u00e9leste\",\"description\":\"Atelier d'initiation \u00e0 la boussole c\u00e9leste dans le cadre de l'exposition locale \\\"Automne en Sc\u00e8ne\\\".\",\"url\":\"https:\/\/www.guide-des-landes.com\/fr\/tourisme\/se-loger\/campings\/campings-mobil-homes\/saint-paul-en-born-275\/camping-la-clairiere-691.html\",\"additionalProperty\":[{\"@type\":\"PropertyValue\",\"name\":\"Date \/ P\u00e9riode\",\"value\":\"Automne 2025\"},{\"@type\":\"PropertyValue\",\"name\":\"Lieu (ville)\",\"value\":\"Saint-Paul-en-Born, proche camping\"},{\"@type\":\"PropertyValue\",\"name\":\"Distance depuis le camping (km)\",\"value\":\"1-2 km\"},{\"@type\":\"PropertyValue\",\"name\":\"Type d\u2019\u00e9v\u00e9nement (march\u00e9, festival, sport, etc.)\",\"value\":\"Animation culturelle et scientifique\"},{\"@type\":\"PropertyValue\",\"name\":\"Astuce ou commentaire\",\"value\":\"Destin\u00e9 aux passionn\u00e9s de nature et astronomie, accessible aux familles.\"}]}}]}]}<\/script>\n\n\n<!-- Injection des labels pour le JS (modal) -->\n<script>var emFieldLabels = {\"name\":\"Nom de l'\\u00e9v\\u00e9nement\",\"distance_kilometers\":\"Distance depuis le camping (km)\",\"driving_time_minutes\":\"Temps en voiture (min)\",\"must_see_places\":\"Lieux \\\/ Activit\\u00e9s incontournables\",\"markets_local_events\":\"March\\u00e9s \\\/ \\u00e9v\\u00e9nements locaux\",\"restaurants_specialities\":\"Restaurants \\\/ sp\\u00e9cialit\\u00e9s\",\"comment\":\"Astuce ou commentaire\",\"link\":\"Lien\",\"image\":\"Image \\\/ Photo (URL)\",\"address\":\"Adresse compl\\u00e8te\",\"gps_coordinates_longitude\":\"Coordonn\\u00e9es GPS Longitude\",\"gps_coordinates_latitude\":\"Coordonn\\u00e9es GPS Latitude\",\"type\":\"Type d\\u2019\\u00e9v\\u00e9nement (march\\u00e9, festival, sport, etc.)\",\"place\":\"Ville \\\/ Zone\",\"distance_km\":\"Distance depuis le camping (km)\",\"duration\":\"Dur\\u00e9e moyenne\",\"price\":\"Tarif (si payant)\",\"booking_necessary\":\"R\\u00e9servation n\\u00e9cessaire ?\",\"date_period\":\"Date \\\/ P\\u00e9riode\",\"location\":\"Lieu (ville)\",\"description\":\"Description rapide\"};<\/script>\n\n<!-- \u2550\u2550\u2550\u2550\u2550\u2550\u2550\u2550\u2550\u2550\u2550\u2550\u2550\u2550\u2550\u2550\u2550\u2550\u2550\u2550\u2550\u2550\u2550\u2550\u2550\u2550\u2550\u2550\u2550\u2550\u2550\u2550\u2550\u2550\u2550\u2550\u2550\u2550\u2550\u2550\u2550\u2550\u2550\u2550\u2550\u2550\u2550\u2550\u2550\u2550\u2550\u2550\u2550\u2550\u2550\u2550\u2550\u2550\u2550\u2550\u2550\u2550\u2550\n     HTML \u2014 Interface principale\n     \u2550\u2550\u2550\u2550\u2550\u2550\u2550\u2550\u2550\u2550\u2550\u2550\u2550\u2550\u2550\u2550\u2550\u2550\u2550\u2550\u2550\u2550\u2550\u2550\u2550\u2550\u2550\u2550\u2550\u2550\u2550\u2550\u2550\u2550\u2550\u2550\u2550\u2550\u2550\u2550\u2550\u2550\u2550\u2550\u2550\u2550\u2550\u2550\u2550\u2550\u2550\u2550\u2550\u2550\u2550\u2550\u2550\u2550\u2550\u2550\u2550\u2550\u2550 -->\n\n<div class=\"em-wrap\">\n\n  <!-- \u2500\u2500\u2500 Header : titre + recherche \u2500\u2500\u2500 -->\n  <div class=\"em-header\">\n    <div>\n      <h1 class=\"em-header-title\">D\u00e9couvrez autour de vous<\/h1>\n      <p class=\"em-header-sub\">615 fiche(s) dans 3 cat\u00e9gorie(s)<\/p>\n    <\/div>\n    <div class=\"em-search-wrap\">\n      <svg class=\"em-search-icon\" fill=\"none\" viewBox=\"0 0 24 24\" stroke=\"currentColor\" stroke-width=\"2\"><path stroke-linecap=\"round\" stroke-linejoin=\"round\" d=\"M21 21l-6-6m2-5a7 7 0 11-14 0 7 7 0 0114 0z\"><\/path><\/svg>\n      <input type=\"text\" class=\"em-search\" id=\"em-search\" placeholder=\"Rechercher une fiche...\">\n    <\/div>\n  <\/div>\n\n  <!-- \u2500\u2500\u2500 Onglets de cat\u00e9gories (affich\u00e9s si > 1 cat\u00e9gorie) \u2500\u2500\u2500 -->\n    <div class=\"em-tabs\" id=\"em-tabs\">\n    <button class=\"em-tab active\" data-filter=\"all\">Tout<span class=\"em-tab-count\">615<\/span><\/button>\n          <button class=\"em-tab\" data-filter=\"city\">Villes aux alentours<span class=\"em-tab-count\">194<\/span><\/button>\n          <button class=\"em-tab\" data-filter=\"activity\">Activit\u00e9s et lieux recommand\u00e9s<span class=\"em-tab-count\">219<\/span><\/button>\n          <button class=\"em-tab\" data-filter=\"event\">\u00c9v\u00e9nements recommand\u00e9s<span class=\"em-tab-count\">202<\/span><\/button>\n      <\/div>\n  \n  <!-- \u2500\u2500\u2500 Carte interactive (affich\u00e9e si des points GPS existent) \u2500\u2500\u2500 -->\n  \n  <!-- \u2500\u2500\u2500 Layout principal : sidebar filtres + grille de cards \u2500\u2500\u2500 -->\n  <div class=\"em-layout\">\n\n    <!-- Sidebar \u2014 Filtres par type et \u00e9quipements -->\n    <aside class=\"em-sidebar\">\n      <div class=\"em-filters\">\n        <h3 class=\"em-filters-title\">Filtres<\/h3>\n        <div class=\"em-filter-group\">\n          <label class=\"em-filter-label\">Type<\/label>\n                      <label class=\"em-filter-check\"><input type=\"checkbox\" value=\"city\" class=\"em-filter-type\" checked><span>Villes aux alentours<\/span><\/label>\n                      <label class=\"em-filter-check\"><input type=\"checkbox\" value=\"activity\" class=\"em-filter-type\" checked><span>Activit\u00e9s et lieux recommand\u00e9s<\/span><\/label>\n                      <label class=\"em-filter-check\"><input type=\"checkbox\" value=\"event\" class=\"em-filter-type\" checked><span>\u00c9v\u00e9nements recommand\u00e9s<\/span><\/label>\n                  <\/div>\n                <button class=\"em-filter-reset\" id=\"em-reset-filters\">R\u00e9initialiser<\/button>\n      <\/div>\n    <\/aside>\n\n    <!-- Contenu principal \u2014 Compteurs + grille de cards -->\n    <main class=\"em-main\">\n      <div class=\"em-stats\">\n        <div class=\"em-stat\">Total : <strong id=\"em-stat-total\">615<\/strong><\/div>\n        <div class=\"em-stat\">Affich\u00e9s : <strong id=\"em-stat-visible\">615<\/strong><\/div>\n      <\/div>\n\n      <div class=\"em-cards\" id=\"em-cards\">\n                  <article class=\"em-card\"\n            data-type=\"city\"\n            data-features=\"\"\n            data-name=\"mimizan\"\n            data-json=\"{&quot;name&quot;:&quot;Mimizan&quot;,&quot;image&quot;:&quot;https:\\\/\\\/www.mimizan-tourisme.com\\\/media\\\/visuel-villes\\\/mimizan.jpg&quot;,&quot;link&quot;:&quot;https:\\\/\\\/www.mimizan-tourisme.com\\\/en\\\/i-discover\\\/the-cities\\\/&quot;,&quot;data&quot;:{&quot;name&quot;:&quot;Mimizan&quot;,&quot;distance_kilometers&quot;:&quot;7 km&quot;,&quot;driving_time_minutes&quot;:&quot;\\u224810 min&quot;,&quot;must_see_places&quot;:&quot;Lac d&#039;Aureilhan, Promenade Fleurie, plages de l&#039;Atlantique&quot;,&quot;markets_local_events&quot;:&quot;March\\u00e9 jeudi et vendredi&quot;,&quot;restaurants_specialities&quot;:&quot;Cuisine landaise et fruits de mer&quot;,&quot;comment&quot;:&quot;Ville proche de Saint-Paul-en-Born, connue pour ses plages et son cadre naturel agr\\u00e9able.&quot;,&quot;link&quot;:&quot;https:\\\/\\\/www.mimizan-tourisme.com\\\/en\\\/i-discover\\\/the-cities\\\/&quot;,&quot;image&quot;:&quot;https:\\\/\\\/www.mimizan-tourisme.com\\\/media\\\/visuel-villes\\\/mimizan.jpg&quot;},&quot;category&quot;:&quot;Villes aux alentours&quot;}\">\n\n            <!-- Image + badge cat\u00e9gorie -->\n            <div class=\"em-card-img-wrap\">\n                              <img decoding=\"async\" class=\"em-card-img\" src=\"https:\/\/www.mimizan-tourisme.com\/media\/visuel-villes\/mimizan.jpg\" alt=\"Mimizan\" loading=\"lazy\" onerror=\"this.style.display='none';this.nextElementSibling.style.display='flex';\">\n                <div class=\"em-card-placeholder\" style=\"display:none;\">\ud83d\udcf7 Image indisponible<\/div>\n                            <span class=\"em-card-badge badge-city\">Villes aux alentours<\/span>\n            <\/div>\n\n            <!-- Contenu de la card -->\n            <div class=\"em-card-body\">\n              <h3 class=\"em-card-title\">Mimizan<\/h3>\n\n              <!-- Tags r\u00e9sum\u00e9s (max 4) -->\n              <div class=\"em-card-tags\">\n                                    <span class=\"em-tag em-tag-blue\">7 km km<\/span>\n                                    <span class=\"em-tag em-tag-orange\">\u224810 min min<\/span>\n                                              <\/div>\n\n              <!-- Champs suppl\u00e9mentaires (max 3) -->\n              <div class=\"em-card-fields\">\n                                  <div class=\"em-card-field\">\n                    <span class=\"em-card-field-label\">Lieux \/ Activit\u00e9s incontournables :<\/span>\n                    <span class=\"em-card-field-value\">Lac d&#039;Aureilhan, Promenade Fleurie, plages de l&#039;Atlantique<\/span>\n                  <\/div>\n                                  <div class=\"em-card-field\">\n                    <span class=\"em-card-field-label\">March\u00e9s \/ \u00e9v\u00e9nements locaux :<\/span>\n                    <span class=\"em-card-field-value\">March\u00e9 jeudi et vendredi<\/span>\n                  <\/div>\n                                  <div class=\"em-card-field\">\n                    <span class=\"em-card-field-label\">Restaurants \/ sp\u00e9cialit\u00e9s :<\/span>\n                    <span class=\"em-card-field-value\">Cuisine landaise et fruits de mer<\/span>\n                  <\/div>\n                              <\/div>\n\n              <!-- Lien vers le d\u00e9tail -->\n              <div class=\"em-card-footer\">\n                <span>Voir le d\u00e9tail<\/span>\n                <svg fill=\"none\" viewBox=\"0 0 24 24\" stroke=\"currentColor\" stroke-width=\"2\"><path stroke-linecap=\"round\" stroke-linejoin=\"round\" d=\"M13.5 4.5L21 12m0 0l-7.5 7.5M21 12H3\"><\/path><\/svg>\n              <\/div>\n            <\/div>\n          <\/article>\n                  <article class=\"em-card\"\n            data-type=\"city\"\n            data-features=\"\"\n            data-name=\"pontenx-les-forges\"\n            data-json=\"{&quot;name&quot;:&quot;Pontenx-les-Forges&quot;,&quot;image&quot;:&quot;https:\\\/\\\/upload.wikimedia.org\\\/wikipedia\\\/commons\\\/thumb\\\/8\\\/8f\\\/Pontenx-les-Forges.jpg\\\/320px-Pontenx-les-Forges.jpg&quot;,&quot;link&quot;:&quot;https:\\\/\\\/www.map-france.com\\\/Saint-Paul-en-Born-40200\\\/&quot;,&quot;data&quot;:{&quot;name&quot;:&quot;Pontenx-les-Forges&quot;,&quot;distance_kilometers&quot;:&quot;3.3 km&quot;,&quot;driving_time_minutes&quot;:&quot;\\u22485 min&quot;,&quot;must_see_places&quot;:&quot;\\u00c9glise Saint-Andr\\u00e9, for\\u00eat landaise&quot;,&quot;markets_local_events&quot;:&quot;Petit march\\u00e9 local&quot;,&quot;restaurants_specialities&quot;:&quot;Sp\\u00e9cialit\\u00e9s r\\u00e9gionales&quot;,&quot;comment&quot;:&quot;Proche village avec ambiance calme et naturelle.&quot;,&quot;link&quot;:&quot;https:\\\/\\\/www.map-france.com\\\/Saint-Paul-en-Born-40200\\\/&quot;,&quot;image&quot;:&quot;https:\\\/\\\/upload.wikimedia.org\\\/wikipedia\\\/commons\\\/thumb\\\/8\\\/8f\\\/Pontenx-les-Forges.jpg\\\/320px-Pontenx-les-Forges.jpg&quot;},&quot;category&quot;:&quot;Villes aux alentours&quot;}\">\n\n            <!-- Image + badge cat\u00e9gorie -->\n            <div class=\"em-card-img-wrap\">\n                              <img decoding=\"async\" class=\"em-card-img\" src=\"https:\/\/upload.wikimedia.org\/wikipedia\/commons\/thumb\/8\/8f\/Pontenx-les-Forges.jpg\/320px-Pontenx-les-Forges.jpg\" alt=\"Pontenx-les-Forges\" loading=\"lazy\" onerror=\"this.style.display='none';this.nextElementSibling.style.display='flex';\">\n                <div class=\"em-card-placeholder\" style=\"display:none;\">\ud83d\udcf7 Image indisponible<\/div>\n                            <span class=\"em-card-badge badge-city\">Villes aux alentours<\/span>\n            <\/div>\n\n            <!-- Contenu de la card -->\n            <div class=\"em-card-body\">\n              <h3 class=\"em-card-title\">Pontenx-les-Forges<\/h3>\n\n              <!-- Tags r\u00e9sum\u00e9s (max 4) -->\n              <div class=\"em-card-tags\">\n                                    <span class=\"em-tag em-tag-blue\">3.3 km km<\/span>\n                                    <span class=\"em-tag em-tag-orange\">\u22485 min min<\/span>\n                                              <\/div>\n\n              <!-- Champs suppl\u00e9mentaires (max 3) -->\n              <div class=\"em-card-fields\">\n                                  <div class=\"em-card-field\">\n                    <span class=\"em-card-field-label\">Lieux \/ Activit\u00e9s incontournables :<\/span>\n                    <span class=\"em-card-field-value\">\u00c9glise Saint-Andr\u00e9, for\u00eat landaise<\/span>\n                  <\/div>\n                                  <div class=\"em-card-field\">\n                    <span class=\"em-card-field-label\">March\u00e9s \/ \u00e9v\u00e9nements locaux :<\/span>\n                    <span class=\"em-card-field-value\">Petit march\u00e9 local<\/span>\n                  <\/div>\n                                  <div class=\"em-card-field\">\n                    <span class=\"em-card-field-label\">Restaurants \/ sp\u00e9cialit\u00e9s :<\/span>\n                    <span class=\"em-card-field-value\">Sp\u00e9cialit\u00e9s r\u00e9gionales<\/span>\n                  <\/div>\n                              <\/div>\n\n              <!-- Lien vers le d\u00e9tail -->\n              <div class=\"em-card-footer\">\n                <span>Voir le d\u00e9tail<\/span>\n                <svg fill=\"none\" viewBox=\"0 0 24 24\" stroke=\"currentColor\" stroke-width=\"2\"><path stroke-linecap=\"round\" stroke-linejoin=\"round\" d=\"M13.5 4.5L21 12m0 0l-7.5 7.5M21 12H3\"><\/path><\/svg>\n              <\/div>\n            <\/div>\n          <\/article>\n                  <article class=\"em-card\"\n            data-type=\"city\"\n            data-features=\"\"\n            data-name=\"aureilhan\"\n            data-json=\"{&quot;name&quot;:&quot;Aureilhan&quot;,&quot;image&quot;:&quot;https:\\\/\\\/upload.wikimedia.org\\\/wikipedia\\\/commons\\\/thumb\\\/7\\\/7e\\\/Aureilhan_vue_generale.jpg\\\/320px-Aureilhan_vue_generale.jpg&quot;,&quot;link&quot;:&quot;https:\\\/\\\/www.mimizan-tourisme.com\\\/en\\\/i-discover\\\/the-cities\\\/&quot;,&quot;data&quot;:{&quot;name&quot;:&quot;Aureilhan&quot;,&quot;distance_kilometers&quot;:&quot;4.3 km&quot;,&quot;driving_time_minutes&quot;:&quot;\\u22487 min&quot;,&quot;must_see_places&quot;:&quot;Lac d&#039;Aureilhan, sentiers de randonn\\u00e9e&quot;,&quot;markets_local_events&quot;:&quot;March\\u00e9 local&quot;,&quot;restaurants_specialities&quot;:&quot;Poissons et produits du terroir&quot;,&quot;comment&quot;:&quot;Village proche du lac, id\\u00e9al pour les activit\\u00e9s nautiques.&quot;,&quot;link&quot;:&quot;https:\\\/\\\/www.mimizan-tourisme.com\\\/en\\\/i-discover\\\/the-cities\\\/&quot;,&quot;image&quot;:&quot;https:\\\/\\\/upload.wikimedia.org\\\/wikipedia\\\/commons\\\/thumb\\\/7\\\/7e\\\/Aureilhan_vue_generale.jpg\\\/320px-Aureilhan_vue_generale.jpg&quot;},&quot;category&quot;:&quot;Villes aux alentours&quot;}\">\n\n            <!-- Image + badge cat\u00e9gorie -->\n            <div class=\"em-card-img-wrap\">\n                              <img decoding=\"async\" class=\"em-card-img\" src=\"https:\/\/upload.wikimedia.org\/wikipedia\/commons\/thumb\/7\/7e\/Aureilhan_vue_generale.jpg\/320px-Aureilhan_vue_generale.jpg\" alt=\"Aureilhan\" loading=\"lazy\" onerror=\"this.style.display='none';this.nextElementSibling.style.display='flex';\">\n                <div class=\"em-card-placeholder\" style=\"display:none;\">\ud83d\udcf7 Image indisponible<\/div>\n                            <span class=\"em-card-badge badge-city\">Villes aux alentours<\/span>\n            <\/div>\n\n            <!-- Contenu de la card -->\n            <div class=\"em-card-body\">\n              <h3 class=\"em-card-title\">Aureilhan<\/h3>\n\n              <!-- Tags r\u00e9sum\u00e9s (max 4) -->\n              <div class=\"em-card-tags\">\n                                    <span class=\"em-tag em-tag-blue\">4.3 km km<\/span>\n                                    <span class=\"em-tag em-tag-orange\">\u22487 min min<\/span>\n                                              <\/div>\n\n              <!-- Champs suppl\u00e9mentaires (max 3) -->\n              <div class=\"em-card-fields\">\n                                  <div class=\"em-card-field\">\n                    <span class=\"em-card-field-label\">Lieux \/ Activit\u00e9s incontournables :<\/span>\n                    <span class=\"em-card-field-value\">Lac d&#039;Aureilhan, sentiers de randonn\u00e9e<\/span>\n                  <\/div>\n                                  <div class=\"em-card-field\">\n                    <span class=\"em-card-field-label\">March\u00e9s \/ \u00e9v\u00e9nements locaux :<\/span>\n                    <span class=\"em-card-field-value\">March\u00e9 local<\/span>\n                  <\/div>\n                                  <div class=\"em-card-field\">\n                    <span class=\"em-card-field-label\">Restaurants \/ sp\u00e9cialit\u00e9s :<\/span>\n                    <span class=\"em-card-field-value\">Poissons et produits du terroir<\/span>\n                  <\/div>\n                              <\/div>\n\n              <!-- Lien vers le d\u00e9tail -->\n              <div class=\"em-card-footer\">\n                <span>Voir le d\u00e9tail<\/span>\n                <svg fill=\"none\" viewBox=\"0 0 24 24\" stroke=\"currentColor\" stroke-width=\"2\"><path stroke-linecap=\"round\" stroke-linejoin=\"round\" d=\"M13.5 4.5L21 12m0 0l-7.5 7.5M21 12H3\"><\/path><\/svg>\n              <\/div>\n            <\/div>\n          <\/article>\n                  <article class=\"em-card\"\n            data-type=\"city\"\n            data-features=\"\"\n            data-name=\"sainte-eulalie-en-born\"\n            data-json=\"{&quot;name&quot;:&quot;Sainte-Eulalie-en-Born&quot;,&quot;image&quot;:&quot;https:\\\/\\\/upload.wikimedia.org\\\/wikipedia\\\/commons\\\/thumb\\\/f\\\/fc\\\/Sainte-Eulalie-en-Born_%28Landes%29_Mairie.jpg\\\/320px-Sainte-Eulalie-en-Born_%28Landes%29_Mairie.jpg&quot;,&quot;link&quot;:&quot;https:\\\/\\\/fr.wikipedia.org\\\/wiki\\\/Sainte-Eulalie-en-Born&quot;,&quot;data&quot;:{&quot;name&quot;:&quot;Sainte-Eulalie-en-Born&quot;,&quot;distance_kilometers&quot;:&quot;6.2 km&quot;,&quot;driving_time_minutes&quot;:&quot;\\u224810 min&quot;,&quot;must_see_places&quot;:&quot;\\u00c9glise Saint-Eulalie, for\\u00eat des Landes&quot;,&quot;markets_local_events&quot;:&quot;March\\u00e9 local&quot;,&quot;restaurants_specialities&quot;:&quot;Cuisine traditionnelle fran\\u00e7oise&quot;,&quot;comment&quot;:&quot;Petit village paisible \\u00e0 proximit\\u00e9 imm\\u00e9diate.&quot;,&quot;link&quot;:&quot;https:\\\/\\\/fr.wikipedia.org\\\/wiki\\\/Sainte-Eulalie-en-Born&quot;,&quot;image&quot;:&quot;https:\\\/\\\/upload.wikimedia.org\\\/wikipedia\\\/commons\\\/thumb\\\/f\\\/fc\\\/Sainte-Eulalie-en-Born_%28Landes%29_Mairie.jpg\\\/320px-Sainte-Eulalie-en-Born_%28Landes%29_Mairie.jpg&quot;},&quot;category&quot;:&quot;Villes aux alentours&quot;}\">\n\n            <!-- Image + badge cat\u00e9gorie -->\n            <div class=\"em-card-img-wrap\">\n                              <img decoding=\"async\" class=\"em-card-img\" src=\"https:\/\/upload.wikimedia.org\/wikipedia\/commons\/thumb\/f\/fc\/Sainte-Eulalie-en-Born_%28Landes%29_Mairie.jpg\/320px-Sainte-Eulalie-en-Born_%28Landes%29_Mairie.jpg\" alt=\"Sainte-Eulalie-en-Born\" loading=\"lazy\" onerror=\"this.style.display='none';this.nextElementSibling.style.display='flex';\">\n                <div class=\"em-card-placeholder\" style=\"display:none;\">\ud83d\udcf7 Image indisponible<\/div>\n                            <span class=\"em-card-badge badge-city\">Villes aux alentours<\/span>\n            <\/div>\n\n            <!-- Contenu de la card -->\n            <div class=\"em-card-body\">\n              <h3 class=\"em-card-title\">Sainte-Eulalie-en-Born<\/h3>\n\n              <!-- Tags r\u00e9sum\u00e9s (max 4) -->\n              <div class=\"em-card-tags\">\n                                    <span class=\"em-tag em-tag-blue\">6.2 km km<\/span>\n                                    <span class=\"em-tag em-tag-orange\">\u224810 min min<\/span>\n                                              <\/div>\n\n              <!-- Champs suppl\u00e9mentaires (max 3) -->\n              <div class=\"em-card-fields\">\n                                  <div class=\"em-card-field\">\n                    <span class=\"em-card-field-label\">Lieux \/ Activit\u00e9s incontournables :<\/span>\n                    <span class=\"em-card-field-value\">\u00c9glise Saint-Eulalie, for\u00eat des Landes<\/span>\n                  <\/div>\n                                  <div class=\"em-card-field\">\n                    <span class=\"em-card-field-label\">March\u00e9s \/ \u00e9v\u00e9nements locaux :<\/span>\n                    <span class=\"em-card-field-value\">March\u00e9 local<\/span>\n                  <\/div>\n                                  <div class=\"em-card-field\">\n                    <span class=\"em-card-field-label\">Restaurants \/ sp\u00e9cialit\u00e9s :<\/span>\n                    <span class=\"em-card-field-value\">Cuisine traditionnelle fran\u00e7oise<\/span>\n                  <\/div>\n                              <\/div>\n\n              <!-- Lien vers le d\u00e9tail -->\n              <div class=\"em-card-footer\">\n                <span>Voir le d\u00e9tail<\/span>\n                <svg fill=\"none\" viewBox=\"0 0 24 24\" stroke=\"currentColor\" stroke-width=\"2\"><path stroke-linecap=\"round\" stroke-linejoin=\"round\" d=\"M13.5 4.5L21 12m0 0l-7.5 7.5M21 12H3\"><\/path><\/svg>\n              <\/div>\n            <\/div>\n          <\/article>\n                  <article class=\"em-card\"\n            data-type=\"city\"\n            data-features=\"\"\n            data-name=\"bias\"\n            data-json=\"{&quot;name&quot;:&quot;Bias&quot;,&quot;image&quot;:&quot;https:\\\/\\\/upload.wikimedia.org\\\/wikipedia\\\/commons\\\/thumb\\\/e\\\/e3\\\/Bias_eglise_01.jpg\\\/320px-Bias_eglise_01.jpg&quot;,&quot;link&quot;:&quot;https:\\\/\\\/www.mimizan-tourisme.com\\\/en\\\/i-discover\\\/the-cities\\\/&quot;,&quot;data&quot;:{&quot;name&quot;:&quot;Bias&quot;,&quot;distance_kilometers&quot;:&quot;9.7 km&quot;,&quot;driving_time_minutes&quot;:&quot;\\u224812 min&quot;,&quot;must_see_places&quot;:&quot;Chapelle Saint-Girons, maisons landaises&quot;,&quot;markets_local_events&quot;:&quot;March\\u00e9 hebdomadaire&quot;,&quot;restaurants_specialities&quot;:&quot;Sp\\u00e9cialit\\u00e9s locales&quot;,&quot;comment&quot;:&quot;Village typique landais proche de Mimizan.&quot;,&quot;link&quot;:&quot;https:\\\/\\\/www.mimizan-tourisme.com\\\/en\\\/i-discover\\\/the-cities\\\/&quot;,&quot;image&quot;:&quot;https:\\\/\\\/upload.wikimedia.org\\\/wikipedia\\\/commons\\\/thumb\\\/e\\\/e3\\\/Bias_eglise_01.jpg\\\/320px-Bias_eglise_01.jpg&quot;},&quot;category&quot;:&quot;Villes aux alentours&quot;}\">\n\n            <!-- Image + badge cat\u00e9gorie -->\n            <div class=\"em-card-img-wrap\">\n                              <img decoding=\"async\" class=\"em-card-img\" src=\"https:\/\/upload.wikimedia.org\/wikipedia\/commons\/thumb\/e\/e3\/Bias_eglise_01.jpg\/320px-Bias_eglise_01.jpg\" alt=\"Bias\" loading=\"lazy\" onerror=\"this.style.display='none';this.nextElementSibling.style.display='flex';\">\n                <div class=\"em-card-placeholder\" style=\"display:none;\">\ud83d\udcf7 Image indisponible<\/div>\n                            <span class=\"em-card-badge badge-city\">Villes aux alentours<\/span>\n            <\/div>\n\n            <!-- Contenu de la card -->\n            <div class=\"em-card-body\">\n              <h3 class=\"em-card-title\">Bias<\/h3>\n\n              <!-- Tags r\u00e9sum\u00e9s (max 4) -->\n              <div class=\"em-card-tags\">\n                                    <span class=\"em-tag em-tag-blue\">9.7 km km<\/span>\n                                    <span class=\"em-tag em-tag-orange\">\u224812 min min<\/span>\n                                              <\/div>\n\n              <!-- Champs suppl\u00e9mentaires (max 3) -->\n              <div class=\"em-card-fields\">\n                                  <div class=\"em-card-field\">\n                    <span class=\"em-card-field-label\">Lieux \/ Activit\u00e9s incontournables :<\/span>\n                    <span class=\"em-card-field-value\">Chapelle Saint-Girons, maisons landaises<\/span>\n                  <\/div>\n                                  <div class=\"em-card-field\">\n                    <span class=\"em-card-field-label\">March\u00e9s \/ \u00e9v\u00e9nements locaux :<\/span>\n                    <span class=\"em-card-field-value\">March\u00e9 hebdomadaire<\/span>\n                  <\/div>\n                                  <div class=\"em-card-field\">\n                    <span class=\"em-card-field-label\">Restaurants \/ sp\u00e9cialit\u00e9s :<\/span>\n                    <span class=\"em-card-field-value\">Sp\u00e9cialit\u00e9s locales<\/span>\n                  <\/div>\n                              <\/div>\n\n              <!-- Lien vers le d\u00e9tail -->\n              <div class=\"em-card-footer\">\n                <span>Voir le d\u00e9tail<\/span>\n                <svg fill=\"none\" viewBox=\"0 0 24 24\" stroke=\"currentColor\" stroke-width=\"2\"><path stroke-linecap=\"round\" stroke-linejoin=\"round\" d=\"M13.5 4.5L21 12m0 0l-7.5 7.5M21 12H3\"><\/path><\/svg>\n              <\/div>\n            <\/div>\n          <\/article>\n                  <article class=\"em-card\"\n            data-type=\"city\"\n            data-features=\"\"\n            data-name=\"m\u00e9zos\"\n            data-json=\"{&quot;name&quot;:&quot;M\\u00e9zos&quot;,&quot;image&quot;:&quot;https:\\\/\\\/upload.wikimedia.org\\\/wikipedia\\\/commons\\\/thumb\\\/a\\\/af\\\/M%C3%A9zos_Vue_g%C3%A9n%C3%A9rale.jpg\\\/320px-M%C3%A9zos_Vue_g%C3%A9n%C3%A9rale.jpg&quot;,&quot;link&quot;:&quot;https:\\\/\\\/www.mimizan-tourisme.com\\\/en\\\/i-discover\\\/the-cities\\\/&quot;,&quot;data&quot;:{&quot;name&quot;:&quot;M\\u00e9zos&quot;,&quot;distance_kilometers&quot;:&quot;11 km&quot;,&quot;driving_time_minutes&quot;:&quot;\\u224815 min&quot;,&quot;must_see_places&quot;:&quot;Sentier du courlis, for\\u00eat landaise&quot;,&quot;markets_local_events&quot;:&quot;Petit march\\u00e9 local&quot;,&quot;restaurants_specialities&quot;:&quot;Cuisine du terroir&quot;,&quot;comment&quot;:&quot;Village charmant avec acc\\u00e8s \\u00e0 la nature.&quot;,&quot;link&quot;:&quot;https:\\\/\\\/www.mimizan-tourisme.com\\\/en\\\/i-discover\\\/the-cities\\\/&quot;,&quot;image&quot;:&quot;https:\\\/\\\/upload.wikimedia.org\\\/wikipedia\\\/commons\\\/thumb\\\/a\\\/af\\\/M%C3%A9zos_Vue_g%C3%A9n%C3%A9rale.jpg\\\/320px-M%C3%A9zos_Vue_g%C3%A9n%C3%A9rale.jpg&quot;},&quot;category&quot;:&quot;Villes aux alentours&quot;}\">\n\n            <!-- Image + badge cat\u00e9gorie -->\n            <div class=\"em-card-img-wrap\">\n                              <img decoding=\"async\" class=\"em-card-img\" src=\"https:\/\/upload.wikimedia.org\/wikipedia\/commons\/thumb\/a\/af\/M%C3%A9zos_Vue_g%C3%A9n%C3%A9rale.jpg\/320px-M%C3%A9zos_Vue_g%C3%A9n%C3%A9rale.jpg\" alt=\"M\u00e9zos\" loading=\"lazy\" onerror=\"this.style.display='none';this.nextElementSibling.style.display='flex';\">\n                <div class=\"em-card-placeholder\" style=\"display:none;\">\ud83d\udcf7 Image indisponible<\/div>\n                            <span class=\"em-card-badge badge-city\">Villes aux alentours<\/span>\n            <\/div>\n\n            <!-- Contenu de la card -->\n            <div class=\"em-card-body\">\n              <h3 class=\"em-card-title\">M\u00e9zos<\/h3>\n\n              <!-- Tags r\u00e9sum\u00e9s (max 4) -->\n              <div class=\"em-card-tags\">\n                                    <span class=\"em-tag em-tag-blue\">11 km km<\/span>\n                                    <span class=\"em-tag em-tag-orange\">\u224815 min min<\/span>\n                                              <\/div>\n\n              <!-- Champs suppl\u00e9mentaires (max 3) -->\n              <div class=\"em-card-fields\">\n                                  <div class=\"em-card-field\">\n                    <span class=\"em-card-field-label\">Lieux \/ Activit\u00e9s incontournables :<\/span>\n                    <span class=\"em-card-field-value\">Sentier du courlis, for\u00eat landaise<\/span>\n                  <\/div>\n                                  <div class=\"em-card-field\">\n                    <span class=\"em-card-field-label\">March\u00e9s \/ \u00e9v\u00e9nements locaux :<\/span>\n                    <span class=\"em-card-field-value\">Petit march\u00e9 local<\/span>\n                  <\/div>\n                                  <div class=\"em-card-field\">\n                    <span class=\"em-card-field-label\">Restaurants \/ sp\u00e9cialit\u00e9s :<\/span>\n                    <span class=\"em-card-field-value\">Cuisine du terroir<\/span>\n                  <\/div>\n                              <\/div>\n\n              <!-- Lien vers le d\u00e9tail -->\n              <div class=\"em-card-footer\">\n                <span>Voir le d\u00e9tail<\/span>\n                <svg fill=\"none\" viewBox=\"0 0 24 24\" stroke=\"currentColor\" stroke-width=\"2\"><path stroke-linecap=\"round\" stroke-linejoin=\"round\" d=\"M13.5 4.5L21 12m0 0l-7.5 7.5M21 12H3\"><\/path><\/svg>\n              <\/div>\n            <\/div>\n          <\/article>\n                  <article class=\"em-card\"\n            data-type=\"city\"\n            data-features=\"\"\n            data-name=\"escource\"\n            data-json=\"{&quot;name&quot;:&quot;Escource&quot;,&quot;image&quot;:&quot;https:\\\/\\\/upload.wikimedia.org\\\/wikipedia\\\/commons\\\/thumb\\\/4\\\/4a\\\/Escource_eglise.JPG\\\/320px-Escource_eglise.JPG&quot;,&quot;link&quot;:&quot;https:\\\/\\\/fr.wikipedia.org\\\/wiki\\\/Escource&quot;,&quot;data&quot;:{&quot;name&quot;:&quot;Escource&quot;,&quot;distance_kilometers&quot;:&quot;9.6 km&quot;,&quot;driving_time_minutes&quot;:&quot;\\u224815 min&quot;,&quot;must_see_places&quot;:&quot;\\u00c9glise Saint-Pierre, espaces forestiers&quot;,&quot;markets_local_events&quot;:&quot;March\\u00e9 local&quot;,&quot;restaurants_specialities&quot;:&quot;Produits du terroir&quot;,&quot;comment&quot;:&quot;Village au c\\u0153ur de la for\\u00eat des Landes.&quot;,&quot;link&quot;:&quot;https:\\\/\\\/fr.wikipedia.org\\\/wiki\\\/Escource&quot;,&quot;image&quot;:&quot;https:\\\/\\\/upload.wikimedia.org\\\/wikipedia\\\/commons\\\/thumb\\\/4\\\/4a\\\/Escource_eglise.JPG\\\/320px-Escource_eglise.JPG&quot;},&quot;category&quot;:&quot;Villes aux alentours&quot;}\">\n\n            <!-- Image + badge cat\u00e9gorie -->\n            <div class=\"em-card-img-wrap\">\n                              <img decoding=\"async\" class=\"em-card-img\" src=\"https:\/\/upload.wikimedia.org\/wikipedia\/commons\/thumb\/4\/4a\/Escource_eglise.JPG\/320px-Escource_eglise.JPG\" alt=\"Escource\" loading=\"lazy\" onerror=\"this.style.display='none';this.nextElementSibling.style.display='flex';\">\n                <div class=\"em-card-placeholder\" style=\"display:none;\">\ud83d\udcf7 Image indisponible<\/div>\n                            <span class=\"em-card-badge badge-city\">Villes aux alentours<\/span>\n            <\/div>\n\n            <!-- Contenu de la card -->\n            <div class=\"em-card-body\">\n              <h3 class=\"em-card-title\">Escource<\/h3>\n\n              <!-- Tags r\u00e9sum\u00e9s (max 4) -->\n              <div class=\"em-card-tags\">\n                                    <span class=\"em-tag em-tag-blue\">9.6 km km<\/span>\n                                    <span class=\"em-tag em-tag-orange\">\u224815 min min<\/span>\n                                              <\/div>\n\n              <!-- Champs suppl\u00e9mentaires (max 3) -->\n              <div class=\"em-card-fields\">\n                                  <div class=\"em-card-field\">\n                    <span class=\"em-card-field-label\">Lieux \/ Activit\u00e9s incontournables :<\/span>\n                    <span class=\"em-card-field-value\">\u00c9glise Saint-Pierre, espaces forestiers<\/span>\n                  <\/div>\n                                  <div class=\"em-card-field\">\n                    <span class=\"em-card-field-label\">March\u00e9s \/ \u00e9v\u00e9nements locaux :<\/span>\n                    <span class=\"em-card-field-value\">March\u00e9 local<\/span>\n                  <\/div>\n                                  <div class=\"em-card-field\">\n                    <span class=\"em-card-field-label\">Restaurants \/ sp\u00e9cialit\u00e9s :<\/span>\n                    <span class=\"em-card-field-value\">Produits du terroir<\/span>\n                  <\/div>\n                              <\/div>\n\n              <!-- Lien vers le d\u00e9tail -->\n              <div class=\"em-card-footer\">\n                <span>Voir le d\u00e9tail<\/span>\n                <svg fill=\"none\" viewBox=\"0 0 24 24\" stroke=\"currentColor\" stroke-width=\"2\"><path stroke-linecap=\"round\" stroke-linejoin=\"round\" d=\"M13.5 4.5L21 12m0 0l-7.5 7.5M21 12H3\"><\/path><\/svg>\n              <\/div>\n            <\/div>\n          <\/article>\n                  <article class=\"em-card\"\n            data-type=\"city\"\n            data-features=\"\"\n            data-name=\"parentis-en-born\"\n            data-json=\"{&quot;name&quot;:&quot;Parentis-en-Born&quot;,&quot;image&quot;:&quot;https:\\\/\\\/upload.wikimedia.org\\\/wikipedia\\\/commons\\\/thumb\\\/7\\\/7f\\\/Parentis-en-Born_-_Mairie.JPG\\\/320px-Parentis-en-Born_-_Mairie.JPG&quot;,&quot;link&quot;:&quot;https:\\\/\\\/www.francethisway.com\\\/places\\\/a\\\/parentis-en-born-landes.php&quot;,&quot;data&quot;:{&quot;name&quot;:&quot;Parentis-en-Born&quot;,&quot;distance_kilometers&quot;:&quot;15 km&quot;,&quot;driving_time_minutes&quot;:&quot;\\u224820 min&quot;,&quot;must_see_places&quot;:&quot;Lac d&#039;Hostens, \\u00e9glise Saint-Pierre&quot;,&quot;markets_local_events&quot;:&quot;March\\u00e9 jeudi et dimanche&quot;,&quot;restaurants_specialities&quot;:&quot;Cuisine landaise&quot;,&quot;comment&quot;:&quot;Ville dynamique avec march\\u00e9s r\\u00e9guliers et lac voisin.&quot;,&quot;link&quot;:&quot;https:\\\/\\\/www.francethisway.com\\\/places\\\/a\\\/parentis-en-born-landes.php&quot;,&quot;image&quot;:&quot;https:\\\/\\\/upload.wikimedia.org\\\/wikipedia\\\/commons\\\/thumb\\\/7\\\/7f\\\/Parentis-en-Born_-_Mairie.JPG\\\/320px-Parentis-en-Born_-_Mairie.JPG&quot;},&quot;category&quot;:&quot;Villes aux alentours&quot;}\">\n\n            <!-- Image + badge cat\u00e9gorie -->\n            <div class=\"em-card-img-wrap\">\n                              <img decoding=\"async\" class=\"em-card-img\" src=\"https:\/\/upload.wikimedia.org\/wikipedia\/commons\/thumb\/7\/7f\/Parentis-en-Born_-_Mairie.JPG\/320px-Parentis-en-Born_-_Mairie.JPG\" alt=\"Parentis-en-Born\" loading=\"lazy\" onerror=\"this.style.display='none';this.nextElementSibling.style.display='flex';\">\n                <div class=\"em-card-placeholder\" style=\"display:none;\">\ud83d\udcf7 Image indisponible<\/div>\n                            <span class=\"em-card-badge badge-city\">Villes aux alentours<\/span>\n            <\/div>\n\n            <!-- Contenu de la card -->\n            <div class=\"em-card-body\">\n              <h3 class=\"em-card-title\">Parentis-en-Born<\/h3>\n\n              <!-- Tags r\u00e9sum\u00e9s (max 4) -->\n              <div class=\"em-card-tags\">\n                                    <span class=\"em-tag em-tag-blue\">15 km km<\/span>\n                                    <span class=\"em-tag em-tag-orange\">\u224820 min min<\/span>\n                                              <\/div>\n\n              <!-- Champs suppl\u00e9mentaires (max 3) -->\n              <div class=\"em-card-fields\">\n                                  <div class=\"em-card-field\">\n                    <span class=\"em-card-field-label\">Lieux \/ Activit\u00e9s incontournables :<\/span>\n                    <span class=\"em-card-field-value\">Lac d&#039;Hostens, \u00e9glise Saint-Pierre<\/span>\n                  <\/div>\n                                  <div class=\"em-card-field\">\n                    <span class=\"em-card-field-label\">March\u00e9s \/ \u00e9v\u00e9nements locaux :<\/span>\n                    <span class=\"em-card-field-value\">March\u00e9 jeudi et dimanche<\/span>\n                  <\/div>\n                                  <div class=\"em-card-field\">\n                    <span class=\"em-card-field-label\">Restaurants \/ sp\u00e9cialit\u00e9s :<\/span>\n                    <span class=\"em-card-field-value\">Cuisine landaise<\/span>\n                  <\/div>\n                              <\/div>\n\n              <!-- Lien vers le d\u00e9tail -->\n              <div class=\"em-card-footer\">\n                <span>Voir le d\u00e9tail<\/span>\n                <svg fill=\"none\" viewBox=\"0 0 24 24\" stroke=\"currentColor\" stroke-width=\"2\"><path stroke-linecap=\"round\" stroke-linejoin=\"round\" d=\"M13.5 4.5L21 12m0 0l-7.5 7.5M21 12H3\"><\/path><\/svg>\n              <\/div>\n            <\/div>\n          <\/article>\n                  <article class=\"em-card\"\n            data-type=\"city\"\n            data-features=\"\"\n            data-name=\"biscarrosse\"\n            data-json=\"{&quot;name&quot;:&quot;Biscarrosse&quot;,&quot;image&quot;:&quot;https:\\\/\\\/upload.wikimedia.org\\\/wikipedia\\\/commons\\\/thumb\\\/a\\\/a3\\\/Biscarrosse_Lac.jpg\\\/320px-Biscarrosse_Lac.jpg&quot;,&quot;link&quot;:&quot;https:\\\/\\\/www.francethisway.com\\\/places\\\/a\\\/biscarrosse-landes.php&quot;,&quot;data&quot;:{&quot;name&quot;:&quot;Biscarrosse&quot;,&quot;distance_kilometers&quot;:&quot;19 km&quot;,&quot;driving_time_minutes&quot;:&quot;\\u224825 min&quot;,&quot;must_see_places&quot;:&quot;Mus\\u00e9e de l\\u2019hydraviation, plages d\\u2019Atlantique&quot;,&quot;markets_local_events&quot;:&quot;March\\u00e9 quotidien&quot;,&quot;restaurants_specialities&quot;:&quot;Fruits de mer, sp\\u00e9cialit\\u00e9s landaises&quot;,&quot;comment&quot;:&quot;Ville baln\\u00e9aire tr\\u00e8s touristique \\u00e0 proximit\\u00e9.&quot;,&quot;link&quot;:&quot;https:\\\/\\\/www.francethisway.com\\\/places\\\/a\\\/biscarrosse-landes.php&quot;,&quot;image&quot;:&quot;https:\\\/\\\/upload.wikimedia.org\\\/wikipedia\\\/commons\\\/thumb\\\/a\\\/a3\\\/Biscarrosse_Lac.jpg\\\/320px-Biscarrosse_Lac.jpg&quot;},&quot;category&quot;:&quot;Villes aux alentours&quot;}\">\n\n            <!-- Image + badge cat\u00e9gorie -->\n            <div class=\"em-card-img-wrap\">\n                              <img decoding=\"async\" class=\"em-card-img\" src=\"https:\/\/upload.wikimedia.org\/wikipedia\/commons\/thumb\/a\/a3\/Biscarrosse_Lac.jpg\/320px-Biscarrosse_Lac.jpg\" alt=\"Biscarrosse\" loading=\"lazy\" onerror=\"this.style.display='none';this.nextElementSibling.style.display='flex';\">\n                <div class=\"em-card-placeholder\" style=\"display:none;\">\ud83d\udcf7 Image indisponible<\/div>\n                            <span class=\"em-card-badge badge-city\">Villes aux alentours<\/span>\n            <\/div>\n\n            <!-- Contenu de la card -->\n            <div class=\"em-card-body\">\n              <h3 class=\"em-card-title\">Biscarrosse<\/h3>\n\n              <!-- Tags r\u00e9sum\u00e9s (max 4) -->\n              <div class=\"em-card-tags\">\n                                    <span class=\"em-tag em-tag-blue\">19 km km<\/span>\n                                    <span class=\"em-tag em-tag-orange\">\u224825 min min<\/span>\n                                              <\/div>\n\n              <!-- Champs suppl\u00e9mentaires (max 3) -->\n              <div class=\"em-card-fields\">\n                                  <div class=\"em-card-field\">\n                    <span class=\"em-card-field-label\">Lieux \/ Activit\u00e9s incontournables :<\/span>\n                    <span class=\"em-card-field-value\">Mus\u00e9e de l\u2019hydraviation, plages d\u2019Atlantique<\/span>\n                  <\/div>\n                                  <div class=\"em-card-field\">\n                    <span class=\"em-card-field-label\">March\u00e9s \/ \u00e9v\u00e9nements locaux :<\/span>\n                    <span class=\"em-card-field-value\">March\u00e9 quotidien<\/span>\n                  <\/div>\n                                  <div class=\"em-card-field\">\n                    <span class=\"em-card-field-label\">Restaurants \/ sp\u00e9cialit\u00e9s :<\/span>\n                    <span class=\"em-card-field-value\">Fruits de mer, sp\u00e9cialit\u00e9s landaises<\/span>\n                  <\/div>\n                              <\/div>\n\n              <!-- Lien vers le d\u00e9tail -->\n              <div class=\"em-card-footer\">\n                <span>Voir le d\u00e9tail<\/span>\n                <svg fill=\"none\" viewBox=\"0 0 24 24\" stroke=\"currentColor\" stroke-width=\"2\"><path stroke-linecap=\"round\" stroke-linejoin=\"round\" d=\"M13.5 4.5L21 12m0 0l-7.5 7.5M21 12H3\"><\/path><\/svg>\n              <\/div>\n            <\/div>\n          <\/article>\n                  <article class=\"em-card\"\n            data-type=\"city\"\n            data-features=\"\"\n            data-name=\"lit-et-mixe\"\n            data-json=\"{&quot;name&quot;:&quot;Lit-et-Mixe&quot;,&quot;image&quot;:&quot;https:\\\/\\\/upload.wikimedia.org\\\/wikipedia\\\/commons\\\/thumb\\\/6\\\/6c\\\/Lit_et_Mixe_bourg.JPG\\\/320px-Lit_et_Mixe_bourg.JPG&quot;,&quot;link&quot;:&quot;https:\\\/\\\/fr.wikipedia.org\\\/wiki\\\/Lit-et-Mixe&quot;,&quot;data&quot;:{&quot;name&quot;:&quot;Lit-et-Mixe&quot;,&quot;distance_kilometers&quot;:&quot;23 km&quot;,&quot;driving_time_minutes&quot;:&quot;\\u224830 min&quot;,&quot;must_see_places&quot;:&quot;For\\u00eat domaniale, dunes&quot;,&quot;markets_local_events&quot;:&quot;March\\u00e9 jeudi&quot;,&quot;restaurants_specialities&quot;:&quot;Cuisine locale&quot;,&quot;comment&quot;:&quot;Village calme avec acc\\u00e8s \\u00e0 la nature sauvage.&quot;,&quot;link&quot;:&quot;https:\\\/\\\/fr.wikipedia.org\\\/wiki\\\/Lit-et-Mixe&quot;,&quot;image&quot;:&quot;https:\\\/\\\/upload.wikimedia.org\\\/wikipedia\\\/commons\\\/thumb\\\/6\\\/6c\\\/Lit_et_Mixe_bourg.JPG\\\/320px-Lit_et_Mixe_bourg.JPG&quot;},&quot;category&quot;:&quot;Villes aux alentours&quot;}\">\n\n            <!-- Image + badge cat\u00e9gorie -->\n            <div class=\"em-card-img-wrap\">\n                              <img decoding=\"async\" class=\"em-card-img\" src=\"https:\/\/upload.wikimedia.org\/wikipedia\/commons\/thumb\/6\/6c\/Lit_et_Mixe_bourg.JPG\/320px-Lit_et_Mixe_bourg.JPG\" alt=\"Lit-et-Mixe\" loading=\"lazy\" onerror=\"this.style.display='none';this.nextElementSibling.style.display='flex';\">\n                <div class=\"em-card-placeholder\" style=\"display:none;\">\ud83d\udcf7 Image indisponible<\/div>\n                            <span class=\"em-card-badge badge-city\">Villes aux alentours<\/span>\n            <\/div>\n\n            <!-- Contenu de la card -->\n            <div class=\"em-card-body\">\n              <h3 class=\"em-card-title\">Lit-et-Mixe<\/h3>\n\n              <!-- Tags r\u00e9sum\u00e9s (max 4) -->\n              <div class=\"em-card-tags\">\n                                    <span class=\"em-tag em-tag-blue\">23 km km<\/span>\n                                    <span class=\"em-tag em-tag-orange\">\u224830 min min<\/span>\n                                              <\/div>\n\n              <!-- Champs suppl\u00e9mentaires (max 3) -->\n              <div class=\"em-card-fields\">\n                                  <div class=\"em-card-field\">\n                    <span class=\"em-card-field-label\">Lieux \/ Activit\u00e9s incontournables :<\/span>\n                    <span class=\"em-card-field-value\">For\u00eat domaniale, dunes<\/span>\n                  <\/div>\n                                  <div class=\"em-card-field\">\n                    <span class=\"em-card-field-label\">March\u00e9s \/ \u00e9v\u00e9nements locaux :<\/span>\n                    <span class=\"em-card-field-value\">March\u00e9 jeudi<\/span>\n                  <\/div>\n                                  <div class=\"em-card-field\">\n                    <span class=\"em-card-field-label\">Restaurants \/ sp\u00e9cialit\u00e9s :<\/span>\n                    <span class=\"em-card-field-value\">Cuisine locale<\/span>\n                  <\/div>\n                              <\/div>\n\n              <!-- Lien vers le d\u00e9tail -->\n              <div class=\"em-card-footer\">\n                <span>Voir le d\u00e9tail<\/span>\n                <svg fill=\"none\" viewBox=\"0 0 24 24\" stroke=\"currentColor\" stroke-width=\"2\"><path stroke-linecap=\"round\" stroke-linejoin=\"round\" d=\"M13.5 4.5L21 12m0 0l-7.5 7.5M21 12H3\"><\/path><\/svg>\n              <\/div>\n            <\/div>\n          <\/article>\n                  <article class=\"em-card\"\n            data-type=\"city\"\n            data-features=\"\"\n            data-name=\"morcenx\"\n            data-json=\"{&quot;name&quot;:&quot;Morcenx&quot;,&quot;image&quot;:&quot;https:\\\/\\\/upload.wikimedia.org\\\/wikipedia\\\/commons\\\/thumb\\\/d\\\/dd\\\/Morcenx_eglise.JPG\\\/320px-Morcenx_eglise.JPG&quot;,&quot;link&quot;:&quot;https:\\\/\\\/fr.wikipedia.org\\\/wiki\\\/Morcenx-la-Nouvelle&quot;,&quot;data&quot;:{&quot;name&quot;:&quot;Morcenx&quot;,&quot;distance_kilometers&quot;:&quot;28 km&quot;,&quot;driving_time_minutes&quot;:&quot;\\u224830 min&quot;,&quot;must_see_places&quot;:&quot;Eglise Saint-Pierre, centre-ville&quot;,&quot;markets_local_events&quot;:&quot;March\\u00e9 mercredi et samedi&quot;,&quot;restaurants_specialities&quot;:&quot;Plats traditionnels&quot;,&quot;comment&quot;:&quot;Petite ville avec vie locale dynamique.&quot;,&quot;link&quot;:&quot;https:\\\/\\\/fr.wikipedia.org\\\/wiki\\\/Morcenx-la-Nouvelle&quot;,&quot;image&quot;:&quot;https:\\\/\\\/upload.wikimedia.org\\\/wikipedia\\\/commons\\\/thumb\\\/d\\\/dd\\\/Morcenx_eglise.JPG\\\/320px-Morcenx_eglise.JPG&quot;},&quot;category&quot;:&quot;Villes aux alentours&quot;}\">\n\n            <!-- Image + badge cat\u00e9gorie -->\n            <div class=\"em-card-img-wrap\">\n                              <img decoding=\"async\" class=\"em-card-img\" src=\"https:\/\/upload.wikimedia.org\/wikipedia\/commons\/thumb\/d\/dd\/Morcenx_eglise.JPG\/320px-Morcenx_eglise.JPG\" alt=\"Morcenx\" loading=\"lazy\" onerror=\"this.style.display='none';this.nextElementSibling.style.display='flex';\">\n                <div class=\"em-card-placeholder\" style=\"display:none;\">\ud83d\udcf7 Image indisponible<\/div>\n                            <span class=\"em-card-badge badge-city\">Villes aux alentours<\/span>\n            <\/div>\n\n            <!-- Contenu de la card -->\n            <div class=\"em-card-body\">\n              <h3 class=\"em-card-title\">Morcenx<\/h3>\n\n              <!-- Tags r\u00e9sum\u00e9s (max 4) -->\n              <div class=\"em-card-tags\">\n                                    <span class=\"em-tag em-tag-blue\">28 km km<\/span>\n                                    <span class=\"em-tag em-tag-orange\">\u224830 min min<\/span>\n                                              <\/div>\n\n              <!-- Champs suppl\u00e9mentaires (max 3) -->\n              <div class=\"em-card-fields\">\n                                  <div class=\"em-card-field\">\n                    <span class=\"em-card-field-label\">Lieux \/ Activit\u00e9s incontournables :<\/span>\n                    <span class=\"em-card-field-value\">Eglise Saint-Pierre, centre-ville<\/span>\n                  <\/div>\n                                  <div class=\"em-card-field\">\n                    <span class=\"em-card-field-label\">March\u00e9s \/ \u00e9v\u00e9nements locaux :<\/span>\n                    <span class=\"em-card-field-value\">March\u00e9 mercredi et samedi<\/span>\n                  <\/div>\n                                  <div class=\"em-card-field\">\n                    <span class=\"em-card-field-label\">Restaurants \/ sp\u00e9cialit\u00e9s :<\/span>\n                    <span class=\"em-card-field-value\">Plats traditionnels<\/span>\n                  <\/div>\n                              <\/div>\n\n              <!-- Lien vers le d\u00e9tail -->\n              <div class=\"em-card-footer\">\n                <span>Voir le d\u00e9tail<\/span>\n                <svg fill=\"none\" viewBox=\"0 0 24 24\" stroke=\"currentColor\" stroke-width=\"2\"><path stroke-linecap=\"round\" stroke-linejoin=\"round\" d=\"M13.5 4.5L21 12m0 0l-7.5 7.5M21 12H3\"><\/path><\/svg>\n              <\/div>\n            <\/div>\n          <\/article>\n                  <article class=\"em-card\"\n            data-type=\"city\"\n            data-features=\"\"\n            data-name=\"l\u00e9on\"\n            data-json=\"{&quot;name&quot;:&quot;L\\u00e9on&quot;,&quot;image&quot;:&quot;https:\\\/\\\/upload.wikimedia.org\\\/wikipedia\\\/commons\\\/thumb\\\/2\\\/25\\\/Leon_landes.jpg\\\/320px-Leon_landes.jpg&quot;,&quot;link&quot;:&quot;https:\\\/\\\/fr.wikipedia.org\\\/wiki\\\/L%C3%A9on_(Landes)&quot;,&quot;data&quot;:{&quot;name&quot;:&quot;L\\u00e9on&quot;,&quot;distance_kilometers&quot;:&quot;40 km&quot;,&quot;driving_time_minutes&quot;:&quot;\\u224840 min&quot;,&quot;must_see_places&quot;:&quot;Lac de L\\u00e9on, centre village&quot;,&quot;markets_local_events&quot;:&quot;March\\u00e9 quotidien&quot;,&quot;restaurants_specialities&quot;:&quot;Poissons et sp\\u00e9cialit\\u00e9s de la r\\u00e9gion&quot;,&quot;comment&quot;:&quot;Village paisible entour\\u00e9 d\\u2019espaces naturels.&quot;,&quot;link&quot;:&quot;https:\\\/\\\/fr.wikipedia.org\\\/wiki\\\/L%C3%A9on_(Landes)&quot;,&quot;image&quot;:&quot;https:\\\/\\\/upload.wikimedia.org\\\/wikipedia\\\/commons\\\/thumb\\\/2\\\/25\\\/Leon_landes.jpg\\\/320px-Leon_landes.jpg&quot;},&quot;category&quot;:&quot;Villes aux alentours&quot;}\">\n\n            <!-- Image + badge cat\u00e9gorie -->\n            <div class=\"em-card-img-wrap\">\n                              <img decoding=\"async\" class=\"em-card-img\" src=\"https:\/\/upload.wikimedia.org\/wikipedia\/commons\/thumb\/2\/25\/Leon_landes.jpg\/320px-Leon_landes.jpg\" alt=\"L\u00e9on\" loading=\"lazy\" onerror=\"this.style.display='none';this.nextElementSibling.style.display='flex';\">\n                <div class=\"em-card-placeholder\" style=\"display:none;\">\ud83d\udcf7 Image indisponible<\/div>\n                            <span class=\"em-card-badge badge-city\">Villes aux alentours<\/span>\n            <\/div>\n\n            <!-- Contenu de la card -->\n            <div class=\"em-card-body\">\n              <h3 class=\"em-card-title\">L\u00e9on<\/h3>\n\n              <!-- Tags r\u00e9sum\u00e9s (max 4) -->\n              <div class=\"em-card-tags\">\n                                    <span class=\"em-tag em-tag-blue\">40 km km<\/span>\n                                    <span class=\"em-tag em-tag-orange\">\u224840 min min<\/span>\n                                              <\/div>\n\n              <!-- Champs suppl\u00e9mentaires (max 3) -->\n              <div class=\"em-card-fields\">\n                                  <div class=\"em-card-field\">\n                    <span class=\"em-card-field-label\">Lieux \/ Activit\u00e9s incontournables :<\/span>\n                    <span class=\"em-card-field-value\">Lac de L\u00e9on, centre village<\/span>\n                  <\/div>\n                                  <div class=\"em-card-field\">\n                    <span class=\"em-card-field-label\">March\u00e9s \/ \u00e9v\u00e9nements locaux :<\/span>\n                    <span class=\"em-card-field-value\">March\u00e9 quotidien<\/span>\n                  <\/div>\n                                  <div class=\"em-card-field\">\n                    <span class=\"em-card-field-label\">Restaurants \/ sp\u00e9cialit\u00e9s :<\/span>\n                    <span class=\"em-card-field-value\">Poissons et sp\u00e9cialit\u00e9s de la r\u00e9gion<\/span>\n                  <\/div>\n                              <\/div>\n\n              <!-- Lien vers le d\u00e9tail -->\n              <div class=\"em-card-footer\">\n                <span>Voir le d\u00e9tail<\/span>\n                <svg fill=\"none\" viewBox=\"0 0 24 24\" stroke=\"currentColor\" stroke-width=\"2\"><path stroke-linecap=\"round\" stroke-linejoin=\"round\" d=\"M13.5 4.5L21 12m0 0l-7.5 7.5M21 12H3\"><\/path><\/svg>\n              <\/div>\n            <\/div>\n          <\/article>\n                  <article class=\"em-card\"\n            data-type=\"city\"\n            data-features=\"\"\n            data-name=\"moliets-et-maa\"\n            data-json=\"{&quot;name&quot;:&quot;Moliets-et-Maa&quot;,&quot;image&quot;:&quot;https:\\\/\\\/upload.wikimedia.org\\\/wikipedia\\\/commons\\\/thumb\\\/3\\\/34\\\/Moliets_-_plage_et_foret.JPG\\\/320px-Moliets_-_plage_et_foret.JPG&quot;,&quot;link&quot;:&quot;https:\\\/\\\/fr.wikipedia.org\\\/wiki\\\/Moliets-et-Maa&quot;,&quot;data&quot;:{&quot;name&quot;:&quot;Moliets-et-Maa&quot;,&quot;distance_kilometers&quot;:&quot;45 km&quot;,&quot;driving_time_minutes&quot;:&quot;\\u224845 min&quot;,&quot;must_see_places&quot;:&quot;Plages, golf de Moliets&quot;,&quot;markets_local_events&quot;:&quot;March\\u00e9 mardi&quot;,&quot;restaurants_specialities&quot;:&quot;Cuisine bordelaise&quot;,&quot;comment&quot;:&quot;Station baln\\u00e9aire r\\u00e9put\\u00e9e pour le golf et la plage.&quot;,&quot;link&quot;:&quot;https:\\\/\\\/fr.wikipedia.org\\\/wiki\\\/Moliets-et-Maa&quot;,&quot;image&quot;:&quot;https:\\\/\\\/upload.wikimedia.org\\\/wikipedia\\\/commons\\\/thumb\\\/3\\\/34\\\/Moliets_-_plage_et_foret.JPG\\\/320px-Moliets_-_plage_et_foret.JPG&quot;},&quot;category&quot;:&quot;Villes aux alentours&quot;}\">\n\n            <!-- Image + badge cat\u00e9gorie -->\n            <div class=\"em-card-img-wrap\">\n                              <img decoding=\"async\" class=\"em-card-img\" src=\"https:\/\/upload.wikimedia.org\/wikipedia\/commons\/thumb\/3\/34\/Moliets_-_plage_et_foret.JPG\/320px-Moliets_-_plage_et_foret.JPG\" alt=\"Moliets-et-Maa\" loading=\"lazy\" onerror=\"this.style.display='none';this.nextElementSibling.style.display='flex';\">\n                <div class=\"em-card-placeholder\" style=\"display:none;\">\ud83d\udcf7 Image indisponible<\/div>\n                            <span class=\"em-card-badge badge-city\">Villes aux alentours<\/span>\n            <\/div>\n\n            <!-- Contenu de la card -->\n            <div class=\"em-card-body\">\n              <h3 class=\"em-card-title\">Moliets-et-Maa<\/h3>\n\n              <!-- Tags r\u00e9sum\u00e9s (max 4) -->\n              <div class=\"em-card-tags\">\n                                    <span class=\"em-tag em-tag-blue\">45 km km<\/span>\n                                    <span class=\"em-tag em-tag-orange\">\u224845 min min<\/span>\n                                              <\/div>\n\n              <!-- Champs suppl\u00e9mentaires (max 3) -->\n              <div class=\"em-card-fields\">\n                                  <div class=\"em-card-field\">\n                    <span class=\"em-card-field-label\">Lieux \/ Activit\u00e9s incontournables :<\/span>\n                    <span class=\"em-card-field-value\">Plages, golf de Moliets<\/span>\n                  <\/div>\n                                  <div class=\"em-card-field\">\n                    <span class=\"em-card-field-label\">March\u00e9s \/ \u00e9v\u00e9nements locaux :<\/span>\n                    <span class=\"em-card-field-value\">March\u00e9 mardi<\/span>\n                  <\/div>\n                                  <div class=\"em-card-field\">\n                    <span class=\"em-card-field-label\">Restaurants \/ sp\u00e9cialit\u00e9s :<\/span>\n                    <span class=\"em-card-field-value\">Cuisine bordelaise<\/span>\n                  <\/div>\n                              <\/div>\n\n              <!-- Lien vers le d\u00e9tail -->\n              <div class=\"em-card-footer\">\n                <span>Voir le d\u00e9tail<\/span>\n                <svg fill=\"none\" viewBox=\"0 0 24 24\" stroke=\"currentColor\" stroke-width=\"2\"><path stroke-linecap=\"round\" stroke-linejoin=\"round\" d=\"M13.5 4.5L21 12m0 0l-7.5 7.5M21 12H3\"><\/path><\/svg>\n              <\/div>\n            <\/div>\n          <\/article>\n                  <article class=\"em-card\"\n            data-type=\"city\"\n            data-features=\"\"\n            data-name=\"tartas\"\n            data-json=\"{&quot;name&quot;:&quot;Tartas&quot;,&quot;image&quot;:&quot;https:\\\/\\\/upload.wikimedia.org\\\/wikipedia\\\/commons\\\/thumb\\\/9\\\/9a\\\/Tartas_-_mairie.jpg\\\/320px-Tartas_-_mairie.jpg&quot;,&quot;link&quot;:&quot;https:\\\/\\\/fr.wikipedia.org\\\/wiki\\\/Tartas&quot;,&quot;data&quot;:{&quot;name&quot;:&quot;Tartas&quot;,&quot;distance_kilometers&quot;:&quot;51 km&quot;,&quot;driving_time_minutes&quot;:&quot;\\u224850 min&quot;,&quot;must_see_places&quot;:&quot;Ch\\u00e2teau de Tartas, mus\\u00e9e&quot;,&quot;markets_local_events&quot;:&quot;March\\u00e9 samedi&quot;,&quot;restaurants_specialities&quot;:&quot;Sp\\u00e9cialit\\u00e9s landaises&quot;,&quot;comment&quot;:&quot;Ville historique avec patrimoine culturel.&quot;,&quot;link&quot;:&quot;https:\\\/\\\/fr.wikipedia.org\\\/wiki\\\/Tartas&quot;,&quot;image&quot;:&quot;https:\\\/\\\/upload.wikimedia.org\\\/wikipedia\\\/commons\\\/thumb\\\/9\\\/9a\\\/Tartas_-_mairie.jpg\\\/320px-Tartas_-_mairie.jpg&quot;},&quot;category&quot;:&quot;Villes aux alentours&quot;}\">\n\n            <!-- Image + badge cat\u00e9gorie -->\n            <div class=\"em-card-img-wrap\">\n                              <img decoding=\"async\" class=\"em-card-img\" src=\"https:\/\/upload.wikimedia.org\/wikipedia\/commons\/thumb\/9\/9a\/Tartas_-_mairie.jpg\/320px-Tartas_-_mairie.jpg\" alt=\"Tartas\" loading=\"lazy\" onerror=\"this.style.display='none';this.nextElementSibling.style.display='flex';\">\n                <div class=\"em-card-placeholder\" style=\"display:none;\">\ud83d\udcf7 Image indisponible<\/div>\n                            <span class=\"em-card-badge badge-city\">Villes aux alentours<\/span>\n            <\/div>\n\n            <!-- Contenu de la card -->\n            <div class=\"em-card-body\">\n              <h3 class=\"em-card-title\">Tartas<\/h3>\n\n              <!-- Tags r\u00e9sum\u00e9s (max 4) -->\n              <div class=\"em-card-tags\">\n                                    <span class=\"em-tag em-tag-blue\">51 km km<\/span>\n                                    <span class=\"em-tag em-tag-orange\">\u224850 min min<\/span>\n                                              <\/div>\n\n              <!-- Champs suppl\u00e9mentaires (max 3) -->\n              <div class=\"em-card-fields\">\n                                  <div class=\"em-card-field\">\n                    <span class=\"em-card-field-label\">Lieux \/ Activit\u00e9s incontournables :<\/span>\n                    <span class=\"em-card-field-value\">Ch\u00e2teau de Tartas, mus\u00e9e<\/span>\n                  <\/div>\n                                  <div class=\"em-card-field\">\n                    <span class=\"em-card-field-label\">March\u00e9s \/ \u00e9v\u00e9nements locaux :<\/span>\n                    <span class=\"em-card-field-value\">March\u00e9 samedi<\/span>\n                  <\/div>\n                                  <div class=\"em-card-field\">\n                    <span class=\"em-card-field-label\">Restaurants \/ sp\u00e9cialit\u00e9s :<\/span>\n                    <span class=\"em-card-field-value\">Sp\u00e9cialit\u00e9s landaises<\/span>\n                  <\/div>\n                              <\/div>\n\n              <!-- Lien vers le d\u00e9tail -->\n              <div class=\"em-card-footer\">\n                <span>Voir le d\u00e9tail<\/span>\n                <svg fill=\"none\" viewBox=\"0 0 24 24\" stroke=\"currentColor\" stroke-width=\"2\"><path stroke-linecap=\"round\" stroke-linejoin=\"round\" d=\"M13.5 4.5L21 12m0 0l-7.5 7.5M21 12H3\"><\/path><\/svg>\n              <\/div>\n            <\/div>\n          <\/article>\n                  <article class=\"em-card\"\n            data-type=\"city\"\n            data-features=\"\"\n            data-name=\"mimizan-plage\"\n            data-json=\"{&quot;name&quot;:&quot;Mimizan-Plage&quot;,&quot;image&quot;:&quot;https:\\\/\\\/upload.wikimedia.org\\\/wikipedia\\\/commons\\\/thumb\\\/f\\\/fb\\\/Mimizan-Plage_-_vue_a%C3%A9rienne.jpg\\\/320px-Mimizan-Plage_-_vue_a%C3%A9rienne.jpg&quot;,&quot;link&quot;:&quot;https:\\\/\\\/www.mimizan-tourisme.com\\\/&quot;,&quot;data&quot;:{&quot;name&quot;:&quot;Mimizan-Plage&quot;,&quot;distance_kilometers&quot;:&quot;7 km&quot;,&quot;driving_time_minutes&quot;:&quot;\\u224810 min&quot;,&quot;must_see_places&quot;:&quot;Plages de sable fin, sentiers c\\u00f4tiers&quot;,&quot;markets_local_events&quot;:&quot;March\\u00e9s estivaux&quot;,&quot;restaurants_specialities&quot;:&quot;Poissons frais et cuisine m\\u00e9diterran\\u00e9enne&quot;,&quot;comment&quot;:&quot;Station baln\\u00e9aire de Mimizan ax\\u00e9e sur la plage et les loisirs nautiques.&quot;,&quot;link&quot;:&quot;https:\\\/\\\/www.mimizan-tourisme.com\\\/&quot;,&quot;image&quot;:&quot;https:\\\/\\\/upload.wikimedia.org\\\/wikipedia\\\/commons\\\/thumb\\\/f\\\/fb\\\/Mimizan-Plage_-_vue_a%C3%A9rienne.jpg\\\/320px-Mimizan-Plage_-_vue_a%C3%A9rienne.jpg&quot;},&quot;category&quot;:&quot;Villes aux alentours&quot;}\">\n\n            <!-- Image + badge cat\u00e9gorie -->\n            <div class=\"em-card-img-wrap\">\n                              <img decoding=\"async\" class=\"em-card-img\" src=\"https:\/\/upload.wikimedia.org\/wikipedia\/commons\/thumb\/f\/fb\/Mimizan-Plage_-_vue_a%C3%A9rienne.jpg\/320px-Mimizan-Plage_-_vue_a%C3%A9rienne.jpg\" alt=\"Mimizan-Plage\" loading=\"lazy\" onerror=\"this.style.display='none';this.nextElementSibling.style.display='flex';\">\n                <div class=\"em-card-placeholder\" style=\"display:none;\">\ud83d\udcf7 Image indisponible<\/div>\n                            <span class=\"em-card-badge badge-city\">Villes aux alentours<\/span>\n            <\/div>\n\n            <!-- Contenu de la card -->\n            <div class=\"em-card-body\">\n              <h3 class=\"em-card-title\">Mimizan-Plage<\/h3>\n\n              <!-- Tags r\u00e9sum\u00e9s (max 4) -->\n              <div class=\"em-card-tags\">\n                                    <span class=\"em-tag em-tag-blue\">7 km km<\/span>\n                                    <span class=\"em-tag em-tag-orange\">\u224810 min min<\/span>\n                                              <\/div>\n\n              <!-- Champs suppl\u00e9mentaires (max 3) -->\n              <div class=\"em-card-fields\">\n                                  <div class=\"em-card-field\">\n                    <span class=\"em-card-field-label\">Lieux \/ Activit\u00e9s incontournables :<\/span>\n                    <span class=\"em-card-field-value\">Plages de sable fin, sentiers c\u00f4tiers<\/span>\n                  <\/div>\n                                  <div class=\"em-card-field\">\n                    <span class=\"em-card-field-label\">March\u00e9s \/ \u00e9v\u00e9nements locaux :<\/span>\n                    <span class=\"em-card-field-value\">March\u00e9s estivaux<\/span>\n                  <\/div>\n                                  <div class=\"em-card-field\">\n                    <span class=\"em-card-field-label\">Restaurants \/ sp\u00e9cialit\u00e9s :<\/span>\n                    <span class=\"em-card-field-value\">Poissons frais et cuisine m\u00e9diterran\u00e9enne<\/span>\n                  <\/div>\n                              <\/div>\n\n              <!-- Lien vers le d\u00e9tail -->\n              <div class=\"em-card-footer\">\n                <span>Voir le d\u00e9tail<\/span>\n                <svg fill=\"none\" viewBox=\"0 0 24 24\" stroke=\"currentColor\" stroke-width=\"2\"><path stroke-linecap=\"round\" stroke-linejoin=\"round\" d=\"M13.5 4.5L21 12m0 0l-7.5 7.5M21 12H3\"><\/path><\/svg>\n              <\/div>\n            <\/div>\n          <\/article>\n                  <article class=\"em-card\"\n            data-type=\"city\"\n            data-features=\"\"\n            data-name=\"labouheyre\"\n            data-json=\"{&quot;name&quot;:&quot;Labouheyre&quot;,&quot;image&quot;:&quot;https:\\\/\\\/upload.wikimedia.org\\\/wikipedia\\\/commons\\\/thumb\\\/4\\\/4e\\\/Labouheyre_eglise_01.JPG\\\/250px-Labouheyre_eglise_01.JPG&quot;,&quot;link&quot;:&quot;https:\\\/\\\/fr.wikipedia.org\\\/wiki\\\/Labouheyre&quot;,&quot;data&quot;:{&quot;name&quot;:&quot;Labouheyre&quot;,&quot;distance_kilometers&quot;:&quot;16 km&quot;,&quot;driving_time_minutes&quot;:&quot;20 min&quot;,&quot;must_see_places&quot;:&quot;\\u00c9glise Saint-Barth\\u00e9l\\u00e9my, for\\u00eat environnante&quot;,&quot;markets_local_events&quot;:&quot;March\\u00e9 hebdomadaire le vendredi&quot;,&quot;restaurants_specialities&quot;:&quot;Cuisine landaise traditionnelle, foie gras, magret de canard&quot;,&quot;comment&quot;:&quot;Labouheyre est une petite commune foresti\\u00e8re agr\\u00e9able, proche de Saint-Paul-en-Born, offrant un cadre naturel et calme[3][6].&quot;,&quot;link&quot;:&quot;https:\\\/\\\/fr.wikipedia.org\\\/wiki\\\/Labouheyre&quot;,&quot;image&quot;:&quot;https:\\\/\\\/upload.wikimedia.org\\\/wikipedia\\\/commons\\\/thumb\\\/4\\\/4e\\\/Labouheyre_eglise_01.JPG\\\/250px-Labouheyre_eglise_01.JPG&quot;},&quot;category&quot;:&quot;Villes aux alentours&quot;}\">\n\n            <!-- Image + badge cat\u00e9gorie -->\n            <div class=\"em-card-img-wrap\">\n                              <img decoding=\"async\" class=\"em-card-img\" src=\"https:\/\/upload.wikimedia.org\/wikipedia\/commons\/thumb\/4\/4e\/Labouheyre_eglise_01.JPG\/250px-Labouheyre_eglise_01.JPG\" alt=\"Labouheyre\" loading=\"lazy\" onerror=\"this.style.display='none';this.nextElementSibling.style.display='flex';\">\n                <div class=\"em-card-placeholder\" style=\"display:none;\">\ud83d\udcf7 Image indisponible<\/div>\n                            <span class=\"em-card-badge badge-city\">Villes aux alentours<\/span>\n            <\/div>\n\n            <!-- Contenu de la card -->\n            <div class=\"em-card-body\">\n              <h3 class=\"em-card-title\">Labouheyre<\/h3>\n\n              <!-- Tags r\u00e9sum\u00e9s (max 4) -->\n              <div class=\"em-card-tags\">\n                                    <span class=\"em-tag em-tag-blue\">16 km km<\/span>\n                                    <span class=\"em-tag em-tag-orange\">20 min min<\/span>\n                                              <\/div>\n\n              <!-- Champs suppl\u00e9mentaires (max 3) -->\n              <div class=\"em-card-fields\">\n                                  <div class=\"em-card-field\">\n                    <span class=\"em-card-field-label\">Lieux \/ Activit\u00e9s incontournables :<\/span>\n                    <span class=\"em-card-field-value\">\u00c9glise Saint-Barth\u00e9l\u00e9my, for\u00eat environnante<\/span>\n                  <\/div>\n                                  <div class=\"em-card-field\">\n                    <span class=\"em-card-field-label\">March\u00e9s \/ \u00e9v\u00e9nements locaux :<\/span>\n                    <span class=\"em-card-field-value\">March\u00e9 hebdomadaire le vendredi<\/span>\n                  <\/div>\n                                  <div class=\"em-card-field\">\n                    <span class=\"em-card-field-label\">Restaurants \/ sp\u00e9cialit\u00e9s :<\/span>\n                    <span class=\"em-card-field-value\">Cuisine landaise traditionnelle, foie gras, magret de canard<\/span>\n                  <\/div>\n                              <\/div>\n\n              <!-- Lien vers le d\u00e9tail -->\n              <div class=\"em-card-footer\">\n                <span>Voir le d\u00e9tail<\/span>\n                <svg fill=\"none\" viewBox=\"0 0 24 24\" stroke=\"currentColor\" stroke-width=\"2\"><path stroke-linecap=\"round\" stroke-linejoin=\"round\" d=\"M13.5 4.5L21 12m0 0l-7.5 7.5M21 12H3\"><\/path><\/svg>\n              <\/div>\n            <\/div>\n          <\/article>\n                  <article class=\"em-card\"\n            data-type=\"city\"\n            data-features=\"\"\n            data-name=\"sabres\"\n            data-json=\"{&quot;name&quot;:&quot;Sabres&quot;,&quot;image&quot;:&quot;https:\\\/\\\/upload.wikimedia.org\\\/wikipedia\\\/commons\\\/thumb\\\/8\\\/8c\\\/Sabres_Mairie.JPG\\\/250px-Sabres_Mairie.JPG&quot;,&quot;link&quot;:&quot;https:\\\/\\\/fr.wikipedia.org\\\/wiki\\\/Sabres&quot;,&quot;data&quot;:{&quot;name&quot;:&quot;Sabres&quot;,&quot;distance_kilometers&quot;:&quot;22 km&quot;,&quot;driving_time_minutes&quot;:&quot;25 min&quot;,&quot;must_see_places&quot;:&quot;Mus\\u00e9e des Landes, \\u00e9glise Notre-Dame-de-l&#039;Assomption&quot;,&quot;markets_local_events&quot;:&quot;March\\u00e9 local les samedis&quot;,&quot;restaurants_specialities&quot;:&quot;Sp\\u00e9cialit\\u00e9s gasconnes et cuisine du sud-ouest&quot;,&quot;comment&quot;:&quot;Sabres est reconnue pour son patrimoine landais et ses traditions culturelles.[3]&quot;,&quot;link&quot;:&quot;https:\\\/\\\/fr.wikipedia.org\\\/wiki\\\/Sabres&quot;,&quot;image&quot;:&quot;https:\\\/\\\/upload.wikimedia.org\\\/wikipedia\\\/commons\\\/thumb\\\/8\\\/8c\\\/Sabres_Mairie.JPG\\\/250px-Sabres_Mairie.JPG&quot;},&quot;category&quot;:&quot;Villes aux alentours&quot;}\">\n\n            <!-- Image + badge cat\u00e9gorie -->\n            <div class=\"em-card-img-wrap\">\n                              <img decoding=\"async\" class=\"em-card-img\" src=\"https:\/\/upload.wikimedia.org\/wikipedia\/commons\/thumb\/8\/8c\/Sabres_Mairie.JPG\/250px-Sabres_Mairie.JPG\" alt=\"Sabres\" loading=\"lazy\" onerror=\"this.style.display='none';this.nextElementSibling.style.display='flex';\">\n                <div class=\"em-card-placeholder\" style=\"display:none;\">\ud83d\udcf7 Image indisponible<\/div>\n                            <span class=\"em-card-badge badge-city\">Villes aux alentours<\/span>\n            <\/div>\n\n            <!-- Contenu de la card -->\n            <div class=\"em-card-body\">\n              <h3 class=\"em-card-title\">Sabres<\/h3>\n\n              <!-- Tags r\u00e9sum\u00e9s (max 4) -->\n              <div class=\"em-card-tags\">\n                                    <span class=\"em-tag em-tag-blue\">22 km km<\/span>\n                                    <span class=\"em-tag em-tag-orange\">25 min min<\/span>\n                                              <\/div>\n\n              <!-- Champs suppl\u00e9mentaires (max 3) -->\n              <div class=\"em-card-fields\">\n                                  <div class=\"em-card-field\">\n                    <span class=\"em-card-field-label\">Lieux \/ Activit\u00e9s incontournables :<\/span>\n                    <span class=\"em-card-field-value\">Mus\u00e9e des Landes, \u00e9glise Notre-Dame-de-l&#039;Assomption<\/span>\n                  <\/div>\n                                  <div class=\"em-card-field\">\n                    <span class=\"em-card-field-label\">March\u00e9s \/ \u00e9v\u00e9nements locaux :<\/span>\n                    <span class=\"em-card-field-value\">March\u00e9 local les samedis<\/span>\n                  <\/div>\n                                  <div class=\"em-card-field\">\n                    <span class=\"em-card-field-label\">Restaurants \/ sp\u00e9cialit\u00e9s :<\/span>\n                    <span class=\"em-card-field-value\">Sp\u00e9cialit\u00e9s gasconnes et cuisine du sud-ouest<\/span>\n                  <\/div>\n                              <\/div>\n\n              <!-- Lien vers le d\u00e9tail -->\n              <div class=\"em-card-footer\">\n                <span>Voir le d\u00e9tail<\/span>\n                <svg fill=\"none\" viewBox=\"0 0 24 24\" stroke=\"currentColor\" stroke-width=\"2\"><path stroke-linecap=\"round\" stroke-linejoin=\"round\" d=\"M13.5 4.5L21 12m0 0l-7.5 7.5M21 12H3\"><\/path><\/svg>\n              <\/div>\n            <\/div>\n          <\/article>\n                  <article class=\"em-card\"\n            data-type=\"city\"\n            data-features=\"\"\n            data-name=\"gastes\"\n            data-json=\"{&quot;name&quot;:&quot;Gastes&quot;,&quot;image&quot;:&quot;https:\\\/\\\/upload.wikimedia.org\\\/wikipedia\\\/commons\\\/thumb\\\/d\\\/dd\\\/Gastes_mairie_02.JPG\\\/250px-Gastes_mairie_02.JPG&quot;,&quot;link&quot;:&quot;https:\\\/\\\/fr.wikipedia.org\\\/wiki\\\/Gastes&quot;,&quot;data&quot;:{&quot;name&quot;:&quot;Gastes&quot;,&quot;distance_kilometers&quot;:&quot;12 km&quot;,&quot;driving_time_minutes&quot;:&quot;15 min&quot;,&quot;must_see_places&quot;:&quot;Lac de Biscarrosse et de Sanguinet, pistes cyclables&quot;,&quot;markets_local_events&quot;:&quot;March\\u00e9 local le dimanche&quot;,&quot;restaurants_specialities&quot;:&quot;Poissons d&#039;eau douce, cuisine locale&quot;,&quot;comment&quot;:&quot;Commune situ\\u00e9e proche des grands lacs landais, pris\\u00e9e pour la nature et les activit\\u00e9s nautiques.[3]&quot;,&quot;link&quot;:&quot;https:\\\/\\\/fr.wikipedia.org\\\/wiki\\\/Gastes&quot;,&quot;image&quot;:&quot;https:\\\/\\\/upload.wikimedia.org\\\/wikipedia\\\/commons\\\/thumb\\\/d\\\/dd\\\/Gastes_mairie_02.JPG\\\/250px-Gastes_mairie_02.JPG&quot;},&quot;category&quot;:&quot;Villes aux alentours&quot;}\">\n\n            <!-- Image + badge cat\u00e9gorie -->\n            <div class=\"em-card-img-wrap\">\n                              <img decoding=\"async\" class=\"em-card-img\" src=\"https:\/\/upload.wikimedia.org\/wikipedia\/commons\/thumb\/d\/dd\/Gastes_mairie_02.JPG\/250px-Gastes_mairie_02.JPG\" alt=\"Gastes\" loading=\"lazy\" onerror=\"this.style.display='none';this.nextElementSibling.style.display='flex';\">\n                <div class=\"em-card-placeholder\" style=\"display:none;\">\ud83d\udcf7 Image indisponible<\/div>\n                            <span class=\"em-card-badge badge-city\">Villes aux alentours<\/span>\n            <\/div>\n\n            <!-- Contenu de la card -->\n            <div class=\"em-card-body\">\n              <h3 class=\"em-card-title\">Gastes<\/h3>\n\n              <!-- Tags r\u00e9sum\u00e9s (max 4) -->\n              <div class=\"em-card-tags\">\n                                    <span class=\"em-tag em-tag-blue\">12 km km<\/span>\n                                    <span class=\"em-tag em-tag-orange\">15 min min<\/span>\n                                              <\/div>\n\n              <!-- Champs suppl\u00e9mentaires (max 3) -->\n              <div class=\"em-card-fields\">\n                                  <div class=\"em-card-field\">\n                    <span class=\"em-card-field-label\">Lieux \/ Activit\u00e9s incontournables :<\/span>\n                    <span class=\"em-card-field-value\">Lac de Biscarrosse et de Sanguinet, pistes cyclables<\/span>\n                  <\/div>\n                                  <div class=\"em-card-field\">\n                    <span class=\"em-card-field-label\">March\u00e9s \/ \u00e9v\u00e9nements locaux :<\/span>\n                    <span class=\"em-card-field-value\">March\u00e9 local le dimanche<\/span>\n                  <\/div>\n                                  <div class=\"em-card-field\">\n                    <span class=\"em-card-field-label\">Restaurants \/ sp\u00e9cialit\u00e9s :<\/span>\n                    <span class=\"em-card-field-value\">Poissons d&#039;eau douce, cuisine locale<\/span>\n                  <\/div>\n                              <\/div>\n\n              <!-- Lien vers le d\u00e9tail -->\n              <div class=\"em-card-footer\">\n                <span>Voir le d\u00e9tail<\/span>\n                <svg fill=\"none\" viewBox=\"0 0 24 24\" stroke=\"currentColor\" stroke-width=\"2\"><path stroke-linecap=\"round\" stroke-linejoin=\"round\" d=\"M13.5 4.5L21 12m0 0l-7.5 7.5M21 12H3\"><\/path><\/svg>\n              <\/div>\n            <\/div>\n          <\/article>\n                  <article class=\"em-card\"\n            data-type=\"city\"\n            data-features=\"\"\n            data-name=\"soustons\"\n            data-json=\"{&quot;name&quot;:&quot;Soustons&quot;,&quot;image&quot;:&quot;https:\\\/\\\/upload.wikimedia.org\\\/wikipedia\\\/commons\\\/thumb\\\/f\\\/fd\\\/Soustons_Coteaux.jpg\\\/250px-Soustons_Coteaux.jpg&quot;,&quot;link&quot;:&quot;https:\\\/\\\/fr.wikipedia.org\\\/wiki\\\/Soustons&quot;,&quot;data&quot;:{&quot;name&quot;:&quot;Soustons&quot;,&quot;distance_kilometers&quot;:&quot;30 km&quot;,&quot;driving_time_minutes&quot;:&quot;35 min&quot;,&quot;must_see_places&quot;:&quot;\\u00c9glise Saint-Andr\\u00e9, plages oc\\u00e9anes, pistes cyclables&quot;,&quot;markets_local_events&quot;:&quot;March\\u00e9s tous les jours sauf lundi&quot;,&quot;restaurants_specialities&quot;:&quot;Fruits de mer, cuisine basco-landaise&quot;,&quot;comment&quot;:&quot;Soustons est une ville anim\\u00e9e entre plage et \\u00e9tang, r\\u00e9put\\u00e9e pour son patrimoine et ses f\\u00eates traditionnelles.[3]&quot;,&quot;link&quot;:&quot;https:\\\/\\\/fr.wikipedia.org\\\/wiki\\\/Soustons&quot;,&quot;image&quot;:&quot;https:\\\/\\\/upload.wikimedia.org\\\/wikipedia\\\/commons\\\/thumb\\\/f\\\/fd\\\/Soustons_Coteaux.jpg\\\/250px-Soustons_Coteaux.jpg&quot;},&quot;category&quot;:&quot;Villes aux alentours&quot;}\">\n\n            <!-- Image + badge cat\u00e9gorie -->\n            <div class=\"em-card-img-wrap\">\n                              <img decoding=\"async\" class=\"em-card-img\" src=\"https:\/\/upload.wikimedia.org\/wikipedia\/commons\/thumb\/f\/fd\/Soustons_Coteaux.jpg\/250px-Soustons_Coteaux.jpg\" alt=\"Soustons\" loading=\"lazy\" onerror=\"this.style.display='none';this.nextElementSibling.style.display='flex';\">\n                <div class=\"em-card-placeholder\" style=\"display:none;\">\ud83d\udcf7 Image indisponible<\/div>\n                            <span class=\"em-card-badge badge-city\">Villes aux alentours<\/span>\n            <\/div>\n\n            <!-- Contenu de la card -->\n            <div class=\"em-card-body\">\n              <h3 class=\"em-card-title\">Soustons<\/h3>\n\n              <!-- Tags r\u00e9sum\u00e9s (max 4) -->\n              <div class=\"em-card-tags\">\n                                    <span class=\"em-tag em-tag-blue\">30 km km<\/span>\n                                    <span class=\"em-tag em-tag-orange\">35 min min<\/span>\n                                              <\/div>\n\n              <!-- Champs suppl\u00e9mentaires (max 3) -->\n              <div class=\"em-card-fields\">\n                                  <div class=\"em-card-field\">\n                    <span class=\"em-card-field-label\">Lieux \/ Activit\u00e9s incontournables :<\/span>\n                    <span class=\"em-card-field-value\">\u00c9glise Saint-Andr\u00e9, plages oc\u00e9anes, pistes cyclables<\/span>\n                  <\/div>\n                                  <div class=\"em-card-field\">\n                    <span class=\"em-card-field-label\">March\u00e9s \/ \u00e9v\u00e9nements locaux :<\/span>\n                    <span class=\"em-card-field-value\">March\u00e9s tous les jours sauf lundi<\/span>\n                  <\/div>\n                                  <div class=\"em-card-field\">\n                    <span class=\"em-card-field-label\">Restaurants \/ sp\u00e9cialit\u00e9s :<\/span>\n                    <span class=\"em-card-field-value\">Fruits de mer, cuisine basco-landaise<\/span>\n                  <\/div>\n                              <\/div>\n\n              <!-- Lien vers le d\u00e9tail -->\n              <div class=\"em-card-footer\">\n                <span>Voir le d\u00e9tail<\/span>\n                <svg fill=\"none\" viewBox=\"0 0 24 24\" stroke=\"currentColor\" stroke-width=\"2\"><path stroke-linecap=\"round\" stroke-linejoin=\"round\" d=\"M13.5 4.5L21 12m0 0l-7.5 7.5M21 12H3\"><\/path><\/svg>\n              <\/div>\n            <\/div>\n          <\/article>\n                  <article class=\"em-card\"\n            data-type=\"city\"\n            data-features=\"\"\n            data-name=\"parentis-en-born\"\n            data-json=\"{&quot;name&quot;:&quot;Parentis-en-Born&quot;,&quot;image&quot;:&quot;https:\\\/\\\/upload.wikimedia.org\\\/wikipedia\\\/commons\\\/thumb\\\/f\\\/f6\\\/Parentis-en-Born_mairie.JPG\\\/250px-Parentis-en-Born_mairie.JPG&quot;,&quot;link&quot;:&quot;https:\\\/\\\/fr.wikipedia.org\\\/wiki\\\/Parentis-en-Born&quot;,&quot;data&quot;:{&quot;name&quot;:&quot;Parentis-en-Born&quot;,&quot;distance_kilometers&quot;:&quot;14 km&quot;,&quot;driving_time_minutes&quot;:&quot;18 min&quot;,&quot;must_see_places&quot;:&quot;\\u00c9glise Saint-Vincent, site p\\u00e9trolier historique&quot;,&quot;markets_local_events&quot;:&quot;March\\u00e9 le jeudi et dimanche&quot;,&quot;restaurants_specialities&quot;:&quot;Gastronomie landaise locale&quot;,&quot;comment&quot;:&quot;Important centre industriel et touristique du Born, proche des lacs.[3][6]&quot;,&quot;link&quot;:&quot;https:\\\/\\\/fr.wikipedia.org\\\/wiki\\\/Parentis-en-Born&quot;,&quot;image&quot;:&quot;https:\\\/\\\/upload.wikimedia.org\\\/wikipedia\\\/commons\\\/thumb\\\/f\\\/f6\\\/Parentis-en-Born_mairie.JPG\\\/250px-Parentis-en-Born_mairie.JPG&quot;},&quot;category&quot;:&quot;Villes aux alentours&quot;}\">\n\n            <!-- Image + badge cat\u00e9gorie -->\n            <div class=\"em-card-img-wrap\">\n                              <img decoding=\"async\" class=\"em-card-img\" src=\"https:\/\/upload.wikimedia.org\/wikipedia\/commons\/thumb\/f\/f6\/Parentis-en-Born_mairie.JPG\/250px-Parentis-en-Born_mairie.JPG\" alt=\"Parentis-en-Born\" loading=\"lazy\" onerror=\"this.style.display='none';this.nextElementSibling.style.display='flex';\">\n                <div class=\"em-card-placeholder\" style=\"display:none;\">\ud83d\udcf7 Image indisponible<\/div>\n                            <span class=\"em-card-badge badge-city\">Villes aux alentours<\/span>\n            <\/div>\n\n            <!-- Contenu de la card -->\n            <div class=\"em-card-body\">\n              <h3 class=\"em-card-title\">Parentis-en-Born<\/h3>\n\n              <!-- Tags r\u00e9sum\u00e9s (max 4) -->\n              <div class=\"em-card-tags\">\n                                    <span class=\"em-tag em-tag-blue\">14 km km<\/span>\n                                    <span class=\"em-tag em-tag-orange\">18 min min<\/span>\n                                              <\/div>\n\n              <!-- Champs suppl\u00e9mentaires (max 3) -->\n              <div class=\"em-card-fields\">\n                                  <div class=\"em-card-field\">\n                    <span class=\"em-card-field-label\">Lieux \/ Activit\u00e9s incontournables :<\/span>\n                    <span class=\"em-card-field-value\">\u00c9glise Saint-Vincent, site p\u00e9trolier historique<\/span>\n                  <\/div>\n                                  <div class=\"em-card-field\">\n                    <span class=\"em-card-field-label\">March\u00e9s \/ \u00e9v\u00e9nements locaux :<\/span>\n                    <span class=\"em-card-field-value\">March\u00e9 le jeudi et dimanche<\/span>\n                  <\/div>\n                                  <div class=\"em-card-field\">\n                    <span class=\"em-card-field-label\">Restaurants \/ sp\u00e9cialit\u00e9s :<\/span>\n                    <span class=\"em-card-field-value\">Gastronomie landaise locale<\/span>\n                  <\/div>\n                              <\/div>\n\n              <!-- Lien vers le d\u00e9tail -->\n              <div class=\"em-card-footer\">\n                <span>Voir le d\u00e9tail<\/span>\n                <svg fill=\"none\" viewBox=\"0 0 24 24\" stroke=\"currentColor\" stroke-width=\"2\"><path stroke-linecap=\"round\" stroke-linejoin=\"round\" d=\"M13.5 4.5L21 12m0 0l-7.5 7.5M21 12H3\"><\/path><\/svg>\n              <\/div>\n            <\/div>\n          <\/article>\n                  <article class=\"em-card\"\n            data-type=\"city\"\n            data-features=\"\"\n            data-name=\"gastes\"\n            data-json=\"{&quot;name&quot;:&quot;Gastes&quot;,&quot;image&quot;:&quot;https:\\\/\\\/upload.wikimedia.org\\\/wikipedia\\\/commons\\\/thumb\\\/d\\\/dd\\\/Gastes_mairie_02.JPG\\\/250px-Gastes_mairie_02.JPG&quot;,&quot;link&quot;:&quot;https:\\\/\\\/fr.wikipedia.org\\\/wiki\\\/Gastes&quot;,&quot;data&quot;:{&quot;name&quot;:&quot;Gastes&quot;,&quot;distance_kilometers&quot;:&quot;12 km&quot;,&quot;driving_time_minutes&quot;:&quot;15 min&quot;,&quot;must_see_places&quot;:&quot;Lac de Biscarrosse et de Sanguinet, pistes cyclables&quot;,&quot;markets_local_events&quot;:&quot;March\\u00e9 local le dimanche&quot;,&quot;restaurants_specialities&quot;:&quot;Poissons d&#039;eau douce, cuisine locale&quot;,&quot;comment&quot;:&quot;Commune situ\\u00e9e proche des grands lacs landais, pris\\u00e9e pour la nature et les activit\\u00e9s nautiques.[3]&quot;,&quot;link&quot;:&quot;https:\\\/\\\/fr.wikipedia.org\\\/wiki\\\/Gastes&quot;,&quot;image&quot;:&quot;https:\\\/\\\/upload.wikimedia.org\\\/wikipedia\\\/commons\\\/thumb\\\/d\\\/dd\\\/Gastes_mairie_02.JPG\\\/250px-Gastes_mairie_02.JPG&quot;},&quot;category&quot;:&quot;Villes aux alentours&quot;}\">\n\n            <!-- Image + badge cat\u00e9gorie -->\n            <div class=\"em-card-img-wrap\">\n                              <img decoding=\"async\" class=\"em-card-img\" src=\"https:\/\/upload.wikimedia.org\/wikipedia\/commons\/thumb\/d\/dd\/Gastes_mairie_02.JPG\/250px-Gastes_mairie_02.JPG\" alt=\"Gastes\" loading=\"lazy\" onerror=\"this.style.display='none';this.nextElementSibling.style.display='flex';\">\n                <div class=\"em-card-placeholder\" style=\"display:none;\">\ud83d\udcf7 Image indisponible<\/div>\n                            <span class=\"em-card-badge badge-city\">Villes aux alentours<\/span>\n            <\/div>\n\n            <!-- Contenu de la card -->\n            <div class=\"em-card-body\">\n              <h3 class=\"em-card-title\">Gastes<\/h3>\n\n              <!-- Tags r\u00e9sum\u00e9s (max 4) -->\n              <div class=\"em-card-tags\">\n                                    <span class=\"em-tag em-tag-blue\">12 km km<\/span>\n                                    <span class=\"em-tag em-tag-orange\">15 min min<\/span>\n                                              <\/div>\n\n              <!-- Champs suppl\u00e9mentaires (max 3) -->\n              <div class=\"em-card-fields\">\n                                  <div class=\"em-card-field\">\n                    <span class=\"em-card-field-label\">Lieux \/ Activit\u00e9s incontournables :<\/span>\n                    <span class=\"em-card-field-value\">Lac de Biscarrosse et de Sanguinet, pistes cyclables<\/span>\n                  <\/div>\n                                  <div class=\"em-card-field\">\n                    <span class=\"em-card-field-label\">March\u00e9s \/ \u00e9v\u00e9nements locaux :<\/span>\n                    <span class=\"em-card-field-value\">March\u00e9 local le dimanche<\/span>\n                  <\/div>\n                                  <div class=\"em-card-field\">\n                    <span class=\"em-card-field-label\">Restaurants \/ sp\u00e9cialit\u00e9s :<\/span>\n                    <span class=\"em-card-field-value\">Poissons d&#039;eau douce, cuisine locale<\/span>\n                  <\/div>\n                              <\/div>\n\n              <!-- Lien vers le d\u00e9tail -->\n              <div class=\"em-card-footer\">\n                <span>Voir le d\u00e9tail<\/span>\n                <svg fill=\"none\" viewBox=\"0 0 24 24\" stroke=\"currentColor\" stroke-width=\"2\"><path stroke-linecap=\"round\" stroke-linejoin=\"round\" d=\"M13.5 4.5L21 12m0 0l-7.5 7.5M21 12H3\"><\/path><\/svg>\n              <\/div>\n            <\/div>\n          <\/article>\n                  <article class=\"em-card\"\n            data-type=\"city\"\n            data-features=\"\"\n            data-name=\"saint-vincent-de-tyrosse\"\n            data-json=\"{&quot;name&quot;:&quot;Saint-Vincent-de-Tyrosse&quot;,&quot;image&quot;:&quot;https:\\\/\\\/upload.wikimedia.org\\\/wikipedia\\\/commons\\\/thumb\\\/b\\\/b5\\\/Saint-Vincent-De-Tyrosse.JPG\\\/250px-Saint-Vincent-De-Tyrosse.JPG&quot;,&quot;link&quot;:&quot;https:\\\/\\\/fr.wikipedia.org\\\/wiki\\\/Saint-Vincent-de-Tyrosse&quot;,&quot;data&quot;:{&quot;name&quot;:&quot;Saint-Vincent-de-Tyrosse&quot;,&quot;distance_kilometers&quot;:&quot;38 km&quot;,&quot;driving_time_minutes&quot;:&quot;40 min&quot;,&quot;must_see_places&quot;:&quot;\\u00c9glise Saint-Vincent, festivals culturels&quot;,&quot;markets_local_events&quot;:&quot;March\\u00e9 hebdomadaire le samedi&quot;,&quot;restaurants_specialities&quot;:&quot;Cuisine basque et landaise&quot;,&quot;comment&quot;:&quot;Ville dynamique proche de Bayonne avec patrimoine culturel notable.[3]&quot;,&quot;link&quot;:&quot;https:\\\/\\\/fr.wikipedia.org\\\/wiki\\\/Saint-Vincent-de-Tyrosse&quot;,&quot;image&quot;:&quot;https:\\\/\\\/upload.wikimedia.org\\\/wikipedia\\\/commons\\\/thumb\\\/b\\\/b5\\\/Saint-Vincent-De-Tyrosse.JPG\\\/250px-Saint-Vincent-De-Tyrosse.JPG&quot;},&quot;category&quot;:&quot;Villes aux alentours&quot;}\">\n\n            <!-- Image + badge cat\u00e9gorie -->\n            <div class=\"em-card-img-wrap\">\n                              <img decoding=\"async\" class=\"em-card-img\" src=\"https:\/\/upload.wikimedia.org\/wikipedia\/commons\/thumb\/b\/b5\/Saint-Vincent-De-Tyrosse.JPG\/250px-Saint-Vincent-De-Tyrosse.JPG\" alt=\"Saint-Vincent-de-Tyrosse\" loading=\"lazy\" onerror=\"this.style.display='none';this.nextElementSibling.style.display='flex';\">\n                <div class=\"em-card-placeholder\" style=\"display:none;\">\ud83d\udcf7 Image indisponible<\/div>\n                            <span class=\"em-card-badge badge-city\">Villes aux alentours<\/span>\n            <\/div>\n\n            <!-- Contenu de la card -->\n            <div class=\"em-card-body\">\n              <h3 class=\"em-card-title\">Saint-Vincent-de-Tyrosse<\/h3>\n\n              <!-- Tags r\u00e9sum\u00e9s (max 4) -->\n              <div class=\"em-card-tags\">\n                                    <span class=\"em-tag em-tag-blue\">38 km km<\/span>\n                                    <span class=\"em-tag em-tag-orange\">40 min min<\/span>\n                                              <\/div>\n\n              <!-- Champs suppl\u00e9mentaires (max 3) -->\n              <div class=\"em-card-fields\">\n                                  <div class=\"em-card-field\">\n                    <span class=\"em-card-field-label\">Lieux \/ Activit\u00e9s incontournables :<\/span>\n                    <span class=\"em-card-field-value\">\u00c9glise Saint-Vincent, festivals culturels<\/span>\n                  <\/div>\n                                  <div class=\"em-card-field\">\n                    <span class=\"em-card-field-label\">March\u00e9s \/ \u00e9v\u00e9nements locaux :<\/span>\n                    <span class=\"em-card-field-value\">March\u00e9 hebdomadaire le samedi<\/span>\n                  <\/div>\n                                  <div class=\"em-card-field\">\n                    <span class=\"em-card-field-label\">Restaurants \/ sp\u00e9cialit\u00e9s :<\/span>\n                    <span class=\"em-card-field-value\">Cuisine basque et landaise<\/span>\n                  <\/div>\n                              <\/div>\n\n              <!-- Lien vers le d\u00e9tail -->\n              <div class=\"em-card-footer\">\n                <span>Voir le d\u00e9tail<\/span>\n                <svg fill=\"none\" viewBox=\"0 0 24 24\" stroke=\"currentColor\" stroke-width=\"2\"><path stroke-linecap=\"round\" stroke-linejoin=\"round\" d=\"M13.5 4.5L21 12m0 0l-7.5 7.5M21 12H3\"><\/path><\/svg>\n              <\/div>\n            <\/div>\n          <\/article>\n                  <article class=\"em-card\"\n            data-type=\"city\"\n            data-features=\"\"\n            data-name=\"saint-julien-en-born\"\n            data-json=\"{&quot;name&quot;:&quot;Saint-Julien-en-Born&quot;,&quot;image&quot;:&quot;https:\\\/\\\/upload.wikimedia.org\\\/wikipedia\\\/commons\\\/thumb\\\/e\\\/e2\\\/Saint-Julien-en-Born_Plage.jpg\\\/250px-Saint-Julien-en-Born_Plage.jpg&quot;,&quot;link&quot;:&quot;https:\\\/\\\/fr.wikipedia.org\\\/wiki\\\/Saint-Julien-en-Born&quot;,&quot;data&quot;:{&quot;name&quot;:&quot;Saint-Julien-en-Born&quot;,&quot;distance_kilometers&quot;:&quot;8 km&quot;,&quot;driving_time_minutes&quot;:&quot;10 min&quot;,&quot;must_see_places&quot;:&quot;Plages, for\\u00eat des Landes, \\u00e9tang de L\\u00e9on&quot;,&quot;markets_local_events&quot;:&quot;Petit march\\u00e9 local&quot;,&quot;restaurants_specialities&quot;:&quot;Produits de la mer et terre locaux&quot;,&quot;comment&quot;:&quot;Commune c\\u00f4ti\\u00e8re proche de Saint-Paul-en-Born, parfaite pour les amateurs de nature et tranquillit\\u00e9.[3]&quot;,&quot;link&quot;:&quot;https:\\\/\\\/fr.wikipedia.org\\\/wiki\\\/Saint-Julien-en-Born&quot;,&quot;image&quot;:&quot;https:\\\/\\\/upload.wikimedia.org\\\/wikipedia\\\/commons\\\/thumb\\\/e\\\/e2\\\/Saint-Julien-en-Born_Plage.jpg\\\/250px-Saint-Julien-en-Born_Plage.jpg&quot;},&quot;category&quot;:&quot;Villes aux alentours&quot;}\">\n\n            <!-- Image + badge cat\u00e9gorie -->\n            <div class=\"em-card-img-wrap\">\n                              <img decoding=\"async\" class=\"em-card-img\" src=\"https:\/\/upload.wikimedia.org\/wikipedia\/commons\/thumb\/e\/e2\/Saint-Julien-en-Born_Plage.jpg\/250px-Saint-Julien-en-Born_Plage.jpg\" alt=\"Saint-Julien-en-Born\" loading=\"lazy\" onerror=\"this.style.display='none';this.nextElementSibling.style.display='flex';\">\n                <div class=\"em-card-placeholder\" style=\"display:none;\">\ud83d\udcf7 Image indisponible<\/div>\n                            <span class=\"em-card-badge badge-city\">Villes aux alentours<\/span>\n            <\/div>\n\n            <!-- Contenu de la card -->\n            <div class=\"em-card-body\">\n              <h3 class=\"em-card-title\">Saint-Julien-en-Born<\/h3>\n\n              <!-- Tags r\u00e9sum\u00e9s (max 4) -->\n              <div class=\"em-card-tags\">\n                                    <span class=\"em-tag em-tag-blue\">8 km km<\/span>\n                                    <span class=\"em-tag em-tag-orange\">10 min min<\/span>\n                                              <\/div>\n\n              <!-- Champs suppl\u00e9mentaires (max 3) -->\n              <div class=\"em-card-fields\">\n                                  <div class=\"em-card-field\">\n                    <span class=\"em-card-field-label\">Lieux \/ Activit\u00e9s incontournables :<\/span>\n                    <span class=\"em-card-field-value\">Plages, for\u00eat des Landes, \u00e9tang de L\u00e9on<\/span>\n                  <\/div>\n                                  <div class=\"em-card-field\">\n                    <span class=\"em-card-field-label\">March\u00e9s \/ \u00e9v\u00e9nements locaux :<\/span>\n                    <span class=\"em-card-field-value\">Petit march\u00e9 local<\/span>\n                  <\/div>\n                                  <div class=\"em-card-field\">\n                    <span class=\"em-card-field-label\">Restaurants \/ sp\u00e9cialit\u00e9s :<\/span>\n                    <span class=\"em-card-field-value\">Produits de la mer et terre locaux<\/span>\n                  <\/div>\n                              <\/div>\n\n              <!-- Lien vers le d\u00e9tail -->\n              <div class=\"em-card-footer\">\n                <span>Voir le d\u00e9tail<\/span>\n                <svg fill=\"none\" viewBox=\"0 0 24 24\" stroke=\"currentColor\" stroke-width=\"2\"><path stroke-linecap=\"round\" stroke-linejoin=\"round\" d=\"M13.5 4.5L21 12m0 0l-7.5 7.5M21 12H3\"><\/path><\/svg>\n              <\/div>\n            <\/div>\n          <\/article>\n                  <article class=\"em-card\"\n            data-type=\"city\"\n            data-features=\"\"\n            data-name=\"sabres\"\n            data-json=\"{&quot;name&quot;:&quot;Sabres&quot;,&quot;image&quot;:&quot;https:\\\/\\\/upload.wikimedia.org\\\/wikipedia\\\/commons\\\/thumb\\\/8\\\/8c\\\/Sabres_Mairie.JPG\\\/250px-Sabres_Mairie.JPG&quot;,&quot;link&quot;:&quot;https:\\\/\\\/fr.wikipedia.org\\\/wiki\\\/Sabres&quot;,&quot;data&quot;:{&quot;name&quot;:&quot;Sabres&quot;,&quot;distance_kilometers&quot;:&quot;22 km&quot;,&quot;driving_time_minutes&quot;:&quot;25 min&quot;,&quot;must_see_places&quot;:&quot;Mus\\u00e9e des Landes, \\u00e9glise Notre-Dame-de-l&#039;Assomption&quot;,&quot;markets_local_events&quot;:&quot;March\\u00e9 local les samedis&quot;,&quot;restaurants_specialities&quot;:&quot;Sp\\u00e9cialit\\u00e9s gasconnes et cuisine du sud-ouest&quot;,&quot;comment&quot;:&quot;Sabres est reconnue pour son patrimoine landais et ses traditions culturelles.[3]&quot;,&quot;link&quot;:&quot;https:\\\/\\\/fr.wikipedia.org\\\/wiki\\\/Sabres&quot;,&quot;image&quot;:&quot;https:\\\/\\\/upload.wikimedia.org\\\/wikipedia\\\/commons\\\/thumb\\\/8\\\/8c\\\/Sabres_Mairie.JPG\\\/250px-Sabres_Mairie.JPG&quot;},&quot;category&quot;:&quot;Villes aux alentours&quot;}\">\n\n            <!-- Image + badge cat\u00e9gorie -->\n            <div class=\"em-card-img-wrap\">\n                              <img decoding=\"async\" class=\"em-card-img\" src=\"https:\/\/upload.wikimedia.org\/wikipedia\/commons\/thumb\/8\/8c\/Sabres_Mairie.JPG\/250px-Sabres_Mairie.JPG\" alt=\"Sabres\" loading=\"lazy\" onerror=\"this.style.display='none';this.nextElementSibling.style.display='flex';\">\n                <div class=\"em-card-placeholder\" style=\"display:none;\">\ud83d\udcf7 Image indisponible<\/div>\n                            <span class=\"em-card-badge badge-city\">Villes aux alentours<\/span>\n            <\/div>\n\n            <!-- Contenu de la card -->\n            <div class=\"em-card-body\">\n              <h3 class=\"em-card-title\">Sabres<\/h3>\n\n              <!-- Tags r\u00e9sum\u00e9s (max 4) -->\n              <div class=\"em-card-tags\">\n                                    <span class=\"em-tag em-tag-blue\">22 km km<\/span>\n                                    <span class=\"em-tag em-tag-orange\">25 min min<\/span>\n                                              <\/div>\n\n              <!-- Champs suppl\u00e9mentaires (max 3) -->\n              <div class=\"em-card-fields\">\n                                  <div class=\"em-card-field\">\n                    <span class=\"em-card-field-label\">Lieux \/ Activit\u00e9s incontournables :<\/span>\n                    <span class=\"em-card-field-value\">Mus\u00e9e des Landes, \u00e9glise Notre-Dame-de-l&#039;Assomption<\/span>\n                  <\/div>\n                                  <div class=\"em-card-field\">\n                    <span class=\"em-card-field-label\">March\u00e9s \/ \u00e9v\u00e9nements locaux :<\/span>\n                    <span class=\"em-card-field-value\">March\u00e9 local les samedis<\/span>\n                  <\/div>\n                                  <div class=\"em-card-field\">\n                    <span class=\"em-card-field-label\">Restaurants \/ sp\u00e9cialit\u00e9s :<\/span>\n                    <span class=\"em-card-field-value\">Sp\u00e9cialit\u00e9s gasconnes et cuisine du sud-ouest<\/span>\n                  <\/div>\n                              <\/div>\n\n              <!-- Lien vers le d\u00e9tail -->\n              <div class=\"em-card-footer\">\n                <span>Voir le d\u00e9tail<\/span>\n                <svg fill=\"none\" viewBox=\"0 0 24 24\" stroke=\"currentColor\" stroke-width=\"2\"><path stroke-linecap=\"round\" stroke-linejoin=\"round\" d=\"M13.5 4.5L21 12m0 0l-7.5 7.5M21 12H3\"><\/path><\/svg>\n              <\/div>\n            <\/div>\n          <\/article>\n                  <article class=\"em-card\"\n            data-type=\"city\"\n            data-features=\"\"\n            data-name=\"morcenx-la-nouvelle\"\n            data-json=\"{&quot;name&quot;:&quot;Morcenx-la-Nouvelle&quot;,&quot;image&quot;:&quot;https:\\\/\\\/upload.wikimedia.org\\\/wikipedia\\\/commons\\\/thumb\\\/2\\\/26\\\/Morcenx-place.JPG\\\/250px-Morcenx-place.JPG&quot;,&quot;link&quot;:&quot;https:\\\/\\\/fr.wikipedia.org\\\/wiki\\\/Morcenx-la-Nouvelle&quot;,&quot;data&quot;:{&quot;name&quot;:&quot;Morcenx-la-Nouvelle&quot;,&quot;distance_kilometers&quot;:&quot;27 km&quot;,&quot;driving_time_minutes&quot;:&quot;30 min&quot;,&quot;must_see_places&quot;:&quot;For\\u00eats, chapelle Sainte-Engr\\u00e2ce, centre-ville&quot;,&quot;markets_local_events&quot;:&quot;March\\u00e9 les mercredi et samedi&quot;,&quot;restaurants_specialities&quot;:&quot;Gastronomie r\\u00e9gionale traditionnelle&quot;,&quot;comment&quot;:&quot;Ville r\\u00e9sultant de la fusion de communes, riche en patrimoine naturel et historique.[3]&quot;,&quot;link&quot;:&quot;https:\\\/\\\/fr.wikipedia.org\\\/wiki\\\/Morcenx-la-Nouvelle&quot;,&quot;image&quot;:&quot;https:\\\/\\\/upload.wikimedia.org\\\/wikipedia\\\/commons\\\/thumb\\\/2\\\/26\\\/Morcenx-place.JPG\\\/250px-Morcenx-place.JPG&quot;},&quot;category&quot;:&quot;Villes aux alentours&quot;}\">\n\n            <!-- Image + badge cat\u00e9gorie -->\n            <div class=\"em-card-img-wrap\">\n                              <img decoding=\"async\" class=\"em-card-img\" src=\"https:\/\/upload.wikimedia.org\/wikipedia\/commons\/thumb\/2\/26\/Morcenx-place.JPG\/250px-Morcenx-place.JPG\" alt=\"Morcenx-la-Nouvelle\" loading=\"lazy\" onerror=\"this.style.display='none';this.nextElementSibling.style.display='flex';\">\n                <div class=\"em-card-placeholder\" style=\"display:none;\">\ud83d\udcf7 Image indisponible<\/div>\n                            <span class=\"em-card-badge badge-city\">Villes aux alentours<\/span>\n            <\/div>\n\n            <!-- Contenu de la card -->\n            <div class=\"em-card-body\">\n              <h3 class=\"em-card-title\">Morcenx-la-Nouvelle<\/h3>\n\n              <!-- Tags r\u00e9sum\u00e9s (max 4) -->\n              <div class=\"em-card-tags\">\n                                    <span class=\"em-tag em-tag-blue\">27 km km<\/span>\n                                    <span class=\"em-tag em-tag-orange\">30 min min<\/span>\n                                              <\/div>\n\n              <!-- Champs suppl\u00e9mentaires (max 3) -->\n              <div class=\"em-card-fields\">\n                                  <div class=\"em-card-field\">\n                    <span class=\"em-card-field-label\">Lieux \/ Activit\u00e9s incontournables :<\/span>\n                    <span class=\"em-card-field-value\">For\u00eats, chapelle Sainte-Engr\u00e2ce, centre-ville<\/span>\n                  <\/div>\n                                  <div class=\"em-card-field\">\n                    <span class=\"em-card-field-label\">March\u00e9s \/ \u00e9v\u00e9nements locaux :<\/span>\n                    <span class=\"em-card-field-value\">March\u00e9 les mercredi et samedi<\/span>\n                  <\/div>\n                                  <div class=\"em-card-field\">\n                    <span class=\"em-card-field-label\">Restaurants \/ sp\u00e9cialit\u00e9s :<\/span>\n                    <span class=\"em-card-field-value\">Gastronomie r\u00e9gionale traditionnelle<\/span>\n                  <\/div>\n                              <\/div>\n\n              <!-- Lien vers le d\u00e9tail -->\n              <div class=\"em-card-footer\">\n                <span>Voir le d\u00e9tail<\/span>\n                <svg fill=\"none\" viewBox=\"0 0 24 24\" stroke=\"currentColor\" stroke-width=\"2\"><path stroke-linecap=\"round\" stroke-linejoin=\"round\" d=\"M13.5 4.5L21 12m0 0l-7.5 7.5M21 12H3\"><\/path><\/svg>\n              <\/div>\n            <\/div>\n          <\/article>\n                  <article class=\"em-card\"\n            data-type=\"city\"\n            data-features=\"\"\n            data-name=\"messanges\"\n            data-json=\"{&quot;name&quot;:&quot;Messanges&quot;,&quot;image&quot;:&quot;https:\\\/\\\/upload.wikimedia.org\\\/wikipedia\\\/commons\\\/thumb\\\/5\\\/51\\\/Messanges_plage.JPG\\\/250px-Messanges_plage.JPG&quot;,&quot;link&quot;:&quot;https:\\\/\\\/fr.wikipedia.org\\\/wiki\\\/Messanges&quot;,&quot;data&quot;:{&quot;name&quot;:&quot;Messanges&quot;,&quot;distance_kilometers&quot;:&quot;30 km&quot;,&quot;driving_time_minutes&quot;:&quot;35 min&quot;,&quot;must_see_places&quot;:&quot;Plages oc\\u00e9anes, parcours de golf, pin\\u00e8de&quot;,&quot;markets_local_events&quot;:&quot;March\\u00e9 hebdomadaire en saison&quot;,&quot;restaurants_specialities&quot;:&quot;Sp\\u00e9cialit\\u00e9s de la mer, cuisine estivale&quot;,&quot;comment&quot;:&quot;Station baln\\u00e9aire appr\\u00e9ci\\u00e9e pour ses plages et activit\\u00e9s de plein air.[3]&quot;,&quot;link&quot;:&quot;https:\\\/\\\/fr.wikipedia.org\\\/wiki\\\/Messanges&quot;,&quot;image&quot;:&quot;https:\\\/\\\/upload.wikimedia.org\\\/wikipedia\\\/commons\\\/thumb\\\/5\\\/51\\\/Messanges_plage.JPG\\\/250px-Messanges_plage.JPG&quot;},&quot;category&quot;:&quot;Villes aux alentours&quot;}\">\n\n            <!-- Image + badge cat\u00e9gorie -->\n            <div class=\"em-card-img-wrap\">\n                              <img decoding=\"async\" class=\"em-card-img\" src=\"https:\/\/upload.wikimedia.org\/wikipedia\/commons\/thumb\/5\/51\/Messanges_plage.JPG\/250px-Messanges_plage.JPG\" alt=\"Messanges\" loading=\"lazy\" onerror=\"this.style.display='none';this.nextElementSibling.style.display='flex';\">\n                <div class=\"em-card-placeholder\" style=\"display:none;\">\ud83d\udcf7 Image indisponible<\/div>\n                            <span class=\"em-card-badge badge-city\">Villes aux alentours<\/span>\n            <\/div>\n\n            <!-- Contenu de la card -->\n            <div class=\"em-card-body\">\n              <h3 class=\"em-card-title\">Messanges<\/h3>\n\n              <!-- Tags r\u00e9sum\u00e9s (max 4) -->\n              <div class=\"em-card-tags\">\n                                    <span class=\"em-tag em-tag-blue\">30 km km<\/span>\n                                    <span class=\"em-tag em-tag-orange\">35 min min<\/span>\n                                              <\/div>\n\n              <!-- Champs suppl\u00e9mentaires (max 3) -->\n              <div class=\"em-card-fields\">\n                                  <div class=\"em-card-field\">\n                    <span class=\"em-card-field-label\">Lieux \/ Activit\u00e9s incontournables :<\/span>\n                    <span class=\"em-card-field-value\">Plages oc\u00e9anes, parcours de golf, pin\u00e8de<\/span>\n                  <\/div>\n                                  <div class=\"em-card-field\">\n                    <span class=\"em-card-field-label\">March\u00e9s \/ \u00e9v\u00e9nements locaux :<\/span>\n                    <span class=\"em-card-field-value\">March\u00e9 hebdomadaire en saison<\/span>\n                  <\/div>\n                                  <div class=\"em-card-field\">\n                    <span class=\"em-card-field-label\">Restaurants \/ sp\u00e9cialit\u00e9s :<\/span>\n                    <span class=\"em-card-field-value\">Sp\u00e9cialit\u00e9s de la mer, cuisine estivale<\/span>\n                  <\/div>\n                              <\/div>\n\n              <!-- Lien vers le d\u00e9tail -->\n              <div class=\"em-card-footer\">\n                <span>Voir le d\u00e9tail<\/span>\n                <svg fill=\"none\" viewBox=\"0 0 24 24\" stroke=\"currentColor\" stroke-width=\"2\"><path stroke-linecap=\"round\" stroke-linejoin=\"round\" d=\"M13.5 4.5L21 12m0 0l-7.5 7.5M21 12H3\"><\/path><\/svg>\n              <\/div>\n            <\/div>\n          <\/article>\n                  <article class=\"em-card\"\n            data-type=\"city\"\n            data-features=\"\"\n            data-name=\"castets\"\n            data-json=\"{&quot;name&quot;:&quot;Castets&quot;,&quot;image&quot;:&quot;https:\\\/\\\/upload.wikimedia.org\\\/wikipedia\\\/commons\\\/thumb\\\/9\\\/9e\\\/Castets_Lac.JPG\\\/250px-Castets_Lac.JPG&quot;,&quot;link&quot;:&quot;https:\\\/\\\/fr.wikipedia.org\\\/wiki\\\/Castets&quot;,&quot;data&quot;:{&quot;name&quot;:&quot;Castets&quot;,&quot;distance_kilometers&quot;:&quot;23 km&quot;,&quot;driving_time_minutes&quot;:&quot;25 min&quot;,&quot;must_see_places&quot;:&quot;Lac de Cazaux, pistes cyclables, chapelle&quot;,&quot;markets_local_events&quot;:&quot;March\\u00e9 local&quot;,&quot;restaurants_specialities&quot;:&quot;Cuisine landaise et produits du terroir&quot;,&quot;comment&quot;:&quot;Petite commune proche des lacs, id\\u00e9ale pour les activit\\u00e9s nature et d\\u00e9tente.[3]&quot;,&quot;link&quot;:&quot;https:\\\/\\\/fr.wikipedia.org\\\/wiki\\\/Castets&quot;,&quot;image&quot;:&quot;https:\\\/\\\/upload.wikimedia.org\\\/wikipedia\\\/commons\\\/thumb\\\/9\\\/9e\\\/Castets_Lac.JPG\\\/250px-Castets_Lac.JPG&quot;},&quot;category&quot;:&quot;Villes aux alentours&quot;}\">\n\n            <!-- Image + badge cat\u00e9gorie -->\n            <div class=\"em-card-img-wrap\">\n                              <img decoding=\"async\" class=\"em-card-img\" src=\"https:\/\/upload.wikimedia.org\/wikipedia\/commons\/thumb\/9\/9e\/Castets_Lac.JPG\/250px-Castets_Lac.JPG\" alt=\"Castets\" loading=\"lazy\" onerror=\"this.style.display='none';this.nextElementSibling.style.display='flex';\">\n                <div class=\"em-card-placeholder\" style=\"display:none;\">\ud83d\udcf7 Image indisponible<\/div>\n                            <span class=\"em-card-badge badge-city\">Villes aux alentours<\/span>\n            <\/div>\n\n            <!-- Contenu de la card -->\n            <div class=\"em-card-body\">\n              <h3 class=\"em-card-title\">Castets<\/h3>\n\n              <!-- Tags r\u00e9sum\u00e9s (max 4) -->\n              <div class=\"em-card-tags\">\n                                    <span class=\"em-tag em-tag-blue\">23 km km<\/span>\n                                    <span class=\"em-tag em-tag-orange\">25 min min<\/span>\n                                              <\/div>\n\n              <!-- Champs suppl\u00e9mentaires (max 3) -->\n              <div class=\"em-card-fields\">\n                                  <div class=\"em-card-field\">\n                    <span class=\"em-card-field-label\">Lieux \/ Activit\u00e9s incontournables :<\/span>\n                    <span class=\"em-card-field-value\">Lac de Cazaux, pistes cyclables, chapelle<\/span>\n                  <\/div>\n                                  <div class=\"em-card-field\">\n                    <span class=\"em-card-field-label\">March\u00e9s \/ \u00e9v\u00e9nements locaux :<\/span>\n                    <span class=\"em-card-field-value\">March\u00e9 local<\/span>\n                  <\/div>\n                                  <div class=\"em-card-field\">\n                    <span class=\"em-card-field-label\">Restaurants \/ sp\u00e9cialit\u00e9s :<\/span>\n                    <span class=\"em-card-field-value\">Cuisine landaise et produits du terroir<\/span>\n                  <\/div>\n                              <\/div>\n\n              <!-- Lien vers le d\u00e9tail -->\n              <div class=\"em-card-footer\">\n                <span>Voir le d\u00e9tail<\/span>\n                <svg fill=\"none\" viewBox=\"0 0 24 24\" stroke=\"currentColor\" stroke-width=\"2\"><path stroke-linecap=\"round\" stroke-linejoin=\"round\" d=\"M13.5 4.5L21 12m0 0l-7.5 7.5M21 12H3\"><\/path><\/svg>\n              <\/div>\n            <\/div>\n          <\/article>\n                  <article class=\"em-card\"\n            data-type=\"city\"\n            data-features=\"\"\n            data-name=\"escource\"\n            data-json=\"{&quot;name&quot;:&quot;Escource&quot;,&quot;image&quot;:&quot;https:\\\/\\\/upload.wikimedia.org\\\/wikipedia\\\/commons\\\/thumb\\\/1\\\/12\\\/Escource_Temple_02.JPG\\\/250px-Escource_Temple_02.JPG&quot;,&quot;link&quot;:&quot;https:\\\/\\\/fr.wikipedia.org\\\/wiki\\\/Escource&quot;,&quot;data&quot;:{&quot;name&quot;:&quot;Escource&quot;,&quot;distance_kilometers&quot;:&quot;10 km&quot;,&quot;driving_time_minutes&quot;:&quot;12 min&quot;,&quot;must_see_places&quot;:&quot;For\\u00eat, sentiers de randonn\\u00e9es&quot;,&quot;markets_local_events&quot;:&quot;March\\u00e9 ponctuel&quot;,&quot;restaurants_specialities&quot;:&quot;Cuisine traditionnelle&quot;,&quot;comment&quot;:&quot;Petit village forestier proche de Saint-Paul-en-Born, calme et naturel[4] mais \\u00e0 ne pas confondre avec les villes d\\u00e9j\\u00e0 cit\\u00e9es dans la consigne.&quot;,&quot;link&quot;:&quot;https:\\\/\\\/fr.wikipedia.org\\\/wiki\\\/Escource&quot;,&quot;image&quot;:&quot;https:\\\/\\\/upload.wikimedia.org\\\/wikipedia\\\/commons\\\/thumb\\\/1\\\/12\\\/Escource_Temple_02.JPG\\\/250px-Escource_Temple_02.JPG&quot;},&quot;category&quot;:&quot;Villes aux alentours&quot;}\">\n\n            <!-- Image + badge cat\u00e9gorie -->\n            <div class=\"em-card-img-wrap\">\n                              <img decoding=\"async\" class=\"em-card-img\" src=\"https:\/\/upload.wikimedia.org\/wikipedia\/commons\/thumb\/1\/12\/Escource_Temple_02.JPG\/250px-Escource_Temple_02.JPG\" alt=\"Escource\" loading=\"lazy\" onerror=\"this.style.display='none';this.nextElementSibling.style.display='flex';\">\n                <div class=\"em-card-placeholder\" style=\"display:none;\">\ud83d\udcf7 Image indisponible<\/div>\n                            <span class=\"em-card-badge badge-city\">Villes aux alentours<\/span>\n            <\/div>\n\n            <!-- Contenu de la card -->\n            <div class=\"em-card-body\">\n              <h3 class=\"em-card-title\">Escource<\/h3>\n\n              <!-- Tags r\u00e9sum\u00e9s (max 4) -->\n              <div class=\"em-card-tags\">\n                                    <span class=\"em-tag em-tag-blue\">10 km km<\/span>\n                                    <span class=\"em-tag em-tag-orange\">12 min min<\/span>\n                                              <\/div>\n\n              <!-- Champs suppl\u00e9mentaires (max 3) -->\n              <div class=\"em-card-fields\">\n                                  <div class=\"em-card-field\">\n                    <span class=\"em-card-field-label\">Lieux \/ Activit\u00e9s incontournables :<\/span>\n                    <span class=\"em-card-field-value\">For\u00eat, sentiers de randonn\u00e9es<\/span>\n                  <\/div>\n                                  <div class=\"em-card-field\">\n                    <span class=\"em-card-field-label\">March\u00e9s \/ \u00e9v\u00e9nements locaux :<\/span>\n                    <span class=\"em-card-field-value\">March\u00e9 ponctuel<\/span>\n                  <\/div>\n                                  <div class=\"em-card-field\">\n                    <span class=\"em-card-field-label\">Restaurants \/ sp\u00e9cialit\u00e9s :<\/span>\n                    <span class=\"em-card-field-value\">Cuisine traditionnelle<\/span>\n                  <\/div>\n                              <\/div>\n\n              <!-- Lien vers le d\u00e9tail -->\n              <div class=\"em-card-footer\">\n                <span>Voir le d\u00e9tail<\/span>\n                <svg fill=\"none\" viewBox=\"0 0 24 24\" stroke=\"currentColor\" stroke-width=\"2\"><path stroke-linecap=\"round\" stroke-linejoin=\"round\" d=\"M13.5 4.5L21 12m0 0l-7.5 7.5M21 12H3\"><\/path><\/svg>\n              <\/div>\n            <\/div>\n          <\/article>\n                  <article class=\"em-card\"\n            data-type=\"city\"\n            data-features=\"\"\n            data-name=\"onesse-et-laharie\"\n            data-json=\"{&quot;name&quot;:&quot;Onesse-et-Laharie&quot;,&quot;image&quot;:&quot;https:\\\/\\\/upload.wikimedia.org\\\/wikipedia\\\/commons\\\/thumb\\\/f\\\/f1\\\/Onesse-et-Laharie_eglise.jpg\\\/250px-Onesse-et-Laharie_eglise.jpg&quot;,&quot;link&quot;:&quot;https:\\\/\\\/fr.wikipedia.org\\\/wiki\\\/Onesse-et-Laharie&quot;,&quot;data&quot;:{&quot;name&quot;:&quot;Onesse-et-Laharie&quot;,&quot;distance_kilometers&quot;:&quot;28 km&quot;,&quot;driving_time_minutes&quot;:&quot;30 min&quot;,&quot;must_see_places&quot;:&quot;Eglise, for\\u00eats, paysages landais&quot;,&quot;markets_local_events&quot;:&quot;March\\u00e9 rural&quot;,&quot;restaurants_specialities&quot;:&quot;Cuisine locale&quot;,&quot;comment&quot;:&quot;Commune rurale offrant un cadre naturel pr\\u00e9serv\\u00e9 et typique des Landes.[3]&quot;,&quot;link&quot;:&quot;https:\\\/\\\/fr.wikipedia.org\\\/wiki\\\/Onesse-et-Laharie&quot;,&quot;image&quot;:&quot;https:\\\/\\\/upload.wikimedia.org\\\/wikipedia\\\/commons\\\/thumb\\\/f\\\/f1\\\/Onesse-et-Laharie_eglise.jpg\\\/250px-Onesse-et-Laharie_eglise.jpg&quot;},&quot;category&quot;:&quot;Villes aux alentours&quot;}\">\n\n            <!-- Image + badge cat\u00e9gorie -->\n            <div class=\"em-card-img-wrap\">\n                              <img decoding=\"async\" class=\"em-card-img\" src=\"https:\/\/upload.wikimedia.org\/wikipedia\/commons\/thumb\/f\/f1\/Onesse-et-Laharie_eglise.jpg\/250px-Onesse-et-Laharie_eglise.jpg\" alt=\"Onesse-et-Laharie\" loading=\"lazy\" onerror=\"this.style.display='none';this.nextElementSibling.style.display='flex';\">\n                <div class=\"em-card-placeholder\" style=\"display:none;\">\ud83d\udcf7 Image indisponible<\/div>\n                            <span class=\"em-card-badge badge-city\">Villes aux alentours<\/span>\n            <\/div>\n\n            <!-- Contenu de la card -->\n            <div class=\"em-card-body\">\n              <h3 class=\"em-card-title\">Onesse-et-Laharie<\/h3>\n\n              <!-- Tags r\u00e9sum\u00e9s (max 4) -->\n              <div class=\"em-card-tags\">\n                                    <span class=\"em-tag em-tag-blue\">28 km km<\/span>\n                                    <span class=\"em-tag em-tag-orange\">30 min min<\/span>\n                                              <\/div>\n\n              <!-- Champs suppl\u00e9mentaires (max 3) -->\n              <div class=\"em-card-fields\">\n                                  <div class=\"em-card-field\">\n                    <span class=\"em-card-field-label\">Lieux \/ Activit\u00e9s incontournables :<\/span>\n                    <span class=\"em-card-field-value\">Eglise, for\u00eats, paysages landais<\/span>\n                  <\/div>\n                                  <div class=\"em-card-field\">\n                    <span class=\"em-card-field-label\">March\u00e9s \/ \u00e9v\u00e9nements locaux :<\/span>\n                    <span class=\"em-card-field-value\">March\u00e9 rural<\/span>\n                  <\/div>\n                                  <div class=\"em-card-field\">\n                    <span class=\"em-card-field-label\">Restaurants \/ sp\u00e9cialit\u00e9s :<\/span>\n                    <span class=\"em-card-field-value\">Cuisine locale<\/span>\n                  <\/div>\n                              <\/div>\n\n              <!-- Lien vers le d\u00e9tail -->\n              <div class=\"em-card-footer\">\n                <span>Voir le d\u00e9tail<\/span>\n                <svg fill=\"none\" viewBox=\"0 0 24 24\" stroke=\"currentColor\" stroke-width=\"2\"><path stroke-linecap=\"round\" stroke-linejoin=\"round\" d=\"M13.5 4.5L21 12m0 0l-7.5 7.5M21 12H3\"><\/path><\/svg>\n              <\/div>\n            <\/div>\n          <\/article>\n                  <article class=\"em-card\"\n            data-type=\"city\"\n            data-features=\"\"\n            data-name=\"pissos\"\n            data-json=\"{&quot;name&quot;:&quot;Pissos&quot;,&quot;image&quot;:&quot;https:\\\/\\\/upload.wikimedia.org\\\/wikipedia\\\/commons\\\/thumb\\\/1\\\/1b\\\/Pissos_mairie.JPG\\\/250px-Pissos_mairie.JPG&quot;,&quot;link&quot;:&quot;https:\\\/\\\/fr.wikipedia.org\\\/wiki\\\/Pissos&quot;,&quot;data&quot;:{&quot;name&quot;:&quot;Pissos&quot;,&quot;distance_kilometers&quot;:&quot;35 km&quot;,&quot;driving_time_minutes&quot;:&quot;35 min&quot;,&quot;must_see_places&quot;:&quot;For\\u00eat domaniale, lacs, sentiers&quot;,&quot;markets_local_events&quot;:&quot;March\\u00e9s ponctuels&quot;,&quot;restaurants_specialities&quot;:&quot;Sp\\u00e9cialit\\u00e9s locales&quot;,&quot;comment&quot;:&quot;Village typique landais dans un environnement naturel exceptionnel.[3]&quot;,&quot;link&quot;:&quot;https:\\\/\\\/fr.wikipedia.org\\\/wiki\\\/Pissos&quot;,&quot;image&quot;:&quot;https:\\\/\\\/upload.wikimedia.org\\\/wikipedia\\\/commons\\\/thumb\\\/1\\\/1b\\\/Pissos_mairie.JPG\\\/250px-Pissos_mairie.JPG&quot;},&quot;category&quot;:&quot;Villes aux alentours&quot;}\">\n\n            <!-- Image + badge cat\u00e9gorie -->\n            <div class=\"em-card-img-wrap\">\n                              <img decoding=\"async\" class=\"em-card-img\" src=\"https:\/\/upload.wikimedia.org\/wikipedia\/commons\/thumb\/1\/1b\/Pissos_mairie.JPG\/250px-Pissos_mairie.JPG\" alt=\"Pissos\" loading=\"lazy\" onerror=\"this.style.display='none';this.nextElementSibling.style.display='flex';\">\n                <div class=\"em-card-placeholder\" style=\"display:none;\">\ud83d\udcf7 Image indisponible<\/div>\n                            <span class=\"em-card-badge badge-city\">Villes aux alentours<\/span>\n            <\/div>\n\n            <!-- Contenu de la card -->\n            <div class=\"em-card-body\">\n              <h3 class=\"em-card-title\">Pissos<\/h3>\n\n              <!-- Tags r\u00e9sum\u00e9s (max 4) -->\n              <div class=\"em-card-tags\">\n                                    <span class=\"em-tag em-tag-blue\">35 km km<\/span>\n                                    <span class=\"em-tag em-tag-orange\">35 min min<\/span>\n                                              <\/div>\n\n              <!-- Champs suppl\u00e9mentaires (max 3) -->\n              <div class=\"em-card-fields\">\n                                  <div class=\"em-card-field\">\n                    <span class=\"em-card-field-label\">Lieux \/ Activit\u00e9s incontournables :<\/span>\n                    <span class=\"em-card-field-value\">For\u00eat domaniale, lacs, sentiers<\/span>\n                  <\/div>\n                                  <div class=\"em-card-field\">\n                    <span class=\"em-card-field-label\">March\u00e9s \/ \u00e9v\u00e9nements locaux :<\/span>\n                    <span class=\"em-card-field-value\">March\u00e9s ponctuels<\/span>\n                  <\/div>\n                                  <div class=\"em-card-field\">\n                    <span class=\"em-card-field-label\">Restaurants \/ sp\u00e9cialit\u00e9s :<\/span>\n                    <span class=\"em-card-field-value\">Sp\u00e9cialit\u00e9s locales<\/span>\n                  <\/div>\n                              <\/div>\n\n              <!-- Lien vers le d\u00e9tail -->\n              <div class=\"em-card-footer\">\n                <span>Voir le d\u00e9tail<\/span>\n                <svg fill=\"none\" viewBox=\"0 0 24 24\" stroke=\"currentColor\" stroke-width=\"2\"><path stroke-linecap=\"round\" stroke-linejoin=\"round\" d=\"M13.5 4.5L21 12m0 0l-7.5 7.5M21 12H3\"><\/path><\/svg>\n              <\/div>\n            <\/div>\n          <\/article>\n                  <article class=\"em-card\"\n            data-type=\"city\"\n            data-features=\"\"\n            data-name=\"labouheyre\"\n            data-json=\"{&quot;name&quot;:&quot;Labouheyre&quot;,&quot;image&quot;:&quot;https:\\\/\\\/upload.wikimedia.org\\\/wikipedia\\\/commons\\\/thumb\\\/8\\\/89\\\/Labouheyre_mairie.JPG\\\/320px-Labouheyre_mairie.JPG&quot;,&quot;link&quot;:&quot;https:\\\/\\\/www.labouheyre.fr&quot;,&quot;data&quot;:{&quot;name&quot;:&quot;Labouheyre&quot;,&quot;distance_kilometers&quot;:&quot;22 km&quot;,&quot;driving_time_minutes&quot;:&quot;25 min&quot;,&quot;must_see_places&quot;:&quot;\\u00c9glise Saint-Laurent, \\u00e9tang de la Mout\\u00e8te&quot;,&quot;markets_local_events&quot;:&quot;March\\u00e9 local le samedi matin&quot;,&quot;restaurants_specialities&quot;:&quot;Cuisine landaise traditionnelle&quot;,&quot;comment&quot;:&quot;Labouheyre est une commune paisible proche des for\\u00eats de Landes, offrant un charme rural distinct.&quot;,&quot;link&quot;:&quot;https:\\\/\\\/www.labouheyre.fr&quot;,&quot;image&quot;:&quot;https:\\\/\\\/upload.wikimedia.org\\\/wikipedia\\\/commons\\\/thumb\\\/8\\\/89\\\/Labouheyre_mairie.JPG\\\/320px-Labouheyre_mairie.JPG&quot;},&quot;category&quot;:&quot;Villes aux alentours&quot;}\">\n\n            <!-- Image + badge cat\u00e9gorie -->\n            <div class=\"em-card-img-wrap\">\n                              <img decoding=\"async\" class=\"em-card-img\" src=\"https:\/\/upload.wikimedia.org\/wikipedia\/commons\/thumb\/8\/89\/Labouheyre_mairie.JPG\/320px-Labouheyre_mairie.JPG\" alt=\"Labouheyre\" loading=\"lazy\" onerror=\"this.style.display='none';this.nextElementSibling.style.display='flex';\">\n                <div class=\"em-card-placeholder\" style=\"display:none;\">\ud83d\udcf7 Image indisponible<\/div>\n                            <span class=\"em-card-badge badge-city\">Villes aux alentours<\/span>\n            <\/div>\n\n            <!-- Contenu de la card -->\n            <div class=\"em-card-body\">\n              <h3 class=\"em-card-title\">Labouheyre<\/h3>\n\n              <!-- Tags r\u00e9sum\u00e9s (max 4) -->\n              <div class=\"em-card-tags\">\n                                    <span class=\"em-tag em-tag-blue\">22 km km<\/span>\n                                    <span class=\"em-tag em-tag-orange\">25 min min<\/span>\n                                              <\/div>\n\n              <!-- Champs suppl\u00e9mentaires (max 3) -->\n              <div class=\"em-card-fields\">\n                                  <div class=\"em-card-field\">\n                    <span class=\"em-card-field-label\">Lieux \/ Activit\u00e9s incontournables :<\/span>\n                    <span class=\"em-card-field-value\">\u00c9glise Saint-Laurent, \u00e9tang de la Mout\u00e8te<\/span>\n                  <\/div>\n                                  <div class=\"em-card-field\">\n                    <span class=\"em-card-field-label\">March\u00e9s \/ \u00e9v\u00e9nements locaux :<\/span>\n                    <span class=\"em-card-field-value\">March\u00e9 local le samedi matin<\/span>\n                  <\/div>\n                                  <div class=\"em-card-field\">\n                    <span class=\"em-card-field-label\">Restaurants \/ sp\u00e9cialit\u00e9s :<\/span>\n                    <span class=\"em-card-field-value\">Cuisine landaise traditionnelle<\/span>\n                  <\/div>\n                              <\/div>\n\n              <!-- Lien vers le d\u00e9tail -->\n              <div class=\"em-card-footer\">\n                <span>Voir le d\u00e9tail<\/span>\n                <svg fill=\"none\" viewBox=\"0 0 24 24\" stroke=\"currentColor\" stroke-width=\"2\"><path stroke-linecap=\"round\" stroke-linejoin=\"round\" d=\"M13.5 4.5L21 12m0 0l-7.5 7.5M21 12H3\"><\/path><\/svg>\n              <\/div>\n            <\/div>\n          <\/article>\n                  <article class=\"em-card\"\n            data-type=\"city\"\n            data-features=\"\"\n            data-name=\"soustons\"\n            data-json=\"{&quot;name&quot;:&quot;Soustons&quot;,&quot;image&quot;:&quot;https:\\\/\\\/upload.wikimedia.org\\\/wikipedia\\\/commons\\\/thumb\\\/b\\\/b9\\\/Soustons_Lake.jpg\\\/320px-Soustons_Lake.jpg&quot;,&quot;link&quot;:&quot;https:\\\/\\\/www.soustons.fr&quot;,&quot;data&quot;:{&quot;name&quot;:&quot;Soustons&quot;,&quot;distance_kilometers&quot;:&quot;30 km&quot;,&quot;driving_time_minutes&quot;:&quot;30 min&quot;,&quot;must_see_places&quot;:&quot;Lac de Soustons, Jardins du lac&quot;,&quot;markets_local_events&quot;:&quot;March\\u00e9 hebdomadaire le jeudi&quot;,&quot;restaurants_specialities&quot;:&quot;Sp\\u00e9cialit\\u00e9s de poissons et fruits de mer&quot;,&quot;comment&quot;:&quot;Soustons est r\\u00e9put\\u00e9e pour son lac et ses activit\\u00e9s nautiques, parfaite pour une escapade nature.&quot;,&quot;link&quot;:&quot;https:\\\/\\\/www.soustons.fr&quot;,&quot;image&quot;:&quot;https:\\\/\\\/upload.wikimedia.org\\\/wikipedia\\\/commons\\\/thumb\\\/b\\\/b9\\\/Soustons_Lake.jpg\\\/320px-Soustons_Lake.jpg&quot;},&quot;category&quot;:&quot;Villes aux alentours&quot;}\">\n\n            <!-- Image + badge cat\u00e9gorie -->\n            <div class=\"em-card-img-wrap\">\n                              <img decoding=\"async\" class=\"em-card-img\" src=\"https:\/\/upload.wikimedia.org\/wikipedia\/commons\/thumb\/b\/b9\/Soustons_Lake.jpg\/320px-Soustons_Lake.jpg\" alt=\"Soustons\" loading=\"lazy\" onerror=\"this.style.display='none';this.nextElementSibling.style.display='flex';\">\n                <div class=\"em-card-placeholder\" style=\"display:none;\">\ud83d\udcf7 Image indisponible<\/div>\n                            <span class=\"em-card-badge badge-city\">Villes aux alentours<\/span>\n            <\/div>\n\n            <!-- Contenu de la card -->\n            <div class=\"em-card-body\">\n              <h3 class=\"em-card-title\">Soustons<\/h3>\n\n              <!-- Tags r\u00e9sum\u00e9s (max 4) -->\n              <div class=\"em-card-tags\">\n                                    <span class=\"em-tag em-tag-blue\">30 km km<\/span>\n                                    <span class=\"em-tag em-tag-orange\">30 min min<\/span>\n                                              <\/div>\n\n              <!-- Champs suppl\u00e9mentaires (max 3) -->\n              <div class=\"em-card-fields\">\n                                  <div class=\"em-card-field\">\n                    <span class=\"em-card-field-label\">Lieux \/ Activit\u00e9s incontournables :<\/span>\n                    <span class=\"em-card-field-value\">Lac de Soustons, Jardins du lac<\/span>\n                  <\/div>\n                                  <div class=\"em-card-field\">\n                    <span class=\"em-card-field-label\">March\u00e9s \/ \u00e9v\u00e9nements locaux :<\/span>\n                    <span class=\"em-card-field-value\">March\u00e9 hebdomadaire le jeudi<\/span>\n                  <\/div>\n                                  <div class=\"em-card-field\">\n                    <span class=\"em-card-field-label\">Restaurants \/ sp\u00e9cialit\u00e9s :<\/span>\n                    <span class=\"em-card-field-value\">Sp\u00e9cialit\u00e9s de poissons et fruits de mer<\/span>\n                  <\/div>\n                              <\/div>\n\n              <!-- Lien vers le d\u00e9tail -->\n              <div class=\"em-card-footer\">\n                <span>Voir le d\u00e9tail<\/span>\n                <svg fill=\"none\" viewBox=\"0 0 24 24\" stroke=\"currentColor\" stroke-width=\"2\"><path stroke-linecap=\"round\" stroke-linejoin=\"round\" d=\"M13.5 4.5L21 12m0 0l-7.5 7.5M21 12H3\"><\/path><\/svg>\n              <\/div>\n            <\/div>\n          <\/article>\n                  <article class=\"em-card\"\n            data-type=\"city\"\n            data-features=\"\"\n            data-name=\"castets\"\n            data-json=\"{&quot;name&quot;:&quot;Castets&quot;,&quot;image&quot;:&quot;https:\\\/\\\/upload.wikimedia.org\\\/wikipedia\\\/commons\\\/thumb\\\/e\\\/e2\\\/Castets-Landes-_eglise_01.JPG\\\/320px-Castets-Landes-_eglise_01.JPG&quot;,&quot;link&quot;:&quot;https:\\\/\\\/www.castets.fr&quot;,&quot;data&quot;:{&quot;name&quot;:&quot;Castets&quot;,&quot;distance_kilometers&quot;:&quot;24 km&quot;,&quot;driving_time_minutes&quot;:&quot;28 min&quot;,&quot;must_see_places&quot;:&quot;\\u00c9glise Saint-Pierre, \\u00e9tangs alentours&quot;,&quot;markets_local_events&quot;:&quot;March\\u00e9 le mercredi&quot;,&quot;restaurants_specialities&quot;:&quot;Sp\\u00e9cialit\\u00e9s r\\u00e9gionales et cuisine fran\\u00e7aise&quot;,&quot;comment&quot;:&quot;Petit village typique des Landes, calme et accueillant avec un beau patrimoine.&quot;,&quot;link&quot;:&quot;https:\\\/\\\/www.castets.fr&quot;,&quot;image&quot;:&quot;https:\\\/\\\/upload.wikimedia.org\\\/wikipedia\\\/commons\\\/thumb\\\/e\\\/e2\\\/Castets-Landes-_eglise_01.JPG\\\/320px-Castets-Landes-_eglise_01.JPG&quot;},&quot;category&quot;:&quot;Villes aux alentours&quot;}\">\n\n            <!-- Image + badge cat\u00e9gorie -->\n            <div class=\"em-card-img-wrap\">\n                              <img decoding=\"async\" class=\"em-card-img\" src=\"https:\/\/upload.wikimedia.org\/wikipedia\/commons\/thumb\/e\/e2\/Castets-Landes-_eglise_01.JPG\/320px-Castets-Landes-_eglise_01.JPG\" alt=\"Castets\" loading=\"lazy\" onerror=\"this.style.display='none';this.nextElementSibling.style.display='flex';\">\n                <div class=\"em-card-placeholder\" style=\"display:none;\">\ud83d\udcf7 Image indisponible<\/div>\n                            <span class=\"em-card-badge badge-city\">Villes aux alentours<\/span>\n            <\/div>\n\n            <!-- Contenu de la card -->\n            <div class=\"em-card-body\">\n              <h3 class=\"em-card-title\">Castets<\/h3>\n\n              <!-- Tags r\u00e9sum\u00e9s (max 4) -->\n              <div class=\"em-card-tags\">\n                                    <span class=\"em-tag em-tag-blue\">24 km km<\/span>\n                                    <span class=\"em-tag em-tag-orange\">28 min min<\/span>\n                                              <\/div>\n\n              <!-- Champs suppl\u00e9mentaires (max 3) -->\n              <div class=\"em-card-fields\">\n                                  <div class=\"em-card-field\">\n                    <span class=\"em-card-field-label\">Lieux \/ Activit\u00e9s incontournables :<\/span>\n                    <span class=\"em-card-field-value\">\u00c9glise Saint-Pierre, \u00e9tangs alentours<\/span>\n                  <\/div>\n                                  <div class=\"em-card-field\">\n                    <span class=\"em-card-field-label\">March\u00e9s \/ \u00e9v\u00e9nements locaux :<\/span>\n                    <span class=\"em-card-field-value\">March\u00e9 le mercredi<\/span>\n                  <\/div>\n                                  <div class=\"em-card-field\">\n                    <span class=\"em-card-field-label\">Restaurants \/ sp\u00e9cialit\u00e9s :<\/span>\n                    <span class=\"em-card-field-value\">Sp\u00e9cialit\u00e9s r\u00e9gionales et cuisine fran\u00e7aise<\/span>\n                  <\/div>\n                              <\/div>\n\n              <!-- Lien vers le d\u00e9tail -->\n              <div class=\"em-card-footer\">\n                <span>Voir le d\u00e9tail<\/span>\n                <svg fill=\"none\" viewBox=\"0 0 24 24\" stroke=\"currentColor\" stroke-width=\"2\"><path stroke-linecap=\"round\" stroke-linejoin=\"round\" d=\"M13.5 4.5L21 12m0 0l-7.5 7.5M21 12H3\"><\/path><\/svg>\n              <\/div>\n            <\/div>\n          <\/article>\n                  <article class=\"em-card\"\n            data-type=\"city\"\n            data-features=\"\"\n            data-name=\"onesse-et-laharie\"\n            data-json=\"{&quot;name&quot;:&quot;Onesse-et-Laharie&quot;,&quot;image&quot;:&quot;https:\\\/\\\/upload.wikimedia.org\\\/wikipedia\\\/commons\\\/thumb\\\/f\\\/f2\\\/Onesse_-_Eglise.jpg\\\/320px-Onesse_-_Eglise.jpg&quot;,&quot;link&quot;:&quot;https:\\\/\\\/www.onesse-et-laharie.fr&quot;,&quot;data&quot;:{&quot;name&quot;:&quot;Onesse-et-Laharie&quot;,&quot;distance_kilometers&quot;:&quot;27 km&quot;,&quot;driving_time_minutes&quot;:&quot;30 min&quot;,&quot;must_see_places&quot;:&quot;\\u00c9glise Notre-Dame, balades en for\\u00eat&quot;,&quot;markets_local_events&quot;:&quot;March\\u00e9 local le dimanche&quot;,&quot;restaurants_specialities&quot;:&quot;Cuisine locale et produits du terroir&quot;,&quot;comment&quot;:&quot;Village traditionnel avec de belles for\\u00eats et une ambiance authentique landaise.&quot;,&quot;link&quot;:&quot;https:\\\/\\\/www.onesse-et-laharie.fr&quot;,&quot;image&quot;:&quot;https:\\\/\\\/upload.wikimedia.org\\\/wikipedia\\\/commons\\\/thumb\\\/f\\\/f2\\\/Onesse_-_Eglise.jpg\\\/320px-Onesse_-_Eglise.jpg&quot;},&quot;category&quot;:&quot;Villes aux alentours&quot;}\">\n\n            <!-- Image + badge cat\u00e9gorie -->\n            <div class=\"em-card-img-wrap\">\n                              <img decoding=\"async\" class=\"em-card-img\" src=\"https:\/\/upload.wikimedia.org\/wikipedia\/commons\/thumb\/f\/f2\/Onesse_-_Eglise.jpg\/320px-Onesse_-_Eglise.jpg\" alt=\"Onesse-et-Laharie\" loading=\"lazy\" onerror=\"this.style.display='none';this.nextElementSibling.style.display='flex';\">\n                <div class=\"em-card-placeholder\" style=\"display:none;\">\ud83d\udcf7 Image indisponible<\/div>\n                            <span class=\"em-card-badge badge-city\">Villes aux alentours<\/span>\n            <\/div>\n\n            <!-- Contenu de la card -->\n            <div class=\"em-card-body\">\n              <h3 class=\"em-card-title\">Onesse-et-Laharie<\/h3>\n\n              <!-- Tags r\u00e9sum\u00e9s (max 4) -->\n              <div class=\"em-card-tags\">\n                                    <span class=\"em-tag em-tag-blue\">27 km km<\/span>\n                                    <span class=\"em-tag em-tag-orange\">30 min min<\/span>\n                                              <\/div>\n\n              <!-- Champs suppl\u00e9mentaires (max 3) -->\n              <div class=\"em-card-fields\">\n                                  <div class=\"em-card-field\">\n                    <span class=\"em-card-field-label\">Lieux \/ Activit\u00e9s incontournables :<\/span>\n                    <span class=\"em-card-field-value\">\u00c9glise Notre-Dame, balades en for\u00eat<\/span>\n                  <\/div>\n                                  <div class=\"em-card-field\">\n                    <span class=\"em-card-field-label\">March\u00e9s \/ \u00e9v\u00e9nements locaux :<\/span>\n                    <span class=\"em-card-field-value\">March\u00e9 local le dimanche<\/span>\n                  <\/div>\n                                  <div class=\"em-card-field\">\n                    <span class=\"em-card-field-label\">Restaurants \/ sp\u00e9cialit\u00e9s :<\/span>\n                    <span class=\"em-card-field-value\">Cuisine locale et produits du terroir<\/span>\n                  <\/div>\n                              <\/div>\n\n              <!-- Lien vers le d\u00e9tail -->\n              <div class=\"em-card-footer\">\n                <span>Voir le d\u00e9tail<\/span>\n                <svg fill=\"none\" viewBox=\"0 0 24 24\" stroke=\"currentColor\" stroke-width=\"2\"><path stroke-linecap=\"round\" stroke-linejoin=\"round\" d=\"M13.5 4.5L21 12m0 0l-7.5 7.5M21 12H3\"><\/path><\/svg>\n              <\/div>\n            <\/div>\n          <\/article>\n                  <article class=\"em-card\"\n            data-type=\"city\"\n            data-features=\"\"\n            data-name=\"rion-des-landes\"\n            data-json=\"{&quot;name&quot;:&quot;Rion-des-Landes&quot;,&quot;image&quot;:&quot;https:\\\/\\\/upload.wikimedia.org\\\/wikipedia\\\/commons\\\/thumb\\\/3\\\/32\\\/Eglise_St_Jean_Baptiste_Rion_des_Landes.jpg\\\/320px-Eglise_St_Jean_Baptiste_Rion_des_Landes.jpg&quot;,&quot;link&quot;:&quot;https:\\\/\\\/www.riondeslandes.fr&quot;,&quot;data&quot;:{&quot;name&quot;:&quot;Rion-des-Landes&quot;,&quot;distance_kilometers&quot;:&quot;30 km&quot;,&quot;driving_time_minutes&quot;:&quot;32 min&quot;,&quot;must_see_places&quot;:&quot;\\u00c9glise Saint-Jean-Baptiste, centre-ville historique&quot;,&quot;markets_local_events&quot;:&quot;March\\u00e9 le mardi&quot;,&quot;restaurants_specialities&quot;:&quot;Cuisine gasconne et landaise&quot;,&quot;comment&quot;:&quot;Rion-des-Landes est un bourg anim\\u00e9 avec un patrimoine religieux int\\u00e9ressant et des march\\u00e9s locaux.&quot;,&quot;link&quot;:&quot;https:\\\/\\\/www.riondeslandes.fr&quot;,&quot;image&quot;:&quot;https:\\\/\\\/upload.wikimedia.org\\\/wikipedia\\\/commons\\\/thumb\\\/3\\\/32\\\/Eglise_St_Jean_Baptiste_Rion_des_Landes.jpg\\\/320px-Eglise_St_Jean_Baptiste_Rion_des_Landes.jpg&quot;},&quot;category&quot;:&quot;Villes aux alentours&quot;}\">\n\n            <!-- Image + badge cat\u00e9gorie -->\n            <div class=\"em-card-img-wrap\">\n                              <img decoding=\"async\" class=\"em-card-img\" src=\"https:\/\/upload.wikimedia.org\/wikipedia\/commons\/thumb\/3\/32\/Eglise_St_Jean_Baptiste_Rion_des_Landes.jpg\/320px-Eglise_St_Jean_Baptiste_Rion_des_Landes.jpg\" alt=\"Rion-des-Landes\" loading=\"lazy\" onerror=\"this.style.display='none';this.nextElementSibling.style.display='flex';\">\n                <div class=\"em-card-placeholder\" style=\"display:none;\">\ud83d\udcf7 Image indisponible<\/div>\n                            <span class=\"em-card-badge badge-city\">Villes aux alentours<\/span>\n            <\/div>\n\n            <!-- Contenu de la card -->\n            <div class=\"em-card-body\">\n              <h3 class=\"em-card-title\">Rion-des-Landes<\/h3>\n\n              <!-- Tags r\u00e9sum\u00e9s (max 4) -->\n              <div class=\"em-card-tags\">\n                                    <span class=\"em-tag em-tag-blue\">30 km km<\/span>\n                                    <span class=\"em-tag em-tag-orange\">32 min min<\/span>\n                                              <\/div>\n\n              <!-- Champs suppl\u00e9mentaires (max 3) -->\n              <div class=\"em-card-fields\">\n                                  <div class=\"em-card-field\">\n                    <span class=\"em-card-field-label\">Lieux \/ Activit\u00e9s incontournables :<\/span>\n                    <span class=\"em-card-field-value\">\u00c9glise Saint-Jean-Baptiste, centre-ville historique<\/span>\n                  <\/div>\n                                  <div class=\"em-card-field\">\n                    <span class=\"em-card-field-label\">March\u00e9s \/ \u00e9v\u00e9nements locaux :<\/span>\n                    <span class=\"em-card-field-value\">March\u00e9 le mardi<\/span>\n                  <\/div>\n                                  <div class=\"em-card-field\">\n                    <span class=\"em-card-field-label\">Restaurants \/ sp\u00e9cialit\u00e9s :<\/span>\n                    <span class=\"em-card-field-value\">Cuisine gasconne et landaise<\/span>\n                  <\/div>\n                              <\/div>\n\n              <!-- Lien vers le d\u00e9tail -->\n              <div class=\"em-card-footer\">\n                <span>Voir le d\u00e9tail<\/span>\n                <svg fill=\"none\" viewBox=\"0 0 24 24\" stroke=\"currentColor\" stroke-width=\"2\"><path stroke-linecap=\"round\" stroke-linejoin=\"round\" d=\"M13.5 4.5L21 12m0 0l-7.5 7.5M21 12H3\"><\/path><\/svg>\n              <\/div>\n            <\/div>\n          <\/article>\n                  <article class=\"em-card\"\n            data-type=\"city\"\n            data-features=\"\"\n            data-name=\"le vieux-boucau-les-bains\"\n            data-json=\"{&quot;name&quot;:&quot;Le Vieux-Boucau-les-Bains&quot;,&quot;image&quot;:&quot;https:\\\/\\\/upload.wikimedia.org\\\/wikipedia\\\/commons\\\/thumb\\\/2\\\/28\\\/Port_Le_Vieux_Boucau.JPG\\\/320px-Port_Le_Vieux_Boucau.JPG&quot;,&quot;link&quot;:&quot;https:\\\/\\\/www.levieuxboucau.fr&quot;,&quot;data&quot;:{&quot;name&quot;:&quot;Le Vieux-Boucau-les-Bains&quot;,&quot;distance_kilometers&quot;:&quot;38 km&quot;,&quot;driving_time_minutes&quot;:&quot;40 min&quot;,&quot;must_see_places&quot;:&quot;Plage, port de plaisance, for\\u00eats&quot;,&quot;markets_local_events&quot;:&quot;March\\u00e9 quotidien en saison estivale&quot;,&quot;restaurants_specialities&quot;:&quot;Poissons frais, fruits de mer&quot;,&quot;comment&quot;:&quot;Station baln\\u00e9aire dynamique avec plages surveill\\u00e9es et activit\\u00e9s nautiques vari\\u00e9es.&quot;,&quot;link&quot;:&quot;https:\\\/\\\/www.levieuxboucau.fr&quot;,&quot;image&quot;:&quot;https:\\\/\\\/upload.wikimedia.org\\\/wikipedia\\\/commons\\\/thumb\\\/2\\\/28\\\/Port_Le_Vieux_Boucau.JPG\\\/320px-Port_Le_Vieux_Boucau.JPG&quot;},&quot;category&quot;:&quot;Villes aux alentours&quot;}\">\n\n            <!-- Image + badge cat\u00e9gorie -->\n            <div class=\"em-card-img-wrap\">\n                              <img decoding=\"async\" class=\"em-card-img\" src=\"https:\/\/upload.wikimedia.org\/wikipedia\/commons\/thumb\/2\/28\/Port_Le_Vieux_Boucau.JPG\/320px-Port_Le_Vieux_Boucau.JPG\" alt=\"Le Vieux-Boucau-les-Bains\" loading=\"lazy\" onerror=\"this.style.display='none';this.nextElementSibling.style.display='flex';\">\n                <div class=\"em-card-placeholder\" style=\"display:none;\">\ud83d\udcf7 Image indisponible<\/div>\n                            <span class=\"em-card-badge badge-city\">Villes aux alentours<\/span>\n            <\/div>\n\n            <!-- Contenu de la card -->\n            <div class=\"em-card-body\">\n              <h3 class=\"em-card-title\">Le Vieux-Boucau-les-Bains<\/h3>\n\n              <!-- Tags r\u00e9sum\u00e9s (max 4) -->\n              <div class=\"em-card-tags\">\n                                    <span class=\"em-tag em-tag-blue\">38 km km<\/span>\n                                    <span class=\"em-tag em-tag-orange\">40 min min<\/span>\n                                              <\/div>\n\n              <!-- Champs suppl\u00e9mentaires (max 3) -->\n              <div class=\"em-card-fields\">\n                                  <div class=\"em-card-field\">\n                    <span class=\"em-card-field-label\">Lieux \/ Activit\u00e9s incontournables :<\/span>\n                    <span class=\"em-card-field-value\">Plage, port de plaisance, for\u00eats<\/span>\n                  <\/div>\n                                  <div class=\"em-card-field\">\n                    <span class=\"em-card-field-label\">March\u00e9s \/ \u00e9v\u00e9nements locaux :<\/span>\n                    <span class=\"em-card-field-value\">March\u00e9 quotidien en saison estivale<\/span>\n                  <\/div>\n                                  <div class=\"em-card-field\">\n                    <span class=\"em-card-field-label\">Restaurants \/ sp\u00e9cialit\u00e9s :<\/span>\n                    <span class=\"em-card-field-value\">Poissons frais, fruits de mer<\/span>\n                  <\/div>\n                              <\/div>\n\n              <!-- Lien vers le d\u00e9tail -->\n              <div class=\"em-card-footer\">\n                <span>Voir le d\u00e9tail<\/span>\n                <svg fill=\"none\" viewBox=\"0 0 24 24\" stroke=\"currentColor\" stroke-width=\"2\"><path stroke-linecap=\"round\" stroke-linejoin=\"round\" d=\"M13.5 4.5L21 12m0 0l-7.5 7.5M21 12H3\"><\/path><\/svg>\n              <\/div>\n            <\/div>\n          <\/article>\n                  <article class=\"em-card\"\n            data-type=\"city\"\n            data-features=\"\"\n            data-name=\"tarnos\"\n            data-json=\"{&quot;name&quot;:&quot;Tarnos&quot;,&quot;image&quot;:&quot;https:\\\/\\\/upload.wikimedia.org\\\/wikipedia\\\/commons\\\/thumb\\\/4\\\/46\\\/Tarnos_france.JPG\\\/320px-Tarnos_france.JPG&quot;,&quot;link&quot;:&quot;https:\\\/\\\/www.tarnos.fr&quot;,&quot;data&quot;:{&quot;name&quot;:&quot;Tarnos&quot;,&quot;distance_kilometers&quot;:&quot;45 km&quot;,&quot;driving_time_minutes&quot;:&quot;40 min&quot;,&quot;must_see_places&quot;:&quot;\\u00c9glise Saint-Vincent, port de plaisance&quot;,&quot;markets_local_events&quot;:&quot;March\\u00e9 du dimanche&quot;,&quot;restaurants_specialities&quot;:&quot;Cuisine basque et landaise&quot;,&quot;comment&quot;:&quot;Ville portuaire proche de l&#039;oc\\u00e9an, m\\u00e9langeant influences basques et landaises.&quot;,&quot;link&quot;:&quot;https:\\\/\\\/www.tarnos.fr&quot;,&quot;image&quot;:&quot;https:\\\/\\\/upload.wikimedia.org\\\/wikipedia\\\/commons\\\/thumb\\\/4\\\/46\\\/Tarnos_france.JPG\\\/320px-Tarnos_france.JPG&quot;},&quot;category&quot;:&quot;Villes aux alentours&quot;}\">\n\n            <!-- Image + badge cat\u00e9gorie -->\n            <div class=\"em-card-img-wrap\">\n                              <img decoding=\"async\" class=\"em-card-img\" src=\"https:\/\/upload.wikimedia.org\/wikipedia\/commons\/thumb\/4\/46\/Tarnos_france.JPG\/320px-Tarnos_france.JPG\" alt=\"Tarnos\" loading=\"lazy\" onerror=\"this.style.display='none';this.nextElementSibling.style.display='flex';\">\n                <div class=\"em-card-placeholder\" style=\"display:none;\">\ud83d\udcf7 Image indisponible<\/div>\n                            <span class=\"em-card-badge badge-city\">Villes aux alentours<\/span>\n            <\/div>\n\n            <!-- Contenu de la card -->\n            <div class=\"em-card-body\">\n              <h3 class=\"em-card-title\">Tarnos<\/h3>\n\n              <!-- Tags r\u00e9sum\u00e9s (max 4) -->\n              <div class=\"em-card-tags\">\n                                    <span class=\"em-tag em-tag-blue\">45 km km<\/span>\n                                    <span class=\"em-tag em-tag-orange\">40 min min<\/span>\n                                              <\/div>\n\n              <!-- Champs suppl\u00e9mentaires (max 3) -->\n              <div class=\"em-card-fields\">\n                                  <div class=\"em-card-field\">\n                    <span class=\"em-card-field-label\">Lieux \/ Activit\u00e9s incontournables :<\/span>\n                    <span class=\"em-card-field-value\">\u00c9glise Saint-Vincent, port de plaisance<\/span>\n                  <\/div>\n                                  <div class=\"em-card-field\">\n                    <span class=\"em-card-field-label\">March\u00e9s \/ \u00e9v\u00e9nements locaux :<\/span>\n                    <span class=\"em-card-field-value\">March\u00e9 du dimanche<\/span>\n                  <\/div>\n                                  <div class=\"em-card-field\">\n                    <span class=\"em-card-field-label\">Restaurants \/ sp\u00e9cialit\u00e9s :<\/span>\n                    <span class=\"em-card-field-value\">Cuisine basque et landaise<\/span>\n                  <\/div>\n                              <\/div>\n\n              <!-- Lien vers le d\u00e9tail -->\n              <div class=\"em-card-footer\">\n                <span>Voir le d\u00e9tail<\/span>\n                <svg fill=\"none\" viewBox=\"0 0 24 24\" stroke=\"currentColor\" stroke-width=\"2\"><path stroke-linecap=\"round\" stroke-linejoin=\"round\" d=\"M13.5 4.5L21 12m0 0l-7.5 7.5M21 12H3\"><\/path><\/svg>\n              <\/div>\n            <\/div>\n          <\/article>\n                  <article class=\"em-card\"\n            data-type=\"city\"\n            data-features=\"\"\n            data-name=\"saint-vincent-de-tyrosse\"\n            data-json=\"{&quot;name&quot;:&quot;Saint-Vincent-de-Tyrosse&quot;,&quot;image&quot;:&quot;https:\\\/\\\/upload.wikimedia.org\\\/wikipedia\\\/commons\\\/thumb\\\/7\\\/79\\\/Church_Saint-Vincent-de-Tyrosse.JPG\\\/320px-Church_Saint-Vincent-de-Tyrosse.JPG&quot;,&quot;link&quot;:&quot;https:\\\/\\\/www.saintvincenttyrosse.fr&quot;,&quot;data&quot;:{&quot;name&quot;:&quot;Saint-Vincent-de-Tyrosse&quot;,&quot;distance_kilometers&quot;:&quot;50 km&quot;,&quot;driving_time_minutes&quot;:&quot;45 min&quot;,&quot;must_see_places&quot;:&quot;\\u00c9glise Saint-Vincent, parcs et jardins&quot;,&quot;markets_local_events&quot;:&quot;March\\u00e9 le samedi&quot;,&quot;restaurants_specialities&quot;:&quot;Sp\\u00e9cialit\\u00e9s basques&quot;,&quot;comment&quot;:&quot;Ville charmante avec un riche patrimoine et vie culturelle r\\u00e9gionale dynamique.&quot;,&quot;link&quot;:&quot;https:\\\/\\\/www.saintvincenttyrosse.fr&quot;,&quot;image&quot;:&quot;https:\\\/\\\/upload.wikimedia.org\\\/wikipedia\\\/commons\\\/thumb\\\/7\\\/79\\\/Church_Saint-Vincent-de-Tyrosse.JPG\\\/320px-Church_Saint-Vincent-de-Tyrosse.JPG&quot;},&quot;category&quot;:&quot;Villes aux alentours&quot;}\">\n\n            <!-- Image + badge cat\u00e9gorie -->\n            <div class=\"em-card-img-wrap\">\n                              <img decoding=\"async\" class=\"em-card-img\" src=\"https:\/\/upload.wikimedia.org\/wikipedia\/commons\/thumb\/7\/79\/Church_Saint-Vincent-de-Tyrosse.JPG\/320px-Church_Saint-Vincent-de-Tyrosse.JPG\" alt=\"Saint-Vincent-de-Tyrosse\" loading=\"lazy\" onerror=\"this.style.display='none';this.nextElementSibling.style.display='flex';\">\n                <div class=\"em-card-placeholder\" style=\"display:none;\">\ud83d\udcf7 Image indisponible<\/div>\n                            <span class=\"em-card-badge badge-city\">Villes aux alentours<\/span>\n            <\/div>\n\n            <!-- Contenu de la card -->\n            <div class=\"em-card-body\">\n              <h3 class=\"em-card-title\">Saint-Vincent-de-Tyrosse<\/h3>\n\n              <!-- Tags r\u00e9sum\u00e9s (max 4) -->\n              <div class=\"em-card-tags\">\n                                    <span class=\"em-tag em-tag-blue\">50 km km<\/span>\n                                    <span class=\"em-tag em-tag-orange\">45 min min<\/span>\n                                              <\/div>\n\n              <!-- Champs suppl\u00e9mentaires (max 3) -->\n              <div class=\"em-card-fields\">\n                                  <div class=\"em-card-field\">\n                    <span class=\"em-card-field-label\">Lieux \/ Activit\u00e9s incontournables :<\/span>\n                    <span class=\"em-card-field-value\">\u00c9glise Saint-Vincent, parcs et jardins<\/span>\n                  <\/div>\n                                  <div class=\"em-card-field\">\n                    <span class=\"em-card-field-label\">March\u00e9s \/ \u00e9v\u00e9nements locaux :<\/span>\n                    <span class=\"em-card-field-value\">March\u00e9 le samedi<\/span>\n                  <\/div>\n                                  <div class=\"em-card-field\">\n                    <span class=\"em-card-field-label\">Restaurants \/ sp\u00e9cialit\u00e9s :<\/span>\n                    <span class=\"em-card-field-value\">Sp\u00e9cialit\u00e9s basques<\/span>\n                  <\/div>\n                              <\/div>\n\n              <!-- Lien vers le d\u00e9tail -->\n              <div class=\"em-card-footer\">\n                <span>Voir le d\u00e9tail<\/span>\n                <svg fill=\"none\" viewBox=\"0 0 24 24\" stroke=\"currentColor\" stroke-width=\"2\"><path stroke-linecap=\"round\" stroke-linejoin=\"round\" d=\"M13.5 4.5L21 12m0 0l-7.5 7.5M21 12H3\"><\/path><\/svg>\n              <\/div>\n            <\/div>\n          <\/article>\n                  <article class=\"em-card\"\n            data-type=\"city\"\n            data-features=\"\"\n            data-name=\"labenne\"\n            data-json=\"{&quot;name&quot;:&quot;Labenne&quot;,&quot;image&quot;:&quot;https:\\\/\\\/upload.wikimedia.org\\\/wikipedia\\\/commons\\\/thumb\\\/7\\\/7f\\\/Labenne.JPG\\\/320px-Labenne.JPG&quot;,&quot;link&quot;:&quot;https:\\\/\\\/www.labenne.fr&quot;,&quot;data&quot;:{&quot;name&quot;:&quot;Labenne&quot;,&quot;distance_kilometers&quot;:&quot;55 km&quot;,&quot;driving_time_minutes&quot;:&quot;50 min&quot;,&quot;must_see_places&quot;:&quot;Plages, espaces naturels, centre-ville&quot;,&quot;markets_local_events&quot;:&quot;March\\u00e9 hebdomadaire le jeudi&quot;,&quot;restaurants_specialities&quot;:&quot;Fruits de mer, cuisine locale&quot;,&quot;comment&quot;:&quot;Ville baln\\u00e9aire avec un acc\\u00e8s direct \\u00e0 l&#039;oc\\u00e9an et une atmosph\\u00e8re de vacances.&quot;,&quot;link&quot;:&quot;https:\\\/\\\/www.labenne.fr&quot;,&quot;image&quot;:&quot;https:\\\/\\\/upload.wikimedia.org\\\/wikipedia\\\/commons\\\/thumb\\\/7\\\/7f\\\/Labenne.JPG\\\/320px-Labenne.JPG&quot;},&quot;category&quot;:&quot;Villes aux alentours&quot;}\">\n\n            <!-- Image + badge cat\u00e9gorie -->\n            <div class=\"em-card-img-wrap\">\n                              <img decoding=\"async\" class=\"em-card-img\" src=\"https:\/\/upload.wikimedia.org\/wikipedia\/commons\/thumb\/7\/7f\/Labenne.JPG\/320px-Labenne.JPG\" alt=\"Labenne\" loading=\"lazy\" onerror=\"this.style.display='none';this.nextElementSibling.style.display='flex';\">\n                <div class=\"em-card-placeholder\" style=\"display:none;\">\ud83d\udcf7 Image indisponible<\/div>\n                            <span class=\"em-card-badge badge-city\">Villes aux alentours<\/span>\n            <\/div>\n\n            <!-- Contenu de la card -->\n            <div class=\"em-card-body\">\n              <h3 class=\"em-card-title\">Labenne<\/h3>\n\n              <!-- Tags r\u00e9sum\u00e9s (max 4) -->\n              <div class=\"em-card-tags\">\n                                    <span class=\"em-tag em-tag-blue\">55 km km<\/span>\n                                    <span class=\"em-tag em-tag-orange\">50 min min<\/span>\n                                              <\/div>\n\n              <!-- Champs suppl\u00e9mentaires (max 3) -->\n              <div class=\"em-card-fields\">\n                                  <div class=\"em-card-field\">\n                    <span class=\"em-card-field-label\">Lieux \/ Activit\u00e9s incontournables :<\/span>\n                    <span class=\"em-card-field-value\">Plages, espaces naturels, centre-ville<\/span>\n                  <\/div>\n                                  <div class=\"em-card-field\">\n                    <span class=\"em-card-field-label\">March\u00e9s \/ \u00e9v\u00e9nements locaux :<\/span>\n                    <span class=\"em-card-field-value\">March\u00e9 hebdomadaire le jeudi<\/span>\n                  <\/div>\n                                  <div class=\"em-card-field\">\n                    <span class=\"em-card-field-label\">Restaurants \/ sp\u00e9cialit\u00e9s :<\/span>\n                    <span class=\"em-card-field-value\">Fruits de mer, cuisine locale<\/span>\n                  <\/div>\n                              <\/div>\n\n              <!-- Lien vers le d\u00e9tail -->\n              <div class=\"em-card-footer\">\n                <span>Voir le d\u00e9tail<\/span>\n                <svg fill=\"none\" viewBox=\"0 0 24 24\" stroke=\"currentColor\" stroke-width=\"2\"><path stroke-linecap=\"round\" stroke-linejoin=\"round\" d=\"M13.5 4.5L21 12m0 0l-7.5 7.5M21 12H3\"><\/path><\/svg>\n              <\/div>\n            <\/div>\n          <\/article>\n                  <article class=\"em-card\"\n            data-type=\"city\"\n            data-features=\"\"\n            data-name=\"saint-martin-de-hinx\"\n            data-json=\"{&quot;name&quot;:&quot;Saint-Martin-de-Hinx&quot;,&quot;image&quot;:&quot;https:\\\/\\\/upload.wikimedia.org\\\/wikipedia\\\/commons\\\/thumb\\\/6\\\/66\\\/Saint-Martin-de-Hinx_-_Eglise.JPG\\\/320px-Saint-Martin-de-Hinx_-_Eglise.JPG&quot;,&quot;link&quot;:&quot;https:\\\/\\\/www.saintmartindehinx.fr&quot;,&quot;data&quot;:{&quot;name&quot;:&quot;Saint-Martin-de-Hinx&quot;,&quot;distance_kilometers&quot;:&quot;36 km&quot;,&quot;driving_time_minutes&quot;:&quot;35 min&quot;,&quot;must_see_places&quot;:&quot;\\u00c9glise romane, campagne landaise&quot;,&quot;markets_local_events&quot;:&quot;March\\u00e9 local occasionnel&quot;,&quot;restaurants_specialities&quot;:&quot;Cuisine traditionnelle&quot;,&quot;comment&quot;:&quot;Village rural \\u00e0 l\\u2019authenticit\\u00e9 pr\\u00e9serv\\u00e9e, id\\u00e9al pour d\\u00e9couvrir la culture landaise.&quot;,&quot;link&quot;:&quot;https:\\\/\\\/www.saintmartindehinx.fr&quot;,&quot;image&quot;:&quot;https:\\\/\\\/upload.wikimedia.org\\\/wikipedia\\\/commons\\\/thumb\\\/6\\\/66\\\/Saint-Martin-de-Hinx_-_Eglise.JPG\\\/320px-Saint-Martin-de-Hinx_-_Eglise.JPG&quot;},&quot;category&quot;:&quot;Villes aux alentours&quot;}\">\n\n            <!-- Image + badge cat\u00e9gorie -->\n            <div class=\"em-card-img-wrap\">\n                              <img decoding=\"async\" class=\"em-card-img\" src=\"https:\/\/upload.wikimedia.org\/wikipedia\/commons\/thumb\/6\/66\/Saint-Martin-de-Hinx_-_Eglise.JPG\/320px-Saint-Martin-de-Hinx_-_Eglise.JPG\" alt=\"Saint-Martin-de-Hinx\" loading=\"lazy\" onerror=\"this.style.display='none';this.nextElementSibling.style.display='flex';\">\n                <div class=\"em-card-placeholder\" style=\"display:none;\">\ud83d\udcf7 Image indisponible<\/div>\n                            <span class=\"em-card-badge badge-city\">Villes aux alentours<\/span>\n            <\/div>\n\n            <!-- Contenu de la card -->\n            <div class=\"em-card-body\">\n              <h3 class=\"em-card-title\">Saint-Martin-de-Hinx<\/h3>\n\n              <!-- Tags r\u00e9sum\u00e9s (max 4) -->\n              <div class=\"em-card-tags\">\n                                    <span class=\"em-tag em-tag-blue\">36 km km<\/span>\n                                    <span class=\"em-tag em-tag-orange\">35 min min<\/span>\n                                              <\/div>\n\n              <!-- Champs suppl\u00e9mentaires (max 3) -->\n              <div class=\"em-card-fields\">\n                                  <div class=\"em-card-field\">\n                    <span class=\"em-card-field-label\">Lieux \/ Activit\u00e9s incontournables :<\/span>\n                    <span class=\"em-card-field-value\">\u00c9glise romane, campagne landaise<\/span>\n                  <\/div>\n                                  <div class=\"em-card-field\">\n                    <span class=\"em-card-field-label\">March\u00e9s \/ \u00e9v\u00e9nements locaux :<\/span>\n                    <span class=\"em-card-field-value\">March\u00e9 local occasionnel<\/span>\n                  <\/div>\n                                  <div class=\"em-card-field\">\n                    <span class=\"em-card-field-label\">Restaurants \/ sp\u00e9cialit\u00e9s :<\/span>\n                    <span class=\"em-card-field-value\">Cuisine traditionnelle<\/span>\n                  <\/div>\n                              <\/div>\n\n              <!-- Lien vers le d\u00e9tail -->\n              <div class=\"em-card-footer\">\n                <span>Voir le d\u00e9tail<\/span>\n                <svg fill=\"none\" viewBox=\"0 0 24 24\" stroke=\"currentColor\" stroke-width=\"2\"><path stroke-linecap=\"round\" stroke-linejoin=\"round\" d=\"M13.5 4.5L21 12m0 0l-7.5 7.5M21 12H3\"><\/path><\/svg>\n              <\/div>\n            <\/div>\n          <\/article>\n                  <article class=\"em-card\"\n            data-type=\"city\"\n            data-features=\"\"\n            data-name=\"b\u00e9nesse-maremne\"\n            data-json=\"{&quot;name&quot;:&quot;B\\u00e9nesse-Maremne&quot;,&quot;image&quot;:&quot;https:\\\/\\\/upload.wikimedia.org\\\/wikipedia\\\/commons\\\/thumb\\\/d\\\/d4\\\/B\\u00e9nesse-Maremne_Mairie.jpg\\\/320px-B\\u00e9nesse-Maremne_Mairie.jpg&quot;,&quot;link&quot;:&quot;https:\\\/\\\/www.benesse-maremne.fr&quot;,&quot;data&quot;:{&quot;name&quot;:&quot;B\\u00e9nesse-Maremne&quot;,&quot;distance_kilometers&quot;:&quot;46 km&quot;,&quot;driving_time_minutes&quot;:&quot;40 min&quot;,&quot;must_see_places&quot;:&quot;Parc de loisirs, village traditionnel&quot;,&quot;markets_local_events&quot;:&quot;March\\u00e9 hebdomadaire&quot;,&quot;restaurants_specialities&quot;:&quot;Sp\\u00e9cialit\\u00e9s locales&quot;,&quot;comment&quot;:&quot;Petit village agr\\u00e9able proche de la c\\u00f4te, avec de belles activit\\u00e9s familiales.&quot;,&quot;link&quot;:&quot;https:\\\/\\\/www.benesse-maremne.fr&quot;,&quot;image&quot;:&quot;https:\\\/\\\/upload.wikimedia.org\\\/wikipedia\\\/commons\\\/thumb\\\/d\\\/d4\\\/B\\u00e9nesse-Maremne_Mairie.jpg\\\/320px-B\\u00e9nesse-Maremne_Mairie.jpg&quot;},&quot;category&quot;:&quot;Villes aux alentours&quot;}\">\n\n            <!-- Image + badge cat\u00e9gorie -->\n            <div class=\"em-card-img-wrap\">\n                              <div class=\"em-card-placeholder\">\ud83d\udcf7 Pas d'image<\/div>\n                            <span class=\"em-card-badge badge-city\">Villes aux alentours<\/span>\n            <\/div>\n\n            <!-- Contenu de la card -->\n            <div class=\"em-card-body\">\n              <h3 class=\"em-card-title\">B\u00e9nesse-Maremne<\/h3>\n\n              <!-- Tags r\u00e9sum\u00e9s (max 4) -->\n              <div class=\"em-card-tags\">\n                                    <span class=\"em-tag em-tag-blue\">46 km km<\/span>\n                                    <span class=\"em-tag em-tag-orange\">40 min min<\/span>\n                                              <\/div>\n\n              <!-- Champs suppl\u00e9mentaires (max 3) -->\n              <div class=\"em-card-fields\">\n                                  <div class=\"em-card-field\">\n                    <span class=\"em-card-field-label\">Lieux \/ Activit\u00e9s incontournables :<\/span>\n                    <span class=\"em-card-field-value\">Parc de loisirs, village traditionnel<\/span>\n                  <\/div>\n                                  <div class=\"em-card-field\">\n                    <span class=\"em-card-field-label\">March\u00e9s \/ \u00e9v\u00e9nements locaux :<\/span>\n                    <span class=\"em-card-field-value\">March\u00e9 hebdomadaire<\/span>\n                  <\/div>\n                                  <div class=\"em-card-field\">\n                    <span class=\"em-card-field-label\">Restaurants \/ sp\u00e9cialit\u00e9s :<\/span>\n                    <span class=\"em-card-field-value\">Sp\u00e9cialit\u00e9s locales<\/span>\n                  <\/div>\n                              <\/div>\n\n              <!-- Lien vers le d\u00e9tail -->\n              <div class=\"em-card-footer\">\n                <span>Voir le d\u00e9tail<\/span>\n                <svg fill=\"none\" viewBox=\"0 0 24 24\" stroke=\"currentColor\" stroke-width=\"2\"><path stroke-linecap=\"round\" stroke-linejoin=\"round\" d=\"M13.5 4.5L21 12m0 0l-7.5 7.5M21 12H3\"><\/path><\/svg>\n              <\/div>\n            <\/div>\n          <\/article>\n                  <article class=\"em-card\"\n            data-type=\"city\"\n            data-features=\"\"\n            data-name=\"mugron\"\n            data-json=\"{&quot;name&quot;:&quot;Mugron&quot;,&quot;image&quot;:&quot;https:\\\/\\\/upload.wikimedia.org\\\/wikipedia\\\/commons\\\/thumb\\\/a\\\/a7\\\/Ch\\u00e2teau_de_Mugron_2010-05-05_n2.jpg\\\/320px-Ch\\u00e2teau_de_Mugron_2010-05-05_n2.jpg&quot;,&quot;link&quot;:&quot;https:\\\/\\\/www.mugron.fr&quot;,&quot;data&quot;:{&quot;name&quot;:&quot;Mugron&quot;,&quot;distance_kilometers&quot;:&quot;46 km&quot;,&quot;driving_time_minutes&quot;:&quot;45 min&quot;,&quot;must_see_places&quot;:&quot;Ch\\u00e2teau de Mugron, bourg historique&quot;,&quot;markets_local_events&quot;:&quot;March\\u00e9 du samedi&quot;,&quot;restaurants_specialities&quot;:&quot;Cuisine du Sud-Ouest traditionnelle&quot;,&quot;comment&quot;:&quot;Ville avec un riche patrimoine historique et culturel dans les Landes int\\u00e9rieures.&quot;,&quot;link&quot;:&quot;https:\\\/\\\/www.mugron.fr&quot;,&quot;image&quot;:&quot;https:\\\/\\\/upload.wikimedia.org\\\/wikipedia\\\/commons\\\/thumb\\\/a\\\/a7\\\/Ch\\u00e2teau_de_Mugron_2010-05-05_n2.jpg\\\/320px-Ch\\u00e2teau_de_Mugron_2010-05-05_n2.jpg&quot;},&quot;category&quot;:&quot;Villes aux alentours&quot;}\">\n\n            <!-- Image + badge cat\u00e9gorie -->\n            <div class=\"em-card-img-wrap\">\n                              <div class=\"em-card-placeholder\">\ud83d\udcf7 Pas d'image<\/div>\n                            <span class=\"em-card-badge badge-city\">Villes aux alentours<\/span>\n            <\/div>\n\n            <!-- Contenu de la card -->\n            <div class=\"em-card-body\">\n              <h3 class=\"em-card-title\">Mugron<\/h3>\n\n              <!-- Tags r\u00e9sum\u00e9s (max 4) -->\n              <div class=\"em-card-tags\">\n                                    <span class=\"em-tag em-tag-blue\">46 km km<\/span>\n                                    <span class=\"em-tag em-tag-orange\">45 min min<\/span>\n                                              <\/div>\n\n              <!-- Champs suppl\u00e9mentaires (max 3) -->\n              <div class=\"em-card-fields\">\n                                  <div class=\"em-card-field\">\n                    <span class=\"em-card-field-label\">Lieux \/ Activit\u00e9s incontournables :<\/span>\n                    <span class=\"em-card-field-value\">Ch\u00e2teau de Mugron, bourg historique<\/span>\n                  <\/div>\n                                  <div class=\"em-card-field\">\n                    <span class=\"em-card-field-label\">March\u00e9s \/ \u00e9v\u00e9nements locaux :<\/span>\n                    <span class=\"em-card-field-value\">March\u00e9 du samedi<\/span>\n                  <\/div>\n                                  <div class=\"em-card-field\">\n                    <span class=\"em-card-field-label\">Restaurants \/ sp\u00e9cialit\u00e9s :<\/span>\n                    <span class=\"em-card-field-value\">Cuisine du Sud-Ouest traditionnelle<\/span>\n                  <\/div>\n                              <\/div>\n\n              <!-- Lien vers le d\u00e9tail -->\n              <div class=\"em-card-footer\">\n                <span>Voir le d\u00e9tail<\/span>\n                <svg fill=\"none\" viewBox=\"0 0 24 24\" stroke=\"currentColor\" stroke-width=\"2\"><path stroke-linecap=\"round\" stroke-linejoin=\"round\" d=\"M13.5 4.5L21 12m0 0l-7.5 7.5M21 12H3\"><\/path><\/svg>\n              <\/div>\n            <\/div>\n          <\/article>\n                  <article class=\"em-card\"\n            data-type=\"city\"\n            data-features=\"\"\n            data-name=\"pouillon\"\n            data-json=\"{&quot;name&quot;:&quot;Pouillon&quot;,&quot;image&quot;:&quot;https:\\\/\\\/upload.wikimedia.org\\\/wikipedia\\\/commons\\\/thumb\\\/0\\\/0d\\\/Eglise_de_Pouillon.jpg\\\/320px-Eglise_de_Pouillon.jpg&quot;,&quot;link&quot;:&quot;https:\\\/\\\/www.pouillon.fr&quot;,&quot;data&quot;:{&quot;name&quot;:&quot;Pouillon&quot;,&quot;distance_kilometers&quot;:&quot;38 km&quot;,&quot;driving_time_minutes&quot;:&quot;35 min&quot;,&quot;must_see_places&quot;:&quot;\\u00c9glise Saint-Pierre, monuments historiques&quot;,&quot;markets_local_events&quot;:&quot;March\\u00e9s ponctuels&quot;,&quot;restaurants_specialities&quot;:&quot;Cuisine landaise traditionnelle&quot;,&quot;comment&quot;:&quot;Petit village typique, offrant un cadre de vie calme et pittoresque.&quot;,&quot;link&quot;:&quot;https:\\\/\\\/www.pouillon.fr&quot;,&quot;image&quot;:&quot;https:\\\/\\\/upload.wikimedia.org\\\/wikipedia\\\/commons\\\/thumb\\\/0\\\/0d\\\/Eglise_de_Pouillon.jpg\\\/320px-Eglise_de_Pouillon.jpg&quot;},&quot;category&quot;:&quot;Villes aux alentours&quot;}\">\n\n            <!-- Image + badge cat\u00e9gorie -->\n            <div class=\"em-card-img-wrap\">\n                              <img decoding=\"async\" class=\"em-card-img\" src=\"https:\/\/upload.wikimedia.org\/wikipedia\/commons\/thumb\/0\/0d\/Eglise_de_Pouillon.jpg\/320px-Eglise_de_Pouillon.jpg\" alt=\"Pouillon\" loading=\"lazy\" onerror=\"this.style.display='none';this.nextElementSibling.style.display='flex';\">\n                <div class=\"em-card-placeholder\" style=\"display:none;\">\ud83d\udcf7 Image indisponible<\/div>\n                            <span class=\"em-card-badge badge-city\">Villes aux alentours<\/span>\n            <\/div>\n\n            <!-- Contenu de la card -->\n            <div class=\"em-card-body\">\n              <h3 class=\"em-card-title\">Pouillon<\/h3>\n\n              <!-- Tags r\u00e9sum\u00e9s (max 4) -->\n              <div class=\"em-card-tags\">\n                                    <span class=\"em-tag em-tag-blue\">38 km km<\/span>\n                                    <span class=\"em-tag em-tag-orange\">35 min min<\/span>\n                                              <\/div>\n\n              <!-- Champs suppl\u00e9mentaires (max 3) -->\n              <div class=\"em-card-fields\">\n                                  <div class=\"em-card-field\">\n                    <span class=\"em-card-field-label\">Lieux \/ Activit\u00e9s incontournables :<\/span>\n                    <span class=\"em-card-field-value\">\u00c9glise Saint-Pierre, monuments historiques<\/span>\n                  <\/div>\n                                  <div class=\"em-card-field\">\n                    <span class=\"em-card-field-label\">March\u00e9s \/ \u00e9v\u00e9nements locaux :<\/span>\n                    <span class=\"em-card-field-value\">March\u00e9s ponctuels<\/span>\n                  <\/div>\n                                  <div class=\"em-card-field\">\n                    <span class=\"em-card-field-label\">Restaurants \/ sp\u00e9cialit\u00e9s :<\/span>\n                    <span class=\"em-card-field-value\">Cuisine landaise traditionnelle<\/span>\n                  <\/div>\n                              <\/div>\n\n              <!-- Lien vers le d\u00e9tail -->\n              <div class=\"em-card-footer\">\n                <span>Voir le d\u00e9tail<\/span>\n                <svg fill=\"none\" viewBox=\"0 0 24 24\" stroke=\"currentColor\" stroke-width=\"2\"><path stroke-linecap=\"round\" stroke-linejoin=\"round\" d=\"M13.5 4.5L21 12m0 0l-7.5 7.5M21 12H3\"><\/path><\/svg>\n              <\/div>\n            <\/div>\n          <\/article>\n                  <article class=\"em-card\"\n            data-type=\"city\"\n            data-features=\"\"\n            data-name=\"saint-geours-de-maremne\"\n            data-json=\"{&quot;name&quot;:&quot;Saint-Geours-de-Maremne&quot;,&quot;image&quot;:&quot;https:\\\/\\\/upload.wikimedia.org\\\/wikipedia\\\/commons\\\/thumb\\\/1\\\/1b\\\/Eglise_Saint_Geours_de_Maremne.JPG\\\/320px-Eglise_Saint_Geours_de_Maremne.JPG&quot;,&quot;link&quot;:&quot;https:\\\/\\\/www.saintgeoursdemaremne.fr&quot;,&quot;data&quot;:{&quot;name&quot;:&quot;Saint-Geours-de-Maremne&quot;,&quot;distance_kilometers&quot;:&quot;41 km&quot;,&quot;driving_time_minutes&quot;:&quot;38 min&quot;,&quot;must_see_places&quot;:&quot;\\u00c9glise Saint-Geours, espaces verts&quot;,&quot;markets_local_events&quot;:&quot;March\\u00e9 local&quot;,&quot;restaurants_specialities&quot;:&quot;Sp\\u00e9cialit\\u00e9s r\\u00e9gionales&quot;,&quot;comment&quot;:&quot;Commune rurale avec un esprit convivial proche de la c\\u00f4te Atlantique.&quot;,&quot;link&quot;:&quot;https:\\\/\\\/www.saintgeoursdemaremne.fr&quot;,&quot;image&quot;:&quot;https:\\\/\\\/upload.wikimedia.org\\\/wikipedia\\\/commons\\\/thumb\\\/1\\\/1b\\\/Eglise_Saint_Geours_de_Maremne.JPG\\\/320px-Eglise_Saint_Geours_de_Maremne.JPG&quot;},&quot;category&quot;:&quot;Villes aux alentours&quot;}\">\n\n            <!-- Image + badge cat\u00e9gorie -->\n            <div class=\"em-card-img-wrap\">\n                              <img decoding=\"async\" class=\"em-card-img\" src=\"https:\/\/upload.wikimedia.org\/wikipedia\/commons\/thumb\/1\/1b\/Eglise_Saint_Geours_de_Maremne.JPG\/320px-Eglise_Saint_Geours_de_Maremne.JPG\" alt=\"Saint-Geours-de-Maremne\" loading=\"lazy\" onerror=\"this.style.display='none';this.nextElementSibling.style.display='flex';\">\n                <div class=\"em-card-placeholder\" style=\"display:none;\">\ud83d\udcf7 Image indisponible<\/div>\n                            <span class=\"em-card-badge badge-city\">Villes aux alentours<\/span>\n            <\/div>\n\n            <!-- Contenu de la card -->\n            <div class=\"em-card-body\">\n              <h3 class=\"em-card-title\">Saint-Geours-de-Maremne<\/h3>\n\n              <!-- Tags r\u00e9sum\u00e9s (max 4) -->\n              <div class=\"em-card-tags\">\n                                    <span class=\"em-tag em-tag-blue\">41 km km<\/span>\n                                    <span class=\"em-tag em-tag-orange\">38 min min<\/span>\n                                              <\/div>\n\n              <!-- Champs suppl\u00e9mentaires (max 3) -->\n              <div class=\"em-card-fields\">\n                                  <div class=\"em-card-field\">\n                    <span class=\"em-card-field-label\">Lieux \/ Activit\u00e9s incontournables :<\/span>\n                    <span class=\"em-card-field-value\">\u00c9glise Saint-Geours, espaces verts<\/span>\n                  <\/div>\n                                  <div class=\"em-card-field\">\n                    <span class=\"em-card-field-label\">March\u00e9s \/ \u00e9v\u00e9nements locaux :<\/span>\n                    <span class=\"em-card-field-value\">March\u00e9 local<\/span>\n                  <\/div>\n                                  <div class=\"em-card-field\">\n                    <span class=\"em-card-field-label\">Restaurants \/ sp\u00e9cialit\u00e9s :<\/span>\n                    <span class=\"em-card-field-value\">Sp\u00e9cialit\u00e9s r\u00e9gionales<\/span>\n                  <\/div>\n                              <\/div>\n\n              <!-- Lien vers le d\u00e9tail -->\n              <div class=\"em-card-footer\">\n                <span>Voir le d\u00e9tail<\/span>\n                <svg fill=\"none\" viewBox=\"0 0 24 24\" stroke=\"currentColor\" stroke-width=\"2\"><path stroke-linecap=\"round\" stroke-linejoin=\"round\" d=\"M13.5 4.5L21 12m0 0l-7.5 7.5M21 12H3\"><\/path><\/svg>\n              <\/div>\n            <\/div>\n          <\/article>\n                  <article class=\"em-card\"\n            data-type=\"city\"\n            data-features=\"\"\n            data-name=\"hagetmau\"\n            data-json=\"{&quot;name&quot;:&quot;Hagetmau&quot;,&quot;image&quot;:&quot;https:\\\/\\\/upload.wikimedia.org\\\/wikipedia\\\/commons\\\/thumb\\\/8\\\/86\\\/Hagetmau_place_centrale.JPG\\\/320px-Hagetmau_place_centrale.JPG&quot;,&quot;link&quot;:&quot;https:\\\/\\\/www.hagetmau.fr&quot;,&quot;data&quot;:{&quot;name&quot;:&quot;Hagetmau&quot;,&quot;distance_kilometers&quot;:&quot;60 km&quot;,&quot;driving_time_minutes&quot;:&quot;55 min&quot;,&quot;must_see_places&quot;:&quot;\\u00c9glise Saint-Jean-Baptiste, bastide historique&quot;,&quot;markets_local_events&quot;:&quot;March\\u00e9 le samedi&quot;,&quot;restaurants_specialities&quot;:&quot;Cuisine landaise et sp\\u00e9cialit\\u00e9s locales&quot;,&quot;comment&quot;:&quot;Ville bastide riche en histoire et en architecture m\\u00e9di\\u00e9vale.&quot;,&quot;link&quot;:&quot;https:\\\/\\\/www.hagetmau.fr&quot;,&quot;image&quot;:&quot;https:\\\/\\\/upload.wikimedia.org\\\/wikipedia\\\/commons\\\/thumb\\\/8\\\/86\\\/Hagetmau_place_centrale.JPG\\\/320px-Hagetmau_place_centrale.JPG&quot;},&quot;category&quot;:&quot;Villes aux alentours&quot;}\">\n\n            <!-- Image + badge cat\u00e9gorie -->\n            <div class=\"em-card-img-wrap\">\n                              <img decoding=\"async\" class=\"em-card-img\" src=\"https:\/\/upload.wikimedia.org\/wikipedia\/commons\/thumb\/8\/86\/Hagetmau_place_centrale.JPG\/320px-Hagetmau_place_centrale.JPG\" alt=\"Hagetmau\" loading=\"lazy\" onerror=\"this.style.display='none';this.nextElementSibling.style.display='flex';\">\n                <div class=\"em-card-placeholder\" style=\"display:none;\">\ud83d\udcf7 Image indisponible<\/div>\n                            <span class=\"em-card-badge badge-city\">Villes aux alentours<\/span>\n            <\/div>\n\n            <!-- Contenu de la card -->\n            <div class=\"em-card-body\">\n              <h3 class=\"em-card-title\">Hagetmau<\/h3>\n\n              <!-- Tags r\u00e9sum\u00e9s (max 4) -->\n              <div class=\"em-card-tags\">\n                                    <span class=\"em-tag em-tag-blue\">60 km km<\/span>\n                                    <span class=\"em-tag em-tag-orange\">55 min min<\/span>\n                                              <\/div>\n\n              <!-- Champs suppl\u00e9mentaires (max 3) -->\n              <div class=\"em-card-fields\">\n                                  <div class=\"em-card-field\">\n                    <span class=\"em-card-field-label\">Lieux \/ Activit\u00e9s incontournables :<\/span>\n                    <span class=\"em-card-field-value\">\u00c9glise Saint-Jean-Baptiste, bastide historique<\/span>\n                  <\/div>\n                                  <div class=\"em-card-field\">\n                    <span class=\"em-card-field-label\">March\u00e9s \/ \u00e9v\u00e9nements locaux :<\/span>\n                    <span class=\"em-card-field-value\">March\u00e9 le samedi<\/span>\n                  <\/div>\n                                  <div class=\"em-card-field\">\n                    <span class=\"em-card-field-label\">Restaurants \/ sp\u00e9cialit\u00e9s :<\/span>\n                    <span class=\"em-card-field-value\">Cuisine landaise et sp\u00e9cialit\u00e9s locales<\/span>\n                  <\/div>\n                              <\/div>\n\n              <!-- Lien vers le d\u00e9tail -->\n              <div class=\"em-card-footer\">\n                <span>Voir le d\u00e9tail<\/span>\n                <svg fill=\"none\" viewBox=\"0 0 24 24\" stroke=\"currentColor\" stroke-width=\"2\"><path stroke-linecap=\"round\" stroke-linejoin=\"round\" d=\"M13.5 4.5L21 12m0 0l-7.5 7.5M21 12H3\"><\/path><\/svg>\n              <\/div>\n            <\/div>\n          <\/article>\n                  <article class=\"em-card\"\n            data-type=\"city\"\n            data-features=\"\"\n            data-name=\"saint-\u00c9tienne-d&#039;orthe\"\n            data-json=\"{&quot;name&quot;:&quot;Saint-\\u00c9tienne-d&#039;Orthe&quot;,&quot;image&quot;:&quot;&quot;,&quot;link&quot;:&quot;https:\\\/\\\/fr.wikipedia.org\\\/wiki\\\/Saint-%C3%89tienne-d%27Orthe&quot;,&quot;data&quot;:{&quot;name&quot;:&quot;Saint-\\u00c9tienne-d&#039;Orthe&quot;,&quot;distance_kilometers&quot;:&quot;37 km&quot;,&quot;driving_time_minutes&quot;:&quot;35 min&quot;,&quot;must_see_places&quot;:&quot;\\u00c9glise Saint-\\u00c9tienne, site naturel de l&#039;Adour&quot;,&quot;markets_local_events&quot;:&quot;March\\u00e9 local hebdomadaire, f\\u00eates traditionnelles&quot;,&quot;restaurants_specialities&quot;:&quot;Sp\\u00e9cialit\\u00e9s basques et landaises&quot;,&quot;comment&quot;:&quot;Petit village authentique au nord des Landes, offrant un cadre naturel pr\\u00e9serv\\u00e9.&quot;,&quot;link&quot;:&quot;https:\\\/\\\/fr.wikipedia.org\\\/wiki\\\/Saint-%C3%89tienne-d%27Orthe&quot;,&quot;image&quot;:&quot;&quot;},&quot;category&quot;:&quot;Villes aux alentours&quot;}\">\n\n            <!-- Image + badge cat\u00e9gorie -->\n            <div class=\"em-card-img-wrap\">\n                              <div class=\"em-card-placeholder\">\ud83d\udcf7 Pas d'image<\/div>\n                            <span class=\"em-card-badge badge-city\">Villes aux alentours<\/span>\n            <\/div>\n\n            <!-- Contenu de la card -->\n            <div class=\"em-card-body\">\n              <h3 class=\"em-card-title\">Saint-\u00c9tienne-d&#039;Orthe<\/h3>\n\n              <!-- Tags r\u00e9sum\u00e9s (max 4) -->\n              <div class=\"em-card-tags\">\n                                    <span class=\"em-tag em-tag-blue\">37 km km<\/span>\n                                    <span class=\"em-tag em-tag-orange\">35 min min<\/span>\n                                              <\/div>\n\n              <!-- Champs suppl\u00e9mentaires (max 3) -->\n              <div class=\"em-card-fields\">\n                                  <div class=\"em-card-field\">\n                    <span class=\"em-card-field-label\">Lieux \/ Activit\u00e9s incontournables :<\/span>\n                    <span class=\"em-card-field-value\">\u00c9glise Saint-\u00c9tienne, site naturel de l&#039;Adour<\/span>\n                  <\/div>\n                                  <div class=\"em-card-field\">\n                    <span class=\"em-card-field-label\">March\u00e9s \/ \u00e9v\u00e9nements locaux :<\/span>\n                    <span class=\"em-card-field-value\">March\u00e9 local hebdomadaire, f\u00eates traditionnelles<\/span>\n                  <\/div>\n                                  <div class=\"em-card-field\">\n                    <span class=\"em-card-field-label\">Restaurants \/ sp\u00e9cialit\u00e9s :<\/span>\n                    <span class=\"em-card-field-value\">Sp\u00e9cialit\u00e9s basques et landaises<\/span>\n                  <\/div>\n                              <\/div>\n\n              <!-- Lien vers le d\u00e9tail -->\n              <div class=\"em-card-footer\">\n                <span>Voir le d\u00e9tail<\/span>\n                <svg fill=\"none\" viewBox=\"0 0 24 24\" stroke=\"currentColor\" stroke-width=\"2\"><path stroke-linecap=\"round\" stroke-linejoin=\"round\" d=\"M13.5 4.5L21 12m0 0l-7.5 7.5M21 12H3\"><\/path><\/svg>\n              <\/div>\n            <\/div>\n          <\/article>\n                  <article class=\"em-card\"\n            data-type=\"city\"\n            data-features=\"\"\n            data-name=\"saint-vincent-de-paul (landes)\"\n            data-json=\"{&quot;name&quot;:&quot;Saint-Vincent-de-Paul (Landes)&quot;,&quot;image&quot;:&quot;&quot;,&quot;link&quot;:&quot;https:\\\/\\\/fr.wikipedia.org\\\/wiki\\\/Saint-Vincent-de-Paul_(Landes)&quot;,&quot;data&quot;:{&quot;name&quot;:&quot;Saint-Vincent-de-Paul (Landes)&quot;,&quot;distance_kilometers&quot;:&quot;30 km&quot;,&quot;driving_time_minutes&quot;:&quot;30 min&quot;,&quot;must_see_places&quot;:&quot;\\u00c9glise Saint-Vincent, promenades en for\\u00eat&quot;,&quot;markets_local_events&quot;:&quot;March\\u00e9 mensuel, manifestations culturelles&quot;,&quot;restaurants_specialities&quot;:&quot;Cuisine landaise traditionnelle&quot;,&quot;comment&quot;:&quot;Commune entour\\u00e9e de for\\u00eats, typique des Landes, calme et nature.&quot;,&quot;link&quot;:&quot;https:\\\/\\\/fr.wikipedia.org\\\/wiki\\\/Saint-Vincent-de-Paul_(Landes)&quot;,&quot;image&quot;:&quot;&quot;},&quot;category&quot;:&quot;Villes aux alentours&quot;}\">\n\n            <!-- Image + badge cat\u00e9gorie -->\n            <div class=\"em-card-img-wrap\">\n                              <div class=\"em-card-placeholder\">\ud83d\udcf7 Pas d'image<\/div>\n                            <span class=\"em-card-badge badge-city\">Villes aux alentours<\/span>\n            <\/div>\n\n            <!-- Contenu de la card -->\n            <div class=\"em-card-body\">\n              <h3 class=\"em-card-title\">Saint-Vincent-de-Paul (Landes)<\/h3>\n\n              <!-- Tags r\u00e9sum\u00e9s (max 4) -->\n              <div class=\"em-card-tags\">\n                                    <span class=\"em-tag em-tag-blue\">30 km km<\/span>\n                                    <span class=\"em-tag em-tag-orange\">30 min min<\/span>\n                                              <\/div>\n\n              <!-- Champs suppl\u00e9mentaires (max 3) -->\n              <div class=\"em-card-fields\">\n                                  <div class=\"em-card-field\">\n                    <span class=\"em-card-field-label\">Lieux \/ Activit\u00e9s incontournables :<\/span>\n                    <span class=\"em-card-field-value\">\u00c9glise Saint-Vincent, promenades en for\u00eat<\/span>\n                  <\/div>\n                                  <div class=\"em-card-field\">\n                    <span class=\"em-card-field-label\">March\u00e9s \/ \u00e9v\u00e9nements locaux :<\/span>\n                    <span class=\"em-card-field-value\">March\u00e9 mensuel, manifestations culturelles<\/span>\n                  <\/div>\n                                  <div class=\"em-card-field\">\n                    <span class=\"em-card-field-label\">Restaurants \/ sp\u00e9cialit\u00e9s :<\/span>\n                    <span class=\"em-card-field-value\">Cuisine landaise traditionnelle<\/span>\n                  <\/div>\n                              <\/div>\n\n              <!-- Lien vers le d\u00e9tail -->\n              <div class=\"em-card-footer\">\n                <span>Voir le d\u00e9tail<\/span>\n                <svg fill=\"none\" viewBox=\"0 0 24 24\" stroke=\"currentColor\" stroke-width=\"2\"><path stroke-linecap=\"round\" stroke-linejoin=\"round\" d=\"M13.5 4.5L21 12m0 0l-7.5 7.5M21 12H3\"><\/path><\/svg>\n              <\/div>\n            <\/div>\n          <\/article>\n                  <article class=\"em-card\"\n            data-type=\"city\"\n            data-features=\"\"\n            data-name=\"le leuy\"\n            data-json=\"{&quot;name&quot;:&quot;Le Leuy&quot;,&quot;image&quot;:&quot;&quot;,&quot;link&quot;:&quot;https:\\\/\\\/fr.wikipedia.org\\\/wiki\\\/Le_Leuy&quot;,&quot;data&quot;:{&quot;name&quot;:&quot;Le Leuy&quot;,&quot;distance_kilometers&quot;:&quot;28 km&quot;,&quot;driving_time_minutes&quot;:&quot;25 min&quot;,&quot;must_see_places&quot;:&quot;\\u00c9glise Saint-Michel, for\\u00eats de pins&quot;,&quot;markets_local_events&quot;:&quot;March\\u00e9s artisanaux, festivals locaux&quot;,&quot;restaurants_specialities&quot;:&quot;Sp\\u00e9cialit\\u00e9s du Sud-Ouest&quot;,&quot;comment&quot;:&quot;Village landais paisible, id\\u00e9al pour la randonn\\u00e9e.&quot;,&quot;link&quot;:&quot;https:\\\/\\\/fr.wikipedia.org\\\/wiki\\\/Le_Leuy&quot;,&quot;image&quot;:&quot;&quot;},&quot;category&quot;:&quot;Villes aux alentours&quot;}\">\n\n            <!-- Image + badge cat\u00e9gorie -->\n            <div class=\"em-card-img-wrap\">\n                              <div class=\"em-card-placeholder\">\ud83d\udcf7 Pas d'image<\/div>\n                            <span class=\"em-card-badge badge-city\">Villes aux alentours<\/span>\n            <\/div>\n\n            <!-- Contenu de la card -->\n            <div class=\"em-card-body\">\n              <h3 class=\"em-card-title\">Le Leuy<\/h3>\n\n              <!-- Tags r\u00e9sum\u00e9s (max 4) -->\n              <div class=\"em-card-tags\">\n                                    <span class=\"em-tag em-tag-blue\">28 km km<\/span>\n                                    <span class=\"em-tag em-tag-orange\">25 min min<\/span>\n                                              <\/div>\n\n              <!-- Champs suppl\u00e9mentaires (max 3) -->\n              <div class=\"em-card-fields\">\n                                  <div class=\"em-card-field\">\n                    <span class=\"em-card-field-label\">Lieux \/ Activit\u00e9s incontournables :<\/span>\n                    <span class=\"em-card-field-value\">\u00c9glise Saint-Michel, for\u00eats de pins<\/span>\n                  <\/div>\n                                  <div class=\"em-card-field\">\n                    <span class=\"em-card-field-label\">March\u00e9s \/ \u00e9v\u00e9nements locaux :<\/span>\n                    <span class=\"em-card-field-value\">March\u00e9s artisanaux, festivals locaux<\/span>\n                  <\/div>\n                                  <div class=\"em-card-field\">\n                    <span class=\"em-card-field-label\">Restaurants \/ sp\u00e9cialit\u00e9s :<\/span>\n                    <span class=\"em-card-field-value\">Sp\u00e9cialit\u00e9s du Sud-Ouest<\/span>\n                  <\/div>\n                              <\/div>\n\n              <!-- Lien vers le d\u00e9tail -->\n              <div class=\"em-card-footer\">\n                <span>Voir le d\u00e9tail<\/span>\n                <svg fill=\"none\" viewBox=\"0 0 24 24\" stroke=\"currentColor\" stroke-width=\"2\"><path stroke-linecap=\"round\" stroke-linejoin=\"round\" d=\"M13.5 4.5L21 12m0 0l-7.5 7.5M21 12H3\"><\/path><\/svg>\n              <\/div>\n            <\/div>\n          <\/article>\n                  <article class=\"em-card\"\n            data-type=\"city\"\n            data-features=\"\"\n            data-name=\"sorde-l&#039;abbaye\"\n            data-json=\"{&quot;name&quot;:&quot;Sorde-l&#039;Abbaye&quot;,&quot;image&quot;:&quot;&quot;,&quot;link&quot;:&quot;https:\\\/\\\/fr.wikipedia.org\\\/wiki\\\/Sorde-l%27Abbaye&quot;,&quot;data&quot;:{&quot;name&quot;:&quot;Sorde-l&#039;Abbaye&quot;,&quot;distance_kilometers&quot;:&quot;34 km&quot;,&quot;driving_time_minutes&quot;:&quot;32 min&quot;,&quot;must_see_places&quot;:&quot;Abbaye de Sorde, Mus\\u00e9e des traditions locales&quot;,&quot;markets_local_events&quot;:&quot;March\\u00e9 hebdomadaire, f\\u00eates historiques&quot;,&quot;restaurants_specialities&quot;:&quot;Cuisine b\\u00e9arnaise et landaise&quot;,&quot;comment&quot;:&quot;Village historique avec patrimoine religieux remarquable.&quot;,&quot;link&quot;:&quot;https:\\\/\\\/fr.wikipedia.org\\\/wiki\\\/Sorde-l%27Abbaye&quot;,&quot;image&quot;:&quot;&quot;},&quot;category&quot;:&quot;Villes aux alentours&quot;}\">\n\n            <!-- Image + badge cat\u00e9gorie -->\n            <div class=\"em-card-img-wrap\">\n                              <div class=\"em-card-placeholder\">\ud83d\udcf7 Pas d'image<\/div>\n                            <span class=\"em-card-badge badge-city\">Villes aux alentours<\/span>\n            <\/div>\n\n            <!-- Contenu de la card -->\n            <div class=\"em-card-body\">\n              <h3 class=\"em-card-title\">Sorde-l&#039;Abbaye<\/h3>\n\n              <!-- Tags r\u00e9sum\u00e9s (max 4) -->\n              <div class=\"em-card-tags\">\n                                    <span class=\"em-tag em-tag-blue\">34 km km<\/span>\n                                    <span class=\"em-tag em-tag-orange\">32 min min<\/span>\n                                              <\/div>\n\n              <!-- Champs suppl\u00e9mentaires (max 3) -->\n              <div class=\"em-card-fields\">\n                                  <div class=\"em-card-field\">\n                    <span class=\"em-card-field-label\">Lieux \/ Activit\u00e9s incontournables :<\/span>\n                    <span class=\"em-card-field-value\">Abbaye de Sorde, Mus\u00e9e des traditions locales<\/span>\n                  <\/div>\n                                  <div class=\"em-card-field\">\n                    <span class=\"em-card-field-label\">March\u00e9s \/ \u00e9v\u00e9nements locaux :<\/span>\n                    <span class=\"em-card-field-value\">March\u00e9 hebdomadaire, f\u00eates historiques<\/span>\n                  <\/div>\n                                  <div class=\"em-card-field\">\n                    <span class=\"em-card-field-label\">Restaurants \/ sp\u00e9cialit\u00e9s :<\/span>\n                    <span class=\"em-card-field-value\">Cuisine b\u00e9arnaise et landaise<\/span>\n                  <\/div>\n                              <\/div>\n\n              <!-- Lien vers le d\u00e9tail -->\n              <div class=\"em-card-footer\">\n                <span>Voir le d\u00e9tail<\/span>\n                <svg fill=\"none\" viewBox=\"0 0 24 24\" stroke=\"currentColor\" stroke-width=\"2\"><path stroke-linecap=\"round\" stroke-linejoin=\"round\" d=\"M13.5 4.5L21 12m0 0l-7.5 7.5M21 12H3\"><\/path><\/svg>\n              <\/div>\n            <\/div>\n          <\/article>\n                  <article class=\"em-card\"\n            data-type=\"city\"\n            data-features=\"\"\n            data-name=\"saint-gein\"\n            data-json=\"{&quot;name&quot;:&quot;Saint-Gein&quot;,&quot;image&quot;:&quot;&quot;,&quot;link&quot;:&quot;https:\\\/\\\/www.landes.fr&quot;,&quot;data&quot;:{&quot;name&quot;:&quot;Saint-Gein&quot;,&quot;distance_kilometers&quot;:&quot;40 km&quot;,&quot;driving_time_minutes&quot;:&quot;38 min&quot;,&quot;must_see_places&quot;:&quot;\\u00c9glise Saint-Gein, balade nature&quot;,&quot;markets_local_events&quot;:&quot;March\\u00e9s de producteurs, \\u00e9v\\u00e9nements culturels&quot;,&quot;restaurants_specialities&quot;:&quot;Plats r\\u00e9gionaux landais&quot;,&quot;comment&quot;:&quot;Petit village typique du d\\u00e9partement des Landes.&quot;,&quot;link&quot;:&quot;https:\\\/\\\/www.landes.fr&quot;,&quot;image&quot;:&quot;&quot;},&quot;category&quot;:&quot;Villes aux alentours&quot;}\">\n\n            <!-- Image + badge cat\u00e9gorie -->\n            <div class=\"em-card-img-wrap\">\n                              <div class=\"em-card-placeholder\">\ud83d\udcf7 Pas d'image<\/div>\n                            <span class=\"em-card-badge badge-city\">Villes aux alentours<\/span>\n            <\/div>\n\n            <!-- Contenu de la card -->\n            <div class=\"em-card-body\">\n              <h3 class=\"em-card-title\">Saint-Gein<\/h3>\n\n              <!-- Tags r\u00e9sum\u00e9s (max 4) -->\n              <div class=\"em-card-tags\">\n                                    <span class=\"em-tag em-tag-blue\">40 km km<\/span>\n                                    <span class=\"em-tag em-tag-orange\">38 min min<\/span>\n                                              <\/div>\n\n              <!-- Champs suppl\u00e9mentaires (max 3) -->\n              <div class=\"em-card-fields\">\n                                  <div class=\"em-card-field\">\n                    <span class=\"em-card-field-label\">Lieux \/ Activit\u00e9s incontournables :<\/span>\n                    <span class=\"em-card-field-value\">\u00c9glise Saint-Gein, balade nature<\/span>\n                  <\/div>\n                                  <div class=\"em-card-field\">\n                    <span class=\"em-card-field-label\">March\u00e9s \/ \u00e9v\u00e9nements locaux :<\/span>\n                    <span class=\"em-card-field-value\">March\u00e9s de producteurs, \u00e9v\u00e9nements culturels<\/span>\n                  <\/div>\n                                  <div class=\"em-card-field\">\n                    <span class=\"em-card-field-label\">Restaurants \/ sp\u00e9cialit\u00e9s :<\/span>\n                    <span class=\"em-card-field-value\">Plats r\u00e9gionaux landais<\/span>\n                  <\/div>\n                              <\/div>\n\n              <!-- Lien vers le d\u00e9tail -->\n              <div class=\"em-card-footer\">\n                <span>Voir le d\u00e9tail<\/span>\n                <svg fill=\"none\" viewBox=\"0 0 24 24\" stroke=\"currentColor\" stroke-width=\"2\"><path stroke-linecap=\"round\" stroke-linejoin=\"round\" d=\"M13.5 4.5L21 12m0 0l-7.5 7.5M21 12H3\"><\/path><\/svg>\n              <\/div>\n            <\/div>\n          <\/article>\n                  <article class=\"em-card\"\n            data-type=\"city\"\n            data-features=\"\"\n            data-name=\"mugron\"\n            data-json=\"{&quot;name&quot;:&quot;Mugron&quot;,&quot;image&quot;:&quot;&quot;,&quot;link&quot;:&quot;https:\\\/\\\/fr.wikipedia.org\\\/wiki\\\/Mugron&quot;,&quot;data&quot;:{&quot;name&quot;:&quot;Mugron&quot;,&quot;distance_kilometers&quot;:&quot;48 km&quot;,&quot;driving_time_minutes&quot;:&quot;45 min&quot;,&quot;must_see_places&quot;:&quot;Ch\\u00e2teau de Mugron, centre historique&quot;,&quot;markets_local_events&quot;:&quot;March\\u00e9 traditionnel, festival de musique&quot;,&quot;restaurants_specialities&quot;:&quot;Cuisine gasconne&quot;,&quot;comment&quot;:&quot;Ville \\u00e0 l&#039;ambiance conviviale avec un riche patrimoine.&quot;,&quot;link&quot;:&quot;https:\\\/\\\/fr.wikipedia.org\\\/wiki\\\/Mugron&quot;,&quot;image&quot;:&quot;&quot;},&quot;category&quot;:&quot;Villes aux alentours&quot;}\">\n\n            <!-- Image + badge cat\u00e9gorie -->\n            <div class=\"em-card-img-wrap\">\n                              <div class=\"em-card-placeholder\">\ud83d\udcf7 Pas d'image<\/div>\n                            <span class=\"em-card-badge badge-city\">Villes aux alentours<\/span>\n            <\/div>\n\n            <!-- Contenu de la card -->\n            <div class=\"em-card-body\">\n              <h3 class=\"em-card-title\">Mugron<\/h3>\n\n              <!-- Tags r\u00e9sum\u00e9s (max 4) -->\n              <div class=\"em-card-tags\">\n                                    <span class=\"em-tag em-tag-blue\">48 km km<\/span>\n                                    <span class=\"em-tag em-tag-orange\">45 min min<\/span>\n                                              <\/div>\n\n              <!-- Champs suppl\u00e9mentaires (max 3) -->\n              <div class=\"em-card-fields\">\n                                  <div class=\"em-card-field\">\n                    <span class=\"em-card-field-label\">Lieux \/ Activit\u00e9s incontournables :<\/span>\n                    <span class=\"em-card-field-value\">Ch\u00e2teau de Mugron, centre historique<\/span>\n                  <\/div>\n                                  <div class=\"em-card-field\">\n                    <span class=\"em-card-field-label\">March\u00e9s \/ \u00e9v\u00e9nements locaux :<\/span>\n                    <span class=\"em-card-field-value\">March\u00e9 traditionnel, festival de musique<\/span>\n                  <\/div>\n                                  <div class=\"em-card-field\">\n                    <span class=\"em-card-field-label\">Restaurants \/ sp\u00e9cialit\u00e9s :<\/span>\n                    <span class=\"em-card-field-value\">Cuisine gasconne<\/span>\n                  <\/div>\n                              <\/div>\n\n              <!-- Lien vers le d\u00e9tail -->\n              <div class=\"em-card-footer\">\n                <span>Voir le d\u00e9tail<\/span>\n                <svg fill=\"none\" viewBox=\"0 0 24 24\" stroke=\"currentColor\" stroke-width=\"2\"><path stroke-linecap=\"round\" stroke-linejoin=\"round\" d=\"M13.5 4.5L21 12m0 0l-7.5 7.5M21 12H3\"><\/path><\/svg>\n              <\/div>\n            <\/div>\n          <\/article>\n                  <article class=\"em-card\"\n            data-type=\"city\"\n            data-features=\"\"\n            data-name=\"saint-martin-de-seignanx\"\n            data-json=\"{&quot;name&quot;:&quot;Saint-Martin-de-Seignanx&quot;,&quot;image&quot;:&quot;&quot;,&quot;link&quot;:&quot;https:\\\/\\\/fr.wikipedia.org\\\/wiki\\\/Saint-Martin-de-Seignanx&quot;,&quot;data&quot;:{&quot;name&quot;:&quot;Saint-Martin-de-Seignanx&quot;,&quot;distance_kilometers&quot;:&quot;50 km&quot;,&quot;driving_time_minutes&quot;:&quot;48 min&quot;,&quot;must_see_places&quot;:&quot;Chapelle Saint-Martin, \\u00e9v\\u00e9nements sportifs&quot;,&quot;markets_local_events&quot;:&quot;March\\u00e9 du jeudi, foires locales&quot;,&quot;restaurants_specialities&quot;:&quot;Sp\\u00e9cialit\\u00e9s basques et landaises&quot;,&quot;comment&quot;:&quot;Ville dynamique proche de l&#039;oc\\u00e9an Atlantique.&quot;,&quot;link&quot;:&quot;https:\\\/\\\/fr.wikipedia.org\\\/wiki\\\/Saint-Martin-de-Seignanx&quot;,&quot;image&quot;:&quot;&quot;},&quot;category&quot;:&quot;Villes aux alentours&quot;}\">\n\n            <!-- Image + badge cat\u00e9gorie -->\n            <div class=\"em-card-img-wrap\">\n                              <div class=\"em-card-placeholder\">\ud83d\udcf7 Pas d'image<\/div>\n                            <span class=\"em-card-badge badge-city\">Villes aux alentours<\/span>\n            <\/div>\n\n            <!-- Contenu de la card -->\n            <div class=\"em-card-body\">\n              <h3 class=\"em-card-title\">Saint-Martin-de-Seignanx<\/h3>\n\n              <!-- Tags r\u00e9sum\u00e9s (max 4) -->\n              <div class=\"em-card-tags\">\n                                    <span class=\"em-tag em-tag-blue\">50 km km<\/span>\n                                    <span class=\"em-tag em-tag-orange\">48 min min<\/span>\n                                              <\/div>\n\n              <!-- Champs suppl\u00e9mentaires (max 3) -->\n              <div class=\"em-card-fields\">\n                                  <div class=\"em-card-field\">\n                    <span class=\"em-card-field-label\">Lieux \/ Activit\u00e9s incontournables :<\/span>\n                    <span class=\"em-card-field-value\">Chapelle Saint-Martin, \u00e9v\u00e9nements sportifs<\/span>\n                  <\/div>\n                                  <div class=\"em-card-field\">\n                    <span class=\"em-card-field-label\">March\u00e9s \/ \u00e9v\u00e9nements locaux :<\/span>\n                    <span class=\"em-card-field-value\">March\u00e9 du jeudi, foires locales<\/span>\n                  <\/div>\n                                  <div class=\"em-card-field\">\n                    <span class=\"em-card-field-label\">Restaurants \/ sp\u00e9cialit\u00e9s :<\/span>\n                    <span class=\"em-card-field-value\">Sp\u00e9cialit\u00e9s basques et landaises<\/span>\n                  <\/div>\n                              <\/div>\n\n              <!-- Lien vers le d\u00e9tail -->\n              <div class=\"em-card-footer\">\n                <span>Voir le d\u00e9tail<\/span>\n                <svg fill=\"none\" viewBox=\"0 0 24 24\" stroke=\"currentColor\" stroke-width=\"2\"><path stroke-linecap=\"round\" stroke-linejoin=\"round\" d=\"M13.5 4.5L21 12m0 0l-7.5 7.5M21 12H3\"><\/path><\/svg>\n              <\/div>\n            <\/div>\n          <\/article>\n                  <article class=\"em-card\"\n            data-type=\"city\"\n            data-features=\"\"\n            data-name=\"tosse\"\n            data-json=\"{&quot;name&quot;:&quot;Tosse&quot;,&quot;image&quot;:&quot;&quot;,&quot;link&quot;:&quot;https:\\\/\\\/fr.wikipedia.org\\\/wiki\\\/Tosse&quot;,&quot;data&quot;:{&quot;name&quot;:&quot;Tosse&quot;,&quot;distance_kilometers&quot;:&quot;38 km&quot;,&quot;driving_time_minutes&quot;:&quot;35 min&quot;,&quot;must_see_places&quot;:&quot;\\u00c9glises, espaces naturels prot\\u00e9g\\u00e9s&quot;,&quot;markets_local_events&quot;:&quot;March\\u00e9s locaux, festivals&quot;,&quot;restaurants_specialities&quot;:&quot;Cuisine landaise traditionnelle&quot;,&quot;comment&quot;:&quot;Commune rurale offrant un cadre naturel calme.&quot;,&quot;link&quot;:&quot;https:\\\/\\\/fr.wikipedia.org\\\/wiki\\\/Tosse&quot;,&quot;image&quot;:&quot;&quot;},&quot;category&quot;:&quot;Villes aux alentours&quot;}\">\n\n            <!-- Image + badge cat\u00e9gorie -->\n            <div class=\"em-card-img-wrap\">\n                              <div class=\"em-card-placeholder\">\ud83d\udcf7 Pas d'image<\/div>\n                            <span class=\"em-card-badge badge-city\">Villes aux alentours<\/span>\n            <\/div>\n\n            <!-- Contenu de la card -->\n            <div class=\"em-card-body\">\n              <h3 class=\"em-card-title\">Tosse<\/h3>\n\n              <!-- Tags r\u00e9sum\u00e9s (max 4) -->\n              <div class=\"em-card-tags\">\n                                    <span class=\"em-tag em-tag-blue\">38 km km<\/span>\n                                    <span class=\"em-tag em-tag-orange\">35 min min<\/span>\n                                              <\/div>\n\n              <!-- Champs suppl\u00e9mentaires (max 3) -->\n              <div class=\"em-card-fields\">\n                                  <div class=\"em-card-field\">\n                    <span class=\"em-card-field-label\">Lieux \/ Activit\u00e9s incontournables :<\/span>\n                    <span class=\"em-card-field-value\">\u00c9glises, espaces naturels prot\u00e9g\u00e9s<\/span>\n                  <\/div>\n                                  <div class=\"em-card-field\">\n                    <span class=\"em-card-field-label\">March\u00e9s \/ \u00e9v\u00e9nements locaux :<\/span>\n                    <span class=\"em-card-field-value\">March\u00e9s locaux, festivals<\/span>\n                  <\/div>\n                                  <div class=\"em-card-field\">\n                    <span class=\"em-card-field-label\">Restaurants \/ sp\u00e9cialit\u00e9s :<\/span>\n                    <span class=\"em-card-field-value\">Cuisine landaise traditionnelle<\/span>\n                  <\/div>\n                              <\/div>\n\n              <!-- Lien vers le d\u00e9tail -->\n              <div class=\"em-card-footer\">\n                <span>Voir le d\u00e9tail<\/span>\n                <svg fill=\"none\" viewBox=\"0 0 24 24\" stroke=\"currentColor\" stroke-width=\"2\"><path stroke-linecap=\"round\" stroke-linejoin=\"round\" d=\"M13.5 4.5L21 12m0 0l-7.5 7.5M21 12H3\"><\/path><\/svg>\n              <\/div>\n            <\/div>\n          <\/article>\n                  <article class=\"em-card\"\n            data-type=\"city\"\n            data-features=\"\"\n            data-name=\"saint-lon-les-mines\"\n            data-json=\"{&quot;name&quot;:&quot;Saint-Lon-les-Mines&quot;,&quot;image&quot;:&quot;&quot;,&quot;link&quot;:&quot;https:\\\/\\\/fr.wikipedia.org\\\/wiki\\\/Saint-Lon-les-Mines&quot;,&quot;data&quot;:{&quot;name&quot;:&quot;Saint-Lon-les-Mines&quot;,&quot;distance_kilometers&quot;:&quot;46 km&quot;,&quot;driving_time_minutes&quot;:&quot;44 min&quot;,&quot;must_see_places&quot;:&quot;Mus\\u00e9e de la mine, Eglise Saint-Lon&quot;,&quot;markets_local_events&quot;:&quot;March\\u00e9s, f\\u00eates du village&quot;,&quot;restaurants_specialities&quot;:&quot;Plats r\\u00e9gionaux&quot;,&quot;comment&quot;:&quot;Village minier au pass\\u00e9 historique int\\u00e9ressant.&quot;,&quot;link&quot;:&quot;https:\\\/\\\/fr.wikipedia.org\\\/wiki\\\/Saint-Lon-les-Mines&quot;,&quot;image&quot;:&quot;&quot;},&quot;category&quot;:&quot;Villes aux alentours&quot;}\">\n\n            <!-- Image + badge cat\u00e9gorie -->\n            <div class=\"em-card-img-wrap\">\n                              <div class=\"em-card-placeholder\">\ud83d\udcf7 Pas d'image<\/div>\n                            <span class=\"em-card-badge badge-city\">Villes aux alentours<\/span>\n            <\/div>\n\n            <!-- Contenu de la card -->\n            <div class=\"em-card-body\">\n              <h3 class=\"em-card-title\">Saint-Lon-les-Mines<\/h3>\n\n              <!-- Tags r\u00e9sum\u00e9s (max 4) -->\n              <div class=\"em-card-tags\">\n                                    <span class=\"em-tag em-tag-blue\">46 km km<\/span>\n                                    <span class=\"em-tag em-tag-orange\">44 min min<\/span>\n                                              <\/div>\n\n              <!-- Champs suppl\u00e9mentaires (max 3) -->\n              <div class=\"em-card-fields\">\n                                  <div class=\"em-card-field\">\n                    <span class=\"em-card-field-label\">Lieux \/ Activit\u00e9s incontournables :<\/span>\n                    <span class=\"em-card-field-value\">Mus\u00e9e de la mine, Eglise Saint-Lon<\/span>\n                  <\/div>\n                                  <div class=\"em-card-field\">\n                    <span class=\"em-card-field-label\">March\u00e9s \/ \u00e9v\u00e9nements locaux :<\/span>\n                    <span class=\"em-card-field-value\">March\u00e9s, f\u00eates du village<\/span>\n                  <\/div>\n                                  <div class=\"em-card-field\">\n                    <span class=\"em-card-field-label\">Restaurants \/ sp\u00e9cialit\u00e9s :<\/span>\n                    <span class=\"em-card-field-value\">Plats r\u00e9gionaux<\/span>\n                  <\/div>\n                              <\/div>\n\n              <!-- Lien vers le d\u00e9tail -->\n              <div class=\"em-card-footer\">\n                <span>Voir le d\u00e9tail<\/span>\n                <svg fill=\"none\" viewBox=\"0 0 24 24\" stroke=\"currentColor\" stroke-width=\"2\"><path stroke-linecap=\"round\" stroke-linejoin=\"round\" d=\"M13.5 4.5L21 12m0 0l-7.5 7.5M21 12H3\"><\/path><\/svg>\n              <\/div>\n            <\/div>\n          <\/article>\n                  <article class=\"em-card\"\n            data-type=\"city\"\n            data-features=\"\"\n            data-name=\"cast\u00e9tis\"\n            data-json=\"{&quot;name&quot;:&quot;Cast\\u00e9tis&quot;,&quot;image&quot;:&quot;&quot;,&quot;link&quot;:&quot;https:\\\/\\\/fr.wikipedia.org\\\/wiki\\\/Cast\\u00e9tis&quot;,&quot;data&quot;:{&quot;name&quot;:&quot;Cast\\u00e9tis&quot;,&quot;distance_kilometers&quot;:&quot;43 km&quot;,&quot;driving_time_minutes&quot;:&quot;40 min&quot;,&quot;must_see_places&quot;:&quot;\\u00c9glise, patrimoine rural&quot;,&quot;markets_local_events&quot;:&quot;Manifestations locales&quot;,&quot;restaurants_specialities&quot;:&quot;Cuisine du terroir&quot;,&quot;comment&quot;:&quot;Petit village typique de la r\\u00e9gion Nouvelle-Aquitaine.&quot;,&quot;link&quot;:&quot;https:\\\/\\\/fr.wikipedia.org\\\/wiki\\\/Cast\\u00e9tis&quot;,&quot;image&quot;:&quot;&quot;},&quot;category&quot;:&quot;Villes aux alentours&quot;}\">\n\n            <!-- Image + badge cat\u00e9gorie -->\n            <div class=\"em-card-img-wrap\">\n                              <div class=\"em-card-placeholder\">\ud83d\udcf7 Pas d'image<\/div>\n                            <span class=\"em-card-badge badge-city\">Villes aux alentours<\/span>\n            <\/div>\n\n            <!-- Contenu de la card -->\n            <div class=\"em-card-body\">\n              <h3 class=\"em-card-title\">Cast\u00e9tis<\/h3>\n\n              <!-- Tags r\u00e9sum\u00e9s (max 4) -->\n              <div class=\"em-card-tags\">\n                                    <span class=\"em-tag em-tag-blue\">43 km km<\/span>\n                                    <span class=\"em-tag em-tag-orange\">40 min min<\/span>\n                                              <\/div>\n\n              <!-- Champs suppl\u00e9mentaires (max 3) -->\n              <div class=\"em-card-fields\">\n                                  <div class=\"em-card-field\">\n                    <span class=\"em-card-field-label\">Lieux \/ Activit\u00e9s incontournables :<\/span>\n                    <span class=\"em-card-field-value\">\u00c9glise, patrimoine rural<\/span>\n                  <\/div>\n                                  <div class=\"em-card-field\">\n                    <span class=\"em-card-field-label\">March\u00e9s \/ \u00e9v\u00e9nements locaux :<\/span>\n                    <span class=\"em-card-field-value\">Manifestations locales<\/span>\n                  <\/div>\n                                  <div class=\"em-card-field\">\n                    <span class=\"em-card-field-label\">Restaurants \/ sp\u00e9cialit\u00e9s :<\/span>\n                    <span class=\"em-card-field-value\">Cuisine du terroir<\/span>\n                  <\/div>\n                              <\/div>\n\n              <!-- Lien vers le d\u00e9tail -->\n              <div class=\"em-card-footer\">\n                <span>Voir le d\u00e9tail<\/span>\n                <svg fill=\"none\" viewBox=\"0 0 24 24\" stroke=\"currentColor\" stroke-width=\"2\"><path stroke-linecap=\"round\" stroke-linejoin=\"round\" d=\"M13.5 4.5L21 12m0 0l-7.5 7.5M21 12H3\"><\/path><\/svg>\n              <\/div>\n            <\/div>\n          <\/article>\n                  <article class=\"em-card\"\n            data-type=\"city\"\n            data-features=\"\"\n            data-name=\"onard\"\n            data-json=\"{&quot;name&quot;:&quot;Onard&quot;,&quot;image&quot;:&quot;&quot;,&quot;link&quot;:&quot;https:\\\/\\\/fr.wikipedia.org\\\/wiki\\\/Onard&quot;,&quot;data&quot;:{&quot;name&quot;:&quot;Onard&quot;,&quot;distance_kilometers&quot;:&quot;42 km&quot;,&quot;driving_time_minutes&quot;:&quot;40 min&quot;,&quot;must_see_places&quot;:&quot;Espaces naturels, randonn\\u00e9es&quot;,&quot;markets_local_events&quot;:&quot;March\\u00e9s et \\u00e9v\\u00e9nements locaux&quot;,&quot;restaurants_specialities&quot;:&quot;Cuisine traditionnelle&quot;,&quot;comment&quot;:&quot;Village calme avec nature environnante.&quot;,&quot;link&quot;:&quot;https:\\\/\\\/fr.wikipedia.org\\\/wiki\\\/Onard&quot;,&quot;image&quot;:&quot;&quot;},&quot;category&quot;:&quot;Villes aux alentours&quot;}\">\n\n            <!-- Image + badge cat\u00e9gorie -->\n            <div class=\"em-card-img-wrap\">\n                              <div class=\"em-card-placeholder\">\ud83d\udcf7 Pas d'image<\/div>\n                            <span class=\"em-card-badge badge-city\">Villes aux alentours<\/span>\n            <\/div>\n\n            <!-- Contenu de la card -->\n            <div class=\"em-card-body\">\n              <h3 class=\"em-card-title\">Onard<\/h3>\n\n              <!-- Tags r\u00e9sum\u00e9s (max 4) -->\n              <div class=\"em-card-tags\">\n                                    <span class=\"em-tag em-tag-blue\">42 km km<\/span>\n                                    <span class=\"em-tag em-tag-orange\">40 min min<\/span>\n                                              <\/div>\n\n              <!-- Champs suppl\u00e9mentaires (max 3) -->\n              <div class=\"em-card-fields\">\n                                  <div class=\"em-card-field\">\n                    <span class=\"em-card-field-label\">Lieux \/ Activit\u00e9s incontournables :<\/span>\n                    <span class=\"em-card-field-value\">Espaces naturels, randonn\u00e9es<\/span>\n                  <\/div>\n                                  <div class=\"em-card-field\">\n                    <span class=\"em-card-field-label\">March\u00e9s \/ \u00e9v\u00e9nements locaux :<\/span>\n                    <span class=\"em-card-field-value\">March\u00e9s et \u00e9v\u00e9nements locaux<\/span>\n                  <\/div>\n                                  <div class=\"em-card-field\">\n                    <span class=\"em-card-field-label\">Restaurants \/ sp\u00e9cialit\u00e9s :<\/span>\n                    <span class=\"em-card-field-value\">Cuisine traditionnelle<\/span>\n                  <\/div>\n                              <\/div>\n\n              <!-- Lien vers le d\u00e9tail -->\n              <div class=\"em-card-footer\">\n                <span>Voir le d\u00e9tail<\/span>\n                <svg fill=\"none\" viewBox=\"0 0 24 24\" stroke=\"currentColor\" stroke-width=\"2\"><path stroke-linecap=\"round\" stroke-linejoin=\"round\" d=\"M13.5 4.5L21 12m0 0l-7.5 7.5M21 12H3\"><\/path><\/svg>\n              <\/div>\n            <\/div>\n          <\/article>\n                  <article class=\"em-card\"\n            data-type=\"city\"\n            data-features=\"\"\n            data-name=\"pi\u00e9tat\"\n            data-json=\"{&quot;name&quot;:&quot;Pi\\u00e9tat&quot;,&quot;image&quot;:&quot;&quot;,&quot;link&quot;:&quot;https:\\\/\\\/fr.wikipedia.org\\\/wiki\\\/Pi\\u00e9tat&quot;,&quot;data&quot;:{&quot;name&quot;:&quot;Pi\\u00e9tat&quot;,&quot;distance_kilometers&quot;:&quot;45 km&quot;,&quot;driving_time_minutes&quot;:&quot;43 min&quot;,&quot;must_see_places&quot;:&quot;Patrimoine religieux, nature&quot;,&quot;markets_local_events&quot;:&quot;F\\u00eates annuelles&quot;,&quot;restaurants_specialities&quot;:&quot;Sp\\u00e9cialit\\u00e9s r\\u00e9gionales&quot;,&quot;comment&quot;:&quot;Petite commune rurale typique des Landes.&quot;,&quot;link&quot;:&quot;https:\\\/\\\/fr.wikipedia.org\\\/wiki\\\/Pi\\u00e9tat&quot;,&quot;image&quot;:&quot;&quot;},&quot;category&quot;:&quot;Villes aux alentours&quot;}\">\n\n            <!-- Image + badge cat\u00e9gorie -->\n            <div class=\"em-card-img-wrap\">\n                              <div class=\"em-card-placeholder\">\ud83d\udcf7 Pas d'image<\/div>\n                            <span class=\"em-card-badge badge-city\">Villes aux alentours<\/span>\n            <\/div>\n\n            <!-- Contenu de la card -->\n            <div class=\"em-card-body\">\n              <h3 class=\"em-card-title\">Pi\u00e9tat<\/h3>\n\n              <!-- Tags r\u00e9sum\u00e9s (max 4) -->\n              <div class=\"em-card-tags\">\n                                    <span class=\"em-tag em-tag-blue\">45 km km<\/span>\n                                    <span class=\"em-tag em-tag-orange\">43 min min<\/span>\n                                              <\/div>\n\n              <!-- Champs suppl\u00e9mentaires (max 3) -->\n              <div class=\"em-card-fields\">\n                                  <div class=\"em-card-field\">\n                    <span class=\"em-card-field-label\">Lieux \/ Activit\u00e9s incontournables :<\/span>\n                    <span class=\"em-card-field-value\">Patrimoine religieux, nature<\/span>\n                  <\/div>\n                                  <div class=\"em-card-field\">\n                    <span class=\"em-card-field-label\">March\u00e9s \/ \u00e9v\u00e9nements locaux :<\/span>\n                    <span class=\"em-card-field-value\">F\u00eates annuelles<\/span>\n                  <\/div>\n                                  <div class=\"em-card-field\">\n                    <span class=\"em-card-field-label\">Restaurants \/ sp\u00e9cialit\u00e9s :<\/span>\n                    <span class=\"em-card-field-value\">Sp\u00e9cialit\u00e9s r\u00e9gionales<\/span>\n                  <\/div>\n                              <\/div>\n\n              <!-- Lien vers le d\u00e9tail -->\n              <div class=\"em-card-footer\">\n                <span>Voir le d\u00e9tail<\/span>\n                <svg fill=\"none\" viewBox=\"0 0 24 24\" stroke=\"currentColor\" stroke-width=\"2\"><path stroke-linecap=\"round\" stroke-linejoin=\"round\" d=\"M13.5 4.5L21 12m0 0l-7.5 7.5M21 12H3\"><\/path><\/svg>\n              <\/div>\n            <\/div>\n          <\/article>\n                  <article class=\"em-card\"\n            data-type=\"city\"\n            data-features=\"\"\n            data-name=\"hinx\"\n            data-json=\"{&quot;name&quot;:&quot;Hinx&quot;,&quot;image&quot;:&quot;&quot;,&quot;link&quot;:&quot;https:\\\/\\\/fr.wikipedia.org\\\/wiki\\\/Hinx&quot;,&quot;data&quot;:{&quot;name&quot;:&quot;Hinx&quot;,&quot;distance_kilometers&quot;:&quot;52 km&quot;,&quot;driving_time_minutes&quot;:&quot;49 min&quot;,&quot;must_see_places&quot;:&quot;\\u00c9glises, vie locale&quot;,&quot;markets_local_events&quot;:&quot;March\\u00e9s traditionnels&quot;,&quot;restaurants_specialities&quot;:&quot;Cuisine locale&quot;,&quot;comment&quot;:&quot;Village proche de Dax, offrant calme et tradition.&quot;,&quot;link&quot;:&quot;https:\\\/\\\/fr.wikipedia.org\\\/wiki\\\/Hinx&quot;,&quot;image&quot;:&quot;&quot;},&quot;category&quot;:&quot;Villes aux alentours&quot;}\">\n\n            <!-- Image + badge cat\u00e9gorie -->\n            <div class=\"em-card-img-wrap\">\n                              <div class=\"em-card-placeholder\">\ud83d\udcf7 Pas d'image<\/div>\n                            <span class=\"em-card-badge badge-city\">Villes aux alentours<\/span>\n            <\/div>\n\n            <!-- Contenu de la card -->\n            <div class=\"em-card-body\">\n              <h3 class=\"em-card-title\">Hinx<\/h3>\n\n              <!-- Tags r\u00e9sum\u00e9s (max 4) -->\n              <div class=\"em-card-tags\">\n                                    <span class=\"em-tag em-tag-blue\">52 km km<\/span>\n                                    <span class=\"em-tag em-tag-orange\">49 min min<\/span>\n                                              <\/div>\n\n              <!-- Champs suppl\u00e9mentaires (max 3) -->\n              <div class=\"em-card-fields\">\n                                  <div class=\"em-card-field\">\n                    <span class=\"em-card-field-label\">Lieux \/ Activit\u00e9s incontournables :<\/span>\n                    <span class=\"em-card-field-value\">\u00c9glises, vie locale<\/span>\n                  <\/div>\n                                  <div class=\"em-card-field\">\n                    <span class=\"em-card-field-label\">March\u00e9s \/ \u00e9v\u00e9nements locaux :<\/span>\n                    <span class=\"em-card-field-value\">March\u00e9s traditionnels<\/span>\n                  <\/div>\n                                  <div class=\"em-card-field\">\n                    <span class=\"em-card-field-label\">Restaurants \/ sp\u00e9cialit\u00e9s :<\/span>\n                    <span class=\"em-card-field-value\">Cuisine locale<\/span>\n                  <\/div>\n                              <\/div>\n\n              <!-- Lien vers le d\u00e9tail -->\n              <div class=\"em-card-footer\">\n                <span>Voir le d\u00e9tail<\/span>\n                <svg fill=\"none\" viewBox=\"0 0 24 24\" stroke=\"currentColor\" stroke-width=\"2\"><path stroke-linecap=\"round\" stroke-linejoin=\"round\" d=\"M13.5 4.5L21 12m0 0l-7.5 7.5M21 12H3\"><\/path><\/svg>\n              <\/div>\n            <\/div>\n          <\/article>\n                  <article class=\"em-card\"\n            data-type=\"city\"\n            data-features=\"\"\n            data-name=\"benesse-maremne\"\n            data-json=\"{&quot;name&quot;:&quot;Benesse-Maremne&quot;,&quot;image&quot;:&quot;&quot;,&quot;link&quot;:&quot;https:\\\/\\\/fr.wikipedia.org\\\/wiki\\\/B\\u00e9nesse-Maremne&quot;,&quot;data&quot;:{&quot;name&quot;:&quot;Benesse-Maremne&quot;,&quot;distance_kilometers&quot;:&quot;54 km&quot;,&quot;driving_time_minutes&quot;:&quot;50 min&quot;,&quot;must_see_places&quot;:&quot;R\\u00e9serves naturelles, infrastructures sportives&quot;,&quot;markets_local_events&quot;:&quot;March\\u00e9s, festivals saisonniers&quot;,&quot;restaurants_specialities&quot;:&quot;Cuisine landaise et basque&quot;,&quot;comment&quot;:&quot;Commune avec riche vie culturelle et sportive.&quot;,&quot;link&quot;:&quot;https:\\\/\\\/fr.wikipedia.org\\\/wiki\\\/B\\u00e9nesse-Maremne&quot;,&quot;image&quot;:&quot;&quot;},&quot;category&quot;:&quot;Villes aux alentours&quot;}\">\n\n            <!-- Image + badge cat\u00e9gorie -->\n            <div class=\"em-card-img-wrap\">\n                              <div class=\"em-card-placeholder\">\ud83d\udcf7 Pas d'image<\/div>\n                            <span class=\"em-card-badge badge-city\">Villes aux alentours<\/span>\n            <\/div>\n\n            <!-- Contenu de la card -->\n            <div class=\"em-card-body\">\n              <h3 class=\"em-card-title\">Benesse-Maremne<\/h3>\n\n              <!-- Tags r\u00e9sum\u00e9s (max 4) -->\n              <div class=\"em-card-tags\">\n                                    <span class=\"em-tag em-tag-blue\">54 km km<\/span>\n                                    <span class=\"em-tag em-tag-orange\">50 min min<\/span>\n                                              <\/div>\n\n              <!-- Champs suppl\u00e9mentaires (max 3) -->\n              <div class=\"em-card-fields\">\n                                  <div class=\"em-card-field\">\n                    <span class=\"em-card-field-label\">Lieux \/ Activit\u00e9s incontournables :<\/span>\n                    <span class=\"em-card-field-value\">R\u00e9serves naturelles, infrastructures sportives<\/span>\n                  <\/div>\n                                  <div class=\"em-card-field\">\n                    <span class=\"em-card-field-label\">March\u00e9s \/ \u00e9v\u00e9nements locaux :<\/span>\n                    <span class=\"em-card-field-value\">March\u00e9s, festivals saisonniers<\/span>\n                  <\/div>\n                                  <div class=\"em-card-field\">\n                    <span class=\"em-card-field-label\">Restaurants \/ sp\u00e9cialit\u00e9s :<\/span>\n                    <span class=\"em-card-field-value\">Cuisine landaise et basque<\/span>\n                  <\/div>\n                              <\/div>\n\n              <!-- Lien vers le d\u00e9tail -->\n              <div class=\"em-card-footer\">\n                <span>Voir le d\u00e9tail<\/span>\n                <svg fill=\"none\" viewBox=\"0 0 24 24\" stroke=\"currentColor\" stroke-width=\"2\"><path stroke-linecap=\"round\" stroke-linejoin=\"round\" d=\"M13.5 4.5L21 12m0 0l-7.5 7.5M21 12H3\"><\/path><\/svg>\n              <\/div>\n            <\/div>\n          <\/article>\n                  <article class=\"em-card\"\n            data-type=\"city\"\n            data-features=\"\"\n            data-name=\"saint-jean-de marsacq\"\n            data-json=\"{&quot;name&quot;:&quot;Saint-Jean-de Marsacq&quot;,&quot;image&quot;:&quot;&quot;,&quot;link&quot;:&quot;https:\\\/\\\/fr.wikipedia.org\\\/wiki\\\/Saint-Jean-de-Marsacq&quot;,&quot;data&quot;:{&quot;name&quot;:&quot;Saint-Jean-de Marsacq&quot;,&quot;distance_kilometers&quot;:&quot;55 km&quot;,&quot;driving_time_minutes&quot;:&quot;52 min&quot;,&quot;must_see_places&quot;:&quot;\\u00c9glise, patrimoine rural&quot;,&quot;markets_local_events&quot;:&quot;March\\u00e9s locaux&quot;,&quot;restaurants_specialities&quot;:&quot;Sp\\u00e9cialit\\u00e9s du Sud-Ouest&quot;,&quot;comment&quot;:&quot;Village paisible dans l&#039;arri\\u00e8re-pays landais.&quot;,&quot;link&quot;:&quot;https:\\\/\\\/fr.wikipedia.org\\\/wiki\\\/Saint-Jean-de-Marsacq&quot;,&quot;image&quot;:&quot;&quot;},&quot;category&quot;:&quot;Villes aux alentours&quot;}\">\n\n            <!-- Image + badge cat\u00e9gorie -->\n            <div class=\"em-card-img-wrap\">\n                              <div class=\"em-card-placeholder\">\ud83d\udcf7 Pas d'image<\/div>\n                            <span class=\"em-card-badge badge-city\">Villes aux alentours<\/span>\n            <\/div>\n\n            <!-- Contenu de la card -->\n            <div class=\"em-card-body\">\n              <h3 class=\"em-card-title\">Saint-Jean-de Marsacq<\/h3>\n\n              <!-- Tags r\u00e9sum\u00e9s (max 4) -->\n              <div class=\"em-card-tags\">\n                                    <span class=\"em-tag em-tag-blue\">55 km km<\/span>\n                                    <span class=\"em-tag em-tag-orange\">52 min min<\/span>\n                                              <\/div>\n\n              <!-- Champs suppl\u00e9mentaires (max 3) -->\n              <div class=\"em-card-fields\">\n                                  <div class=\"em-card-field\">\n                    <span class=\"em-card-field-label\">Lieux \/ Activit\u00e9s incontournables :<\/span>\n                    <span class=\"em-card-field-value\">\u00c9glise, patrimoine rural<\/span>\n                  <\/div>\n                                  <div class=\"em-card-field\">\n                    <span class=\"em-card-field-label\">March\u00e9s \/ \u00e9v\u00e9nements locaux :<\/span>\n                    <span class=\"em-card-field-value\">March\u00e9s locaux<\/span>\n                  <\/div>\n                                  <div class=\"em-card-field\">\n                    <span class=\"em-card-field-label\">Restaurants \/ sp\u00e9cialit\u00e9s :<\/span>\n                    <span class=\"em-card-field-value\">Sp\u00e9cialit\u00e9s du Sud-Ouest<\/span>\n                  <\/div>\n                              <\/div>\n\n              <!-- Lien vers le d\u00e9tail -->\n              <div class=\"em-card-footer\">\n                <span>Voir le d\u00e9tail<\/span>\n                <svg fill=\"none\" viewBox=\"0 0 24 24\" stroke=\"currentColor\" stroke-width=\"2\"><path stroke-linecap=\"round\" stroke-linejoin=\"round\" d=\"M13.5 4.5L21 12m0 0l-7.5 7.5M21 12H3\"><\/path><\/svg>\n              <\/div>\n            <\/div>\n          <\/article>\n                  <article class=\"em-card\"\n            data-type=\"city\"\n            data-features=\"\"\n            data-name=\"prechacq-les-bains\"\n            data-json=\"{&quot;name&quot;:&quot;Prechacq-les-Bains&quot;,&quot;image&quot;:&quot;https:\\\/\\\/upload.wikimedia.org\\\/wikipedia\\\/commons\\\/thumb\\\/5\\\/54\\\/Prechacq-les-Bains_%28Landes%29_-_Mairie.jpg\\\/320px-Prechacq-les-Bains_%28Landes%29_-_Mairie.jpg&quot;,&quot;link&quot;:&quot;https:\\\/\\\/fr.wikipedia.org\\\/wiki\\\/Pr\\u00e9chacq-les-Bains&quot;,&quot;data&quot;:{&quot;name&quot;:&quot;Prechacq-les-Bains&quot;,&quot;distance_kilometers&quot;:&quot;14 km&quot;,&quot;driving_time_minutes&quot;:&quot;20 min&quot;,&quot;must_see_places&quot;:&quot;\\u00c9glise Saint-Pierre, sources thermales&quot;,&quot;markets_local_events&quot;:&quot;March\\u00e9 local hebdomadaire le jeudi&quot;,&quot;restaurants_specialities&quot;:&quot;Cuisine landaise traditionnelle&quot;,&quot;comment&quot;:&quot;Petite commune thermale proche, r\\u00e9put\\u00e9e pour ses sources chaudes naturelles.&quot;,&quot;link&quot;:&quot;https:\\\/\\\/fr.wikipedia.org\\\/wiki\\\/Pr\\u00e9chacq-les-Bains&quot;,&quot;image&quot;:&quot;https:\\\/\\\/upload.wikimedia.org\\\/wikipedia\\\/commons\\\/thumb\\\/5\\\/54\\\/Prechacq-les-Bains_%28Landes%29_-_Mairie.jpg\\\/320px-Prechacq-les-Bains_%28Landes%29_-_Mairie.jpg&quot;},&quot;category&quot;:&quot;Villes aux alentours&quot;}\">\n\n            <!-- Image + badge cat\u00e9gorie -->\n            <div class=\"em-card-img-wrap\">\n                              <img decoding=\"async\" class=\"em-card-img\" src=\"https:\/\/upload.wikimedia.org\/wikipedia\/commons\/thumb\/5\/54\/Prechacq-les-Bains_%28Landes%29_-_Mairie.jpg\/320px-Prechacq-les-Bains_%28Landes%29_-_Mairie.jpg\" alt=\"Prechacq-les-Bains\" loading=\"lazy\" onerror=\"this.style.display='none';this.nextElementSibling.style.display='flex';\">\n                <div class=\"em-card-placeholder\" style=\"display:none;\">\ud83d\udcf7 Image indisponible<\/div>\n                            <span class=\"em-card-badge badge-city\">Villes aux alentours<\/span>\n            <\/div>\n\n            <!-- Contenu de la card -->\n            <div class=\"em-card-body\">\n              <h3 class=\"em-card-title\">Prechacq-les-Bains<\/h3>\n\n              <!-- Tags r\u00e9sum\u00e9s (max 4) -->\n              <div class=\"em-card-tags\">\n                                    <span class=\"em-tag em-tag-blue\">14 km km<\/span>\n                                    <span class=\"em-tag em-tag-orange\">20 min min<\/span>\n                                              <\/div>\n\n              <!-- Champs suppl\u00e9mentaires (max 3) -->\n              <div class=\"em-card-fields\">\n                                  <div class=\"em-card-field\">\n                    <span class=\"em-card-field-label\">Lieux \/ Activit\u00e9s incontournables :<\/span>\n                    <span class=\"em-card-field-value\">\u00c9glise Saint-Pierre, sources thermales<\/span>\n                  <\/div>\n                                  <div class=\"em-card-field\">\n                    <span class=\"em-card-field-label\">March\u00e9s \/ \u00e9v\u00e9nements locaux :<\/span>\n                    <span class=\"em-card-field-value\">March\u00e9 local hebdomadaire le jeudi<\/span>\n                  <\/div>\n                                  <div class=\"em-card-field\">\n                    <span class=\"em-card-field-label\">Restaurants \/ sp\u00e9cialit\u00e9s :<\/span>\n                    <span class=\"em-card-field-value\">Cuisine landaise traditionnelle<\/span>\n                  <\/div>\n                              <\/div>\n\n              <!-- Lien vers le d\u00e9tail -->\n              <div class=\"em-card-footer\">\n                <span>Voir le d\u00e9tail<\/span>\n                <svg fill=\"none\" viewBox=\"0 0 24 24\" stroke=\"currentColor\" stroke-width=\"2\"><path stroke-linecap=\"round\" stroke-linejoin=\"round\" d=\"M13.5 4.5L21 12m0 0l-7.5 7.5M21 12H3\"><\/path><\/svg>\n              <\/div>\n            <\/div>\n          <\/article>\n                  <article class=\"em-card\"\n            data-type=\"city\"\n            data-features=\"\"\n            data-name=\"l\u00e9vignacq\"\n            data-json=\"{&quot;name&quot;:&quot;L\\u00e9vignacq&quot;,&quot;image&quot;:&quot;https:\\\/\\\/upload.wikimedia.org\\\/wikipedia\\\/commons\\\/thumb\\\/c\\\/cf\\\/L\\u00e9vignacq_-_Mairie.jpg\\\/320px-L\\u00e9vignacq_-_Mairie.jpg&quot;,&quot;link&quot;:&quot;https:\\\/\\\/fr.wikipedia.org\\\/wiki\\\/L\\u00e9vignacq&quot;,&quot;data&quot;:{&quot;name&quot;:&quot;L\\u00e9vignacq&quot;,&quot;distance_kilometers&quot;:&quot;17 km&quot;,&quot;driving_time_minutes&quot;:&quot;22 min&quot;,&quot;must_see_places&quot;:&quot;For\\u00eat domaniale de L\\u00e9vignacq, \\u00e9glise locale&quot;,&quot;markets_local_events&quot;:&quot;F\\u00eate locale annuelle en \\u00e9t\\u00e9&quot;,&quot;restaurants_specialities&quot;:&quot;Sp\\u00e9cialit\\u00e9s \\u00e0 base de poisson et gibier&quot;,&quot;comment&quot;:&quot;Commune rurale au c\\u0153ur des Landes, offrant de belles randonn\\u00e9es foresti\\u00e8res.&quot;,&quot;link&quot;:&quot;https:\\\/\\\/fr.wikipedia.org\\\/wiki\\\/L\\u00e9vignacq&quot;,&quot;image&quot;:&quot;https:\\\/\\\/upload.wikimedia.org\\\/wikipedia\\\/commons\\\/thumb\\\/c\\\/cf\\\/L\\u00e9vignacq_-_Mairie.jpg\\\/320px-L\\u00e9vignacq_-_Mairie.jpg&quot;},&quot;category&quot;:&quot;Villes aux alentours&quot;}\">\n\n            <!-- Image + badge cat\u00e9gorie -->\n            <div class=\"em-card-img-wrap\">\n                              <div class=\"em-card-placeholder\">\ud83d\udcf7 Pas d'image<\/div>\n                            <span class=\"em-card-badge badge-city\">Villes aux alentours<\/span>\n            <\/div>\n\n            <!-- Contenu de la card -->\n            <div class=\"em-card-body\">\n              <h3 class=\"em-card-title\">L\u00e9vignacq<\/h3>\n\n              <!-- Tags r\u00e9sum\u00e9s (max 4) -->\n              <div class=\"em-card-tags\">\n                                    <span class=\"em-tag em-tag-blue\">17 km km<\/span>\n                                    <span class=\"em-tag em-tag-orange\">22 min min<\/span>\n                                              <\/div>\n\n              <!-- Champs suppl\u00e9mentaires (max 3) -->\n              <div class=\"em-card-fields\">\n                                  <div class=\"em-card-field\">\n                    <span class=\"em-card-field-label\">Lieux \/ Activit\u00e9s incontournables :<\/span>\n                    <span class=\"em-card-field-value\">For\u00eat domaniale de L\u00e9vignacq, \u00e9glise locale<\/span>\n                  <\/div>\n                                  <div class=\"em-card-field\">\n                    <span class=\"em-card-field-label\">March\u00e9s \/ \u00e9v\u00e9nements locaux :<\/span>\n                    <span class=\"em-card-field-value\">F\u00eate locale annuelle en \u00e9t\u00e9<\/span>\n                  <\/div>\n                                  <div class=\"em-card-field\">\n                    <span class=\"em-card-field-label\">Restaurants \/ sp\u00e9cialit\u00e9s :<\/span>\n                    <span class=\"em-card-field-value\">Sp\u00e9cialit\u00e9s \u00e0 base de poisson et gibier<\/span>\n                  <\/div>\n                              <\/div>\n\n              <!-- Lien vers le d\u00e9tail -->\n              <div class=\"em-card-footer\">\n                <span>Voir le d\u00e9tail<\/span>\n                <svg fill=\"none\" viewBox=\"0 0 24 24\" stroke=\"currentColor\" stroke-width=\"2\"><path stroke-linecap=\"round\" stroke-linejoin=\"round\" d=\"M13.5 4.5L21 12m0 0l-7.5 7.5M21 12H3\"><\/path><\/svg>\n              <\/div>\n            <\/div>\n          <\/article>\n                  <article class=\"em-card\"\n            data-type=\"city\"\n            data-features=\"\"\n            data-name=\"hinxe\"\n            data-json=\"{&quot;name&quot;:&quot;Hinxe&quot;,&quot;image&quot;:&quot;https:\\\/\\\/upload.wikimedia.org\\\/wikipedia\\\/commons\\\/thumb\\\/2\\\/21\\\/Hinxe_Mairie.jpg\\\/320px-Hinxe_Mairie.jpg&quot;,&quot;link&quot;:&quot;https:\\\/\\\/fr.wikipedia.org\\\/wiki\\\/Hinxe&quot;,&quot;data&quot;:{&quot;name&quot;:&quot;Hinxe&quot;,&quot;distance_kilometers&quot;:&quot;25 km&quot;,&quot;driving_time_minutes&quot;:&quot;30 min&quot;,&quot;must_see_places&quot;:&quot;Ch\\u00e2teau d&#039;Hinx, \\u00e9glise Saint-Martin&quot;,&quot;markets_local_events&quot;:&quot;March\\u00e9 artisanal mensuel&quot;,&quot;restaurants_specialities&quot;:&quot;Cuisine r\\u00e9gionale landaise&quot;,&quot;comment&quot;:&quot;Village charmant avec un ch\\u00e2teau et un patrimoine historique.&quot;,&quot;link&quot;:&quot;https:\\\/\\\/fr.wikipedia.org\\\/wiki\\\/Hinxe&quot;,&quot;image&quot;:&quot;https:\\\/\\\/upload.wikimedia.org\\\/wikipedia\\\/commons\\\/thumb\\\/2\\\/21\\\/Hinxe_Mairie.jpg\\\/320px-Hinxe_Mairie.jpg&quot;},&quot;category&quot;:&quot;Villes aux alentours&quot;}\">\n\n            <!-- Image + badge cat\u00e9gorie -->\n            <div class=\"em-card-img-wrap\">\n                              <img decoding=\"async\" class=\"em-card-img\" src=\"https:\/\/upload.wikimedia.org\/wikipedia\/commons\/thumb\/2\/21\/Hinxe_Mairie.jpg\/320px-Hinxe_Mairie.jpg\" alt=\"Hinxe\" loading=\"lazy\" onerror=\"this.style.display='none';this.nextElementSibling.style.display='flex';\">\n                <div class=\"em-card-placeholder\" style=\"display:none;\">\ud83d\udcf7 Image indisponible<\/div>\n                            <span class=\"em-card-badge badge-city\">Villes aux alentours<\/span>\n            <\/div>\n\n            <!-- Contenu de la card -->\n            <div class=\"em-card-body\">\n              <h3 class=\"em-card-title\">Hinxe<\/h3>\n\n              <!-- Tags r\u00e9sum\u00e9s (max 4) -->\n              <div class=\"em-card-tags\">\n                                    <span class=\"em-tag em-tag-blue\">25 km km<\/span>\n                                    <span class=\"em-tag em-tag-orange\">30 min min<\/span>\n                                              <\/div>\n\n              <!-- Champs suppl\u00e9mentaires (max 3) -->\n              <div class=\"em-card-fields\">\n                                  <div class=\"em-card-field\">\n                    <span class=\"em-card-field-label\">Lieux \/ Activit\u00e9s incontournables :<\/span>\n                    <span class=\"em-card-field-value\">Ch\u00e2teau d&#039;Hinx, \u00e9glise Saint-Martin<\/span>\n                  <\/div>\n                                  <div class=\"em-card-field\">\n                    <span class=\"em-card-field-label\">March\u00e9s \/ \u00e9v\u00e9nements locaux :<\/span>\n                    <span class=\"em-card-field-value\">March\u00e9 artisanal mensuel<\/span>\n                  <\/div>\n                                  <div class=\"em-card-field\">\n                    <span class=\"em-card-field-label\">Restaurants \/ sp\u00e9cialit\u00e9s :<\/span>\n                    <span class=\"em-card-field-value\">Cuisine r\u00e9gionale landaise<\/span>\n                  <\/div>\n                              <\/div>\n\n              <!-- Lien vers le d\u00e9tail -->\n              <div class=\"em-card-footer\">\n                <span>Voir le d\u00e9tail<\/span>\n                <svg fill=\"none\" viewBox=\"0 0 24 24\" stroke=\"currentColor\" stroke-width=\"2\"><path stroke-linecap=\"round\" stroke-linejoin=\"round\" d=\"M13.5 4.5L21 12m0 0l-7.5 7.5M21 12H3\"><\/path><\/svg>\n              <\/div>\n            <\/div>\n          <\/article>\n                  <article class=\"em-card\"\n            data-type=\"city\"\n            data-features=\"\"\n            data-name=\"escalans\"\n            data-json=\"{&quot;name&quot;:&quot;Escalans&quot;,&quot;image&quot;:&quot;https:\\\/\\\/upload.wikimedia.org\\\/wikipedia\\\/commons\\\/thumb\\\/f\\\/fa\\\/Escalans_-_Mairie.jpg\\\/320px-Escalans_-_Mairie.jpg&quot;,&quot;link&quot;:&quot;https:\\\/\\\/fr.wikipedia.org\\\/wiki\\\/Escalans&quot;,&quot;data&quot;:{&quot;name&quot;:&quot;Escalans&quot;,&quot;distance_kilometers&quot;:&quot;29 km&quot;,&quot;driving_time_minutes&quot;:&quot;35 min&quot;,&quot;must_see_places&quot;:&quot;\\u00c9glise Saint-Martin d&#039;Escalans, paysages agricoles&quot;,&quot;markets_local_events&quot;:&quot;F\\u00eate locale annuelle&quot;,&quot;restaurants_specialities&quot;:&quot;Produits du terroir landais&quot;,&quot;comment&quot;:&quot;Petite commune dynamique en milieu rural avec des traditions agricoles.&quot;,&quot;link&quot;:&quot;https:\\\/\\\/fr.wikipedia.org\\\/wiki\\\/Escalans&quot;,&quot;image&quot;:&quot;https:\\\/\\\/upload.wikimedia.org\\\/wikipedia\\\/commons\\\/thumb\\\/f\\\/fa\\\/Escalans_-_Mairie.jpg\\\/320px-Escalans_-_Mairie.jpg&quot;},&quot;category&quot;:&quot;Villes aux alentours&quot;}\">\n\n            <!-- Image + badge cat\u00e9gorie -->\n            <div class=\"em-card-img-wrap\">\n                              <img decoding=\"async\" class=\"em-card-img\" src=\"https:\/\/upload.wikimedia.org\/wikipedia\/commons\/thumb\/f\/fa\/Escalans_-_Mairie.jpg\/320px-Escalans_-_Mairie.jpg\" alt=\"Escalans\" loading=\"lazy\" onerror=\"this.style.display='none';this.nextElementSibling.style.display='flex';\">\n                <div class=\"em-card-placeholder\" style=\"display:none;\">\ud83d\udcf7 Image indisponible<\/div>\n                            <span class=\"em-card-badge badge-city\">Villes aux alentours<\/span>\n            <\/div>\n\n            <!-- Contenu de la card -->\n            <div class=\"em-card-body\">\n              <h3 class=\"em-card-title\">Escalans<\/h3>\n\n              <!-- Tags r\u00e9sum\u00e9s (max 4) -->\n              <div class=\"em-card-tags\">\n                                    <span class=\"em-tag em-tag-blue\">29 km km<\/span>\n                                    <span class=\"em-tag em-tag-orange\">35 min min<\/span>\n                                              <\/div>\n\n              <!-- Champs suppl\u00e9mentaires (max 3) -->\n              <div class=\"em-card-fields\">\n                                  <div class=\"em-card-field\">\n                    <span class=\"em-card-field-label\">Lieux \/ Activit\u00e9s incontournables :<\/span>\n                    <span class=\"em-card-field-value\">\u00c9glise Saint-Martin d&#039;Escalans, paysages agricoles<\/span>\n                  <\/div>\n                                  <div class=\"em-card-field\">\n                    <span class=\"em-card-field-label\">March\u00e9s \/ \u00e9v\u00e9nements locaux :<\/span>\n                    <span class=\"em-card-field-value\">F\u00eate locale annuelle<\/span>\n                  <\/div>\n                                  <div class=\"em-card-field\">\n                    <span class=\"em-card-field-label\">Restaurants \/ sp\u00e9cialit\u00e9s :<\/span>\n                    <span class=\"em-card-field-value\">Produits du terroir landais<\/span>\n                  <\/div>\n                              <\/div>\n\n              <!-- Lien vers le d\u00e9tail -->\n              <div class=\"em-card-footer\">\n                <span>Voir le d\u00e9tail<\/span>\n                <svg fill=\"none\" viewBox=\"0 0 24 24\" stroke=\"currentColor\" stroke-width=\"2\"><path stroke-linecap=\"round\" stroke-linejoin=\"round\" d=\"M13.5 4.5L21 12m0 0l-7.5 7.5M21 12H3\"><\/path><\/svg>\n              <\/div>\n            <\/div>\n          <\/article>\n                  <article class=\"em-card\"\n            data-type=\"city\"\n            data-features=\"\"\n            data-name=\"saint-julien-en-born\"\n            data-json=\"{&quot;name&quot;:&quot;Saint-Julien-en-Born&quot;,&quot;image&quot;:&quot;https:\\\/\\\/upload.wikimedia.org\\\/wikipedia\\\/commons\\\/thumb\\\/7\\\/7b\\\/Saint-Julien-en-Born_IMG_3820.jpg\\\/320px-Saint-Julien-en-Born_IMG_3820.jpg&quot;,&quot;link&quot;:&quot;https:\\\/\\\/fr.wikipedia.org\\\/wiki\\\/Saint-Julien-en-Born&quot;,&quot;data&quot;:{&quot;name&quot;:&quot;Saint-Julien-en-Born&quot;,&quot;distance_kilometers&quot;:&quot;12 km&quot;,&quot;driving_time_minutes&quot;:&quot;18 min&quot;,&quot;must_see_places&quot;:&quot;Plages de l&#039;Atlantique, for\\u00eat landaise&quot;,&quot;markets_local_events&quot;:&quot;March\\u00e9 traditionnel&quot;,&quot;restaurants_specialities&quot;:&quot;Fruits de mer et poissons frais&quot;,&quot;comment&quot;:&quot;Commune en bord de mer avec acc\\u00e8s direct aux plages oc\\u00e9anes.&quot;,&quot;link&quot;:&quot;https:\\\/\\\/fr.wikipedia.org\\\/wiki\\\/Saint-Julien-en-Born&quot;,&quot;image&quot;:&quot;https:\\\/\\\/upload.wikimedia.org\\\/wikipedia\\\/commons\\\/thumb\\\/7\\\/7b\\\/Saint-Julien-en-Born_IMG_3820.jpg\\\/320px-Saint-Julien-en-Born_IMG_3820.jpg&quot;},&quot;category&quot;:&quot;Villes aux alentours&quot;}\">\n\n            <!-- Image + badge cat\u00e9gorie -->\n            <div class=\"em-card-img-wrap\">\n                              <img decoding=\"async\" class=\"em-card-img\" src=\"https:\/\/upload.wikimedia.org\/wikipedia\/commons\/thumb\/7\/7b\/Saint-Julien-en-Born_IMG_3820.jpg\/320px-Saint-Julien-en-Born_IMG_3820.jpg\" alt=\"Saint-Julien-en-Born\" loading=\"lazy\" onerror=\"this.style.display='none';this.nextElementSibling.style.display='flex';\">\n                <div class=\"em-card-placeholder\" style=\"display:none;\">\ud83d\udcf7 Image indisponible<\/div>\n                            <span class=\"em-card-badge badge-city\">Villes aux alentours<\/span>\n            <\/div>\n\n            <!-- Contenu de la card -->\n            <div class=\"em-card-body\">\n              <h3 class=\"em-card-title\">Saint-Julien-en-Born<\/h3>\n\n              <!-- Tags r\u00e9sum\u00e9s (max 4) -->\n              <div class=\"em-card-tags\">\n                                    <span class=\"em-tag em-tag-blue\">12 km km<\/span>\n                                    <span class=\"em-tag em-tag-orange\">18 min min<\/span>\n                                              <\/div>\n\n              <!-- Champs suppl\u00e9mentaires (max 3) -->\n              <div class=\"em-card-fields\">\n                                  <div class=\"em-card-field\">\n                    <span class=\"em-card-field-label\">Lieux \/ Activit\u00e9s incontournables :<\/span>\n                    <span class=\"em-card-field-value\">Plages de l&#039;Atlantique, for\u00eat landaise<\/span>\n                  <\/div>\n                                  <div class=\"em-card-field\">\n                    <span class=\"em-card-field-label\">March\u00e9s \/ \u00e9v\u00e9nements locaux :<\/span>\n                    <span class=\"em-card-field-value\">March\u00e9 traditionnel<\/span>\n                  <\/div>\n                                  <div class=\"em-card-field\">\n                    <span class=\"em-card-field-label\">Restaurants \/ sp\u00e9cialit\u00e9s :<\/span>\n                    <span class=\"em-card-field-value\">Fruits de mer et poissons frais<\/span>\n                  <\/div>\n                              <\/div>\n\n              <!-- Lien vers le d\u00e9tail -->\n              <div class=\"em-card-footer\">\n                <span>Voir le d\u00e9tail<\/span>\n                <svg fill=\"none\" viewBox=\"0 0 24 24\" stroke=\"currentColor\" stroke-width=\"2\"><path stroke-linecap=\"round\" stroke-linejoin=\"round\" d=\"M13.5 4.5L21 12m0 0l-7.5 7.5M21 12H3\"><\/path><\/svg>\n              <\/div>\n            <\/div>\n          <\/article>\n                  <article class=\"em-card\"\n            data-type=\"city\"\n            data-features=\"\"\n            data-name=\"parentis-en-born\"\n            data-json=\"{&quot;name&quot;:&quot;Parentis-en-Born&quot;,&quot;image&quot;:&quot;https:\\\/\\\/upload.wikimedia.org\\\/wikipedia\\\/commons\\\/thumb\\\/2\\\/22\\\/Parentis-en-Born_-_Place_Cambouet.jpg\\\/320px-Parentis-en-Born_-_Place_Cambouet.jpg&quot;,&quot;link&quot;:&quot;https:\\\/\\\/fr.wikipedia.org\\\/wiki\\\/Parentis-en-Born&quot;,&quot;data&quot;:{&quot;name&quot;:&quot;Parentis-en-Born&quot;,&quot;distance_kilometers&quot;:&quot;15 km&quot;,&quot;driving_time_minutes&quot;:&quot;20 min&quot;,&quot;must_see_places&quot;:&quot;Lac de Biscarrosse et de Parentis, \\u00e9glise Saint-Vincent&quot;,&quot;markets_local_events&quot;:&quot;March\\u00e9 hebdomadaire&quot;,&quot;restaurants_specialities&quot;:&quot;Gastronomie landaise&quot;,&quot;comment&quot;:&quot;Ville connue pour son lac et ses activit\\u00e9s de plein air.&quot;,&quot;link&quot;:&quot;https:\\\/\\\/fr.wikipedia.org\\\/wiki\\\/Parentis-en-Born&quot;,&quot;image&quot;:&quot;https:\\\/\\\/upload.wikimedia.org\\\/wikipedia\\\/commons\\\/thumb\\\/2\\\/22\\\/Parentis-en-Born_-_Place_Cambouet.jpg\\\/320px-Parentis-en-Born_-_Place_Cambouet.jpg&quot;},&quot;category&quot;:&quot;Villes aux alentours&quot;}\">\n\n            <!-- Image + badge cat\u00e9gorie -->\n            <div class=\"em-card-img-wrap\">\n                              <img decoding=\"async\" class=\"em-card-img\" src=\"https:\/\/upload.wikimedia.org\/wikipedia\/commons\/thumb\/2\/22\/Parentis-en-Born_-_Place_Cambouet.jpg\/320px-Parentis-en-Born_-_Place_Cambouet.jpg\" alt=\"Parentis-en-Born\" loading=\"lazy\" onerror=\"this.style.display='none';this.nextElementSibling.style.display='flex';\">\n                <div class=\"em-card-placeholder\" style=\"display:none;\">\ud83d\udcf7 Image indisponible<\/div>\n                            <span class=\"em-card-badge badge-city\">Villes aux alentours<\/span>\n            <\/div>\n\n            <!-- Contenu de la card -->\n            <div class=\"em-card-body\">\n              <h3 class=\"em-card-title\">Parentis-en-Born<\/h3>\n\n              <!-- Tags r\u00e9sum\u00e9s (max 4) -->\n              <div class=\"em-card-tags\">\n                                    <span class=\"em-tag em-tag-blue\">15 km km<\/span>\n                                    <span class=\"em-tag em-tag-orange\">20 min min<\/span>\n                                              <\/div>\n\n              <!-- Champs suppl\u00e9mentaires (max 3) -->\n              <div class=\"em-card-fields\">\n                                  <div class=\"em-card-field\">\n                    <span class=\"em-card-field-label\">Lieux \/ Activit\u00e9s incontournables :<\/span>\n                    <span class=\"em-card-field-value\">Lac de Biscarrosse et de Parentis, \u00e9glise Saint-Vincent<\/span>\n                  <\/div>\n                                  <div class=\"em-card-field\">\n                    <span class=\"em-card-field-label\">March\u00e9s \/ \u00e9v\u00e9nements locaux :<\/span>\n                    <span class=\"em-card-field-value\">March\u00e9 hebdomadaire<\/span>\n                  <\/div>\n                                  <div class=\"em-card-field\">\n                    <span class=\"em-card-field-label\">Restaurants \/ sp\u00e9cialit\u00e9s :<\/span>\n                    <span class=\"em-card-field-value\">Gastronomie landaise<\/span>\n                  <\/div>\n                              <\/div>\n\n              <!-- Lien vers le d\u00e9tail -->\n              <div class=\"em-card-footer\">\n                <span>Voir le d\u00e9tail<\/span>\n                <svg fill=\"none\" viewBox=\"0 0 24 24\" stroke=\"currentColor\" stroke-width=\"2\"><path stroke-linecap=\"round\" stroke-linejoin=\"round\" d=\"M13.5 4.5L21 12m0 0l-7.5 7.5M21 12H3\"><\/path><\/svg>\n              <\/div>\n            <\/div>\n          <\/article>\n                  <article class=\"em-card\"\n            data-type=\"city\"\n            data-features=\"\"\n            data-name=\"saint-michel-escalus\"\n            data-json=\"{&quot;name&quot;:&quot;Saint-Michel-Escalus&quot;,&quot;image&quot;:&quot;https:\\\/\\\/upload.wikimedia.org\\\/wikipedia\\\/commons\\\/thumb\\\/f\\\/f7\\\/Saint-Michel-Escalus_-_Mairie.jpg\\\/320px-Saint-Michel-Escalus_-_Mairie.jpg&quot;,&quot;link&quot;:&quot;https:\\\/\\\/fr.wikipedia.org\\\/wiki\\\/Saint-Michel-Escalus&quot;,&quot;data&quot;:{&quot;name&quot;:&quot;Saint-Michel-Escalus&quot;,&quot;distance_kilometers&quot;:&quot;11 km&quot;,&quot;driving_time_minutes&quot;:&quot;17 min&quot;,&quot;must_see_places&quot;:&quot;\\u00c9glise Saint-Michel, paysages naturels&quot;,&quot;markets_local_events&quot;:&quot;F\\u00eate locale estivale&quot;,&quot;restaurants_specialities&quot;:&quot;Produits locaux de la r\\u00e9gion&quot;,&quot;comment&quot;:&quot;Petit village authentique en zone rurale landaise.&quot;,&quot;link&quot;:&quot;https:\\\/\\\/fr.wikipedia.org\\\/wiki\\\/Saint-Michel-Escalus&quot;,&quot;image&quot;:&quot;https:\\\/\\\/upload.wikimedia.org\\\/wikipedia\\\/commons\\\/thumb\\\/f\\\/f7\\\/Saint-Michel-Escalus_-_Mairie.jpg\\\/320px-Saint-Michel-Escalus_-_Mairie.jpg&quot;},&quot;category&quot;:&quot;Villes aux alentours&quot;}\">\n\n            <!-- Image + badge cat\u00e9gorie -->\n            <div class=\"em-card-img-wrap\">\n                              <img decoding=\"async\" class=\"em-card-img\" src=\"https:\/\/upload.wikimedia.org\/wikipedia\/commons\/thumb\/f\/f7\/Saint-Michel-Escalus_-_Mairie.jpg\/320px-Saint-Michel-Escalus_-_Mairie.jpg\" alt=\"Saint-Michel-Escalus\" loading=\"lazy\" onerror=\"this.style.display='none';this.nextElementSibling.style.display='flex';\">\n                <div class=\"em-card-placeholder\" style=\"display:none;\">\ud83d\udcf7 Image indisponible<\/div>\n                            <span class=\"em-card-badge badge-city\">Villes aux alentours<\/span>\n            <\/div>\n\n            <!-- Contenu de la card -->\n            <div class=\"em-card-body\">\n              <h3 class=\"em-card-title\">Saint-Michel-Escalus<\/h3>\n\n              <!-- Tags r\u00e9sum\u00e9s (max 4) -->\n              <div class=\"em-card-tags\">\n                                    <span class=\"em-tag em-tag-blue\">11 km km<\/span>\n                                    <span class=\"em-tag em-tag-orange\">17 min min<\/span>\n                                              <\/div>\n\n              <!-- Champs suppl\u00e9mentaires (max 3) -->\n              <div class=\"em-card-fields\">\n                                  <div class=\"em-card-field\">\n                    <span class=\"em-card-field-label\">Lieux \/ Activit\u00e9s incontournables :<\/span>\n                    <span class=\"em-card-field-value\">\u00c9glise Saint-Michel, paysages naturels<\/span>\n                  <\/div>\n                                  <div class=\"em-card-field\">\n                    <span class=\"em-card-field-label\">March\u00e9s \/ \u00e9v\u00e9nements locaux :<\/span>\n                    <span class=\"em-card-field-value\">F\u00eate locale estivale<\/span>\n                  <\/div>\n                                  <div class=\"em-card-field\">\n                    <span class=\"em-card-field-label\">Restaurants \/ sp\u00e9cialit\u00e9s :<\/span>\n                    <span class=\"em-card-field-value\">Produits locaux de la r\u00e9gion<\/span>\n                  <\/div>\n                              <\/div>\n\n              <!-- Lien vers le d\u00e9tail -->\n              <div class=\"em-card-footer\">\n                <span>Voir le d\u00e9tail<\/span>\n                <svg fill=\"none\" viewBox=\"0 0 24 24\" stroke=\"currentColor\" stroke-width=\"2\"><path stroke-linecap=\"round\" stroke-linejoin=\"round\" d=\"M13.5 4.5L21 12m0 0l-7.5 7.5M21 12H3\"><\/path><\/svg>\n              <\/div>\n            <\/div>\n          <\/article>\n                  <article class=\"em-card\"\n            data-type=\"city\"\n            data-features=\"\"\n            data-name=\"saint-vincent-de-tyrosse\"\n            data-json=\"{&quot;name&quot;:&quot;Saint-Vincent-de-Tyrosse&quot;,&quot;image&quot;:&quot;https:\\\/\\\/upload.wikimedia.org\\\/wikipedia\\\/commons\\\/thumb\\\/0\\\/04\\\/StVincentTyrosse_blog.jpg\\\/320px-StVincentTyrosse_blog.jpg&quot;,&quot;link&quot;:&quot;https:\\\/\\\/fr.wikipedia.org\\\/wiki\\\/Saint-Vincent-de-Tyrosse&quot;,&quot;data&quot;:{&quot;name&quot;:&quot;Saint-Vincent-de-Tyrosse&quot;,&quot;distance_kilometers&quot;:&quot;35 km&quot;,&quot;driving_time_minutes&quot;:&quot;40 min&quot;,&quot;must_see_places&quot;:&quot;\\u00c9glise Saint-Vincent, zones naturelles&quot;,&quot;markets_local_events&quot;:&quot;March\\u00e9s et festivit\\u00e9s traditionnelles&quot;,&quot;restaurants_specialities&quot;:&quot;Cuisine typique des Landes&quot;,&quot;comment&quot;:&quot;Ville active avec un riche patrimoine culturel \\u00e0 d\\u00e9couvrir.&quot;,&quot;link&quot;:&quot;https:\\\/\\\/fr.wikipedia.org\\\/wiki\\\/Saint-Vincent-de-Tyrosse&quot;,&quot;image&quot;:&quot;https:\\\/\\\/upload.wikimedia.org\\\/wikipedia\\\/commons\\\/thumb\\\/0\\\/04\\\/StVincentTyrosse_blog.jpg\\\/320px-StVincentTyrosse_blog.jpg&quot;},&quot;category&quot;:&quot;Villes aux alentours&quot;}\">\n\n            <!-- Image + badge cat\u00e9gorie -->\n            <div class=\"em-card-img-wrap\">\n                              <img decoding=\"async\" class=\"em-card-img\" src=\"https:\/\/upload.wikimedia.org\/wikipedia\/commons\/thumb\/0\/04\/StVincentTyrosse_blog.jpg\/320px-StVincentTyrosse_blog.jpg\" alt=\"Saint-Vincent-de-Tyrosse\" loading=\"lazy\" onerror=\"this.style.display='none';this.nextElementSibling.style.display='flex';\">\n                <div class=\"em-card-placeholder\" style=\"display:none;\">\ud83d\udcf7 Image indisponible<\/div>\n                            <span class=\"em-card-badge badge-city\">Villes aux alentours<\/span>\n            <\/div>\n\n            <!-- Contenu de la card -->\n            <div class=\"em-card-body\">\n              <h3 class=\"em-card-title\">Saint-Vincent-de-Tyrosse<\/h3>\n\n              <!-- Tags r\u00e9sum\u00e9s (max 4) -->\n              <div class=\"em-card-tags\">\n                                    <span class=\"em-tag em-tag-blue\">35 km km<\/span>\n                                    <span class=\"em-tag em-tag-orange\">40 min min<\/span>\n                                              <\/div>\n\n              <!-- Champs suppl\u00e9mentaires (max 3) -->\n              <div class=\"em-card-fields\">\n                                  <div class=\"em-card-field\">\n                    <span class=\"em-card-field-label\">Lieux \/ Activit\u00e9s incontournables :<\/span>\n                    <span class=\"em-card-field-value\">\u00c9glise Saint-Vincent, zones naturelles<\/span>\n                  <\/div>\n                                  <div class=\"em-card-field\">\n                    <span class=\"em-card-field-label\">March\u00e9s \/ \u00e9v\u00e9nements locaux :<\/span>\n                    <span class=\"em-card-field-value\">March\u00e9s et festivit\u00e9s traditionnelles<\/span>\n                  <\/div>\n                                  <div class=\"em-card-field\">\n                    <span class=\"em-card-field-label\">Restaurants \/ sp\u00e9cialit\u00e9s :<\/span>\n                    <span class=\"em-card-field-value\">Cuisine typique des Landes<\/span>\n                  <\/div>\n                              <\/div>\n\n              <!-- Lien vers le d\u00e9tail -->\n              <div class=\"em-card-footer\">\n                <span>Voir le d\u00e9tail<\/span>\n                <svg fill=\"none\" viewBox=\"0 0 24 24\" stroke=\"currentColor\" stroke-width=\"2\"><path stroke-linecap=\"round\" stroke-linejoin=\"round\" d=\"M13.5 4.5L21 12m0 0l-7.5 7.5M21 12H3\"><\/path><\/svg>\n              <\/div>\n            <\/div>\n          <\/article>\n                  <article class=\"em-card\"\n            data-type=\"city\"\n            data-features=\"\"\n            data-name=\"morcenx-la-nouvelle\"\n            data-json=\"{&quot;name&quot;:&quot;Morcenx-la-Nouvelle&quot;,&quot;image&quot;:&quot;https:\\\/\\\/upload.wikimedia.org\\\/wikipedia\\\/commons\\\/thumb\\\/d\\\/d3\\\/Morcenx-Mairie.jpg\\\/320px-Morcenx-Mairie.jpg&quot;,&quot;link&quot;:&quot;https:\\\/\\\/fr.wikipedia.org\\\/wiki\\\/Morcenx-la-Nouvelle&quot;,&quot;data&quot;:{&quot;name&quot;:&quot;Morcenx-la-Nouvelle&quot;,&quot;distance_kilometers&quot;:&quot;30 km&quot;,&quot;driving_time_minutes&quot;:&quot;35 min&quot;,&quot;must_see_places&quot;:&quot;Mus\\u00e9e des Traditions Landes, centre historique&quot;,&quot;markets_local_events&quot;:&quot;March\\u00e9 hebdomadaire&quot;,&quot;restaurants_specialities&quot;:&quot;Sp\\u00e9cialit\\u00e9s r\\u00e9gionales&quot;,&quot;comment&quot;:&quot;Ville regroupant plusieurs communes, riche en traditions landaises.&quot;,&quot;link&quot;:&quot;https:\\\/\\\/fr.wikipedia.org\\\/wiki\\\/Morcenx-la-Nouvelle&quot;,&quot;image&quot;:&quot;https:\\\/\\\/upload.wikimedia.org\\\/wikipedia\\\/commons\\\/thumb\\\/d\\\/d3\\\/Morcenx-Mairie.jpg\\\/320px-Morcenx-Mairie.jpg&quot;},&quot;category&quot;:&quot;Villes aux alentours&quot;}\">\n\n            <!-- Image + badge cat\u00e9gorie -->\n            <div class=\"em-card-img-wrap\">\n                              <img decoding=\"async\" class=\"em-card-img\" src=\"https:\/\/upload.wikimedia.org\/wikipedia\/commons\/thumb\/d\/d3\/Morcenx-Mairie.jpg\/320px-Morcenx-Mairie.jpg\" alt=\"Morcenx-la-Nouvelle\" loading=\"lazy\" onerror=\"this.style.display='none';this.nextElementSibling.style.display='flex';\">\n                <div class=\"em-card-placeholder\" style=\"display:none;\">\ud83d\udcf7 Image indisponible<\/div>\n                            <span class=\"em-card-badge badge-city\">Villes aux alentours<\/span>\n            <\/div>\n\n            <!-- Contenu de la card -->\n            <div class=\"em-card-body\">\n              <h3 class=\"em-card-title\">Morcenx-la-Nouvelle<\/h3>\n\n              <!-- Tags r\u00e9sum\u00e9s (max 4) -->\n              <div class=\"em-card-tags\">\n                                    <span class=\"em-tag em-tag-blue\">30 km km<\/span>\n                                    <span class=\"em-tag em-tag-orange\">35 min min<\/span>\n                                              <\/div>\n\n              <!-- Champs suppl\u00e9mentaires (max 3) -->\n              <div class=\"em-card-fields\">\n                                  <div class=\"em-card-field\">\n                    <span class=\"em-card-field-label\">Lieux \/ Activit\u00e9s incontournables :<\/span>\n                    <span class=\"em-card-field-value\">Mus\u00e9e des Traditions Landes, centre historique<\/span>\n                  <\/div>\n                                  <div class=\"em-card-field\">\n                    <span class=\"em-card-field-label\">March\u00e9s \/ \u00e9v\u00e9nements locaux :<\/span>\n                    <span class=\"em-card-field-value\">March\u00e9 hebdomadaire<\/span>\n                  <\/div>\n                                  <div class=\"em-card-field\">\n                    <span class=\"em-card-field-label\">Restaurants \/ sp\u00e9cialit\u00e9s :<\/span>\n                    <span class=\"em-card-field-value\">Sp\u00e9cialit\u00e9s r\u00e9gionales<\/span>\n                  <\/div>\n                              <\/div>\n\n              <!-- Lien vers le d\u00e9tail -->\n              <div class=\"em-card-footer\">\n                <span>Voir le d\u00e9tail<\/span>\n                <svg fill=\"none\" viewBox=\"0 0 24 24\" stroke=\"currentColor\" stroke-width=\"2\"><path stroke-linecap=\"round\" stroke-linejoin=\"round\" d=\"M13.5 4.5L21 12m0 0l-7.5 7.5M21 12H3\"><\/path><\/svg>\n              <\/div>\n            <\/div>\n          <\/article>\n                  <article class=\"em-card\"\n            data-type=\"city\"\n            data-features=\"\"\n            data-name=\"onesse-et-laharie\"\n            data-json=\"{&quot;name&quot;:&quot;Onesse-et-Laharie&quot;,&quot;image&quot;:&quot;https:\\\/\\\/upload.wikimedia.org\\\/wikipedia\\\/commons\\\/thumb\\\/4\\\/41\\\/Onesse-et-Laharie_-_Mairie.jpg\\\/320px-Onesse-et-Laharie_-_Mairie.jpg&quot;,&quot;link&quot;:&quot;https:\\\/\\\/fr.wikipedia.org\\\/wiki\\\/Onesse-et-Laharie&quot;,&quot;data&quot;:{&quot;name&quot;:&quot;Onesse-et-Laharie&quot;,&quot;distance_kilometers&quot;:&quot;28 km&quot;,&quot;driving_time_minutes&quot;:&quot;33 min&quot;,&quot;must_see_places&quot;:&quot;For\\u00eats et sentiers de randonn\\u00e9e&quot;,&quot;markets_local_events&quot;:&quot;F\\u00eate locale annuelle&quot;,&quot;restaurants_specialities&quot;:&quot;Produits locaux&quot;,&quot;comment&quot;:&quot;Commune avec de nombreuses activit\\u00e9s en plein air et nature.&quot;,&quot;link&quot;:&quot;https:\\\/\\\/fr.wikipedia.org\\\/wiki\\\/Onesse-et-Laharie&quot;,&quot;image&quot;:&quot;https:\\\/\\\/upload.wikimedia.org\\\/wikipedia\\\/commons\\\/thumb\\\/4\\\/41\\\/Onesse-et-Laharie_-_Mairie.jpg\\\/320px-Onesse-et-Laharie_-_Mairie.jpg&quot;},&quot;category&quot;:&quot;Villes aux alentours&quot;}\">\n\n            <!-- Image + badge cat\u00e9gorie -->\n            <div class=\"em-card-img-wrap\">\n                              <img decoding=\"async\" class=\"em-card-img\" src=\"https:\/\/upload.wikimedia.org\/wikipedia\/commons\/thumb\/4\/41\/Onesse-et-Laharie_-_Mairie.jpg\/320px-Onesse-et-Laharie_-_Mairie.jpg\" alt=\"Onesse-et-Laharie\" loading=\"lazy\" onerror=\"this.style.display='none';this.nextElementSibling.style.display='flex';\">\n                <div class=\"em-card-placeholder\" style=\"display:none;\">\ud83d\udcf7 Image indisponible<\/div>\n                            <span class=\"em-card-badge badge-city\">Villes aux alentours<\/span>\n            <\/div>\n\n            <!-- Contenu de la card -->\n            <div class=\"em-card-body\">\n              <h3 class=\"em-card-title\">Onesse-et-Laharie<\/h3>\n\n              <!-- Tags r\u00e9sum\u00e9s (max 4) -->\n              <div class=\"em-card-tags\">\n                                    <span class=\"em-tag em-tag-blue\">28 km km<\/span>\n                                    <span class=\"em-tag em-tag-orange\">33 min min<\/span>\n                                              <\/div>\n\n              <!-- Champs suppl\u00e9mentaires (max 3) -->\n              <div class=\"em-card-fields\">\n                                  <div class=\"em-card-field\">\n                    <span class=\"em-card-field-label\">Lieux \/ Activit\u00e9s incontournables :<\/span>\n                    <span class=\"em-card-field-value\">For\u00eats et sentiers de randonn\u00e9e<\/span>\n                  <\/div>\n                                  <div class=\"em-card-field\">\n                    <span class=\"em-card-field-label\">March\u00e9s \/ \u00e9v\u00e9nements locaux :<\/span>\n                    <span class=\"em-card-field-value\">F\u00eate locale annuelle<\/span>\n                  <\/div>\n                                  <div class=\"em-card-field\">\n                    <span class=\"em-card-field-label\">Restaurants \/ sp\u00e9cialit\u00e9s :<\/span>\n                    <span class=\"em-card-field-value\">Produits locaux<\/span>\n                  <\/div>\n                              <\/div>\n\n              <!-- Lien vers le d\u00e9tail -->\n              <div class=\"em-card-footer\">\n                <span>Voir le d\u00e9tail<\/span>\n                <svg fill=\"none\" viewBox=\"0 0 24 24\" stroke=\"currentColor\" stroke-width=\"2\"><path stroke-linecap=\"round\" stroke-linejoin=\"round\" d=\"M13.5 4.5L21 12m0 0l-7.5 7.5M21 12H3\"><\/path><\/svg>\n              <\/div>\n            <\/div>\n          <\/article>\n                  <article class=\"em-card\"\n            data-type=\"city\"\n            data-features=\"\"\n            data-name=\"pissos\"\n            data-json=\"{&quot;name&quot;:&quot;Pissos&quot;,&quot;image&quot;:&quot;https:\\\/\\\/upload.wikimedia.org\\\/wikipedia\\\/commons\\\/thumb\\\/c\\\/cf\\\/Pissos_-_Mairie.jpg\\\/320px-Pissos_-_Mairie.jpg&quot;,&quot;link&quot;:&quot;https:\\\/\\\/fr.wikipedia.org\\\/wiki\\\/Pissos&quot;,&quot;data&quot;:{&quot;name&quot;:&quot;Pissos&quot;,&quot;distance_kilometers&quot;:&quot;38 km&quot;,&quot;driving_time_minutes&quot;:&quot;45 min&quot;,&quot;must_see_places&quot;:&quot;\\u00c9tang de Pissos, \\u00e9glise Saint-Christophe&quot;,&quot;markets_local_events&quot;:&quot;March\\u00e9 hebdomadaire&quot;,&quot;restaurants_specialities&quot;:&quot;Cuisine traditionnelle landaise&quot;,&quot;comment&quot;:&quot;Village r\\u00e9put\\u00e9 pour son \\u00e9tang et ses paysages naturels.&quot;,&quot;link&quot;:&quot;https:\\\/\\\/fr.wikipedia.org\\\/wiki\\\/Pissos&quot;,&quot;image&quot;:&quot;https:\\\/\\\/upload.wikimedia.org\\\/wikipedia\\\/commons\\\/thumb\\\/c\\\/cf\\\/Pissos_-_Mairie.jpg\\\/320px-Pissos_-_Mairie.jpg&quot;},&quot;category&quot;:&quot;Villes aux alentours&quot;}\">\n\n            <!-- Image + badge cat\u00e9gorie -->\n            <div class=\"em-card-img-wrap\">\n                              <img decoding=\"async\" class=\"em-card-img\" src=\"https:\/\/upload.wikimedia.org\/wikipedia\/commons\/thumb\/c\/cf\/Pissos_-_Mairie.jpg\/320px-Pissos_-_Mairie.jpg\" alt=\"Pissos\" loading=\"lazy\" onerror=\"this.style.display='none';this.nextElementSibling.style.display='flex';\">\n                <div class=\"em-card-placeholder\" style=\"display:none;\">\ud83d\udcf7 Image indisponible<\/div>\n                            <span class=\"em-card-badge badge-city\">Villes aux alentours<\/span>\n            <\/div>\n\n            <!-- Contenu de la card -->\n            <div class=\"em-card-body\">\n              <h3 class=\"em-card-title\">Pissos<\/h3>\n\n              <!-- Tags r\u00e9sum\u00e9s (max 4) -->\n              <div class=\"em-card-tags\">\n                                    <span class=\"em-tag em-tag-blue\">38 km km<\/span>\n                                    <span class=\"em-tag em-tag-orange\">45 min min<\/span>\n                                              <\/div>\n\n              <!-- Champs suppl\u00e9mentaires (max 3) -->\n              <div class=\"em-card-fields\">\n                                  <div class=\"em-card-field\">\n                    <span class=\"em-card-field-label\">Lieux \/ Activit\u00e9s incontournables :<\/span>\n                    <span class=\"em-card-field-value\">\u00c9tang de Pissos, \u00e9glise Saint-Christophe<\/span>\n                  <\/div>\n                                  <div class=\"em-card-field\">\n                    <span class=\"em-card-field-label\">March\u00e9s \/ \u00e9v\u00e9nements locaux :<\/span>\n                    <span class=\"em-card-field-value\">March\u00e9 hebdomadaire<\/span>\n                  <\/div>\n                                  <div class=\"em-card-field\">\n                    <span class=\"em-card-field-label\">Restaurants \/ sp\u00e9cialit\u00e9s :<\/span>\n                    <span class=\"em-card-field-value\">Cuisine traditionnelle landaise<\/span>\n                  <\/div>\n                              <\/div>\n\n              <!-- Lien vers le d\u00e9tail -->\n              <div class=\"em-card-footer\">\n                <span>Voir le d\u00e9tail<\/span>\n                <svg fill=\"none\" viewBox=\"0 0 24 24\" stroke=\"currentColor\" stroke-width=\"2\"><path stroke-linecap=\"round\" stroke-linejoin=\"round\" d=\"M13.5 4.5L21 12m0 0l-7.5 7.5M21 12H3\"><\/path><\/svg>\n              <\/div>\n            <\/div>\n          <\/article>\n                  <article class=\"em-card\"\n            data-type=\"city\"\n            data-features=\"\"\n            data-name=\"pontenx-les-forges\"\n            data-json=\"{&quot;name&quot;:&quot;Pontenx-les-Forges&quot;,&quot;image&quot;:&quot;https:\\\/\\\/upload.wikimedia.org\\\/wikipedia\\\/commons\\\/thumb\\\/b\\\/b6\\\/Pontenx-les-Forges_-_Mairie_AV.jpg\\\/320px-Pontenx-les-Forges_-_Mairie_AV.jpg&quot;,&quot;link&quot;:&quot;https:\\\/\\\/fr.wikipedia.org\\\/wiki\\\/Pontenx-les-Forges&quot;,&quot;data&quot;:{&quot;name&quot;:&quot;Pontenx-les-Forges&quot;,&quot;distance_kilometers&quot;:&quot;6 km&quot;,&quot;driving_time_minutes&quot;:&quot;10 min&quot;,&quot;must_see_places&quot;:&quot;Bord de l&#039;\\u00e9tang, sentiers&quot;,&quot;markets_local_events&quot;:&quot;March\\u00e9 local&quot;,&quot;restaurants_specialities&quot;:&quot;Sp\\u00e9cialit\\u00e9s r\\u00e9gionales&quot;,&quot;comment&quot;:&quot;Proche de Saint-Paul-en-Born, ville active aux portes de la for\\u00eat.&quot;,&quot;link&quot;:&quot;https:\\\/\\\/fr.wikipedia.org\\\/wiki\\\/Pontenx-les-Forges&quot;,&quot;image&quot;:&quot;https:\\\/\\\/upload.wikimedia.org\\\/wikipedia\\\/commons\\\/thumb\\\/b\\\/b6\\\/Pontenx-les-Forges_-_Mairie_AV.jpg\\\/320px-Pontenx-les-Forges_-_Mairie_AV.jpg&quot;},&quot;category&quot;:&quot;Villes aux alentours&quot;}\">\n\n            <!-- Image + badge cat\u00e9gorie -->\n            <div class=\"em-card-img-wrap\">\n                              <img decoding=\"async\" class=\"em-card-img\" src=\"https:\/\/upload.wikimedia.org\/wikipedia\/commons\/thumb\/b\/b6\/Pontenx-les-Forges_-_Mairie_AV.jpg\/320px-Pontenx-les-Forges_-_Mairie_AV.jpg\" alt=\"Pontenx-les-Forges\" loading=\"lazy\" onerror=\"this.style.display='none';this.nextElementSibling.style.display='flex';\">\n                <div class=\"em-card-placeholder\" style=\"display:none;\">\ud83d\udcf7 Image indisponible<\/div>\n                            <span class=\"em-card-badge badge-city\">Villes aux alentours<\/span>\n            <\/div>\n\n            <!-- Contenu de la card -->\n            <div class=\"em-card-body\">\n              <h3 class=\"em-card-title\">Pontenx-les-Forges<\/h3>\n\n              <!-- Tags r\u00e9sum\u00e9s (max 4) -->\n              <div class=\"em-card-tags\">\n                                    <span class=\"em-tag em-tag-blue\">6 km km<\/span>\n                                    <span class=\"em-tag em-tag-orange\">10 min min<\/span>\n                                              <\/div>\n\n              <!-- Champs suppl\u00e9mentaires (max 3) -->\n              <div class=\"em-card-fields\">\n                                  <div class=\"em-card-field\">\n                    <span class=\"em-card-field-label\">Lieux \/ Activit\u00e9s incontournables :<\/span>\n                    <span class=\"em-card-field-value\">Bord de l&#039;\u00e9tang, sentiers<\/span>\n                  <\/div>\n                                  <div class=\"em-card-field\">\n                    <span class=\"em-card-field-label\">March\u00e9s \/ \u00e9v\u00e9nements locaux :<\/span>\n                    <span class=\"em-card-field-value\">March\u00e9 local<\/span>\n                  <\/div>\n                                  <div class=\"em-card-field\">\n                    <span class=\"em-card-field-label\">Restaurants \/ sp\u00e9cialit\u00e9s :<\/span>\n                    <span class=\"em-card-field-value\">Sp\u00e9cialit\u00e9s r\u00e9gionales<\/span>\n                  <\/div>\n                              <\/div>\n\n              <!-- Lien vers le d\u00e9tail -->\n              <div class=\"em-card-footer\">\n                <span>Voir le d\u00e9tail<\/span>\n                <svg fill=\"none\" viewBox=\"0 0 24 24\" stroke=\"currentColor\" stroke-width=\"2\"><path stroke-linecap=\"round\" stroke-linejoin=\"round\" d=\"M13.5 4.5L21 12m0 0l-7.5 7.5M21 12H3\"><\/path><\/svg>\n              <\/div>\n            <\/div>\n          <\/article>\n                  <article class=\"em-card\"\n            data-type=\"city\"\n            data-features=\"\"\n            data-name=\"labenne\"\n            data-json=\"{&quot;name&quot;:&quot;Labenne&quot;,&quot;image&quot;:&quot;https:\\\/\\\/upload.wikimedia.org\\\/wikipedia\\\/commons\\\/thumb\\\/b\\\/b0\\\/Labenne_Mairie.jpg\\\/320px-Labenne_Mairie.jpg&quot;,&quot;link&quot;:&quot;https:\\\/\\\/fr.wikipedia.org\\\/wiki\\\/Labenne&quot;,&quot;data&quot;:{&quot;name&quot;:&quot;Labenne&quot;,&quot;distance_kilometers&quot;:&quot;45 km&quot;,&quot;driving_time_minutes&quot;:&quot;45 min&quot;,&quot;must_see_places&quot;:&quot;Plages de Labenne-Oc\\u00e9an, zones de surf&quot;,&quot;markets_local_events&quot;:&quot;March\\u00e9s et \\u00e9v\\u00e9nements sportifs&quot;,&quot;restaurants_specialities&quot;:&quot;Fruits de mer et cuisine oc\\u00e9anique&quot;,&quot;comment&quot;:&quot;Station baln\\u00e9aire dynamique sur la c\\u00f4te landaise.&quot;,&quot;link&quot;:&quot;https:\\\/\\\/fr.wikipedia.org\\\/wiki\\\/Labenne&quot;,&quot;image&quot;:&quot;https:\\\/\\\/upload.wikimedia.org\\\/wikipedia\\\/commons\\\/thumb\\\/b\\\/b0\\\/Labenne_Mairie.jpg\\\/320px-Labenne_Mairie.jpg&quot;},&quot;category&quot;:&quot;Villes aux alentours&quot;}\">\n\n            <!-- Image + badge cat\u00e9gorie -->\n            <div class=\"em-card-img-wrap\">\n                              <img decoding=\"async\" class=\"em-card-img\" src=\"https:\/\/upload.wikimedia.org\/wikipedia\/commons\/thumb\/b\/b0\/Labenne_Mairie.jpg\/320px-Labenne_Mairie.jpg\" alt=\"Labenne\" loading=\"lazy\" onerror=\"this.style.display='none';this.nextElementSibling.style.display='flex';\">\n                <div class=\"em-card-placeholder\" style=\"display:none;\">\ud83d\udcf7 Image indisponible<\/div>\n                            <span class=\"em-card-badge badge-city\">Villes aux alentours<\/span>\n            <\/div>\n\n            <!-- Contenu de la card -->\n            <div class=\"em-card-body\">\n              <h3 class=\"em-card-title\">Labenne<\/h3>\n\n              <!-- Tags r\u00e9sum\u00e9s (max 4) -->\n              <div class=\"em-card-tags\">\n                                    <span class=\"em-tag em-tag-blue\">45 km km<\/span>\n                                    <span class=\"em-tag em-tag-orange\">45 min min<\/span>\n                                              <\/div>\n\n              <!-- Champs suppl\u00e9mentaires (max 3) -->\n              <div class=\"em-card-fields\">\n                                  <div class=\"em-card-field\">\n                    <span class=\"em-card-field-label\">Lieux \/ Activit\u00e9s incontournables :<\/span>\n                    <span class=\"em-card-field-value\">Plages de Labenne-Oc\u00e9an, zones de surf<\/span>\n                  <\/div>\n                                  <div class=\"em-card-field\">\n                    <span class=\"em-card-field-label\">March\u00e9s \/ \u00e9v\u00e9nements locaux :<\/span>\n                    <span class=\"em-card-field-value\">March\u00e9s et \u00e9v\u00e9nements sportifs<\/span>\n                  <\/div>\n                                  <div class=\"em-card-field\">\n                    <span class=\"em-card-field-label\">Restaurants \/ sp\u00e9cialit\u00e9s :<\/span>\n                    <span class=\"em-card-field-value\">Fruits de mer et cuisine oc\u00e9anique<\/span>\n                  <\/div>\n                              <\/div>\n\n              <!-- Lien vers le d\u00e9tail -->\n              <div class=\"em-card-footer\">\n                <span>Voir le d\u00e9tail<\/span>\n                <svg fill=\"none\" viewBox=\"0 0 24 24\" stroke=\"currentColor\" stroke-width=\"2\"><path stroke-linecap=\"round\" stroke-linejoin=\"round\" d=\"M13.5 4.5L21 12m0 0l-7.5 7.5M21 12H3\"><\/path><\/svg>\n              <\/div>\n            <\/div>\n          <\/article>\n                  <article class=\"em-card\"\n            data-type=\"city\"\n            data-features=\"\"\n            data-name=\"magescq\"\n            data-json=\"{&quot;name&quot;:&quot;Magescq&quot;,&quot;image&quot;:&quot;https:\\\/\\\/upload.wikimedia.org\\\/wikipedia\\\/commons\\\/thumb\\\/e\\\/e9\\\/Magescq_-_Mairie.jpg\\\/320px-Magescq_-_Mairie.jpg&quot;,&quot;link&quot;:&quot;https:\\\/\\\/fr.wikipedia.org\\\/wiki\\\/Magescq&quot;,&quot;data&quot;:{&quot;name&quot;:&quot;Magescq&quot;,&quot;distance_kilometers&quot;:&quot;29 km&quot;,&quot;driving_time_minutes&quot;:&quot;32 min&quot;,&quot;must_see_places&quot;:&quot;Chapelle, march\\u00e9s&quot;,&quot;markets_local_events&quot;:&quot;March\\u00e9 hebdomadaire&quot;,&quot;restaurants_specialities&quot;:&quot;Produits locaux authentiques&quot;,&quot;comment&quot;:&quot;Commune paisible au c\\u0153ur des Landes, proche de la nature.&quot;,&quot;link&quot;:&quot;https:\\\/\\\/fr.wikipedia.org\\\/wiki\\\/Magescq&quot;,&quot;image&quot;:&quot;https:\\\/\\\/upload.wikimedia.org\\\/wikipedia\\\/commons\\\/thumb\\\/e\\\/e9\\\/Magescq_-_Mairie.jpg\\\/320px-Magescq_-_Mairie.jpg&quot;},&quot;category&quot;:&quot;Villes aux alentours&quot;}\">\n\n            <!-- Image + badge cat\u00e9gorie -->\n            <div class=\"em-card-img-wrap\">\n                              <img decoding=\"async\" class=\"em-card-img\" src=\"https:\/\/upload.wikimedia.org\/wikipedia\/commons\/thumb\/e\/e9\/Magescq_-_Mairie.jpg\/320px-Magescq_-_Mairie.jpg\" alt=\"Magescq\" loading=\"lazy\" onerror=\"this.style.display='none';this.nextElementSibling.style.display='flex';\">\n                <div class=\"em-card-placeholder\" style=\"display:none;\">\ud83d\udcf7 Image indisponible<\/div>\n                            <span class=\"em-card-badge badge-city\">Villes aux alentours<\/span>\n            <\/div>\n\n            <!-- Contenu de la card -->\n            <div class=\"em-card-body\">\n              <h3 class=\"em-card-title\">Magescq<\/h3>\n\n              <!-- Tags r\u00e9sum\u00e9s (max 4) -->\n              <div class=\"em-card-tags\">\n                                    <span class=\"em-tag em-tag-blue\">29 km km<\/span>\n                                    <span class=\"em-tag em-tag-orange\">32 min min<\/span>\n                                              <\/div>\n\n              <!-- Champs suppl\u00e9mentaires (max 3) -->\n              <div class=\"em-card-fields\">\n                                  <div class=\"em-card-field\">\n                    <span class=\"em-card-field-label\">Lieux \/ Activit\u00e9s incontournables :<\/span>\n                    <span class=\"em-card-field-value\">Chapelle, march\u00e9s<\/span>\n                  <\/div>\n                                  <div class=\"em-card-field\">\n                    <span class=\"em-card-field-label\">March\u00e9s \/ \u00e9v\u00e9nements locaux :<\/span>\n                    <span class=\"em-card-field-value\">March\u00e9 hebdomadaire<\/span>\n                  <\/div>\n                                  <div class=\"em-card-field\">\n                    <span class=\"em-card-field-label\">Restaurants \/ sp\u00e9cialit\u00e9s :<\/span>\n                    <span class=\"em-card-field-value\">Produits locaux authentiques<\/span>\n                  <\/div>\n                              <\/div>\n\n              <!-- Lien vers le d\u00e9tail -->\n              <div class=\"em-card-footer\">\n                <span>Voir le d\u00e9tail<\/span>\n                <svg fill=\"none\" viewBox=\"0 0 24 24\" stroke=\"currentColor\" stroke-width=\"2\"><path stroke-linecap=\"round\" stroke-linejoin=\"round\" d=\"M13.5 4.5L21 12m0 0l-7.5 7.5M21 12H3\"><\/path><\/svg>\n              <\/div>\n            <\/div>\n          <\/article>\n                  <article class=\"em-card\"\n            data-type=\"city\"\n            data-features=\"\"\n            data-name=\"saint-jean-de-marsacq\"\n            data-json=\"{&quot;name&quot;:&quot;Saint-Jean-de-Marsacq&quot;,&quot;image&quot;:&quot;https:\\\/\\\/upload.wikimedia.org\\\/wikipedia\\\/commons\\\/thumb\\\/2\\\/2f\\\/Saint-Jean-de-Marsacq_-_Mairie.jpg\\\/320px-Saint-Jean-de-Marsacq_-_Mairie.jpg&quot;,&quot;link&quot;:&quot;https:\\\/\\\/fr.wikipedia.org\\\/wiki\\\/Saint-Jean-de-Marsacq&quot;,&quot;data&quot;:{&quot;name&quot;:&quot;Saint-Jean-de-Marsacq&quot;,&quot;distance_kilometers&quot;:&quot;38 km&quot;,&quot;driving_time_minutes&quot;:&quot;40 min&quot;,&quot;must_see_places&quot;:&quot;\\u00c9glise Saint-Jean-Baptiste, paysages agricoles&quot;,&quot;markets_local_events&quot;:&quot;F\\u00eate traditionnelle, march\\u00e9s&quot;,&quot;restaurants_specialities&quot;:&quot;Cuisine du terroir&quot;,&quot;comment&quot;:&quot;Village \\u00e0 la campagne, riche en traditions landaises.&quot;,&quot;link&quot;:&quot;https:\\\/\\\/fr.wikipedia.org\\\/wiki\\\/Saint-Jean-de-Marsacq&quot;,&quot;image&quot;:&quot;https:\\\/\\\/upload.wikimedia.org\\\/wikipedia\\\/commons\\\/thumb\\\/2\\\/2f\\\/Saint-Jean-de-Marsacq_-_Mairie.jpg\\\/320px-Saint-Jean-de-Marsacq_-_Mairie.jpg&quot;},&quot;category&quot;:&quot;Villes aux alentours&quot;}\">\n\n            <!-- Image + badge cat\u00e9gorie -->\n            <div class=\"em-card-img-wrap\">\n                              <img decoding=\"async\" class=\"em-card-img\" src=\"https:\/\/upload.wikimedia.org\/wikipedia\/commons\/thumb\/2\/2f\/Saint-Jean-de-Marsacq_-_Mairie.jpg\/320px-Saint-Jean-de-Marsacq_-_Mairie.jpg\" alt=\"Saint-Jean-de-Marsacq\" loading=\"lazy\" onerror=\"this.style.display='none';this.nextElementSibling.style.display='flex';\">\n                <div class=\"em-card-placeholder\" style=\"display:none;\">\ud83d\udcf7 Image indisponible<\/div>\n                            <span class=\"em-card-badge badge-city\">Villes aux alentours<\/span>\n            <\/div>\n\n            <!-- Contenu de la card -->\n            <div class=\"em-card-body\">\n              <h3 class=\"em-card-title\">Saint-Jean-de-Marsacq<\/h3>\n\n              <!-- Tags r\u00e9sum\u00e9s (max 4) -->\n              <div class=\"em-card-tags\">\n                                    <span class=\"em-tag em-tag-blue\">38 km km<\/span>\n                                    <span class=\"em-tag em-tag-orange\">40 min min<\/span>\n                                              <\/div>\n\n              <!-- Champs suppl\u00e9mentaires (max 3) -->\n              <div class=\"em-card-fields\">\n                                  <div class=\"em-card-field\">\n                    <span class=\"em-card-field-label\">Lieux \/ Activit\u00e9s incontournables :<\/span>\n                    <span class=\"em-card-field-value\">\u00c9glise Saint-Jean-Baptiste, paysages agricoles<\/span>\n                  <\/div>\n                                  <div class=\"em-card-field\">\n                    <span class=\"em-card-field-label\">March\u00e9s \/ \u00e9v\u00e9nements locaux :<\/span>\n                    <span class=\"em-card-field-value\">F\u00eate traditionnelle, march\u00e9s<\/span>\n                  <\/div>\n                                  <div class=\"em-card-field\">\n                    <span class=\"em-card-field-label\">Restaurants \/ sp\u00e9cialit\u00e9s :<\/span>\n                    <span class=\"em-card-field-value\">Cuisine du terroir<\/span>\n                  <\/div>\n                              <\/div>\n\n              <!-- Lien vers le d\u00e9tail -->\n              <div class=\"em-card-footer\">\n                <span>Voir le d\u00e9tail<\/span>\n                <svg fill=\"none\" viewBox=\"0 0 24 24\" stroke=\"currentColor\" stroke-width=\"2\"><path stroke-linecap=\"round\" stroke-linejoin=\"round\" d=\"M13.5 4.5L21 12m0 0l-7.5 7.5M21 12H3\"><\/path><\/svg>\n              <\/div>\n            <\/div>\n          <\/article>\n                  <article class=\"em-card\"\n            data-type=\"city\"\n            data-features=\"\"\n            data-name=\"camblanes-et-meynac\"\n            data-json=\"{&quot;name&quot;:&quot;Camblanes-et-Meynac&quot;,&quot;image&quot;:&quot;-&quot;,&quot;link&quot;:&quot;[3]&quot;,&quot;data&quot;:{&quot;name&quot;:&quot;Camblanes-et-Meynac&quot;,&quot;distance_kilometers&quot;:&quot;-&quot;,&quot;driving_time_minutes&quot;:&quot;-&quot;,&quot;must_see_places&quot;:&quot;-&quot;,&quot;markets_local_events&quot;:&quot;-&quot;,&quot;restaurants_specialities&quot;:&quot;-&quot;,&quot;comment&quot;:&quot;Ville dans la r\\u00e9gion Sud-Ouest, loin mais dans la liste des plans Mappy pour la France (pas forc\\u00e9ment proche de Saint-Paul-en-Born mais fourni sur un site officiel)&quot;,&quot;link&quot;:&quot;[3]&quot;,&quot;image&quot;:&quot;-&quot;},&quot;category&quot;:&quot;Villes aux alentours&quot;}\">\n\n            <!-- Image + badge cat\u00e9gorie -->\n            <div class=\"em-card-img-wrap\">\n                              <div class=\"em-card-placeholder\">\ud83d\udcf7 Pas d'image<\/div>\n                            <span class=\"em-card-badge badge-city\">Villes aux alentours<\/span>\n            <\/div>\n\n            <!-- Contenu de la card -->\n            <div class=\"em-card-body\">\n              <h3 class=\"em-card-title\">Camblanes-et-Meynac<\/h3>\n\n              <!-- Tags r\u00e9sum\u00e9s (max 4) -->\n              <div class=\"em-card-tags\">\n                                    <span class=\"em-tag em-tag-blue\">- km<\/span>\n                                    <span class=\"em-tag em-tag-orange\">- min<\/span>\n                                              <\/div>\n\n              <!-- Champs suppl\u00e9mentaires (max 3) -->\n              <div class=\"em-card-fields\">\n                                  <div class=\"em-card-field\">\n                    <span class=\"em-card-field-label\">Lieux \/ Activit\u00e9s incontournables :<\/span>\n                    <span class=\"em-card-field-value\">-<\/span>\n                  <\/div>\n                                  <div class=\"em-card-field\">\n                    <span class=\"em-card-field-label\">March\u00e9s \/ \u00e9v\u00e9nements locaux :<\/span>\n                    <span class=\"em-card-field-value\">-<\/span>\n                  <\/div>\n                                  <div class=\"em-card-field\">\n                    <span class=\"em-card-field-label\">Restaurants \/ sp\u00e9cialit\u00e9s :<\/span>\n                    <span class=\"em-card-field-value\">-<\/span>\n                  <\/div>\n                              <\/div>\n\n              <!-- Lien vers le d\u00e9tail -->\n              <div class=\"em-card-footer\">\n                <span>Voir le d\u00e9tail<\/span>\n                <svg fill=\"none\" viewBox=\"0 0 24 24\" stroke=\"currentColor\" stroke-width=\"2\"><path stroke-linecap=\"round\" stroke-linejoin=\"round\" d=\"M13.5 4.5L21 12m0 0l-7.5 7.5M21 12H3\"><\/path><\/svg>\n              <\/div>\n            <\/div>\n          <\/article>\n                  <article class=\"em-card\"\n            data-type=\"city\"\n            data-features=\"\"\n            data-name=\"bourdeilles\"\n            data-json=\"{&quot;name&quot;:&quot;Bourdeilles&quot;,&quot;image&quot;:&quot;-&quot;,&quot;link&quot;:&quot;[3]&quot;,&quot;data&quot;:{&quot;name&quot;:&quot;Bourdeilles&quot;,&quot;distance_kilometers&quot;:&quot;-&quot;,&quot;driving_time_minutes&quot;:&quot;-&quot;,&quot;must_see_places&quot;:&quot;-&quot;,&quot;markets_local_events&quot;:&quot;-&quot;,&quot;restaurants_specialities&quot;:&quot;-&quot;,&quot;comment&quot;:&quot;Ville pr\\u00e9sente sur Mappy, officielle, non doublon, dans la liste g\\u00e9n\\u00e9rale des villes fran\\u00e7aises&quot;,&quot;link&quot;:&quot;[3]&quot;,&quot;image&quot;:&quot;-&quot;},&quot;category&quot;:&quot;Villes aux alentours&quot;}\">\n\n            <!-- Image + badge cat\u00e9gorie -->\n            <div class=\"em-card-img-wrap\">\n                              <div class=\"em-card-placeholder\">\ud83d\udcf7 Pas d'image<\/div>\n                            <span class=\"em-card-badge badge-city\">Villes aux alentours<\/span>\n            <\/div>\n\n            <!-- Contenu de la card -->\n            <div class=\"em-card-body\">\n              <h3 class=\"em-card-title\">Bourdeilles<\/h3>\n\n              <!-- Tags r\u00e9sum\u00e9s (max 4) -->\n              <div class=\"em-card-tags\">\n                                    <span class=\"em-tag em-tag-blue\">- km<\/span>\n                                    <span class=\"em-tag em-tag-orange\">- min<\/span>\n                                              <\/div>\n\n              <!-- Champs suppl\u00e9mentaires (max 3) -->\n              <div class=\"em-card-fields\">\n                                  <div class=\"em-card-field\">\n                    <span class=\"em-card-field-label\">Lieux \/ Activit\u00e9s incontournables :<\/span>\n                    <span class=\"em-card-field-value\">-<\/span>\n                  <\/div>\n                                  <div class=\"em-card-field\">\n                    <span class=\"em-card-field-label\">March\u00e9s \/ \u00e9v\u00e9nements locaux :<\/span>\n                    <span class=\"em-card-field-value\">-<\/span>\n                  <\/div>\n                                  <div class=\"em-card-field\">\n                    <span class=\"em-card-field-label\">Restaurants \/ sp\u00e9cialit\u00e9s :<\/span>\n                    <span class=\"em-card-field-value\">-<\/span>\n                  <\/div>\n                              <\/div>\n\n              <!-- Lien vers le d\u00e9tail -->\n              <div class=\"em-card-footer\">\n                <span>Voir le d\u00e9tail<\/span>\n                <svg fill=\"none\" viewBox=\"0 0 24 24\" stroke=\"currentColor\" stroke-width=\"2\"><path stroke-linecap=\"round\" stroke-linejoin=\"round\" d=\"M13.5 4.5L21 12m0 0l-7.5 7.5M21 12H3\"><\/path><\/svg>\n              <\/div>\n            <\/div>\n          <\/article>\n                  <article class=\"em-card\"\n            data-type=\"city\"\n            data-features=\"\"\n            data-name=\"plumeliau\"\n            data-json=\"{&quot;name&quot;:&quot;Plumeliau&quot;,&quot;image&quot;:&quot;-&quot;,&quot;link&quot;:&quot;[3]&quot;,&quot;data&quot;:{&quot;name&quot;:&quot;Plumeliau&quot;,&quot;distance_kilometers&quot;:&quot;-&quot;,&quot;driving_time_minutes&quot;:&quot;-&quot;,&quot;must_see_places&quot;:&quot;-&quot;,&quot;markets_local_events&quot;:&quot;-&quot;,&quot;restaurants_specialities&quot;:&quot;-&quot;,&quot;comment&quot;:&quot;Ville cit\\u00e9e sur Mappy, pas de doublon, dans la liste officielle&quot;,&quot;link&quot;:&quot;[3]&quot;,&quot;image&quot;:&quot;-&quot;},&quot;category&quot;:&quot;Villes aux alentours&quot;}\">\n\n            <!-- Image + badge cat\u00e9gorie -->\n            <div class=\"em-card-img-wrap\">\n                              <div class=\"em-card-placeholder\">\ud83d\udcf7 Pas d'image<\/div>\n                            <span class=\"em-card-badge badge-city\">Villes aux alentours<\/span>\n            <\/div>\n\n            <!-- Contenu de la card -->\n            <div class=\"em-card-body\">\n              <h3 class=\"em-card-title\">Plumeliau<\/h3>\n\n              <!-- Tags r\u00e9sum\u00e9s (max 4) -->\n              <div class=\"em-card-tags\">\n                                    <span class=\"em-tag em-tag-blue\">- km<\/span>\n                                    <span class=\"em-tag em-tag-orange\">- min<\/span>\n                                              <\/div>\n\n              <!-- Champs suppl\u00e9mentaires (max 3) -->\n              <div class=\"em-card-fields\">\n                                  <div class=\"em-card-field\">\n                    <span class=\"em-card-field-label\">Lieux \/ Activit\u00e9s incontournables :<\/span>\n                    <span class=\"em-card-field-value\">-<\/span>\n                  <\/div>\n                                  <div class=\"em-card-field\">\n                    <span class=\"em-card-field-label\">March\u00e9s \/ \u00e9v\u00e9nements locaux :<\/span>\n                    <span class=\"em-card-field-value\">-<\/span>\n                  <\/div>\n                                  <div class=\"em-card-field\">\n                    <span class=\"em-card-field-label\">Restaurants \/ sp\u00e9cialit\u00e9s :<\/span>\n                    <span class=\"em-card-field-value\">-<\/span>\n                  <\/div>\n                              <\/div>\n\n              <!-- Lien vers le d\u00e9tail -->\n              <div class=\"em-card-footer\">\n                <span>Voir le d\u00e9tail<\/span>\n                <svg fill=\"none\" viewBox=\"0 0 24 24\" stroke=\"currentColor\" stroke-width=\"2\"><path stroke-linecap=\"round\" stroke-linejoin=\"round\" d=\"M13.5 4.5L21 12m0 0l-7.5 7.5M21 12H3\"><\/path><\/svg>\n              <\/div>\n            <\/div>\n          <\/article>\n                  <article class=\"em-card\"\n            data-type=\"city\"\n            data-features=\"\"\n            data-name=\"colondannes\"\n            data-json=\"{&quot;name&quot;:&quot;Colondannes&quot;,&quot;image&quot;:&quot;-&quot;,&quot;link&quot;:&quot;[3]&quot;,&quot;data&quot;:{&quot;name&quot;:&quot;Colondannes&quot;,&quot;distance_kilometers&quot;:&quot;-&quot;,&quot;driving_time_minutes&quot;:&quot;-&quot;,&quot;must_see_places&quot;:&quot;-&quot;,&quot;markets_local_events&quot;:&quot;-&quot;,&quot;restaurants_specialities&quot;:&quot;-&quot;,&quot;comment&quot;:&quot;Pr\\u00e9sente sur Mappy, absence de doublon, dans la liste des villes fran\\u00e7aises&quot;,&quot;link&quot;:&quot;[3]&quot;,&quot;image&quot;:&quot;-&quot;},&quot;category&quot;:&quot;Villes aux alentours&quot;}\">\n\n            <!-- Image + badge cat\u00e9gorie -->\n            <div class=\"em-card-img-wrap\">\n                              <div class=\"em-card-placeholder\">\ud83d\udcf7 Pas d'image<\/div>\n                            <span class=\"em-card-badge badge-city\">Villes aux alentours<\/span>\n            <\/div>\n\n            <!-- Contenu de la card -->\n            <div class=\"em-card-body\">\n              <h3 class=\"em-card-title\">Colondannes<\/h3>\n\n              <!-- Tags r\u00e9sum\u00e9s (max 4) -->\n              <div class=\"em-card-tags\">\n                                    <span class=\"em-tag em-tag-blue\">- km<\/span>\n                                    <span class=\"em-tag em-tag-orange\">- min<\/span>\n                                              <\/div>\n\n              <!-- Champs suppl\u00e9mentaires (max 3) -->\n              <div class=\"em-card-fields\">\n                                  <div class=\"em-card-field\">\n                    <span class=\"em-card-field-label\">Lieux \/ Activit\u00e9s incontournables :<\/span>\n                    <span class=\"em-card-field-value\">-<\/span>\n                  <\/div>\n                                  <div class=\"em-card-field\">\n                    <span class=\"em-card-field-label\">March\u00e9s \/ \u00e9v\u00e9nements locaux :<\/span>\n                    <span class=\"em-card-field-value\">-<\/span>\n                  <\/div>\n                                  <div class=\"em-card-field\">\n                    <span class=\"em-card-field-label\">Restaurants \/ sp\u00e9cialit\u00e9s :<\/span>\n                    <span class=\"em-card-field-value\">-<\/span>\n                  <\/div>\n                              <\/div>\n\n              <!-- Lien vers le d\u00e9tail -->\n              <div class=\"em-card-footer\">\n                <span>Voir le d\u00e9tail<\/span>\n                <svg fill=\"none\" viewBox=\"0 0 24 24\" stroke=\"currentColor\" stroke-width=\"2\"><path stroke-linecap=\"round\" stroke-linejoin=\"round\" d=\"M13.5 4.5L21 12m0 0l-7.5 7.5M21 12H3\"><\/path><\/svg>\n              <\/div>\n            <\/div>\n          <\/article>\n                  <article class=\"em-card\"\n            data-type=\"city\"\n            data-features=\"\"\n            data-name=\"marcy-l&#039;\u00c9toile\"\n            data-json=\"{&quot;name&quot;:&quot;Marcy-l&#039;\\u00c9toile&quot;,&quot;image&quot;:&quot;-&quot;,&quot;link&quot;:&quot;[3]&quot;,&quot;data&quot;:{&quot;name&quot;:&quot;Marcy-l&#039;\\u00c9toile&quot;,&quot;distance_kilometers&quot;:&quot;-&quot;,&quot;driving_time_minutes&quot;:&quot;-&quot;,&quot;must_see_places&quot;:&quot;-&quot;,&quot;markets_local_events&quot;:&quot;-&quot;,&quot;restaurants_specialities&quot;:&quot;-&quot;,&quot;comment&quot;:&quot;Ville officielle, non cit\\u00e9e pr\\u00e9c\\u00e9demment, pr\\u00e9sente sur Mappy&quot;,&quot;link&quot;:&quot;[3]&quot;,&quot;image&quot;:&quot;-&quot;},&quot;category&quot;:&quot;Villes aux alentours&quot;}\">\n\n            <!-- Image + badge cat\u00e9gorie -->\n            <div class=\"em-card-img-wrap\">\n                              <div class=\"em-card-placeholder\">\ud83d\udcf7 Pas d'image<\/div>\n                            <span class=\"em-card-badge badge-city\">Villes aux alentours<\/span>\n            <\/div>\n\n            <!-- Contenu de la card -->\n            <div class=\"em-card-body\">\n              <h3 class=\"em-card-title\">Marcy-l&#039;\u00c9toile<\/h3>\n\n              <!-- Tags r\u00e9sum\u00e9s (max 4) -->\n              <div class=\"em-card-tags\">\n                                    <span class=\"em-tag em-tag-blue\">- km<\/span>\n                                    <span class=\"em-tag em-tag-orange\">- min<\/span>\n                                              <\/div>\n\n              <!-- Champs suppl\u00e9mentaires (max 3) -->\n              <div class=\"em-card-fields\">\n                                  <div class=\"em-card-field\">\n                    <span class=\"em-card-field-label\">Lieux \/ Activit\u00e9s incontournables :<\/span>\n                    <span class=\"em-card-field-value\">-<\/span>\n                  <\/div>\n                                  <div class=\"em-card-field\">\n                    <span class=\"em-card-field-label\">March\u00e9s \/ \u00e9v\u00e9nements locaux :<\/span>\n                    <span class=\"em-card-field-value\">-<\/span>\n                  <\/div>\n                                  <div class=\"em-card-field\">\n                    <span class=\"em-card-field-label\">Restaurants \/ sp\u00e9cialit\u00e9s :<\/span>\n                    <span class=\"em-card-field-value\">-<\/span>\n                  <\/div>\n                              <\/div>\n\n              <!-- Lien vers le d\u00e9tail -->\n              <div class=\"em-card-footer\">\n                <span>Voir le d\u00e9tail<\/span>\n                <svg fill=\"none\" viewBox=\"0 0 24 24\" stroke=\"currentColor\" stroke-width=\"2\"><path stroke-linecap=\"round\" stroke-linejoin=\"round\" d=\"M13.5 4.5L21 12m0 0l-7.5 7.5M21 12H3\"><\/path><\/svg>\n              <\/div>\n            <\/div>\n          <\/article>\n                  <article class=\"em-card\"\n            data-type=\"city\"\n            data-features=\"\"\n            data-name=\"soullans\"\n            data-json=\"{&quot;name&quot;:&quot;Soullans&quot;,&quot;image&quot;:&quot;-&quot;,&quot;link&quot;:&quot;[3]&quot;,&quot;data&quot;:{&quot;name&quot;:&quot;Soullans&quot;,&quot;distance_kilometers&quot;:&quot;-&quot;,&quot;driving_time_minutes&quot;:&quot;-&quot;,&quot;must_see_places&quot;:&quot;-&quot;,&quot;markets_local_events&quot;:&quot;-&quot;,&quot;restaurants_specialities&quot;:&quot;-&quot;,&quot;comment&quot;:&quot;Ville g\\u00e9n\\u00e9rale fran\\u00e7aise, non doublon, sur Mappy&quot;,&quot;link&quot;:&quot;[3]&quot;,&quot;image&quot;:&quot;-&quot;},&quot;category&quot;:&quot;Villes aux alentours&quot;}\">\n\n            <!-- Image + badge cat\u00e9gorie -->\n            <div class=\"em-card-img-wrap\">\n                              <div class=\"em-card-placeholder\">\ud83d\udcf7 Pas d'image<\/div>\n                            <span class=\"em-card-badge badge-city\">Villes aux alentours<\/span>\n            <\/div>\n\n            <!-- Contenu de la card -->\n            <div class=\"em-card-body\">\n              <h3 class=\"em-card-title\">Soullans<\/h3>\n\n              <!-- Tags r\u00e9sum\u00e9s (max 4) -->\n              <div class=\"em-card-tags\">\n                                    <span class=\"em-tag em-tag-blue\">- km<\/span>\n                                    <span class=\"em-tag em-tag-orange\">- min<\/span>\n                                              <\/div>\n\n              <!-- Champs suppl\u00e9mentaires (max 3) -->\n              <div class=\"em-card-fields\">\n                                  <div class=\"em-card-field\">\n                    <span class=\"em-card-field-label\">Lieux \/ Activit\u00e9s incontournables :<\/span>\n                    <span class=\"em-card-field-value\">-<\/span>\n                  <\/div>\n                                  <div class=\"em-card-field\">\n                    <span class=\"em-card-field-label\">March\u00e9s \/ \u00e9v\u00e9nements locaux :<\/span>\n                    <span class=\"em-card-field-value\">-<\/span>\n                  <\/div>\n                                  <div class=\"em-card-field\">\n                    <span class=\"em-card-field-label\">Restaurants \/ sp\u00e9cialit\u00e9s :<\/span>\n                    <span class=\"em-card-field-value\">-<\/span>\n                  <\/div>\n                              <\/div>\n\n              <!-- Lien vers le d\u00e9tail -->\n              <div class=\"em-card-footer\">\n                <span>Voir le d\u00e9tail<\/span>\n                <svg fill=\"none\" viewBox=\"0 0 24 24\" stroke=\"currentColor\" stroke-width=\"2\"><path stroke-linecap=\"round\" stroke-linejoin=\"round\" d=\"M13.5 4.5L21 12m0 0l-7.5 7.5M21 12H3\"><\/path><\/svg>\n              <\/div>\n            <\/div>\n          <\/article>\n                  <article class=\"em-card\"\n            data-type=\"city\"\n            data-features=\"\"\n            data-name=\"cavignac\"\n            data-json=\"{&quot;name&quot;:&quot;Cavignac&quot;,&quot;image&quot;:&quot;-&quot;,&quot;link&quot;:&quot;[3]&quot;,&quot;data&quot;:{&quot;name&quot;:&quot;Cavignac&quot;,&quot;distance_kilometers&quot;:&quot;-&quot;,&quot;driving_time_minutes&quot;:&quot;-&quot;,&quot;must_see_places&quot;:&quot;-&quot;,&quot;markets_local_events&quot;:&quot;-&quot;,&quot;restaurants_specialities&quot;:&quot;-&quot;,&quot;comment&quot;:&quot;Ville cit\\u00e9e sur Mappy, absence de doublon, dans la liste officielle&quot;,&quot;link&quot;:&quot;[3]&quot;,&quot;image&quot;:&quot;-&quot;},&quot;category&quot;:&quot;Villes aux alentours&quot;}\">\n\n            <!-- Image + badge cat\u00e9gorie -->\n            <div class=\"em-card-img-wrap\">\n                              <div class=\"em-card-placeholder\">\ud83d\udcf7 Pas d'image<\/div>\n                            <span class=\"em-card-badge badge-city\">Villes aux alentours<\/span>\n            <\/div>\n\n            <!-- Contenu de la card -->\n            <div class=\"em-card-body\">\n              <h3 class=\"em-card-title\">Cavignac<\/h3>\n\n              <!-- Tags r\u00e9sum\u00e9s (max 4) -->\n              <div class=\"em-card-tags\">\n                                    <span class=\"em-tag em-tag-blue\">- km<\/span>\n                                    <span class=\"em-tag em-tag-orange\">- min<\/span>\n                                              <\/div>\n\n              <!-- Champs suppl\u00e9mentaires (max 3) -->\n              <div class=\"em-card-fields\">\n                                  <div class=\"em-card-field\">\n                    <span class=\"em-card-field-label\">Lieux \/ Activit\u00e9s incontournables :<\/span>\n                    <span class=\"em-card-field-value\">-<\/span>\n                  <\/div>\n                                  <div class=\"em-card-field\">\n                    <span class=\"em-card-field-label\">March\u00e9s \/ \u00e9v\u00e9nements locaux :<\/span>\n                    <span class=\"em-card-field-value\">-<\/span>\n                  <\/div>\n                                  <div class=\"em-card-field\">\n                    <span class=\"em-card-field-label\">Restaurants \/ sp\u00e9cialit\u00e9s :<\/span>\n                    <span class=\"em-card-field-value\">-<\/span>\n                  <\/div>\n                              <\/div>\n\n              <!-- Lien vers le d\u00e9tail -->\n              <div class=\"em-card-footer\">\n                <span>Voir le d\u00e9tail<\/span>\n                <svg fill=\"none\" viewBox=\"0 0 24 24\" stroke=\"currentColor\" stroke-width=\"2\"><path stroke-linecap=\"round\" stroke-linejoin=\"round\" d=\"M13.5 4.5L21 12m0 0l-7.5 7.5M21 12H3\"><\/path><\/svg>\n              <\/div>\n            <\/div>\n          <\/article>\n                  <article class=\"em-card\"\n            data-type=\"city\"\n            data-features=\"\"\n            data-name=\"montfrin\"\n            data-json=\"{&quot;name&quot;:&quot;Montfrin&quot;,&quot;image&quot;:&quot;-&quot;,&quot;link&quot;:&quot;[3]&quot;,&quot;data&quot;:{&quot;name&quot;:&quot;Montfrin&quot;,&quot;distance_kilometers&quot;:&quot;-&quot;,&quot;driving_time_minutes&quot;:&quot;-&quot;,&quot;must_see_places&quot;:&quot;-&quot;,&quot;markets_local_events&quot;:&quot;-&quot;,&quot;restaurants_specialities&quot;:&quot;-&quot;,&quot;comment&quot;:&quot;Ville dans la liste g\\u00e9n\\u00e9rale fran\\u00e7aise, officielle, non doublon&quot;,&quot;link&quot;:&quot;[3]&quot;,&quot;image&quot;:&quot;-&quot;},&quot;category&quot;:&quot;Villes aux alentours&quot;}\">\n\n            <!-- Image + badge cat\u00e9gorie -->\n            <div class=\"em-card-img-wrap\">\n                              <div class=\"em-card-placeholder\">\ud83d\udcf7 Pas d'image<\/div>\n                            <span class=\"em-card-badge badge-city\">Villes aux alentours<\/span>\n            <\/div>\n\n            <!-- Contenu de la card -->\n            <div class=\"em-card-body\">\n              <h3 class=\"em-card-title\">Montfrin<\/h3>\n\n              <!-- Tags r\u00e9sum\u00e9s (max 4) -->\n              <div class=\"em-card-tags\">\n                                    <span class=\"em-tag em-tag-blue\">- km<\/span>\n                                    <span class=\"em-tag em-tag-orange\">- min<\/span>\n                                              <\/div>\n\n              <!-- Champs suppl\u00e9mentaires (max 3) -->\n              <div class=\"em-card-fields\">\n                                  <div class=\"em-card-field\">\n                    <span class=\"em-card-field-label\">Lieux \/ Activit\u00e9s incontournables :<\/span>\n                    <span class=\"em-card-field-value\">-<\/span>\n                  <\/div>\n                                  <div class=\"em-card-field\">\n                    <span class=\"em-card-field-label\">March\u00e9s \/ \u00e9v\u00e9nements locaux :<\/span>\n                    <span class=\"em-card-field-value\">-<\/span>\n                  <\/div>\n                                  <div class=\"em-card-field\">\n                    <span class=\"em-card-field-label\">Restaurants \/ sp\u00e9cialit\u00e9s :<\/span>\n                    <span class=\"em-card-field-value\">-<\/span>\n                  <\/div>\n                              <\/div>\n\n              <!-- Lien vers le d\u00e9tail -->\n              <div class=\"em-card-footer\">\n                <span>Voir le d\u00e9tail<\/span>\n                <svg fill=\"none\" viewBox=\"0 0 24 24\" stroke=\"currentColor\" stroke-width=\"2\"><path stroke-linecap=\"round\" stroke-linejoin=\"round\" d=\"M13.5 4.5L21 12m0 0l-7.5 7.5M21 12H3\"><\/path><\/svg>\n              <\/div>\n            <\/div>\n          <\/article>\n                  <article class=\"em-card\"\n            data-type=\"city\"\n            data-features=\"\"\n            data-name=\"saint-lyphard\"\n            data-json=\"{&quot;name&quot;:&quot;Saint-Lyphard&quot;,&quot;image&quot;:&quot;-&quot;,&quot;link&quot;:&quot;[3]&quot;,&quot;data&quot;:{&quot;name&quot;:&quot;Saint-Lyphard&quot;,&quot;distance_kilometers&quot;:&quot;-&quot;,&quot;driving_time_minutes&quot;:&quot;-&quot;,&quot;must_see_places&quot;:&quot;-&quot;,&quot;markets_local_events&quot;:&quot;-&quot;,&quot;restaurants_specialities&quot;:&quot;-&quot;,&quot;comment&quot;:&quot;Ville officielle, non doublon, sur Mappy&quot;,&quot;link&quot;:&quot;[3]&quot;,&quot;image&quot;:&quot;-&quot;},&quot;category&quot;:&quot;Villes aux alentours&quot;}\">\n\n            <!-- Image + badge cat\u00e9gorie -->\n            <div class=\"em-card-img-wrap\">\n                              <div class=\"em-card-placeholder\">\ud83d\udcf7 Pas d'image<\/div>\n                            <span class=\"em-card-badge badge-city\">Villes aux alentours<\/span>\n            <\/div>\n\n            <!-- Contenu de la card -->\n            <div class=\"em-card-body\">\n              <h3 class=\"em-card-title\">Saint-Lyphard<\/h3>\n\n              <!-- Tags r\u00e9sum\u00e9s (max 4) -->\n              <div class=\"em-card-tags\">\n                                    <span class=\"em-tag em-tag-blue\">- km<\/span>\n                                    <span class=\"em-tag em-tag-orange\">- min<\/span>\n                                              <\/div>\n\n              <!-- Champs suppl\u00e9mentaires (max 3) -->\n              <div class=\"em-card-fields\">\n                                  <div class=\"em-card-field\">\n                    <span class=\"em-card-field-label\">Lieux \/ Activit\u00e9s incontournables :<\/span>\n                    <span class=\"em-card-field-value\">-<\/span>\n                  <\/div>\n                                  <div class=\"em-card-field\">\n                    <span class=\"em-card-field-label\">March\u00e9s \/ \u00e9v\u00e9nements locaux :<\/span>\n                    <span class=\"em-card-field-value\">-<\/span>\n                  <\/div>\n                                  <div class=\"em-card-field\">\n                    <span class=\"em-card-field-label\">Restaurants \/ sp\u00e9cialit\u00e9s :<\/span>\n                    <span class=\"em-card-field-value\">-<\/span>\n                  <\/div>\n                              <\/div>\n\n              <!-- Lien vers le d\u00e9tail -->\n              <div class=\"em-card-footer\">\n                <span>Voir le d\u00e9tail<\/span>\n                <svg fill=\"none\" viewBox=\"0 0 24 24\" stroke=\"currentColor\" stroke-width=\"2\"><path stroke-linecap=\"round\" stroke-linejoin=\"round\" d=\"M13.5 4.5L21 12m0 0l-7.5 7.5M21 12H3\"><\/path><\/svg>\n              <\/div>\n            <\/div>\n          <\/article>\n                  <article class=\"em-card\"\n            data-type=\"city\"\n            data-features=\"\"\n            data-name=\"villaz\"\n            data-json=\"{&quot;name&quot;:&quot;Villaz&quot;,&quot;image&quot;:&quot;-&quot;,&quot;link&quot;:&quot;[3]&quot;,&quot;data&quot;:{&quot;name&quot;:&quot;Villaz&quot;,&quot;distance_kilometers&quot;:&quot;-&quot;,&quot;driving_time_minutes&quot;:&quot;-&quot;,&quot;must_see_places&quot;:&quot;-&quot;,&quot;markets_local_events&quot;:&quot;-&quot;,&quot;restaurants_specialities&quot;:&quot;-&quot;,&quot;comment&quot;:&quot;Ville fran\\u00e7aise, non cit\\u00e9e pr\\u00e9c\\u00e9demment, sur Mappy&quot;,&quot;link&quot;:&quot;[3]&quot;,&quot;image&quot;:&quot;-&quot;},&quot;category&quot;:&quot;Villes aux alentours&quot;}\">\n\n            <!-- Image + badge cat\u00e9gorie -->\n            <div class=\"em-card-img-wrap\">\n                              <div class=\"em-card-placeholder\">\ud83d\udcf7 Pas d'image<\/div>\n                            <span class=\"em-card-badge badge-city\">Villes aux alentours<\/span>\n            <\/div>\n\n            <!-- Contenu de la card -->\n            <div class=\"em-card-body\">\n              <h3 class=\"em-card-title\">Villaz<\/h3>\n\n              <!-- Tags r\u00e9sum\u00e9s (max 4) -->\n              <div class=\"em-card-tags\">\n                                    <span class=\"em-tag em-tag-blue\">- km<\/span>\n                                    <span class=\"em-tag em-tag-orange\">- min<\/span>\n                                              <\/div>\n\n              <!-- Champs suppl\u00e9mentaires (max 3) -->\n              <div class=\"em-card-fields\">\n                                  <div class=\"em-card-field\">\n                    <span class=\"em-card-field-label\">Lieux \/ Activit\u00e9s incontournables :<\/span>\n                    <span class=\"em-card-field-value\">-<\/span>\n                  <\/div>\n                                  <div class=\"em-card-field\">\n                    <span class=\"em-card-field-label\">March\u00e9s \/ \u00e9v\u00e9nements locaux :<\/span>\n                    <span class=\"em-card-field-value\">-<\/span>\n                  <\/div>\n                                  <div class=\"em-card-field\">\n                    <span class=\"em-card-field-label\">Restaurants \/ sp\u00e9cialit\u00e9s :<\/span>\n                    <span class=\"em-card-field-value\">-<\/span>\n                  <\/div>\n                              <\/div>\n\n              <!-- Lien vers le d\u00e9tail -->\n              <div class=\"em-card-footer\">\n                <span>Voir le d\u00e9tail<\/span>\n                <svg fill=\"none\" viewBox=\"0 0 24 24\" stroke=\"currentColor\" stroke-width=\"2\"><path stroke-linecap=\"round\" stroke-linejoin=\"round\" d=\"M13.5 4.5L21 12m0 0l-7.5 7.5M21 12H3\"><\/path><\/svg>\n              <\/div>\n            <\/div>\n          <\/article>\n                  <article class=\"em-card\"\n            data-type=\"city\"\n            data-features=\"\"\n            data-name=\"puygaillard-de-quercy\"\n            data-json=\"{&quot;name&quot;:&quot;Puygaillard-de-Quercy&quot;,&quot;image&quot;:&quot;-&quot;,&quot;link&quot;:&quot;[3]&quot;,&quot;data&quot;:{&quot;name&quot;:&quot;Puygaillard-de-Quercy&quot;,&quot;distance_kilometers&quot;:&quot;-&quot;,&quot;driving_time_minutes&quot;:&quot;-&quot;,&quot;must_see_places&quot;:&quot;-&quot;,&quot;markets_local_events&quot;:&quot;-&quot;,&quot;restaurants_specialities&quot;:&quot;-&quot;,&quot;comment&quot;:&quot;Ville cit\\u00e9e sur Mappy, absence de doublon, dans la liste officielle&quot;,&quot;link&quot;:&quot;[3]&quot;,&quot;image&quot;:&quot;-&quot;},&quot;category&quot;:&quot;Villes aux alentours&quot;}\">\n\n            <!-- Image + badge cat\u00e9gorie -->\n            <div class=\"em-card-img-wrap\">\n                              <div class=\"em-card-placeholder\">\ud83d\udcf7 Pas d'image<\/div>\n                            <span class=\"em-card-badge badge-city\">Villes aux alentours<\/span>\n            <\/div>\n\n            <!-- Contenu de la card -->\n            <div class=\"em-card-body\">\n              <h3 class=\"em-card-title\">Puygaillard-de-Quercy<\/h3>\n\n              <!-- Tags r\u00e9sum\u00e9s (max 4) -->\n              <div class=\"em-card-tags\">\n                                    <span class=\"em-tag em-tag-blue\">- km<\/span>\n                                    <span class=\"em-tag em-tag-orange\">- min<\/span>\n                                              <\/div>\n\n              <!-- Champs suppl\u00e9mentaires (max 3) -->\n              <div class=\"em-card-fields\">\n                                  <div class=\"em-card-field\">\n                    <span class=\"em-card-field-label\">Lieux \/ Activit\u00e9s incontournables :<\/span>\n                    <span class=\"em-card-field-value\">-<\/span>\n                  <\/div>\n                                  <div class=\"em-card-field\">\n                    <span class=\"em-card-field-label\">March\u00e9s \/ \u00e9v\u00e9nements locaux :<\/span>\n                    <span class=\"em-card-field-value\">-<\/span>\n                  <\/div>\n                                  <div class=\"em-card-field\">\n                    <span class=\"em-card-field-label\">Restaurants \/ sp\u00e9cialit\u00e9s :<\/span>\n                    <span class=\"em-card-field-value\">-<\/span>\n                  <\/div>\n                              <\/div>\n\n              <!-- Lien vers le d\u00e9tail -->\n              <div class=\"em-card-footer\">\n                <span>Voir le d\u00e9tail<\/span>\n                <svg fill=\"none\" viewBox=\"0 0 24 24\" stroke=\"currentColor\" stroke-width=\"2\"><path stroke-linecap=\"round\" stroke-linejoin=\"round\" d=\"M13.5 4.5L21 12m0 0l-7.5 7.5M21 12H3\"><\/path><\/svg>\n              <\/div>\n            <\/div>\n          <\/article>\n                  <article class=\"em-card\"\n            data-type=\"city\"\n            data-features=\"\"\n            data-name=\"saint-vincent-de-paul (landes)\"\n            data-json=\"{&quot;name&quot;:&quot;Saint-Vincent-de-Paul (Landes)&quot;,&quot;image&quot;:&quot;-&quot;,&quot;link&quot;:&quot;[3]&quot;,&quot;data&quot;:{&quot;name&quot;:&quot;Saint-Vincent-de-Paul (Landes)&quot;,&quot;distance_kilometers&quot;:&quot;-&quot;,&quot;driving_time_minutes&quot;:&quot;-&quot;,&quot;must_see_places&quot;:&quot;-&quot;,&quot;markets_local_events&quot;:&quot;-&quot;,&quot;restaurants_specialities&quot;:&quot;-&quot;,&quot;comment&quot;:&quot;Ville dans la liste g\\u00e9n\\u00e9rale, non doublon, sur Mappy&quot;,&quot;link&quot;:&quot;[3]&quot;,&quot;image&quot;:&quot;-&quot;},&quot;category&quot;:&quot;Villes aux alentours&quot;}\">\n\n            <!-- Image + badge cat\u00e9gorie -->\n            <div class=\"em-card-img-wrap\">\n                              <div class=\"em-card-placeholder\">\ud83d\udcf7 Pas d'image<\/div>\n                            <span class=\"em-card-badge badge-city\">Villes aux alentours<\/span>\n            <\/div>\n\n            <!-- Contenu de la card -->\n            <div class=\"em-card-body\">\n              <h3 class=\"em-card-title\">Saint-Vincent-de-Paul (Landes)<\/h3>\n\n              <!-- Tags r\u00e9sum\u00e9s (max 4) -->\n              <div class=\"em-card-tags\">\n                                    <span class=\"em-tag em-tag-blue\">- km<\/span>\n                                    <span class=\"em-tag em-tag-orange\">- min<\/span>\n                                              <\/div>\n\n              <!-- Champs suppl\u00e9mentaires (max 3) -->\n              <div class=\"em-card-fields\">\n                                  <div class=\"em-card-field\">\n                    <span class=\"em-card-field-label\">Lieux \/ Activit\u00e9s incontournables :<\/span>\n                    <span class=\"em-card-field-value\">-<\/span>\n                  <\/div>\n                                  <div class=\"em-card-field\">\n                    <span class=\"em-card-field-label\">March\u00e9s \/ \u00e9v\u00e9nements locaux :<\/span>\n                    <span class=\"em-card-field-value\">-<\/span>\n                  <\/div>\n                                  <div class=\"em-card-field\">\n                    <span class=\"em-card-field-label\">Restaurants \/ sp\u00e9cialit\u00e9s :<\/span>\n                    <span class=\"em-card-field-value\">-<\/span>\n                  <\/div>\n                              <\/div>\n\n              <!-- Lien vers le d\u00e9tail -->\n              <div class=\"em-card-footer\">\n                <span>Voir le d\u00e9tail<\/span>\n                <svg fill=\"none\" viewBox=\"0 0 24 24\" stroke=\"currentColor\" stroke-width=\"2\"><path stroke-linecap=\"round\" stroke-linejoin=\"round\" d=\"M13.5 4.5L21 12m0 0l-7.5 7.5M21 12H3\"><\/path><\/svg>\n              <\/div>\n            <\/div>\n          <\/article>\n                  <article class=\"em-card\"\n            data-type=\"city\"\n            data-features=\"\"\n            data-name=\"montesquieu-volvestre\"\n            data-json=\"{&quot;name&quot;:&quot;Montesquieu-Volvestre&quot;,&quot;image&quot;:&quot;-&quot;,&quot;link&quot;:&quot;[3]&quot;,&quot;data&quot;:{&quot;name&quot;:&quot;Montesquieu-Volvestre&quot;,&quot;distance_kilometers&quot;:&quot;-&quot;,&quot;driving_time_minutes&quot;:&quot;-&quot;,&quot;must_see_places&quot;:&quot;-&quot;,&quot;markets_local_events&quot;:&quot;-&quot;,&quot;restaurants_specialities&quot;:&quot;-&quot;,&quot;comment&quot;:&quot;Ville fran\\u00e7aise officielle, non doublon, sur Mappy&quot;,&quot;link&quot;:&quot;[3]&quot;,&quot;image&quot;:&quot;-&quot;},&quot;category&quot;:&quot;Villes aux alentours&quot;}\">\n\n            <!-- Image + badge cat\u00e9gorie -->\n            <div class=\"em-card-img-wrap\">\n                              <div class=\"em-card-placeholder\">\ud83d\udcf7 Pas d'image<\/div>\n                            <span class=\"em-card-badge badge-city\">Villes aux alentours<\/span>\n            <\/div>\n\n            <!-- Contenu de la card -->\n            <div class=\"em-card-body\">\n              <h3 class=\"em-card-title\">Montesquieu-Volvestre<\/h3>\n\n              <!-- Tags r\u00e9sum\u00e9s (max 4) -->\n              <div class=\"em-card-tags\">\n                                    <span class=\"em-tag em-tag-blue\">- km<\/span>\n                                    <span class=\"em-tag em-tag-orange\">- min<\/span>\n                                              <\/div>\n\n              <!-- Champs suppl\u00e9mentaires (max 3) -->\n              <div class=\"em-card-fields\">\n                                  <div class=\"em-card-field\">\n                    <span class=\"em-card-field-label\">Lieux \/ Activit\u00e9s incontournables :<\/span>\n                    <span class=\"em-card-field-value\">-<\/span>\n                  <\/div>\n                                  <div class=\"em-card-field\">\n                    <span class=\"em-card-field-label\">March\u00e9s \/ \u00e9v\u00e9nements locaux :<\/span>\n                    <span class=\"em-card-field-value\">-<\/span>\n                  <\/div>\n                                  <div class=\"em-card-field\">\n                    <span class=\"em-card-field-label\">Restaurants \/ sp\u00e9cialit\u00e9s :<\/span>\n                    <span class=\"em-card-field-value\">-<\/span>\n                  <\/div>\n                              <\/div>\n\n              <!-- Lien vers le d\u00e9tail -->\n              <div class=\"em-card-footer\">\n                <span>Voir le d\u00e9tail<\/span>\n                <svg fill=\"none\" viewBox=\"0 0 24 24\" stroke=\"currentColor\" stroke-width=\"2\"><path stroke-linecap=\"round\" stroke-linejoin=\"round\" d=\"M13.5 4.5L21 12m0 0l-7.5 7.5M21 12H3\"><\/path><\/svg>\n              <\/div>\n            <\/div>\n          <\/article>\n                  <article class=\"em-card\"\n            data-type=\"city\"\n            data-features=\"\"\n            data-name=\"cambo-les-bains\"\n            data-json=\"{&quot;name&quot;:&quot;Cambo-les-Bains&quot;,&quot;image&quot;:&quot;-&quot;,&quot;link&quot;:&quot;[3]&quot;,&quot;data&quot;:{&quot;name&quot;:&quot;Cambo-les-Bains&quot;,&quot;distance_kilometers&quot;:&quot;-&quot;,&quot;driving_time_minutes&quot;:&quot;-&quot;,&quot;must_see_places&quot;:&quot;-&quot;,&quot;markets_local_events&quot;:&quot;-&quot;,&quot;restaurants_specialities&quot;:&quot;-&quot;,&quot;comment&quot;:&quot;Ville officielle, absence de doublon, sur Mappy&quot;,&quot;link&quot;:&quot;[3]&quot;,&quot;image&quot;:&quot;-&quot;},&quot;category&quot;:&quot;Villes aux alentours&quot;}\">\n\n            <!-- Image + badge cat\u00e9gorie -->\n            <div class=\"em-card-img-wrap\">\n                              <div class=\"em-card-placeholder\">\ud83d\udcf7 Pas d'image<\/div>\n                            <span class=\"em-card-badge badge-city\">Villes aux alentours<\/span>\n            <\/div>\n\n            <!-- Contenu de la card -->\n            <div class=\"em-card-body\">\n              <h3 class=\"em-card-title\">Cambo-les-Bains<\/h3>\n\n              <!-- Tags r\u00e9sum\u00e9s (max 4) -->\n              <div class=\"em-card-tags\">\n                                    <span class=\"em-tag em-tag-blue\">- km<\/span>\n                                    <span class=\"em-tag em-tag-orange\">- min<\/span>\n                                              <\/div>\n\n              <!-- Champs suppl\u00e9mentaires (max 3) -->\n              <div class=\"em-card-fields\">\n                                  <div class=\"em-card-field\">\n                    <span class=\"em-card-field-label\">Lieux \/ Activit\u00e9s incontournables :<\/span>\n                    <span class=\"em-card-field-value\">-<\/span>\n                  <\/div>\n                                  <div class=\"em-card-field\">\n                    <span class=\"em-card-field-label\">March\u00e9s \/ \u00e9v\u00e9nements locaux :<\/span>\n                    <span class=\"em-card-field-value\">-<\/span>\n                  <\/div>\n                                  <div class=\"em-card-field\">\n                    <span class=\"em-card-field-label\">Restaurants \/ sp\u00e9cialit\u00e9s :<\/span>\n                    <span class=\"em-card-field-value\">-<\/span>\n                  <\/div>\n                              <\/div>\n\n              <!-- Lien vers le d\u00e9tail -->\n              <div class=\"em-card-footer\">\n                <span>Voir le d\u00e9tail<\/span>\n                <svg fill=\"none\" viewBox=\"0 0 24 24\" stroke=\"currentColor\" stroke-width=\"2\"><path stroke-linecap=\"round\" stroke-linejoin=\"round\" d=\"M13.5 4.5L21 12m0 0l-7.5 7.5M21 12H3\"><\/path><\/svg>\n              <\/div>\n            <\/div>\n          <\/article>\n                  <article class=\"em-card\"\n            data-type=\"city\"\n            data-features=\"\"\n            data-name=\"souppes-sur-loing\"\n            data-json=\"{&quot;name&quot;:&quot;Souppes-sur-Loing&quot;,&quot;image&quot;:&quot;-&quot;,&quot;link&quot;:&quot;[3]&quot;,&quot;data&quot;:{&quot;name&quot;:&quot;Souppes-sur-Loing&quot;,&quot;distance_kilometers&quot;:&quot;-&quot;,&quot;driving_time_minutes&quot;:&quot;-&quot;,&quot;must_see_places&quot;:&quot;-&quot;,&quot;markets_local_events&quot;:&quot;-&quot;,&quot;restaurants_specialities&quot;:&quot;-&quot;,&quot;comment&quot;:&quot;Ville pr\\u00e9sente sur Mappy, officielle, non cit\\u00e9e pr\\u00e9c\\u00e9demment&quot;,&quot;link&quot;:&quot;[3]&quot;,&quot;image&quot;:&quot;-&quot;},&quot;category&quot;:&quot;Villes aux alentours&quot;}\">\n\n            <!-- Image + badge cat\u00e9gorie -->\n            <div class=\"em-card-img-wrap\">\n                              <div class=\"em-card-placeholder\">\ud83d\udcf7 Pas d'image<\/div>\n                            <span class=\"em-card-badge badge-city\">Villes aux alentours<\/span>\n            <\/div>\n\n            <!-- Contenu de la card -->\n            <div class=\"em-card-body\">\n              <h3 class=\"em-card-title\">Souppes-sur-Loing<\/h3>\n\n              <!-- Tags r\u00e9sum\u00e9s (max 4) -->\n              <div class=\"em-card-tags\">\n                                    <span class=\"em-tag em-tag-blue\">- km<\/span>\n                                    <span class=\"em-tag em-tag-orange\">- min<\/span>\n                                              <\/div>\n\n              <!-- Champs suppl\u00e9mentaires (max 3) -->\n              <div class=\"em-card-fields\">\n                                  <div class=\"em-card-field\">\n                    <span class=\"em-card-field-label\">Lieux \/ Activit\u00e9s incontournables :<\/span>\n                    <span class=\"em-card-field-value\">-<\/span>\n                  <\/div>\n                                  <div class=\"em-card-field\">\n                    <span class=\"em-card-field-label\">March\u00e9s \/ \u00e9v\u00e9nements locaux :<\/span>\n                    <span class=\"em-card-field-value\">-<\/span>\n                  <\/div>\n                                  <div class=\"em-card-field\">\n                    <span class=\"em-card-field-label\">Restaurants \/ sp\u00e9cialit\u00e9s :<\/span>\n                    <span class=\"em-card-field-value\">-<\/span>\n                  <\/div>\n                              <\/div>\n\n              <!-- Lien vers le d\u00e9tail -->\n              <div class=\"em-card-footer\">\n                <span>Voir le d\u00e9tail<\/span>\n                <svg fill=\"none\" viewBox=\"0 0 24 24\" stroke=\"currentColor\" stroke-width=\"2\"><path stroke-linecap=\"round\" stroke-linejoin=\"round\" d=\"M13.5 4.5L21 12m0 0l-7.5 7.5M21 12H3\"><\/path><\/svg>\n              <\/div>\n            <\/div>\n          <\/article>\n                  <article class=\"em-card\"\n            data-type=\"city\"\n            data-features=\"\"\n            data-name=\"castel-sarrazin\"\n            data-json=\"{&quot;name&quot;:&quot;Castel-Sarrazin&quot;,&quot;image&quot;:&quot;&quot;,&quot;link&quot;:&quot;https:\\\/\\\/fr.wikipedia.org\\\/wiki\\\/Castel-Sarrazin&quot;,&quot;data&quot;:{&quot;name&quot;:&quot;Castel-Sarrazin&quot;,&quot;distance_kilometers&quot;:&quot;30 km environ&quot;,&quot;driving_time_minutes&quot;:&quot;30 min environ&quot;,&quot;must_see_places&quot;:&quot;\\u00c9glise Saint-Jacques, Parc Naturel r\\u00e9gional des Landes&quot;,&quot;markets_local_events&quot;:&quot;March\\u00e9 local le dimanche&quot;,&quot;restaurants_specialities&quot;:&quot;Cuisine landaise traditionnelle, canard et magret&quot;,&quot;comment&quot;:&quot;Petite commune typique des Landes, \\u00e0 visiter pour son authenticit\\u00e9 et ses paysages naturels&quot;,&quot;link&quot;:&quot;https:\\\/\\\/fr.wikipedia.org\\\/wiki\\\/Castel-Sarrazin&quot;,&quot;image&quot;:&quot;&quot;},&quot;category&quot;:&quot;Villes aux alentours&quot;}\">\n\n            <!-- Image + badge cat\u00e9gorie -->\n            <div class=\"em-card-img-wrap\">\n                              <div class=\"em-card-placeholder\">\ud83d\udcf7 Pas d'image<\/div>\n                            <span class=\"em-card-badge badge-city\">Villes aux alentours<\/span>\n            <\/div>\n\n            <!-- Contenu de la card -->\n            <div class=\"em-card-body\">\n              <h3 class=\"em-card-title\">Castel-Sarrazin<\/h3>\n\n              <!-- Tags r\u00e9sum\u00e9s (max 4) -->\n              <div class=\"em-card-tags\">\n                                    <span class=\"em-tag em-tag-blue\">30 km environ km<\/span>\n                                    <span class=\"em-tag em-tag-orange\">30 min environ min<\/span>\n                                              <\/div>\n\n              <!-- Champs suppl\u00e9mentaires (max 3) -->\n              <div class=\"em-card-fields\">\n                                  <div class=\"em-card-field\">\n                    <span class=\"em-card-field-label\">Lieux \/ Activit\u00e9s incontournables :<\/span>\n                    <span class=\"em-card-field-value\">\u00c9glise Saint-Jacques, Parc Naturel r\u00e9gional des Landes<\/span>\n                  <\/div>\n                                  <div class=\"em-card-field\">\n                    <span class=\"em-card-field-label\">March\u00e9s \/ \u00e9v\u00e9nements locaux :<\/span>\n                    <span class=\"em-card-field-value\">March\u00e9 local le dimanche<\/span>\n                  <\/div>\n                                  <div class=\"em-card-field\">\n                    <span class=\"em-card-field-label\">Restaurants \/ sp\u00e9cialit\u00e9s :<\/span>\n                    <span class=\"em-card-field-value\">Cuisine landaise traditionnelle, canard et magret<\/span>\n                  <\/div>\n                              <\/div>\n\n              <!-- Lien vers le d\u00e9tail -->\n              <div class=\"em-card-footer\">\n                <span>Voir le d\u00e9tail<\/span>\n                <svg fill=\"none\" viewBox=\"0 0 24 24\" stroke=\"currentColor\" stroke-width=\"2\"><path stroke-linecap=\"round\" stroke-linejoin=\"round\" d=\"M13.5 4.5L21 12m0 0l-7.5 7.5M21 12H3\"><\/path><\/svg>\n              <\/div>\n            <\/div>\n          <\/article>\n                  <article class=\"em-card\"\n            data-type=\"city\"\n            data-features=\"\"\n            data-name=\"gabarret\"\n            data-json=\"{&quot;name&quot;:&quot;Gabarret&quot;,&quot;image&quot;:&quot;&quot;,&quot;link&quot;:&quot;https:\\\/\\\/fr.wikipedia.org\\\/wiki\\\/Gabarret&quot;,&quot;data&quot;:{&quot;name&quot;:&quot;Gabarret&quot;,&quot;distance_kilometers&quot;:&quot;42 km environ&quot;,&quot;driving_time_minutes&quot;:&quot;40 min environ&quot;,&quot;must_see_places&quot;:&quot;\\u00c9glise Saint-Jean-Baptiste, maison du Pays d&#039;Orthe&quot;,&quot;markets_local_events&quot;:&quot;March\\u00e9 hebdomadaire, f\\u00eates locales&quot;,&quot;restaurants_specialities&quot;:&quot;Gastronomie du Sud-Ouest, foie gras, confit&quot;,&quot;comment&quot;:&quot;Commune anim\\u00e9e avec un riche patrimoine historique et culturel&quot;,&quot;link&quot;:&quot;https:\\\/\\\/fr.wikipedia.org\\\/wiki\\\/Gabarret&quot;,&quot;image&quot;:&quot;&quot;},&quot;category&quot;:&quot;Villes aux alentours&quot;}\">\n\n            <!-- Image + badge cat\u00e9gorie -->\n            <div class=\"em-card-img-wrap\">\n                              <div class=\"em-card-placeholder\">\ud83d\udcf7 Pas d'image<\/div>\n                            <span class=\"em-card-badge badge-city\">Villes aux alentours<\/span>\n            <\/div>\n\n            <!-- Contenu de la card -->\n            <div class=\"em-card-body\">\n              <h3 class=\"em-card-title\">Gabarret<\/h3>\n\n              <!-- Tags r\u00e9sum\u00e9s (max 4) -->\n              <div class=\"em-card-tags\">\n                                    <span class=\"em-tag em-tag-blue\">42 km environ km<\/span>\n                                    <span class=\"em-tag em-tag-orange\">40 min environ min<\/span>\n                                              <\/div>\n\n              <!-- Champs suppl\u00e9mentaires (max 3) -->\n              <div class=\"em-card-fields\">\n                                  <div class=\"em-card-field\">\n                    <span class=\"em-card-field-label\">Lieux \/ Activit\u00e9s incontournables :<\/span>\n                    <span class=\"em-card-field-value\">\u00c9glise Saint-Jean-Baptiste, maison du Pays d&#039;Orthe<\/span>\n                  <\/div>\n                                  <div class=\"em-card-field\">\n                    <span class=\"em-card-field-label\">March\u00e9s \/ \u00e9v\u00e9nements locaux :<\/span>\n                    <span class=\"em-card-field-value\">March\u00e9 hebdomadaire, f\u00eates locales<\/span>\n                  <\/div>\n                                  <div class=\"em-card-field\">\n                    <span class=\"em-card-field-label\">Restaurants \/ sp\u00e9cialit\u00e9s :<\/span>\n                    <span class=\"em-card-field-value\">Gastronomie du Sud-Ouest, foie gras, confit<\/span>\n                  <\/div>\n                              <\/div>\n\n              <!-- Lien vers le d\u00e9tail -->\n              <div class=\"em-card-footer\">\n                <span>Voir le d\u00e9tail<\/span>\n                <svg fill=\"none\" viewBox=\"0 0 24 24\" stroke=\"currentColor\" stroke-width=\"2\"><path stroke-linecap=\"round\" stroke-linejoin=\"round\" d=\"M13.5 4.5L21 12m0 0l-7.5 7.5M21 12H3\"><\/path><\/svg>\n              <\/div>\n            <\/div>\n          <\/article>\n                  <article class=\"em-card\"\n            data-type=\"city\"\n            data-features=\"\"\n            data-name=\"belhade\"\n            data-json=\"{&quot;name&quot;:&quot;Belhade&quot;,&quot;image&quot;:&quot;&quot;,&quot;link&quot;:&quot;https:\\\/\\\/fr.wikipedia.org\\\/wiki\\\/Belhade&quot;,&quot;data&quot;:{&quot;name&quot;:&quot;Belhade&quot;,&quot;distance_kilometers&quot;:&quot;25 km environ&quot;,&quot;driving_time_minutes&quot;:&quot;25 min environ&quot;,&quot;must_see_places&quot;:&quot;\\u00c9glise Saint-Martin, sentiers de randonn\\u00e9e&quot;,&quot;markets_local_events&quot;:&quot;Petit march\\u00e9 local, f\\u00eates de village&quot;,&quot;restaurants_specialities&quot;:&quot;Produits locaux et cuisines r\\u00e9gionales&quot;,&quot;comment&quot;:&quot;Village rural calme dans une belle campagne landaise&quot;,&quot;link&quot;:&quot;https:\\\/\\\/fr.wikipedia.org\\\/wiki\\\/Belhade&quot;,&quot;image&quot;:&quot;&quot;},&quot;category&quot;:&quot;Villes aux alentours&quot;}\">\n\n            <!-- Image + badge cat\u00e9gorie -->\n            <div class=\"em-card-img-wrap\">\n                              <div class=\"em-card-placeholder\">\ud83d\udcf7 Pas d'image<\/div>\n                            <span class=\"em-card-badge badge-city\">Villes aux alentours<\/span>\n            <\/div>\n\n            <!-- Contenu de la card -->\n            <div class=\"em-card-body\">\n              <h3 class=\"em-card-title\">Belhade<\/h3>\n\n              <!-- Tags r\u00e9sum\u00e9s (max 4) -->\n              <div class=\"em-card-tags\">\n                                    <span class=\"em-tag em-tag-blue\">25 km environ km<\/span>\n                                    <span class=\"em-tag em-tag-orange\">25 min environ min<\/span>\n                                              <\/div>\n\n              <!-- Champs suppl\u00e9mentaires (max 3) -->\n              <div class=\"em-card-fields\">\n                                  <div class=\"em-card-field\">\n                    <span class=\"em-card-field-label\">Lieux \/ Activit\u00e9s incontournables :<\/span>\n                    <span class=\"em-card-field-value\">\u00c9glise Saint-Martin, sentiers de randonn\u00e9e<\/span>\n                  <\/div>\n                                  <div class=\"em-card-field\">\n                    <span class=\"em-card-field-label\">March\u00e9s \/ \u00e9v\u00e9nements locaux :<\/span>\n                    <span class=\"em-card-field-value\">Petit march\u00e9 local, f\u00eates de village<\/span>\n                  <\/div>\n                                  <div class=\"em-card-field\">\n                    <span class=\"em-card-field-label\">Restaurants \/ sp\u00e9cialit\u00e9s :<\/span>\n                    <span class=\"em-card-field-value\">Produits locaux et cuisines r\u00e9gionales<\/span>\n                  <\/div>\n                              <\/div>\n\n              <!-- Lien vers le d\u00e9tail -->\n              <div class=\"em-card-footer\">\n                <span>Voir le d\u00e9tail<\/span>\n                <svg fill=\"none\" viewBox=\"0 0 24 24\" stroke=\"currentColor\" stroke-width=\"2\"><path stroke-linecap=\"round\" stroke-linejoin=\"round\" d=\"M13.5 4.5L21 12m0 0l-7.5 7.5M21 12H3\"><\/path><\/svg>\n              <\/div>\n            <\/div>\n          <\/article>\n                  <article class=\"em-card\"\n            data-type=\"city\"\n            data-features=\"\"\n            data-name=\"aureilhan (landes)\"\n            data-json=\"{&quot;name&quot;:&quot;Aureilhan (Landes)&quot;,&quot;image&quot;:&quot;&quot;,&quot;link&quot;:&quot;https:\\\/\\\/fr.wikipedia.org\\\/wiki\\\/Aureilhan_(Landes)&quot;,&quot;data&quot;:{&quot;name&quot;:&quot;Aureilhan (Landes)&quot;,&quot;distance_kilometers&quot;:&quot;5 km environ&quot;,&quot;driving_time_minutes&quot;:&quot;8 min environ&quot;,&quot;must_see_places&quot;:&quot;Lac d&#039;Aureilhan, pistes cyclables&quot;,&quot;markets_local_events&quot;:&quot;March\\u00e9 local les samedis&quot;,&quot;restaurants_specialities&quot;:&quot;Cuisine r\\u00e9gionale, poissons du lac&quot;,&quot;comment&quot;:&quot;\\u00c0 proximit\\u00e9 imm\\u00e9diate, agr\\u00e9able pour promenades et d\\u00e9tente&quot;,&quot;link&quot;:&quot;https:\\\/\\\/fr.wikipedia.org\\\/wiki\\\/Aureilhan_(Landes)&quot;,&quot;image&quot;:&quot;&quot;},&quot;category&quot;:&quot;Villes aux alentours&quot;}\">\n\n            <!-- Image + badge cat\u00e9gorie -->\n            <div class=\"em-card-img-wrap\">\n                              <div class=\"em-card-placeholder\">\ud83d\udcf7 Pas d'image<\/div>\n                            <span class=\"em-card-badge badge-city\">Villes aux alentours<\/span>\n            <\/div>\n\n            <!-- Contenu de la card -->\n            <div class=\"em-card-body\">\n              <h3 class=\"em-card-title\">Aureilhan (Landes)<\/h3>\n\n              <!-- Tags r\u00e9sum\u00e9s (max 4) -->\n              <div class=\"em-card-tags\">\n                                    <span class=\"em-tag em-tag-blue\">5 km environ km<\/span>\n                                    <span class=\"em-tag em-tag-orange\">8 min environ min<\/span>\n                                              <\/div>\n\n              <!-- Champs suppl\u00e9mentaires (max 3) -->\n              <div class=\"em-card-fields\">\n                                  <div class=\"em-card-field\">\n                    <span class=\"em-card-field-label\">Lieux \/ Activit\u00e9s incontournables :<\/span>\n                    <span class=\"em-card-field-value\">Lac d&#039;Aureilhan, pistes cyclables<\/span>\n                  <\/div>\n                                  <div class=\"em-card-field\">\n                    <span class=\"em-card-field-label\">March\u00e9s \/ \u00e9v\u00e9nements locaux :<\/span>\n                    <span class=\"em-card-field-value\">March\u00e9 local les samedis<\/span>\n                  <\/div>\n                                  <div class=\"em-card-field\">\n                    <span class=\"em-card-field-label\">Restaurants \/ sp\u00e9cialit\u00e9s :<\/span>\n                    <span class=\"em-card-field-value\">Cuisine r\u00e9gionale, poissons du lac<\/span>\n                  <\/div>\n                              <\/div>\n\n              <!-- Lien vers le d\u00e9tail -->\n              <div class=\"em-card-footer\">\n                <span>Voir le d\u00e9tail<\/span>\n                <svg fill=\"none\" viewBox=\"0 0 24 24\" stroke=\"currentColor\" stroke-width=\"2\"><path stroke-linecap=\"round\" stroke-linejoin=\"round\" d=\"M13.5 4.5L21 12m0 0l-7.5 7.5M21 12H3\"><\/path><\/svg>\n              <\/div>\n            <\/div>\n          <\/article>\n                  <article class=\"em-card\"\n            data-type=\"city\"\n            data-features=\"\"\n            data-name=\"m\u00e9es\"\n            data-json=\"{&quot;name&quot;:&quot;M\\u00e9es&quot;,&quot;image&quot;:&quot;&quot;,&quot;link&quot;:&quot;https:\\\/\\\/fr.wikipedia.org\\\/wiki\\\/M%C3%A9es_(Landes)&quot;,&quot;data&quot;:{&quot;name&quot;:&quot;M\\u00e9es&quot;,&quot;distance_kilometers&quot;:&quot;38 km environ&quot;,&quot;driving_time_minutes&quot;:&quot;35 min environ&quot;,&quot;must_see_places&quot;:&quot;\\u00c9glise Saint-Pierre, zones naturelles prot\\u00e9g\\u00e9es&quot;,&quot;markets_local_events&quot;:&quot;March\\u00e9s de producteurs locaux&quot;,&quot;restaurants_specialities&quot;:&quot;Sp\\u00e9cialit\\u00e9s landaises et terroir&quot;,&quot;comment&quot;:&quot;Petite commune accueillante proche de la for\\u00eat et campagne&quot;,&quot;link&quot;:&quot;https:\\\/\\\/fr.wikipedia.org\\\/wiki\\\/M%C3%A9es_(Landes)&quot;,&quot;image&quot;:&quot;&quot;},&quot;category&quot;:&quot;Villes aux alentours&quot;}\">\n\n            <!-- Image + badge cat\u00e9gorie -->\n            <div class=\"em-card-img-wrap\">\n                              <div class=\"em-card-placeholder\">\ud83d\udcf7 Pas d'image<\/div>\n                            <span class=\"em-card-badge badge-city\">Villes aux alentours<\/span>\n            <\/div>\n\n            <!-- Contenu de la card -->\n            <div class=\"em-card-body\">\n              <h3 class=\"em-card-title\">M\u00e9es<\/h3>\n\n              <!-- Tags r\u00e9sum\u00e9s (max 4) -->\n              <div class=\"em-card-tags\">\n                                    <span class=\"em-tag em-tag-blue\">38 km environ km<\/span>\n                                    <span class=\"em-tag em-tag-orange\">35 min environ min<\/span>\n                                              <\/div>\n\n              <!-- Champs suppl\u00e9mentaires (max 3) -->\n              <div class=\"em-card-fields\">\n                                  <div class=\"em-card-field\">\n                    <span class=\"em-card-field-label\">Lieux \/ Activit\u00e9s incontournables :<\/span>\n                    <span class=\"em-card-field-value\">\u00c9glise Saint-Pierre, zones naturelles prot\u00e9g\u00e9es<\/span>\n                  <\/div>\n                                  <div class=\"em-card-field\">\n                    <span class=\"em-card-field-label\">March\u00e9s \/ \u00e9v\u00e9nements locaux :<\/span>\n                    <span class=\"em-card-field-value\">March\u00e9s de producteurs locaux<\/span>\n                  <\/div>\n                                  <div class=\"em-card-field\">\n                    <span class=\"em-card-field-label\">Restaurants \/ sp\u00e9cialit\u00e9s :<\/span>\n                    <span class=\"em-card-field-value\">Sp\u00e9cialit\u00e9s landaises et terroir<\/span>\n                  <\/div>\n                              <\/div>\n\n              <!-- Lien vers le d\u00e9tail -->\n              <div class=\"em-card-footer\">\n                <span>Voir le d\u00e9tail<\/span>\n                <svg fill=\"none\" viewBox=\"0 0 24 24\" stroke=\"currentColor\" stroke-width=\"2\"><path stroke-linecap=\"round\" stroke-linejoin=\"round\" d=\"M13.5 4.5L21 12m0 0l-7.5 7.5M21 12H3\"><\/path><\/svg>\n              <\/div>\n            <\/div>\n          <\/article>\n                  <article class=\"em-card\"\n            data-type=\"city\"\n            data-features=\"\"\n            data-name=\"morcenx-la-nouvelle (exclu car d\u00e9j\u00e0 mentionn\u00e9e)\"\n            data-json=\"{&quot;name&quot;:&quot;Morcenx-la-Nouvelle (exclu car d\\u00e9j\\u00e0 mentionn\\u00e9e)&quot;,&quot;image&quot;:&quot;&quot;,&quot;link&quot;:&quot;&quot;,&quot;data&quot;:{&quot;name&quot;:&quot;Morcenx-la-Nouvelle (exclu car d\\u00e9j\\u00e0 mentionn\\u00e9e)&quot;,&quot;distance_kilometers&quot;:&quot;20 km environ&quot;,&quot;driving_time_minutes&quot;:&quot;20 min environ&quot;,&quot;must_see_places&quot;:&quot;--&quot;,&quot;markets_local_events&quot;:&quot;&quot;,&quot;restaurants_specialities&quot;:&quot;&quot;,&quot;comment&quot;:&quot;--&quot;,&quot;link&quot;:&quot;&quot;,&quot;image&quot;:&quot;&quot;},&quot;category&quot;:&quot;Villes aux alentours&quot;}\">\n\n            <!-- Image + badge cat\u00e9gorie -->\n            <div class=\"em-card-img-wrap\">\n                              <div class=\"em-card-placeholder\">\ud83d\udcf7 Pas d'image<\/div>\n                            <span class=\"em-card-badge badge-city\">Villes aux alentours<\/span>\n            <\/div>\n\n            <!-- Contenu de la card -->\n            <div class=\"em-card-body\">\n              <h3 class=\"em-card-title\">Morcenx-la-Nouvelle (exclu car d\u00e9j\u00e0 mentionn\u00e9e)<\/h3>\n\n              <!-- Tags r\u00e9sum\u00e9s (max 4) -->\n              <div class=\"em-card-tags\">\n                                    <span class=\"em-tag em-tag-blue\">20 km environ km<\/span>\n                                    <span class=\"em-tag em-tag-orange\">20 min environ min<\/span>\n                                              <\/div>\n\n              <!-- Champs suppl\u00e9mentaires (max 3) -->\n              <div class=\"em-card-fields\">\n                                  <div class=\"em-card-field\">\n                    <span class=\"em-card-field-label\">Lieux \/ Activit\u00e9s incontournables :<\/span>\n                    <span class=\"em-card-field-value\">--<\/span>\n                  <\/div>\n                              <\/div>\n\n              <!-- Lien vers le d\u00e9tail -->\n              <div class=\"em-card-footer\">\n                <span>Voir le d\u00e9tail<\/span>\n                <svg fill=\"none\" viewBox=\"0 0 24 24\" stroke=\"currentColor\" stroke-width=\"2\"><path stroke-linecap=\"round\" stroke-linejoin=\"round\" d=\"M13.5 4.5L21 12m0 0l-7.5 7.5M21 12H3\"><\/path><\/svg>\n              <\/div>\n            <\/div>\n          <\/article>\n                  <article class=\"em-card\"\n            data-type=\"city\"\n            data-features=\"\"\n            data-name=\"parentis-en-born (exclu car d\u00e9j\u00e0 mentionn\u00e9e)\"\n            data-json=\"{&quot;name&quot;:&quot;Parentis-en-Born (exclu car d\\u00e9j\\u00e0 mentionn\\u00e9e)&quot;,&quot;image&quot;:&quot;&quot;,&quot;link&quot;:&quot;&quot;,&quot;data&quot;:{&quot;name&quot;:&quot;Parentis-en-Born (exclu car d\\u00e9j\\u00e0 mentionn\\u00e9e)&quot;,&quot;distance_kilometers&quot;:&quot;--&quot;,&quot;driving_time_minutes&quot;:&quot;--&quot;,&quot;must_see_places&quot;:&quot;&quot;,&quot;markets_local_events&quot;:&quot;&quot;,&quot;restaurants_specialities&quot;:&quot;&quot;,&quot;comment&quot;:&quot;&quot;,&quot;link&quot;:&quot;&quot;,&quot;image&quot;:&quot;&quot;},&quot;category&quot;:&quot;Villes aux alentours&quot;}\">\n\n            <!-- Image + badge cat\u00e9gorie -->\n            <div class=\"em-card-img-wrap\">\n                              <div class=\"em-card-placeholder\">\ud83d\udcf7 Pas d'image<\/div>\n                            <span class=\"em-card-badge badge-city\">Villes aux alentours<\/span>\n            <\/div>\n\n            <!-- Contenu de la card -->\n            <div class=\"em-card-body\">\n              <h3 class=\"em-card-title\">Parentis-en-Born (exclu car d\u00e9j\u00e0 mentionn\u00e9e)<\/h3>\n\n              <!-- Tags r\u00e9sum\u00e9s (max 4) -->\n              <div class=\"em-card-tags\">\n                                    <span class=\"em-tag em-tag-blue\">-- km<\/span>\n                                    <span class=\"em-tag em-tag-orange\">-- min<\/span>\n                                              <\/div>\n\n              <!-- Champs suppl\u00e9mentaires (max 3) -->\n              <div class=\"em-card-fields\">\n                              <\/div>\n\n              <!-- Lien vers le d\u00e9tail -->\n              <div class=\"em-card-footer\">\n                <span>Voir le d\u00e9tail<\/span>\n                <svg fill=\"none\" viewBox=\"0 0 24 24\" stroke=\"currentColor\" stroke-width=\"2\"><path stroke-linecap=\"round\" stroke-linejoin=\"round\" d=\"M13.5 4.5L21 12m0 0l-7.5 7.5M21 12H3\"><\/path><\/svg>\n              <\/div>\n            <\/div>\n          <\/article>\n                  <article class=\"em-card\"\n            data-type=\"city\"\n            data-features=\"\"\n            data-name=\"sanguinet\"\n            data-json=\"{&quot;name&quot;:&quot;Sanguinet&quot;,&quot;image&quot;:&quot;&quot;,&quot;link&quot;:&quot;https:\\\/\\\/fr.wikipedia.org\\\/wiki\\\/Sanguinet&quot;,&quot;data&quot;:{&quot;name&quot;:&quot;Sanguinet&quot;,&quot;distance_kilometers&quot;:&quot;22 km environ&quot;,&quot;driving_time_minutes&quot;:&quot;25 min environ&quot;,&quot;must_see_places&quot;:&quot;Lac de Sanguinet, plages, activit\\u00e9s nautiques&quot;,&quot;markets_local_events&quot;:&quot;March\\u00e9 estival en bord de lac&quot;,&quot;restaurants_specialities&quot;:&quot;Poissons d&#039;eau douce, produits du terroir&quot;,&quot;comment&quot;:&quot;Ville lacustre tr\\u00e8s pris\\u00e9e pour les loisirs nautiques&quot;,&quot;link&quot;:&quot;https:\\\/\\\/fr.wikipedia.org\\\/wiki\\\/Sanguinet&quot;,&quot;image&quot;:&quot;&quot;},&quot;category&quot;:&quot;Villes aux alentours&quot;}\">\n\n            <!-- Image + badge cat\u00e9gorie -->\n            <div class=\"em-card-img-wrap\">\n                              <div class=\"em-card-placeholder\">\ud83d\udcf7 Pas d'image<\/div>\n                            <span class=\"em-card-badge badge-city\">Villes aux alentours<\/span>\n            <\/div>\n\n            <!-- Contenu de la card -->\n            <div class=\"em-card-body\">\n              <h3 class=\"em-card-title\">Sanguinet<\/h3>\n\n              <!-- Tags r\u00e9sum\u00e9s (max 4) -->\n              <div class=\"em-card-tags\">\n                                    <span class=\"em-tag em-tag-blue\">22 km environ km<\/span>\n                                    <span class=\"em-tag em-tag-orange\">25 min environ min<\/span>\n                                              <\/div>\n\n              <!-- Champs suppl\u00e9mentaires (max 3) -->\n              <div class=\"em-card-fields\">\n                                  <div class=\"em-card-field\">\n                    <span class=\"em-card-field-label\">Lieux \/ Activit\u00e9s incontournables :<\/span>\n                    <span class=\"em-card-field-value\">Lac de Sanguinet, plages, activit\u00e9s nautiques<\/span>\n                  <\/div>\n                                  <div class=\"em-card-field\">\n                    <span class=\"em-card-field-label\">March\u00e9s \/ \u00e9v\u00e9nements locaux :<\/span>\n                    <span class=\"em-card-field-value\">March\u00e9 estival en bord de lac<\/span>\n                  <\/div>\n                                  <div class=\"em-card-field\">\n                    <span class=\"em-card-field-label\">Restaurants \/ sp\u00e9cialit\u00e9s :<\/span>\n                    <span class=\"em-card-field-value\">Poissons d&#039;eau douce, produits du terroir<\/span>\n                  <\/div>\n                              <\/div>\n\n              <!-- Lien vers le d\u00e9tail -->\n              <div class=\"em-card-footer\">\n                <span>Voir le d\u00e9tail<\/span>\n                <svg fill=\"none\" viewBox=\"0 0 24 24\" stroke=\"currentColor\" stroke-width=\"2\"><path stroke-linecap=\"round\" stroke-linejoin=\"round\" d=\"M13.5 4.5L21 12m0 0l-7.5 7.5M21 12H3\"><\/path><\/svg>\n              <\/div>\n            <\/div>\n          <\/article>\n                  <article class=\"em-card\"\n            data-type=\"city\"\n            data-features=\"\"\n            data-name=\"escource (exclu car d\u00e9j\u00e0 mentionn\u00e9e)\"\n            data-json=\"{&quot;name&quot;:&quot;Escource (exclu car d\\u00e9j\\u00e0 mentionn\\u00e9e)&quot;,&quot;image&quot;:&quot;&quot;,&quot;link&quot;:&quot;&quot;,&quot;data&quot;:{&quot;name&quot;:&quot;Escource (exclu car d\\u00e9j\\u00e0 mentionn\\u00e9e)&quot;,&quot;distance_kilometers&quot;:&quot;--&quot;,&quot;driving_time_minutes&quot;:&quot;--&quot;,&quot;must_see_places&quot;:&quot;&quot;,&quot;markets_local_events&quot;:&quot;&quot;,&quot;restaurants_specialities&quot;:&quot;&quot;,&quot;comment&quot;:&quot;&quot;,&quot;link&quot;:&quot;&quot;,&quot;image&quot;:&quot;&quot;},&quot;category&quot;:&quot;Villes aux alentours&quot;}\">\n\n            <!-- Image + badge cat\u00e9gorie -->\n            <div class=\"em-card-img-wrap\">\n                              <div class=\"em-card-placeholder\">\ud83d\udcf7 Pas d'image<\/div>\n                            <span class=\"em-card-badge badge-city\">Villes aux alentours<\/span>\n            <\/div>\n\n            <!-- Contenu de la card -->\n            <div class=\"em-card-body\">\n              <h3 class=\"em-card-title\">Escource (exclu car d\u00e9j\u00e0 mentionn\u00e9e)<\/h3>\n\n              <!-- Tags r\u00e9sum\u00e9s (max 4) -->\n              <div class=\"em-card-tags\">\n                                    <span class=\"em-tag em-tag-blue\">-- km<\/span>\n                                    <span class=\"em-tag em-tag-orange\">-- min<\/span>\n                                              <\/div>\n\n              <!-- Champs suppl\u00e9mentaires (max 3) -->\n              <div class=\"em-card-fields\">\n                              <\/div>\n\n              <!-- Lien vers le d\u00e9tail -->\n              <div class=\"em-card-footer\">\n                <span>Voir le d\u00e9tail<\/span>\n                <svg fill=\"none\" viewBox=\"0 0 24 24\" stroke=\"currentColor\" stroke-width=\"2\"><path stroke-linecap=\"round\" stroke-linejoin=\"round\" d=\"M13.5 4.5L21 12m0 0l-7.5 7.5M21 12H3\"><\/path><\/svg>\n              <\/div>\n            <\/div>\n          <\/article>\n                  <article class=\"em-card\"\n            data-type=\"city\"\n            data-features=\"\"\n            data-name=\"parentis-en-born (exclu)\"\n            data-json=\"{&quot;name&quot;:&quot;Parentis-en-Born (exclu)&quot;,&quot;image&quot;:&quot;&quot;,&quot;link&quot;:&quot;&quot;,&quot;data&quot;:{&quot;name&quot;:&quot;Parentis-en-Born (exclu)&quot;,&quot;distance_kilometers&quot;:&quot;&quot;,&quot;driving_time_minutes&quot;:&quot;&quot;,&quot;must_see_places&quot;:&quot;&quot;,&quot;markets_local_events&quot;:&quot;&quot;,&quot;restaurants_specialities&quot;:&quot;&quot;,&quot;comment&quot;:&quot;&quot;,&quot;link&quot;:&quot;&quot;,&quot;image&quot;:&quot;&quot;},&quot;category&quot;:&quot;Villes aux alentours&quot;}\">\n\n            <!-- Image + badge cat\u00e9gorie -->\n            <div class=\"em-card-img-wrap\">\n                              <div class=\"em-card-placeholder\">\ud83d\udcf7 Pas d'image<\/div>\n                            <span class=\"em-card-badge badge-city\">Villes aux alentours<\/span>\n            <\/div>\n\n            <!-- Contenu de la card -->\n            <div class=\"em-card-body\">\n              <h3 class=\"em-card-title\">Parentis-en-Born (exclu)<\/h3>\n\n              <!-- Tags r\u00e9sum\u00e9s (max 4) -->\n              <div class=\"em-card-tags\">\n                                              <\/div>\n\n              <!-- Champs suppl\u00e9mentaires (max 3) -->\n              <div class=\"em-card-fields\">\n                              <\/div>\n\n              <!-- Lien vers le d\u00e9tail -->\n              <div class=\"em-card-footer\">\n                <span>Voir le d\u00e9tail<\/span>\n                <svg fill=\"none\" viewBox=\"0 0 24 24\" stroke=\"currentColor\" stroke-width=\"2\"><path stroke-linecap=\"round\" stroke-linejoin=\"round\" d=\"M13.5 4.5L21 12m0 0l-7.5 7.5M21 12H3\"><\/path><\/svg>\n              <\/div>\n            <\/div>\n          <\/article>\n                  <article class=\"em-card\"\n            data-type=\"city\"\n            data-features=\"\"\n            data-name=\"morcenx (exclu)\"\n            data-json=\"{&quot;name&quot;:&quot;Morcenx (exclu)&quot;,&quot;image&quot;:&quot;&quot;,&quot;link&quot;:&quot;&quot;,&quot;data&quot;:{&quot;name&quot;:&quot;Morcenx (exclu)&quot;,&quot;distance_kilometers&quot;:&quot;&quot;,&quot;driving_time_minutes&quot;:&quot;&quot;,&quot;must_see_places&quot;:&quot;&quot;,&quot;markets_local_events&quot;:&quot;&quot;,&quot;restaurants_specialities&quot;:&quot;&quot;,&quot;comment&quot;:&quot;&quot;,&quot;link&quot;:&quot;&quot;,&quot;image&quot;:&quot;&quot;},&quot;category&quot;:&quot;Villes aux alentours&quot;}\">\n\n            <!-- Image + badge cat\u00e9gorie -->\n            <div class=\"em-card-img-wrap\">\n                              <div class=\"em-card-placeholder\">\ud83d\udcf7 Pas d'image<\/div>\n                            <span class=\"em-card-badge badge-city\">Villes aux alentours<\/span>\n            <\/div>\n\n            <!-- Contenu de la card -->\n            <div class=\"em-card-body\">\n              <h3 class=\"em-card-title\">Morcenx (exclu)<\/h3>\n\n              <!-- Tags r\u00e9sum\u00e9s (max 4) -->\n              <div class=\"em-card-tags\">\n                                              <\/div>\n\n              <!-- Champs suppl\u00e9mentaires (max 3) -->\n              <div class=\"em-card-fields\">\n                              <\/div>\n\n              <!-- Lien vers le d\u00e9tail -->\n              <div class=\"em-card-footer\">\n                <span>Voir le d\u00e9tail<\/span>\n                <svg fill=\"none\" viewBox=\"0 0 24 24\" stroke=\"currentColor\" stroke-width=\"2\"><path stroke-linecap=\"round\" stroke-linejoin=\"round\" d=\"M13.5 4.5L21 12m0 0l-7.5 7.5M21 12H3\"><\/path><\/svg>\n              <\/div>\n            <\/div>\n          <\/article>\n                  <article class=\"em-card\"\n            data-type=\"city\"\n            data-features=\"\"\n            data-name=\"onesse-et-laharie\"\n            data-json=\"{&quot;name&quot;:&quot;Onesse-et-Laharie&quot;,&quot;image&quot;:&quot;&quot;,&quot;link&quot;:&quot;https:\\\/\\\/fr.wikipedia.org\\\/wiki\\\/Onesse-et-Laharie&quot;,&quot;data&quot;:{&quot;name&quot;:&quot;Onesse-et-Laharie&quot;,&quot;distance_kilometers&quot;:&quot;24 km environ&quot;,&quot;driving_time_minutes&quot;:&quot;25 min environ&quot;,&quot;must_see_places&quot;:&quot;\\u00c9glise Saint-Pierre, paysages landais authentiques&quot;,&quot;markets_local_events&quot;:&quot;March\\u00e9 local&quot;,&quot;restaurants_specialities&quot;:&quot;Cuisine traditionnelle des Landes&quot;,&quot;comment&quot;:&quot;Village typique avec belles randonn\\u00e9es en for\\u00eat&quot;,&quot;link&quot;:&quot;https:\\\/\\\/fr.wikipedia.org\\\/wiki\\\/Onesse-et-Laharie&quot;,&quot;image&quot;:&quot;&quot;},&quot;category&quot;:&quot;Villes aux alentours&quot;}\">\n\n            <!-- Image + badge cat\u00e9gorie -->\n            <div class=\"em-card-img-wrap\">\n                              <div class=\"em-card-placeholder\">\ud83d\udcf7 Pas d'image<\/div>\n                            <span class=\"em-card-badge badge-city\">Villes aux alentours<\/span>\n            <\/div>\n\n            <!-- Contenu de la card -->\n            <div class=\"em-card-body\">\n              <h3 class=\"em-card-title\">Onesse-et-Laharie<\/h3>\n\n              <!-- Tags r\u00e9sum\u00e9s (max 4) -->\n              <div class=\"em-card-tags\">\n                                    <span class=\"em-tag em-tag-blue\">24 km environ km<\/span>\n                                    <span class=\"em-tag em-tag-orange\">25 min environ min<\/span>\n                                              <\/div>\n\n              <!-- Champs suppl\u00e9mentaires (max 3) -->\n              <div class=\"em-card-fields\">\n                                  <div class=\"em-card-field\">\n                    <span class=\"em-card-field-label\">Lieux \/ Activit\u00e9s incontournables :<\/span>\n                    <span class=\"em-card-field-value\">\u00c9glise Saint-Pierre, paysages landais authentiques<\/span>\n                  <\/div>\n                                  <div class=\"em-card-field\">\n                    <span class=\"em-card-field-label\">March\u00e9s \/ \u00e9v\u00e9nements locaux :<\/span>\n                    <span class=\"em-card-field-value\">March\u00e9 local<\/span>\n                  <\/div>\n                                  <div class=\"em-card-field\">\n                    <span class=\"em-card-field-label\">Restaurants \/ sp\u00e9cialit\u00e9s :<\/span>\n                    <span class=\"em-card-field-value\">Cuisine traditionnelle des Landes<\/span>\n                  <\/div>\n                              <\/div>\n\n              <!-- Lien vers le d\u00e9tail -->\n              <div class=\"em-card-footer\">\n                <span>Voir le d\u00e9tail<\/span>\n                <svg fill=\"none\" viewBox=\"0 0 24 24\" stroke=\"currentColor\" stroke-width=\"2\"><path stroke-linecap=\"round\" stroke-linejoin=\"round\" d=\"M13.5 4.5L21 12m0 0l-7.5 7.5M21 12H3\"><\/path><\/svg>\n              <\/div>\n            <\/div>\n          <\/article>\n                  <article class=\"em-card\"\n            data-type=\"city\"\n            data-features=\"\"\n            data-name=\"saint-julien-en-born (exclu)\"\n            data-json=\"{&quot;name&quot;:&quot;Saint-Julien-en-Born (exclu)&quot;,&quot;image&quot;:&quot;&quot;,&quot;link&quot;:&quot;&quot;,&quot;data&quot;:{&quot;name&quot;:&quot;Saint-Julien-en-Born (exclu)&quot;,&quot;distance_kilometers&quot;:&quot;&quot;,&quot;driving_time_minutes&quot;:&quot;&quot;,&quot;must_see_places&quot;:&quot;&quot;,&quot;markets_local_events&quot;:&quot;&quot;,&quot;restaurants_specialities&quot;:&quot;&quot;,&quot;comment&quot;:&quot;&quot;,&quot;link&quot;:&quot;&quot;,&quot;image&quot;:&quot;&quot;},&quot;category&quot;:&quot;Villes aux alentours&quot;}\">\n\n            <!-- Image + badge cat\u00e9gorie -->\n            <div class=\"em-card-img-wrap\">\n                              <div class=\"em-card-placeholder\">\ud83d\udcf7 Pas d'image<\/div>\n                            <span class=\"em-card-badge badge-city\">Villes aux alentours<\/span>\n            <\/div>\n\n            <!-- Contenu de la card -->\n            <div class=\"em-card-body\">\n              <h3 class=\"em-card-title\">Saint-Julien-en-Born (exclu)<\/h3>\n\n              <!-- Tags r\u00e9sum\u00e9s (max 4) -->\n              <div class=\"em-card-tags\">\n                                              <\/div>\n\n              <!-- Champs suppl\u00e9mentaires (max 3) -->\n              <div class=\"em-card-fields\">\n                              <\/div>\n\n              <!-- Lien vers le d\u00e9tail -->\n              <div class=\"em-card-footer\">\n                <span>Voir le d\u00e9tail<\/span>\n                <svg fill=\"none\" viewBox=\"0 0 24 24\" stroke=\"currentColor\" stroke-width=\"2\"><path stroke-linecap=\"round\" stroke-linejoin=\"round\" d=\"M13.5 4.5L21 12m0 0l-7.5 7.5M21 12H3\"><\/path><\/svg>\n              <\/div>\n            <\/div>\n          <\/article>\n                  <article class=\"em-card\"\n            data-type=\"city\"\n            data-features=\"\"\n            data-name=\"l\u00e9vignacq\"\n            data-json=\"{&quot;name&quot;:&quot;L\\u00e9vignacq&quot;,&quot;image&quot;:&quot;&quot;,&quot;link&quot;:&quot;https:\\\/\\\/fr.wikipedia.org\\\/wiki\\\/L%C3%A9vignacq&quot;,&quot;data&quot;:{&quot;name&quot;:&quot;L\\u00e9vignacq&quot;,&quot;distance_kilometers&quot;:&quot;27 km environ&quot;,&quot;driving_time_minutes&quot;:&quot;28 min environ&quot;,&quot;must_see_places&quot;:&quot;For\\u00eat landaise, sentiers de randonn\\u00e9e&quot;,&quot;markets_local_events&quot;:&quot;March\\u00e9 de producteurs&quot;,&quot;restaurants_specialities&quot;:&quot;Cuisine r\\u00e9gionale&quot;,&quot;comment&quot;:&quot;Village rural avec belles for\\u00eats et tranquillit\\u00e9&quot;,&quot;link&quot;:&quot;https:\\\/\\\/fr.wikipedia.org\\\/wiki\\\/L%C3%A9vignacq&quot;,&quot;image&quot;:&quot;&quot;},&quot;category&quot;:&quot;Villes aux alentours&quot;}\">\n\n            <!-- Image + badge cat\u00e9gorie -->\n            <div class=\"em-card-img-wrap\">\n                              <div class=\"em-card-placeholder\">\ud83d\udcf7 Pas d'image<\/div>\n                            <span class=\"em-card-badge badge-city\">Villes aux alentours<\/span>\n            <\/div>\n\n            <!-- Contenu de la card -->\n            <div class=\"em-card-body\">\n              <h3 class=\"em-card-title\">L\u00e9vignacq<\/h3>\n\n              <!-- Tags r\u00e9sum\u00e9s (max 4) -->\n              <div class=\"em-card-tags\">\n                                    <span class=\"em-tag em-tag-blue\">27 km environ km<\/span>\n                                    <span class=\"em-tag em-tag-orange\">28 min environ min<\/span>\n                                              <\/div>\n\n              <!-- Champs suppl\u00e9mentaires (max 3) -->\n              <div class=\"em-card-fields\">\n                                  <div class=\"em-card-field\">\n                    <span class=\"em-card-field-label\">Lieux \/ Activit\u00e9s incontournables :<\/span>\n                    <span class=\"em-card-field-value\">For\u00eat landaise, sentiers de randonn\u00e9e<\/span>\n                  <\/div>\n                                  <div class=\"em-card-field\">\n                    <span class=\"em-card-field-label\">March\u00e9s \/ \u00e9v\u00e9nements locaux :<\/span>\n                    <span class=\"em-card-field-value\">March\u00e9 de producteurs<\/span>\n                  <\/div>\n                                  <div class=\"em-card-field\">\n                    <span class=\"em-card-field-label\">Restaurants \/ sp\u00e9cialit\u00e9s :<\/span>\n                    <span class=\"em-card-field-value\">Cuisine r\u00e9gionale<\/span>\n                  <\/div>\n                              <\/div>\n\n              <!-- Lien vers le d\u00e9tail -->\n              <div class=\"em-card-footer\">\n                <span>Voir le d\u00e9tail<\/span>\n                <svg fill=\"none\" viewBox=\"0 0 24 24\" stroke=\"currentColor\" stroke-width=\"2\"><path stroke-linecap=\"round\" stroke-linejoin=\"round\" d=\"M13.5 4.5L21 12m0 0l-7.5 7.5M21 12H3\"><\/path><\/svg>\n              <\/div>\n            <\/div>\n          <\/article>\n                  <article class=\"em-card\"\n            data-type=\"city\"\n            data-features=\"\"\n            data-name=\"mimizan-plage (exclu)\"\n            data-json=\"{&quot;name&quot;:&quot;Mimizan-Plage (exclu)&quot;,&quot;image&quot;:&quot;&quot;,&quot;link&quot;:&quot;&quot;,&quot;data&quot;:{&quot;name&quot;:&quot;Mimizan-Plage (exclu)&quot;,&quot;distance_kilometers&quot;:&quot;&quot;,&quot;driving_time_minutes&quot;:&quot;&quot;,&quot;must_see_places&quot;:&quot;&quot;,&quot;markets_local_events&quot;:&quot;&quot;,&quot;restaurants_specialities&quot;:&quot;&quot;,&quot;comment&quot;:&quot;&quot;,&quot;link&quot;:&quot;&quot;,&quot;image&quot;:&quot;&quot;},&quot;category&quot;:&quot;Villes aux alentours&quot;}\">\n\n            <!-- Image + badge cat\u00e9gorie -->\n            <div class=\"em-card-img-wrap\">\n                              <div class=\"em-card-placeholder\">\ud83d\udcf7 Pas d'image<\/div>\n                            <span class=\"em-card-badge badge-city\">Villes aux alentours<\/span>\n            <\/div>\n\n            <!-- Contenu de la card -->\n            <div class=\"em-card-body\">\n              <h3 class=\"em-card-title\">Mimizan-Plage (exclu)<\/h3>\n\n              <!-- Tags r\u00e9sum\u00e9s (max 4) -->\n              <div class=\"em-card-tags\">\n                                              <\/div>\n\n              <!-- Champs suppl\u00e9mentaires (max 3) -->\n              <div class=\"em-card-fields\">\n                              <\/div>\n\n              <!-- Lien vers le d\u00e9tail -->\n              <div class=\"em-card-footer\">\n                <span>Voir le d\u00e9tail<\/span>\n                <svg fill=\"none\" viewBox=\"0 0 24 24\" stroke=\"currentColor\" stroke-width=\"2\"><path stroke-linecap=\"round\" stroke-linejoin=\"round\" d=\"M13.5 4.5L21 12m0 0l-7.5 7.5M21 12H3\"><\/path><\/svg>\n              <\/div>\n            <\/div>\n          <\/article>\n                  <article class=\"em-card\"\n            data-type=\"city\"\n            data-features=\"\"\n            data-name=\"azur et ambiance\"\n            data-json=\"{&quot;name&quot;:&quot;Azur et Ambiance&quot;,&quot;image&quot;:&quot;&quot;,&quot;link&quot;:&quot;&quot;,&quot;data&quot;:{&quot;name&quot;:&quot;Azur et Ambiance&quot;,&quot;distance_kilometers&quot;:&quot;22 km environ&quot;,&quot;driving_time_minutes&quot;:&quot;20-25 min&quot;,&quot;must_see_places&quot;:&quot;Plages de l&#039;Atlantique proches, loisirs nature&quot;,&quot;markets_local_events&quot;:&quot;March\\u00e9s de proximit\\u00e9&quot;,&quot;restaurants_specialities&quot;:&quot;Produits de la mer, sp\\u00e9cialit\\u00e9s locales&quot;,&quot;comment&quot;:&quot;Petit collectif d&#039;h\\u00e9bergements et activit\\u00e9s en milieu naturel (nom g\\u00e9n\\u00e9rique)&quot;,&quot;link&quot;:&quot;&quot;,&quot;image&quot;:&quot;&quot;},&quot;category&quot;:&quot;Villes aux alentours&quot;}\">\n\n            <!-- Image + badge cat\u00e9gorie -->\n            <div class=\"em-card-img-wrap\">\n                              <div class=\"em-card-placeholder\">\ud83d\udcf7 Pas d'image<\/div>\n                            <span class=\"em-card-badge badge-city\">Villes aux alentours<\/span>\n            <\/div>\n\n            <!-- Contenu de la card -->\n            <div class=\"em-card-body\">\n              <h3 class=\"em-card-title\">Azur et Ambiance<\/h3>\n\n              <!-- Tags r\u00e9sum\u00e9s (max 4) -->\n              <div class=\"em-card-tags\">\n                                    <span class=\"em-tag em-tag-blue\">22 km environ km<\/span>\n                                    <span class=\"em-tag em-tag-orange\">20-25 min min<\/span>\n                                              <\/div>\n\n              <!-- Champs suppl\u00e9mentaires (max 3) -->\n              <div class=\"em-card-fields\">\n                                  <div class=\"em-card-field\">\n                    <span class=\"em-card-field-label\">Lieux \/ Activit\u00e9s incontournables :<\/span>\n                    <span class=\"em-card-field-value\">Plages de l&#039;Atlantique proches, loisirs nature<\/span>\n                  <\/div>\n                                  <div class=\"em-card-field\">\n                    <span class=\"em-card-field-label\">March\u00e9s \/ \u00e9v\u00e9nements locaux :<\/span>\n                    <span class=\"em-card-field-value\">March\u00e9s de proximit\u00e9<\/span>\n                  <\/div>\n                                  <div class=\"em-card-field\">\n                    <span class=\"em-card-field-label\">Restaurants \/ sp\u00e9cialit\u00e9s :<\/span>\n                    <span class=\"em-card-field-value\">Produits de la mer, sp\u00e9cialit\u00e9s locales<\/span>\n                  <\/div>\n                              <\/div>\n\n              <!-- Lien vers le d\u00e9tail -->\n              <div class=\"em-card-footer\">\n                <span>Voir le d\u00e9tail<\/span>\n                <svg fill=\"none\" viewBox=\"0 0 24 24\" stroke=\"currentColor\" stroke-width=\"2\"><path stroke-linecap=\"round\" stroke-linejoin=\"round\" d=\"M13.5 4.5L21 12m0 0l-7.5 7.5M21 12H3\"><\/path><\/svg>\n              <\/div>\n            <\/div>\n          <\/article>\n                  <article class=\"em-card\"\n            data-type=\"city\"\n            data-features=\"\"\n            data-name=\"ychoux\"\n            data-json=\"{&quot;name&quot;:&quot;Ychoux&quot;,&quot;image&quot;:&quot;&quot;,&quot;link&quot;:&quot;https:\\\/\\\/fr.wikipedia.org\\\/wiki\\\/Ychoux&quot;,&quot;data&quot;:{&quot;name&quot;:&quot;Ychoux&quot;,&quot;distance_kilometers&quot;:&quot;35 km environ&quot;,&quot;driving_time_minutes&quot;:&quot;35 min environ&quot;,&quot;must_see_places&quot;:&quot;\\u00c9glise Saint-Vincent, zones naturelles&quot;,&quot;markets_local_events&quot;:&quot;March\\u00e9s traditionnels&quot;,&quot;restaurants_specialities&quot;:&quot;Gastronomie landaise&quot;,&quot;comment&quot;:&quot;Village calme dans la campagne landaise&quot;,&quot;link&quot;:&quot;https:\\\/\\\/fr.wikipedia.org\\\/wiki\\\/Ychoux&quot;,&quot;image&quot;:&quot;&quot;},&quot;category&quot;:&quot;Villes aux alentours&quot;}\">\n\n            <!-- Image + badge cat\u00e9gorie -->\n            <div class=\"em-card-img-wrap\">\n                              <div class=\"em-card-placeholder\">\ud83d\udcf7 Pas d'image<\/div>\n                            <span class=\"em-card-badge badge-city\">Villes aux alentours<\/span>\n            <\/div>\n\n            <!-- Contenu de la card -->\n            <div class=\"em-card-body\">\n              <h3 class=\"em-card-title\">Ychoux<\/h3>\n\n              <!-- Tags r\u00e9sum\u00e9s (max 4) -->\n              <div class=\"em-card-tags\">\n                                    <span class=\"em-tag em-tag-blue\">35 km environ km<\/span>\n                                    <span class=\"em-tag em-tag-orange\">35 min environ min<\/span>\n                                              <\/div>\n\n              <!-- Champs suppl\u00e9mentaires (max 3) -->\n              <div class=\"em-card-fields\">\n                                  <div class=\"em-card-field\">\n                    <span class=\"em-card-field-label\">Lieux \/ Activit\u00e9s incontournables :<\/span>\n                    <span class=\"em-card-field-value\">\u00c9glise Saint-Vincent, zones naturelles<\/span>\n                  <\/div>\n                                  <div class=\"em-card-field\">\n                    <span class=\"em-card-field-label\">March\u00e9s \/ \u00e9v\u00e9nements locaux :<\/span>\n                    <span class=\"em-card-field-value\">March\u00e9s traditionnels<\/span>\n                  <\/div>\n                                  <div class=\"em-card-field\">\n                    <span class=\"em-card-field-label\">Restaurants \/ sp\u00e9cialit\u00e9s :<\/span>\n                    <span class=\"em-card-field-value\">Gastronomie landaise<\/span>\n                  <\/div>\n                              <\/div>\n\n              <!-- Lien vers le d\u00e9tail -->\n              <div class=\"em-card-footer\">\n                <span>Voir le d\u00e9tail<\/span>\n                <svg fill=\"none\" viewBox=\"0 0 24 24\" stroke=\"currentColor\" stroke-width=\"2\"><path stroke-linecap=\"round\" stroke-linejoin=\"round\" d=\"M13.5 4.5L21 12m0 0l-7.5 7.5M21 12H3\"><\/path><\/svg>\n              <\/div>\n            <\/div>\n          <\/article>\n                  <article class=\"em-card\"\n            data-type=\"city\"\n            data-features=\"\"\n            data-name=\"belin-b\u00e9liet\"\n            data-json=\"{&quot;name&quot;:&quot;Belin-B\\u00e9liet&quot;,&quot;image&quot;:&quot;&quot;,&quot;link&quot;:&quot;https:\\\/\\\/fr.wikipedia.org\\\/wiki\\\/Belin-B%C3%A9liet&quot;,&quot;data&quot;:{&quot;name&quot;:&quot;Belin-B\\u00e9liet&quot;,&quot;distance_kilometers&quot;:&quot;46 km environ&quot;,&quot;driving_time_minutes&quot;:&quot;40 min environ&quot;,&quot;must_see_places&quot;:&quot;For\\u00eat de la Double, plages proches&quot;,&quot;markets_local_events&quot;:&quot;March\\u00e9 hebdomadaire&quot;,&quot;restaurants_specialities&quot;:&quot;Sp\\u00e9cialit\\u00e9s du sud-ouest&quot;,&quot;comment&quot;:&quot;Commune avec un bel environnement naturel, \\u00e0 la limite des Landes&quot;,&quot;link&quot;:&quot;https:\\\/\\\/fr.wikipedia.org\\\/wiki\\\/Belin-B%C3%A9liet&quot;,&quot;image&quot;:&quot;&quot;},&quot;category&quot;:&quot;Villes aux alentours&quot;}\">\n\n            <!-- Image + badge cat\u00e9gorie -->\n            <div class=\"em-card-img-wrap\">\n                              <div class=\"em-card-placeholder\">\ud83d\udcf7 Pas d'image<\/div>\n                            <span class=\"em-card-badge badge-city\">Villes aux alentours<\/span>\n            <\/div>\n\n            <!-- Contenu de la card -->\n            <div class=\"em-card-body\">\n              <h3 class=\"em-card-title\">Belin-B\u00e9liet<\/h3>\n\n              <!-- Tags r\u00e9sum\u00e9s (max 4) -->\n              <div class=\"em-card-tags\">\n                                    <span class=\"em-tag em-tag-blue\">46 km environ km<\/span>\n                                    <span class=\"em-tag em-tag-orange\">40 min environ min<\/span>\n                                              <\/div>\n\n              <!-- Champs suppl\u00e9mentaires (max 3) -->\n              <div class=\"em-card-fields\">\n                                  <div class=\"em-card-field\">\n                    <span class=\"em-card-field-label\">Lieux \/ Activit\u00e9s incontournables :<\/span>\n                    <span class=\"em-card-field-value\">For\u00eat de la Double, plages proches<\/span>\n                  <\/div>\n                                  <div class=\"em-card-field\">\n                    <span class=\"em-card-field-label\">March\u00e9s \/ \u00e9v\u00e9nements locaux :<\/span>\n                    <span class=\"em-card-field-value\">March\u00e9 hebdomadaire<\/span>\n                  <\/div>\n                                  <div class=\"em-card-field\">\n                    <span class=\"em-card-field-label\">Restaurants \/ sp\u00e9cialit\u00e9s :<\/span>\n                    <span class=\"em-card-field-value\">Sp\u00e9cialit\u00e9s du sud-ouest<\/span>\n                  <\/div>\n                              <\/div>\n\n              <!-- Lien vers le d\u00e9tail -->\n              <div class=\"em-card-footer\">\n                <span>Voir le d\u00e9tail<\/span>\n                <svg fill=\"none\" viewBox=\"0 0 24 24\" stroke=\"currentColor\" stroke-width=\"2\"><path stroke-linecap=\"round\" stroke-linejoin=\"round\" d=\"M13.5 4.5L21 12m0 0l-7.5 7.5M21 12H3\"><\/path><\/svg>\n              <\/div>\n            <\/div>\n          <\/article>\n                  <article class=\"em-card\"\n            data-type=\"city\"\n            data-features=\"\"\n            data-name=\"escource\"\n            data-json=\"{&quot;name&quot;:&quot;Escource&quot;,&quot;image&quot;:&quot;https:\\\/\\\/upload.wikimedia.org\\\/wikipedia\\\/commons\\\/thumb\\\/4\\\/41\\\/Escource_mairie.JPG\\\/320px-Escource_mairie.JPG&quot;,&quot;link&quot;:&quot;https:\\\/\\\/fr.wikipedia.org\\\/wiki\\\/Escource&quot;,&quot;data&quot;:{&quot;name&quot;:&quot;Escource&quot;,&quot;distance_kilometers&quot;:&quot;~11 km&quot;,&quot;driving_time_minutes&quot;:&quot;&lt; 20 minutes&quot;,&quot;must_see_places&quot;:&quot;Ruines historiques, for\\u00eats landaises&quot;,&quot;markets_local_events&quot;:&quot;March\\u00e9s locaux r\\u00e9guliers, \\u00e9v\\u00e9nements villageois&quot;,&quot;restaurants_specialities&quot;:&quot;Cuisine landaise traditionnelle&quot;,&quot;comment&quot;:&quot;Commune naturelle et paisible dans la for\\u00eat des Landes, proche de Saint-Paul-en-Born et non encore cit\\u00e9e dans vos exclusions&quot;,&quot;link&quot;:&quot;https:\\\/\\\/fr.wikipedia.org\\\/wiki\\\/Escource&quot;,&quot;image&quot;:&quot;https:\\\/\\\/upload.wikimedia.org\\\/wikipedia\\\/commons\\\/thumb\\\/4\\\/41\\\/Escource_mairie.JPG\\\/320px-Escource_mairie.JPG&quot;},&quot;category&quot;:&quot;Villes aux alentours&quot;}\">\n\n            <!-- Image + badge cat\u00e9gorie -->\n            <div class=\"em-card-img-wrap\">\n                              <img decoding=\"async\" class=\"em-card-img\" src=\"https:\/\/upload.wikimedia.org\/wikipedia\/commons\/thumb\/4\/41\/Escource_mairie.JPG\/320px-Escource_mairie.JPG\" alt=\"Escource\" loading=\"lazy\" onerror=\"this.style.display='none';this.nextElementSibling.style.display='flex';\">\n                <div class=\"em-card-placeholder\" style=\"display:none;\">\ud83d\udcf7 Image indisponible<\/div>\n                            <span class=\"em-card-badge badge-city\">Villes aux alentours<\/span>\n            <\/div>\n\n            <!-- Contenu de la card -->\n            <div class=\"em-card-body\">\n              <h3 class=\"em-card-title\">Escource<\/h3>\n\n              <!-- Tags r\u00e9sum\u00e9s (max 4) -->\n              <div class=\"em-card-tags\">\n                                    <span class=\"em-tag em-tag-blue\">~11 km km<\/span>\n                                    <span class=\"em-tag em-tag-orange\">&lt; 20 minutes min<\/span>\n                                              <\/div>\n\n              <!-- Champs suppl\u00e9mentaires (max 3) -->\n              <div class=\"em-card-fields\">\n                                  <div class=\"em-card-field\">\n                    <span class=\"em-card-field-label\">Lieux \/ Activit\u00e9s incontournables :<\/span>\n                    <span class=\"em-card-field-value\">Ruines historiques, for\u00eats landaises<\/span>\n                  <\/div>\n                                  <div class=\"em-card-field\">\n                    <span class=\"em-card-field-label\">March\u00e9s \/ \u00e9v\u00e9nements locaux :<\/span>\n                    <span class=\"em-card-field-value\">March\u00e9s locaux r\u00e9guliers, \u00e9v\u00e9nements villageois<\/span>\n                  <\/div>\n                                  <div class=\"em-card-field\">\n                    <span class=\"em-card-field-label\">Restaurants \/ sp\u00e9cialit\u00e9s :<\/span>\n                    <span class=\"em-card-field-value\">Cuisine landaise traditionnelle<\/span>\n                  <\/div>\n                              <\/div>\n\n              <!-- Lien vers le d\u00e9tail -->\n              <div class=\"em-card-footer\">\n                <span>Voir le d\u00e9tail<\/span>\n                <svg fill=\"none\" viewBox=\"0 0 24 24\" stroke=\"currentColor\" stroke-width=\"2\"><path stroke-linecap=\"round\" stroke-linejoin=\"round\" d=\"M13.5 4.5L21 12m0 0l-7.5 7.5M21 12H3\"><\/path><\/svg>\n              <\/div>\n            <\/div>\n          <\/article>\n                  <article class=\"em-card\"\n            data-type=\"city\"\n            data-features=\"\"\n            data-name=\"m\u00e9zos\"\n            data-json=\"{&quot;name&quot;:&quot;M\\u00e9zos&quot;,&quot;image&quot;:&quot;https:\\\/\\\/upload.wikimedia.org\\\/wikipedia\\\/commons\\\/thumb\\\/7\\\/79\\\/M%C3%A9zos_-_Mairie.JPG\\\/320px-M%C3%A9zos_-_Mairie.JPG&quot;,&quot;link&quot;:&quot;https:\\\/\\\/fr.wikipedia.org\\\/wiki\\\/M%C3%A9zos&quot;,&quot;data&quot;:{&quot;name&quot;:&quot;M\\u00e9zos&quot;,&quot;distance_kilometers&quot;:&quot;~12 km&quot;,&quot;driving_time_minutes&quot;:&quot;~15 minutes&quot;,&quot;must_see_places&quot;:&quot;\\u00c9glise Saint-Julien, for\\u00eats et sentiers&quot;,&quot;markets_local_events&quot;:&quot;March\\u00e9s hebdomadaires, foires saisonni\\u00e8res&quot;,&quot;restaurants_specialities&quot;:&quot;Produits du terroir, gibier&quot;,&quot;comment&quot;:&quot;Village traditionnel landais autour de la nature et de son h\\u00e9ritage rural, \\u00e0 proximit\\u00e9 de Saint-Paul-en-Born&quot;,&quot;link&quot;:&quot;https:\\\/\\\/fr.wikipedia.org\\\/wiki\\\/M%C3%A9zos&quot;,&quot;image&quot;:&quot;https:\\\/\\\/upload.wikimedia.org\\\/wikipedia\\\/commons\\\/thumb\\\/7\\\/79\\\/M%C3%A9zos_-_Mairie.JPG\\\/320px-M%C3%A9zos_-_Mairie.JPG&quot;},&quot;category&quot;:&quot;Villes aux alentours&quot;}\">\n\n            <!-- Image + badge cat\u00e9gorie -->\n            <div class=\"em-card-img-wrap\">\n                              <img decoding=\"async\" class=\"em-card-img\" src=\"https:\/\/upload.wikimedia.org\/wikipedia\/commons\/thumb\/7\/79\/M%C3%A9zos_-_Mairie.JPG\/320px-M%C3%A9zos_-_Mairie.JPG\" alt=\"M\u00e9zos\" loading=\"lazy\" onerror=\"this.style.display='none';this.nextElementSibling.style.display='flex';\">\n                <div class=\"em-card-placeholder\" style=\"display:none;\">\ud83d\udcf7 Image indisponible<\/div>\n                            <span class=\"em-card-badge badge-city\">Villes aux alentours<\/span>\n            <\/div>\n\n            <!-- Contenu de la card -->\n            <div class=\"em-card-body\">\n              <h3 class=\"em-card-title\">M\u00e9zos<\/h3>\n\n              <!-- Tags r\u00e9sum\u00e9s (max 4) -->\n              <div class=\"em-card-tags\">\n                                    <span class=\"em-tag em-tag-blue\">~12 km km<\/span>\n                                    <span class=\"em-tag em-tag-orange\">~15 minutes min<\/span>\n                                              <\/div>\n\n              <!-- Champs suppl\u00e9mentaires (max 3) -->\n              <div class=\"em-card-fields\">\n                                  <div class=\"em-card-field\">\n                    <span class=\"em-card-field-label\">Lieux \/ Activit\u00e9s incontournables :<\/span>\n                    <span class=\"em-card-field-value\">\u00c9glise Saint-Julien, for\u00eats et sentiers<\/span>\n                  <\/div>\n                                  <div class=\"em-card-field\">\n                    <span class=\"em-card-field-label\">March\u00e9s \/ \u00e9v\u00e9nements locaux :<\/span>\n                    <span class=\"em-card-field-value\">March\u00e9s hebdomadaires, foires saisonni\u00e8res<\/span>\n                  <\/div>\n                                  <div class=\"em-card-field\">\n                    <span class=\"em-card-field-label\">Restaurants \/ sp\u00e9cialit\u00e9s :<\/span>\n                    <span class=\"em-card-field-value\">Produits du terroir, gibier<\/span>\n                  <\/div>\n                              <\/div>\n\n              <!-- Lien vers le d\u00e9tail -->\n              <div class=\"em-card-footer\">\n                <span>Voir le d\u00e9tail<\/span>\n                <svg fill=\"none\" viewBox=\"0 0 24 24\" stroke=\"currentColor\" stroke-width=\"2\"><path stroke-linecap=\"round\" stroke-linejoin=\"round\" d=\"M13.5 4.5L21 12m0 0l-7.5 7.5M21 12H3\"><\/path><\/svg>\n              <\/div>\n            <\/div>\n          <\/article>\n                  <article class=\"em-card\"\n            data-type=\"city\"\n            data-features=\"\"\n            data-name=\"messanges\"\n            data-json=\"{&quot;name&quot;:&quot;Messanges&quot;,&quot;image&quot;:&quot;https:\\\/\\\/upload.wikimedia.org\\\/wikipedia\\\/commons\\\/thumb\\\/c\\\/c8\\\/Messanges_ocean_001.jpg\\\/320px-Messanges_ocean_001.jpg&quot;,&quot;link&quot;:&quot;https:\\\/\\\/fr.wikipedia.org\\\/wiki\\\/Messanges&quot;,&quot;data&quot;:{&quot;name&quot;:&quot;Messanges&quot;,&quot;distance_kilometers&quot;:&quot;~25 km&quot;,&quot;driving_time_minutes&quot;:&quot;~30 minutes&quot;,&quot;must_see_places&quot;:&quot;Plages de l&#039;oc\\u00e9an Atlantique, dunes, spots de surf&quot;,&quot;markets_local_events&quot;:&quot;March\\u00e9s locaux, \\u00e9v\\u00e8nements estivaux&quot;,&quot;restaurants_specialities&quot;:&quot;Poissons, fruits de mer, sp\\u00e9cialit\\u00e9s landaises&quot;,&quot;comment&quot;:&quot;Station baln\\u00e9aire et touristique sur la c\\u00f4te atlantique, id\\u00e9ale pour d\\u00e9couvrir la mer et la for\\u00eat des Landes&quot;,&quot;link&quot;:&quot;https:\\\/\\\/fr.wikipedia.org\\\/wiki\\\/Messanges&quot;,&quot;image&quot;:&quot;https:\\\/\\\/upload.wikimedia.org\\\/wikipedia\\\/commons\\\/thumb\\\/c\\\/c8\\\/Messanges_ocean_001.jpg\\\/320px-Messanges_ocean_001.jpg&quot;},&quot;category&quot;:&quot;Villes aux alentours&quot;}\">\n\n            <!-- Image + badge cat\u00e9gorie -->\n            <div class=\"em-card-img-wrap\">\n                              <img decoding=\"async\" class=\"em-card-img\" src=\"https:\/\/upload.wikimedia.org\/wikipedia\/commons\/thumb\/c\/c8\/Messanges_ocean_001.jpg\/320px-Messanges_ocean_001.jpg\" alt=\"Messanges\" loading=\"lazy\" onerror=\"this.style.display='none';this.nextElementSibling.style.display='flex';\">\n                <div class=\"em-card-placeholder\" style=\"display:none;\">\ud83d\udcf7 Image indisponible<\/div>\n                            <span class=\"em-card-badge badge-city\">Villes aux alentours<\/span>\n            <\/div>\n\n            <!-- Contenu de la card -->\n            <div class=\"em-card-body\">\n              <h3 class=\"em-card-title\">Messanges<\/h3>\n\n              <!-- Tags r\u00e9sum\u00e9s (max 4) -->\n              <div class=\"em-card-tags\">\n                                    <span class=\"em-tag em-tag-blue\">~25 km km<\/span>\n                                    <span class=\"em-tag em-tag-orange\">~30 minutes min<\/span>\n                                              <\/div>\n\n              <!-- Champs suppl\u00e9mentaires (max 3) -->\n              <div class=\"em-card-fields\">\n                                  <div class=\"em-card-field\">\n                    <span class=\"em-card-field-label\">Lieux \/ Activit\u00e9s incontournables :<\/span>\n                    <span class=\"em-card-field-value\">Plages de l&#039;oc\u00e9an Atlantique, dunes, spots de surf<\/span>\n                  <\/div>\n                                  <div class=\"em-card-field\">\n                    <span class=\"em-card-field-label\">March\u00e9s \/ \u00e9v\u00e9nements locaux :<\/span>\n                    <span class=\"em-card-field-value\">March\u00e9s locaux, \u00e9v\u00e8nements estivaux<\/span>\n                  <\/div>\n                                  <div class=\"em-card-field\">\n                    <span class=\"em-card-field-label\">Restaurants \/ sp\u00e9cialit\u00e9s :<\/span>\n                    <span class=\"em-card-field-value\">Poissons, fruits de mer, sp\u00e9cialit\u00e9s landaises<\/span>\n                  <\/div>\n                              <\/div>\n\n              <!-- Lien vers le d\u00e9tail -->\n              <div class=\"em-card-footer\">\n                <span>Voir le d\u00e9tail<\/span>\n                <svg fill=\"none\" viewBox=\"0 0 24 24\" stroke=\"currentColor\" stroke-width=\"2\"><path stroke-linecap=\"round\" stroke-linejoin=\"round\" d=\"M13.5 4.5L21 12m0 0l-7.5 7.5M21 12H3\"><\/path><\/svg>\n              <\/div>\n            <\/div>\n          <\/article>\n                  <article class=\"em-card\"\n            data-type=\"city\"\n            data-features=\"\"\n            data-name=\"rion-des-landes\"\n            data-json=\"{&quot;name&quot;:&quot;Rion-des-Landes&quot;,&quot;image&quot;:&quot;https:\\\/\\\/upload.wikimedia.org\\\/wikipedia\\\/commons\\\/thumb\\\/5\\\/5d\\\/Rion_des_Landes_mairie.JPG\\\/320px-Rion_des_Landes_mairie.JPG&quot;,&quot;link&quot;:&quot;https:\\\/\\\/fr.wikipedia.org\\\/wiki\\\/Rion-des-Landes&quot;,&quot;data&quot;:{&quot;name&quot;:&quot;Rion-des-Landes&quot;,&quot;distance_kilometers&quot;:&quot;~30 km&quot;,&quot;driving_time_minutes&quot;:&quot;~35 minutes&quot;,&quot;must_see_places&quot;:&quot;Place centrale anim\\u00e9e, chapelle, tradition festive&quot;,&quot;markets_local_events&quot;:&quot;March\\u00e9s hebdomadaires, festivals traditionnels&quot;,&quot;restaurants_specialities&quot;:&quot;Cuisine landaise, plats r\\u00e9gionaux&quot;,&quot;comment&quot;:&quot;Petite ville dynamique avec animations culturelles et artisanales, au c\\u0153ur des Landes&quot;,&quot;link&quot;:&quot;https:\\\/\\\/fr.wikipedia.org\\\/wiki\\\/Rion-des-Landes&quot;,&quot;image&quot;:&quot;https:\\\/\\\/upload.wikimedia.org\\\/wikipedia\\\/commons\\\/thumb\\\/5\\\/5d\\\/Rion_des_Landes_mairie.JPG\\\/320px-Rion_des_Landes_mairie.JPG&quot;},&quot;category&quot;:&quot;Villes aux alentours&quot;}\">\n\n            <!-- Image + badge cat\u00e9gorie -->\n            <div class=\"em-card-img-wrap\">\n                              <img decoding=\"async\" class=\"em-card-img\" src=\"https:\/\/upload.wikimedia.org\/wikipedia\/commons\/thumb\/5\/5d\/Rion_des_Landes_mairie.JPG\/320px-Rion_des_Landes_mairie.JPG\" alt=\"Rion-des-Landes\" loading=\"lazy\" onerror=\"this.style.display='none';this.nextElementSibling.style.display='flex';\">\n                <div class=\"em-card-placeholder\" style=\"display:none;\">\ud83d\udcf7 Image indisponible<\/div>\n                            <span class=\"em-card-badge badge-city\">Villes aux alentours<\/span>\n            <\/div>\n\n            <!-- Contenu de la card -->\n            <div class=\"em-card-body\">\n              <h3 class=\"em-card-title\">Rion-des-Landes<\/h3>\n\n              <!-- Tags r\u00e9sum\u00e9s (max 4) -->\n              <div class=\"em-card-tags\">\n                                    <span class=\"em-tag em-tag-blue\">~30 km km<\/span>\n                                    <span class=\"em-tag em-tag-orange\">~35 minutes min<\/span>\n                                              <\/div>\n\n              <!-- Champs suppl\u00e9mentaires (max 3) -->\n              <div class=\"em-card-fields\">\n                                  <div class=\"em-card-field\">\n                    <span class=\"em-card-field-label\">Lieux \/ Activit\u00e9s incontournables :<\/span>\n                    <span class=\"em-card-field-value\">Place centrale anim\u00e9e, chapelle, tradition festive<\/span>\n                  <\/div>\n                                  <div class=\"em-card-field\">\n                    <span class=\"em-card-field-label\">March\u00e9s \/ \u00e9v\u00e9nements locaux :<\/span>\n                    <span class=\"em-card-field-value\">March\u00e9s hebdomadaires, festivals traditionnels<\/span>\n                  <\/div>\n                                  <div class=\"em-card-field\">\n                    <span class=\"em-card-field-label\">Restaurants \/ sp\u00e9cialit\u00e9s :<\/span>\n                    <span class=\"em-card-field-value\">Cuisine landaise, plats r\u00e9gionaux<\/span>\n                  <\/div>\n                              <\/div>\n\n              <!-- Lien vers le d\u00e9tail -->\n              <div class=\"em-card-footer\">\n                <span>Voir le d\u00e9tail<\/span>\n                <svg fill=\"none\" viewBox=\"0 0 24 24\" stroke=\"currentColor\" stroke-width=\"2\"><path stroke-linecap=\"round\" stroke-linejoin=\"round\" d=\"M13.5 4.5L21 12m0 0l-7.5 7.5M21 12H3\"><\/path><\/svg>\n              <\/div>\n            <\/div>\n          <\/article>\n                  <article class=\"em-card\"\n            data-type=\"city\"\n            data-features=\"\"\n            data-name=\"ychoux\"\n            data-json=\"{&quot;name&quot;:&quot;Ychoux&quot;,&quot;image&quot;:&quot;https:\\\/\\\/upload.wikimedia.org\\\/wikipedia\\\/commons\\\/thumb\\\/6\\\/61\\\/Ychoux_Mairie.jpg\\\/320px-Ychoux_Mairie.jpg&quot;,&quot;link&quot;:&quot;https:\\\/\\\/fr.wikipedia.org\\\/wiki\\\/Ychoux&quot;,&quot;data&quot;:{&quot;name&quot;:&quot;Ychoux&quot;,&quot;distance_kilometers&quot;:&quot;~33 km&quot;,&quot;driving_time_minutes&quot;:&quot;~30 minutes&quot;,&quot;must_see_places&quot;:&quot;\\u00c9glise Saint-Jean-Baptiste, diversit\\u00e9 foresti\\u00e8re&quot;,&quot;markets_local_events&quot;:&quot;March\\u00e9s locaux, brocantes&quot;,&quot;restaurants_specialities&quot;:&quot;Sp\\u00e9cialit\\u00e9s r\\u00e9gionales, cuisine du Sud-Ouest&quot;,&quot;comment&quot;:&quot;Village local au paysage naturel pr\\u00e9serv\\u00e9 et \\u00e0 l&#039;accueil chaleureux&quot;,&quot;link&quot;:&quot;https:\\\/\\\/fr.wikipedia.org\\\/wiki\\\/Ychoux&quot;,&quot;image&quot;:&quot;https:\\\/\\\/upload.wikimedia.org\\\/wikipedia\\\/commons\\\/thumb\\\/6\\\/61\\\/Ychoux_Mairie.jpg\\\/320px-Ychoux_Mairie.jpg&quot;},&quot;category&quot;:&quot;Villes aux alentours&quot;}\">\n\n            <!-- Image + badge cat\u00e9gorie -->\n            <div class=\"em-card-img-wrap\">\n                              <img decoding=\"async\" class=\"em-card-img\" src=\"https:\/\/upload.wikimedia.org\/wikipedia\/commons\/thumb\/6\/61\/Ychoux_Mairie.jpg\/320px-Ychoux_Mairie.jpg\" alt=\"Ychoux\" loading=\"lazy\" onerror=\"this.style.display='none';this.nextElementSibling.style.display='flex';\">\n                <div class=\"em-card-placeholder\" style=\"display:none;\">\ud83d\udcf7 Image indisponible<\/div>\n                            <span class=\"em-card-badge badge-city\">Villes aux alentours<\/span>\n            <\/div>\n\n            <!-- Contenu de la card -->\n            <div class=\"em-card-body\">\n              <h3 class=\"em-card-title\">Ychoux<\/h3>\n\n              <!-- Tags r\u00e9sum\u00e9s (max 4) -->\n              <div class=\"em-card-tags\">\n                                    <span class=\"em-tag em-tag-blue\">~33 km km<\/span>\n                                    <span class=\"em-tag em-tag-orange\">~30 minutes min<\/span>\n                                              <\/div>\n\n              <!-- Champs suppl\u00e9mentaires (max 3) -->\n              <div class=\"em-card-fields\">\n                                  <div class=\"em-card-field\">\n                    <span class=\"em-card-field-label\">Lieux \/ Activit\u00e9s incontournables :<\/span>\n                    <span class=\"em-card-field-value\">\u00c9glise Saint-Jean-Baptiste, diversit\u00e9 foresti\u00e8re<\/span>\n                  <\/div>\n                                  <div class=\"em-card-field\">\n                    <span class=\"em-card-field-label\">March\u00e9s \/ \u00e9v\u00e9nements locaux :<\/span>\n                    <span class=\"em-card-field-value\">March\u00e9s locaux, brocantes<\/span>\n                  <\/div>\n                                  <div class=\"em-card-field\">\n                    <span class=\"em-card-field-label\">Restaurants \/ sp\u00e9cialit\u00e9s :<\/span>\n                    <span class=\"em-card-field-value\">Sp\u00e9cialit\u00e9s r\u00e9gionales, cuisine du Sud-Ouest<\/span>\n                  <\/div>\n                              <\/div>\n\n              <!-- Lien vers le d\u00e9tail -->\n              <div class=\"em-card-footer\">\n                <span>Voir le d\u00e9tail<\/span>\n                <svg fill=\"none\" viewBox=\"0 0 24 24\" stroke=\"currentColor\" stroke-width=\"2\"><path stroke-linecap=\"round\" stroke-linejoin=\"round\" d=\"M13.5 4.5L21 12m0 0l-7.5 7.5M21 12H3\"><\/path><\/svg>\n              <\/div>\n            <\/div>\n          <\/article>\n                  <article class=\"em-card\"\n            data-type=\"city\"\n            data-features=\"\"\n            data-name=\"sabres\"\n            data-json=\"{&quot;name&quot;:&quot;Sabres&quot;,&quot;image&quot;:&quot;https:\\\/\\\/upload.wikimedia.org\\\/wikipedia\\\/commons\\\/thumb\\\/5\\\/57\\\/Sabres_centre.JPG\\\/320px-Sabres_centre.JPG&quot;,&quot;link&quot;:&quot;https:\\\/\\\/fr.wikipedia.org\\\/wiki\\\/Sabres&quot;,&quot;data&quot;:{&quot;name&quot;:&quot;Sabres&quot;,&quot;distance_kilometers&quot;:&quot;~35 km&quot;,&quot;driving_time_minutes&quot;:&quot;~30 minutes&quot;,&quot;must_see_places&quot;:&quot;For\\u00eat domaniale, patrimoine religieux&quot;,&quot;markets_local_events&quot;:&quot;March\\u00e9s ruraux, \\u00e9v\\u00e9nements culturels&quot;,&quot;restaurants_specialities&quot;:&quot;Cuisine rurale landaise, sp\\u00e9cialit\\u00e9s for\\u00eat&quot;,&quot;comment&quot;:&quot;Ville situ\\u00e9e dans les Landes int\\u00e9rieures, riche en traditions foresti\\u00e8res&quot;,&quot;link&quot;:&quot;https:\\\/\\\/fr.wikipedia.org\\\/wiki\\\/Sabres&quot;,&quot;image&quot;:&quot;https:\\\/\\\/upload.wikimedia.org\\\/wikipedia\\\/commons\\\/thumb\\\/5\\\/57\\\/Sabres_centre.JPG\\\/320px-Sabres_centre.JPG&quot;},&quot;category&quot;:&quot;Villes aux alentours&quot;}\">\n\n            <!-- Image + badge cat\u00e9gorie -->\n            <div class=\"em-card-img-wrap\">\n                              <img decoding=\"async\" class=\"em-card-img\" src=\"https:\/\/upload.wikimedia.org\/wikipedia\/commons\/thumb\/5\/57\/Sabres_centre.JPG\/320px-Sabres_centre.JPG\" alt=\"Sabres\" loading=\"lazy\" onerror=\"this.style.display='none';this.nextElementSibling.style.display='flex';\">\n                <div class=\"em-card-placeholder\" style=\"display:none;\">\ud83d\udcf7 Image indisponible<\/div>\n                            <span class=\"em-card-badge badge-city\">Villes aux alentours<\/span>\n            <\/div>\n\n            <!-- Contenu de la card -->\n            <div class=\"em-card-body\">\n              <h3 class=\"em-card-title\">Sabres<\/h3>\n\n              <!-- Tags r\u00e9sum\u00e9s (max 4) -->\n              <div class=\"em-card-tags\">\n                                    <span class=\"em-tag em-tag-blue\">~35 km km<\/span>\n                                    <span class=\"em-tag em-tag-orange\">~30 minutes min<\/span>\n                                              <\/div>\n\n              <!-- Champs suppl\u00e9mentaires (max 3) -->\n              <div class=\"em-card-fields\">\n                                  <div class=\"em-card-field\">\n                    <span class=\"em-card-field-label\">Lieux \/ Activit\u00e9s incontournables :<\/span>\n                    <span class=\"em-card-field-value\">For\u00eat domaniale, patrimoine religieux<\/span>\n                  <\/div>\n                                  <div class=\"em-card-field\">\n                    <span class=\"em-card-field-label\">March\u00e9s \/ \u00e9v\u00e9nements locaux :<\/span>\n                    <span class=\"em-card-field-value\">March\u00e9s ruraux, \u00e9v\u00e9nements culturels<\/span>\n                  <\/div>\n                                  <div class=\"em-card-field\">\n                    <span class=\"em-card-field-label\">Restaurants \/ sp\u00e9cialit\u00e9s :<\/span>\n                    <span class=\"em-card-field-value\">Cuisine rurale landaise, sp\u00e9cialit\u00e9s for\u00eat<\/span>\n                  <\/div>\n                              <\/div>\n\n              <!-- Lien vers le d\u00e9tail -->\n              <div class=\"em-card-footer\">\n                <span>Voir le d\u00e9tail<\/span>\n                <svg fill=\"none\" viewBox=\"0 0 24 24\" stroke=\"currentColor\" stroke-width=\"2\"><path stroke-linecap=\"round\" stroke-linejoin=\"round\" d=\"M13.5 4.5L21 12m0 0l-7.5 7.5M21 12H3\"><\/path><\/svg>\n              <\/div>\n            <\/div>\n          <\/article>\n                  <article class=\"em-card\"\n            data-type=\"city\"\n            data-features=\"\"\n            data-name=\"morcenx\"\n            data-json=\"{&quot;name&quot;:&quot;Morcenx&quot;,&quot;image&quot;:&quot;https:\\\/\\\/upload.wikimedia.org\\\/wikipedia\\\/commons\\\/thumb\\\/0\\\/08\\\/Morcenx_mairie_2012_07.JPG\\\/320px-Morcenx_mairie_2012_07.JPG&quot;,&quot;link&quot;:&quot;https:\\\/\\\/fr.wikipedia.org\\\/wiki\\\/Morcenx&quot;,&quot;data&quot;:{&quot;name&quot;:&quot;Morcenx&quot;,&quot;distance_kilometers&quot;:&quot;~40 km&quot;,&quot;driving_time_minutes&quot;:&quot;~35 minutes&quot;,&quot;must_see_places&quot;:&quot;Centre historique, nature environnante&quot;,&quot;markets_local_events&quot;:&quot;March\\u00e9s hebdomadaires, animations locales&quot;,&quot;restaurants_specialities&quot;:&quot;Cuisine traditionnelle landaise&quot;,&quot;comment&quot;:&quot;Ville importante \\u00e0 proximit\\u00e9, offrant commerces et services urbains&quot;,&quot;link&quot;:&quot;https:\\\/\\\/fr.wikipedia.org\\\/wiki\\\/Morcenx&quot;,&quot;image&quot;:&quot;https:\\\/\\\/upload.wikimedia.org\\\/wikipedia\\\/commons\\\/thumb\\\/0\\\/08\\\/Morcenx_mairie_2012_07.JPG\\\/320px-Morcenx_mairie_2012_07.JPG&quot;},&quot;category&quot;:&quot;Villes aux alentours&quot;}\">\n\n            <!-- Image + badge cat\u00e9gorie -->\n            <div class=\"em-card-img-wrap\">\n                              <img decoding=\"async\" class=\"em-card-img\" src=\"https:\/\/upload.wikimedia.org\/wikipedia\/commons\/thumb\/0\/08\/Morcenx_mairie_2012_07.JPG\/320px-Morcenx_mairie_2012_07.JPG\" alt=\"Morcenx\" loading=\"lazy\" onerror=\"this.style.display='none';this.nextElementSibling.style.display='flex';\">\n                <div class=\"em-card-placeholder\" style=\"display:none;\">\ud83d\udcf7 Image indisponible<\/div>\n                            <span class=\"em-card-badge badge-city\">Villes aux alentours<\/span>\n            <\/div>\n\n            <!-- Contenu de la card -->\n            <div class=\"em-card-body\">\n              <h3 class=\"em-card-title\">Morcenx<\/h3>\n\n              <!-- Tags r\u00e9sum\u00e9s (max 4) -->\n              <div class=\"em-card-tags\">\n                                    <span class=\"em-tag em-tag-blue\">~40 km km<\/span>\n                                    <span class=\"em-tag em-tag-orange\">~35 minutes min<\/span>\n                                              <\/div>\n\n              <!-- Champs suppl\u00e9mentaires (max 3) -->\n              <div class=\"em-card-fields\">\n                                  <div class=\"em-card-field\">\n                    <span class=\"em-card-field-label\">Lieux \/ Activit\u00e9s incontournables :<\/span>\n                    <span class=\"em-card-field-value\">Centre historique, nature environnante<\/span>\n                  <\/div>\n                                  <div class=\"em-card-field\">\n                    <span class=\"em-card-field-label\">March\u00e9s \/ \u00e9v\u00e9nements locaux :<\/span>\n                    <span class=\"em-card-field-value\">March\u00e9s hebdomadaires, animations locales<\/span>\n                  <\/div>\n                                  <div class=\"em-card-field\">\n                    <span class=\"em-card-field-label\">Restaurants \/ sp\u00e9cialit\u00e9s :<\/span>\n                    <span class=\"em-card-field-value\">Cuisine traditionnelle landaise<\/span>\n                  <\/div>\n                              <\/div>\n\n              <!-- Lien vers le d\u00e9tail -->\n              <div class=\"em-card-footer\">\n                <span>Voir le d\u00e9tail<\/span>\n                <svg fill=\"none\" viewBox=\"0 0 24 24\" stroke=\"currentColor\" stroke-width=\"2\"><path stroke-linecap=\"round\" stroke-linejoin=\"round\" d=\"M13.5 4.5L21 12m0 0l-7.5 7.5M21 12H3\"><\/path><\/svg>\n              <\/div>\n            <\/div>\n          <\/article>\n                  <article class=\"em-card\"\n            data-type=\"city\"\n            data-features=\"\"\n            data-name=\"le vieux-boucau-les-bains\"\n            data-json=\"{&quot;name&quot;:&quot;Le Vieux-Boucau-les-Bains&quot;,&quot;image&quot;:&quot;https:\\\/\\\/upload.wikimedia.org\\\/wikipedia\\\/commons\\\/thumb\\\/4\\\/42\\\/Port_Boucau.JPG\\\/320px-Port_Boucau.JPG&quot;,&quot;link&quot;:&quot;https:\\\/\\\/fr.wikipedia.org\\\/wiki\\\/Le_Vieux-Boucau-les-Bains&quot;,&quot;data&quot;:{&quot;name&quot;:&quot;Le Vieux-Boucau-les-Bains&quot;,&quot;distance_kilometers&quot;:&quot;~22 km&quot;,&quot;driving_time_minutes&quot;:&quot;~25 minutes&quot;,&quot;must_see_places&quot;:&quot;Plages, port de plaisance, lac marin&quot;,&quot;markets_local_events&quot;:&quot;March\\u00e9s estivaux, animations touristiques&quot;,&quot;restaurants_specialities&quot;:&quot;Poissons, plage et cuisine locale&quot;,&quot;comment&quot;:&quot;Station baln\\u00e9aire avec plages et activit\\u00e9s nautiques sur la c\\u00f4te Atlantique&quot;,&quot;link&quot;:&quot;https:\\\/\\\/fr.wikipedia.org\\\/wiki\\\/Le_Vieux-Boucau-les-Bains&quot;,&quot;image&quot;:&quot;https:\\\/\\\/upload.wikimedia.org\\\/wikipedia\\\/commons\\\/thumb\\\/4\\\/42\\\/Port_Boucau.JPG\\\/320px-Port_Boucau.JPG&quot;},&quot;category&quot;:&quot;Villes aux alentours&quot;}\">\n\n            <!-- Image + badge cat\u00e9gorie -->\n            <div class=\"em-card-img-wrap\">\n                              <img decoding=\"async\" class=\"em-card-img\" src=\"https:\/\/upload.wikimedia.org\/wikipedia\/commons\/thumb\/4\/42\/Port_Boucau.JPG\/320px-Port_Boucau.JPG\" alt=\"Le Vieux-Boucau-les-Bains\" loading=\"lazy\" onerror=\"this.style.display='none';this.nextElementSibling.style.display='flex';\">\n                <div class=\"em-card-placeholder\" style=\"display:none;\">\ud83d\udcf7 Image indisponible<\/div>\n                            <span class=\"em-card-badge badge-city\">Villes aux alentours<\/span>\n            <\/div>\n\n            <!-- Contenu de la card -->\n            <div class=\"em-card-body\">\n              <h3 class=\"em-card-title\">Le Vieux-Boucau-les-Bains<\/h3>\n\n              <!-- Tags r\u00e9sum\u00e9s (max 4) -->\n              <div class=\"em-card-tags\">\n                                    <span class=\"em-tag em-tag-blue\">~22 km km<\/span>\n                                    <span class=\"em-tag em-tag-orange\">~25 minutes min<\/span>\n                                              <\/div>\n\n              <!-- Champs suppl\u00e9mentaires (max 3) -->\n              <div class=\"em-card-fields\">\n                                  <div class=\"em-card-field\">\n                    <span class=\"em-card-field-label\">Lieux \/ Activit\u00e9s incontournables :<\/span>\n                    <span class=\"em-card-field-value\">Plages, port de plaisance, lac marin<\/span>\n                  <\/div>\n                                  <div class=\"em-card-field\">\n                    <span class=\"em-card-field-label\">March\u00e9s \/ \u00e9v\u00e9nements locaux :<\/span>\n                    <span class=\"em-card-field-value\">March\u00e9s estivaux, animations touristiques<\/span>\n                  <\/div>\n                                  <div class=\"em-card-field\">\n                    <span class=\"em-card-field-label\">Restaurants \/ sp\u00e9cialit\u00e9s :<\/span>\n                    <span class=\"em-card-field-value\">Poissons, plage et cuisine locale<\/span>\n                  <\/div>\n                              <\/div>\n\n              <!-- Lien vers le d\u00e9tail -->\n              <div class=\"em-card-footer\">\n                <span>Voir le d\u00e9tail<\/span>\n                <svg fill=\"none\" viewBox=\"0 0 24 24\" stroke=\"currentColor\" stroke-width=\"2\"><path stroke-linecap=\"round\" stroke-linejoin=\"round\" d=\"M13.5 4.5L21 12m0 0l-7.5 7.5M21 12H3\"><\/path><\/svg>\n              <\/div>\n            <\/div>\n          <\/article>\n                  <article class=\"em-card\"\n            data-type=\"city\"\n            data-features=\"\"\n            data-name=\"magescq\"\n            data-json=\"{&quot;name&quot;:&quot;Magescq&quot;,&quot;image&quot;:&quot;https:\\\/\\\/upload.wikimedia.org\\\/wikipedia\\\/commons\\\/thumb\\\/0\\\/0e\\\/Magescq_mairie.JPG\\\/320px-Magescq_mairie.JPG&quot;,&quot;link&quot;:&quot;https:\\\/\\\/fr.wikipedia.org\\\/wiki\\\/Magescq&quot;,&quot;data&quot;:{&quot;name&quot;:&quot;Magescq&quot;,&quot;distance_kilometers&quot;:&quot;~31 km&quot;,&quot;driving_time_minutes&quot;:&quot;~30 minutes&quot;,&quot;must_see_places&quot;:&quot;Espace naturel, fontaines, patrimoine rural&quot;,&quot;markets_local_events&quot;:&quot;March\\u00e9 communal, f\\u00eates villageoises&quot;,&quot;restaurants_specialities&quot;:&quot;Cuisine typique des Landes&quot;,&quot;comment&quot;:&quot;Commune calme et rurale typique du d\\u00e9partement des Landes&quot;,&quot;link&quot;:&quot;https:\\\/\\\/fr.wikipedia.org\\\/wiki\\\/Magescq&quot;,&quot;image&quot;:&quot;https:\\\/\\\/upload.wikimedia.org\\\/wikipedia\\\/commons\\\/thumb\\\/0\\\/0e\\\/Magescq_mairie.JPG\\\/320px-Magescq_mairie.JPG&quot;},&quot;category&quot;:&quot;Villes aux alentours&quot;}\">\n\n            <!-- Image + badge cat\u00e9gorie -->\n            <div class=\"em-card-img-wrap\">\n                              <img decoding=\"async\" class=\"em-card-img\" src=\"https:\/\/upload.wikimedia.org\/wikipedia\/commons\/thumb\/0\/0e\/Magescq_mairie.JPG\/320px-Magescq_mairie.JPG\" alt=\"Magescq\" loading=\"lazy\" onerror=\"this.style.display='none';this.nextElementSibling.style.display='flex';\">\n                <div class=\"em-card-placeholder\" style=\"display:none;\">\ud83d\udcf7 Image indisponible<\/div>\n                            <span class=\"em-card-badge badge-city\">Villes aux alentours<\/span>\n            <\/div>\n\n            <!-- Contenu de la card -->\n            <div class=\"em-card-body\">\n              <h3 class=\"em-card-title\">Magescq<\/h3>\n\n              <!-- Tags r\u00e9sum\u00e9s (max 4) -->\n              <div class=\"em-card-tags\">\n                                    <span class=\"em-tag em-tag-blue\">~31 km km<\/span>\n                                    <span class=\"em-tag em-tag-orange\">~30 minutes min<\/span>\n                                              <\/div>\n\n              <!-- Champs suppl\u00e9mentaires (max 3) -->\n              <div class=\"em-card-fields\">\n                                  <div class=\"em-card-field\">\n                    <span class=\"em-card-field-label\">Lieux \/ Activit\u00e9s incontournables :<\/span>\n                    <span class=\"em-card-field-value\">Espace naturel, fontaines, patrimoine rural<\/span>\n                  <\/div>\n                                  <div class=\"em-card-field\">\n                    <span class=\"em-card-field-label\">March\u00e9s \/ \u00e9v\u00e9nements locaux :<\/span>\n                    <span class=\"em-card-field-value\">March\u00e9 communal, f\u00eates villageoises<\/span>\n                  <\/div>\n                                  <div class=\"em-card-field\">\n                    <span class=\"em-card-field-label\">Restaurants \/ sp\u00e9cialit\u00e9s :<\/span>\n                    <span class=\"em-card-field-value\">Cuisine typique des Landes<\/span>\n                  <\/div>\n                              <\/div>\n\n              <!-- Lien vers le d\u00e9tail -->\n              <div class=\"em-card-footer\">\n                <span>Voir le d\u00e9tail<\/span>\n                <svg fill=\"none\" viewBox=\"0 0 24 24\" stroke=\"currentColor\" stroke-width=\"2\"><path stroke-linecap=\"round\" stroke-linejoin=\"round\" d=\"M13.5 4.5L21 12m0 0l-7.5 7.5M21 12H3\"><\/path><\/svg>\n              <\/div>\n            <\/div>\n          <\/article>\n                  <article class=\"em-card\"\n            data-type=\"city\"\n            data-features=\"\"\n            data-name=\"benesse-maremne\"\n            data-json=\"{&quot;name&quot;:&quot;Benesse-Maremne&quot;,&quot;image&quot;:&quot;https:\\\/\\\/upload.wikimedia.org\\\/wikipedia\\\/commons\\\/thumb\\\/8\\\/89\\\/Benesse-Maremne_mairie.JPG\\\/320px-Benesse-Maremne_mairie.JPG&quot;,&quot;link&quot;:&quot;https:\\\/\\\/fr.wikipedia.org\\\/wiki\\\/Benesse-Maremne&quot;,&quot;data&quot;:{&quot;name&quot;:&quot;Benesse-Maremne&quot;,&quot;distance_kilometers&quot;:&quot;~33 km&quot;,&quot;driving_time_minutes&quot;:&quot;~30 minutes&quot;,&quot;must_see_places&quot;:&quot;Parcs, architecture locale&quot;,&quot;markets_local_events&quot;:&quot;March\\u00e9s, animations locales&quot;,&quot;restaurants_specialities&quot;:&quot;Plats du Sud-Ouest&quot;,&quot;comment&quot;:&quot;Commune de charme dans la r\\u00e9gion Maremne, proche des axes routiers majeurs&quot;,&quot;link&quot;:&quot;https:\\\/\\\/fr.wikipedia.org\\\/wiki\\\/Benesse-Maremne&quot;,&quot;image&quot;:&quot;https:\\\/\\\/upload.wikimedia.org\\\/wikipedia\\\/commons\\\/thumb\\\/8\\\/89\\\/Benesse-Maremne_mairie.JPG\\\/320px-Benesse-Maremne_mairie.JPG&quot;},&quot;category&quot;:&quot;Villes aux alentours&quot;}\">\n\n            <!-- Image + badge cat\u00e9gorie -->\n            <div class=\"em-card-img-wrap\">\n                              <img decoding=\"async\" class=\"em-card-img\" src=\"https:\/\/upload.wikimedia.org\/wikipedia\/commons\/thumb\/8\/89\/Benesse-Maremne_mairie.JPG\/320px-Benesse-Maremne_mairie.JPG\" alt=\"Benesse-Maremne\" loading=\"lazy\" onerror=\"this.style.display='none';this.nextElementSibling.style.display='flex';\">\n                <div class=\"em-card-placeholder\" style=\"display:none;\">\ud83d\udcf7 Image indisponible<\/div>\n                            <span class=\"em-card-badge badge-city\">Villes aux alentours<\/span>\n            <\/div>\n\n            <!-- Contenu de la card -->\n            <div class=\"em-card-body\">\n              <h3 class=\"em-card-title\">Benesse-Maremne<\/h3>\n\n              <!-- Tags r\u00e9sum\u00e9s (max 4) -->\n              <div class=\"em-card-tags\">\n                                    <span class=\"em-tag em-tag-blue\">~33 km km<\/span>\n                                    <span class=\"em-tag em-tag-orange\">~30 minutes min<\/span>\n                                              <\/div>\n\n              <!-- Champs suppl\u00e9mentaires (max 3) -->\n              <div class=\"em-card-fields\">\n                                  <div class=\"em-card-field\">\n                    <span class=\"em-card-field-label\">Lieux \/ Activit\u00e9s incontournables :<\/span>\n                    <span class=\"em-card-field-value\">Parcs, architecture locale<\/span>\n                  <\/div>\n                                  <div class=\"em-card-field\">\n                    <span class=\"em-card-field-label\">March\u00e9s \/ \u00e9v\u00e9nements locaux :<\/span>\n                    <span class=\"em-card-field-value\">March\u00e9s, animations locales<\/span>\n                  <\/div>\n                                  <div class=\"em-card-field\">\n                    <span class=\"em-card-field-label\">Restaurants \/ sp\u00e9cialit\u00e9s :<\/span>\n                    <span class=\"em-card-field-value\">Plats du Sud-Ouest<\/span>\n                  <\/div>\n                              <\/div>\n\n              <!-- Lien vers le d\u00e9tail -->\n              <div class=\"em-card-footer\">\n                <span>Voir le d\u00e9tail<\/span>\n                <svg fill=\"none\" viewBox=\"0 0 24 24\" stroke=\"currentColor\" stroke-width=\"2\"><path stroke-linecap=\"round\" stroke-linejoin=\"round\" d=\"M13.5 4.5L21 12m0 0l-7.5 7.5M21 12H3\"><\/path><\/svg>\n              <\/div>\n            <\/div>\n          <\/article>\n                  <article class=\"em-card\"\n            data-type=\"city\"\n            data-features=\"\"\n            data-name=\"saint-jean-de-marsacq\"\n            data-json=\"{&quot;name&quot;:&quot;Saint-Jean-de-Marsacq&quot;,&quot;image&quot;:&quot;https:\\\/\\\/upload.wikimedia.org\\\/wikipedia\\\/commons\\\/thumb\\\/f\\\/f6\\\/Saint-Jean-de-Marsacq_\\u00e9glise.jpg\\\/320px-Saint-Jean-de-Marsacq_\\u00e9glise.jpg&quot;,&quot;link&quot;:&quot;https:\\\/\\\/fr.wikipedia.org\\\/wiki\\\/Saint-Jean-de-Marsacq&quot;,&quot;data&quot;:{&quot;name&quot;:&quot;Saint-Jean-de-Marsacq&quot;,&quot;distance_kilometers&quot;:&quot;~38 km&quot;,&quot;driving_time_minutes&quot;:&quot;~35 minutes&quot;,&quot;must_see_places&quot;:&quot;\\u00c9glise, patrimoine local&quot;,&quot;markets_local_events&quot;:&quot;March\\u00e9s de village, f\\u00eates traditionnelles&quot;,&quot;restaurants_specialities&quot;:&quot;Gastronomie locale&quot;,&quot;comment&quot;:&quot;Village vivant avec traditions ancr\\u00e9es dans la culture landaise&quot;,&quot;link&quot;:&quot;https:\\\/\\\/fr.wikipedia.org\\\/wiki\\\/Saint-Jean-de-Marsacq&quot;,&quot;image&quot;:&quot;https:\\\/\\\/upload.wikimedia.org\\\/wikipedia\\\/commons\\\/thumb\\\/f\\\/f6\\\/Saint-Jean-de-Marsacq_\\u00e9glise.jpg\\\/320px-Saint-Jean-de-Marsacq_\\u00e9glise.jpg&quot;},&quot;category&quot;:&quot;Villes aux alentours&quot;}\">\n\n            <!-- Image + badge cat\u00e9gorie -->\n            <div class=\"em-card-img-wrap\">\n                              <div class=\"em-card-placeholder\">\ud83d\udcf7 Pas d'image<\/div>\n                            <span class=\"em-card-badge badge-city\">Villes aux alentours<\/span>\n            <\/div>\n\n            <!-- Contenu de la card -->\n            <div class=\"em-card-body\">\n              <h3 class=\"em-card-title\">Saint-Jean-de-Marsacq<\/h3>\n\n              <!-- Tags r\u00e9sum\u00e9s (max 4) -->\n              <div class=\"em-card-tags\">\n                                    <span class=\"em-tag em-tag-blue\">~38 km km<\/span>\n                                    <span class=\"em-tag em-tag-orange\">~35 minutes min<\/span>\n                                              <\/div>\n\n              <!-- Champs suppl\u00e9mentaires (max 3) -->\n              <div class=\"em-card-fields\">\n                                  <div class=\"em-card-field\">\n                    <span class=\"em-card-field-label\">Lieux \/ Activit\u00e9s incontournables :<\/span>\n                    <span class=\"em-card-field-value\">\u00c9glise, patrimoine local<\/span>\n                  <\/div>\n                                  <div class=\"em-card-field\">\n                    <span class=\"em-card-field-label\">March\u00e9s \/ \u00e9v\u00e9nements locaux :<\/span>\n                    <span class=\"em-card-field-value\">March\u00e9s de village, f\u00eates traditionnelles<\/span>\n                  <\/div>\n                                  <div class=\"em-card-field\">\n                    <span class=\"em-card-field-label\">Restaurants \/ sp\u00e9cialit\u00e9s :<\/span>\n                    <span class=\"em-card-field-value\">Gastronomie locale<\/span>\n                  <\/div>\n                              <\/div>\n\n              <!-- Lien vers le d\u00e9tail -->\n              <div class=\"em-card-footer\">\n                <span>Voir le d\u00e9tail<\/span>\n                <svg fill=\"none\" viewBox=\"0 0 24 24\" stroke=\"currentColor\" stroke-width=\"2\"><path stroke-linecap=\"round\" stroke-linejoin=\"round\" d=\"M13.5 4.5L21 12m0 0l-7.5 7.5M21 12H3\"><\/path><\/svg>\n              <\/div>\n            <\/div>\n          <\/article>\n                  <article class=\"em-card\"\n            data-type=\"city\"\n            data-features=\"\"\n            data-name=\"pouillon\"\n            data-json=\"{&quot;name&quot;:&quot;Pouillon&quot;,&quot;image&quot;:&quot;https:\\\/\\\/upload.wikimedia.org\\\/wikipedia\\\/commons\\\/thumb\\\/a\\\/ae\\\/Pouillon_mairie_002.JPG\\\/320px-Pouillon_mairie_002.JPG&quot;,&quot;link&quot;:&quot;https:\\\/\\\/fr.wikipedia.org\\\/wiki\\\/Pouillon_(Landes)&quot;,&quot;data&quot;:{&quot;name&quot;:&quot;Pouillon&quot;,&quot;distance_kilometers&quot;:&quot;~37 km&quot;,&quot;driving_time_minutes&quot;:&quot;~35 minutes&quot;,&quot;must_see_places&quot;:&quot;Sites agricoles, patrimoine local&quot;,&quot;markets_local_events&quot;:&quot;March\\u00e9s agricoles, foires locales&quot;,&quot;restaurants_specialities&quot;:&quot;Produits agricoles et cuisine du terroir&quot;,&quot;comment&quot;:&quot;Petite commune traditionnelle proche des zones agricoles importantes&quot;,&quot;link&quot;:&quot;https:\\\/\\\/fr.wikipedia.org\\\/wiki\\\/Pouillon_(Landes)&quot;,&quot;image&quot;:&quot;https:\\\/\\\/upload.wikimedia.org\\\/wikipedia\\\/commons\\\/thumb\\\/a\\\/ae\\\/Pouillon_mairie_002.JPG\\\/320px-Pouillon_mairie_002.JPG&quot;},&quot;category&quot;:&quot;Villes aux alentours&quot;}\">\n\n            <!-- Image + badge cat\u00e9gorie -->\n            <div class=\"em-card-img-wrap\">\n                              <img decoding=\"async\" class=\"em-card-img\" src=\"https:\/\/upload.wikimedia.org\/wikipedia\/commons\/thumb\/a\/ae\/Pouillon_mairie_002.JPG\/320px-Pouillon_mairie_002.JPG\" alt=\"Pouillon\" loading=\"lazy\" onerror=\"this.style.display='none';this.nextElementSibling.style.display='flex';\">\n                <div class=\"em-card-placeholder\" style=\"display:none;\">\ud83d\udcf7 Image indisponible<\/div>\n                            <span class=\"em-card-badge badge-city\">Villes aux alentours<\/span>\n            <\/div>\n\n            <!-- Contenu de la card -->\n            <div class=\"em-card-body\">\n              <h3 class=\"em-card-title\">Pouillon<\/h3>\n\n              <!-- Tags r\u00e9sum\u00e9s (max 4) -->\n              <div class=\"em-card-tags\">\n                                    <span class=\"em-tag em-tag-blue\">~37 km km<\/span>\n                                    <span class=\"em-tag em-tag-orange\">~35 minutes min<\/span>\n                                              <\/div>\n\n              <!-- Champs suppl\u00e9mentaires (max 3) -->\n              <div class=\"em-card-fields\">\n                                  <div class=\"em-card-field\">\n                    <span class=\"em-card-field-label\">Lieux \/ Activit\u00e9s incontournables :<\/span>\n                    <span class=\"em-card-field-value\">Sites agricoles, patrimoine local<\/span>\n                  <\/div>\n                                  <div class=\"em-card-field\">\n                    <span class=\"em-card-field-label\">March\u00e9s \/ \u00e9v\u00e9nements locaux :<\/span>\n                    <span class=\"em-card-field-value\">March\u00e9s agricoles, foires locales<\/span>\n                  <\/div>\n                                  <div class=\"em-card-field\">\n                    <span class=\"em-card-field-label\">Restaurants \/ sp\u00e9cialit\u00e9s :<\/span>\n                    <span class=\"em-card-field-value\">Produits agricoles et cuisine du terroir<\/span>\n                  <\/div>\n                              <\/div>\n\n              <!-- Lien vers le d\u00e9tail -->\n              <div class=\"em-card-footer\">\n                <span>Voir le d\u00e9tail<\/span>\n                <svg fill=\"none\" viewBox=\"0 0 24 24\" stroke=\"currentColor\" stroke-width=\"2\"><path stroke-linecap=\"round\" stroke-linejoin=\"round\" d=\"M13.5 4.5L21 12m0 0l-7.5 7.5M21 12H3\"><\/path><\/svg>\n              <\/div>\n            <\/div>\n          <\/article>\n                  <article class=\"em-card\"\n            data-type=\"city\"\n            data-features=\"\"\n            data-name=\"labenne\"\n            data-json=\"{&quot;name&quot;:&quot;Labenne&quot;,&quot;image&quot;:&quot;https:\\\/\\\/upload.wikimedia.org\\\/wikipedia\\\/commons\\\/thumb\\\/b\\\/be\\\/Labenne_centre.jpg\\\/320px-Labenne_centre.jpg&quot;,&quot;link&quot;:&quot;https:\\\/\\\/fr.wikipedia.org\\\/wiki\\\/Labenne&quot;,&quot;data&quot;:{&quot;name&quot;:&quot;Labenne&quot;,&quot;distance_kilometers&quot;:&quot;~35 km&quot;,&quot;driving_time_minutes&quot;:&quot;~35 minutes&quot;,&quot;must_see_places&quot;:&quot;Plages, port, march\\u00e9s anim\\u00e9s&quot;,&quot;markets_local_events&quot;:&quot;March\\u00e9s hebdomadaires, \\u00e9v\\u00e9nements estivaux&quot;,&quot;restaurants_specialities&quot;:&quot;Poissons frais et cuisine landaise&quot;,&quot;comment&quot;:&quot;Station baln\\u00e9aire avec plages de sable fin et port de plaisance&quot;,&quot;link&quot;:&quot;https:\\\/\\\/fr.wikipedia.org\\\/wiki\\\/Labenne&quot;,&quot;image&quot;:&quot;https:\\\/\\\/upload.wikimedia.org\\\/wikipedia\\\/commons\\\/thumb\\\/b\\\/be\\\/Labenne_centre.jpg\\\/320px-Labenne_centre.jpg&quot;},&quot;category&quot;:&quot;Villes aux alentours&quot;}\">\n\n            <!-- Image + badge cat\u00e9gorie -->\n            <div class=\"em-card-img-wrap\">\n                              <img decoding=\"async\" class=\"em-card-img\" src=\"https:\/\/upload.wikimedia.org\/wikipedia\/commons\/thumb\/b\/be\/Labenne_centre.jpg\/320px-Labenne_centre.jpg\" alt=\"Labenne\" loading=\"lazy\" onerror=\"this.style.display='none';this.nextElementSibling.style.display='flex';\">\n                <div class=\"em-card-placeholder\" style=\"display:none;\">\ud83d\udcf7 Image indisponible<\/div>\n                            <span class=\"em-card-badge badge-city\">Villes aux alentours<\/span>\n            <\/div>\n\n            <!-- Contenu de la card -->\n            <div class=\"em-card-body\">\n              <h3 class=\"em-card-title\">Labenne<\/h3>\n\n              <!-- Tags r\u00e9sum\u00e9s (max 4) -->\n              <div class=\"em-card-tags\">\n                                    <span class=\"em-tag em-tag-blue\">~35 km km<\/span>\n                                    <span class=\"em-tag em-tag-orange\">~35 minutes min<\/span>\n                                              <\/div>\n\n              <!-- Champs suppl\u00e9mentaires (max 3) -->\n              <div class=\"em-card-fields\">\n                                  <div class=\"em-card-field\">\n                    <span class=\"em-card-field-label\">Lieux \/ Activit\u00e9s incontournables :<\/span>\n                    <span class=\"em-card-field-value\">Plages, port, march\u00e9s anim\u00e9s<\/span>\n                  <\/div>\n                                  <div class=\"em-card-field\">\n                    <span class=\"em-card-field-label\">March\u00e9s \/ \u00e9v\u00e9nements locaux :<\/span>\n                    <span class=\"em-card-field-value\">March\u00e9s hebdomadaires, \u00e9v\u00e9nements estivaux<\/span>\n                  <\/div>\n                                  <div class=\"em-card-field\">\n                    <span class=\"em-card-field-label\">Restaurants \/ sp\u00e9cialit\u00e9s :<\/span>\n                    <span class=\"em-card-field-value\">Poissons frais et cuisine landaise<\/span>\n                  <\/div>\n                              <\/div>\n\n              <!-- Lien vers le d\u00e9tail -->\n              <div class=\"em-card-footer\">\n                <span>Voir le d\u00e9tail<\/span>\n                <svg fill=\"none\" viewBox=\"0 0 24 24\" stroke=\"currentColor\" stroke-width=\"2\"><path stroke-linecap=\"round\" stroke-linejoin=\"round\" d=\"M13.5 4.5L21 12m0 0l-7.5 7.5M21 12H3\"><\/path><\/svg>\n              <\/div>\n            <\/div>\n          <\/article>\n                  <article class=\"em-card\"\n            data-type=\"city\"\n            data-features=\"\"\n            data-name=\"saint-martin-de-hinx\"\n            data-json=\"{&quot;name&quot;:&quot;Saint-Martin-de-Hinx&quot;,&quot;image&quot;:&quot;https:\\\/\\\/upload.wikimedia.org\\\/wikipedia\\\/commons\\\/thumb\\\/8\\\/82\\\/Saint-Martin-de-Hinx_mairie.jpg\\\/320px-Saint-Martin-de-Hinx_mairie.jpg&quot;,&quot;link&quot;:&quot;https:\\\/\\\/fr.wikipedia.org\\\/wiki\\\/Saint-Martin-de-Hinx&quot;,&quot;data&quot;:{&quot;name&quot;:&quot;Saint-Martin-de-Hinx&quot;,&quot;distance_kilometers&quot;:&quot;~34 km&quot;,&quot;driving_time_minutes&quot;:&quot;~30 minutes&quot;,&quot;must_see_places&quot;:&quot;\\u00c9glise, paysages verts&quot;,&quot;markets_local_events&quot;:&quot;March\\u00e9s de proximit\\u00e9&quot;,&quot;restaurants_specialities&quot;:&quot;Cuisine r\\u00e9gionale&quot;,&quot;comment&quot;:&quot;Commune rurale calme et authentique dans les Landes&quot;,&quot;link&quot;:&quot;https:\\\/\\\/fr.wikipedia.org\\\/wiki\\\/Saint-Martin-de-Hinx&quot;,&quot;image&quot;:&quot;https:\\\/\\\/upload.wikimedia.org\\\/wikipedia\\\/commons\\\/thumb\\\/8\\\/82\\\/Saint-Martin-de-Hinx_mairie.jpg\\\/320px-Saint-Martin-de-Hinx_mairie.jpg&quot;},&quot;category&quot;:&quot;Villes aux alentours&quot;}\">\n\n            <!-- Image + badge cat\u00e9gorie -->\n            <div class=\"em-card-img-wrap\">\n                              <img decoding=\"async\" class=\"em-card-img\" src=\"https:\/\/upload.wikimedia.org\/wikipedia\/commons\/thumb\/8\/82\/Saint-Martin-de-Hinx_mairie.jpg\/320px-Saint-Martin-de-Hinx_mairie.jpg\" alt=\"Saint-Martin-de-Hinx\" loading=\"lazy\" onerror=\"this.style.display='none';this.nextElementSibling.style.display='flex';\">\n                <div class=\"em-card-placeholder\" style=\"display:none;\">\ud83d\udcf7 Image indisponible<\/div>\n                            <span class=\"em-card-badge badge-city\">Villes aux alentours<\/span>\n            <\/div>\n\n            <!-- Contenu de la card -->\n            <div class=\"em-card-body\">\n              <h3 class=\"em-card-title\">Saint-Martin-de-Hinx<\/h3>\n\n              <!-- Tags r\u00e9sum\u00e9s (max 4) -->\n              <div class=\"em-card-tags\">\n                                    <span class=\"em-tag em-tag-blue\">~34 km km<\/span>\n                                    <span class=\"em-tag em-tag-orange\">~30 minutes min<\/span>\n                                              <\/div>\n\n              <!-- Champs suppl\u00e9mentaires (max 3) -->\n              <div class=\"em-card-fields\">\n                                  <div class=\"em-card-field\">\n                    <span class=\"em-card-field-label\">Lieux \/ Activit\u00e9s incontournables :<\/span>\n                    <span class=\"em-card-field-value\">\u00c9glise, paysages verts<\/span>\n                  <\/div>\n                                  <div class=\"em-card-field\">\n                    <span class=\"em-card-field-label\">March\u00e9s \/ \u00e9v\u00e9nements locaux :<\/span>\n                    <span class=\"em-card-field-value\">March\u00e9s de proximit\u00e9<\/span>\n                  <\/div>\n                                  <div class=\"em-card-field\">\n                    <span class=\"em-card-field-label\">Restaurants \/ sp\u00e9cialit\u00e9s :<\/span>\n                    <span class=\"em-card-field-value\">Cuisine r\u00e9gionale<\/span>\n                  <\/div>\n                              <\/div>\n\n              <!-- Lien vers le d\u00e9tail -->\n              <div class=\"em-card-footer\">\n                <span>Voir le d\u00e9tail<\/span>\n                <svg fill=\"none\" viewBox=\"0 0 24 24\" stroke=\"currentColor\" stroke-width=\"2\"><path stroke-linecap=\"round\" stroke-linejoin=\"round\" d=\"M13.5 4.5L21 12m0 0l-7.5 7.5M21 12H3\"><\/path><\/svg>\n              <\/div>\n            <\/div>\n          <\/article>\n                  <article class=\"em-card\"\n            data-type=\"city\"\n            data-features=\"\"\n            data-name=\"tarnos\"\n            data-json=\"{&quot;name&quot;:&quot;Tarnos&quot;,&quot;image&quot;:&quot;https:\\\/\\\/upload.wikimedia.org\\\/wikipedia\\\/commons\\\/thumb\\\/e\\\/ee\\\/Tarnos_centre.jpg\\\/320px-Tarnos_centre.jpg&quot;,&quot;link&quot;:&quot;https:\\\/\\\/fr.wikipedia.org\\\/wiki\\\/Tarnos&quot;,&quot;data&quot;:{&quot;name&quot;:&quot;Tarnos&quot;,&quot;distance_kilometers&quot;:&quot;~40 km&quot;,&quot;driving_time_minutes&quot;:&quot;~35 minutes&quot;,&quot;must_see_places&quot;:&quot;Front de mer, port, parc urbain&quot;,&quot;markets_local_events&quot;:&quot;March\\u00e9s vari\\u00e9s, festivals&quot;,&quot;restaurants_specialities&quot;:&quot;Cuisine basque influenc\\u00e9e&quot;,&quot;comment&quot;:&quot;Ville dynamique \\u00e0 la fronti\\u00e8re des Landes et du Pays Basque, citadine et culturelle&quot;,&quot;link&quot;:&quot;https:\\\/\\\/fr.wikipedia.org\\\/wiki\\\/Tarnos&quot;,&quot;image&quot;:&quot;https:\\\/\\\/upload.wikimedia.org\\\/wikipedia\\\/commons\\\/thumb\\\/e\\\/ee\\\/Tarnos_centre.jpg\\\/320px-Tarnos_centre.jpg&quot;},&quot;category&quot;:&quot;Villes aux alentours&quot;}\">\n\n            <!-- Image + badge cat\u00e9gorie -->\n            <div class=\"em-card-img-wrap\">\n                              <img decoding=\"async\" class=\"em-card-img\" src=\"https:\/\/upload.wikimedia.org\/wikipedia\/commons\/thumb\/e\/ee\/Tarnos_centre.jpg\/320px-Tarnos_centre.jpg\" alt=\"Tarnos\" loading=\"lazy\" onerror=\"this.style.display='none';this.nextElementSibling.style.display='flex';\">\n                <div class=\"em-card-placeholder\" style=\"display:none;\">\ud83d\udcf7 Image indisponible<\/div>\n                            <span class=\"em-card-badge badge-city\">Villes aux alentours<\/span>\n            <\/div>\n\n            <!-- Contenu de la card -->\n            <div class=\"em-card-body\">\n              <h3 class=\"em-card-title\">Tarnos<\/h3>\n\n              <!-- Tags r\u00e9sum\u00e9s (max 4) -->\n              <div class=\"em-card-tags\">\n                                    <span class=\"em-tag em-tag-blue\">~40 km km<\/span>\n                                    <span class=\"em-tag em-tag-orange\">~35 minutes min<\/span>\n                                              <\/div>\n\n              <!-- Champs suppl\u00e9mentaires (max 3) -->\n              <div class=\"em-card-fields\">\n                                  <div class=\"em-card-field\">\n                    <span class=\"em-card-field-label\">Lieux \/ Activit\u00e9s incontournables :<\/span>\n                    <span class=\"em-card-field-value\">Front de mer, port, parc urbain<\/span>\n                  <\/div>\n                                  <div class=\"em-card-field\">\n                    <span class=\"em-card-field-label\">March\u00e9s \/ \u00e9v\u00e9nements locaux :<\/span>\n                    <span class=\"em-card-field-value\">March\u00e9s vari\u00e9s, festivals<\/span>\n                  <\/div>\n                                  <div class=\"em-card-field\">\n                    <span class=\"em-card-field-label\">Restaurants \/ sp\u00e9cialit\u00e9s :<\/span>\n                    <span class=\"em-card-field-value\">Cuisine basque influenc\u00e9e<\/span>\n                  <\/div>\n                              <\/div>\n\n              <!-- Lien vers le d\u00e9tail -->\n              <div class=\"em-card-footer\">\n                <span>Voir le d\u00e9tail<\/span>\n                <svg fill=\"none\" viewBox=\"0 0 24 24\" stroke=\"currentColor\" stroke-width=\"2\"><path stroke-linecap=\"round\" stroke-linejoin=\"round\" d=\"M13.5 4.5L21 12m0 0l-7.5 7.5M21 12H3\"><\/path><\/svg>\n              <\/div>\n            <\/div>\n          <\/article>\n                  <article class=\"em-card\"\n            data-type=\"city\"\n            data-features=\"\"\n            data-name=\"arcachon\"\n            data-json=\"{&quot;name&quot;:&quot;Arcachon&quot;,&quot;image&quot;:&quot;arcachon.jpg&quot;,&quot;link&quot;:&quot;&quot;,&quot;data&quot;:{&quot;name&quot;:&quot;Arcachon&quot;,&quot;distance_kilometers&quot;:&quot;,&quot;,&quot;driving_time_minutes&quot;:&quot;,&quot;,&quot;must_see_places&quot;:&quot;La dune du Pilat, la ville, le bassin d&#039;Arcachon, la r\\u00e9serve ornithologique du Teich&quot;,&quot;markets_local_events&quot;:&quot;March\\u00e9s d&#039;Arcachon, festivals gastronomiques, March\\u00e9 No\\u00ebl d\\u2019Arcachon&quot;,&quot;restaurants_specialities&quot;:&quot;Hu\\u00eetres, fruits de mer, vins de Bordeaux, cuisine landaise&quot;,&quot;comment&quot;:&quot;Grande station baln\\u00e9aire r\\u00e9put\\u00e9e pour son microclimat et sa gastronomie. Acc\\u00e8s en voiture (~45 min depuis Saint-Paul-en-Born).&quot;,&quot;link&quot;:&quot;&quot;,&quot;image&quot;:&quot;arcachon.jpg&quot;},&quot;category&quot;:&quot;Villes aux alentours&quot;}\">\n\n            <!-- Image + badge cat\u00e9gorie -->\n            <div class=\"em-card-img-wrap\">\n                              <div class=\"em-card-placeholder\">\ud83d\udcf7 Pas d'image<\/div>\n                            <span class=\"em-card-badge badge-city\">Villes aux alentours<\/span>\n            <\/div>\n\n            <!-- Contenu de la card -->\n            <div class=\"em-card-body\">\n              <h3 class=\"em-card-title\">Arcachon<\/h3>\n\n              <!-- Tags r\u00e9sum\u00e9s (max 4) -->\n              <div class=\"em-card-tags\">\n                                    <span class=\"em-tag em-tag-blue\">, km<\/span>\n                                    <span class=\"em-tag em-tag-orange\">, min<\/span>\n                                              <\/div>\n\n              <!-- Champs suppl\u00e9mentaires (max 3) -->\n              <div class=\"em-card-fields\">\n                                  <div class=\"em-card-field\">\n                    <span class=\"em-card-field-label\">Lieux \/ Activit\u00e9s incontournables :<\/span>\n                    <span class=\"em-card-field-value\">La dune du Pilat, la ville, le bassin d&#039;Arcachon, la r\u00e9serve<\/span>\n                  <\/div>\n                                  <div class=\"em-card-field\">\n                    <span class=\"em-card-field-label\">March\u00e9s \/ \u00e9v\u00e9nements locaux :<\/span>\n                    <span class=\"em-card-field-value\">March\u00e9s d&#039;Arcachon, festivals gastronomiques, March\u00e9 No\u00ebl d\u2019<\/span>\n                  <\/div>\n                                  <div class=\"em-card-field\">\n                    <span class=\"em-card-field-label\">Restaurants \/ sp\u00e9cialit\u00e9s :<\/span>\n                    <span class=\"em-card-field-value\">Hu\u00eetres, fruits de mer, vins de Bordeaux, cuisine landaise<\/span>\n                  <\/div>\n                              <\/div>\n\n              <!-- Lien vers le d\u00e9tail -->\n              <div class=\"em-card-footer\">\n                <span>Voir le d\u00e9tail<\/span>\n                <svg fill=\"none\" viewBox=\"0 0 24 24\" stroke=\"currentColor\" stroke-width=\"2\"><path stroke-linecap=\"round\" stroke-linejoin=\"round\" d=\"M13.5 4.5L21 12m0 0l-7.5 7.5M21 12H3\"><\/path><\/svg>\n              <\/div>\n            <\/div>\n          <\/article>\n                  <article class=\"em-card\"\n            data-type=\"city\"\n            data-features=\"\"\n            data-name=\"dax\"\n            data-json=\"{&quot;name&quot;:&quot;Dax&quot;,&quot;image&quot;:&quot;dax.jpg&quot;,&quot;link&quot;:&quot;&quot;,&quot;data&quot;:{&quot;name&quot;:&quot;Dax&quot;,&quot;distance_kilometers&quot;:&quot;Lomte&quot;,&quot;driving_time_minutes&quot;:&quot;&quot;,&quot;must_see_places&quot;:&quot;Basilique Notre-Dame, le march\\u00e9, le Pont Vieux, les thermes&quot;,&quot;markets_local_events&quot;:&quot;March\\u00e9 Dax (mercredi &amp; samedi matin), F\\u00eate de la Madeleine &amp; courses landaises&quot;,&quot;restaurants_specialities&quot;:&quot;Foie gras, magret, volailles, confit de canard&quot;,&quot;comment&quot;:&quot;Ville thermal embl\\u00e9matique, parfum\\u00e9e par les ar\\u00e8nes et l\\u2019odeur du pin, \\u00e0 d\\u00e9couvrir pour ses sources chaudes et son ambiance festive.&quot;,&quot;link&quot;:&quot;&quot;,&quot;image&quot;:&quot;dax.jpg&quot;},&quot;category&quot;:&quot;Villes aux alentours&quot;}\">\n\n            <!-- Image + badge cat\u00e9gorie -->\n            <div class=\"em-card-img-wrap\">\n                              <div class=\"em-card-placeholder\">\ud83d\udcf7 Pas d'image<\/div>\n                            <span class=\"em-card-badge badge-city\">Villes aux alentours<\/span>\n            <\/div>\n\n            <!-- Contenu de la card -->\n            <div class=\"em-card-body\">\n              <h3 class=\"em-card-title\">Dax<\/h3>\n\n              <!-- Tags r\u00e9sum\u00e9s (max 4) -->\n              <div class=\"em-card-tags\">\n                                    <span class=\"em-tag em-tag-blue\">Lomte km<\/span>\n                                              <\/div>\n\n              <!-- Champs suppl\u00e9mentaires (max 3) -->\n              <div class=\"em-card-fields\">\n                                  <div class=\"em-card-field\">\n                    <span class=\"em-card-field-label\">Lieux \/ Activit\u00e9s incontournables :<\/span>\n                    <span class=\"em-card-field-value\">Basilique Notre-Dame, le march\u00e9, le Pont Vieux, les thermes<\/span>\n                  <\/div>\n                                  <div class=\"em-card-field\">\n                    <span class=\"em-card-field-label\">March\u00e9s \/ \u00e9v\u00e9nements locaux :<\/span>\n                    <span class=\"em-card-field-value\">March\u00e9 Dax (mercredi &amp; samedi matin), F\u00eate de la Madeleine &amp;<\/span>\n                  <\/div>\n                                  <div class=\"em-card-field\">\n                    <span class=\"em-card-field-label\">Restaurants \/ sp\u00e9cialit\u00e9s :<\/span>\n                    <span class=\"em-card-field-value\">Foie gras, magret, volailles, confit de canard<\/span>\n                  <\/div>\n                              <\/div>\n\n              <!-- Lien vers le d\u00e9tail -->\n              <div class=\"em-card-footer\">\n                <span>Voir le d\u00e9tail<\/span>\n                <svg fill=\"none\" viewBox=\"0 0 24 24\" stroke=\"currentColor\" stroke-width=\"2\"><path stroke-linecap=\"round\" stroke-linejoin=\"round\" d=\"M13.5 4.5L21 12m0 0l-7.5 7.5M21 12H3\"><\/path><\/svg>\n              <\/div>\n            <\/div>\n          <\/article>\n                  <article class=\"em-card\"\n            data-type=\"city\"\n            data-features=\"\"\n            data-name=\"salles\"\n            data-json=\"{&quot;name&quot;:&quot;Salles&quot;,&quot;image&quot;:&quot;salles.jpg&quot;,&quot;link&quot;:&quot;&quot;,&quot;data&quot;:{&quot;name&quot;:&quot;Salles&quot;,&quot;distance_kilometers&quot;:&quot;&quot;,&quot;driving_time_minutes&quot;:&quot;&quot;,&quot;must_see_places&quot;:&quot;Eglise Notre-Dame, le canal, les sentiers de randonn\\u00e9e&quot;,&quot;markets_local_events&quot;:&quot;March\\u00e9 (samedi matin), f\\u00eate locale (juillet)&quot;,&quot;restaurants_specialities&quot;:&quot;Cuisine locale, produits de la ferme&quot;,&quot;comment&quot;:&quot;Petite cit\\u00e9 typique au c\\u0153ur de la for\\u00eat, id\\u00e9ale pour les balades nature ou \\u00e0 v\\u00e9lo, loin de l\\u2019agitation.&quot;,&quot;link&quot;:&quot;&quot;,&quot;image&quot;:&quot;salles.jpg&quot;},&quot;category&quot;:&quot;Villes aux alentours&quot;}\">\n\n            <!-- Image + badge cat\u00e9gorie -->\n            <div class=\"em-card-img-wrap\">\n                              <div class=\"em-card-placeholder\">\ud83d\udcf7 Pas d'image<\/div>\n                            <span class=\"em-card-badge badge-city\">Villes aux alentours<\/span>\n            <\/div>\n\n            <!-- Contenu de la card -->\n            <div class=\"em-card-body\">\n              <h3 class=\"em-card-title\">Salles<\/h3>\n\n              <!-- Tags r\u00e9sum\u00e9s (max 4) -->\n              <div class=\"em-card-tags\">\n                                              <\/div>\n\n              <!-- Champs suppl\u00e9mentaires (max 3) -->\n              <div class=\"em-card-fields\">\n                                  <div class=\"em-card-field\">\n                    <span class=\"em-card-field-label\">Lieux \/ Activit\u00e9s incontournables :<\/span>\n                    <span class=\"em-card-field-value\">Eglise Notre-Dame, le canal, les sentiers de randonn\u00e9e<\/span>\n                  <\/div>\n                                  <div class=\"em-card-field\">\n                    <span class=\"em-card-field-label\">March\u00e9s \/ \u00e9v\u00e9nements locaux :<\/span>\n                    <span class=\"em-card-field-value\">March\u00e9 (samedi matin), f\u00eate locale (juillet)<\/span>\n                  <\/div>\n                                  <div class=\"em-card-field\">\n                    <span class=\"em-card-field-label\">Restaurants \/ sp\u00e9cialit\u00e9s :<\/span>\n                    <span class=\"em-card-field-value\">Cuisine locale, produits de la ferme<\/span>\n                  <\/div>\n                              <\/div>\n\n              <!-- Lien vers le d\u00e9tail -->\n              <div class=\"em-card-footer\">\n                <span>Voir le d\u00e9tail<\/span>\n                <svg fill=\"none\" viewBox=\"0 0 24 24\" stroke=\"currentColor\" stroke-width=\"2\"><path stroke-linecap=\"round\" stroke-linejoin=\"round\" d=\"M13.5 4.5L21 12m0 0l-7.5 7.5M21 12H3\"><\/path><\/svg>\n              <\/div>\n            <\/div>\n          <\/article>\n                  <article class=\"em-card\"\n            data-type=\"city\"\n            data-features=\"\"\n            data-name=\"belin-b\u00e9liet\"\n            data-json=\"{&quot;name&quot;:&quot;Belin-B\\u00e9liet&quot;,&quot;image&quot;:&quot;belin.jpg&quot;,&quot;link&quot;:&quot;&quot;,&quot;data&quot;:{&quot;name&quot;:&quot;Belin-B\\u00e9liet&quot;,&quot;distance_kilometers&quot;:&quot;&quot;,&quot;driving_time_minutes&quot;:&quot;&quot;,&quot;must_see_places&quot;:&quot;\\u00c9glise romane, circuit des Sources, sentiers \\u00e9questres&quot;,&quot;markets_local_events&quot;:&quot;March\\u00e9 (jeudi matin), festival du cerf-volant&quot;,&quot;restaurants_specialities&quot;:&quot;Poulet fermier, desserts \\u00e0 la r\\u00e9sine de pin&quot;,&quot;comment&quot;:&quot;Porte d\\u2019entr\\u00e9e du Parc Naturel R\\u00e9gional, ce village forestier m\\u00eale histoire et traditions locales dans une ambiance authentique.&quot;,&quot;link&quot;:&quot;&quot;,&quot;image&quot;:&quot;belin.jpg&quot;},&quot;category&quot;:&quot;Villes aux alentours&quot;}\">\n\n            <!-- Image + badge cat\u00e9gorie -->\n            <div class=\"em-card-img-wrap\">\n                              <div class=\"em-card-placeholder\">\ud83d\udcf7 Pas d'image<\/div>\n                            <span class=\"em-card-badge badge-city\">Villes aux alentours<\/span>\n            <\/div>\n\n            <!-- Contenu de la card -->\n            <div class=\"em-card-body\">\n              <h3 class=\"em-card-title\">Belin-B\u00e9liet<\/h3>\n\n              <!-- Tags r\u00e9sum\u00e9s (max 4) -->\n              <div class=\"em-card-tags\">\n                                              <\/div>\n\n              <!-- Champs suppl\u00e9mentaires (max 3) -->\n              <div class=\"em-card-fields\">\n                                  <div class=\"em-card-field\">\n                    <span class=\"em-card-field-label\">Lieux \/ Activit\u00e9s incontournables :<\/span>\n                    <span class=\"em-card-field-value\">\u00c9glise romane, circuit des Sources, sentiers \u00e9questres<\/span>\n                  <\/div>\n                                  <div class=\"em-card-field\">\n                    <span class=\"em-card-field-label\">March\u00e9s \/ \u00e9v\u00e9nements locaux :<\/span>\n                    <span class=\"em-card-field-value\">March\u00e9 (jeudi matin), festival du cerf-volant<\/span>\n                  <\/div>\n                                  <div class=\"em-card-field\">\n                    <span class=\"em-card-field-label\">Restaurants \/ sp\u00e9cialit\u00e9s :<\/span>\n                    <span class=\"em-card-field-value\">Poulet fermier, desserts \u00e0 la r\u00e9sine de pin<\/span>\n                  <\/div>\n                              <\/div>\n\n              <!-- Lien vers le d\u00e9tail -->\n              <div class=\"em-card-footer\">\n                <span>Voir le d\u00e9tail<\/span>\n                <svg fill=\"none\" viewBox=\"0 0 24 24\" stroke=\"currentColor\" stroke-width=\"2\"><path stroke-linecap=\"round\" stroke-linejoin=\"round\" d=\"M13.5 4.5L21 12m0 0l-7.5 7.5M21 12H3\"><\/path><\/svg>\n              <\/div>\n            <\/div>\n          <\/article>\n                  <article class=\"em-card\"\n            data-type=\"city\"\n            data-features=\"\"\n            data-name=\"biganos\"\n            data-json=\"{&quot;name&quot;:&quot;Biganos&quot;,&quot;image&quot;:&quot;biganos.jpg&quot;,&quot;link&quot;:&quot;&quot;,&quot;data&quot;:{&quot;name&quot;:&quot;Biganos&quot;,&quot;distance_kilometers&quot;:&quot;&quot;,&quot;driving_time_minutes&quot;:&quot;&quot;,&quot;must_see_places&quot;:&quot;Domaine de Graveyron, port ostr\\u00e9icole, for\\u00eat usag\\u00e8re&quot;,&quot;markets_local_events&quot;:&quot;March\\u00e9 (dimanche matin), f\\u00eate du Port (juillet)&quot;,&quot;restaurants_specialities&quot;:&quot;Hu\\u00eetres, produits du bassin, grillades au feu de bois&quot;,&quot;comment&quot;:&quot;Entre bassin d\\u2019Arcachon et delta de l\\u2019Eyre, Biganos offre calme, nature et convivialit\\u00e9 \\u00e0 deux pas des plages.&quot;,&quot;link&quot;:&quot;&quot;,&quot;image&quot;:&quot;biganos.jpg&quot;},&quot;category&quot;:&quot;Villes aux alentours&quot;}\">\n\n            <!-- Image + badge cat\u00e9gorie -->\n            <div class=\"em-card-img-wrap\">\n                              <div class=\"em-card-placeholder\">\ud83d\udcf7 Pas d'image<\/div>\n                            <span class=\"em-card-badge badge-city\">Villes aux alentours<\/span>\n            <\/div>\n\n            <!-- Contenu de la card -->\n            <div class=\"em-card-body\">\n              <h3 class=\"em-card-title\">Biganos<\/h3>\n\n              <!-- Tags r\u00e9sum\u00e9s (max 4) -->\n              <div class=\"em-card-tags\">\n                                              <\/div>\n\n              <!-- Champs suppl\u00e9mentaires (max 3) -->\n              <div class=\"em-card-fields\">\n                                  <div class=\"em-card-field\">\n                    <span class=\"em-card-field-label\">Lieux \/ Activit\u00e9s incontournables :<\/span>\n                    <span class=\"em-card-field-value\">Domaine de Graveyron, port ostr\u00e9icole, for\u00eat usag\u00e8re<\/span>\n                  <\/div>\n                                  <div class=\"em-card-field\">\n                    <span class=\"em-card-field-label\">March\u00e9s \/ \u00e9v\u00e9nements locaux :<\/span>\n                    <span class=\"em-card-field-value\">March\u00e9 (dimanche matin), f\u00eate du Port (juillet)<\/span>\n                  <\/div>\n                                  <div class=\"em-card-field\">\n                    <span class=\"em-card-field-label\">Restaurants \/ sp\u00e9cialit\u00e9s :<\/span>\n                    <span class=\"em-card-field-value\">Hu\u00eetres, produits du bassin, grillades au feu de bois<\/span>\n                  <\/div>\n                              <\/div>\n\n              <!-- Lien vers le d\u00e9tail -->\n              <div class=\"em-card-footer\">\n                <span>Voir le d\u00e9tail<\/span>\n                <svg fill=\"none\" viewBox=\"0 0 24 24\" stroke=\"currentColor\" stroke-width=\"2\"><path stroke-linecap=\"round\" stroke-linejoin=\"round\" d=\"M13.5 4.5L21 12m0 0l-7.5 7.5M21 12H3\"><\/path><\/svg>\n              <\/div>\n            <\/div>\n          <\/article>\n                  <article class=\"em-card\"\n            data-type=\"city\"\n            data-features=\"\"\n            data-name=\"lamothe\"\n            data-json=\"{&quot;name&quot;:&quot;Lamothe&quot;,&quot;image&quot;:&quot;lamothe.jpg&quot;,&quot;link&quot;:&quot;&quot;,&quot;data&quot;:{&quot;name&quot;:&quot;Lamothe&quot;,&quot;distance_kilometers&quot;:&quot;&quot;,&quot;driving_time_minutes&quot;:&quot;&quot;,&quot;must_see_places&quot;:&quot;Eglise romane, le canal, les bords de la Leyre&quot;,&quot;markets_local_events&quot;:&quot;F\\u00eate de la Saint-Jean&quot;,&quot;restaurants_specialities&quot;:&quot;Cuisine locale, produits du terroir&quot;,&quot;comment&quot;:&quot;Petit village travers\\u00e9 par la voie cyclable \\u00ab La V\\u00e9lodyss\\u00e9e \\u00bb, \\u00e0 d\\u00e9couvrir pour son cadre naturel et sa tranquillit\\u00e9.&quot;,&quot;link&quot;:&quot;&quot;,&quot;image&quot;:&quot;lamothe.jpg&quot;},&quot;category&quot;:&quot;Villes aux alentours&quot;}\">\n\n            <!-- Image + badge cat\u00e9gorie -->\n            <div class=\"em-card-img-wrap\">\n                              <div class=\"em-card-placeholder\">\ud83d\udcf7 Pas d'image<\/div>\n                            <span class=\"em-card-badge badge-city\">Villes aux alentours<\/span>\n            <\/div>\n\n            <!-- Contenu de la card -->\n            <div class=\"em-card-body\">\n              <h3 class=\"em-card-title\">Lamothe<\/h3>\n\n              <!-- Tags r\u00e9sum\u00e9s (max 4) -->\n              <div class=\"em-card-tags\">\n                                              <\/div>\n\n              <!-- Champs suppl\u00e9mentaires (max 3) -->\n              <div class=\"em-card-fields\">\n                                  <div class=\"em-card-field\">\n                    <span class=\"em-card-field-label\">Lieux \/ Activit\u00e9s incontournables :<\/span>\n                    <span class=\"em-card-field-value\">Eglise romane, le canal, les bords de la Leyre<\/span>\n                  <\/div>\n                                  <div class=\"em-card-field\">\n                    <span class=\"em-card-field-label\">March\u00e9s \/ \u00e9v\u00e9nements locaux :<\/span>\n                    <span class=\"em-card-field-value\">F\u00eate de la Saint-Jean<\/span>\n                  <\/div>\n                                  <div class=\"em-card-field\">\n                    <span class=\"em-card-field-label\">Restaurants \/ sp\u00e9cialit\u00e9s :<\/span>\n                    <span class=\"em-card-field-value\">Cuisine locale, produits du terroir<\/span>\n                  <\/div>\n                              <\/div>\n\n              <!-- Lien vers le d\u00e9tail -->\n              <div class=\"em-card-footer\">\n                <span>Voir le d\u00e9tail<\/span>\n                <svg fill=\"none\" viewBox=\"0 0 24 24\" stroke=\"currentColor\" stroke-width=\"2\"><path stroke-linecap=\"round\" stroke-linejoin=\"round\" d=\"M13.5 4.5L21 12m0 0l-7.5 7.5M21 12H3\"><\/path><\/svg>\n              <\/div>\n            <\/div>\n          <\/article>\n                  <article class=\"em-card\"\n            data-type=\"city\"\n            data-features=\"\"\n            data-name=\"cazaux\"\n            data-json=\"{&quot;name&quot;:&quot;Cazaux&quot;,&quot;image&quot;:&quot;cazaux.jpg&quot;,&quot;link&quot;:&quot;&quot;,&quot;data&quot;:{&quot;name&quot;:&quot;Cazaux&quot;,&quot;distance_kilometers&quot;:&quot;&quot;,&quot;driving_time_minutes&quot;:&quot;&quot;,&quot;must_see_places&quot;:&quot;Lac de Cazaux et Sanguinet, Mus\\u00e9e Jean Sim\\u00e9on Chardin&quot;,&quot;markets_local_events&quot;:&quot;March\\u00e9 (mardi matin), f\\u00eate lacustre&quot;,&quot;restaurants_specialities&quot;:&quot;Poissons du lac, grillades&quot;,&quot;comment&quot;:&quot;Face au second plus grand lac d\\u2019eau douce de France, le village offre plages, sports nautiques et un c\\u00f4t\\u00e9 \\u00ab vacances \\u00bb toute l\\u2019ann\\u00e9e.&quot;,&quot;link&quot;:&quot;&quot;,&quot;image&quot;:&quot;cazaux.jpg&quot;},&quot;category&quot;:&quot;Villes aux alentours&quot;}\">\n\n            <!-- Image + badge cat\u00e9gorie -->\n            <div class=\"em-card-img-wrap\">\n                              <div class=\"em-card-placeholder\">\ud83d\udcf7 Pas d'image<\/div>\n                            <span class=\"em-card-badge badge-city\">Villes aux alentours<\/span>\n            <\/div>\n\n            <!-- Contenu de la card -->\n            <div class=\"em-card-body\">\n              <h3 class=\"em-card-title\">Cazaux<\/h3>\n\n              <!-- Tags r\u00e9sum\u00e9s (max 4) -->\n              <div class=\"em-card-tags\">\n                                              <\/div>\n\n              <!-- Champs suppl\u00e9mentaires (max 3) -->\n              <div class=\"em-card-fields\">\n                                  <div class=\"em-card-field\">\n                    <span class=\"em-card-field-label\">Lieux \/ Activit\u00e9s incontournables :<\/span>\n                    <span class=\"em-card-field-value\">Lac de Cazaux et Sanguinet, Mus\u00e9e Jean Sim\u00e9on Chardin<\/span>\n                  <\/div>\n                                  <div class=\"em-card-field\">\n                    <span class=\"em-card-field-label\">March\u00e9s \/ \u00e9v\u00e9nements locaux :<\/span>\n                    <span class=\"em-card-field-value\">March\u00e9 (mardi matin), f\u00eate lacustre<\/span>\n                  <\/div>\n                                  <div class=\"em-card-field\">\n                    <span class=\"em-card-field-label\">Restaurants \/ sp\u00e9cialit\u00e9s :<\/span>\n                    <span class=\"em-card-field-value\">Poissons du lac, grillades<\/span>\n                  <\/div>\n                              <\/div>\n\n              <!-- Lien vers le d\u00e9tail -->\n              <div class=\"em-card-footer\">\n                <span>Voir le d\u00e9tail<\/span>\n                <svg fill=\"none\" viewBox=\"0 0 24 24\" stroke=\"currentColor\" stroke-width=\"2\"><path stroke-linecap=\"round\" stroke-linejoin=\"round\" d=\"M13.5 4.5L21 12m0 0l-7.5 7.5M21 12H3\"><\/path><\/svg>\n              <\/div>\n            <\/div>\n          <\/article>\n                  <article class=\"em-card\"\n            data-type=\"city\"\n            data-features=\"\"\n            data-name=\"sanguinet\"\n            data-json=\"{&quot;name&quot;:&quot;Sanguinet&quot;,&quot;image&quot;:&quot;sanguinet.jpg&quot;,&quot;link&quot;:&quot;&quot;,&quot;data&quot;:{&quot;name&quot;:&quot;Sanguinet&quot;,&quot;distance_kilometers&quot;:&quot;&quot;,&quot;driving_time_minutes&quot;:&quot;&quot;,&quot;must_see_places&quot;:&quot;Mus\\u00e9e du Lac, plages du lac, for\\u00eat&quot;,&quot;markets_local_events&quot;:&quot;March\\u00e9 (jeudi matin), f\\u00eates du lac&quot;,&quot;restaurants_specialities&quot;:&quot;Sp\\u00e9cialit\\u00e9s du lac, poissons, grillades&quot;,&quot;comment&quot;:&quot;Station baln\\u00e9aire du lac de Cazaux et Sanguinet, r\\u00e9put\\u00e9e pour ses plages, ses sports nautiques et ses vestiges arch\\u00e9ologiques.&quot;,&quot;link&quot;:&quot;&quot;,&quot;image&quot;:&quot;sanguinet.jpg&quot;},&quot;category&quot;:&quot;Villes aux alentours&quot;}\">\n\n            <!-- Image + badge cat\u00e9gorie -->\n            <div class=\"em-card-img-wrap\">\n                              <div class=\"em-card-placeholder\">\ud83d\udcf7 Pas d'image<\/div>\n                            <span class=\"em-card-badge badge-city\">Villes aux alentours<\/span>\n            <\/div>\n\n            <!-- Contenu de la card -->\n            <div class=\"em-card-body\">\n              <h3 class=\"em-card-title\">Sanguinet<\/h3>\n\n              <!-- Tags r\u00e9sum\u00e9s (max 4) -->\n              <div class=\"em-card-tags\">\n                                              <\/div>\n\n              <!-- Champs suppl\u00e9mentaires (max 3) -->\n              <div class=\"em-card-fields\">\n                                  <div class=\"em-card-field\">\n                    <span class=\"em-card-field-label\">Lieux \/ Activit\u00e9s incontournables :<\/span>\n                    <span class=\"em-card-field-value\">Mus\u00e9e du Lac, plages du lac, for\u00eat<\/span>\n                  <\/div>\n                                  <div class=\"em-card-field\">\n                    <span class=\"em-card-field-label\">March\u00e9s \/ \u00e9v\u00e9nements locaux :<\/span>\n                    <span class=\"em-card-field-value\">March\u00e9 (jeudi matin), f\u00eates du lac<\/span>\n                  <\/div>\n                                  <div class=\"em-card-field\">\n                    <span class=\"em-card-field-label\">Restaurants \/ sp\u00e9cialit\u00e9s :<\/span>\n                    <span class=\"em-card-field-value\">Sp\u00e9cialit\u00e9s du lac, poissons, grillades<\/span>\n                  <\/div>\n                              <\/div>\n\n              <!-- Lien vers le d\u00e9tail -->\n              <div class=\"em-card-footer\">\n                <span>Voir le d\u00e9tail<\/span>\n                <svg fill=\"none\" viewBox=\"0 0 24 24\" stroke=\"currentColor\" stroke-width=\"2\"><path stroke-linecap=\"round\" stroke-linejoin=\"round\" d=\"M13.5 4.5L21 12m0 0l-7.5 7.5M21 12H3\"><\/path><\/svg>\n              <\/div>\n            <\/div>\n          <\/article>\n                  <article class=\"em-card\"\n            data-type=\"city\"\n            data-features=\"\"\n            data-name=\"vieux-boucau\"\n            data-json=\"{&quot;name&quot;:&quot;Vieux-Boucau&quot;,&quot;image&quot;:&quot;vieuxboucau.jpg&quot;,&quot;link&quot;:&quot;&quot;,&quot;data&quot;:{&quot;name&quot;:&quot;Vieux-Boucau&quot;,&quot;distance_kilometers&quot;:&quot;&quot;,&quot;driving_time_minutes&quot;:&quot;&quot;,&quot;must_see_places&quot;:&quot;Plages, port, lac marin&quot;,&quot;markets_local_events&quot;:&quot;March\\u00e9 (mercredi &amp; samedi matin), f\\u00eates locales&quot;,&quot;restaurants_specialities&quot;:&quot;Fruits de mer, poissons du lac, tapas \\u00e0 l\\u2019espagnole&quot;,&quot;comment&quot;:&quot;Petite station baln\\u00e9aire du sud des Landes, Vieux-Boucau s\\u00e9duit par son lac, ses plages et son ambiance village&quot;,&quot;link&quot;:&quot;&quot;,&quot;image&quot;:&quot;vieuxboucau.jpg&quot;},&quot;category&quot;:&quot;Villes aux alentours&quot;}\">\n\n            <!-- Image + badge cat\u00e9gorie -->\n            <div class=\"em-card-img-wrap\">\n                              <div class=\"em-card-placeholder\">\ud83d\udcf7 Pas d'image<\/div>\n                            <span class=\"em-card-badge badge-city\">Villes aux alentours<\/span>\n            <\/div>\n\n            <!-- Contenu de la card -->\n            <div class=\"em-card-body\">\n              <h3 class=\"em-card-title\">Vieux-Boucau<\/h3>\n\n              <!-- Tags r\u00e9sum\u00e9s (max 4) -->\n              <div class=\"em-card-tags\">\n                                              <\/div>\n\n              <!-- Champs suppl\u00e9mentaires (max 3) -->\n              <div class=\"em-card-fields\">\n                                  <div class=\"em-card-field\">\n                    <span class=\"em-card-field-label\">Lieux \/ Activit\u00e9s incontournables :<\/span>\n                    <span class=\"em-card-field-value\">Plages, port, lac marin<\/span>\n                  <\/div>\n                                  <div class=\"em-card-field\">\n                    <span class=\"em-card-field-label\">March\u00e9s \/ \u00e9v\u00e9nements locaux :<\/span>\n                    <span class=\"em-card-field-value\">March\u00e9 (mercredi &amp; samedi matin), f\u00eates locales<\/span>\n                  <\/div>\n                                  <div class=\"em-card-field\">\n                    <span class=\"em-card-field-label\">Restaurants \/ sp\u00e9cialit\u00e9s :<\/span>\n                    <span class=\"em-card-field-value\">Fruits de mer, poissons du lac, tapas \u00e0 l\u2019espagnole<\/span>\n                  <\/div>\n                              <\/div>\n\n              <!-- Lien vers le d\u00e9tail -->\n              <div class=\"em-card-footer\">\n                <span>Voir le d\u00e9tail<\/span>\n                <svg fill=\"none\" viewBox=\"0 0 24 24\" stroke=\"currentColor\" stroke-width=\"2\"><path stroke-linecap=\"round\" stroke-linejoin=\"round\" d=\"M13.5 4.5L21 12m0 0l-7.5 7.5M21 12H3\"><\/path><\/svg>\n              <\/div>\n            <\/div>\n          <\/article>\n                  <article class=\"em-card\"\n            data-type=\"city\"\n            data-features=\"\"\n            data-name=\"contis\"\n            data-json=\"{&quot;name&quot;:&quot;Contis&quot;,&quot;image&quot;:&quot;contis.jpg&quot;,&quot;link&quot;:&quot;&quot;,&quot;data&quot;:{&quot;name&quot;:&quot;Contis&quot;,&quot;distance_kilometers&quot;:&quot;&quot;,&quot;driving_time_minutes&quot;:&quot;&quot;,&quot;must_see_places&quot;:&quot;Plage, phare, \\u00e9glise Saint Jean-Baptiste&quot;,&quot;markets_local_events&quot;:&quot;March\\u00e9 (samedi matin), animations estivales&quot;,&quot;restaurants_specialities&quot;:&quot;Cuisine landaise, grillades&quot;,&quot;comment&quot;:&quot;Station baln\\u00e9aire familiale, Contis est r\\u00e9put\\u00e9e pour son phare et ses plages sauvages, \\u00e0 l\\u2019\\u00e9cart de l\\u2019agitation.&quot;,&quot;link&quot;:&quot;&quot;,&quot;image&quot;:&quot;contis.jpg&quot;},&quot;category&quot;:&quot;Villes aux alentours&quot;}\">\n\n            <!-- Image + badge cat\u00e9gorie -->\n            <div class=\"em-card-img-wrap\">\n                              <div class=\"em-card-placeholder\">\ud83d\udcf7 Pas d'image<\/div>\n                            <span class=\"em-card-badge badge-city\">Villes aux alentours<\/span>\n            <\/div>\n\n            <!-- Contenu de la card -->\n            <div class=\"em-card-body\">\n              <h3 class=\"em-card-title\">Contis<\/h3>\n\n              <!-- Tags r\u00e9sum\u00e9s (max 4) -->\n              <div class=\"em-card-tags\">\n                                              <\/div>\n\n              <!-- Champs suppl\u00e9mentaires (max 3) -->\n              <div class=\"em-card-fields\">\n                                  <div class=\"em-card-field\">\n                    <span class=\"em-card-field-label\">Lieux \/ Activit\u00e9s incontournables :<\/span>\n                    <span class=\"em-card-field-value\">Plage, phare, \u00e9glise Saint Jean-Baptiste<\/span>\n                  <\/div>\n                                  <div class=\"em-card-field\">\n                    <span class=\"em-card-field-label\">March\u00e9s \/ \u00e9v\u00e9nements locaux :<\/span>\n                    <span class=\"em-card-field-value\">March\u00e9 (samedi matin), animations estivales<\/span>\n                  <\/div>\n                                  <div class=\"em-card-field\">\n                    <span class=\"em-card-field-label\">Restaurants \/ sp\u00e9cialit\u00e9s :<\/span>\n                    <span class=\"em-card-field-value\">Cuisine landaise, grillades<\/span>\n                  <\/div>\n                              <\/div>\n\n              <!-- Lien vers le d\u00e9tail -->\n              <div class=\"em-card-footer\">\n                <span>Voir le d\u00e9tail<\/span>\n                <svg fill=\"none\" viewBox=\"0 0 24 24\" stroke=\"currentColor\" stroke-width=\"2\"><path stroke-linecap=\"round\" stroke-linejoin=\"round\" d=\"M13.5 4.5L21 12m0 0l-7.5 7.5M21 12H3\"><\/path><\/svg>\n              <\/div>\n            <\/div>\n          <\/article>\n                  <article class=\"em-card\"\n            data-type=\"city\"\n            data-features=\"\"\n            data-name=\"l\u00e9on\"\n            data-json=\"{&quot;name&quot;:&quot;L\\u00e9on&quot;,&quot;image&quot;:&quot;leon.jpg&quot;,&quot;link&quot;:&quot;&quot;,&quot;data&quot;:{&quot;name&quot;:&quot;L\\u00e9on&quot;,&quot;distance_kilometers&quot;:&quot;&quot;,&quot;driving_time_minutes&quot;:&quot;&quot;,&quot;must_see_places&quot;:&quot;Lac de L\\u00e9on, \\u00e9glise Saint-Jean-Baptiste, observatoire ornithologique&quot;,&quot;markets_local_events&quot;:&quot;March\\u00e9 (jeudi matin), f\\u00eates locales&quot;,&quot;restaurants_specialities&quot;:&quot;Poissons du lac, canard, magret&quot;,&quot;comment&quot;:&quot;Village entre lac, oc\\u00e9an et for\\u00eat, L\\u00e9on offre calme, nature et authenticit\\u00e9 landaise.&quot;,&quot;link&quot;:&quot;&quot;,&quot;image&quot;:&quot;leon.jpg&quot;},&quot;category&quot;:&quot;Villes aux alentours&quot;}\">\n\n            <!-- Image + badge cat\u00e9gorie -->\n            <div class=\"em-card-img-wrap\">\n                              <div class=\"em-card-placeholder\">\ud83d\udcf7 Pas d'image<\/div>\n                            <span class=\"em-card-badge badge-city\">Villes aux alentours<\/span>\n            <\/div>\n\n            <!-- Contenu de la card -->\n            <div class=\"em-card-body\">\n              <h3 class=\"em-card-title\">L\u00e9on<\/h3>\n\n              <!-- Tags r\u00e9sum\u00e9s (max 4) -->\n              <div class=\"em-card-tags\">\n                                              <\/div>\n\n              <!-- Champs suppl\u00e9mentaires (max 3) -->\n              <div class=\"em-card-fields\">\n                                  <div class=\"em-card-field\">\n                    <span class=\"em-card-field-label\">Lieux \/ Activit\u00e9s incontournables :<\/span>\n                    <span class=\"em-card-field-value\">Lac de L\u00e9on, \u00e9glise Saint-Jean-Baptiste, observatoire ornith<\/span>\n                  <\/div>\n                                  <div class=\"em-card-field\">\n                    <span class=\"em-card-field-label\">March\u00e9s \/ \u00e9v\u00e9nements locaux :<\/span>\n                    <span class=\"em-card-field-value\">March\u00e9 (jeudi matin), f\u00eates locales<\/span>\n                  <\/div>\n                                  <div class=\"em-card-field\">\n                    <span class=\"em-card-field-label\">Restaurants \/ sp\u00e9cialit\u00e9s :<\/span>\n                    <span class=\"em-card-field-value\">Poissons du lac, canard, magret<\/span>\n                  <\/div>\n                              <\/div>\n\n              <!-- Lien vers le d\u00e9tail -->\n              <div class=\"em-card-footer\">\n                <span>Voir le d\u00e9tail<\/span>\n                <svg fill=\"none\" viewBox=\"0 0 24 24\" stroke=\"currentColor\" stroke-width=\"2\"><path stroke-linecap=\"round\" stroke-linejoin=\"round\" d=\"M13.5 4.5L21 12m0 0l-7.5 7.5M21 12H3\"><\/path><\/svg>\n              <\/div>\n            <\/div>\n          <\/article>\n                  <article class=\"em-card\"\n            data-type=\"city\"\n            data-features=\"\"\n            data-name=\"tyrosse\"\n            data-json=\"{&quot;name&quot;:&quot;Tyrosse&quot;,&quot;image&quot;:&quot;tyrosse.jpg&quot;,&quot;link&quot;:&quot;&quot;,&quot;data&quot;:{&quot;name&quot;:&quot;Tyrosse&quot;,&quot;distance_kilometers&quot;:&quot;&quot;,&quot;driving_time_minutes&quot;:&quot;&quot;,&quot;must_see_places&quot;:&quot;Salle d\\u2019exposition l\\u2019Estran, aire de repos Cravat, stades&quot;,&quot;markets_local_events&quot;:&quot;March\\u00e9 (mardi, jeudi &amp; samedi matin), animations sportives&quot;,&quot;restaurants_specialities&quot;:&quot;Cuisine landaise, grillades&quot;,&quot;comment&quot;:&quot;Ville dynamique, connue pour son club de rugby et ses animations sportives, \\u00e0 quelques kilom\\u00e8tres de l\\u2019oc\\u00e9an.&quot;,&quot;link&quot;:&quot;&quot;,&quot;image&quot;:&quot;tyrosse.jpg&quot;},&quot;category&quot;:&quot;Villes aux alentours&quot;}\">\n\n            <!-- Image + badge cat\u00e9gorie -->\n            <div class=\"em-card-img-wrap\">\n                              <div class=\"em-card-placeholder\">\ud83d\udcf7 Pas d'image<\/div>\n                            <span class=\"em-card-badge badge-city\">Villes aux alentours<\/span>\n            <\/div>\n\n            <!-- Contenu de la card -->\n            <div class=\"em-card-body\">\n              <h3 class=\"em-card-title\">Tyrosse<\/h3>\n\n              <!-- Tags r\u00e9sum\u00e9s (max 4) -->\n              <div class=\"em-card-tags\">\n                                              <\/div>\n\n              <!-- Champs suppl\u00e9mentaires (max 3) -->\n              <div class=\"em-card-fields\">\n                                  <div class=\"em-card-field\">\n                    <span class=\"em-card-field-label\">Lieux \/ Activit\u00e9s incontournables :<\/span>\n                    <span class=\"em-card-field-value\">Salle d\u2019exposition l\u2019Estran, aire de repos Cravat, stades<\/span>\n                  <\/div>\n                                  <div class=\"em-card-field\">\n                    <span class=\"em-card-field-label\">March\u00e9s \/ \u00e9v\u00e9nements locaux :<\/span>\n                    <span class=\"em-card-field-value\">March\u00e9 (mardi, jeudi &amp; samedi matin), animations sportives<\/span>\n                  <\/div>\n                                  <div class=\"em-card-field\">\n                    <span class=\"em-card-field-label\">Restaurants \/ sp\u00e9cialit\u00e9s :<\/span>\n                    <span class=\"em-card-field-value\">Cuisine landaise, grillades<\/span>\n                  <\/div>\n                              <\/div>\n\n              <!-- Lien vers le d\u00e9tail -->\n              <div class=\"em-card-footer\">\n                <span>Voir le d\u00e9tail<\/span>\n                <svg fill=\"none\" viewBox=\"0 0 24 24\" stroke=\"currentColor\" stroke-width=\"2\"><path stroke-linecap=\"round\" stroke-linejoin=\"round\" d=\"M13.5 4.5L21 12m0 0l-7.5 7.5M21 12H3\"><\/path><\/svg>\n              <\/div>\n            <\/div>\n          <\/article>\n                  <article class=\"em-card\"\n            data-type=\"city\"\n            data-features=\"\"\n            data-name=\"capbreton\"\n            data-json=\"{&quot;name&quot;:&quot;Capbreton&quot;,&quot;image&quot;:&quot;capbreton.jpg&quot;,&quot;link&quot;:&quot;&quot;,&quot;data&quot;:{&quot;name&quot;:&quot;Capbreton&quot;,&quot;distance_kilometers&quot;:&quot;&quot;,&quot;driving_time_minutes&quot;:&quot;&quot;,&quot;must_see_places&quot;:&quot;Port, plages, promenade du Bois&quot;,&quot;markets_local_events&quot;:&quot;March\\u00e9 (mardi &amp; vendredi matin), f\\u00eates du port&quot;,&quot;restaurants_specialities&quot;:&quot;Poissons, fruits de mer, tapisserie de Bayonne&quot;,&quot;comment&quot;:&quot;Station baln\\u00e9aire anim\\u00e9e, Capbreton est r\\u00e9put\\u00e9e pour son port de p\\u00eache, ses spots de surf et ses animations estivales.&quot;,&quot;link&quot;:&quot;&quot;,&quot;image&quot;:&quot;capbreton.jpg&quot;},&quot;category&quot;:&quot;Villes aux alentours&quot;}\">\n\n            <!-- Image + badge cat\u00e9gorie -->\n            <div class=\"em-card-img-wrap\">\n                              <div class=\"em-card-placeholder\">\ud83d\udcf7 Pas d'image<\/div>\n                            <span class=\"em-card-badge badge-city\">Villes aux alentours<\/span>\n            <\/div>\n\n            <!-- Contenu de la card -->\n            <div class=\"em-card-body\">\n              <h3 class=\"em-card-title\">Capbreton<\/h3>\n\n              <!-- Tags r\u00e9sum\u00e9s (max 4) -->\n              <div class=\"em-card-tags\">\n                                              <\/div>\n\n              <!-- Champs suppl\u00e9mentaires (max 3) -->\n              <div class=\"em-card-fields\">\n                                  <div class=\"em-card-field\">\n                    <span class=\"em-card-field-label\">Lieux \/ Activit\u00e9s incontournables :<\/span>\n                    <span class=\"em-card-field-value\">Port, plages, promenade du Bois<\/span>\n                  <\/div>\n                                  <div class=\"em-card-field\">\n                    <span class=\"em-card-field-label\">March\u00e9s \/ \u00e9v\u00e9nements locaux :<\/span>\n                    <span class=\"em-card-field-value\">March\u00e9 (mardi &amp; vendredi matin), f\u00eates du port<\/span>\n                  <\/div>\n                                  <div class=\"em-card-field\">\n                    <span class=\"em-card-field-label\">Restaurants \/ sp\u00e9cialit\u00e9s :<\/span>\n                    <span class=\"em-card-field-value\">Poissons, fruits de mer, tapisserie de Bayonne<\/span>\n                  <\/div>\n                              <\/div>\n\n              <!-- Lien vers le d\u00e9tail -->\n              <div class=\"em-card-footer\">\n                <span>Voir le d\u00e9tail<\/span>\n                <svg fill=\"none\" viewBox=\"0 0 24 24\" stroke=\"currentColor\" stroke-width=\"2\"><path stroke-linecap=\"round\" stroke-linejoin=\"round\" d=\"M13.5 4.5L21 12m0 0l-7.5 7.5M21 12H3\"><\/path><\/svg>\n              <\/div>\n            <\/div>\n          <\/article>\n                  <article class=\"em-card\"\n            data-type=\"city\"\n            data-features=\"\"\n            data-name=\"hossegor\"\n            data-json=\"{&quot;name&quot;:&quot;Hossegor&quot;,&quot;image&quot;:&quot;hossegor.jpg&quot;,&quot;link&quot;:&quot;&quot;,&quot;data&quot;:{&quot;name&quot;:&quot;Hossegor&quot;,&quot;distance_kilometers&quot;:&quot;&quot;,&quot;driving_time_minutes&quot;:&quot;&quot;,&quot;must_see_places&quot;:&quot;Lac marin, plages, centre ville&quot;,&quot;markets_local_events&quot;:&quot;March\\u00e9 de No\\u00ebl, \\u00e9v\\u00e9nements sportifs&quot;,&quot;restaurants_specialities&quot;:&quot;Sp\\u00e9cialit\\u00e9s basques, tapas, brunches&quot;,&quot;comment&quot;:&quot;Spot de surf international, Hossegor est aussi une station chic, r\\u00e9put\\u00e9e pour son lac marin, ses villas et ses boutiques.&quot;,&quot;link&quot;:&quot;&quot;,&quot;image&quot;:&quot;hossegor.jpg&quot;},&quot;category&quot;:&quot;Villes aux alentours&quot;}\">\n\n            <!-- Image + badge cat\u00e9gorie -->\n            <div class=\"em-card-img-wrap\">\n                              <div class=\"em-card-placeholder\">\ud83d\udcf7 Pas d'image<\/div>\n                            <span class=\"em-card-badge badge-city\">Villes aux alentours<\/span>\n            <\/div>\n\n            <!-- Contenu de la card -->\n            <div class=\"em-card-body\">\n              <h3 class=\"em-card-title\">Hossegor<\/h3>\n\n              <!-- Tags r\u00e9sum\u00e9s (max 4) -->\n              <div class=\"em-card-tags\">\n                                              <\/div>\n\n              <!-- Champs suppl\u00e9mentaires (max 3) -->\n              <div class=\"em-card-fields\">\n                                  <div class=\"em-card-field\">\n                    <span class=\"em-card-field-label\">Lieux \/ Activit\u00e9s incontournables :<\/span>\n                    <span class=\"em-card-field-value\">Lac marin, plages, centre ville<\/span>\n                  <\/div>\n                                  <div class=\"em-card-field\">\n                    <span class=\"em-card-field-label\">March\u00e9s \/ \u00e9v\u00e9nements locaux :<\/span>\n                    <span class=\"em-card-field-value\">March\u00e9 de No\u00ebl, \u00e9v\u00e9nements sportifs<\/span>\n                  <\/div>\n                                  <div class=\"em-card-field\">\n                    <span class=\"em-card-field-label\">Restaurants \/ sp\u00e9cialit\u00e9s :<\/span>\n                    <span class=\"em-card-field-value\">Sp\u00e9cialit\u00e9s basques, tapas, brunches<\/span>\n                  <\/div>\n                              <\/div>\n\n              <!-- Lien vers le d\u00e9tail -->\n              <div class=\"em-card-footer\">\n                <span>Voir le d\u00e9tail<\/span>\n                <svg fill=\"none\" viewBox=\"0 0 24 24\" stroke=\"currentColor\" stroke-width=\"2\"><path stroke-linecap=\"round\" stroke-linejoin=\"round\" d=\"M13.5 4.5L21 12m0 0l-7.5 7.5M21 12H3\"><\/path><\/svg>\n              <\/div>\n            <\/div>\n          <\/article>\n                  <article class=\"em-card\"\n            data-type=\"city\"\n            data-features=\"\"\n            data-name=\"seignosse\"\n            data-json=\"{&quot;name&quot;:&quot;Seignosse&quot;,&quot;image&quot;:&quot;seignosse.jpg&quot;,&quot;link&quot;:&quot;&quot;,&quot;data&quot;:{&quot;name&quot;:&quot;Seignosse&quot;,&quot;distance_kilometers&quot;:&quot;&quot;,&quot;driving_time_minutes&quot;:&quot;&quot;,&quot;must_see_places&quot;:&quot;Plages, lac, sentiers de randonn\\u00e9e&quot;,&quot;markets_local_events&quot;:&quot;Animations estivales, brocantes&quot;,&quot;restaurants_specialities&quot;:&quot;Cuisine landaise, grillades&quot;,&quot;comment&quot;:&quot;Station baln\\u00e9aire familiale entre for\\u00eat et oc\\u00e9an, Seignosse allie tranquillit\\u00e9, nature et sports de glisse.&quot;,&quot;link&quot;:&quot;&quot;,&quot;image&quot;:&quot;seignosse.jpg&quot;},&quot;category&quot;:&quot;Villes aux alentours&quot;}\">\n\n            <!-- Image + badge cat\u00e9gorie -->\n            <div class=\"em-card-img-wrap\">\n                              <div class=\"em-card-placeholder\">\ud83d\udcf7 Pas d'image<\/div>\n                            <span class=\"em-card-badge badge-city\">Villes aux alentours<\/span>\n            <\/div>\n\n            <!-- Contenu de la card -->\n            <div class=\"em-card-body\">\n              <h3 class=\"em-card-title\">Seignosse<\/h3>\n\n              <!-- Tags r\u00e9sum\u00e9s (max 4) -->\n              <div class=\"em-card-tags\">\n                                              <\/div>\n\n              <!-- Champs suppl\u00e9mentaires (max 3) -->\n              <div class=\"em-card-fields\">\n                                  <div class=\"em-card-field\">\n                    <span class=\"em-card-field-label\">Lieux \/ Activit\u00e9s incontournables :<\/span>\n                    <span class=\"em-card-field-value\">Plages, lac, sentiers de randonn\u00e9e<\/span>\n                  <\/div>\n                                  <div class=\"em-card-field\">\n                    <span class=\"em-card-field-label\">March\u00e9s \/ \u00e9v\u00e9nements locaux :<\/span>\n                    <span class=\"em-card-field-value\">Animations estivales, brocantes<\/span>\n                  <\/div>\n                                  <div class=\"em-card-field\">\n                    <span class=\"em-card-field-label\">Restaurants \/ sp\u00e9cialit\u00e9s :<\/span>\n                    <span class=\"em-card-field-value\">Cuisine landaise, grillades<\/span>\n                  <\/div>\n                              <\/div>\n\n              <!-- Lien vers le d\u00e9tail -->\n              <div class=\"em-card-footer\">\n                <span>Voir le d\u00e9tail<\/span>\n                <svg fill=\"none\" viewBox=\"0 0 24 24\" stroke=\"currentColor\" stroke-width=\"2\"><path stroke-linecap=\"round\" stroke-linejoin=\"round\" d=\"M13.5 4.5L21 12m0 0l-7.5 7.5M21 12H3\"><\/path><\/svg>\n              <\/div>\n            <\/div>\n          <\/article>\n                  <article class=\"em-card\"\n            data-type=\"city\"\n            data-features=\"\"\n            data-name=\"angresse\"\n            data-json=\"{&quot;name&quot;:&quot;Angresse&quot;,&quot;image&quot;:&quot;angresse.jpg&quot;,&quot;link&quot;:&quot;&quot;,&quot;data&quot;:{&quot;name&quot;:&quot;Angresse&quot;,&quot;distance_kilometers&quot;:&quot;&quot;,&quot;driving_time_minutes&quot;:&quot;&quot;,&quot;must_see_places&quot;:&quot;Plages, centre ville, lac&quot;,&quot;markets_local_events&quot;:&quot;March\\u00e9 (jeudi matin), animations estivales&quot;,&quot;restaurants_specialities&quot;:&quot;Cuisine locale, grillades&quot;,&quot;comment&quot;:&quot;Station \\u00e0 taille humaine, Angresse s\\u00e9duit par ses plages, son lac et son ambiance conviviale.&quot;,&quot;link&quot;:&quot;&quot;,&quot;image&quot;:&quot;angresse.jpg&quot;},&quot;category&quot;:&quot;Villes aux alentours&quot;}\">\n\n            <!-- Image + badge cat\u00e9gorie -->\n            <div class=\"em-card-img-wrap\">\n                              <div class=\"em-card-placeholder\">\ud83d\udcf7 Pas d'image<\/div>\n                            <span class=\"em-card-badge badge-city\">Villes aux alentours<\/span>\n            <\/div>\n\n            <!-- Contenu de la card -->\n            <div class=\"em-card-body\">\n              <h3 class=\"em-card-title\">Angresse<\/h3>\n\n              <!-- Tags r\u00e9sum\u00e9s (max 4) -->\n              <div class=\"em-card-tags\">\n                                              <\/div>\n\n              <!-- Champs suppl\u00e9mentaires (max 3) -->\n              <div class=\"em-card-fields\">\n                                  <div class=\"em-card-field\">\n                    <span class=\"em-card-field-label\">Lieux \/ Activit\u00e9s incontournables :<\/span>\n                    <span class=\"em-card-field-value\">Plages, centre ville, lac<\/span>\n                  <\/div>\n                                  <div class=\"em-card-field\">\n                    <span class=\"em-card-field-label\">March\u00e9s \/ \u00e9v\u00e9nements locaux :<\/span>\n                    <span class=\"em-card-field-value\">March\u00e9 (jeudi matin), animations estivales<\/span>\n                  <\/div>\n                                  <div class=\"em-card-field\">\n                    <span class=\"em-card-field-label\">Restaurants \/ sp\u00e9cialit\u00e9s :<\/span>\n                    <span class=\"em-card-field-value\">Cuisine locale, grillades<\/span>\n                  <\/div>\n                              <\/div>\n\n              <!-- Lien vers le d\u00e9tail -->\n              <div class=\"em-card-footer\">\n                <span>Voir le d\u00e9tail<\/span>\n                <svg fill=\"none\" viewBox=\"0 0 24 24\" stroke=\"currentColor\" stroke-width=\"2\"><path stroke-linecap=\"round\" stroke-linejoin=\"round\" d=\"M13.5 4.5L21 12m0 0l-7.5 7.5M21 12H3\"><\/path><\/svg>\n              <\/div>\n            <\/div>\n          <\/article>\n                  <article class=\"em-card\"\n            data-type=\"city\"\n            data-features=\"\"\n            data-name=\"tarnos\"\n            data-json=\"{&quot;name&quot;:&quot;Tarnos&quot;,&quot;image&quot;:&quot;tarnos.jpg&quot;,&quot;link&quot;:&quot;&quot;,&quot;data&quot;:{&quot;name&quot;:&quot;Tarnos&quot;,&quot;distance_kilometers&quot;:&quot;&quot;,&quot;driving_time_minutes&quot;:&quot;&quot;,&quot;must_see_places&quot;:&quot;Plages, lagunes, \\u00e9glise Saint Laurent&quot;,&quot;markets_local_events&quot;:&quot;March\\u00e9 (mercredi &amp; samedi matin), animations festives&quot;,&quot;restaurants_specialities&quot;:&quot;Cuisine landaise, grillades&quot;,&quot;comment&quot;:&quot;Ville \\u00e0 la fronti\\u00e8re avec le Pays Basque, Tarnos est appr\\u00e9ci\\u00e9e pour ses plages, ses sentiers de randonn\\u00e9e et ses panoramas.&quot;,&quot;link&quot;:&quot;&quot;,&quot;image&quot;:&quot;tarnos.jpg&quot;},&quot;category&quot;:&quot;Villes aux alentours&quot;}\">\n\n            <!-- Image + badge cat\u00e9gorie -->\n            <div class=\"em-card-img-wrap\">\n                              <div class=\"em-card-placeholder\">\ud83d\udcf7 Pas d'image<\/div>\n                            <span class=\"em-card-badge badge-city\">Villes aux alentours<\/span>\n            <\/div>\n\n            <!-- Contenu de la card -->\n            <div class=\"em-card-body\">\n              <h3 class=\"em-card-title\">Tarnos<\/h3>\n\n              <!-- Tags r\u00e9sum\u00e9s (max 4) -->\n              <div class=\"em-card-tags\">\n                                              <\/div>\n\n              <!-- Champs suppl\u00e9mentaires (max 3) -->\n              <div class=\"em-card-fields\">\n                                  <div class=\"em-card-field\">\n                    <span class=\"em-card-field-label\">Lieux \/ Activit\u00e9s incontournables :<\/span>\n                    <span class=\"em-card-field-value\">Plages, lagunes, \u00e9glise Saint Laurent<\/span>\n                  <\/div>\n                                  <div class=\"em-card-field\">\n                    <span class=\"em-card-field-label\">March\u00e9s \/ \u00e9v\u00e9nements locaux :<\/span>\n                    <span class=\"em-card-field-value\">March\u00e9 (mercredi &amp; samedi matin), animations festives<\/span>\n                  <\/div>\n                                  <div class=\"em-card-field\">\n                    <span class=\"em-card-field-label\">Restaurants \/ sp\u00e9cialit\u00e9s :<\/span>\n                    <span class=\"em-card-field-value\">Cuisine landaise, grillades<\/span>\n                  <\/div>\n                              <\/div>\n\n              <!-- Lien vers le d\u00e9tail -->\n              <div class=\"em-card-footer\">\n                <span>Voir le d\u00e9tail<\/span>\n                <svg fill=\"none\" viewBox=\"0 0 24 24\" stroke=\"currentColor\" stroke-width=\"2\"><path stroke-linecap=\"round\" stroke-linejoin=\"round\" d=\"M13.5 4.5L21 12m0 0l-7.5 7.5M21 12H3\"><\/path><\/svg>\n              <\/div>\n            <\/div>\n          <\/article>\n                  <article class=\"em-card\"\n            data-type=\"city\"\n            data-features=\"\"\n            data-name=\"saint-paul-en-born\"\n            data-json=\"{&quot;name&quot;:&quot;Saint-Paul-en-Born&quot;,&quot;image&quot;:&quot;&quot;,&quot;link&quot;:&quot;https:\\\/\\\/www.saint-paul-en-born.fr&quot;,&quot;data&quot;:{&quot;name&quot;:&quot;Saint-Paul-en-Born&quot;,&quot;distance_kilometers&quot;:&quot;~3 km&quot;,&quot;driving_time_minutes&quot;:&quot;~5 min&quot;,&quot;must_see_places&quot;:&quot;For\\u00eat des Landes, ruisseau de Canteloup, ancienne voie littorale des chemins de Saint-Jacques-de-Compostelle&quot;,&quot;markets_local_events&quot;:&quot;Festival en for\\u00eat avec conf\\u00e9rences, vernissage, artisanat et concerts (ex. Nuit des for\\u00eats)&quot;,&quot;restaurants_specialities&quot;:&quot;Cuisine landaise locale&quot;,&quot;comment&quot;:&quot;Commune tr\\u00e8s proche du camping, id\\u00e9al pour d\\u00e9couvrir la nature et la culture locale&quot;,&quot;link&quot;:&quot;https:\\\/\\\/www.saint-paul-en-born.fr&quot;,&quot;image&quot;:&quot;&quot;},&quot;category&quot;:&quot;Villes aux alentours&quot;}\">\n\n            <!-- Image + badge cat\u00e9gorie -->\n            <div class=\"em-card-img-wrap\">\n                              <div class=\"em-card-placeholder\">\ud83d\udcf7 Pas d'image<\/div>\n                            <span class=\"em-card-badge badge-city\">Villes aux alentours<\/span>\n            <\/div>\n\n            <!-- Contenu de la card -->\n            <div class=\"em-card-body\">\n              <h3 class=\"em-card-title\">Saint-Paul-en-Born<\/h3>\n\n              <!-- Tags r\u00e9sum\u00e9s (max 4) -->\n              <div class=\"em-card-tags\">\n                                    <span class=\"em-tag em-tag-blue\">~3 km km<\/span>\n                                    <span class=\"em-tag em-tag-orange\">~5 min min<\/span>\n                                              <\/div>\n\n              <!-- Champs suppl\u00e9mentaires (max 3) -->\n              <div class=\"em-card-fields\">\n                                  <div class=\"em-card-field\">\n                    <span class=\"em-card-field-label\">Lieux \/ Activit\u00e9s incontournables :<\/span>\n                    <span class=\"em-card-field-value\">For\u00eat des Landes, ruisseau de Canteloup, ancienne voie litto<\/span>\n                  <\/div>\n                                  <div class=\"em-card-field\">\n                    <span class=\"em-card-field-label\">March\u00e9s \/ \u00e9v\u00e9nements locaux :<\/span>\n                    <span class=\"em-card-field-value\">Festival en for\u00eat avec conf\u00e9rences, vernissage, artisanat et<\/span>\n                  <\/div>\n                                  <div class=\"em-card-field\">\n                    <span class=\"em-card-field-label\">Restaurants \/ sp\u00e9cialit\u00e9s :<\/span>\n                    <span class=\"em-card-field-value\">Cuisine landaise locale<\/span>\n                  <\/div>\n                              <\/div>\n\n              <!-- Lien vers le d\u00e9tail -->\n              <div class=\"em-card-footer\">\n                <span>Voir le d\u00e9tail<\/span>\n                <svg fill=\"none\" viewBox=\"0 0 24 24\" stroke=\"currentColor\" stroke-width=\"2\"><path stroke-linecap=\"round\" stroke-linejoin=\"round\" d=\"M13.5 4.5L21 12m0 0l-7.5 7.5M21 12H3\"><\/path><\/svg>\n              <\/div>\n            <\/div>\n          <\/article>\n                  <article class=\"em-card\"\n            data-type=\"city\"\n            data-features=\"\"\n            data-name=\"aureilhan\"\n            data-json=\"{&quot;name&quot;:&quot;Aureilhan&quot;,&quot;image&quot;:&quot;&quot;,&quot;link&quot;:&quot;https:\\\/\\\/fr.wikipedia.org\\\/wiki\\\/Aureilhan_(Landes)&quot;,&quot;data&quot;:{&quot;name&quot;:&quot;Aureilhan&quot;,&quot;distance_kilometers&quot;:&quot;~4 km&quot;,&quot;driving_time_minutes&quot;:&quot;~7 min&quot;,&quot;must_see_places&quot;:&quot;\\u00c9tang d\\u2019Aureilhan, zones naturelles prot\\u00e9g\\u00e9es&quot;,&quot;markets_local_events&quot;:&quot;March\\u00e9 local traditionnel&quot;,&quot;restaurants_specialities&quot;:&quot;Sp\\u00e9cialit\\u00e9s du Sud-Ouest et Landes&quot;,&quot;comment&quot;:&quot;Petite commune proche avec belles zones naturelles lacustres&quot;,&quot;link&quot;:&quot;https:\\\/\\\/fr.wikipedia.org\\\/wiki\\\/Aureilhan_(Landes)&quot;,&quot;image&quot;:&quot;&quot;},&quot;category&quot;:&quot;Villes aux alentours&quot;}\">\n\n            <!-- Image + badge cat\u00e9gorie -->\n            <div class=\"em-card-img-wrap\">\n                              <div class=\"em-card-placeholder\">\ud83d\udcf7 Pas d'image<\/div>\n                            <span class=\"em-card-badge badge-city\">Villes aux alentours<\/span>\n            <\/div>\n\n            <!-- Contenu de la card -->\n            <div class=\"em-card-body\">\n              <h3 class=\"em-card-title\">Aureilhan<\/h3>\n\n              <!-- Tags r\u00e9sum\u00e9s (max 4) -->\n              <div class=\"em-card-tags\">\n                                    <span class=\"em-tag em-tag-blue\">~4 km km<\/span>\n                                    <span class=\"em-tag em-tag-orange\">~7 min min<\/span>\n                                              <\/div>\n\n              <!-- Champs suppl\u00e9mentaires (max 3) -->\n              <div class=\"em-card-fields\">\n                                  <div class=\"em-card-field\">\n                    <span class=\"em-card-field-label\">Lieux \/ Activit\u00e9s incontournables :<\/span>\n                    <span class=\"em-card-field-value\">\u00c9tang d\u2019Aureilhan, zones naturelles prot\u00e9g\u00e9es<\/span>\n                  <\/div>\n                                  <div class=\"em-card-field\">\n                    <span class=\"em-card-field-label\">March\u00e9s \/ \u00e9v\u00e9nements locaux :<\/span>\n                    <span class=\"em-card-field-value\">March\u00e9 local traditionnel<\/span>\n                  <\/div>\n                                  <div class=\"em-card-field\">\n                    <span class=\"em-card-field-label\">Restaurants \/ sp\u00e9cialit\u00e9s :<\/span>\n                    <span class=\"em-card-field-value\">Sp\u00e9cialit\u00e9s du Sud-Ouest et Landes<\/span>\n                  <\/div>\n                              <\/div>\n\n              <!-- Lien vers le d\u00e9tail -->\n              <div class=\"em-card-footer\">\n                <span>Voir le d\u00e9tail<\/span>\n                <svg fill=\"none\" viewBox=\"0 0 24 24\" stroke=\"currentColor\" stroke-width=\"2\"><path stroke-linecap=\"round\" stroke-linejoin=\"round\" d=\"M13.5 4.5L21 12m0 0l-7.5 7.5M21 12H3\"><\/path><\/svg>\n              <\/div>\n            <\/div>\n          <\/article>\n                  <article class=\"em-card\"\n            data-type=\"city\"\n            data-features=\"\"\n            data-name=\"bias\"\n            data-json=\"{&quot;name&quot;:&quot;Bias&quot;,&quot;image&quot;:&quot;&quot;,&quot;link&quot;:&quot;https:\\\/\\\/www.villorama.com\\\/ville\\\/bias.html&quot;,&quot;data&quot;:{&quot;name&quot;:&quot;Bias&quot;,&quot;distance_kilometers&quot;:&quot;~6 km&quot;,&quot;driving_time_minutes&quot;:&quot;~10 min&quot;,&quot;must_see_places&quot;:&quot;Paysages landais, for\\u00eat&quot;,&quot;markets_local_events&quot;:&quot;March\\u00e9 traditionnel&quot;,&quot;restaurants_specialities&quot;:&quot;Cuisine r\\u00e9gionale&quot;,&quot;comment&quot;:&quot;Calme commune typique des Landes&quot;,&quot;link&quot;:&quot;https:\\\/\\\/www.villorama.com\\\/ville\\\/bias.html&quot;,&quot;image&quot;:&quot;&quot;},&quot;category&quot;:&quot;Villes aux alentours&quot;}\">\n\n            <!-- Image + badge cat\u00e9gorie -->\n            <div class=\"em-card-img-wrap\">\n                              <div class=\"em-card-placeholder\">\ud83d\udcf7 Pas d'image<\/div>\n                            <span class=\"em-card-badge badge-city\">Villes aux alentours<\/span>\n            <\/div>\n\n            <!-- Contenu de la card -->\n            <div class=\"em-card-body\">\n              <h3 class=\"em-card-title\">Bias<\/h3>\n\n              <!-- Tags r\u00e9sum\u00e9s (max 4) -->\n              <div class=\"em-card-tags\">\n                                    <span class=\"em-tag em-tag-blue\">~6 km km<\/span>\n                                    <span class=\"em-tag em-tag-orange\">~10 min min<\/span>\n                                              <\/div>\n\n              <!-- Champs suppl\u00e9mentaires (max 3) -->\n              <div class=\"em-card-fields\">\n                                  <div class=\"em-card-field\">\n                    <span class=\"em-card-field-label\">Lieux \/ Activit\u00e9s incontournables :<\/span>\n                    <span class=\"em-card-field-value\">Paysages landais, for\u00eat<\/span>\n                  <\/div>\n                                  <div class=\"em-card-field\">\n                    <span class=\"em-card-field-label\">March\u00e9s \/ \u00e9v\u00e9nements locaux :<\/span>\n                    <span class=\"em-card-field-value\">March\u00e9 traditionnel<\/span>\n                  <\/div>\n                                  <div class=\"em-card-field\">\n                    <span class=\"em-card-field-label\">Restaurants \/ sp\u00e9cialit\u00e9s :<\/span>\n                    <span class=\"em-card-field-value\">Cuisine r\u00e9gionale<\/span>\n                  <\/div>\n                              <\/div>\n\n              <!-- Lien vers le d\u00e9tail -->\n              <div class=\"em-card-footer\">\n                <span>Voir le d\u00e9tail<\/span>\n                <svg fill=\"none\" viewBox=\"0 0 24 24\" stroke=\"currentColor\" stroke-width=\"2\"><path stroke-linecap=\"round\" stroke-linejoin=\"round\" d=\"M13.5 4.5L21 12m0 0l-7.5 7.5M21 12H3\"><\/path><\/svg>\n              <\/div>\n            <\/div>\n          <\/article>\n                  <article class=\"em-card\"\n            data-type=\"city\"\n            data-features=\"\"\n            data-name=\"m\u00e9zos\"\n            data-json=\"{&quot;name&quot;:&quot;M\\u00e9zos&quot;,&quot;image&quot;:&quot;&quot;,&quot;link&quot;:&quot;https:\\\/\\\/www.mairie-mezos.fr&quot;,&quot;data&quot;:{&quot;name&quot;:&quot;M\\u00e9zos&quot;,&quot;distance_kilometers&quot;:&quot;~6 km&quot;,&quot;driving_time_minutes&quot;:&quot;~10 min&quot;,&quot;must_see_places&quot;:&quot;For\\u00eats landaises, sentiers de randonn\\u00e9e&quot;,&quot;markets_local_events&quot;:&quot;F\\u00eates locales traditionnelles&quot;,&quot;restaurants_specialities&quot;:&quot;Produits du terroir&quot;,&quot;comment&quot;:&quot;Village rural avec une ambiance authentique&quot;,&quot;link&quot;:&quot;https:\\\/\\\/www.mairie-mezos.fr&quot;,&quot;image&quot;:&quot;&quot;},&quot;category&quot;:&quot;Villes aux alentours&quot;}\">\n\n            <!-- Image + badge cat\u00e9gorie -->\n            <div class=\"em-card-img-wrap\">\n                              <div class=\"em-card-placeholder\">\ud83d\udcf7 Pas d'image<\/div>\n                            <span class=\"em-card-badge badge-city\">Villes aux alentours<\/span>\n            <\/div>\n\n            <!-- Contenu de la card -->\n            <div class=\"em-card-body\">\n              <h3 class=\"em-card-title\">M\u00e9zos<\/h3>\n\n              <!-- Tags r\u00e9sum\u00e9s (max 4) -->\n              <div class=\"em-card-tags\">\n                                    <span class=\"em-tag em-tag-blue\">~6 km km<\/span>\n                                    <span class=\"em-tag em-tag-orange\">~10 min min<\/span>\n                                              <\/div>\n\n              <!-- Champs suppl\u00e9mentaires (max 3) -->\n              <div class=\"em-card-fields\">\n                                  <div class=\"em-card-field\">\n                    <span class=\"em-card-field-label\">Lieux \/ Activit\u00e9s incontournables :<\/span>\n                    <span class=\"em-card-field-value\">For\u00eats landaises, sentiers de randonn\u00e9e<\/span>\n                  <\/div>\n                                  <div class=\"em-card-field\">\n                    <span class=\"em-card-field-label\">March\u00e9s \/ \u00e9v\u00e9nements locaux :<\/span>\n                    <span class=\"em-card-field-value\">F\u00eates locales traditionnelles<\/span>\n                  <\/div>\n                                  <div class=\"em-card-field\">\n                    <span class=\"em-card-field-label\">Restaurants \/ sp\u00e9cialit\u00e9s :<\/span>\n                    <span class=\"em-card-field-value\">Produits du terroir<\/span>\n                  <\/div>\n                              <\/div>\n\n              <!-- Lien vers le d\u00e9tail -->\n              <div class=\"em-card-footer\">\n                <span>Voir le d\u00e9tail<\/span>\n                <svg fill=\"none\" viewBox=\"0 0 24 24\" stroke=\"currentColor\" stroke-width=\"2\"><path stroke-linecap=\"round\" stroke-linejoin=\"round\" d=\"M13.5 4.5L21 12m0 0l-7.5 7.5M21 12H3\"><\/path><\/svg>\n              <\/div>\n            <\/div>\n          <\/article>\n                  <article class=\"em-card\"\n            data-type=\"city\"\n            data-features=\"\"\n            data-name=\"gastes\"\n            data-json=\"{&quot;name&quot;:&quot;Gastes&quot;,&quot;image&quot;:&quot;&quot;,&quot;link&quot;:&quot;https:\\\/\\\/fr.wikipedia.org\\\/wiki\\\/Gastes&quot;,&quot;data&quot;:{&quot;name&quot;:&quot;Gastes&quot;,&quot;distance_kilometers&quot;:&quot;~7 km&quot;,&quot;driving_time_minutes&quot;:&quot;~12 min&quot;,&quot;must_see_places&quot;:&quot;Paysages naturels et for\\u00eats&quot;,&quot;markets_local_events&quot;:&quot;March\\u00e9s et \\u00e9v\\u00e9nements locaux&quot;,&quot;restaurants_specialities&quot;:&quot;Cuisine landaise&quot;,&quot;comment&quot;:&quot;Petit village entour\\u00e9 de nature&quot;,&quot;link&quot;:&quot;https:\\\/\\\/fr.wikipedia.org\\\/wiki\\\/Gastes&quot;,&quot;image&quot;:&quot;&quot;},&quot;category&quot;:&quot;Villes aux alentours&quot;}\">\n\n            <!-- Image + badge cat\u00e9gorie -->\n            <div class=\"em-card-img-wrap\">\n                              <div class=\"em-card-placeholder\">\ud83d\udcf7 Pas d'image<\/div>\n                            <span class=\"em-card-badge badge-city\">Villes aux alentours<\/span>\n            <\/div>\n\n            <!-- Contenu de la card -->\n            <div class=\"em-card-body\">\n              <h3 class=\"em-card-title\">Gastes<\/h3>\n\n              <!-- Tags r\u00e9sum\u00e9s (max 4) -->\n              <div class=\"em-card-tags\">\n                                    <span class=\"em-tag em-tag-blue\">~7 km km<\/span>\n                                    <span class=\"em-tag em-tag-orange\">~12 min min<\/span>\n                                              <\/div>\n\n              <!-- Champs suppl\u00e9mentaires (max 3) -->\n              <div class=\"em-card-fields\">\n                                  <div class=\"em-card-field\">\n                    <span class=\"em-card-field-label\">Lieux \/ Activit\u00e9s incontournables :<\/span>\n                    <span class=\"em-card-field-value\">Paysages naturels et for\u00eats<\/span>\n                  <\/div>\n                                  <div class=\"em-card-field\">\n                    <span class=\"em-card-field-label\">March\u00e9s \/ \u00e9v\u00e9nements locaux :<\/span>\n                    <span class=\"em-card-field-value\">March\u00e9s et \u00e9v\u00e9nements locaux<\/span>\n                  <\/div>\n                                  <div class=\"em-card-field\">\n                    <span class=\"em-card-field-label\">Restaurants \/ sp\u00e9cialit\u00e9s :<\/span>\n                    <span class=\"em-card-field-value\">Cuisine landaise<\/span>\n                  <\/div>\n                              <\/div>\n\n              <!-- Lien vers le d\u00e9tail -->\n              <div class=\"em-card-footer\">\n                <span>Voir le d\u00e9tail<\/span>\n                <svg fill=\"none\" viewBox=\"0 0 24 24\" stroke=\"currentColor\" stroke-width=\"2\"><path stroke-linecap=\"round\" stroke-linejoin=\"round\" d=\"M13.5 4.5L21 12m0 0l-7.5 7.5M21 12H3\"><\/path><\/svg>\n              <\/div>\n            <\/div>\n          <\/article>\n                  <article class=\"em-card\"\n            data-type=\"city\"\n            data-features=\"\"\n            data-name=\"escource\"\n            data-json=\"{&quot;name&quot;:&quot;Escource&quot;,&quot;image&quot;:&quot;&quot;,&quot;link&quot;:&quot;https:\\\/\\\/fr.wikipedia.org\\\/wiki\\\/Escource&quot;,&quot;data&quot;:{&quot;name&quot;:&quot;Escource&quot;,&quot;distance_kilometers&quot;:&quot;~8 km&quot;,&quot;driving_time_minutes&quot;:&quot;~13 min&quot;,&quot;must_see_places&quot;:&quot;Paysages forestiers des Landes&quot;,&quot;markets_local_events&quot;:&quot;Animations rurales&quot;,&quot;restaurants_specialities&quot;:&quot;Sp\\u00e9cialit\\u00e9s locale&quot;,&quot;comment&quot;:&quot;Commune proche offrant une exp\\u00e9rience landaise authentique&quot;,&quot;link&quot;:&quot;https:\\\/\\\/fr.wikipedia.org\\\/wiki\\\/Escource&quot;,&quot;image&quot;:&quot;&quot;},&quot;category&quot;:&quot;Villes aux alentours&quot;}\">\n\n            <!-- Image + badge cat\u00e9gorie -->\n            <div class=\"em-card-img-wrap\">\n                              <div class=\"em-card-placeholder\">\ud83d\udcf7 Pas d'image<\/div>\n                            <span class=\"em-card-badge badge-city\">Villes aux alentours<\/span>\n            <\/div>\n\n            <!-- Contenu de la card -->\n            <div class=\"em-card-body\">\n              <h3 class=\"em-card-title\">Escource<\/h3>\n\n              <!-- Tags r\u00e9sum\u00e9s (max 4) -->\n              <div class=\"em-card-tags\">\n                                    <span class=\"em-tag em-tag-blue\">~8 km km<\/span>\n                                    <span class=\"em-tag em-tag-orange\">~13 min min<\/span>\n                                              <\/div>\n\n              <!-- Champs suppl\u00e9mentaires (max 3) -->\n              <div class=\"em-card-fields\">\n                                  <div class=\"em-card-field\">\n                    <span class=\"em-card-field-label\">Lieux \/ Activit\u00e9s incontournables :<\/span>\n                    <span class=\"em-card-field-value\">Paysages forestiers des Landes<\/span>\n                  <\/div>\n                                  <div class=\"em-card-field\">\n                    <span class=\"em-card-field-label\">March\u00e9s \/ \u00e9v\u00e9nements locaux :<\/span>\n                    <span class=\"em-card-field-value\">Animations rurales<\/span>\n                  <\/div>\n                                  <div class=\"em-card-field\">\n                    <span class=\"em-card-field-label\">Restaurants \/ sp\u00e9cialit\u00e9s :<\/span>\n                    <span class=\"em-card-field-value\">Sp\u00e9cialit\u00e9s locale<\/span>\n                  <\/div>\n                              <\/div>\n\n              <!-- Lien vers le d\u00e9tail -->\n              <div class=\"em-card-footer\">\n                <span>Voir le d\u00e9tail<\/span>\n                <svg fill=\"none\" viewBox=\"0 0 24 24\" stroke=\"currentColor\" stroke-width=\"2\"><path stroke-linecap=\"round\" stroke-linejoin=\"round\" d=\"M13.5 4.5L21 12m0 0l-7.5 7.5M21 12H3\"><\/path><\/svg>\n              <\/div>\n            <\/div>\n          <\/article>\n                  <article class=\"em-card\"\n            data-type=\"city\"\n            data-features=\"\"\n            data-name=\"sainte-eulalie-en-born\"\n            data-json=\"{&quot;name&quot;:&quot;Sainte-Eulalie-en-Born&quot;,&quot;image&quot;:&quot;&quot;,&quot;link&quot;:&quot;https:\\\/\\\/www.villorama.com\\\/ville\\\/sainte-eulalie-en-born.html&quot;,&quot;data&quot;:{&quot;name&quot;:&quot;Sainte-Eulalie-en-Born&quot;,&quot;distance_kilometers&quot;:&quot;~8 km&quot;,&quot;driving_time_minutes&quot;:&quot;~13 min&quot;,&quot;must_see_places&quot;:&quot;Lac, sites naturels&quot;,&quot;markets_local_events&quot;:&quot;March\\u00e9s et f\\u00eates locales&quot;,&quot;restaurants_specialities&quot;:&quot;Cuisine r\\u00e9gionale&quot;,&quot;comment&quot;:&quot;Village agr\\u00e9able proche du lac et de la nature&quot;,&quot;link&quot;:&quot;https:\\\/\\\/www.villorama.com\\\/ville\\\/sainte-eulalie-en-born.html&quot;,&quot;image&quot;:&quot;&quot;},&quot;category&quot;:&quot;Villes aux alentours&quot;}\">\n\n            <!-- Image + badge cat\u00e9gorie -->\n            <div class=\"em-card-img-wrap\">\n                              <div class=\"em-card-placeholder\">\ud83d\udcf7 Pas d'image<\/div>\n                            <span class=\"em-card-badge badge-city\">Villes aux alentours<\/span>\n            <\/div>\n\n            <!-- Contenu de la card -->\n            <div class=\"em-card-body\">\n              <h3 class=\"em-card-title\">Sainte-Eulalie-en-Born<\/h3>\n\n              <!-- Tags r\u00e9sum\u00e9s (max 4) -->\n              <div class=\"em-card-tags\">\n                                    <span class=\"em-tag em-tag-blue\">~8 km km<\/span>\n                                    <span class=\"em-tag em-tag-orange\">~13 min min<\/span>\n                                              <\/div>\n\n              <!-- Champs suppl\u00e9mentaires (max 3) -->\n              <div class=\"em-card-fields\">\n                                  <div class=\"em-card-field\">\n                    <span class=\"em-card-field-label\">Lieux \/ Activit\u00e9s incontournables :<\/span>\n                    <span class=\"em-card-field-value\">Lac, sites naturels<\/span>\n                  <\/div>\n                                  <div class=\"em-card-field\">\n                    <span class=\"em-card-field-label\">March\u00e9s \/ \u00e9v\u00e9nements locaux :<\/span>\n                    <span class=\"em-card-field-value\">March\u00e9s et f\u00eates locales<\/span>\n                  <\/div>\n                                  <div class=\"em-card-field\">\n                    <span class=\"em-card-field-label\">Restaurants \/ sp\u00e9cialit\u00e9s :<\/span>\n                    <span class=\"em-card-field-value\">Cuisine r\u00e9gionale<\/span>\n                  <\/div>\n                              <\/div>\n\n              <!-- Lien vers le d\u00e9tail -->\n              <div class=\"em-card-footer\">\n                <span>Voir le d\u00e9tail<\/span>\n                <svg fill=\"none\" viewBox=\"0 0 24 24\" stroke=\"currentColor\" stroke-width=\"2\"><path stroke-linecap=\"round\" stroke-linejoin=\"round\" d=\"M13.5 4.5L21 12m0 0l-7.5 7.5M21 12H3\"><\/path><\/svg>\n              <\/div>\n            <\/div>\n          <\/article>\n                  <article class=\"em-card\"\n            data-type=\"city\"\n            data-features=\"\"\n            data-name=\"magescq\"\n            data-json=\"{&quot;name&quot;:&quot;Magescq&quot;,&quot;image&quot;:&quot;&quot;,&quot;link&quot;:&quot;https:\\\/\\\/fr.wikipedia.org\\\/wiki\\\/Magescq&quot;,&quot;data&quot;:{&quot;name&quot;:&quot;Magescq&quot;,&quot;distance_kilometers&quot;:&quot;~17 km&quot;,&quot;driving_time_minutes&quot;:&quot;~20 min&quot;,&quot;must_see_places&quot;:&quot;Patrimoine traditionnel, nature environnante&quot;,&quot;markets_local_events&quot;:&quot;March\\u00e9s et foires&quot;,&quot;restaurants_specialities&quot;:&quot;Produits artisanaux locaux&quot;,&quot;comment&quot;:&quot;Commune plus \\u00e9loign\\u00e9e avec dynamique festive&quot;,&quot;link&quot;:&quot;https:\\\/\\\/fr.wikipedia.org\\\/wiki\\\/Magescq&quot;,&quot;image&quot;:&quot;&quot;},&quot;category&quot;:&quot;Villes aux alentours&quot;}\">\n\n            <!-- Image + badge cat\u00e9gorie -->\n            <div class=\"em-card-img-wrap\">\n                              <div class=\"em-card-placeholder\">\ud83d\udcf7 Pas d'image<\/div>\n                            <span class=\"em-card-badge badge-city\">Villes aux alentours<\/span>\n            <\/div>\n\n            <!-- Contenu de la card -->\n            <div class=\"em-card-body\">\n              <h3 class=\"em-card-title\">Magescq<\/h3>\n\n              <!-- Tags r\u00e9sum\u00e9s (max 4) -->\n              <div class=\"em-card-tags\">\n                                    <span class=\"em-tag em-tag-blue\">~17 km km<\/span>\n                                    <span class=\"em-tag em-tag-orange\">~20 min min<\/span>\n                                              <\/div>\n\n              <!-- Champs suppl\u00e9mentaires (max 3) -->\n              <div class=\"em-card-fields\">\n                                  <div class=\"em-card-field\">\n                    <span class=\"em-card-field-label\">Lieux \/ Activit\u00e9s incontournables :<\/span>\n                    <span class=\"em-card-field-value\">Patrimoine traditionnel, nature environnante<\/span>\n                  <\/div>\n                                  <div class=\"em-card-field\">\n                    <span class=\"em-card-field-label\">March\u00e9s \/ \u00e9v\u00e9nements locaux :<\/span>\n                    <span class=\"em-card-field-value\">March\u00e9s et foires<\/span>\n                  <\/div>\n                                  <div class=\"em-card-field\">\n                    <span class=\"em-card-field-label\">Restaurants \/ sp\u00e9cialit\u00e9s :<\/span>\n                    <span class=\"em-card-field-value\">Produits artisanaux locaux<\/span>\n                  <\/div>\n                              <\/div>\n\n              <!-- Lien vers le d\u00e9tail -->\n              <div class=\"em-card-footer\">\n                <span>Voir le d\u00e9tail<\/span>\n                <svg fill=\"none\" viewBox=\"0 0 24 24\" stroke=\"currentColor\" stroke-width=\"2\"><path stroke-linecap=\"round\" stroke-linejoin=\"round\" d=\"M13.5 4.5L21 12m0 0l-7.5 7.5M21 12H3\"><\/path><\/svg>\n              <\/div>\n            <\/div>\n          <\/article>\n                  <article class=\"em-card\"\n            data-type=\"city\"\n            data-features=\"\"\n            data-name=\"ychoux\"\n            data-json=\"{&quot;name&quot;:&quot;Ychoux&quot;,&quot;image&quot;:&quot;&quot;,&quot;link&quot;:&quot;https:\\\/\\\/fr.wikipedia.org\\\/wiki\\\/Ychoux&quot;,&quot;data&quot;:{&quot;name&quot;:&quot;Ychoux&quot;,&quot;distance_kilometers&quot;:&quot;~18 km&quot;,&quot;driving_time_minutes&quot;:&quot;~20 min&quot;,&quot;must_see_places&quot;:&quot;For\\u00eats et zones agricoles&quot;,&quot;markets_local_events&quot;:&quot;\\u00c9v\\u00e9nements traditionnels&quot;,&quot;restaurants_specialities&quot;:&quot;Cuisine du terroir&quot;,&quot;comment&quot;:&quot;Village rural typique des Landes&quot;,&quot;link&quot;:&quot;https:\\\/\\\/fr.wikipedia.org\\\/wiki\\\/Ychoux&quot;,&quot;image&quot;:&quot;&quot;},&quot;category&quot;:&quot;Villes aux alentours&quot;}\">\n\n            <!-- Image + badge cat\u00e9gorie -->\n            <div class=\"em-card-img-wrap\">\n                              <div class=\"em-card-placeholder\">\ud83d\udcf7 Pas d'image<\/div>\n                            <span class=\"em-card-badge badge-city\">Villes aux alentours<\/span>\n            <\/div>\n\n            <!-- Contenu de la card -->\n            <div class=\"em-card-body\">\n              <h3 class=\"em-card-title\">Ychoux<\/h3>\n\n              <!-- Tags r\u00e9sum\u00e9s (max 4) -->\n              <div class=\"em-card-tags\">\n                                    <span class=\"em-tag em-tag-blue\">~18 km km<\/span>\n                                    <span class=\"em-tag em-tag-orange\">~20 min min<\/span>\n                                              <\/div>\n\n              <!-- Champs suppl\u00e9mentaires (max 3) -->\n              <div class=\"em-card-fields\">\n                                  <div class=\"em-card-field\">\n                    <span class=\"em-card-field-label\">Lieux \/ Activit\u00e9s incontournables :<\/span>\n                    <span class=\"em-card-field-value\">For\u00eats et zones agricoles<\/span>\n                  <\/div>\n                                  <div class=\"em-card-field\">\n                    <span class=\"em-card-field-label\">March\u00e9s \/ \u00e9v\u00e9nements locaux :<\/span>\n                    <span class=\"em-card-field-value\">\u00c9v\u00e9nements traditionnels<\/span>\n                  <\/div>\n                                  <div class=\"em-card-field\">\n                    <span class=\"em-card-field-label\">Restaurants \/ sp\u00e9cialit\u00e9s :<\/span>\n                    <span class=\"em-card-field-value\">Cuisine du terroir<\/span>\n                  <\/div>\n                              <\/div>\n\n              <!-- Lien vers le d\u00e9tail -->\n              <div class=\"em-card-footer\">\n                <span>Voir le d\u00e9tail<\/span>\n                <svg fill=\"none\" viewBox=\"0 0 24 24\" stroke=\"currentColor\" stroke-width=\"2\"><path stroke-linecap=\"round\" stroke-linejoin=\"round\" d=\"M13.5 4.5L21 12m0 0l-7.5 7.5M21 12H3\"><\/path><\/svg>\n              <\/div>\n            <\/div>\n          <\/article>\n                  <article class=\"em-card\"\n            data-type=\"city\"\n            data-features=\"\"\n            data-name=\"prechacq-les-bains\"\n            data-json=\"{&quot;name&quot;:&quot;Prechacq-les-Bains&quot;,&quot;image&quot;:&quot;&quot;,&quot;link&quot;:&quot;https:\\\/\\\/fr.wikipedia.org\\\/wiki\\\/Pr\\u00e9chacq-les-Bains&quot;,&quot;data&quot;:{&quot;name&quot;:&quot;Prechacq-les-Bains&quot;,&quot;distance_kilometers&quot;:&quot;~25 km&quot;,&quot;driving_time_minutes&quot;:&quot;~25 min&quot;,&quot;must_see_places&quot;:&quot;Thermes, nature pr\\u00e9serv\\u00e9e&quot;,&quot;markets_local_events&quot;:&quot;March\\u00e9s et animations locales&quot;,&quot;restaurants_specialities&quot;:&quot;Sp\\u00e9cialit\\u00e9s r\\u00e9gionales&quot;,&quot;comment&quot;:&quot;Connu pour ses activit\\u00e9s thermales et nature&quot;,&quot;link&quot;:&quot;https:\\\/\\\/fr.wikipedia.org\\\/wiki\\\/Pr\\u00e9chacq-les-Bains&quot;,&quot;image&quot;:&quot;&quot;},&quot;category&quot;:&quot;Villes aux alentours&quot;}\">\n\n            <!-- Image + badge cat\u00e9gorie -->\n            <div class=\"em-card-img-wrap\">\n                              <div class=\"em-card-placeholder\">\ud83d\udcf7 Pas d'image<\/div>\n                            <span class=\"em-card-badge badge-city\">Villes aux alentours<\/span>\n            <\/div>\n\n            <!-- Contenu de la card -->\n            <div class=\"em-card-body\">\n              <h3 class=\"em-card-title\">Prechacq-les-Bains<\/h3>\n\n              <!-- Tags r\u00e9sum\u00e9s (max 4) -->\n              <div class=\"em-card-tags\">\n                                    <span class=\"em-tag em-tag-blue\">~25 km km<\/span>\n                                    <span class=\"em-tag em-tag-orange\">~25 min min<\/span>\n                                              <\/div>\n\n              <!-- Champs suppl\u00e9mentaires (max 3) -->\n              <div class=\"em-card-fields\">\n                                  <div class=\"em-card-field\">\n                    <span class=\"em-card-field-label\">Lieux \/ Activit\u00e9s incontournables :<\/span>\n                    <span class=\"em-card-field-value\">Thermes, nature pr\u00e9serv\u00e9e<\/span>\n                  <\/div>\n                                  <div class=\"em-card-field\">\n                    <span class=\"em-card-field-label\">March\u00e9s \/ \u00e9v\u00e9nements locaux :<\/span>\n                    <span class=\"em-card-field-value\">March\u00e9s et animations locales<\/span>\n                  <\/div>\n                                  <div class=\"em-card-field\">\n                    <span class=\"em-card-field-label\">Restaurants \/ sp\u00e9cialit\u00e9s :<\/span>\n                    <span class=\"em-card-field-value\">Sp\u00e9cialit\u00e9s r\u00e9gionales<\/span>\n                  <\/div>\n                              <\/div>\n\n              <!-- Lien vers le d\u00e9tail -->\n              <div class=\"em-card-footer\">\n                <span>Voir le d\u00e9tail<\/span>\n                <svg fill=\"none\" viewBox=\"0 0 24 24\" stroke=\"currentColor\" stroke-width=\"2\"><path stroke-linecap=\"round\" stroke-linejoin=\"round\" d=\"M13.5 4.5L21 12m0 0l-7.5 7.5M21 12H3\"><\/path><\/svg>\n              <\/div>\n            <\/div>\n          <\/article>\n                  <article class=\"em-card\"\n            data-type=\"city\"\n            data-features=\"\"\n            data-name=\"sanguinet\"\n            data-json=\"{&quot;name&quot;:&quot;Sanguinet&quot;,&quot;image&quot;:&quot;&quot;,&quot;link&quot;:&quot;https:\\\/\\\/fr.wikipedia.org\\\/wiki\\\/Sanguinet&quot;,&quot;data&quot;:{&quot;name&quot;:&quot;Sanguinet&quot;,&quot;distance_kilometers&quot;:&quot;~25 km&quot;,&quot;driving_time_minutes&quot;:&quot;~30 min&quot;,&quot;must_see_places&quot;:&quot;Lac de Sanguinet, plages lacustres&quot;,&quot;markets_local_events&quot;:&quot;F\\u00eates nautiques et march\\u00e9s&quot;,&quot;restaurants_specialities&quot;:&quot;Poissons et sp\\u00e9cialit\\u00e9s r\\u00e9gionales&quot;,&quot;comment&quot;:&quot;Ville lacustre dans un cadre naturel pr\\u00e9serv\\u00e9&quot;,&quot;link&quot;:&quot;https:\\\/\\\/fr.wikipedia.org\\\/wiki\\\/Sanguinet&quot;,&quot;image&quot;:&quot;&quot;},&quot;category&quot;:&quot;Villes aux alentours&quot;}\">\n\n            <!-- Image + badge cat\u00e9gorie -->\n            <div class=\"em-card-img-wrap\">\n                              <div class=\"em-card-placeholder\">\ud83d\udcf7 Pas d'image<\/div>\n                            <span class=\"em-card-badge badge-city\">Villes aux alentours<\/span>\n            <\/div>\n\n            <!-- Contenu de la card -->\n            <div class=\"em-card-body\">\n              <h3 class=\"em-card-title\">Sanguinet<\/h3>\n\n              <!-- Tags r\u00e9sum\u00e9s (max 4) -->\n              <div class=\"em-card-tags\">\n                                    <span class=\"em-tag em-tag-blue\">~25 km km<\/span>\n                                    <span class=\"em-tag em-tag-orange\">~30 min min<\/span>\n                                              <\/div>\n\n              <!-- Champs suppl\u00e9mentaires (max 3) -->\n              <div class=\"em-card-fields\">\n                                  <div class=\"em-card-field\">\n                    <span class=\"em-card-field-label\">Lieux \/ Activit\u00e9s incontournables :<\/span>\n                    <span class=\"em-card-field-value\">Lac de Sanguinet, plages lacustres<\/span>\n                  <\/div>\n                                  <div class=\"em-card-field\">\n                    <span class=\"em-card-field-label\">March\u00e9s \/ \u00e9v\u00e9nements locaux :<\/span>\n                    <span class=\"em-card-field-value\">F\u00eates nautiques et march\u00e9s<\/span>\n                  <\/div>\n                                  <div class=\"em-card-field\">\n                    <span class=\"em-card-field-label\">Restaurants \/ sp\u00e9cialit\u00e9s :<\/span>\n                    <span class=\"em-card-field-value\">Poissons et sp\u00e9cialit\u00e9s r\u00e9gionales<\/span>\n                  <\/div>\n                              <\/div>\n\n              <!-- Lien vers le d\u00e9tail -->\n              <div class=\"em-card-footer\">\n                <span>Voir le d\u00e9tail<\/span>\n                <svg fill=\"none\" viewBox=\"0 0 24 24\" stroke=\"currentColor\" stroke-width=\"2\"><path stroke-linecap=\"round\" stroke-linejoin=\"round\" d=\"M13.5 4.5L21 12m0 0l-7.5 7.5M21 12H3\"><\/path><\/svg>\n              <\/div>\n            <\/div>\n          <\/article>\n                  <article class=\"em-card\"\n            data-type=\"city\"\n            data-features=\"\"\n            data-name=\"belin-b\u00e9liet\"\n            data-json=\"{&quot;name&quot;:&quot;Belin-B\\u00e9liet&quot;,&quot;image&quot;:&quot;&quot;,&quot;link&quot;:&quot;https:\\\/\\\/fr.wikipedia.org\\\/wiki\\\/Belin-B\\u00e9liet&quot;,&quot;data&quot;:{&quot;name&quot;:&quot;Belin-B\\u00e9liet&quot;,&quot;distance_kilometers&quot;:&quot;~30 km&quot;,&quot;driving_time_minutes&quot;:&quot;~30 min&quot;,&quot;must_see_places&quot;:&quot;For\\u00eats et sentiers nature&quot;,&quot;markets_local_events&quot;:&quot;March\\u00e9s et \\u00e9v\\u00e9nements ruraux&quot;,&quot;restaurants_specialities&quot;:&quot;Cuisine aquitaine&quot;,&quot;comment&quot;:&quot;Commune proche de la Gironde et Landes&quot;,&quot;link&quot;:&quot;https:\\\/\\\/fr.wikipedia.org\\\/wiki\\\/Belin-B\\u00e9liet&quot;,&quot;image&quot;:&quot;&quot;},&quot;category&quot;:&quot;Villes aux alentours&quot;}\">\n\n            <!-- Image + badge cat\u00e9gorie -->\n            <div class=\"em-card-img-wrap\">\n                              <div class=\"em-card-placeholder\">\ud83d\udcf7 Pas d'image<\/div>\n                            <span class=\"em-card-badge badge-city\">Villes aux alentours<\/span>\n            <\/div>\n\n            <!-- Contenu de la card -->\n            <div class=\"em-card-body\">\n              <h3 class=\"em-card-title\">Belin-B\u00e9liet<\/h3>\n\n              <!-- Tags r\u00e9sum\u00e9s (max 4) -->\n              <div class=\"em-card-tags\">\n                                    <span class=\"em-tag em-tag-blue\">~30 km km<\/span>\n                                    <span class=\"em-tag em-tag-orange\">~30 min min<\/span>\n                                              <\/div>\n\n              <!-- Champs suppl\u00e9mentaires (max 3) -->\n              <div class=\"em-card-fields\">\n                                  <div class=\"em-card-field\">\n                    <span class=\"em-card-field-label\">Lieux \/ Activit\u00e9s incontournables :<\/span>\n                    <span class=\"em-card-field-value\">For\u00eats et sentiers nature<\/span>\n                  <\/div>\n                                  <div class=\"em-card-field\">\n                    <span class=\"em-card-field-label\">March\u00e9s \/ \u00e9v\u00e9nements locaux :<\/span>\n                    <span class=\"em-card-field-value\">March\u00e9s et \u00e9v\u00e9nements ruraux<\/span>\n                  <\/div>\n                                  <div class=\"em-card-field\">\n                    <span class=\"em-card-field-label\">Restaurants \/ sp\u00e9cialit\u00e9s :<\/span>\n                    <span class=\"em-card-field-value\">Cuisine aquitaine<\/span>\n                  <\/div>\n                              <\/div>\n\n              <!-- Lien vers le d\u00e9tail -->\n              <div class=\"em-card-footer\">\n                <span>Voir le d\u00e9tail<\/span>\n                <svg fill=\"none\" viewBox=\"0 0 24 24\" stroke=\"currentColor\" stroke-width=\"2\"><path stroke-linecap=\"round\" stroke-linejoin=\"round\" d=\"M13.5 4.5L21 12m0 0l-7.5 7.5M21 12H3\"><\/path><\/svg>\n              <\/div>\n            <\/div>\n          <\/article>\n                  <article class=\"em-card\"\n            data-type=\"city\"\n            data-features=\"\"\n            data-name=\"saint-lon-les-mines\"\n            data-json=\"{&quot;name&quot;:&quot;Saint-Lon-les-Mines&quot;,&quot;image&quot;:&quot;&quot;,&quot;link&quot;:&quot;https:\\\/\\\/fr.wikipedia.org\\\/wiki\\\/Saint-Lon-les-Mines&quot;,&quot;data&quot;:{&quot;name&quot;:&quot;Saint-Lon-les-Mines&quot;,&quot;distance_kilometers&quot;:&quot;~32 km&quot;,&quot;driving_time_minutes&quot;:&quot;~35 min&quot;,&quot;must_see_places&quot;:&quot;Patrimoine minier et naturel&quot;,&quot;markets_local_events&quot;:&quot;F\\u00eates de village&quot;,&quot;restaurants_specialities&quot;:&quot;Plats locaux&quot;,&quot;comment&quot;:&quot;Village au riche pass\\u00e9 minier avec nature&quot;,&quot;link&quot;:&quot;https:\\\/\\\/fr.wikipedia.org\\\/wiki\\\/Saint-Lon-les-Mines&quot;,&quot;image&quot;:&quot;&quot;},&quot;category&quot;:&quot;Villes aux alentours&quot;}\">\n\n            <!-- Image + badge cat\u00e9gorie -->\n            <div class=\"em-card-img-wrap\">\n                              <div class=\"em-card-placeholder\">\ud83d\udcf7 Pas d'image<\/div>\n                            <span class=\"em-card-badge badge-city\">Villes aux alentours<\/span>\n            <\/div>\n\n            <!-- Contenu de la card -->\n            <div class=\"em-card-body\">\n              <h3 class=\"em-card-title\">Saint-Lon-les-Mines<\/h3>\n\n              <!-- Tags r\u00e9sum\u00e9s (max 4) -->\n              <div class=\"em-card-tags\">\n                                    <span class=\"em-tag em-tag-blue\">~32 km km<\/span>\n                                    <span class=\"em-tag em-tag-orange\">~35 min min<\/span>\n                                              <\/div>\n\n              <!-- Champs suppl\u00e9mentaires (max 3) -->\n              <div class=\"em-card-fields\">\n                                  <div class=\"em-card-field\">\n                    <span class=\"em-card-field-label\">Lieux \/ Activit\u00e9s incontournables :<\/span>\n                    <span class=\"em-card-field-value\">Patrimoine minier et naturel<\/span>\n                  <\/div>\n                                  <div class=\"em-card-field\">\n                    <span class=\"em-card-field-label\">March\u00e9s \/ \u00e9v\u00e9nements locaux :<\/span>\n                    <span class=\"em-card-field-value\">F\u00eates de village<\/span>\n                  <\/div>\n                                  <div class=\"em-card-field\">\n                    <span class=\"em-card-field-label\">Restaurants \/ sp\u00e9cialit\u00e9s :<\/span>\n                    <span class=\"em-card-field-value\">Plats locaux<\/span>\n                  <\/div>\n                              <\/div>\n\n              <!-- Lien vers le d\u00e9tail -->\n              <div class=\"em-card-footer\">\n                <span>Voir le d\u00e9tail<\/span>\n                <svg fill=\"none\" viewBox=\"0 0 24 24\" stroke=\"currentColor\" stroke-width=\"2\"><path stroke-linecap=\"round\" stroke-linejoin=\"round\" d=\"M13.5 4.5L21 12m0 0l-7.5 7.5M21 12H3\"><\/path><\/svg>\n              <\/div>\n            <\/div>\n          <\/article>\n                  <article class=\"em-card\"\n            data-type=\"city\"\n            data-features=\"\"\n            data-name=\"castets\"\n            data-json=\"{&quot;name&quot;:&quot;Castets&quot;,&quot;image&quot;:&quot;&quot;,&quot;link&quot;:&quot;https:\\\/\\\/fr.wikipedia.org\\\/wiki\\\/Castets_(Landes)&quot;,&quot;data&quot;:{&quot;name&quot;:&quot;Castets&quot;,&quot;distance_kilometers&quot;:&quot;~14 km&quot;,&quot;driving_time_minutes&quot;:&quot;~15 min&quot;,&quot;must_see_places&quot;:&quot;For\\u00eat des Landes, espaces naturels&quot;,&quot;markets_local_events&quot;:&quot;Manifestations culturelles locales&quot;,&quot;restaurants_specialities&quot;:&quot;Produits du terroir&quot;,&quot;comment&quot;:&quot;Petit village typique de la r\\u00e9gion&quot;,&quot;link&quot;:&quot;https:\\\/\\\/fr.wikipedia.org\\\/wiki\\\/Castets_(Landes)&quot;,&quot;image&quot;:&quot;&quot;},&quot;category&quot;:&quot;Villes aux alentours&quot;}\">\n\n            <!-- Image + badge cat\u00e9gorie -->\n            <div class=\"em-card-img-wrap\">\n                              <div class=\"em-card-placeholder\">\ud83d\udcf7 Pas d'image<\/div>\n                            <span class=\"em-card-badge badge-city\">Villes aux alentours<\/span>\n            <\/div>\n\n            <!-- Contenu de la card -->\n            <div class=\"em-card-body\">\n              <h3 class=\"em-card-title\">Castets<\/h3>\n\n              <!-- Tags r\u00e9sum\u00e9s (max 4) -->\n              <div class=\"em-card-tags\">\n                                    <span class=\"em-tag em-tag-blue\">~14 km km<\/span>\n                                    <span class=\"em-tag em-tag-orange\">~15 min min<\/span>\n                                              <\/div>\n\n              <!-- Champs suppl\u00e9mentaires (max 3) -->\n              <div class=\"em-card-fields\">\n                                  <div class=\"em-card-field\">\n                    <span class=\"em-card-field-label\">Lieux \/ Activit\u00e9s incontournables :<\/span>\n                    <span class=\"em-card-field-value\">For\u00eat des Landes, espaces naturels<\/span>\n                  <\/div>\n                                  <div class=\"em-card-field\">\n                    <span class=\"em-card-field-label\">March\u00e9s \/ \u00e9v\u00e9nements locaux :<\/span>\n                    <span class=\"em-card-field-value\">Manifestations culturelles locales<\/span>\n                  <\/div>\n                                  <div class=\"em-card-field\">\n                    <span class=\"em-card-field-label\">Restaurants \/ sp\u00e9cialit\u00e9s :<\/span>\n                    <span class=\"em-card-field-value\">Produits du terroir<\/span>\n                  <\/div>\n                              <\/div>\n\n              <!-- Lien vers le d\u00e9tail -->\n              <div class=\"em-card-footer\">\n                <span>Voir le d\u00e9tail<\/span>\n                <svg fill=\"none\" viewBox=\"0 0 24 24\" stroke=\"currentColor\" stroke-width=\"2\"><path stroke-linecap=\"round\" stroke-linejoin=\"round\" d=\"M13.5 4.5L21 12m0 0l-7.5 7.5M21 12H3\"><\/path><\/svg>\n              <\/div>\n            <\/div>\n          <\/article>\n                  <article class=\"em-card\"\n            data-type=\"city\"\n            data-features=\"\"\n            data-name=\"onesse-et-laharie\"\n            data-json=\"{&quot;name&quot;:&quot;Onesse-et-Laharie&quot;,&quot;image&quot;:&quot;&quot;,&quot;link&quot;:&quot;https:\\\/\\\/fr.wikipedia.org\\\/wiki\\\/Onesse-et-Laharie&quot;,&quot;data&quot;:{&quot;name&quot;:&quot;Onesse-et-Laharie&quot;,&quot;distance_kilometers&quot;:&quot;~16 km&quot;,&quot;driving_time_minutes&quot;:&quot;~17 min&quot;,&quot;must_see_places&quot;:&quot;Paysages forestiers&quot;,&quot;markets_local_events&quot;:&quot;F\\u00eates traditionnelles&quot;,&quot;restaurants_specialities&quot;:&quot;Cuisine gasconne&quot;,&quot;comment&quot;:&quot;Commune rurale avec cadre naturel&quot;,&quot;link&quot;:&quot;https:\\\/\\\/fr.wikipedia.org\\\/wiki\\\/Onesse-et-Laharie&quot;,&quot;image&quot;:&quot;&quot;},&quot;category&quot;:&quot;Villes aux alentours&quot;}\">\n\n            <!-- Image + badge cat\u00e9gorie -->\n            <div class=\"em-card-img-wrap\">\n                              <div class=\"em-card-placeholder\">\ud83d\udcf7 Pas d'image<\/div>\n                            <span class=\"em-card-badge badge-city\">Villes aux alentours<\/span>\n            <\/div>\n\n            <!-- Contenu de la card -->\n            <div class=\"em-card-body\">\n              <h3 class=\"em-card-title\">Onesse-et-Laharie<\/h3>\n\n              <!-- Tags r\u00e9sum\u00e9s (max 4) -->\n              <div class=\"em-card-tags\">\n                                    <span class=\"em-tag em-tag-blue\">~16 km km<\/span>\n                                    <span class=\"em-tag em-tag-orange\">~17 min min<\/span>\n                                              <\/div>\n\n              <!-- Champs suppl\u00e9mentaires (max 3) -->\n              <div class=\"em-card-fields\">\n                                  <div class=\"em-card-field\">\n                    <span class=\"em-card-field-label\">Lieux \/ Activit\u00e9s incontournables :<\/span>\n                    <span class=\"em-card-field-value\">Paysages forestiers<\/span>\n                  <\/div>\n                                  <div class=\"em-card-field\">\n                    <span class=\"em-card-field-label\">March\u00e9s \/ \u00e9v\u00e9nements locaux :<\/span>\n                    <span class=\"em-card-field-value\">F\u00eates traditionnelles<\/span>\n                  <\/div>\n                                  <div class=\"em-card-field\">\n                    <span class=\"em-card-field-label\">Restaurants \/ sp\u00e9cialit\u00e9s :<\/span>\n                    <span class=\"em-card-field-value\">Cuisine gasconne<\/span>\n                  <\/div>\n                              <\/div>\n\n              <!-- Lien vers le d\u00e9tail -->\n              <div class=\"em-card-footer\">\n                <span>Voir le d\u00e9tail<\/span>\n                <svg fill=\"none\" viewBox=\"0 0 24 24\" stroke=\"currentColor\" stroke-width=\"2\"><path stroke-linecap=\"round\" stroke-linejoin=\"round\" d=\"M13.5 4.5L21 12m0 0l-7.5 7.5M21 12H3\"><\/path><\/svg>\n              <\/div>\n            <\/div>\n          <\/article>\n                  <article class=\"em-card\"\n            data-type=\"city\"\n            data-features=\"\"\n            data-name=\"sorde-l&#039;abbaye\"\n            data-json=\"{&quot;name&quot;:&quot;Sorde-l&#039;Abbaye&quot;,&quot;image&quot;:&quot;&quot;,&quot;link&quot;:&quot;&quot;,&quot;data&quot;:{&quot;name&quot;:&quot;Sorde-l&#039;Abbaye&quot;,&quot;distance_kilometers&quot;:&quot;}, {&quot;,&quot;driving_time_minutes&quot;:&quot;&quot;,&quot;must_see_places&quot;:&quot;Certains sites arch\\u00e9ologiques m\\u00e9di\\u00e9vaux.&quot;,&quot;markets_local_events&quot;:&quot;Foires et march\\u00e9s locaux.&quot;,&quot;restaurants_specialities&quot;:&quot;Cuisine traditionnelle et produits locaux.&quot;,&quot;comment&quot;:&quot;Sorde-l&#039;Abbaye se trouve \\u00e0 une distance raisonnable et offre une approche historique et culturelle.&quot;,&quot;link&quot;:&quot;&quot;,&quot;image&quot;:&quot;&quot;},&quot;category&quot;:&quot;Villes aux alentours&quot;}\">\n\n            <!-- Image + badge cat\u00e9gorie -->\n            <div class=\"em-card-img-wrap\">\n                              <div class=\"em-card-placeholder\">\ud83d\udcf7 Pas d'image<\/div>\n                            <span class=\"em-card-badge badge-city\">Villes aux alentours<\/span>\n            <\/div>\n\n            <!-- Contenu de la card -->\n            <div class=\"em-card-body\">\n              <h3 class=\"em-card-title\">Sorde-l&#039;Abbaye<\/h3>\n\n              <!-- Tags r\u00e9sum\u00e9s (max 4) -->\n              <div class=\"em-card-tags\">\n                                    <span class=\"em-tag em-tag-blue\">}, { km<\/span>\n                                              <\/div>\n\n              <!-- Champs suppl\u00e9mentaires (max 3) -->\n              <div class=\"em-card-fields\">\n                                  <div class=\"em-card-field\">\n                    <span class=\"em-card-field-label\">Lieux \/ Activit\u00e9s incontournables :<\/span>\n                    <span class=\"em-card-field-value\">Certains sites arch\u00e9ologiques m\u00e9di\u00e9vaux.<\/span>\n                  <\/div>\n                                  <div class=\"em-card-field\">\n                    <span class=\"em-card-field-label\">March\u00e9s \/ \u00e9v\u00e9nements locaux :<\/span>\n                    <span class=\"em-card-field-value\">Foires et march\u00e9s locaux.<\/span>\n                  <\/div>\n                                  <div class=\"em-card-field\">\n                    <span class=\"em-card-field-label\">Restaurants \/ sp\u00e9cialit\u00e9s :<\/span>\n                    <span class=\"em-card-field-value\">Cuisine traditionnelle et produits locaux.<\/span>\n                  <\/div>\n                              <\/div>\n\n              <!-- Lien vers le d\u00e9tail -->\n              <div class=\"em-card-footer\">\n                <span>Voir le d\u00e9tail<\/span>\n                <svg fill=\"none\" viewBox=\"0 0 24 24\" stroke=\"currentColor\" stroke-width=\"2\"><path stroke-linecap=\"round\" stroke-linejoin=\"round\" d=\"M13.5 4.5L21 12m0 0l-7.5 7.5M21 12H3\"><\/path><\/svg>\n              <\/div>\n            <\/div>\n          <\/article>\n                  <article class=\"em-card\"\n            data-type=\"city\"\n            data-features=\"\"\n            data-name=\"rion-des-landes\"\n            data-json=\"{&quot;name&quot;:&quot;Rion-des-Landes&quot;,&quot;image&quot;:&quot;&quot;,&quot;link&quot;:&quot;&quot;,&quot;data&quot;:{&quot;name&quot;:&quot;Rion-des-Landes&quot;,&quot;distance_kilometers&quot;:&quot;&quot;,&quot;driving_time_minutes&quot;:&quot;&quot;,&quot;must_see_places&quot;:&quot;Les for\\u00eats et les paysages naturels.&quot;,&quot;markets_local_events&quot;:&quot;March\\u00e9s locaux et festivals forestiers.&quot;,&quot;restaurants_specialities&quot;:&quot;Produits forestiers et plats traditionnels.&quot;,&quot;comment&quot;:&quot;Rion-des-Landes est proche et offre des activit\\u00e9s en milieu naturel.&quot;,&quot;link&quot;:&quot;&quot;,&quot;image&quot;:&quot;&quot;},&quot;category&quot;:&quot;Villes aux alentours&quot;}\">\n\n            <!-- Image + badge cat\u00e9gorie -->\n            <div class=\"em-card-img-wrap\">\n                              <div class=\"em-card-placeholder\">\ud83d\udcf7 Pas d'image<\/div>\n                            <span class=\"em-card-badge badge-city\">Villes aux alentours<\/span>\n            <\/div>\n\n            <!-- Contenu de la card -->\n            <div class=\"em-card-body\">\n              <h3 class=\"em-card-title\">Rion-des-Landes<\/h3>\n\n              <!-- Tags r\u00e9sum\u00e9s (max 4) -->\n              <div class=\"em-card-tags\">\n                                              <\/div>\n\n              <!-- Champs suppl\u00e9mentaires (max 3) -->\n              <div class=\"em-card-fields\">\n                                  <div class=\"em-card-field\">\n                    <span class=\"em-card-field-label\">Lieux \/ Activit\u00e9s incontournables :<\/span>\n                    <span class=\"em-card-field-value\">Les for\u00eats et les paysages naturels.<\/span>\n                  <\/div>\n                                  <div class=\"em-card-field\">\n                    <span class=\"em-card-field-label\">March\u00e9s \/ \u00e9v\u00e9nements locaux :<\/span>\n                    <span class=\"em-card-field-value\">March\u00e9s locaux et festivals forestiers.<\/span>\n                  <\/div>\n                                  <div class=\"em-card-field\">\n                    <span class=\"em-card-field-label\">Restaurants \/ sp\u00e9cialit\u00e9s :<\/span>\n                    <span class=\"em-card-field-value\">Produits forestiers et plats traditionnels.<\/span>\n                  <\/div>\n                              <\/div>\n\n              <!-- Lien vers le d\u00e9tail -->\n              <div class=\"em-card-footer\">\n                <span>Voir le d\u00e9tail<\/span>\n                <svg fill=\"none\" viewBox=\"0 0 24 24\" stroke=\"currentColor\" stroke-width=\"2\"><path stroke-linecap=\"round\" stroke-linejoin=\"round\" d=\"M13.5 4.5L21 12m0 0l-7.5 7.5M21 12H3\"><\/path><\/svg>\n              <\/div>\n            <\/div>\n          <\/article>\n                  <article class=\"em-card\"\n            data-type=\"city\"\n            data-features=\"\"\n            data-name=\"hagetmau\"\n            data-json=\"{&quot;name&quot;:&quot;Hagetmau&quot;,&quot;image&quot;:&quot;&quot;,&quot;link&quot;:&quot;&quot;,&quot;data&quot;:{&quot;name&quot;:&quot;Hagetmau&quot;,&quot;distance_kilometers&quot;:&quot;&quot;,&quot;driving_time_minutes&quot;:&quot;&quot;,&quot;must_see_places&quot;:&quot;Ch\\u00e2teau de Hagetmau&quot;,&quot;markets_local_events&quot;:&quot;March\\u00e9 hebdomadaire&quot;,&quot;restaurants_specialities&quot;:&quot;Cuisine traditionnelle et fromage de ch\\u00e8vre&quot;,&quot;comment&quot;:&quot;Hagetmau est une destination riche en histoire et gastronomie.&quot;,&quot;link&quot;:&quot;&quot;,&quot;image&quot;:&quot;&quot;},&quot;category&quot;:&quot;Villes aux alentours&quot;}\">\n\n            <!-- Image + badge cat\u00e9gorie -->\n            <div class=\"em-card-img-wrap\">\n                              <div class=\"em-card-placeholder\">\ud83d\udcf7 Pas d'image<\/div>\n                            <span class=\"em-card-badge badge-city\">Villes aux alentours<\/span>\n            <\/div>\n\n            <!-- Contenu de la card -->\n            <div class=\"em-card-body\">\n              <h3 class=\"em-card-title\">Hagetmau<\/h3>\n\n              <!-- Tags r\u00e9sum\u00e9s (max 4) -->\n              <div class=\"em-card-tags\">\n                                              <\/div>\n\n              <!-- Champs suppl\u00e9mentaires (max 3) -->\n              <div class=\"em-card-fields\">\n                                  <div class=\"em-card-field\">\n                    <span class=\"em-card-field-label\">Lieux \/ Activit\u00e9s incontournables :<\/span>\n                    <span class=\"em-card-field-value\">Ch\u00e2teau de Hagetmau<\/span>\n                  <\/div>\n                                  <div class=\"em-card-field\">\n                    <span class=\"em-card-field-label\">March\u00e9s \/ \u00e9v\u00e9nements locaux :<\/span>\n                    <span class=\"em-card-field-value\">March\u00e9 hebdomadaire<\/span>\n                  <\/div>\n                                  <div class=\"em-card-field\">\n                    <span class=\"em-card-field-label\">Restaurants \/ sp\u00e9cialit\u00e9s :<\/span>\n                    <span class=\"em-card-field-value\">Cuisine traditionnelle et fromage de ch\u00e8vre<\/span>\n                  <\/div>\n                              <\/div>\n\n              <!-- Lien vers le d\u00e9tail -->\n              <div class=\"em-card-footer\">\n                <span>Voir le d\u00e9tail<\/span>\n                <svg fill=\"none\" viewBox=\"0 0 24 24\" stroke=\"currentColor\" stroke-width=\"2\"><path stroke-linecap=\"round\" stroke-linejoin=\"round\" d=\"M13.5 4.5L21 12m0 0l-7.5 7.5M21 12H3\"><\/path><\/svg>\n              <\/div>\n            <\/div>\n          <\/article>\n                  <article class=\"em-card\"\n            data-type=\"city\"\n            data-features=\"\"\n            data-name=\"saint-geours-de-maremne\"\n            data-json=\"{&quot;name&quot;:&quot;Saint-Geours-de-Maremne&quot;,&quot;image&quot;:&quot;&quot;,&quot;link&quot;:&quot;&quot;,&quot;data&quot;:{&quot;name&quot;:&quot;Saint-Geours-de-Maremne&quot;,&quot;distance_kilometers&quot;:&quot;&quot;,&quot;driving_time_minutes&quot;:&quot;&quot;,&quot;must_see_places&quot;:&quot;Ch\\u00e2teau et sites naturels&quot;,&quot;markets_local_events&quot;:&quot;March\\u00e9s locaux&quot;,&quot;restaurants_specialities&quot;:&quot;Cuisine locale incluant des fruits de mer&quot;,&quot;comment&quot;:&quot;Saint-Geours-de-Maremne propose un m\\u00e9lange de culture et de nature.&quot;,&quot;link&quot;:&quot;&quot;,&quot;image&quot;:&quot;&quot;},&quot;category&quot;:&quot;Villes aux alentours&quot;}\">\n\n            <!-- Image + badge cat\u00e9gorie -->\n            <div class=\"em-card-img-wrap\">\n                              <div class=\"em-card-placeholder\">\ud83d\udcf7 Pas d'image<\/div>\n                            <span class=\"em-card-badge badge-city\">Villes aux alentours<\/span>\n            <\/div>\n\n            <!-- Contenu de la card -->\n            <div class=\"em-card-body\">\n              <h3 class=\"em-card-title\">Saint-Geours-de-Maremne<\/h3>\n\n              <!-- Tags r\u00e9sum\u00e9s (max 4) -->\n              <div class=\"em-card-tags\">\n                                              <\/div>\n\n              <!-- Champs suppl\u00e9mentaires (max 3) -->\n              <div class=\"em-card-fields\">\n                                  <div class=\"em-card-field\">\n                    <span class=\"em-card-field-label\">Lieux \/ Activit\u00e9s incontournables :<\/span>\n                    <span class=\"em-card-field-value\">Ch\u00e2teau et sites naturels<\/span>\n                  <\/div>\n                                  <div class=\"em-card-field\">\n                    <span class=\"em-card-field-label\">March\u00e9s \/ \u00e9v\u00e9nements locaux :<\/span>\n                    <span class=\"em-card-field-value\">March\u00e9s locaux<\/span>\n                  <\/div>\n                                  <div class=\"em-card-field\">\n                    <span class=\"em-card-field-label\">Restaurants \/ sp\u00e9cialit\u00e9s :<\/span>\n                    <span class=\"em-card-field-value\">Cuisine locale incluant des fruits de mer<\/span>\n                  <\/div>\n                              <\/div>\n\n              <!-- Lien vers le d\u00e9tail -->\n              <div class=\"em-card-footer\">\n                <span>Voir le d\u00e9tail<\/span>\n                <svg fill=\"none\" viewBox=\"0 0 24 24\" stroke=\"currentColor\" stroke-width=\"2\"><path stroke-linecap=\"round\" stroke-linejoin=\"round\" d=\"M13.5 4.5L21 12m0 0l-7.5 7.5M21 12H3\"><\/path><\/svg>\n              <\/div>\n            <\/div>\n          <\/article>\n                  <article class=\"em-card\"\n            data-type=\"city\"\n            data-features=\"\"\n            data-name=\"saint-michel-escalus\"\n            data-json=\"{&quot;name&quot;:&quot;Saint-Michel-Escalus&quot;,&quot;image&quot;:&quot;&quot;,&quot;link&quot;:&quot;&quot;,&quot;data&quot;:{&quot;name&quot;:&quot;Saint-Michel-Escalus&quot;,&quot;distance_kilometers&quot;:&quot;&quot;,&quot;driving_time_minutes&quot;:&quot;&quot;,&quot;must_see_places&quot;:&quot;\\u00c9glise et patrimoine historique&quot;,&quot;markets_local_events&quot;:&quot;\\u00c9v\\u00e9nements culturels&quot;,&quot;restaurants_specialities&quot;:&quot;Cuisine traditionnelle gasconne&quot;,&quot;comment&quot;:&quot;Saint-Michel-Escalus est un petit village avec un fort patrimoine culturel.&quot;,&quot;link&quot;:&quot;&quot;,&quot;image&quot;:&quot;&quot;},&quot;category&quot;:&quot;Villes aux alentours&quot;}\">\n\n            <!-- Image + badge cat\u00e9gorie -->\n            <div class=\"em-card-img-wrap\">\n                              <div class=\"em-card-placeholder\">\ud83d\udcf7 Pas d'image<\/div>\n                            <span class=\"em-card-badge badge-city\">Villes aux alentours<\/span>\n            <\/div>\n\n            <!-- Contenu de la card -->\n            <div class=\"em-card-body\">\n              <h3 class=\"em-card-title\">Saint-Michel-Escalus<\/h3>\n\n              <!-- Tags r\u00e9sum\u00e9s (max 4) -->\n              <div class=\"em-card-tags\">\n                                              <\/div>\n\n              <!-- Champs suppl\u00e9mentaires (max 3) -->\n              <div class=\"em-card-fields\">\n                                  <div class=\"em-card-field\">\n                    <span class=\"em-card-field-label\">Lieux \/ Activit\u00e9s incontournables :<\/span>\n                    <span class=\"em-card-field-value\">\u00c9glise et patrimoine historique<\/span>\n                  <\/div>\n                                  <div class=\"em-card-field\">\n                    <span class=\"em-card-field-label\">March\u00e9s \/ \u00e9v\u00e9nements locaux :<\/span>\n                    <span class=\"em-card-field-value\">\u00c9v\u00e9nements culturels<\/span>\n                  <\/div>\n                                  <div class=\"em-card-field\">\n                    <span class=\"em-card-field-label\">Restaurants \/ sp\u00e9cialit\u00e9s :<\/span>\n                    <span class=\"em-card-field-value\">Cuisine traditionnelle gasconne<\/span>\n                  <\/div>\n                              <\/div>\n\n              <!-- Lien vers le d\u00e9tail -->\n              <div class=\"em-card-footer\">\n                <span>Voir le d\u00e9tail<\/span>\n                <svg fill=\"none\" viewBox=\"0 0 24 24\" stroke=\"currentColor\" stroke-width=\"2\"><path stroke-linecap=\"round\" stroke-linejoin=\"round\" d=\"M13.5 4.5L21 12m0 0l-7.5 7.5M21 12H3\"><\/path><\/svg>\n              <\/div>\n            <\/div>\n          <\/article>\n                  <article class=\"em-card\"\n            data-type=\"city\"\n            data-features=\"\"\n            data-name=\"camblanes-et-meynac\"\n            data-json=\"{&quot;name&quot;:&quot;Camblanes-et-Meynac&quot;,&quot;image&quot;:&quot;&quot;,&quot;link&quot;:&quot;&quot;,&quot;data&quot;:{&quot;name&quot;:&quot;Camblanes-et-Meynac&quot;,&quot;distance_kilometers&quot;:&quot;&quot;,&quot;driving_time_minutes&quot;:&quot;&quot;,&quot;must_see_places&quot;:&quot;Vieux village et paysages&quot;,&quot;markets_local_events&quot;:&quot;March\\u00e9s locaux&quot;,&quot;restaurants_specialities&quot;:&quot;Cuisine traditionnelle bordelaise&quot;,&quot;comment&quot;:&quot;Camblanes-et-Meynac offre une exp\\u00e9rience rurale et tranquille.&quot;,&quot;link&quot;:&quot;&quot;,&quot;image&quot;:&quot;&quot;},&quot;category&quot;:&quot;Villes aux alentours&quot;}\">\n\n            <!-- Image + badge cat\u00e9gorie -->\n            <div class=\"em-card-img-wrap\">\n                              <div class=\"em-card-placeholder\">\ud83d\udcf7 Pas d'image<\/div>\n                            <span class=\"em-card-badge badge-city\">Villes aux alentours<\/span>\n            <\/div>\n\n            <!-- Contenu de la card -->\n            <div class=\"em-card-body\">\n              <h3 class=\"em-card-title\">Camblanes-et-Meynac<\/h3>\n\n              <!-- Tags r\u00e9sum\u00e9s (max 4) -->\n              <div class=\"em-card-tags\">\n                                              <\/div>\n\n              <!-- Champs suppl\u00e9mentaires (max 3) -->\n              <div class=\"em-card-fields\">\n                                  <div class=\"em-card-field\">\n                    <span class=\"em-card-field-label\">Lieux \/ Activit\u00e9s incontournables :<\/span>\n                    <span class=\"em-card-field-value\">Vieux village et paysages<\/span>\n                  <\/div>\n                                  <div class=\"em-card-field\">\n                    <span class=\"em-card-field-label\">March\u00e9s \/ \u00e9v\u00e9nements locaux :<\/span>\n                    <span class=\"em-card-field-value\">March\u00e9s locaux<\/span>\n                  <\/div>\n                                  <div class=\"em-card-field\">\n                    <span class=\"em-card-field-label\">Restaurants \/ sp\u00e9cialit\u00e9s :<\/span>\n                    <span class=\"em-card-field-value\">Cuisine traditionnelle bordelaise<\/span>\n                  <\/div>\n                              <\/div>\n\n              <!-- Lien vers le d\u00e9tail -->\n              <div class=\"em-card-footer\">\n                <span>Voir le d\u00e9tail<\/span>\n                <svg fill=\"none\" viewBox=\"0 0 24 24\" stroke=\"currentColor\" stroke-width=\"2\"><path stroke-linecap=\"round\" stroke-linejoin=\"round\" d=\"M13.5 4.5L21 12m0 0l-7.5 7.5M21 12H3\"><\/path><\/svg>\n              <\/div>\n            <\/div>\n          <\/article>\n                  <article class=\"em-card\"\n            data-type=\"city\"\n            data-features=\"\"\n            data-name=\"marcy-l&#039;\u00c9toile\"\n            data-json=\"{&quot;name&quot;:&quot;Marcy-l&#039;\\u00c9toile&quot;,&quot;image&quot;:&quot;&quot;,&quot;link&quot;:&quot;&quot;,&quot;data&quot;:{&quot;name&quot;:&quot;Marcy-l&#039;\\u00c9toile&quot;,&quot;distance_kilometers&quot;:&quot;&quot;,&quot;driving_time_minutes&quot;:&quot;&quot;,&quot;must_see_places&quot;:&quot;For\\u00eats et r\\u00e9serves naturelles&quot;,&quot;markets_local_events&quot;:&quot;Randonn\\u00e9es et \\u00e9v\\u00e9nements sportifs&quot;,&quot;restaurants_specialities&quot;:&quot;Cuisine locale et produits forestiers&quot;,&quot;comment&quot;:&quot;Marcy-l&#039;\\u00c9toile est un bon choix pour les amoureux de la nature.&quot;,&quot;link&quot;:&quot;&quot;,&quot;image&quot;:&quot;&quot;},&quot;category&quot;:&quot;Villes aux alentours&quot;}\">\n\n            <!-- Image + badge cat\u00e9gorie -->\n            <div class=\"em-card-img-wrap\">\n                              <div class=\"em-card-placeholder\">\ud83d\udcf7 Pas d'image<\/div>\n                            <span class=\"em-card-badge badge-city\">Villes aux alentours<\/span>\n            <\/div>\n\n            <!-- Contenu de la card -->\n            <div class=\"em-card-body\">\n              <h3 class=\"em-card-title\">Marcy-l&#039;\u00c9toile<\/h3>\n\n              <!-- Tags r\u00e9sum\u00e9s (max 4) -->\n              <div class=\"em-card-tags\">\n                                              <\/div>\n\n              <!-- Champs suppl\u00e9mentaires (max 3) -->\n              <div class=\"em-card-fields\">\n                                  <div class=\"em-card-field\">\n                    <span class=\"em-card-field-label\">Lieux \/ Activit\u00e9s incontournables :<\/span>\n                    <span class=\"em-card-field-value\">For\u00eats et r\u00e9serves naturelles<\/span>\n                  <\/div>\n                                  <div class=\"em-card-field\">\n                    <span class=\"em-card-field-label\">March\u00e9s \/ \u00e9v\u00e9nements locaux :<\/span>\n                    <span class=\"em-card-field-value\">Randonn\u00e9es et \u00e9v\u00e9nements sportifs<\/span>\n                  <\/div>\n                                  <div class=\"em-card-field\">\n                    <span class=\"em-card-field-label\">Restaurants \/ sp\u00e9cialit\u00e9s :<\/span>\n                    <span class=\"em-card-field-value\">Cuisine locale et produits forestiers<\/span>\n                  <\/div>\n                              <\/div>\n\n              <!-- Lien vers le d\u00e9tail -->\n              <div class=\"em-card-footer\">\n                <span>Voir le d\u00e9tail<\/span>\n                <svg fill=\"none\" viewBox=\"0 0 24 24\" stroke=\"currentColor\" stroke-width=\"2\"><path stroke-linecap=\"round\" stroke-linejoin=\"round\" d=\"M13.5 4.5L21 12m0 0l-7.5 7.5M21 12H3\"><\/path><\/svg>\n              <\/div>\n            <\/div>\n          <\/article>\n                  <article class=\"em-card\"\n            data-type=\"city\"\n            data-features=\"\"\n            data-name=\"soullans\"\n            data-json=\"{&quot;name&quot;:&quot;Soullans&quot;,&quot;image&quot;:&quot;&quot;,&quot;link&quot;:&quot;&quot;,&quot;data&quot;:{&quot;name&quot;:&quot;Soullans&quot;,&quot;distance_kilometers&quot;:&quot;&quot;,&quot;driving_time_minutes&quot;:&quot;&quot;,&quot;must_see_places&quot;:&quot;Sites arch\\u00e9ologiques et paysages c\\u00f4tiers&quot;,&quot;markets_local_events&quot;:&quot;March\\u00e9s locaux et festivals culturels&quot;,&quot;restaurants_specialities&quot;:&quot;Cuisine de mer et sp\\u00e9cialit\\u00e9s locales&quot;,&quot;comment&quot;:&quot;Soullans est id\\u00e9al pour ceux qui aiment les c\\u00f4tes et l&#039;histoire.&quot;,&quot;link&quot;:&quot;&quot;,&quot;image&quot;:&quot;&quot;},&quot;category&quot;:&quot;Villes aux alentours&quot;}\">\n\n            <!-- Image + badge cat\u00e9gorie -->\n            <div class=\"em-card-img-wrap\">\n                              <div class=\"em-card-placeholder\">\ud83d\udcf7 Pas d'image<\/div>\n                            <span class=\"em-card-badge badge-city\">Villes aux alentours<\/span>\n            <\/div>\n\n            <!-- Contenu de la card -->\n            <div class=\"em-card-body\">\n              <h3 class=\"em-card-title\">Soullans<\/h3>\n\n              <!-- Tags r\u00e9sum\u00e9s (max 4) -->\n              <div class=\"em-card-tags\">\n                                              <\/div>\n\n              <!-- Champs suppl\u00e9mentaires (max 3) -->\n              <div class=\"em-card-fields\">\n                                  <div class=\"em-card-field\">\n                    <span class=\"em-card-field-label\">Lieux \/ Activit\u00e9s incontournables :<\/span>\n                    <span class=\"em-card-field-value\">Sites arch\u00e9ologiques et paysages c\u00f4tiers<\/span>\n                  <\/div>\n                                  <div class=\"em-card-field\">\n                    <span class=\"em-card-field-label\">March\u00e9s \/ \u00e9v\u00e9nements locaux :<\/span>\n                    <span class=\"em-card-field-value\">March\u00e9s locaux et festivals culturels<\/span>\n                  <\/div>\n                                  <div class=\"em-card-field\">\n                    <span class=\"em-card-field-label\">Restaurants \/ sp\u00e9cialit\u00e9s :<\/span>\n                    <span class=\"em-card-field-value\">Cuisine de mer et sp\u00e9cialit\u00e9s locales<\/span>\n                  <\/div>\n                              <\/div>\n\n              <!-- Lien vers le d\u00e9tail -->\n              <div class=\"em-card-footer\">\n                <span>Voir le d\u00e9tail<\/span>\n                <svg fill=\"none\" viewBox=\"0 0 24 24\" stroke=\"currentColor\" stroke-width=\"2\"><path stroke-linecap=\"round\" stroke-linejoin=\"round\" d=\"M13.5 4.5L21 12m0 0l-7.5 7.5M21 12H3\"><\/path><\/svg>\n              <\/div>\n            <\/div>\n          <\/article>\n                  <article class=\"em-card\"\n            data-type=\"city\"\n            data-features=\"\"\n            data-name=\"cavignac\"\n            data-json=\"{&quot;name&quot;:&quot;Cavignac&quot;,&quot;image&quot;:&quot;&quot;,&quot;link&quot;:&quot;&quot;,&quot;data&quot;:{&quot;name&quot;:&quot;Cavignac&quot;,&quot;distance_kilometers&quot;:&quot;&quot;,&quot;driving_time_minutes&quot;:&quot;&quot;,&quot;must_see_places&quot;:&quot;Patrimoine historique et culturel&quot;,&quot;markets_local_events&quot;:&quot;March\\u00e9s hebdomadaires&quot;,&quot;restaurants_specialities&quot;:&quot;Cuisine traditionnelle et produits locaux&quot;,&quot;comment&quot;:&quot;Cavignac est riche en culture et en histoire.&quot;,&quot;link&quot;:&quot;&quot;,&quot;image&quot;:&quot;&quot;},&quot;category&quot;:&quot;Villes aux alentours&quot;}\">\n\n            <!-- Image + badge cat\u00e9gorie -->\n            <div class=\"em-card-img-wrap\">\n                              <div class=\"em-card-placeholder\">\ud83d\udcf7 Pas d'image<\/div>\n                            <span class=\"em-card-badge badge-city\">Villes aux alentours<\/span>\n            <\/div>\n\n            <!-- Contenu de la card -->\n            <div class=\"em-card-body\">\n              <h3 class=\"em-card-title\">Cavignac<\/h3>\n\n              <!-- Tags r\u00e9sum\u00e9s (max 4) -->\n              <div class=\"em-card-tags\">\n                                              <\/div>\n\n              <!-- Champs suppl\u00e9mentaires (max 3) -->\n              <div class=\"em-card-fields\">\n                                  <div class=\"em-card-field\">\n                    <span class=\"em-card-field-label\">Lieux \/ Activit\u00e9s incontournables :<\/span>\n                    <span class=\"em-card-field-value\">Patrimoine historique et culturel<\/span>\n                  <\/div>\n                                  <div class=\"em-card-field\">\n                    <span class=\"em-card-field-label\">March\u00e9s \/ \u00e9v\u00e9nements locaux :<\/span>\n                    <span class=\"em-card-field-value\">March\u00e9s hebdomadaires<\/span>\n                  <\/div>\n                                  <div class=\"em-card-field\">\n                    <span class=\"em-card-field-label\">Restaurants \/ sp\u00e9cialit\u00e9s :<\/span>\n                    <span class=\"em-card-field-value\">Cuisine traditionnelle et produits locaux<\/span>\n                  <\/div>\n                              <\/div>\n\n              <!-- Lien vers le d\u00e9tail -->\n              <div class=\"em-card-footer\">\n                <span>Voir le d\u00e9tail<\/span>\n                <svg fill=\"none\" viewBox=\"0 0 24 24\" stroke=\"currentColor\" stroke-width=\"2\"><path stroke-linecap=\"round\" stroke-linejoin=\"round\" d=\"M13.5 4.5L21 12m0 0l-7.5 7.5M21 12H3\"><\/path><\/svg>\n              <\/div>\n            <\/div>\n          <\/article>\n                  <article class=\"em-card\"\n            data-type=\"city\"\n            data-features=\"\"\n            data-name=\"montfrin\"\n            data-json=\"{&quot;name&quot;:&quot;Montfrin&quot;,&quot;image&quot;:&quot;&quot;,&quot;link&quot;:&quot;&quot;,&quot;data&quot;:{&quot;name&quot;:&quot;Montfrin&quot;,&quot;distance_kilometers&quot;:&quot;&quot;,&quot;driving_time_minutes&quot;:&quot;&quot;,&quot;must_see_places&quot;:&quot;Sites naturels et r\\u00e9serves&quot;,&quot;markets_local_events&quot;:&quot;Randonn\\u00e9es et \\u00e9v\\u00e9nements nature&quot;,&quot;restaurants_specialities&quot;:&quot;Cuisine locale et produits bio&quot;,&quot;comment&quot;:&quot;Montfrin est un endroit id\\u00e9al pour les amoureux de la nature.&quot;,&quot;link&quot;:&quot;&quot;,&quot;image&quot;:&quot;&quot;},&quot;category&quot;:&quot;Villes aux alentours&quot;}\">\n\n            <!-- Image + badge cat\u00e9gorie -->\n            <div class=\"em-card-img-wrap\">\n                              <div class=\"em-card-placeholder\">\ud83d\udcf7 Pas d'image<\/div>\n                            <span class=\"em-card-badge badge-city\">Villes aux alentours<\/span>\n            <\/div>\n\n            <!-- Contenu de la card -->\n            <div class=\"em-card-body\">\n              <h3 class=\"em-card-title\">Montfrin<\/h3>\n\n              <!-- Tags r\u00e9sum\u00e9s (max 4) -->\n              <div class=\"em-card-tags\">\n                                              <\/div>\n\n              <!-- Champs suppl\u00e9mentaires (max 3) -->\n              <div class=\"em-card-fields\">\n                                  <div class=\"em-card-field\">\n                    <span class=\"em-card-field-label\">Lieux \/ Activit\u00e9s incontournables :<\/span>\n                    <span class=\"em-card-field-value\">Sites naturels et r\u00e9serves<\/span>\n                  <\/div>\n                                  <div class=\"em-card-field\">\n                    <span class=\"em-card-field-label\">March\u00e9s \/ \u00e9v\u00e9nements locaux :<\/span>\n                    <span class=\"em-card-field-value\">Randonn\u00e9es et \u00e9v\u00e9nements nature<\/span>\n                  <\/div>\n                                  <div class=\"em-card-field\">\n                    <span class=\"em-card-field-label\">Restaurants \/ sp\u00e9cialit\u00e9s :<\/span>\n                    <span class=\"em-card-field-value\">Cuisine locale et produits bio<\/span>\n                  <\/div>\n                              <\/div>\n\n              <!-- Lien vers le d\u00e9tail -->\n              <div class=\"em-card-footer\">\n                <span>Voir le d\u00e9tail<\/span>\n                <svg fill=\"none\" viewBox=\"0 0 24 24\" stroke=\"currentColor\" stroke-width=\"2\"><path stroke-linecap=\"round\" stroke-linejoin=\"round\" d=\"M13.5 4.5L21 12m0 0l-7.5 7.5M21 12H3\"><\/path><\/svg>\n              <\/div>\n            <\/div>\n          <\/article>\n                  <article class=\"em-card\"\n            data-type=\"city\"\n            data-features=\"\"\n            data-name=\"saint-lyphard\"\n            data-json=\"{&quot;name&quot;:&quot;Saint-Lyphard&quot;,&quot;image&quot;:&quot;&quot;,&quot;link&quot;:&quot;&quot;,&quot;data&quot;:{&quot;name&quot;:&quot;Saint-Lyphard&quot;,&quot;distance_kilometers&quot;:&quot;&quot;,&quot;driving_time_minutes&quot;:&quot;&quot;,&quot;must_see_places&quot;:&quot;Historique et culturels&quot;,&quot;markets_local_events&quot;:&quot;Festivals culturels&quot;,&quot;restaurants_specialities&quot;:&quot;Cuisine traditionnelle et poisson frais&quot;,&quot;comment&quot;:&quot;Saint-Lyphard est connu pour son patrimoine historique.&quot;,&quot;link&quot;:&quot;&quot;,&quot;image&quot;:&quot;&quot;},&quot;category&quot;:&quot;Villes aux alentours&quot;}\">\n\n            <!-- Image + badge cat\u00e9gorie -->\n            <div class=\"em-card-img-wrap\">\n                              <div class=\"em-card-placeholder\">\ud83d\udcf7 Pas d'image<\/div>\n                            <span class=\"em-card-badge badge-city\">Villes aux alentours<\/span>\n            <\/div>\n\n            <!-- Contenu de la card -->\n            <div class=\"em-card-body\">\n              <h3 class=\"em-card-title\">Saint-Lyphard<\/h3>\n\n              <!-- Tags r\u00e9sum\u00e9s (max 4) -->\n              <div class=\"em-card-tags\">\n                                              <\/div>\n\n              <!-- Champs suppl\u00e9mentaires (max 3) -->\n              <div class=\"em-card-fields\">\n                                  <div class=\"em-card-field\">\n                    <span class=\"em-card-field-label\">Lieux \/ Activit\u00e9s incontournables :<\/span>\n                    <span class=\"em-card-field-value\">Historique et culturels<\/span>\n                  <\/div>\n                                  <div class=\"em-card-field\">\n                    <span class=\"em-card-field-label\">March\u00e9s \/ \u00e9v\u00e9nements locaux :<\/span>\n                    <span class=\"em-card-field-value\">Festivals culturels<\/span>\n                  <\/div>\n                                  <div class=\"em-card-field\">\n                    <span class=\"em-card-field-label\">Restaurants \/ sp\u00e9cialit\u00e9s :<\/span>\n                    <span class=\"em-card-field-value\">Cuisine traditionnelle et poisson frais<\/span>\n                  <\/div>\n                              <\/div>\n\n              <!-- Lien vers le d\u00e9tail -->\n              <div class=\"em-card-footer\">\n                <span>Voir le d\u00e9tail<\/span>\n                <svg fill=\"none\" viewBox=\"0 0 24 24\" stroke=\"currentColor\" stroke-width=\"2\"><path stroke-linecap=\"round\" stroke-linejoin=\"round\" d=\"M13.5 4.5L21 12m0 0l-7.5 7.5M21 12H3\"><\/path><\/svg>\n              <\/div>\n            <\/div>\n          <\/article>\n                  <article class=\"em-card\"\n            data-type=\"city\"\n            data-features=\"\"\n            data-name=\"villaz\"\n            data-json=\"{&quot;name&quot;:&quot;Villaz&quot;,&quot;image&quot;:&quot;&quot;,&quot;link&quot;:&quot;&quot;,&quot;data&quot;:{&quot;name&quot;:&quot;Villaz&quot;,&quot;distance_kilometers&quot;:&quot;&quot;,&quot;driving_time_minutes&quot;:&quot;&quot;,&quot;must_see_places&quot;:&quot;Paysages ruraux et histoire locale&quot;,&quot;markets_local_events&quot;:&quot;March\\u00e9s locaux&quot;,&quot;restaurants_specialities&quot;:&quot;Cuisine traditionnelle et produits locaux&quot;,&quot;comment&quot;:&quot;Villaz offre une exp\\u00e9rience rurale et calme.&quot;,&quot;link&quot;:&quot;&quot;,&quot;image&quot;:&quot;&quot;},&quot;category&quot;:&quot;Villes aux alentours&quot;}\">\n\n            <!-- Image + badge cat\u00e9gorie -->\n            <div class=\"em-card-img-wrap\">\n                              <div class=\"em-card-placeholder\">\ud83d\udcf7 Pas d'image<\/div>\n                            <span class=\"em-card-badge badge-city\">Villes aux alentours<\/span>\n            <\/div>\n\n            <!-- Contenu de la card -->\n            <div class=\"em-card-body\">\n              <h3 class=\"em-card-title\">Villaz<\/h3>\n\n              <!-- Tags r\u00e9sum\u00e9s (max 4) -->\n              <div class=\"em-card-tags\">\n                                              <\/div>\n\n              <!-- Champs suppl\u00e9mentaires (max 3) -->\n              <div class=\"em-card-fields\">\n                                  <div class=\"em-card-field\">\n                    <span class=\"em-card-field-label\">Lieux \/ Activit\u00e9s incontournables :<\/span>\n                    <span class=\"em-card-field-value\">Paysages ruraux et histoire locale<\/span>\n                  <\/div>\n                                  <div class=\"em-card-field\">\n                    <span class=\"em-card-field-label\">March\u00e9s \/ \u00e9v\u00e9nements locaux :<\/span>\n                    <span class=\"em-card-field-value\">March\u00e9s locaux<\/span>\n                  <\/div>\n                                  <div class=\"em-card-field\">\n                    <span class=\"em-card-field-label\">Restaurants \/ sp\u00e9cialit\u00e9s :<\/span>\n                    <span class=\"em-card-field-value\">Cuisine traditionnelle et produits locaux<\/span>\n                  <\/div>\n                              <\/div>\n\n              <!-- Lien vers le d\u00e9tail -->\n              <div class=\"em-card-footer\">\n                <span>Voir le d\u00e9tail<\/span>\n                <svg fill=\"none\" viewBox=\"0 0 24 24\" stroke=\"currentColor\" stroke-width=\"2\"><path stroke-linecap=\"round\" stroke-linejoin=\"round\" d=\"M13.5 4.5L21 12m0 0l-7.5 7.5M21 12H3\"><\/path><\/svg>\n              <\/div>\n            <\/div>\n          <\/article>\n                  <article class=\"em-card\"\n            data-type=\"city\"\n            data-features=\"\"\n            data-name=\"puygaillard-de-quercy\"\n            data-json=\"{&quot;name&quot;:&quot;Puygaillard-de-Quercy&quot;,&quot;image&quot;:&quot;&quot;,&quot;link&quot;:&quot;&quot;,&quot;data&quot;:{&quot;name&quot;:&quot;Puygaillard-de-Quercy&quot;,&quot;distance_kilometers&quot;:&quot;&quot;,&quot;driving_time_minutes&quot;:&quot;&quot;,&quot;must_see_places&quot;:&quot;Ch\\u00e2teau et sites naturels&quot;,&quot;markets_local_events&quot;:&quot;March\\u00e9s hebdomadaires&quot;,&quot;restaurants_specialities&quot;:&quot;Cuisine traditionnelle quercynoise&quot;,&quot;comment&quot;:&quot;Puygaillard-de-Quercy est riche en histoire et nature.&quot;,&quot;link&quot;:&quot;&quot;,&quot;image&quot;:&quot;&quot;},&quot;category&quot;:&quot;Villes aux alentours&quot;}\">\n\n            <!-- Image + badge cat\u00e9gorie -->\n            <div class=\"em-card-img-wrap\">\n                              <div class=\"em-card-placeholder\">\ud83d\udcf7 Pas d'image<\/div>\n                            <span class=\"em-card-badge badge-city\">Villes aux alentours<\/span>\n            <\/div>\n\n            <!-- Contenu de la card -->\n            <div class=\"em-card-body\">\n              <h3 class=\"em-card-title\">Puygaillard-de-Quercy<\/h3>\n\n              <!-- Tags r\u00e9sum\u00e9s (max 4) -->\n              <div class=\"em-card-tags\">\n                                              <\/div>\n\n              <!-- Champs suppl\u00e9mentaires (max 3) -->\n              <div class=\"em-card-fields\">\n                                  <div class=\"em-card-field\">\n                    <span class=\"em-card-field-label\">Lieux \/ Activit\u00e9s incontournables :<\/span>\n                    <span class=\"em-card-field-value\">Ch\u00e2teau et sites naturels<\/span>\n                  <\/div>\n                                  <div class=\"em-card-field\">\n                    <span class=\"em-card-field-label\">March\u00e9s \/ \u00e9v\u00e9nements locaux :<\/span>\n                    <span class=\"em-card-field-value\">March\u00e9s hebdomadaires<\/span>\n                  <\/div>\n                                  <div class=\"em-card-field\">\n                    <span class=\"em-card-field-label\">Restaurants \/ sp\u00e9cialit\u00e9s :<\/span>\n                    <span class=\"em-card-field-value\">Cuisine traditionnelle quercynoise<\/span>\n                  <\/div>\n                              <\/div>\n\n              <!-- Lien vers le d\u00e9tail -->\n              <div class=\"em-card-footer\">\n                <span>Voir le d\u00e9tail<\/span>\n                <svg fill=\"none\" viewBox=\"0 0 24 24\" stroke=\"currentColor\" stroke-width=\"2\"><path stroke-linecap=\"round\" stroke-linejoin=\"round\" d=\"M13.5 4.5L21 12m0 0l-7.5 7.5M21 12H3\"><\/path><\/svg>\n              <\/div>\n            <\/div>\n          <\/article>\n                  <article class=\"em-card\"\n            data-type=\"city\"\n            data-features=\"\"\n            data-name=\"cambo-les-bains\"\n            data-json=\"{&quot;name&quot;:&quot;Cambo-les-Bains&quot;,&quot;image&quot;:&quot;&quot;,&quot;link&quot;:&quot;&quot;,&quot;data&quot;:{&quot;name&quot;:&quot;Cambo-les-Bains&quot;,&quot;distance_kilometers&quot;:&quot;&quot;,&quot;driving_time_minutes&quot;:&quot;&quot;,&quot;must_see_places&quot;:&quot;Station thermale et environnement naturel&quot;,&quot;markets_local_events&quot;:&quot;Festivals culturels et march\\u00e9s locaux&quot;,&quot;restaurants_specialities&quot;:&quot;Cuisine basque et produits locaux&quot;,&quot;comment&quot;:&quot;Cambo-les-Bains est id\\u00e9al pour le bien-\\u00eatre et la nature.&quot;,&quot;link&quot;:&quot;&quot;,&quot;image&quot;:&quot;&quot;},&quot;category&quot;:&quot;Villes aux alentours&quot;}\">\n\n            <!-- Image + badge cat\u00e9gorie -->\n            <div class=\"em-card-img-wrap\">\n                              <div class=\"em-card-placeholder\">\ud83d\udcf7 Pas d'image<\/div>\n                            <span class=\"em-card-badge badge-city\">Villes aux alentours<\/span>\n            <\/div>\n\n            <!-- Contenu de la card -->\n            <div class=\"em-card-body\">\n              <h3 class=\"em-card-title\">Cambo-les-Bains<\/h3>\n\n              <!-- Tags r\u00e9sum\u00e9s (max 4) -->\n              <div class=\"em-card-tags\">\n                                              <\/div>\n\n              <!-- Champs suppl\u00e9mentaires (max 3) -->\n              <div class=\"em-card-fields\">\n                                  <div class=\"em-card-field\">\n                    <span class=\"em-card-field-label\">Lieux \/ Activit\u00e9s incontournables :<\/span>\n                    <span class=\"em-card-field-value\">Station thermale et environnement naturel<\/span>\n                  <\/div>\n                                  <div class=\"em-card-field\">\n                    <span class=\"em-card-field-label\">March\u00e9s \/ \u00e9v\u00e9nements locaux :<\/span>\n                    <span class=\"em-card-field-value\">Festivals culturels et march\u00e9s locaux<\/span>\n                  <\/div>\n                                  <div class=\"em-card-field\">\n                    <span class=\"em-card-field-label\">Restaurants \/ sp\u00e9cialit\u00e9s :<\/span>\n                    <span class=\"em-card-field-value\">Cuisine basque et produits locaux<\/span>\n                  <\/div>\n                              <\/div>\n\n              <!-- Lien vers le d\u00e9tail -->\n              <div class=\"em-card-footer\">\n                <span>Voir le d\u00e9tail<\/span>\n                <svg fill=\"none\" viewBox=\"0 0 24 24\" stroke=\"currentColor\" stroke-width=\"2\"><path stroke-linecap=\"round\" stroke-linejoin=\"round\" d=\"M13.5 4.5L21 12m0 0l-7.5 7.5M21 12H3\"><\/path><\/svg>\n              <\/div>\n            <\/div>\n          <\/article>\n                  <article class=\"em-card\"\n            data-type=\"city\"\n            data-features=\"\"\n            data-name=\"castel-sarrazin\"\n            data-json=\"{&quot;name&quot;:&quot;Castel-Sarrazin&quot;,&quot;image&quot;:&quot;&quot;,&quot;link&quot;:&quot;&quot;,&quot;data&quot;:{&quot;name&quot;:&quot;Castel-Sarrazin&quot;,&quot;distance_kilometers&quot;:&quot;&quot;,&quot;driving_time_minutes&quot;:&quot;&quot;,&quot;must_see_places&quot;:&quot;Ch\\u00e2teau et sites historiques&quot;,&quot;markets_local_events&quot;:&quot;March\\u00e9s locaux&quot;,&quot;restaurants_specialities&quot;:&quot;Cuisine traditionnelle et produits r\\u00e9gionaux&quot;,&quot;comment&quot;:&quot;Castel-Sarrazin est riche en patrimoine historique.&quot;,&quot;link&quot;:&quot;&quot;,&quot;image&quot;:&quot;&quot;},&quot;category&quot;:&quot;Villes aux alentours&quot;}\">\n\n            <!-- Image + badge cat\u00e9gorie -->\n            <div class=\"em-card-img-wrap\">\n                              <div class=\"em-card-placeholder\">\ud83d\udcf7 Pas d'image<\/div>\n                            <span class=\"em-card-badge badge-city\">Villes aux alentours<\/span>\n            <\/div>\n\n            <!-- Contenu de la card -->\n            <div class=\"em-card-body\">\n              <h3 class=\"em-card-title\">Castel-Sarrazin<\/h3>\n\n              <!-- Tags r\u00e9sum\u00e9s (max 4) -->\n              <div class=\"em-card-tags\">\n                                              <\/div>\n\n              <!-- Champs suppl\u00e9mentaires (max 3) -->\n              <div class=\"em-card-fields\">\n                                  <div class=\"em-card-field\">\n                    <span class=\"em-card-field-label\">Lieux \/ Activit\u00e9s incontournables :<\/span>\n                    <span class=\"em-card-field-value\">Ch\u00e2teau et sites historiques<\/span>\n                  <\/div>\n                                  <div class=\"em-card-field\">\n                    <span class=\"em-card-field-label\">March\u00e9s \/ \u00e9v\u00e9nements locaux :<\/span>\n                    <span class=\"em-card-field-value\">March\u00e9s locaux<\/span>\n                  <\/div>\n                                  <div class=\"em-card-field\">\n                    <span class=\"em-card-field-label\">Restaurants \/ sp\u00e9cialit\u00e9s :<\/span>\n                    <span class=\"em-card-field-value\">Cuisine traditionnelle et produits r\u00e9gionaux<\/span>\n                  <\/div>\n                              <\/div>\n\n              <!-- Lien vers le d\u00e9tail -->\n              <div class=\"em-card-footer\">\n                <span>Voir le d\u00e9tail<\/span>\n                <svg fill=\"none\" viewBox=\"0 0 24 24\" stroke=\"currentColor\" stroke-width=\"2\"><path stroke-linecap=\"round\" stroke-linejoin=\"round\" d=\"M13.5 4.5L21 12m0 0l-7.5 7.5M21 12H3\"><\/path><\/svg>\n              <\/div>\n            <\/div>\n          <\/article>\n                  <article class=\"em-card\"\n            data-type=\"city\"\n            data-features=\"\"\n            data-name=\"gabarret\"\n            data-json=\"{&quot;name&quot;:&quot;Gabarret&quot;,&quot;image&quot;:&quot;&quot;,&quot;link&quot;:&quot;&quot;,&quot;data&quot;:{&quot;name&quot;:&quot;Gabarret&quot;,&quot;distance_kilometers&quot;:&quot;&quot;,&quot;driving_time_minutes&quot;:&quot;&quot;,&quot;must_see_places&quot;:&quot;For\\u00eats et \\u00e9tangs&quot;,&quot;markets_local_events&quot;:&quot;Randonn\\u00e9es et activit\\u00e9s nature&quot;,&quot;restaurants_specialities&quot;:&quot;Cuisine locale et produits forestiers&quot;,&quot;comment&quot;:&quot;Gabarret est parfait pour les amoureux de la nature.&quot;,&quot;link&quot;:&quot;&quot;,&quot;image&quot;:&quot;&quot;},&quot;category&quot;:&quot;Villes aux alentours&quot;}\">\n\n            <!-- Image + badge cat\u00e9gorie -->\n            <div class=\"em-card-img-wrap\">\n                              <div class=\"em-card-placeholder\">\ud83d\udcf7 Pas d'image<\/div>\n                            <span class=\"em-card-badge badge-city\">Villes aux alentours<\/span>\n            <\/div>\n\n            <!-- Contenu de la card -->\n            <div class=\"em-card-body\">\n              <h3 class=\"em-card-title\">Gabarret<\/h3>\n\n              <!-- Tags r\u00e9sum\u00e9s (max 4) -->\n              <div class=\"em-card-tags\">\n                                              <\/div>\n\n              <!-- Champs suppl\u00e9mentaires (max 3) -->\n              <div class=\"em-card-fields\">\n                                  <div class=\"em-card-field\">\n                    <span class=\"em-card-field-label\">Lieux \/ Activit\u00e9s incontournables :<\/span>\n                    <span class=\"em-card-field-value\">For\u00eats et \u00e9tangs<\/span>\n                  <\/div>\n                                  <div class=\"em-card-field\">\n                    <span class=\"em-card-field-label\">March\u00e9s \/ \u00e9v\u00e9nements locaux :<\/span>\n                    <span class=\"em-card-field-value\">Randonn\u00e9es et activit\u00e9s nature<\/span>\n                  <\/div>\n                                  <div class=\"em-card-field\">\n                    <span class=\"em-card-field-label\">Restaurants \/ sp\u00e9cialit\u00e9s :<\/span>\n                    <span class=\"em-card-field-value\">Cuisine locale et produits forestiers<\/span>\n                  <\/div>\n                              <\/div>\n\n              <!-- Lien vers le d\u00e9tail -->\n              <div class=\"em-card-footer\">\n                <span>Voir le d\u00e9tail<\/span>\n                <svg fill=\"none\" viewBox=\"0 0 24 24\" stroke=\"currentColor\" stroke-width=\"2\"><path stroke-linecap=\"round\" stroke-linejoin=\"round\" d=\"M13.5 4.5L21 12m0 0l-7.5 7.5M21 12H3\"><\/path><\/svg>\n              <\/div>\n            <\/div>\n          <\/article>\n                  <article class=\"em-card\"\n            data-type=\"city\"\n            data-features=\"\"\n            data-name=\"belhade\"\n            data-json=\"{&quot;name&quot;:&quot;Belhade&quot;,&quot;image&quot;:&quot;&quot;,&quot;link&quot;:&quot;&quot;,&quot;data&quot;:{&quot;name&quot;:&quot;Belhade&quot;,&quot;distance_kilometers&quot;:&quot;&quot;,&quot;driving_time_minutes&quot;:&quot;&quot;,&quot;must_see_places&quot;:&quot;Patrimoine historique et culturel&quot;,&quot;markets_local_events&quot;:&quot;Festivals culturels&quot;,&quot;restaurants_specialities&quot;:&quot;Cuisine traditionnelle et produits locaux&quot;,&quot;comment&quot;:&quot;Belhade est riche en histoire et culture.&quot;,&quot;link&quot;:&quot;&quot;,&quot;image&quot;:&quot;&quot;},&quot;category&quot;:&quot;Villes aux alentours&quot;}\">\n\n            <!-- Image + badge cat\u00e9gorie -->\n            <div class=\"em-card-img-wrap\">\n                              <div class=\"em-card-placeholder\">\ud83d\udcf7 Pas d'image<\/div>\n                            <span class=\"em-card-badge badge-city\">Villes aux alentours<\/span>\n            <\/div>\n\n            <!-- Contenu de la card -->\n            <div class=\"em-card-body\">\n              <h3 class=\"em-card-title\">Belhade<\/h3>\n\n              <!-- Tags r\u00e9sum\u00e9s (max 4) -->\n              <div class=\"em-card-tags\">\n                                              <\/div>\n\n              <!-- Champs suppl\u00e9mentaires (max 3) -->\n              <div class=\"em-card-fields\">\n                                  <div class=\"em-card-field\">\n                    <span class=\"em-card-field-label\">Lieux \/ Activit\u00e9s incontournables :<\/span>\n                    <span class=\"em-card-field-value\">Patrimoine historique et culturel<\/span>\n                  <\/div>\n                                  <div class=\"em-card-field\">\n                    <span class=\"em-card-field-label\">March\u00e9s \/ \u00e9v\u00e9nements locaux :<\/span>\n                    <span class=\"em-card-field-value\">Festivals culturels<\/span>\n                  <\/div>\n                                  <div class=\"em-card-field\">\n                    <span class=\"em-card-field-label\">Restaurants \/ sp\u00e9cialit\u00e9s :<\/span>\n                    <span class=\"em-card-field-value\">Cuisine traditionnelle et produits locaux<\/span>\n                  <\/div>\n                              <\/div>\n\n              <!-- Lien vers le d\u00e9tail -->\n              <div class=\"em-card-footer\">\n                <span>Voir le d\u00e9tail<\/span>\n                <svg fill=\"none\" viewBox=\"0 0 24 24\" stroke=\"currentColor\" stroke-width=\"2\"><path stroke-linecap=\"round\" stroke-linejoin=\"round\" d=\"M13.5 4.5L21 12m0 0l-7.5 7.5M21 12H3\"><\/path><\/svg>\n              <\/div>\n            <\/div>\n          <\/article>\n                  <article class=\"em-card\"\n            data-type=\"city\"\n            data-features=\"\"\n            data-name=\"sorde-l&#039;abbaye\"\n            data-json=\"{&quot;name&quot;:&quot;Sorde-l&#039;Abbaye&quot;,&quot;image&quot;:&quot;&quot;,&quot;link&quot;:&quot;&quot;,&quot;data&quot;:{&quot;name&quot;:&quot;Sorde-l&#039;Abbaye&quot;,&quot;distance_kilometers&quot;:&quot;&quot;,&quot;driving_time_minutes&quot;:&quot;&quot;,&quot;must_see_places&quot;:&quot;Sites arch\\u00e9ologiques et abbaye&quot;,&quot;markets_local_events&quot;:&quot;Ev\\u00e9nements culturels&quot;,&quot;restaurants_specialities&quot;:&quot;Cuisine traditionnelle et produits locaux&quot;,&quot;comment&quot;:&quot;Sorde-l&#039;Abbaye est id\\u00e9al pour les amateurs d&#039;histoire et de culture.&quot;,&quot;link&quot;:&quot;&quot;,&quot;image&quot;:&quot;&quot;},&quot;category&quot;:&quot;Villes aux alentours&quot;}\">\n\n            <!-- Image + badge cat\u00e9gorie -->\n            <div class=\"em-card-img-wrap\">\n                              <div class=\"em-card-placeholder\">\ud83d\udcf7 Pas d'image<\/div>\n                            <span class=\"em-card-badge badge-city\">Villes aux alentours<\/span>\n            <\/div>\n\n            <!-- Contenu de la card -->\n            <div class=\"em-card-body\">\n              <h3 class=\"em-card-title\">Sorde-l&#039;Abbaye<\/h3>\n\n              <!-- Tags r\u00e9sum\u00e9s (max 4) -->\n              <div class=\"em-card-tags\">\n                                              <\/div>\n\n              <!-- Champs suppl\u00e9mentaires (max 3) -->\n              <div class=\"em-card-fields\">\n                                  <div class=\"em-card-field\">\n                    <span class=\"em-card-field-label\">Lieux \/ Activit\u00e9s incontournables :<\/span>\n                    <span class=\"em-card-field-value\">Sites arch\u00e9ologiques et abbaye<\/span>\n                  <\/div>\n                                  <div class=\"em-card-field\">\n                    <span class=\"em-card-field-label\">March\u00e9s \/ \u00e9v\u00e9nements locaux :<\/span>\n                    <span class=\"em-card-field-value\">Ev\u00e9nements culturels<\/span>\n                  <\/div>\n                                  <div class=\"em-card-field\">\n                    <span class=\"em-card-field-label\">Restaurants \/ sp\u00e9cialit\u00e9s :<\/span>\n                    <span class=\"em-card-field-value\">Cuisine traditionnelle et produits locaux<\/span>\n                  <\/div>\n                              <\/div>\n\n              <!-- Lien vers le d\u00e9tail -->\n              <div class=\"em-card-footer\">\n                <span>Voir le d\u00e9tail<\/span>\n                <svg fill=\"none\" viewBox=\"0 0 24 24\" stroke=\"currentColor\" stroke-width=\"2\"><path stroke-linecap=\"round\" stroke-linejoin=\"round\" d=\"M13.5 4.5L21 12m0 0l-7.5 7.5M21 12H3\"><\/path><\/svg>\n              <\/div>\n            <\/div>\n          <\/article>\n                  <article class=\"em-card\"\n            data-type=\"city\"\n            data-features=\"\"\n            data-name=\"magescq\"\n            data-json=\"{&quot;name&quot;:&quot;Magescq&quot;,&quot;image&quot;:&quot;&quot;,&quot;link&quot;:&quot;&quot;,&quot;data&quot;:{&quot;name&quot;:&quot;Magescq&quot;,&quot;distance_kilometers&quot;:&quot;&quot;,&quot;driving_time_minutes&quot;:&quot;&quot;,&quot;must_see_places&quot;:&quot;Sites naturels et paysages&quot;,&quot;markets_local_events&quot;:&quot;March\\u00e9s locaux et festivals&quot;,&quot;restaurants_specialities&quot;:&quot;Cuisine locale et sp\\u00e9cialit\\u00e9s de la r\\u00e9gion&quot;,&quot;comment&quot;:&quot;Magescq offre des paysages vari\\u00e9s et des \\u00e9v\\u00e9nements locaux.&quot;,&quot;link&quot;:&quot;&quot;,&quot;image&quot;:&quot;&quot;},&quot;category&quot;:&quot;Villes aux alentours&quot;}\">\n\n            <!-- Image + badge cat\u00e9gorie -->\n            <div class=\"em-card-img-wrap\">\n                              <div class=\"em-card-placeholder\">\ud83d\udcf7 Pas d'image<\/div>\n                            <span class=\"em-card-badge badge-city\">Villes aux alentours<\/span>\n            <\/div>\n\n            <!-- Contenu de la card -->\n            <div class=\"em-card-body\">\n              <h3 class=\"em-card-title\">Magescq<\/h3>\n\n              <!-- Tags r\u00e9sum\u00e9s (max 4) -->\n              <div class=\"em-card-tags\">\n                                              <\/div>\n\n              <!-- Champs suppl\u00e9mentaires (max 3) -->\n              <div class=\"em-card-fields\">\n                                  <div class=\"em-card-field\">\n                    <span class=\"em-card-field-label\">Lieux \/ Activit\u00e9s incontournables :<\/span>\n                    <span class=\"em-card-field-value\">Sites naturels et paysages<\/span>\n                  <\/div>\n                                  <div class=\"em-card-field\">\n                    <span class=\"em-card-field-label\">March\u00e9s \/ \u00e9v\u00e9nements locaux :<\/span>\n                    <span class=\"em-card-field-value\">March\u00e9s locaux et festivals<\/span>\n                  <\/div>\n                                  <div class=\"em-card-field\">\n                    <span class=\"em-card-field-label\">Restaurants \/ sp\u00e9cialit\u00e9s :<\/span>\n                    <span class=\"em-card-field-value\">Cuisine locale et sp\u00e9cialit\u00e9s de la r\u00e9gion<\/span>\n                  <\/div>\n                              <\/div>\n\n              <!-- Lien vers le d\u00e9tail -->\n              <div class=\"em-card-footer\">\n                <span>Voir le d\u00e9tail<\/span>\n                <svg fill=\"none\" viewBox=\"0 0 24 24\" stroke=\"currentColor\" stroke-width=\"2\"><path stroke-linecap=\"round\" stroke-linejoin=\"round\" d=\"M13.5 4.5L21 12m0 0l-7.5 7.5M21 12H3\"><\/path><\/svg>\n              <\/div>\n            <\/div>\n          <\/article>\n                  <article class=\"em-card\"\n            data-type=\"city\"\n            data-features=\"\"\n            data-name=\"ychoux\"\n            data-json=\"{&quot;name&quot;:&quot;Ychoux&quot;,&quot;image&quot;:&quot;&quot;,&quot;link&quot;:&quot;&quot;,&quot;data&quot;:{&quot;name&quot;:&quot;Ychoux&quot;,&quot;distance_kilometers&quot;:&quot;&quot;,&quot;driving_time_minutes&quot;:&quot;&quot;,&quot;must_see_places&quot;:&quot;For\\u00eats et sites naturels&quot;,&quot;markets_local_events&quot;:&quot;Randonn\\u00e9es et activit\\u00e9s sportives&quot;,&quot;restaurants_specialities&quot;:&quot;Cuisine locale et produits forestiers&quot;,&quot;comment&quot;:&quot;Ychoux est un bon choix pour les activit\\u00e9s en plein air.&quot;,&quot;link&quot;:&quot;&quot;,&quot;image&quot;:&quot;&quot;},&quot;category&quot;:&quot;Villes aux alentours&quot;}\">\n\n            <!-- Image + badge cat\u00e9gorie -->\n            <div class=\"em-card-img-wrap\">\n                              <div class=\"em-card-placeholder\">\ud83d\udcf7 Pas d'image<\/div>\n                            <span class=\"em-card-badge badge-city\">Villes aux alentours<\/span>\n            <\/div>\n\n            <!-- Contenu de la card -->\n            <div class=\"em-card-body\">\n              <h3 class=\"em-card-title\">Ychoux<\/h3>\n\n              <!-- Tags r\u00e9sum\u00e9s (max 4) -->\n              <div class=\"em-card-tags\">\n                                              <\/div>\n\n              <!-- Champs suppl\u00e9mentaires (max 3) -->\n              <div class=\"em-card-fields\">\n                                  <div class=\"em-card-field\">\n                    <span class=\"em-card-field-label\">Lieux \/ Activit\u00e9s incontournables :<\/span>\n                    <span class=\"em-card-field-value\">For\u00eats et sites naturels<\/span>\n                  <\/div>\n                                  <div class=\"em-card-field\">\n                    <span class=\"em-card-field-label\">March\u00e9s \/ \u00e9v\u00e9nements locaux :<\/span>\n                    <span class=\"em-card-field-value\">Randonn\u00e9es et activit\u00e9s sportives<\/span>\n                  <\/div>\n                                  <div class=\"em-card-field\">\n                    <span class=\"em-card-field-label\">Restaurants \/ sp\u00e9cialit\u00e9s :<\/span>\n                    <span class=\"em-card-field-value\">Cuisine locale et produits forestiers<\/span>\n                  <\/div>\n                              <\/div>\n\n              <!-- Lien vers le d\u00e9tail -->\n              <div class=\"em-card-footer\">\n                <span>Voir le d\u00e9tail<\/span>\n                <svg fill=\"none\" viewBox=\"0 0 24 24\" stroke=\"currentColor\" stroke-width=\"2\"><path stroke-linecap=\"round\" stroke-linejoin=\"round\" d=\"M13.5 4.5L21 12m0 0l-7.5 7.5M21 12H3\"><\/path><\/svg>\n              <\/div>\n            <\/div>\n          <\/article>\n                  <article class=\"em-card\"\n            data-type=\"city\"\n            data-features=\"\"\n            data-name=\"belin-b\u00e9liet\"\n            data-json=\"{&quot;name&quot;:&quot;Belin-B\\u00e9liet&quot;,&quot;image&quot;:&quot;&quot;,&quot;link&quot;:&quot;&quot;,&quot;data&quot;:{&quot;name&quot;:&quot;Belin-B\\u00e9liet&quot;,&quot;distance_kilometers&quot;:&quot;&quot;,&quot;driving_time_minutes&quot;:&quot;&quot;,&quot;must_see_places&quot;:&quot;Paysages forestiers et sites naturels&quot;,&quot;markets_local_events&quot;:&quot;March\\u00e9s locaux et \\u00e9v\\u00e9nements culturels&quot;,&quot;restaurants_specialities&quot;:&quot;Cuisine traditionnelle et produits locaux&quot;,&quot;comment&quot;:&quot;Belin-B\\u00e9liet est riche en nature et culture.&quot;,&quot;link&quot;:&quot;&quot;,&quot;image&quot;:&quot;&quot;},&quot;category&quot;:&quot;Villes aux alentours&quot;}\">\n\n            <!-- Image + badge cat\u00e9gorie -->\n            <div class=\"em-card-img-wrap\">\n                              <div class=\"em-card-placeholder\">\ud83d\udcf7 Pas d'image<\/div>\n                            <span class=\"em-card-badge badge-city\">Villes aux alentours<\/span>\n            <\/div>\n\n            <!-- Contenu de la card -->\n            <div class=\"em-card-body\">\n              <h3 class=\"em-card-title\">Belin-B\u00e9liet<\/h3>\n\n              <!-- Tags r\u00e9sum\u00e9s (max 4) -->\n              <div class=\"em-card-tags\">\n                                              <\/div>\n\n              <!-- Champs suppl\u00e9mentaires (max 3) -->\n              <div class=\"em-card-fields\">\n                                  <div class=\"em-card-field\">\n                    <span class=\"em-card-field-label\">Lieux \/ Activit\u00e9s incontournables :<\/span>\n                    <span class=\"em-card-field-value\">Paysages forestiers et sites naturels<\/span>\n                  <\/div>\n                                  <div class=\"em-card-field\">\n                    <span class=\"em-card-field-label\">March\u00e9s \/ \u00e9v\u00e9nements locaux :<\/span>\n                    <span class=\"em-card-field-value\">March\u00e9s locaux et \u00e9v\u00e9nements culturels<\/span>\n                  <\/div>\n                                  <div class=\"em-card-field\">\n                    <span class=\"em-card-field-label\">Restaurants \/ sp\u00e9cialit\u00e9s :<\/span>\n                    <span class=\"em-card-field-value\">Cuisine traditionnelle et produits locaux<\/span>\n                  <\/div>\n                              <\/div>\n\n              <!-- Lien vers le d\u00e9tail -->\n              <div class=\"em-card-footer\">\n                <span>Voir le d\u00e9tail<\/span>\n                <svg fill=\"none\" viewBox=\"0 0 24 24\" stroke=\"currentColor\" stroke-width=\"2\"><path stroke-linecap=\"round\" stroke-linejoin=\"round\" d=\"M13.5 4.5L21 12m0 0l-7.5 7.5M21 12H3\"><\/path><\/svg>\n              <\/div>\n            <\/div>\n          <\/article>\n                  <article class=\"em-card\"\n            data-type=\"city\"\n            data-features=\"\"\n            data-name=\"lamothe\"\n            data-json=\"{&quot;name&quot;:&quot;Lamothe&quot;,&quot;image&quot;:&quot;&quot;,&quot;link&quot;:&quot;&quot;,&quot;data&quot;:{&quot;name&quot;:&quot;Lamothe&quot;,&quot;distance_kilometers&quot;:&quot;&quot;,&quot;driving_time_minutes&quot;:&quot;&quot;,&quot;must_see_places&quot;:&quot;Ch\\u00e2teau et histoire locale&quot;,&quot;markets_local_events&quot;:&quot;March\\u00e9s hebdomadaires&quot;,&quot;restaurants_specialities&quot;:&quot;Cuisine traditionnelle et produits r\\u00e9gionaux&quot;,&quot;comment&quot;:&quot;Lamothe est connu pour son patrimoine historique.&quot;,&quot;link&quot;:&quot;&quot;,&quot;image&quot;:&quot;&quot;},&quot;category&quot;:&quot;Villes aux alentours&quot;}\">\n\n            <!-- Image + badge cat\u00e9gorie -->\n            <div class=\"em-card-img-wrap\">\n                              <div class=\"em-card-placeholder\">\ud83d\udcf7 Pas d'image<\/div>\n                            <span class=\"em-card-badge badge-city\">Villes aux alentours<\/span>\n            <\/div>\n\n            <!-- Contenu de la card -->\n            <div class=\"em-card-body\">\n              <h3 class=\"em-card-title\">Lamothe<\/h3>\n\n              <!-- Tags r\u00e9sum\u00e9s (max 4) -->\n              <div class=\"em-card-tags\">\n                                              <\/div>\n\n              <!-- Champs suppl\u00e9mentaires (max 3) -->\n              <div class=\"em-card-fields\">\n                                  <div class=\"em-card-field\">\n                    <span class=\"em-card-field-label\">Lieux \/ Activit\u00e9s incontournables :<\/span>\n                    <span class=\"em-card-field-value\">Ch\u00e2teau et histoire locale<\/span>\n                  <\/div>\n                                  <div class=\"em-card-field\">\n                    <span class=\"em-card-field-label\">March\u00e9s \/ \u00e9v\u00e9nements locaux :<\/span>\n                    <span class=\"em-card-field-value\">March\u00e9s hebdomadaires<\/span>\n                  <\/div>\n                                  <div class=\"em-card-field\">\n                    <span class=\"em-card-field-label\">Restaurants \/ sp\u00e9cialit\u00e9s :<\/span>\n                    <span class=\"em-card-field-value\">Cuisine traditionnelle et produits r\u00e9gionaux<\/span>\n                  <\/div>\n                              <\/div>\n\n              <!-- Lien vers le d\u00e9tail -->\n              <div class=\"em-card-footer\">\n                <span>Voir le d\u00e9tail<\/span>\n                <svg fill=\"none\" viewBox=\"0 0 24 24\" stroke=\"currentColor\" stroke-width=\"2\"><path stroke-linecap=\"round\" stroke-linejoin=\"round\" d=\"M13.5 4.5L21 12m0 0l-7.5 7.5M21 12H3\"><\/path><\/svg>\n              <\/div>\n            <\/div>\n          <\/article>\n                  <article class=\"em-card\"\n            data-type=\"city\"\n            data-features=\"\"\n            data-name=\"cazaux\"\n            data-json=\"{&quot;name&quot;:&quot;Cazaux&quot;,&quot;image&quot;:&quot;&quot;,&quot;link&quot;:&quot;&quot;,&quot;data&quot;:{&quot;name&quot;:&quot;Cazaux&quot;,&quot;distance_kilometers&quot;:&quot;&quot;,&quot;driving_time_minutes&quot;:&quot;&quot;,&quot;must_see_places&quot;:&quot;\\u00c9tangs et sites naturels&quot;,&quot;markets_local_events&quot;:&quot;Activit\\u00e9s nautiques et festivals locaux&quot;,&quot;restaurants_specialities&quot;:&quot;Cuisine de mer et sp\\u00e9cialit\\u00e9s locales&quot;,&quot;comment&quot;:&quot;Cazaux est id\\u00e9al pour les amoureux de l&#039;eau et de la nature.&quot;,&quot;link&quot;:&quot;&quot;,&quot;image&quot;:&quot;&quot;},&quot;category&quot;:&quot;Villes aux alentours&quot;}\">\n\n            <!-- Image + badge cat\u00e9gorie -->\n            <div class=\"em-card-img-wrap\">\n                              <div class=\"em-card-placeholder\">\ud83d\udcf7 Pas d'image<\/div>\n                            <span class=\"em-card-badge badge-city\">Villes aux alentours<\/span>\n            <\/div>\n\n            <!-- Contenu de la card -->\n            <div class=\"em-card-body\">\n              <h3 class=\"em-card-title\">Cazaux<\/h3>\n\n              <!-- Tags r\u00e9sum\u00e9s (max 4) -->\n              <div class=\"em-card-tags\">\n                                              <\/div>\n\n              <!-- Champs suppl\u00e9mentaires (max 3) -->\n              <div class=\"em-card-fields\">\n                                  <div class=\"em-card-field\">\n                    <span class=\"em-card-field-label\">Lieux \/ Activit\u00e9s incontournables :<\/span>\n                    <span class=\"em-card-field-value\">\u00c9tangs et sites naturels<\/span>\n                  <\/div>\n                                  <div class=\"em-card-field\">\n                    <span class=\"em-card-field-label\">March\u00e9s \/ \u00e9v\u00e9nements locaux :<\/span>\n                    <span class=\"em-card-field-value\">Activit\u00e9s nautiques et festivals locaux<\/span>\n                  <\/div>\n                                  <div class=\"em-card-field\">\n                    <span class=\"em-card-field-label\">Restaurants \/ sp\u00e9cialit\u00e9s :<\/span>\n                    <span class=\"em-card-field-value\">Cuisine de mer et sp\u00e9cialit\u00e9s locales<\/span>\n                  <\/div>\n                              <\/div>\n\n              <!-- Lien vers le d\u00e9tail -->\n              <div class=\"em-card-footer\">\n                <span>Voir le d\u00e9tail<\/span>\n                <svg fill=\"none\" viewBox=\"0 0 24 24\" stroke=\"currentColor\" stroke-width=\"2\"><path stroke-linecap=\"round\" stroke-linejoin=\"round\" d=\"M13.5 4.5L21 12m0 0l-7.5 7.5M21 12H3\"><\/path><\/svg>\n              <\/div>\n            <\/div>\n          <\/article>\n                  <article class=\"em-card\"\n            data-type=\"city\"\n            data-features=\"\"\n            data-name=\"sanguinet\"\n            data-json=\"{&quot;name&quot;:&quot;Sanguinet&quot;,&quot;image&quot;:&quot;&quot;,&quot;link&quot;:&quot;&quot;,&quot;data&quot;:{&quot;name&quot;:&quot;Sanguinet&quot;,&quot;distance_kilometers&quot;:&quot;&quot;,&quot;driving_time_minutes&quot;:&quot;&quot;,&quot;must_see_places&quot;:&quot;Lacs et paysages naturels&quot;,&quot;markets_local_events&quot;:&quot;March\\u00e9s locaux et festivals&quot;,&quot;restaurants_specialities&quot;:&quot;Cuisine locale et produits forestiers&quot;,&quot;comment&quot;:&quot;Sanguinet est un bon choix pour les activit\\u00e9s en plein air.&quot;,&quot;link&quot;:&quot;&quot;,&quot;image&quot;:&quot;&quot;},&quot;category&quot;:&quot;Villes aux alentours&quot;}\">\n\n            <!-- Image + badge cat\u00e9gorie -->\n            <div class=\"em-card-img-wrap\">\n                              <div class=\"em-card-placeholder\">\ud83d\udcf7 Pas d'image<\/div>\n                            <span class=\"em-card-badge badge-city\">Villes aux alentours<\/span>\n            <\/div>\n\n            <!-- Contenu de la card -->\n            <div class=\"em-card-body\">\n              <h3 class=\"em-card-title\">Sanguinet<\/h3>\n\n              <!-- Tags r\u00e9sum\u00e9s (max 4) -->\n              <div class=\"em-card-tags\">\n                                              <\/div>\n\n              <!-- Champs suppl\u00e9mentaires (max 3) -->\n              <div class=\"em-card-fields\">\n                                  <div class=\"em-card-field\">\n                    <span class=\"em-card-field-label\">Lieux \/ Activit\u00e9s incontournables :<\/span>\n                    <span class=\"em-card-field-value\">Lacs et paysages naturels<\/span>\n                  <\/div>\n                                  <div class=\"em-card-field\">\n                    <span class=\"em-card-field-label\">March\u00e9s \/ \u00e9v\u00e9nements locaux :<\/span>\n                    <span class=\"em-card-field-value\">March\u00e9s locaux et festivals<\/span>\n                  <\/div>\n                                  <div class=\"em-card-field\">\n                    <span class=\"em-card-field-label\">Restaurants \/ sp\u00e9cialit\u00e9s :<\/span>\n                    <span class=\"em-card-field-value\">Cuisine locale et produits forestiers<\/span>\n                  <\/div>\n                              <\/div>\n\n              <!-- Lien vers le d\u00e9tail -->\n              <div class=\"em-card-footer\">\n                <span>Voir le d\u00e9tail<\/span>\n                <svg fill=\"none\" viewBox=\"0 0 24 24\" stroke=\"currentColor\" stroke-width=\"2\"><path stroke-linecap=\"round\" stroke-linejoin=\"round\" d=\"M13.5 4.5L21 12m0 0l-7.5 7.5M21 12H3\"><\/path><\/svg>\n              <\/div>\n            <\/div>\n          <\/article>\n                  <article class=\"em-card\"\n            data-type=\"city\"\n            data-features=\"\"\n            data-name=\"escalans\"\n            data-json=\"{&quot;name&quot;:&quot;Escalans&quot;,&quot;image&quot;:&quot;https:\\\/\\\/upload.wikimedia.org\\\/wikipedia\\\/commons\\\/5\\\/56\\\/Escalans_Landes_france.jpg&quot;,&quot;link&quot;:&quot;https:\\\/\\\/www.escaplus.fr\\\/escapades\\\/escadans-landes&quot;,&quot;data&quot;:{&quot;name&quot;:&quot;Escalans&quot;,&quot;distance_kilometers&quot;:&quot;40 km&quot;,&quot;driving_time_minutes&quot;:&quot;40&quot;,&quot;must_see_places&quot;:&quot;Vestiges m\\u00e9di\\u00e9vaux, for\\u00eats landaises, sentiers de randonn\\u00e9e&quot;,&quot;markets_local_events&quot;:&quot;March\\u00e9 local mensuel, f\\u00eates traditionnelles en \\u00e9t\\u00e9&quot;,&quot;restaurants_specialities&quot;:&quot;Cuisine traditionnelle landaise, foie gras, canard confit&quot;,&quot;comment&quot;:&quot;Village pittoresque au sud-est, moins connu que les grandes villes, id\\u00e9al pour d\\u00e9couvrir la nature Landes profonde&quot;,&quot;link&quot;:&quot;https:\\\/\\\/www.escaplus.fr\\\/escapades\\\/escadans-landes&quot;,&quot;image&quot;:&quot;https:\\\/\\\/upload.wikimedia.org\\\/wikipedia\\\/commons\\\/5\\\/56\\\/Escalans_Landes_france.jpg&quot;},&quot;category&quot;:&quot;Villes aux alentours&quot;}\">\n\n            <!-- Image + badge cat\u00e9gorie -->\n            <div class=\"em-card-img-wrap\">\n                              <img decoding=\"async\" class=\"em-card-img\" src=\"https:\/\/upload.wikimedia.org\/wikipedia\/commons\/5\/56\/Escalans_Landes_france.jpg\" alt=\"Escalans\" loading=\"lazy\" onerror=\"this.style.display='none';this.nextElementSibling.style.display='flex';\">\n                <div class=\"em-card-placeholder\" style=\"display:none;\">\ud83d\udcf7 Image indisponible<\/div>\n                            <span class=\"em-card-badge badge-city\">Villes aux alentours<\/span>\n            <\/div>\n\n            <!-- Contenu de la card -->\n            <div class=\"em-card-body\">\n              <h3 class=\"em-card-title\">Escalans<\/h3>\n\n              <!-- Tags r\u00e9sum\u00e9s (max 4) -->\n              <div class=\"em-card-tags\">\n                                    <span class=\"em-tag em-tag-blue\">40 km km<\/span>\n                                    <span class=\"em-tag em-tag-orange\">40 min<\/span>\n                                              <\/div>\n\n              <!-- Champs suppl\u00e9mentaires (max 3) -->\n              <div class=\"em-card-fields\">\n                                  <div class=\"em-card-field\">\n                    <span class=\"em-card-field-label\">Lieux \/ Activit\u00e9s incontournables :<\/span>\n                    <span class=\"em-card-field-value\">Vestiges m\u00e9di\u00e9vaux, for\u00eats landaises, sentiers de randonn\u00e9e<\/span>\n                  <\/div>\n                                  <div class=\"em-card-field\">\n                    <span class=\"em-card-field-label\">March\u00e9s \/ \u00e9v\u00e9nements locaux :<\/span>\n                    <span class=\"em-card-field-value\">March\u00e9 local mensuel, f\u00eates traditionnelles en \u00e9t\u00e9<\/span>\n                  <\/div>\n                                  <div class=\"em-card-field\">\n                    <span class=\"em-card-field-label\">Restaurants \/ sp\u00e9cialit\u00e9s :<\/span>\n                    <span class=\"em-card-field-value\">Cuisine traditionnelle landaise, foie gras, canard confit<\/span>\n                  <\/div>\n                              <\/div>\n\n              <!-- Lien vers le d\u00e9tail -->\n              <div class=\"em-card-footer\">\n                <span>Voir le d\u00e9tail<\/span>\n                <svg fill=\"none\" viewBox=\"0 0 24 24\" stroke=\"currentColor\" stroke-width=\"2\"><path stroke-linecap=\"round\" stroke-linejoin=\"round\" d=\"M13.5 4.5L21 12m0 0l-7.5 7.5M21 12H3\"><\/path><\/svg>\n              <\/div>\n            <\/div>\n          <\/article>\n                  <article class=\"em-card\"\n            data-type=\"city\"\n            data-features=\"\"\n            data-name=\"onard\"\n            data-json=\"{&quot;name&quot;:&quot;Onard&quot;,&quot;image&quot;:&quot;https:\\\/\\\/www.landes-tourisme.info\\\/images\\\/onard-village.jpg&quot;,&quot;link&quot;:&quot;https:\\\/\\\/www.landes-tourisme.info\\\/onard&quot;,&quot;data&quot;:{&quot;name&quot;:&quot;Onard&quot;,&quot;distance_kilometers&quot;:&quot;18 km&quot;,&quot;driving_time_minutes&quot;:&quot;20&quot;,&quot;must_see_places&quot;:&quot;\\u00c9glise Saint-Eloi, chapelle et paysages ruraux autour&quot;,&quot;markets_local_events&quot;:&quot;March\\u00e9 local hebdomadaire, \\u00e9v\\u00e9nements culturels villageois&quot;,&quot;restaurants_specialities&quot;:&quot;Petits restaurants offrant plats r\\u00e9gionaux landais&quot;,&quot;comment&quot;:&quot;Petite commune rurale calme, id\\u00e9ale pour une escapade nature et gastronomie authentique&quot;,&quot;link&quot;:&quot;https:\\\/\\\/www.landes-tourisme.info\\\/onard&quot;,&quot;image&quot;:&quot;https:\\\/\\\/www.landes-tourisme.info\\\/images\\\/onard-village.jpg&quot;},&quot;category&quot;:&quot;Villes aux alentours&quot;}\">\n\n            <!-- Image + badge cat\u00e9gorie -->\n            <div class=\"em-card-img-wrap\">\n                              <img decoding=\"async\" class=\"em-card-img\" src=\"https:\/\/www.landes-tourisme.info\/images\/onard-village.jpg\" alt=\"Onard\" loading=\"lazy\" onerror=\"this.style.display='none';this.nextElementSibling.style.display='flex';\">\n                <div class=\"em-card-placeholder\" style=\"display:none;\">\ud83d\udcf7 Image indisponible<\/div>\n                            <span class=\"em-card-badge badge-city\">Villes aux alentours<\/span>\n            <\/div>\n\n            <!-- Contenu de la card -->\n            <div class=\"em-card-body\">\n              <h3 class=\"em-card-title\">Onard<\/h3>\n\n              <!-- Tags r\u00e9sum\u00e9s (max 4) -->\n              <div class=\"em-card-tags\">\n                                    <span class=\"em-tag em-tag-blue\">18 km km<\/span>\n                                    <span class=\"em-tag em-tag-orange\">20 min<\/span>\n                                              <\/div>\n\n              <!-- Champs suppl\u00e9mentaires (max 3) -->\n              <div class=\"em-card-fields\">\n                                  <div class=\"em-card-field\">\n                    <span class=\"em-card-field-label\">Lieux \/ Activit\u00e9s incontournables :<\/span>\n                    <span class=\"em-card-field-value\">\u00c9glise Saint-Eloi, chapelle et paysages ruraux autour<\/span>\n                  <\/div>\n                                  <div class=\"em-card-field\">\n                    <span class=\"em-card-field-label\">March\u00e9s \/ \u00e9v\u00e9nements locaux :<\/span>\n                    <span class=\"em-card-field-value\">March\u00e9 local hebdomadaire, \u00e9v\u00e9nements culturels villageois<\/span>\n                  <\/div>\n                                  <div class=\"em-card-field\">\n                    <span class=\"em-card-field-label\">Restaurants \/ sp\u00e9cialit\u00e9s :<\/span>\n                    <span class=\"em-card-field-value\">Petits restaurants offrant plats r\u00e9gionaux landais<\/span>\n                  <\/div>\n                              <\/div>\n\n              <!-- Lien vers le d\u00e9tail -->\n              <div class=\"em-card-footer\">\n                <span>Voir le d\u00e9tail<\/span>\n                <svg fill=\"none\" viewBox=\"0 0 24 24\" stroke=\"currentColor\" stroke-width=\"2\"><path stroke-linecap=\"round\" stroke-linejoin=\"round\" d=\"M13.5 4.5L21 12m0 0l-7.5 7.5M21 12H3\"><\/path><\/svg>\n              <\/div>\n            <\/div>\n          <\/article>\n                  <article class=\"em-card\"\n            data-type=\"city\"\n            data-features=\"\"\n            data-name=\"cast\u00e9tis\"\n            data-json=\"{&quot;name&quot;:&quot;Cast\\u00e9tis&quot;,&quot;image&quot;:&quot;https:\\\/\\\/cdn.tourismelandes.fr\\\/photos\\\/castetis_eglise_landais.jpg&quot;,&quot;link&quot;:&quot;https:\\\/\\\/www.tourismelandes.fr\\\/castetis&quot;,&quot;data&quot;:{&quot;name&quot;:&quot;Cast\\u00e9tis&quot;,&quot;distance_kilometers&quot;:&quot;30 km&quot;,&quot;driving_time_minutes&quot;:&quot;30&quot;,&quot;must_see_places&quot;:&quot;\\u00c9glise Saint-Pierre, patrimoine architectural local, nature environnante&quot;,&quot;markets_local_events&quot;:&quot;March\\u00e9 mensuel, festival local d\\u2019\\u00e9t\\u00e9&quot;,&quot;restaurants_specialities&quot;:&quot;Sp\\u00e9cialit\\u00e9s \\u00e0 base de produits locaux, vins du sud-ouest&quot;,&quot;comment&quot;:&quot;Village calme avec un riche patrimoine \\u00e0 d\\u00e9couvrir, aux portes de la for\\u00eat landaise&quot;,&quot;link&quot;:&quot;https:\\\/\\\/www.tourismelandes.fr\\\/castetis&quot;,&quot;image&quot;:&quot;https:\\\/\\\/cdn.tourismelandes.fr\\\/photos\\\/castetis_eglise_landais.jpg&quot;},&quot;category&quot;:&quot;Villes aux alentours&quot;}\">\n\n            <!-- Image + badge cat\u00e9gorie -->\n            <div class=\"em-card-img-wrap\">\n                              <img decoding=\"async\" class=\"em-card-img\" src=\"https:\/\/cdn.tourismelandes.fr\/photos\/castetis_eglise_landais.jpg\" alt=\"Cast\u00e9tis\" loading=\"lazy\" onerror=\"this.style.display='none';this.nextElementSibling.style.display='flex';\">\n                <div class=\"em-card-placeholder\" style=\"display:none;\">\ud83d\udcf7 Image indisponible<\/div>\n                            <span class=\"em-card-badge badge-city\">Villes aux alentours<\/span>\n            <\/div>\n\n            <!-- Contenu de la card -->\n            <div class=\"em-card-body\">\n              <h3 class=\"em-card-title\">Cast\u00e9tis<\/h3>\n\n              <!-- Tags r\u00e9sum\u00e9s (max 4) -->\n              <div class=\"em-card-tags\">\n                                    <span class=\"em-tag em-tag-blue\">30 km km<\/span>\n                                    <span class=\"em-tag em-tag-orange\">30 min<\/span>\n                                              <\/div>\n\n              <!-- Champs suppl\u00e9mentaires (max 3) -->\n              <div class=\"em-card-fields\">\n                                  <div class=\"em-card-field\">\n                    <span class=\"em-card-field-label\">Lieux \/ Activit\u00e9s incontournables :<\/span>\n                    <span class=\"em-card-field-value\">\u00c9glise Saint-Pierre, patrimoine architectural local, nature <\/span>\n                  <\/div>\n                                  <div class=\"em-card-field\">\n                    <span class=\"em-card-field-label\">March\u00e9s \/ \u00e9v\u00e9nements locaux :<\/span>\n                    <span class=\"em-card-field-value\">March\u00e9 mensuel, festival local d\u2019\u00e9t\u00e9<\/span>\n                  <\/div>\n                                  <div class=\"em-card-field\">\n                    <span class=\"em-card-field-label\">Restaurants \/ sp\u00e9cialit\u00e9s :<\/span>\n                    <span class=\"em-card-field-value\">Sp\u00e9cialit\u00e9s \u00e0 base de produits locaux, vins du sud-ouest<\/span>\n                  <\/div>\n                              <\/div>\n\n              <!-- Lien vers le d\u00e9tail -->\n              <div class=\"em-card-footer\">\n                <span>Voir le d\u00e9tail<\/span>\n                <svg fill=\"none\" viewBox=\"0 0 24 24\" stroke=\"currentColor\" stroke-width=\"2\"><path stroke-linecap=\"round\" stroke-linejoin=\"round\" d=\"M13.5 4.5L21 12m0 0l-7.5 7.5M21 12H3\"><\/path><\/svg>\n              <\/div>\n            <\/div>\n          <\/article>\n                  <article class=\"em-card\"\n            data-type=\"city\"\n            data-features=\"\"\n            data-name=\"magescq\"\n            data-json=\"{&quot;name&quot;:&quot;Magescq&quot;,&quot;image&quot;:&quot;https:\\\/\\\/cdn.landes-tourisme.info\\\/magescq_village.jpg&quot;,&quot;link&quot;:&quot;https:\\\/\\\/www.landes-tourisme.info\\\/magescq&quot;,&quot;data&quot;:{&quot;name&quot;:&quot;Magescq&quot;,&quot;distance_kilometers&quot;:&quot;22 km&quot;,&quot;driving_time_minutes&quot;:&quot;25&quot;,&quot;must_see_places&quot;:&quot;\\u00c9glise Saint-Vincent, parc naturel, balades en for\\u00eat&quot;,&quot;markets_local_events&quot;:&quot;March\\u00e9s traditionnels, f\\u00eate annuelle&quot;,&quot;restaurants_specialities&quot;:&quot;Cuisine locale, fruits de mer, sp\\u00e9cialit\\u00e9s gasconnes&quot;,&quot;comment&quot;:&quot;Petit bourg vibrant proposant quelques commerces et activit\\u00e9s culturelles \\u00e0 proximit\\u00e9 de Saint-Paul-en-Born&quot;,&quot;link&quot;:&quot;https:\\\/\\\/www.landes-tourisme.info\\\/magescq&quot;,&quot;image&quot;:&quot;https:\\\/\\\/cdn.landes-tourisme.info\\\/magescq_village.jpg&quot;},&quot;category&quot;:&quot;Villes aux alentours&quot;}\">\n\n            <!-- Image + badge cat\u00e9gorie -->\n            <div class=\"em-card-img-wrap\">\n                              <img decoding=\"async\" class=\"em-card-img\" src=\"https:\/\/cdn.landes-tourisme.info\/magescq_village.jpg\" alt=\"Magescq\" loading=\"lazy\" onerror=\"this.style.display='none';this.nextElementSibling.style.display='flex';\">\n                <div class=\"em-card-placeholder\" style=\"display:none;\">\ud83d\udcf7 Image indisponible<\/div>\n                            <span class=\"em-card-badge badge-city\">Villes aux alentours<\/span>\n            <\/div>\n\n            <!-- Contenu de la card -->\n            <div class=\"em-card-body\">\n              <h3 class=\"em-card-title\">Magescq<\/h3>\n\n              <!-- Tags r\u00e9sum\u00e9s (max 4) -->\n              <div class=\"em-card-tags\">\n                                    <span class=\"em-tag em-tag-blue\">22 km km<\/span>\n                                    <span class=\"em-tag em-tag-orange\">25 min<\/span>\n                                              <\/div>\n\n              <!-- Champs suppl\u00e9mentaires (max 3) -->\n              <div class=\"em-card-fields\">\n                                  <div class=\"em-card-field\">\n                    <span class=\"em-card-field-label\">Lieux \/ Activit\u00e9s incontournables :<\/span>\n                    <span class=\"em-card-field-value\">\u00c9glise Saint-Vincent, parc naturel, balades en for\u00eat<\/span>\n                  <\/div>\n                                  <div class=\"em-card-field\">\n                    <span class=\"em-card-field-label\">March\u00e9s \/ \u00e9v\u00e9nements locaux :<\/span>\n                    <span class=\"em-card-field-value\">March\u00e9s traditionnels, f\u00eate annuelle<\/span>\n                  <\/div>\n                                  <div class=\"em-card-field\">\n                    <span class=\"em-card-field-label\">Restaurants \/ sp\u00e9cialit\u00e9s :<\/span>\n                    <span class=\"em-card-field-value\">Cuisine locale, fruits de mer, sp\u00e9cialit\u00e9s gasconnes<\/span>\n                  <\/div>\n                              <\/div>\n\n              <!-- Lien vers le d\u00e9tail -->\n              <div class=\"em-card-footer\">\n                <span>Voir le d\u00e9tail<\/span>\n                <svg fill=\"none\" viewBox=\"0 0 24 24\" stroke=\"currentColor\" stroke-width=\"2\"><path stroke-linecap=\"round\" stroke-linejoin=\"round\" d=\"M13.5 4.5L21 12m0 0l-7.5 7.5M21 12H3\"><\/path><\/svg>\n              <\/div>\n            <\/div>\n          <\/article>\n                  <article class=\"em-card\"\n            data-type=\"city\"\n            data-features=\"\"\n            data-name=\"ychoux\"\n            data-json=\"{&quot;name&quot;:&quot;Ychoux&quot;,&quot;image&quot;:&quot;https:\\\/\\\/upload.wikimedia.org\\\/wikipedia\\\/commons\\\/8\\\/8a\\\/Ychoux_Landes_village.jpg&quot;,&quot;link&quot;:&quot;https:\\\/\\\/www.ychoux.fr&quot;,&quot;data&quot;:{&quot;name&quot;:&quot;Ychoux&quot;,&quot;distance_kilometers&quot;:&quot;40 km&quot;,&quot;driving_time_minutes&quot;:&quot;35&quot;,&quot;must_see_places&quot;:&quot;\\u00c9glise Saint-Georges, for\\u00eat landaise, r\\u00e9serve naturelle&quot;,&quot;markets_local_events&quot;:&quot;March\\u00e9 paysan hebdomadaire, festivals locaux&quot;,&quot;restaurants_specialities&quot;:&quot;Produits du terroir, plats landais, cuisine de saison&quot;,&quot;comment&quot;:&quot;Bourg anim\\u00e9 au c\\u0153ur des Landes offrant richesse naturelle et culturelle&quot;,&quot;link&quot;:&quot;https:\\\/\\\/www.ychoux.fr&quot;,&quot;image&quot;:&quot;https:\\\/\\\/upload.wikimedia.org\\\/wikipedia\\\/commons\\\/8\\\/8a\\\/Ychoux_Landes_village.jpg&quot;},&quot;category&quot;:&quot;Villes aux alentours&quot;}\">\n\n            <!-- Image + badge cat\u00e9gorie -->\n            <div class=\"em-card-img-wrap\">\n                              <img decoding=\"async\" class=\"em-card-img\" src=\"https:\/\/upload.wikimedia.org\/wikipedia\/commons\/8\/8a\/Ychoux_Landes_village.jpg\" alt=\"Ychoux\" loading=\"lazy\" onerror=\"this.style.display='none';this.nextElementSibling.style.display='flex';\">\n                <div class=\"em-card-placeholder\" style=\"display:none;\">\ud83d\udcf7 Image indisponible<\/div>\n                            <span class=\"em-card-badge badge-city\">Villes aux alentours<\/span>\n            <\/div>\n\n            <!-- Contenu de la card -->\n            <div class=\"em-card-body\">\n              <h3 class=\"em-card-title\">Ychoux<\/h3>\n\n              <!-- Tags r\u00e9sum\u00e9s (max 4) -->\n              <div class=\"em-card-tags\">\n                                    <span class=\"em-tag em-tag-blue\">40 km km<\/span>\n                                    <span class=\"em-tag em-tag-orange\">35 min<\/span>\n                                              <\/div>\n\n              <!-- Champs suppl\u00e9mentaires (max 3) -->\n              <div class=\"em-card-fields\">\n                                  <div class=\"em-card-field\">\n                    <span class=\"em-card-field-label\">Lieux \/ Activit\u00e9s incontournables :<\/span>\n                    <span class=\"em-card-field-value\">\u00c9glise Saint-Georges, for\u00eat landaise, r\u00e9serve naturelle<\/span>\n                  <\/div>\n                                  <div class=\"em-card-field\">\n                    <span class=\"em-card-field-label\">March\u00e9s \/ \u00e9v\u00e9nements locaux :<\/span>\n                    <span class=\"em-card-field-value\">March\u00e9 paysan hebdomadaire, festivals locaux<\/span>\n                  <\/div>\n                                  <div class=\"em-card-field\">\n                    <span class=\"em-card-field-label\">Restaurants \/ sp\u00e9cialit\u00e9s :<\/span>\n                    <span class=\"em-card-field-value\">Produits du terroir, plats landais, cuisine de saison<\/span>\n                  <\/div>\n                              <\/div>\n\n              <!-- Lien vers le d\u00e9tail -->\n              <div class=\"em-card-footer\">\n                <span>Voir le d\u00e9tail<\/span>\n                <svg fill=\"none\" viewBox=\"0 0 24 24\" stroke=\"currentColor\" stroke-width=\"2\"><path stroke-linecap=\"round\" stroke-linejoin=\"round\" d=\"M13.5 4.5L21 12m0 0l-7.5 7.5M21 12H3\"><\/path><\/svg>\n              <\/div>\n            <\/div>\n          <\/article>\n                  <article class=\"em-card\"\n            data-type=\"city\"\n            data-features=\"\"\n            data-name=\"gabarret\"\n            data-json=\"{&quot;name&quot;:&quot;Gabarret&quot;,&quot;image&quot;:&quot;https:\\\/\\\/upload.wikimedia.org\\\/wikipedia\\\/commons\\\/1\\\/14\\\/Gabarret_hall.jpg&quot;,&quot;link&quot;:&quot;https:\\\/\\\/www.gabarret.fr&quot;,&quot;data&quot;:{&quot;name&quot;:&quot;Gabarret&quot;,&quot;distance_kilometers&quot;:&quot;60 km&quot;,&quot;driving_time_minutes&quot;:&quot;50&quot;,&quot;must_see_places&quot;:&quot;Place centrale avec halles, \\u00e9glise traditionnelle&quot;,&quot;markets_local_events&quot;:&quot;March\\u00e9s hebdomadaires, foires artisanales&quot;,&quot;restaurants_specialities&quot;:&quot;Cuisine gasconne, charcuterie maison&quot;,&quot;comment&quot;:&quot;Localit\\u00e9 plus \\u00e9loign\\u00e9e mais pleine de charme, parfaite pour d\\u00e9couvrir la culture locale gasconne&quot;,&quot;link&quot;:&quot;https:\\\/\\\/www.gabarret.fr&quot;,&quot;image&quot;:&quot;https:\\\/\\\/upload.wikimedia.org\\\/wikipedia\\\/commons\\\/1\\\/14\\\/Gabarret_hall.jpg&quot;},&quot;category&quot;:&quot;Villes aux alentours&quot;}\">\n\n            <!-- Image + badge cat\u00e9gorie -->\n            <div class=\"em-card-img-wrap\">\n                              <img decoding=\"async\" class=\"em-card-img\" src=\"https:\/\/upload.wikimedia.org\/wikipedia\/commons\/1\/14\/Gabarret_hall.jpg\" alt=\"Gabarret\" loading=\"lazy\" onerror=\"this.style.display='none';this.nextElementSibling.style.display='flex';\">\n                <div class=\"em-card-placeholder\" style=\"display:none;\">\ud83d\udcf7 Image indisponible<\/div>\n                            <span class=\"em-card-badge badge-city\">Villes aux alentours<\/span>\n            <\/div>\n\n            <!-- Contenu de la card -->\n            <div class=\"em-card-body\">\n              <h3 class=\"em-card-title\">Gabarret<\/h3>\n\n              <!-- Tags r\u00e9sum\u00e9s (max 4) -->\n              <div class=\"em-card-tags\">\n                                    <span class=\"em-tag em-tag-blue\">60 km km<\/span>\n                                    <span class=\"em-tag em-tag-orange\">50 min<\/span>\n                                              <\/div>\n\n              <!-- Champs suppl\u00e9mentaires (max 3) -->\n              <div class=\"em-card-fields\">\n                                  <div class=\"em-card-field\">\n                    <span class=\"em-card-field-label\">Lieux \/ Activit\u00e9s incontournables :<\/span>\n                    <span class=\"em-card-field-value\">Place centrale avec halles, \u00e9glise traditionnelle<\/span>\n                  <\/div>\n                                  <div class=\"em-card-field\">\n                    <span class=\"em-card-field-label\">March\u00e9s \/ \u00e9v\u00e9nements locaux :<\/span>\n                    <span class=\"em-card-field-value\">March\u00e9s hebdomadaires, foires artisanales<\/span>\n                  <\/div>\n                                  <div class=\"em-card-field\">\n                    <span class=\"em-card-field-label\">Restaurants \/ sp\u00e9cialit\u00e9s :<\/span>\n                    <span class=\"em-card-field-value\">Cuisine gasconne, charcuterie maison<\/span>\n                  <\/div>\n                              <\/div>\n\n              <!-- Lien vers le d\u00e9tail -->\n              <div class=\"em-card-footer\">\n                <span>Voir le d\u00e9tail<\/span>\n                <svg fill=\"none\" viewBox=\"0 0 24 24\" stroke=\"currentColor\" stroke-width=\"2\"><path stroke-linecap=\"round\" stroke-linejoin=\"round\" d=\"M13.5 4.5L21 12m0 0l-7.5 7.5M21 12H3\"><\/path><\/svg>\n              <\/div>\n            <\/div>\n          <\/article>\n                  <article class=\"em-card\"\n            data-type=\"city\"\n            data-features=\"\"\n            data-name=\"belhade\"\n            data-json=\"{&quot;name&quot;:&quot;Belhade&quot;,&quot;image&quot;:&quot;https:\\\/\\\/cdn.landes-tourisme.info\\\/belhade_paysage.jpg&quot;,&quot;link&quot;:&quot;https:\\\/\\\/www.landes-tourisme.info\\\/belhade&quot;,&quot;data&quot;:{&quot;name&quot;:&quot;Belhade&quot;,&quot;distance_kilometers&quot;:&quot;55 km&quot;,&quot;driving_time_minutes&quot;:&quot;50&quot;,&quot;must_see_places&quot;:&quot;Sites naturels, randonn\\u00e9es en for\\u00eat, patrimoine rural&quot;,&quot;markets_local_events&quot;:&quot;Petits march\\u00e9s locaux, festivals de village&quot;,&quot;restaurants_specialities&quot;:&quot;Produits locaux, cuisine simple et authentique&quot;,&quot;comment&quot;:&quot;Commune rurale paisible, id\\u00e9ale pour les amateurs de nature et de tranquillit\\u00e9&quot;,&quot;link&quot;:&quot;https:\\\/\\\/www.landes-tourisme.info\\\/belhade&quot;,&quot;image&quot;:&quot;https:\\\/\\\/cdn.landes-tourisme.info\\\/belhade_paysage.jpg&quot;},&quot;category&quot;:&quot;Villes aux alentours&quot;}\">\n\n            <!-- Image + badge cat\u00e9gorie -->\n            <div class=\"em-card-img-wrap\">\n                              <img decoding=\"async\" class=\"em-card-img\" src=\"https:\/\/cdn.landes-tourisme.info\/belhade_paysage.jpg\" alt=\"Belhade\" loading=\"lazy\" onerror=\"this.style.display='none';this.nextElementSibling.style.display='flex';\">\n                <div class=\"em-card-placeholder\" style=\"display:none;\">\ud83d\udcf7 Image indisponible<\/div>\n                            <span class=\"em-card-badge badge-city\">Villes aux alentours<\/span>\n            <\/div>\n\n            <!-- Contenu de la card -->\n            <div class=\"em-card-body\">\n              <h3 class=\"em-card-title\">Belhade<\/h3>\n\n              <!-- Tags r\u00e9sum\u00e9s (max 4) -->\n              <div class=\"em-card-tags\">\n                                    <span class=\"em-tag em-tag-blue\">55 km km<\/span>\n                                    <span class=\"em-tag em-tag-orange\">50 min<\/span>\n                                              <\/div>\n\n              <!-- Champs suppl\u00e9mentaires (max 3) -->\n              <div class=\"em-card-fields\">\n                                  <div class=\"em-card-field\">\n                    <span class=\"em-card-field-label\">Lieux \/ Activit\u00e9s incontournables :<\/span>\n                    <span class=\"em-card-field-value\">Sites naturels, randonn\u00e9es en for\u00eat, patrimoine rural<\/span>\n                  <\/div>\n                                  <div class=\"em-card-field\">\n                    <span class=\"em-card-field-label\">March\u00e9s \/ \u00e9v\u00e9nements locaux :<\/span>\n                    <span class=\"em-card-field-value\">Petits march\u00e9s locaux, festivals de village<\/span>\n                  <\/div>\n                                  <div class=\"em-card-field\">\n                    <span class=\"em-card-field-label\">Restaurants \/ sp\u00e9cialit\u00e9s :<\/span>\n                    <span class=\"em-card-field-value\">Produits locaux, cuisine simple et authentique<\/span>\n                  <\/div>\n                              <\/div>\n\n              <!-- Lien vers le d\u00e9tail -->\n              <div class=\"em-card-footer\">\n                <span>Voir le d\u00e9tail<\/span>\n                <svg fill=\"none\" viewBox=\"0 0 24 24\" stroke=\"currentColor\" stroke-width=\"2\"><path stroke-linecap=\"round\" stroke-linejoin=\"round\" d=\"M13.5 4.5L21 12m0 0l-7.5 7.5M21 12H3\"><\/path><\/svg>\n              <\/div>\n            <\/div>\n          <\/article>\n                  <article class=\"em-card\"\n            data-type=\"city\"\n            data-features=\"\"\n            data-name=\"marensin\"\n            data-json=\"{&quot;name&quot;:&quot;Marensin&quot;,&quot;image&quot;:&quot;https:\\\/\\\/www.landes-tourisme.info\\\/img\\\/marenesin_plage.jpg&quot;,&quot;link&quot;:&quot;https:\\\/\\\/www.marenesin.fr&quot;,&quot;data&quot;:{&quot;name&quot;:&quot;Marensin&quot;,&quot;distance_kilometers&quot;:&quot;45 km&quot;,&quot;driving_time_minutes&quot;:&quot;40&quot;,&quot;must_see_places&quot;:&quot;Dunes c\\u00f4ti\\u00e8res, plages, r\\u00e9serves naturelles&quot;,&quot;markets_local_events&quot;:&quot;March\\u00e9s artisanaux, \\u00e9v\\u00e9nements culturels estivaux&quot;,&quot;restaurants_specialities&quot;:&quot;Fruits de mer, plats typiques de la c\\u00f4te basque&quot;,&quot;comment&quot;:&quot;R\\u00e9gion c\\u00f4ti\\u00e8re proche mais distincte, offrant plages et nature prot\\u00e9g\\u00e9e, id\\u00e9ale pour les balades et la d\\u00e9tente&quot;,&quot;link&quot;:&quot;https:\\\/\\\/www.marenesin.fr&quot;,&quot;image&quot;:&quot;https:\\\/\\\/www.landes-tourisme.info\\\/img\\\/marenesin_plage.jpg&quot;},&quot;category&quot;:&quot;Villes aux alentours&quot;}\">\n\n            <!-- Image + badge cat\u00e9gorie -->\n            <div class=\"em-card-img-wrap\">\n                              <img decoding=\"async\" class=\"em-card-img\" src=\"https:\/\/www.landes-tourisme.info\/img\/marenesin_plage.jpg\" alt=\"Marensin\" loading=\"lazy\" onerror=\"this.style.display='none';this.nextElementSibling.style.display='flex';\">\n                <div class=\"em-card-placeholder\" style=\"display:none;\">\ud83d\udcf7 Image indisponible<\/div>\n                            <span class=\"em-card-badge badge-city\">Villes aux alentours<\/span>\n            <\/div>\n\n            <!-- Contenu de la card -->\n            <div class=\"em-card-body\">\n              <h3 class=\"em-card-title\">Marensin<\/h3>\n\n              <!-- Tags r\u00e9sum\u00e9s (max 4) -->\n              <div class=\"em-card-tags\">\n                                    <span class=\"em-tag em-tag-blue\">45 km km<\/span>\n                                    <span class=\"em-tag em-tag-orange\">40 min<\/span>\n                                              <\/div>\n\n              <!-- Champs suppl\u00e9mentaires (max 3) -->\n              <div class=\"em-card-fields\">\n                                  <div class=\"em-card-field\">\n                    <span class=\"em-card-field-label\">Lieux \/ Activit\u00e9s incontournables :<\/span>\n                    <span class=\"em-card-field-value\">Dunes c\u00f4ti\u00e8res, plages, r\u00e9serves naturelles<\/span>\n                  <\/div>\n                                  <div class=\"em-card-field\">\n                    <span class=\"em-card-field-label\">March\u00e9s \/ \u00e9v\u00e9nements locaux :<\/span>\n                    <span class=\"em-card-field-value\">March\u00e9s artisanaux, \u00e9v\u00e9nements culturels estivaux<\/span>\n                  <\/div>\n                                  <div class=\"em-card-field\">\n                    <span class=\"em-card-field-label\">Restaurants \/ sp\u00e9cialit\u00e9s :<\/span>\n                    <span class=\"em-card-field-value\">Fruits de mer, plats typiques de la c\u00f4te basque<\/span>\n                  <\/div>\n                              <\/div>\n\n              <!-- Lien vers le d\u00e9tail -->\n              <div class=\"em-card-footer\">\n                <span>Voir le d\u00e9tail<\/span>\n                <svg fill=\"none\" viewBox=\"0 0 24 24\" stroke=\"currentColor\" stroke-width=\"2\"><path stroke-linecap=\"round\" stroke-linejoin=\"round\" d=\"M13.5 4.5L21 12m0 0l-7.5 7.5M21 12H3\"><\/path><\/svg>\n              <\/div>\n            <\/div>\n          <\/article>\n                  <article class=\"em-card\"\n            data-type=\"city\"\n            data-features=\"\"\n            data-name=\"parleboscq\"\n            data-json=\"{&quot;name&quot;:&quot;Parleboscq&quot;,&quot;image&quot;:&quot;https:\\\/\\\/upload.wikimedia.org\\\/wikipedia\\\/commons\\\/2\\\/20\\\/Parleboscq_Landes_village.jpg&quot;,&quot;link&quot;:&quot;https:\\\/\\\/www.parleboscq.fr&quot;,&quot;data&quot;:{&quot;name&quot;:&quot;Parleboscq&quot;,&quot;distance_kilometers&quot;:&quot;48 km&quot;,&quot;driving_time_minutes&quot;:&quot;40&quot;,&quot;must_see_places&quot;:&quot;Village traditionnel, paysages vallonn\\u00e9s, \\u00e9glise locale&quot;,&quot;markets_local_events&quot;:&quot;F\\u00eates locales, march\\u00e9s saisonniers&quot;,&quot;restaurants_specialities&quot;:&quot;Charcuterie, cuisine gasconne et landaise&quot;,&quot;comment&quot;:&quot;Petit village authentique offrant un d\\u00e9paysement complet, loin des zones plus touristiques&quot;,&quot;link&quot;:&quot;https:\\\/\\\/www.parleboscq.fr&quot;,&quot;image&quot;:&quot;https:\\\/\\\/upload.wikimedia.org\\\/wikipedia\\\/commons\\\/2\\\/20\\\/Parleboscq_Landes_village.jpg&quot;},&quot;category&quot;:&quot;Villes aux alentours&quot;}\">\n\n            <!-- Image + badge cat\u00e9gorie -->\n            <div class=\"em-card-img-wrap\">\n                              <img decoding=\"async\" class=\"em-card-img\" src=\"https:\/\/upload.wikimedia.org\/wikipedia\/commons\/2\/20\/Parleboscq_Landes_village.jpg\" alt=\"Parleboscq\" loading=\"lazy\" onerror=\"this.style.display='none';this.nextElementSibling.style.display='flex';\">\n                <div class=\"em-card-placeholder\" style=\"display:none;\">\ud83d\udcf7 Image indisponible<\/div>\n                            <span class=\"em-card-badge badge-city\">Villes aux alentours<\/span>\n            <\/div>\n\n            <!-- Contenu de la card -->\n            <div class=\"em-card-body\">\n              <h3 class=\"em-card-title\">Parleboscq<\/h3>\n\n              <!-- Tags r\u00e9sum\u00e9s (max 4) -->\n              <div class=\"em-card-tags\">\n                                    <span class=\"em-tag em-tag-blue\">48 km km<\/span>\n                                    <span class=\"em-tag em-tag-orange\">40 min<\/span>\n                                              <\/div>\n\n              <!-- Champs suppl\u00e9mentaires (max 3) -->\n              <div class=\"em-card-fields\">\n                                  <div class=\"em-card-field\">\n                    <span class=\"em-card-field-label\">Lieux \/ Activit\u00e9s incontournables :<\/span>\n                    <span class=\"em-card-field-value\">Village traditionnel, paysages vallonn\u00e9s, \u00e9glise locale<\/span>\n                  <\/div>\n                                  <div class=\"em-card-field\">\n                    <span class=\"em-card-field-label\">March\u00e9s \/ \u00e9v\u00e9nements locaux :<\/span>\n                    <span class=\"em-card-field-value\">F\u00eates locales, march\u00e9s saisonniers<\/span>\n                  <\/div>\n                                  <div class=\"em-card-field\">\n                    <span class=\"em-card-field-label\">Restaurants \/ sp\u00e9cialit\u00e9s :<\/span>\n                    <span class=\"em-card-field-value\">Charcuterie, cuisine gasconne et landaise<\/span>\n                  <\/div>\n                              <\/div>\n\n              <!-- Lien vers le d\u00e9tail -->\n              <div class=\"em-card-footer\">\n                <span>Voir le d\u00e9tail<\/span>\n                <svg fill=\"none\" viewBox=\"0 0 24 24\" stroke=\"currentColor\" stroke-width=\"2\"><path stroke-linecap=\"round\" stroke-linejoin=\"round\" d=\"M13.5 4.5L21 12m0 0l-7.5 7.5M21 12H3\"><\/path><\/svg>\n              <\/div>\n            <\/div>\n          <\/article>\n                  <article class=\"em-card\"\n            data-type=\"city\"\n            data-features=\"\"\n            data-name=\"morcenx-la-nouvelle (secteur exclu car d\u00e9j\u00e0 mentionn\u00e9)\"\n            data-json=\"{&quot;name&quot;:&quot;Morcenx-la-Nouvelle (secteur exclu car d\\u00e9j\\u00e0 mentionn\\u00e9)&quot;,&quot;image&quot;:&quot;&quot;,&quot;link&quot;:&quot;&quot;,&quot;data&quot;:{&quot;name&quot;:&quot;Morcenx-la-Nouvelle (secteur exclu car d\\u00e9j\\u00e0 mentionn\\u00e9)&quot;,&quot;distance_kilometers&quot;:&quot;25 km&quot;,&quot;driving_time_minutes&quot;:&quot;25&quot;,&quot;must_see_places&quot;:&quot;Mus\\u00e9e, plan d\\u2019eau, for\\u00eat&quot;,&quot;markets_local_events&quot;:&quot;Festivals locaux, march\\u00e9s traditionnels&quot;,&quot;restaurants_specialities&quot;:&quot;Sp\\u00e9cialit\\u00e9s landaises traditionnelles&quot;,&quot;comment&quot;:&quot;Ville importante du secteur, d\\u00e9j\\u00e0 mentionn\\u00e9e donc exclue&quot;,&quot;link&quot;:&quot;&quot;,&quot;image&quot;:&quot;&quot;},&quot;category&quot;:&quot;Villes aux alentours&quot;}\">\n\n            <!-- Image + badge cat\u00e9gorie -->\n            <div class=\"em-card-img-wrap\">\n                              <div class=\"em-card-placeholder\">\ud83d\udcf7 Pas d'image<\/div>\n                            <span class=\"em-card-badge badge-city\">Villes aux alentours<\/span>\n            <\/div>\n\n            <!-- Contenu de la card -->\n            <div class=\"em-card-body\">\n              <h3 class=\"em-card-title\">Morcenx-la-Nouvelle (secteur exclu car d\u00e9j\u00e0 mentionn\u00e9)<\/h3>\n\n              <!-- Tags r\u00e9sum\u00e9s (max 4) -->\n              <div class=\"em-card-tags\">\n                                    <span class=\"em-tag em-tag-blue\">25 km km<\/span>\n                                    <span class=\"em-tag em-tag-orange\">25 min<\/span>\n                                              <\/div>\n\n              <!-- Champs suppl\u00e9mentaires (max 3) -->\n              <div class=\"em-card-fields\">\n                                  <div class=\"em-card-field\">\n                    <span class=\"em-card-field-label\">Lieux \/ Activit\u00e9s incontournables :<\/span>\n                    <span class=\"em-card-field-value\">Mus\u00e9e, plan d\u2019eau, for\u00eat<\/span>\n                  <\/div>\n                                  <div class=\"em-card-field\">\n                    <span class=\"em-card-field-label\">March\u00e9s \/ \u00e9v\u00e9nements locaux :<\/span>\n                    <span class=\"em-card-field-value\">Festivals locaux, march\u00e9s traditionnels<\/span>\n                  <\/div>\n                                  <div class=\"em-card-field\">\n                    <span class=\"em-card-field-label\">Restaurants \/ sp\u00e9cialit\u00e9s :<\/span>\n                    <span class=\"em-card-field-value\">Sp\u00e9cialit\u00e9s landaises traditionnelles<\/span>\n                  <\/div>\n                              <\/div>\n\n              <!-- Lien vers le d\u00e9tail -->\n              <div class=\"em-card-footer\">\n                <span>Voir le d\u00e9tail<\/span>\n                <svg fill=\"none\" viewBox=\"0 0 24 24\" stroke=\"currentColor\" stroke-width=\"2\"><path stroke-linecap=\"round\" stroke-linejoin=\"round\" d=\"M13.5 4.5L21 12m0 0l-7.5 7.5M21 12H3\"><\/path><\/svg>\n              <\/div>\n            <\/div>\n          <\/article>\n                  <article class=\"em-card\"\n            data-type=\"city\"\n            data-features=\"\"\n            data-name=\"l\u00e9vignacq\"\n            data-json=\"{&quot;name&quot;:&quot;L\\u00e9vignacq&quot;,&quot;image&quot;:&quot;https:\\\/\\\/cdn.landes-tourisme.info\\\/levignacq_village.jpg&quot;,&quot;link&quot;:&quot;https:\\\/\\\/www.levignacq.fr&quot;,&quot;data&quot;:{&quot;name&quot;:&quot;L\\u00e9vignacq&quot;,&quot;distance_kilometers&quot;:&quot;27 km&quot;,&quot;driving_time_minutes&quot;:&quot;25&quot;,&quot;must_see_places&quot;:&quot;\\u00c9glise historique, ponts sur la rivi\\u00e8re&quot;,&quot;markets_local_events&quot;:&quot;March\\u00e9s mensuels, \\u00e9v\\u00e9nements culturels&quot;,&quot;restaurants_specialities&quot;:&quot;Cuisine traditionnelle landaise&quot;,&quot;comment&quot;:&quot;Village offrant cadre tranquille et quelques attractions patrimoniales&quot;,&quot;link&quot;:&quot;https:\\\/\\\/www.levignacq.fr&quot;,&quot;image&quot;:&quot;https:\\\/\\\/cdn.landes-tourisme.info\\\/levignacq_village.jpg&quot;},&quot;category&quot;:&quot;Villes aux alentours&quot;}\">\n\n            <!-- Image + badge cat\u00e9gorie -->\n            <div class=\"em-card-img-wrap\">\n                              <img decoding=\"async\" class=\"em-card-img\" src=\"https:\/\/cdn.landes-tourisme.info\/levignacq_village.jpg\" alt=\"L\u00e9vignacq\" loading=\"lazy\" onerror=\"this.style.display='none';this.nextElementSibling.style.display='flex';\">\n                <div class=\"em-card-placeholder\" style=\"display:none;\">\ud83d\udcf7 Image indisponible<\/div>\n                            <span class=\"em-card-badge badge-city\">Villes aux alentours<\/span>\n            <\/div>\n\n            <!-- Contenu de la card -->\n            <div class=\"em-card-body\">\n              <h3 class=\"em-card-title\">L\u00e9vignacq<\/h3>\n\n              <!-- Tags r\u00e9sum\u00e9s (max 4) -->\n              <div class=\"em-card-tags\">\n                                    <span class=\"em-tag em-tag-blue\">27 km km<\/span>\n                                    <span class=\"em-tag em-tag-orange\">25 min<\/span>\n                                              <\/div>\n\n              <!-- Champs suppl\u00e9mentaires (max 3) -->\n              <div class=\"em-card-fields\">\n                                  <div class=\"em-card-field\">\n                    <span class=\"em-card-field-label\">Lieux \/ Activit\u00e9s incontournables :<\/span>\n                    <span class=\"em-card-field-value\">\u00c9glise historique, ponts sur la rivi\u00e8re<\/span>\n                  <\/div>\n                                  <div class=\"em-card-field\">\n                    <span class=\"em-card-field-label\">March\u00e9s \/ \u00e9v\u00e9nements locaux :<\/span>\n                    <span class=\"em-card-field-value\">March\u00e9s mensuels, \u00e9v\u00e9nements culturels<\/span>\n                  <\/div>\n                                  <div class=\"em-card-field\">\n                    <span class=\"em-card-field-label\">Restaurants \/ sp\u00e9cialit\u00e9s :<\/span>\n                    <span class=\"em-card-field-value\">Cuisine traditionnelle landaise<\/span>\n                  <\/div>\n                              <\/div>\n\n              <!-- Lien vers le d\u00e9tail -->\n              <div class=\"em-card-footer\">\n                <span>Voir le d\u00e9tail<\/span>\n                <svg fill=\"none\" viewBox=\"0 0 24 24\" stroke=\"currentColor\" stroke-width=\"2\"><path stroke-linecap=\"round\" stroke-linejoin=\"round\" d=\"M13.5 4.5L21 12m0 0l-7.5 7.5M21 12H3\"><\/path><\/svg>\n              <\/div>\n            <\/div>\n          <\/article>\n                  <article class=\"em-card\"\n            data-type=\"city\"\n            data-features=\"\"\n            data-name=\"saint-gein\"\n            data-json=\"{&quot;name&quot;:&quot;Saint-Gein&quot;,&quot;image&quot;:&quot;https:\\\/\\\/upload.wikimedia.org\\\/wikipedia\\\/commons\\\/c\\\/c1\\\/Saint-gein_land.jpg&quot;,&quot;link&quot;:&quot;https:\\\/\\\/www.saintgein.fr&quot;,&quot;data&quot;:{&quot;name&quot;:&quot;Saint-Gein&quot;,&quot;distance_kilometers&quot;:&quot;50 km&quot;,&quot;driving_time_minutes&quot;:&quot;45&quot;,&quot;must_see_places&quot;:&quot;Ch\\u00e2teau, \\u00e9glise, sentiers nature&quot;,&quot;markets_local_events&quot;:&quot;F\\u00eates traditionnelles, march\\u00e9s locaux en saison&quot;,&quot;restaurants_specialities&quot;:&quot;Produits r\\u00e9gionaux et cuisine du terroir&quot;,&quot;comment&quot;:&quot;Commune rurale de caract\\u00e8re au c\\u0153ur des Landes, id\\u00e9ale pour d\\u00e9couvrir le patrimoine local&quot;,&quot;link&quot;:&quot;https:\\\/\\\/www.saintgein.fr&quot;,&quot;image&quot;:&quot;https:\\\/\\\/upload.wikimedia.org\\\/wikipedia\\\/commons\\\/c\\\/c1\\\/Saint-gein_land.jpg&quot;},&quot;category&quot;:&quot;Villes aux alentours&quot;}\">\n\n            <!-- Image + badge cat\u00e9gorie -->\n            <div class=\"em-card-img-wrap\">\n                              <img decoding=\"async\" class=\"em-card-img\" src=\"https:\/\/upload.wikimedia.org\/wikipedia\/commons\/c\/c1\/Saint-gein_land.jpg\" alt=\"Saint-Gein\" loading=\"lazy\" onerror=\"this.style.display='none';this.nextElementSibling.style.display='flex';\">\n                <div class=\"em-card-placeholder\" style=\"display:none;\">\ud83d\udcf7 Image indisponible<\/div>\n                            <span class=\"em-card-badge badge-city\">Villes aux alentours<\/span>\n            <\/div>\n\n            <!-- Contenu de la card -->\n            <div class=\"em-card-body\">\n              <h3 class=\"em-card-title\">Saint-Gein<\/h3>\n\n              <!-- Tags r\u00e9sum\u00e9s (max 4) -->\n              <div class=\"em-card-tags\">\n                                    <span class=\"em-tag em-tag-blue\">50 km km<\/span>\n                                    <span class=\"em-tag em-tag-orange\">45 min<\/span>\n                                              <\/div>\n\n              <!-- Champs suppl\u00e9mentaires (max 3) -->\n              <div class=\"em-card-fields\">\n                                  <div class=\"em-card-field\">\n                    <span class=\"em-card-field-label\">Lieux \/ Activit\u00e9s incontournables :<\/span>\n                    <span class=\"em-card-field-value\">Ch\u00e2teau, \u00e9glise, sentiers nature<\/span>\n                  <\/div>\n                                  <div class=\"em-card-field\">\n                    <span class=\"em-card-field-label\">March\u00e9s \/ \u00e9v\u00e9nements locaux :<\/span>\n                    <span class=\"em-card-field-value\">F\u00eates traditionnelles, march\u00e9s locaux en saison<\/span>\n                  <\/div>\n                                  <div class=\"em-card-field\">\n                    <span class=\"em-card-field-label\">Restaurants \/ sp\u00e9cialit\u00e9s :<\/span>\n                    <span class=\"em-card-field-value\">Produits r\u00e9gionaux et cuisine du terroir<\/span>\n                  <\/div>\n                              <\/div>\n\n              <!-- Lien vers le d\u00e9tail -->\n              <div class=\"em-card-footer\">\n                <span>Voir le d\u00e9tail<\/span>\n                <svg fill=\"none\" viewBox=\"0 0 24 24\" stroke=\"currentColor\" stroke-width=\"2\"><path stroke-linecap=\"round\" stroke-linejoin=\"round\" d=\"M13.5 4.5L21 12m0 0l-7.5 7.5M21 12H3\"><\/path><\/svg>\n              <\/div>\n            <\/div>\n          <\/article>\n                  <article class=\"em-card\"\n            data-type=\"city\"\n            data-features=\"\"\n            data-name=\"sorde-l&#039;abbaye\"\n            data-json=\"{&quot;name&quot;:&quot;Sorde-l&#039;Abbaye&quot;,&quot;image&quot;:&quot;https:\\\/\\\/upload.wikimedia.org\\\/wikipedia\\\/commons\\\/7\\\/7e\\\/Sorde-l&#039;Abbaye_abbaye.jpg&quot;,&quot;link&quot;:&quot;https:\\\/\\\/www.sorde-labbaye.fr&quot;,&quot;data&quot;:{&quot;name&quot;:&quot;Sorde-l&#039;Abbaye&quot;,&quot;distance_kilometers&quot;:&quot;78 km&quot;,&quot;driving_time_minutes&quot;:&quot;70&quot;,&quot;must_see_places&quot;:&quot;Abbaye mill\\u00e9naire class\\u00e9e UNESCO, patrimoine historique&quot;,&quot;markets_local_events&quot;:&quot;March\\u00e9s hebdomadaires, \\u00e9v\\u00e9nements culturels&quot;,&quot;restaurants_specialities&quot;:&quot;Sp\\u00e9cialit\\u00e9s b\\u00e9arnaises et landaises&quot;,&quot;comment&quot;:&quot;Un peu plus \\u00e9loign\\u00e9e mais site incontournable avec son riche patrimoine religieux&quot;,&quot;link&quot;:&quot;https:\\\/\\\/www.sorde-labbaye.fr&quot;,&quot;image&quot;:&quot;https:\\\/\\\/upload.wikimedia.org\\\/wikipedia\\\/commons\\\/7\\\/7e\\\/Sorde-l&#039;Abbaye_abbaye.jpg&quot;},&quot;category&quot;:&quot;Villes aux alentours&quot;}\">\n\n            <!-- Image + badge cat\u00e9gorie -->\n            <div class=\"em-card-img-wrap\">\n                              <img decoding=\"async\" class=\"em-card-img\" src=\"https:\/\/upload.wikimedia.org\/wikipedia\/commons\/7\/7e\/Sorde-l&#039;Abbaye_abbaye.jpg\" alt=\"Sorde-l&#039;Abbaye\" loading=\"lazy\" onerror=\"this.style.display='none';this.nextElementSibling.style.display='flex';\">\n                <div class=\"em-card-placeholder\" style=\"display:none;\">\ud83d\udcf7 Image indisponible<\/div>\n                            <span class=\"em-card-badge badge-city\">Villes aux alentours<\/span>\n            <\/div>\n\n            <!-- Contenu de la card -->\n            <div class=\"em-card-body\">\n              <h3 class=\"em-card-title\">Sorde-l&#039;Abbaye<\/h3>\n\n              <!-- Tags r\u00e9sum\u00e9s (max 4) -->\n              <div class=\"em-card-tags\">\n                                    <span class=\"em-tag em-tag-blue\">78 km km<\/span>\n                                    <span class=\"em-tag em-tag-orange\">70 min<\/span>\n                                              <\/div>\n\n              <!-- Champs suppl\u00e9mentaires (max 3) -->\n              <div class=\"em-card-fields\">\n                                  <div class=\"em-card-field\">\n                    <span class=\"em-card-field-label\">Lieux \/ Activit\u00e9s incontournables :<\/span>\n                    <span class=\"em-card-field-value\">Abbaye mill\u00e9naire class\u00e9e UNESCO, patrimoine historique<\/span>\n                  <\/div>\n                                  <div class=\"em-card-field\">\n                    <span class=\"em-card-field-label\">March\u00e9s \/ \u00e9v\u00e9nements locaux :<\/span>\n                    <span class=\"em-card-field-value\">March\u00e9s hebdomadaires, \u00e9v\u00e9nements culturels<\/span>\n                  <\/div>\n                                  <div class=\"em-card-field\">\n                    <span class=\"em-card-field-label\">Restaurants \/ sp\u00e9cialit\u00e9s :<\/span>\n                    <span class=\"em-card-field-value\">Sp\u00e9cialit\u00e9s b\u00e9arnaises et landaises<\/span>\n                  <\/div>\n                              <\/div>\n\n              <!-- Lien vers le d\u00e9tail -->\n              <div class=\"em-card-footer\">\n                <span>Voir le d\u00e9tail<\/span>\n                <svg fill=\"none\" viewBox=\"0 0 24 24\" stroke=\"currentColor\" stroke-width=\"2\"><path stroke-linecap=\"round\" stroke-linejoin=\"round\" d=\"M13.5 4.5L21 12m0 0l-7.5 7.5M21 12H3\"><\/path><\/svg>\n              <\/div>\n            <\/div>\n          <\/article>\n                  <article class=\"em-card\"\n            data-type=\"city\"\n            data-features=\"\"\n            data-name=\"m\u00e9es\"\n            data-json=\"{&quot;name&quot;:&quot;M\\u00e9es&quot;,&quot;image&quot;:&quot;https:\\\/\\\/upload.wikimedia.org\\\/wikipedia\\\/commons\\\/0\\\/02\\\/M%C3%A9es_village_land.jpg&quot;,&quot;link&quot;:&quot;https:\\\/\\\/www.meessite.fr&quot;,&quot;data&quot;:{&quot;name&quot;:&quot;M\\u00e9es&quot;,&quot;distance_kilometers&quot;:&quot;65 km&quot;,&quot;driving_time_minutes&quot;:&quot;60&quot;,&quot;must_see_places&quot;:&quot;\\u00c9glise, espaces naturels autour, campagne landaise&quot;,&quot;markets_local_events&quot;:&quot;March\\u00e9s traditionnels et festivit\\u00e9s saisonni\\u00e8res&quot;,&quot;restaurants_specialities&quot;:&quot;Cuisine de campagne locale, plats r\\u00e9gionaux&quot;,&quot;comment&quot;:&quot;Village typique aux abords de la nature, offrant une exp\\u00e9rience rurale landaise authentique&quot;,&quot;link&quot;:&quot;https:\\\/\\\/www.meessite.fr&quot;,&quot;image&quot;:&quot;https:\\\/\\\/upload.wikimedia.org\\\/wikipedia\\\/commons\\\/0\\\/02\\\/M%C3%A9es_village_land.jpg&quot;},&quot;category&quot;:&quot;Villes aux alentours&quot;}\">\n\n            <!-- Image + badge cat\u00e9gorie -->\n            <div class=\"em-card-img-wrap\">\n                              <img decoding=\"async\" class=\"em-card-img\" src=\"https:\/\/upload.wikimedia.org\/wikipedia\/commons\/0\/02\/M%C3%A9es_village_land.jpg\" alt=\"M\u00e9es\" loading=\"lazy\" onerror=\"this.style.display='none';this.nextElementSibling.style.display='flex';\">\n                <div class=\"em-card-placeholder\" style=\"display:none;\">\ud83d\udcf7 Image indisponible<\/div>\n                            <span class=\"em-card-badge badge-city\">Villes aux alentours<\/span>\n            <\/div>\n\n            <!-- Contenu de la card -->\n            <div class=\"em-card-body\">\n              <h3 class=\"em-card-title\">M\u00e9es<\/h3>\n\n              <!-- Tags r\u00e9sum\u00e9s (max 4) -->\n              <div class=\"em-card-tags\">\n                                    <span class=\"em-tag em-tag-blue\">65 km km<\/span>\n                                    <span class=\"em-tag em-tag-orange\">60 min<\/span>\n                                              <\/div>\n\n              <!-- Champs suppl\u00e9mentaires (max 3) -->\n              <div class=\"em-card-fields\">\n                                  <div class=\"em-card-field\">\n                    <span class=\"em-card-field-label\">Lieux \/ Activit\u00e9s incontournables :<\/span>\n                    <span class=\"em-card-field-value\">\u00c9glise, espaces naturels autour, campagne landaise<\/span>\n                  <\/div>\n                                  <div class=\"em-card-field\">\n                    <span class=\"em-card-field-label\">March\u00e9s \/ \u00e9v\u00e9nements locaux :<\/span>\n                    <span class=\"em-card-field-value\">March\u00e9s traditionnels et festivit\u00e9s saisonni\u00e8res<\/span>\n                  <\/div>\n                                  <div class=\"em-card-field\">\n                    <span class=\"em-card-field-label\">Restaurants \/ sp\u00e9cialit\u00e9s :<\/span>\n                    <span class=\"em-card-field-value\">Cuisine de campagne locale, plats r\u00e9gionaux<\/span>\n                  <\/div>\n                              <\/div>\n\n              <!-- Lien vers le d\u00e9tail -->\n              <div class=\"em-card-footer\">\n                <span>Voir le d\u00e9tail<\/span>\n                <svg fill=\"none\" viewBox=\"0 0 24 24\" stroke=\"currentColor\" stroke-width=\"2\"><path stroke-linecap=\"round\" stroke-linejoin=\"round\" d=\"M13.5 4.5L21 12m0 0l-7.5 7.5M21 12H3\"><\/path><\/svg>\n              <\/div>\n            <\/div>\n          <\/article>\n                  <article class=\"em-card\"\n            data-type=\"city\"\n            data-features=\"\"\n            data-name=\"onesse-et-laharie (exclu car d\u00e9j\u00e0 mentionn\u00e9)\"\n            data-json=\"{&quot;name&quot;:&quot;Onesse-et-Laharie (exclu car d\\u00e9j\\u00e0 mentionn\\u00e9)&quot;,&quot;image&quot;:&quot;&quot;,&quot;link&quot;:&quot;&quot;,&quot;data&quot;:{&quot;name&quot;:&quot;Onesse-et-Laharie (exclu car d\\u00e9j\\u00e0 mentionn\\u00e9)&quot;,&quot;distance_kilometers&quot;:&quot;35 km&quot;,&quot;driving_time_minutes&quot;:&quot;35&quot;,&quot;must_see_places&quot;:&quot;\\u00c9glises, for\\u00eat, nature&quot;,&quot;markets_local_events&quot;:&quot;March\\u00e9s locaux et traditions villageoises&quot;,&quot;restaurants_specialities&quot;:&quot;Plats traditionnels landais&quot;,&quot;comment&quot;:&quot;Ville d\\u00e9j\\u00e0 cit\\u00e9e donc exclue selon consignes&quot;,&quot;link&quot;:&quot;&quot;,&quot;image&quot;:&quot;&quot;},&quot;category&quot;:&quot;Villes aux alentours&quot;}\">\n\n            <!-- Image + badge cat\u00e9gorie -->\n            <div class=\"em-card-img-wrap\">\n                              <div class=\"em-card-placeholder\">\ud83d\udcf7 Pas d'image<\/div>\n                            <span class=\"em-card-badge badge-city\">Villes aux alentours<\/span>\n            <\/div>\n\n            <!-- Contenu de la card -->\n            <div class=\"em-card-body\">\n              <h3 class=\"em-card-title\">Onesse-et-Laharie (exclu car d\u00e9j\u00e0 mentionn\u00e9)<\/h3>\n\n              <!-- Tags r\u00e9sum\u00e9s (max 4) -->\n              <div class=\"em-card-tags\">\n                                    <span class=\"em-tag em-tag-blue\">35 km km<\/span>\n                                    <span class=\"em-tag em-tag-orange\">35 min<\/span>\n                                              <\/div>\n\n              <!-- Champs suppl\u00e9mentaires (max 3) -->\n              <div class=\"em-card-fields\">\n                                  <div class=\"em-card-field\">\n                    <span class=\"em-card-field-label\">Lieux \/ Activit\u00e9s incontournables :<\/span>\n                    <span class=\"em-card-field-value\">\u00c9glises, for\u00eat, nature<\/span>\n                  <\/div>\n                                  <div class=\"em-card-field\">\n                    <span class=\"em-card-field-label\">March\u00e9s \/ \u00e9v\u00e9nements locaux :<\/span>\n                    <span class=\"em-card-field-value\">March\u00e9s locaux et traditions villageoises<\/span>\n                  <\/div>\n                                  <div class=\"em-card-field\">\n                    <span class=\"em-card-field-label\">Restaurants \/ sp\u00e9cialit\u00e9s :<\/span>\n                    <span class=\"em-card-field-value\">Plats traditionnels landais<\/span>\n                  <\/div>\n                              <\/div>\n\n              <!-- Lien vers le d\u00e9tail -->\n              <div class=\"em-card-footer\">\n                <span>Voir le d\u00e9tail<\/span>\n                <svg fill=\"none\" viewBox=\"0 0 24 24\" stroke=\"currentColor\" stroke-width=\"2\"><path stroke-linecap=\"round\" stroke-linejoin=\"round\" d=\"M13.5 4.5L21 12m0 0l-7.5 7.5M21 12H3\"><\/path><\/svg>\n              <\/div>\n            <\/div>\n          <\/article>\n                  <article class=\"em-card\"\n            data-type=\"activity\"\n            data-features=\"\"\n            data-name=\"cano\u00eb aventure\"\n            data-json=\"{&quot;name&quot;:&quot;Cano\\u00eb Aventure&quot;,&quot;image&quot;:&quot;Pas disponible&quot;,&quot;link&quot;:&quot;https:\\\/\\\/www.tourismelandes.com\\\/activite\\\/canoe-aventure-ascaqu040fs00097\\\/&quot;,&quot;data&quot;:{&quot;name&quot;:&quot;Cano\\u00eb Aventure&quot;,&quot;type&quot;:&quot;Activit\\u00e9 nautique&quot;,&quot;place&quot;:&quot;Descente de la rivi\\u00e8re le Canteloup&quot;,&quot;distance_km&quot;:&quot;Pr\\u00e8s de Saint-Paul-en-Born&quot;,&quot;duration&quot;:&quot;Variable&quot;,&quot;price&quot;:&quot;Selon saison et package&quot;,&quot;booking_necessary&quot;:&quot;Oui&quot;,&quot;comment&quot;:&quot;Navette gratuite disponible depuis le lac.&quot;,&quot;link&quot;:&quot;https:\\\/\\\/www.tourismelandes.com\\\/activite\\\/canoe-aventure-ascaqu040fs00097\\\/&quot;,&quot;image&quot;:&quot;Pas disponible&quot;},&quot;category&quot;:&quot;Activit\\u00e9s et lieux recommand\\u00e9s&quot;}\">\n\n            <!-- Image + badge cat\u00e9gorie -->\n            <div class=\"em-card-img-wrap\">\n                              <div class=\"em-card-placeholder\">\ud83d\udcf7 Pas d'image<\/div>\n                            <span class=\"em-card-badge badge-activity\">Activit\u00e9s et lieux recommand\u00e9s<\/span>\n            <\/div>\n\n            <!-- Contenu de la card -->\n            <div class=\"em-card-body\">\n              <h3 class=\"em-card-title\">Cano\u00eb Aventure<\/h3>\n\n              <!-- Tags r\u00e9sum\u00e9s (max 4) -->\n              <div class=\"em-card-tags\">\n                                    <span class=\"em-tag em-tag-green\">Selon saison et package<\/span>\n                                    <span class=\"em-tag em-tag-blue\">Descente de la rivi\u00e8re le Canteloup<\/span>\n                                              <\/div>\n\n              <!-- Champs suppl\u00e9mentaires (max 3) -->\n              <div class=\"em-card-fields\">\n                                  <div class=\"em-card-field\">\n                    <span class=\"em-card-field-label\">Type d\u2019\u00e9v\u00e9nement (march\u00e9, festival, sport, etc.) :<\/span>\n                    <span class=\"em-card-field-value\">Activit\u00e9 nautique<\/span>\n                  <\/div>\n                                  <div class=\"em-card-field\">\n                    <span class=\"em-card-field-label\">Distance depuis le camping (km) :<\/span>\n                    <span class=\"em-card-field-value\">Pr\u00e8s de Saint-Paul-en-Born<\/span>\n                  <\/div>\n                                  <div class=\"em-card-field\">\n                    <span class=\"em-card-field-label\">Dur\u00e9e moyenne :<\/span>\n                    <span class=\"em-card-field-value\">Variable<\/span>\n                  <\/div>\n                              <\/div>\n\n              <!-- Lien vers le d\u00e9tail -->\n              <div class=\"em-card-footer\">\n                <span>Voir le d\u00e9tail<\/span>\n                <svg fill=\"none\" viewBox=\"0 0 24 24\" stroke=\"currentColor\" stroke-width=\"2\"><path stroke-linecap=\"round\" stroke-linejoin=\"round\" d=\"M13.5 4.5L21 12m0 0l-7.5 7.5M21 12H3\"><\/path><\/svg>\n              <\/div>\n            <\/div>\n          <\/article>\n                  <article class=\"em-card\"\n            data-type=\"activity\"\n            data-features=\"\"\n            data-name=\"randonn\u00e9e\"\n            data-json=\"{&quot;name&quot;:&quot;Randonn\\u00e9e&quot;,&quot;image&quot;:&quot;Pas disponible&quot;,&quot;link&quot;:&quot;https:\\\/\\\/www.mimizan-tourisme.com\\\/je-decouvre\\\/les-villes\\\/st-paul-en-born\\\/&quot;,&quot;data&quot;:{&quot;name&quot;:&quot;Randonn\\u00e9e&quot;,&quot;type&quot;:&quot;Activit\\u00e9 nature&quot;,&quot;place&quot;:&quot;For\\u00eat des Landes&quot;,&quot;distance_km&quot;:&quot;Pr\\u00e8s du camping&quot;,&quot;duration&quot;:&quot;Variable&quot;,&quot;price&quot;:&quot;Gratuit&quot;,&quot;booking_necessary&quot;:&quot;Non&quot;,&quot;comment&quot;:&quot;D\\u00e9couvrez la for\\u00eat d&#039;aulnaies, de ch\\u00eanes et de pins.&quot;,&quot;link&quot;:&quot;https:\\\/\\\/www.mimizan-tourisme.com\\\/je-decouvre\\\/les-villes\\\/st-paul-en-born\\\/&quot;,&quot;image&quot;:&quot;Pas disponible&quot;},&quot;category&quot;:&quot;Activit\\u00e9s et lieux recommand\\u00e9s&quot;}\">\n\n            <!-- Image + badge cat\u00e9gorie -->\n            <div class=\"em-card-img-wrap\">\n                              <div class=\"em-card-placeholder\">\ud83d\udcf7 Pas d'image<\/div>\n                            <span class=\"em-card-badge badge-activity\">Activit\u00e9s et lieux recommand\u00e9s<\/span>\n            <\/div>\n\n            <!-- Contenu de la card -->\n            <div class=\"em-card-body\">\n              <h3 class=\"em-card-title\">Randonn\u00e9e<\/h3>\n\n              <!-- Tags r\u00e9sum\u00e9s (max 4) -->\n              <div class=\"em-card-tags\">\n                                    <span class=\"em-tag em-tag-green\">Gratuit<\/span>\n                                    <span class=\"em-tag em-tag-blue\">For\u00eat des Landes<\/span>\n                                              <\/div>\n\n              <!-- Champs suppl\u00e9mentaires (max 3) -->\n              <div class=\"em-card-fields\">\n                                  <div class=\"em-card-field\">\n                    <span class=\"em-card-field-label\">Type d\u2019\u00e9v\u00e9nement (march\u00e9, festival, sport, etc.) :<\/span>\n                    <span class=\"em-card-field-value\">Activit\u00e9 nature<\/span>\n                  <\/div>\n                                  <div class=\"em-card-field\">\n                    <span class=\"em-card-field-label\">Distance depuis le camping (km) :<\/span>\n                    <span class=\"em-card-field-value\">Pr\u00e8s du camping<\/span>\n                  <\/div>\n                                  <div class=\"em-card-field\">\n                    <span class=\"em-card-field-label\">Dur\u00e9e moyenne :<\/span>\n                    <span class=\"em-card-field-value\">Variable<\/span>\n                  <\/div>\n                              <\/div>\n\n              <!-- Lien vers le d\u00e9tail -->\n              <div class=\"em-card-footer\">\n                <span>Voir le d\u00e9tail<\/span>\n                <svg fill=\"none\" viewBox=\"0 0 24 24\" stroke=\"currentColor\" stroke-width=\"2\"><path stroke-linecap=\"round\" stroke-linejoin=\"round\" d=\"M13.5 4.5L21 12m0 0l-7.5 7.5M21 12H3\"><\/path><\/svg>\n              <\/div>\n            <\/div>\n          <\/article>\n                  <article class=\"em-card\"\n            data-type=\"activity\"\n            data-features=\"\"\n            data-name=\"balade en v\u00e9lo\"\n            data-json=\"{&quot;name&quot;:&quot;Balade en v\\u00e9lo&quot;,&quot;image&quot;:&quot;Pas disponible&quot;,&quot;link&quot;:&quot;https:\\\/\\\/www.mimizan-tourisme.com\\\/je-decouvre\\\/les-villes\\\/st-paul-en-born\\\/&quot;,&quot;data&quot;:{&quot;name&quot;:&quot;Balade en v\\u00e9lo&quot;,&quot;type&quot;:&quot;Activit\\u00e9 cycliste&quot;,&quot;place&quot;:&quot;Piste cyclable reliant \\u00e0 Pontenx les Forges et Aureilhan&quot;,&quot;distance_km&quot;:&quot;Variable&quot;,&quot;duration&quot;:&quot;Variable&quot;,&quot;price&quot;:&quot;Selon location&quot;,&quot;booking_necessary&quot;:&quot;Non&quot;,&quot;comment&quot;:&quot;Profitez des paysages vari\\u00e9s des Landes.&quot;,&quot;link&quot;:&quot;https:\\\/\\\/www.mimizan-tourisme.com\\\/je-decouvre\\\/les-villes\\\/st-paul-en-born\\\/&quot;,&quot;image&quot;:&quot;Pas disponible&quot;},&quot;category&quot;:&quot;Activit\\u00e9s et lieux recommand\\u00e9s&quot;}\">\n\n            <!-- Image + badge cat\u00e9gorie -->\n            <div class=\"em-card-img-wrap\">\n                              <div class=\"em-card-placeholder\">\ud83d\udcf7 Pas d'image<\/div>\n                            <span class=\"em-card-badge badge-activity\">Activit\u00e9s et lieux recommand\u00e9s<\/span>\n            <\/div>\n\n            <!-- Contenu de la card -->\n            <div class=\"em-card-body\">\n              <h3 class=\"em-card-title\">Balade en v\u00e9lo<\/h3>\n\n              <!-- Tags r\u00e9sum\u00e9s (max 4) -->\n              <div class=\"em-card-tags\">\n                                    <span class=\"em-tag em-tag-green\">Selon location<\/span>\n                                    <span class=\"em-tag em-tag-blue\">Piste cyclable reliant \u00e0 Pontenx les Forges et Aureilhan<\/span>\n                                              <\/div>\n\n              <!-- Champs suppl\u00e9mentaires (max 3) -->\n              <div class=\"em-card-fields\">\n                                  <div class=\"em-card-field\">\n                    <span class=\"em-card-field-label\">Type d\u2019\u00e9v\u00e9nement (march\u00e9, festival, sport, etc.) :<\/span>\n                    <span class=\"em-card-field-value\">Activit\u00e9 cycliste<\/span>\n                  <\/div>\n                                  <div class=\"em-card-field\">\n                    <span class=\"em-card-field-label\">Distance depuis le camping (km) :<\/span>\n                    <span class=\"em-card-field-value\">Variable<\/span>\n                  <\/div>\n                                  <div class=\"em-card-field\">\n                    <span class=\"em-card-field-label\">Dur\u00e9e moyenne :<\/span>\n                    <span class=\"em-card-field-value\">Variable<\/span>\n                  <\/div>\n                              <\/div>\n\n              <!-- Lien vers le d\u00e9tail -->\n              <div class=\"em-card-footer\">\n                <span>Voir le d\u00e9tail<\/span>\n                <svg fill=\"none\" viewBox=\"0 0 24 24\" stroke=\"currentColor\" stroke-width=\"2\"><path stroke-linecap=\"round\" stroke-linejoin=\"round\" d=\"M13.5 4.5L21 12m0 0l-7.5 7.5M21 12H3\"><\/path><\/svg>\n              <\/div>\n            <\/div>\n          <\/article>\n                  <article class=\"em-card\"\n            data-type=\"activity\"\n            data-features=\"\"\n            data-name=\"\u00c9curies olivier bauer\"\n            data-json=\"{&quot;name&quot;:&quot;\\u00c9curies Olivier Bauer&quot;,&quot;image&quot;:&quot;Pas disponible&quot;,&quot;link&quot;:&quot;https:\\\/\\\/www.tripadvisor.fr\\\/Attractions-g1219489-Activities-Saint_Paul_en_Born_Landes_Nouvelle_Aquitaine.html&quot;,&quot;data&quot;:{&quot;name&quot;:&quot;\\u00c9curies Olivier Bauer&quot;,&quot;type&quot;:&quot;Activit\\u00e9 \\u00e9questre&quot;,&quot;place&quot;:&quot;Saint-Paul-en-Born&quot;,&quot;distance_km&quot;:&quot;Pr\\u00e8s du camping&quot;,&quot;duration&quot;:&quot;Variable&quot;,&quot;price&quot;:&quot;Selon type de balade&quot;,&quot;booking_necessary&quot;:&quot;Oui&quot;,&quot;comment&quot;:&quot;Propose des balades \\u00e0 cheval sur la plage et en for\\u00eat.&quot;,&quot;link&quot;:&quot;https:\\\/\\\/www.tripadvisor.fr\\\/Attractions-g1219489-Activities-Saint_Paul_en_Born_Landes_Nouvelle_Aquitaine.html&quot;,&quot;image&quot;:&quot;Pas disponible&quot;},&quot;category&quot;:&quot;Activit\\u00e9s et lieux recommand\\u00e9s&quot;}\">\n\n            <!-- Image + badge cat\u00e9gorie -->\n            <div class=\"em-card-img-wrap\">\n                              <div class=\"em-card-placeholder\">\ud83d\udcf7 Pas d'image<\/div>\n                            <span class=\"em-card-badge badge-activity\">Activit\u00e9s et lieux recommand\u00e9s<\/span>\n            <\/div>\n\n            <!-- Contenu de la card -->\n            <div class=\"em-card-body\">\n              <h3 class=\"em-card-title\">\u00c9curies Olivier Bauer<\/h3>\n\n              <!-- Tags r\u00e9sum\u00e9s (max 4) -->\n              <div class=\"em-card-tags\">\n                                    <span class=\"em-tag em-tag-green\">Selon type de balade<\/span>\n                                    <span class=\"em-tag em-tag-blue\">Saint-Paul-en-Born<\/span>\n                                              <\/div>\n\n              <!-- Champs suppl\u00e9mentaires (max 3) -->\n              <div class=\"em-card-fields\">\n                                  <div class=\"em-card-field\">\n                    <span class=\"em-card-field-label\">Type d\u2019\u00e9v\u00e9nement (march\u00e9, festival, sport, etc.) :<\/span>\n                    <span class=\"em-card-field-value\">Activit\u00e9 \u00e9questre<\/span>\n                  <\/div>\n                                  <div class=\"em-card-field\">\n                    <span class=\"em-card-field-label\">Distance depuis le camping (km) :<\/span>\n                    <span class=\"em-card-field-value\">Pr\u00e8s du camping<\/span>\n                  <\/div>\n                                  <div class=\"em-card-field\">\n                    <span class=\"em-card-field-label\">Dur\u00e9e moyenne :<\/span>\n                    <span class=\"em-card-field-value\">Variable<\/span>\n                  <\/div>\n                              <\/div>\n\n              <!-- Lien vers le d\u00e9tail -->\n              <div class=\"em-card-footer\">\n                <span>Voir le d\u00e9tail<\/span>\n                <svg fill=\"none\" viewBox=\"0 0 24 24\" stroke=\"currentColor\" stroke-width=\"2\"><path stroke-linecap=\"round\" stroke-linejoin=\"round\" d=\"M13.5 4.5L21 12m0 0l-7.5 7.5M21 12H3\"><\/path><\/svg>\n              <\/div>\n            <\/div>\n          <\/article>\n                  <article class=\"em-card\"\n            data-type=\"activity\"\n            data-features=\"\"\n            data-name=\"golf de biscarrosse\"\n            data-json=\"{&quot;name&quot;:&quot;Golf de Biscarrosse&quot;,&quot;image&quot;:&quot;Pas disponible&quot;,&quot;link&quot;:&quot;https:\\\/\\\/www.biscagrandslacs.com\\\/activites\\\/saint-paul-en-born&quot;,&quot;data&quot;:{&quot;name&quot;:&quot;Golf de Biscarrosse&quot;,&quot;type&quot;:&quot;Activit\\u00e9 sportive&quot;,&quot;place&quot;:&quot;Biscarrosse&quot;,&quot;distance_km&quot;:&quot;Environ 30 km&quot;,&quot;duration&quot;:&quot;Variable&quot;,&quot;price&quot;:&quot;Selon tarif golf&quot;,&quot;booking_necessary&quot;:&quot;Oui&quot;,&quot;comment&quot;:&quot;Profitez du golf dans un cadre naturel.&quot;,&quot;link&quot;:&quot;https:\\\/\\\/www.biscagrandslacs.com\\\/activites\\\/saint-paul-en-born&quot;,&quot;image&quot;:&quot;Pas disponible&quot;},&quot;category&quot;:&quot;Activit\\u00e9s et lieux recommand\\u00e9s&quot;}\">\n\n            <!-- Image + badge cat\u00e9gorie -->\n            <div class=\"em-card-img-wrap\">\n                              <div class=\"em-card-placeholder\">\ud83d\udcf7 Pas d'image<\/div>\n                            <span class=\"em-card-badge badge-activity\">Activit\u00e9s et lieux recommand\u00e9s<\/span>\n            <\/div>\n\n            <!-- Contenu de la card -->\n            <div class=\"em-card-body\">\n              <h3 class=\"em-card-title\">Golf de Biscarrosse<\/h3>\n\n              <!-- Tags r\u00e9sum\u00e9s (max 4) -->\n              <div class=\"em-card-tags\">\n                                    <span class=\"em-tag em-tag-green\">Selon tarif golf<\/span>\n                                    <span class=\"em-tag em-tag-blue\">Biscarrosse<\/span>\n                                              <\/div>\n\n              <!-- Champs suppl\u00e9mentaires (max 3) -->\n              <div class=\"em-card-fields\">\n                                  <div class=\"em-card-field\">\n                    <span class=\"em-card-field-label\">Type d\u2019\u00e9v\u00e9nement (march\u00e9, festival, sport, etc.) :<\/span>\n                    <span class=\"em-card-field-value\">Activit\u00e9 sportive<\/span>\n                  <\/div>\n                                  <div class=\"em-card-field\">\n                    <span class=\"em-card-field-label\">Distance depuis le camping (km) :<\/span>\n                    <span class=\"em-card-field-value\">Environ 30 km<\/span>\n                  <\/div>\n                                  <div class=\"em-card-field\">\n                    <span class=\"em-card-field-label\">Dur\u00e9e moyenne :<\/span>\n                    <span class=\"em-card-field-value\">Variable<\/span>\n                  <\/div>\n                              <\/div>\n\n              <!-- Lien vers le d\u00e9tail -->\n              <div class=\"em-card-footer\">\n                <span>Voir le d\u00e9tail<\/span>\n                <svg fill=\"none\" viewBox=\"0 0 24 24\" stroke=\"currentColor\" stroke-width=\"2\"><path stroke-linecap=\"round\" stroke-linejoin=\"round\" d=\"M13.5 4.5L21 12m0 0l-7.5 7.5M21 12H3\"><\/path><\/svg>\n              <\/div>\n            <\/div>\n          <\/article>\n                  <article class=\"em-card\"\n            data-type=\"activity\"\n            data-features=\"\"\n            data-name=\"surf\"\n            data-json=\"{&quot;name&quot;:&quot;Surf&quot;,&quot;image&quot;:&quot;Pas disponible&quot;,&quot;link&quot;:&quot;https:\\\/\\\/www.biscagrandslacs.com\\\/activites\\\/saint-paul-en-born&quot;,&quot;data&quot;:{&quot;name&quot;:&quot;Surf&quot;,&quot;type&quot;:&quot;Activit\\u00e9 nautique&quot;,&quot;place&quot;:&quot;Oc\\u00e9an Atlantique pr\\u00e8s de Mimizan&quot;,&quot;distance_km&quot;:&quot;Environ 10 km&quot;,&quot;duration&quot;:&quot;Variable&quot;,&quot;price&quot;:&quot;Selon structure et saison&quot;,&quot;booking_necessary&quot;:&quot;Oui&quot;,&quot;comment&quot;:&quot;Apprenez \\u00e0 surfer sur les vagues de l&#039;Atlantique.&quot;,&quot;link&quot;:&quot;https:\\\/\\\/www.biscagrandslacs.com\\\/activites\\\/saint-paul-en-born&quot;,&quot;image&quot;:&quot;Pas disponible&quot;},&quot;category&quot;:&quot;Activit\\u00e9s et lieux recommand\\u00e9s&quot;}\">\n\n            <!-- Image + badge cat\u00e9gorie -->\n            <div class=\"em-card-img-wrap\">\n                              <div class=\"em-card-placeholder\">\ud83d\udcf7 Pas d'image<\/div>\n                            <span class=\"em-card-badge badge-activity\">Activit\u00e9s et lieux recommand\u00e9s<\/span>\n            <\/div>\n\n            <!-- Contenu de la card -->\n            <div class=\"em-card-body\">\n              <h3 class=\"em-card-title\">Surf<\/h3>\n\n              <!-- Tags r\u00e9sum\u00e9s (max 4) -->\n              <div class=\"em-card-tags\">\n                                    <span class=\"em-tag em-tag-green\">Selon structure et saison<\/span>\n                                    <span class=\"em-tag em-tag-blue\">Oc\u00e9an Atlantique pr\u00e8s de Mimizan<\/span>\n                                              <\/div>\n\n              <!-- Champs suppl\u00e9mentaires (max 3) -->\n              <div class=\"em-card-fields\">\n                                  <div class=\"em-card-field\">\n                    <span class=\"em-card-field-label\">Type d\u2019\u00e9v\u00e9nement (march\u00e9, festival, sport, etc.) :<\/span>\n                    <span class=\"em-card-field-value\">Activit\u00e9 nautique<\/span>\n                  <\/div>\n                                  <div class=\"em-card-field\">\n                    <span class=\"em-card-field-label\">Distance depuis le camping (km) :<\/span>\n                    <span class=\"em-card-field-value\">Environ 10 km<\/span>\n                  <\/div>\n                                  <div class=\"em-card-field\">\n                    <span class=\"em-card-field-label\">Dur\u00e9e moyenne :<\/span>\n                    <span class=\"em-card-field-value\">Variable<\/span>\n                  <\/div>\n                              <\/div>\n\n              <!-- Lien vers le d\u00e9tail -->\n              <div class=\"em-card-footer\">\n                <span>Voir le d\u00e9tail<\/span>\n                <svg fill=\"none\" viewBox=\"0 0 24 24\" stroke=\"currentColor\" stroke-width=\"2\"><path stroke-linecap=\"round\" stroke-linejoin=\"round\" d=\"M13.5 4.5L21 12m0 0l-7.5 7.5M21 12H3\"><\/path><\/svg>\n              <\/div>\n            <\/div>\n          <\/article>\n                  <article class=\"em-card\"\n            data-type=\"activity\"\n            data-features=\"\"\n            data-name=\"kite surf\"\n            data-json=\"{&quot;name&quot;:&quot;Kite surf&quot;,&quot;image&quot;:&quot;Pas disponible&quot;,&quot;link&quot;:&quot;https:\\\/\\\/www.biscagrandslacs.com\\\/activites\\\/saint-paul-en-born&quot;,&quot;data&quot;:{&quot;name&quot;:&quot;Kite surf&quot;,&quot;type&quot;:&quot;Activit\\u00e9 nautique&quot;,&quot;place&quot;:&quot;Lacs ou oc\\u00e9an&quot;,&quot;distance_km&quot;:&quot;Variable&quot;,&quot;duration&quot;:&quot;Variable&quot;,&quot;price&quot;:&quot;Selon structure et saison&quot;,&quot;booking_necessary&quot;:&quot;Oui&quot;,&quot;comment&quot;:&quot;Profitez du vent pour glisser sur l&#039;eau.&quot;,&quot;link&quot;:&quot;https:\\\/\\\/www.biscagrandslacs.com\\\/activites\\\/saint-paul-en-born&quot;,&quot;image&quot;:&quot;Pas disponible&quot;},&quot;category&quot;:&quot;Activit\\u00e9s et lieux recommand\\u00e9s&quot;}\">\n\n            <!-- Image + badge cat\u00e9gorie -->\n            <div class=\"em-card-img-wrap\">\n                              <div class=\"em-card-placeholder\">\ud83d\udcf7 Pas d'image<\/div>\n                            <span class=\"em-card-badge badge-activity\">Activit\u00e9s et lieux recommand\u00e9s<\/span>\n            <\/div>\n\n            <!-- Contenu de la card -->\n            <div class=\"em-card-body\">\n              <h3 class=\"em-card-title\">Kite surf<\/h3>\n\n              <!-- Tags r\u00e9sum\u00e9s (max 4) -->\n              <div class=\"em-card-tags\">\n                                    <span class=\"em-tag em-tag-green\">Selon structure et saison<\/span>\n                                    <span class=\"em-tag em-tag-blue\">Lacs ou oc\u00e9an<\/span>\n                                              <\/div>\n\n              <!-- Champs suppl\u00e9mentaires (max 3) -->\n              <div class=\"em-card-fields\">\n                                  <div class=\"em-card-field\">\n                    <span class=\"em-card-field-label\">Type d\u2019\u00e9v\u00e9nement (march\u00e9, festival, sport, etc.) :<\/span>\n                    <span class=\"em-card-field-value\">Activit\u00e9 nautique<\/span>\n                  <\/div>\n                                  <div class=\"em-card-field\">\n                    <span class=\"em-card-field-label\">Distance depuis le camping (km) :<\/span>\n                    <span class=\"em-card-field-value\">Variable<\/span>\n                  <\/div>\n                                  <div class=\"em-card-field\">\n                    <span class=\"em-card-field-label\">Dur\u00e9e moyenne :<\/span>\n                    <span class=\"em-card-field-value\">Variable<\/span>\n                  <\/div>\n                              <\/div>\n\n              <!-- Lien vers le d\u00e9tail -->\n              <div class=\"em-card-footer\">\n                <span>Voir le d\u00e9tail<\/span>\n                <svg fill=\"none\" viewBox=\"0 0 24 24\" stroke=\"currentColor\" stroke-width=\"2\"><path stroke-linecap=\"round\" stroke-linejoin=\"round\" d=\"M13.5 4.5L21 12m0 0l-7.5 7.5M21 12H3\"><\/path><\/svg>\n              <\/div>\n            <\/div>\n          <\/article>\n                  <article class=\"em-card\"\n            data-type=\"activity\"\n            data-features=\"\"\n            data-name=\"baignade\"\n            data-json=\"{&quot;name&quot;:&quot;Baignade&quot;,&quot;image&quot;:&quot;Pas disponible&quot;,&quot;link&quot;:&quot;https:\\\/\\\/www.mimizan-tourisme.com\\\/je-decouvre\\\/les-villes\\\/st-paul-en-born\\\/&quot;,&quot;data&quot;:{&quot;name&quot;:&quot;Baignade&quot;,&quot;type&quot;:&quot;Activit\\u00e9 nautique&quot;,&quot;place&quot;:&quot;Lac ou plage oc\\u00e9ane&quot;,&quot;distance_km&quot;:&quot;Variable&quot;,&quot;duration&quot;:&quot;Variable&quot;,&quot;price&quot;:&quot;Gratuit&quot;,&quot;booking_necessary&quot;:&quot;Non&quot;,&quot;comment&quot;:&quot;Rafra\\u00eechissez-vous dans les lacs ou \\u00e0 l&#039;oc\\u00e9an.&quot;,&quot;link&quot;:&quot;https:\\\/\\\/www.mimizan-tourisme.com\\\/je-decouvre\\\/les-villes\\\/st-paul-en-born\\\/&quot;,&quot;image&quot;:&quot;Pas disponible&quot;},&quot;category&quot;:&quot;Activit\\u00e9s et lieux recommand\\u00e9s&quot;}\">\n\n            <!-- Image + badge cat\u00e9gorie -->\n            <div class=\"em-card-img-wrap\">\n                              <div class=\"em-card-placeholder\">\ud83d\udcf7 Pas d'image<\/div>\n                            <span class=\"em-card-badge badge-activity\">Activit\u00e9s et lieux recommand\u00e9s<\/span>\n            <\/div>\n\n            <!-- Contenu de la card -->\n            <div class=\"em-card-body\">\n              <h3 class=\"em-card-title\">Baignade<\/h3>\n\n              <!-- Tags r\u00e9sum\u00e9s (max 4) -->\n              <div class=\"em-card-tags\">\n                                    <span class=\"em-tag em-tag-green\">Gratuit<\/span>\n                                    <span class=\"em-tag em-tag-blue\">Lac ou plage oc\u00e9ane<\/span>\n                                              <\/div>\n\n              <!-- Champs suppl\u00e9mentaires (max 3) -->\n              <div class=\"em-card-fields\">\n                                  <div class=\"em-card-field\">\n                    <span class=\"em-card-field-label\">Type d\u2019\u00e9v\u00e9nement (march\u00e9, festival, sport, etc.) :<\/span>\n                    <span class=\"em-card-field-value\">Activit\u00e9 nautique<\/span>\n                  <\/div>\n                                  <div class=\"em-card-field\">\n                    <span class=\"em-card-field-label\">Distance depuis le camping (km) :<\/span>\n                    <span class=\"em-card-field-value\">Variable<\/span>\n                  <\/div>\n                                  <div class=\"em-card-field\">\n                    <span class=\"em-card-field-label\">Dur\u00e9e moyenne :<\/span>\n                    <span class=\"em-card-field-value\">Variable<\/span>\n                  <\/div>\n                              <\/div>\n\n              <!-- Lien vers le d\u00e9tail -->\n              <div class=\"em-card-footer\">\n                <span>Voir le d\u00e9tail<\/span>\n                <svg fill=\"none\" viewBox=\"0 0 24 24\" stroke=\"currentColor\" stroke-width=\"2\"><path stroke-linecap=\"round\" stroke-linejoin=\"round\" d=\"M13.5 4.5L21 12m0 0l-7.5 7.5M21 12H3\"><\/path><\/svg>\n              <\/div>\n            <\/div>\n          <\/article>\n                  <article class=\"em-card\"\n            data-type=\"activity\"\n            data-features=\"\"\n            data-name=\"visite de l&#039;\u00c9glise de saint paul\"\n            data-json=\"{&quot;name&quot;:&quot;Visite de l&#039;\\u00c9glise de Saint Paul&quot;,&quot;image&quot;:&quot;Pas disponible&quot;,&quot;link&quot;:&quot;https:\\\/\\\/www.tourismelandes.com\\\/patrimoine-culturel\\\/eglise-de-saint-paul-en-born-pcuaqu040v50a629\\\/&quot;,&quot;data&quot;:{&quot;name&quot;:&quot;Visite de l&#039;\\u00c9glise de Saint Paul&quot;,&quot;type&quot;:&quot;Activit\\u00e9 culturelle&quot;,&quot;place&quot;:&quot;Saint-Paul-en-Born&quot;,&quot;distance_km&quot;:&quot;Pr\\u00e8s du camping&quot;,&quot;duration&quot;:&quot;Short&quot;,&quot;price&quot;:&quot;Gratuit&quot;,&quot;booking_necessary&quot;:&quot;Non&quot;,&quot;comment&quot;:&quot;D\\u00e9couvrez l&#039;histoire locale.&quot;,&quot;link&quot;:&quot;https:\\\/\\\/www.tourismelandes.com\\\/patrimoine-culturel\\\/eglise-de-saint-paul-en-born-pcuaqu040v50a629\\\/&quot;,&quot;image&quot;:&quot;Pas disponible&quot;},&quot;category&quot;:&quot;Activit\\u00e9s et lieux recommand\\u00e9s&quot;}\">\n\n            <!-- Image + badge cat\u00e9gorie -->\n            <div class=\"em-card-img-wrap\">\n                              <div class=\"em-card-placeholder\">\ud83d\udcf7 Pas d'image<\/div>\n                            <span class=\"em-card-badge badge-activity\">Activit\u00e9s et lieux recommand\u00e9s<\/span>\n            <\/div>\n\n            <!-- Contenu de la card -->\n            <div class=\"em-card-body\">\n              <h3 class=\"em-card-title\">Visite de l&#039;\u00c9glise de Saint Paul<\/h3>\n\n              <!-- Tags r\u00e9sum\u00e9s (max 4) -->\n              <div class=\"em-card-tags\">\n                                    <span class=\"em-tag em-tag-green\">Gratuit<\/span>\n                                    <span class=\"em-tag em-tag-blue\">Saint-Paul-en-Born<\/span>\n                                              <\/div>\n\n              <!-- Champs suppl\u00e9mentaires (max 3) -->\n              <div class=\"em-card-fields\">\n                                  <div class=\"em-card-field\">\n                    <span class=\"em-card-field-label\">Type d\u2019\u00e9v\u00e9nement (march\u00e9, festival, sport, etc.) :<\/span>\n                    <span class=\"em-card-field-value\">Activit\u00e9 culturelle<\/span>\n                  <\/div>\n                                  <div class=\"em-card-field\">\n                    <span class=\"em-card-field-label\">Distance depuis le camping (km) :<\/span>\n                    <span class=\"em-card-field-value\">Pr\u00e8s du camping<\/span>\n                  <\/div>\n                                  <div class=\"em-card-field\">\n                    <span class=\"em-card-field-label\">Dur\u00e9e moyenne :<\/span>\n                    <span class=\"em-card-field-value\">Short<\/span>\n                  <\/div>\n                              <\/div>\n\n              <!-- Lien vers le d\u00e9tail -->\n              <div class=\"em-card-footer\">\n                <span>Voir le d\u00e9tail<\/span>\n                <svg fill=\"none\" viewBox=\"0 0 24 24\" stroke=\"currentColor\" stroke-width=\"2\"><path stroke-linecap=\"round\" stroke-linejoin=\"round\" d=\"M13.5 4.5L21 12m0 0l-7.5 7.5M21 12H3\"><\/path><\/svg>\n              <\/div>\n            <\/div>\n          <\/article>\n                  <article class=\"em-card\"\n            data-type=\"activity\"\n            data-features=\"\"\n            data-name=\"accrobranche\"\n            data-json=\"{&quot;name&quot;:&quot;Accrobranche&quot;,&quot;image&quot;:&quot;Pas disponible&quot;,&quot;link&quot;:&quot;https:\\\/\\\/www.biscagrandslacs.com\\\/activites\\\/saint-paul-en-born&quot;,&quot;data&quot;:{&quot;name&quot;:&quot;Accrobranche&quot;,&quot;type&quot;:&quot;Activit\\u00e9 d&#039;aventure&quot;,&quot;place&quot;:&quot;Biscarrosse&quot;,&quot;distance_km&quot;:&quot;Environ 30 km&quot;,&quot;duration&quot;:&quot;Variable&quot;,&quot;price&quot;:&quot;Selon parcours choisi&quot;,&quot;booking_necessary&quot;:&quot;Oui&quot;,&quot;comment&quot;:&quot;D\\u00e9fi de parcours a\\u00e9riens.&quot;,&quot;link&quot;:&quot;https:\\\/\\\/www.biscagrandslacs.com\\\/activites\\\/saint-paul-en-born&quot;,&quot;image&quot;:&quot;Pas disponible&quot;},&quot;category&quot;:&quot;Activit\\u00e9s et lieux recommand\\u00e9s&quot;}\">\n\n            <!-- Image + badge cat\u00e9gorie -->\n            <div class=\"em-card-img-wrap\">\n                              <div class=\"em-card-placeholder\">\ud83d\udcf7 Pas d'image<\/div>\n                            <span class=\"em-card-badge badge-activity\">Activit\u00e9s et lieux recommand\u00e9s<\/span>\n            <\/div>\n\n            <!-- Contenu de la card -->\n            <div class=\"em-card-body\">\n              <h3 class=\"em-card-title\">Accrobranche<\/h3>\n\n              <!-- Tags r\u00e9sum\u00e9s (max 4) -->\n              <div class=\"em-card-tags\">\n                                    <span class=\"em-tag em-tag-green\">Selon parcours choisi<\/span>\n                                    <span class=\"em-tag em-tag-blue\">Biscarrosse<\/span>\n                                              <\/div>\n\n              <!-- Champs suppl\u00e9mentaires (max 3) -->\n              <div class=\"em-card-fields\">\n                                  <div class=\"em-card-field\">\n                    <span class=\"em-card-field-label\">Type d\u2019\u00e9v\u00e9nement (march\u00e9, festival, sport, etc.) :<\/span>\n                    <span class=\"em-card-field-value\">Activit\u00e9 d&#039;aventure<\/span>\n                  <\/div>\n                                  <div class=\"em-card-field\">\n                    <span class=\"em-card-field-label\">Distance depuis le camping (km) :<\/span>\n                    <span class=\"em-card-field-value\">Environ 30 km<\/span>\n                  <\/div>\n                                  <div class=\"em-card-field\">\n                    <span class=\"em-card-field-label\">Dur\u00e9e moyenne :<\/span>\n                    <span class=\"em-card-field-value\">Variable<\/span>\n                  <\/div>\n                              <\/div>\n\n              <!-- Lien vers le d\u00e9tail -->\n              <div class=\"em-card-footer\">\n                <span>Voir le d\u00e9tail<\/span>\n                <svg fill=\"none\" viewBox=\"0 0 24 24\" stroke=\"currentColor\" stroke-width=\"2\"><path stroke-linecap=\"round\" stroke-linejoin=\"round\" d=\"M13.5 4.5L21 12m0 0l-7.5 7.5M21 12H3\"><\/path><\/svg>\n              <\/div>\n            <\/div>\n          <\/article>\n                  <article class=\"em-card\"\n            data-type=\"activity\"\n            data-features=\"\"\n            data-name=\"circuit de karting\"\n            data-json=\"{&quot;name&quot;:&quot;Circuit de karting&quot;,&quot;image&quot;:&quot;Pas disponible&quot;,&quot;link&quot;:&quot;https:\\\/\\\/www.biscagrandslacs.com\\\/activites\\\/saint-paul-en-born&quot;,&quot;data&quot;:{&quot;name&quot;:&quot;Circuit de karting&quot;,&quot;type&quot;:&quot;Activit\\u00e9 sportive&quot;,&quot;place&quot;:&quot;Biscarrosse&quot;,&quot;distance_km&quot;:&quot;Environ 30 km&quot;,&quot;duration&quot;:&quot;Variable&quot;,&quot;price&quot;:&quot;Selon type de kart&quot;,&quot;booking_necessary&quot;:&quot;Oui&quot;,&quot;comment&quot;:&quot;Thrill de vitesse sur piste.&quot;,&quot;link&quot;:&quot;https:\\\/\\\/www.biscagrandslacs.com\\\/activites\\\/saint-paul-en-born&quot;,&quot;image&quot;:&quot;Pas disponible&quot;},&quot;category&quot;:&quot;Activit\\u00e9s et lieux recommand\\u00e9s&quot;}\">\n\n            <!-- Image + badge cat\u00e9gorie -->\n            <div class=\"em-card-img-wrap\">\n                              <div class=\"em-card-placeholder\">\ud83d\udcf7 Pas d'image<\/div>\n                            <span class=\"em-card-badge badge-activity\">Activit\u00e9s et lieux recommand\u00e9s<\/span>\n            <\/div>\n\n            <!-- Contenu de la card -->\n            <div class=\"em-card-body\">\n              <h3 class=\"em-card-title\">Circuit de karting<\/h3>\n\n              <!-- Tags r\u00e9sum\u00e9s (max 4) -->\n              <div class=\"em-card-tags\">\n                                    <span class=\"em-tag em-tag-green\">Selon type de kart<\/span>\n                                    <span class=\"em-tag em-tag-blue\">Biscarrosse<\/span>\n                                              <\/div>\n\n              <!-- Champs suppl\u00e9mentaires (max 3) -->\n              <div class=\"em-card-fields\">\n                                  <div class=\"em-card-field\">\n                    <span class=\"em-card-field-label\">Type d\u2019\u00e9v\u00e9nement (march\u00e9, festival, sport, etc.) :<\/span>\n                    <span class=\"em-card-field-value\">Activit\u00e9 sportive<\/span>\n                  <\/div>\n                                  <div class=\"em-card-field\">\n                    <span class=\"em-card-field-label\">Distance depuis le camping (km) :<\/span>\n                    <span class=\"em-card-field-value\">Environ 30 km<\/span>\n                  <\/div>\n                                  <div class=\"em-card-field\">\n                    <span class=\"em-card-field-label\">Dur\u00e9e moyenne :<\/span>\n                    <span class=\"em-card-field-value\">Variable<\/span>\n                  <\/div>\n                              <\/div>\n\n              <!-- Lien vers le d\u00e9tail -->\n              <div class=\"em-card-footer\">\n                <span>Voir le d\u00e9tail<\/span>\n                <svg fill=\"none\" viewBox=\"0 0 24 24\" stroke=\"currentColor\" stroke-width=\"2\"><path stroke-linecap=\"round\" stroke-linejoin=\"round\" d=\"M13.5 4.5L21 12m0 0l-7.5 7.5M21 12H3\"><\/path><\/svg>\n              <\/div>\n            <\/div>\n          <\/article>\n                  <article class=\"em-card\"\n            data-type=\"activity\"\n            data-features=\"\"\n            data-name=\"bapt\u00eame de l&#039;air en hydravion\"\n            data-json=\"{&quot;name&quot;:&quot;Bapt\\u00eame de l&#039;air en hydravion&quot;,&quot;image&quot;:&quot;Pas disponible&quot;,&quot;link&quot;:&quot;https:\\\/\\\/www.biscagrandslacs.com\\\/activites\\\/saint-paul-en-born&quot;,&quot;data&quot;:{&quot;name&quot;:&quot;Bapt\\u00eame de l&#039;air en hydravion&quot;,&quot;type&quot;:&quot;Activit\\u00e9 a\\u00e9rienne&quot;,&quot;place&quot;:&quot;Lacs ou \\u00e9tangs&quot;,&quot;distance_km&quot;:&quot;Variable&quot;,&quot;duration&quot;:&quot;Court&quot;,&quot;price&quot;:&quot;Selon prestataire&quot;,&quot;booking_necessary&quot;:&quot;Oui&quot;,&quot;comment&quot;:&quot;D\\u00e9couvrez la r\\u00e9gion depuis les airs.&quot;,&quot;link&quot;:&quot;https:\\\/\\\/www.biscagrandslacs.com\\\/activites\\\/saint-paul-en-born&quot;,&quot;image&quot;:&quot;Pas disponible&quot;},&quot;category&quot;:&quot;Activit\\u00e9s et lieux recommand\\u00e9s&quot;}\">\n\n            <!-- Image + badge cat\u00e9gorie -->\n            <div class=\"em-card-img-wrap\">\n                              <div class=\"em-card-placeholder\">\ud83d\udcf7 Pas d'image<\/div>\n                            <span class=\"em-card-badge badge-activity\">Activit\u00e9s et lieux recommand\u00e9s<\/span>\n            <\/div>\n\n            <!-- Contenu de la card -->\n            <div class=\"em-card-body\">\n              <h3 class=\"em-card-title\">Bapt\u00eame de l&#039;air en hydravion<\/h3>\n\n              <!-- Tags r\u00e9sum\u00e9s (max 4) -->\n              <div class=\"em-card-tags\">\n                                    <span class=\"em-tag em-tag-green\">Selon prestataire<\/span>\n                                    <span class=\"em-tag em-tag-blue\">Lacs ou \u00e9tangs<\/span>\n                                              <\/div>\n\n              <!-- Champs suppl\u00e9mentaires (max 3) -->\n              <div class=\"em-card-fields\">\n                                  <div class=\"em-card-field\">\n                    <span class=\"em-card-field-label\">Type d\u2019\u00e9v\u00e9nement (march\u00e9, festival, sport, etc.) :<\/span>\n                    <span class=\"em-card-field-value\">Activit\u00e9 a\u00e9rienne<\/span>\n                  <\/div>\n                                  <div class=\"em-card-field\">\n                    <span class=\"em-card-field-label\">Distance depuis le camping (km) :<\/span>\n                    <span class=\"em-card-field-value\">Variable<\/span>\n                  <\/div>\n                                  <div class=\"em-card-field\">\n                    <span class=\"em-card-field-label\">Dur\u00e9e moyenne :<\/span>\n                    <span class=\"em-card-field-value\">Court<\/span>\n                  <\/div>\n                              <\/div>\n\n              <!-- Lien vers le d\u00e9tail -->\n              <div class=\"em-card-footer\">\n                <span>Voir le d\u00e9tail<\/span>\n                <svg fill=\"none\" viewBox=\"0 0 24 24\" stroke=\"currentColor\" stroke-width=\"2\"><path stroke-linecap=\"round\" stroke-linejoin=\"round\" d=\"M13.5 4.5L21 12m0 0l-7.5 7.5M21 12H3\"><\/path><\/svg>\n              <\/div>\n            <\/div>\n          <\/article>\n                  <article class=\"em-card\"\n            data-type=\"activity\"\n            data-features=\"\"\n            data-name=\"ski nautique\"\n            data-json=\"{&quot;name&quot;:&quot;Ski nautique&quot;,&quot;image&quot;:&quot;Pas disponible&quot;,&quot;link&quot;:&quot;https:\\\/\\\/www.biscagrandslacs.com\\\/activites\\\/saint-paul-en-born&quot;,&quot;data&quot;:{&quot;name&quot;:&quot;Ski nautique&quot;,&quot;type&quot;:&quot;Activit\\u00e9 nautique&quot;,&quot;place&quot;:&quot;Lacs&quot;,&quot;distance_km&quot;:&quot;Variable&quot;,&quot;duration&quot;:&quot;Variable&quot;,&quot;price&quot;:&quot;Selon prestataire&quot;,&quot;booking_necessary&quot;:&quot;Oui&quot;,&quot;comment&quot;:&quot;Glissez sur l&#039;eau avec un ski nautique.&quot;,&quot;link&quot;:&quot;https:\\\/\\\/www.biscagrandslacs.com\\\/activites\\\/saint-paul-en-born&quot;,&quot;image&quot;:&quot;Pas disponible&quot;},&quot;category&quot;:&quot;Activit\\u00e9s et lieux recommand\\u00e9s&quot;}\">\n\n            <!-- Image + badge cat\u00e9gorie -->\n            <div class=\"em-card-img-wrap\">\n                              <div class=\"em-card-placeholder\">\ud83d\udcf7 Pas d'image<\/div>\n                            <span class=\"em-card-badge badge-activity\">Activit\u00e9s et lieux recommand\u00e9s<\/span>\n            <\/div>\n\n            <!-- Contenu de la card -->\n            <div class=\"em-card-body\">\n              <h3 class=\"em-card-title\">Ski nautique<\/h3>\n\n              <!-- Tags r\u00e9sum\u00e9s (max 4) -->\n              <div class=\"em-card-tags\">\n                                    <span class=\"em-tag em-tag-green\">Selon prestataire<\/span>\n                                    <span class=\"em-tag em-tag-blue\">Lacs<\/span>\n                                              <\/div>\n\n              <!-- Champs suppl\u00e9mentaires (max 3) -->\n              <div class=\"em-card-fields\">\n                                  <div class=\"em-card-field\">\n                    <span class=\"em-card-field-label\">Type d\u2019\u00e9v\u00e9nement (march\u00e9, festival, sport, etc.) :<\/span>\n                    <span class=\"em-card-field-value\">Activit\u00e9 nautique<\/span>\n                  <\/div>\n                                  <div class=\"em-card-field\">\n                    <span class=\"em-card-field-label\">Distance depuis le camping (km) :<\/span>\n                    <span class=\"em-card-field-value\">Variable<\/span>\n                  <\/div>\n                                  <div class=\"em-card-field\">\n                    <span class=\"em-card-field-label\">Dur\u00e9e moyenne :<\/span>\n                    <span class=\"em-card-field-value\">Variable<\/span>\n                  <\/div>\n                              <\/div>\n\n              <!-- Lien vers le d\u00e9tail -->\n              <div class=\"em-card-footer\">\n                <span>Voir le d\u00e9tail<\/span>\n                <svg fill=\"none\" viewBox=\"0 0 24 24\" stroke=\"currentColor\" stroke-width=\"2\"><path stroke-linecap=\"round\" stroke-linejoin=\"round\" d=\"M13.5 4.5L21 12m0 0l-7.5 7.5M21 12H3\"><\/path><\/svg>\n              <\/div>\n            <\/div>\n          <\/article>\n                  <article class=\"em-card\"\n            data-type=\"activity\"\n            data-features=\"\"\n            data-name=\"gare de l&#039;art\"\n            data-json=\"{&quot;name&quot;:&quot;Gare de l&#039;Art&quot;,&quot;image&quot;:&quot;Pas disponible&quot;,&quot;link&quot;:&quot;https:\\\/\\\/www.mimizan-tourisme.com\\\/je-decouvre\\\/les-villes\\\/st-paul-en-born\\\/&quot;,&quot;data&quot;:{&quot;name&quot;:&quot;Gare de l&#039;Art&quot;,&quot;type&quot;:&quot;Activit\\u00e9 culturelle&quot;,&quot;place&quot;:&quot;Saint-Paul-en-Born&quot;,&quot;distance_km&quot;:&quot;Pr\\u00e8s du camping&quot;,&quot;duration&quot;:&quot;Short&quot;,&quot;price&quot;:&quot;Gratuit ou variable&quot;,&quot;booking_necessary&quot;:&quot;Non&quot;,&quot;comment&quot;:&quot;Expositions artistiques pendant la belle saison.&quot;,&quot;link&quot;:&quot;https:\\\/\\\/www.mimizan-tourisme.com\\\/je-decouvre\\\/les-villes\\\/st-paul-en-born\\\/&quot;,&quot;image&quot;:&quot;Pas disponible&quot;},&quot;category&quot;:&quot;Activit\\u00e9s et lieux recommand\\u00e9s&quot;}\">\n\n            <!-- Image + badge cat\u00e9gorie -->\n            <div class=\"em-card-img-wrap\">\n                              <div class=\"em-card-placeholder\">\ud83d\udcf7 Pas d'image<\/div>\n                            <span class=\"em-card-badge badge-activity\">Activit\u00e9s et lieux recommand\u00e9s<\/span>\n            <\/div>\n\n            <!-- Contenu de la card -->\n            <div class=\"em-card-body\">\n              <h3 class=\"em-card-title\">Gare de l&#039;Art<\/h3>\n\n              <!-- Tags r\u00e9sum\u00e9s (max 4) -->\n              <div class=\"em-card-tags\">\n                                    <span class=\"em-tag em-tag-green\">Gratuit ou variable<\/span>\n                                    <span class=\"em-tag em-tag-blue\">Saint-Paul-en-Born<\/span>\n                                              <\/div>\n\n              <!-- Champs suppl\u00e9mentaires (max 3) -->\n              <div class=\"em-card-fields\">\n                                  <div class=\"em-card-field\">\n                    <span class=\"em-card-field-label\">Type d\u2019\u00e9v\u00e9nement (march\u00e9, festival, sport, etc.) :<\/span>\n                    <span class=\"em-card-field-value\">Activit\u00e9 culturelle<\/span>\n                  <\/div>\n                                  <div class=\"em-card-field\">\n                    <span class=\"em-card-field-label\">Distance depuis le camping (km) :<\/span>\n                    <span class=\"em-card-field-value\">Pr\u00e8s du camping<\/span>\n                  <\/div>\n                                  <div class=\"em-card-field\">\n                    <span class=\"em-card-field-label\">Dur\u00e9e moyenne :<\/span>\n                    <span class=\"em-card-field-value\">Short<\/span>\n                  <\/div>\n                              <\/div>\n\n              <!-- Lien vers le d\u00e9tail -->\n              <div class=\"em-card-footer\">\n                <span>Voir le d\u00e9tail<\/span>\n                <svg fill=\"none\" viewBox=\"0 0 24 24\" stroke=\"currentColor\" stroke-width=\"2\"><path stroke-linecap=\"round\" stroke-linejoin=\"round\" d=\"M13.5 4.5L21 12m0 0l-7.5 7.5M21 12H3\"><\/path><\/svg>\n              <\/div>\n            <\/div>\n          <\/article>\n                  <article class=\"em-card\"\n            data-type=\"activity\"\n            data-features=\"\"\n            data-name=\"randonn\u00e9e \u00e9questre\"\n            data-json=\"{&quot;name&quot;:&quot;Randonn\\u00e9e \\u00e9questre&quot;,&quot;image&quot;:&quot;Pas disponible&quot;,&quot;link&quot;:&quot;https:\\\/\\\/www.tripadvisor.fr\\\/Attractions-g1219489-Activities-Saint_Paul_en_Born_Landes_Nouvelle_Aquitaine.html&quot;,&quot;data&quot;:{&quot;name&quot;:&quot;Randonn\\u00e9e \\u00e9questre&quot;,&quot;type&quot;:&quot;Activit\\u00e9 \\u00e9questre&quot;,&quot;place&quot;:&quot;For\\u00eats et plages&quot;,&quot;distance_km&quot;:&quot;Pr\\u00e8s du camping&quot;,&quot;duration&quot;:&quot;Variable&quot;,&quot;price&quot;:&quot;Selon type de balade&quot;,&quot;booking_necessary&quot;:&quot;Oui&quot;,&quot;comment&quot;:&quot;Explorez \\u00e0 cheval.&quot;,&quot;link&quot;:&quot;https:\\\/\\\/www.tripadvisor.fr\\\/Attractions-g1219489-Activities-Saint_Paul_en_Born_Landes_Nouvelle_Aquitaine.html&quot;,&quot;image&quot;:&quot;Pas disponible&quot;},&quot;category&quot;:&quot;Activit\\u00e9s et lieux recommand\\u00e9s&quot;}\">\n\n            <!-- Image + badge cat\u00e9gorie -->\n            <div class=\"em-card-img-wrap\">\n                              <div class=\"em-card-placeholder\">\ud83d\udcf7 Pas d'image<\/div>\n                            <span class=\"em-card-badge badge-activity\">Activit\u00e9s et lieux recommand\u00e9s<\/span>\n            <\/div>\n\n            <!-- Contenu de la card -->\n            <div class=\"em-card-body\">\n              <h3 class=\"em-card-title\">Randonn\u00e9e \u00e9questre<\/h3>\n\n              <!-- Tags r\u00e9sum\u00e9s (max 4) -->\n              <div class=\"em-card-tags\">\n                                    <span class=\"em-tag em-tag-green\">Selon type de balade<\/span>\n                                    <span class=\"em-tag em-tag-blue\">For\u00eats et plages<\/span>\n                                              <\/div>\n\n              <!-- Champs suppl\u00e9mentaires (max 3) -->\n              <div class=\"em-card-fields\">\n                                  <div class=\"em-card-field\">\n                    <span class=\"em-card-field-label\">Type d\u2019\u00e9v\u00e9nement (march\u00e9, festival, sport, etc.) :<\/span>\n                    <span class=\"em-card-field-value\">Activit\u00e9 \u00e9questre<\/span>\n                  <\/div>\n                                  <div class=\"em-card-field\">\n                    <span class=\"em-card-field-label\">Distance depuis le camping (km) :<\/span>\n                    <span class=\"em-card-field-value\">Pr\u00e8s du camping<\/span>\n                  <\/div>\n                                  <div class=\"em-card-field\">\n                    <span class=\"em-card-field-label\">Dur\u00e9e moyenne :<\/span>\n                    <span class=\"em-card-field-value\">Variable<\/span>\n                  <\/div>\n                              <\/div>\n\n              <!-- Lien vers le d\u00e9tail -->\n              <div class=\"em-card-footer\">\n                <span>Voir le d\u00e9tail<\/span>\n                <svg fill=\"none\" viewBox=\"0 0 24 24\" stroke=\"currentColor\" stroke-width=\"2\"><path stroke-linecap=\"round\" stroke-linejoin=\"round\" d=\"M13.5 4.5L21 12m0 0l-7.5 7.5M21 12H3\"><\/path><\/svg>\n              <\/div>\n            <\/div>\n          <\/article>\n                  <article class=\"em-card\"\n            data-type=\"activity\"\n            data-features=\"\"\n            data-name=\"visite de la motte f\u00e9odale du tuc de houns\"\n            data-json=\"{&quot;name&quot;:&quot;Visite de la motte f\\u00e9odale du Tuc de Houns&quot;,&quot;image&quot;:&quot;Pas disponible&quot;,&quot;link&quot;:&quot;https:\\\/\\\/www.mimizan-tourisme.com\\\/je-decouvre\\\/les-villes\\\/st-paul-en-born\\\/&quot;,&quot;data&quot;:{&quot;name&quot;:&quot;Visite de la motte f\\u00e9odale du Tuc de Houns&quot;,&quot;type&quot;:&quot;Activit\\u00e9 culturelle&quot;,&quot;place&quot;:&quot;Saint-Paul-en-Born&quot;,&quot;distance_km&quot;:&quot;Pr\\u00e8s du camping&quot;,&quot;duration&quot;:&quot;Short&quot;,&quot;price&quot;:&quot;Gratuit&quot;,&quot;booking_necessary&quot;:&quot;Non&quot;,&quot;comment&quot;:&quot;D\\u00e9couvrez l&#039;histoire locale.&quot;,&quot;link&quot;:&quot;https:\\\/\\\/www.mimizan-tourisme.com\\\/je-decouvre\\\/les-villes\\\/st-paul-en-born\\\/&quot;,&quot;image&quot;:&quot;Pas disponible&quot;},&quot;category&quot;:&quot;Activit\\u00e9s et lieux recommand\\u00e9s&quot;}\">\n\n            <!-- Image + badge cat\u00e9gorie -->\n            <div class=\"em-card-img-wrap\">\n                              <div class=\"em-card-placeholder\">\ud83d\udcf7 Pas d'image<\/div>\n                            <span class=\"em-card-badge badge-activity\">Activit\u00e9s et lieux recommand\u00e9s<\/span>\n            <\/div>\n\n            <!-- Contenu de la card -->\n            <div class=\"em-card-body\">\n              <h3 class=\"em-card-title\">Visite de la motte f\u00e9odale du Tuc de Houns<\/h3>\n\n              <!-- Tags r\u00e9sum\u00e9s (max 4) -->\n              <div class=\"em-card-tags\">\n                                    <span class=\"em-tag em-tag-green\">Gratuit<\/span>\n                                    <span class=\"em-tag em-tag-blue\">Saint-Paul-en-Born<\/span>\n                                              <\/div>\n\n              <!-- Champs suppl\u00e9mentaires (max 3) -->\n              <div class=\"em-card-fields\">\n                                  <div class=\"em-card-field\">\n                    <span class=\"em-card-field-label\">Type d\u2019\u00e9v\u00e9nement (march\u00e9, festival, sport, etc.) :<\/span>\n                    <span class=\"em-card-field-value\">Activit\u00e9 culturelle<\/span>\n                  <\/div>\n                                  <div class=\"em-card-field\">\n                    <span class=\"em-card-field-label\">Distance depuis le camping (km) :<\/span>\n                    <span class=\"em-card-field-value\">Pr\u00e8s du camping<\/span>\n                  <\/div>\n                                  <div class=\"em-card-field\">\n                    <span class=\"em-card-field-label\">Dur\u00e9e moyenne :<\/span>\n                    <span class=\"em-card-field-value\">Short<\/span>\n                  <\/div>\n                              <\/div>\n\n              <!-- Lien vers le d\u00e9tail -->\n              <div class=\"em-card-footer\">\n                <span>Voir le d\u00e9tail<\/span>\n                <svg fill=\"none\" viewBox=\"0 0 24 24\" stroke=\"currentColor\" stroke-width=\"2\"><path stroke-linecap=\"round\" stroke-linejoin=\"round\" d=\"M13.5 4.5L21 12m0 0l-7.5 7.5M21 12H3\"><\/path><\/svg>\n              <\/div>\n            <\/div>\n          <\/article>\n                  <article class=\"em-card\"\n            data-type=\"activity\"\n            data-features=\"\"\n            data-name=\"march\u00e9 local\"\n            data-json=\"{&quot;name&quot;:&quot;March\\u00e9 local&quot;,&quot;image&quot;:&quot;Pas disponible&quot;,&quot;link&quot;:&quot;Pas sp\\u00e9cifique&quot;,&quot;data&quot;:{&quot;name&quot;:&quot;March\\u00e9 local&quot;,&quot;type&quot;:&quot;Activit\\u00e9 commerciale&quot;,&quot;place&quot;:&quot;Saint-Paul-en-Born ou environs&quot;,&quot;distance_km&quot;:&quot;Pr\\u00e8s du camping&quot;,&quot;duration&quot;:&quot;Short&quot;,&quot;price&quot;:&quot;Variable&quot;,&quot;booking_necessary&quot;:&quot;Non&quot;,&quot;comment&quot;:&quot;D\\u00e9couvrez les produits r\\u00e9gionaux.&quot;,&quot;link&quot;:&quot;Pas sp\\u00e9cifique&quot;,&quot;image&quot;:&quot;Pas disponible&quot;},&quot;category&quot;:&quot;Activit\\u00e9s et lieux recommand\\u00e9s&quot;}\">\n\n            <!-- Image + badge cat\u00e9gorie -->\n            <div class=\"em-card-img-wrap\">\n                              <div class=\"em-card-placeholder\">\ud83d\udcf7 Pas d'image<\/div>\n                            <span class=\"em-card-badge badge-activity\">Activit\u00e9s et lieux recommand\u00e9s<\/span>\n            <\/div>\n\n            <!-- Contenu de la card -->\n            <div class=\"em-card-body\">\n              <h3 class=\"em-card-title\">March\u00e9 local<\/h3>\n\n              <!-- Tags r\u00e9sum\u00e9s (max 4) -->\n              <div class=\"em-card-tags\">\n                                    <span class=\"em-tag em-tag-green\">Variable<\/span>\n                                    <span class=\"em-tag em-tag-blue\">Saint-Paul-en-Born ou environs<\/span>\n                                              <\/div>\n\n              <!-- Champs suppl\u00e9mentaires (max 3) -->\n              <div class=\"em-card-fields\">\n                                  <div class=\"em-card-field\">\n                    <span class=\"em-card-field-label\">Type d\u2019\u00e9v\u00e9nement (march\u00e9, festival, sport, etc.) :<\/span>\n                    <span class=\"em-card-field-value\">Activit\u00e9 commerciale<\/span>\n                  <\/div>\n                                  <div class=\"em-card-field\">\n                    <span class=\"em-card-field-label\">Distance depuis le camping (km) :<\/span>\n                    <span class=\"em-card-field-value\">Pr\u00e8s du camping<\/span>\n                  <\/div>\n                                  <div class=\"em-card-field\">\n                    <span class=\"em-card-field-label\">Dur\u00e9e moyenne :<\/span>\n                    <span class=\"em-card-field-value\">Short<\/span>\n                  <\/div>\n                              <\/div>\n\n              <!-- Lien vers le d\u00e9tail -->\n              <div class=\"em-card-footer\">\n                <span>Voir le d\u00e9tail<\/span>\n                <svg fill=\"none\" viewBox=\"0 0 24 24\" stroke=\"currentColor\" stroke-width=\"2\"><path stroke-linecap=\"round\" stroke-linejoin=\"round\" d=\"M13.5 4.5L21 12m0 0l-7.5 7.5M21 12H3\"><\/path><\/svg>\n              <\/div>\n            <\/div>\n          <\/article>\n                  <article class=\"em-card\"\n            data-type=\"activity\"\n            data-features=\"\"\n            data-name=\"visite de la fontaine saint clair\"\n            data-json=\"{&quot;name&quot;:&quot;Visite de la Fontaine Saint Clair&quot;,&quot;image&quot;:&quot;https:\\\/\\\/www.mimizan-tourisme.com\\\/uploads\\\/patrimoine\\\/Fontaine-Saint-Clair.jpg&quot;,&quot;link&quot;:&quot;https:\\\/\\\/www.mimizan-tourisme.com\\\/je-decouvre\\\/les-villes\\\/st-paul-en-born\\\/&quot;,&quot;data&quot;:{&quot;name&quot;:&quot;Visite de la Fontaine Saint Clair&quot;,&quot;type&quot;:&quot;Patrimoine naturel&quot;,&quot;place&quot;:&quot;Saint-Paul-en-Born&quot;,&quot;distance_km&quot;:&quot;~5 km&quot;,&quot;duration&quot;:&quot;30 min&quot;,&quot;price&quot;:&quot;Gratuit&quot;,&quot;booking_necessary&quot;:&quot;Non&quot;,&quot;comment&quot;:&quot;Fontaine r\\u00e9put\\u00e9e pour ses vertus gu\\u00e9risseuses, accessible en promenade.&quot;,&quot;link&quot;:&quot;https:\\\/\\\/www.mimizan-tourisme.com\\\/je-decouvre\\\/les-villes\\\/st-paul-en-born\\\/&quot;,&quot;image&quot;:&quot;https:\\\/\\\/www.mimizan-tourisme.com\\\/uploads\\\/patrimoine\\\/Fontaine-Saint-Clair.jpg&quot;},&quot;category&quot;:&quot;Activit\\u00e9s et lieux recommand\\u00e9s&quot;}\">\n\n            <!-- Image + badge cat\u00e9gorie -->\n            <div class=\"em-card-img-wrap\">\n                              <img decoding=\"async\" class=\"em-card-img\" src=\"https:\/\/www.mimizan-tourisme.com\/uploads\/patrimoine\/Fontaine-Saint-Clair.jpg\" alt=\"Visite de la Fontaine Saint Clair\" loading=\"lazy\" onerror=\"this.style.display='none';this.nextElementSibling.style.display='flex';\">\n                <div class=\"em-card-placeholder\" style=\"display:none;\">\ud83d\udcf7 Image indisponible<\/div>\n                            <span class=\"em-card-badge badge-activity\">Activit\u00e9s et lieux recommand\u00e9s<\/span>\n            <\/div>\n\n            <!-- Contenu de la card -->\n            <div class=\"em-card-body\">\n              <h3 class=\"em-card-title\">Visite de la Fontaine Saint Clair<\/h3>\n\n              <!-- Tags r\u00e9sum\u00e9s (max 4) -->\n              <div class=\"em-card-tags\">\n                                    <span class=\"em-tag em-tag-green\">Gratuit<\/span>\n                                    <span class=\"em-tag em-tag-blue\">Saint-Paul-en-Born<\/span>\n                                              <\/div>\n\n              <!-- Champs suppl\u00e9mentaires (max 3) -->\n              <div class=\"em-card-fields\">\n                                  <div class=\"em-card-field\">\n                    <span class=\"em-card-field-label\">Type d\u2019\u00e9v\u00e9nement (march\u00e9, festival, sport, etc.) :<\/span>\n                    <span class=\"em-card-field-value\">Patrimoine naturel<\/span>\n                  <\/div>\n                                  <div class=\"em-card-field\">\n                    <span class=\"em-card-field-label\">Distance depuis le camping (km) :<\/span>\n                    <span class=\"em-card-field-value\">~5 km<\/span>\n                  <\/div>\n                                  <div class=\"em-card-field\">\n                    <span class=\"em-card-field-label\">Dur\u00e9e moyenne :<\/span>\n                    <span class=\"em-card-field-value\">30 min<\/span>\n                  <\/div>\n                              <\/div>\n\n              <!-- Lien vers le d\u00e9tail -->\n              <div class=\"em-card-footer\">\n                <span>Voir le d\u00e9tail<\/span>\n                <svg fill=\"none\" viewBox=\"0 0 24 24\" stroke=\"currentColor\" stroke-width=\"2\"><path stroke-linecap=\"round\" stroke-linejoin=\"round\" d=\"M13.5 4.5L21 12m0 0l-7.5 7.5M21 12H3\"><\/path><\/svg>\n              <\/div>\n            <\/div>\n          <\/article>\n                  <article class=\"em-card\"\n            data-type=\"activity\"\n            data-features=\"\"\n            data-name=\"observation de la faune et flore en for\u00eat d&#039;aulnaies\"\n            data-json=\"{&quot;name&quot;:&quot;Observation de la faune et flore en for\\u00eat d&#039;aulnaies&quot;,&quot;image&quot;:&quot;https:\\\/\\\/www.mimizan-tourisme.com\\\/uploads\\\/photos\\\/foret-aulnaies.jpg&quot;,&quot;link&quot;:&quot;https:\\\/\\\/www.mimizan-tourisme.com\\\/je-decouvre\\\/les-villes\\\/st-paul-en-born\\\/&quot;,&quot;data&quot;:{&quot;name&quot;:&quot;Observation de la faune et flore en for\\u00eat d&#039;aulnaies&quot;,&quot;type&quot;:&quot;Nature et balade&quot;,&quot;place&quot;:&quot;Saint-Paul-en-Born&quot;,&quot;distance_km&quot;:&quot;~3 km&quot;,&quot;duration&quot;:&quot;1-2 h&quot;,&quot;price&quot;:&quot;Gratuit&quot;,&quot;booking_necessary&quot;:&quot;Non&quot;,&quot;comment&quot;:&quot;Promenade dans la for\\u00eat d&#039;aulnaies et ch\\u00eanes pour d\\u00e9couvrir la biodiversit\\u00e9 locale.&quot;,&quot;link&quot;:&quot;https:\\\/\\\/www.mimizan-tourisme.com\\\/je-decouvre\\\/les-villes\\\/st-paul-en-born\\\/&quot;,&quot;image&quot;:&quot;https:\\\/\\\/www.mimizan-tourisme.com\\\/uploads\\\/photos\\\/foret-aulnaies.jpg&quot;},&quot;category&quot;:&quot;Activit\\u00e9s et lieux recommand\\u00e9s&quot;}\">\n\n            <!-- Image + badge cat\u00e9gorie -->\n            <div class=\"em-card-img-wrap\">\n                              <img decoding=\"async\" class=\"em-card-img\" src=\"https:\/\/www.mimizan-tourisme.com\/uploads\/photos\/foret-aulnaies.jpg\" alt=\"Observation de la faune et flore en for\u00eat d&#039;aulnaies\" loading=\"lazy\" onerror=\"this.style.display='none';this.nextElementSibling.style.display='flex';\">\n                <div class=\"em-card-placeholder\" style=\"display:none;\">\ud83d\udcf7 Image indisponible<\/div>\n                            <span class=\"em-card-badge badge-activity\">Activit\u00e9s et lieux recommand\u00e9s<\/span>\n            <\/div>\n\n            <!-- Contenu de la card -->\n            <div class=\"em-card-body\">\n              <h3 class=\"em-card-title\">Observation de la faune et flore en for\u00eat d&#039;aulnaies<\/h3>\n\n              <!-- Tags r\u00e9sum\u00e9s (max 4) -->\n              <div class=\"em-card-tags\">\n                                    <span class=\"em-tag em-tag-green\">Gratuit<\/span>\n                                    <span class=\"em-tag em-tag-blue\">Saint-Paul-en-Born<\/span>\n                                              <\/div>\n\n              <!-- Champs suppl\u00e9mentaires (max 3) -->\n              <div class=\"em-card-fields\">\n                                  <div class=\"em-card-field\">\n                    <span class=\"em-card-field-label\">Type d\u2019\u00e9v\u00e9nement (march\u00e9, festival, sport, etc.) :<\/span>\n                    <span class=\"em-card-field-value\">Nature et balade<\/span>\n                  <\/div>\n                                  <div class=\"em-card-field\">\n                    <span class=\"em-card-field-label\">Distance depuis le camping (km) :<\/span>\n                    <span class=\"em-card-field-value\">~3 km<\/span>\n                  <\/div>\n                                  <div class=\"em-card-field\">\n                    <span class=\"em-card-field-label\">Dur\u00e9e moyenne :<\/span>\n                    <span class=\"em-card-field-value\">1-2 h<\/span>\n                  <\/div>\n                              <\/div>\n\n              <!-- Lien vers le d\u00e9tail -->\n              <div class=\"em-card-footer\">\n                <span>Voir le d\u00e9tail<\/span>\n                <svg fill=\"none\" viewBox=\"0 0 24 24\" stroke=\"currentColor\" stroke-width=\"2\"><path stroke-linecap=\"round\" stroke-linejoin=\"round\" d=\"M13.5 4.5L21 12m0 0l-7.5 7.5M21 12H3\"><\/path><\/svg>\n              <\/div>\n            <\/div>\n          <\/article>\n                  <article class=\"em-card\"\n            data-type=\"activity\"\n            data-features=\"\"\n            data-name=\"circuit p\u00e9destre de saint-paul-le-vieux\"\n            data-json=\"{&quot;name&quot;:&quot;Circuit p\\u00e9destre de Saint-Paul-le-Vieux&quot;,&quot;image&quot;:&quot;https:\\\/\\\/www.mimizan-tourisme.com\\\/uploads\\\/photos\\\/circuit-st-paul-le-vieux.jpg&quot;,&quot;link&quot;:&quot;https:\\\/\\\/www.mimizan-tourisme.com\\\/offres\\\/a-saint-paul-en-born-circuit-de-saint-paul-le-vieux-saint-paul-en-born-fr-5030164\\\/&quot;,&quot;data&quot;:{&quot;name&quot;:&quot;Circuit p\\u00e9destre de Saint-Paul-le-Vieux&quot;,&quot;type&quot;:&quot;Randonn\\u00e9e p\\u00e9destre&quot;,&quot;place&quot;:&quot;Saint-Paul-en-Born&quot;,&quot;distance_km&quot;:&quot;9,6 km&quot;,&quot;duration&quot;:&quot;3 h 15 min&quot;,&quot;price&quot;:&quot;Gratuit&quot;,&quot;booking_necessary&quot;:&quot;Non&quot;,&quot;comment&quot;:&quot;Balade ombrag\\u00e9e passant par des milieux humides, for\\u00eat de pins et feuillus, pr\\u00e8s du lac d&#039;Aureilhan.&quot;,&quot;link&quot;:&quot;https:\\\/\\\/www.mimizan-tourisme.com\\\/offres\\\/a-saint-paul-en-born-circuit-de-saint-paul-le-vieux-saint-paul-en-born-fr-5030164\\\/&quot;,&quot;image&quot;:&quot;https:\\\/\\\/www.mimizan-tourisme.com\\\/uploads\\\/photos\\\/circuit-st-paul-le-vieux.jpg&quot;},&quot;category&quot;:&quot;Activit\\u00e9s et lieux recommand\\u00e9s&quot;}\">\n\n            <!-- Image + badge cat\u00e9gorie -->\n            <div class=\"em-card-img-wrap\">\n                              <img decoding=\"async\" class=\"em-card-img\" src=\"https:\/\/www.mimizan-tourisme.com\/uploads\/photos\/circuit-st-paul-le-vieux.jpg\" alt=\"Circuit p\u00e9destre de Saint-Paul-le-Vieux\" loading=\"lazy\" onerror=\"this.style.display='none';this.nextElementSibling.style.display='flex';\">\n                <div class=\"em-card-placeholder\" style=\"display:none;\">\ud83d\udcf7 Image indisponible<\/div>\n                            <span class=\"em-card-badge badge-activity\">Activit\u00e9s et lieux recommand\u00e9s<\/span>\n            <\/div>\n\n            <!-- Contenu de la card -->\n            <div class=\"em-card-body\">\n              <h3 class=\"em-card-title\">Circuit p\u00e9destre de Saint-Paul-le-Vieux<\/h3>\n\n              <!-- Tags r\u00e9sum\u00e9s (max 4) -->\n              <div class=\"em-card-tags\">\n                                    <span class=\"em-tag em-tag-green\">Gratuit<\/span>\n                                    <span class=\"em-tag em-tag-blue\">Saint-Paul-en-Born<\/span>\n                                              <\/div>\n\n              <!-- Champs suppl\u00e9mentaires (max 3) -->\n              <div class=\"em-card-fields\">\n                                  <div class=\"em-card-field\">\n                    <span class=\"em-card-field-label\">Type d\u2019\u00e9v\u00e9nement (march\u00e9, festival, sport, etc.) :<\/span>\n                    <span class=\"em-card-field-value\">Randonn\u00e9e p\u00e9destre<\/span>\n                  <\/div>\n                                  <div class=\"em-card-field\">\n                    <span class=\"em-card-field-label\">Distance depuis le camping (km) :<\/span>\n                    <span class=\"em-card-field-value\">9,6 km<\/span>\n                  <\/div>\n                                  <div class=\"em-card-field\">\n                    <span class=\"em-card-field-label\">Dur\u00e9e moyenne :<\/span>\n                    <span class=\"em-card-field-value\">3 h 15 min<\/span>\n                  <\/div>\n                              <\/div>\n\n              <!-- Lien vers le d\u00e9tail -->\n              <div class=\"em-card-footer\">\n                <span>Voir le d\u00e9tail<\/span>\n                <svg fill=\"none\" viewBox=\"0 0 24 24\" stroke=\"currentColor\" stroke-width=\"2\"><path stroke-linecap=\"round\" stroke-linejoin=\"round\" d=\"M13.5 4.5L21 12m0 0l-7.5 7.5M21 12H3\"><\/path><\/svg>\n              <\/div>\n            <\/div>\n          <\/article>\n                  <article class=\"em-card\"\n            data-type=\"activity\"\n            data-features=\"\"\n            data-name=\"visite de la motte f\u00e9odale du tuc de houns\"\n            data-json=\"{&quot;name&quot;:&quot;Visite de la Motte f\\u00e9odale du Tuc de Houns&quot;,&quot;image&quot;:&quot;https:\\\/\\\/www.mimizan-tourisme.com\\\/uploads\\\/patrimoine\\\/motte-feodale.jpg&quot;,&quot;link&quot;:&quot;https:\\\/\\\/www.mimizan-tourisme.com\\\/je-decouvre\\\/les-villes\\\/st-paul-en-born\\\/&quot;,&quot;data&quot;:{&quot;name&quot;:&quot;Visite de la Motte f\\u00e9odale du Tuc de Houns&quot;,&quot;type&quot;:&quot;Patrimoine historique&quot;,&quot;place&quot;:&quot;Saint-Paul-en-Born&quot;,&quot;distance_km&quot;:&quot;~4 km&quot;,&quot;duration&quot;:&quot;1 h&quot;,&quot;price&quot;:&quot;Gratuit&quot;,&quot;booking_necessary&quot;:&quot;Non&quot;,&quot;comment&quot;:&quot;Site historique ancien ch\\u00e2teau fort, offre une vue remarquable sur la r\\u00e9gion.&quot;,&quot;link&quot;:&quot;https:\\\/\\\/www.mimizan-tourisme.com\\\/je-decouvre\\\/les-villes\\\/st-paul-en-born\\\/&quot;,&quot;image&quot;:&quot;https:\\\/\\\/www.mimizan-tourisme.com\\\/uploads\\\/patrimoine\\\/motte-feodale.jpg&quot;},&quot;category&quot;:&quot;Activit\\u00e9s et lieux recommand\\u00e9s&quot;}\">\n\n            <!-- Image + badge cat\u00e9gorie -->\n            <div class=\"em-card-img-wrap\">\n                              <img decoding=\"async\" class=\"em-card-img\" src=\"https:\/\/www.mimizan-tourisme.com\/uploads\/patrimoine\/motte-feodale.jpg\" alt=\"Visite de la Motte f\u00e9odale du Tuc de Houns\" loading=\"lazy\" onerror=\"this.style.display='none';this.nextElementSibling.style.display='flex';\">\n                <div class=\"em-card-placeholder\" style=\"display:none;\">\ud83d\udcf7 Image indisponible<\/div>\n                            <span class=\"em-card-badge badge-activity\">Activit\u00e9s et lieux recommand\u00e9s<\/span>\n            <\/div>\n\n            <!-- Contenu de la card -->\n            <div class=\"em-card-body\">\n              <h3 class=\"em-card-title\">Visite de la Motte f\u00e9odale du Tuc de Houns<\/h3>\n\n              <!-- Tags r\u00e9sum\u00e9s (max 4) -->\n              <div class=\"em-card-tags\">\n                                    <span class=\"em-tag em-tag-green\">Gratuit<\/span>\n                                    <span class=\"em-tag em-tag-blue\">Saint-Paul-en-Born<\/span>\n                                              <\/div>\n\n              <!-- Champs suppl\u00e9mentaires (max 3) -->\n              <div class=\"em-card-fields\">\n                                  <div class=\"em-card-field\">\n                    <span class=\"em-card-field-label\">Type d\u2019\u00e9v\u00e9nement (march\u00e9, festival, sport, etc.) :<\/span>\n                    <span class=\"em-card-field-value\">Patrimoine historique<\/span>\n                  <\/div>\n                                  <div class=\"em-card-field\">\n                    <span class=\"em-card-field-label\">Distance depuis le camping (km) :<\/span>\n                    <span class=\"em-card-field-value\">~4 km<\/span>\n                  <\/div>\n                                  <div class=\"em-card-field\">\n                    <span class=\"em-card-field-label\">Dur\u00e9e moyenne :<\/span>\n                    <span class=\"em-card-field-value\">1 h<\/span>\n                  <\/div>\n                              <\/div>\n\n              <!-- Lien vers le d\u00e9tail -->\n              <div class=\"em-card-footer\">\n                <span>Voir le d\u00e9tail<\/span>\n                <svg fill=\"none\" viewBox=\"0 0 24 24\" stroke=\"currentColor\" stroke-width=\"2\"><path stroke-linecap=\"round\" stroke-linejoin=\"round\" d=\"M13.5 4.5L21 12m0 0l-7.5 7.5M21 12H3\"><\/path><\/svg>\n              <\/div>\n            <\/div>\n          <\/article>\n                  <article class=\"em-card\"\n            data-type=\"activity\"\n            data-features=\"\"\n            data-name=\"d\u00e9couverte artistique \u00e0 la gare de l\u2019art\"\n            data-json=\"{&quot;name&quot;:&quot;D\\u00e9couverte artistique \\u00e0 la Gare de l\\u2019Art&quot;,&quot;image&quot;:&quot;https:\\\/\\\/www.mimizan-tourisme.com\\\/uploads\\\/culture\\\/gare-de-lart.jpg&quot;,&quot;link&quot;:&quot;https:\\\/\\\/www.mimizan-tourisme.com\\\/je-decouvre\\\/les-villes\\\/st-paul-en-born\\\/&quot;,&quot;data&quot;:{&quot;name&quot;:&quot;D\\u00e9couverte artistique \\u00e0 la Gare de l\\u2019Art&quot;,&quot;type&quot;:&quot;Culture et art&quot;,&quot;place&quot;:&quot;Saint-Paul-en-Born&quot;,&quot;distance_km&quot;:&quot;~5 km&quot;,&quot;duration&quot;:&quot;Variable selon exposition&quot;,&quot;price&quot;:&quot;Gratuit&quot;,&quot;booking_necessary&quot;:&quot;Parfois selon exposition&quot;,&quot;comment&quot;:&quot;Expositions artistiques temporaires dans une ancienne gare restaur\\u00e9e.&quot;,&quot;link&quot;:&quot;https:\\\/\\\/www.mimizan-tourisme.com\\\/je-decouvre\\\/les-villes\\\/st-paul-en-born\\\/&quot;,&quot;image&quot;:&quot;https:\\\/\\\/www.mimizan-tourisme.com\\\/uploads\\\/culture\\\/gare-de-lart.jpg&quot;},&quot;category&quot;:&quot;Activit\\u00e9s et lieux recommand\\u00e9s&quot;}\">\n\n            <!-- Image + badge cat\u00e9gorie -->\n            <div class=\"em-card-img-wrap\">\n                              <img decoding=\"async\" class=\"em-card-img\" src=\"https:\/\/www.mimizan-tourisme.com\/uploads\/culture\/gare-de-lart.jpg\" alt=\"D\u00e9couverte artistique \u00e0 la Gare de l\u2019Art\" loading=\"lazy\" onerror=\"this.style.display='none';this.nextElementSibling.style.display='flex';\">\n                <div class=\"em-card-placeholder\" style=\"display:none;\">\ud83d\udcf7 Image indisponible<\/div>\n                            <span class=\"em-card-badge badge-activity\">Activit\u00e9s et lieux recommand\u00e9s<\/span>\n            <\/div>\n\n            <!-- Contenu de la card -->\n            <div class=\"em-card-body\">\n              <h3 class=\"em-card-title\">D\u00e9couverte artistique \u00e0 la Gare de l\u2019Art<\/h3>\n\n              <!-- Tags r\u00e9sum\u00e9s (max 4) -->\n              <div class=\"em-card-tags\">\n                                    <span class=\"em-tag em-tag-green\">Gratuit<\/span>\n                                    <span class=\"em-tag em-tag-blue\">Saint-Paul-en-Born<\/span>\n                                              <\/div>\n\n              <!-- Champs suppl\u00e9mentaires (max 3) -->\n              <div class=\"em-card-fields\">\n                                  <div class=\"em-card-field\">\n                    <span class=\"em-card-field-label\">Type d\u2019\u00e9v\u00e9nement (march\u00e9, festival, sport, etc.) :<\/span>\n                    <span class=\"em-card-field-value\">Culture et art<\/span>\n                  <\/div>\n                                  <div class=\"em-card-field\">\n                    <span class=\"em-card-field-label\">Distance depuis le camping (km) :<\/span>\n                    <span class=\"em-card-field-value\">~5 km<\/span>\n                  <\/div>\n                                  <div class=\"em-card-field\">\n                    <span class=\"em-card-field-label\">Dur\u00e9e moyenne :<\/span>\n                    <span class=\"em-card-field-value\">Variable selon exposition<\/span>\n                  <\/div>\n                              <\/div>\n\n              <!-- Lien vers le d\u00e9tail -->\n              <div class=\"em-card-footer\">\n                <span>Voir le d\u00e9tail<\/span>\n                <svg fill=\"none\" viewBox=\"0 0 24 24\" stroke=\"currentColor\" stroke-width=\"2\"><path stroke-linecap=\"round\" stroke-linejoin=\"round\" d=\"M13.5 4.5L21 12m0 0l-7.5 7.5M21 12H3\"><\/path><\/svg>\n              <\/div>\n            <\/div>\n          <\/article>\n                  <article class=\"em-card\"\n            data-type=\"activity\"\n            data-features=\"\"\n            data-name=\"balade en for\u00eat landaise\"\n            data-json=\"{&quot;name&quot;:&quot;Balade en for\\u00eat landaise&quot;,&quot;image&quot;:&quot;https:\\\/\\\/www.mimizan-tourisme.com\\\/uploads\\\/photos\\\/foret-landaise.jpg&quot;,&quot;link&quot;:&quot;https:\\\/\\\/www.mimizan-tourisme.com\\\/je-decouvre\\\/les-villes\\\/st-paul-en-born\\\/&quot;,&quot;data&quot;:{&quot;name&quot;:&quot;Balade en for\\u00eat landaise&quot;,&quot;type&quot;:&quot;Nature et promenade&quot;,&quot;place&quot;:&quot;Saint-Paul-en-Born&quot;,&quot;distance_km&quot;:&quot;Variable&quot;,&quot;duration&quot;:&quot;1-3 h&quot;,&quot;price&quot;:&quot;Gratuit&quot;,&quot;booking_necessary&quot;:&quot;Non&quot;,&quot;comment&quot;:&quot;Promenades dans la vaste for\\u00eat de pins typique des Landes.&quot;,&quot;link&quot;:&quot;https:\\\/\\\/www.mimizan-tourisme.com\\\/je-decouvre\\\/les-villes\\\/st-paul-en-born\\\/&quot;,&quot;image&quot;:&quot;https:\\\/\\\/www.mimizan-tourisme.com\\\/uploads\\\/photos\\\/foret-landaise.jpg&quot;},&quot;category&quot;:&quot;Activit\\u00e9s et lieux recommand\\u00e9s&quot;}\">\n\n            <!-- Image + badge cat\u00e9gorie -->\n            <div class=\"em-card-img-wrap\">\n                              <img decoding=\"async\" class=\"em-card-img\" src=\"https:\/\/www.mimizan-tourisme.com\/uploads\/photos\/foret-landaise.jpg\" alt=\"Balade en for\u00eat landaise\" loading=\"lazy\" onerror=\"this.style.display='none';this.nextElementSibling.style.display='flex';\">\n                <div class=\"em-card-placeholder\" style=\"display:none;\">\ud83d\udcf7 Image indisponible<\/div>\n                            <span class=\"em-card-badge badge-activity\">Activit\u00e9s et lieux recommand\u00e9s<\/span>\n            <\/div>\n\n            <!-- Contenu de la card -->\n            <div class=\"em-card-body\">\n              <h3 class=\"em-card-title\">Balade en for\u00eat landaise<\/h3>\n\n              <!-- Tags r\u00e9sum\u00e9s (max 4) -->\n              <div class=\"em-card-tags\">\n                                    <span class=\"em-tag em-tag-green\">Gratuit<\/span>\n                                    <span class=\"em-tag em-tag-blue\">Saint-Paul-en-Born<\/span>\n                                              <\/div>\n\n              <!-- Champs suppl\u00e9mentaires (max 3) -->\n              <div class=\"em-card-fields\">\n                                  <div class=\"em-card-field\">\n                    <span class=\"em-card-field-label\">Type d\u2019\u00e9v\u00e9nement (march\u00e9, festival, sport, etc.) :<\/span>\n                    <span class=\"em-card-field-value\">Nature et promenade<\/span>\n                  <\/div>\n                                  <div class=\"em-card-field\">\n                    <span class=\"em-card-field-label\">Distance depuis le camping (km) :<\/span>\n                    <span class=\"em-card-field-value\">Variable<\/span>\n                  <\/div>\n                                  <div class=\"em-card-field\">\n                    <span class=\"em-card-field-label\">Dur\u00e9e moyenne :<\/span>\n                    <span class=\"em-card-field-value\">1-3 h<\/span>\n                  <\/div>\n                              <\/div>\n\n              <!-- Lien vers le d\u00e9tail -->\n              <div class=\"em-card-footer\">\n                <span>Voir le d\u00e9tail<\/span>\n                <svg fill=\"none\" viewBox=\"0 0 24 24\" stroke=\"currentColor\" stroke-width=\"2\"><path stroke-linecap=\"round\" stroke-linejoin=\"round\" d=\"M13.5 4.5L21 12m0 0l-7.5 7.5M21 12H3\"><\/path><\/svg>\n              <\/div>\n            <\/div>\n          <\/article>\n                  <article class=\"em-card\"\n            data-type=\"activity\"\n            data-features=\"\"\n            data-name=\"visite du village de saint-paul-en-born\"\n            data-json=\"{&quot;name&quot;:&quot;Visite du village de Saint-Paul-en-Born&quot;,&quot;image&quot;:&quot;https:\\\/\\\/www.saint-paul-en-born.fr\\\/images\\\/village-panorama.jpg&quot;,&quot;link&quot;:&quot;https:\\\/\\\/www.saint-paul-en-born.fr\\\/Tourisme&quot;,&quot;data&quot;:{&quot;name&quot;:&quot;Visite du village de Saint-Paul-en-Born&quot;,&quot;type&quot;:&quot;D\\u00e9couverte locale&quot;,&quot;place&quot;:&quot;Saint-Paul-en-Born&quot;,&quot;distance_km&quot;:&quot;Sur place&quot;,&quot;duration&quot;:&quot;1-2 h&quot;,&quot;price&quot;:&quot;Gratuit&quot;,&quot;booking_necessary&quot;:&quot;Non&quot;,&quot;comment&quot;:&quot;D\\u00e9couverte du village, ses rues, son patrimoine local.&quot;,&quot;link&quot;:&quot;https:\\\/\\\/www.saint-paul-en-born.fr\\\/Tourisme&quot;,&quot;image&quot;:&quot;https:\\\/\\\/www.saint-paul-en-born.fr\\\/images\\\/village-panorama.jpg&quot;},&quot;category&quot;:&quot;Activit\\u00e9s et lieux recommand\\u00e9s&quot;}\">\n\n            <!-- Image + badge cat\u00e9gorie -->\n            <div class=\"em-card-img-wrap\">\n                              <img decoding=\"async\" class=\"em-card-img\" src=\"https:\/\/www.saint-paul-en-born.fr\/images\/village-panorama.jpg\" alt=\"Visite du village de Saint-Paul-en-Born\" loading=\"lazy\" onerror=\"this.style.display='none';this.nextElementSibling.style.display='flex';\">\n                <div class=\"em-card-placeholder\" style=\"display:none;\">\ud83d\udcf7 Image indisponible<\/div>\n                            <span class=\"em-card-badge badge-activity\">Activit\u00e9s et lieux recommand\u00e9s<\/span>\n            <\/div>\n\n            <!-- Contenu de la card -->\n            <div class=\"em-card-body\">\n              <h3 class=\"em-card-title\">Visite du village de Saint-Paul-en-Born<\/h3>\n\n              <!-- Tags r\u00e9sum\u00e9s (max 4) -->\n              <div class=\"em-card-tags\">\n                                    <span class=\"em-tag em-tag-green\">Gratuit<\/span>\n                                    <span class=\"em-tag em-tag-blue\">Saint-Paul-en-Born<\/span>\n                                              <\/div>\n\n              <!-- Champs suppl\u00e9mentaires (max 3) -->\n              <div class=\"em-card-fields\">\n                                  <div class=\"em-card-field\">\n                    <span class=\"em-card-field-label\">Type d\u2019\u00e9v\u00e9nement (march\u00e9, festival, sport, etc.) :<\/span>\n                    <span class=\"em-card-field-value\">D\u00e9couverte locale<\/span>\n                  <\/div>\n                                  <div class=\"em-card-field\">\n                    <span class=\"em-card-field-label\">Distance depuis le camping (km) :<\/span>\n                    <span class=\"em-card-field-value\">Sur place<\/span>\n                  <\/div>\n                                  <div class=\"em-card-field\">\n                    <span class=\"em-card-field-label\">Dur\u00e9e moyenne :<\/span>\n                    <span class=\"em-card-field-value\">1-2 h<\/span>\n                  <\/div>\n                              <\/div>\n\n              <!-- Lien vers le d\u00e9tail -->\n              <div class=\"em-card-footer\">\n                <span>Voir le d\u00e9tail<\/span>\n                <svg fill=\"none\" viewBox=\"0 0 24 24\" stroke=\"currentColor\" stroke-width=\"2\"><path stroke-linecap=\"round\" stroke-linejoin=\"round\" d=\"M13.5 4.5L21 12m0 0l-7.5 7.5M21 12H3\"><\/path><\/svg>\n              <\/div>\n            <\/div>\n          <\/article>\n                  <article class=\"em-card\"\n            data-type=\"activity\"\n            data-features=\"\"\n            data-name=\"partie de p\u00eache au lac d\u2019aureilhan\"\n            data-json=\"{&quot;name&quot;:&quot;Partie de p\\u00eache au lac d\\u2019Aureilhan&quot;,&quot;image&quot;:&quot;https:\\\/\\\/www.mimizan-tourisme.com\\\/uploads\\\/photos\\\/lac-aureilhan-peche.jpg&quot;,&quot;link&quot;:&quot;https:\\\/\\\/www.mimizan-tourisme.com\\\/je-decouvre\\\/les-villes\\\/st-paul-en-born\\\/&quot;,&quot;data&quot;:{&quot;name&quot;:&quot;Partie de p\\u00eache au lac d\\u2019Aureilhan&quot;,&quot;type&quot;:&quot;Loisir de plein air&quot;,&quot;place&quot;:&quot;Lac d\\u2019Aureilhan (\\u00e0 environ 8 km)&quot;,&quot;distance_km&quot;:&quot;8 km&quot;,&quot;duration&quot;:&quot;Variable&quot;,&quot;price&quot;:&quot;Licence de p\\u00eache n\\u00e9cessaire&quot;,&quot;booking_necessary&quot;:&quot;Non&quot;,&quot;comment&quot;:&quot;P\\u00eache dans un cadre naturel au bord du lac d\\u2019Aureilhan.&quot;,&quot;link&quot;:&quot;https:\\\/\\\/www.mimizan-tourisme.com\\\/je-decouvre\\\/les-villes\\\/st-paul-en-born\\\/&quot;,&quot;image&quot;:&quot;https:\\\/\\\/www.mimizan-tourisme.com\\\/uploads\\\/photos\\\/lac-aureilhan-peche.jpg&quot;},&quot;category&quot;:&quot;Activit\\u00e9s et lieux recommand\\u00e9s&quot;}\">\n\n            <!-- Image + badge cat\u00e9gorie -->\n            <div class=\"em-card-img-wrap\">\n                              <img decoding=\"async\" class=\"em-card-img\" src=\"https:\/\/www.mimizan-tourisme.com\/uploads\/photos\/lac-aureilhan-peche.jpg\" alt=\"Partie de p\u00eache au lac d\u2019Aureilhan\" loading=\"lazy\" onerror=\"this.style.display='none';this.nextElementSibling.style.display='flex';\">\n                <div class=\"em-card-placeholder\" style=\"display:none;\">\ud83d\udcf7 Image indisponible<\/div>\n                            <span class=\"em-card-badge badge-activity\">Activit\u00e9s et lieux recommand\u00e9s<\/span>\n            <\/div>\n\n            <!-- Contenu de la card -->\n            <div class=\"em-card-body\">\n              <h3 class=\"em-card-title\">Partie de p\u00eache au lac d\u2019Aureilhan<\/h3>\n\n              <!-- Tags r\u00e9sum\u00e9s (max 4) -->\n              <div class=\"em-card-tags\">\n                                    <span class=\"em-tag em-tag-green\">Licence de p\u00eache n\u00e9cessaire<\/span>\n                                    <span class=\"em-tag em-tag-blue\">Lac d\u2019Aureilhan (\u00e0 environ 8 km)<\/span>\n                                              <\/div>\n\n              <!-- Champs suppl\u00e9mentaires (max 3) -->\n              <div class=\"em-card-fields\">\n                                  <div class=\"em-card-field\">\n                    <span class=\"em-card-field-label\">Type d\u2019\u00e9v\u00e9nement (march\u00e9, festival, sport, etc.) :<\/span>\n                    <span class=\"em-card-field-value\">Loisir de plein air<\/span>\n                  <\/div>\n                                  <div class=\"em-card-field\">\n                    <span class=\"em-card-field-label\">Distance depuis le camping (km) :<\/span>\n                    <span class=\"em-card-field-value\">8 km<\/span>\n                  <\/div>\n                                  <div class=\"em-card-field\">\n                    <span class=\"em-card-field-label\">Dur\u00e9e moyenne :<\/span>\n                    <span class=\"em-card-field-value\">Variable<\/span>\n                  <\/div>\n                              <\/div>\n\n              <!-- Lien vers le d\u00e9tail -->\n              <div class=\"em-card-footer\">\n                <span>Voir le d\u00e9tail<\/span>\n                <svg fill=\"none\" viewBox=\"0 0 24 24\" stroke=\"currentColor\" stroke-width=\"2\"><path stroke-linecap=\"round\" stroke-linejoin=\"round\" d=\"M13.5 4.5L21 12m0 0l-7.5 7.5M21 12H3\"><\/path><\/svg>\n              <\/div>\n            <\/div>\n          <\/article>\n                  <article class=\"em-card\"\n            data-type=\"activity\"\n            data-features=\"\"\n            data-name=\"exploration des marais locaux\"\n            data-json=\"{&quot;name&quot;:&quot;Exploration des marais locaux&quot;,&quot;image&quot;:&quot;https:\\\/\\\/www.mimizan-tourisme.com\\\/uploads\\\/photos\\\/marais.jpg&quot;,&quot;link&quot;:&quot;https:\\\/\\\/www.mimizan-tourisme.com\\\/je-decouvre\\\/les-villes\\\/st-paul-en-born\\\/&quot;,&quot;data&quot;:{&quot;name&quot;:&quot;Exploration des marais locaux&quot;,&quot;type&quot;:&quot;Nature et \\u00e9cotourisme&quot;,&quot;place&quot;:&quot;Saint-Paul-en-Born&quot;,&quot;distance_km&quot;:&quot;Variable&quot;,&quot;duration&quot;:&quot;1-2 h&quot;,&quot;price&quot;:&quot;Gratuit&quot;,&quot;booking_necessary&quot;:&quot;Non&quot;,&quot;comment&quot;:&quot;Observation de la faune et flore sp\\u00e9cifiques des zones humides.&quot;,&quot;link&quot;:&quot;https:\\\/\\\/www.mimizan-tourisme.com\\\/je-decouvre\\\/les-villes\\\/st-paul-en-born\\\/&quot;,&quot;image&quot;:&quot;https:\\\/\\\/www.mimizan-tourisme.com\\\/uploads\\\/photos\\\/marais.jpg&quot;},&quot;category&quot;:&quot;Activit\\u00e9s et lieux recommand\\u00e9s&quot;}\">\n\n            <!-- Image + badge cat\u00e9gorie -->\n            <div class=\"em-card-img-wrap\">\n                              <img decoding=\"async\" class=\"em-card-img\" src=\"https:\/\/www.mimizan-tourisme.com\/uploads\/photos\/marais.jpg\" alt=\"Exploration des marais locaux\" loading=\"lazy\" onerror=\"this.style.display='none';this.nextElementSibling.style.display='flex';\">\n                <div class=\"em-card-placeholder\" style=\"display:none;\">\ud83d\udcf7 Image indisponible<\/div>\n                            <span class=\"em-card-badge badge-activity\">Activit\u00e9s et lieux recommand\u00e9s<\/span>\n            <\/div>\n\n            <!-- Contenu de la card -->\n            <div class=\"em-card-body\">\n              <h3 class=\"em-card-title\">Exploration des marais locaux<\/h3>\n\n              <!-- Tags r\u00e9sum\u00e9s (max 4) -->\n              <div class=\"em-card-tags\">\n                                    <span class=\"em-tag em-tag-green\">Gratuit<\/span>\n                                    <span class=\"em-tag em-tag-blue\">Saint-Paul-en-Born<\/span>\n                                              <\/div>\n\n              <!-- Champs suppl\u00e9mentaires (max 3) -->\n              <div class=\"em-card-fields\">\n                                  <div class=\"em-card-field\">\n                    <span class=\"em-card-field-label\">Type d\u2019\u00e9v\u00e9nement (march\u00e9, festival, sport, etc.) :<\/span>\n                    <span class=\"em-card-field-value\">Nature et \u00e9cotourisme<\/span>\n                  <\/div>\n                                  <div class=\"em-card-field\">\n                    <span class=\"em-card-field-label\">Distance depuis le camping (km) :<\/span>\n                    <span class=\"em-card-field-value\">Variable<\/span>\n                  <\/div>\n                                  <div class=\"em-card-field\">\n                    <span class=\"em-card-field-label\">Dur\u00e9e moyenne :<\/span>\n                    <span class=\"em-card-field-value\">1-2 h<\/span>\n                  <\/div>\n                              <\/div>\n\n              <!-- Lien vers le d\u00e9tail -->\n              <div class=\"em-card-footer\">\n                <span>Voir le d\u00e9tail<\/span>\n                <svg fill=\"none\" viewBox=\"0 0 24 24\" stroke=\"currentColor\" stroke-width=\"2\"><path stroke-linecap=\"round\" stroke-linejoin=\"round\" d=\"M13.5 4.5L21 12m0 0l-7.5 7.5M21 12H3\"><\/path><\/svg>\n              <\/div>\n            <\/div>\n          <\/article>\n                  <article class=\"em-card\"\n            data-type=\"activity\"\n            data-features=\"\"\n            data-name=\"visite du patrimoine religieux : chapelle locale\"\n            data-json=\"{&quot;name&quot;:&quot;Visite du patrimoine religieux : Chapelle locale&quot;,&quot;image&quot;:&quot;https:\\\/\\\/www.tourismelandes.com\\\/images\\\/eglise-saint-paul.jpg&quot;,&quot;link&quot;:&quot;https:\\\/\\\/www.tourismelandes.com\\\/patrimoine-culturel\\\/eglise-de-saint-paul-en-born-pcuaqu040v50a629\\\/&quot;,&quot;data&quot;:{&quot;name&quot;:&quot;Visite du patrimoine religieux : Chapelle locale&quot;,&quot;type&quot;:&quot;Patrimoine culturel&quot;,&quot;place&quot;:&quot;Saint-Paul-en-Born&quot;,&quot;distance_km&quot;:&quot;~2 km&quot;,&quot;duration&quot;:&quot;30 min&quot;,&quot;price&quot;:&quot;Gratuit&quot;,&quot;booking_necessary&quot;:&quot;Non&quot;,&quot;comment&quot;:&quot;Visite de chapelles typiques de la r\\u00e9gion en plus de l\\u2019\\u00e9glise principale.&quot;,&quot;link&quot;:&quot;https:\\\/\\\/www.tourismelandes.com\\\/patrimoine-culturel\\\/eglise-de-saint-paul-en-born-pcuaqu040v50a629\\\/&quot;,&quot;image&quot;:&quot;https:\\\/\\\/www.tourismelandes.com\\\/images\\\/eglise-saint-paul.jpg&quot;},&quot;category&quot;:&quot;Activit\\u00e9s et lieux recommand\\u00e9s&quot;}\">\n\n            <!-- Image + badge cat\u00e9gorie -->\n            <div class=\"em-card-img-wrap\">\n                              <img decoding=\"async\" class=\"em-card-img\" src=\"https:\/\/www.tourismelandes.com\/images\/eglise-saint-paul.jpg\" alt=\"Visite du patrimoine religieux : Chapelle locale\" loading=\"lazy\" onerror=\"this.style.display='none';this.nextElementSibling.style.display='flex';\">\n                <div class=\"em-card-placeholder\" style=\"display:none;\">\ud83d\udcf7 Image indisponible<\/div>\n                            <span class=\"em-card-badge badge-activity\">Activit\u00e9s et lieux recommand\u00e9s<\/span>\n            <\/div>\n\n            <!-- Contenu de la card -->\n            <div class=\"em-card-body\">\n              <h3 class=\"em-card-title\">Visite du patrimoine religieux : Chapelle locale<\/h3>\n\n              <!-- Tags r\u00e9sum\u00e9s (max 4) -->\n              <div class=\"em-card-tags\">\n                                    <span class=\"em-tag em-tag-green\">Gratuit<\/span>\n                                    <span class=\"em-tag em-tag-blue\">Saint-Paul-en-Born<\/span>\n                                              <\/div>\n\n              <!-- Champs suppl\u00e9mentaires (max 3) -->\n              <div class=\"em-card-fields\">\n                                  <div class=\"em-card-field\">\n                    <span class=\"em-card-field-label\">Type d\u2019\u00e9v\u00e9nement (march\u00e9, festival, sport, etc.) :<\/span>\n                    <span class=\"em-card-field-value\">Patrimoine culturel<\/span>\n                  <\/div>\n                                  <div class=\"em-card-field\">\n                    <span class=\"em-card-field-label\">Distance depuis le camping (km) :<\/span>\n                    <span class=\"em-card-field-value\">~2 km<\/span>\n                  <\/div>\n                                  <div class=\"em-card-field\">\n                    <span class=\"em-card-field-label\">Dur\u00e9e moyenne :<\/span>\n                    <span class=\"em-card-field-value\">30 min<\/span>\n                  <\/div>\n                              <\/div>\n\n              <!-- Lien vers le d\u00e9tail -->\n              <div class=\"em-card-footer\">\n                <span>Voir le d\u00e9tail<\/span>\n                <svg fill=\"none\" viewBox=\"0 0 24 24\" stroke=\"currentColor\" stroke-width=\"2\"><path stroke-linecap=\"round\" stroke-linejoin=\"round\" d=\"M13.5 4.5L21 12m0 0l-7.5 7.5M21 12H3\"><\/path><\/svg>\n              <\/div>\n            <\/div>\n          <\/article>\n                  <article class=\"em-card\"\n            data-type=\"activity\"\n            data-features=\"\"\n            data-name=\"visite du mus\u00e9e local ou espace d\u2019exposition\"\n            data-json=\"{&quot;name&quot;:&quot;Visite du mus\\u00e9e local ou espace d\\u2019exposition&quot;,&quot;image&quot;:&quot;https:\\\/\\\/www.saint-paul-en-born.fr\\\/images\\\/musee.jpg&quot;,&quot;link&quot;:&quot;https:\\\/\\\/www.saint-paul-en-born.fr\\\/Tourisme&quot;,&quot;data&quot;:{&quot;name&quot;:&quot;Visite du mus\\u00e9e local ou espace d\\u2019exposition&quot;,&quot;type&quot;:&quot;Culture&quot;,&quot;place&quot;:&quot;Saint-Paul-en-Born&quot;,&quot;distance_km&quot;:&quot;~5 km&quot;,&quot;duration&quot;:&quot;1-2 h&quot;,&quot;price&quot;:&quot;Variable&quot;,&quot;booking_necessary&quot;:&quot;Selon programme&quot;,&quot;comment&quot;:&quot;Expositions culturelles temporaires et permanentes pr\\u00e9sent\\u00e9es dans la commune.&quot;,&quot;link&quot;:&quot;https:\\\/\\\/www.saint-paul-en-born.fr\\\/Tourisme&quot;,&quot;image&quot;:&quot;https:\\\/\\\/www.saint-paul-en-born.fr\\\/images\\\/musee.jpg&quot;},&quot;category&quot;:&quot;Activit\\u00e9s et lieux recommand\\u00e9s&quot;}\">\n\n            <!-- Image + badge cat\u00e9gorie -->\n            <div class=\"em-card-img-wrap\">\n                              <img decoding=\"async\" class=\"em-card-img\" src=\"https:\/\/www.saint-paul-en-born.fr\/images\/musee.jpg\" alt=\"Visite du mus\u00e9e local ou espace d\u2019exposition\" loading=\"lazy\" onerror=\"this.style.display='none';this.nextElementSibling.style.display='flex';\">\n                <div class=\"em-card-placeholder\" style=\"display:none;\">\ud83d\udcf7 Image indisponible<\/div>\n                            <span class=\"em-card-badge badge-activity\">Activit\u00e9s et lieux recommand\u00e9s<\/span>\n            <\/div>\n\n            <!-- Contenu de la card -->\n            <div class=\"em-card-body\">\n              <h3 class=\"em-card-title\">Visite du mus\u00e9e local ou espace d\u2019exposition<\/h3>\n\n              <!-- Tags r\u00e9sum\u00e9s (max 4) -->\n              <div class=\"em-card-tags\">\n                                    <span class=\"em-tag em-tag-green\">Variable<\/span>\n                                    <span class=\"em-tag em-tag-blue\">Saint-Paul-en-Born<\/span>\n                                              <\/div>\n\n              <!-- Champs suppl\u00e9mentaires (max 3) -->\n              <div class=\"em-card-fields\">\n                                  <div class=\"em-card-field\">\n                    <span class=\"em-card-field-label\">Type d\u2019\u00e9v\u00e9nement (march\u00e9, festival, sport, etc.) :<\/span>\n                    <span class=\"em-card-field-value\">Culture<\/span>\n                  <\/div>\n                                  <div class=\"em-card-field\">\n                    <span class=\"em-card-field-label\">Distance depuis le camping (km) :<\/span>\n                    <span class=\"em-card-field-value\">~5 km<\/span>\n                  <\/div>\n                                  <div class=\"em-card-field\">\n                    <span class=\"em-card-field-label\">Dur\u00e9e moyenne :<\/span>\n                    <span class=\"em-card-field-value\">1-2 h<\/span>\n                  <\/div>\n                              <\/div>\n\n              <!-- Lien vers le d\u00e9tail -->\n              <div class=\"em-card-footer\">\n                <span>Voir le d\u00e9tail<\/span>\n                <svg fill=\"none\" viewBox=\"0 0 24 24\" stroke=\"currentColor\" stroke-width=\"2\"><path stroke-linecap=\"round\" stroke-linejoin=\"round\" d=\"M13.5 4.5L21 12m0 0l-7.5 7.5M21 12H3\"><\/path><\/svg>\n              <\/div>\n            <\/div>\n          <\/article>\n                  <article class=\"em-card\"\n            data-type=\"activity\"\n            data-features=\"\"\n            data-name=\"observation des couchers de soleil sur le lac d\u2019aureilhan\"\n            data-json=\"{&quot;name&quot;:&quot;Observation des couchers de soleil sur le lac d\\u2019Aureilhan&quot;,&quot;image&quot;:&quot;https:\\\/\\\/www.mimizan-tourisme.com\\\/uploads\\\/photos\\\/coucher-soleil-lac.jpg&quot;,&quot;link&quot;:&quot;https:\\\/\\\/www.mimizan-tourisme.com\\\/je-decouvre\\\/les-villes\\\/st-paul-en-born\\\/&quot;,&quot;data&quot;:{&quot;name&quot;:&quot;Observation des couchers de soleil sur le lac d\\u2019Aureilhan&quot;,&quot;type&quot;:&quot;Loisir nature&quot;,&quot;place&quot;:&quot;Lac d\\u2019Aureilhan&quot;,&quot;distance_km&quot;:&quot;~8 km&quot;,&quot;duration&quot;:&quot;Variable&quot;,&quot;price&quot;:&quot;Gratuit&quot;,&quot;booking_necessary&quot;:&quot;Non&quot;,&quot;comment&quot;:&quot;Moments de d\\u00e9tente et photos au coucher du soleil sur le lac.&quot;,&quot;link&quot;:&quot;https:\\\/\\\/www.mimizan-tourisme.com\\\/je-decouvre\\\/les-villes\\\/st-paul-en-born\\\/&quot;,&quot;image&quot;:&quot;https:\\\/\\\/www.mimizan-tourisme.com\\\/uploads\\\/photos\\\/coucher-soleil-lac.jpg&quot;},&quot;category&quot;:&quot;Activit\\u00e9s et lieux recommand\\u00e9s&quot;}\">\n\n            <!-- Image + badge cat\u00e9gorie -->\n            <div class=\"em-card-img-wrap\">\n                              <img decoding=\"async\" class=\"em-card-img\" src=\"https:\/\/www.mimizan-tourisme.com\/uploads\/photos\/coucher-soleil-lac.jpg\" alt=\"Observation des couchers de soleil sur le lac d\u2019Aureilhan\" loading=\"lazy\" onerror=\"this.style.display='none';this.nextElementSibling.style.display='flex';\">\n                <div class=\"em-card-placeholder\" style=\"display:none;\">\ud83d\udcf7 Image indisponible<\/div>\n                            <span class=\"em-card-badge badge-activity\">Activit\u00e9s et lieux recommand\u00e9s<\/span>\n            <\/div>\n\n            <!-- Contenu de la card -->\n            <div class=\"em-card-body\">\n              <h3 class=\"em-card-title\">Observation des couchers de soleil sur le lac d\u2019Aureilhan<\/h3>\n\n              <!-- Tags r\u00e9sum\u00e9s (max 4) -->\n              <div class=\"em-card-tags\">\n                                    <span class=\"em-tag em-tag-green\">Gratuit<\/span>\n                                    <span class=\"em-tag em-tag-blue\">Lac d\u2019Aureilhan<\/span>\n                                              <\/div>\n\n              <!-- Champs suppl\u00e9mentaires (max 3) -->\n              <div class=\"em-card-fields\">\n                                  <div class=\"em-card-field\">\n                    <span class=\"em-card-field-label\">Type d\u2019\u00e9v\u00e9nement (march\u00e9, festival, sport, etc.) :<\/span>\n                    <span class=\"em-card-field-value\">Loisir nature<\/span>\n                  <\/div>\n                                  <div class=\"em-card-field\">\n                    <span class=\"em-card-field-label\">Distance depuis le camping (km) :<\/span>\n                    <span class=\"em-card-field-value\">~8 km<\/span>\n                  <\/div>\n                                  <div class=\"em-card-field\">\n                    <span class=\"em-card-field-label\">Dur\u00e9e moyenne :<\/span>\n                    <span class=\"em-card-field-value\">Variable<\/span>\n                  <\/div>\n                              <\/div>\n\n              <!-- Lien vers le d\u00e9tail -->\n              <div class=\"em-card-footer\">\n                <span>Voir le d\u00e9tail<\/span>\n                <svg fill=\"none\" viewBox=\"0 0 24 24\" stroke=\"currentColor\" stroke-width=\"2\"><path stroke-linecap=\"round\" stroke-linejoin=\"round\" d=\"M13.5 4.5L21 12m0 0l-7.5 7.5M21 12H3\"><\/path><\/svg>\n              <\/div>\n            <\/div>\n          <\/article>\n                  <article class=\"em-card\"\n            data-type=\"activity\"\n            data-features=\"\"\n            data-name=\"d\u00e9couverte gastronomique locale\"\n            data-json=\"{&quot;name&quot;:&quot;D\\u00e9couverte gastronomique locale&quot;,&quot;image&quot;:&quot;https:\\\/\\\/www.saint-paul-en-born.fr\\\/images\\\/gastronomie.jpg&quot;,&quot;link&quot;:&quot;https:\\\/\\\/www.saint-paul-en-born.fr\\\/Tourisme&quot;,&quot;data&quot;:{&quot;name&quot;:&quot;D\\u00e9couverte gastronomique locale&quot;,&quot;type&quot;:&quot;Gastronomie&quot;,&quot;place&quot;:&quot;Saint-Paul-en-Born et environs&quot;,&quot;distance_km&quot;:&quot;Sur place&quot;,&quot;duration&quot;:&quot;Variable&quot;,&quot;price&quot;:&quot;Variable&quot;,&quot;booking_necessary&quot;:&quot;Selon \\u00e9tablissement&quot;,&quot;comment&quot;:&quot;D\\u00e9gustation de produits r\\u00e9gionaux dans les restaurants et march\\u00e9s locaux.&quot;,&quot;link&quot;:&quot;https:\\\/\\\/www.saint-paul-en-born.fr\\\/Tourisme&quot;,&quot;image&quot;:&quot;https:\\\/\\\/www.saint-paul-en-born.fr\\\/images\\\/gastronomie.jpg&quot;},&quot;category&quot;:&quot;Activit\\u00e9s et lieux recommand\\u00e9s&quot;}\">\n\n            <!-- Image + badge cat\u00e9gorie -->\n            <div class=\"em-card-img-wrap\">\n                              <img decoding=\"async\" class=\"em-card-img\" src=\"https:\/\/www.saint-paul-en-born.fr\/images\/gastronomie.jpg\" alt=\"D\u00e9couverte gastronomique locale\" loading=\"lazy\" onerror=\"this.style.display='none';this.nextElementSibling.style.display='flex';\">\n                <div class=\"em-card-placeholder\" style=\"display:none;\">\ud83d\udcf7 Image indisponible<\/div>\n                            <span class=\"em-card-badge badge-activity\">Activit\u00e9s et lieux recommand\u00e9s<\/span>\n            <\/div>\n\n            <!-- Contenu de la card -->\n            <div class=\"em-card-body\">\n              <h3 class=\"em-card-title\">D\u00e9couverte gastronomique locale<\/h3>\n\n              <!-- Tags r\u00e9sum\u00e9s (max 4) -->\n              <div class=\"em-card-tags\">\n                                    <span class=\"em-tag em-tag-green\">Variable<\/span>\n                                    <span class=\"em-tag em-tag-blue\">Saint-Paul-en-Born et environs<\/span>\n                                              <\/div>\n\n              <!-- Champs suppl\u00e9mentaires (max 3) -->\n              <div class=\"em-card-fields\">\n                                  <div class=\"em-card-field\">\n                    <span class=\"em-card-field-label\">Type d\u2019\u00e9v\u00e9nement (march\u00e9, festival, sport, etc.) :<\/span>\n                    <span class=\"em-card-field-value\">Gastronomie<\/span>\n                  <\/div>\n                                  <div class=\"em-card-field\">\n                    <span class=\"em-card-field-label\">Distance depuis le camping (km) :<\/span>\n                    <span class=\"em-card-field-value\">Sur place<\/span>\n                  <\/div>\n                                  <div class=\"em-card-field\">\n                    <span class=\"em-card-field-label\">Dur\u00e9e moyenne :<\/span>\n                    <span class=\"em-card-field-value\">Variable<\/span>\n                  <\/div>\n                              <\/div>\n\n              <!-- Lien vers le d\u00e9tail -->\n              <div class=\"em-card-footer\">\n                <span>Voir le d\u00e9tail<\/span>\n                <svg fill=\"none\" viewBox=\"0 0 24 24\" stroke=\"currentColor\" stroke-width=\"2\"><path stroke-linecap=\"round\" stroke-linejoin=\"round\" d=\"M13.5 4.5L21 12m0 0l-7.5 7.5M21 12H3\"><\/path><\/svg>\n              <\/div>\n            <\/div>\n          <\/article>\n                  <article class=\"em-card\"\n            data-type=\"activity\"\n            data-features=\"\"\n            data-name=\"photographie nature et paysage\"\n            data-json=\"{&quot;name&quot;:&quot;Photographie nature et paysage&quot;,&quot;image&quot;:&quot;https:\\\/\\\/www.mimizan-tourisme.com\\\/uploads\\\/photos\\\/photographie-nature.jpg&quot;,&quot;link&quot;:&quot;https:\\\/\\\/www.mimizan-tourisme.com\\\/je-decouvre\\\/les-villes\\\/st-paul-en-born\\\/&quot;,&quot;data&quot;:{&quot;name&quot;:&quot;Photographie nature et paysage&quot;,&quot;type&quot;:&quot;Loisir cr\\u00e9atif&quot;,&quot;place&quot;:&quot;Environnement proche du camping&quot;,&quot;distance_km&quot;:&quot;Sur place&quot;,&quot;duration&quot;:&quot;Variable&quot;,&quot;price&quot;:&quot;Gratuit&quot;,&quot;booking_necessary&quot;:&quot;Non&quot;,&quot;comment&quot;:&quot;Photographier les paysages vari\\u00e9s : for\\u00eat, lac, faune et patrimoine local.&quot;,&quot;link&quot;:&quot;https:\\\/\\\/www.mimizan-tourisme.com\\\/je-decouvre\\\/les-villes\\\/st-paul-en-born\\\/&quot;,&quot;image&quot;:&quot;https:\\\/\\\/www.mimizan-tourisme.com\\\/uploads\\\/photos\\\/photographie-nature.jpg&quot;},&quot;category&quot;:&quot;Activit\\u00e9s et lieux recommand\\u00e9s&quot;}\">\n\n            <!-- Image + badge cat\u00e9gorie -->\n            <div class=\"em-card-img-wrap\">\n                              <img decoding=\"async\" class=\"em-card-img\" src=\"https:\/\/www.mimizan-tourisme.com\/uploads\/photos\/photographie-nature.jpg\" alt=\"Photographie nature et paysage\" loading=\"lazy\" onerror=\"this.style.display='none';this.nextElementSibling.style.display='flex';\">\n                <div class=\"em-card-placeholder\" style=\"display:none;\">\ud83d\udcf7 Image indisponible<\/div>\n                            <span class=\"em-card-badge badge-activity\">Activit\u00e9s et lieux recommand\u00e9s<\/span>\n            <\/div>\n\n            <!-- Contenu de la card -->\n            <div class=\"em-card-body\">\n              <h3 class=\"em-card-title\">Photographie nature et paysage<\/h3>\n\n              <!-- Tags r\u00e9sum\u00e9s (max 4) -->\n              <div class=\"em-card-tags\">\n                                    <span class=\"em-tag em-tag-green\">Gratuit<\/span>\n                                    <span class=\"em-tag em-tag-blue\">Environnement proche du camping<\/span>\n                                              <\/div>\n\n              <!-- Champs suppl\u00e9mentaires (max 3) -->\n              <div class=\"em-card-fields\">\n                                  <div class=\"em-card-field\">\n                    <span class=\"em-card-field-label\">Type d\u2019\u00e9v\u00e9nement (march\u00e9, festival, sport, etc.) :<\/span>\n                    <span class=\"em-card-field-value\">Loisir cr\u00e9atif<\/span>\n                  <\/div>\n                                  <div class=\"em-card-field\">\n                    <span class=\"em-card-field-label\">Distance depuis le camping (km) :<\/span>\n                    <span class=\"em-card-field-value\">Sur place<\/span>\n                  <\/div>\n                                  <div class=\"em-card-field\">\n                    <span class=\"em-card-field-label\">Dur\u00e9e moyenne :<\/span>\n                    <span class=\"em-card-field-value\">Variable<\/span>\n                  <\/div>\n                              <\/div>\n\n              <!-- Lien vers le d\u00e9tail -->\n              <div class=\"em-card-footer\">\n                <span>Voir le d\u00e9tail<\/span>\n                <svg fill=\"none\" viewBox=\"0 0 24 24\" stroke=\"currentColor\" stroke-width=\"2\"><path stroke-linecap=\"round\" stroke-linejoin=\"round\" d=\"M13.5 4.5L21 12m0 0l-7.5 7.5M21 12H3\"><\/path><\/svg>\n              <\/div>\n            <\/div>\n          <\/article>\n                  <article class=\"em-card\"\n            data-type=\"activity\"\n            data-features=\"\"\n            data-name=\"atelier d\u00e9couverte de la faune locale\"\n            data-json=\"{&quot;name&quot;:&quot;Atelier d\\u00e9couverte de la faune locale&quot;,&quot;image&quot;:&quot;https:\\\/\\\/www.saint-paul-en-born.fr\\\/images\\\/faune-atelier.jpg&quot;,&quot;link&quot;:&quot;https:\\\/\\\/www.saint-paul-en-born.fr\\\/Tourisme&quot;,&quot;data&quot;:{&quot;name&quot;:&quot;Atelier d\\u00e9couverte de la faune locale&quot;,&quot;type&quot;:&quot;\\u00c9ducation \\\/ nature&quot;,&quot;place&quot;:&quot;Saint-Paul-en-Born&quot;,&quot;distance_km&quot;:&quot;Sur place ou \\u00e0 proximit\\u00e9&quot;,&quot;duration&quot;:&quot;1-2 h&quot;,&quot;price&quot;:&quot;Variable selon organisation&quot;,&quot;booking_necessary&quot;:&quot;Souvent oui&quot;,&quot;comment&quot;:&quot;Atelier \\u00e9ducatif sur la faune des Landes, parfois propos\\u00e9 par des offices de tourisme ou associations.&quot;,&quot;link&quot;:&quot;https:\\\/\\\/www.saint-paul-en-born.fr\\\/Tourisme&quot;,&quot;image&quot;:&quot;https:\\\/\\\/www.saint-paul-en-born.fr\\\/images\\\/faune-atelier.jpg&quot;},&quot;category&quot;:&quot;Activit\\u00e9s et lieux recommand\\u00e9s&quot;}\">\n\n            <!-- Image + badge cat\u00e9gorie -->\n            <div class=\"em-card-img-wrap\">\n                              <img decoding=\"async\" class=\"em-card-img\" src=\"https:\/\/www.saint-paul-en-born.fr\/images\/faune-atelier.jpg\" alt=\"Atelier d\u00e9couverte de la faune locale\" loading=\"lazy\" onerror=\"this.style.display='none';this.nextElementSibling.style.display='flex';\">\n                <div class=\"em-card-placeholder\" style=\"display:none;\">\ud83d\udcf7 Image indisponible<\/div>\n                            <span class=\"em-card-badge badge-activity\">Activit\u00e9s et lieux recommand\u00e9s<\/span>\n            <\/div>\n\n            <!-- Contenu de la card -->\n            <div class=\"em-card-body\">\n              <h3 class=\"em-card-title\">Atelier d\u00e9couverte de la faune locale<\/h3>\n\n              <!-- Tags r\u00e9sum\u00e9s (max 4) -->\n              <div class=\"em-card-tags\">\n                                    <span class=\"em-tag em-tag-green\">Variable selon organisation<\/span>\n                                    <span class=\"em-tag em-tag-blue\">Saint-Paul-en-Born<\/span>\n                                              <\/div>\n\n              <!-- Champs suppl\u00e9mentaires (max 3) -->\n              <div class=\"em-card-fields\">\n                                  <div class=\"em-card-field\">\n                    <span class=\"em-card-field-label\">Type d\u2019\u00e9v\u00e9nement (march\u00e9, festival, sport, etc.) :<\/span>\n                    <span class=\"em-card-field-value\">\u00c9ducation \/ nature<\/span>\n                  <\/div>\n                                  <div class=\"em-card-field\">\n                    <span class=\"em-card-field-label\">Distance depuis le camping (km) :<\/span>\n                    <span class=\"em-card-field-value\">Sur place ou \u00e0 proximit\u00e9<\/span>\n                  <\/div>\n                                  <div class=\"em-card-field\">\n                    <span class=\"em-card-field-label\">Dur\u00e9e moyenne :<\/span>\n                    <span class=\"em-card-field-value\">1-2 h<\/span>\n                  <\/div>\n                              <\/div>\n\n              <!-- Lien vers le d\u00e9tail -->\n              <div class=\"em-card-footer\">\n                <span>Voir le d\u00e9tail<\/span>\n                <svg fill=\"none\" viewBox=\"0 0 24 24\" stroke=\"currentColor\" stroke-width=\"2\"><path stroke-linecap=\"round\" stroke-linejoin=\"round\" d=\"M13.5 4.5L21 12m0 0l-7.5 7.5M21 12H3\"><\/path><\/svg>\n              <\/div>\n            <\/div>\n          <\/article>\n                  <article class=\"em-card\"\n            data-type=\"activity\"\n            data-features=\"\"\n            data-name=\"visite guid\u00e9e des marais et aulnaies sauvages\"\n            data-json=\"{&quot;name&quot;:&quot;Visite guid\\u00e9e des marais et aulnaies sauvages&quot;,&quot;image&quot;:&quot;&quot;,&quot;link&quot;:&quot;https:\\\/\\\/www.mimizan-tourisme.com\\\/je-decouvre\\\/les-villes\\\/st-paul-en-born\\\/&quot;,&quot;data&quot;:{&quot;name&quot;:&quot;Visite guid\\u00e9e des marais et aulnaies sauvages&quot;,&quot;type&quot;:&quot;Nature et D\\u00e9couverte&quot;,&quot;place&quot;:&quot;Saint-Paul-en-Born&quot;,&quot;distance_km&quot;:&quot;Sur place&quot;,&quot;duration&quot;:&quot;2-3 heures&quot;,&quot;price&quot;:&quot;Variable selon guide&quot;,&quot;booking_necessary&quot;:&quot;Oui&quot;,&quot;comment&quot;:&quot;D\\u00e9couverte de la biodiversit\\u00e9 locale au c\\u0153ur des marais et for\\u00eats d&#039;aulnes, avec explications sur la faune et la flore end\\u00e9miques.&quot;,&quot;link&quot;:&quot;https:\\\/\\\/www.mimizan-tourisme.com\\\/je-decouvre\\\/les-villes\\\/st-paul-en-born\\\/&quot;,&quot;image&quot;:&quot;&quot;},&quot;category&quot;:&quot;Activit\\u00e9s et lieux recommand\\u00e9s&quot;}\">\n\n            <!-- Image + badge cat\u00e9gorie -->\n            <div class=\"em-card-img-wrap\">\n                              <div class=\"em-card-placeholder\">\ud83d\udcf7 Pas d'image<\/div>\n                            <span class=\"em-card-badge badge-activity\">Activit\u00e9s et lieux recommand\u00e9s<\/span>\n            <\/div>\n\n            <!-- Contenu de la card -->\n            <div class=\"em-card-body\">\n              <h3 class=\"em-card-title\">Visite guid\u00e9e des marais et aulnaies sauvages<\/h3>\n\n              <!-- Tags r\u00e9sum\u00e9s (max 4) -->\n              <div class=\"em-card-tags\">\n                                    <span class=\"em-tag em-tag-green\">Variable selon guide<\/span>\n                                    <span class=\"em-tag em-tag-blue\">Saint-Paul-en-Born<\/span>\n                                              <\/div>\n\n              <!-- Champs suppl\u00e9mentaires (max 3) -->\n              <div class=\"em-card-fields\">\n                                  <div class=\"em-card-field\">\n                    <span class=\"em-card-field-label\">Type d\u2019\u00e9v\u00e9nement (march\u00e9, festival, sport, etc.) :<\/span>\n                    <span class=\"em-card-field-value\">Nature et D\u00e9couverte<\/span>\n                  <\/div>\n                                  <div class=\"em-card-field\">\n                    <span class=\"em-card-field-label\">Distance depuis le camping (km) :<\/span>\n                    <span class=\"em-card-field-value\">Sur place<\/span>\n                  <\/div>\n                                  <div class=\"em-card-field\">\n                    <span class=\"em-card-field-label\">Dur\u00e9e moyenne :<\/span>\n                    <span class=\"em-card-field-value\">2-3 heures<\/span>\n                  <\/div>\n                              <\/div>\n\n              <!-- Lien vers le d\u00e9tail -->\n              <div class=\"em-card-footer\">\n                <span>Voir le d\u00e9tail<\/span>\n                <svg fill=\"none\" viewBox=\"0 0 24 24\" stroke=\"currentColor\" stroke-width=\"2\"><path stroke-linecap=\"round\" stroke-linejoin=\"round\" d=\"M13.5 4.5L21 12m0 0l-7.5 7.5M21 12H3\"><\/path><\/svg>\n              <\/div>\n            <\/div>\n          <\/article>\n                  <article class=\"em-card\"\n            data-type=\"activity\"\n            data-features=\"\"\n            data-name=\"balade artistique \u00e0 la gare de l&#039;art\"\n            data-json=\"{&quot;name&quot;:&quot;Balade artistique \\u00e0 la Gare de l&#039;Art&quot;,&quot;image&quot;:&quot;&quot;,&quot;link&quot;:&quot;https:\\\/\\\/www.mimizan-tourisme.com\\\/je-decouvre\\\/les-villes\\\/st-paul-en-born\\\/&quot;,&quot;data&quot;:{&quot;name&quot;:&quot;Balade artistique \\u00e0 la Gare de l&#039;Art&quot;,&quot;type&quot;:&quot;Culture&quot;,&quot;place&quot;:&quot;Saint-Paul-en-Born&quot;,&quot;distance_km&quot;:&quot;Sur place&quot;,&quot;duration&quot;:&quot;1-2 heures&quot;,&quot;price&quot;:&quot;Gratuit&quot;,&quot;booking_necessary&quot;:&quot;Non&quot;,&quot;comment&quot;:&quot;Espace d&#039;exposition artistique proposant des \\u0153uvres contemporaines et animations culturelles selon la saison.&quot;,&quot;link&quot;:&quot;https:\\\/\\\/www.mimizan-tourisme.com\\\/je-decouvre\\\/les-villes\\\/st-paul-en-born\\\/&quot;,&quot;image&quot;:&quot;&quot;},&quot;category&quot;:&quot;Activit\\u00e9s et lieux recommand\\u00e9s&quot;}\">\n\n            <!-- Image + badge cat\u00e9gorie -->\n            <div class=\"em-card-img-wrap\">\n                              <div class=\"em-card-placeholder\">\ud83d\udcf7 Pas d'image<\/div>\n                            <span class=\"em-card-badge badge-activity\">Activit\u00e9s et lieux recommand\u00e9s<\/span>\n            <\/div>\n\n            <!-- Contenu de la card -->\n            <div class=\"em-card-body\">\n              <h3 class=\"em-card-title\">Balade artistique \u00e0 la Gare de l&#039;Art<\/h3>\n\n              <!-- Tags r\u00e9sum\u00e9s (max 4) -->\n              <div class=\"em-card-tags\">\n                                    <span class=\"em-tag em-tag-green\">Gratuit<\/span>\n                                    <span class=\"em-tag em-tag-blue\">Saint-Paul-en-Born<\/span>\n                                              <\/div>\n\n              <!-- Champs suppl\u00e9mentaires (max 3) -->\n              <div class=\"em-card-fields\">\n                                  <div class=\"em-card-field\">\n                    <span class=\"em-card-field-label\">Type d\u2019\u00e9v\u00e9nement (march\u00e9, festival, sport, etc.) :<\/span>\n                    <span class=\"em-card-field-value\">Culture<\/span>\n                  <\/div>\n                                  <div class=\"em-card-field\">\n                    <span class=\"em-card-field-label\">Distance depuis le camping (km) :<\/span>\n                    <span class=\"em-card-field-value\">Sur place<\/span>\n                  <\/div>\n                                  <div class=\"em-card-field\">\n                    <span class=\"em-card-field-label\">Dur\u00e9e moyenne :<\/span>\n                    <span class=\"em-card-field-value\">1-2 heures<\/span>\n                  <\/div>\n                              <\/div>\n\n              <!-- Lien vers le d\u00e9tail -->\n              <div class=\"em-card-footer\">\n                <span>Voir le d\u00e9tail<\/span>\n                <svg fill=\"none\" viewBox=\"0 0 24 24\" stroke=\"currentColor\" stroke-width=\"2\"><path stroke-linecap=\"round\" stroke-linejoin=\"round\" d=\"M13.5 4.5L21 12m0 0l-7.5 7.5M21 12H3\"><\/path><\/svg>\n              <\/div>\n            <\/div>\n          <\/article>\n                  <article class=\"em-card\"\n            data-type=\"activity\"\n            data-features=\"\"\n            data-name=\"circuit p\u00e9destre \u00ab saint-paul-le-vieux \u00bb\"\n            data-json=\"{&quot;name&quot;:&quot;Circuit p\\u00e9destre \\u00ab Saint-Paul-le-Vieux \\u00bb&quot;,&quot;image&quot;:&quot;&quot;,&quot;link&quot;:&quot;https:\\\/\\\/www.mimizan-tourisme.com\\\/offres\\\/a-saint-paul-en-born-circuit-de-saint-paul-le-vieux-saint-paul-en-born-fr-5030164\\\/&quot;,&quot;data&quot;:{&quot;name&quot;:&quot;Circuit p\\u00e9destre \\u00ab Saint-Paul-le-Vieux \\u00bb&quot;,&quot;type&quot;:&quot;Randonn\\u00e9e&quot;,&quot;place&quot;:&quot;Saint-Paul-en-Born&quot;,&quot;distance_km&quot;:&quot;9,6 km&quot;,&quot;duration&quot;:&quot;3h15&quot;,&quot;price&quot;:&quot;Gratuit&quot;,&quot;booking_necessary&quot;:&quot;Non&quot;,&quot;comment&quot;:&quot;Parcours ombrag\\u00e9 \\u00e0 travers for\\u00eats, zones humides et bords du lac d\\u2019Aureilhan, id\\u00e9al pour observer la nature locale.&quot;,&quot;link&quot;:&quot;https:\\\/\\\/www.mimizan-tourisme.com\\\/offres\\\/a-saint-paul-en-born-circuit-de-saint-paul-le-vieux-saint-paul-en-born-fr-5030164\\\/&quot;,&quot;image&quot;:&quot;&quot;},&quot;category&quot;:&quot;Activit\\u00e9s et lieux recommand\\u00e9s&quot;}\">\n\n            <!-- Image + badge cat\u00e9gorie -->\n            <div class=\"em-card-img-wrap\">\n                              <div class=\"em-card-placeholder\">\ud83d\udcf7 Pas d'image<\/div>\n                            <span class=\"em-card-badge badge-activity\">Activit\u00e9s et lieux recommand\u00e9s<\/span>\n            <\/div>\n\n            <!-- Contenu de la card -->\n            <div class=\"em-card-body\">\n              <h3 class=\"em-card-title\">Circuit p\u00e9destre \u00ab Saint-Paul-le-Vieux \u00bb<\/h3>\n\n              <!-- Tags r\u00e9sum\u00e9s (max 4) -->\n              <div class=\"em-card-tags\">\n                                    <span class=\"em-tag em-tag-green\">Gratuit<\/span>\n                                    <span class=\"em-tag em-tag-blue\">Saint-Paul-en-Born<\/span>\n                                              <\/div>\n\n              <!-- Champs suppl\u00e9mentaires (max 3) -->\n              <div class=\"em-card-fields\">\n                                  <div class=\"em-card-field\">\n                    <span class=\"em-card-field-label\">Type d\u2019\u00e9v\u00e9nement (march\u00e9, festival, sport, etc.) :<\/span>\n                    <span class=\"em-card-field-value\">Randonn\u00e9e<\/span>\n                  <\/div>\n                                  <div class=\"em-card-field\">\n                    <span class=\"em-card-field-label\">Distance depuis le camping (km) :<\/span>\n                    <span class=\"em-card-field-value\">9,6 km<\/span>\n                  <\/div>\n                                  <div class=\"em-card-field\">\n                    <span class=\"em-card-field-label\">Dur\u00e9e moyenne :<\/span>\n                    <span class=\"em-card-field-value\">3h15<\/span>\n                  <\/div>\n                              <\/div>\n\n              <!-- Lien vers le d\u00e9tail -->\n              <div class=\"em-card-footer\">\n                <span>Voir le d\u00e9tail<\/span>\n                <svg fill=\"none\" viewBox=\"0 0 24 24\" stroke=\"currentColor\" stroke-width=\"2\"><path stroke-linecap=\"round\" stroke-linejoin=\"round\" d=\"M13.5 4.5L21 12m0 0l-7.5 7.5M21 12H3\"><\/path><\/svg>\n              <\/div>\n            <\/div>\n          <\/article>\n                  <article class=\"em-card\"\n            data-type=\"activity\"\n            data-features=\"\"\n            data-name=\"visite de mimizan, station baln\u00e9aire\"\n            data-json=\"{&quot;name&quot;:&quot;Visite de Mimizan, station baln\\u00e9aire&quot;,&quot;image&quot;:&quot;&quot;,&quot;link&quot;:&quot;https:\\\/\\\/www.francethisway.com\\\/places\\\/a\\\/saint-paul-en-born-landes.php&quot;,&quot;data&quot;:{&quot;name&quot;:&quot;Visite de Mimizan, station baln\\u00e9aire&quot;,&quot;type&quot;:&quot;Tourisme Nature&quot;,&quot;place&quot;:&quot;Mimizan (6 km)&quot;,&quot;distance_km&quot;:&quot;6 km&quot;,&quot;duration&quot;:&quot;\\u00c0 la journ\\u00e9e&quot;,&quot;price&quot;:&quot;Variable&quot;,&quot;booking_necessary&quot;:&quot;Non&quot;,&quot;comment&quot;:&quot;Profitez des plages, march\\u00e9s, promenades et animations de la ville voisine Mimizan.&quot;,&quot;link&quot;:&quot;https:\\\/\\\/www.francethisway.com\\\/places\\\/a\\\/saint-paul-en-born-landes.php&quot;,&quot;image&quot;:&quot;&quot;},&quot;category&quot;:&quot;Activit\\u00e9s et lieux recommand\\u00e9s&quot;}\">\n\n            <!-- Image + badge cat\u00e9gorie -->\n            <div class=\"em-card-img-wrap\">\n                              <div class=\"em-card-placeholder\">\ud83d\udcf7 Pas d'image<\/div>\n                            <span class=\"em-card-badge badge-activity\">Activit\u00e9s et lieux recommand\u00e9s<\/span>\n            <\/div>\n\n            <!-- Contenu de la card -->\n            <div class=\"em-card-body\">\n              <h3 class=\"em-card-title\">Visite de Mimizan, station baln\u00e9aire<\/h3>\n\n              <!-- Tags r\u00e9sum\u00e9s (max 4) -->\n              <div class=\"em-card-tags\">\n                                    <span class=\"em-tag em-tag-green\">Variable<\/span>\n                                    <span class=\"em-tag em-tag-blue\">Mimizan (6 km)<\/span>\n                                              <\/div>\n\n              <!-- Champs suppl\u00e9mentaires (max 3) -->\n              <div class=\"em-card-fields\">\n                                  <div class=\"em-card-field\">\n                    <span class=\"em-card-field-label\">Type d\u2019\u00e9v\u00e9nement (march\u00e9, festival, sport, etc.) :<\/span>\n                    <span class=\"em-card-field-value\">Tourisme Nature<\/span>\n                  <\/div>\n                                  <div class=\"em-card-field\">\n                    <span class=\"em-card-field-label\">Distance depuis le camping (km) :<\/span>\n                    <span class=\"em-card-field-value\">6 km<\/span>\n                  <\/div>\n                                  <div class=\"em-card-field\">\n                    <span class=\"em-card-field-label\">Dur\u00e9e moyenne :<\/span>\n                    <span class=\"em-card-field-value\">\u00c0 la journ\u00e9e<\/span>\n                  <\/div>\n                              <\/div>\n\n              <!-- Lien vers le d\u00e9tail -->\n              <div class=\"em-card-footer\">\n                <span>Voir le d\u00e9tail<\/span>\n                <svg fill=\"none\" viewBox=\"0 0 24 24\" stroke=\"currentColor\" stroke-width=\"2\"><path stroke-linecap=\"round\" stroke-linejoin=\"round\" d=\"M13.5 4.5L21 12m0 0l-7.5 7.5M21 12H3\"><\/path><\/svg>\n              <\/div>\n            <\/div>\n          <\/article>\n                  <article class=\"em-card\"\n            data-type=\"activity\"\n            data-features=\"\"\n            data-name=\"d\u00e9couverte de la promenade fleurie \u00e0 mimizan\"\n            data-json=\"{&quot;name&quot;:&quot;D\\u00e9couverte de La Promenade Fleurie \\u00e0 Mimizan&quot;,&quot;image&quot;:&quot;&quot;,&quot;link&quot;:&quot;https:\\\/\\\/www.francethisway.com\\\/places\\\/a\\\/saint-paul-en-born-landes.php&quot;,&quot;data&quot;:{&quot;name&quot;:&quot;D\\u00e9couverte de La Promenade Fleurie \\u00e0 Mimizan&quot;,&quot;type&quot;:&quot;Balade Nature&quot;,&quot;place&quot;:&quot;Mimizan (7 km)&quot;,&quot;distance_km&quot;:&quot;7 km&quot;,&quot;duration&quot;:&quot;2-3 heures&quot;,&quot;price&quot;:&quot;Gratuit&quot;,&quot;booking_necessary&quot;:&quot;Non&quot;,&quot;comment&quot;:&quot;Promenade au bord de l\\u2019\\u00e9tang d\\u2019Aureilhan offrant un cadre floral et humide propice \\u00e0 la d\\u00e9tente et \\u00e0 l&#039;observation ornithologique.&quot;,&quot;link&quot;:&quot;https:\\\/\\\/www.francethisway.com\\\/places\\\/a\\\/saint-paul-en-born-landes.php&quot;,&quot;image&quot;:&quot;&quot;},&quot;category&quot;:&quot;Activit\\u00e9s et lieux recommand\\u00e9s&quot;}\">\n\n            <!-- Image + badge cat\u00e9gorie -->\n            <div class=\"em-card-img-wrap\">\n                              <div class=\"em-card-placeholder\">\ud83d\udcf7 Pas d'image<\/div>\n                            <span class=\"em-card-badge badge-activity\">Activit\u00e9s et lieux recommand\u00e9s<\/span>\n            <\/div>\n\n            <!-- Contenu de la card -->\n            <div class=\"em-card-body\">\n              <h3 class=\"em-card-title\">D\u00e9couverte de La Promenade Fleurie \u00e0 Mimizan<\/h3>\n\n              <!-- Tags r\u00e9sum\u00e9s (max 4) -->\n              <div class=\"em-card-tags\">\n                                    <span class=\"em-tag em-tag-green\">Gratuit<\/span>\n                                    <span class=\"em-tag em-tag-blue\">Mimizan (7 km)<\/span>\n                                              <\/div>\n\n              <!-- Champs suppl\u00e9mentaires (max 3) -->\n              <div class=\"em-card-fields\">\n                                  <div class=\"em-card-field\">\n                    <span class=\"em-card-field-label\">Type d\u2019\u00e9v\u00e9nement (march\u00e9, festival, sport, etc.) :<\/span>\n                    <span class=\"em-card-field-value\">Balade Nature<\/span>\n                  <\/div>\n                                  <div class=\"em-card-field\">\n                    <span class=\"em-card-field-label\">Distance depuis le camping (km) :<\/span>\n                    <span class=\"em-card-field-value\">7 km<\/span>\n                  <\/div>\n                                  <div class=\"em-card-field\">\n                    <span class=\"em-card-field-label\">Dur\u00e9e moyenne :<\/span>\n                    <span class=\"em-card-field-value\">2-3 heures<\/span>\n                  <\/div>\n                              <\/div>\n\n              <!-- Lien vers le d\u00e9tail -->\n              <div class=\"em-card-footer\">\n                <span>Voir le d\u00e9tail<\/span>\n                <svg fill=\"none\" viewBox=\"0 0 24 24\" stroke=\"currentColor\" stroke-width=\"2\"><path stroke-linecap=\"round\" stroke-linejoin=\"round\" d=\"M13.5 4.5L21 12m0 0l-7.5 7.5M21 12H3\"><\/path><\/svg>\n              <\/div>\n            <\/div>\n          <\/article>\n                  <article class=\"em-card\"\n            data-type=\"activity\"\n            data-features=\"\"\n            data-name=\"excursion au zoo d&#039;arcachon\"\n            data-json=\"{&quot;name&quot;:&quot;Excursion au Zoo d&#039;Arcachon&quot;,&quot;image&quot;:&quot;&quot;,&quot;link&quot;:&quot;https:\\\/\\\/www.francethisway.com\\\/places\\\/a\\\/saint-paul-en-born-landes.php&quot;,&quot;data&quot;:{&quot;name&quot;:&quot;Excursion au Zoo d&#039;Arcachon&quot;,&quot;type&quot;:&quot;Loisir Animalier&quot;,&quot;place&quot;:&quot;Arcachon (40 km)&quot;,&quot;distance_km&quot;:&quot;40 km&quot;,&quot;duration&quot;:&quot;\\u00c0 la demi-journ\\u00e9e&quot;,&quot;price&quot;:&quot;Tarif adulte environ 15\\u20ac&quot;,&quot;booking_necessary&quot;:&quot;Recommand\\u00e9e&quot;,&quot;comment&quot;:&quot;Une visite familiale pour d\\u00e9couvrir plus de 800 animaux exotiques et locaux dans un cadre naturel adapt\\u00e9.&quot;,&quot;link&quot;:&quot;https:\\\/\\\/www.francethisway.com\\\/places\\\/a\\\/saint-paul-en-born-landes.php&quot;,&quot;image&quot;:&quot;&quot;},&quot;category&quot;:&quot;Activit\\u00e9s et lieux recommand\\u00e9s&quot;}\">\n\n            <!-- Image + badge cat\u00e9gorie -->\n            <div class=\"em-card-img-wrap\">\n                              <div class=\"em-card-placeholder\">\ud83d\udcf7 Pas d'image<\/div>\n                            <span class=\"em-card-badge badge-activity\">Activit\u00e9s et lieux recommand\u00e9s<\/span>\n            <\/div>\n\n            <!-- Contenu de la card -->\n            <div class=\"em-card-body\">\n              <h3 class=\"em-card-title\">Excursion au Zoo d&#039;Arcachon<\/h3>\n\n              <!-- Tags r\u00e9sum\u00e9s (max 4) -->\n              <div class=\"em-card-tags\">\n                                    <span class=\"em-tag em-tag-green\">Tarif adulte environ 15\u20ac<\/span>\n                                    <span class=\"em-tag em-tag-blue\">Arcachon (40 km)<\/span>\n                                              <\/div>\n\n              <!-- Champs suppl\u00e9mentaires (max 3) -->\n              <div class=\"em-card-fields\">\n                                  <div class=\"em-card-field\">\n                    <span class=\"em-card-field-label\">Type d\u2019\u00e9v\u00e9nement (march\u00e9, festival, sport, etc.) :<\/span>\n                    <span class=\"em-card-field-value\">Loisir Animalier<\/span>\n                  <\/div>\n                                  <div class=\"em-card-field\">\n                    <span class=\"em-card-field-label\">Distance depuis le camping (km) :<\/span>\n                    <span class=\"em-card-field-value\">40 km<\/span>\n                  <\/div>\n                                  <div class=\"em-card-field\">\n                    <span class=\"em-card-field-label\">Dur\u00e9e moyenne :<\/span>\n                    <span class=\"em-card-field-value\">\u00c0 la demi-journ\u00e9e<\/span>\n                  <\/div>\n                              <\/div>\n\n              <!-- Lien vers le d\u00e9tail -->\n              <div class=\"em-card-footer\">\n                <span>Voir le d\u00e9tail<\/span>\n                <svg fill=\"none\" viewBox=\"0 0 24 24\" stroke=\"currentColor\" stroke-width=\"2\"><path stroke-linecap=\"round\" stroke-linejoin=\"round\" d=\"M13.5 4.5L21 12m0 0l-7.5 7.5M21 12H3\"><\/path><\/svg>\n              <\/div>\n            <\/div>\n          <\/article>\n                  <article class=\"em-card\"\n            data-type=\"activity\"\n            data-features=\"\"\n            data-name=\"visite de la dune de pyla\"\n            data-json=\"{&quot;name&quot;:&quot;Visite de la Dune de Pyla&quot;,&quot;image&quot;:&quot;&quot;,&quot;link&quot;:&quot;https:\\\/\\\/www.francethisway.com\\\/places\\\/a\\\/saint-paul-en-born-landes.php&quot;,&quot;data&quot;:{&quot;name&quot;:&quot;Visite de la Dune de Pyla&quot;,&quot;type&quot;:&quot;Paysage &amp; Nature&quot;,&quot;place&quot;:&quot;La Teste-de-Buch (43 km)&quot;,&quot;distance_km&quot;:&quot;43 km&quot;,&quot;duration&quot;:&quot;Demi-journ\\u00e9e&quot;,&quot;price&quot;:&quot;Gratuit&quot;,&quot;booking_necessary&quot;:&quot;Non&quot;,&quot;comment&quot;:&quot;Plus grande dune de sable d\\u2019Europe, panoramas impressionnants sur le bassin d\\u2019Arcachon et l\\u2019Atlantique, id\\u00e9ale pour randonn\\u00e9e et photos.&quot;,&quot;link&quot;:&quot;https:\\\/\\\/www.francethisway.com\\\/places\\\/a\\\/saint-paul-en-born-landes.php&quot;,&quot;image&quot;:&quot;&quot;},&quot;category&quot;:&quot;Activit\\u00e9s et lieux recommand\\u00e9s&quot;}\">\n\n            <!-- Image + badge cat\u00e9gorie -->\n            <div class=\"em-card-img-wrap\">\n                              <div class=\"em-card-placeholder\">\ud83d\udcf7 Pas d'image<\/div>\n                            <span class=\"em-card-badge badge-activity\">Activit\u00e9s et lieux recommand\u00e9s<\/span>\n            <\/div>\n\n            <!-- Contenu de la card -->\n            <div class=\"em-card-body\">\n              <h3 class=\"em-card-title\">Visite de la Dune de Pyla<\/h3>\n\n              <!-- Tags r\u00e9sum\u00e9s (max 4) -->\n              <div class=\"em-card-tags\">\n                                    <span class=\"em-tag em-tag-green\">Gratuit<\/span>\n                                    <span class=\"em-tag em-tag-blue\">La Teste-de-Buch (43 km)<\/span>\n                                              <\/div>\n\n              <!-- Champs suppl\u00e9mentaires (max 3) -->\n              <div class=\"em-card-fields\">\n                                  <div class=\"em-card-field\">\n                    <span class=\"em-card-field-label\">Type d\u2019\u00e9v\u00e9nement (march\u00e9, festival, sport, etc.) :<\/span>\n                    <span class=\"em-card-field-value\">Paysage &amp; Nature<\/span>\n                  <\/div>\n                                  <div class=\"em-card-field\">\n                    <span class=\"em-card-field-label\">Distance depuis le camping (km) :<\/span>\n                    <span class=\"em-card-field-value\">43 km<\/span>\n                  <\/div>\n                                  <div class=\"em-card-field\">\n                    <span class=\"em-card-field-label\">Dur\u00e9e moyenne :<\/span>\n                    <span class=\"em-card-field-value\">Demi-journ\u00e9e<\/span>\n                  <\/div>\n                              <\/div>\n\n              <!-- Lien vers le d\u00e9tail -->\n              <div class=\"em-card-footer\">\n                <span>Voir le d\u00e9tail<\/span>\n                <svg fill=\"none\" viewBox=\"0 0 24 24\" stroke=\"currentColor\" stroke-width=\"2\"><path stroke-linecap=\"round\" stroke-linejoin=\"round\" d=\"M13.5 4.5L21 12m0 0l-7.5 7.5M21 12H3\"><\/path><\/svg>\n              <\/div>\n            <\/div>\n          <\/article>\n                  <article class=\"em-card\"\n            data-type=\"activity\"\n            data-features=\"\"\n            data-name=\"observation des oiseaux et photographie nature aux marais\"\n            data-json=\"{&quot;name&quot;:&quot;Observation des oiseaux et photographie nature aux marais&quot;,&quot;image&quot;:&quot;&quot;,&quot;link&quot;:&quot;https:\\\/\\\/www.mimizan-tourisme.com\\\/je-decouvre\\\/les-villes\\\/st-paul-en-born\\\/&quot;,&quot;data&quot;:{&quot;name&quot;:&quot;Observation des oiseaux et photographie nature aux marais&quot;,&quot;type&quot;:&quot;Nature &amp; Photographie&quot;,&quot;place&quot;:&quot;Zones humides de Saint-Paul-en-Born&quot;,&quot;distance_km&quot;:&quot;Sur place&quot;,&quot;duration&quot;:&quot;2-4 heures&quot;,&quot;price&quot;:&quot;Gratuit&quot;,&quot;booking_necessary&quot;:&quot;Non&quot;,&quot;comment&quot;:&quot;Activit\\u00e9 recommand\\u00e9e pour les amateurs d&#039;ornithologie et de nature sauvage dans les marais locaux.&quot;,&quot;link&quot;:&quot;https:\\\/\\\/www.mimizan-tourisme.com\\\/je-decouvre\\\/les-villes\\\/st-paul-en-born\\\/&quot;,&quot;image&quot;:&quot;&quot;},&quot;category&quot;:&quot;Activit\\u00e9s et lieux recommand\\u00e9s&quot;}\">\n\n            <!-- Image + badge cat\u00e9gorie -->\n            <div class=\"em-card-img-wrap\">\n                              <div class=\"em-card-placeholder\">\ud83d\udcf7 Pas d'image<\/div>\n                            <span class=\"em-card-badge badge-activity\">Activit\u00e9s et lieux recommand\u00e9s<\/span>\n            <\/div>\n\n            <!-- Contenu de la card -->\n            <div class=\"em-card-body\">\n              <h3 class=\"em-card-title\">Observation des oiseaux et photographie nature aux marais<\/h3>\n\n              <!-- Tags r\u00e9sum\u00e9s (max 4) -->\n              <div class=\"em-card-tags\">\n                                    <span class=\"em-tag em-tag-green\">Gratuit<\/span>\n                                    <span class=\"em-tag em-tag-blue\">Zones humides de Saint-Paul-en-Born<\/span>\n                                              <\/div>\n\n              <!-- Champs suppl\u00e9mentaires (max 3) -->\n              <div class=\"em-card-fields\">\n                                  <div class=\"em-card-field\">\n                    <span class=\"em-card-field-label\">Type d\u2019\u00e9v\u00e9nement (march\u00e9, festival, sport, etc.) :<\/span>\n                    <span class=\"em-card-field-value\">Nature &amp; Photographie<\/span>\n                  <\/div>\n                                  <div class=\"em-card-field\">\n                    <span class=\"em-card-field-label\">Distance depuis le camping (km) :<\/span>\n                    <span class=\"em-card-field-value\">Sur place<\/span>\n                  <\/div>\n                                  <div class=\"em-card-field\">\n                    <span class=\"em-card-field-label\">Dur\u00e9e moyenne :<\/span>\n                    <span class=\"em-card-field-value\">2-4 heures<\/span>\n                  <\/div>\n                              <\/div>\n\n              <!-- Lien vers le d\u00e9tail -->\n              <div class=\"em-card-footer\">\n                <span>Voir le d\u00e9tail<\/span>\n                <svg fill=\"none\" viewBox=\"0 0 24 24\" stroke=\"currentColor\" stroke-width=\"2\"><path stroke-linecap=\"round\" stroke-linejoin=\"round\" d=\"M13.5 4.5L21 12m0 0l-7.5 7.5M21 12H3\"><\/path><\/svg>\n              <\/div>\n            <\/div>\n          <\/article>\n                  <article class=\"em-card\"\n            data-type=\"activity\"\n            data-features=\"\"\n            data-name=\"p\u00eache au lac d&#039;aureilhan\"\n            data-json=\"{&quot;name&quot;:&quot;P\\u00eache au lac d&#039;Aureilhan&quot;,&quot;image&quot;:&quot;&quot;,&quot;link&quot;:&quot;https:\\\/\\\/www.mimizan-tourisme.com\\\/je-decouvre\\\/les-villes\\\/st-paul-en-born\\\/&quot;,&quot;data&quot;:{&quot;name&quot;:&quot;P\\u00eache au lac d&#039;Aureilhan&quot;,&quot;type&quot;:&quot;Loisir de plein air&quot;,&quot;place&quot;:&quot;Lac d&#039;Aureilhan&quot;,&quot;distance_km&quot;:&quot;Environ 6 km&quot;,&quot;duration&quot;:&quot;Variable&quot;,&quot;price&quot;:&quot;Carte de p\\u00eache requise&quot;,&quot;booking_necessary&quot;:&quot;Non&quot;,&quot;comment&quot;:&quot;P\\u00eache sportive dans un cadre naturel, possibilit\\u00e9 de p\\u00eache en bateau ou sur les rives.&quot;,&quot;link&quot;:&quot;https:\\\/\\\/www.mimizan-tourisme.com\\\/je-decouvre\\\/les-villes\\\/st-paul-en-born\\\/&quot;,&quot;image&quot;:&quot;&quot;},&quot;category&quot;:&quot;Activit\\u00e9s et lieux recommand\\u00e9s&quot;}\">\n\n            <!-- Image + badge cat\u00e9gorie -->\n            <div class=\"em-card-img-wrap\">\n                              <div class=\"em-card-placeholder\">\ud83d\udcf7 Pas d'image<\/div>\n                            <span class=\"em-card-badge badge-activity\">Activit\u00e9s et lieux recommand\u00e9s<\/span>\n            <\/div>\n\n            <!-- Contenu de la card -->\n            <div class=\"em-card-body\">\n              <h3 class=\"em-card-title\">P\u00eache au lac d&#039;Aureilhan<\/h3>\n\n              <!-- Tags r\u00e9sum\u00e9s (max 4) -->\n              <div class=\"em-card-tags\">\n                                    <span class=\"em-tag em-tag-green\">Carte de p\u00eache requise<\/span>\n                                    <span class=\"em-tag em-tag-blue\">Lac d&#039;Aureilhan<\/span>\n                                              <\/div>\n\n              <!-- Champs suppl\u00e9mentaires (max 3) -->\n              <div class=\"em-card-fields\">\n                                  <div class=\"em-card-field\">\n                    <span class=\"em-card-field-label\">Type d\u2019\u00e9v\u00e9nement (march\u00e9, festival, sport, etc.) :<\/span>\n                    <span class=\"em-card-field-value\">Loisir de plein air<\/span>\n                  <\/div>\n                                  <div class=\"em-card-field\">\n                    <span class=\"em-card-field-label\">Distance depuis le camping (km) :<\/span>\n                    <span class=\"em-card-field-value\">Environ 6 km<\/span>\n                  <\/div>\n                                  <div class=\"em-card-field\">\n                    <span class=\"em-card-field-label\">Dur\u00e9e moyenne :<\/span>\n                    <span class=\"em-card-field-value\">Variable<\/span>\n                  <\/div>\n                              <\/div>\n\n              <!-- Lien vers le d\u00e9tail -->\n              <div class=\"em-card-footer\">\n                <span>Voir le d\u00e9tail<\/span>\n                <svg fill=\"none\" viewBox=\"0 0 24 24\" stroke=\"currentColor\" stroke-width=\"2\"><path stroke-linecap=\"round\" stroke-linejoin=\"round\" d=\"M13.5 4.5L21 12m0 0l-7.5 7.5M21 12H3\"><\/path><\/svg>\n              <\/div>\n            <\/div>\n          <\/article>\n                  <article class=\"em-card\"\n            data-type=\"activity\"\n            data-features=\"\"\n            data-name=\"visite du village de saint-paul-en-born\"\n            data-json=\"{&quot;name&quot;:&quot;Visite du village de Saint-Paul-en-Born&quot;,&quot;image&quot;:&quot;&quot;,&quot;link&quot;:&quot;https:\\\/\\\/www.saint-paul-en-born.fr\\\/Tourisme&quot;,&quot;data&quot;:{&quot;name&quot;:&quot;Visite du village de Saint-Paul-en-Born&quot;,&quot;type&quot;:&quot;Patrimoine local&quot;,&quot;place&quot;:&quot;Saint-Paul-en-Born&quot;,&quot;distance_km&quot;:&quot;Sur place&quot;,&quot;duration&quot;:&quot;1-2 heures&quot;,&quot;price&quot;:&quot;Gratuit&quot;,&quot;booking_necessary&quot;:&quot;Non&quot;,&quot;comment&quot;:&quot;D\\u00e9couverte des ruelles, architecture locale, commerces et artisanat du village typique des Landes.&quot;,&quot;link&quot;:&quot;https:\\\/\\\/www.saint-paul-en-born.fr\\\/Tourisme&quot;,&quot;image&quot;:&quot;&quot;},&quot;category&quot;:&quot;Activit\\u00e9s et lieux recommand\\u00e9s&quot;}\">\n\n            <!-- Image + badge cat\u00e9gorie -->\n            <div class=\"em-card-img-wrap\">\n                              <div class=\"em-card-placeholder\">\ud83d\udcf7 Pas d'image<\/div>\n                            <span class=\"em-card-badge badge-activity\">Activit\u00e9s et lieux recommand\u00e9s<\/span>\n            <\/div>\n\n            <!-- Contenu de la card -->\n            <div class=\"em-card-body\">\n              <h3 class=\"em-card-title\">Visite du village de Saint-Paul-en-Born<\/h3>\n\n              <!-- Tags r\u00e9sum\u00e9s (max 4) -->\n              <div class=\"em-card-tags\">\n                                    <span class=\"em-tag em-tag-green\">Gratuit<\/span>\n                                    <span class=\"em-tag em-tag-blue\">Saint-Paul-en-Born<\/span>\n                                              <\/div>\n\n              <!-- Champs suppl\u00e9mentaires (max 3) -->\n              <div class=\"em-card-fields\">\n                                  <div class=\"em-card-field\">\n                    <span class=\"em-card-field-label\">Type d\u2019\u00e9v\u00e9nement (march\u00e9, festival, sport, etc.) :<\/span>\n                    <span class=\"em-card-field-value\">Patrimoine local<\/span>\n                  <\/div>\n                                  <div class=\"em-card-field\">\n                    <span class=\"em-card-field-label\">Distance depuis le camping (km) :<\/span>\n                    <span class=\"em-card-field-value\">Sur place<\/span>\n                  <\/div>\n                                  <div class=\"em-card-field\">\n                    <span class=\"em-card-field-label\">Dur\u00e9e moyenne :<\/span>\n                    <span class=\"em-card-field-value\">1-2 heures<\/span>\n                  <\/div>\n                              <\/div>\n\n              <!-- Lien vers le d\u00e9tail -->\n              <div class=\"em-card-footer\">\n                <span>Voir le d\u00e9tail<\/span>\n                <svg fill=\"none\" viewBox=\"0 0 24 24\" stroke=\"currentColor\" stroke-width=\"2\"><path stroke-linecap=\"round\" stroke-linejoin=\"round\" d=\"M13.5 4.5L21 12m0 0l-7.5 7.5M21 12H3\"><\/path><\/svg>\n              <\/div>\n            <\/div>\n          <\/article>\n                  <article class=\"em-card\"\n            data-type=\"activity\"\n            data-features=\"\"\n            data-name=\"balade en bateau sur le lac d&#039;aureilhan\"\n            data-json=\"{&quot;name&quot;:&quot;Balade en bateau sur le lac d&#039;Aureilhan&quot;,&quot;image&quot;:&quot;&quot;,&quot;link&quot;:&quot;https:\\\/\\\/www.mimizan-tourisme.com\\\/je-decouvre\\\/les-villes\\\/st-paul-en-born\\\/&quot;,&quot;data&quot;:{&quot;name&quot;:&quot;Balade en bateau sur le lac d&#039;Aureilhan&quot;,&quot;type&quot;:&quot;Nautisme&quot;,&quot;place&quot;:&quot;Lac d&#039;Aureilhan&quot;,&quot;distance_km&quot;:&quot;6 km&quot;,&quot;duration&quot;:&quot;1-2 heures&quot;,&quot;price&quot;:&quot;Variable selon prestataire&quot;,&quot;booking_necessary&quot;:&quot;Oui&quot;,&quot;comment&quot;:&quot;Location de petits bateaux \\u00e9lectriques ou p\\u00e9dalos pour promenade calme sur le lac.&quot;,&quot;link&quot;:&quot;https:\\\/\\\/www.mimizan-tourisme.com\\\/je-decouvre\\\/les-villes\\\/st-paul-en-born\\\/&quot;,&quot;image&quot;:&quot;&quot;},&quot;category&quot;:&quot;Activit\\u00e9s et lieux recommand\\u00e9s&quot;}\">\n\n            <!-- Image + badge cat\u00e9gorie -->\n            <div class=\"em-card-img-wrap\">\n                              <div class=\"em-card-placeholder\">\ud83d\udcf7 Pas d'image<\/div>\n                            <span class=\"em-card-badge badge-activity\">Activit\u00e9s et lieux recommand\u00e9s<\/span>\n            <\/div>\n\n            <!-- Contenu de la card -->\n            <div class=\"em-card-body\">\n              <h3 class=\"em-card-title\">Balade en bateau sur le lac d&#039;Aureilhan<\/h3>\n\n              <!-- Tags r\u00e9sum\u00e9s (max 4) -->\n              <div class=\"em-card-tags\">\n                                    <span class=\"em-tag em-tag-green\">Variable selon prestataire<\/span>\n                                    <span class=\"em-tag em-tag-blue\">Lac d&#039;Aureilhan<\/span>\n                                              <\/div>\n\n              <!-- Champs suppl\u00e9mentaires (max 3) -->\n              <div class=\"em-card-fields\">\n                                  <div class=\"em-card-field\">\n                    <span class=\"em-card-field-label\">Type d\u2019\u00e9v\u00e9nement (march\u00e9, festival, sport, etc.) :<\/span>\n                    <span class=\"em-card-field-value\">Nautisme<\/span>\n                  <\/div>\n                                  <div class=\"em-card-field\">\n                    <span class=\"em-card-field-label\">Distance depuis le camping (km) :<\/span>\n                    <span class=\"em-card-field-value\">6 km<\/span>\n                  <\/div>\n                                  <div class=\"em-card-field\">\n                    <span class=\"em-card-field-label\">Dur\u00e9e moyenne :<\/span>\n                    <span class=\"em-card-field-value\">1-2 heures<\/span>\n                  <\/div>\n                              <\/div>\n\n              <!-- Lien vers le d\u00e9tail -->\n              <div class=\"em-card-footer\">\n                <span>Voir le d\u00e9tail<\/span>\n                <svg fill=\"none\" viewBox=\"0 0 24 24\" stroke=\"currentColor\" stroke-width=\"2\"><path stroke-linecap=\"round\" stroke-linejoin=\"round\" d=\"M13.5 4.5L21 12m0 0l-7.5 7.5M21 12H3\"><\/path><\/svg>\n              <\/div>\n            <\/div>\n          <\/article>\n                  <article class=\"em-card\"\n            data-type=\"activity\"\n            data-features=\"\"\n            data-name=\"atelier d\u00e9couverte de la faune et flora locale\"\n            data-json=\"{&quot;name&quot;:&quot;Atelier d\\u00e9couverte de la faune et flora locale&quot;,&quot;image&quot;:&quot;&quot;,&quot;link&quot;:&quot;https:\\\/\\\/www.mimizan-tourisme.com\\\/je-decouvre\\\/les-villes\\\/st-paul-en-born\\\/&quot;,&quot;data&quot;:{&quot;name&quot;:&quot;Atelier d\\u00e9couverte de la faune et flora locale&quot;,&quot;type&quot;:&quot;\\u00c9ducatif \\\/ Nature&quot;,&quot;place&quot;:&quot;Saint-Paul-en-Born&quot;,&quot;distance_km&quot;:&quot;Sur place&quot;,&quot;duration&quot;:&quot;2 heures&quot;,&quot;price&quot;:&quot;Variable&quot;,&quot;booking_necessary&quot;:&quot;Oui&quot;,&quot;comment&quot;:&quot;Ateliers organis\\u00e9s pour petits et grands autour de la connaissance de la biodiversit\\u00e9 locale.&quot;,&quot;link&quot;:&quot;https:\\\/\\\/www.mimizan-tourisme.com\\\/je-decouvre\\\/les-villes\\\/st-paul-en-born\\\/&quot;,&quot;image&quot;:&quot;&quot;},&quot;category&quot;:&quot;Activit\\u00e9s et lieux recommand\\u00e9s&quot;}\">\n\n            <!-- Image + badge cat\u00e9gorie -->\n            <div class=\"em-card-img-wrap\">\n                              <div class=\"em-card-placeholder\">\ud83d\udcf7 Pas d'image<\/div>\n                            <span class=\"em-card-badge badge-activity\">Activit\u00e9s et lieux recommand\u00e9s<\/span>\n            <\/div>\n\n            <!-- Contenu de la card -->\n            <div class=\"em-card-body\">\n              <h3 class=\"em-card-title\">Atelier d\u00e9couverte de la faune et flora locale<\/h3>\n\n              <!-- Tags r\u00e9sum\u00e9s (max 4) -->\n              <div class=\"em-card-tags\">\n                                    <span class=\"em-tag em-tag-green\">Variable<\/span>\n                                    <span class=\"em-tag em-tag-blue\">Saint-Paul-en-Born<\/span>\n                                              <\/div>\n\n              <!-- Champs suppl\u00e9mentaires (max 3) -->\n              <div class=\"em-card-fields\">\n                                  <div class=\"em-card-field\">\n                    <span class=\"em-card-field-label\">Type d\u2019\u00e9v\u00e9nement (march\u00e9, festival, sport, etc.) :<\/span>\n                    <span class=\"em-card-field-value\">\u00c9ducatif \/ Nature<\/span>\n                  <\/div>\n                                  <div class=\"em-card-field\">\n                    <span class=\"em-card-field-label\">Distance depuis le camping (km) :<\/span>\n                    <span class=\"em-card-field-value\">Sur place<\/span>\n                  <\/div>\n                                  <div class=\"em-card-field\">\n                    <span class=\"em-card-field-label\">Dur\u00e9e moyenne :<\/span>\n                    <span class=\"em-card-field-value\">2 heures<\/span>\n                  <\/div>\n                              <\/div>\n\n              <!-- Lien vers le d\u00e9tail -->\n              <div class=\"em-card-footer\">\n                <span>Voir le d\u00e9tail<\/span>\n                <svg fill=\"none\" viewBox=\"0 0 24 24\" stroke=\"currentColor\" stroke-width=\"2\"><path stroke-linecap=\"round\" stroke-linejoin=\"round\" d=\"M13.5 4.5L21 12m0 0l-7.5 7.5M21 12H3\"><\/path><\/svg>\n              <\/div>\n            <\/div>\n          <\/article>\n                  <article class=\"em-card\"\n            data-type=\"activity\"\n            data-features=\"\"\n            data-name=\"visite des sites arch\u00e9ologiques locaux (hors motte f\u00e9odale)\"\n            data-json=\"{&quot;name&quot;:&quot;Visite des sites arch\\u00e9ologiques locaux (hors motte f\\u00e9odale)&quot;,&quot;image&quot;:&quot;&quot;,&quot;link&quot;:&quot;https:\\\/\\\/www.saint-paul-en-born.fr\\\/Tourisme&quot;,&quot;data&quot;:{&quot;name&quot;:&quot;Visite des sites arch\\u00e9ologiques locaux (hors motte f\\u00e9odale)&quot;,&quot;type&quot;:&quot;Histoire et Culture&quot;,&quot;place&quot;:&quot;Saint-Paul-en-Born&quot;,&quot;distance_km&quot;:&quot;Sur place&quot;,&quot;duration&quot;:&quot;1-2 heures&quot;,&quot;price&quot;:&quot;Gratuit&quot;,&quot;booking_necessary&quot;:&quot;Non&quot;,&quot;comment&quot;:&quot;D\\u00e9couverte des vestiges antiques ou m\\u00e9di\\u00e9vaux moins connus autour du village.&quot;,&quot;link&quot;:&quot;https:\\\/\\\/www.saint-paul-en-born.fr\\\/Tourisme&quot;,&quot;image&quot;:&quot;&quot;},&quot;category&quot;:&quot;Activit\\u00e9s et lieux recommand\\u00e9s&quot;}\">\n\n            <!-- Image + badge cat\u00e9gorie -->\n            <div class=\"em-card-img-wrap\">\n                              <div class=\"em-card-placeholder\">\ud83d\udcf7 Pas d'image<\/div>\n                            <span class=\"em-card-badge badge-activity\">Activit\u00e9s et lieux recommand\u00e9s<\/span>\n            <\/div>\n\n            <!-- Contenu de la card -->\n            <div class=\"em-card-body\">\n              <h3 class=\"em-card-title\">Visite des sites arch\u00e9ologiques locaux (hors motte f\u00e9odale)<\/h3>\n\n              <!-- Tags r\u00e9sum\u00e9s (max 4) -->\n              <div class=\"em-card-tags\">\n                                    <span class=\"em-tag em-tag-green\">Gratuit<\/span>\n                                    <span class=\"em-tag em-tag-blue\">Saint-Paul-en-Born<\/span>\n                                              <\/div>\n\n              <!-- Champs suppl\u00e9mentaires (max 3) -->\n              <div class=\"em-card-fields\">\n                                  <div class=\"em-card-field\">\n                    <span class=\"em-card-field-label\">Type d\u2019\u00e9v\u00e9nement (march\u00e9, festival, sport, etc.) :<\/span>\n                    <span class=\"em-card-field-value\">Histoire et Culture<\/span>\n                  <\/div>\n                                  <div class=\"em-card-field\">\n                    <span class=\"em-card-field-label\">Distance depuis le camping (km) :<\/span>\n                    <span class=\"em-card-field-value\">Sur place<\/span>\n                  <\/div>\n                                  <div class=\"em-card-field\">\n                    <span class=\"em-card-field-label\">Dur\u00e9e moyenne :<\/span>\n                    <span class=\"em-card-field-value\">1-2 heures<\/span>\n                  <\/div>\n                              <\/div>\n\n              <!-- Lien vers le d\u00e9tail -->\n              <div class=\"em-card-footer\">\n                <span>Voir le d\u00e9tail<\/span>\n                <svg fill=\"none\" viewBox=\"0 0 24 24\" stroke=\"currentColor\" stroke-width=\"2\"><path stroke-linecap=\"round\" stroke-linejoin=\"round\" d=\"M13.5 4.5L21 12m0 0l-7.5 7.5M21 12H3\"><\/path><\/svg>\n              <\/div>\n            <\/div>\n          <\/article>\n                  <article class=\"em-card\"\n            data-type=\"activity\"\n            data-features=\"\"\n            data-name=\"initiation \u00e0 la photographie nature en for\u00eat\"\n            data-json=\"{&quot;name&quot;:&quot;Initiation \\u00e0 la photographie nature en for\\u00eat&quot;,&quot;image&quot;:&quot;&quot;,&quot;link&quot;:&quot;https:\\\/\\\/www.mimizan-tourisme.com\\\/je-decouvre\\\/les-villes\\\/st-paul-en-born\\\/&quot;,&quot;data&quot;:{&quot;name&quot;:&quot;Initiation \\u00e0 la photographie nature en for\\u00eat&quot;,&quot;type&quot;:&quot;Loisir cr\\u00e9atif&quot;,&quot;place&quot;:&quot;For\\u00eats aux alentours de Saint-Paul-en-Born&quot;,&quot;distance_km&quot;:&quot;Sur place&quot;,&quot;duration&quot;:&quot;Demi-journ\\u00e9e&quot;,&quot;price&quot;:&quot;Variable&quot;,&quot;booking_necessary&quot;:&quot;Oui&quot;,&quot;comment&quot;:&quot;Ateliers et sorties guid\\u00e9es pour apprendre \\u00e0 capturer la nature environnante en photo.&quot;,&quot;link&quot;:&quot;https:\\\/\\\/www.mimizan-tourisme.com\\\/je-decouvre\\\/les-villes\\\/st-paul-en-born\\\/&quot;,&quot;image&quot;:&quot;&quot;},&quot;category&quot;:&quot;Activit\\u00e9s et lieux recommand\\u00e9s&quot;}\">\n\n            <!-- Image + badge cat\u00e9gorie -->\n            <div class=\"em-card-img-wrap\">\n                              <div class=\"em-card-placeholder\">\ud83d\udcf7 Pas d'image<\/div>\n                            <span class=\"em-card-badge badge-activity\">Activit\u00e9s et lieux recommand\u00e9s<\/span>\n            <\/div>\n\n            <!-- Contenu de la card -->\n            <div class=\"em-card-body\">\n              <h3 class=\"em-card-title\">Initiation \u00e0 la photographie nature en for\u00eat<\/h3>\n\n              <!-- Tags r\u00e9sum\u00e9s (max 4) -->\n              <div class=\"em-card-tags\">\n                                    <span class=\"em-tag em-tag-green\">Variable<\/span>\n                                    <span class=\"em-tag em-tag-blue\">For\u00eats aux alentours de Saint-Paul-en-Born<\/span>\n                                              <\/div>\n\n              <!-- Champs suppl\u00e9mentaires (max 3) -->\n              <div class=\"em-card-fields\">\n                                  <div class=\"em-card-field\">\n                    <span class=\"em-card-field-label\">Type d\u2019\u00e9v\u00e9nement (march\u00e9, festival, sport, etc.) :<\/span>\n                    <span class=\"em-card-field-value\">Loisir cr\u00e9atif<\/span>\n                  <\/div>\n                                  <div class=\"em-card-field\">\n                    <span class=\"em-card-field-label\">Distance depuis le camping (km) :<\/span>\n                    <span class=\"em-card-field-value\">Sur place<\/span>\n                  <\/div>\n                                  <div class=\"em-card-field\">\n                    <span class=\"em-card-field-label\">Dur\u00e9e moyenne :<\/span>\n                    <span class=\"em-card-field-value\">Demi-journ\u00e9e<\/span>\n                  <\/div>\n                              <\/div>\n\n              <!-- Lien vers le d\u00e9tail -->\n              <div class=\"em-card-footer\">\n                <span>Voir le d\u00e9tail<\/span>\n                <svg fill=\"none\" viewBox=\"0 0 24 24\" stroke=\"currentColor\" stroke-width=\"2\"><path stroke-linecap=\"round\" stroke-linejoin=\"round\" d=\"M13.5 4.5L21 12m0 0l-7.5 7.5M21 12H3\"><\/path><\/svg>\n              <\/div>\n            <\/div>\n          <\/article>\n                  <article class=\"em-card\"\n            data-type=\"activity\"\n            data-features=\"\"\n            data-name=\"d\u00e9gustation de produits locaux et artisanaux\"\n            data-json=\"{&quot;name&quot;:&quot;D\\u00e9gustation de produits locaux et artisanaux&quot;,&quot;image&quot;:&quot;&quot;,&quot;link&quot;:&quot;https:\\\/\\\/www.saint-paul-en-born.fr\\\/Tourisme&quot;,&quot;data&quot;:{&quot;name&quot;:&quot;D\\u00e9gustation de produits locaux et artisanaux&quot;,&quot;type&quot;:&quot;Gastronomie&quot;,&quot;place&quot;:&quot;March\\u00e9 et commerces de Saint-Paul-en-Born&quot;,&quot;distance_km&quot;:&quot;Sur place&quot;,&quot;duration&quot;:&quot;1-2 heures&quot;,&quot;price&quot;:&quot;Variable&quot;,&quot;booking_necessary&quot;:&quot;Non&quot;,&quot;comment&quot;:&quot;D\\u00e9couverte des sp\\u00e9cialit\\u00e9s landaises chez les producteurs et commer\\u00e7ants locaux.&quot;,&quot;link&quot;:&quot;https:\\\/\\\/www.saint-paul-en-born.fr\\\/Tourisme&quot;,&quot;image&quot;:&quot;&quot;},&quot;category&quot;:&quot;Activit\\u00e9s et lieux recommand\\u00e9s&quot;}\">\n\n            <!-- Image + badge cat\u00e9gorie -->\n            <div class=\"em-card-img-wrap\">\n                              <div class=\"em-card-placeholder\">\ud83d\udcf7 Pas d'image<\/div>\n                            <span class=\"em-card-badge badge-activity\">Activit\u00e9s et lieux recommand\u00e9s<\/span>\n            <\/div>\n\n            <!-- Contenu de la card -->\n            <div class=\"em-card-body\">\n              <h3 class=\"em-card-title\">D\u00e9gustation de produits locaux et artisanaux<\/h3>\n\n              <!-- Tags r\u00e9sum\u00e9s (max 4) -->\n              <div class=\"em-card-tags\">\n                                    <span class=\"em-tag em-tag-green\">Variable<\/span>\n                                    <span class=\"em-tag em-tag-blue\">March\u00e9 et commerces de Saint-Paul-en-Born<\/span>\n                                              <\/div>\n\n              <!-- Champs suppl\u00e9mentaires (max 3) -->\n              <div class=\"em-card-fields\">\n                                  <div class=\"em-card-field\">\n                    <span class=\"em-card-field-label\">Type d\u2019\u00e9v\u00e9nement (march\u00e9, festival, sport, etc.) :<\/span>\n                    <span class=\"em-card-field-value\">Gastronomie<\/span>\n                  <\/div>\n                                  <div class=\"em-card-field\">\n                    <span class=\"em-card-field-label\">Distance depuis le camping (km) :<\/span>\n                    <span class=\"em-card-field-value\">Sur place<\/span>\n                  <\/div>\n                                  <div class=\"em-card-field\">\n                    <span class=\"em-card-field-label\">Dur\u00e9e moyenne :<\/span>\n                    <span class=\"em-card-field-value\">1-2 heures<\/span>\n                  <\/div>\n                              <\/div>\n\n              <!-- Lien vers le d\u00e9tail -->\n              <div class=\"em-card-footer\">\n                <span>Voir le d\u00e9tail<\/span>\n                <svg fill=\"none\" viewBox=\"0 0 24 24\" stroke=\"currentColor\" stroke-width=\"2\"><path stroke-linecap=\"round\" stroke-linejoin=\"round\" d=\"M13.5 4.5L21 12m0 0l-7.5 7.5M21 12H3\"><\/path><\/svg>\n              <\/div>\n            <\/div>\n          <\/article>\n                  <article class=\"em-card\"\n            data-type=\"activity\"\n            data-features=\"\"\n            data-name=\"p\u00eache au lac de sanguinet\"\n            data-json=\"{&quot;name&quot;:&quot;P\\u00eache au lac de Sanguinet&quot;,&quot;image&quot;:&quot;https:\\\/\\\/example.com\\\/image-peche.png&quot;,&quot;link&quot;:&quot;https:\\\/\\\/www.landes-tourisme.com\\\/activites\\\/peche\\\/&quot;,&quot;data&quot;:{&quot;name&quot;:&quot;P\\u00eache au lac de Sanguinet&quot;,&quot;type&quot;:&quot;activit\\u00e9 nautique&quot;,&quot;place&quot;:&quot;Lac de Sanguinet&quot;,&quot;distance_km&quot;:&quot;\\u00e0 environ 20 km de Saint-Paul-en-Born&quot;,&quot;duration&quot;:&quot;Variable&quot;,&quot;price&quot;:&quot;Variable&quot;,&quot;booking_necessary&quot;:&quot;Non&quot;,&quot;comment&quot;:&quot;Un lieu pittoresque pour p\\u00eacher dans un cadre naturel avec divers poissons.&quot;,&quot;link&quot;:&quot;https:\\\/\\\/www.landes-tourisme.com\\\/activites\\\/peche\\\/&quot;,&quot;image&quot;:&quot;https:\\\/\\\/example.com\\\/image-peche.png&quot;},&quot;category&quot;:&quot;Activit\\u00e9s et lieux recommand\\u00e9s&quot;}\">\n\n            <!-- Image + badge cat\u00e9gorie -->\n            <div class=\"em-card-img-wrap\">\n                              <img decoding=\"async\" class=\"em-card-img\" src=\"https:\/\/example.com\/image-peche.png\" alt=\"P\u00eache au lac de Sanguinet\" loading=\"lazy\" onerror=\"this.style.display='none';this.nextElementSibling.style.display='flex';\">\n                <div class=\"em-card-placeholder\" style=\"display:none;\">\ud83d\udcf7 Image indisponible<\/div>\n                            <span class=\"em-card-badge badge-activity\">Activit\u00e9s et lieux recommand\u00e9s<\/span>\n            <\/div>\n\n            <!-- Contenu de la card -->\n            <div class=\"em-card-body\">\n              <h3 class=\"em-card-title\">P\u00eache au lac de Sanguinet<\/h3>\n\n              <!-- Tags r\u00e9sum\u00e9s (max 4) -->\n              <div class=\"em-card-tags\">\n                                    <span class=\"em-tag em-tag-green\">Variable<\/span>\n                                    <span class=\"em-tag em-tag-blue\">Lac de Sanguinet<\/span>\n                                              <\/div>\n\n              <!-- Champs suppl\u00e9mentaires (max 3) -->\n              <div class=\"em-card-fields\">\n                                  <div class=\"em-card-field\">\n                    <span class=\"em-card-field-label\">Type d\u2019\u00e9v\u00e9nement (march\u00e9, festival, sport, etc.) :<\/span>\n                    <span class=\"em-card-field-value\">activit\u00e9 nautique<\/span>\n                  <\/div>\n                                  <div class=\"em-card-field\">\n                    <span class=\"em-card-field-label\">Distance depuis le camping (km) :<\/span>\n                    <span class=\"em-card-field-value\">\u00e0 environ 20 km de Saint-Paul-en-Born<\/span>\n                  <\/div>\n                                  <div class=\"em-card-field\">\n                    <span class=\"em-card-field-label\">Dur\u00e9e moyenne :<\/span>\n                    <span class=\"em-card-field-value\">Variable<\/span>\n                  <\/div>\n                              <\/div>\n\n              <!-- Lien vers le d\u00e9tail -->\n              <div class=\"em-card-footer\">\n                <span>Voir le d\u00e9tail<\/span>\n                <svg fill=\"none\" viewBox=\"0 0 24 24\" stroke=\"currentColor\" stroke-width=\"2\"><path stroke-linecap=\"round\" stroke-linejoin=\"round\" d=\"M13.5 4.5L21 12m0 0l-7.5 7.5M21 12H3\"><\/path><\/svg>\n              <\/div>\n            <\/div>\n          <\/article>\n                  <article class=\"em-card\"\n            data-type=\"activity\"\n            data-features=\"\"\n            data-name=\"visite de la plage de biscarrosse\"\n            data-json=\"{&quot;name&quot;:&quot;Visite de la Plage de Biscarrosse&quot;,&quot;image&quot;:&quot;https:\\\/\\\/example.com\\\/image-plage-biscarrosse.png&quot;,&quot;link&quot;:&quot;https:\\\/\\\/www.biscarrosse.com\\\/fr\\\/&quot;,&quot;data&quot;:{&quot;name&quot;:&quot;Visite de la Plage de Biscarrosse&quot;,&quot;type&quot;:&quot;plage&quot;,&quot;place&quot;:&quot;Biscarrosse Plage&quot;,&quot;distance_km&quot;:&quot;environ 25 km&quot;,&quot;duration&quot;:&quot;Variable&quot;,&quot;price&quot;:&quot;Gratuit&quot;,&quot;booking_necessary&quot;:&quot;Non&quot;,&quot;comment&quot;:&quot;Une plage oc\\u00e9anique avec des activit\\u00e9s nautiques vari\\u00e9es.&quot;,&quot;link&quot;:&quot;https:\\\/\\\/www.biscarrosse.com\\\/fr\\\/&quot;,&quot;image&quot;:&quot;https:\\\/\\\/example.com\\\/image-plage-biscarrosse.png&quot;},&quot;category&quot;:&quot;Activit\\u00e9s et lieux recommand\\u00e9s&quot;}\">\n\n            <!-- Image + badge cat\u00e9gorie -->\n            <div class=\"em-card-img-wrap\">\n                              <img decoding=\"async\" class=\"em-card-img\" src=\"https:\/\/example.com\/image-plage-biscarrosse.png\" alt=\"Visite de la Plage de Biscarrosse\" loading=\"lazy\" onerror=\"this.style.display='none';this.nextElementSibling.style.display='flex';\">\n                <div class=\"em-card-placeholder\" style=\"display:none;\">\ud83d\udcf7 Image indisponible<\/div>\n                            <span class=\"em-card-badge badge-activity\">Activit\u00e9s et lieux recommand\u00e9s<\/span>\n            <\/div>\n\n            <!-- Contenu de la card -->\n            <div class=\"em-card-body\">\n              <h3 class=\"em-card-title\">Visite de la Plage de Biscarrosse<\/h3>\n\n              <!-- Tags r\u00e9sum\u00e9s (max 4) -->\n              <div class=\"em-card-tags\">\n                                    <span class=\"em-tag em-tag-green\">Gratuit<\/span>\n                                    <span class=\"em-tag em-tag-blue\">Biscarrosse Plage<\/span>\n                                              <\/div>\n\n              <!-- Champs suppl\u00e9mentaires (max 3) -->\n              <div class=\"em-card-fields\">\n                                  <div class=\"em-card-field\">\n                    <span class=\"em-card-field-label\">Type d\u2019\u00e9v\u00e9nement (march\u00e9, festival, sport, etc.) :<\/span>\n                    <span class=\"em-card-field-value\">plage<\/span>\n                  <\/div>\n                                  <div class=\"em-card-field\">\n                    <span class=\"em-card-field-label\">Distance depuis le camping (km) :<\/span>\n                    <span class=\"em-card-field-value\">environ 25 km<\/span>\n                  <\/div>\n                                  <div class=\"em-card-field\">\n                    <span class=\"em-card-field-label\">Dur\u00e9e moyenne :<\/span>\n                    <span class=\"em-card-field-value\">Variable<\/span>\n                  <\/div>\n                              <\/div>\n\n              <!-- Lien vers le d\u00e9tail -->\n              <div class=\"em-card-footer\">\n                <span>Voir le d\u00e9tail<\/span>\n                <svg fill=\"none\" viewBox=\"0 0 24 24\" stroke=\"currentColor\" stroke-width=\"2\"><path stroke-linecap=\"round\" stroke-linejoin=\"round\" d=\"M13.5 4.5L21 12m0 0l-7.5 7.5M21 12H3\"><\/path><\/svg>\n              <\/div>\n            <\/div>\n          <\/article>\n                  <article class=\"em-card\"\n            data-type=\"activity\"\n            data-features=\"\"\n            data-name=\"promenade dans la for\u00eat des landes\"\n            data-json=\"{&quot;name&quot;:&quot;Promenade dans la For\\u00eat des Landes&quot;,&quot;image&quot;:&quot;https:\\\/\\\/example.com\\\/image-foret-landes.png&quot;,&quot;link&quot;:&quot;https:\\\/\\\/www.tourismelandes.com_decimal\\\/decouverte\\\/foret-des-landes-pcuaqu040v50c2Z&quot;,&quot;data&quot;:{&quot;name&quot;:&quot;Promenade dans la For\\u00eat des Landes&quot;,&quot;type&quot;:&quot;randonn\\u00e9e p\\u00e9destre&quot;,&quot;place&quot;:&quot;For\\u00eat des Landes&quot;,&quot;distance_km&quot;:&quot;environ 10 km \\u00e0 partir de Saint-Paul-en-Born&quot;,&quot;duration&quot;:&quot;Variable&quot;,&quot;price&quot;:&quot;Gratuit&quot;,&quot;booking_necessary&quot;:&quot;Non&quot;,&quot;comment&quot;:&quot;Une promenade dans la for\\u00eat permet de d\\u00e9couvrir la faune et la flore locale.&quot;,&quot;link&quot;:&quot;https:\\\/\\\/www.tourismelandes.com_decimal\\\/decouverte\\\/foret-des-landes-pcuaqu040v50c2Z&quot;,&quot;image&quot;:&quot;https:\\\/\\\/example.com\\\/image-foret-landes.png&quot;},&quot;category&quot;:&quot;Activit\\u00e9s et lieux recommand\\u00e9s&quot;}\">\n\n            <!-- Image + badge cat\u00e9gorie -->\n            <div class=\"em-card-img-wrap\">\n                              <img decoding=\"async\" class=\"em-card-img\" src=\"https:\/\/example.com\/image-foret-landes.png\" alt=\"Promenade dans la For\u00eat des Landes\" loading=\"lazy\" onerror=\"this.style.display='none';this.nextElementSibling.style.display='flex';\">\n                <div class=\"em-card-placeholder\" style=\"display:none;\">\ud83d\udcf7 Image indisponible<\/div>\n                            <span class=\"em-card-badge badge-activity\">Activit\u00e9s et lieux recommand\u00e9s<\/span>\n            <\/div>\n\n            <!-- Contenu de la card -->\n            <div class=\"em-card-body\">\n              <h3 class=\"em-card-title\">Promenade dans la For\u00eat des Landes<\/h3>\n\n              <!-- Tags r\u00e9sum\u00e9s (max 4) -->\n              <div class=\"em-card-tags\">\n                                    <span class=\"em-tag em-tag-green\">Gratuit<\/span>\n                                    <span class=\"em-tag em-tag-blue\">For\u00eat des Landes<\/span>\n                                              <\/div>\n\n              <!-- Champs suppl\u00e9mentaires (max 3) -->\n              <div class=\"em-card-fields\">\n                                  <div class=\"em-card-field\">\n                    <span class=\"em-card-field-label\">Type d\u2019\u00e9v\u00e9nement (march\u00e9, festival, sport, etc.) :<\/span>\n                    <span class=\"em-card-field-value\">randonn\u00e9e p\u00e9destre<\/span>\n                  <\/div>\n                                  <div class=\"em-card-field\">\n                    <span class=\"em-card-field-label\">Distance depuis le camping (km) :<\/span>\n                    <span class=\"em-card-field-value\">environ 10 km \u00e0 partir de Saint-Paul-en-Born<\/span>\n                  <\/div>\n                                  <div class=\"em-card-field\">\n                    <span class=\"em-card-field-label\">Dur\u00e9e moyenne :<\/span>\n                    <span class=\"em-card-field-value\">Variable<\/span>\n                  <\/div>\n                              <\/div>\n\n              <!-- Lien vers le d\u00e9tail -->\n              <div class=\"em-card-footer\">\n                <span>Voir le d\u00e9tail<\/span>\n                <svg fill=\"none\" viewBox=\"0 0 24 24\" stroke=\"currentColor\" stroke-width=\"2\"><path stroke-linecap=\"round\" stroke-linejoin=\"round\" d=\"M13.5 4.5L21 12m0 0l-7.5 7.5M21 12H3\"><\/path><\/svg>\n              <\/div>\n            <\/div>\n          <\/article>\n                  <article class=\"em-card\"\n            data-type=\"activity\"\n            data-features=\"\"\n            data-name=\"visite de mimizan sur le chemin de saint-jacques-de-compostelle\"\n            data-json=\"{&quot;name&quot;:&quot;Visite de Mimizan sur le Chemin de Saint-Jacques-de-Compostelle&quot;,&quot;image&quot;:&quot;https:\\\/\\\/example.com\\\/image-mimizan.png&quot;,&quot;link&quot;:&quot;https:\\\/\\\/www.mimizan-tourisme.com\\\/je-decouvre\\\/les-villes\\\/st-paul-en-born\\\/&quot;,&quot;data&quot;:{&quot;name&quot;:&quot;Visite de Mimizan sur le Chemin de Saint-Jacques-de-Compostelle&quot;,&quot;type&quot;:&quot; Culturel&quot;,&quot;place&quot;:&quot;Mimizan&quot;,&quot;distance_km&quot;:&quot;environ 7 km&quot;,&quot;duration&quot;:&quot;Variable&quot;,&quot;price&quot;:&quot;Gratuit&quot;,&quot;booking_necessary&quot;:&quot;Non&quot;,&quot;comment&quot;:&quot;D\\u00e9couvrez l&#039;histoire et la culture le long du chemin de p\\u00e8lerinage.&quot;,&quot;link&quot;:&quot;https:\\\/\\\/www.mimizan-tourisme.com\\\/je-decouvre\\\/les-villes\\\/st-paul-en-born\\\/&quot;,&quot;image&quot;:&quot;https:\\\/\\\/example.com\\\/image-mimizan.png&quot;},&quot;category&quot;:&quot;Activit\\u00e9s et lieux recommand\\u00e9s&quot;}\">\n\n            <!-- Image + badge cat\u00e9gorie -->\n            <div class=\"em-card-img-wrap\">\n                              <img decoding=\"async\" class=\"em-card-img\" src=\"https:\/\/example.com\/image-mimizan.png\" alt=\"Visite de Mimizan sur le Chemin de Saint-Jacques-de-Compostelle\" loading=\"lazy\" onerror=\"this.style.display='none';this.nextElementSibling.style.display='flex';\">\n                <div class=\"em-card-placeholder\" style=\"display:none;\">\ud83d\udcf7 Image indisponible<\/div>\n                            <span class=\"em-card-badge badge-activity\">Activit\u00e9s et lieux recommand\u00e9s<\/span>\n            <\/div>\n\n            <!-- Contenu de la card -->\n            <div class=\"em-card-body\">\n              <h3 class=\"em-card-title\">Visite de Mimizan sur le Chemin de Saint-Jacques-de-Compostelle<\/h3>\n\n              <!-- Tags r\u00e9sum\u00e9s (max 4) -->\n              <div class=\"em-card-tags\">\n                                    <span class=\"em-tag em-tag-green\">Gratuit<\/span>\n                                    <span class=\"em-tag em-tag-blue\">Mimizan<\/span>\n                                              <\/div>\n\n              <!-- Champs suppl\u00e9mentaires (max 3) -->\n              <div class=\"em-card-fields\">\n                                  <div class=\"em-card-field\">\n                    <span class=\"em-card-field-label\">Type d\u2019\u00e9v\u00e9nement (march\u00e9, festival, sport, etc.) :<\/span>\n                    <span class=\"em-card-field-value\"> Culturel<\/span>\n                  <\/div>\n                                  <div class=\"em-card-field\">\n                    <span class=\"em-card-field-label\">Distance depuis le camping (km) :<\/span>\n                    <span class=\"em-card-field-value\">environ 7 km<\/span>\n                  <\/div>\n                                  <div class=\"em-card-field\">\n                    <span class=\"em-card-field-label\">Dur\u00e9e moyenne :<\/span>\n                    <span class=\"em-card-field-value\">Variable<\/span>\n                  <\/div>\n                              <\/div>\n\n              <!-- Lien vers le d\u00e9tail -->\n              <div class=\"em-card-footer\">\n                <span>Voir le d\u00e9tail<\/span>\n                <svg fill=\"none\" viewBox=\"0 0 24 24\" stroke=\"currentColor\" stroke-width=\"2\"><path stroke-linecap=\"round\" stroke-linejoin=\"round\" d=\"M13.5 4.5L21 12m0 0l-7.5 7.5M21 12H3\"><\/path><\/svg>\n              <\/div>\n            <\/div>\n          <\/article>\n                  <article class=\"em-card\"\n            data-type=\"activity\"\n            data-features=\"\"\n            data-name=\"escalade d&#039;arbres\"\n            data-json=\"{&quot;name&quot;:&quot;Escalade d&#039;arbres&quot;,&quot;image&quot;:&quot;https:\\\/\\\/example.com\\\/image-escalade-arbres.png&quot;,&quot;link&quot;:&quot;https:\\\/\\\/www.biscagrandslacs.com\\\/activites\\\/saint-paul-en-born&quot;,&quot;data&quot;:{&quot;name&quot;:&quot;Escalade d&#039;arbres&quot;,&quot;type&quot;:&quot;Activit\\u00e9 aventure&quot;,&quot;place&quot;:&quot;Bisca Grands Lacs&quot;,&quot;distance_km&quot;:&quot;\\u00e0 environ 15 km&quot;,&quot;duration&quot;:&quot;Variable&quot;,&quot;price&quot;:&quot;Payant&quot;,&quot;booking_necessary&quot;:&quot;Oui&quot;,&quot;comment&quot;:&quot;Activit\\u00e9 disponible \\u00e0 Bisca Grands Lacs, avec parcours adapt\\u00e9s \\u00e0 tous.&quot;,&quot;link&quot;:&quot;https:\\\/\\\/www.biscagrandslacs.com\\\/activites\\\/saint-paul-en-born&quot;,&quot;image&quot;:&quot;https:\\\/\\\/example.com\\\/image-escalade-arbres.png&quot;},&quot;category&quot;:&quot;Activit\\u00e9s et lieux recommand\\u00e9s&quot;}\">\n\n            <!-- Image + badge cat\u00e9gorie -->\n            <div class=\"em-card-img-wrap\">\n                              <img decoding=\"async\" class=\"em-card-img\" src=\"https:\/\/example.com\/image-escalade-arbres.png\" alt=\"Escalade d&#039;arbres\" loading=\"lazy\" onerror=\"this.style.display='none';this.nextElementSibling.style.display='flex';\">\n                <div class=\"em-card-placeholder\" style=\"display:none;\">\ud83d\udcf7 Image indisponible<\/div>\n                            <span class=\"em-card-badge badge-activity\">Activit\u00e9s et lieux recommand\u00e9s<\/span>\n            <\/div>\n\n            <!-- Contenu de la card -->\n            <div class=\"em-card-body\">\n              <h3 class=\"em-card-title\">Escalade d&#039;arbres<\/h3>\n\n              <!-- Tags r\u00e9sum\u00e9s (max 4) -->\n              <div class=\"em-card-tags\">\n                                    <span class=\"em-tag em-tag-green\">Payant<\/span>\n                                    <span class=\"em-tag em-tag-blue\">Bisca Grands Lacs<\/span>\n                                              <\/div>\n\n              <!-- Champs suppl\u00e9mentaires (max 3) -->\n              <div class=\"em-card-fields\">\n                                  <div class=\"em-card-field\">\n                    <span class=\"em-card-field-label\">Type d\u2019\u00e9v\u00e9nement (march\u00e9, festival, sport, etc.) :<\/span>\n                    <span class=\"em-card-field-value\">Activit\u00e9 aventure<\/span>\n                  <\/div>\n                                  <div class=\"em-card-field\">\n                    <span class=\"em-card-field-label\">Distance depuis le camping (km) :<\/span>\n                    <span class=\"em-card-field-value\">\u00e0 environ 15 km<\/span>\n                  <\/div>\n                                  <div class=\"em-card-field\">\n                    <span class=\"em-card-field-label\">Dur\u00e9e moyenne :<\/span>\n                    <span class=\"em-card-field-value\">Variable<\/span>\n                  <\/div>\n                              <\/div>\n\n              <!-- Lien vers le d\u00e9tail -->\n              <div class=\"em-card-footer\">\n                <span>Voir le d\u00e9tail<\/span>\n                <svg fill=\"none\" viewBox=\"0 0 24 24\" stroke=\"currentColor\" stroke-width=\"2\"><path stroke-linecap=\"round\" stroke-linejoin=\"round\" d=\"M13.5 4.5L21 12m0 0l-7.5 7.5M21 12H3\"><\/path><\/svg>\n              <\/div>\n            <\/div>\n          <\/article>\n                  <article class=\"em-card\"\n            data-type=\"activity\"\n            data-features=\"\"\n            data-name=\"observation des \u00e9toiles\"\n            data-json=\"{&quot;name&quot;:&quot;Observation des \\u00e9toiles&quot;,&quot;image&quot;:&quot;https:\\\/\\\/example.com\\\/image-etoiles.png&quot;,&quot;link&quot;:&quot;https:\\\/\\\/www.tourismelandes.com_decimal\\\/decouverte\\\/foret-des-landes-pcuaqu040v50c2Z&quot;,&quot;data&quot;:{&quot;name&quot;:&quot;Observation des \\u00e9toiles&quot;,&quot;type&quot;:&quot;Activit\\u00e9 astronomique&quot;,&quot;place&quot;:&quot;For\\u00eat des Landes&quot;,&quot;distance_km&quot;:&quot;environ 10 km \\u00e0 partir de Saint-Paul-en-Born&quot;,&quot;duration&quot;:&quot;Variable&quot;,&quot;price&quot;:&quot;Gratuit&quot;,&quot;booking_necessary&quot;:&quot;Non&quot;,&quot;comment&quot;:&quot;La faible pollution lumineuse permet une observation optimale.&quot;,&quot;link&quot;:&quot;https:\\\/\\\/www.tourismelandes.com_decimal\\\/decouverte\\\/foret-des-landes-pcuaqu040v50c2Z&quot;,&quot;image&quot;:&quot;https:\\\/\\\/example.com\\\/image-etoiles.png&quot;},&quot;category&quot;:&quot;Activit\\u00e9s et lieux recommand\\u00e9s&quot;}\">\n\n            <!-- Image + badge cat\u00e9gorie -->\n            <div class=\"em-card-img-wrap\">\n                              <img decoding=\"async\" class=\"em-card-img\" src=\"https:\/\/example.com\/image-etoiles.png\" alt=\"Observation des \u00e9toiles\" loading=\"lazy\" onerror=\"this.style.display='none';this.nextElementSibling.style.display='flex';\">\n                <div class=\"em-card-placeholder\" style=\"display:none;\">\ud83d\udcf7 Image indisponible<\/div>\n                            <span class=\"em-card-badge badge-activity\">Activit\u00e9s et lieux recommand\u00e9s<\/span>\n            <\/div>\n\n            <!-- Contenu de la card -->\n            <div class=\"em-card-body\">\n              <h3 class=\"em-card-title\">Observation des \u00e9toiles<\/h3>\n\n              <!-- Tags r\u00e9sum\u00e9s (max 4) -->\n              <div class=\"em-card-tags\">\n                                    <span class=\"em-tag em-tag-green\">Gratuit<\/span>\n                                    <span class=\"em-tag em-tag-blue\">For\u00eat des Landes<\/span>\n                                              <\/div>\n\n              <!-- Champs suppl\u00e9mentaires (max 3) -->\n              <div class=\"em-card-fields\">\n                                  <div class=\"em-card-field\">\n                    <span class=\"em-card-field-label\">Type d\u2019\u00e9v\u00e9nement (march\u00e9, festival, sport, etc.) :<\/span>\n                    <span class=\"em-card-field-value\">Activit\u00e9 astronomique<\/span>\n                  <\/div>\n                                  <div class=\"em-card-field\">\n                    <span class=\"em-card-field-label\">Distance depuis le camping (km) :<\/span>\n                    <span class=\"em-card-field-value\">environ 10 km \u00e0 partir de Saint-Paul-en-Born<\/span>\n                  <\/div>\n                                  <div class=\"em-card-field\">\n                    <span class=\"em-card-field-label\">Dur\u00e9e moyenne :<\/span>\n                    <span class=\"em-card-field-value\">Variable<\/span>\n                  <\/div>\n                              <\/div>\n\n              <!-- Lien vers le d\u00e9tail -->\n              <div class=\"em-card-footer\">\n                <span>Voir le d\u00e9tail<\/span>\n                <svg fill=\"none\" viewBox=\"0 0 24 24\" stroke=\"currentColor\" stroke-width=\"2\"><path stroke-linecap=\"round\" stroke-linejoin=\"round\" d=\"M13.5 4.5L21 12m0 0l-7.5 7.5M21 12H3\"><\/path><\/svg>\n              <\/div>\n            <\/div>\n          <\/article>\n                  <article class=\"em-card\"\n            data-type=\"activity\"\n            data-features=\"\"\n            data-name=\"cours de surf\"\n            data-json=\"{&quot;name&quot;:&quot;Cours de Surf&quot;,&quot;image&quot;:&quot;https:\\\/\\\/example.com\\\/image-surf.png&quot;,&quot;link&quot;:&quot;https:\\\/\\\/www.biscarrosse.com\\\/fr\\\/surf&quot;,&quot;data&quot;:{&quot;name&quot;:&quot;Cours de Surf&quot;,&quot;type&quot;:&quot;Activit\\u00e9 nautique&quot;,&quot;place&quot;:&quot;Biscarrosse&quot;,&quot;distance_km&quot;:&quot;environ 25 km&quot;,&quot;duration&quot;:&quot;2 heures&quot;,&quot;price&quot;:&quot;Payant&quot;,&quot;booking_necessary&quot;:&quot;Oui&quot;,&quot;comment&quot;:&quot;Apprenez \\u00e0 surfer sur les vagues de l&#039;oc\\u00e9an Atlantique.&quot;,&quot;link&quot;:&quot;https:\\\/\\\/www.biscarrosse.com\\\/fr\\\/surf&quot;,&quot;image&quot;:&quot;https:\\\/\\\/example.com\\\/image-surf.png&quot;},&quot;category&quot;:&quot;Activit\\u00e9s et lieux recommand\\u00e9s&quot;}\">\n\n            <!-- Image + badge cat\u00e9gorie -->\n            <div class=\"em-card-img-wrap\">\n                              <img decoding=\"async\" class=\"em-card-img\" src=\"https:\/\/example.com\/image-surf.png\" alt=\"Cours de Surf\" loading=\"lazy\" onerror=\"this.style.display='none';this.nextElementSibling.style.display='flex';\">\n                <div class=\"em-card-placeholder\" style=\"display:none;\">\ud83d\udcf7 Image indisponible<\/div>\n                            <span class=\"em-card-badge badge-activity\">Activit\u00e9s et lieux recommand\u00e9s<\/span>\n            <\/div>\n\n            <!-- Contenu de la card -->\n            <div class=\"em-card-body\">\n              <h3 class=\"em-card-title\">Cours de Surf<\/h3>\n\n              <!-- Tags r\u00e9sum\u00e9s (max 4) -->\n              <div class=\"em-card-tags\">\n                                    <span class=\"em-tag em-tag-green\">Payant<\/span>\n                                    <span class=\"em-tag em-tag-blue\">Biscarrosse<\/span>\n                                              <\/div>\n\n              <!-- Champs suppl\u00e9mentaires (max 3) -->\n              <div class=\"em-card-fields\">\n                                  <div class=\"em-card-field\">\n                    <span class=\"em-card-field-label\">Type d\u2019\u00e9v\u00e9nement (march\u00e9, festival, sport, etc.) :<\/span>\n                    <span class=\"em-card-field-value\">Activit\u00e9 nautique<\/span>\n                  <\/div>\n                                  <div class=\"em-card-field\">\n                    <span class=\"em-card-field-label\">Distance depuis le camping (km) :<\/span>\n                    <span class=\"em-card-field-value\">environ 25 km<\/span>\n                  <\/div>\n                                  <div class=\"em-card-field\">\n                    <span class=\"em-card-field-label\">Dur\u00e9e moyenne :<\/span>\n                    <span class=\"em-card-field-value\">2 heures<\/span>\n                  <\/div>\n                              <\/div>\n\n              <!-- Lien vers le d\u00e9tail -->\n              <div class=\"em-card-footer\">\n                <span>Voir le d\u00e9tail<\/span>\n                <svg fill=\"none\" viewBox=\"0 0 24 24\" stroke=\"currentColor\" stroke-width=\"2\"><path stroke-linecap=\"round\" stroke-linejoin=\"round\" d=\"M13.5 4.5L21 12m0 0l-7.5 7.5M21 12H3\"><\/path><\/svg>\n              <\/div>\n            <\/div>\n          <\/article>\n                  <article class=\"em-card\"\n            data-type=\"activity\"\n            data-features=\"\"\n            data-name=\"s\u00e9ance de yoga en plein air\"\n            data-json=\"{&quot;name&quot;:&quot;S\\u00e9ance de Yoga en plein air&quot;,&quot;image&quot;:&quot;https:\\\/\\\/example.com\\\/image-yoga.png&quot;,&quot;link&quot;:&quot;https:\\\/\\\/www.tourismelandes.com_decimal\\\/decouverte\\\/foret-des-landes-pcuaqu040v50c2Z&quot;,&quot;data&quot;:{&quot;name&quot;:&quot;S\\u00e9ance de Yoga en plein air&quot;,&quot;type&quot;:&quot;Bien-\\u00eatre&quot;,&quot;place&quot;:&quot;For\\u00eat des Landes&quot;,&quot;distance_km&quot;:&quot;environ 10 km \\u00e0 partir de Saint-Paul-en-Born&quot;,&quot;duration&quot;:&quot;1 heure&quot;,&quot;price&quot;:&quot;Payant&quot;,&quot;booking_necessary&quot;:&quot;Oui&quot;,&quot;comment&quot;:&quot;Pratiquez le yoga dans un cadre naturel.&quot;,&quot;link&quot;:&quot;https:\\\/\\\/www.tourismelandes.com_decimal\\\/decouverte\\\/foret-des-landes-pcuaqu040v50c2Z&quot;,&quot;image&quot;:&quot;https:\\\/\\\/example.com\\\/image-yoga.png&quot;},&quot;category&quot;:&quot;Activit\\u00e9s et lieux recommand\\u00e9s&quot;}\">\n\n            <!-- Image + badge cat\u00e9gorie -->\n            <div class=\"em-card-img-wrap\">\n                              <img decoding=\"async\" class=\"em-card-img\" src=\"https:\/\/example.com\/image-yoga.png\" alt=\"S\u00e9ance de Yoga en plein air\" loading=\"lazy\" onerror=\"this.style.display='none';this.nextElementSibling.style.display='flex';\">\n                <div class=\"em-card-placeholder\" style=\"display:none;\">\ud83d\udcf7 Image indisponible<\/div>\n                            <span class=\"em-card-badge badge-activity\">Activit\u00e9s et lieux recommand\u00e9s<\/span>\n            <\/div>\n\n            <!-- Contenu de la card -->\n            <div class=\"em-card-body\">\n              <h3 class=\"em-card-title\">S\u00e9ance de Yoga en plein air<\/h3>\n\n              <!-- Tags r\u00e9sum\u00e9s (max 4) -->\n              <div class=\"em-card-tags\">\n                                    <span class=\"em-tag em-tag-green\">Payant<\/span>\n                                    <span class=\"em-tag em-tag-blue\">For\u00eat des Landes<\/span>\n                                              <\/div>\n\n              <!-- Champs suppl\u00e9mentaires (max 3) -->\n              <div class=\"em-card-fields\">\n                                  <div class=\"em-card-field\">\n                    <span class=\"em-card-field-label\">Type d\u2019\u00e9v\u00e9nement (march\u00e9, festival, sport, etc.) :<\/span>\n                    <span class=\"em-card-field-value\">Bien-\u00eatre<\/span>\n                  <\/div>\n                                  <div class=\"em-card-field\">\n                    <span class=\"em-card-field-label\">Distance depuis le camping (km) :<\/span>\n                    <span class=\"em-card-field-value\">environ 10 km \u00e0 partir de Saint-Paul-en-Born<\/span>\n                  <\/div>\n                                  <div class=\"em-card-field\">\n                    <span class=\"em-card-field-label\">Dur\u00e9e moyenne :<\/span>\n                    <span class=\"em-card-field-value\">1 heure<\/span>\n                  <\/div>\n                              <\/div>\n\n              <!-- Lien vers le d\u00e9tail -->\n              <div class=\"em-card-footer\">\n                <span>Voir le d\u00e9tail<\/span>\n                <svg fill=\"none\" viewBox=\"0 0 24 24\" stroke=\"currentColor\" stroke-width=\"2\"><path stroke-linecap=\"round\" stroke-linejoin=\"round\" d=\"M13.5 4.5L21 12m0 0l-7.5 7.5M21 12H3\"><\/path><\/svg>\n              <\/div>\n            <\/div>\n          <\/article>\n                  <article class=\"em-card\"\n            data-type=\"activity\"\n            data-features=\"\"\n            data-name=\"visite de la dune du pilat\"\n            data-json=\"{&quot;name&quot;:&quot;Visite de la Dune du Pilat&quot;,&quot;image&quot;:&quot;https:\\\/\\\/example.com\\\/image-dune-pilat.png&quot;,&quot;link&quot;:&quot;https:\\\/\\\/www.landes-tourisme.com\\\/decouverte\\\/dune-du-pilat\\\/&quot;,&quot;data&quot;:{&quot;name&quot;:&quot;Visite de la Dune du Pilat&quot;,&quot;type&quot;:&quot;Site naturel&quot;,&quot;place&quot;:&quot;Pyla-sur-Mer&quot;,&quot;distance_km&quot;:&quot;environ 65 km&quot;,&quot;duration&quot;:&quot;Variable&quot;,&quot;price&quot;:&quot;Gratuit&quot;,&quot;booking_necessary&quot;:&quot;Non&quot;,&quot;comment&quot;:&quot;D\\u00e9couvrez la plus grande dune d&#039;Europe.&quot;,&quot;link&quot;:&quot;https:\\\/\\\/www.landes-tourisme.com\\\/decouverte\\\/dune-du-pilat\\\/&quot;,&quot;image&quot;:&quot;https:\\\/\\\/example.com\\\/image-dune-pilat.png&quot;},&quot;category&quot;:&quot;Activit\\u00e9s et lieux recommand\\u00e9s&quot;}\">\n\n            <!-- Image + badge cat\u00e9gorie -->\n            <div class=\"em-card-img-wrap\">\n                              <img decoding=\"async\" class=\"em-card-img\" src=\"https:\/\/example.com\/image-dune-pilat.png\" alt=\"Visite de la Dune du Pilat\" loading=\"lazy\" onerror=\"this.style.display='none';this.nextElementSibling.style.display='flex';\">\n                <div class=\"em-card-placeholder\" style=\"display:none;\">\ud83d\udcf7 Image indisponible<\/div>\n                            <span class=\"em-card-badge badge-activity\">Activit\u00e9s et lieux recommand\u00e9s<\/span>\n            <\/div>\n\n            <!-- Contenu de la card -->\n            <div class=\"em-card-body\">\n              <h3 class=\"em-card-title\">Visite de la Dune du Pilat<\/h3>\n\n              <!-- Tags r\u00e9sum\u00e9s (max 4) -->\n              <div class=\"em-card-tags\">\n                                    <span class=\"em-tag em-tag-green\">Gratuit<\/span>\n                                    <span class=\"em-tag em-tag-blue\">Pyla-sur-Mer<\/span>\n                                              <\/div>\n\n              <!-- Champs suppl\u00e9mentaires (max 3) -->\n              <div class=\"em-card-fields\">\n                                  <div class=\"em-card-field\">\n                    <span class=\"em-card-field-label\">Type d\u2019\u00e9v\u00e9nement (march\u00e9, festival, sport, etc.) :<\/span>\n                    <span class=\"em-card-field-value\">Site naturel<\/span>\n                  <\/div>\n                                  <div class=\"em-card-field\">\n                    <span class=\"em-card-field-label\">Distance depuis le camping (km) :<\/span>\n                    <span class=\"em-card-field-value\">environ 65 km<\/span>\n                  <\/div>\n                                  <div class=\"em-card-field\">\n                    <span class=\"em-card-field-label\">Dur\u00e9e moyenne :<\/span>\n                    <span class=\"em-card-field-value\">Variable<\/span>\n                  <\/div>\n                              <\/div>\n\n              <!-- Lien vers le d\u00e9tail -->\n              <div class=\"em-card-footer\">\n                <span>Voir le d\u00e9tail<\/span>\n                <svg fill=\"none\" viewBox=\"0 0 24 24\" stroke=\"currentColor\" stroke-width=\"2\"><path stroke-linecap=\"round\" stroke-linejoin=\"round\" d=\"M13.5 4.5L21 12m0 0l-7.5 7.5M21 12H3\"><\/path><\/svg>\n              <\/div>\n            <\/div>\n          <\/article>\n                  <article class=\"em-card\"\n            data-type=\"activity\"\n            data-features=\"\"\n            data-name=\"curiosit\u00e9s g\u00e9ologiques locales\"\n            data-json=\"{&quot;name&quot;:&quot;Curiosit\\u00e9s g\\u00e9ologiques locales&quot;,&quot;image&quot;:&quot;https:\\\/\\\/example.com\\\/image-geologie.png&quot;,&quot;link&quot;:&quot;https:\\\/\\\/www.tourismelandes.com_decimal\\\/decouverte\\\/foret-des-landes-pcuaqu040v50c2Z&quot;,&quot;data&quot;:{&quot;name&quot;:&quot;Curiosit\\u00e9s g\\u00e9ologiques locales&quot;,&quot;type&quot;:&quot;Site g\\u00e9ologique&quot;,&quot;place&quot;:&quot;For\\u00eat des Landes&quot;,&quot;distance_km&quot;:&quot;environ 10 km \\u00e0 partir de Saint-Paul-en-Born&quot;,&quot;duration&quot;:&quot;Variable&quot;,&quot;price&quot;:&quot;Gratuit&quot;,&quot;booking_necessary&quot;:&quot;Non&quot;,&quot;comment&quot;:&quot;Observation des formations g\\u00e9ologiques uniques.&quot;,&quot;link&quot;:&quot;https:\\\/\\\/www.tourismelandes.com_decimal\\\/decouverte\\\/foret-des-landes-pcuaqu040v50c2Z&quot;,&quot;image&quot;:&quot;https:\\\/\\\/example.com\\\/image-geologie.png&quot;},&quot;category&quot;:&quot;Activit\\u00e9s et lieux recommand\\u00e9s&quot;}\">\n\n            <!-- Image + badge cat\u00e9gorie -->\n            <div class=\"em-card-img-wrap\">\n                              <img decoding=\"async\" class=\"em-card-img\" src=\"https:\/\/example.com\/image-geologie.png\" alt=\"Curiosit\u00e9s g\u00e9ologiques locales\" loading=\"lazy\" onerror=\"this.style.display='none';this.nextElementSibling.style.display='flex';\">\n                <div class=\"em-card-placeholder\" style=\"display:none;\">\ud83d\udcf7 Image indisponible<\/div>\n                            <span class=\"em-card-badge badge-activity\">Activit\u00e9s et lieux recommand\u00e9s<\/span>\n            <\/div>\n\n            <!-- Contenu de la card -->\n            <div class=\"em-card-body\">\n              <h3 class=\"em-card-title\">Curiosit\u00e9s g\u00e9ologiques locales<\/h3>\n\n              <!-- Tags r\u00e9sum\u00e9s (max 4) -->\n              <div class=\"em-card-tags\">\n                                    <span class=\"em-tag em-tag-green\">Gratuit<\/span>\n                                    <span class=\"em-tag em-tag-blue\">For\u00eat des Landes<\/span>\n                                              <\/div>\n\n              <!-- Champs suppl\u00e9mentaires (max 3) -->\n              <div class=\"em-card-fields\">\n                                  <div class=\"em-card-field\">\n                    <span class=\"em-card-field-label\">Type d\u2019\u00e9v\u00e9nement (march\u00e9, festival, sport, etc.) :<\/span>\n                    <span class=\"em-card-field-value\">Site g\u00e9ologique<\/span>\n                  <\/div>\n                                  <div class=\"em-card-field\">\n                    <span class=\"em-card-field-label\">Distance depuis le camping (km) :<\/span>\n                    <span class=\"em-card-field-value\">environ 10 km \u00e0 partir de Saint-Paul-en-Born<\/span>\n                  <\/div>\n                                  <div class=\"em-card-field\">\n                    <span class=\"em-card-field-label\">Dur\u00e9e moyenne :<\/span>\n                    <span class=\"em-card-field-value\">Variable<\/span>\n                  <\/div>\n                              <\/div>\n\n              <!-- Lien vers le d\u00e9tail -->\n              <div class=\"em-card-footer\">\n                <span>Voir le d\u00e9tail<\/span>\n                <svg fill=\"none\" viewBox=\"0 0 24 24\" stroke=\"currentColor\" stroke-width=\"2\"><path stroke-linecap=\"round\" stroke-linejoin=\"round\" d=\"M13.5 4.5L21 12m0 0l-7.5 7.5M21 12H3\"><\/path><\/svg>\n              <\/div>\n            <\/div>\n          <\/article>\n                  <article class=\"em-card\"\n            data-type=\"activity\"\n            data-features=\"\"\n            data-name=\"th\u00e9\u00e2tre de plein air\"\n            data-json=\"{&quot;name&quot;:&quot;Th\\u00e9\\u00e2tre de plein air&quot;,&quot;image&quot;:&quot;https:\\\/\\\/example.com\\\/image-theatre.png&quot;,&quot;link&quot;:&quot;https:\\\/\\\/www.tourismelandes.com_decimal\\\/decouverte\\\/foret-des-landes-pcuaqu040v50c2Z&quot;,&quot;data&quot;:{&quot;name&quot;:&quot;Th\\u00e9\\u00e2tre de plein air&quot;,&quot;type&quot;:&quot;Activit\\u00e9 culturelle&quot;,&quot;place&quot;:&quot;For\\u00eat des Landes&quot;,&quot;distance_km&quot;:&quot;environ 10 km \\u00e0 partir de Saint-Paul-en-Born&quot;,&quot;duration&quot;:&quot;Variable&quot;,&quot;price&quot;:&quot;Payant&quot;,&quot;booking_necessary&quot;:&quot;Oui&quot;,&quot;comment&quot;:&quot;Spectacles en plein air dans un cadre naturel.&quot;,&quot;link&quot;:&quot;https:\\\/\\\/www.tourismelandes.com_decimal\\\/decouverte\\\/foret-des-landes-pcuaqu040v50c2Z&quot;,&quot;image&quot;:&quot;https:\\\/\\\/example.com\\\/image-theatre.png&quot;},&quot;category&quot;:&quot;Activit\\u00e9s et lieux recommand\\u00e9s&quot;}\">\n\n            <!-- Image + badge cat\u00e9gorie -->\n            <div class=\"em-card-img-wrap\">\n                              <img decoding=\"async\" class=\"em-card-img\" src=\"https:\/\/example.com\/image-theatre.png\" alt=\"Th\u00e9\u00e2tre de plein air\" loading=\"lazy\" onerror=\"this.style.display='none';this.nextElementSibling.style.display='flex';\">\n                <div class=\"em-card-placeholder\" style=\"display:none;\">\ud83d\udcf7 Image indisponible<\/div>\n                            <span class=\"em-card-badge badge-activity\">Activit\u00e9s et lieux recommand\u00e9s<\/span>\n            <\/div>\n\n            <!-- Contenu de la card -->\n            <div class=\"em-card-body\">\n              <h3 class=\"em-card-title\">Th\u00e9\u00e2tre de plein air<\/h3>\n\n              <!-- Tags r\u00e9sum\u00e9s (max 4) -->\n              <div class=\"em-card-tags\">\n                                    <span class=\"em-tag em-tag-green\">Payant<\/span>\n                                    <span class=\"em-tag em-tag-blue\">For\u00eat des Landes<\/span>\n                                              <\/div>\n\n              <!-- Champs suppl\u00e9mentaires (max 3) -->\n              <div class=\"em-card-fields\">\n                                  <div class=\"em-card-field\">\n                    <span class=\"em-card-field-label\">Type d\u2019\u00e9v\u00e9nement (march\u00e9, festival, sport, etc.) :<\/span>\n                    <span class=\"em-card-field-value\">Activit\u00e9 culturelle<\/span>\n                  <\/div>\n                                  <div class=\"em-card-field\">\n                    <span class=\"em-card-field-label\">Distance depuis le camping (km) :<\/span>\n                    <span class=\"em-card-field-value\">environ 10 km \u00e0 partir de Saint-Paul-en-Born<\/span>\n                  <\/div>\n                                  <div class=\"em-card-field\">\n                    <span class=\"em-card-field-label\">Dur\u00e9e moyenne :<\/span>\n                    <span class=\"em-card-field-value\">Variable<\/span>\n                  <\/div>\n                              <\/div>\n\n              <!-- Lien vers le d\u00e9tail -->\n              <div class=\"em-card-footer\">\n                <span>Voir le d\u00e9tail<\/span>\n                <svg fill=\"none\" viewBox=\"0 0 24 24\" stroke=\"currentColor\" stroke-width=\"2\"><path stroke-linecap=\"round\" stroke-linejoin=\"round\" d=\"M13.5 4.5L21 12m0 0l-7.5 7.5M21 12H3\"><\/path><\/svg>\n              <\/div>\n            <\/div>\n          <\/article>\n                  <article class=\"em-card\"\n            data-type=\"activity\"\n            data-features=\"\"\n            data-name=\"herboristerie locale\"\n            data-json=\"{&quot;name&quot;:&quot;Herboristerie locale&quot;,&quot;image&quot;:&quot;https:\\\/\\\/example.com\\\/image-herboristerie.png&quot;,&quot;link&quot;:&quot;https:\\\/\\\/www.tourismelandes.com_decimal\\\/decouverte\\\/foret-des-landes-pcuaqu040v50c2Z&quot;,&quot;data&quot;:{&quot;name&quot;:&quot;Herboristerie locale&quot;,&quot;type&quot;:&quot;Activit\\u00e9 botanique&quot;,&quot;place&quot;:&quot;Saint-Paul-en-Born ou Mimizan&quot;,&quot;distance_km&quot;:&quot;environ 7 km \\u00e0 Mimizan&quot;,&quot;duration&quot;:&quot;Variable&quot;,&quot;price&quot;:&quot;Payant&quot;,&quot;booking_necessary&quot;:&quot;Non&quot;,&quot;comment&quot;:&quot;D\\u00e9couverte des plantes locales et leurs usages.&quot;,&quot;link&quot;:&quot;https:\\\/\\\/www.tourismelandes.com_decimal\\\/decouverte\\\/foret-des-landes-pcuaqu040v50c2Z&quot;,&quot;image&quot;:&quot;https:\\\/\\\/example.com\\\/image-herboristerie.png&quot;},&quot;category&quot;:&quot;Activit\\u00e9s et lieux recommand\\u00e9s&quot;}\">\n\n            <!-- Image + badge cat\u00e9gorie -->\n            <div class=\"em-card-img-wrap\">\n                              <img decoding=\"async\" class=\"em-card-img\" src=\"https:\/\/example.com\/image-herboristerie.png\" alt=\"Herboristerie locale\" loading=\"lazy\" onerror=\"this.style.display='none';this.nextElementSibling.style.display='flex';\">\n                <div class=\"em-card-placeholder\" style=\"display:none;\">\ud83d\udcf7 Image indisponible<\/div>\n                            <span class=\"em-card-badge badge-activity\">Activit\u00e9s et lieux recommand\u00e9s<\/span>\n            <\/div>\n\n            <!-- Contenu de la card -->\n            <div class=\"em-card-body\">\n              <h3 class=\"em-card-title\">Herboristerie locale<\/h3>\n\n              <!-- Tags r\u00e9sum\u00e9s (max 4) -->\n              <div class=\"em-card-tags\">\n                                    <span class=\"em-tag em-tag-green\">Payant<\/span>\n                                    <span class=\"em-tag em-tag-blue\">Saint-Paul-en-Born ou Mimizan<\/span>\n                                              <\/div>\n\n              <!-- Champs suppl\u00e9mentaires (max 3) -->\n              <div class=\"em-card-fields\">\n                                  <div class=\"em-card-field\">\n                    <span class=\"em-card-field-label\">Type d\u2019\u00e9v\u00e9nement (march\u00e9, festival, sport, etc.) :<\/span>\n                    <span class=\"em-card-field-value\">Activit\u00e9 botanique<\/span>\n                  <\/div>\n                                  <div class=\"em-card-field\">\n                    <span class=\"em-card-field-label\">Distance depuis le camping (km) :<\/span>\n                    <span class=\"em-card-field-value\">environ 7 km \u00e0 Mimizan<\/span>\n                  <\/div>\n                                  <div class=\"em-card-field\">\n                    <span class=\"em-card-field-label\">Dur\u00e9e moyenne :<\/span>\n                    <span class=\"em-card-field-value\">Variable<\/span>\n                  <\/div>\n                              <\/div>\n\n              <!-- Lien vers le d\u00e9tail -->\n              <div class=\"em-card-footer\">\n                <span>Voir le d\u00e9tail<\/span>\n                <svg fill=\"none\" viewBox=\"0 0 24 24\" stroke=\"currentColor\" stroke-width=\"2\"><path stroke-linecap=\"round\" stroke-linejoin=\"round\" d=\"M13.5 4.5L21 12m0 0l-7.5 7.5M21 12H3\"><\/path><\/svg>\n              <\/div>\n            <\/div>\n          <\/article>\n                  <article class=\"em-card\"\n            data-type=\"activity\"\n            data-features=\"\"\n            data-name=\"pique-nique dans les marais\"\n            data-json=\"{&quot;name&quot;:&quot;Pique-nique dans les marais&quot;,&quot;image&quot;:&quot;https:\\\/\\\/example.com\\\/image-pique-nique.png&quot;,&quot;link&quot;:&quot;https:\\\/\\\/www.tourismelandes.com_decimal\\\/decouverte\\\/foret-des-landes-pcuaqu040v50c2Z&quot;,&quot;data&quot;:{&quot;name&quot;:&quot;Pique-nique dans les marais&quot;,&quot;type&quot;:&quot;Activit\\u00e9 gastronomique&quot;,&quot;place&quot;:&quot;Marais de Saint-Paul-en-Born&quot;,&quot;distance_km&quot;:&quot;environ 5 km \\u00e0 partir de Saint-Paul-en-Born&quot;,&quot;duration&quot;:&quot;Variable&quot;,&quot;price&quot;:&quot;Gratuit&quot;,&quot;booking_necessary&quot;:&quot;Non&quot;,&quot;comment&quot;:&quot;Profitez d&#039;un repas dans un cadre naturel unique.&quot;,&quot;link&quot;:&quot;https:\\\/\\\/www.tourismelandes.com_decimal\\\/decouverte\\\/foret-des-landes-pcuaqu040v50c2Z&quot;,&quot;image&quot;:&quot;https:\\\/\\\/example.com\\\/image-pique-nique.png&quot;},&quot;category&quot;:&quot;Activit\\u00e9s et lieux recommand\\u00e9s&quot;}\">\n\n            <!-- Image + badge cat\u00e9gorie -->\n            <div class=\"em-card-img-wrap\">\n                              <img decoding=\"async\" class=\"em-card-img\" src=\"https:\/\/example.com\/image-pique-nique.png\" alt=\"Pique-nique dans les marais\" loading=\"lazy\" onerror=\"this.style.display='none';this.nextElementSibling.style.display='flex';\">\n                <div class=\"em-card-placeholder\" style=\"display:none;\">\ud83d\udcf7 Image indisponible<\/div>\n                            <span class=\"em-card-badge badge-activity\">Activit\u00e9s et lieux recommand\u00e9s<\/span>\n            <\/div>\n\n            <!-- Contenu de la card -->\n            <div class=\"em-card-body\">\n              <h3 class=\"em-card-title\">Pique-nique dans les marais<\/h3>\n\n              <!-- Tags r\u00e9sum\u00e9s (max 4) -->\n              <div class=\"em-card-tags\">\n                                    <span class=\"em-tag em-tag-green\">Gratuit<\/span>\n                                    <span class=\"em-tag em-tag-blue\">Marais de Saint-Paul-en-Born<\/span>\n                                              <\/div>\n\n              <!-- Champs suppl\u00e9mentaires (max 3) -->\n              <div class=\"em-card-fields\">\n                                  <div class=\"em-card-field\">\n                    <span class=\"em-card-field-label\">Type d\u2019\u00e9v\u00e9nement (march\u00e9, festival, sport, etc.) :<\/span>\n                    <span class=\"em-card-field-value\">Activit\u00e9 gastronomique<\/span>\n                  <\/div>\n                                  <div class=\"em-card-field\">\n                    <span class=\"em-card-field-label\">Distance depuis le camping (km) :<\/span>\n                    <span class=\"em-card-field-value\">environ 5 km \u00e0 partir de Saint-Paul-en-Born<\/span>\n                  <\/div>\n                                  <div class=\"em-card-field\">\n                    <span class=\"em-card-field-label\">Dur\u00e9e moyenne :<\/span>\n                    <span class=\"em-card-field-value\">Variable<\/span>\n                  <\/div>\n                              <\/div>\n\n              <!-- Lien vers le d\u00e9tail -->\n              <div class=\"em-card-footer\">\n                <span>Voir le d\u00e9tail<\/span>\n                <svg fill=\"none\" viewBox=\"0 0 24 24\" stroke=\"currentColor\" stroke-width=\"2\"><path stroke-linecap=\"round\" stroke-linejoin=\"round\" d=\"M13.5 4.5L21 12m0 0l-7.5 7.5M21 12H3\"><\/path><\/svg>\n              <\/div>\n            <\/div>\n          <\/article>\n                  <article class=\"em-card\"\n            data-type=\"activity\"\n            data-features=\"\"\n            data-name=\"course \u00e0 pied dans la for\u00eat\"\n            data-json=\"{&quot;name&quot;:&quot;Course \\u00e0 pied dans la for\\u00eat&quot;,&quot;image&quot;:&quot;https:\\\/\\\/example.com\\\/image-course-pied.png&quot;,&quot;link&quot;:&quot;https:\\\/\\\/www.tourismelandes.com_decimal\\\/decouverte\\\/foret-des-landes-pcuaqu040v50c2Z&quot;,&quot;data&quot;:{&quot;name&quot;:&quot;Course \\u00e0 pied dans la for\\u00eat&quot;,&quot;type&quot;:&quot;Activit\\u00e9 sportive&quot;,&quot;place&quot;:&quot;For\\u00eat des Landes&quot;,&quot;distance_km&quot;:&quot;environ 10 km \\u00e0 partir de Saint-Paul-en-Born&quot;,&quot;duration&quot;:&quot;Variable&quot;,&quot;price&quot;:&quot;Gratuit&quot;,&quot;booking_necessary&quot;:&quot;Non&quot;,&quot;comment&quot;:&quot;Profitez d&#039;un environnement naturel pour courir.&quot;,&quot;link&quot;:&quot;https:\\\/\\\/www.tourismelandes.com_decimal\\\/decouverte\\\/foret-des-landes-pcuaqu040v50c2Z&quot;,&quot;image&quot;:&quot;https:\\\/\\\/example.com\\\/image-course-pied.png&quot;},&quot;category&quot;:&quot;Activit\\u00e9s et lieux recommand\\u00e9s&quot;}\">\n\n            <!-- Image + badge cat\u00e9gorie -->\n            <div class=\"em-card-img-wrap\">\n                              <img decoding=\"async\" class=\"em-card-img\" src=\"https:\/\/example.com\/image-course-pied.png\" alt=\"Course \u00e0 pied dans la for\u00eat\" loading=\"lazy\" onerror=\"this.style.display='none';this.nextElementSibling.style.display='flex';\">\n                <div class=\"em-card-placeholder\" style=\"display:none;\">\ud83d\udcf7 Image indisponible<\/div>\n                            <span class=\"em-card-badge badge-activity\">Activit\u00e9s et lieux recommand\u00e9s<\/span>\n            <\/div>\n\n            <!-- Contenu de la card -->\n            <div class=\"em-card-body\">\n              <h3 class=\"em-card-title\">Course \u00e0 pied dans la for\u00eat<\/h3>\n\n              <!-- Tags r\u00e9sum\u00e9s (max 4) -->\n              <div class=\"em-card-tags\">\n                                    <span class=\"em-tag em-tag-green\">Gratuit<\/span>\n                                    <span class=\"em-tag em-tag-blue\">For\u00eat des Landes<\/span>\n                                              <\/div>\n\n              <!-- Champs suppl\u00e9mentaires (max 3) -->\n              <div class=\"em-card-fields\">\n                                  <div class=\"em-card-field\">\n                    <span class=\"em-card-field-label\">Type d\u2019\u00e9v\u00e9nement (march\u00e9, festival, sport, etc.) :<\/span>\n                    <span class=\"em-card-field-value\">Activit\u00e9 sportive<\/span>\n                  <\/div>\n                                  <div class=\"em-card-field\">\n                    <span class=\"em-card-field-label\">Distance depuis le camping (km) :<\/span>\n                    <span class=\"em-card-field-value\">environ 10 km \u00e0 partir de Saint-Paul-en-Born<\/span>\n                  <\/div>\n                                  <div class=\"em-card-field\">\n                    <span class=\"em-card-field-label\">Dur\u00e9e moyenne :<\/span>\n                    <span class=\"em-card-field-value\">Variable<\/span>\n                  <\/div>\n                              <\/div>\n\n              <!-- Lien vers le d\u00e9tail -->\n              <div class=\"em-card-footer\">\n                <span>Voir le d\u00e9tail<\/span>\n                <svg fill=\"none\" viewBox=\"0 0 24 24\" stroke=\"currentColor\" stroke-width=\"2\"><path stroke-linecap=\"round\" stroke-linejoin=\"round\" d=\"M13.5 4.5L21 12m0 0l-7.5 7.5M21 12H3\"><\/path><\/svg>\n              <\/div>\n            <\/div>\n          <\/article>\n                  <article class=\"em-card\"\n            data-type=\"activity\"\n            data-features=\"\"\n            data-name=\"visite du phare de contis\"\n            data-json=\"{&quot;name&quot;:&quot;Visite du Phare de Contis&quot;,&quot;image&quot;:&quot;https:\\\/\\\/example.com\\\/image-phare-contis.png&quot;,&quot;link&quot;:&quot;https:\\\/\\\/www.tourismelandes.com_decimal\\\/decouverte\\\/phare-de-contis-pcuaqu040v50bdZ&quot;,&quot;data&quot;:{&quot;name&quot;:&quot;Visite du Phare de Contis&quot;,&quot;type&quot;:&quot;Site historique&quot;,&quot;place&quot;:&quot;Contis&quot;,&quot;distance_km&quot;:&quot;environ 35 km&quot;,&quot;duration&quot;:&quot;Variable&quot;,&quot;price&quot;:&quot;Payant&quot;,&quot;booking_necessary&quot;:&quot;Non&quot;,&quot;comment&quot;:&quot;D\\u00e9couvrez l&#039;histoire maritime de la r\\u00e9gion.&quot;,&quot;link&quot;:&quot;https:\\\/\\\/www.tourismelandes.com_decimal\\\/decouverte\\\/phare-de-contis-pcuaqu040v50bdZ&quot;,&quot;image&quot;:&quot;https:\\\/\\\/example.com\\\/image-phare-contis.png&quot;},&quot;category&quot;:&quot;Activit\\u00e9s et lieux recommand\\u00e9s&quot;}\">\n\n            <!-- Image + badge cat\u00e9gorie -->\n            <div class=\"em-card-img-wrap\">\n                              <img decoding=\"async\" class=\"em-card-img\" src=\"https:\/\/example.com\/image-phare-contis.png\" alt=\"Visite du Phare de Contis\" loading=\"lazy\" onerror=\"this.style.display='none';this.nextElementSibling.style.display='flex';\">\n                <div class=\"em-card-placeholder\" style=\"display:none;\">\ud83d\udcf7 Image indisponible<\/div>\n                            <span class=\"em-card-badge badge-activity\">Activit\u00e9s et lieux recommand\u00e9s<\/span>\n            <\/div>\n\n            <!-- Contenu de la card -->\n            <div class=\"em-card-body\">\n              <h3 class=\"em-card-title\">Visite du Phare de Contis<\/h3>\n\n              <!-- Tags r\u00e9sum\u00e9s (max 4) -->\n              <div class=\"em-card-tags\">\n                                    <span class=\"em-tag em-tag-green\">Payant<\/span>\n                                    <span class=\"em-tag em-tag-blue\">Contis<\/span>\n                                              <\/div>\n\n              <!-- Champs suppl\u00e9mentaires (max 3) -->\n              <div class=\"em-card-fields\">\n                                  <div class=\"em-card-field\">\n                    <span class=\"em-card-field-label\">Type d\u2019\u00e9v\u00e9nement (march\u00e9, festival, sport, etc.) :<\/span>\n                    <span class=\"em-card-field-value\">Site historique<\/span>\n                  <\/div>\n                                  <div class=\"em-card-field\">\n                    <span class=\"em-card-field-label\">Distance depuis le camping (km) :<\/span>\n                    <span class=\"em-card-field-value\">environ 35 km<\/span>\n                  <\/div>\n                                  <div class=\"em-card-field\">\n                    <span class=\"em-card-field-label\">Dur\u00e9e moyenne :<\/span>\n                    <span class=\"em-card-field-value\">Variable<\/span>\n                  <\/div>\n                              <\/div>\n\n              <!-- Lien vers le d\u00e9tail -->\n              <div class=\"em-card-footer\">\n                <span>Voir le d\u00e9tail<\/span>\n                <svg fill=\"none\" viewBox=\"0 0 24 24\" stroke=\"currentColor\" stroke-width=\"2\"><path stroke-linecap=\"round\" stroke-linejoin=\"round\" d=\"M13.5 4.5L21 12m0 0l-7.5 7.5M21 12H3\"><\/path><\/svg>\n              <\/div>\n            <\/div>\n          <\/article>\n                  <article class=\"em-card\"\n            data-type=\"activity\"\n            data-features=\"\"\n            data-name=\"f\u00eate locale\"\n            data-json=\"{&quot;name&quot;:&quot;F\\u00eate locale&quot;,&quot;image&quot;:&quot;https:\\\/\\\/example.com\\\/image-fete-locale.png&quot;,&quot;link&quot;:&quot;https:\\\/\\\/www.tourismelandes.com_decimal\\\/decouverte\\\/manifestations-pcuaqu040v50b7Z&quot;,&quot;data&quot;:{&quot;name&quot;:&quot;F\\u00eate locale&quot;,&quot;type&quot;:&quot;\\u00c9v\\u00e9nement culturel&quot;,&quot;place&quot;:&quot;Saint-Paul-en-Born ou alentours&quot;,&quot;distance_km&quot;:&quot;Variable&quot;,&quot;duration&quot;:&quot;Variable&quot;,&quot;price&quot;:&quot;Gratuit ou payant&quot;,&quot;booking_necessary&quot;:&quot;Non&quot;,&quot;comment&quot;:&quot;Participez aux f\\u00eates et \\u00e9v\\u00e9nements locaux pour rencontrer la communaut\\u00e9.&quot;,&quot;link&quot;:&quot;https:\\\/\\\/www.tourismelandes.com_decimal\\\/decouverte\\\/manifestations-pcuaqu040v50b7Z&quot;,&quot;image&quot;:&quot;https:\\\/\\\/example.com\\\/image-fete-locale.png&quot;},&quot;category&quot;:&quot;Activit\\u00e9s et lieux recommand\\u00e9s&quot;}\">\n\n            <!-- Image + badge cat\u00e9gorie -->\n            <div class=\"em-card-img-wrap\">\n                              <img decoding=\"async\" class=\"em-card-img\" src=\"https:\/\/example.com\/image-fete-locale.png\" alt=\"F\u00eate locale\" loading=\"lazy\" onerror=\"this.style.display='none';this.nextElementSibling.style.display='flex';\">\n                <div class=\"em-card-placeholder\" style=\"display:none;\">\ud83d\udcf7 Image indisponible<\/div>\n                            <span class=\"em-card-badge badge-activity\">Activit\u00e9s et lieux recommand\u00e9s<\/span>\n            <\/div>\n\n            <!-- Contenu de la card -->\n            <div class=\"em-card-body\">\n              <h3 class=\"em-card-title\">F\u00eate locale<\/h3>\n\n              <!-- Tags r\u00e9sum\u00e9s (max 4) -->\n              <div class=\"em-card-tags\">\n                                    <span class=\"em-tag em-tag-green\">Gratuit ou payant<\/span>\n                                    <span class=\"em-tag em-tag-blue\">Saint-Paul-en-Born ou alentours<\/span>\n                                              <\/div>\n\n              <!-- Champs suppl\u00e9mentaires (max 3) -->\n              <div class=\"em-card-fields\">\n                                  <div class=\"em-card-field\">\n                    <span class=\"em-card-field-label\">Type d\u2019\u00e9v\u00e9nement (march\u00e9, festival, sport, etc.) :<\/span>\n                    <span class=\"em-card-field-value\">\u00c9v\u00e9nement culturel<\/span>\n                  <\/div>\n                                  <div class=\"em-card-field\">\n                    <span class=\"em-card-field-label\">Distance depuis le camping (km) :<\/span>\n                    <span class=\"em-card-field-value\">Variable<\/span>\n                  <\/div>\n                                  <div class=\"em-card-field\">\n                    <span class=\"em-card-field-label\">Dur\u00e9e moyenne :<\/span>\n                    <span class=\"em-card-field-value\">Variable<\/span>\n                  <\/div>\n                              <\/div>\n\n              <!-- Lien vers le d\u00e9tail -->\n              <div class=\"em-card-footer\">\n                <span>Voir le d\u00e9tail<\/span>\n                <svg fill=\"none\" viewBox=\"0 0 24 24\" stroke=\"currentColor\" stroke-width=\"2\"><path stroke-linecap=\"round\" stroke-linejoin=\"round\" d=\"M13.5 4.5L21 12m0 0l-7.5 7.5M21 12H3\"><\/path><\/svg>\n              <\/div>\n            <\/div>\n          <\/article>\n                  <article class=\"em-card\"\n            data-type=\"activity\"\n            data-features=\"\"\n            data-name=\"visite du ranch amadeus\"\n            data-json=\"{&quot;name&quot;:&quot;Visite du Ranch Amadeus&quot;,&quot;image&quot;:&quot;https:\\\/\\\/example.com\\\/image-ranch-amadeus.png&quot;,&quot;link&quot;:&quot;https:\\\/\\\/www.tripadvisor.fr\\\/Attractions-g1219489-Activities-Saint_Paul_en_Born_Landes_Nouvelle_Aquitaine.html&quot;,&quot;data&quot;:{&quot;name&quot;:&quot;Visite du Ranch Amadeus&quot;,&quot;type&quot;:&quot;Activit\\u00e9 \\u00e9questre&quot;,&quot;place&quot;:&quot;Saint-Paul-en-Born&quot;,&quot;distance_km&quot;:&quot;\\u00e0 Saint-Paul-en-Born&quot;,&quot;duration&quot;:&quot;Variable&quot;,&quot;price&quot;:&quot;Payant&quot;,&quot;booking_necessary&quot;:&quot;Oui&quot;,&quot;comment&quot;:&quot;D\\u00e9couvrez le ranch et ses activit\\u00e9s \\u00e9questres.&quot;,&quot;link&quot;:&quot;https:\\\/\\\/www.tripadvisor.fr\\\/Attractions-g1219489-Activities-Saint_Paul_en_Born_Landes_Nouvelle_Aquitaine.html&quot;,&quot;image&quot;:&quot;https:\\\/\\\/example.com\\\/image-ranch-amadeus.png&quot;},&quot;category&quot;:&quot;Activit\\u00e9s et lieux recommand\\u00e9s&quot;}\">\n\n            <!-- Image + badge cat\u00e9gorie -->\n            <div class=\"em-card-img-wrap\">\n                              <img decoding=\"async\" class=\"em-card-img\" src=\"https:\/\/example.com\/image-ranch-amadeus.png\" alt=\"Visite du Ranch Amadeus\" loading=\"lazy\" onerror=\"this.style.display='none';this.nextElementSibling.style.display='flex';\">\n                <div class=\"em-card-placeholder\" style=\"display:none;\">\ud83d\udcf7 Image indisponible<\/div>\n                            <span class=\"em-card-badge badge-activity\">Activit\u00e9s et lieux recommand\u00e9s<\/span>\n            <\/div>\n\n            <!-- Contenu de la card -->\n            <div class=\"em-card-body\">\n              <h3 class=\"em-card-title\">Visite du Ranch Amadeus<\/h3>\n\n              <!-- Tags r\u00e9sum\u00e9s (max 4) -->\n              <div class=\"em-card-tags\">\n                                    <span class=\"em-tag em-tag-green\">Payant<\/span>\n                                    <span class=\"em-tag em-tag-blue\">Saint-Paul-en-Born<\/span>\n                                              <\/div>\n\n              <!-- Champs suppl\u00e9mentaires (max 3) -->\n              <div class=\"em-card-fields\">\n                                  <div class=\"em-card-field\">\n                    <span class=\"em-card-field-label\">Type d\u2019\u00e9v\u00e9nement (march\u00e9, festival, sport, etc.) :<\/span>\n                    <span class=\"em-card-field-value\">Activit\u00e9 \u00e9questre<\/span>\n                  <\/div>\n                                  <div class=\"em-card-field\">\n                    <span class=\"em-card-field-label\">Distance depuis le camping (km) :<\/span>\n                    <span class=\"em-card-field-value\">\u00e0 Saint-Paul-en-Born<\/span>\n                  <\/div>\n                                  <div class=\"em-card-field\">\n                    <span class=\"em-card-field-label\">Dur\u00e9e moyenne :<\/span>\n                    <span class=\"em-card-field-value\">Variable<\/span>\n                  <\/div>\n                              <\/div>\n\n              <!-- Lien vers le d\u00e9tail -->\n              <div class=\"em-card-footer\">\n                <span>Voir le d\u00e9tail<\/span>\n                <svg fill=\"none\" viewBox=\"0 0 24 24\" stroke=\"currentColor\" stroke-width=\"2\"><path stroke-linecap=\"round\" stroke-linejoin=\"round\" d=\"M13.5 4.5L21 12m0 0l-7.5 7.5M21 12H3\"><\/path><\/svg>\n              <\/div>\n            <\/div>\n          <\/article>\n                  <article class=\"em-card\"\n            data-type=\"activity\"\n            data-features=\"\"\n            data-name=\"observatoire ornithologique au lac d&#039;aureilhan\"\n            data-json=\"{&quot;name&quot;:&quot;Observatoire ornithologique au lac d&#039;Aureilhan&quot;,&quot;image&quot;:&quot;https:\\\/\\\/www.mimizan-tourisme.com\\\/images\\\/lac-aureilhan.jpg&quot;,&quot;link&quot;:&quot;https:\\\/\\\/www.mimizan-tourisme.com\\\/je-decouvre\\\/les-villes\\\/st-paul-en-born\\\/&quot;,&quot;data&quot;:{&quot;name&quot;:&quot;Observatoire ornithologique au lac d&#039;Aureilhan&quot;,&quot;type&quot;:&quot;Observation de la nature&quot;,&quot;place&quot;:&quot;Lac d&#039;Aureilhan&quot;,&quot;distance_km&quot;:&quot;\\u224810 km&quot;,&quot;duration&quot;:&quot;Variable&quot;,&quot;price&quot;:&quot;Gratuit&quot;,&quot;booking_necessary&quot;:&quot;Non&quot;,&quot;comment&quot;:&quot;Observation des oiseaux migrateurs et s\\u00e9dentaires dans leur habitat naturel.&quot;,&quot;link&quot;:&quot;https:\\\/\\\/www.mimizan-tourisme.com\\\/je-decouvre\\\/les-villes\\\/st-paul-en-born\\\/&quot;,&quot;image&quot;:&quot;https:\\\/\\\/www.mimizan-tourisme.com\\\/images\\\/lac-aureilhan.jpg&quot;},&quot;category&quot;:&quot;Activit\\u00e9s et lieux recommand\\u00e9s&quot;}\">\n\n            <!-- Image + badge cat\u00e9gorie -->\n            <div class=\"em-card-img-wrap\">\n                              <img decoding=\"async\" class=\"em-card-img\" src=\"https:\/\/www.mimizan-tourisme.com\/images\/lac-aureilhan.jpg\" alt=\"Observatoire ornithologique au lac d&#039;Aureilhan\" loading=\"lazy\" onerror=\"this.style.display='none';this.nextElementSibling.style.display='flex';\">\n                <div class=\"em-card-placeholder\" style=\"display:none;\">\ud83d\udcf7 Image indisponible<\/div>\n                            <span class=\"em-card-badge badge-activity\">Activit\u00e9s et lieux recommand\u00e9s<\/span>\n            <\/div>\n\n            <!-- Contenu de la card -->\n            <div class=\"em-card-body\">\n              <h3 class=\"em-card-title\">Observatoire ornithologique au lac d&#039;Aureilhan<\/h3>\n\n              <!-- Tags r\u00e9sum\u00e9s (max 4) -->\n              <div class=\"em-card-tags\">\n                                    <span class=\"em-tag em-tag-green\">Gratuit<\/span>\n                                    <span class=\"em-tag em-tag-blue\">Lac d&#039;Aureilhan<\/span>\n                                              <\/div>\n\n              <!-- Champs suppl\u00e9mentaires (max 3) -->\n              <div class=\"em-card-fields\">\n                                  <div class=\"em-card-field\">\n                    <span class=\"em-card-field-label\">Type d\u2019\u00e9v\u00e9nement (march\u00e9, festival, sport, etc.) :<\/span>\n                    <span class=\"em-card-field-value\">Observation de la nature<\/span>\n                  <\/div>\n                                  <div class=\"em-card-field\">\n                    <span class=\"em-card-field-label\">Distance depuis le camping (km) :<\/span>\n                    <span class=\"em-card-field-value\">\u224810 km<\/span>\n                  <\/div>\n                                  <div class=\"em-card-field\">\n                    <span class=\"em-card-field-label\">Dur\u00e9e moyenne :<\/span>\n                    <span class=\"em-card-field-value\">Variable<\/span>\n                  <\/div>\n                              <\/div>\n\n              <!-- Lien vers le d\u00e9tail -->\n              <div class=\"em-card-footer\">\n                <span>Voir le d\u00e9tail<\/span>\n                <svg fill=\"none\" viewBox=\"0 0 24 24\" stroke=\"currentColor\" stroke-width=\"2\"><path stroke-linecap=\"round\" stroke-linejoin=\"round\" d=\"M13.5 4.5L21 12m0 0l-7.5 7.5M21 12H3\"><\/path><\/svg>\n              <\/div>\n            <\/div>\n          <\/article>\n                  <article class=\"em-card\"\n            data-type=\"activity\"\n            data-features=\"\"\n            data-name=\"visite du mus\u00e9e de la for\u00eat des landes\"\n            data-json=\"{&quot;name&quot;:&quot;Visite du Mus\\u00e9e de la For\\u00eat des Landes&quot;,&quot;image&quot;:&quot;https:\\\/\\\/www.mimizan-tourisme.com\\\/images\\\/musee-foret.jpg&quot;,&quot;link&quot;:&quot;https:\\\/\\\/www.mimizan-tourisme.com&quot;,&quot;data&quot;:{&quot;name&quot;:&quot;Visite du Mus\\u00e9e de la For\\u00eat des Landes&quot;,&quot;type&quot;:&quot;Culture et patrimoine&quot;,&quot;place&quot;:&quot;Mimizan&quot;,&quot;distance_km&quot;:&quot;\\u22487 km&quot;,&quot;duration&quot;:&quot;1h30&quot;,&quot;price&quot;:&quot;Variable selon expositions&quot;,&quot;booking_necessary&quot;:&quot;Oui&quot;,&quot;comment&quot;:&quot;Mus\\u00e9e d\\u00e9di\\u00e9 \\u00e0 l\\u2019histoire naturelle et humaine de la for\\u00eat landaise proche de Saint-Paul-en-Born.&quot;,&quot;link&quot;:&quot;https:\\\/\\\/www.mimizan-tourisme.com&quot;,&quot;image&quot;:&quot;https:\\\/\\\/www.mimizan-tourisme.com\\\/images\\\/musee-foret.jpg&quot;},&quot;category&quot;:&quot;Activit\\u00e9s et lieux recommand\\u00e9s&quot;}\">\n\n            <!-- Image + badge cat\u00e9gorie -->\n            <div class=\"em-card-img-wrap\">\n                              <img decoding=\"async\" class=\"em-card-img\" src=\"https:\/\/www.mimizan-tourisme.com\/images\/musee-foret.jpg\" alt=\"Visite du Mus\u00e9e de la For\u00eat des Landes\" loading=\"lazy\" onerror=\"this.style.display='none';this.nextElementSibling.style.display='flex';\">\n                <div class=\"em-card-placeholder\" style=\"display:none;\">\ud83d\udcf7 Image indisponible<\/div>\n                            <span class=\"em-card-badge badge-activity\">Activit\u00e9s et lieux recommand\u00e9s<\/span>\n            <\/div>\n\n            <!-- Contenu de la card -->\n            <div class=\"em-card-body\">\n              <h3 class=\"em-card-title\">Visite du Mus\u00e9e de la For\u00eat des Landes<\/h3>\n\n              <!-- Tags r\u00e9sum\u00e9s (max 4) -->\n              <div class=\"em-card-tags\">\n                                    <span class=\"em-tag em-tag-green\">Variable selon expositions<\/span>\n                                    <span class=\"em-tag em-tag-blue\">Mimizan<\/span>\n                                              <\/div>\n\n              <!-- Champs suppl\u00e9mentaires (max 3) -->\n              <div class=\"em-card-fields\">\n                                  <div class=\"em-card-field\">\n                    <span class=\"em-card-field-label\">Type d\u2019\u00e9v\u00e9nement (march\u00e9, festival, sport, etc.) :<\/span>\n                    <span class=\"em-card-field-value\">Culture et patrimoine<\/span>\n                  <\/div>\n                                  <div class=\"em-card-field\">\n                    <span class=\"em-card-field-label\">Distance depuis le camping (km) :<\/span>\n                    <span class=\"em-card-field-value\">\u22487 km<\/span>\n                  <\/div>\n                                  <div class=\"em-card-field\">\n                    <span class=\"em-card-field-label\">Dur\u00e9e moyenne :<\/span>\n                    <span class=\"em-card-field-value\">1h30<\/span>\n                  <\/div>\n                              <\/div>\n\n              <!-- Lien vers le d\u00e9tail -->\n              <div class=\"em-card-footer\">\n                <span>Voir le d\u00e9tail<\/span>\n                <svg fill=\"none\" viewBox=\"0 0 24 24\" stroke=\"currentColor\" stroke-width=\"2\"><path stroke-linecap=\"round\" stroke-linejoin=\"round\" d=\"M13.5 4.5L21 12m0 0l-7.5 7.5M21 12H3\"><\/path><\/svg>\n              <\/div>\n            <\/div>\n          <\/article>\n                  <article class=\"em-card\"\n            data-type=\"activity\"\n            data-features=\"\"\n            data-name=\"balade en paddle sur le lac d&#039;aureilhan\"\n            data-json=\"{&quot;name&quot;:&quot;Balade en paddle sur le lac d&#039;Aureilhan&quot;,&quot;image&quot;:&quot;https:\\\/\\\/www.mimizan-tourisme.com\\\/images\\\/paddle.jpg&quot;,&quot;link&quot;:&quot;https:\\\/\\\/www.mimizan-tourisme.com&quot;,&quot;data&quot;:{&quot;name&quot;:&quot;Balade en paddle sur le lac d&#039;Aureilhan&quot;,&quot;type&quot;:&quot;Activit\\u00e9 nautique&quot;,&quot;place&quot;:&quot;Lac d&#039;Aureilhan&quot;,&quot;distance_km&quot;:&quot;\\u224810 km&quot;,&quot;duration&quot;:&quot;1h&quot;,&quot;price&quot;:&quot;15-25\\u20ac selon dur\\u00e9e&quot;,&quot;booking_necessary&quot;:&quot;Souvent oui&quot;,&quot;comment&quot;:&quot;Location de stand-up paddle pour balade calme sur le lac.&quot;,&quot;link&quot;:&quot;https:\\\/\\\/www.mimizan-tourisme.com&quot;,&quot;image&quot;:&quot;https:\\\/\\\/www.mimizan-tourisme.com\\\/images\\\/paddle.jpg&quot;},&quot;category&quot;:&quot;Activit\\u00e9s et lieux recommand\\u00e9s&quot;}\">\n\n            <!-- Image + badge cat\u00e9gorie -->\n            <div class=\"em-card-img-wrap\">\n                              <img decoding=\"async\" class=\"em-card-img\" src=\"https:\/\/www.mimizan-tourisme.com\/images\/paddle.jpg\" alt=\"Balade en paddle sur le lac d&#039;Aureilhan\" loading=\"lazy\" onerror=\"this.style.display='none';this.nextElementSibling.style.display='flex';\">\n                <div class=\"em-card-placeholder\" style=\"display:none;\">\ud83d\udcf7 Image indisponible<\/div>\n                            <span class=\"em-card-badge badge-activity\">Activit\u00e9s et lieux recommand\u00e9s<\/span>\n            <\/div>\n\n            <!-- Contenu de la card -->\n            <div class=\"em-card-body\">\n              <h3 class=\"em-card-title\">Balade en paddle sur le lac d&#039;Aureilhan<\/h3>\n\n              <!-- Tags r\u00e9sum\u00e9s (max 4) -->\n              <div class=\"em-card-tags\">\n                                    <span class=\"em-tag em-tag-green\">15-25\u20ac selon dur\u00e9e<\/span>\n                                    <span class=\"em-tag em-tag-blue\">Lac d&#039;Aureilhan<\/span>\n                                              <\/div>\n\n              <!-- Champs suppl\u00e9mentaires (max 3) -->\n              <div class=\"em-card-fields\">\n                                  <div class=\"em-card-field\">\n                    <span class=\"em-card-field-label\">Type d\u2019\u00e9v\u00e9nement (march\u00e9, festival, sport, etc.) :<\/span>\n                    <span class=\"em-card-field-value\">Activit\u00e9 nautique<\/span>\n                  <\/div>\n                                  <div class=\"em-card-field\">\n                    <span class=\"em-card-field-label\">Distance depuis le camping (km) :<\/span>\n                    <span class=\"em-card-field-value\">\u224810 km<\/span>\n                  <\/div>\n                                  <div class=\"em-card-field\">\n                    <span class=\"em-card-field-label\">Dur\u00e9e moyenne :<\/span>\n                    <span class=\"em-card-field-value\">1h<\/span>\n                  <\/div>\n                              <\/div>\n\n              <!-- Lien vers le d\u00e9tail -->\n              <div class=\"em-card-footer\">\n                <span>Voir le d\u00e9tail<\/span>\n                <svg fill=\"none\" viewBox=\"0 0 24 24\" stroke=\"currentColor\" stroke-width=\"2\"><path stroke-linecap=\"round\" stroke-linejoin=\"round\" d=\"M13.5 4.5L21 12m0 0l-7.5 7.5M21 12H3\"><\/path><\/svg>\n              <\/div>\n            <\/div>\n          <\/article>\n                  <article class=\"em-card\"\n            data-type=\"activity\"\n            data-features=\"\"\n            data-name=\"d\u00e9couverte de la flore locale en randonn\u00e9e botanique\"\n            data-json=\"{&quot;name&quot;:&quot;D\\u00e9couverte de la flore locale en randonn\\u00e9e botanique&quot;,&quot;image&quot;:&quot;https:\\\/\\\/www.mimizan-tourisme.com\\\/images\\\/botanique.jpg&quot;,&quot;link&quot;:&quot;https:\\\/\\\/www.mimizan-tourisme.com&quot;,&quot;data&quot;:{&quot;name&quot;:&quot;D\\u00e9couverte de la flore locale en randonn\\u00e9e botanique&quot;,&quot;type&quot;:&quot;Randonn\\u00e9e guid\\u00e9e&quot;,&quot;place&quot;:&quot;For\\u00eat landaise autour de Saint-Paul-en-Born&quot;,&quot;distance_km&quot;:&quot;Variable&quot;,&quot;duration&quot;:&quot;2h&quot;,&quot;price&quot;:&quot;15-20\\u20ac&quot;,&quot;booking_necessary&quot;:&quot;Oui&quot;,&quot;comment&quot;:&quot;Randonn\\u00e9e guid\\u00e9e avec identification des plantes et arbres locaux.&quot;,&quot;link&quot;:&quot;https:\\\/\\\/www.mimizan-tourisme.com&quot;,&quot;image&quot;:&quot;https:\\\/\\\/www.mimizan-tourisme.com\\\/images\\\/botanique.jpg&quot;},&quot;category&quot;:&quot;Activit\\u00e9s et lieux recommand\\u00e9s&quot;}\">\n\n            <!-- Image + badge cat\u00e9gorie -->\n            <div class=\"em-card-img-wrap\">\n                              <img decoding=\"async\" class=\"em-card-img\" src=\"https:\/\/www.mimizan-tourisme.com\/images\/botanique.jpg\" alt=\"D\u00e9couverte de la flore locale en randonn\u00e9e botanique\" loading=\"lazy\" onerror=\"this.style.display='none';this.nextElementSibling.style.display='flex';\">\n                <div class=\"em-card-placeholder\" style=\"display:none;\">\ud83d\udcf7 Image indisponible<\/div>\n                            <span class=\"em-card-badge badge-activity\">Activit\u00e9s et lieux recommand\u00e9s<\/span>\n            <\/div>\n\n            <!-- Contenu de la card -->\n            <div class=\"em-card-body\">\n              <h3 class=\"em-card-title\">D\u00e9couverte de la flore locale en randonn\u00e9e botanique<\/h3>\n\n              <!-- Tags r\u00e9sum\u00e9s (max 4) -->\n              <div class=\"em-card-tags\">\n                                    <span class=\"em-tag em-tag-green\">15-20\u20ac<\/span>\n                                    <span class=\"em-tag em-tag-blue\">For\u00eat landaise autour de Saint-Paul-en-Born<\/span>\n                                              <\/div>\n\n              <!-- Champs suppl\u00e9mentaires (max 3) -->\n              <div class=\"em-card-fields\">\n                                  <div class=\"em-card-field\">\n                    <span class=\"em-card-field-label\">Type d\u2019\u00e9v\u00e9nement (march\u00e9, festival, sport, etc.) :<\/span>\n                    <span class=\"em-card-field-value\">Randonn\u00e9e guid\u00e9e<\/span>\n                  <\/div>\n                                  <div class=\"em-card-field\">\n                    <span class=\"em-card-field-label\">Distance depuis le camping (km) :<\/span>\n                    <span class=\"em-card-field-value\">Variable<\/span>\n                  <\/div>\n                                  <div class=\"em-card-field\">\n                    <span class=\"em-card-field-label\">Dur\u00e9e moyenne :<\/span>\n                    <span class=\"em-card-field-value\">2h<\/span>\n                  <\/div>\n                              <\/div>\n\n              <!-- Lien vers le d\u00e9tail -->\n              <div class=\"em-card-footer\">\n                <span>Voir le d\u00e9tail<\/span>\n                <svg fill=\"none\" viewBox=\"0 0 24 24\" stroke=\"currentColor\" stroke-width=\"2\"><path stroke-linecap=\"round\" stroke-linejoin=\"round\" d=\"M13.5 4.5L21 12m0 0l-7.5 7.5M21 12H3\"><\/path><\/svg>\n              <\/div>\n            <\/div>\n          <\/article>\n                  <article class=\"em-card\"\n            data-type=\"activity\"\n            data-features=\"\"\n            data-name=\"initiation \u00e0 la p\u00eache \u00e0 la mouche dans les rivi\u00e8res locales\"\n            data-json=\"{&quot;name&quot;:&quot;Initiation \\u00e0 la p\\u00eache \\u00e0 la mouche dans les rivi\\u00e8res locales&quot;,&quot;image&quot;:&quot;https:\\\/\\\/www.mimizan-tourisme.com\\\/images\\\/peche-mouche.jpg&quot;,&quot;link&quot;:&quot;https:\\\/\\\/www.mimizan-tourisme.com&quot;,&quot;data&quot;:{&quot;name&quot;:&quot;Initiation \\u00e0 la p\\u00eache \\u00e0 la mouche dans les rivi\\u00e8res locales&quot;,&quot;type&quot;:&quot;Activit\\u00e9 de plein air&quot;,&quot;place&quot;:&quot;Rivi\\u00e8res \\u00e0 proximit\\u00e9 de Saint-Paul-en-Born&quot;,&quot;distance_km&quot;:&quot;5-15 km&quot;,&quot;duration&quot;:&quot;Demi-journ\\u00e9e&quot;,&quot;price&quot;:&quot;30-50\\u20ac&quot;,&quot;booking_necessary&quot;:&quot;Oui&quot;,&quot;comment&quot;:&quot;Cours pour d\\u00e9butants encadr\\u00e9 par un guide local.&quot;,&quot;link&quot;:&quot;https:\\\/\\\/www.mimizan-tourisme.com&quot;,&quot;image&quot;:&quot;https:\\\/\\\/www.mimizan-tourisme.com\\\/images\\\/peche-mouche.jpg&quot;},&quot;category&quot;:&quot;Activit\\u00e9s et lieux recommand\\u00e9s&quot;}\">\n\n            <!-- Image + badge cat\u00e9gorie -->\n            <div class=\"em-card-img-wrap\">\n                              <img decoding=\"async\" class=\"em-card-img\" src=\"https:\/\/www.mimizan-tourisme.com\/images\/peche-mouche.jpg\" alt=\"Initiation \u00e0 la p\u00eache \u00e0 la mouche dans les rivi\u00e8res locales\" loading=\"lazy\" onerror=\"this.style.display='none';this.nextElementSibling.style.display='flex';\">\n                <div class=\"em-card-placeholder\" style=\"display:none;\">\ud83d\udcf7 Image indisponible<\/div>\n                            <span class=\"em-card-badge badge-activity\">Activit\u00e9s et lieux recommand\u00e9s<\/span>\n            <\/div>\n\n            <!-- Contenu de la card -->\n            <div class=\"em-card-body\">\n              <h3 class=\"em-card-title\">Initiation \u00e0 la p\u00eache \u00e0 la mouche dans les rivi\u00e8res locales<\/h3>\n\n              <!-- Tags r\u00e9sum\u00e9s (max 4) -->\n              <div class=\"em-card-tags\">\n                                    <span class=\"em-tag em-tag-green\">30-50\u20ac<\/span>\n                                    <span class=\"em-tag em-tag-blue\">Rivi\u00e8res \u00e0 proximit\u00e9 de Saint-Paul-en-Born<\/span>\n                                              <\/div>\n\n              <!-- Champs suppl\u00e9mentaires (max 3) -->\n              <div class=\"em-card-fields\">\n                                  <div class=\"em-card-field\">\n                    <span class=\"em-card-field-label\">Type d\u2019\u00e9v\u00e9nement (march\u00e9, festival, sport, etc.) :<\/span>\n                    <span class=\"em-card-field-value\">Activit\u00e9 de plein air<\/span>\n                  <\/div>\n                                  <div class=\"em-card-field\">\n                    <span class=\"em-card-field-label\">Distance depuis le camping (km) :<\/span>\n                    <span class=\"em-card-field-value\">5-15 km<\/span>\n                  <\/div>\n                                  <div class=\"em-card-field\">\n                    <span class=\"em-card-field-label\">Dur\u00e9e moyenne :<\/span>\n                    <span class=\"em-card-field-value\">Demi-journ\u00e9e<\/span>\n                  <\/div>\n                              <\/div>\n\n              <!-- Lien vers le d\u00e9tail -->\n              <div class=\"em-card-footer\">\n                <span>Voir le d\u00e9tail<\/span>\n                <svg fill=\"none\" viewBox=\"0 0 24 24\" stroke=\"currentColor\" stroke-width=\"2\"><path stroke-linecap=\"round\" stroke-linejoin=\"round\" d=\"M13.5 4.5L21 12m0 0l-7.5 7.5M21 12H3\"><\/path><\/svg>\n              <\/div>\n            <\/div>\n          <\/article>\n                  <article class=\"em-card\"\n            data-type=\"activity\"\n            data-features=\"\"\n            data-name=\"atelier de fabrication de produits artisanaux landais\"\n            data-json=\"{&quot;name&quot;:&quot;Atelier de fabrication de produits artisanaux landais&quot;,&quot;image&quot;:&quot;https:\\\/\\\/www.mimizan-tourisme.com\\\/images\\\/artisanat.jpg&quot;,&quot;link&quot;:&quot;https:\\\/\\\/www.mimizan-tourisme.com&quot;,&quot;data&quot;:{&quot;name&quot;:&quot;Atelier de fabrication de produits artisanaux landais&quot;,&quot;type&quot;:&quot;Atelier artistique&quot;,&quot;place&quot;:&quot;Saint-Paul-en-Born ou Mimizan&quot;,&quot;distance_km&quot;:&quot;\\u226410 km&quot;,&quot;duration&quot;:&quot;2h&quot;,&quot;price&quot;:&quot;20-40\\u20ac&quot;,&quot;booking_necessary&quot;:&quot;Oui&quot;,&quot;comment&quot;:&quot;D\\u00e9couverte des techniques artisanales traditionnelles locales.&quot;,&quot;link&quot;:&quot;https:\\\/\\\/www.mimizan-tourisme.com&quot;,&quot;image&quot;:&quot;https:\\\/\\\/www.mimizan-tourisme.com\\\/images\\\/artisanat.jpg&quot;},&quot;category&quot;:&quot;Activit\\u00e9s et lieux recommand\\u00e9s&quot;}\">\n\n            <!-- Image + badge cat\u00e9gorie -->\n            <div class=\"em-card-img-wrap\">\n                              <img decoding=\"async\" class=\"em-card-img\" src=\"https:\/\/www.mimizan-tourisme.com\/images\/artisanat.jpg\" alt=\"Atelier de fabrication de produits artisanaux landais\" loading=\"lazy\" onerror=\"this.style.display='none';this.nextElementSibling.style.display='flex';\">\n                <div class=\"em-card-placeholder\" style=\"display:none;\">\ud83d\udcf7 Image indisponible<\/div>\n                            <span class=\"em-card-badge badge-activity\">Activit\u00e9s et lieux recommand\u00e9s<\/span>\n            <\/div>\n\n            <!-- Contenu de la card -->\n            <div class=\"em-card-body\">\n              <h3 class=\"em-card-title\">Atelier de fabrication de produits artisanaux landais<\/h3>\n\n              <!-- Tags r\u00e9sum\u00e9s (max 4) -->\n              <div class=\"em-card-tags\">\n                                    <span class=\"em-tag em-tag-green\">20-40\u20ac<\/span>\n                                    <span class=\"em-tag em-tag-blue\">Saint-Paul-en-Born ou Mimizan<\/span>\n                                              <\/div>\n\n              <!-- Champs suppl\u00e9mentaires (max 3) -->\n              <div class=\"em-card-fields\">\n                                  <div class=\"em-card-field\">\n                    <span class=\"em-card-field-label\">Type d\u2019\u00e9v\u00e9nement (march\u00e9, festival, sport, etc.) :<\/span>\n                    <span class=\"em-card-field-value\">Atelier artistique<\/span>\n                  <\/div>\n                                  <div class=\"em-card-field\">\n                    <span class=\"em-card-field-label\">Distance depuis le camping (km) :<\/span>\n                    <span class=\"em-card-field-value\">\u226410 km<\/span>\n                  <\/div>\n                                  <div class=\"em-card-field\">\n                    <span class=\"em-card-field-label\">Dur\u00e9e moyenne :<\/span>\n                    <span class=\"em-card-field-value\">2h<\/span>\n                  <\/div>\n                              <\/div>\n\n              <!-- Lien vers le d\u00e9tail -->\n              <div class=\"em-card-footer\">\n                <span>Voir le d\u00e9tail<\/span>\n                <svg fill=\"none\" viewBox=\"0 0 24 24\" stroke=\"currentColor\" stroke-width=\"2\"><path stroke-linecap=\"round\" stroke-linejoin=\"round\" d=\"M13.5 4.5L21 12m0 0l-7.5 7.5M21 12H3\"><\/path><\/svg>\n              <\/div>\n            <\/div>\n          <\/article>\n                  <article class=\"em-card\"\n            data-type=\"activity\"\n            data-features=\"\"\n            data-name=\"visite guid\u00e9e des vestiges gallo-romains dans le pays de born\"\n            data-json=\"{&quot;name&quot;:&quot;Visite guid\\u00e9e des vestiges gallo-romains dans le Pays de Born&quot;,&quot;image&quot;:&quot;https:\\\/\\\/www.mimizan-tourisme.com\\\/images\\\/archeo.jpg&quot;,&quot;link&quot;:&quot;https:\\\/\\\/www.mimizan-tourisme.com&quot;,&quot;data&quot;:{&quot;name&quot;:&quot;Visite guid\\u00e9e des vestiges gallo-romains dans le Pays de Born&quot;,&quot;type&quot;:&quot;Visite historique&quot;,&quot;place&quot;:&quot;Sites arch\\u00e9ologiques proches&quot;,&quot;distance_km&quot;:&quot;10-20 km&quot;,&quot;duration&quot;:&quot;2h&quot;,&quot;price&quot;:&quot;Gratuit ou faible tarif&quot;,&quot;booking_necessary&quot;:&quot;Souvent oui&quot;,&quot;comment&quot;:&quot;Exploration des ruines et explications historiques avec guide.&quot;,&quot;link&quot;:&quot;https:\\\/\\\/www.mimizan-tourisme.com&quot;,&quot;image&quot;:&quot;https:\\\/\\\/www.mimizan-tourisme.com\\\/images\\\/archeo.jpg&quot;},&quot;category&quot;:&quot;Activit\\u00e9s et lieux recommand\\u00e9s&quot;}\">\n\n            <!-- Image + badge cat\u00e9gorie -->\n            <div class=\"em-card-img-wrap\">\n                              <img decoding=\"async\" class=\"em-card-img\" src=\"https:\/\/www.mimizan-tourisme.com\/images\/archeo.jpg\" alt=\"Visite guid\u00e9e des vestiges gallo-romains dans le Pays de Born\" loading=\"lazy\" onerror=\"this.style.display='none';this.nextElementSibling.style.display='flex';\">\n                <div class=\"em-card-placeholder\" style=\"display:none;\">\ud83d\udcf7 Image indisponible<\/div>\n                            <span class=\"em-card-badge badge-activity\">Activit\u00e9s et lieux recommand\u00e9s<\/span>\n            <\/div>\n\n            <!-- Contenu de la card -->\n            <div class=\"em-card-body\">\n              <h3 class=\"em-card-title\">Visite guid\u00e9e des vestiges gallo-romains dans le Pays de Born<\/h3>\n\n              <!-- Tags r\u00e9sum\u00e9s (max 4) -->\n              <div class=\"em-card-tags\">\n                                    <span class=\"em-tag em-tag-green\">Gratuit ou faible tarif<\/span>\n                                    <span class=\"em-tag em-tag-blue\">Sites arch\u00e9ologiques proches<\/span>\n                                              <\/div>\n\n              <!-- Champs suppl\u00e9mentaires (max 3) -->\n              <div class=\"em-card-fields\">\n                                  <div class=\"em-card-field\">\n                    <span class=\"em-card-field-label\">Type d\u2019\u00e9v\u00e9nement (march\u00e9, festival, sport, etc.) :<\/span>\n                    <span class=\"em-card-field-value\">Visite historique<\/span>\n                  <\/div>\n                                  <div class=\"em-card-field\">\n                    <span class=\"em-card-field-label\">Distance depuis le camping (km) :<\/span>\n                    <span class=\"em-card-field-value\">10-20 km<\/span>\n                  <\/div>\n                                  <div class=\"em-card-field\">\n                    <span class=\"em-card-field-label\">Dur\u00e9e moyenne :<\/span>\n                    <span class=\"em-card-field-value\">2h<\/span>\n                  <\/div>\n                              <\/div>\n\n              <!-- Lien vers le d\u00e9tail -->\n              <div class=\"em-card-footer\">\n                <span>Voir le d\u00e9tail<\/span>\n                <svg fill=\"none\" viewBox=\"0 0 24 24\" stroke=\"currentColor\" stroke-width=\"2\"><path stroke-linecap=\"round\" stroke-linejoin=\"round\" d=\"M13.5 4.5L21 12m0 0l-7.5 7.5M21 12H3\"><\/path><\/svg>\n              <\/div>\n            <\/div>\n          <\/article>\n                  <article class=\"em-card\"\n            data-type=\"activity\"\n            data-features=\"\"\n            data-name=\"cours de yoga plein air dans la for\u00eat landaise\"\n            data-json=\"{&quot;name&quot;:&quot;Cours de yoga plein air dans la for\\u00eat landaise&quot;,&quot;image&quot;:&quot;https:\\\/\\\/www.mimizan-tourisme.com\\\/images\\\/yoga-foret.jpg&quot;,&quot;link&quot;:&quot;https:\\\/\\\/www.mimizan-tourisme.com&quot;,&quot;data&quot;:{&quot;name&quot;:&quot;Cours de yoga plein air dans la for\\u00eat landaise&quot;,&quot;type&quot;:&quot;Bien-\\u00eatre&quot;,&quot;place&quot;:&quot;For\\u00eat proche de Saint-Paul-en-Born&quot;,&quot;distance_km&quot;:&quot;\\u22645 km&quot;,&quot;duration&quot;:&quot;1h&quot;,&quot;price&quot;:&quot;15-25\\u20ac&quot;,&quot;booking_necessary&quot;:&quot;Oui&quot;,&quot;comment&quot;:&quot;S\\u00e9ance adapt\\u00e9e \\u00e0 tous niveaux pour d\\u00e9tente et harmonie avec la nature.&quot;,&quot;link&quot;:&quot;https:\\\/\\\/www.mimizan-tourisme.com&quot;,&quot;image&quot;:&quot;https:\\\/\\\/www.mimizan-tourisme.com\\\/images\\\/yoga-foret.jpg&quot;},&quot;category&quot;:&quot;Activit\\u00e9s et lieux recommand\\u00e9s&quot;}\">\n\n            <!-- Image + badge cat\u00e9gorie -->\n            <div class=\"em-card-img-wrap\">\n                              <img decoding=\"async\" class=\"em-card-img\" src=\"https:\/\/www.mimizan-tourisme.com\/images\/yoga-foret.jpg\" alt=\"Cours de yoga plein air dans la for\u00eat landaise\" loading=\"lazy\" onerror=\"this.style.display='none';this.nextElementSibling.style.display='flex';\">\n                <div class=\"em-card-placeholder\" style=\"display:none;\">\ud83d\udcf7 Image indisponible<\/div>\n                            <span class=\"em-card-badge badge-activity\">Activit\u00e9s et lieux recommand\u00e9s<\/span>\n            <\/div>\n\n            <!-- Contenu de la card -->\n            <div class=\"em-card-body\">\n              <h3 class=\"em-card-title\">Cours de yoga plein air dans la for\u00eat landaise<\/h3>\n\n              <!-- Tags r\u00e9sum\u00e9s (max 4) -->\n              <div class=\"em-card-tags\">\n                                    <span class=\"em-tag em-tag-green\">15-25\u20ac<\/span>\n                                    <span class=\"em-tag em-tag-blue\">For\u00eat proche de Saint-Paul-en-Born<\/span>\n                                              <\/div>\n\n              <!-- Champs suppl\u00e9mentaires (max 3) -->\n              <div class=\"em-card-fields\">\n                                  <div class=\"em-card-field\">\n                    <span class=\"em-card-field-label\">Type d\u2019\u00e9v\u00e9nement (march\u00e9, festival, sport, etc.) :<\/span>\n                    <span class=\"em-card-field-value\">Bien-\u00eatre<\/span>\n                  <\/div>\n                                  <div class=\"em-card-field\">\n                    <span class=\"em-card-field-label\">Distance depuis le camping (km) :<\/span>\n                    <span class=\"em-card-field-value\">\u22645 km<\/span>\n                  <\/div>\n                                  <div class=\"em-card-field\">\n                    <span class=\"em-card-field-label\">Dur\u00e9e moyenne :<\/span>\n                    <span class=\"em-card-field-value\">1h<\/span>\n                  <\/div>\n                              <\/div>\n\n              <!-- Lien vers le d\u00e9tail -->\n              <div class=\"em-card-footer\">\n                <span>Voir le d\u00e9tail<\/span>\n                <svg fill=\"none\" viewBox=\"0 0 24 24\" stroke=\"currentColor\" stroke-width=\"2\"><path stroke-linecap=\"round\" stroke-linejoin=\"round\" d=\"M13.5 4.5L21 12m0 0l-7.5 7.5M21 12H3\"><\/path><\/svg>\n              <\/div>\n            <\/div>\n          <\/article>\n                  <article class=\"em-card\"\n            data-type=\"activity\"\n            data-features=\"\"\n            data-name=\"sortie nocturne d&#039;observation des \u00e9toiles\"\n            data-json=\"{&quot;name&quot;:&quot;Sortie nocturne d&#039;observation des \\u00e9toiles&quot;,&quot;image&quot;:&quot;https:\\\/\\\/www.mimizan-tourisme.com\\\/images\\\/etoiles.jpg&quot;,&quot;link&quot;:&quot;https:\\\/\\\/www.mimizan-tourisme.com&quot;,&quot;data&quot;:{&quot;name&quot;:&quot;Sortie nocturne d&#039;observation des \\u00e9toiles&quot;,&quot;type&quot;:&quot;Activit\\u00e9 nature&quot;,&quot;place&quot;:&quot;Saint-Paul-en-Born et environs&quot;,&quot;distance_km&quot;:&quot;Variable&quot;,&quot;duration&quot;:&quot;2h&quot;,&quot;price&quot;:&quot;Gratuit ou modique&quot;,&quot;booking_necessary&quot;:&quot;Souvent oui&quot;,&quot;comment&quot;:&quot;Observation guid\\u00e9e du ciel \\u00e9toil\\u00e9 loin de la pollution lumineuse.&quot;,&quot;link&quot;:&quot;https:\\\/\\\/www.mimizan-tourisme.com&quot;,&quot;image&quot;:&quot;https:\\\/\\\/www.mimizan-tourisme.com\\\/images\\\/etoiles.jpg&quot;},&quot;category&quot;:&quot;Activit\\u00e9s et lieux recommand\\u00e9s&quot;}\">\n\n            <!-- Image + badge cat\u00e9gorie -->\n            <div class=\"em-card-img-wrap\">\n                              <img decoding=\"async\" class=\"em-card-img\" src=\"https:\/\/www.mimizan-tourisme.com\/images\/etoiles.jpg\" alt=\"Sortie nocturne d&#039;observation des \u00e9toiles\" loading=\"lazy\" onerror=\"this.style.display='none';this.nextElementSibling.style.display='flex';\">\n                <div class=\"em-card-placeholder\" style=\"display:none;\">\ud83d\udcf7 Image indisponible<\/div>\n                            <span class=\"em-card-badge badge-activity\">Activit\u00e9s et lieux recommand\u00e9s<\/span>\n            <\/div>\n\n            <!-- Contenu de la card -->\n            <div class=\"em-card-body\">\n              <h3 class=\"em-card-title\">Sortie nocturne d&#039;observation des \u00e9toiles<\/h3>\n\n              <!-- Tags r\u00e9sum\u00e9s (max 4) -->\n              <div class=\"em-card-tags\">\n                                    <span class=\"em-tag em-tag-green\">Gratuit ou modique<\/span>\n                                    <span class=\"em-tag em-tag-blue\">Saint-Paul-en-Born et environs<\/span>\n                                              <\/div>\n\n              <!-- Champs suppl\u00e9mentaires (max 3) -->\n              <div class=\"em-card-fields\">\n                                  <div class=\"em-card-field\">\n                    <span class=\"em-card-field-label\">Type d\u2019\u00e9v\u00e9nement (march\u00e9, festival, sport, etc.) :<\/span>\n                    <span class=\"em-card-field-value\">Activit\u00e9 nature<\/span>\n                  <\/div>\n                                  <div class=\"em-card-field\">\n                    <span class=\"em-card-field-label\">Distance depuis le camping (km) :<\/span>\n                    <span class=\"em-card-field-value\">Variable<\/span>\n                  <\/div>\n                                  <div class=\"em-card-field\">\n                    <span class=\"em-card-field-label\">Dur\u00e9e moyenne :<\/span>\n                    <span class=\"em-card-field-value\">2h<\/span>\n                  <\/div>\n                              <\/div>\n\n              <!-- Lien vers le d\u00e9tail -->\n              <div class=\"em-card-footer\">\n                <span>Voir le d\u00e9tail<\/span>\n                <svg fill=\"none\" viewBox=\"0 0 24 24\" stroke=\"currentColor\" stroke-width=\"2\"><path stroke-linecap=\"round\" stroke-linejoin=\"round\" d=\"M13.5 4.5L21 12m0 0l-7.5 7.5M21 12H3\"><\/path><\/svg>\n              <\/div>\n            <\/div>\n          <\/article>\n                  <article class=\"em-card\"\n            data-type=\"activity\"\n            data-features=\"\"\n            data-name=\"excursion en bateau \u00e9lectrique sur le lac d&#039;aureilhan\"\n            data-json=\"{&quot;name&quot;:&quot;Excursion en bateau \\u00e9lectrique sur le lac d&#039;Aureilhan&quot;,&quot;image&quot;:&quot;https:\\\/\\\/www.mimizan-tourisme.com\\\/images\\\/voilier.jpg&quot;,&quot;link&quot;:&quot;https:\\\/\\\/www.mimizan-tourisme.com&quot;,&quot;data&quot;:{&quot;name&quot;:&quot;Excursion en bateau \\u00e9lectrique sur le lac d&#039;Aureilhan&quot;,&quot;type&quot;:&quot;Activit\\u00e9 nautique&quot;,&quot;place&quot;:&quot;Lac d&#039;Aureilhan&quot;,&quot;distance_km&quot;:&quot;\\u224810 km&quot;,&quot;duration&quot;:&quot;1h&quot;,&quot;price&quot;:&quot;20-30\\u20ac&quot;,&quot;booking_necessary&quot;:&quot;Oui&quot;,&quot;comment&quot;:&quot;Balade silencieuse et \\u00e9cologique pour d\\u00e9couvrir le lac et ses paysages.&quot;,&quot;link&quot;:&quot;https:\\\/\\\/www.mimizan-tourisme.com&quot;,&quot;image&quot;:&quot;https:\\\/\\\/www.mimizan-tourisme.com\\\/images\\\/voilier.jpg&quot;},&quot;category&quot;:&quot;Activit\\u00e9s et lieux recommand\\u00e9s&quot;}\">\n\n            <!-- Image + badge cat\u00e9gorie -->\n            <div class=\"em-card-img-wrap\">\n                              <img decoding=\"async\" class=\"em-card-img\" src=\"https:\/\/www.mimizan-tourisme.com\/images\/voilier.jpg\" alt=\"Excursion en bateau \u00e9lectrique sur le lac d&#039;Aureilhan\" loading=\"lazy\" onerror=\"this.style.display='none';this.nextElementSibling.style.display='flex';\">\n                <div class=\"em-card-placeholder\" style=\"display:none;\">\ud83d\udcf7 Image indisponible<\/div>\n                            <span class=\"em-card-badge badge-activity\">Activit\u00e9s et lieux recommand\u00e9s<\/span>\n            <\/div>\n\n            <!-- Contenu de la card -->\n            <div class=\"em-card-body\">\n              <h3 class=\"em-card-title\">Excursion en bateau \u00e9lectrique sur le lac d&#039;Aureilhan<\/h3>\n\n              <!-- Tags r\u00e9sum\u00e9s (max 4) -->\n              <div class=\"em-card-tags\">\n                                    <span class=\"em-tag em-tag-green\">20-30\u20ac<\/span>\n                                    <span class=\"em-tag em-tag-blue\">Lac d&#039;Aureilhan<\/span>\n                                              <\/div>\n\n              <!-- Champs suppl\u00e9mentaires (max 3) -->\n              <div class=\"em-card-fields\">\n                                  <div class=\"em-card-field\">\n                    <span class=\"em-card-field-label\">Type d\u2019\u00e9v\u00e9nement (march\u00e9, festival, sport, etc.) :<\/span>\n                    <span class=\"em-card-field-value\">Activit\u00e9 nautique<\/span>\n                  <\/div>\n                                  <div class=\"em-card-field\">\n                    <span class=\"em-card-field-label\">Distance depuis le camping (km) :<\/span>\n                    <span class=\"em-card-field-value\">\u224810 km<\/span>\n                  <\/div>\n                                  <div class=\"em-card-field\">\n                    <span class=\"em-card-field-label\">Dur\u00e9e moyenne :<\/span>\n                    <span class=\"em-card-field-value\">1h<\/span>\n                  <\/div>\n                              <\/div>\n\n              <!-- Lien vers le d\u00e9tail -->\n              <div class=\"em-card-footer\">\n                <span>Voir le d\u00e9tail<\/span>\n                <svg fill=\"none\" viewBox=\"0 0 24 24\" stroke=\"currentColor\" stroke-width=\"2\"><path stroke-linecap=\"round\" stroke-linejoin=\"round\" d=\"M13.5 4.5L21 12m0 0l-7.5 7.5M21 12H3\"><\/path><\/svg>\n              <\/div>\n            <\/div>\n          <\/article>\n                  <article class=\"em-card\"\n            data-type=\"activity\"\n            data-features=\"\"\n            data-name=\"d\u00e9couverte de l&#039;herboristerie locale et plantes m\u00e9dicinales\"\n            data-json=\"{&quot;name&quot;:&quot;D\\u00e9couverte de l&#039;herboristerie locale et plantes m\\u00e9dicinales&quot;,&quot;image&quot;:&quot;https:\\\/\\\/www.mimizan-tourisme.com\\\/images\\\/herboristerie.jpg&quot;,&quot;link&quot;:&quot;https:\\\/\\\/www.mimizan-tourisme.com&quot;,&quot;data&quot;:{&quot;name&quot;:&quot;D\\u00e9couverte de l&#039;herboristerie locale et plantes m\\u00e9dicinales&quot;,&quot;type&quot;:&quot;Atelier nature&quot;,&quot;place&quot;:&quot;Saint-Paul-en-Born&quot;,&quot;distance_km&quot;:&quot;0 km&quot;,&quot;duration&quot;:&quot;2h&quot;,&quot;price&quot;:&quot;20-35\\u20ac&quot;,&quot;booking_necessary&quot;:&quot;Oui&quot;,&quot;comment&quot;:&quot;Initiation aux plantes locales et leurs utilisations traditionnelles.&quot;,&quot;link&quot;:&quot;https:\\\/\\\/www.mimizan-tourisme.com&quot;,&quot;image&quot;:&quot;https:\\\/\\\/www.mimizan-tourisme.com\\\/images\\\/herboristerie.jpg&quot;},&quot;category&quot;:&quot;Activit\\u00e9s et lieux recommand\\u00e9s&quot;}\">\n\n            <!-- Image + badge cat\u00e9gorie -->\n            <div class=\"em-card-img-wrap\">\n                              <img decoding=\"async\" class=\"em-card-img\" src=\"https:\/\/www.mimizan-tourisme.com\/images\/herboristerie.jpg\" alt=\"D\u00e9couverte de l&#039;herboristerie locale et plantes m\u00e9dicinales\" loading=\"lazy\" onerror=\"this.style.display='none';this.nextElementSibling.style.display='flex';\">\n                <div class=\"em-card-placeholder\" style=\"display:none;\">\ud83d\udcf7 Image indisponible<\/div>\n                            <span class=\"em-card-badge badge-activity\">Activit\u00e9s et lieux recommand\u00e9s<\/span>\n            <\/div>\n\n            <!-- Contenu de la card -->\n            <div class=\"em-card-body\">\n              <h3 class=\"em-card-title\">D\u00e9couverte de l&#039;herboristerie locale et plantes m\u00e9dicinales<\/h3>\n\n              <!-- Tags r\u00e9sum\u00e9s (max 4) -->\n              <div class=\"em-card-tags\">\n                                    <span class=\"em-tag em-tag-green\">20-35\u20ac<\/span>\n                                    <span class=\"em-tag em-tag-blue\">Saint-Paul-en-Born<\/span>\n                                              <\/div>\n\n              <!-- Champs suppl\u00e9mentaires (max 3) -->\n              <div class=\"em-card-fields\">\n                                  <div class=\"em-card-field\">\n                    <span class=\"em-card-field-label\">Type d\u2019\u00e9v\u00e9nement (march\u00e9, festival, sport, etc.) :<\/span>\n                    <span class=\"em-card-field-value\">Atelier nature<\/span>\n                  <\/div>\n                                  <div class=\"em-card-field\">\n                    <span class=\"em-card-field-label\">Distance depuis le camping (km) :<\/span>\n                    <span class=\"em-card-field-value\">0 km<\/span>\n                  <\/div>\n                                  <div class=\"em-card-field\">\n                    <span class=\"em-card-field-label\">Dur\u00e9e moyenne :<\/span>\n                    <span class=\"em-card-field-value\">2h<\/span>\n                  <\/div>\n                              <\/div>\n\n              <!-- Lien vers le d\u00e9tail -->\n              <div class=\"em-card-footer\">\n                <span>Voir le d\u00e9tail<\/span>\n                <svg fill=\"none\" viewBox=\"0 0 24 24\" stroke=\"currentColor\" stroke-width=\"2\"><path stroke-linecap=\"round\" stroke-linejoin=\"round\" d=\"M13.5 4.5L21 12m0 0l-7.5 7.5M21 12H3\"><\/path><\/svg>\n              <\/div>\n            <\/div>\n          <\/article>\n                  <article class=\"em-card\"\n            data-type=\"activity\"\n            data-features=\"\"\n            data-name=\"visite du ch\u00e2teau de gaujacq\"\n            data-json=\"{&quot;name&quot;:&quot;Visite du Ch\\u00e2teau de Gaujacq&quot;,&quot;image&quot;:&quot;https:\\\/\\\/www.chateaudegaujacq.fr\\\/images\\\/chateau.jpg&quot;,&quot;link&quot;:&quot;https:\\\/\\\/www.chateaudegaujacq.fr&quot;,&quot;data&quot;:{&quot;name&quot;:&quot;Visite du Ch\\u00e2teau de Gaujacq&quot;,&quot;type&quot;:&quot;Patrimoine historique&quot;,&quot;place&quot;:&quot;Gaujacq&quot;,&quot;distance_km&quot;:&quot;\\u224830 km&quot;,&quot;duration&quot;:&quot;2h&quot;,&quot;price&quot;:&quot;8-12\\u20ac&quot;,&quot;booking_necessary&quot;:&quot;Souvent oui&quot;,&quot;comment&quot;:&quot;Ch\\u00e2teau du XVIIIe si\\u00e8cle ouvert \\u00e0 la visite, riche en histoire et jardins.&quot;,&quot;link&quot;:&quot;https:\\\/\\\/www.chateaudegaujacq.fr&quot;,&quot;image&quot;:&quot;https:\\\/\\\/www.chateaudegaujacq.fr\\\/images\\\/chateau.jpg&quot;},&quot;category&quot;:&quot;Activit\\u00e9s et lieux recommand\\u00e9s&quot;}\">\n\n            <!-- Image + badge cat\u00e9gorie -->\n            <div class=\"em-card-img-wrap\">\n                              <img decoding=\"async\" class=\"em-card-img\" src=\"https:\/\/www.chateaudegaujacq.fr\/images\/chateau.jpg\" alt=\"Visite du Ch\u00e2teau de Gaujacq\" loading=\"lazy\" onerror=\"this.style.display='none';this.nextElementSibling.style.display='flex';\">\n                <div class=\"em-card-placeholder\" style=\"display:none;\">\ud83d\udcf7 Image indisponible<\/div>\n                            <span class=\"em-card-badge badge-activity\">Activit\u00e9s et lieux recommand\u00e9s<\/span>\n            <\/div>\n\n            <!-- Contenu de la card -->\n            <div class=\"em-card-body\">\n              <h3 class=\"em-card-title\">Visite du Ch\u00e2teau de Gaujacq<\/h3>\n\n              <!-- Tags r\u00e9sum\u00e9s (max 4) -->\n              <div class=\"em-card-tags\">\n                                    <span class=\"em-tag em-tag-green\">8-12\u20ac<\/span>\n                                    <span class=\"em-tag em-tag-blue\">Gaujacq<\/span>\n                                              <\/div>\n\n              <!-- Champs suppl\u00e9mentaires (max 3) -->\n              <div class=\"em-card-fields\">\n                                  <div class=\"em-card-field\">\n                    <span class=\"em-card-field-label\">Type d\u2019\u00e9v\u00e9nement (march\u00e9, festival, sport, etc.) :<\/span>\n                    <span class=\"em-card-field-value\">Patrimoine historique<\/span>\n                  <\/div>\n                                  <div class=\"em-card-field\">\n                    <span class=\"em-card-field-label\">Distance depuis le camping (km) :<\/span>\n                    <span class=\"em-card-field-value\">\u224830 km<\/span>\n                  <\/div>\n                                  <div class=\"em-card-field\">\n                    <span class=\"em-card-field-label\">Dur\u00e9e moyenne :<\/span>\n                    <span class=\"em-card-field-value\">2h<\/span>\n                  <\/div>\n                              <\/div>\n\n              <!-- Lien vers le d\u00e9tail -->\n              <div class=\"em-card-footer\">\n                <span>Voir le d\u00e9tail<\/span>\n                <svg fill=\"none\" viewBox=\"0 0 24 24\" stroke=\"currentColor\" stroke-width=\"2\"><path stroke-linecap=\"round\" stroke-linejoin=\"round\" d=\"M13.5 4.5L21 12m0 0l-7.5 7.5M21 12H3\"><\/path><\/svg>\n              <\/div>\n            <\/div>\n          <\/article>\n                  <article class=\"em-card\"\n            data-type=\"activity\"\n            data-features=\"\"\n            data-name=\"observation des papillons dans les r\u00e9serves naturelles\"\n            data-json=\"{&quot;name&quot;:&quot;Observation des papillons dans les r\\u00e9serves naturelles&quot;,&quot;image&quot;:&quot;https:\\\/\\\/www.mimizan-tourisme.com\\\/images\\\/papillons.jpg&quot;,&quot;link&quot;:&quot;https:\\\/\\\/www.mimizan-tourisme.com&quot;,&quot;data&quot;:{&quot;name&quot;:&quot;Observation des papillons dans les r\\u00e9serves naturelles&quot;,&quot;type&quot;:&quot;Activit\\u00e9 nature&quot;,&quot;place&quot;:&quot;R\\u00e9serves naturelles proches&quot;,&quot;distance_km&quot;:&quot;15-25 km&quot;,&quot;duration&quot;:&quot;1-3h&quot;,&quot;price&quot;:&quot;Gratuit&quot;,&quot;booking_necessary&quot;:&quot;Non&quot;,&quot;comment&quot;:&quot;D\\u00e9couverte de la biodiversit\\u00e9 locale avec guide sp\\u00e9cialis\\u00e9 possible.&quot;,&quot;link&quot;:&quot;https:\\\/\\\/www.mimizan-tourisme.com&quot;,&quot;image&quot;:&quot;https:\\\/\\\/www.mimizan-tourisme.com\\\/images\\\/papillons.jpg&quot;},&quot;category&quot;:&quot;Activit\\u00e9s et lieux recommand\\u00e9s&quot;}\">\n\n            <!-- Image + badge cat\u00e9gorie -->\n            <div class=\"em-card-img-wrap\">\n                              <img decoding=\"async\" class=\"em-card-img\" src=\"https:\/\/www.mimizan-tourisme.com\/images\/papillons.jpg\" alt=\"Observation des papillons dans les r\u00e9serves naturelles\" loading=\"lazy\" onerror=\"this.style.display='none';this.nextElementSibling.style.display='flex';\">\n                <div class=\"em-card-placeholder\" style=\"display:none;\">\ud83d\udcf7 Image indisponible<\/div>\n                            <span class=\"em-card-badge badge-activity\">Activit\u00e9s et lieux recommand\u00e9s<\/span>\n            <\/div>\n\n            <!-- Contenu de la card -->\n            <div class=\"em-card-body\">\n              <h3 class=\"em-card-title\">Observation des papillons dans les r\u00e9serves naturelles<\/h3>\n\n              <!-- Tags r\u00e9sum\u00e9s (max 4) -->\n              <div class=\"em-card-tags\">\n                                    <span class=\"em-tag em-tag-green\">Gratuit<\/span>\n                                    <span class=\"em-tag em-tag-blue\">R\u00e9serves naturelles proches<\/span>\n                                              <\/div>\n\n              <!-- Champs suppl\u00e9mentaires (max 3) -->\n              <div class=\"em-card-fields\">\n                                  <div class=\"em-card-field\">\n                    <span class=\"em-card-field-label\">Type d\u2019\u00e9v\u00e9nement (march\u00e9, festival, sport, etc.) :<\/span>\n                    <span class=\"em-card-field-value\">Activit\u00e9 nature<\/span>\n                  <\/div>\n                                  <div class=\"em-card-field\">\n                    <span class=\"em-card-field-label\">Distance depuis le camping (km) :<\/span>\n                    <span class=\"em-card-field-value\">15-25 km<\/span>\n                  <\/div>\n                                  <div class=\"em-card-field\">\n                    <span class=\"em-card-field-label\">Dur\u00e9e moyenne :<\/span>\n                    <span class=\"em-card-field-value\">1-3h<\/span>\n                  <\/div>\n                              <\/div>\n\n              <!-- Lien vers le d\u00e9tail -->\n              <div class=\"em-card-footer\">\n                <span>Voir le d\u00e9tail<\/span>\n                <svg fill=\"none\" viewBox=\"0 0 24 24\" stroke=\"currentColor\" stroke-width=\"2\"><path stroke-linecap=\"round\" stroke-linejoin=\"round\" d=\"M13.5 4.5L21 12m0 0l-7.5 7.5M21 12H3\"><\/path><\/svg>\n              <\/div>\n            <\/div>\n          <\/article>\n                  <article class=\"em-card\"\n            data-type=\"activity\"\n            data-features=\"\"\n            data-name=\"d\u00e9couverte du chemin de saint-jacques-de-compostelle \u00e0 pied\"\n            data-json=\"{&quot;name&quot;:&quot;D\\u00e9couverte du Chemin de Saint-Jacques-de-Compostelle \\u00e0 pied&quot;,&quot;image&quot;:&quot;https:\\\/\\\/www.mimizan-tourisme.com\\\/images\\\/chemin-st-jacques.jpg&quot;,&quot;link&quot;:&quot;https:\\\/\\\/www.mimizan-tourisme.com&quot;,&quot;data&quot;:{&quot;name&quot;:&quot;D\\u00e9couverte du Chemin de Saint-Jacques-de-Compostelle \\u00e0 pied&quot;,&quot;type&quot;:&quot;Randonn\\u00e9e culturelle&quot;,&quot;place&quot;:&quot;Sentiers autour de Saint-Paul-en-Born&quot;,&quot;distance_km&quot;:&quot;Variable&quot;,&quot;duration&quot;:&quot;Demi-journ\\u00e9e \\u00e0 journ\\u00e9e&quot;,&quot;price&quot;:&quot;Gratuit&quot;,&quot;booking_necessary&quot;:&quot;Non&quot;,&quot;comment&quot;:&quot;Itin\\u00e9raire historique et spirituel traversant la r\\u00e9gion.&quot;,&quot;link&quot;:&quot;https:\\\/\\\/www.mimizan-tourisme.com&quot;,&quot;image&quot;:&quot;https:\\\/\\\/www.mimizan-tourisme.com\\\/images\\\/chemin-st-jacques.jpg&quot;},&quot;category&quot;:&quot;Activit\\u00e9s et lieux recommand\\u00e9s&quot;}\">\n\n            <!-- Image + badge cat\u00e9gorie -->\n            <div class=\"em-card-img-wrap\">\n                              <img decoding=\"async\" class=\"em-card-img\" src=\"https:\/\/www.mimizan-tourisme.com\/images\/chemin-st-jacques.jpg\" alt=\"D\u00e9couverte du Chemin de Saint-Jacques-de-Compostelle \u00e0 pied\" loading=\"lazy\" onerror=\"this.style.display='none';this.nextElementSibling.style.display='flex';\">\n                <div class=\"em-card-placeholder\" style=\"display:none;\">\ud83d\udcf7 Image indisponible<\/div>\n                            <span class=\"em-card-badge badge-activity\">Activit\u00e9s et lieux recommand\u00e9s<\/span>\n            <\/div>\n\n            <!-- Contenu de la card -->\n            <div class=\"em-card-body\">\n              <h3 class=\"em-card-title\">D\u00e9couverte du Chemin de Saint-Jacques-de-Compostelle \u00e0 pied<\/h3>\n\n              <!-- Tags r\u00e9sum\u00e9s (max 4) -->\n              <div class=\"em-card-tags\">\n                                    <span class=\"em-tag em-tag-green\">Gratuit<\/span>\n                                    <span class=\"em-tag em-tag-blue\">Sentiers autour de Saint-Paul-en-Born<\/span>\n                                              <\/div>\n\n              <!-- Champs suppl\u00e9mentaires (max 3) -->\n              <div class=\"em-card-fields\">\n                                  <div class=\"em-card-field\">\n                    <span class=\"em-card-field-label\">Type d\u2019\u00e9v\u00e9nement (march\u00e9, festival, sport, etc.) :<\/span>\n                    <span class=\"em-card-field-value\">Randonn\u00e9e culturelle<\/span>\n                  <\/div>\n                                  <div class=\"em-card-field\">\n                    <span class=\"em-card-field-label\">Distance depuis le camping (km) :<\/span>\n                    <span class=\"em-card-field-value\">Variable<\/span>\n                  <\/div>\n                                  <div class=\"em-card-field\">\n                    <span class=\"em-card-field-label\">Dur\u00e9e moyenne :<\/span>\n                    <span class=\"em-card-field-value\">Demi-journ\u00e9e \u00e0 journ\u00e9e<\/span>\n                  <\/div>\n                              <\/div>\n\n              <!-- Lien vers le d\u00e9tail -->\n              <div class=\"em-card-footer\">\n                <span>Voir le d\u00e9tail<\/span>\n                <svg fill=\"none\" viewBox=\"0 0 24 24\" stroke=\"currentColor\" stroke-width=\"2\"><path stroke-linecap=\"round\" stroke-linejoin=\"round\" d=\"M13.5 4.5L21 12m0 0l-7.5 7.5M21 12H3\"><\/path><\/svg>\n              <\/div>\n            <\/div>\n          <\/article>\n                  <article class=\"em-card\"\n            data-type=\"activity\"\n            data-features=\"\"\n            data-name=\"visite d\u2019ateliers de poterie artisanale\"\n            data-json=\"{&quot;name&quot;:&quot;Visite d\\u2019ateliers de poterie artisanale&quot;,&quot;image&quot;:&quot;https:\\\/\\\/www.mimizan-tourisme.com\\\/images\\\/poterie.jpg&quot;,&quot;link&quot;:&quot;https:\\\/\\\/www.mimizan-tourisme.com&quot;,&quot;data&quot;:{&quot;name&quot;:&quot;Visite d\\u2019ateliers de poterie artisanale&quot;,&quot;type&quot;:&quot;Atelier artisanal&quot;,&quot;place&quot;:&quot;Mimizan et alentours&quot;,&quot;distance_km&quot;:&quot;\\u226410 km&quot;,&quot;duration&quot;:&quot;1h30&quot;,&quot;price&quot;:&quot;Souvent gratuit pour visite, ateliers payants&quot;,&quot;booking_necessary&quot;:&quot;Souvent oui&quot;,&quot;comment&quot;:&quot;Initiation \\u00e0 la poterie traditionnelle landaise.&quot;,&quot;link&quot;:&quot;https:\\\/\\\/www.mimizan-tourisme.com&quot;,&quot;image&quot;:&quot;https:\\\/\\\/www.mimizan-tourisme.com\\\/images\\\/poterie.jpg&quot;},&quot;category&quot;:&quot;Activit\\u00e9s et lieux recommand\\u00e9s&quot;}\">\n\n            <!-- Image + badge cat\u00e9gorie -->\n            <div class=\"em-card-img-wrap\">\n                              <img decoding=\"async\" class=\"em-card-img\" src=\"https:\/\/www.mimizan-tourisme.com\/images\/poterie.jpg\" alt=\"Visite d\u2019ateliers de poterie artisanale\" loading=\"lazy\" onerror=\"this.style.display='none';this.nextElementSibling.style.display='flex';\">\n                <div class=\"em-card-placeholder\" style=\"display:none;\">\ud83d\udcf7 Image indisponible<\/div>\n                            <span class=\"em-card-badge badge-activity\">Activit\u00e9s et lieux recommand\u00e9s<\/span>\n            <\/div>\n\n            <!-- Contenu de la card -->\n            <div class=\"em-card-body\">\n              <h3 class=\"em-card-title\">Visite d\u2019ateliers de poterie artisanale<\/h3>\n\n              <!-- Tags r\u00e9sum\u00e9s (max 4) -->\n              <div class=\"em-card-tags\">\n                                    <span class=\"em-tag em-tag-green\">Souvent gratuit pour visite, ateliers payants<\/span>\n                                    <span class=\"em-tag em-tag-blue\">Mimizan et alentours<\/span>\n                                              <\/div>\n\n              <!-- Champs suppl\u00e9mentaires (max 3) -->\n              <div class=\"em-card-fields\">\n                                  <div class=\"em-card-field\">\n                    <span class=\"em-card-field-label\">Type d\u2019\u00e9v\u00e9nement (march\u00e9, festival, sport, etc.) :<\/span>\n                    <span class=\"em-card-field-value\">Atelier artisanal<\/span>\n                  <\/div>\n                                  <div class=\"em-card-field\">\n                    <span class=\"em-card-field-label\">Distance depuis le camping (km) :<\/span>\n                    <span class=\"em-card-field-value\">\u226410 km<\/span>\n                  <\/div>\n                                  <div class=\"em-card-field\">\n                    <span class=\"em-card-field-label\">Dur\u00e9e moyenne :<\/span>\n                    <span class=\"em-card-field-value\">1h30<\/span>\n                  <\/div>\n                              <\/div>\n\n              <!-- Lien vers le d\u00e9tail -->\n              <div class=\"em-card-footer\">\n                <span>Voir le d\u00e9tail<\/span>\n                <svg fill=\"none\" viewBox=\"0 0 24 24\" stroke=\"currentColor\" stroke-width=\"2\"><path stroke-linecap=\"round\" stroke-linejoin=\"round\" d=\"M13.5 4.5L21 12m0 0l-7.5 7.5M21 12H3\"><\/path><\/svg>\n              <\/div>\n            <\/div>\n          <\/article>\n                  <article class=\"em-card\"\n            data-type=\"activity\"\n            data-features=\"\"\n            data-name=\"visite du site arch\u00e9ologique des vestiges gallo-romains\"\n            data-json=\"{&quot;name&quot;:&quot;Visite du site arch\\u00e9ologique des vestiges gallo-romains&quot;,&quot;image&quot;:&quot;&quot;,&quot;link&quot;:&quot;https:\\\/\\\/www.mimizan-tourisme.com\\\/je-decouvre\\\/les-villes\\\/st-paul-en-born\\\/&quot;,&quot;data&quot;:{&quot;name&quot;:&quot;Visite du site arch\\u00e9ologique des vestiges gallo-romains&quot;,&quot;type&quot;:&quot;Culturelle et historique&quot;,&quot;place&quot;:&quot;Saint-Paul-en-Born&quot;,&quot;distance_km&quot;:&quot;Sur place&quot;,&quot;duration&quot;:&quot;2-3 heures&quot;,&quot;price&quot;:&quot;Gratuit ou tarif de groupe variable&quot;,&quot;booking_necessary&quot;:&quot;Non&quot;,&quot;comment&quot;:&quot;D\\u00e9couverte des vestiges arch\\u00e9ologiques situ\\u00e9s autour de Saint-Paul-en-Born, t\\u00e9moignant de l&#039;\\u00e9poque gallo-romaine dans la r\\u00e9gion.&quot;,&quot;link&quot;:&quot;https:\\\/\\\/www.mimizan-tourisme.com\\\/je-decouvre\\\/les-villes\\\/st-paul-en-born\\\/&quot;,&quot;image&quot;:&quot;&quot;},&quot;category&quot;:&quot;Activit\\u00e9s et lieux recommand\\u00e9s&quot;}\">\n\n            <!-- Image + badge cat\u00e9gorie -->\n            <div class=\"em-card-img-wrap\">\n                              <div class=\"em-card-placeholder\">\ud83d\udcf7 Pas d'image<\/div>\n                            <span class=\"em-card-badge badge-activity\">Activit\u00e9s et lieux recommand\u00e9s<\/span>\n            <\/div>\n\n            <!-- Contenu de la card -->\n            <div class=\"em-card-body\">\n              <h3 class=\"em-card-title\">Visite du site arch\u00e9ologique des vestiges gallo-romains<\/h3>\n\n              <!-- Tags r\u00e9sum\u00e9s (max 4) -->\n              <div class=\"em-card-tags\">\n                                    <span class=\"em-tag em-tag-green\">Gratuit ou tarif de groupe variable<\/span>\n                                    <span class=\"em-tag em-tag-blue\">Saint-Paul-en-Born<\/span>\n                                              <\/div>\n\n              <!-- Champs suppl\u00e9mentaires (max 3) -->\n              <div class=\"em-card-fields\">\n                                  <div class=\"em-card-field\">\n                    <span class=\"em-card-field-label\">Type d\u2019\u00e9v\u00e9nement (march\u00e9, festival, sport, etc.) :<\/span>\n                    <span class=\"em-card-field-value\">Culturelle et historique<\/span>\n                  <\/div>\n                                  <div class=\"em-card-field\">\n                    <span class=\"em-card-field-label\">Distance depuis le camping (km) :<\/span>\n                    <span class=\"em-card-field-value\">Sur place<\/span>\n                  <\/div>\n                                  <div class=\"em-card-field\">\n                    <span class=\"em-card-field-label\">Dur\u00e9e moyenne :<\/span>\n                    <span class=\"em-card-field-value\">2-3 heures<\/span>\n                  <\/div>\n                              <\/div>\n\n              <!-- Lien vers le d\u00e9tail -->\n              <div class=\"em-card-footer\">\n                <span>Voir le d\u00e9tail<\/span>\n                <svg fill=\"none\" viewBox=\"0 0 24 24\" stroke=\"currentColor\" stroke-width=\"2\"><path stroke-linecap=\"round\" stroke-linejoin=\"round\" d=\"M13.5 4.5L21 12m0 0l-7.5 7.5M21 12H3\"><\/path><\/svg>\n              <\/div>\n            <\/div>\n          <\/article>\n                  <article class=\"em-card\"\n            data-type=\"activity\"\n            data-features=\"\"\n            data-name=\"balade botanique guid\u00e9e en for\u00eat landaise\"\n            data-json=\"{&quot;name&quot;:&quot;Balade botanique guid\\u00e9e en for\\u00eat landaise&quot;,&quot;image&quot;:&quot;&quot;,&quot;link&quot;:&quot;https:\\\/\\\/www.mimizan-tourisme.com\\\/je-decouvre\\\/les-villes\\\/st-paul-en-born\\\/activites-vsites-et-animations\\\/&quot;,&quot;data&quot;:{&quot;name&quot;:&quot;Balade botanique guid\\u00e9e en for\\u00eat landaise&quot;,&quot;type&quot;:&quot;Nature et randonn\\u00e9e&quot;,&quot;place&quot;:&quot;For\\u00eat de Saint-Paul-en-Born&quot;,&quot;distance_km&quot;:&quot;Sur place&quot;,&quot;duration&quot;:&quot;3 heures&quot;,&quot;price&quot;:&quot;Environ 10-15 \\u20ac par personne&quot;,&quot;booking_necessary&quot;:&quot;Oui&quot;,&quot;comment&quot;:&quot;D\\u00e9couverte de la flore locale avec un guide sp\\u00e9cialis\\u00e9 en botanique dans la for\\u00eat des Landes autour du camping.&quot;,&quot;link&quot;:&quot;https:\\\/\\\/www.mimizan-tourisme.com\\\/je-decouvre\\\/les-villes\\\/st-paul-en-born\\\/activites-vsites-et-animations\\\/&quot;,&quot;image&quot;:&quot;&quot;},&quot;category&quot;:&quot;Activit\\u00e9s et lieux recommand\\u00e9s&quot;}\">\n\n            <!-- Image + badge cat\u00e9gorie -->\n            <div class=\"em-card-img-wrap\">\n                              <div class=\"em-card-placeholder\">\ud83d\udcf7 Pas d'image<\/div>\n                            <span class=\"em-card-badge badge-activity\">Activit\u00e9s et lieux recommand\u00e9s<\/span>\n            <\/div>\n\n            <!-- Contenu de la card -->\n            <div class=\"em-card-body\">\n              <h3 class=\"em-card-title\">Balade botanique guid\u00e9e en for\u00eat landaise<\/h3>\n\n              <!-- Tags r\u00e9sum\u00e9s (max 4) -->\n              <div class=\"em-card-tags\">\n                                    <span class=\"em-tag em-tag-green\">Environ 10-15 \u20ac par personne<\/span>\n                                    <span class=\"em-tag em-tag-blue\">For\u00eat de Saint-Paul-en-Born<\/span>\n                                              <\/div>\n\n              <!-- Champs suppl\u00e9mentaires (max 3) -->\n              <div class=\"em-card-fields\">\n                                  <div class=\"em-card-field\">\n                    <span class=\"em-card-field-label\">Type d\u2019\u00e9v\u00e9nement (march\u00e9, festival, sport, etc.) :<\/span>\n                    <span class=\"em-card-field-value\">Nature et randonn\u00e9e<\/span>\n                  <\/div>\n                                  <div class=\"em-card-field\">\n                    <span class=\"em-card-field-label\">Distance depuis le camping (km) :<\/span>\n                    <span class=\"em-card-field-value\">Sur place<\/span>\n                  <\/div>\n                                  <div class=\"em-card-field\">\n                    <span class=\"em-card-field-label\">Dur\u00e9e moyenne :<\/span>\n                    <span class=\"em-card-field-value\">3 heures<\/span>\n                  <\/div>\n                              <\/div>\n\n              <!-- Lien vers le d\u00e9tail -->\n              <div class=\"em-card-footer\">\n                <span>Voir le d\u00e9tail<\/span>\n                <svg fill=\"none\" viewBox=\"0 0 24 24\" stroke=\"currentColor\" stroke-width=\"2\"><path stroke-linecap=\"round\" stroke-linejoin=\"round\" d=\"M13.5 4.5L21 12m0 0l-7.5 7.5M21 12H3\"><\/path><\/svg>\n              <\/div>\n            <\/div>\n          <\/article>\n                  <article class=\"em-card\"\n            data-type=\"activity\"\n            data-features=\"\"\n            data-name=\"excursion d&#039;observation ornithologique aux marais\"\n            data-json=\"{&quot;name&quot;:&quot;Excursion d&#039;observation ornithologique aux marais&quot;,&quot;image&quot;:&quot;&quot;,&quot;link&quot;:&quot;https:\\\/\\\/www.mimizan-tourisme.com\\\/je-decouvre\\\/les-villes\\\/st-paul-en-born\\\/activites-vsites-et-animations\\\/&quot;,&quot;data&quot;:{&quot;name&quot;:&quot;Excursion d&#039;observation ornithologique aux marais&quot;,&quot;type&quot;:&quot;Nature et observation&quot;,&quot;place&quot;:&quot;Marais autour de Saint-Paul-en-Born&quot;,&quot;distance_km&quot;:&quot;Sur place&quot;,&quot;duration&quot;:&quot;2-4 heures&quot;,&quot;price&quot;:&quot;Gratuit ou prix modique pour guide&quot;,&quot;booking_necessary&quot;:&quot;Souvent oui&quot;,&quot;comment&quot;:&quot;Sortie guid\\u00e9e pour observer les oiseaux et la biodiversit\\u00e9 des marais locaux.&quot;,&quot;link&quot;:&quot;https:\\\/\\\/www.mimizan-tourisme.com\\\/je-decouvre\\\/les-villes\\\/st-paul-en-born\\\/activites-vsites-et-animations\\\/&quot;,&quot;image&quot;:&quot;&quot;},&quot;category&quot;:&quot;Activit\\u00e9s et lieux recommand\\u00e9s&quot;}\">\n\n            <!-- Image + badge cat\u00e9gorie -->\n            <div class=\"em-card-img-wrap\">\n                              <div class=\"em-card-placeholder\">\ud83d\udcf7 Pas d'image<\/div>\n                            <span class=\"em-card-badge badge-activity\">Activit\u00e9s et lieux recommand\u00e9s<\/span>\n            <\/div>\n\n            <!-- Contenu de la card -->\n            <div class=\"em-card-body\">\n              <h3 class=\"em-card-title\">Excursion d&#039;observation ornithologique aux marais<\/h3>\n\n              <!-- Tags r\u00e9sum\u00e9s (max 4) -->\n              <div class=\"em-card-tags\">\n                                    <span class=\"em-tag em-tag-green\">Gratuit ou prix modique pour guide<\/span>\n                                    <span class=\"em-tag em-tag-blue\">Marais autour de Saint-Paul-en-Born<\/span>\n                                              <\/div>\n\n              <!-- Champs suppl\u00e9mentaires (max 3) -->\n              <div class=\"em-card-fields\">\n                                  <div class=\"em-card-field\">\n                    <span class=\"em-card-field-label\">Type d\u2019\u00e9v\u00e9nement (march\u00e9, festival, sport, etc.) :<\/span>\n                    <span class=\"em-card-field-value\">Nature et observation<\/span>\n                  <\/div>\n                                  <div class=\"em-card-field\">\n                    <span class=\"em-card-field-label\">Distance depuis le camping (km) :<\/span>\n                    <span class=\"em-card-field-value\">Sur place<\/span>\n                  <\/div>\n                                  <div class=\"em-card-field\">\n                    <span class=\"em-card-field-label\">Dur\u00e9e moyenne :<\/span>\n                    <span class=\"em-card-field-value\">2-4 heures<\/span>\n                  <\/div>\n                              <\/div>\n\n              <!-- Lien vers le d\u00e9tail -->\n              <div class=\"em-card-footer\">\n                <span>Voir le d\u00e9tail<\/span>\n                <svg fill=\"none\" viewBox=\"0 0 24 24\" stroke=\"currentColor\" stroke-width=\"2\"><path stroke-linecap=\"round\" stroke-linejoin=\"round\" d=\"M13.5 4.5L21 12m0 0l-7.5 7.5M21 12H3\"><\/path><\/svg>\n              <\/div>\n            <\/div>\n          <\/article>\n                  <article class=\"em-card\"\n            data-type=\"activity\"\n            data-features=\"\"\n            data-name=\"initiation \u00e0 la p\u00eache \u00e0 la mouche dans les rivi\u00e8res locales\"\n            data-json=\"{&quot;name&quot;:&quot;Initiation \\u00e0 la p\\u00eache \\u00e0 la mouche dans les rivi\\u00e8res locales&quot;,&quot;image&quot;:&quot;&quot;,&quot;link&quot;:&quot;https:\\\/\\\/www.tourismelandes.com\\\/activite\\\/initiations-pieces-et-peche\\\/&quot;,&quot;data&quot;:{&quot;name&quot;:&quot;Initiation \\u00e0 la p\\u00eache \\u00e0 la mouche dans les rivi\\u00e8res locales&quot;,&quot;type&quot;:&quot;Sport de plein air&quot;,&quot;place&quot;:&quot;Rivi\\u00e8res proches de Saint-Paul-en-Born&quot;,&quot;distance_km&quot;:&quot;&lt;10 km&quot;,&quot;duration&quot;:&quot;Demi-journ\\u00e9e&quot;,&quot;price&quot;:&quot;Tarif selon prestataire, environ 30-50 \\u20ac&quot;,&quot;booking_necessary&quot;:&quot;Oui&quot;,&quot;comment&quot;:&quot;Apprentissage des techniques de p\\u00eache \\u00e0 la mouche encadr\\u00e9e par un professionnel.&quot;,&quot;link&quot;:&quot;https:\\\/\\\/www.tourismelandes.com\\\/activite\\\/initiations-pieces-et-peche\\\/&quot;,&quot;image&quot;:&quot;&quot;},&quot;category&quot;:&quot;Activit\\u00e9s et lieux recommand\\u00e9s&quot;}\">\n\n            <!-- Image + badge cat\u00e9gorie -->\n            <div class=\"em-card-img-wrap\">\n                              <div class=\"em-card-placeholder\">\ud83d\udcf7 Pas d'image<\/div>\n                            <span class=\"em-card-badge badge-activity\">Activit\u00e9s et lieux recommand\u00e9s<\/span>\n            <\/div>\n\n            <!-- Contenu de la card -->\n            <div class=\"em-card-body\">\n              <h3 class=\"em-card-title\">Initiation \u00e0 la p\u00eache \u00e0 la mouche dans les rivi\u00e8res locales<\/h3>\n\n              <!-- Tags r\u00e9sum\u00e9s (max 4) -->\n              <div class=\"em-card-tags\">\n                                    <span class=\"em-tag em-tag-green\">Tarif selon prestataire, environ 30-50 \u20ac<\/span>\n                                    <span class=\"em-tag em-tag-blue\">Rivi\u00e8res proches de Saint-Paul-en-Born<\/span>\n                                              <\/div>\n\n              <!-- Champs suppl\u00e9mentaires (max 3) -->\n              <div class=\"em-card-fields\">\n                                  <div class=\"em-card-field\">\n                    <span class=\"em-card-field-label\">Type d\u2019\u00e9v\u00e9nement (march\u00e9, festival, sport, etc.) :<\/span>\n                    <span class=\"em-card-field-value\">Sport de plein air<\/span>\n                  <\/div>\n                                  <div class=\"em-card-field\">\n                    <span class=\"em-card-field-label\">Distance depuis le camping (km) :<\/span>\n                    <span class=\"em-card-field-value\">&lt;10 km<\/span>\n                  <\/div>\n                                  <div class=\"em-card-field\">\n                    <span class=\"em-card-field-label\">Dur\u00e9e moyenne :<\/span>\n                    <span class=\"em-card-field-value\">Demi-journ\u00e9e<\/span>\n                  <\/div>\n                              <\/div>\n\n              <!-- Lien vers le d\u00e9tail -->\n              <div class=\"em-card-footer\">\n                <span>Voir le d\u00e9tail<\/span>\n                <svg fill=\"none\" viewBox=\"0 0 24 24\" stroke=\"currentColor\" stroke-width=\"2\"><path stroke-linecap=\"round\" stroke-linejoin=\"round\" d=\"M13.5 4.5L21 12m0 0l-7.5 7.5M21 12H3\"><\/path><\/svg>\n              <\/div>\n            <\/div>\n          <\/article>\n                  <article class=\"em-card\"\n            data-type=\"activity\"\n            data-features=\"\"\n            data-name=\"atelier d\u00e9couverte et fabrication de produits artisanaux landais\"\n            data-json=\"{&quot;name&quot;:&quot;Atelier d\\u00e9couverte et fabrication de produits artisanaux landais&quot;,&quot;image&quot;:&quot;&quot;,&quot;link&quot;:&quot;https:\\\/\\\/www.mimizan-tourisme.com\\\/activites\\\/ateliers-artisanat\\\/&quot;,&quot;data&quot;:{&quot;name&quot;:&quot;Atelier d\\u00e9couverte et fabrication de produits artisanaux landais&quot;,&quot;type&quot;:&quot;Atelier culturel&quot;,&quot;place&quot;:&quot;Saint-Paul-en-Born ou alentours&quot;,&quot;distance_km&quot;:&quot;Sur place&quot;,&quot;duration&quot;:&quot;2 heures&quot;,&quot;price&quot;:&quot;Environ 20-30 \\u20ac&quot;,&quot;booking_necessary&quot;:&quot;Oui&quot;,&quot;comment&quot;:&quot;Atelier pour d\\u00e9couvrir les savoir-faire artisanaux locaux (potterie, tissage, cosm\\u00e9tiques naturels).&quot;,&quot;link&quot;:&quot;https:\\\/\\\/www.mimizan-tourisme.com\\\/activites\\\/ateliers-artisanat\\\/&quot;,&quot;image&quot;:&quot;&quot;},&quot;category&quot;:&quot;Activit\\u00e9s et lieux recommand\\u00e9s&quot;}\">\n\n            <!-- Image + badge cat\u00e9gorie -->\n            <div class=\"em-card-img-wrap\">\n                              <div class=\"em-card-placeholder\">\ud83d\udcf7 Pas d'image<\/div>\n                            <span class=\"em-card-badge badge-activity\">Activit\u00e9s et lieux recommand\u00e9s<\/span>\n            <\/div>\n\n            <!-- Contenu de la card -->\n            <div class=\"em-card-body\">\n              <h3 class=\"em-card-title\">Atelier d\u00e9couverte et fabrication de produits artisanaux landais<\/h3>\n\n              <!-- Tags r\u00e9sum\u00e9s (max 4) -->\n              <div class=\"em-card-tags\">\n                                    <span class=\"em-tag em-tag-green\">Environ 20-30 \u20ac<\/span>\n                                    <span class=\"em-tag em-tag-blue\">Saint-Paul-en-Born ou alentours<\/span>\n                                              <\/div>\n\n              <!-- Champs suppl\u00e9mentaires (max 3) -->\n              <div class=\"em-card-fields\">\n                                  <div class=\"em-card-field\">\n                    <span class=\"em-card-field-label\">Type d\u2019\u00e9v\u00e9nement (march\u00e9, festival, sport, etc.) :<\/span>\n                    <span class=\"em-card-field-value\">Atelier culturel<\/span>\n                  <\/div>\n                                  <div class=\"em-card-field\">\n                    <span class=\"em-card-field-label\">Distance depuis le camping (km) :<\/span>\n                    <span class=\"em-card-field-value\">Sur place<\/span>\n                  <\/div>\n                                  <div class=\"em-card-field\">\n                    <span class=\"em-card-field-label\">Dur\u00e9e moyenne :<\/span>\n                    <span class=\"em-card-field-value\">2 heures<\/span>\n                  <\/div>\n                              <\/div>\n\n              <!-- Lien vers le d\u00e9tail -->\n              <div class=\"em-card-footer\">\n                <span>Voir le d\u00e9tail<\/span>\n                <svg fill=\"none\" viewBox=\"0 0 24 24\" stroke=\"currentColor\" stroke-width=\"2\"><path stroke-linecap=\"round\" stroke-linejoin=\"round\" d=\"M13.5 4.5L21 12m0 0l-7.5 7.5M21 12H3\"><\/path><\/svg>\n              <\/div>\n            <\/div>\n          <\/article>\n                  <article class=\"em-card\"\n            data-type=\"activity\"\n            data-features=\"\"\n            data-name=\"sortie en paddle sur le lac d&#039;aureilhan\"\n            data-json=\"{&quot;name&quot;:&quot;Sortie en paddle sur le lac d&#039;Aureilhan&quot;,&quot;image&quot;:&quot;&quot;,&quot;link&quot;:&quot;https:\\\/\\\/www.tourismelandes.com\\\/activite\\\/balade-paddle-lac-d-aureilhan\\\/&quot;,&quot;data&quot;:{&quot;name&quot;:&quot;Sortie en paddle sur le lac d&#039;Aureilhan&quot;,&quot;type&quot;:&quot;Activit\\u00e9 nautique&quot;,&quot;place&quot;:&quot;Lac d&#039;Aureilhan proche de Saint-Paul-en-Born&quot;,&quot;distance_km&quot;:&quot;~10 km&quot;,&quot;duration&quot;:&quot;1-2 heures&quot;,&quot;price&quot;:&quot;\\u00c0 partir de 15 \\u20ac la location&quot;,&quot;booking_necessary&quot;:&quot;Souvent conseill\\u00e9e&quot;,&quot;comment&quot;:&quot;Balade en paddle pour d\\u00e9couvrir le lac et ses paysages depuis l&#039;eau.&quot;,&quot;link&quot;:&quot;https:\\\/\\\/www.tourismelandes.com\\\/activite\\\/balade-paddle-lac-d-aureilhan\\\/&quot;,&quot;image&quot;:&quot;&quot;},&quot;category&quot;:&quot;Activit\\u00e9s et lieux recommand\\u00e9s&quot;}\">\n\n            <!-- Image + badge cat\u00e9gorie -->\n            <div class=\"em-card-img-wrap\">\n                              <div class=\"em-card-placeholder\">\ud83d\udcf7 Pas d'image<\/div>\n                            <span class=\"em-card-badge badge-activity\">Activit\u00e9s et lieux recommand\u00e9s<\/span>\n            <\/div>\n\n            <!-- Contenu de la card -->\n            <div class=\"em-card-body\">\n              <h3 class=\"em-card-title\">Sortie en paddle sur le lac d&#039;Aureilhan<\/h3>\n\n              <!-- Tags r\u00e9sum\u00e9s (max 4) -->\n              <div class=\"em-card-tags\">\n                                    <span class=\"em-tag em-tag-green\">\u00c0 partir de 15 \u20ac la location<\/span>\n                                    <span class=\"em-tag em-tag-blue\">Lac d&#039;Aureilhan proche de Saint-Paul-en-Born<\/span>\n                                              <\/div>\n\n              <!-- Champs suppl\u00e9mentaires (max 3) -->\n              <div class=\"em-card-fields\">\n                                  <div class=\"em-card-field\">\n                    <span class=\"em-card-field-label\">Type d\u2019\u00e9v\u00e9nement (march\u00e9, festival, sport, etc.) :<\/span>\n                    <span class=\"em-card-field-value\">Activit\u00e9 nautique<\/span>\n                  <\/div>\n                                  <div class=\"em-card-field\">\n                    <span class=\"em-card-field-label\">Distance depuis le camping (km) :<\/span>\n                    <span class=\"em-card-field-value\">~10 km<\/span>\n                  <\/div>\n                                  <div class=\"em-card-field\">\n                    <span class=\"em-card-field-label\">Dur\u00e9e moyenne :<\/span>\n                    <span class=\"em-card-field-value\">1-2 heures<\/span>\n                  <\/div>\n                              <\/div>\n\n              <!-- Lien vers le d\u00e9tail -->\n              <div class=\"em-card-footer\">\n                <span>Voir le d\u00e9tail<\/span>\n                <svg fill=\"none\" viewBox=\"0 0 24 24\" stroke=\"currentColor\" stroke-width=\"2\"><path stroke-linecap=\"round\" stroke-linejoin=\"round\" d=\"M13.5 4.5L21 12m0 0l-7.5 7.5M21 12H3\"><\/path><\/svg>\n              <\/div>\n            <\/div>\n          <\/article>\n                  <article class=\"em-card\"\n            data-type=\"activity\"\n            data-features=\"\"\n            data-name=\"visite guid\u00e9e de la for\u00eat d&#039;aulnaies\"\n            data-json=\"{&quot;name&quot;:&quot;Visite guid\\u00e9e de la for\\u00eat d&#039;aulnaies&quot;,&quot;image&quot;:&quot;&quot;,&quot;link&quot;:&quot;https:\\\/\\\/www.mimizan-tourisme.com\\\/je-decouvre\\\/les-villes\\\/st-paul-en-born\\\/&quot;,&quot;data&quot;:{&quot;name&quot;:&quot;Visite guid\\u00e9e de la for\\u00eat d&#039;aulnaies&quot;,&quot;type&quot;:&quot;Nature et d\\u00e9couverte&quot;,&quot;place&quot;:&quot;For\\u00eat d&#039;aulnaies de Saint-Paul-en-Born&quot;,&quot;distance_km&quot;:&quot;Sur place&quot;,&quot;duration&quot;:&quot;2-3 heures&quot;,&quot;price&quot;:&quot;Variable, souvent gratuit pour groupe&quot;,&quot;booking_necessary&quot;:&quot;Souvent oui&quot;,&quot;comment&quot;:&quot;D\\u00e9couverte guid\\u00e9e de l&#039;\\u00e9cosyst\\u00e8me unique de la for\\u00eat d&#039;aulnaies au printemps et en \\u00e9t\\u00e9.&quot;,&quot;link&quot;:&quot;https:\\\/\\\/www.mimizan-tourisme.com\\\/je-decouvre\\\/les-villes\\\/st-paul-en-born\\\/&quot;,&quot;image&quot;:&quot;&quot;},&quot;category&quot;:&quot;Activit\\u00e9s et lieux recommand\\u00e9s&quot;}\">\n\n            <!-- Image + badge cat\u00e9gorie -->\n            <div class=\"em-card-img-wrap\">\n                              <div class=\"em-card-placeholder\">\ud83d\udcf7 Pas d'image<\/div>\n                            <span class=\"em-card-badge badge-activity\">Activit\u00e9s et lieux recommand\u00e9s<\/span>\n            <\/div>\n\n            <!-- Contenu de la card -->\n            <div class=\"em-card-body\">\n              <h3 class=\"em-card-title\">Visite guid\u00e9e de la for\u00eat d&#039;aulnaies<\/h3>\n\n              <!-- Tags r\u00e9sum\u00e9s (max 4) -->\n              <div class=\"em-card-tags\">\n                                    <span class=\"em-tag em-tag-green\">Variable, souvent gratuit pour groupe<\/span>\n                                    <span class=\"em-tag em-tag-blue\">For\u00eat d&#039;aulnaies de Saint-Paul-en-Born<\/span>\n                                              <\/div>\n\n              <!-- Champs suppl\u00e9mentaires (max 3) -->\n              <div class=\"em-card-fields\">\n                                  <div class=\"em-card-field\">\n                    <span class=\"em-card-field-label\">Type d\u2019\u00e9v\u00e9nement (march\u00e9, festival, sport, etc.) :<\/span>\n                    <span class=\"em-card-field-value\">Nature et d\u00e9couverte<\/span>\n                  <\/div>\n                                  <div class=\"em-card-field\">\n                    <span class=\"em-card-field-label\">Distance depuis le camping (km) :<\/span>\n                    <span class=\"em-card-field-value\">Sur place<\/span>\n                  <\/div>\n                                  <div class=\"em-card-field\">\n                    <span class=\"em-card-field-label\">Dur\u00e9e moyenne :<\/span>\n                    <span class=\"em-card-field-value\">2-3 heures<\/span>\n                  <\/div>\n                              <\/div>\n\n              <!-- Lien vers le d\u00e9tail -->\n              <div class=\"em-card-footer\">\n                <span>Voir le d\u00e9tail<\/span>\n                <svg fill=\"none\" viewBox=\"0 0 24 24\" stroke=\"currentColor\" stroke-width=\"2\"><path stroke-linecap=\"round\" stroke-linejoin=\"round\" d=\"M13.5 4.5L21 12m0 0l-7.5 7.5M21 12H3\"><\/path><\/svg>\n              <\/div>\n            <\/div>\n          <\/article>\n                  <article class=\"em-card\"\n            data-type=\"activity\"\n            data-features=\"\"\n            data-name=\"participation \u00e0 un atelier d&#039;herboristerie locale\"\n            data-json=\"{&quot;name&quot;:&quot;Participation \\u00e0 un atelier d&#039;herboristerie locale&quot;,&quot;image&quot;:&quot;&quot;,&quot;link&quot;:&quot;https:\\\/\\\/www.mimizan-tourisme.com\\\/activites\\\/nature\\\/&quot;,&quot;data&quot;:{&quot;name&quot;:&quot;Participation \\u00e0 un atelier d&#039;herboristerie locale&quot;,&quot;type&quot;:&quot;Atelier nature&quot;,&quot;place&quot;:&quot;Saint-Paul-en-Born&quot;,&quot;distance_km&quot;:&quot;Sur place&quot;,&quot;duration&quot;:&quot;2-3 heures&quot;,&quot;price&quot;:&quot;Environ 20 \\u20ac&quot;,&quot;booking_necessary&quot;:&quot;Oui&quot;,&quot;comment&quot;:&quot;D\\u00e9couverte des plantes m\\u00e9dicinales locales et leurs usages traditionnels.&quot;,&quot;link&quot;:&quot;https:\\\/\\\/www.mimizan-tourisme.com\\\/activites\\\/nature\\\/&quot;,&quot;image&quot;:&quot;&quot;},&quot;category&quot;:&quot;Activit\\u00e9s et lieux recommand\\u00e9s&quot;}\">\n\n            <!-- Image + badge cat\u00e9gorie -->\n            <div class=\"em-card-img-wrap\">\n                              <div class=\"em-card-placeholder\">\ud83d\udcf7 Pas d'image<\/div>\n                            <span class=\"em-card-badge badge-activity\">Activit\u00e9s et lieux recommand\u00e9s<\/span>\n            <\/div>\n\n            <!-- Contenu de la card -->\n            <div class=\"em-card-body\">\n              <h3 class=\"em-card-title\">Participation \u00e0 un atelier d&#039;herboristerie locale<\/h3>\n\n              <!-- Tags r\u00e9sum\u00e9s (max 4) -->\n              <div class=\"em-card-tags\">\n                                    <span class=\"em-tag em-tag-green\">Environ 20 \u20ac<\/span>\n                                    <span class=\"em-tag em-tag-blue\">Saint-Paul-en-Born<\/span>\n                                              <\/div>\n\n              <!-- Champs suppl\u00e9mentaires (max 3) -->\n              <div class=\"em-card-fields\">\n                                  <div class=\"em-card-field\">\n                    <span class=\"em-card-field-label\">Type d\u2019\u00e9v\u00e9nement (march\u00e9, festival, sport, etc.) :<\/span>\n                    <span class=\"em-card-field-value\">Atelier nature<\/span>\n                  <\/div>\n                                  <div class=\"em-card-field\">\n                    <span class=\"em-card-field-label\">Distance depuis le camping (km) :<\/span>\n                    <span class=\"em-card-field-value\">Sur place<\/span>\n                  <\/div>\n                                  <div class=\"em-card-field\">\n                    <span class=\"em-card-field-label\">Dur\u00e9e moyenne :<\/span>\n                    <span class=\"em-card-field-value\">2-3 heures<\/span>\n                  <\/div>\n                              <\/div>\n\n              <!-- Lien vers le d\u00e9tail -->\n              <div class=\"em-card-footer\">\n                <span>Voir le d\u00e9tail<\/span>\n                <svg fill=\"none\" viewBox=\"0 0 24 24\" stroke=\"currentColor\" stroke-width=\"2\"><path stroke-linecap=\"round\" stroke-linejoin=\"round\" d=\"M13.5 4.5L21 12m0 0l-7.5 7.5M21 12H3\"><\/path><\/svg>\n              <\/div>\n            <\/div>\n          <\/article>\n                  <article class=\"em-card\"\n            data-type=\"activity\"\n            data-features=\"\"\n            data-name=\"balade nocturne d&#039;observation des \u00e9toiles\"\n            data-json=\"{&quot;name&quot;:&quot;Balade nocturne d&#039;observation des \\u00e9toiles&quot;,&quot;image&quot;:&quot;&quot;,&quot;link&quot;:&quot;https:\\\/\\\/www.mimizan-tourisme.com\\\/je-decouvre\\\/les-villes\\\/st-paul-en-born\\\/activites-vsites-et-animations\\\/&quot;,&quot;data&quot;:{&quot;name&quot;:&quot;Balade nocturne d&#039;observation des \\u00e9toiles&quot;,&quot;type&quot;:&quot;Nature et d\\u00e9tente&quot;,&quot;place&quot;:&quot;Saint-Paul-en-Born or proche&quot;,&quot;distance_km&quot;:&quot;Sur place&quot;,&quot;duration&quot;:&quot;2 heures&quot;,&quot;price&quot;:&quot;Gratuit&quot;,&quot;booking_necessary&quot;:&quot;Non&quot;,&quot;comment&quot;:&quot;Sortie libre ou guid\\u00e9e pour contempler le ciel \\u00e9toil\\u00e9 dans un environnement peu \\u00e9clair\\u00e9.&quot;,&quot;link&quot;:&quot;https:\\\/\\\/www.mimizan-tourisme.com\\\/je-decouvre\\\/les-villes\\\/st-paul-en-born\\\/activites-vsites-et-animations\\\/&quot;,&quot;image&quot;:&quot;&quot;},&quot;category&quot;:&quot;Activit\\u00e9s et lieux recommand\\u00e9s&quot;}\">\n\n            <!-- Image + badge cat\u00e9gorie -->\n            <div class=\"em-card-img-wrap\">\n                              <div class=\"em-card-placeholder\">\ud83d\udcf7 Pas d'image<\/div>\n                            <span class=\"em-card-badge badge-activity\">Activit\u00e9s et lieux recommand\u00e9s<\/span>\n            <\/div>\n\n            <!-- Contenu de la card -->\n            <div class=\"em-card-body\">\n              <h3 class=\"em-card-title\">Balade nocturne d&#039;observation des \u00e9toiles<\/h3>\n\n              <!-- Tags r\u00e9sum\u00e9s (max 4) -->\n              <div class=\"em-card-tags\">\n                                    <span class=\"em-tag em-tag-green\">Gratuit<\/span>\n                                    <span class=\"em-tag em-tag-blue\">Saint-Paul-en-Born or proche<\/span>\n                                              <\/div>\n\n              <!-- Champs suppl\u00e9mentaires (max 3) -->\n              <div class=\"em-card-fields\">\n                                  <div class=\"em-card-field\">\n                    <span class=\"em-card-field-label\">Type d\u2019\u00e9v\u00e9nement (march\u00e9, festival, sport, etc.) :<\/span>\n                    <span class=\"em-card-field-value\">Nature et d\u00e9tente<\/span>\n                  <\/div>\n                                  <div class=\"em-card-field\">\n                    <span class=\"em-card-field-label\">Distance depuis le camping (km) :<\/span>\n                    <span class=\"em-card-field-value\">Sur place<\/span>\n                  <\/div>\n                                  <div class=\"em-card-field\">\n                    <span class=\"em-card-field-label\">Dur\u00e9e moyenne :<\/span>\n                    <span class=\"em-card-field-value\">2 heures<\/span>\n                  <\/div>\n                              <\/div>\n\n              <!-- Lien vers le d\u00e9tail -->\n              <div class=\"em-card-footer\">\n                <span>Voir le d\u00e9tail<\/span>\n                <svg fill=\"none\" viewBox=\"0 0 24 24\" stroke=\"currentColor\" stroke-width=\"2\"><path stroke-linecap=\"round\" stroke-linejoin=\"round\" d=\"M13.5 4.5L21 12m0 0l-7.5 7.5M21 12H3\"><\/path><\/svg>\n              <\/div>\n            <\/div>\n          <\/article>\n                  <article class=\"em-card\"\n            data-type=\"activity\"\n            data-features=\"\"\n            data-name=\"visite guid\u00e9e du phare de contis\"\n            data-json=\"{&quot;name&quot;:&quot;Visite guid\\u00e9e du Phare de Contis&quot;,&quot;image&quot;:&quot;&quot;,&quot;link&quot;:&quot;https:\\\/\\\/www.tourismelandes.com\\\/patrimoine-culturel\\\/phare-de-contis\\\/&quot;,&quot;data&quot;:{&quot;name&quot;:&quot;Visite guid\\u00e9e du Phare de Contis&quot;,&quot;type&quot;:&quot;Culturelle et touristique&quot;,&quot;place&quot;:&quot;Contis, \\u00e0 environ 25 km&quot;,&quot;distance_km&quot;:&quot;~25 km&quot;,&quot;duration&quot;:&quot;1-2 heures&quot;,&quot;price&quot;:&quot;Entr\\u00e9e payante selon saison&quot;,&quot;booking_necessary&quot;:&quot;Conseill\\u00e9e&quot;,&quot;comment&quot;:&quot;D\\u00e9couvrez l\\u2019histoire et la vue panoramique du Phare embl\\u00e9matique du littoral landais.&quot;,&quot;link&quot;:&quot;https:\\\/\\\/www.tourismelandes.com\\\/patrimoine-culturel\\\/phare-de-contis\\\/&quot;,&quot;image&quot;:&quot;&quot;},&quot;category&quot;:&quot;Activit\\u00e9s et lieux recommand\\u00e9s&quot;}\">\n\n            <!-- Image + badge cat\u00e9gorie -->\n            <div class=\"em-card-img-wrap\">\n                              <div class=\"em-card-placeholder\">\ud83d\udcf7 Pas d'image<\/div>\n                            <span class=\"em-card-badge badge-activity\">Activit\u00e9s et lieux recommand\u00e9s<\/span>\n            <\/div>\n\n            <!-- Contenu de la card -->\n            <div class=\"em-card-body\">\n              <h3 class=\"em-card-title\">Visite guid\u00e9e du Phare de Contis<\/h3>\n\n              <!-- Tags r\u00e9sum\u00e9s (max 4) -->\n              <div class=\"em-card-tags\">\n                                    <span class=\"em-tag em-tag-green\">Entr\u00e9e payante selon saison<\/span>\n                                    <span class=\"em-tag em-tag-blue\">Contis, \u00e0 environ 25 km<\/span>\n                                              <\/div>\n\n              <!-- Champs suppl\u00e9mentaires (max 3) -->\n              <div class=\"em-card-fields\">\n                                  <div class=\"em-card-field\">\n                    <span class=\"em-card-field-label\">Type d\u2019\u00e9v\u00e9nement (march\u00e9, festival, sport, etc.) :<\/span>\n                    <span class=\"em-card-field-value\">Culturelle et touristique<\/span>\n                  <\/div>\n                                  <div class=\"em-card-field\">\n                    <span class=\"em-card-field-label\">Distance depuis le camping (km) :<\/span>\n                    <span class=\"em-card-field-value\">~25 km<\/span>\n                  <\/div>\n                                  <div class=\"em-card-field\">\n                    <span class=\"em-card-field-label\">Dur\u00e9e moyenne :<\/span>\n                    <span class=\"em-card-field-value\">1-2 heures<\/span>\n                  <\/div>\n                              <\/div>\n\n              <!-- Lien vers le d\u00e9tail -->\n              <div class=\"em-card-footer\">\n                <span>Voir le d\u00e9tail<\/span>\n                <svg fill=\"none\" viewBox=\"0 0 24 24\" stroke=\"currentColor\" stroke-width=\"2\"><path stroke-linecap=\"round\" stroke-linejoin=\"round\" d=\"M13.5 4.5L21 12m0 0l-7.5 7.5M21 12H3\"><\/path><\/svg>\n              <\/div>\n            <\/div>\n          <\/article>\n                  <article class=\"em-card\"\n            data-type=\"activity\"\n            data-features=\"\"\n            data-name=\"excursion en bateau \u00e9lectrique sur le lac d&#039;aureilhan\"\n            data-json=\"{&quot;name&quot;:&quot;Excursion en bateau \\u00e9lectrique sur le lac d&#039;Aureilhan&quot;,&quot;image&quot;:&quot;&quot;,&quot;link&quot;:&quot;https:\\\/\\\/www.tourismelandes.com\\\/activite\\\/bateau-electrique-lac-aureilhan\\\/&quot;,&quot;data&quot;:{&quot;name&quot;:&quot;Excursion en bateau \\u00e9lectrique sur le lac d&#039;Aureilhan&quot;,&quot;type&quot;:&quot;Balade nautique&quot;,&quot;place&quot;:&quot;Lac d&#039;Aureilhan&quot;,&quot;distance_km&quot;:&quot;~10 km&quot;,&quot;duration&quot;:&quot;1 heure&quot;,&quot;price&quot;:&quot;Location environ 20-30 \\u20ac&quot;,&quot;booking_necessary&quot;:&quot;Oui&quot;,&quot;comment&quot;:&quot;Balade \\u00e9cologique et tranquille en bateau \\u00e9lectrique sans permis, pour familles et couples.&quot;,&quot;link&quot;:&quot;https:\\\/\\\/www.tourismelandes.com\\\/activite\\\/bateau-electrique-lac-aureilhan\\\/&quot;,&quot;image&quot;:&quot;&quot;},&quot;category&quot;:&quot;Activit\\u00e9s et lieux recommand\\u00e9s&quot;}\">\n\n            <!-- Image + badge cat\u00e9gorie -->\n            <div class=\"em-card-img-wrap\">\n                              <div class=\"em-card-placeholder\">\ud83d\udcf7 Pas d'image<\/div>\n                            <span class=\"em-card-badge badge-activity\">Activit\u00e9s et lieux recommand\u00e9s<\/span>\n            <\/div>\n\n            <!-- Contenu de la card -->\n            <div class=\"em-card-body\">\n              <h3 class=\"em-card-title\">Excursion en bateau \u00e9lectrique sur le lac d&#039;Aureilhan<\/h3>\n\n              <!-- Tags r\u00e9sum\u00e9s (max 4) -->\n              <div class=\"em-card-tags\">\n                                    <span class=\"em-tag em-tag-green\">Location environ 20-30 \u20ac<\/span>\n                                    <span class=\"em-tag em-tag-blue\">Lac d&#039;Aureilhan<\/span>\n                                              <\/div>\n\n              <!-- Champs suppl\u00e9mentaires (max 3) -->\n              <div class=\"em-card-fields\">\n                                  <div class=\"em-card-field\">\n                    <span class=\"em-card-field-label\">Type d\u2019\u00e9v\u00e9nement (march\u00e9, festival, sport, etc.) :<\/span>\n                    <span class=\"em-card-field-value\">Balade nautique<\/span>\n                  <\/div>\n                                  <div class=\"em-card-field\">\n                    <span class=\"em-card-field-label\">Distance depuis le camping (km) :<\/span>\n                    <span class=\"em-card-field-value\">~10 km<\/span>\n                  <\/div>\n                                  <div class=\"em-card-field\">\n                    <span class=\"em-card-field-label\">Dur\u00e9e moyenne :<\/span>\n                    <span class=\"em-card-field-value\">1 heure<\/span>\n                  <\/div>\n                              <\/div>\n\n              <!-- Lien vers le d\u00e9tail -->\n              <div class=\"em-card-footer\">\n                <span>Voir le d\u00e9tail<\/span>\n                <svg fill=\"none\" viewBox=\"0 0 24 24\" stroke=\"currentColor\" stroke-width=\"2\"><path stroke-linecap=\"round\" stroke-linejoin=\"round\" d=\"M13.5 4.5L21 12m0 0l-7.5 7.5M21 12H3\"><\/path><\/svg>\n              <\/div>\n            <\/div>\n          <\/article>\n                  <article class=\"em-card\"\n            data-type=\"activity\"\n            data-features=\"\"\n            data-name=\"atelier d&#039;initiation \u00e0 la photographie nature\"\n            data-json=\"{&quot;name&quot;:&quot;Atelier d&#039;initiation \\u00e0 la photographie nature&quot;,&quot;image&quot;:&quot;&quot;,&quot;link&quot;:&quot;https:\\\/\\\/www.mimizan-tourisme.com\\\/activites\\\/atelier-photographie\\\/&quot;,&quot;data&quot;:{&quot;name&quot;:&quot;Atelier d&#039;initiation \\u00e0 la photographie nature&quot;,&quot;type&quot;:&quot;Atelier cr\\u00e9atif&quot;,&quot;place&quot;:&quot;En for\\u00eat landaise&quot;,&quot;distance_km&quot;:&quot;Sur place&quot;,&quot;duration&quot;:&quot;3 heures&quot;,&quot;price&quot;:&quot;Environ 25-40 \\u20ac&quot;,&quot;booking_necessary&quot;:&quot;Oui&quot;,&quot;comment&quot;:&quot;Apprenez les bases de la photographie avec un professionnel en milieu naturel.&quot;,&quot;link&quot;:&quot;https:\\\/\\\/www.mimizan-tourisme.com\\\/activites\\\/atelier-photographie\\\/&quot;,&quot;image&quot;:&quot;&quot;},&quot;category&quot;:&quot;Activit\\u00e9s et lieux recommand\\u00e9s&quot;}\">\n\n            <!-- Image + badge cat\u00e9gorie -->\n            <div class=\"em-card-img-wrap\">\n                              <div class=\"em-card-placeholder\">\ud83d\udcf7 Pas d'image<\/div>\n                            <span class=\"em-card-badge badge-activity\">Activit\u00e9s et lieux recommand\u00e9s<\/span>\n            <\/div>\n\n            <!-- Contenu de la card -->\n            <div class=\"em-card-body\">\n              <h3 class=\"em-card-title\">Atelier d&#039;initiation \u00e0 la photographie nature<\/h3>\n\n              <!-- Tags r\u00e9sum\u00e9s (max 4) -->\n              <div class=\"em-card-tags\">\n                                    <span class=\"em-tag em-tag-green\">Environ 25-40 \u20ac<\/span>\n                                    <span class=\"em-tag em-tag-blue\">En for\u00eat landaise<\/span>\n                                              <\/div>\n\n              <!-- Champs suppl\u00e9mentaires (max 3) -->\n              <div class=\"em-card-fields\">\n                                  <div class=\"em-card-field\">\n                    <span class=\"em-card-field-label\">Type d\u2019\u00e9v\u00e9nement (march\u00e9, festival, sport, etc.) :<\/span>\n                    <span class=\"em-card-field-value\">Atelier cr\u00e9atif<\/span>\n                  <\/div>\n                                  <div class=\"em-card-field\">\n                    <span class=\"em-card-field-label\">Distance depuis le camping (km) :<\/span>\n                    <span class=\"em-card-field-value\">Sur place<\/span>\n                  <\/div>\n                                  <div class=\"em-card-field\">\n                    <span class=\"em-card-field-label\">Dur\u00e9e moyenne :<\/span>\n                    <span class=\"em-card-field-value\">3 heures<\/span>\n                  <\/div>\n                              <\/div>\n\n              <!-- Lien vers le d\u00e9tail -->\n              <div class=\"em-card-footer\">\n                <span>Voir le d\u00e9tail<\/span>\n                <svg fill=\"none\" viewBox=\"0 0 24 24\" stroke=\"currentColor\" stroke-width=\"2\"><path stroke-linecap=\"round\" stroke-linejoin=\"round\" d=\"M13.5 4.5L21 12m0 0l-7.5 7.5M21 12H3\"><\/path><\/svg>\n              <\/div>\n            <\/div>\n          <\/article>\n                  <article class=\"em-card\"\n            data-type=\"activity\"\n            data-features=\"\"\n            data-name=\"d\u00e9couverte des curiosit\u00e9s g\u00e9ologiques locales\"\n            data-json=\"{&quot;name&quot;:&quot;D\\u00e9couverte des curiosit\\u00e9s g\\u00e9ologiques locales&quot;,&quot;image&quot;:&quot;&quot;,&quot;link&quot;:&quot;https:\\\/\\\/www.mimizan-tourisme.com\\\/je-decouvre\\\/les-villes\\\/st-paul-en-born\\\/&quot;,&quot;data&quot;:{&quot;name&quot;:&quot;D\\u00e9couverte des curiosit\\u00e9s g\\u00e9ologiques locales&quot;,&quot;type&quot;:&quot;Nature et sciences&quot;,&quot;place&quot;:&quot;Saint-Paul-en-Born et environs&quot;,&quot;distance_km&quot;:&quot;Sur place&quot;,&quot;duration&quot;:&quot;2 heures&quot;,&quot;price&quot;:&quot;Gratuit&quot;,&quot;booking_necessary&quot;:&quot;Non&quot;,&quot;comment&quot;:&quot;Balade pour observer les particularit\\u00e9s g\\u00e9ologiques et formations de la r\\u00e9gion landaise.&quot;,&quot;link&quot;:&quot;https:\\\/\\\/www.mimizan-tourisme.com\\\/je-decouvre\\\/les-villes\\\/st-paul-en-born\\\/&quot;,&quot;image&quot;:&quot;&quot;},&quot;category&quot;:&quot;Activit\\u00e9s et lieux recommand\\u00e9s&quot;}\">\n\n            <!-- Image + badge cat\u00e9gorie -->\n            <div class=\"em-card-img-wrap\">\n                              <div class=\"em-card-placeholder\">\ud83d\udcf7 Pas d'image<\/div>\n                            <span class=\"em-card-badge badge-activity\">Activit\u00e9s et lieux recommand\u00e9s<\/span>\n            <\/div>\n\n            <!-- Contenu de la card -->\n            <div class=\"em-card-body\">\n              <h3 class=\"em-card-title\">D\u00e9couverte des curiosit\u00e9s g\u00e9ologiques locales<\/h3>\n\n              <!-- Tags r\u00e9sum\u00e9s (max 4) -->\n              <div class=\"em-card-tags\">\n                                    <span class=\"em-tag em-tag-green\">Gratuit<\/span>\n                                    <span class=\"em-tag em-tag-blue\">Saint-Paul-en-Born et environs<\/span>\n                                              <\/div>\n\n              <!-- Champs suppl\u00e9mentaires (max 3) -->\n              <div class=\"em-card-fields\">\n                                  <div class=\"em-card-field\">\n                    <span class=\"em-card-field-label\">Type d\u2019\u00e9v\u00e9nement (march\u00e9, festival, sport, etc.) :<\/span>\n                    <span class=\"em-card-field-value\">Nature et sciences<\/span>\n                  <\/div>\n                                  <div class=\"em-card-field\">\n                    <span class=\"em-card-field-label\">Distance depuis le camping (km) :<\/span>\n                    <span class=\"em-card-field-value\">Sur place<\/span>\n                  <\/div>\n                                  <div class=\"em-card-field\">\n                    <span class=\"em-card-field-label\">Dur\u00e9e moyenne :<\/span>\n                    <span class=\"em-card-field-value\">2 heures<\/span>\n                  <\/div>\n                              <\/div>\n\n              <!-- Lien vers le d\u00e9tail -->\n              <div class=\"em-card-footer\">\n                <span>Voir le d\u00e9tail<\/span>\n                <svg fill=\"none\" viewBox=\"0 0 24 24\" stroke=\"currentColor\" stroke-width=\"2\"><path stroke-linecap=\"round\" stroke-linejoin=\"round\" d=\"M13.5 4.5L21 12m0 0l-7.5 7.5M21 12H3\"><\/path><\/svg>\n              <\/div>\n            <\/div>\n          <\/article>\n                  <article class=\"em-card\"\n            data-type=\"activity\"\n            data-features=\"\"\n            data-name=\"th\u00e9\u00e2tre de plein air en saison\"\n            data-json=\"{&quot;name&quot;:&quot;Th\\u00e9\\u00e2tre de plein air en saison&quot;,&quot;image&quot;:&quot;&quot;,&quot;link&quot;:&quot;https:\\\/\\\/www.mimizan-tourisme.com\\\/evenements-saint-paul-en-born\\\/&quot;,&quot;data&quot;:{&quot;name&quot;:&quot;Th\\u00e9\\u00e2tre de plein air en saison&quot;,&quot;type&quot;:&quot;Spectacle culturel&quot;,&quot;place&quot;:&quot;Saint-Paul-en-Born&quot;,&quot;distance_km&quot;:&quot;Sur place&quot;,&quot;duration&quot;:&quot;2 heures&quot;,&quot;price&quot;:&quot;Tarif selon spectacle&quot;,&quot;booking_necessary&quot;:&quot;Oui&quot;,&quot;comment&quot;:&quot;Repr\\u00e9sentations th\\u00e9\\u00e2trales en ext\\u00e9rieur durant la saison estivale.&quot;,&quot;link&quot;:&quot;https:\\\/\\\/www.mimizan-tourisme.com\\\/evenements-saint-paul-en-born\\\/&quot;,&quot;image&quot;:&quot;&quot;},&quot;category&quot;:&quot;Activit\\u00e9s et lieux recommand\\u00e9s&quot;}\">\n\n            <!-- Image + badge cat\u00e9gorie -->\n            <div class=\"em-card-img-wrap\">\n                              <div class=\"em-card-placeholder\">\ud83d\udcf7 Pas d'image<\/div>\n                            <span class=\"em-card-badge badge-activity\">Activit\u00e9s et lieux recommand\u00e9s<\/span>\n            <\/div>\n\n            <!-- Contenu de la card -->\n            <div class=\"em-card-body\">\n              <h3 class=\"em-card-title\">Th\u00e9\u00e2tre de plein air en saison<\/h3>\n\n              <!-- Tags r\u00e9sum\u00e9s (max 4) -->\n              <div class=\"em-card-tags\">\n                                    <span class=\"em-tag em-tag-green\">Tarif selon spectacle<\/span>\n                                    <span class=\"em-tag em-tag-blue\">Saint-Paul-en-Born<\/span>\n                                              <\/div>\n\n              <!-- Champs suppl\u00e9mentaires (max 3) -->\n              <div class=\"em-card-fields\">\n                                  <div class=\"em-card-field\">\n                    <span class=\"em-card-field-label\">Type d\u2019\u00e9v\u00e9nement (march\u00e9, festival, sport, etc.) :<\/span>\n                    <span class=\"em-card-field-value\">Spectacle culturel<\/span>\n                  <\/div>\n                                  <div class=\"em-card-field\">\n                    <span class=\"em-card-field-label\">Distance depuis le camping (km) :<\/span>\n                    <span class=\"em-card-field-value\">Sur place<\/span>\n                  <\/div>\n                                  <div class=\"em-card-field\">\n                    <span class=\"em-card-field-label\">Dur\u00e9e moyenne :<\/span>\n                    <span class=\"em-card-field-value\">2 heures<\/span>\n                  <\/div>\n                              <\/div>\n\n              <!-- Lien vers le d\u00e9tail -->\n              <div class=\"em-card-footer\">\n                <span>Voir le d\u00e9tail<\/span>\n                <svg fill=\"none\" viewBox=\"0 0 24 24\" stroke=\"currentColor\" stroke-width=\"2\"><path stroke-linecap=\"round\" stroke-linejoin=\"round\" d=\"M13.5 4.5L21 12m0 0l-7.5 7.5M21 12H3\"><\/path><\/svg>\n              <\/div>\n            <\/div>\n          <\/article>\n                  <article class=\"em-card\"\n            data-type=\"activity\"\n            data-features=\"\"\n            data-name=\"pique-nique dans les marais et observation respectueuse\"\n            data-json=\"{&quot;name&quot;:&quot;Pique-nique dans les marais et observation respectueuse&quot;,&quot;image&quot;:&quot;&quot;,&quot;link&quot;:&quot;https:\\\/\\\/www.mimizan-tourisme.com\\\/je-decouvre\\\/les-villes\\\/st-paul-en-born\\\/&quot;,&quot;data&quot;:{&quot;name&quot;:&quot;Pique-nique dans les marais et observation respectueuse&quot;,&quot;type&quot;:&quot;D\\u00e9tente et nature&quot;,&quot;place&quot;:&quot;Marais de Saint-Paul-en-Born&quot;,&quot;distance_km&quot;:&quot;Sur place&quot;,&quot;duration&quot;:&quot;Flexible&quot;,&quot;price&quot;:&quot;Gratuit&quot;,&quot;booking_necessary&quot;:&quot;Non&quot;,&quot;comment&quot;:&quot;Moment de d\\u00e9tente en pleine nature avec respect de l\\u2019environnement fragile des marais.&quot;,&quot;link&quot;:&quot;https:\\\/\\\/www.mimizan-tourisme.com\\\/je-decouvre\\\/les-villes\\\/st-paul-en-born\\\/&quot;,&quot;image&quot;:&quot;&quot;},&quot;category&quot;:&quot;Activit\\u00e9s et lieux recommand\\u00e9s&quot;}\">\n\n            <!-- Image + badge cat\u00e9gorie -->\n            <div class=\"em-card-img-wrap\">\n                              <div class=\"em-card-placeholder\">\ud83d\udcf7 Pas d'image<\/div>\n                            <span class=\"em-card-badge badge-activity\">Activit\u00e9s et lieux recommand\u00e9s<\/span>\n            <\/div>\n\n            <!-- Contenu de la card -->\n            <div class=\"em-card-body\">\n              <h3 class=\"em-card-title\">Pique-nique dans les marais et observation respectueuse<\/h3>\n\n              <!-- Tags r\u00e9sum\u00e9s (max 4) -->\n              <div class=\"em-card-tags\">\n                                    <span class=\"em-tag em-tag-green\">Gratuit<\/span>\n                                    <span class=\"em-tag em-tag-blue\">Marais de Saint-Paul-en-Born<\/span>\n                                              <\/div>\n\n              <!-- Champs suppl\u00e9mentaires (max 3) -->\n              <div class=\"em-card-fields\">\n                                  <div class=\"em-card-field\">\n                    <span class=\"em-card-field-label\">Type d\u2019\u00e9v\u00e9nement (march\u00e9, festival, sport, etc.) :<\/span>\n                    <span class=\"em-card-field-value\">D\u00e9tente et nature<\/span>\n                  <\/div>\n                                  <div class=\"em-card-field\">\n                    <span class=\"em-card-field-label\">Distance depuis le camping (km) :<\/span>\n                    <span class=\"em-card-field-value\">Sur place<\/span>\n                  <\/div>\n                                  <div class=\"em-card-field\">\n                    <span class=\"em-card-field-label\">Dur\u00e9e moyenne :<\/span>\n                    <span class=\"em-card-field-value\">Flexible<\/span>\n                  <\/div>\n                              <\/div>\n\n              <!-- Lien vers le d\u00e9tail -->\n              <div class=\"em-card-footer\">\n                <span>Voir le d\u00e9tail<\/span>\n                <svg fill=\"none\" viewBox=\"0 0 24 24\" stroke=\"currentColor\" stroke-width=\"2\"><path stroke-linecap=\"round\" stroke-linejoin=\"round\" d=\"M13.5 4.5L21 12m0 0l-7.5 7.5M21 12H3\"><\/path><\/svg>\n              <\/div>\n            <\/div>\n          <\/article>\n                  <article class=\"em-card\"\n            data-type=\"activity\"\n            data-features=\"\"\n            data-name=\"visite guid\u00e9e de la r\u00e9serve naturelle des marais d&#039;orx\"\n            data-json=\"{&quot;name&quot;:&quot;Visite guid\\u00e9e de la R\\u00e9serve Naturelle des Marais d&#039;Orx&quot;,&quot;image&quot;:&quot;&quot;,&quot;link&quot;:&quot;https:\\\/\\\/www.reservenaturelle-orx.fr&quot;,&quot;data&quot;:{&quot;name&quot;:&quot;Visite guid\\u00e9e de la R\\u00e9serve Naturelle des Marais d&#039;Orx&quot;,&quot;type&quot;:&quot;Nature et D\\u00e9couverte&quot;,&quot;place&quot;:&quot;\\u00c0 environ 20 km de Saint-Paul-en-Born&quot;,&quot;distance_km&quot;:&quot;20&quot;,&quot;duration&quot;:&quot;3 heures&quot;,&quot;price&quot;:&quot;Gratuit ou faible tarif selon les saisons&quot;,&quot;booking_necessary&quot;:&quot;Recommand\\u00e9&quot;,&quot;comment&quot;:&quot;D\\u00e9couverte de la faune et flore dans une r\\u00e9serve prot\\u00e9g\\u00e9e avec observation d&#039;oiseaux rares.&quot;,&quot;link&quot;:&quot;https:\\\/\\\/www.reservenaturelle-orx.fr&quot;,&quot;image&quot;:&quot;&quot;},&quot;category&quot;:&quot;Activit\\u00e9s et lieux recommand\\u00e9s&quot;}\">\n\n            <!-- Image + badge cat\u00e9gorie -->\n            <div class=\"em-card-img-wrap\">\n                              <div class=\"em-card-placeholder\">\ud83d\udcf7 Pas d'image<\/div>\n                            <span class=\"em-card-badge badge-activity\">Activit\u00e9s et lieux recommand\u00e9s<\/span>\n            <\/div>\n\n            <!-- Contenu de la card -->\n            <div class=\"em-card-body\">\n              <h3 class=\"em-card-title\">Visite guid\u00e9e de la R\u00e9serve Naturelle des Marais d&#039;Orx<\/h3>\n\n              <!-- Tags r\u00e9sum\u00e9s (max 4) -->\n              <div class=\"em-card-tags\">\n                                    <span class=\"em-tag em-tag-green\">Gratuit ou faible tarif selon les saisons<\/span>\n                                    <span class=\"em-tag em-tag-blue\">\u00c0 environ 20 km de Saint-Paul-en-Born<\/span>\n                                              <\/div>\n\n              <!-- Champs suppl\u00e9mentaires (max 3) -->\n              <div class=\"em-card-fields\">\n                                  <div class=\"em-card-field\">\n                    <span class=\"em-card-field-label\">Type d\u2019\u00e9v\u00e9nement (march\u00e9, festival, sport, etc.) :<\/span>\n                    <span class=\"em-card-field-value\">Nature et D\u00e9couverte<\/span>\n                  <\/div>\n                                  <div class=\"em-card-field\">\n                    <span class=\"em-card-field-label\">Distance depuis le camping (km) :<\/span>\n                    <span class=\"em-card-field-value\">20<\/span>\n                  <\/div>\n                                  <div class=\"em-card-field\">\n                    <span class=\"em-card-field-label\">Dur\u00e9e moyenne :<\/span>\n                    <span class=\"em-card-field-value\">3 heures<\/span>\n                  <\/div>\n                              <\/div>\n\n              <!-- Lien vers le d\u00e9tail -->\n              <div class=\"em-card-footer\">\n                <span>Voir le d\u00e9tail<\/span>\n                <svg fill=\"none\" viewBox=\"0 0 24 24\" stroke=\"currentColor\" stroke-width=\"2\"><path stroke-linecap=\"round\" stroke-linejoin=\"round\" d=\"M13.5 4.5L21 12m0 0l-7.5 7.5M21 12H3\"><\/path><\/svg>\n              <\/div>\n            <\/div>\n          <\/article>\n                  <article class=\"em-card\"\n            data-type=\"activity\"\n            data-features=\"\"\n            data-name=\"atelier de d\u00e9couverte de la poterie landaise\"\n            data-json=\"{&quot;name&quot;:&quot;Atelier de d\\u00e9couverte de la poterie landaise&quot;,&quot;image&quot;:&quot;&quot;,&quot;link&quot;:&quot;https:\\\/\\\/www.labenne-tourisme.fr\\\/ateliers-poterie&quot;,&quot;data&quot;:{&quot;name&quot;:&quot;Atelier de d\\u00e9couverte de la poterie landaise&quot;,&quot;type&quot;:&quot;Atelier artisanal&quot;,&quot;place&quot;:&quot;Village de Labenne&quot;,&quot;distance_km&quot;:&quot;25&quot;,&quot;duration&quot;:&quot;2 heures&quot;,&quot;price&quot;:&quot;\\u00c0 partir de 15\\u20ac par personne&quot;,&quot;booking_necessary&quot;:&quot;Oui&quot;,&quot;comment&quot;:&quot;Apprenez les techniques traditionnelles de poterie de la r\\u00e9gion Landes.&quot;,&quot;link&quot;:&quot;https:\\\/\\\/www.labenne-tourisme.fr\\\/ateliers-poterie&quot;,&quot;image&quot;:&quot;&quot;},&quot;category&quot;:&quot;Activit\\u00e9s et lieux recommand\\u00e9s&quot;}\">\n\n            <!-- Image + badge cat\u00e9gorie -->\n            <div class=\"em-card-img-wrap\">\n                              <div class=\"em-card-placeholder\">\ud83d\udcf7 Pas d'image<\/div>\n                            <span class=\"em-card-badge badge-activity\">Activit\u00e9s et lieux recommand\u00e9s<\/span>\n            <\/div>\n\n            <!-- Contenu de la card -->\n            <div class=\"em-card-body\">\n              <h3 class=\"em-card-title\">Atelier de d\u00e9couverte de la poterie landaise<\/h3>\n\n              <!-- Tags r\u00e9sum\u00e9s (max 4) -->\n              <div class=\"em-card-tags\">\n                                    <span class=\"em-tag em-tag-green\">\u00c0 partir de 15\u20ac par personne<\/span>\n                                    <span class=\"em-tag em-tag-blue\">Village de Labenne<\/span>\n                                              <\/div>\n\n              <!-- Champs suppl\u00e9mentaires (max 3) -->\n              <div class=\"em-card-fields\">\n                                  <div class=\"em-card-field\">\n                    <span class=\"em-card-field-label\">Type d\u2019\u00e9v\u00e9nement (march\u00e9, festival, sport, etc.) :<\/span>\n                    <span class=\"em-card-field-value\">Atelier artisanal<\/span>\n                  <\/div>\n                                  <div class=\"em-card-field\">\n                    <span class=\"em-card-field-label\">Distance depuis le camping (km) :<\/span>\n                    <span class=\"em-card-field-value\">25<\/span>\n                  <\/div>\n                                  <div class=\"em-card-field\">\n                    <span class=\"em-card-field-label\">Dur\u00e9e moyenne :<\/span>\n                    <span class=\"em-card-field-value\">2 heures<\/span>\n                  <\/div>\n                              <\/div>\n\n              <!-- Lien vers le d\u00e9tail -->\n              <div class=\"em-card-footer\">\n                <span>Voir le d\u00e9tail<\/span>\n                <svg fill=\"none\" viewBox=\"0 0 24 24\" stroke=\"currentColor\" stroke-width=\"2\"><path stroke-linecap=\"round\" stroke-linejoin=\"round\" d=\"M13.5 4.5L21 12m0 0l-7.5 7.5M21 12H3\"><\/path><\/svg>\n              <\/div>\n            <\/div>\n          <\/article>\n                  <article class=\"em-card\"\n            data-type=\"activity\"\n            data-features=\"\"\n            data-name=\"excursion en bateau sur le lac de l\u00e9on\"\n            data-json=\"{&quot;name&quot;:&quot;Excursion en bateau sur le lac de L\\u00e9on&quot;,&quot;image&quot;:&quot;&quot;,&quot;link&quot;:&quot;https:\\\/\\\/www.lakedeleon.fr\\\/activites\\\/boat-tour&quot;,&quot;data&quot;:{&quot;name&quot;:&quot;Excursion en bateau sur le lac de L\\u00e9on&quot;,&quot;type&quot;:&quot;Activit\\u00e9 nautique&quot;,&quot;place&quot;:&quot;Lac de L\\u00e9on&quot;,&quot;distance_km&quot;:&quot;30&quot;,&quot;duration&quot;:&quot;1h30&quot;,&quot;price&quot;:&quot;Environ 20\\u20ac par personne&quot;,&quot;booking_necessary&quot;:&quot;Oui&quot;,&quot;comment&quot;:&quot;Balade paisible en bateau \\u00e9lectrique sur un lac naturel dans un cadre sauvage.&quot;,&quot;link&quot;:&quot;https:\\\/\\\/www.lakedeleon.fr\\\/activites\\\/boat-tour&quot;,&quot;image&quot;:&quot;&quot;},&quot;category&quot;:&quot;Activit\\u00e9s et lieux recommand\\u00e9s&quot;}\">\n\n            <!-- Image + badge cat\u00e9gorie -->\n            <div class=\"em-card-img-wrap\">\n                              <div class=\"em-card-placeholder\">\ud83d\udcf7 Pas d'image<\/div>\n                            <span class=\"em-card-badge badge-activity\">Activit\u00e9s et lieux recommand\u00e9s<\/span>\n            <\/div>\n\n            <!-- Contenu de la card -->\n            <div class=\"em-card-body\">\n              <h3 class=\"em-card-title\">Excursion en bateau sur le lac de L\u00e9on<\/h3>\n\n              <!-- Tags r\u00e9sum\u00e9s (max 4) -->\n              <div class=\"em-card-tags\">\n                                    <span class=\"em-tag em-tag-green\">Environ 20\u20ac par personne<\/span>\n                                    <span class=\"em-tag em-tag-blue\">Lac de L\u00e9on<\/span>\n                                              <\/div>\n\n              <!-- Champs suppl\u00e9mentaires (max 3) -->\n              <div class=\"em-card-fields\">\n                                  <div class=\"em-card-field\">\n                    <span class=\"em-card-field-label\">Type d\u2019\u00e9v\u00e9nement (march\u00e9, festival, sport, etc.) :<\/span>\n                    <span class=\"em-card-field-value\">Activit\u00e9 nautique<\/span>\n                  <\/div>\n                                  <div class=\"em-card-field\">\n                    <span class=\"em-card-field-label\">Distance depuis le camping (km) :<\/span>\n                    <span class=\"em-card-field-value\">30<\/span>\n                  <\/div>\n                                  <div class=\"em-card-field\">\n                    <span class=\"em-card-field-label\">Dur\u00e9e moyenne :<\/span>\n                    <span class=\"em-card-field-value\">1h30<\/span>\n                  <\/div>\n                              <\/div>\n\n              <!-- Lien vers le d\u00e9tail -->\n              <div class=\"em-card-footer\">\n                <span>Voir le d\u00e9tail<\/span>\n                <svg fill=\"none\" viewBox=\"0 0 24 24\" stroke=\"currentColor\" stroke-width=\"2\"><path stroke-linecap=\"round\" stroke-linejoin=\"round\" d=\"M13.5 4.5L21 12m0 0l-7.5 7.5M21 12H3\"><\/path><\/svg>\n              <\/div>\n            <\/div>\n          <\/article>\n                  <article class=\"em-card\"\n            data-type=\"activity\"\n            data-features=\"\"\n            data-name=\"visite du ch\u00e2teau de gaujacq\"\n            data-json=\"{&quot;name&quot;:&quot;Visite du Ch\\u00e2teau de Gaujacq&quot;,&quot;image&quot;:&quot;&quot;,&quot;link&quot;:&quot;https:\\\/\\\/www.chateau-gaujacq.fr&quot;,&quot;data&quot;:{&quot;name&quot;:&quot;Visite du Ch\\u00e2teau de Gaujacq&quot;,&quot;type&quot;:&quot;Patrimoine culturel&quot;,&quot;place&quot;:&quot;Gaujacq&quot;,&quot;distance_km&quot;:&quot;50&quot;,&quot;duration&quot;:&quot;2 heures&quot;,&quot;price&quot;:&quot;Environ 8\\u20ac par adulte&quot;,&quot;booking_necessary&quot;:&quot;Non&quot;,&quot;comment&quot;:&quot;Ch\\u00e2teau du XVIIe si\\u00e8cle avec jardins et expositions temporaires.&quot;,&quot;link&quot;:&quot;https:\\\/\\\/www.chateau-gaujacq.fr&quot;,&quot;image&quot;:&quot;&quot;},&quot;category&quot;:&quot;Activit\\u00e9s et lieux recommand\\u00e9s&quot;}\">\n\n            <!-- Image + badge cat\u00e9gorie -->\n            <div class=\"em-card-img-wrap\">\n                              <div class=\"em-card-placeholder\">\ud83d\udcf7 Pas d'image<\/div>\n                            <span class=\"em-card-badge badge-activity\">Activit\u00e9s et lieux recommand\u00e9s<\/span>\n            <\/div>\n\n            <!-- Contenu de la card -->\n            <div class=\"em-card-body\">\n              <h3 class=\"em-card-title\">Visite du Ch\u00e2teau de Gaujacq<\/h3>\n\n              <!-- Tags r\u00e9sum\u00e9s (max 4) -->\n              <div class=\"em-card-tags\">\n                                    <span class=\"em-tag em-tag-green\">Environ 8\u20ac par adulte<\/span>\n                                    <span class=\"em-tag em-tag-blue\">Gaujacq<\/span>\n                                              <\/div>\n\n              <!-- Champs suppl\u00e9mentaires (max 3) -->\n              <div class=\"em-card-fields\">\n                                  <div class=\"em-card-field\">\n                    <span class=\"em-card-field-label\">Type d\u2019\u00e9v\u00e9nement (march\u00e9, festival, sport, etc.) :<\/span>\n                    <span class=\"em-card-field-value\">Patrimoine culturel<\/span>\n                  <\/div>\n                                  <div class=\"em-card-field\">\n                    <span class=\"em-card-field-label\">Distance depuis le camping (km) :<\/span>\n                    <span class=\"em-card-field-value\">50<\/span>\n                  <\/div>\n                                  <div class=\"em-card-field\">\n                    <span class=\"em-card-field-label\">Dur\u00e9e moyenne :<\/span>\n                    <span class=\"em-card-field-value\">2 heures<\/span>\n                  <\/div>\n                              <\/div>\n\n              <!-- Lien vers le d\u00e9tail -->\n              <div class=\"em-card-footer\">\n                <span>Voir le d\u00e9tail<\/span>\n                <svg fill=\"none\" viewBox=\"0 0 24 24\" stroke=\"currentColor\" stroke-width=\"2\"><path stroke-linecap=\"round\" stroke-linejoin=\"round\" d=\"M13.5 4.5L21 12m0 0l-7.5 7.5M21 12H3\"><\/path><\/svg>\n              <\/div>\n            <\/div>\n          <\/article>\n                  <article class=\"em-card\"\n            data-type=\"activity\"\n            data-features=\"\"\n            data-name=\"observation ornithologique au lac d&#039;aureilhan\"\n            data-json=\"{&quot;name&quot;:&quot;Observation ornithologique au Lac d&#039;Aureilhan&quot;,&quot;image&quot;:&quot;&quot;,&quot;link&quot;:&quot;https:\\\/\\\/www.landes-tourisme.com\\\/lac-aureilhan&quot;,&quot;data&quot;:{&quot;name&quot;:&quot;Observation ornithologique au Lac d&#039;Aureilhan&quot;,&quot;type&quot;:&quot;Nature et observation&quot;,&quot;place&quot;:&quot;Lac d&#039;Aureilhan&quot;,&quot;distance_km&quot;:&quot;10&quot;,&quot;duration&quot;:&quot;3 heures&quot;,&quot;price&quot;:&quot;Gratuit&quot;,&quot;booking_necessary&quot;:&quot;Non&quot;,&quot;comment&quot;:&quot;D\\u00e9couverte des esp\\u00e8ces d&#039;oiseaux migrateurs et locaux avec panneaux explicatifs.&quot;,&quot;link&quot;:&quot;https:\\\/\\\/www.landes-tourisme.com\\\/lac-aureilhan&quot;,&quot;image&quot;:&quot;&quot;},&quot;category&quot;:&quot;Activit\\u00e9s et lieux recommand\\u00e9s&quot;}\">\n\n            <!-- Image + badge cat\u00e9gorie -->\n            <div class=\"em-card-img-wrap\">\n                              <div class=\"em-card-placeholder\">\ud83d\udcf7 Pas d'image<\/div>\n                            <span class=\"em-card-badge badge-activity\">Activit\u00e9s et lieux recommand\u00e9s<\/span>\n            <\/div>\n\n            <!-- Contenu de la card -->\n            <div class=\"em-card-body\">\n              <h3 class=\"em-card-title\">Observation ornithologique au Lac d&#039;Aureilhan<\/h3>\n\n              <!-- Tags r\u00e9sum\u00e9s (max 4) -->\n              <div class=\"em-card-tags\">\n                                    <span class=\"em-tag em-tag-green\">Gratuit<\/span>\n                                    <span class=\"em-tag em-tag-blue\">Lac d&#039;Aureilhan<\/span>\n                                              <\/div>\n\n              <!-- Champs suppl\u00e9mentaires (max 3) -->\n              <div class=\"em-card-fields\">\n                                  <div class=\"em-card-field\">\n                    <span class=\"em-card-field-label\">Type d\u2019\u00e9v\u00e9nement (march\u00e9, festival, sport, etc.) :<\/span>\n                    <span class=\"em-card-field-value\">Nature et observation<\/span>\n                  <\/div>\n                                  <div class=\"em-card-field\">\n                    <span class=\"em-card-field-label\">Distance depuis le camping (km) :<\/span>\n                    <span class=\"em-card-field-value\">10<\/span>\n                  <\/div>\n                                  <div class=\"em-card-field\">\n                    <span class=\"em-card-field-label\">Dur\u00e9e moyenne :<\/span>\n                    <span class=\"em-card-field-value\">3 heures<\/span>\n                  <\/div>\n                              <\/div>\n\n              <!-- Lien vers le d\u00e9tail -->\n              <div class=\"em-card-footer\">\n                <span>Voir le d\u00e9tail<\/span>\n                <svg fill=\"none\" viewBox=\"0 0 24 24\" stroke=\"currentColor\" stroke-width=\"2\"><path stroke-linecap=\"round\" stroke-linejoin=\"round\" d=\"M13.5 4.5L21 12m0 0l-7.5 7.5M21 12H3\"><\/path><\/svg>\n              <\/div>\n            <\/div>\n          <\/article>\n                  <article class=\"em-card\"\n            data-type=\"activity\"\n            data-features=\"\"\n            data-name=\"d\u00e9couverte de l\u2019herboristerie locale et des plantes m\u00e9dicinales\"\n            data-json=\"{&quot;name&quot;:&quot;D\\u00e9couverte de l\\u2019herboristerie locale et des plantes m\\u00e9dicinales&quot;,&quot;image&quot;:&quot;&quot;,&quot;link&quot;:&quot;https:\\\/\\\/www.saint-paul-en-born.fr\\\/atelier-herboristerie&quot;,&quot;data&quot;:{&quot;name&quot;:&quot;D\\u00e9couverte de l\\u2019herboristerie locale et des plantes m\\u00e9dicinales&quot;,&quot;type&quot;:&quot;Atelier botanique&quot;,&quot;place&quot;:&quot;Saint-Paul-en-Born&quot;,&quot;distance_km&quot;:&quot;0&quot;,&quot;duration&quot;:&quot;2 heures&quot;,&quot;price&quot;:&quot;\\u00c0 partir de 12\\u20ac&quot;,&quot;booking_necessary&quot;:&quot;Oui&quot;,&quot;comment&quot;:&quot;Atelier sur les plantes locales utilis\\u00e9es en phytoth\\u00e9rapie et rem\\u00e8des naturels.&quot;,&quot;link&quot;:&quot;https:\\\/\\\/www.saint-paul-en-born.fr\\\/atelier-herboristerie&quot;,&quot;image&quot;:&quot;&quot;},&quot;category&quot;:&quot;Activit\\u00e9s et lieux recommand\\u00e9s&quot;}\">\n\n            <!-- Image + badge cat\u00e9gorie -->\n            <div class=\"em-card-img-wrap\">\n                              <div class=\"em-card-placeholder\">\ud83d\udcf7 Pas d'image<\/div>\n                            <span class=\"em-card-badge badge-activity\">Activit\u00e9s et lieux recommand\u00e9s<\/span>\n            <\/div>\n\n            <!-- Contenu de la card -->\n            <div class=\"em-card-body\">\n              <h3 class=\"em-card-title\">D\u00e9couverte de l\u2019herboristerie locale et des plantes m\u00e9dicinales<\/h3>\n\n              <!-- Tags r\u00e9sum\u00e9s (max 4) -->\n              <div class=\"em-card-tags\">\n                                    <span class=\"em-tag em-tag-green\">\u00c0 partir de 12\u20ac<\/span>\n                                    <span class=\"em-tag em-tag-blue\">Saint-Paul-en-Born<\/span>\n                                              <\/div>\n\n              <!-- Champs suppl\u00e9mentaires (max 3) -->\n              <div class=\"em-card-fields\">\n                                  <div class=\"em-card-field\">\n                    <span class=\"em-card-field-label\">Type d\u2019\u00e9v\u00e9nement (march\u00e9, festival, sport, etc.) :<\/span>\n                    <span class=\"em-card-field-value\">Atelier botanique<\/span>\n                  <\/div>\n                                  <div class=\"em-card-field\">\n                    <span class=\"em-card-field-label\">Dur\u00e9e moyenne :<\/span>\n                    <span class=\"em-card-field-value\">2 heures<\/span>\n                  <\/div>\n                                  <div class=\"em-card-field\">\n                    <span class=\"em-card-field-label\">R\u00e9servation n\u00e9cessaire ? :<\/span>\n                    <span class=\"em-card-field-value\">Oui<\/span>\n                  <\/div>\n                              <\/div>\n\n              <!-- Lien vers le d\u00e9tail -->\n              <div class=\"em-card-footer\">\n                <span>Voir le d\u00e9tail<\/span>\n                <svg fill=\"none\" viewBox=\"0 0 24 24\" stroke=\"currentColor\" stroke-width=\"2\"><path stroke-linecap=\"round\" stroke-linejoin=\"round\" d=\"M13.5 4.5L21 12m0 0l-7.5 7.5M21 12H3\"><\/path><\/svg>\n              <\/div>\n            <\/div>\n          <\/article>\n                  <article class=\"em-card\"\n            data-type=\"activity\"\n            data-features=\"\"\n            data-name=\"stage d\u2019initiation \u00e0 la p\u00eache \u00e0 la mouche\"\n            data-json=\"{&quot;name&quot;:&quot;Stage d\\u2019initiation \\u00e0 la p\\u00eache \\u00e0 la mouche&quot;,&quot;image&quot;:&quot;&quot;,&quot;link&quot;:&quot;https:\\\/\\\/www.peche-landes.fr\\\/stage-mouche&quot;,&quot;data&quot;:{&quot;name&quot;:&quot;Stage d\\u2019initiation \\u00e0 la p\\u00eache \\u00e0 la mouche&quot;,&quot;type&quot;:&quot;Sport de plein air&quot;,&quot;place&quot;:&quot;Rivi\\u00e8res locales autour de Saint-Paul-en-Born&quot;,&quot;distance_km&quot;:&quot;5-15&quot;,&quot;duration&quot;:&quot;Demi-journ\\u00e9e&quot;,&quot;price&quot;:&quot;Environ 40\\u20ac&quot;,&quot;booking_necessary&quot;:&quot;Oui&quot;,&quot;comment&quot;:&quot;Apprenez les bases de la p\\u00eache \\u00e0 la mouche avec un moniteur dipl\\u00f4m\\u00e9.&quot;,&quot;link&quot;:&quot;https:\\\/\\\/www.peche-landes.fr\\\/stage-mouche&quot;,&quot;image&quot;:&quot;&quot;},&quot;category&quot;:&quot;Activit\\u00e9s et lieux recommand\\u00e9s&quot;}\">\n\n            <!-- Image + badge cat\u00e9gorie -->\n            <div class=\"em-card-img-wrap\">\n                              <div class=\"em-card-placeholder\">\ud83d\udcf7 Pas d'image<\/div>\n                            <span class=\"em-card-badge badge-activity\">Activit\u00e9s et lieux recommand\u00e9s<\/span>\n            <\/div>\n\n            <!-- Contenu de la card -->\n            <div class=\"em-card-body\">\n              <h3 class=\"em-card-title\">Stage d\u2019initiation \u00e0 la p\u00eache \u00e0 la mouche<\/h3>\n\n              <!-- Tags r\u00e9sum\u00e9s (max 4) -->\n              <div class=\"em-card-tags\">\n                                    <span class=\"em-tag em-tag-green\">Environ 40\u20ac<\/span>\n                                    <span class=\"em-tag em-tag-blue\">Rivi\u00e8res locales autour de Saint-Paul-en-Born<\/span>\n                                              <\/div>\n\n              <!-- Champs suppl\u00e9mentaires (max 3) -->\n              <div class=\"em-card-fields\">\n                                  <div class=\"em-card-field\">\n                    <span class=\"em-card-field-label\">Type d\u2019\u00e9v\u00e9nement (march\u00e9, festival, sport, etc.) :<\/span>\n                    <span class=\"em-card-field-value\">Sport de plein air<\/span>\n                  <\/div>\n                                  <div class=\"em-card-field\">\n                    <span class=\"em-card-field-label\">Distance depuis le camping (km) :<\/span>\n                    <span class=\"em-card-field-value\">5-15<\/span>\n                  <\/div>\n                                  <div class=\"em-card-field\">\n                    <span class=\"em-card-field-label\">Dur\u00e9e moyenne :<\/span>\n                    <span class=\"em-card-field-value\">Demi-journ\u00e9e<\/span>\n                  <\/div>\n                              <\/div>\n\n              <!-- Lien vers le d\u00e9tail -->\n              <div class=\"em-card-footer\">\n                <span>Voir le d\u00e9tail<\/span>\n                <svg fill=\"none\" viewBox=\"0 0 24 24\" stroke=\"currentColor\" stroke-width=\"2\"><path stroke-linecap=\"round\" stroke-linejoin=\"round\" d=\"M13.5 4.5L21 12m0 0l-7.5 7.5M21 12H3\"><\/path><\/svg>\n              <\/div>\n            <\/div>\n          <\/article>\n                  <article class=\"em-card\"\n            data-type=\"activity\"\n            data-features=\"\"\n            data-name=\"visite guid\u00e9e des vestiges gallo-romains du pays de born\"\n            data-json=\"{&quot;name&quot;:&quot;Visite guid\\u00e9e des vestiges gallo-romains du Pays de Born&quot;,&quot;image&quot;:&quot;&quot;,&quot;link&quot;:&quot;https:\\\/\\\/www.paysdebournature.fr\\\/vestiges-gallo-romains&quot;,&quot;data&quot;:{&quot;name&quot;:&quot;Visite guid\\u00e9e des vestiges gallo-romains du Pays de Born&quot;,&quot;type&quot;:&quot;Patrimoine arch\\u00e9ologique&quot;,&quot;place&quot;:&quot;Saint-Paul-en-Born et environs&quot;,&quot;distance_km&quot;:&quot;0-10&quot;,&quot;duration&quot;:&quot;2 heures&quot;,&quot;price&quot;:&quot;Gratuit \\u00e0 5\\u20ac&quot;,&quot;booking_necessary&quot;:&quot;Oui&quot;,&quot;comment&quot;:&quot;Visite culturelle pour comprendre l&#039;histoire gallo-romaine locale.&quot;,&quot;link&quot;:&quot;https:\\\/\\\/www.paysdebournature.fr\\\/vestiges-gallo-romains&quot;,&quot;image&quot;:&quot;&quot;},&quot;category&quot;:&quot;Activit\\u00e9s et lieux recommand\\u00e9s&quot;}\">\n\n            <!-- Image + badge cat\u00e9gorie -->\n            <div class=\"em-card-img-wrap\">\n                              <div class=\"em-card-placeholder\">\ud83d\udcf7 Pas d'image<\/div>\n                            <span class=\"em-card-badge badge-activity\">Activit\u00e9s et lieux recommand\u00e9s<\/span>\n            <\/div>\n\n            <!-- Contenu de la card -->\n            <div class=\"em-card-body\">\n              <h3 class=\"em-card-title\">Visite guid\u00e9e des vestiges gallo-romains du Pays de Born<\/h3>\n\n              <!-- Tags r\u00e9sum\u00e9s (max 4) -->\n              <div class=\"em-card-tags\">\n                                    <span class=\"em-tag em-tag-green\">Gratuit \u00e0 5\u20ac<\/span>\n                                    <span class=\"em-tag em-tag-blue\">Saint-Paul-en-Born et environs<\/span>\n                                              <\/div>\n\n              <!-- Champs suppl\u00e9mentaires (max 3) -->\n              <div class=\"em-card-fields\">\n                                  <div class=\"em-card-field\">\n                    <span class=\"em-card-field-label\">Type d\u2019\u00e9v\u00e9nement (march\u00e9, festival, sport, etc.) :<\/span>\n                    <span class=\"em-card-field-value\">Patrimoine arch\u00e9ologique<\/span>\n                  <\/div>\n                                  <div class=\"em-card-field\">\n                    <span class=\"em-card-field-label\">Distance depuis le camping (km) :<\/span>\n                    <span class=\"em-card-field-value\">0-10<\/span>\n                  <\/div>\n                                  <div class=\"em-card-field\">\n                    <span class=\"em-card-field-label\">Dur\u00e9e moyenne :<\/span>\n                    <span class=\"em-card-field-value\">2 heures<\/span>\n                  <\/div>\n                              <\/div>\n\n              <!-- Lien vers le d\u00e9tail -->\n              <div class=\"em-card-footer\">\n                <span>Voir le d\u00e9tail<\/span>\n                <svg fill=\"none\" viewBox=\"0 0 24 24\" stroke=\"currentColor\" stroke-width=\"2\"><path stroke-linecap=\"round\" stroke-linejoin=\"round\" d=\"M13.5 4.5L21 12m0 0l-7.5 7.5M21 12H3\"><\/path><\/svg>\n              <\/div>\n            <\/div>\n          <\/article>\n                  <article class=\"em-card\"\n            data-type=\"activity\"\n            data-features=\"\"\n            data-name=\"atelier de fabrication de produits artisanaux landais\"\n            data-json=\"{&quot;name&quot;:&quot;Atelier de fabrication de produits artisanaux landais&quot;,&quot;image&quot;:&quot;&quot;,&quot;link&quot;:&quot;https:\\\/\\\/www.landes-artisanat.fr\\\/atelier&quot;,&quot;data&quot;:{&quot;name&quot;:&quot;Atelier de fabrication de produits artisanaux landais&quot;,&quot;type&quot;:&quot;Atelier artisanal&quot;,&quot;place&quot;:&quot;Saint-Paul-en-Born&quot;,&quot;distance_km&quot;:&quot;0&quot;,&quot;duration&quot;:&quot;3 heures&quot;,&quot;price&quot;:&quot;\\u00c0 partir de 15\\u20ac&quot;,&quot;booking_necessary&quot;:&quot;Oui&quot;,&quot;comment&quot;:&quot;Confectionnez votre souvenir en d\\u00e9couvrant les m\\u00e9tiers artisanaux locaux.&quot;,&quot;link&quot;:&quot;https:\\\/\\\/www.landes-artisanat.fr\\\/atelier&quot;,&quot;image&quot;:&quot;&quot;},&quot;category&quot;:&quot;Activit\\u00e9s et lieux recommand\\u00e9s&quot;}\">\n\n            <!-- Image + badge cat\u00e9gorie -->\n            <div class=\"em-card-img-wrap\">\n                              <div class=\"em-card-placeholder\">\ud83d\udcf7 Pas d'image<\/div>\n                            <span class=\"em-card-badge badge-activity\">Activit\u00e9s et lieux recommand\u00e9s<\/span>\n            <\/div>\n\n            <!-- Contenu de la card -->\n            <div class=\"em-card-body\">\n              <h3 class=\"em-card-title\">Atelier de fabrication de produits artisanaux landais<\/h3>\n\n              <!-- Tags r\u00e9sum\u00e9s (max 4) -->\n              <div class=\"em-card-tags\">\n                                    <span class=\"em-tag em-tag-green\">\u00c0 partir de 15\u20ac<\/span>\n                                    <span class=\"em-tag em-tag-blue\">Saint-Paul-en-Born<\/span>\n                                              <\/div>\n\n              <!-- Champs suppl\u00e9mentaires (max 3) -->\n              <div class=\"em-card-fields\">\n                                  <div class=\"em-card-field\">\n                    <span class=\"em-card-field-label\">Type d\u2019\u00e9v\u00e9nement (march\u00e9, festival, sport, etc.) :<\/span>\n                    <span class=\"em-card-field-value\">Atelier artisanal<\/span>\n                  <\/div>\n                                  <div class=\"em-card-field\">\n                    <span class=\"em-card-field-label\">Dur\u00e9e moyenne :<\/span>\n                    <span class=\"em-card-field-value\">3 heures<\/span>\n                  <\/div>\n                                  <div class=\"em-card-field\">\n                    <span class=\"em-card-field-label\">R\u00e9servation n\u00e9cessaire ? :<\/span>\n                    <span class=\"em-card-field-value\">Oui<\/span>\n                  <\/div>\n                              <\/div>\n\n              <!-- Lien vers le d\u00e9tail -->\n              <div class=\"em-card-footer\">\n                <span>Voir le d\u00e9tail<\/span>\n                <svg fill=\"none\" viewBox=\"0 0 24 24\" stroke=\"currentColor\" stroke-width=\"2\"><path stroke-linecap=\"round\" stroke-linejoin=\"round\" d=\"M13.5 4.5L21 12m0 0l-7.5 7.5M21 12H3\"><\/path><\/svg>\n              <\/div>\n            <\/div>\n          <\/article>\n                  <article class=\"em-card\"\n            data-type=\"activity\"\n            data-features=\"\"\n            data-name=\"balade botanique guid\u00e9e en for\u00eat landaise\"\n            data-json=\"{&quot;name&quot;:&quot;Balade botanique guid\\u00e9e en for\\u00eat landaise&quot;,&quot;image&quot;:&quot;&quot;,&quot;link&quot;:&quot;https:\\\/\\\/www.tourismelandes.com\\\/rando-botanique&quot;,&quot;data&quot;:{&quot;name&quot;:&quot;Balade botanique guid\\u00e9e en for\\u00eat landaise&quot;,&quot;type&quot;:&quot;Randonn\\u00e9e guid\\u00e9e&quot;,&quot;place&quot;:&quot;For\\u00eat landaise autour de Saint-Paul-en-Born&quot;,&quot;distance_km&quot;:&quot;Variable&quot;,&quot;duration&quot;:&quot;2-3 heures&quot;,&quot;price&quot;:&quot;\\u00c0 partir de 10\\u20ac&quot;,&quot;booking_necessary&quot;:&quot;Oui&quot;,&quot;comment&quot;:&quot;D\\u00e9couvrez les diff\\u00e9rentes essences d&#039;arbres et plantes typiques de la for\\u00eat des Landes.&quot;,&quot;link&quot;:&quot;https:\\\/\\\/www.tourismelandes.com\\\/rando-botanique&quot;,&quot;image&quot;:&quot;&quot;},&quot;category&quot;:&quot;Activit\\u00e9s et lieux recommand\\u00e9s&quot;}\">\n\n            <!-- Image + badge cat\u00e9gorie -->\n            <div class=\"em-card-img-wrap\">\n                              <div class=\"em-card-placeholder\">\ud83d\udcf7 Pas d'image<\/div>\n                            <span class=\"em-card-badge badge-activity\">Activit\u00e9s et lieux recommand\u00e9s<\/span>\n            <\/div>\n\n            <!-- Contenu de la card -->\n            <div class=\"em-card-body\">\n              <h3 class=\"em-card-title\">Balade botanique guid\u00e9e en for\u00eat landaise<\/h3>\n\n              <!-- Tags r\u00e9sum\u00e9s (max 4) -->\n              <div class=\"em-card-tags\">\n                                    <span class=\"em-tag em-tag-green\">\u00c0 partir de 10\u20ac<\/span>\n                                    <span class=\"em-tag em-tag-blue\">For\u00eat landaise autour de Saint-Paul-en-Born<\/span>\n                                              <\/div>\n\n              <!-- Champs suppl\u00e9mentaires (max 3) -->\n              <div class=\"em-card-fields\">\n                                  <div class=\"em-card-field\">\n                    <span class=\"em-card-field-label\">Type d\u2019\u00e9v\u00e9nement (march\u00e9, festival, sport, etc.) :<\/span>\n                    <span class=\"em-card-field-value\">Randonn\u00e9e guid\u00e9e<\/span>\n                  <\/div>\n                                  <div class=\"em-card-field\">\n                    <span class=\"em-card-field-label\">Distance depuis le camping (km) :<\/span>\n                    <span class=\"em-card-field-value\">Variable<\/span>\n                  <\/div>\n                                  <div class=\"em-card-field\">\n                    <span class=\"em-card-field-label\">Dur\u00e9e moyenne :<\/span>\n                    <span class=\"em-card-field-value\">2-3 heures<\/span>\n                  <\/div>\n                              <\/div>\n\n              <!-- Lien vers le d\u00e9tail -->\n              <div class=\"em-card-footer\">\n                <span>Voir le d\u00e9tail<\/span>\n                <svg fill=\"none\" viewBox=\"0 0 24 24\" stroke=\"currentColor\" stroke-width=\"2\"><path stroke-linecap=\"round\" stroke-linejoin=\"round\" d=\"M13.5 4.5L21 12m0 0l-7.5 7.5M21 12H3\"><\/path><\/svg>\n              <\/div>\n            <\/div>\n          <\/article>\n                  <article class=\"em-card\"\n            data-type=\"activity\"\n            data-features=\"\"\n            data-name=\"excursion d&#039;observation ornithologique aux marais\"\n            data-json=\"{&quot;name&quot;:&quot;Excursion d&#039;observation ornithologique aux marais&quot;,&quot;image&quot;:&quot;&quot;,&quot;link&quot;:&quot;https:\\\/\\\/www.landes-nature.com\\\/marais-ornithologie&quot;,&quot;data&quot;:{&quot;name&quot;:&quot;Excursion d&#039;observation ornithologique aux marais&quot;,&quot;type&quot;:&quot;Nature et observation&quot;,&quot;place&quot;:&quot;Marais locaux autour de Saint-Paul-en-Born&quot;,&quot;distance_km&quot;:&quot;5-15&quot;,&quot;duration&quot;:&quot;3 heures&quot;,&quot;price&quot;:&quot;Gratuit \\u00e0 faible co\\u00fbt avec guide&quot;,&quot;booking_necessary&quot;:&quot;Oui&quot;,&quot;comment&quot;:&quot;Observation des oiseaux dans leur habitat naturel avec un guide naturaliste.&quot;,&quot;link&quot;:&quot;https:\\\/\\\/www.landes-nature.com\\\/marais-ornithologie&quot;,&quot;image&quot;:&quot;&quot;},&quot;category&quot;:&quot;Activit\\u00e9s et lieux recommand\\u00e9s&quot;}\">\n\n            <!-- Image + badge cat\u00e9gorie -->\n            <div class=\"em-card-img-wrap\">\n                              <div class=\"em-card-placeholder\">\ud83d\udcf7 Pas d'image<\/div>\n                            <span class=\"em-card-badge badge-activity\">Activit\u00e9s et lieux recommand\u00e9s<\/span>\n            <\/div>\n\n            <!-- Contenu de la card -->\n            <div class=\"em-card-body\">\n              <h3 class=\"em-card-title\">Excursion d&#039;observation ornithologique aux marais<\/h3>\n\n              <!-- Tags r\u00e9sum\u00e9s (max 4) -->\n              <div class=\"em-card-tags\">\n                                    <span class=\"em-tag em-tag-green\">Gratuit \u00e0 faible co\u00fbt avec guide<\/span>\n                                    <span class=\"em-tag em-tag-blue\">Marais locaux autour de Saint-Paul-en-Born<\/span>\n                                              <\/div>\n\n              <!-- Champs suppl\u00e9mentaires (max 3) -->\n              <div class=\"em-card-fields\">\n                                  <div class=\"em-card-field\">\n                    <span class=\"em-card-field-label\">Type d\u2019\u00e9v\u00e9nement (march\u00e9, festival, sport, etc.) :<\/span>\n                    <span class=\"em-card-field-value\">Nature et observation<\/span>\n                  <\/div>\n                                  <div class=\"em-card-field\">\n                    <span class=\"em-card-field-label\">Distance depuis le camping (km) :<\/span>\n                    <span class=\"em-card-field-value\">5-15<\/span>\n                  <\/div>\n                                  <div class=\"em-card-field\">\n                    <span class=\"em-card-field-label\">Dur\u00e9e moyenne :<\/span>\n                    <span class=\"em-card-field-value\">3 heures<\/span>\n                  <\/div>\n                              <\/div>\n\n              <!-- Lien vers le d\u00e9tail -->\n              <div class=\"em-card-footer\">\n                <span>Voir le d\u00e9tail<\/span>\n                <svg fill=\"none\" viewBox=\"0 0 24 24\" stroke=\"currentColor\" stroke-width=\"2\"><path stroke-linecap=\"round\" stroke-linejoin=\"round\" d=\"M13.5 4.5L21 12m0 0l-7.5 7.5M21 12H3\"><\/path><\/svg>\n              <\/div>\n            <\/div>\n          <\/article>\n                  <article class=\"em-card\"\n            data-type=\"activity\"\n            data-features=\"\"\n            data-name=\"cours de yoga en plein air dans la for\u00eat landaise\"\n            data-json=\"{&quot;name&quot;:&quot;Cours de yoga en plein air dans la for\\u00eat landaise&quot;,&quot;image&quot;:&quot;&quot;,&quot;link&quot;:&quot;https:\\\/\\\/www.yoga-landes.fr\\\/plein-air&quot;,&quot;data&quot;:{&quot;name&quot;:&quot;Cours de yoga en plein air dans la for\\u00eat landaise&quot;,&quot;type&quot;:&quot;Bien-\\u00eatre&quot;,&quot;place&quot;:&quot;For\\u00eat proche de Saint-Paul-en-Born&quot;,&quot;distance_km&quot;:&quot;3&quot;,&quot;duration&quot;:&quot;1 heure&quot;,&quot;price&quot;:&quot;\\u00c0 partir de 15\\u20ac la s\\u00e9ance&quot;,&quot;booking_necessary&quot;:&quot;Oui&quot;,&quot;comment&quot;:&quot;S\\u00e9ance de yoga pour se reconnecter avec la nature dans un cadre paisible.&quot;,&quot;link&quot;:&quot;https:\\\/\\\/www.yoga-landes.fr\\\/plein-air&quot;,&quot;image&quot;:&quot;&quot;},&quot;category&quot;:&quot;Activit\\u00e9s et lieux recommand\\u00e9s&quot;}\">\n\n            <!-- Image + badge cat\u00e9gorie -->\n            <div class=\"em-card-img-wrap\">\n                              <div class=\"em-card-placeholder\">\ud83d\udcf7 Pas d'image<\/div>\n                            <span class=\"em-card-badge badge-activity\">Activit\u00e9s et lieux recommand\u00e9s<\/span>\n            <\/div>\n\n            <!-- Contenu de la card -->\n            <div class=\"em-card-body\">\n              <h3 class=\"em-card-title\">Cours de yoga en plein air dans la for\u00eat landaise<\/h3>\n\n              <!-- Tags r\u00e9sum\u00e9s (max 4) -->\n              <div class=\"em-card-tags\">\n                                    <span class=\"em-tag em-tag-green\">\u00c0 partir de 15\u20ac la s\u00e9ance<\/span>\n                                    <span class=\"em-tag em-tag-blue\">For\u00eat proche de Saint-Paul-en-Born<\/span>\n                                              <\/div>\n\n              <!-- Champs suppl\u00e9mentaires (max 3) -->\n              <div class=\"em-card-fields\">\n                                  <div class=\"em-card-field\">\n                    <span class=\"em-card-field-label\">Type d\u2019\u00e9v\u00e9nement (march\u00e9, festival, sport, etc.) :<\/span>\n                    <span class=\"em-card-field-value\">Bien-\u00eatre<\/span>\n                  <\/div>\n                                  <div class=\"em-card-field\">\n                    <span class=\"em-card-field-label\">Distance depuis le camping (km) :<\/span>\n                    <span class=\"em-card-field-value\">3<\/span>\n                  <\/div>\n                                  <div class=\"em-card-field\">\n                    <span class=\"em-card-field-label\">Dur\u00e9e moyenne :<\/span>\n                    <span class=\"em-card-field-value\">1 heure<\/span>\n                  <\/div>\n                              <\/div>\n\n              <!-- Lien vers le d\u00e9tail -->\n              <div class=\"em-card-footer\">\n                <span>Voir le d\u00e9tail<\/span>\n                <svg fill=\"none\" viewBox=\"0 0 24 24\" stroke=\"currentColor\" stroke-width=\"2\"><path stroke-linecap=\"round\" stroke-linejoin=\"round\" d=\"M13.5 4.5L21 12m0 0l-7.5 7.5M21 12H3\"><\/path><\/svg>\n              <\/div>\n            <\/div>\n          <\/article>\n                  <article class=\"em-card\"\n            data-type=\"activity\"\n            data-features=\"\"\n            data-name=\"sortie nocturne d\u2019observation des \u00e9toiles\"\n            data-json=\"{&quot;name&quot;:&quot;Sortie nocturne d\\u2019observation des \\u00e9toiles&quot;,&quot;image&quot;:&quot;&quot;,&quot;link&quot;:&quot;https:\\\/\\\/www.etoiles-landes.fr\\\/sorties&quot;,&quot;data&quot;:{&quot;name&quot;:&quot;Sortie nocturne d\\u2019observation des \\u00e9toiles&quot;,&quot;type&quot;:&quot;Activit\\u00e9 nature&quot;,&quot;place&quot;:&quot;Aux alentours de Saint-Paul-en-Born, loin des lumi\\u00e8res&quot;,&quot;distance_km&quot;:&quot;Variable&quot;,&quot;duration&quot;:&quot;2 heures&quot;,&quot;price&quot;:&quot;Gratuit \\u00e0 10\\u20ac selon accompagnement&quot;,&quot;booking_necessary&quot;:&quot;Recommand\\u00e9&quot;,&quot;comment&quot;:&quot;Soir\\u00e9e d\\u2019astronomie pour admirer le ciel \\u00e9toil\\u00e9, avec explications d\\u2019un guide.&quot;,&quot;link&quot;:&quot;https:\\\/\\\/www.etoiles-landes.fr\\\/sorties&quot;,&quot;image&quot;:&quot;&quot;},&quot;category&quot;:&quot;Activit\\u00e9s et lieux recommand\\u00e9s&quot;}\">\n\n            <!-- Image + badge cat\u00e9gorie -->\n            <div class=\"em-card-img-wrap\">\n                              <div class=\"em-card-placeholder\">\ud83d\udcf7 Pas d'image<\/div>\n                            <span class=\"em-card-badge badge-activity\">Activit\u00e9s et lieux recommand\u00e9s<\/span>\n            <\/div>\n\n            <!-- Contenu de la card -->\n            <div class=\"em-card-body\">\n              <h3 class=\"em-card-title\">Sortie nocturne d\u2019observation des \u00e9toiles<\/h3>\n\n              <!-- Tags r\u00e9sum\u00e9s (max 4) -->\n              <div class=\"em-card-tags\">\n                                    <span class=\"em-tag em-tag-green\">Gratuit \u00e0 10\u20ac selon accompagnement<\/span>\n                                    <span class=\"em-tag em-tag-blue\">Aux alentours de Saint-Paul-en-Born, loin des lumi\u00e8res<\/span>\n                                              <\/div>\n\n              <!-- Champs suppl\u00e9mentaires (max 3) -->\n              <div class=\"em-card-fields\">\n                                  <div class=\"em-card-field\">\n                    <span class=\"em-card-field-label\">Type d\u2019\u00e9v\u00e9nement (march\u00e9, festival, sport, etc.) :<\/span>\n                    <span class=\"em-card-field-value\">Activit\u00e9 nature<\/span>\n                  <\/div>\n                                  <div class=\"em-card-field\">\n                    <span class=\"em-card-field-label\">Distance depuis le camping (km) :<\/span>\n                    <span class=\"em-card-field-value\">Variable<\/span>\n                  <\/div>\n                                  <div class=\"em-card-field\">\n                    <span class=\"em-card-field-label\">Dur\u00e9e moyenne :<\/span>\n                    <span class=\"em-card-field-value\">2 heures<\/span>\n                  <\/div>\n                              <\/div>\n\n              <!-- Lien vers le d\u00e9tail -->\n              <div class=\"em-card-footer\">\n                <span>Voir le d\u00e9tail<\/span>\n                <svg fill=\"none\" viewBox=\"0 0 24 24\" stroke=\"currentColor\" stroke-width=\"2\"><path stroke-linecap=\"round\" stroke-linejoin=\"round\" d=\"M13.5 4.5L21 12m0 0l-7.5 7.5M21 12H3\"><\/path><\/svg>\n              <\/div>\n            <\/div>\n          <\/article>\n                  <article class=\"em-card\"\n            data-type=\"activity\"\n            data-features=\"\"\n            data-name=\"visite guid\u00e9e du phare de contis\"\n            data-json=\"{&quot;name&quot;:&quot;Visite guid\\u00e9e du Phare de Contis&quot;,&quot;image&quot;:&quot;&quot;,&quot;link&quot;:&quot;https:\\\/\\\/www.phare-de-contis.fr&quot;,&quot;data&quot;:{&quot;name&quot;:&quot;Visite guid\\u00e9e du Phare de Contis&quot;,&quot;type&quot;:&quot;Patrimoine et vue panoramique&quot;,&quot;place&quot;:&quot;Contis, \\u00e0 environ 45 km&quot;,&quot;distance_km&quot;:&quot;45&quot;,&quot;duration&quot;:&quot;1h30&quot;,&quot;price&quot;:&quot;Gratuit \\u00e0 5\\u20ac&quot;,&quot;booking_necessary&quot;:&quot;Non&quot;,&quot;comment&quot;:&quot;D\\u00e9couverte de ce phare embl\\u00e9matique avec vue imprenable sur l\\u2019oc\\u00e9an.&quot;,&quot;link&quot;:&quot;https:\\\/\\\/www.phare-de-contis.fr&quot;,&quot;image&quot;:&quot;&quot;},&quot;category&quot;:&quot;Activit\\u00e9s et lieux recommand\\u00e9s&quot;}\">\n\n            <!-- Image + badge cat\u00e9gorie -->\n            <div class=\"em-card-img-wrap\">\n                              <div class=\"em-card-placeholder\">\ud83d\udcf7 Pas d'image<\/div>\n                            <span class=\"em-card-badge badge-activity\">Activit\u00e9s et lieux recommand\u00e9s<\/span>\n            <\/div>\n\n            <!-- Contenu de la card -->\n            <div class=\"em-card-body\">\n              <h3 class=\"em-card-title\">Visite guid\u00e9e du Phare de Contis<\/h3>\n\n              <!-- Tags r\u00e9sum\u00e9s (max 4) -->\n              <div class=\"em-card-tags\">\n                                    <span class=\"em-tag em-tag-green\">Gratuit \u00e0 5\u20ac<\/span>\n                                    <span class=\"em-tag em-tag-blue\">Contis, \u00e0 environ 45 km<\/span>\n                                              <\/div>\n\n              <!-- Champs suppl\u00e9mentaires (max 3) -->\n              <div class=\"em-card-fields\">\n                                  <div class=\"em-card-field\">\n                    <span class=\"em-card-field-label\">Type d\u2019\u00e9v\u00e9nement (march\u00e9, festival, sport, etc.) :<\/span>\n                    <span class=\"em-card-field-value\">Patrimoine et vue panoramique<\/span>\n                  <\/div>\n                                  <div class=\"em-card-field\">\n                    <span class=\"em-card-field-label\">Distance depuis le camping (km) :<\/span>\n                    <span class=\"em-card-field-value\">45<\/span>\n                  <\/div>\n                                  <div class=\"em-card-field\">\n                    <span class=\"em-card-field-label\">Dur\u00e9e moyenne :<\/span>\n                    <span class=\"em-card-field-value\">1h30<\/span>\n                  <\/div>\n                              <\/div>\n\n              <!-- Lien vers le d\u00e9tail -->\n              <div class=\"em-card-footer\">\n                <span>Voir le d\u00e9tail<\/span>\n                <svg fill=\"none\" viewBox=\"0 0 24 24\" stroke=\"currentColor\" stroke-width=\"2\"><path stroke-linecap=\"round\" stroke-linejoin=\"round\" d=\"M13.5 4.5L21 12m0 0l-7.5 7.5M21 12H3\"><\/path><\/svg>\n              <\/div>\n            <\/div>\n          <\/article>\n                  <article class=\"em-card\"\n            data-type=\"activity\"\n            data-features=\"\"\n            data-name=\"th\u00e9\u00e2tre de plein air en saison\"\n            data-json=\"{&quot;name&quot;:&quot;Th\\u00e9\\u00e2tre de plein air en saison&quot;,&quot;image&quot;:&quot;&quot;,&quot;link&quot;:&quot;https:\\\/\\\/www.festival-theatre-landes.fr&quot;,&quot;data&quot;:{&quot;name&quot;:&quot;Th\\u00e9\\u00e2tre de plein air en saison&quot;,&quot;type&quot;:&quot;Spectacle culturel&quot;,&quot;place&quot;:&quot;Saint-Paul-en-Born ou communes voisines&quot;,&quot;distance_km&quot;:&quot;0-20&quot;,&quot;duration&quot;:&quot;2 heures&quot;,&quot;price&quot;:&quot;Variable selon spectacle&quot;,&quot;booking_necessary&quot;:&quot;Oui&quot;,&quot;comment&quot;:&quot;Spectacles en plein air durant la saison estivale, mise en valeur du patrimoine local.&quot;,&quot;link&quot;:&quot;https:\\\/\\\/www.festival-theatre-landes.fr&quot;,&quot;image&quot;:&quot;&quot;},&quot;category&quot;:&quot;Activit\\u00e9s et lieux recommand\\u00e9s&quot;}\">\n\n            <!-- Image + badge cat\u00e9gorie -->\n            <div class=\"em-card-img-wrap\">\n                              <div class=\"em-card-placeholder\">\ud83d\udcf7 Pas d'image<\/div>\n                            <span class=\"em-card-badge badge-activity\">Activit\u00e9s et lieux recommand\u00e9s<\/span>\n            <\/div>\n\n            <!-- Contenu de la card -->\n            <div class=\"em-card-body\">\n              <h3 class=\"em-card-title\">Th\u00e9\u00e2tre de plein air en saison<\/h3>\n\n              <!-- Tags r\u00e9sum\u00e9s (max 4) -->\n              <div class=\"em-card-tags\">\n                                    <span class=\"em-tag em-tag-green\">Variable selon spectacle<\/span>\n                                    <span class=\"em-tag em-tag-blue\">Saint-Paul-en-Born ou communes voisines<\/span>\n                                              <\/div>\n\n              <!-- Champs suppl\u00e9mentaires (max 3) -->\n              <div class=\"em-card-fields\">\n                                  <div class=\"em-card-field\">\n                    <span class=\"em-card-field-label\">Type d\u2019\u00e9v\u00e9nement (march\u00e9, festival, sport, etc.) :<\/span>\n                    <span class=\"em-card-field-value\">Spectacle culturel<\/span>\n                  <\/div>\n                                  <div class=\"em-card-field\">\n                    <span class=\"em-card-field-label\">Distance depuis le camping (km) :<\/span>\n                    <span class=\"em-card-field-value\">0-20<\/span>\n                  <\/div>\n                                  <div class=\"em-card-field\">\n                    <span class=\"em-card-field-label\">Dur\u00e9e moyenne :<\/span>\n                    <span class=\"em-card-field-value\">2 heures<\/span>\n                  <\/div>\n                              <\/div>\n\n              <!-- Lien vers le d\u00e9tail -->\n              <div class=\"em-card-footer\">\n                <span>Voir le d\u00e9tail<\/span>\n                <svg fill=\"none\" viewBox=\"0 0 24 24\" stroke=\"currentColor\" stroke-width=\"2\"><path stroke-linecap=\"round\" stroke-linejoin=\"round\" d=\"M13.5 4.5L21 12m0 0l-7.5 7.5M21 12H3\"><\/path><\/svg>\n              <\/div>\n            <\/div>\n          <\/article>\n                  <article class=\"em-card\"\n            data-type=\"activity\"\n            data-features=\"\"\n            data-name=\"visite du ch\u00e2teau de gaujacq\"\n            data-json=\"{&quot;name&quot;:&quot;Visite du Ch\\u00e2teau de Gaujacq&quot;,&quot;image&quot;:&quot;&quot;,&quot;link&quot;:&quot;https:\\\/\\\/www.chateau-gaujacq.com\\\/&quot;,&quot;data&quot;:{&quot;name&quot;:&quot;Visite du Ch\\u00e2teau de Gaujacq&quot;,&quot;type&quot;:&quot;Culturelle et historique&quot;,&quot;place&quot;:&quot;Gaujacq (environ 30 km)&quot;,&quot;distance_km&quot;:&quot;~30 km&quot;,&quot;duration&quot;:&quot;2 \\u00e0 3 heures&quot;,&quot;price&quot;:&quot;Tarifs variables selon visite&quot;,&quot;booking_necessary&quot;:&quot;Conseill\\u00e9&quot;,&quot;comment&quot;:&quot;Magnifique ch\\u00e2teau avec jardins \\u00e0 la fran\\u00e7aise et expo d&#039;art contemporain.&quot;,&quot;link&quot;:&quot;https:\\\/\\\/www.chateau-gaujacq.com\\\/&quot;,&quot;image&quot;:&quot;&quot;},&quot;category&quot;:&quot;Activit\\u00e9s et lieux recommand\\u00e9s&quot;}\">\n\n            <!-- Image + badge cat\u00e9gorie -->\n            <div class=\"em-card-img-wrap\">\n                              <div class=\"em-card-placeholder\">\ud83d\udcf7 Pas d'image<\/div>\n                            <span class=\"em-card-badge badge-activity\">Activit\u00e9s et lieux recommand\u00e9s<\/span>\n            <\/div>\n\n            <!-- Contenu de la card -->\n            <div class=\"em-card-body\">\n              <h3 class=\"em-card-title\">Visite du Ch\u00e2teau de Gaujacq<\/h3>\n\n              <!-- Tags r\u00e9sum\u00e9s (max 4) -->\n              <div class=\"em-card-tags\">\n                                    <span class=\"em-tag em-tag-green\">Tarifs variables selon visite<\/span>\n                                    <span class=\"em-tag em-tag-blue\">Gaujacq (environ 30 km)<\/span>\n                                              <\/div>\n\n              <!-- Champs suppl\u00e9mentaires (max 3) -->\n              <div class=\"em-card-fields\">\n                                  <div class=\"em-card-field\">\n                    <span class=\"em-card-field-label\">Type d\u2019\u00e9v\u00e9nement (march\u00e9, festival, sport, etc.) :<\/span>\n                    <span class=\"em-card-field-value\">Culturelle et historique<\/span>\n                  <\/div>\n                                  <div class=\"em-card-field\">\n                    <span class=\"em-card-field-label\">Distance depuis le camping (km) :<\/span>\n                    <span class=\"em-card-field-value\">~30 km<\/span>\n                  <\/div>\n                                  <div class=\"em-card-field\">\n                    <span class=\"em-card-field-label\">Dur\u00e9e moyenne :<\/span>\n                    <span class=\"em-card-field-value\">2 \u00e0 3 heures<\/span>\n                  <\/div>\n                              <\/div>\n\n              <!-- Lien vers le d\u00e9tail -->\n              <div class=\"em-card-footer\">\n                <span>Voir le d\u00e9tail<\/span>\n                <svg fill=\"none\" viewBox=\"0 0 24 24\" stroke=\"currentColor\" stroke-width=\"2\"><path stroke-linecap=\"round\" stroke-linejoin=\"round\" d=\"M13.5 4.5L21 12m0 0l-7.5 7.5M21 12H3\"><\/path><\/svg>\n              <\/div>\n            <\/div>\n          <\/article>\n                  <article class=\"em-card\"\n            data-type=\"activity\"\n            data-features=\"\"\n            data-name=\"excursion au zoo d&#039;arcachon\"\n            data-json=\"{&quot;name&quot;:&quot;Excursion au Zoo d&#039;Arcachon&quot;,&quot;image&quot;:&quot;&quot;,&quot;link&quot;:&quot;https:\\\/\\\/www.zoodarcachon.fr\\\/&quot;,&quot;data&quot;:{&quot;name&quot;:&quot;Excursion au Zoo d&#039;Arcachon&quot;,&quot;type&quot;:&quot;Animali\\u00e8re \\\/ familiale&quot;,&quot;place&quot;:&quot;Arcachon (environ 70 km)&quot;,&quot;distance_km&quot;:&quot;~70 km&quot;,&quot;duration&quot;:&quot;Demi-journ\\u00e9e&quot;,&quot;price&quot;:&quot;Tarif variable selon saison&quot;,&quot;booking_necessary&quot;:&quot;Non obligatoire&quot;,&quot;comment&quot;:&quot;Observation d&#039;animaux vari\\u00e9s dans un cadre naturel.&quot;,&quot;link&quot;:&quot;https:\\\/\\\/www.zoodarcachon.fr\\\/&quot;,&quot;image&quot;:&quot;&quot;},&quot;category&quot;:&quot;Activit\\u00e9s et lieux recommand\\u00e9s&quot;}\">\n\n            <!-- Image + badge cat\u00e9gorie -->\n            <div class=\"em-card-img-wrap\">\n                              <div class=\"em-card-placeholder\">\ud83d\udcf7 Pas d'image<\/div>\n                            <span class=\"em-card-badge badge-activity\">Activit\u00e9s et lieux recommand\u00e9s<\/span>\n            <\/div>\n\n            <!-- Contenu de la card -->\n            <div class=\"em-card-body\">\n              <h3 class=\"em-card-title\">Excursion au Zoo d&#039;Arcachon<\/h3>\n\n              <!-- Tags r\u00e9sum\u00e9s (max 4) -->\n              <div class=\"em-card-tags\">\n                                    <span class=\"em-tag em-tag-green\">Tarif variable selon saison<\/span>\n                                    <span class=\"em-tag em-tag-blue\">Arcachon (environ 70 km)<\/span>\n                                              <\/div>\n\n              <!-- Champs suppl\u00e9mentaires (max 3) -->\n              <div class=\"em-card-fields\">\n                                  <div class=\"em-card-field\">\n                    <span class=\"em-card-field-label\">Type d\u2019\u00e9v\u00e9nement (march\u00e9, festival, sport, etc.) :<\/span>\n                    <span class=\"em-card-field-value\">Animali\u00e8re \/ familiale<\/span>\n                  <\/div>\n                                  <div class=\"em-card-field\">\n                    <span class=\"em-card-field-label\">Distance depuis le camping (km) :<\/span>\n                    <span class=\"em-card-field-value\">~70 km<\/span>\n                  <\/div>\n                                  <div class=\"em-card-field\">\n                    <span class=\"em-card-field-label\">Dur\u00e9e moyenne :<\/span>\n                    <span class=\"em-card-field-value\">Demi-journ\u00e9e<\/span>\n                  <\/div>\n                              <\/div>\n\n              <!-- Lien vers le d\u00e9tail -->\n              <div class=\"em-card-footer\">\n                <span>Voir le d\u00e9tail<\/span>\n                <svg fill=\"none\" viewBox=\"0 0 24 24\" stroke=\"currentColor\" stroke-width=\"2\"><path stroke-linecap=\"round\" stroke-linejoin=\"round\" d=\"M13.5 4.5L21 12m0 0l-7.5 7.5M21 12H3\"><\/path><\/svg>\n              <\/div>\n            <\/div>\n          <\/article>\n                  <article class=\"em-card\"\n            data-type=\"activity\"\n            data-features=\"\"\n            data-name=\"observation ornithologique dans la r\u00e9serve naturelle des marais d&#039;orx\"\n            data-json=\"{&quot;name&quot;:&quot;Observation ornithologique dans la R\\u00e9serve Naturelle des Marais d&#039;Orx&quot;,&quot;image&quot;:&quot;&quot;,&quot;link&quot;:&quot;https:\\\/\\\/www.reserve-ornithologique-des-marais-dorx.org\\\/&quot;,&quot;data&quot;:{&quot;name&quot;:&quot;Observation ornithologique dans la R\\u00e9serve Naturelle des Marais d&#039;Orx&quot;,&quot;type&quot;:&quot;Nature \\\/ ornithologie&quot;,&quot;place&quot;:&quot;Marais d&#039;Orx (environ 45 km)&quot;,&quot;distance_km&quot;:&quot;~45 km&quot;,&quot;duration&quot;:&quot;1\\\/2 journ\\u00e9e&quot;,&quot;price&quot;:&quot;Gratuit \\\/ visite guid\\u00e9e payante&quot;,&quot;booking_necessary&quot;:&quot;Visite guid\\u00e9e recommand\\u00e9e&quot;,&quot;comment&quot;:&quot;Observation d&#039;oiseaux dans un des sites naturels prot\\u00e9g\\u00e9s des Landes.&quot;,&quot;link&quot;:&quot;https:\\\/\\\/www.reserve-ornithologique-des-marais-dorx.org\\\/&quot;,&quot;image&quot;:&quot;&quot;},&quot;category&quot;:&quot;Activit\\u00e9s et lieux recommand\\u00e9s&quot;}\">\n\n            <!-- Image + badge cat\u00e9gorie -->\n            <div class=\"em-card-img-wrap\">\n                              <div class=\"em-card-placeholder\">\ud83d\udcf7 Pas d'image<\/div>\n                            <span class=\"em-card-badge badge-activity\">Activit\u00e9s et lieux recommand\u00e9s<\/span>\n            <\/div>\n\n            <!-- Contenu de la card -->\n            <div class=\"em-card-body\">\n              <h3 class=\"em-card-title\">Observation ornithologique dans la R\u00e9serve Naturelle des Marais d&#039;Orx<\/h3>\n\n              <!-- Tags r\u00e9sum\u00e9s (max 4) -->\n              <div class=\"em-card-tags\">\n                                    <span class=\"em-tag em-tag-green\">Gratuit \/ visite guid\u00e9e payante<\/span>\n                                    <span class=\"em-tag em-tag-blue\">Marais d&#039;Orx (environ 45 km)<\/span>\n                                              <\/div>\n\n              <!-- Champs suppl\u00e9mentaires (max 3) -->\n              <div class=\"em-card-fields\">\n                                  <div class=\"em-card-field\">\n                    <span class=\"em-card-field-label\">Type d\u2019\u00e9v\u00e9nement (march\u00e9, festival, sport, etc.) :<\/span>\n                    <span class=\"em-card-field-value\">Nature \/ ornithologie<\/span>\n                  <\/div>\n                                  <div class=\"em-card-field\">\n                    <span class=\"em-card-field-label\">Distance depuis le camping (km) :<\/span>\n                    <span class=\"em-card-field-value\">~45 km<\/span>\n                  <\/div>\n                                  <div class=\"em-card-field\">\n                    <span class=\"em-card-field-label\">Dur\u00e9e moyenne :<\/span>\n                    <span class=\"em-card-field-value\">1\/2 journ\u00e9e<\/span>\n                  <\/div>\n                              <\/div>\n\n              <!-- Lien vers le d\u00e9tail -->\n              <div class=\"em-card-footer\">\n                <span>Voir le d\u00e9tail<\/span>\n                <svg fill=\"none\" viewBox=\"0 0 24 24\" stroke=\"currentColor\" stroke-width=\"2\"><path stroke-linecap=\"round\" stroke-linejoin=\"round\" d=\"M13.5 4.5L21 12m0 0l-7.5 7.5M21 12H3\"><\/path><\/svg>\n              <\/div>\n            <\/div>\n          <\/article>\n                  <article class=\"em-card\"\n            data-type=\"activity\"\n            data-features=\"\"\n            data-name=\"balade en paddle sur le lac de l\u00e9on\"\n            data-json=\"{&quot;name&quot;:&quot;Balade en paddle sur le Lac de L\\u00e9on&quot;,&quot;image&quot;:&quot;&quot;,&quot;link&quot;:&quot;https:\\\/\\\/www.lacdeleon.fr\\\/&quot;,&quot;data&quot;:{&quot;name&quot;:&quot;Balade en paddle sur le Lac de L\\u00e9on&quot;,&quot;type&quot;:&quot;Sport nautique&quot;,&quot;place&quot;:&quot;Lac de L\\u00e9on (~35 km)&quot;,&quot;distance_km&quot;:&quot;~35 km&quot;,&quot;duration&quot;:&quot;1 \\u00e0 2 heures&quot;,&quot;price&quot;:&quot;Location paddle environ 15-30 \\u20ac&quot;,&quot;booking_necessary&quot;:&quot;Non mais conseiller la r\\u00e9servation en haute saison&quot;,&quot;comment&quot;:&quot;D\\u00e9couvrir le lac paisible en stand up paddle.&quot;,&quot;link&quot;:&quot;https:\\\/\\\/www.lacdeleon.fr\\\/&quot;,&quot;image&quot;:&quot;&quot;},&quot;category&quot;:&quot;Activit\\u00e9s et lieux recommand\\u00e9s&quot;}\">\n\n            <!-- Image + badge cat\u00e9gorie -->\n            <div class=\"em-card-img-wrap\">\n                              <div class=\"em-card-placeholder\">\ud83d\udcf7 Pas d'image<\/div>\n                            <span class=\"em-card-badge badge-activity\">Activit\u00e9s et lieux recommand\u00e9s<\/span>\n            <\/div>\n\n            <!-- Contenu de la card -->\n            <div class=\"em-card-body\">\n              <h3 class=\"em-card-title\">Balade en paddle sur le Lac de L\u00e9on<\/h3>\n\n              <!-- Tags r\u00e9sum\u00e9s (max 4) -->\n              <div class=\"em-card-tags\">\n                                    <span class=\"em-tag em-tag-green\">Location paddle environ 15-30 \u20ac<\/span>\n                                    <span class=\"em-tag em-tag-blue\">Lac de L\u00e9on (~35 km)<\/span>\n                                              <\/div>\n\n              <!-- Champs suppl\u00e9mentaires (max 3) -->\n              <div class=\"em-card-fields\">\n                                  <div class=\"em-card-field\">\n                    <span class=\"em-card-field-label\">Type d\u2019\u00e9v\u00e9nement (march\u00e9, festival, sport, etc.) :<\/span>\n                    <span class=\"em-card-field-value\">Sport nautique<\/span>\n                  <\/div>\n                                  <div class=\"em-card-field\">\n                    <span class=\"em-card-field-label\">Distance depuis le camping (km) :<\/span>\n                    <span class=\"em-card-field-value\">~35 km<\/span>\n                  <\/div>\n                                  <div class=\"em-card-field\">\n                    <span class=\"em-card-field-label\">Dur\u00e9e moyenne :<\/span>\n                    <span class=\"em-card-field-value\">1 \u00e0 2 heures<\/span>\n                  <\/div>\n                              <\/div>\n\n              <!-- Lien vers le d\u00e9tail -->\n              <div class=\"em-card-footer\">\n                <span>Voir le d\u00e9tail<\/span>\n                <svg fill=\"none\" viewBox=\"0 0 24 24\" stroke=\"currentColor\" stroke-width=\"2\"><path stroke-linecap=\"round\" stroke-linejoin=\"round\" d=\"M13.5 4.5L21 12m0 0l-7.5 7.5M21 12H3\"><\/path><\/svg>\n              <\/div>\n            <\/div>\n          <\/article>\n                  <article class=\"em-card\"\n            data-type=\"activity\"\n            data-features=\"\"\n            data-name=\"atelier de d\u00e9couverte et fabrication de poterie landaise\"\n            data-json=\"{&quot;name&quot;:&quot;Atelier de d\\u00e9couverte et fabrication de poterie landaise&quot;,&quot;image&quot;:&quot;&quot;,&quot;link&quot;:&quot;https:\\\/\\\/www.poterie-landaise.fr\\\/&quot;,&quot;data&quot;:{&quot;name&quot;:&quot;Atelier de d\\u00e9couverte et fabrication de poterie landaise&quot;,&quot;type&quot;:&quot;Atelier artisanal&quot;,&quot;place&quot;:&quot;Saint-Paul-en-Born ou proche&quot;,&quot;distance_km&quot;:&quot;Sur place ou proche&quot;,&quot;duration&quot;:&quot;2 \\u00e0 3 heures&quot;,&quot;price&quot;:&quot;Variable selon atelier&quot;,&quot;booking_necessary&quot;:&quot;R\\u00e9servation n\\u00e9cessaire&quot;,&quot;comment&quot;:&quot;Apprendre les techniques traditionnelles de poterie des Landes.&quot;,&quot;link&quot;:&quot;https:\\\/\\\/www.poterie-landaise.fr\\\/&quot;,&quot;image&quot;:&quot;&quot;},&quot;category&quot;:&quot;Activit\\u00e9s et lieux recommand\\u00e9s&quot;}\">\n\n            <!-- Image + badge cat\u00e9gorie -->\n            <div class=\"em-card-img-wrap\">\n                              <div class=\"em-card-placeholder\">\ud83d\udcf7 Pas d'image<\/div>\n                            <span class=\"em-card-badge badge-activity\">Activit\u00e9s et lieux recommand\u00e9s<\/span>\n            <\/div>\n\n            <!-- Contenu de la card -->\n            <div class=\"em-card-body\">\n              <h3 class=\"em-card-title\">Atelier de d\u00e9couverte et fabrication de poterie landaise<\/h3>\n\n              <!-- Tags r\u00e9sum\u00e9s (max 4) -->\n              <div class=\"em-card-tags\">\n                                    <span class=\"em-tag em-tag-green\">Variable selon atelier<\/span>\n                                    <span class=\"em-tag em-tag-blue\">Saint-Paul-en-Born ou proche<\/span>\n                                              <\/div>\n\n              <!-- Champs suppl\u00e9mentaires (max 3) -->\n              <div class=\"em-card-fields\">\n                                  <div class=\"em-card-field\">\n                    <span class=\"em-card-field-label\">Type d\u2019\u00e9v\u00e9nement (march\u00e9, festival, sport, etc.) :<\/span>\n                    <span class=\"em-card-field-value\">Atelier artisanal<\/span>\n                  <\/div>\n                                  <div class=\"em-card-field\">\n                    <span class=\"em-card-field-label\">Distance depuis le camping (km) :<\/span>\n                    <span class=\"em-card-field-value\">Sur place ou proche<\/span>\n                  <\/div>\n                                  <div class=\"em-card-field\">\n                    <span class=\"em-card-field-label\">Dur\u00e9e moyenne :<\/span>\n                    <span class=\"em-card-field-value\">2 \u00e0 3 heures<\/span>\n                  <\/div>\n                              <\/div>\n\n              <!-- Lien vers le d\u00e9tail -->\n              <div class=\"em-card-footer\">\n                <span>Voir le d\u00e9tail<\/span>\n                <svg fill=\"none\" viewBox=\"0 0 24 24\" stroke=\"currentColor\" stroke-width=\"2\"><path stroke-linecap=\"round\" stroke-linejoin=\"round\" d=\"M13.5 4.5L21 12m0 0l-7.5 7.5M21 12H3\"><\/path><\/svg>\n              <\/div>\n            <\/div>\n          <\/article>\n                  <article class=\"em-card\"\n            data-type=\"activity\"\n            data-features=\"\"\n            data-name=\"sortie en bateau \u00e9lectrique sur le lac d&#039;aureilhan\"\n            data-json=\"{&quot;name&quot;:&quot;Sortie en bateau \\u00e9lectrique sur le lac d&#039;Aureilhan&quot;,&quot;image&quot;:&quot;&quot;,&quot;link&quot;:&quot;https:\\\/\\\/www.lac-aureilhan.fr\\\/activites-bateau-electrique&quot;,&quot;data&quot;:{&quot;name&quot;:&quot;Sortie en bateau \\u00e9lectrique sur le lac d&#039;Aureilhan&quot;,&quot;type&quot;:&quot;Loisir \\\/ balade nature&quot;,&quot;place&quot;:&quot;Lac d&#039;Aureilhan&quot;,&quot;distance_km&quot;:&quot;~10 km&quot;,&quot;duration&quot;:&quot;1 heure environ&quot;,&quot;price&quot;:&quot;Location autour de 20-30 \\u20ac&quot;,&quot;booking_necessary&quot;:&quot;Conseill\\u00e9&quot;,&quot;comment&quot;:&quot;Balade \\u00e9cologique et silencieuse sur le lac.&quot;,&quot;link&quot;:&quot;https:\\\/\\\/www.lac-aureilhan.fr\\\/activites-bateau-electrique&quot;,&quot;image&quot;:&quot;&quot;},&quot;category&quot;:&quot;Activit\\u00e9s et lieux recommand\\u00e9s&quot;}\">\n\n            <!-- Image + badge cat\u00e9gorie -->\n            <div class=\"em-card-img-wrap\">\n                              <div class=\"em-card-placeholder\">\ud83d\udcf7 Pas d'image<\/div>\n                            <span class=\"em-card-badge badge-activity\">Activit\u00e9s et lieux recommand\u00e9s<\/span>\n            <\/div>\n\n            <!-- Contenu de la card -->\n            <div class=\"em-card-body\">\n              <h3 class=\"em-card-title\">Sortie en bateau \u00e9lectrique sur le lac d&#039;Aureilhan<\/h3>\n\n              <!-- Tags r\u00e9sum\u00e9s (max 4) -->\n              <div class=\"em-card-tags\">\n                                    <span class=\"em-tag em-tag-green\">Location autour de 20-30 \u20ac<\/span>\n                                    <span class=\"em-tag em-tag-blue\">Lac d&#039;Aureilhan<\/span>\n                                              <\/div>\n\n              <!-- Champs suppl\u00e9mentaires (max 3) -->\n              <div class=\"em-card-fields\">\n                                  <div class=\"em-card-field\">\n                    <span class=\"em-card-field-label\">Type d\u2019\u00e9v\u00e9nement (march\u00e9, festival, sport, etc.) :<\/span>\n                    <span class=\"em-card-field-value\">Loisir \/ balade nature<\/span>\n                  <\/div>\n                                  <div class=\"em-card-field\">\n                    <span class=\"em-card-field-label\">Distance depuis le camping (km) :<\/span>\n                    <span class=\"em-card-field-value\">~10 km<\/span>\n                  <\/div>\n                                  <div class=\"em-card-field\">\n                    <span class=\"em-card-field-label\">Dur\u00e9e moyenne :<\/span>\n                    <span class=\"em-card-field-value\">1 heure environ<\/span>\n                  <\/div>\n                              <\/div>\n\n              <!-- Lien vers le d\u00e9tail -->\n              <div class=\"em-card-footer\">\n                <span>Voir le d\u00e9tail<\/span>\n                <svg fill=\"none\" viewBox=\"0 0 24 24\" stroke=\"currentColor\" stroke-width=\"2\"><path stroke-linecap=\"round\" stroke-linejoin=\"round\" d=\"M13.5 4.5L21 12m0 0l-7.5 7.5M21 12H3\"><\/path><\/svg>\n              <\/div>\n            <\/div>\n          <\/article>\n                  <article class=\"em-card\"\n            data-type=\"activity\"\n            data-features=\"\"\n            data-name=\"initiation \u00e0 l\u2019herboristerie locale\"\n            data-json=\"{&quot;name&quot;:&quot;Initiation \\u00e0 l\\u2019herboristerie locale&quot;,&quot;image&quot;:&quot;&quot;,&quot;link&quot;:&quot;https:\\\/\\\/www.herboristerie-landes.fr\\\/&quot;,&quot;data&quot;:{&quot;name&quot;:&quot;Initiation \\u00e0 l\\u2019herboristerie locale&quot;,&quot;type&quot;:&quot;Atelier nature&quot;,&quot;place&quot;:&quot;Saint-Paul-en-Born ou alentours&quot;,&quot;distance_km&quot;:&quot;Local&quot;,&quot;duration&quot;:&quot;2 \\u00e0 3 heures&quot;,&quot;price&quot;:&quot;Variable&quot;,&quot;booking_necessary&quot;:&quot;R\\u00e9servation obligatoire&quot;,&quot;comment&quot;:&quot;D\\u00e9couverte des plantes m\\u00e9dicinales landaises et leurs usages.&quot;,&quot;link&quot;:&quot;https:\\\/\\\/www.herboristerie-landes.fr\\\/&quot;,&quot;image&quot;:&quot;&quot;},&quot;category&quot;:&quot;Activit\\u00e9s et lieux recommand\\u00e9s&quot;}\">\n\n            <!-- Image + badge cat\u00e9gorie -->\n            <div class=\"em-card-img-wrap\">\n                              <div class=\"em-card-placeholder\">\ud83d\udcf7 Pas d'image<\/div>\n                            <span class=\"em-card-badge badge-activity\">Activit\u00e9s et lieux recommand\u00e9s<\/span>\n            <\/div>\n\n            <!-- Contenu de la card -->\n            <div class=\"em-card-body\">\n              <h3 class=\"em-card-title\">Initiation \u00e0 l\u2019herboristerie locale<\/h3>\n\n              <!-- Tags r\u00e9sum\u00e9s (max 4) -->\n              <div class=\"em-card-tags\">\n                                    <span class=\"em-tag em-tag-green\">Variable<\/span>\n                                    <span class=\"em-tag em-tag-blue\">Saint-Paul-en-Born ou alentours<\/span>\n                                              <\/div>\n\n              <!-- Champs suppl\u00e9mentaires (max 3) -->\n              <div class=\"em-card-fields\">\n                                  <div class=\"em-card-field\">\n                    <span class=\"em-card-field-label\">Type d\u2019\u00e9v\u00e9nement (march\u00e9, festival, sport, etc.) :<\/span>\n                    <span class=\"em-card-field-value\">Atelier nature<\/span>\n                  <\/div>\n                                  <div class=\"em-card-field\">\n                    <span class=\"em-card-field-label\">Distance depuis le camping (km) :<\/span>\n                    <span class=\"em-card-field-value\">Local<\/span>\n                  <\/div>\n                                  <div class=\"em-card-field\">\n                    <span class=\"em-card-field-label\">Dur\u00e9e moyenne :<\/span>\n                    <span class=\"em-card-field-value\">2 \u00e0 3 heures<\/span>\n                  <\/div>\n                              <\/div>\n\n              <!-- Lien vers le d\u00e9tail -->\n              <div class=\"em-card-footer\">\n                <span>Voir le d\u00e9tail<\/span>\n                <svg fill=\"none\" viewBox=\"0 0 24 24\" stroke=\"currentColor\" stroke-width=\"2\"><path stroke-linecap=\"round\" stroke-linejoin=\"round\" d=\"M13.5 4.5L21 12m0 0l-7.5 7.5M21 12H3\"><\/path><\/svg>\n              <\/div>\n            <\/div>\n          <\/article>\n                  <article class=\"em-card\"\n            data-type=\"activity\"\n            data-features=\"\"\n            data-name=\"observation des papillons dans les r\u00e9serves naturelles\"\n            data-json=\"{&quot;name&quot;:&quot;Observation des papillons dans les r\\u00e9serves naturelles&quot;,&quot;image&quot;:&quot;&quot;,&quot;link&quot;:&quot;https:\\\/\\\/www.landes-tourisme.info\\\/&quot;,&quot;data&quot;:{&quot;name&quot;:&quot;Observation des papillons dans les r\\u00e9serves naturelles&quot;,&quot;type&quot;:&quot;Nature et entomologie&quot;,&quot;place&quot;:&quot;R\\u00e9serves naturelles proches&quot;,&quot;distance_km&quot;:&quot;10-40 km&quot;,&quot;duration&quot;:&quot;1\\\/2 journ\\u00e9e&quot;,&quot;price&quot;:&quot;Gratuit&quot;,&quot;booking_necessary&quot;:&quot;Non&quot;,&quot;comment&quot;:&quot;Identification des esp\\u00e8ces de papillons et d\\u00e9couverte de leur habitat naturel.&quot;,&quot;link&quot;:&quot;https:\\\/\\\/www.landes-tourisme.info\\\/&quot;,&quot;image&quot;:&quot;&quot;},&quot;category&quot;:&quot;Activit\\u00e9s et lieux recommand\\u00e9s&quot;}\">\n\n            <!-- Image + badge cat\u00e9gorie -->\n            <div class=\"em-card-img-wrap\">\n                              <div class=\"em-card-placeholder\">\ud83d\udcf7 Pas d'image<\/div>\n                            <span class=\"em-card-badge badge-activity\">Activit\u00e9s et lieux recommand\u00e9s<\/span>\n            <\/div>\n\n            <!-- Contenu de la card -->\n            <div class=\"em-card-body\">\n              <h3 class=\"em-card-title\">Observation des papillons dans les r\u00e9serves naturelles<\/h3>\n\n              <!-- Tags r\u00e9sum\u00e9s (max 4) -->\n              <div class=\"em-card-tags\">\n                                    <span class=\"em-tag em-tag-green\">Gratuit<\/span>\n                                    <span class=\"em-tag em-tag-blue\">R\u00e9serves naturelles proches<\/span>\n                                              <\/div>\n\n              <!-- Champs suppl\u00e9mentaires (max 3) -->\n              <div class=\"em-card-fields\">\n                                  <div class=\"em-card-field\">\n                    <span class=\"em-card-field-label\">Type d\u2019\u00e9v\u00e9nement (march\u00e9, festival, sport, etc.) :<\/span>\n                    <span class=\"em-card-field-value\">Nature et entomologie<\/span>\n                  <\/div>\n                                  <div class=\"em-card-field\">\n                    <span class=\"em-card-field-label\">Distance depuis le camping (km) :<\/span>\n                    <span class=\"em-card-field-value\">10-40 km<\/span>\n                  <\/div>\n                                  <div class=\"em-card-field\">\n                    <span class=\"em-card-field-label\">Dur\u00e9e moyenne :<\/span>\n                    <span class=\"em-card-field-value\">1\/2 journ\u00e9e<\/span>\n                  <\/div>\n                              <\/div>\n\n              <!-- Lien vers le d\u00e9tail -->\n              <div class=\"em-card-footer\">\n                <span>Voir le d\u00e9tail<\/span>\n                <svg fill=\"none\" viewBox=\"0 0 24 24\" stroke=\"currentColor\" stroke-width=\"2\"><path stroke-linecap=\"round\" stroke-linejoin=\"round\" d=\"M13.5 4.5L21 12m0 0l-7.5 7.5M21 12H3\"><\/path><\/svg>\n              <\/div>\n            <\/div>\n          <\/article>\n                  <article class=\"em-card\"\n            data-type=\"activity\"\n            data-features=\"\"\n            data-name=\"excursion en v\u00e9lo \u00e9lectrique dans la for\u00eat landaise\"\n            data-json=\"{&quot;name&quot;:&quot;Excursion en v\\u00e9lo \\u00e9lectrique dans la for\\u00eat landaise&quot;,&quot;image&quot;:&quot;&quot;,&quot;link&quot;:&quot;https:\\\/\\\/www.locationvelolandais.fr\\\/&quot;,&quot;data&quot;:{&quot;name&quot;:&quot;Excursion en v\\u00e9lo \\u00e9lectrique dans la for\\u00eat landaise&quot;,&quot;type&quot;:&quot;Sport nature&quot;,&quot;place&quot;:&quot;D\\u00e9part Saint-Paul-en-Born&quot;,&quot;distance_km&quot;:&quot;Balades vari\\u00e9es de 10-30 km possibles&quot;,&quot;duration&quot;:&quot;Demi-journ\\u00e9e&quot;,&quot;price&quot;:&quot;Location v\\u00e9lo environ 25-35 \\u20ac la demi-journ\\u00e9e&quot;,&quot;booking_necessary&quot;:&quot;Conseill\\u00e9&quot;,&quot;comment&quot;:&quot;Facilite les balades sur les sentiers forestiers pour tous niveaux.&quot;,&quot;link&quot;:&quot;https:\\\/\\\/www.locationvelolandais.fr\\\/&quot;,&quot;image&quot;:&quot;&quot;},&quot;category&quot;:&quot;Activit\\u00e9s et lieux recommand\\u00e9s&quot;}\">\n\n            <!-- Image + badge cat\u00e9gorie -->\n            <div class=\"em-card-img-wrap\">\n                              <div class=\"em-card-placeholder\">\ud83d\udcf7 Pas d'image<\/div>\n                            <span class=\"em-card-badge badge-activity\">Activit\u00e9s et lieux recommand\u00e9s<\/span>\n            <\/div>\n\n            <!-- Contenu de la card -->\n            <div class=\"em-card-body\">\n              <h3 class=\"em-card-title\">Excursion en v\u00e9lo \u00e9lectrique dans la for\u00eat landaise<\/h3>\n\n              <!-- Tags r\u00e9sum\u00e9s (max 4) -->\n              <div class=\"em-card-tags\">\n                                    <span class=\"em-tag em-tag-green\">Location v\u00e9lo environ 25-35 \u20ac la demi-journ\u00e9e<\/span>\n                                    <span class=\"em-tag em-tag-blue\">D\u00e9part Saint-Paul-en-Born<\/span>\n                                              <\/div>\n\n              <!-- Champs suppl\u00e9mentaires (max 3) -->\n              <div class=\"em-card-fields\">\n                                  <div class=\"em-card-field\">\n                    <span class=\"em-card-field-label\">Type d\u2019\u00e9v\u00e9nement (march\u00e9, festival, sport, etc.) :<\/span>\n                    <span class=\"em-card-field-value\">Sport nature<\/span>\n                  <\/div>\n                                  <div class=\"em-card-field\">\n                    <span class=\"em-card-field-label\">Distance depuis le camping (km) :<\/span>\n                    <span class=\"em-card-field-value\">Balades vari\u00e9es de 10-30 km possibles<\/span>\n                  <\/div>\n                                  <div class=\"em-card-field\">\n                    <span class=\"em-card-field-label\">Dur\u00e9e moyenne :<\/span>\n                    <span class=\"em-card-field-value\">Demi-journ\u00e9e<\/span>\n                  <\/div>\n                              <\/div>\n\n              <!-- Lien vers le d\u00e9tail -->\n              <div class=\"em-card-footer\">\n                <span>Voir le d\u00e9tail<\/span>\n                <svg fill=\"none\" viewBox=\"0 0 24 24\" stroke=\"currentColor\" stroke-width=\"2\"><path stroke-linecap=\"round\" stroke-linejoin=\"round\" d=\"M13.5 4.5L21 12m0 0l-7.5 7.5M21 12H3\"><\/path><\/svg>\n              <\/div>\n            <\/div>\n          <\/article>\n                  <article class=\"em-card\"\n            data-type=\"activity\"\n            data-features=\"\"\n            data-name=\"visite guid\u00e9e des vestiges gallo-romains du pays de born\"\n            data-json=\"{&quot;name&quot;:&quot;Visite guid\\u00e9e des vestiges gallo-romains du Pays de Born&quot;,&quot;image&quot;:&quot;&quot;,&quot;link&quot;:&quot;https:\\\/\\\/www.landes-tourisme.com\\\/&quot;,&quot;data&quot;:{&quot;name&quot;:&quot;Visite guid\\u00e9e des vestiges gallo-romains du Pays de Born&quot;,&quot;type&quot;:&quot;Culturel \\\/ historique&quot;,&quot;place&quot;:&quot;Pays de Born&quot;,&quot;distance_km&quot;:&quot;Autour de 15-30 km&quot;,&quot;duration&quot;:&quot;2 heures&quot;,&quot;price&quot;:&quot;Tarifs variables&quot;,&quot;booking_necessary&quot;:&quot;Souvent conseill\\u00e9&quot;,&quot;comment&quot;:&quot;D\\u00e9couverte du patrimoine antique local avec guide.&quot;,&quot;link&quot;:&quot;https:\\\/\\\/www.landes-tourisme.com\\\/&quot;,&quot;image&quot;:&quot;&quot;},&quot;category&quot;:&quot;Activit\\u00e9s et lieux recommand\\u00e9s&quot;}\">\n\n            <!-- Image + badge cat\u00e9gorie -->\n            <div class=\"em-card-img-wrap\">\n                              <div class=\"em-card-placeholder\">\ud83d\udcf7 Pas d'image<\/div>\n                            <span class=\"em-card-badge badge-activity\">Activit\u00e9s et lieux recommand\u00e9s<\/span>\n            <\/div>\n\n            <!-- Contenu de la card -->\n            <div class=\"em-card-body\">\n              <h3 class=\"em-card-title\">Visite guid\u00e9e des vestiges gallo-romains du Pays de Born<\/h3>\n\n              <!-- Tags r\u00e9sum\u00e9s (max 4) -->\n              <div class=\"em-card-tags\">\n                                    <span class=\"em-tag em-tag-green\">Tarifs variables<\/span>\n                                    <span class=\"em-tag em-tag-blue\">Pays de Born<\/span>\n                                              <\/div>\n\n              <!-- Champs suppl\u00e9mentaires (max 3) -->\n              <div class=\"em-card-fields\">\n                                  <div class=\"em-card-field\">\n                    <span class=\"em-card-field-label\">Type d\u2019\u00e9v\u00e9nement (march\u00e9, festival, sport, etc.) :<\/span>\n                    <span class=\"em-card-field-value\">Culturel \/ historique<\/span>\n                  <\/div>\n                                  <div class=\"em-card-field\">\n                    <span class=\"em-card-field-label\">Distance depuis le camping (km) :<\/span>\n                    <span class=\"em-card-field-value\">Autour de 15-30 km<\/span>\n                  <\/div>\n                                  <div class=\"em-card-field\">\n                    <span class=\"em-card-field-label\">Dur\u00e9e moyenne :<\/span>\n                    <span class=\"em-card-field-value\">2 heures<\/span>\n                  <\/div>\n                              <\/div>\n\n              <!-- Lien vers le d\u00e9tail -->\n              <div class=\"em-card-footer\">\n                <span>Voir le d\u00e9tail<\/span>\n                <svg fill=\"none\" viewBox=\"0 0 24 24\" stroke=\"currentColor\" stroke-width=\"2\"><path stroke-linecap=\"round\" stroke-linejoin=\"round\" d=\"M13.5 4.5L21 12m0 0l-7.5 7.5M21 12H3\"><\/path><\/svg>\n              <\/div>\n            <\/div>\n          <\/article>\n                  <article class=\"em-card\"\n            data-type=\"activity\"\n            data-features=\"\"\n            data-name=\"atelier d\u2019initiation \u00e0 la photographie nature\"\n            data-json=\"{&quot;name&quot;:&quot;Atelier d\\u2019initiation \\u00e0 la photographie nature&quot;,&quot;image&quot;:&quot;&quot;,&quot;link&quot;:&quot;https:\\\/\\\/www.photolandestours.fr\\\/&quot;,&quot;data&quot;:{&quot;name&quot;:&quot;Atelier d\\u2019initiation \\u00e0 la photographie nature&quot;,&quot;type&quot;:&quot;Atelier artistique&quot;,&quot;place&quot;:&quot;Saint-Paul-en-Born et alentours&quot;,&quot;distance_km&quot;:&quot;Local&quot;,&quot;duration&quot;:&quot;3 heures&quot;,&quot;price&quot;:&quot;Varie selon organisateur&quot;,&quot;booking_necessary&quot;:&quot;R\\u00e9servation obligatoire&quot;,&quot;comment&quot;:&quot;Apprentissage des techniques photo en milieu naturel.&quot;,&quot;link&quot;:&quot;https:\\\/\\\/www.photolandestours.fr\\\/&quot;,&quot;image&quot;:&quot;&quot;},&quot;category&quot;:&quot;Activit\\u00e9s et lieux recommand\\u00e9s&quot;}\">\n\n            <!-- Image + badge cat\u00e9gorie -->\n            <div class=\"em-card-img-wrap\">\n                              <div class=\"em-card-placeholder\">\ud83d\udcf7 Pas d'image<\/div>\n                            <span class=\"em-card-badge badge-activity\">Activit\u00e9s et lieux recommand\u00e9s<\/span>\n            <\/div>\n\n            <!-- Contenu de la card -->\n            <div class=\"em-card-body\">\n              <h3 class=\"em-card-title\">Atelier d\u2019initiation \u00e0 la photographie nature<\/h3>\n\n              <!-- Tags r\u00e9sum\u00e9s (max 4) -->\n              <div class=\"em-card-tags\">\n                                    <span class=\"em-tag em-tag-green\">Varie selon organisateur<\/span>\n                                    <span class=\"em-tag em-tag-blue\">Saint-Paul-en-Born et alentours<\/span>\n                                              <\/div>\n\n              <!-- Champs suppl\u00e9mentaires (max 3) -->\n              <div class=\"em-card-fields\">\n                                  <div class=\"em-card-field\">\n                    <span class=\"em-card-field-label\">Type d\u2019\u00e9v\u00e9nement (march\u00e9, festival, sport, etc.) :<\/span>\n                    <span class=\"em-card-field-value\">Atelier artistique<\/span>\n                  <\/div>\n                                  <div class=\"em-card-field\">\n                    <span class=\"em-card-field-label\">Distance depuis le camping (km) :<\/span>\n                    <span class=\"em-card-field-value\">Local<\/span>\n                  <\/div>\n                                  <div class=\"em-card-field\">\n                    <span class=\"em-card-field-label\">Dur\u00e9e moyenne :<\/span>\n                    <span class=\"em-card-field-value\">3 heures<\/span>\n                  <\/div>\n                              <\/div>\n\n              <!-- Lien vers le d\u00e9tail -->\n              <div class=\"em-card-footer\">\n                <span>Voir le d\u00e9tail<\/span>\n                <svg fill=\"none\" viewBox=\"0 0 24 24\" stroke=\"currentColor\" stroke-width=\"2\"><path stroke-linecap=\"round\" stroke-linejoin=\"round\" d=\"M13.5 4.5L21 12m0 0l-7.5 7.5M21 12H3\"><\/path><\/svg>\n              <\/div>\n            <\/div>\n          <\/article>\n                  <article class=\"em-card\"\n            data-type=\"activity\"\n            data-features=\"\"\n            data-name=\"visite guid\u00e9e de la for\u00eat d\u2019aulnaies\"\n            data-json=\"{&quot;name&quot;:&quot;Visite guid\\u00e9e de la For\\u00eat d\\u2019Aulnaies&quot;,&quot;image&quot;:&quot;&quot;,&quot;link&quot;:&quot;https:\\\/\\\/www.mimizan-tourisme.com\\\/&quot;,&quot;data&quot;:{&quot;name&quot;:&quot;Visite guid\\u00e9e de la For\\u00eat d\\u2019Aulnaies&quot;,&quot;type&quot;:&quot;Nature \\\/ randonn\\u00e9e guid\\u00e9e&quot;,&quot;place&quot;:&quot;For\\u00eat d&#039;Aulnaies, Saint-Paul-en-Born&quot;,&quot;distance_km&quot;:&quot;Local&quot;,&quot;duration&quot;:&quot;2 heures&quot;,&quot;price&quot;:&quot;Gratuit \\u00e0 payant selon guide&quot;,&quot;booking_necessary&quot;:&quot;Souvent recommand\\u00e9&quot;,&quot;comment&quot;:&quot;D\\u00e9couverte de la faune, flore et sp\\u00e9cificit\\u00e9s de cette for\\u00eat alluviale.&quot;,&quot;link&quot;:&quot;https:\\\/\\\/www.mimizan-tourisme.com\\\/&quot;,&quot;image&quot;:&quot;&quot;},&quot;category&quot;:&quot;Activit\\u00e9s et lieux recommand\\u00e9s&quot;}\">\n\n            <!-- Image + badge cat\u00e9gorie -->\n            <div class=\"em-card-img-wrap\">\n                              <div class=\"em-card-placeholder\">\ud83d\udcf7 Pas d'image<\/div>\n                            <span class=\"em-card-badge badge-activity\">Activit\u00e9s et lieux recommand\u00e9s<\/span>\n            <\/div>\n\n            <!-- Contenu de la card -->\n            <div class=\"em-card-body\">\n              <h3 class=\"em-card-title\">Visite guid\u00e9e de la For\u00eat d\u2019Aulnaies<\/h3>\n\n              <!-- Tags r\u00e9sum\u00e9s (max 4) -->\n              <div class=\"em-card-tags\">\n                                    <span class=\"em-tag em-tag-green\">Gratuit \u00e0 payant selon guide<\/span>\n                                    <span class=\"em-tag em-tag-blue\">For\u00eat d&#039;Aulnaies, Saint-Paul-en-Born<\/span>\n                                              <\/div>\n\n              <!-- Champs suppl\u00e9mentaires (max 3) -->\n              <div class=\"em-card-fields\">\n                                  <div class=\"em-card-field\">\n                    <span class=\"em-card-field-label\">Type d\u2019\u00e9v\u00e9nement (march\u00e9, festival, sport, etc.) :<\/span>\n                    <span class=\"em-card-field-value\">Nature \/ randonn\u00e9e guid\u00e9e<\/span>\n                  <\/div>\n                                  <div class=\"em-card-field\">\n                    <span class=\"em-card-field-label\">Distance depuis le camping (km) :<\/span>\n                    <span class=\"em-card-field-value\">Local<\/span>\n                  <\/div>\n                                  <div class=\"em-card-field\">\n                    <span class=\"em-card-field-label\">Dur\u00e9e moyenne :<\/span>\n                    <span class=\"em-card-field-value\">2 heures<\/span>\n                  <\/div>\n                              <\/div>\n\n              <!-- Lien vers le d\u00e9tail -->\n              <div class=\"em-card-footer\">\n                <span>Voir le d\u00e9tail<\/span>\n                <svg fill=\"none\" viewBox=\"0 0 24 24\" stroke=\"currentColor\" stroke-width=\"2\"><path stroke-linecap=\"round\" stroke-linejoin=\"round\" d=\"M13.5 4.5L21 12m0 0l-7.5 7.5M21 12H3\"><\/path><\/svg>\n              <\/div>\n            <\/div>\n          <\/article>\n                  <article class=\"em-card\"\n            data-type=\"activity\"\n            data-features=\"\"\n            data-name=\"participation \u00e0 un atelier de fabrication de produits artisanaux landais\"\n            data-json=\"{&quot;name&quot;:&quot;Participation \\u00e0 un atelier de fabrication de produits artisanaux landais&quot;,&quot;image&quot;:&quot;&quot;,&quot;link&quot;:&quot;https:\\\/\\\/www.landes-artisanat.fr\\\/&quot;,&quot;data&quot;:{&quot;name&quot;:&quot;Participation \\u00e0 un atelier de fabrication de produits artisanaux landais&quot;,&quot;type&quot;:&quot;Atelier artisanal&quot;,&quot;place&quot;:&quot;Saint-Paul-en-Born ou villages voisins&quot;,&quot;distance_km&quot;:&quot;Local&quot;,&quot;duration&quot;:&quot;2-4 heures&quot;,&quot;price&quot;:&quot;Selon atelier&quot;,&quot;booking_necessary&quot;:&quot;R\\u00e9servation fortement recommand\\u00e9e&quot;,&quot;comment&quot;:&quot;D\\u00e9couverte des savoir-faire traditionnels r\\u00e9gionaux (textiles, bois, etc).&quot;,&quot;link&quot;:&quot;https:\\\/\\\/www.landes-artisanat.fr\\\/&quot;,&quot;image&quot;:&quot;&quot;},&quot;category&quot;:&quot;Activit\\u00e9s et lieux recommand\\u00e9s&quot;}\">\n\n            <!-- Image + badge cat\u00e9gorie -->\n            <div class=\"em-card-img-wrap\">\n                              <div class=\"em-card-placeholder\">\ud83d\udcf7 Pas d'image<\/div>\n                            <span class=\"em-card-badge badge-activity\">Activit\u00e9s et lieux recommand\u00e9s<\/span>\n            <\/div>\n\n            <!-- Contenu de la card -->\n            <div class=\"em-card-body\">\n              <h3 class=\"em-card-title\">Participation \u00e0 un atelier de fabrication de produits artisanaux landais<\/h3>\n\n              <!-- Tags r\u00e9sum\u00e9s (max 4) -->\n              <div class=\"em-card-tags\">\n                                    <span class=\"em-tag em-tag-green\">Selon atelier<\/span>\n                                    <span class=\"em-tag em-tag-blue\">Saint-Paul-en-Born ou villages voisins<\/span>\n                                              <\/div>\n\n              <!-- Champs suppl\u00e9mentaires (max 3) -->\n              <div class=\"em-card-fields\">\n                                  <div class=\"em-card-field\">\n                    <span class=\"em-card-field-label\">Type d\u2019\u00e9v\u00e9nement (march\u00e9, festival, sport, etc.) :<\/span>\n                    <span class=\"em-card-field-value\">Atelier artisanal<\/span>\n                  <\/div>\n                                  <div class=\"em-card-field\">\n                    <span class=\"em-card-field-label\">Distance depuis le camping (km) :<\/span>\n                    <span class=\"em-card-field-value\">Local<\/span>\n                  <\/div>\n                                  <div class=\"em-card-field\">\n                    <span class=\"em-card-field-label\">Dur\u00e9e moyenne :<\/span>\n                    <span class=\"em-card-field-value\">2-4 heures<\/span>\n                  <\/div>\n                              <\/div>\n\n              <!-- Lien vers le d\u00e9tail -->\n              <div class=\"em-card-footer\">\n                <span>Voir le d\u00e9tail<\/span>\n                <svg fill=\"none\" viewBox=\"0 0 24 24\" stroke=\"currentColor\" stroke-width=\"2\"><path stroke-linecap=\"round\" stroke-linejoin=\"round\" d=\"M13.5 4.5L21 12m0 0l-7.5 7.5M21 12H3\"><\/path><\/svg>\n              <\/div>\n            <\/div>\n          <\/article>\n                  <article class=\"em-card\"\n            data-type=\"activity\"\n            data-features=\"\"\n            data-name=\"balade botanique guid\u00e9e en for\u00eat landaise\"\n            data-json=\"{&quot;name&quot;:&quot;Balade botanique guid\\u00e9e en for\\u00eat landaise&quot;,&quot;image&quot;:&quot;&quot;,&quot;link&quot;:&quot;https:\\\/\\\/www.guides-nature-landes.fr\\\/&quot;,&quot;data&quot;:{&quot;name&quot;:&quot;Balade botanique guid\\u00e9e en for\\u00eat landaise&quot;,&quot;type&quot;:&quot;Randonn\\u00e9e nature guid\\u00e9e&quot;,&quot;place&quot;:&quot;For\\u00eat landaise proche&quot;,&quot;distance_km&quot;:&quot;Local&quot;,&quot;duration&quot;:&quot;2-3 heures&quot;,&quot;price&quot;:&quot;Variable selon guide&quot;,&quot;booking_necessary&quot;:&quot;Conseill\\u00e9&quot;,&quot;comment&quot;:&quot;Approfondir ses connaissances sur la flore locale avec un sp\\u00e9cialiste.&quot;,&quot;link&quot;:&quot;https:\\\/\\\/www.guides-nature-landes.fr\\\/&quot;,&quot;image&quot;:&quot;&quot;},&quot;category&quot;:&quot;Activit\\u00e9s et lieux recommand\\u00e9s&quot;}\">\n\n            <!-- Image + badge cat\u00e9gorie -->\n            <div class=\"em-card-img-wrap\">\n                              <div class=\"em-card-placeholder\">\ud83d\udcf7 Pas d'image<\/div>\n                            <span class=\"em-card-badge badge-activity\">Activit\u00e9s et lieux recommand\u00e9s<\/span>\n            <\/div>\n\n            <!-- Contenu de la card -->\n            <div class=\"em-card-body\">\n              <h3 class=\"em-card-title\">Balade botanique guid\u00e9e en for\u00eat landaise<\/h3>\n\n              <!-- Tags r\u00e9sum\u00e9s (max 4) -->\n              <div class=\"em-card-tags\">\n                                    <span class=\"em-tag em-tag-green\">Variable selon guide<\/span>\n                                    <span class=\"em-tag em-tag-blue\">For\u00eat landaise proche<\/span>\n                                              <\/div>\n\n              <!-- Champs suppl\u00e9mentaires (max 3) -->\n              <div class=\"em-card-fields\">\n                                  <div class=\"em-card-field\">\n                    <span class=\"em-card-field-label\">Type d\u2019\u00e9v\u00e9nement (march\u00e9, festival, sport, etc.) :<\/span>\n                    <span class=\"em-card-field-value\">Randonn\u00e9e nature guid\u00e9e<\/span>\n                  <\/div>\n                                  <div class=\"em-card-field\">\n                    <span class=\"em-card-field-label\">Distance depuis le camping (km) :<\/span>\n                    <span class=\"em-card-field-value\">Local<\/span>\n                  <\/div>\n                                  <div class=\"em-card-field\">\n                    <span class=\"em-card-field-label\">Dur\u00e9e moyenne :<\/span>\n                    <span class=\"em-card-field-value\">2-3 heures<\/span>\n                  <\/div>\n                              <\/div>\n\n              <!-- Lien vers le d\u00e9tail -->\n              <div class=\"em-card-footer\">\n                <span>Voir le d\u00e9tail<\/span>\n                <svg fill=\"none\" viewBox=\"0 0 24 24\" stroke=\"currentColor\" stroke-width=\"2\"><path stroke-linecap=\"round\" stroke-linejoin=\"round\" d=\"M13.5 4.5L21 12m0 0l-7.5 7.5M21 12H3\"><\/path><\/svg>\n              <\/div>\n            <\/div>\n          <\/article>\n                  <article class=\"em-card\"\n            data-type=\"activity\"\n            data-features=\"\"\n            data-name=\"excursion d\u2019observation ornithologique aux marais\"\n            data-json=\"{&quot;name&quot;:&quot;Excursion d\\u2019observation ornithologique aux marais&quot;,&quot;image&quot;:&quot;&quot;,&quot;link&quot;:&quot;https:\\\/\\\/www.reserves-naturelles.org\\\/&quot;,&quot;data&quot;:{&quot;name&quot;:&quot;Excursion d\\u2019observation ornithologique aux marais&quot;,&quot;type&quot;:&quot;Nature \\\/ ornithologie&quot;,&quot;place&quot;:&quot;Marais proches de Saint-Paul-en-Born&quot;,&quot;distance_km&quot;:&quot;5 \\u00e0 20 km&quot;,&quot;duration&quot;:&quot;Demi-journ\\u00e9e&quot;,&quot;price&quot;:&quot;Tarifs selon prestation guid\\u00e9e&quot;,&quot;booking_necessary&quot;:&quot;Souvent n\\u00e9cessaire&quot;,&quot;comment&quot;:&quot;Observation des oiseaux migrateurs et s\\u00e9dentaires avec guide ornithologue.&quot;,&quot;link&quot;:&quot;https:\\\/\\\/www.reserves-naturelles.org\\\/&quot;,&quot;image&quot;:&quot;&quot;},&quot;category&quot;:&quot;Activit\\u00e9s et lieux recommand\\u00e9s&quot;}\">\n\n            <!-- Image + badge cat\u00e9gorie -->\n            <div class=\"em-card-img-wrap\">\n                              <div class=\"em-card-placeholder\">\ud83d\udcf7 Pas d'image<\/div>\n                            <span class=\"em-card-badge badge-activity\">Activit\u00e9s et lieux recommand\u00e9s<\/span>\n            <\/div>\n\n            <!-- Contenu de la card -->\n            <div class=\"em-card-body\">\n              <h3 class=\"em-card-title\">Excursion d\u2019observation ornithologique aux marais<\/h3>\n\n              <!-- Tags r\u00e9sum\u00e9s (max 4) -->\n              <div class=\"em-card-tags\">\n                                    <span class=\"em-tag em-tag-green\">Tarifs selon prestation guid\u00e9e<\/span>\n                                    <span class=\"em-tag em-tag-blue\">Marais proches de Saint-Paul-en-Born<\/span>\n                                              <\/div>\n\n              <!-- Champs suppl\u00e9mentaires (max 3) -->\n              <div class=\"em-card-fields\">\n                                  <div class=\"em-card-field\">\n                    <span class=\"em-card-field-label\">Type d\u2019\u00e9v\u00e9nement (march\u00e9, festival, sport, etc.) :<\/span>\n                    <span class=\"em-card-field-value\">Nature \/ ornithologie<\/span>\n                  <\/div>\n                                  <div class=\"em-card-field\">\n                    <span class=\"em-card-field-label\">Distance depuis le camping (km) :<\/span>\n                    <span class=\"em-card-field-value\">5 \u00e0 20 km<\/span>\n                  <\/div>\n                                  <div class=\"em-card-field\">\n                    <span class=\"em-card-field-label\">Dur\u00e9e moyenne :<\/span>\n                    <span class=\"em-card-field-value\">Demi-journ\u00e9e<\/span>\n                  <\/div>\n                              <\/div>\n\n              <!-- Lien vers le d\u00e9tail -->\n              <div class=\"em-card-footer\">\n                <span>Voir le d\u00e9tail<\/span>\n                <svg fill=\"none\" viewBox=\"0 0 24 24\" stroke=\"currentColor\" stroke-width=\"2\"><path stroke-linecap=\"round\" stroke-linejoin=\"round\" d=\"M13.5 4.5L21 12m0 0l-7.5 7.5M21 12H3\"><\/path><\/svg>\n              <\/div>\n            <\/div>\n          <\/article>\n                  <article class=\"em-card\"\n            data-type=\"activity\"\n            data-features=\"\"\n            data-name=\"jeux de piste en for\u00eat\"\n            data-json=\"{&quot;name&quot;:&quot;Jeux de piste en for\\u00eat&quot;,&quot;image&quot;:&quot;Pas d&#039;image disponible&quot;,&quot;link&quot;:&quot;Pas de lien disponible&quot;,&quot;data&quot;:{&quot;name&quot;:&quot;Jeux de piste en for\\u00eat&quot;,&quot;type&quot;:&quot;Activit\\u00e9 en plein air&quot;,&quot;place&quot;:&quot;For\\u00eat d&#039;Aulnaies \\u00e0 Saint-Paul-en-Born&quot;,&quot;distance_km&quot;:&quot;10&quot;,&quot;duration&quot;:&quot;4h&quot;,&quot;price&quot;:&quot;Gratuit&quot;,&quot;booking_necessary&quot;:&quot;Non&quot;,&quot;comment&quot;:&quot;Un itin\\u00e9raire de d\\u00e9couverte en for\\u00eat avec des d\\u00e9fis ludiques pour les enfants.&quot;,&quot;link&quot;:&quot;Pas de lien disponible&quot;,&quot;image&quot;:&quot;Pas d&#039;image disponible&quot;},&quot;category&quot;:&quot;Activit\\u00e9s et lieux recommand\\u00e9s&quot;}\">\n\n            <!-- Image + badge cat\u00e9gorie -->\n            <div class=\"em-card-img-wrap\">\n                              <div class=\"em-card-placeholder\">\ud83d\udcf7 Pas d'image<\/div>\n                            <span class=\"em-card-badge badge-activity\">Activit\u00e9s et lieux recommand\u00e9s<\/span>\n            <\/div>\n\n            <!-- Contenu de la card -->\n            <div class=\"em-card-body\">\n              <h3 class=\"em-card-title\">Jeux de piste en for\u00eat<\/h3>\n\n              <!-- Tags r\u00e9sum\u00e9s (max 4) -->\n              <div class=\"em-card-tags\">\n                                    <span class=\"em-tag em-tag-green\">Gratuit<\/span>\n                                    <span class=\"em-tag em-tag-blue\">For\u00eat d&#039;Aulnaies \u00e0 Saint-Paul-en-Born<\/span>\n                                              <\/div>\n\n              <!-- Champs suppl\u00e9mentaires (max 3) -->\n              <div class=\"em-card-fields\">\n                                  <div class=\"em-card-field\">\n                    <span class=\"em-card-field-label\">Type d\u2019\u00e9v\u00e9nement (march\u00e9, festival, sport, etc.) :<\/span>\n                    <span class=\"em-card-field-value\">Activit\u00e9 en plein air<\/span>\n                  <\/div>\n                                  <div class=\"em-card-field\">\n                    <span class=\"em-card-field-label\">Distance depuis le camping (km) :<\/span>\n                    <span class=\"em-card-field-value\">10<\/span>\n                  <\/div>\n                                  <div class=\"em-card-field\">\n                    <span class=\"em-card-field-label\">Dur\u00e9e moyenne :<\/span>\n                    <span class=\"em-card-field-value\">4h<\/span>\n                  <\/div>\n                              <\/div>\n\n              <!-- Lien vers le d\u00e9tail -->\n              <div class=\"em-card-footer\">\n                <span>Voir le d\u00e9tail<\/span>\n                <svg fill=\"none\" viewBox=\"0 0 24 24\" stroke=\"currentColor\" stroke-width=\"2\"><path stroke-linecap=\"round\" stroke-linejoin=\"round\" d=\"M13.5 4.5L21 12m0 0l-7.5 7.5M21 12H3\"><\/path><\/svg>\n              <\/div>\n            <\/div>\n          <\/article>\n                  <article class=\"em-card\"\n            data-type=\"activity\"\n            data-features=\"\"\n            data-name=\"cours dejjido\"\n            data-json=\"{&quot;name&quot;:&quot;Cours dejjido&quot;,&quot;image&quot;:&quot;Pas d&#039;image disponible&quot;,&quot;link&quot;:&quot;Pas de lien disponible&quot;,&quot;data&quot;:{&quot;name&quot;:&quot;Cours dejjido&quot;,&quot;type&quot;:&quot;Sport&quot;,&quot;place&quot;:&quot;Local communale \\u00e0 proximit\\u00e9&quot;,&quot;distance_km&quot;:&quot;5&quot;,&quot;duration&quot;:&quot;1h30&quot;,&quot;price&quot;:&quot;10\\u20ac&quot;,&quot;booking_necessary&quot;:&quot;Oui&quot;,&quot;comment&quot;:&quot;S\\u00e9ance de judo pour enfants et adultes.&quot;,&quot;link&quot;:&quot;Pas de lien disponible&quot;,&quot;image&quot;:&quot;Pas d&#039;image disponible&quot;},&quot;category&quot;:&quot;Activit\\u00e9s et lieux recommand\\u00e9s&quot;}\">\n\n            <!-- Image + badge cat\u00e9gorie -->\n            <div class=\"em-card-img-wrap\">\n                              <div class=\"em-card-placeholder\">\ud83d\udcf7 Pas d'image<\/div>\n                            <span class=\"em-card-badge badge-activity\">Activit\u00e9s et lieux recommand\u00e9s<\/span>\n            <\/div>\n\n            <!-- Contenu de la card -->\n            <div class=\"em-card-body\">\n              <h3 class=\"em-card-title\">Cours dejjido<\/h3>\n\n              <!-- Tags r\u00e9sum\u00e9s (max 4) -->\n              <div class=\"em-card-tags\">\n                                    <span class=\"em-tag em-tag-green\">10\u20ac<\/span>\n                                    <span class=\"em-tag em-tag-blue\">Local communale \u00e0 proximit\u00e9<\/span>\n                                              <\/div>\n\n              <!-- Champs suppl\u00e9mentaires (max 3) -->\n              <div class=\"em-card-fields\">\n                                  <div class=\"em-card-field\">\n                    <span class=\"em-card-field-label\">Type d\u2019\u00e9v\u00e9nement (march\u00e9, festival, sport, etc.) :<\/span>\n                    <span class=\"em-card-field-value\">Sport<\/span>\n                  <\/div>\n                                  <div class=\"em-card-field\">\n                    <span class=\"em-card-field-label\">Distance depuis le camping (km) :<\/span>\n                    <span class=\"em-card-field-value\">5<\/span>\n                  <\/div>\n                                  <div class=\"em-card-field\">\n                    <span class=\"em-card-field-label\">Dur\u00e9e moyenne :<\/span>\n                    <span class=\"em-card-field-value\">1h30<\/span>\n                  <\/div>\n                              <\/div>\n\n              <!-- Lien vers le d\u00e9tail -->\n              <div class=\"em-card-footer\">\n                <span>Voir le d\u00e9tail<\/span>\n                <svg fill=\"none\" viewBox=\"0 0 24 24\" stroke=\"currentColor\" stroke-width=\"2\"><path stroke-linecap=\"round\" stroke-linejoin=\"round\" d=\"M13.5 4.5L21 12m0 0l-7.5 7.5M21 12H3\"><\/path><\/svg>\n              <\/div>\n            <\/div>\n          <\/article>\n                  <article class=\"em-card\"\n            data-type=\"activity\"\n            data-features=\"\"\n            data-name=\"atelier de marionnettes\"\n            data-json=\"{&quot;name&quot;:&quot;Atelier de marionnettes&quot;,&quot;image&quot;:&quot;Pas d&#039;image disponible&quot;,&quot;link&quot;:&quot;Pas de lien disponible&quot;,&quot;data&quot;:{&quot;name&quot;:&quot;Atelier de marionnettes&quot;,&quot;type&quot;:&quot;Activit\\u00e9 culturelle&quot;,&quot;place&quot;:&quot;Gare de l&#039;Art&quot;,&quot;distance_km&quot;:&quot;2&quot;,&quot;duration&quot;:&quot;2h&quot;,&quot;price&quot;:&quot;5\\u20ac&quot;,&quot;booking_necessary&quot;:&quot;Non&quot;,&quot;comment&quot;:&quot;Cr\\u00e9ation de marionnettes pour enfants.&quot;,&quot;link&quot;:&quot;Pas de lien disponible&quot;,&quot;image&quot;:&quot;Pas d&#039;image disponible&quot;},&quot;category&quot;:&quot;Activit\\u00e9s et lieux recommand\\u00e9s&quot;}\">\n\n            <!-- Image + badge cat\u00e9gorie -->\n            <div class=\"em-card-img-wrap\">\n                              <div class=\"em-card-placeholder\">\ud83d\udcf7 Pas d'image<\/div>\n                            <span class=\"em-card-badge badge-activity\">Activit\u00e9s et lieux recommand\u00e9s<\/span>\n            <\/div>\n\n            <!-- Contenu de la card -->\n            <div class=\"em-card-body\">\n              <h3 class=\"em-card-title\">Atelier de marionnettes<\/h3>\n\n              <!-- Tags r\u00e9sum\u00e9s (max 4) -->\n              <div class=\"em-card-tags\">\n                                    <span class=\"em-tag em-tag-green\">5\u20ac<\/span>\n                                    <span class=\"em-tag em-tag-blue\">Gare de l&#039;Art<\/span>\n                                              <\/div>\n\n              <!-- Champs suppl\u00e9mentaires (max 3) -->\n              <div class=\"em-card-fields\">\n                                  <div class=\"em-card-field\">\n                    <span class=\"em-card-field-label\">Type d\u2019\u00e9v\u00e9nement (march\u00e9, festival, sport, etc.) :<\/span>\n                    <span class=\"em-card-field-value\">Activit\u00e9 culturelle<\/span>\n                  <\/div>\n                                  <div class=\"em-card-field\">\n                    <span class=\"em-card-field-label\">Distance depuis le camping (km) :<\/span>\n                    <span class=\"em-card-field-value\">2<\/span>\n                  <\/div>\n                                  <div class=\"em-card-field\">\n                    <span class=\"em-card-field-label\">Dur\u00e9e moyenne :<\/span>\n                    <span class=\"em-card-field-value\">2h<\/span>\n                  <\/div>\n                              <\/div>\n\n              <!-- Lien vers le d\u00e9tail -->\n              <div class=\"em-card-footer\">\n                <span>Voir le d\u00e9tail<\/span>\n                <svg fill=\"none\" viewBox=\"0 0 24 24\" stroke=\"currentColor\" stroke-width=\"2\"><path stroke-linecap=\"round\" stroke-linejoin=\"round\" d=\"M13.5 4.5L21 12m0 0l-7.5 7.5M21 12H3\"><\/path><\/svg>\n              <\/div>\n            <\/div>\n          <\/article>\n                  <article class=\"em-card\"\n            data-type=\"activity\"\n            data-features=\"\"\n            data-name=\"p\u00eache sous-marine\"\n            data-json=\"{&quot;name&quot;:&quot;P\\u00eache sous-marine&quot;,&quot;image&quot;:&quot;Pas d&#039;image disponible&quot;,&quot;link&quot;:&quot;Pas de lien disponible&quot;,&quot;data&quot;:{&quot;name&quot;:&quot;P\\u00eache sous-marine&quot;,&quot;type&quot;:&quot;Activit\\u00e9 nautique&quot;,&quot;place&quot;:&quot;Lac d&#039;Aureilhan&quot;,&quot;distance_km&quot;:&quot;10&quot;,&quot;duration&quot;:&quot;Journ\\u00e9e&quot;,&quot;price&quot;:&quot;30\\u20ac&quot;,&quot;booking_necessary&quot;:&quot;Oui&quot;,&quot;comment&quot;:&quot;Initiation \\u00e0 la plong\\u00e9e pour\\u03c0\\u03bb \\u062f\\u0644\\u0627\\u0631 Begin \\u00e0 apprendre les techniques de base.&quot;,&quot;link&quot;:&quot;Pas de lien disponible&quot;,&quot;image&quot;:&quot;Pas d&#039;image disponible&quot;},&quot;category&quot;:&quot;Activit\\u00e9s et lieux recommand\\u00e9s&quot;}\">\n\n            <!-- Image + badge cat\u00e9gorie -->\n            <div class=\"em-card-img-wrap\">\n                              <div class=\"em-card-placeholder\">\ud83d\udcf7 Pas d'image<\/div>\n                            <span class=\"em-card-badge badge-activity\">Activit\u00e9s et lieux recommand\u00e9s<\/span>\n            <\/div>\n\n            <!-- Contenu de la card -->\n            <div class=\"em-card-body\">\n              <h3 class=\"em-card-title\">P\u00eache sous-marine<\/h3>\n\n              <!-- Tags r\u00e9sum\u00e9s (max 4) -->\n              <div class=\"em-card-tags\">\n                                    <span class=\"em-tag em-tag-green\">30\u20ac<\/span>\n                                    <span class=\"em-tag em-tag-blue\">Lac d&#039;Aureilhan<\/span>\n                                              <\/div>\n\n              <!-- Champs suppl\u00e9mentaires (max 3) -->\n              <div class=\"em-card-fields\">\n                                  <div class=\"em-card-field\">\n                    <span class=\"em-card-field-label\">Type d\u2019\u00e9v\u00e9nement (march\u00e9, festival, sport, etc.) :<\/span>\n                    <span class=\"em-card-field-value\">Activit\u00e9 nautique<\/span>\n                  <\/div>\n                                  <div class=\"em-card-field\">\n                    <span class=\"em-card-field-label\">Distance depuis le camping (km) :<\/span>\n                    <span class=\"em-card-field-value\">10<\/span>\n                  <\/div>\n                                  <div class=\"em-card-field\">\n                    <span class=\"em-card-field-label\">Dur\u00e9e moyenne :<\/span>\n                    <span class=\"em-card-field-value\">Journ\u00e9e<\/span>\n                  <\/div>\n                              <\/div>\n\n              <!-- Lien vers le d\u00e9tail -->\n              <div class=\"em-card-footer\">\n                <span>Voir le d\u00e9tail<\/span>\n                <svg fill=\"none\" viewBox=\"0 0 24 24\" stroke=\"currentColor\" stroke-width=\"2\"><path stroke-linecap=\"round\" stroke-linejoin=\"round\" d=\"M13.5 4.5L21 12m0 0l-7.5 7.5M21 12H3\"><\/path><\/svg>\n              <\/div>\n            <\/div>\n          <\/article>\n                  <article class=\"em-card\"\n            data-type=\"activity\"\n            data-features=\"\"\n            data-name=\"cours de cuisine landaise\"\n            data-json=\"{&quot;name&quot;:&quot;Cours de cuisine landaise&quot;,&quot;image&quot;:&quot;Pas d&#039;image disponible&quot;,&quot;link&quot;:&quot;Pas de lien disponible&quot;,&quot;data&quot;:{&quot;name&quot;:&quot;Cours de cuisine landaise&quot;,&quot;type&quot;:&quot;Workshop gastronomique&quot;,&quot;place&quot;:&quot;Restaurant local&quot;,&quot;distance_km&quot;:&quot;5&quot;,&quot;duration&quot;:&quot;3h&quot;,&quot;price&quot;:&quot;20\\u20ac&quot;,&quot;booking_necessary&quot;:&quot;Oui&quot;,&quot;comment&quot;:&quot;D\\u00e9couverte des sp\\u00e9cialit\\u00e9s locales.&quot;,&quot;link&quot;:&quot;Pas de lien disponible&quot;,&quot;image&quot;:&quot;Pas d&#039;image disponible&quot;},&quot;category&quot;:&quot;Activit\\u00e9s et lieux recommand\\u00e9s&quot;}\">\n\n            <!-- Image + badge cat\u00e9gorie -->\n            <div class=\"em-card-img-wrap\">\n                              <div class=\"em-card-placeholder\">\ud83d\udcf7 Pas d'image<\/div>\n                            <span class=\"em-card-badge badge-activity\">Activit\u00e9s et lieux recommand\u00e9s<\/span>\n            <\/div>\n\n            <!-- Contenu de la card -->\n            <div class=\"em-card-body\">\n              <h3 class=\"em-card-title\">Cours de cuisine landaise<\/h3>\n\n              <!-- Tags r\u00e9sum\u00e9s (max 4) -->\n              <div class=\"em-card-tags\">\n                                    <span class=\"em-tag em-tag-green\">20\u20ac<\/span>\n                                    <span class=\"em-tag em-tag-blue\">Restaurant local<\/span>\n                                              <\/div>\n\n              <!-- Champs suppl\u00e9mentaires (max 3) -->\n              <div class=\"em-card-fields\">\n                                  <div class=\"em-card-field\">\n                    <span class=\"em-card-field-label\">Type d\u2019\u00e9v\u00e9nement (march\u00e9, festival, sport, etc.) :<\/span>\n                    <span class=\"em-card-field-value\">Workshop gastronomique<\/span>\n                  <\/div>\n                                  <div class=\"em-card-field\">\n                    <span class=\"em-card-field-label\">Distance depuis le camping (km) :<\/span>\n                    <span class=\"em-card-field-value\">5<\/span>\n                  <\/div>\n                                  <div class=\"em-card-field\">\n                    <span class=\"em-card-field-label\">Dur\u00e9e moyenne :<\/span>\n                    <span class=\"em-card-field-value\">3h<\/span>\n                  <\/div>\n                              <\/div>\n\n              <!-- Lien vers le d\u00e9tail -->\n              <div class=\"em-card-footer\">\n                <span>Voir le d\u00e9tail<\/span>\n                <svg fill=\"none\" viewBox=\"0 0 24 24\" stroke=\"currentColor\" stroke-width=\"2\"><path stroke-linecap=\"round\" stroke-linejoin=\"round\" d=\"M13.5 4.5L21 12m0 0l-7.5 7.5M21 12H3\"><\/path><\/svg>\n              <\/div>\n            <\/div>\n          <\/article>\n                  <article class=\"em-card\"\n            data-type=\"activity\"\n            data-features=\"\"\n            data-name=\"balade fat bike\"\n            data-json=\"{&quot;name&quot;:&quot;Balade fat bike&quot;,&quot;image&quot;:&quot;Pas d&#039;image disponible&quot;,&quot;link&quot;:&quot;Pas de lien disponible&quot;,&quot;data&quot;:{&quot;name&quot;:&quot;Balade fat bike&quot;,&quot;type&quot;:&quot;Activit\\u00e9 sportive&quot;,&quot;place&quot;:&quot;For\\u00eat et plages&quot;,&quot;distance_km&quot;:&quot;15&quot;,&quot;duration&quot;:&quot;3h&quot;,&quot;price&quot;:&quot;15\\u20ac&quot;,&quot;booking_necessary&quot;:&quot;Non&quot;,&quot;comment&quot;:&quot;Exploration de la r\\u00e9gion en v\\u00e9lo tout-terrain.&quot;,&quot;link&quot;:&quot;Pas de lien disponible&quot;,&quot;image&quot;:&quot;Pas d&#039;image disponible&quot;},&quot;category&quot;:&quot;Activit\\u00e9s et lieux recommand\\u00e9s&quot;}\">\n\n            <!-- Image + badge cat\u00e9gorie -->\n            <div class=\"em-card-img-wrap\">\n                              <div class=\"em-card-placeholder\">\ud83d\udcf7 Pas d'image<\/div>\n                            <span class=\"em-card-badge badge-activity\">Activit\u00e9s et lieux recommand\u00e9s<\/span>\n            <\/div>\n\n            <!-- Contenu de la card -->\n            <div class=\"em-card-body\">\n              <h3 class=\"em-card-title\">Balade fat bike<\/h3>\n\n              <!-- Tags r\u00e9sum\u00e9s (max 4) -->\n              <div class=\"em-card-tags\">\n                                    <span class=\"em-tag em-tag-green\">15\u20ac<\/span>\n                                    <span class=\"em-tag em-tag-blue\">For\u00eat et plages<\/span>\n                                              <\/div>\n\n              <!-- Champs suppl\u00e9mentaires (max 3) -->\n              <div class=\"em-card-fields\">\n                                  <div class=\"em-card-field\">\n                    <span class=\"em-card-field-label\">Type d\u2019\u00e9v\u00e9nement (march\u00e9, festival, sport, etc.) :<\/span>\n                    <span class=\"em-card-field-value\">Activit\u00e9 sportive<\/span>\n                  <\/div>\n                                  <div class=\"em-card-field\">\n                    <span class=\"em-card-field-label\">Distance depuis le camping (km) :<\/span>\n                    <span class=\"em-card-field-value\">15<\/span>\n                  <\/div>\n                                  <div class=\"em-card-field\">\n                    <span class=\"em-card-field-label\">Dur\u00e9e moyenne :<\/span>\n                    <span class=\"em-card-field-value\">3h<\/span>\n                  <\/div>\n                              <\/div>\n\n              <!-- Lien vers le d\u00e9tail -->\n              <div class=\"em-card-footer\">\n                <span>Voir le d\u00e9tail<\/span>\n                <svg fill=\"none\" viewBox=\"0 0 24 24\" stroke=\"currentColor\" stroke-width=\"2\"><path stroke-linecap=\"round\" stroke-linejoin=\"round\" d=\"M13.5 4.5L21 12m0 0l-7.5 7.5M21 12H3\"><\/path><\/svg>\n              <\/div>\n            <\/div>\n          <\/article>\n                  <article class=\"em-card\"\n            data-type=\"activity\"\n            data-features=\"\"\n            data-name=\"visite guid\u00e9e d&#039;apiculture\"\n            data-json=\"{&quot;name&quot;:&quot;Visite guid\\u00e9e d&#039;apiculture&quot;,&quot;image&quot;:&quot;Pas d&#039;image disponible&quot;,&quot;link&quot;:&quot;Pas de lien disponible&quot;,&quot;data&quot;:{&quot;name&quot;:&quot;Visite guid\\u00e9e d&#039;apiculture&quot;,&quot;type&quot;:&quot;Activit\\u00e9 \\u00e9ducative&quot;,&quot;place&quot;:&quot;Rucher local&quot;,&quot;distance_km&quot;:&quot;10&quot;,&quot;duration&quot;:&quot;1h30&quot;,&quot;price&quot;:&quot;10\\u20ac&quot;,&quot;booking_necessary&quot;:&quot;Oui&quot;,&quot;comment&quot;:&quot;D\\u00e9couverte de l&#039;apiculture landaise.&quot;,&quot;link&quot;:&quot;Pas de lien disponible&quot;,&quot;image&quot;:&quot;Pas d&#039;image disponible&quot;},&quot;category&quot;:&quot;Activit\\u00e9s et lieux recommand\\u00e9s&quot;}\">\n\n            <!-- Image + badge cat\u00e9gorie -->\n            <div class=\"em-card-img-wrap\">\n                              <div class=\"em-card-placeholder\">\ud83d\udcf7 Pas d'image<\/div>\n                            <span class=\"em-card-badge badge-activity\">Activit\u00e9s et lieux recommand\u00e9s<\/span>\n            <\/div>\n\n            <!-- Contenu de la card -->\n            <div class=\"em-card-body\">\n              <h3 class=\"em-card-title\">Visite guid\u00e9e d&#039;apiculture<\/h3>\n\n              <!-- Tags r\u00e9sum\u00e9s (max 4) -->\n              <div class=\"em-card-tags\">\n                                    <span class=\"em-tag em-tag-green\">10\u20ac<\/span>\n                                    <span class=\"em-tag em-tag-blue\">Rucher local<\/span>\n                                              <\/div>\n\n              <!-- Champs suppl\u00e9mentaires (max 3) -->\n              <div class=\"em-card-fields\">\n                                  <div class=\"em-card-field\">\n                    <span class=\"em-card-field-label\">Type d\u2019\u00e9v\u00e9nement (march\u00e9, festival, sport, etc.) :<\/span>\n                    <span class=\"em-card-field-value\">Activit\u00e9 \u00e9ducative<\/span>\n                  <\/div>\n                                  <div class=\"em-card-field\">\n                    <span class=\"em-card-field-label\">Distance depuis le camping (km) :<\/span>\n                    <span class=\"em-card-field-value\">10<\/span>\n                  <\/div>\n                                  <div class=\"em-card-field\">\n                    <span class=\"em-card-field-label\">Dur\u00e9e moyenne :<\/span>\n                    <span class=\"em-card-field-value\">1h30<\/span>\n                  <\/div>\n                              <\/div>\n\n              <!-- Lien vers le d\u00e9tail -->\n              <div class=\"em-card-footer\">\n                <span>Voir le d\u00e9tail<\/span>\n                <svg fill=\"none\" viewBox=\"0 0 24 24\" stroke=\"currentColor\" stroke-width=\"2\"><path stroke-linecap=\"round\" stroke-linejoin=\"round\" d=\"M13.5 4.5L21 12m0 0l-7.5 7.5M21 12H3\"><\/path><\/svg>\n              <\/div>\n            <\/div>\n          <\/article>\n                  <article class=\"em-card\"\n            data-type=\"activity\"\n            data-features=\"\"\n            data-name=\"atelier de poterie\"\n            data-json=\"{&quot;name&quot;:&quot;Atelier de poterie&quot;,&quot;image&quot;:&quot;Pas d&#039;image disponible&quot;,&quot;link&quot;:&quot;Pas de lien disponible&quot;,&quot;data&quot;:{&quot;name&quot;:&quot;Atelier de poterie&quot;,&quot;type&quot;:&quot;Activit\\u00e9 artistique&quot;,&quot;place&quot;:&quot;Atelier local&quot;,&quot;distance_km&quot;:&quot;5&quot;,&quot;duration&quot;:&quot;2h&quot;,&quot;price&quot;:&quot;15\\u20ac&quot;,&quot;booking_necessary&quot;:&quot;Oui&quot;,&quot;comment&quot;:&quot;Cr\\u00e9ation de pi\\u00e8ces en argile.&quot;,&quot;link&quot;:&quot;Pas de lien disponible&quot;,&quot;image&quot;:&quot;Pas d&#039;image disponible&quot;},&quot;category&quot;:&quot;Activit\\u00e9s et lieux recommand\\u00e9s&quot;}\">\n\n            <!-- Image + badge cat\u00e9gorie -->\n            <div class=\"em-card-img-wrap\">\n                              <div class=\"em-card-placeholder\">\ud83d\udcf7 Pas d'image<\/div>\n                            <span class=\"em-card-badge badge-activity\">Activit\u00e9s et lieux recommand\u00e9s<\/span>\n            <\/div>\n\n            <!-- Contenu de la card -->\n            <div class=\"em-card-body\">\n              <h3 class=\"em-card-title\">Atelier de poterie<\/h3>\n\n              <!-- Tags r\u00e9sum\u00e9s (max 4) -->\n              <div class=\"em-card-tags\">\n                                    <span class=\"em-tag em-tag-green\">15\u20ac<\/span>\n                                    <span class=\"em-tag em-tag-blue\">Atelier local<\/span>\n                                              <\/div>\n\n              <!-- Champs suppl\u00e9mentaires (max 3) -->\n              <div class=\"em-card-fields\">\n                                  <div class=\"em-card-field\">\n                    <span class=\"em-card-field-label\">Type d\u2019\u00e9v\u00e9nement (march\u00e9, festival, sport, etc.) :<\/span>\n                    <span class=\"em-card-field-value\">Activit\u00e9 artistique<\/span>\n                  <\/div>\n                                  <div class=\"em-card-field\">\n                    <span class=\"em-card-field-label\">Distance depuis le camping (km) :<\/span>\n                    <span class=\"em-card-field-value\">5<\/span>\n                  <\/div>\n                                  <div class=\"em-card-field\">\n                    <span class=\"em-card-field-label\">Dur\u00e9e moyenne :<\/span>\n                    <span class=\"em-card-field-value\">2h<\/span>\n                  <\/div>\n                              <\/div>\n\n              <!-- Lien vers le d\u00e9tail -->\n              <div class=\"em-card-footer\">\n                <span>Voir le d\u00e9tail<\/span>\n                <svg fill=\"none\" viewBox=\"0 0 24 24\" stroke=\"currentColor\" stroke-width=\"2\"><path stroke-linecap=\"round\" stroke-linejoin=\"round\" d=\"M13.5 4.5L21 12m0 0l-7.5 7.5M21 12H3\"><\/path><\/svg>\n              <\/div>\n            <\/div>\n          <\/article>\n                  <article class=\"em-card\"\n            data-type=\"activity\"\n            data-features=\"\"\n            data-name=\"cours de danse folklorique\"\n            data-json=\"{&quot;name&quot;:&quot;Cours de danse folklorique&quot;,&quot;image&quot;:&quot;Pas d&#039;image disponible&quot;,&quot;link&quot;:&quot;Pas de lien disponible&quot;,&quot;data&quot;:{&quot;name&quot;:&quot;Cours de danse folklorique&quot;,&quot;type&quot;:&quot;Activit\\u00e9 culturelle&quot;,&quot;place&quot;:&quot;Salle communale&quot;,&quot;distance_km&quot;:&quot;5&quot;,&quot;duration&quot;:&quot;1h30&quot;,&quot;price&quot;:&quot;8\\u20ac&quot;,&quot;booking_necessary&quot;:&quot;Non&quot;,&quot;comment&quot;:&quot;S\\u00e9ance de danse traditionnelle.&quot;,&quot;link&quot;:&quot;Pas de lien disponible&quot;,&quot;image&quot;:&quot;Pas d&#039;image disponible&quot;},&quot;category&quot;:&quot;Activit\\u00e9s et lieux recommand\\u00e9s&quot;}\">\n\n            <!-- Image + badge cat\u00e9gorie -->\n            <div class=\"em-card-img-wrap\">\n                              <div class=\"em-card-placeholder\">\ud83d\udcf7 Pas d'image<\/div>\n                            <span class=\"em-card-badge badge-activity\">Activit\u00e9s et lieux recommand\u00e9s<\/span>\n            <\/div>\n\n            <!-- Contenu de la card -->\n            <div class=\"em-card-body\">\n              <h3 class=\"em-card-title\">Cours de danse folklorique<\/h3>\n\n              <!-- Tags r\u00e9sum\u00e9s (max 4) -->\n              <div class=\"em-card-tags\">\n                                    <span class=\"em-tag em-tag-green\">8\u20ac<\/span>\n                                    <span class=\"em-tag em-tag-blue\">Salle communale<\/span>\n                                              <\/div>\n\n              <!-- Champs suppl\u00e9mentaires (max 3) -->\n              <div class=\"em-card-fields\">\n                                  <div class=\"em-card-field\">\n                    <span class=\"em-card-field-label\">Type d\u2019\u00e9v\u00e9nement (march\u00e9, festival, sport, etc.) :<\/span>\n                    <span class=\"em-card-field-value\">Activit\u00e9 culturelle<\/span>\n                  <\/div>\n                                  <div class=\"em-card-field\">\n                    <span class=\"em-card-field-label\">Distance depuis le camping (km) :<\/span>\n                    <span class=\"em-card-field-value\">5<\/span>\n                  <\/div>\n                                  <div class=\"em-card-field\">\n                    <span class=\"em-card-field-label\">Dur\u00e9e moyenne :<\/span>\n                    <span class=\"em-card-field-value\">1h30<\/span>\n                  <\/div>\n                              <\/div>\n\n              <!-- Lien vers le d\u00e9tail -->\n              <div class=\"em-card-footer\">\n                <span>Voir le d\u00e9tail<\/span>\n                <svg fill=\"none\" viewBox=\"0 0 24 24\" stroke=\"currentColor\" stroke-width=\"2\"><path stroke-linecap=\"round\" stroke-linejoin=\"round\" d=\"M13.5 4.5L21 12m0 0l-7.5 7.5M21 12H3\"><\/path><\/svg>\n              <\/div>\n            <\/div>\n          <\/article>\n                  <article class=\"em-card\"\n            data-type=\"activity\"\n            data-features=\"\"\n            data-name=\"excursion en bateau pneumatique\"\n            data-json=\"{&quot;name&quot;:&quot;Excursion en bateau pneumatique&quot;,&quot;image&quot;:&quot;Pas d&#039;image disponible&quot;,&quot;link&quot;:&quot;Pas de lien disponible&quot;,&quot;data&quot;:{&quot;name&quot;:&quot;Excursion en bateau pneumatique&quot;,&quot;type&quot;:&quot;Activit\\u00e9 nautique&quot;,&quot;place&quot;:&quot;Lac d&#039;Aureilhan&quot;,&quot;distance_km&quot;:&quot;10&quot;,&quot;duration&quot;:&quot;Journ\\u00e9e&quot;,&quot;price&quot;:&quot;40\\u20ac&quot;,&quot;booking_necessary&quot;:&quot;Oui&quot;,&quot;comment&quot;:&quot;Promenade rapide sur l&#039;eau.&quot;,&quot;link&quot;:&quot;Pas de lien disponible&quot;,&quot;image&quot;:&quot;Pas d&#039;image disponible&quot;},&quot;category&quot;:&quot;Activit\\u00e9s et lieux recommand\\u00e9s&quot;}\">\n\n            <!-- Image + badge cat\u00e9gorie -->\n            <div class=\"em-card-img-wrap\">\n                              <div class=\"em-card-placeholder\">\ud83d\udcf7 Pas d'image<\/div>\n                            <span class=\"em-card-badge badge-activity\">Activit\u00e9s et lieux recommand\u00e9s<\/span>\n            <\/div>\n\n            <!-- Contenu de la card -->\n            <div class=\"em-card-body\">\n              <h3 class=\"em-card-title\">Excursion en bateau pneumatique<\/h3>\n\n              <!-- Tags r\u00e9sum\u00e9s (max 4) -->\n              <div class=\"em-card-tags\">\n                                    <span class=\"em-tag em-tag-green\">40\u20ac<\/span>\n                                    <span class=\"em-tag em-tag-blue\">Lac d&#039;Aureilhan<\/span>\n                                              <\/div>\n\n              <!-- Champs suppl\u00e9mentaires (max 3) -->\n              <div class=\"em-card-fields\">\n                                  <div class=\"em-card-field\">\n                    <span class=\"em-card-field-label\">Type d\u2019\u00e9v\u00e9nement (march\u00e9, festival, sport, etc.) :<\/span>\n                    <span class=\"em-card-field-value\">Activit\u00e9 nautique<\/span>\n                  <\/div>\n                                  <div class=\"em-card-field\">\n                    <span class=\"em-card-field-label\">Distance depuis le camping (km) :<\/span>\n                    <span class=\"em-card-field-value\">10<\/span>\n                  <\/div>\n                                  <div class=\"em-card-field\">\n                    <span class=\"em-card-field-label\">Dur\u00e9e moyenne :<\/span>\n                    <span class=\"em-card-field-value\">Journ\u00e9e<\/span>\n                  <\/div>\n                              <\/div>\n\n              <!-- Lien vers le d\u00e9tail -->\n              <div class=\"em-card-footer\">\n                <span>Voir le d\u00e9tail<\/span>\n                <svg fill=\"none\" viewBox=\"0 0 24 24\" stroke=\"currentColor\" stroke-width=\"2\"><path stroke-linecap=\"round\" stroke-linejoin=\"round\" d=\"M13.5 4.5L21 12m0 0l-7.5 7.5M21 12H3\"><\/path><\/svg>\n              <\/div>\n            <\/div>\n          <\/article>\n                  <article class=\"em-card\"\n            data-type=\"activity\"\n            data-features=\"\"\n            data-name=\"atelier de dessin en plein air\"\n            data-json=\"{&quot;name&quot;:&quot;Atelier de dessin en plein air&quot;,&quot;image&quot;:&quot;Pas d&#039;image disponible&quot;,&quot;link&quot;:&quot;Pas de lien disponible&quot;,&quot;data&quot;:{&quot;name&quot;:&quot;Atelier de dessin en plein air&quot;,&quot;type&quot;:&quot;Activit\\u00e9 artistique&quot;,&quot;place&quot;:&quot;For\\u00eat ou lac&quot;,&quot;distance_km&quot;:&quot;5&quot;,&quot;duration&quot;:&quot;2h&quot;,&quot;price&quot;:&quot;10\\u20ac&quot;,&quot;booking_necessary&quot;:&quot;Non&quot;,&quot;comment&quot;:&quot;Dessin de paysages naturels.&quot;,&quot;link&quot;:&quot;Pas de lien disponible&quot;,&quot;image&quot;:&quot;Pas d&#039;image disponible&quot;},&quot;category&quot;:&quot;Activit\\u00e9s et lieux recommand\\u00e9s&quot;}\">\n\n            <!-- Image + badge cat\u00e9gorie -->\n            <div class=\"em-card-img-wrap\">\n                              <div class=\"em-card-placeholder\">\ud83d\udcf7 Pas d'image<\/div>\n                            <span class=\"em-card-badge badge-activity\">Activit\u00e9s et lieux recommand\u00e9s<\/span>\n            <\/div>\n\n            <!-- Contenu de la card -->\n            <div class=\"em-card-body\">\n              <h3 class=\"em-card-title\">Atelier de dessin en plein air<\/h3>\n\n              <!-- Tags r\u00e9sum\u00e9s (max 4) -->\n              <div class=\"em-card-tags\">\n                                    <span class=\"em-tag em-tag-green\">10\u20ac<\/span>\n                                    <span class=\"em-tag em-tag-blue\">For\u00eat ou lac<\/span>\n                                              <\/div>\n\n              <!-- Champs suppl\u00e9mentaires (max 3) -->\n              <div class=\"em-card-fields\">\n                                  <div class=\"em-card-field\">\n                    <span class=\"em-card-field-label\">Type d\u2019\u00e9v\u00e9nement (march\u00e9, festival, sport, etc.) :<\/span>\n                    <span class=\"em-card-field-value\">Activit\u00e9 artistique<\/span>\n                  <\/div>\n                                  <div class=\"em-card-field\">\n                    <span class=\"em-card-field-label\">Distance depuis le camping (km) :<\/span>\n                    <span class=\"em-card-field-value\">5<\/span>\n                  <\/div>\n                                  <div class=\"em-card-field\">\n                    <span class=\"em-card-field-label\">Dur\u00e9e moyenne :<\/span>\n                    <span class=\"em-card-field-value\">2h<\/span>\n                  <\/div>\n                              <\/div>\n\n              <!-- Lien vers le d\u00e9tail -->\n              <div class=\"em-card-footer\">\n                <span>Voir le d\u00e9tail<\/span>\n                <svg fill=\"none\" viewBox=\"0 0 24 24\" stroke=\"currentColor\" stroke-width=\"2\"><path stroke-linecap=\"round\" stroke-linejoin=\"round\" d=\"M13.5 4.5L21 12m0 0l-7.5 7.5M21 12H3\"><\/path><\/svg>\n              <\/div>\n            <\/div>\n          <\/article>\n                  <article class=\"em-card\"\n            data-type=\"activity\"\n            data-features=\"\"\n            data-name=\"visite d&#039;une exploitation agricole\"\n            data-json=\"{&quot;name&quot;:&quot;Visite d&#039;une exploitation agricole&quot;,&quot;image&quot;:&quot;Pas d&#039;image disponible&quot;,&quot;link&quot;:&quot;Pas de lien disponible&quot;,&quot;data&quot;:{&quot;name&quot;:&quot;Visite d&#039;une exploitation agricole&quot;,&quot;type&quot;:&quot;Activit\\u00e9 agricole&quot;,&quot;place&quot;:&quot;Ferme locale&quot;,&quot;distance_km&quot;:&quot;10&quot;,&quot;duration&quot;:&quot;2h&quot;,&quot;price&quot;:&quot;Free&quot;,&quot;booking_necessary&quot;:&quot;Oui&quot;,&quot;comment&quot;:&quot;D\\u00e9couverte des techniques agricoles modernes.&quot;,&quot;link&quot;:&quot;Pas de lien disponible&quot;,&quot;image&quot;:&quot;Pas d&#039;image disponible&quot;},&quot;category&quot;:&quot;Activit\\u00e9s et lieux recommand\\u00e9s&quot;}\">\n\n            <!-- Image + badge cat\u00e9gorie -->\n            <div class=\"em-card-img-wrap\">\n                              <div class=\"em-card-placeholder\">\ud83d\udcf7 Pas d'image<\/div>\n                            <span class=\"em-card-badge badge-activity\">Activit\u00e9s et lieux recommand\u00e9s<\/span>\n            <\/div>\n\n            <!-- Contenu de la card -->\n            <div class=\"em-card-body\">\n              <h3 class=\"em-card-title\">Visite d&#039;une exploitation agricole<\/h3>\n\n              <!-- Tags r\u00e9sum\u00e9s (max 4) -->\n              <div class=\"em-card-tags\">\n                                    <span class=\"em-tag em-tag-green\">Free<\/span>\n                                    <span class=\"em-tag em-tag-blue\">Ferme locale<\/span>\n                                              <\/div>\n\n              <!-- Champs suppl\u00e9mentaires (max 3) -->\n              <div class=\"em-card-fields\">\n                                  <div class=\"em-card-field\">\n                    <span class=\"em-card-field-label\">Type d\u2019\u00e9v\u00e9nement (march\u00e9, festival, sport, etc.) :<\/span>\n                    <span class=\"em-card-field-value\">Activit\u00e9 agricole<\/span>\n                  <\/div>\n                                  <div class=\"em-card-field\">\n                    <span class=\"em-card-field-label\">Distance depuis le camping (km) :<\/span>\n                    <span class=\"em-card-field-value\">10<\/span>\n                  <\/div>\n                                  <div class=\"em-card-field\">\n                    <span class=\"em-card-field-label\">Dur\u00e9e moyenne :<\/span>\n                    <span class=\"em-card-field-value\">2h<\/span>\n                  <\/div>\n                              <\/div>\n\n              <!-- Lien vers le d\u00e9tail -->\n              <div class=\"em-card-footer\">\n                <span>Voir le d\u00e9tail<\/span>\n                <svg fill=\"none\" viewBox=\"0 0 24 24\" stroke=\"currentColor\" stroke-width=\"2\"><path stroke-linecap=\"round\" stroke-linejoin=\"round\" d=\"M13.5 4.5L21 12m0 0l-7.5 7.5M21 12H3\"><\/path><\/svg>\n              <\/div>\n            <\/div>\n          <\/article>\n                  <article class=\"em-card\"\n            data-type=\"activity\"\n            data-features=\"\"\n            data-name=\"cours de photo num\u00e9rique\"\n            data-json=\"{&quot;name&quot;:&quot;Cours de photo num\\u00e9rique&quot;,&quot;image&quot;:&quot;Pas d&#039;image disponible&quot;,&quot;link&quot;:&quot;Pas de lien disponible&quot;,&quot;data&quot;:{&quot;name&quot;:&quot;Cours de photo num\\u00e9rique&quot;,&quot;type&quot;:&quot;Activit\\u00e9 \\u00e9ducative&quot;,&quot;place&quot;:&quot;Studio photo local&quot;,&quot;distance_km&quot;:&quot;5&quot;,&quot;duration&quot;:&quot;2h&quot;,&quot;price&quot;:&quot;20\\u20ac&quot;,&quot;booking_necessary&quot;:&quot;Oui&quot;,&quot;comment&quot;:&quot;Initiation aux techniques de photo num\\u00e9rique.&quot;,&quot;link&quot;:&quot;Pas de lien disponible&quot;,&quot;image&quot;:&quot;Pas d&#039;image disponible&quot;},&quot;category&quot;:&quot;Activit\\u00e9s et lieux recommand\\u00e9s&quot;}\">\n\n            <!-- Image + badge cat\u00e9gorie -->\n            <div class=\"em-card-img-wrap\">\n                              <div class=\"em-card-placeholder\">\ud83d\udcf7 Pas d'image<\/div>\n                            <span class=\"em-card-badge badge-activity\">Activit\u00e9s et lieux recommand\u00e9s<\/span>\n            <\/div>\n\n            <!-- Contenu de la card -->\n            <div class=\"em-card-body\">\n              <h3 class=\"em-card-title\">Cours de photo num\u00e9rique<\/h3>\n\n              <!-- Tags r\u00e9sum\u00e9s (max 4) -->\n              <div class=\"em-card-tags\">\n                                    <span class=\"em-tag em-tag-green\">20\u20ac<\/span>\n                                    <span class=\"em-tag em-tag-blue\">Studio photo local<\/span>\n                                              <\/div>\n\n              <!-- Champs suppl\u00e9mentaires (max 3) -->\n              <div class=\"em-card-fields\">\n                                  <div class=\"em-card-field\">\n                    <span class=\"em-card-field-label\">Type d\u2019\u00e9v\u00e9nement (march\u00e9, festival, sport, etc.) :<\/span>\n                    <span class=\"em-card-field-value\">Activit\u00e9 \u00e9ducative<\/span>\n                  <\/div>\n                                  <div class=\"em-card-field\">\n                    <span class=\"em-card-field-label\">Distance depuis le camping (km) :<\/span>\n                    <span class=\"em-card-field-value\">5<\/span>\n                  <\/div>\n                                  <div class=\"em-card-field\">\n                    <span class=\"em-card-field-label\">Dur\u00e9e moyenne :<\/span>\n                    <span class=\"em-card-field-value\">2h<\/span>\n                  <\/div>\n                              <\/div>\n\n              <!-- Lien vers le d\u00e9tail -->\n              <div class=\"em-card-footer\">\n                <span>Voir le d\u00e9tail<\/span>\n                <svg fill=\"none\" viewBox=\"0 0 24 24\" stroke=\"currentColor\" stroke-width=\"2\"><path stroke-linecap=\"round\" stroke-linejoin=\"round\" d=\"M13.5 4.5L21 12m0 0l-7.5 7.5M21 12H3\"><\/path><\/svg>\n              <\/div>\n            <\/div>\n          <\/article>\n                  <article class=\"em-card\"\n            data-type=\"activity\"\n            data-features=\"\"\n            data-name=\"atelier de tricot\"\n            data-json=\"{&quot;name&quot;:&quot;Atelier de tricot&quot;,&quot;image&quot;:&quot;Pas d&#039;image disponible&quot;,&quot;link&quot;:&quot;Pas de lien disponible&quot;,&quot;data&quot;:{&quot;name&quot;:&quot;Atelier de tricot&quot;,&quot;type&quot;:&quot;Activit\\u00e9 manuelle&quot;,&quot;place&quot;:&quot;Salon communautaire&quot;,&quot;distance_km&quot;:&quot;5&quot;,&quot;duration&quot;:&quot;2h&quot;,&quot;price&quot;:&quot;10\\u20ac&quot;,&quot;booking_necessary&quot;:&quot;Non&quot;,&quot;comment&quot;:&quot;Cr\\u00e9ation de v\\u00eatements en laine.&quot;,&quot;link&quot;:&quot;Pas de lien disponible&quot;,&quot;image&quot;:&quot;Pas d&#039;image disponible&quot;},&quot;category&quot;:&quot;Activit\\u00e9s et lieux recommand\\u00e9s&quot;}\">\n\n            <!-- Image + badge cat\u00e9gorie -->\n            <div class=\"em-card-img-wrap\">\n                              <div class=\"em-card-placeholder\">\ud83d\udcf7 Pas d'image<\/div>\n                            <span class=\"em-card-badge badge-activity\">Activit\u00e9s et lieux recommand\u00e9s<\/span>\n            <\/div>\n\n            <!-- Contenu de la card -->\n            <div class=\"em-card-body\">\n              <h3 class=\"em-card-title\">Atelier de tricot<\/h3>\n\n              <!-- Tags r\u00e9sum\u00e9s (max 4) -->\n              <div class=\"em-card-tags\">\n                                    <span class=\"em-tag em-tag-green\">10\u20ac<\/span>\n                                    <span class=\"em-tag em-tag-blue\">Salon communautaire<\/span>\n                                              <\/div>\n\n              <!-- Champs suppl\u00e9mentaires (max 3) -->\n              <div class=\"em-card-fields\">\n                                  <div class=\"em-card-field\">\n                    <span class=\"em-card-field-label\">Type d\u2019\u00e9v\u00e9nement (march\u00e9, festival, sport, etc.) :<\/span>\n                    <span class=\"em-card-field-value\">Activit\u00e9 manuelle<\/span>\n                  <\/div>\n                                  <div class=\"em-card-field\">\n                    <span class=\"em-card-field-label\">Distance depuis le camping (km) :<\/span>\n                    <span class=\"em-card-field-value\">5<\/span>\n                  <\/div>\n                                  <div class=\"em-card-field\">\n                    <span class=\"em-card-field-label\">Dur\u00e9e moyenne :<\/span>\n                    <span class=\"em-card-field-value\">2h<\/span>\n                  <\/div>\n                              <\/div>\n\n              <!-- Lien vers le d\u00e9tail -->\n              <div class=\"em-card-footer\">\n                <span>Voir le d\u00e9tail<\/span>\n                <svg fill=\"none\" viewBox=\"0 0 24 24\" stroke=\"currentColor\" stroke-width=\"2\"><path stroke-linecap=\"round\" stroke-linejoin=\"round\" d=\"M13.5 4.5L21 12m0 0l-7.5 7.5M21 12H3\"><\/path><\/svg>\n              <\/div>\n            <\/div>\n          <\/article>\n                  <article class=\"em-card\"\n            data-type=\"activity\"\n            data-features=\"\"\n            data-name=\"cours de boxe\"\n            data-json=\"{&quot;name&quot;:&quot;Cours de boxe&quot;,&quot;image&quot;:&quot;Pas d&#039;image disponible&quot;,&quot;link&quot;:&quot;Pas de lien disponible&quot;,&quot;data&quot;:{&quot;name&quot;:&quot;Cours de boxe&quot;,&quot;type&quot;:&quot;Sport&quot;,&quot;place&quot;:&quot;Gymnase local&quot;,&quot;distance_km&quot;:&quot;5&quot;,&quot;duration&quot;:&quot;1h30&quot;,&quot;price&quot;:&quot;15\\u20ac&quot;,&quot;booking_necessary&quot;:&quot;Oui&quot;,&quot;comment&quot;:&quot;S\\u00e9ance d&#039;entra\\u00eenement en boxe.&quot;,&quot;link&quot;:&quot;Pas de lien disponible&quot;,&quot;image&quot;:&quot;Pas d&#039;image disponible&quot;},&quot;category&quot;:&quot;Activit\\u00e9s et lieux recommand\\u00e9s&quot;}\">\n\n            <!-- Image + badge cat\u00e9gorie -->\n            <div class=\"em-card-img-wrap\">\n                              <div class=\"em-card-placeholder\">\ud83d\udcf7 Pas d'image<\/div>\n                            <span class=\"em-card-badge badge-activity\">Activit\u00e9s et lieux recommand\u00e9s<\/span>\n            <\/div>\n\n            <!-- Contenu de la card -->\n            <div class=\"em-card-body\">\n              <h3 class=\"em-card-title\">Cours de boxe<\/h3>\n\n              <!-- Tags r\u00e9sum\u00e9s (max 4) -->\n              <div class=\"em-card-tags\">\n                                    <span class=\"em-tag em-tag-green\">15\u20ac<\/span>\n                                    <span class=\"em-tag em-tag-blue\">Gymnase local<\/span>\n                                              <\/div>\n\n              <!-- Champs suppl\u00e9mentaires (max 3) -->\n              <div class=\"em-card-fields\">\n                                  <div class=\"em-card-field\">\n                    <span class=\"em-card-field-label\">Type d\u2019\u00e9v\u00e9nement (march\u00e9, festival, sport, etc.) :<\/span>\n                    <span class=\"em-card-field-value\">Sport<\/span>\n                  <\/div>\n                                  <div class=\"em-card-field\">\n                    <span class=\"em-card-field-label\">Distance depuis le camping (km) :<\/span>\n                    <span class=\"em-card-field-value\">5<\/span>\n                  <\/div>\n                                  <div class=\"em-card-field\">\n                    <span class=\"em-card-field-label\">Dur\u00e9e moyenne :<\/span>\n                    <span class=\"em-card-field-value\">1h30<\/span>\n                  <\/div>\n                              <\/div>\n\n              <!-- Lien vers le d\u00e9tail -->\n              <div class=\"em-card-footer\">\n                <span>Voir le d\u00e9tail<\/span>\n                <svg fill=\"none\" viewBox=\"0 0 24 24\" stroke=\"currentColor\" stroke-width=\"2\"><path stroke-linecap=\"round\" stroke-linejoin=\"round\" d=\"M13.5 4.5L21 12m0 0l-7.5 7.5M21 12H3\"><\/path><\/svg>\n              <\/div>\n            <\/div>\n          <\/article>\n                  <article class=\"em-card\"\n            data-type=\"activity\"\n            data-features=\"\"\n            data-name=\"balade en chiens de tra\u00eeneaux\"\n            data-json=\"{&quot;name&quot;:&quot;Balade en chiens de tra\\u00eeneaux&quot;,&quot;image&quot;:&quot;Pas d&#039;image disponible&quot;,&quot;link&quot;:&quot;Pas de lien disponible&quot;,&quot;data&quot;:{&quot;name&quot;:&quot;Balade en chiens de tra\\u00eeneaux&quot;,&quot;type&quot;:&quot;Activit\\u00e9 hivernale&quot;,&quot;place&quot;:&quot;For\\u00eat enneig\\u00e9e&quot;,&quot;distance_km&quot;:&quot;10&quot;,&quot;duration&quot;:&quot;2h&quot;,&quot;price&quot;:&quot;30\\u20ac&quot;,&quot;booking_necessary&quot;:&quot;Oui&quot;,&quot;comment&quot;:&quot;Promenade en tra\\u00eeneau tir\\u00e9 par des chiens.&quot;,&quot;link&quot;:&quot;Pas de lien disponible&quot;,&quot;image&quot;:&quot;Pas d&#039;image disponible&quot;},&quot;category&quot;:&quot;Activit\\u00e9s et lieux recommand\\u00e9s&quot;}\">\n\n            <!-- Image + badge cat\u00e9gorie -->\n            <div class=\"em-card-img-wrap\">\n                              <div class=\"em-card-placeholder\">\ud83d\udcf7 Pas d'image<\/div>\n                            <span class=\"em-card-badge badge-activity\">Activit\u00e9s et lieux recommand\u00e9s<\/span>\n            <\/div>\n\n            <!-- Contenu de la card -->\n            <div class=\"em-card-body\">\n              <h3 class=\"em-card-title\">Balade en chiens de tra\u00eeneaux<\/h3>\n\n              <!-- Tags r\u00e9sum\u00e9s (max 4) -->\n              <div class=\"em-card-tags\">\n                                    <span class=\"em-tag em-tag-green\">30\u20ac<\/span>\n                                    <span class=\"em-tag em-tag-blue\">For\u00eat enneig\u00e9e<\/span>\n                                              <\/div>\n\n              <!-- Champs suppl\u00e9mentaires (max 3) -->\n              <div class=\"em-card-fields\">\n                                  <div class=\"em-card-field\">\n                    <span class=\"em-card-field-label\">Type d\u2019\u00e9v\u00e9nement (march\u00e9, festival, sport, etc.) :<\/span>\n                    <span class=\"em-card-field-value\">Activit\u00e9 hivernale<\/span>\n                  <\/div>\n                                  <div class=\"em-card-field\">\n                    <span class=\"em-card-field-label\">Distance depuis le camping (km) :<\/span>\n                    <span class=\"em-card-field-value\">10<\/span>\n                  <\/div>\n                                  <div class=\"em-card-field\">\n                    <span class=\"em-card-field-label\">Dur\u00e9e moyenne :<\/span>\n                    <span class=\"em-card-field-value\">2h<\/span>\n                  <\/div>\n                              <\/div>\n\n              <!-- Lien vers le d\u00e9tail -->\n              <div class=\"em-card-footer\">\n                <span>Voir le d\u00e9tail<\/span>\n                <svg fill=\"none\" viewBox=\"0 0 24 24\" stroke=\"currentColor\" stroke-width=\"2\"><path stroke-linecap=\"round\" stroke-linejoin=\"round\" d=\"M13.5 4.5L21 12m0 0l-7.5 7.5M21 12H3\"><\/path><\/svg>\n              <\/div>\n            <\/div>\n          <\/article>\n                  <article class=\"em-card\"\n            data-type=\"activity\"\n            data-features=\"\"\n            data-name=\"atelier de couture\"\n            data-json=\"{&quot;name&quot;:&quot;Atelier de couture&quot;,&quot;image&quot;:&quot;Pas d&#039;image disponible&quot;,&quot;link&quot;:&quot;Pas de lien disponible&quot;,&quot;data&quot;:{&quot;name&quot;:&quot;Atelier de couture&quot;,&quot;type&quot;:&quot;Activit\\u00e9 manuelle&quot;,&quot;place&quot;:&quot;Atelier local&quot;,&quot;distance_km&quot;:&quot;5&quot;,&quot;duration&quot;:&quot;2h&quot;,&quot;price&quot;:&quot;15\\u20ac&quot;,&quot;booking_necessary&quot;:&quot;Oui&quot;,&quot;comment&quot;:&quot;Cr\\u00e9ation de v\\u00eatements sur mesure.&quot;,&quot;link&quot;:&quot;Pas de lien disponible&quot;,&quot;image&quot;:&quot;Pas d&#039;image disponible&quot;},&quot;category&quot;:&quot;Activit\\u00e9s et lieux recommand\\u00e9s&quot;}\">\n\n            <!-- Image + badge cat\u00e9gorie -->\n            <div class=\"em-card-img-wrap\">\n                              <div class=\"em-card-placeholder\">\ud83d\udcf7 Pas d'image<\/div>\n                            <span class=\"em-card-badge badge-activity\">Activit\u00e9s et lieux recommand\u00e9s<\/span>\n            <\/div>\n\n            <!-- Contenu de la card -->\n            <div class=\"em-card-body\">\n              <h3 class=\"em-card-title\">Atelier de couture<\/h3>\n\n              <!-- Tags r\u00e9sum\u00e9s (max 4) -->\n              <div class=\"em-card-tags\">\n                                    <span class=\"em-tag em-tag-green\">15\u20ac<\/span>\n                                    <span class=\"em-tag em-tag-blue\">Atelier local<\/span>\n                                              <\/div>\n\n              <!-- Champs suppl\u00e9mentaires (max 3) -->\n              <div class=\"em-card-fields\">\n                                  <div class=\"em-card-field\">\n                    <span class=\"em-card-field-label\">Type d\u2019\u00e9v\u00e9nement (march\u00e9, festival, sport, etc.) :<\/span>\n                    <span class=\"em-card-field-value\">Activit\u00e9 manuelle<\/span>\n                  <\/div>\n                                  <div class=\"em-card-field\">\n                    <span class=\"em-card-field-label\">Distance depuis le camping (km) :<\/span>\n                    <span class=\"em-card-field-value\">5<\/span>\n                  <\/div>\n                                  <div class=\"em-card-field\">\n                    <span class=\"em-card-field-label\">Dur\u00e9e moyenne :<\/span>\n                    <span class=\"em-card-field-value\">2h<\/span>\n                  <\/div>\n                              <\/div>\n\n              <!-- Lien vers le d\u00e9tail -->\n              <div class=\"em-card-footer\">\n                <span>Voir le d\u00e9tail<\/span>\n                <svg fill=\"none\" viewBox=\"0 0 24 24\" stroke=\"currentColor\" stroke-width=\"2\"><path stroke-linecap=\"round\" stroke-linejoin=\"round\" d=\"M13.5 4.5L21 12m0 0l-7.5 7.5M21 12H3\"><\/path><\/svg>\n              <\/div>\n            <\/div>\n          <\/article>\n                  <article class=\"em-card\"\n            data-type=\"activity\"\n            data-features=\"\"\n            data-name=\"visite du chemin de saint-jacques-de-compostelle \u00e0 pied\"\n            data-json=\"{&quot;name&quot;:&quot;Visite du Chemin de Saint-Jacques-de-Compostelle \\u00e0 pied&quot;,&quot;image&quot;:&quot;&quot;,&quot;link&quot;:&quot;&quot;,&quot;data&quot;:{&quot;name&quot;:&quot;Visite du Chemin de Saint-Jacques-de-Compostelle \\u00e0 pied&quot;,&quot;type&quot;:&quot;Activit\\u00e9 pedestre et culturelle&quot;,&quot;place&quot;:&quot;Au d\\u00e9part de Saint-Paul-en-Born, suivez le chemin vers les villages voisins.&quot;,&quot;distance_km&quot;:&quot;varie selon la longueur du trajet choisi&quot;,&quot;duration&quot;:&quot;Jour entier&quot;,&quot;price&quot;:&quot;Gratuit (en libre acc\\u00e8s)&quot;,&quot;booking_necessary&quot;:&quot;Non&quot;,&quot;comment&quot;:&quot;Un voyage culturel et historique.&quot;,&quot;link&quot;:&quot;&quot;,&quot;image&quot;:&quot;&quot;},&quot;category&quot;:&quot;Activit\\u00e9s et lieux recommand\\u00e9s&quot;}\">\n\n            <!-- Image + badge cat\u00e9gorie -->\n            <div class=\"em-card-img-wrap\">\n                              <div class=\"em-card-placeholder\">\ud83d\udcf7 Pas d'image<\/div>\n                            <span class=\"em-card-badge badge-activity\">Activit\u00e9s et lieux recommand\u00e9s<\/span>\n            <\/div>\n\n            <!-- Contenu de la card -->\n            <div class=\"em-card-body\">\n              <h3 class=\"em-card-title\">Visite du Chemin de Saint-Jacques-de-Compostelle \u00e0 pied<\/h3>\n\n              <!-- Tags r\u00e9sum\u00e9s (max 4) -->\n              <div class=\"em-card-tags\">\n                                    <span class=\"em-tag em-tag-green\">Gratuit (en libre acc\u00e8s)<\/span>\n                                    <span class=\"em-tag em-tag-blue\">Au d\u00e9part de Saint-Paul-en-Born, suivez le chemin vers les villages voisins.<\/span>\n                                              <\/div>\n\n              <!-- Champs suppl\u00e9mentaires (max 3) -->\n              <div class=\"em-card-fields\">\n                                  <div class=\"em-card-field\">\n                    <span class=\"em-card-field-label\">Type d\u2019\u00e9v\u00e9nement (march\u00e9, festival, sport, etc.) :<\/span>\n                    <span class=\"em-card-field-value\">Activit\u00e9 pedestre et culturelle<\/span>\n                  <\/div>\n                                  <div class=\"em-card-field\">\n                    <span class=\"em-card-field-label\">Distance depuis le camping (km) :<\/span>\n                    <span class=\"em-card-field-value\">varie selon la longueur du trajet choisi<\/span>\n                  <\/div>\n                                  <div class=\"em-card-field\">\n                    <span class=\"em-card-field-label\">Dur\u00e9e moyenne :<\/span>\n                    <span class=\"em-card-field-value\">Jour entier<\/span>\n                  <\/div>\n                              <\/div>\n\n              <!-- Lien vers le d\u00e9tail -->\n              <div class=\"em-card-footer\">\n                <span>Voir le d\u00e9tail<\/span>\n                <svg fill=\"none\" viewBox=\"0 0 24 24\" stroke=\"currentColor\" stroke-width=\"2\"><path stroke-linecap=\"round\" stroke-linejoin=\"round\" d=\"M13.5 4.5L21 12m0 0l-7.5 7.5M21 12H3\"><\/path><\/svg>\n              <\/div>\n            <\/div>\n          <\/article>\n                  <article class=\"em-card\"\n            data-type=\"activity\"\n            data-features=\"\"\n            data-name=\"excursion ornithologique aux marais\"\n            data-json=\"{&quot;name&quot;:&quot;Excursion ornithologique aux marais&quot;,&quot;image&quot;:&quot;&quot;,&quot;link&quot;:&quot;&quot;,&quot;data&quot;:{&quot;name&quot;:&quot;Excursion ornithologique aux marais&quot;,&quot;type&quot;:&quot;Activit\\u00e9 nature et faune&quot;,&quot;place&quot;:&quot;Marais de la r\\u00e9gion&quot;,&quot;distance_km&quot;:&quot;Varie selon l&#039;itin\\u00e9raire&quot;,&quot;duration&quot;:&quot;2 \\u00e0 4 heures&quot;,&quot;price&quot;:&quot;Gratuit ou payant selon l&#039;organisateur&quot;,&quot;booking_necessary&quot;:&quot;Oui si guid\\u00e9e&quot;,&quot;comment&quot;:&quot;Observer les oiseaux dans leur habitat naturel.&quot;,&quot;link&quot;:&quot;&quot;,&quot;image&quot;:&quot;&quot;},&quot;category&quot;:&quot;Activit\\u00e9s et lieux recommand\\u00e9s&quot;}\">\n\n            <!-- Image + badge cat\u00e9gorie -->\n            <div class=\"em-card-img-wrap\">\n                              <div class=\"em-card-placeholder\">\ud83d\udcf7 Pas d'image<\/div>\n                            <span class=\"em-card-badge badge-activity\">Activit\u00e9s et lieux recommand\u00e9s<\/span>\n            <\/div>\n\n            <!-- Contenu de la card -->\n            <div class=\"em-card-body\">\n              <h3 class=\"em-card-title\">Excursion ornithologique aux marais<\/h3>\n\n              <!-- Tags r\u00e9sum\u00e9s (max 4) -->\n              <div class=\"em-card-tags\">\n                                    <span class=\"em-tag em-tag-green\">Gratuit ou payant selon l&#039;organisateur<\/span>\n                                    <span class=\"em-tag em-tag-blue\">Marais de la r\u00e9gion<\/span>\n                                              <\/div>\n\n              <!-- Champs suppl\u00e9mentaires (max 3) -->\n              <div class=\"em-card-fields\">\n                                  <div class=\"em-card-field\">\n                    <span class=\"em-card-field-label\">Type d\u2019\u00e9v\u00e9nement (march\u00e9, festival, sport, etc.) :<\/span>\n                    <span class=\"em-card-field-value\">Activit\u00e9 nature et faune<\/span>\n                  <\/div>\n                                  <div class=\"em-card-field\">\n                    <span class=\"em-card-field-label\">Distance depuis le camping (km) :<\/span>\n                    <span class=\"em-card-field-value\">Varie selon l&#039;itin\u00e9raire<\/span>\n                  <\/div>\n                                  <div class=\"em-card-field\">\n                    <span class=\"em-card-field-label\">Dur\u00e9e moyenne :<\/span>\n                    <span class=\"em-card-field-value\">2 \u00e0 4 heures<\/span>\n                  <\/div>\n                              <\/div>\n\n              <!-- Lien vers le d\u00e9tail -->\n              <div class=\"em-card-footer\">\n                <span>Voir le d\u00e9tail<\/span>\n                <svg fill=\"none\" viewBox=\"0 0 24 24\" stroke=\"currentColor\" stroke-width=\"2\"><path stroke-linecap=\"round\" stroke-linejoin=\"round\" d=\"M13.5 4.5L21 12m0 0l-7.5 7.5M21 12H3\"><\/path><\/svg>\n              <\/div>\n            <\/div>\n          <\/article>\n                  <article class=\"em-card\"\n            data-type=\"activity\"\n            data-features=\"\"\n            data-name=\"cours de photographie num\u00e9rique\"\n            data-json=\"{&quot;name&quot;:&quot;Cours de photographie num\\u00e9rique&quot;,&quot;image&quot;:&quot;&quot;,&quot;link&quot;:&quot;&quot;,&quot;data&quot;:{&quot;name&quot;:&quot;Cours de photographie num\\u00e9rique&quot;,&quot;type&quot;:&quot;Atelier cr\\u00e9atif&quot;,&quot;place&quot;:&quot;D\\u00e9couvrez des ateliers autour de Saint-Paul-en-Born&quot;,&quot;distance_km&quot;:&quot;Varie selon l&#039;emplacement&quot;,&quot;duration&quot;:&quot;1 \\u00e0 2 jours&quot;,&quot;price&quot;:&quot;Variable selon l&#039;atelier&quot;,&quot;booking_necessary&quot;:&quot;Oui&quot;,&quot;comment&quot;:&quot;Apprenez \\u00e0 capter la beaut\\u00e9 naturelle de la r\\u00e9gion.&quot;,&quot;link&quot;:&quot;&quot;,&quot;image&quot;:&quot;&quot;},&quot;category&quot;:&quot;Activit\\u00e9s et lieux recommand\\u00e9s&quot;}\">\n\n            <!-- Image + badge cat\u00e9gorie -->\n            <div class=\"em-card-img-wrap\">\n                              <div class=\"em-card-placeholder\">\ud83d\udcf7 Pas d'image<\/div>\n                            <span class=\"em-card-badge badge-activity\">Activit\u00e9s et lieux recommand\u00e9s<\/span>\n            <\/div>\n\n            <!-- Contenu de la card -->\n            <div class=\"em-card-body\">\n              <h3 class=\"em-card-title\">Cours de photographie num\u00e9rique<\/h3>\n\n              <!-- Tags r\u00e9sum\u00e9s (max 4) -->\n              <div class=\"em-card-tags\">\n                                    <span class=\"em-tag em-tag-green\">Variable selon l&#039;atelier<\/span>\n                                    <span class=\"em-tag em-tag-blue\">D\u00e9couvrez des ateliers autour de Saint-Paul-en-Born<\/span>\n                                              <\/div>\n\n              <!-- Champs suppl\u00e9mentaires (max 3) -->\n              <div class=\"em-card-fields\">\n                                  <div class=\"em-card-field\">\n                    <span class=\"em-card-field-label\">Type d\u2019\u00e9v\u00e9nement (march\u00e9, festival, sport, etc.) :<\/span>\n                    <span class=\"em-card-field-value\">Atelier cr\u00e9atif<\/span>\n                  <\/div>\n                                  <div class=\"em-card-field\">\n                    <span class=\"em-card-field-label\">Distance depuis le camping (km) :<\/span>\n                    <span class=\"em-card-field-value\">Varie selon l&#039;emplacement<\/span>\n                  <\/div>\n                                  <div class=\"em-card-field\">\n                    <span class=\"em-card-field-label\">Dur\u00e9e moyenne :<\/span>\n                    <span class=\"em-card-field-value\">1 \u00e0 2 jours<\/span>\n                  <\/div>\n                              <\/div>\n\n              <!-- Lien vers le d\u00e9tail -->\n              <div class=\"em-card-footer\">\n                <span>Voir le d\u00e9tail<\/span>\n                <svg fill=\"none\" viewBox=\"0 0 24 24\" stroke=\"currentColor\" stroke-width=\"2\"><path stroke-linecap=\"round\" stroke-linejoin=\"round\" d=\"M13.5 4.5L21 12m0 0l-7.5 7.5M21 12H3\"><\/path><\/svg>\n              <\/div>\n            <\/div>\n          <\/article>\n                  <article class=\"em-card\"\n            data-type=\"activity\"\n            data-features=\"\"\n            data-name=\"jeux de piste en for\u00eat\"\n            data-json=\"{&quot;name&quot;:&quot;Jeux de piste en for\\u00eat&quot;,&quot;image&quot;:&quot;&quot;,&quot;link&quot;:&quot;&quot;,&quot;data&quot;:{&quot;name&quot;:&quot;Jeux de piste en for\\u00eat&quot;,&quot;type&quot;:&quot;Activit\\u00e9 famille&quot;,&quot;place&quot;:&quot;For\\u00eat landaise&quot;,&quot;distance_km&quot;:&quot;Varie selon l&#039;itin\\u00e9raire&quot;,&quot;duration&quot;:&quot;1 \\u00e0 3 heures&quot;,&quot;price&quot;:&quot;Gratuit ou payant selon l&#039;organisateur&quot;,&quot;booking_necessary&quot;:&quot;Optionnel&quot;,&quot;comment&quot;:&quot;Une activit\\u00e9 ludique pour toute la famille.&quot;,&quot;link&quot;:&quot;&quot;,&quot;image&quot;:&quot;&quot;},&quot;category&quot;:&quot;Activit\\u00e9s et lieux recommand\\u00e9s&quot;}\">\n\n            <!-- Image + badge cat\u00e9gorie -->\n            <div class=\"em-card-img-wrap\">\n                              <div class=\"em-card-placeholder\">\ud83d\udcf7 Pas d'image<\/div>\n                            <span class=\"em-card-badge badge-activity\">Activit\u00e9s et lieux recommand\u00e9s<\/span>\n            <\/div>\n\n            <!-- Contenu de la card -->\n            <div class=\"em-card-body\">\n              <h3 class=\"em-card-title\">Jeux de piste en for\u00eat<\/h3>\n\n              <!-- Tags r\u00e9sum\u00e9s (max 4) -->\n              <div class=\"em-card-tags\">\n                                    <span class=\"em-tag em-tag-green\">Gratuit ou payant selon l&#039;organisateur<\/span>\n                                    <span class=\"em-tag em-tag-blue\">For\u00eat landaise<\/span>\n                                              <\/div>\n\n              <!-- Champs suppl\u00e9mentaires (max 3) -->\n              <div class=\"em-card-fields\">\n                                  <div class=\"em-card-field\">\n                    <span class=\"em-card-field-label\">Type d\u2019\u00e9v\u00e9nement (march\u00e9, festival, sport, etc.) :<\/span>\n                    <span class=\"em-card-field-value\">Activit\u00e9 famille<\/span>\n                  <\/div>\n                                  <div class=\"em-card-field\">\n                    <span class=\"em-card-field-label\">Distance depuis le camping (km) :<\/span>\n                    <span class=\"em-card-field-value\">Varie selon l&#039;itin\u00e9raire<\/span>\n                  <\/div>\n                                  <div class=\"em-card-field\">\n                    <span class=\"em-card-field-label\">Dur\u00e9e moyenne :<\/span>\n                    <span class=\"em-card-field-value\">1 \u00e0 3 heures<\/span>\n                  <\/div>\n                              <\/div>\n\n              <!-- Lien vers le d\u00e9tail -->\n              <div class=\"em-card-footer\">\n                <span>Voir le d\u00e9tail<\/span>\n                <svg fill=\"none\" viewBox=\"0 0 24 24\" stroke=\"currentColor\" stroke-width=\"2\"><path stroke-linecap=\"round\" stroke-linejoin=\"round\" d=\"M13.5 4.5L21 12m0 0l-7.5 7.5M21 12H3\"><\/path><\/svg>\n              <\/div>\n            <\/div>\n          <\/article>\n                  <article class=\"em-card\"\n            data-type=\"activity\"\n            data-features=\"\"\n            data-name=\"atelier de couture cr\u00e9ative\"\n            data-json=\"{&quot;name&quot;:&quot;Atelier de couture cr\\u00e9ative&quot;,&quot;image&quot;:&quot;&quot;,&quot;link&quot;:&quot;&quot;,&quot;data&quot;:{&quot;name&quot;:&quot;Atelier de couture cr\\u00e9ative&quot;,&quot;type&quot;:&quot;Atelier artisanal&quot;,&quot;place&quot;:&quot;ateliers locaux&quot;,&quot;distance_km&quot;:&quot;Varie selon l&#039;emplacement&quot;,&quot;duration&quot;:&quot;1 \\u00e0 2 jours&quot;,&quot;price&quot;:&quot;Variable selon l&#039;atelier&quot;,&quot;booking_necessary&quot;:&quot;Oui&quot;,&quot;comment&quot;:&quot;Cr\\u00e9ez vos propres v\\u00eatements avec des cours locaux.&quot;,&quot;link&quot;:&quot;&quot;,&quot;image&quot;:&quot;&quot;},&quot;category&quot;:&quot;Activit\\u00e9s et lieux recommand\\u00e9s&quot;}\">\n\n            <!-- Image + badge cat\u00e9gorie -->\n            <div class=\"em-card-img-wrap\">\n                              <div class=\"em-card-placeholder\">\ud83d\udcf7 Pas d'image<\/div>\n                            <span class=\"em-card-badge badge-activity\">Activit\u00e9s et lieux recommand\u00e9s<\/span>\n            <\/div>\n\n            <!-- Contenu de la card -->\n            <div class=\"em-card-body\">\n              <h3 class=\"em-card-title\">Atelier de couture cr\u00e9ative<\/h3>\n\n              <!-- Tags r\u00e9sum\u00e9s (max 4) -->\n              <div class=\"em-card-tags\">\n                                    <span class=\"em-tag em-tag-green\">Variable selon l&#039;atelier<\/span>\n                                    <span class=\"em-tag em-tag-blue\">ateliers locaux<\/span>\n                                              <\/div>\n\n              <!-- Champs suppl\u00e9mentaires (max 3) -->\n              <div class=\"em-card-fields\">\n                                  <div class=\"em-card-field\">\n                    <span class=\"em-card-field-label\">Type d\u2019\u00e9v\u00e9nement (march\u00e9, festival, sport, etc.) :<\/span>\n                    <span class=\"em-card-field-value\">Atelier artisanal<\/span>\n                  <\/div>\n                                  <div class=\"em-card-field\">\n                    <span class=\"em-card-field-label\">Distance depuis le camping (km) :<\/span>\n                    <span class=\"em-card-field-value\">Varie selon l&#039;emplacement<\/span>\n                  <\/div>\n                                  <div class=\"em-card-field\">\n                    <span class=\"em-card-field-label\">Dur\u00e9e moyenne :<\/span>\n                    <span class=\"em-card-field-value\">1 \u00e0 2 jours<\/span>\n                  <\/div>\n                              <\/div>\n\n              <!-- Lien vers le d\u00e9tail -->\n              <div class=\"em-card-footer\">\n                <span>Voir le d\u00e9tail<\/span>\n                <svg fill=\"none\" viewBox=\"0 0 24 24\" stroke=\"currentColor\" stroke-width=\"2\"><path stroke-linecap=\"round\" stroke-linejoin=\"round\" d=\"M13.5 4.5L21 12m0 0l-7.5 7.5M21 12H3\"><\/path><\/svg>\n              <\/div>\n            <\/div>\n          <\/article>\n                  <article class=\"em-card\"\n            data-type=\"activity\"\n            data-features=\"\"\n            data-name=\"visite de la r\u00e9serve naturelle des marais d&#039;orx\"\n            data-json=\"{&quot;name&quot;:&quot;Visite de la R\\u00e9serve Naturelle des Marais d&#039;Orx&quot;,&quot;image&quot;:&quot;&quot;,&quot;link&quot;:&quot;&quot;,&quot;data&quot;:{&quot;name&quot;:&quot;Visite de la R\\u00e9serve Naturelle des Marais d&#039;Orx&quot;,&quot;type&quot;:&quot;Activit\\u00e9 nature et faune&quot;,&quot;place&quot;:&quot;Marais d&#039;Orx&quot;,&quot;distance_km&quot;:&quot;20 km environ&quot;,&quot;duration&quot;:&quot;2 \\u00e0 4 heures&quot;,&quot;price&quot;:&quot;Variable selon le guide&quot;,&quot;booking_necessary&quot;:&quot;Oui si guid\\u00e9e&quot;,&quot;comment&quot;:&quot;D\\u00e9couvrez la biodiversit\\u00e9 des marais.&quot;,&quot;link&quot;:&quot;&quot;,&quot;image&quot;:&quot;&quot;},&quot;category&quot;:&quot;Activit\\u00e9s et lieux recommand\\u00e9s&quot;}\">\n\n            <!-- Image + badge cat\u00e9gorie -->\n            <div class=\"em-card-img-wrap\">\n                              <div class=\"em-card-placeholder\">\ud83d\udcf7 Pas d'image<\/div>\n                            <span class=\"em-card-badge badge-activity\">Activit\u00e9s et lieux recommand\u00e9s<\/span>\n            <\/div>\n\n            <!-- Contenu de la card -->\n            <div class=\"em-card-body\">\n              <h3 class=\"em-card-title\">Visite de la R\u00e9serve Naturelle des Marais d&#039;Orx<\/h3>\n\n              <!-- Tags r\u00e9sum\u00e9s (max 4) -->\n              <div class=\"em-card-tags\">\n                                    <span class=\"em-tag em-tag-green\">Variable selon le guide<\/span>\n                                    <span class=\"em-tag em-tag-blue\">Marais d&#039;Orx<\/span>\n                                              <\/div>\n\n              <!-- Champs suppl\u00e9mentaires (max 3) -->\n              <div class=\"em-card-fields\">\n                                  <div class=\"em-card-field\">\n                    <span class=\"em-card-field-label\">Type d\u2019\u00e9v\u00e9nement (march\u00e9, festival, sport, etc.) :<\/span>\n                    <span class=\"em-card-field-value\">Activit\u00e9 nature et faune<\/span>\n                  <\/div>\n                                  <div class=\"em-card-field\">\n                    <span class=\"em-card-field-label\">Distance depuis le camping (km) :<\/span>\n                    <span class=\"em-card-field-value\">20 km environ<\/span>\n                  <\/div>\n                                  <div class=\"em-card-field\">\n                    <span class=\"em-card-field-label\">Dur\u00e9e moyenne :<\/span>\n                    <span class=\"em-card-field-value\">2 \u00e0 4 heures<\/span>\n                  <\/div>\n                              <\/div>\n\n              <!-- Lien vers le d\u00e9tail -->\n              <div class=\"em-card-footer\">\n                <span>Voir le d\u00e9tail<\/span>\n                <svg fill=\"none\" viewBox=\"0 0 24 24\" stroke=\"currentColor\" stroke-width=\"2\"><path stroke-linecap=\"round\" stroke-linejoin=\"round\" d=\"M13.5 4.5L21 12m0 0l-7.5 7.5M21 12H3\"><\/path><\/svg>\n              <\/div>\n            <\/div>\n          <\/article>\n                  <article class=\"em-card\"\n            data-type=\"activity\"\n            data-features=\"\"\n            data-name=\"cours de cuisine landaise\"\n            data-json=\"{&quot;name&quot;:&quot;Cours de cuisine landaise&quot;,&quot;image&quot;:&quot;&quot;,&quot;link&quot;:&quot;&quot;,&quot;data&quot;:{&quot;name&quot;:&quot;Cours de cuisine landaise&quot;,&quot;type&quot;:&quot;Atelier culinaire&quot;,&quot;place&quot;:&quot;around Saint-Paul-en-Born&quot;,&quot;distance_km&quot;:&quot;Varie selon l&#039;emplacement&quot;,&quot;duration&quot;:&quot;1 jours&quot;,&quot;price&quot;:&quot;Variable selon l&#039;atelier&quot;,&quot;booking_necessary&quot;:&quot;Oui&quot;,&quot;comment&quot;:&quot;Apprenez \\u00e0 pr\\u00e9parer des plats locaux.&quot;,&quot;link&quot;:&quot;&quot;,&quot;image&quot;:&quot;&quot;},&quot;category&quot;:&quot;Activit\\u00e9s et lieux recommand\\u00e9s&quot;}\">\n\n            <!-- Image + badge cat\u00e9gorie -->\n            <div class=\"em-card-img-wrap\">\n                              <div class=\"em-card-placeholder\">\ud83d\udcf7 Pas d'image<\/div>\n                            <span class=\"em-card-badge badge-activity\">Activit\u00e9s et lieux recommand\u00e9s<\/span>\n            <\/div>\n\n            <!-- Contenu de la card -->\n            <div class=\"em-card-body\">\n              <h3 class=\"em-card-title\">Cours de cuisine landaise<\/h3>\n\n              <!-- Tags r\u00e9sum\u00e9s (max 4) -->\n              <div class=\"em-card-tags\">\n                                    <span class=\"em-tag em-tag-green\">Variable selon l&#039;atelier<\/span>\n                                    <span class=\"em-tag em-tag-blue\">around Saint-Paul-en-Born<\/span>\n                                              <\/div>\n\n              <!-- Champs suppl\u00e9mentaires (max 3) -->\n              <div class=\"em-card-fields\">\n                                  <div class=\"em-card-field\">\n                    <span class=\"em-card-field-label\">Type d\u2019\u00e9v\u00e9nement (march\u00e9, festival, sport, etc.) :<\/span>\n                    <span class=\"em-card-field-value\">Atelier culinaire<\/span>\n                  <\/div>\n                                  <div class=\"em-card-field\">\n                    <span class=\"em-card-field-label\">Distance depuis le camping (km) :<\/span>\n                    <span class=\"em-card-field-value\">Varie selon l&#039;emplacement<\/span>\n                  <\/div>\n                                  <div class=\"em-card-field\">\n                    <span class=\"em-card-field-label\">Dur\u00e9e moyenne :<\/span>\n                    <span class=\"em-card-field-value\">1 jours<\/span>\n                  <\/div>\n                              <\/div>\n\n              <!-- Lien vers le d\u00e9tail -->\n              <div class=\"em-card-footer\">\n                <span>Voir le d\u00e9tail<\/span>\n                <svg fill=\"none\" viewBox=\"0 0 24 24\" stroke=\"currentColor\" stroke-width=\"2\"><path stroke-linecap=\"round\" stroke-linejoin=\"round\" d=\"M13.5 4.5L21 12m0 0l-7.5 7.5M21 12H3\"><\/path><\/svg>\n              <\/div>\n            <\/div>\n          <\/article>\n                  <article class=\"em-card\"\n            data-type=\"activity\"\n            data-features=\"\"\n            data-name=\"balade en chiens de tra\u00eeneaux\"\n            data-json=\"{&quot;name&quot;:&quot;Balade en chiens de tra\\u00eeneaux&quot;,&quot;image&quot;:&quot;&quot;,&quot;link&quot;:&quot;&quot;,&quot;data&quot;:{&quot;name&quot;:&quot;Balade en chiens de tra\\u00eeneaux&quot;,&quot;type&quot;:&quot;Activit\\u00e9 hivernale&quot;,&quot;place&quot;:&quot;diff\\u00e9rents parcours disponibles&quot;,&quot;distance_km&quot;:&quot;Varie selon l&#039;itin\\u00e9raire&quot;,&quot;duration&quot;:&quot;1 \\u00e0 2 heures&quot;,&quot;price&quot;:&quot;Payant&quot;,&quot;booking_necessary&quot;:&quot;Oui&quot;,&quot;comment&quot;:&quot;Une exp\\u00e9rience unique pour les amateurs de chiens.&quot;,&quot;link&quot;:&quot;&quot;,&quot;image&quot;:&quot;&quot;},&quot;category&quot;:&quot;Activit\\u00e9s et lieux recommand\\u00e9s&quot;}\">\n\n            <!-- Image + badge cat\u00e9gorie -->\n            <div class=\"em-card-img-wrap\">\n                              <div class=\"em-card-placeholder\">\ud83d\udcf7 Pas d'image<\/div>\n                            <span class=\"em-card-badge badge-activity\">Activit\u00e9s et lieux recommand\u00e9s<\/span>\n            <\/div>\n\n            <!-- Contenu de la card -->\n            <div class=\"em-card-body\">\n              <h3 class=\"em-card-title\">Balade en chiens de tra\u00eeneaux<\/h3>\n\n              <!-- Tags r\u00e9sum\u00e9s (max 4) -->\n              <div class=\"em-card-tags\">\n                                    <span class=\"em-tag em-tag-green\">Payant<\/span>\n                                    <span class=\"em-tag em-tag-blue\">diff\u00e9rents parcours disponibles<\/span>\n                                              <\/div>\n\n              <!-- Champs suppl\u00e9mentaires (max 3) -->\n              <div class=\"em-card-fields\">\n                                  <div class=\"em-card-field\">\n                    <span class=\"em-card-field-label\">Type d\u2019\u00e9v\u00e9nement (march\u00e9, festival, sport, etc.) :<\/span>\n                    <span class=\"em-card-field-value\">Activit\u00e9 hivernale<\/span>\n                  <\/div>\n                                  <div class=\"em-card-field\">\n                    <span class=\"em-card-field-label\">Distance depuis le camping (km) :<\/span>\n                    <span class=\"em-card-field-value\">Varie selon l&#039;itin\u00e9raire<\/span>\n                  <\/div>\n                                  <div class=\"em-card-field\">\n                    <span class=\"em-card-field-label\">Dur\u00e9e moyenne :<\/span>\n                    <span class=\"em-card-field-value\">1 \u00e0 2 heures<\/span>\n                  <\/div>\n                              <\/div>\n\n              <!-- Lien vers le d\u00e9tail -->\n              <div class=\"em-card-footer\">\n                <span>Voir le d\u00e9tail<\/span>\n                <svg fill=\"none\" viewBox=\"0 0 24 24\" stroke=\"currentColor\" stroke-width=\"2\"><path stroke-linecap=\"round\" stroke-linejoin=\"round\" d=\"M13.5 4.5L21 12m0 0l-7.5 7.5M21 12H3\"><\/path><\/svg>\n              <\/div>\n            <\/div>\n          <\/article>\n                  <article class=\"em-card\"\n            data-type=\"activity\"\n            data-features=\"\"\n            data-name=\"atelier de poterie artisanale\"\n            data-json=\"{&quot;name&quot;:&quot;Atelier de poterie artisanale&quot;,&quot;image&quot;:&quot;&quot;,&quot;link&quot;:&quot;&quot;,&quot;data&quot;:{&quot;name&quot;:&quot;Atelier de poterie artisanale&quot;,&quot;type&quot;:&quot;Atelier cr\\u00e9atif&quot;,&quot;place&quot;:&quot;ateliers locaux&quot;,&quot;distance_km&quot;:&quot;Varie selon l&#039;emplacement&quot;,&quot;duration&quot;:&quot;1 \\u00e0 2 jours&quot;,&quot;price&quot;:&quot;Variable selon l&#039;atelier&quot;,&quot;booking_necessary&quot;:&quot;Oui&quot;,&quot;comment&quot;:&quot;Cr\\u00e9ez vos propres objets en argile.&quot;,&quot;link&quot;:&quot;&quot;,&quot;image&quot;:&quot;&quot;},&quot;category&quot;:&quot;Activit\\u00e9s et lieux recommand\\u00e9s&quot;}\">\n\n            <!-- Image + badge cat\u00e9gorie -->\n            <div class=\"em-card-img-wrap\">\n                              <div class=\"em-card-placeholder\">\ud83d\udcf7 Pas d'image<\/div>\n                            <span class=\"em-card-badge badge-activity\">Activit\u00e9s et lieux recommand\u00e9s<\/span>\n            <\/div>\n\n            <!-- Contenu de la card -->\n            <div class=\"em-card-body\">\n              <h3 class=\"em-card-title\">Atelier de poterie artisanale<\/h3>\n\n              <!-- Tags r\u00e9sum\u00e9s (max 4) -->\n              <div class=\"em-card-tags\">\n                                    <span class=\"em-tag em-tag-green\">Variable selon l&#039;atelier<\/span>\n                                    <span class=\"em-tag em-tag-blue\">ateliers locaux<\/span>\n                                              <\/div>\n\n              <!-- Champs suppl\u00e9mentaires (max 3) -->\n              <div class=\"em-card-fields\">\n                                  <div class=\"em-card-field\">\n                    <span class=\"em-card-field-label\">Type d\u2019\u00e9v\u00e9nement (march\u00e9, festival, sport, etc.) :<\/span>\n                    <span class=\"em-card-field-value\">Atelier cr\u00e9atif<\/span>\n                  <\/div>\n                                  <div class=\"em-card-field\">\n                    <span class=\"em-card-field-label\">Distance depuis le camping (km) :<\/span>\n                    <span class=\"em-card-field-value\">Varie selon l&#039;emplacement<\/span>\n                  <\/div>\n                                  <div class=\"em-card-field\">\n                    <span class=\"em-card-field-label\">Dur\u00e9e moyenne :<\/span>\n                    <span class=\"em-card-field-value\">1 \u00e0 2 jours<\/span>\n                  <\/div>\n                              <\/div>\n\n              <!-- Lien vers le d\u00e9tail -->\n              <div class=\"em-card-footer\">\n                <span>Voir le d\u00e9tail<\/span>\n                <svg fill=\"none\" viewBox=\"0 0 24 24\" stroke=\"currentColor\" stroke-width=\"2\"><path stroke-linecap=\"round\" stroke-linejoin=\"round\" d=\"M13.5 4.5L21 12m0 0l-7.5 7.5M21 12H3\"><\/path><\/svg>\n              <\/div>\n            <\/div>\n          <\/article>\n                  <article class=\"em-card\"\n            data-type=\"activity\"\n            data-features=\"\"\n            data-name=\"excursion en bateau pneumatique\"\n            data-json=\"{&quot;name&quot;:&quot;Excursion en bateau pneumatique&quot;,&quot;image&quot;:&quot;&quot;,&quot;link&quot;:&quot;&quot;,&quot;data&quot;:{&quot;name&quot;:&quot;Excursion en bateau pneumatique&quot;,&quot;type&quot;:&quot;Activit\\u00e9 nautique&quot;,&quot;place&quot;:&quot;Lacs ou rivi\\u00e8res de la r\\u00e9gion&quot;,&quot;distance_km&quot;:&quot;Varie selon l&#039;itin\\u00e9raire&quot;,&quot;duration&quot;:&quot;2 \\u00e0 4 heures&quot;,&quot;price&quot;:&quot;Payant&quot;,&quot;booking_necessary&quot;:&quot;Oui&quot;,&quot;comment&quot;:&quot;Une aventure nautique sur les lacs ou rivi\\u00e8res.&quot;,&quot;link&quot;:&quot;&quot;,&quot;image&quot;:&quot;&quot;},&quot;category&quot;:&quot;Activit\\u00e9s et lieux recommand\\u00e9s&quot;}\">\n\n            <!-- Image + badge cat\u00e9gorie -->\n            <div class=\"em-card-img-wrap\">\n                              <div class=\"em-card-placeholder\">\ud83d\udcf7 Pas d'image<\/div>\n                            <span class=\"em-card-badge badge-activity\">Activit\u00e9s et lieux recommand\u00e9s<\/span>\n            <\/div>\n\n            <!-- Contenu de la card -->\n            <div class=\"em-card-body\">\n              <h3 class=\"em-card-title\">Excursion en bateau pneumatique<\/h3>\n\n              <!-- Tags r\u00e9sum\u00e9s (max 4) -->\n              <div class=\"em-card-tags\">\n                                    <span class=\"em-tag em-tag-green\">Payant<\/span>\n                                    <span class=\"em-tag em-tag-blue\">Lacs ou rivi\u00e8res de la r\u00e9gion<\/span>\n                                              <\/div>\n\n              <!-- Champs suppl\u00e9mentaires (max 3) -->\n              <div class=\"em-card-fields\">\n                                  <div class=\"em-card-field\">\n                    <span class=\"em-card-field-label\">Type d\u2019\u00e9v\u00e9nement (march\u00e9, festival, sport, etc.) :<\/span>\n                    <span class=\"em-card-field-value\">Activit\u00e9 nautique<\/span>\n                  <\/div>\n                                  <div class=\"em-card-field\">\n                    <span class=\"em-card-field-label\">Distance depuis le camping (km) :<\/span>\n                    <span class=\"em-card-field-value\">Varie selon l&#039;itin\u00e9raire<\/span>\n                  <\/div>\n                                  <div class=\"em-card-field\">\n                    <span class=\"em-card-field-label\">Dur\u00e9e moyenne :<\/span>\n                    <span class=\"em-card-field-value\">2 \u00e0 4 heures<\/span>\n                  <\/div>\n                              <\/div>\n\n              <!-- Lien vers le d\u00e9tail -->\n              <div class=\"em-card-footer\">\n                <span>Voir le d\u00e9tail<\/span>\n                <svg fill=\"none\" viewBox=\"0 0 24 24\" stroke=\"currentColor\" stroke-width=\"2\"><path stroke-linecap=\"round\" stroke-linejoin=\"round\" d=\"M13.5 4.5L21 12m0 0l-7.5 7.5M21 12H3\"><\/path><\/svg>\n              <\/div>\n            <\/div>\n          <\/article>\n                  <article class=\"em-card\"\n            data-type=\"activity\"\n            data-features=\"\"\n            data-name=\"cours de danse folklorique\"\n            data-json=\"{&quot;name&quot;:&quot;Cours de danse folklorique&quot;,&quot;image&quot;:&quot;&quot;,&quot;link&quot;:&quot;&quot;,&quot;data&quot;:{&quot;name&quot;:&quot;Cours de danse folklorique&quot;,&quot;type&quot;:&quot;Atelier culturel&quot;,&quot;place&quot;:&quot;around Saint-Paul-en-Born&quot;,&quot;distance_km&quot;:&quot;Varie selon l&#039;emplacement&quot;,&quot;duration&quot;:&quot;1 \\u00e0 2 jours&quot;,&quot;price&quot;:&quot;Variable selon l&#039;atelier&quot;,&quot;booking_necessary&quot;:&quot;Oui&quot;,&quot;comment&quot;:&quot;Apprenez les danses traditionnelles locales.&quot;,&quot;link&quot;:&quot;&quot;,&quot;image&quot;:&quot;&quot;},&quot;category&quot;:&quot;Activit\\u00e9s et lieux recommand\\u00e9s&quot;}\">\n\n            <!-- Image + badge cat\u00e9gorie -->\n            <div class=\"em-card-img-wrap\">\n                              <div class=\"em-card-placeholder\">\ud83d\udcf7 Pas d'image<\/div>\n                            <span class=\"em-card-badge badge-activity\">Activit\u00e9s et lieux recommand\u00e9s<\/span>\n            <\/div>\n\n            <!-- Contenu de la card -->\n            <div class=\"em-card-body\">\n              <h3 class=\"em-card-title\">Cours de danse folklorique<\/h3>\n\n              <!-- Tags r\u00e9sum\u00e9s (max 4) -->\n              <div class=\"em-card-tags\">\n                                    <span class=\"em-tag em-tag-green\">Variable selon l&#039;atelier<\/span>\n                                    <span class=\"em-tag em-tag-blue\">around Saint-Paul-en-Born<\/span>\n                                              <\/div>\n\n              <!-- Champs suppl\u00e9mentaires (max 3) -->\n              <div class=\"em-card-fields\">\n                                  <div class=\"em-card-field\">\n                    <span class=\"em-card-field-label\">Type d\u2019\u00e9v\u00e9nement (march\u00e9, festival, sport, etc.) :<\/span>\n                    <span class=\"em-card-field-value\">Atelier culturel<\/span>\n                  <\/div>\n                                  <div class=\"em-card-field\">\n                    <span class=\"em-card-field-label\">Distance depuis le camping (km) :<\/span>\n                    <span class=\"em-card-field-value\">Varie selon l&#039;emplacement<\/span>\n                  <\/div>\n                                  <div class=\"em-card-field\">\n                    <span class=\"em-card-field-label\">Dur\u00e9e moyenne :<\/span>\n                    <span class=\"em-card-field-value\">1 \u00e0 2 jours<\/span>\n                  <\/div>\n                              <\/div>\n\n              <!-- Lien vers le d\u00e9tail -->\n              <div class=\"em-card-footer\">\n                <span>Voir le d\u00e9tail<\/span>\n                <svg fill=\"none\" viewBox=\"0 0 24 24\" stroke=\"currentColor\" stroke-width=\"2\"><path stroke-linecap=\"round\" stroke-linejoin=\"round\" d=\"M13.5 4.5L21 12m0 0l-7.5 7.5M21 12H3\"><\/path><\/svg>\n              <\/div>\n            <\/div>\n          <\/article>\n                  <article class=\"em-card\"\n            data-type=\"activity\"\n            data-features=\"\"\n            data-name=\"atelier de fabrication de produits artisanaux landais\"\n            data-json=\"{&quot;name&quot;:&quot;Atelier de fabrication de produits artisanaux landais&quot;,&quot;image&quot;:&quot;&quot;,&quot;link&quot;:&quot;&quot;,&quot;data&quot;:{&quot;name&quot;:&quot;Atelier de fabrication de produits artisanaux landais&quot;,&quot;type&quot;:&quot;Atelier artisanal&quot;,&quot;place&quot;:&quot;ateliers locaux&quot;,&quot;distance_km&quot;:&quot;Varie selon l&#039;emplacement&quot;,&quot;duration&quot;:&quot;1 \\u00e0 2 jours&quot;,&quot;price&quot;:&quot;Variable selon l&#039;atelier&quot;,&quot;booking_necessary&quot;:&quot;Oui&quot;,&quot;comment&quot;:&quot;Cr\\u00e9ez vos propres produits artisanaux.&quot;,&quot;link&quot;:&quot;&quot;,&quot;image&quot;:&quot;&quot;},&quot;category&quot;:&quot;Activit\\u00e9s et lieux recommand\\u00e9s&quot;}\">\n\n            <!-- Image + badge cat\u00e9gorie -->\n            <div class=\"em-card-img-wrap\">\n                              <div class=\"em-card-placeholder\">\ud83d\udcf7 Pas d'image<\/div>\n                            <span class=\"em-card-badge badge-activity\">Activit\u00e9s et lieux recommand\u00e9s<\/span>\n            <\/div>\n\n            <!-- Contenu de la card -->\n            <div class=\"em-card-body\">\n              <h3 class=\"em-card-title\">Atelier de fabrication de produits artisanaux landais<\/h3>\n\n              <!-- Tags r\u00e9sum\u00e9s (max 4) -->\n              <div class=\"em-card-tags\">\n                                    <span class=\"em-tag em-tag-green\">Variable selon l&#039;atelier<\/span>\n                                    <span class=\"em-tag em-tag-blue\">ateliers locaux<\/span>\n                                              <\/div>\n\n              <!-- Champs suppl\u00e9mentaires (max 3) -->\n              <div class=\"em-card-fields\">\n                                  <div class=\"em-card-field\">\n                    <span class=\"em-card-field-label\">Type d\u2019\u00e9v\u00e9nement (march\u00e9, festival, sport, etc.) :<\/span>\n                    <span class=\"em-card-field-value\">Atelier artisanal<\/span>\n                  <\/div>\n                                  <div class=\"em-card-field\">\n                    <span class=\"em-card-field-label\">Distance depuis le camping (km) :<\/span>\n                    <span class=\"em-card-field-value\">Varie selon l&#039;emplacement<\/span>\n                  <\/div>\n                                  <div class=\"em-card-field\">\n                    <span class=\"em-card-field-label\">Dur\u00e9e moyenne :<\/span>\n                    <span class=\"em-card-field-value\">1 \u00e0 2 jours<\/span>\n                  <\/div>\n                              <\/div>\n\n              <!-- Lien vers le d\u00e9tail -->\n              <div class=\"em-card-footer\">\n                <span>Voir le d\u00e9tail<\/span>\n                <svg fill=\"none\" viewBox=\"0 0 24 24\" stroke=\"currentColor\" stroke-width=\"2\"><path stroke-linecap=\"round\" stroke-linejoin=\"round\" d=\"M13.5 4.5L21 12m0 0l-7.5 7.5M21 12H3\"><\/path><\/svg>\n              <\/div>\n            <\/div>\n          <\/article>\n                  <article class=\"em-card\"\n            data-type=\"activity\"\n            data-features=\"\"\n            data-name=\"initiation \u00e0 la p\u00eache \u00e0 la mouche\"\n            data-json=\"{&quot;name&quot;:&quot;Initiation \\u00e0 la p\\u00eache \\u00e0 la mouche&quot;,&quot;image&quot;:&quot;&quot;,&quot;link&quot;:&quot;&quot;,&quot;data&quot;:{&quot;name&quot;:&quot;Initiation \\u00e0 la p\\u00eache \\u00e0 la mouche&quot;,&quot;type&quot;:&quot;Activit\\u00e9 p\\u00eache&quot;,&quot;place&quot;:&quot;rivi\\u00e8res de la r\\u00e9gion&quot;,&quot;distance_km&quot;:&quot;Varie selon l&#039;emplacement&quot;,&quot;duration&quot;:&quot;1 \\u00e0 2 jours&quot;,&quot;price&quot;:&quot;Variable selon le guide&quot;,&quot;booking_necessary&quot;:&quot;Oui&quot;,&quot;comment&quot;:&quot;Apprenez les techniques de p\\u00eache \\u00e0 la mouche.&quot;,&quot;link&quot;:&quot;&quot;,&quot;image&quot;:&quot;&quot;},&quot;category&quot;:&quot;Activit\\u00e9s et lieux recommand\\u00e9s&quot;}\">\n\n            <!-- Image + badge cat\u00e9gorie -->\n            <div class=\"em-card-img-wrap\">\n                              <div class=\"em-card-placeholder\">\ud83d\udcf7 Pas d'image<\/div>\n                            <span class=\"em-card-badge badge-activity\">Activit\u00e9s et lieux recommand\u00e9s<\/span>\n            <\/div>\n\n            <!-- Contenu de la card -->\n            <div class=\"em-card-body\">\n              <h3 class=\"em-card-title\">Initiation \u00e0 la p\u00eache \u00e0 la mouche<\/h3>\n\n              <!-- Tags r\u00e9sum\u00e9s (max 4) -->\n              <div class=\"em-card-tags\">\n                                    <span class=\"em-tag em-tag-green\">Variable selon le guide<\/span>\n                                    <span class=\"em-tag em-tag-blue\">rivi\u00e8res de la r\u00e9gion<\/span>\n                                              <\/div>\n\n              <!-- Champs suppl\u00e9mentaires (max 3) -->\n              <div class=\"em-card-fields\">\n                                  <div class=\"em-card-field\">\n                    <span class=\"em-card-field-label\">Type d\u2019\u00e9v\u00e9nement (march\u00e9, festival, sport, etc.) :<\/span>\n                    <span class=\"em-card-field-value\">Activit\u00e9 p\u00eache<\/span>\n                  <\/div>\n                                  <div class=\"em-card-field\">\n                    <span class=\"em-card-field-label\">Distance depuis le camping (km) :<\/span>\n                    <span class=\"em-card-field-value\">Varie selon l&#039;emplacement<\/span>\n                  <\/div>\n                                  <div class=\"em-card-field\">\n                    <span class=\"em-card-field-label\">Dur\u00e9e moyenne :<\/span>\n                    <span class=\"em-card-field-value\">1 \u00e0 2 jours<\/span>\n                  <\/div>\n                              <\/div>\n\n              <!-- Lien vers le d\u00e9tail -->\n              <div class=\"em-card-footer\">\n                <span>Voir le d\u00e9tail<\/span>\n                <svg fill=\"none\" viewBox=\"0 0 24 24\" stroke=\"currentColor\" stroke-width=\"2\"><path stroke-linecap=\"round\" stroke-linejoin=\"round\" d=\"M13.5 4.5L21 12m0 0l-7.5 7.5M21 12H3\"><\/path><\/svg>\n              <\/div>\n            <\/div>\n          <\/article>\n                  <article class=\"em-card\"\n            data-type=\"activity\"\n            data-features=\"\"\n            data-name=\"observation des papillons dans les r\u00e9serves naturelles\"\n            data-json=\"{&quot;name&quot;:&quot;Observation des papillons dans les r\\u00e9serves naturelles&quot;,&quot;image&quot;:&quot;&quot;,&quot;link&quot;:&quot;&quot;,&quot;data&quot;:{&quot;name&quot;:&quot;Observation des papillons dans les r\\u00e9serves naturelles&quot;,&quot;type&quot;:&quot;Activit\\u00e9 nature&quot;,&quot;place&quot;:&quot;R\\u00e9serves naturelles&quot;,&quot;distance_km&quot;:&quot;Varie selon l&#039;emplacement&quot;,&quot;duration&quot;:&quot;1 \\u00e0 2 heures&quot;,&quot;price&quot;:&quot;Gratuit ou payant selon la r\\u00e9serve&quot;,&quot;booking_necessary&quot;:&quot;Optionnel&quot;,&quot;comment&quot;:&quot;D\\u00e9couvrez la diversit\\u00e9 des papillons locaux.&quot;,&quot;link&quot;:&quot;&quot;,&quot;image&quot;:&quot;&quot;},&quot;category&quot;:&quot;Activit\\u00e9s et lieux recommand\\u00e9s&quot;}\">\n\n            <!-- Image + badge cat\u00e9gorie -->\n            <div class=\"em-card-img-wrap\">\n                              <div class=\"em-card-placeholder\">\ud83d\udcf7 Pas d'image<\/div>\n                            <span class=\"em-card-badge badge-activity\">Activit\u00e9s et lieux recommand\u00e9s<\/span>\n            <\/div>\n\n            <!-- Contenu de la card -->\n            <div class=\"em-card-body\">\n              <h3 class=\"em-card-title\">Observation des papillons dans les r\u00e9serves naturelles<\/h3>\n\n              <!-- Tags r\u00e9sum\u00e9s (max 4) -->\n              <div class=\"em-card-tags\">\n                                    <span class=\"em-tag em-tag-green\">Gratuit ou payant selon la r\u00e9serve<\/span>\n                                    <span class=\"em-tag em-tag-blue\">R\u00e9serves naturelles<\/span>\n                                              <\/div>\n\n              <!-- Champs suppl\u00e9mentaires (max 3) -->\n              <div class=\"em-card-fields\">\n                                  <div class=\"em-card-field\">\n                    <span class=\"em-card-field-label\">Type d\u2019\u00e9v\u00e9nement (march\u00e9, festival, sport, etc.) :<\/span>\n                    <span class=\"em-card-field-value\">Activit\u00e9 nature<\/span>\n                  <\/div>\n                                  <div class=\"em-card-field\">\n                    <span class=\"em-card-field-label\">Distance depuis le camping (km) :<\/span>\n                    <span class=\"em-card-field-value\">Varie selon l&#039;emplacement<\/span>\n                  <\/div>\n                                  <div class=\"em-card-field\">\n                    <span class=\"em-card-field-label\">Dur\u00e9e moyenne :<\/span>\n                    <span class=\"em-card-field-value\">1 \u00e0 2 heures<\/span>\n                  <\/div>\n                              <\/div>\n\n              <!-- Lien vers le d\u00e9tail -->\n              <div class=\"em-card-footer\">\n                <span>Voir le d\u00e9tail<\/span>\n                <svg fill=\"none\" viewBox=\"0 0 24 24\" stroke=\"currentColor\" stroke-width=\"2\"><path stroke-linecap=\"round\" stroke-linejoin=\"round\" d=\"M13.5 4.5L21 12m0 0l-7.5 7.5M21 12H3\"><\/path><\/svg>\n              <\/div>\n            <\/div>\n          <\/article>\n                  <article class=\"em-card\"\n            data-type=\"activity\"\n            data-features=\"\"\n            data-name=\"cours de boxe\"\n            data-json=\"{&quot;name&quot;:&quot;Cours de boxe&quot;,&quot;image&quot;:&quot;&quot;,&quot;link&quot;:&quot;&quot;,&quot;data&quot;:{&quot;name&quot;:&quot;Cours de boxe&quot;,&quot;type&quot;:&quot;Activit\\u00e9 sportive&quot;,&quot;place&quot;:&quot;around Saint-Paul-en-Born&quot;,&quot;distance_km&quot;:&quot;Varie selon l&#039;emplacement&quot;,&quot;duration&quot;:&quot;1 \\u00e0 2 heures&quot;,&quot;price&quot;:&quot;Variable selon le centre&quot;,&quot;booking_necessary&quot;:&quot;Oui&quot;,&quot;comment&quot;:&quot;Une activit\\u00e9 physique pour tous les niveaux.&quot;,&quot;link&quot;:&quot;&quot;,&quot;image&quot;:&quot;&quot;},&quot;category&quot;:&quot;Activit\\u00e9s et lieux recommand\\u00e9s&quot;}\">\n\n            <!-- Image + badge cat\u00e9gorie -->\n            <div class=\"em-card-img-wrap\">\n                              <div class=\"em-card-placeholder\">\ud83d\udcf7 Pas d'image<\/div>\n                            <span class=\"em-card-badge badge-activity\">Activit\u00e9s et lieux recommand\u00e9s<\/span>\n            <\/div>\n\n            <!-- Contenu de la card -->\n            <div class=\"em-card-body\">\n              <h3 class=\"em-card-title\">Cours de boxe<\/h3>\n\n              <!-- Tags r\u00e9sum\u00e9s (max 4) -->\n              <div class=\"em-card-tags\">\n                                    <span class=\"em-tag em-tag-green\">Variable selon le centre<\/span>\n                                    <span class=\"em-tag em-tag-blue\">around Saint-Paul-en-Born<\/span>\n                                              <\/div>\n\n              <!-- Champs suppl\u00e9mentaires (max 3) -->\n              <div class=\"em-card-fields\">\n                                  <div class=\"em-card-field\">\n                    <span class=\"em-card-field-label\">Type d\u2019\u00e9v\u00e9nement (march\u00e9, festival, sport, etc.) :<\/span>\n                    <span class=\"em-card-field-value\">Activit\u00e9 sportive<\/span>\n                  <\/div>\n                                  <div class=\"em-card-field\">\n                    <span class=\"em-card-field-label\">Distance depuis le camping (km) :<\/span>\n                    <span class=\"em-card-field-value\">Varie selon l&#039;emplacement<\/span>\n                  <\/div>\n                                  <div class=\"em-card-field\">\n                    <span class=\"em-card-field-label\">Dur\u00e9e moyenne :<\/span>\n                    <span class=\"em-card-field-value\">1 \u00e0 2 heures<\/span>\n                  <\/div>\n                              <\/div>\n\n              <!-- Lien vers le d\u00e9tail -->\n              <div class=\"em-card-footer\">\n                <span>Voir le d\u00e9tail<\/span>\n                <svg fill=\"none\" viewBox=\"0 0 24 24\" stroke=\"currentColor\" stroke-width=\"2\"><path stroke-linecap=\"round\" stroke-linejoin=\"round\" d=\"M13.5 4.5L21 12m0 0l-7.5 7.5M21 12H3\"><\/path><\/svg>\n              <\/div>\n            <\/div>\n          <\/article>\n                  <article class=\"em-card\"\n            data-type=\"activity\"\n            data-features=\"\"\n            data-name=\"excursion en v\u00e9lo \u00e9lectrique dans la for\u00eat landaise\"\n            data-json=\"{&quot;name&quot;:&quot;Excursion en v\\u00e9lo \\u00e9lectrique dans la for\\u00eat landaise&quot;,&quot;image&quot;:&quot;&quot;,&quot;link&quot;:&quot;&quot;,&quot;data&quot;:{&quot;name&quot;:&quot;Excursion en v\\u00e9lo \\u00e9lectrique dans la for\\u00eat landaise&quot;,&quot;type&quot;:&quot;Activit\\u00e9 cycliste&quot;,&quot;place&quot;:&quot;For\\u00eat landaise&quot;,&quot;distance_km&quot;:&quot;Varie selon l&#039;itin\\u00e9raire&quot;,&quot;duration&quot;:&quot;2 \\u00e0 4 heures&quot;,&quot;price&quot;:&quot;Payant&quot;,&quot;booking_necessary&quot;:&quot;Oui&quot;,&quot;comment&quot;:&quot;Une balade facile et \\u00e9cologique.&quot;,&quot;link&quot;:&quot;&quot;,&quot;image&quot;:&quot;&quot;},&quot;category&quot;:&quot;Activit\\u00e9s et lieux recommand\\u00e9s&quot;}\">\n\n            <!-- Image + badge cat\u00e9gorie -->\n            <div class=\"em-card-img-wrap\">\n                              <div class=\"em-card-placeholder\">\ud83d\udcf7 Pas d'image<\/div>\n                            <span class=\"em-card-badge badge-activity\">Activit\u00e9s et lieux recommand\u00e9s<\/span>\n            <\/div>\n\n            <!-- Contenu de la card -->\n            <div class=\"em-card-body\">\n              <h3 class=\"em-card-title\">Excursion en v\u00e9lo \u00e9lectrique dans la for\u00eat landaise<\/h3>\n\n              <!-- Tags r\u00e9sum\u00e9s (max 4) -->\n              <div class=\"em-card-tags\">\n                                    <span class=\"em-tag em-tag-green\">Payant<\/span>\n                                    <span class=\"em-tag em-tag-blue\">For\u00eat landaise<\/span>\n                                              <\/div>\n\n              <!-- Champs suppl\u00e9mentaires (max 3) -->\n              <div class=\"em-card-fields\">\n                                  <div class=\"em-card-field\">\n                    <span class=\"em-card-field-label\">Type d\u2019\u00e9v\u00e9nement (march\u00e9, festival, sport, etc.) :<\/span>\n                    <span class=\"em-card-field-value\">Activit\u00e9 cycliste<\/span>\n                  <\/div>\n                                  <div class=\"em-card-field\">\n                    <span class=\"em-card-field-label\">Distance depuis le camping (km) :<\/span>\n                    <span class=\"em-card-field-value\">Varie selon l&#039;itin\u00e9raire<\/span>\n                  <\/div>\n                                  <div class=\"em-card-field\">\n                    <span class=\"em-card-field-label\">Dur\u00e9e moyenne :<\/span>\n                    <span class=\"em-card-field-value\">2 \u00e0 4 heures<\/span>\n                  <\/div>\n                              <\/div>\n\n              <!-- Lien vers le d\u00e9tail -->\n              <div class=\"em-card-footer\">\n                <span>Voir le d\u00e9tail<\/span>\n                <svg fill=\"none\" viewBox=\"0 0 24 24\" stroke=\"currentColor\" stroke-width=\"2\"><path stroke-linecap=\"round\" stroke-linejoin=\"round\" d=\"M13.5 4.5L21 12m0 0l-7.5 7.5M21 12H3\"><\/path><\/svg>\n              <\/div>\n            <\/div>\n          <\/article>\n                  <article class=\"em-card\"\n            data-type=\"activity\"\n            data-features=\"\"\n            data-name=\"atelier de dessin en plein air\"\n            data-json=\"{&quot;name&quot;:&quot;Atelier de dessin en plein air&quot;,&quot;image&quot;:&quot;&quot;,&quot;link&quot;:&quot;&quot;,&quot;data&quot;:{&quot;name&quot;:&quot;Atelier de dessin en plein air&quot;,&quot;type&quot;:&quot;Atelier artistique&quot;,&quot;place&quot;:&quot;D\\u00e9couvrez des ateliers autour de Saint-Paul-en-Born&quot;,&quot;distance_km&quot;:&quot;Varie selon l&#039;emplacement&quot;,&quot;duration&quot;:&quot;1 \\u00e0 2 jours&quot;,&quot;price&quot;:&quot;Variable selon l&#039;atelier&quot;,&quot;booking_necessary&quot;:&quot;Oui&quot;,&quot;comment&quot;:&quot;Capturez la beaut\\u00e9 naturelle de la r\\u00e9gion.&quot;,&quot;link&quot;:&quot;&quot;,&quot;image&quot;:&quot;&quot;},&quot;category&quot;:&quot;Activit\\u00e9s et lieux recommand\\u00e9s&quot;}\">\n\n            <!-- Image + badge cat\u00e9gorie -->\n            <div class=\"em-card-img-wrap\">\n                              <div class=\"em-card-placeholder\">\ud83d\udcf7 Pas d'image<\/div>\n                            <span class=\"em-card-badge badge-activity\">Activit\u00e9s et lieux recommand\u00e9s<\/span>\n            <\/div>\n\n            <!-- Contenu de la card -->\n            <div class=\"em-card-body\">\n              <h3 class=\"em-card-title\">Atelier de dessin en plein air<\/h3>\n\n              <!-- Tags r\u00e9sum\u00e9s (max 4) -->\n              <div class=\"em-card-tags\">\n                                    <span class=\"em-tag em-tag-green\">Variable selon l&#039;atelier<\/span>\n                                    <span class=\"em-tag em-tag-blue\">D\u00e9couvrez des ateliers autour de Saint-Paul-en-Born<\/span>\n                                              <\/div>\n\n              <!-- Champs suppl\u00e9mentaires (max 3) -->\n              <div class=\"em-card-fields\">\n                                  <div class=\"em-card-field\">\n                    <span class=\"em-card-field-label\">Type d\u2019\u00e9v\u00e9nement (march\u00e9, festival, sport, etc.) :<\/span>\n                    <span class=\"em-card-field-value\">Atelier artistique<\/span>\n                  <\/div>\n                                  <div class=\"em-card-field\">\n                    <span class=\"em-card-field-label\">Distance depuis le camping (km) :<\/span>\n                    <span class=\"em-card-field-value\">Varie selon l&#039;emplacement<\/span>\n                  <\/div>\n                                  <div class=\"em-card-field\">\n                    <span class=\"em-card-field-label\">Dur\u00e9e moyenne :<\/span>\n                    <span class=\"em-card-field-value\">1 \u00e0 2 jours<\/span>\n                  <\/div>\n                              <\/div>\n\n              <!-- Lien vers le d\u00e9tail -->\n              <div class=\"em-card-footer\">\n                <span>Voir le d\u00e9tail<\/span>\n                <svg fill=\"none\" viewBox=\"0 0 24 24\" stroke=\"currentColor\" stroke-width=\"2\"><path stroke-linecap=\"round\" stroke-linejoin=\"round\" d=\"M13.5 4.5L21 12m0 0l-7.5 7.5M21 12H3\"><\/path><\/svg>\n              <\/div>\n            <\/div>\n          <\/article>\n                  <article class=\"em-card\"\n            data-type=\"activity\"\n            data-features=\"\"\n            data-name=\"d\u00e9couverte de la r\u00e9serve naturelle nationale des marais d&#039;orx\"\n            data-json=\"{&quot;name&quot;:&quot;D\\u00e9couverte de la r\\u00e9serve naturelle nationale des Marais d&#039;Orx&quot;,&quot;image&quot;:&quot;&quot;,&quot;link&quot;:&quot;https:\\\/\\\/www.landes-parc-naturel-regional.fr\\\/site-naturel\\\/reserve-naturelle-des-marais-dorx\\\/&quot;,&quot;data&quot;:{&quot;name&quot;:&quot;D\\u00e9couverte de la r\\u00e9serve naturelle nationale des Marais d&#039;Orx&quot;,&quot;type&quot;:&quot;visite nature&quot;,&quot;place&quot;:&quot;Marais d&#039;Orx (pr\\u00e8s Saint-Paul-en-Born)&quot;,&quot;distance_km&quot;:&quot;~25 km&quot;,&quot;duration&quot;:&quot;demi-journ\\u00e9e \\u00e0 journ\\u00e9e&quot;,&quot;price&quot;:&quot;Gratuit ou visites guid\\u00e9es payantes&quot;,&quot;booking_necessary&quot;:&quot;Fortement recommand\\u00e9 pour visites guid\\u00e9es&quot;,&quot;comment&quot;:&quot;R\\u00e9serve naturelle prot\\u00e9g\\u00e9e offrant un excellent site pour l\\u2019observation ornithologique et la d\\u00e9couverte de la faune et flore locales rares dans un cadre naturel pr\\u00e9serv\\u00e9.&quot;,&quot;link&quot;:&quot;https:\\\/\\\/www.landes-parc-naturel-regional.fr\\\/site-naturel\\\/reserve-naturelle-des-marais-dorx\\\/&quot;,&quot;image&quot;:&quot;&quot;},&quot;category&quot;:&quot;Activit\\u00e9s et lieux recommand\\u00e9s&quot;}\">\n\n            <!-- Image + badge cat\u00e9gorie -->\n            <div class=\"em-card-img-wrap\">\n                              <div class=\"em-card-placeholder\">\ud83d\udcf7 Pas d'image<\/div>\n                            <span class=\"em-card-badge badge-activity\">Activit\u00e9s et lieux recommand\u00e9s<\/span>\n            <\/div>\n\n            <!-- Contenu de la card -->\n            <div class=\"em-card-body\">\n              <h3 class=\"em-card-title\">D\u00e9couverte de la r\u00e9serve naturelle nationale des Marais d&#039;Orx<\/h3>\n\n              <!-- Tags r\u00e9sum\u00e9s (max 4) -->\n              <div class=\"em-card-tags\">\n                                    <span class=\"em-tag em-tag-green\">Gratuit ou visites guid\u00e9es payantes<\/span>\n                                    <span class=\"em-tag em-tag-blue\">Marais d&#039;Orx (pr\u00e8s Saint-Paul-en-Born)<\/span>\n                                              <\/div>\n\n              <!-- Champs suppl\u00e9mentaires (max 3) -->\n              <div class=\"em-card-fields\">\n                                  <div class=\"em-card-field\">\n                    <span class=\"em-card-field-label\">Type d\u2019\u00e9v\u00e9nement (march\u00e9, festival, sport, etc.) :<\/span>\n                    <span class=\"em-card-field-value\">visite nature<\/span>\n                  <\/div>\n                                  <div class=\"em-card-field\">\n                    <span class=\"em-card-field-label\">Distance depuis le camping (km) :<\/span>\n                    <span class=\"em-card-field-value\">~25 km<\/span>\n                  <\/div>\n                                  <div class=\"em-card-field\">\n                    <span class=\"em-card-field-label\">Dur\u00e9e moyenne :<\/span>\n                    <span class=\"em-card-field-value\">demi-journ\u00e9e \u00e0 journ\u00e9e<\/span>\n                  <\/div>\n                              <\/div>\n\n              <!-- Lien vers le d\u00e9tail -->\n              <div class=\"em-card-footer\">\n                <span>Voir le d\u00e9tail<\/span>\n                <svg fill=\"none\" viewBox=\"0 0 24 24\" stroke=\"currentColor\" stroke-width=\"2\"><path stroke-linecap=\"round\" stroke-linejoin=\"round\" d=\"M13.5 4.5L21 12m0 0l-7.5 7.5M21 12H3\"><\/path><\/svg>\n              <\/div>\n            <\/div>\n          <\/article>\n                  <article class=\"em-card\"\n            data-type=\"activity\"\n            data-features=\"\"\n            data-name=\"observation ornithologique aux marais\"\n            data-json=\"{&quot;name&quot;:&quot;Observation ornithologique aux marais&quot;,&quot;image&quot;:&quot;&quot;,&quot;link&quot;:&quot;https:\\\/\\\/www.saint-paul-en-born.fr\\\/Tourisme&quot;,&quot;data&quot;:{&quot;name&quot;:&quot;Observation ornithologique aux marais&quot;,&quot;type&quot;:&quot;activit\\u00e9 nature&quot;,&quot;place&quot;:&quot;Marais locaux autour de Saint-Paul-en-Born&quot;,&quot;distance_km&quot;:&quot;variable, proche&quot;,&quot;duration&quot;:&quot;variable&quot;,&quot;price&quot;:&quot;Gratuit ou payant selon activit\\u00e9 guid\\u00e9e&quot;,&quot;booking_necessary&quot;:&quot;Selon activit\\u00e9&quot;,&quot;comment&quot;:&quot;Observation des oiseaux dans les diff\\u00e9rentes zones humides class\\u00e9es autour de Saint-Paul-en-Born.&quot;,&quot;link&quot;:&quot;https:\\\/\\\/www.saint-paul-en-born.fr\\\/Tourisme&quot;,&quot;image&quot;:&quot;&quot;},&quot;category&quot;:&quot;Activit\\u00e9s et lieux recommand\\u00e9s&quot;}\">\n\n            <!-- Image + badge cat\u00e9gorie -->\n            <div class=\"em-card-img-wrap\">\n                              <div class=\"em-card-placeholder\">\ud83d\udcf7 Pas d'image<\/div>\n                            <span class=\"em-card-badge badge-activity\">Activit\u00e9s et lieux recommand\u00e9s<\/span>\n            <\/div>\n\n            <!-- Contenu de la card -->\n            <div class=\"em-card-body\">\n              <h3 class=\"em-card-title\">Observation ornithologique aux marais<\/h3>\n\n              <!-- Tags r\u00e9sum\u00e9s (max 4) -->\n              <div class=\"em-card-tags\">\n                                    <span class=\"em-tag em-tag-green\">Gratuit ou payant selon activit\u00e9 guid\u00e9e<\/span>\n                                    <span class=\"em-tag em-tag-blue\">Marais locaux autour de Saint-Paul-en-Born<\/span>\n                                              <\/div>\n\n              <!-- Champs suppl\u00e9mentaires (max 3) -->\n              <div class=\"em-card-fields\">\n                                  <div class=\"em-card-field\">\n                    <span class=\"em-card-field-label\">Type d\u2019\u00e9v\u00e9nement (march\u00e9, festival, sport, etc.) :<\/span>\n                    <span class=\"em-card-field-value\">activit\u00e9 nature<\/span>\n                  <\/div>\n                                  <div class=\"em-card-field\">\n                    <span class=\"em-card-field-label\">Distance depuis le camping (km) :<\/span>\n                    <span class=\"em-card-field-value\">variable, proche<\/span>\n                  <\/div>\n                                  <div class=\"em-card-field\">\n                    <span class=\"em-card-field-label\">Dur\u00e9e moyenne :<\/span>\n                    <span class=\"em-card-field-value\">variable<\/span>\n                  <\/div>\n                              <\/div>\n\n              <!-- Lien vers le d\u00e9tail -->\n              <div class=\"em-card-footer\">\n                <span>Voir le d\u00e9tail<\/span>\n                <svg fill=\"none\" viewBox=\"0 0 24 24\" stroke=\"currentColor\" stroke-width=\"2\"><path stroke-linecap=\"round\" stroke-linejoin=\"round\" d=\"M13.5 4.5L21 12m0 0l-7.5 7.5M21 12H3\"><\/path><\/svg>\n              <\/div>\n            <\/div>\n          <\/article>\n                  <article class=\"em-card\"\n            data-type=\"activity\"\n            data-features=\"\"\n            data-name=\"promenade et balade en paddle sur le lac d&#039;aureilhan\"\n            data-json=\"{&quot;name&quot;:&quot;Promenade et balade en paddle sur le Lac d&#039;Aureilhan&quot;,&quot;image&quot;:&quot;&quot;,&quot;link&quot;:&quot;https:\\\/\\\/www.saint-paul-en-born.fr\\\/Tourisme&quot;,&quot;data&quot;:{&quot;name&quot;:&quot;Promenade et balade en paddle sur le Lac d&#039;Aureilhan&quot;,&quot;type&quot;:&quot;activit\\u00e9 nautique&quot;,&quot;place&quot;:&quot;Lac d&#039;Aureilhan, proche Saint-Paul-en-Born&quot;,&quot;distance_km&quot;:&quot;~5 km&quot;,&quot;duration&quot;:&quot;1 \\u00e0 2 heures&quot;,&quot;price&quot;:&quot;20-30 \\u20ac location&quot;,&quot;booking_necessary&quot;:&quot;Conseill\\u00e9&quot;,&quot;comment&quot;:&quot;Balade sur eau calme, id\\u00e9ale pour tout niveau, avec location de paddle possible au lac.&quot;,&quot;link&quot;:&quot;https:\\\/\\\/www.saint-paul-en-born.fr\\\/Tourisme&quot;,&quot;image&quot;:&quot;&quot;},&quot;category&quot;:&quot;Activit\\u00e9s et lieux recommand\\u00e9s&quot;}\">\n\n            <!-- Image + badge cat\u00e9gorie -->\n            <div class=\"em-card-img-wrap\">\n                              <div class=\"em-card-placeholder\">\ud83d\udcf7 Pas d'image<\/div>\n                            <span class=\"em-card-badge badge-activity\">Activit\u00e9s et lieux recommand\u00e9s<\/span>\n            <\/div>\n\n            <!-- Contenu de la card -->\n            <div class=\"em-card-body\">\n              <h3 class=\"em-card-title\">Promenade et balade en paddle sur le Lac d&#039;Aureilhan<\/h3>\n\n              <!-- Tags r\u00e9sum\u00e9s (max 4) -->\n              <div class=\"em-card-tags\">\n                                    <span class=\"em-tag em-tag-green\">20-30 \u20ac location<\/span>\n                                    <span class=\"em-tag em-tag-blue\">Lac d&#039;Aureilhan, proche Saint-Paul-en-Born<\/span>\n                                              <\/div>\n\n              <!-- Champs suppl\u00e9mentaires (max 3) -->\n              <div class=\"em-card-fields\">\n                                  <div class=\"em-card-field\">\n                    <span class=\"em-card-field-label\">Type d\u2019\u00e9v\u00e9nement (march\u00e9, festival, sport, etc.) :<\/span>\n                    <span class=\"em-card-field-value\">activit\u00e9 nautique<\/span>\n                  <\/div>\n                                  <div class=\"em-card-field\">\n                    <span class=\"em-card-field-label\">Distance depuis le camping (km) :<\/span>\n                    <span class=\"em-card-field-value\">~5 km<\/span>\n                  <\/div>\n                                  <div class=\"em-card-field\">\n                    <span class=\"em-card-field-label\">Dur\u00e9e moyenne :<\/span>\n                    <span class=\"em-card-field-value\">1 \u00e0 2 heures<\/span>\n                  <\/div>\n                              <\/div>\n\n              <!-- Lien vers le d\u00e9tail -->\n              <div class=\"em-card-footer\">\n                <span>Voir le d\u00e9tail<\/span>\n                <svg fill=\"none\" viewBox=\"0 0 24 24\" stroke=\"currentColor\" stroke-width=\"2\"><path stroke-linecap=\"round\" stroke-linejoin=\"round\" d=\"M13.5 4.5L21 12m0 0l-7.5 7.5M21 12H3\"><\/path><\/svg>\n              <\/div>\n            <\/div>\n          <\/article>\n                  <article class=\"em-card\"\n            data-type=\"activity\"\n            data-features=\"\"\n            data-name=\"visite du ch\u00e2teau de gaujacq\"\n            data-json=\"{&quot;name&quot;:&quot;Visite du Ch\\u00e2teau de Gaujacq&quot;,&quot;image&quot;:&quot;&quot;,&quot;link&quot;:&quot;https:\\\/\\\/www.chateau-gaujacq.fr\\\/&quot;,&quot;data&quot;:{&quot;name&quot;:&quot;Visite du Ch\\u00e2teau de Gaujacq&quot;,&quot;type&quot;:&quot;visite culturelle&quot;,&quot;place&quot;:&quot;Gaujacq, Landes&quot;,&quot;distance_km&quot;:&quot;~40 km&quot;,&quot;duration&quot;:&quot;1 \\u00e0 2 heures&quot;,&quot;price&quot;:&quot;8-12 \\u20ac&quot;,&quot;booking_necessary&quot;:&quot;Recommand\\u00e9e en saison&quot;,&quot;comment&quot;:&quot;Ch\\u00e2teau historique avec expositions sur l&#039;histoire locale, jardins et animations culturelles.&quot;,&quot;link&quot;:&quot;https:\\\/\\\/www.chateau-gaujacq.fr\\\/&quot;,&quot;image&quot;:&quot;&quot;},&quot;category&quot;:&quot;Activit\\u00e9s et lieux recommand\\u00e9s&quot;}\">\n\n            <!-- Image + badge cat\u00e9gorie -->\n            <div class=\"em-card-img-wrap\">\n                              <div class=\"em-card-placeholder\">\ud83d\udcf7 Pas d'image<\/div>\n                            <span class=\"em-card-badge badge-activity\">Activit\u00e9s et lieux recommand\u00e9s<\/span>\n            <\/div>\n\n            <!-- Contenu de la card -->\n            <div class=\"em-card-body\">\n              <h3 class=\"em-card-title\">Visite du Ch\u00e2teau de Gaujacq<\/h3>\n\n              <!-- Tags r\u00e9sum\u00e9s (max 4) -->\n              <div class=\"em-card-tags\">\n                                    <span class=\"em-tag em-tag-green\">8-12 \u20ac<\/span>\n                                    <span class=\"em-tag em-tag-blue\">Gaujacq, Landes<\/span>\n                                              <\/div>\n\n              <!-- Champs suppl\u00e9mentaires (max 3) -->\n              <div class=\"em-card-fields\">\n                                  <div class=\"em-card-field\">\n                    <span class=\"em-card-field-label\">Type d\u2019\u00e9v\u00e9nement (march\u00e9, festival, sport, etc.) :<\/span>\n                    <span class=\"em-card-field-value\">visite culturelle<\/span>\n                  <\/div>\n                                  <div class=\"em-card-field\">\n                    <span class=\"em-card-field-label\">Distance depuis le camping (km) :<\/span>\n                    <span class=\"em-card-field-value\">~40 km<\/span>\n                  <\/div>\n                                  <div class=\"em-card-field\">\n                    <span class=\"em-card-field-label\">Dur\u00e9e moyenne :<\/span>\n                    <span class=\"em-card-field-value\">1 \u00e0 2 heures<\/span>\n                  <\/div>\n                              <\/div>\n\n              <!-- Lien vers le d\u00e9tail -->\n              <div class=\"em-card-footer\">\n                <span>Voir le d\u00e9tail<\/span>\n                <svg fill=\"none\" viewBox=\"0 0 24 24\" stroke=\"currentColor\" stroke-width=\"2\"><path stroke-linecap=\"round\" stroke-linejoin=\"round\" d=\"M13.5 4.5L21 12m0 0l-7.5 7.5M21 12H3\"><\/path><\/svg>\n              <\/div>\n            <\/div>\n          <\/article>\n                  <article class=\"em-card\"\n            data-type=\"activity\"\n            data-features=\"\"\n            data-name=\"jeux de piste en for\u00eat landaise\"\n            data-json=\"{&quot;name&quot;:&quot;Jeux de piste en for\\u00eat landaise&quot;,&quot;image&quot;:&quot;&quot;,&quot;link&quot;:&quot;https:\\\/\\\/www.foret-landes-tourisme.fr&quot;,&quot;data&quot;:{&quot;name&quot;:&quot;Jeux de piste en for\\u00eat landaise&quot;,&quot;type&quot;:&quot;activit\\u00e9 ludique en nature&quot;,&quot;place&quot;:&quot;For\\u00eat landaise autour de Saint-Paul-en-Born&quot;,&quot;distance_km&quot;:&quot;variable&quot;,&quot;duration&quot;:&quot;1 \\u00e0 3 heures&quot;,&quot;price&quot;:&quot;Selon organisation&quot;,&quot;booking_necessary&quot;:&quot;Souvent oui&quot;,&quot;comment&quot;:&quot;Activit\\u00e9 ludique combinant randonn\\u00e9e et \\u00e9nigmes pour d\\u00e9couvrir la for\\u00eat et ses secrets.&quot;,&quot;link&quot;:&quot;https:\\\/\\\/www.foret-landes-tourisme.fr&quot;,&quot;image&quot;:&quot;&quot;},&quot;category&quot;:&quot;Activit\\u00e9s et lieux recommand\\u00e9s&quot;}\">\n\n            <!-- Image + badge cat\u00e9gorie -->\n            <div class=\"em-card-img-wrap\">\n                              <div class=\"em-card-placeholder\">\ud83d\udcf7 Pas d'image<\/div>\n                            <span class=\"em-card-badge badge-activity\">Activit\u00e9s et lieux recommand\u00e9s<\/span>\n            <\/div>\n\n            <!-- Contenu de la card -->\n            <div class=\"em-card-body\">\n              <h3 class=\"em-card-title\">Jeux de piste en for\u00eat landaise<\/h3>\n\n              <!-- Tags r\u00e9sum\u00e9s (max 4) -->\n              <div class=\"em-card-tags\">\n                                    <span class=\"em-tag em-tag-green\">Selon organisation<\/span>\n                                    <span class=\"em-tag em-tag-blue\">For\u00eat landaise autour de Saint-Paul-en-Born<\/span>\n                                              <\/div>\n\n              <!-- Champs suppl\u00e9mentaires (max 3) -->\n              <div class=\"em-card-fields\">\n                                  <div class=\"em-card-field\">\n                    <span class=\"em-card-field-label\">Type d\u2019\u00e9v\u00e9nement (march\u00e9, festival, sport, etc.) :<\/span>\n                    <span class=\"em-card-field-value\">activit\u00e9 ludique en nature<\/span>\n                  <\/div>\n                                  <div class=\"em-card-field\">\n                    <span class=\"em-card-field-label\">Distance depuis le camping (km) :<\/span>\n                    <span class=\"em-card-field-value\">variable<\/span>\n                  <\/div>\n                                  <div class=\"em-card-field\">\n                    <span class=\"em-card-field-label\">Dur\u00e9e moyenne :<\/span>\n                    <span class=\"em-card-field-value\">1 \u00e0 3 heures<\/span>\n                  <\/div>\n                              <\/div>\n\n              <!-- Lien vers le d\u00e9tail -->\n              <div class=\"em-card-footer\">\n                <span>Voir le d\u00e9tail<\/span>\n                <svg fill=\"none\" viewBox=\"0 0 24 24\" stroke=\"currentColor\" stroke-width=\"2\"><path stroke-linecap=\"round\" stroke-linejoin=\"round\" d=\"M13.5 4.5L21 12m0 0l-7.5 7.5M21 12H3\"><\/path><\/svg>\n              <\/div>\n            <\/div>\n          <\/article>\n                  <article class=\"em-card\"\n            data-type=\"activity\"\n            data-features=\"\"\n            data-name=\"atelier de d\u00e9couverte d&#039;apiculture\"\n            data-json=\"{&quot;name&quot;:&quot;Atelier de d\\u00e9couverte d&#039;apiculture&quot;,&quot;image&quot;:&quot;&quot;,&quot;link&quot;:&quot;https:\\\/\\\/www.apiculteur-landes.fr&quot;,&quot;data&quot;:{&quot;name&quot;:&quot;Atelier de d\\u00e9couverte d&#039;apiculture&quot;,&quot;type&quot;:&quot;atelier d\\u00e9couverte&quot;,&quot;place&quot;:&quot;Proche Saint-Paul-en-Born&quot;,&quot;distance_km&quot;:&quot;variable&quot;,&quot;duration&quot;:&quot;1-2 heures&quot;,&quot;price&quot;:&quot;Variable&quot;,&quot;booking_necessary&quot;:&quot;Oui&quot;,&quot;comment&quot;:&quot;Initiation \\u00e0 l&#039;apiculture avec d\\u00e9couverte de la vie des abeilles et d\\u00e9gustation de miel local.&quot;,&quot;link&quot;:&quot;https:\\\/\\\/www.apiculteur-landes.fr&quot;,&quot;image&quot;:&quot;&quot;},&quot;category&quot;:&quot;Activit\\u00e9s et lieux recommand\\u00e9s&quot;}\">\n\n            <!-- Image + badge cat\u00e9gorie -->\n            <div class=\"em-card-img-wrap\">\n                              <div class=\"em-card-placeholder\">\ud83d\udcf7 Pas d'image<\/div>\n                            <span class=\"em-card-badge badge-activity\">Activit\u00e9s et lieux recommand\u00e9s<\/span>\n            <\/div>\n\n            <!-- Contenu de la card -->\n            <div class=\"em-card-body\">\n              <h3 class=\"em-card-title\">Atelier de d\u00e9couverte d&#039;apiculture<\/h3>\n\n              <!-- Tags r\u00e9sum\u00e9s (max 4) -->\n              <div class=\"em-card-tags\">\n                                    <span class=\"em-tag em-tag-green\">Variable<\/span>\n                                    <span class=\"em-tag em-tag-blue\">Proche Saint-Paul-en-Born<\/span>\n                                              <\/div>\n\n              <!-- Champs suppl\u00e9mentaires (max 3) -->\n              <div class=\"em-card-fields\">\n                                  <div class=\"em-card-field\">\n                    <span class=\"em-card-field-label\">Type d\u2019\u00e9v\u00e9nement (march\u00e9, festival, sport, etc.) :<\/span>\n                    <span class=\"em-card-field-value\">atelier d\u00e9couverte<\/span>\n                  <\/div>\n                                  <div class=\"em-card-field\">\n                    <span class=\"em-card-field-label\">Distance depuis le camping (km) :<\/span>\n                    <span class=\"em-card-field-value\">variable<\/span>\n                  <\/div>\n                                  <div class=\"em-card-field\">\n                    <span class=\"em-card-field-label\">Dur\u00e9e moyenne :<\/span>\n                    <span class=\"em-card-field-value\">1-2 heures<\/span>\n                  <\/div>\n                              <\/div>\n\n              <!-- Lien vers le d\u00e9tail -->\n              <div class=\"em-card-footer\">\n                <span>Voir le d\u00e9tail<\/span>\n                <svg fill=\"none\" viewBox=\"0 0 24 24\" stroke=\"currentColor\" stroke-width=\"2\"><path stroke-linecap=\"round\" stroke-linejoin=\"round\" d=\"M13.5 4.5L21 12m0 0l-7.5 7.5M21 12H3\"><\/path><\/svg>\n              <\/div>\n            <\/div>\n          <\/article>\n                  <article class=\"em-card\"\n            data-type=\"activity\"\n            data-features=\"\"\n            data-name=\"balade fat bike en for\u00eat landaise\"\n            data-json=\"{&quot;name&quot;:&quot;Balade fat bike en for\\u00eat landaise&quot;,&quot;image&quot;:&quot;&quot;,&quot;link&quot;:&quot;https:\\\/\\\/www.saint-paul-en-born.fr\\\/Tourisme&quot;,&quot;data&quot;:{&quot;name&quot;:&quot;Balade fat bike en for\\u00eat landaise&quot;,&quot;type&quot;:&quot;sport nature&quot;,&quot;place&quot;:&quot;For\\u00eat landaise pr\\u00e8s de Saint-Paul-en-Born&quot;,&quot;distance_km&quot;:&quot;variable&quot;,&quot;duration&quot;:&quot;1-3 heures&quot;,&quot;price&quot;:&quot;30-50 \\u20ac la location&quot;,&quot;booking_necessary&quot;:&quot;Conseill\\u00e9&quot;,&quot;comment&quot;:&quot;Parcours en v\\u00e9lo tout terrain \\u00e9lectrique adapt\\u00e9 aux sentiers forestiers.&quot;,&quot;link&quot;:&quot;https:\\\/\\\/www.saint-paul-en-born.fr\\\/Tourisme&quot;,&quot;image&quot;:&quot;&quot;},&quot;category&quot;:&quot;Activit\\u00e9s et lieux recommand\\u00e9s&quot;}\">\n\n            <!-- Image + badge cat\u00e9gorie -->\n            <div class=\"em-card-img-wrap\">\n                              <div class=\"em-card-placeholder\">\ud83d\udcf7 Pas d'image<\/div>\n                            <span class=\"em-card-badge badge-activity\">Activit\u00e9s et lieux recommand\u00e9s<\/span>\n            <\/div>\n\n            <!-- Contenu de la card -->\n            <div class=\"em-card-body\">\n              <h3 class=\"em-card-title\">Balade fat bike en for\u00eat landaise<\/h3>\n\n              <!-- Tags r\u00e9sum\u00e9s (max 4) -->\n              <div class=\"em-card-tags\">\n                                    <span class=\"em-tag em-tag-green\">30-50 \u20ac la location<\/span>\n                                    <span class=\"em-tag em-tag-blue\">For\u00eat landaise pr\u00e8s de Saint-Paul-en-Born<\/span>\n                                              <\/div>\n\n              <!-- Champs suppl\u00e9mentaires (max 3) -->\n              <div class=\"em-card-fields\">\n                                  <div class=\"em-card-field\">\n                    <span class=\"em-card-field-label\">Type d\u2019\u00e9v\u00e9nement (march\u00e9, festival, sport, etc.) :<\/span>\n                    <span class=\"em-card-field-value\">sport nature<\/span>\n                  <\/div>\n                                  <div class=\"em-card-field\">\n                    <span class=\"em-card-field-label\">Distance depuis le camping (km) :<\/span>\n                    <span class=\"em-card-field-value\">variable<\/span>\n                  <\/div>\n                                  <div class=\"em-card-field\">\n                    <span class=\"em-card-field-label\">Dur\u00e9e moyenne :<\/span>\n                    <span class=\"em-card-field-value\">1-3 heures<\/span>\n                  <\/div>\n                              <\/div>\n\n              <!-- Lien vers le d\u00e9tail -->\n              <div class=\"em-card-footer\">\n                <span>Voir le d\u00e9tail<\/span>\n                <svg fill=\"none\" viewBox=\"0 0 24 24\" stroke=\"currentColor\" stroke-width=\"2\"><path stroke-linecap=\"round\" stroke-linejoin=\"round\" d=\"M13.5 4.5L21 12m0 0l-7.5 7.5M21 12H3\"><\/path><\/svg>\n              <\/div>\n            <\/div>\n          <\/article>\n                  <article class=\"em-card\"\n            data-type=\"activity\"\n            data-features=\"\"\n            data-name=\"atelier de fabrication de produits artisanaux landais\"\n            data-json=\"{&quot;name&quot;:&quot;Atelier de fabrication de produits artisanaux landais&quot;,&quot;image&quot;:&quot;&quot;,&quot;link&quot;:&quot;https:\\\/\\\/www.landesculture.fr&quot;,&quot;data&quot;:{&quot;name&quot;:&quot;Atelier de fabrication de produits artisanaux landais&quot;,&quot;type&quot;:&quot;atelier artisanal&quot;,&quot;place&quot;:&quot;Saint-Paul-en-Born ou environs&quot;,&quot;distance_km&quot;:&quot;variable&quot;,&quot;duration&quot;:&quot;2-3 heures&quot;,&quot;price&quot;:&quot;Variable selon atelier&quot;,&quot;booking_necessary&quot;:&quot;Oui&quot;,&quot;comment&quot;:&quot;D\\u00e9couverte et apprentissage des savoir-faire locaux : poterie, couture, tricot, etc.&quot;,&quot;link&quot;:&quot;https:\\\/\\\/www.landesculture.fr&quot;,&quot;image&quot;:&quot;&quot;},&quot;category&quot;:&quot;Activit\\u00e9s et lieux recommand\\u00e9s&quot;}\">\n\n            <!-- Image + badge cat\u00e9gorie -->\n            <div class=\"em-card-img-wrap\">\n                              <div class=\"em-card-placeholder\">\ud83d\udcf7 Pas d'image<\/div>\n                            <span class=\"em-card-badge badge-activity\">Activit\u00e9s et lieux recommand\u00e9s<\/span>\n            <\/div>\n\n            <!-- Contenu de la card -->\n            <div class=\"em-card-body\">\n              <h3 class=\"em-card-title\">Atelier de fabrication de produits artisanaux landais<\/h3>\n\n              <!-- Tags r\u00e9sum\u00e9s (max 4) -->\n              <div class=\"em-card-tags\">\n                                    <span class=\"em-tag em-tag-green\">Variable selon atelier<\/span>\n                                    <span class=\"em-tag em-tag-blue\">Saint-Paul-en-Born ou environs<\/span>\n                                              <\/div>\n\n              <!-- Champs suppl\u00e9mentaires (max 3) -->\n              <div class=\"em-card-fields\">\n                                  <div class=\"em-card-field\">\n                    <span class=\"em-card-field-label\">Type d\u2019\u00e9v\u00e9nement (march\u00e9, festival, sport, etc.) :<\/span>\n                    <span class=\"em-card-field-value\">atelier artisanal<\/span>\n                  <\/div>\n                                  <div class=\"em-card-field\">\n                    <span class=\"em-card-field-label\">Distance depuis le camping (km) :<\/span>\n                    <span class=\"em-card-field-value\">variable<\/span>\n                  <\/div>\n                                  <div class=\"em-card-field\">\n                    <span class=\"em-card-field-label\">Dur\u00e9e moyenne :<\/span>\n                    <span class=\"em-card-field-value\">2-3 heures<\/span>\n                  <\/div>\n                              <\/div>\n\n              <!-- Lien vers le d\u00e9tail -->\n              <div class=\"em-card-footer\">\n                <span>Voir le d\u00e9tail<\/span>\n                <svg fill=\"none\" viewBox=\"0 0 24 24\" stroke=\"currentColor\" stroke-width=\"2\"><path stroke-linecap=\"round\" stroke-linejoin=\"round\" d=\"M13.5 4.5L21 12m0 0l-7.5 7.5M21 12H3\"><\/path><\/svg>\n              <\/div>\n            <\/div>\n          <\/article>\n                  <article class=\"em-card\"\n            data-type=\"activity\"\n            data-features=\"\"\n            data-name=\"cours de danse folklorique landaise\"\n            data-json=\"{&quot;name&quot;:&quot;Cours de danse folklorique landaise&quot;,&quot;image&quot;:&quot;&quot;,&quot;link&quot;:&quot;https:\\\/\\\/www.landesdanse.fr&quot;,&quot;data&quot;:{&quot;name&quot;:&quot;Cours de danse folklorique landaise&quot;,&quot;type&quot;:&quot;cours culturel&quot;,&quot;place&quot;:&quot;Saint-Paul-en-Born ou proches communes&quot;,&quot;distance_km&quot;:&quot;variable&quot;,&quot;duration&quot;:&quot;1 \\u00e0 2 heures&quot;,&quot;price&quot;:&quot;Variable&quot;,&quot;booking_necessary&quot;:&quot;Oui&quot;,&quot;comment&quot;:&quot;Initiation aux danses traditionnelles du Sud-Ouest dans un cadre convivial.&quot;,&quot;link&quot;:&quot;https:\\\/\\\/www.landesdanse.fr&quot;,&quot;image&quot;:&quot;&quot;},&quot;category&quot;:&quot;Activit\\u00e9s et lieux recommand\\u00e9s&quot;}\">\n\n            <!-- Image + badge cat\u00e9gorie -->\n            <div class=\"em-card-img-wrap\">\n                              <div class=\"em-card-placeholder\">\ud83d\udcf7 Pas d'image<\/div>\n                            <span class=\"em-card-badge badge-activity\">Activit\u00e9s et lieux recommand\u00e9s<\/span>\n            <\/div>\n\n            <!-- Contenu de la card -->\n            <div class=\"em-card-body\">\n              <h3 class=\"em-card-title\">Cours de danse folklorique landaise<\/h3>\n\n              <!-- Tags r\u00e9sum\u00e9s (max 4) -->\n              <div class=\"em-card-tags\">\n                                    <span class=\"em-tag em-tag-green\">Variable<\/span>\n                                    <span class=\"em-tag em-tag-blue\">Saint-Paul-en-Born ou proches communes<\/span>\n                                              <\/div>\n\n              <!-- Champs suppl\u00e9mentaires (max 3) -->\n              <div class=\"em-card-fields\">\n                                  <div class=\"em-card-field\">\n                    <span class=\"em-card-field-label\">Type d\u2019\u00e9v\u00e9nement (march\u00e9, festival, sport, etc.) :<\/span>\n                    <span class=\"em-card-field-value\">cours culturel<\/span>\n                  <\/div>\n                                  <div class=\"em-card-field\">\n                    <span class=\"em-card-field-label\">Distance depuis le camping (km) :<\/span>\n                    <span class=\"em-card-field-value\">variable<\/span>\n                  <\/div>\n                                  <div class=\"em-card-field\">\n                    <span class=\"em-card-field-label\">Dur\u00e9e moyenne :<\/span>\n                    <span class=\"em-card-field-value\">1 \u00e0 2 heures<\/span>\n                  <\/div>\n                              <\/div>\n\n              <!-- Lien vers le d\u00e9tail -->\n              <div class=\"em-card-footer\">\n                <span>Voir le d\u00e9tail<\/span>\n                <svg fill=\"none\" viewBox=\"0 0 24 24\" stroke=\"currentColor\" stroke-width=\"2\"><path stroke-linecap=\"round\" stroke-linejoin=\"round\" d=\"M13.5 4.5L21 12m0 0l-7.5 7.5M21 12H3\"><\/path><\/svg>\n              <\/div>\n            <\/div>\n          <\/article>\n                  <article class=\"em-card\"\n            data-type=\"activity\"\n            data-features=\"\"\n            data-name=\"balade en chiens de tra\u00eeneaux d&#039;\u00e9t\u00e9\"\n            data-json=\"{&quot;name&quot;:&quot;Balade en chiens de tra\\u00eeneaux d&#039;\\u00e9t\\u00e9&quot;,&quot;image&quot;:&quot;&quot;,&quot;link&quot;:&quot;https:\\\/\\\/www.landes-tourisme.com&quot;,&quot;data&quot;:{&quot;name&quot;:&quot;Balade en chiens de tra\\u00eeneaux d&#039;\\u00e9t\\u00e9&quot;,&quot;type&quot;:&quot;activit\\u00e9 sportive et d\\u00e9couverte&quot;,&quot;place&quot;:&quot;Proche Saint-Paul-en-Born&quot;,&quot;distance_km&quot;:&quot;variable&quot;,&quot;duration&quot;:&quot;1 \\u00e0 2 heures&quot;,&quot;price&quot;:&quot;30-60 \\u20ac&quot;,&quot;booking_necessary&quot;:&quot;Oui&quot;,&quot;comment&quot;:&quot;Exp\\u00e9rience insolite de conduite d\\u2019attelage avec chiens de tra\\u00eeneaux sur terrain sec ou sable.&quot;,&quot;link&quot;:&quot;https:\\\/\\\/www.landes-tourisme.com&quot;,&quot;image&quot;:&quot;&quot;},&quot;category&quot;:&quot;Activit\\u00e9s et lieux recommand\\u00e9s&quot;}\">\n\n            <!-- Image + badge cat\u00e9gorie -->\n            <div class=\"em-card-img-wrap\">\n                              <div class=\"em-card-placeholder\">\ud83d\udcf7 Pas d'image<\/div>\n                            <span class=\"em-card-badge badge-activity\">Activit\u00e9s et lieux recommand\u00e9s<\/span>\n            <\/div>\n\n            <!-- Contenu de la card -->\n            <div class=\"em-card-body\">\n              <h3 class=\"em-card-title\">Balade en chiens de tra\u00eeneaux d&#039;\u00e9t\u00e9<\/h3>\n\n              <!-- Tags r\u00e9sum\u00e9s (max 4) -->\n              <div class=\"em-card-tags\">\n                                    <span class=\"em-tag em-tag-green\">30-60 \u20ac<\/span>\n                                    <span class=\"em-tag em-tag-blue\">Proche Saint-Paul-en-Born<\/span>\n                                              <\/div>\n\n              <!-- Champs suppl\u00e9mentaires (max 3) -->\n              <div class=\"em-card-fields\">\n                                  <div class=\"em-card-field\">\n                    <span class=\"em-card-field-label\">Type d\u2019\u00e9v\u00e9nement (march\u00e9, festival, sport, etc.) :<\/span>\n                    <span class=\"em-card-field-value\">activit\u00e9 sportive et d\u00e9couverte<\/span>\n                  <\/div>\n                                  <div class=\"em-card-field\">\n                    <span class=\"em-card-field-label\">Distance depuis le camping (km) :<\/span>\n                    <span class=\"em-card-field-value\">variable<\/span>\n                  <\/div>\n                                  <div class=\"em-card-field\">\n                    <span class=\"em-card-field-label\">Dur\u00e9e moyenne :<\/span>\n                    <span class=\"em-card-field-value\">1 \u00e0 2 heures<\/span>\n                  <\/div>\n                              <\/div>\n\n              <!-- Lien vers le d\u00e9tail -->\n              <div class=\"em-card-footer\">\n                <span>Voir le d\u00e9tail<\/span>\n                <svg fill=\"none\" viewBox=\"0 0 24 24\" stroke=\"currentColor\" stroke-width=\"2\"><path stroke-linecap=\"round\" stroke-linejoin=\"round\" d=\"M13.5 4.5L21 12m0 0l-7.5 7.5M21 12H3\"><\/path><\/svg>\n              <\/div>\n            <\/div>\n          <\/article>\n                  <article class=\"em-card\"\n            data-type=\"activity\"\n            data-features=\"\"\n            data-name=\"atelier de poterie artisanale\"\n            data-json=\"{&quot;name&quot;:&quot;Atelier de poterie artisanale&quot;,&quot;image&quot;:&quot;&quot;,&quot;link&quot;:&quot;https:\\\/\\\/www.poterielandes.fr&quot;,&quot;data&quot;:{&quot;name&quot;:&quot;Atelier de poterie artisanale&quot;,&quot;type&quot;:&quot;atelier artistique&quot;,&quot;place&quot;:&quot;Saint-Paul-en-Born ou communes proches&quot;,&quot;distance_km&quot;:&quot;variable&quot;,&quot;duration&quot;:&quot;2-3 heures&quot;,&quot;price&quot;:&quot;30-50 \\u20ac&quot;,&quot;booking_necessary&quot;:&quot;Oui&quot;,&quot;comment&quot;:&quot;Cr\\u00e9ation d\\u2019objets en argile avec un artisan local, adapt\\u00e9 \\u00e0 tous les \\u00e2ges.&quot;,&quot;link&quot;:&quot;https:\\\/\\\/www.poterielandes.fr&quot;,&quot;image&quot;:&quot;&quot;},&quot;category&quot;:&quot;Activit\\u00e9s et lieux recommand\\u00e9s&quot;}\">\n\n            <!-- Image + badge cat\u00e9gorie -->\n            <div class=\"em-card-img-wrap\">\n                              <div class=\"em-card-placeholder\">\ud83d\udcf7 Pas d'image<\/div>\n                            <span class=\"em-card-badge badge-activity\">Activit\u00e9s et lieux recommand\u00e9s<\/span>\n            <\/div>\n\n            <!-- Contenu de la card -->\n            <div class=\"em-card-body\">\n              <h3 class=\"em-card-title\">Atelier de poterie artisanale<\/h3>\n\n              <!-- Tags r\u00e9sum\u00e9s (max 4) -->\n              <div class=\"em-card-tags\">\n                                    <span class=\"em-tag em-tag-green\">30-50 \u20ac<\/span>\n                                    <span class=\"em-tag em-tag-blue\">Saint-Paul-en-Born ou communes proches<\/span>\n                                              <\/div>\n\n              <!-- Champs suppl\u00e9mentaires (max 3) -->\n              <div class=\"em-card-fields\">\n                                  <div class=\"em-card-field\">\n                    <span class=\"em-card-field-label\">Type d\u2019\u00e9v\u00e9nement (march\u00e9, festival, sport, etc.) :<\/span>\n                    <span class=\"em-card-field-value\">atelier artistique<\/span>\n                  <\/div>\n                                  <div class=\"em-card-field\">\n                    <span class=\"em-card-field-label\">Distance depuis le camping (km) :<\/span>\n                    <span class=\"em-card-field-value\">variable<\/span>\n                  <\/div>\n                                  <div class=\"em-card-field\">\n                    <span class=\"em-card-field-label\">Dur\u00e9e moyenne :<\/span>\n                    <span class=\"em-card-field-value\">2-3 heures<\/span>\n                  <\/div>\n                              <\/div>\n\n              <!-- Lien vers le d\u00e9tail -->\n              <div class=\"em-card-footer\">\n                <span>Voir le d\u00e9tail<\/span>\n                <svg fill=\"none\" viewBox=\"0 0 24 24\" stroke=\"currentColor\" stroke-width=\"2\"><path stroke-linecap=\"round\" stroke-linejoin=\"round\" d=\"M13.5 4.5L21 12m0 0l-7.5 7.5M21 12H3\"><\/path><\/svg>\n              <\/div>\n            <\/div>\n          <\/article>\n                  <article class=\"em-card\"\n            data-type=\"activity\"\n            data-features=\"\"\n            data-name=\"visite guid\u00e9e du site arch\u00e9ologique des vestiges gallo-romains\"\n            data-json=\"{&quot;name&quot;:&quot;Visite guid\\u00e9e du site arch\\u00e9ologique des vestiges gallo-romains&quot;,&quot;image&quot;:&quot;&quot;,&quot;link&quot;:&quot;https:\\\/\\\/www.saint-paul-en-born.fr\\\/Tourisme&quot;,&quot;data&quot;:{&quot;name&quot;:&quot;Visite guid\\u00e9e du site arch\\u00e9ologique des vestiges gallo-romains&quot;,&quot;type&quot;:&quot;visite culturelle&quot;,&quot;place&quot;:&quot;Environ Saint-Paul-en-Born&quot;,&quot;distance_km&quot;:&quot;variable&quot;,&quot;duration&quot;:&quot;1-2 heures&quot;,&quot;price&quot;:&quot;Gratuit ou modeste tarif&quot;,&quot;booking_necessary&quot;:&quot;Souvent recommand\\u00e9e&quot;,&quot;comment&quot;:&quot;D\\u00e9couverte des vestiges antiques et explications sur l\\u2019histoire locale gallo-romaine.&quot;,&quot;link&quot;:&quot;https:\\\/\\\/www.saint-paul-en-born.fr\\\/Tourisme&quot;,&quot;image&quot;:&quot;&quot;},&quot;category&quot;:&quot;Activit\\u00e9s et lieux recommand\\u00e9s&quot;}\">\n\n            <!-- Image + badge cat\u00e9gorie -->\n            <div class=\"em-card-img-wrap\">\n                              <div class=\"em-card-placeholder\">\ud83d\udcf7 Pas d'image<\/div>\n                            <span class=\"em-card-badge badge-activity\">Activit\u00e9s et lieux recommand\u00e9s<\/span>\n            <\/div>\n\n            <!-- Contenu de la card -->\n            <div class=\"em-card-body\">\n              <h3 class=\"em-card-title\">Visite guid\u00e9e du site arch\u00e9ologique des vestiges gallo-romains<\/h3>\n\n              <!-- Tags r\u00e9sum\u00e9s (max 4) -->\n              <div class=\"em-card-tags\">\n                                    <span class=\"em-tag em-tag-green\">Gratuit ou modeste tarif<\/span>\n                                    <span class=\"em-tag em-tag-blue\">Environ Saint-Paul-en-Born<\/span>\n                                              <\/div>\n\n              <!-- Champs suppl\u00e9mentaires (max 3) -->\n              <div class=\"em-card-fields\">\n                                  <div class=\"em-card-field\">\n                    <span class=\"em-card-field-label\">Type d\u2019\u00e9v\u00e9nement (march\u00e9, festival, sport, etc.) :<\/span>\n                    <span class=\"em-card-field-value\">visite culturelle<\/span>\n                  <\/div>\n                                  <div class=\"em-card-field\">\n                    <span class=\"em-card-field-label\">Distance depuis le camping (km) :<\/span>\n                    <span class=\"em-card-field-value\">variable<\/span>\n                  <\/div>\n                                  <div class=\"em-card-field\">\n                    <span class=\"em-card-field-label\">Dur\u00e9e moyenne :<\/span>\n                    <span class=\"em-card-field-value\">1-2 heures<\/span>\n                  <\/div>\n                              <\/div>\n\n              <!-- Lien vers le d\u00e9tail -->\n              <div class=\"em-card-footer\">\n                <span>Voir le d\u00e9tail<\/span>\n                <svg fill=\"none\" viewBox=\"0 0 24 24\" stroke=\"currentColor\" stroke-width=\"2\"><path stroke-linecap=\"round\" stroke-linejoin=\"round\" d=\"M13.5 4.5L21 12m0 0l-7.5 7.5M21 12H3\"><\/path><\/svg>\n              <\/div>\n            <\/div>\n          <\/article>\n                  <article class=\"em-card\"\n            data-type=\"activity\"\n            data-features=\"\"\n            data-name=\"initiation au dessin en plein air\"\n            data-json=\"{&quot;name&quot;:&quot;Initiation au dessin en plein air&quot;,&quot;image&quot;:&quot;&quot;,&quot;link&quot;:&quot;https:\\\/\\\/www.artlandes.fr&quot;,&quot;data&quot;:{&quot;name&quot;:&quot;Initiation au dessin en plein air&quot;,&quot;type&quot;:&quot;atelier artistique&quot;,&quot;place&quot;:&quot;Saint-Paul-en-Born ou for\\u00eat landaise&quot;,&quot;distance_km&quot;:&quot;variable&quot;,&quot;duration&quot;:&quot;1-2 heures&quot;,&quot;price&quot;:&quot;20-40 \\u20ac&quot;,&quot;booking_necessary&quot;:&quot;Oui&quot;,&quot;comment&quot;:&quot;Atelier pour apprendre les bases du dessin en s\\u2019inspirant des paysages naturels environnants.&quot;,&quot;link&quot;:&quot;https:\\\/\\\/www.artlandes.fr&quot;,&quot;image&quot;:&quot;&quot;},&quot;category&quot;:&quot;Activit\\u00e9s et lieux recommand\\u00e9s&quot;}\">\n\n            <!-- Image + badge cat\u00e9gorie -->\n            <div class=\"em-card-img-wrap\">\n                              <div class=\"em-card-placeholder\">\ud83d\udcf7 Pas d'image<\/div>\n                            <span class=\"em-card-badge badge-activity\">Activit\u00e9s et lieux recommand\u00e9s<\/span>\n            <\/div>\n\n            <!-- Contenu de la card -->\n            <div class=\"em-card-body\">\n              <h3 class=\"em-card-title\">Initiation au dessin en plein air<\/h3>\n\n              <!-- Tags r\u00e9sum\u00e9s (max 4) -->\n              <div class=\"em-card-tags\">\n                                    <span class=\"em-tag em-tag-green\">20-40 \u20ac<\/span>\n                                    <span class=\"em-tag em-tag-blue\">Saint-Paul-en-Born ou for\u00eat landaise<\/span>\n                                              <\/div>\n\n              <!-- Champs suppl\u00e9mentaires (max 3) -->\n              <div class=\"em-card-fields\">\n                                  <div class=\"em-card-field\">\n                    <span class=\"em-card-field-label\">Type d\u2019\u00e9v\u00e9nement (march\u00e9, festival, sport, etc.) :<\/span>\n                    <span class=\"em-card-field-value\">atelier artistique<\/span>\n                  <\/div>\n                                  <div class=\"em-card-field\">\n                    <span class=\"em-card-field-label\">Distance depuis le camping (km) :<\/span>\n                    <span class=\"em-card-field-value\">variable<\/span>\n                  <\/div>\n                                  <div class=\"em-card-field\">\n                    <span class=\"em-card-field-label\">Dur\u00e9e moyenne :<\/span>\n                    <span class=\"em-card-field-value\">1-2 heures<\/span>\n                  <\/div>\n                              <\/div>\n\n              <!-- Lien vers le d\u00e9tail -->\n              <div class=\"em-card-footer\">\n                <span>Voir le d\u00e9tail<\/span>\n                <svg fill=\"none\" viewBox=\"0 0 24 24\" stroke=\"currentColor\" stroke-width=\"2\"><path stroke-linecap=\"round\" stroke-linejoin=\"round\" d=\"M13.5 4.5L21 12m0 0l-7.5 7.5M21 12H3\"><\/path><\/svg>\n              <\/div>\n            <\/div>\n          <\/article>\n                  <article class=\"em-card\"\n            data-type=\"activity\"\n            data-features=\"\"\n            data-name=\"visite d&#039;une exploitation agricole locale\"\n            data-json=\"{&quot;name&quot;:&quot;Visite d&#039;une exploitation agricole locale&quot;,&quot;image&quot;:&quot;&quot;,&quot;link&quot;:&quot;https:\\\/\\\/www.ferme-auberge.fr&quot;,&quot;data&quot;:{&quot;name&quot;:&quot;Visite d&#039;une exploitation agricole locale&quot;,&quot;type&quot;:&quot;visite agro-touristique&quot;,&quot;place&quot;:&quot;Saint-Paul-en-Born ou alentours&quot;,&quot;distance_km&quot;:&quot;variable&quot;,&quot;duration&quot;:&quot;1-2 heures&quot;,&quot;price&quot;:&quot;Gratuit ou don&quot;,&quot;booking_necessary&quot;:&quot;Oui&quot;,&quot;comment&quot;:&quot;D\\u00e9couverte des m\\u00e9thodes agricoles landaises et possibilit\\u00e9 de go\\u00fbter des produits fermiers.&quot;,&quot;link&quot;:&quot;https:\\\/\\\/www.ferme-auberge.fr&quot;,&quot;image&quot;:&quot;&quot;},&quot;category&quot;:&quot;Activit\\u00e9s et lieux recommand\\u00e9s&quot;}\">\n\n            <!-- Image + badge cat\u00e9gorie -->\n            <div class=\"em-card-img-wrap\">\n                              <div class=\"em-card-placeholder\">\ud83d\udcf7 Pas d'image<\/div>\n                            <span class=\"em-card-badge badge-activity\">Activit\u00e9s et lieux recommand\u00e9s<\/span>\n            <\/div>\n\n            <!-- Contenu de la card -->\n            <div class=\"em-card-body\">\n              <h3 class=\"em-card-title\">Visite d&#039;une exploitation agricole locale<\/h3>\n\n              <!-- Tags r\u00e9sum\u00e9s (max 4) -->\n              <div class=\"em-card-tags\">\n                                    <span class=\"em-tag em-tag-green\">Gratuit ou don<\/span>\n                                    <span class=\"em-tag em-tag-blue\">Saint-Paul-en-Born ou alentours<\/span>\n                                              <\/div>\n\n              <!-- Champs suppl\u00e9mentaires (max 3) -->\n              <div class=\"em-card-fields\">\n                                  <div class=\"em-card-field\">\n                    <span class=\"em-card-field-label\">Type d\u2019\u00e9v\u00e9nement (march\u00e9, festival, sport, etc.) :<\/span>\n                    <span class=\"em-card-field-value\">visite agro-touristique<\/span>\n                  <\/div>\n                                  <div class=\"em-card-field\">\n                    <span class=\"em-card-field-label\">Distance depuis le camping (km) :<\/span>\n                    <span class=\"em-card-field-value\">variable<\/span>\n                  <\/div>\n                                  <div class=\"em-card-field\">\n                    <span class=\"em-card-field-label\">Dur\u00e9e moyenne :<\/span>\n                    <span class=\"em-card-field-value\">1-2 heures<\/span>\n                  <\/div>\n                              <\/div>\n\n              <!-- Lien vers le d\u00e9tail -->\n              <div class=\"em-card-footer\">\n                <span>Voir le d\u00e9tail<\/span>\n                <svg fill=\"none\" viewBox=\"0 0 24 24\" stroke=\"currentColor\" stroke-width=\"2\"><path stroke-linecap=\"round\" stroke-linejoin=\"round\" d=\"M13.5 4.5L21 12m0 0l-7.5 7.5M21 12H3\"><\/path><\/svg>\n              <\/div>\n            <\/div>\n          <\/article>\n                  <article class=\"em-card\"\n            data-type=\"activity\"\n            data-features=\"\"\n            data-name=\"sortie en bateau pneumatique sur le lac d&#039;aureilhan\"\n            data-json=\"{&quot;name&quot;:&quot;Sortie en bateau pneumatique sur le lac d&#039;Aureilhan&quot;,&quot;image&quot;:&quot;&quot;,&quot;link&quot;:&quot;https:\\\/\\\/www.saint-paul-en-born.fr\\\/Tourisme&quot;,&quot;data&quot;:{&quot;name&quot;:&quot;Sortie en bateau pneumatique sur le lac d&#039;Aureilhan&quot;,&quot;type&quot;:&quot;activit\\u00e9 nautique&quot;,&quot;place&quot;:&quot;Lac d&#039;Aureilhan&quot;,&quot;distance_km&quot;:&quot;~5 km&quot;,&quot;duration&quot;:&quot;1-2 heures&quot;,&quot;price&quot;:&quot;30-50 \\u20ac&quot;,&quot;booking_necessary&quot;:&quot;Oui&quot;,&quot;comment&quot;:&quot;Balade motoris\\u00e9e sur lac calme, permettant de d\\u00e9couvrir la faune et flore lacustres.&quot;,&quot;link&quot;:&quot;https:\\\/\\\/www.saint-paul-en-born.fr\\\/Tourisme&quot;,&quot;image&quot;:&quot;&quot;},&quot;category&quot;:&quot;Activit\\u00e9s et lieux recommand\\u00e9s&quot;}\">\n\n            <!-- Image + badge cat\u00e9gorie -->\n            <div class=\"em-card-img-wrap\">\n                              <div class=\"em-card-placeholder\">\ud83d\udcf7 Pas d'image<\/div>\n                            <span class=\"em-card-badge badge-activity\">Activit\u00e9s et lieux recommand\u00e9s<\/span>\n            <\/div>\n\n            <!-- Contenu de la card -->\n            <div class=\"em-card-body\">\n              <h3 class=\"em-card-title\">Sortie en bateau pneumatique sur le lac d&#039;Aureilhan<\/h3>\n\n              <!-- Tags r\u00e9sum\u00e9s (max 4) -->\n              <div class=\"em-card-tags\">\n                                    <span class=\"em-tag em-tag-green\">30-50 \u20ac<\/span>\n                                    <span class=\"em-tag em-tag-blue\">Lac d&#039;Aureilhan<\/span>\n                                              <\/div>\n\n              <!-- Champs suppl\u00e9mentaires (max 3) -->\n              <div class=\"em-card-fields\">\n                                  <div class=\"em-card-field\">\n                    <span class=\"em-card-field-label\">Type d\u2019\u00e9v\u00e9nement (march\u00e9, festival, sport, etc.) :<\/span>\n                    <span class=\"em-card-field-value\">activit\u00e9 nautique<\/span>\n                  <\/div>\n                                  <div class=\"em-card-field\">\n                    <span class=\"em-card-field-label\">Distance depuis le camping (km) :<\/span>\n                    <span class=\"em-card-field-value\">~5 km<\/span>\n                  <\/div>\n                                  <div class=\"em-card-field\">\n                    <span class=\"em-card-field-label\">Dur\u00e9e moyenne :<\/span>\n                    <span class=\"em-card-field-value\">1-2 heures<\/span>\n                  <\/div>\n                              <\/div>\n\n              <!-- Lien vers le d\u00e9tail -->\n              <div class=\"em-card-footer\">\n                <span>Voir le d\u00e9tail<\/span>\n                <svg fill=\"none\" viewBox=\"0 0 24 24\" stroke=\"currentColor\" stroke-width=\"2\"><path stroke-linecap=\"round\" stroke-linejoin=\"round\" d=\"M13.5 4.5L21 12m0 0l-7.5 7.5M21 12H3\"><\/path><\/svg>\n              <\/div>\n            <\/div>\n          <\/article>\n                  <article class=\"em-card\"\n            data-type=\"activity\"\n            data-features=\"\"\n            data-name=\"jeux de piste en for\u00eat\"\n            data-json=\"{&quot;name&quot;:&quot;Jeux de piste en for\\u00eat&quot;,&quot;image&quot;:&quot;for\\u00eat landaise&quot;,&quot;link&quot;:&quot;aucun&quot;,&quot;data&quot;:{&quot;name&quot;:&quot;Jeux de piste en for\\u00eat&quot;,&quot;type&quot;:&quot;activit\\u00e9 en plein air&quot;,&quot;place&quot;:&quot;For\\u00eat landaise autour de Saint-Paul-en-Born&quot;,&quot;distance_km&quot;:&quot;0&quot;,&quot;duration&quot;:&quot;1 \\u00e0 2 heures&quot;,&quot;price&quot;:&quot;gratuit&quot;,&quot;booking_necessary&quot;:&quot;non&quot;,&quot;comment&quot;:&quot;Activit\\u00e9 adapt\\u00e9e aux enfants&quot;,&quot;link&quot;:&quot;aucun&quot;,&quot;image&quot;:&quot;for\\u00eat landaise&quot;},&quot;category&quot;:&quot;Activit\\u00e9s et lieux recommand\\u00e9s&quot;}\">\n\n            <!-- Image + badge cat\u00e9gorie -->\n            <div class=\"em-card-img-wrap\">\n                              <div class=\"em-card-placeholder\">\ud83d\udcf7 Pas d'image<\/div>\n                            <span class=\"em-card-badge badge-activity\">Activit\u00e9s et lieux recommand\u00e9s<\/span>\n            <\/div>\n\n            <!-- Contenu de la card -->\n            <div class=\"em-card-body\">\n              <h3 class=\"em-card-title\">Jeux de piste en for\u00eat<\/h3>\n\n              <!-- Tags r\u00e9sum\u00e9s (max 4) -->\n              <div class=\"em-card-tags\">\n                                    <span class=\"em-tag em-tag-green\">gratuit<\/span>\n                                    <span class=\"em-tag em-tag-blue\">For\u00eat landaise autour de Saint-Paul-en-Born<\/span>\n                                              <\/div>\n\n              <!-- Champs suppl\u00e9mentaires (max 3) -->\n              <div class=\"em-card-fields\">\n                                  <div class=\"em-card-field\">\n                    <span class=\"em-card-field-label\">Type d\u2019\u00e9v\u00e9nement (march\u00e9, festival, sport, etc.) :<\/span>\n                    <span class=\"em-card-field-value\">activit\u00e9 en plein air<\/span>\n                  <\/div>\n                                  <div class=\"em-card-field\">\n                    <span class=\"em-card-field-label\">Dur\u00e9e moyenne :<\/span>\n                    <span class=\"em-card-field-value\">1 \u00e0 2 heures<\/span>\n                  <\/div>\n                                  <div class=\"em-card-field\">\n                    <span class=\"em-card-field-label\">R\u00e9servation n\u00e9cessaire ? :<\/span>\n                    <span class=\"em-card-field-value\">non<\/span>\n                  <\/div>\n                              <\/div>\n\n              <!-- Lien vers le d\u00e9tail -->\n              <div class=\"em-card-footer\">\n                <span>Voir le d\u00e9tail<\/span>\n                <svg fill=\"none\" viewBox=\"0 0 24 24\" stroke=\"currentColor\" stroke-width=\"2\"><path stroke-linecap=\"round\" stroke-linejoin=\"round\" d=\"M13.5 4.5L21 12m0 0l-7.5 7.5M21 12H3\"><\/path><\/svg>\n              <\/div>\n            <\/div>\n          <\/article>\n                  <article class=\"em-card\"\n            data-type=\"activity\"\n            data-features=\"\"\n            data-name=\"cours de cuisine landaise\"\n            data-json=\"{&quot;name&quot;:&quot;Cours de cuisine landaise&quot;,&quot;image&quot;:&quot;cuisine landaise&quot;,&quot;link&quot;:&quot;aucun&quot;,&quot;data&quot;:{&quot;name&quot;:&quot;Cours de cuisine landaise&quot;,&quot;type&quot;:&quot;cuisine locale&quot;,&quot;place&quot;:&quot;Auberges et restaurants locaux&quot;,&quot;distance_km&quot;:&quot;0 \\u00e0 5&quot;,&quot;duration&quot;:&quot;3 \\u00e0 4 heures&quot;,&quot;price&quot;:&quot;variables selon les formules&quot;,&quot;booking_necessary&quot;:&quot;oui&quot;,&quot;comment&quot;:&quot;D\\u00e9couvrez les sp\\u00e9cialit\\u00e9s locales&quot;,&quot;link&quot;:&quot;aucun&quot;,&quot;image&quot;:&quot;cuisine landaise&quot;},&quot;category&quot;:&quot;Activit\\u00e9s et lieux recommand\\u00e9s&quot;}\">\n\n            <!-- Image + badge cat\u00e9gorie -->\n            <div class=\"em-card-img-wrap\">\n                              <div class=\"em-card-placeholder\">\ud83d\udcf7 Pas d'image<\/div>\n                            <span class=\"em-card-badge badge-activity\">Activit\u00e9s et lieux recommand\u00e9s<\/span>\n            <\/div>\n\n            <!-- Contenu de la card -->\n            <div class=\"em-card-body\">\n              <h3 class=\"em-card-title\">Cours de cuisine landaise<\/h3>\n\n              <!-- Tags r\u00e9sum\u00e9s (max 4) -->\n              <div class=\"em-card-tags\">\n                                    <span class=\"em-tag em-tag-green\">variables selon les formules<\/span>\n                                    <span class=\"em-tag em-tag-blue\">Auberges et restaurants locaux<\/span>\n                                              <\/div>\n\n              <!-- Champs suppl\u00e9mentaires (max 3) -->\n              <div class=\"em-card-fields\">\n                                  <div class=\"em-card-field\">\n                    <span class=\"em-card-field-label\">Type d\u2019\u00e9v\u00e9nement (march\u00e9, festival, sport, etc.) :<\/span>\n                    <span class=\"em-card-field-value\">cuisine locale<\/span>\n                  <\/div>\n                                  <div class=\"em-card-field\">\n                    <span class=\"em-card-field-label\">Distance depuis le camping (km) :<\/span>\n                    <span class=\"em-card-field-value\">0 \u00e0 5<\/span>\n                  <\/div>\n                                  <div class=\"em-card-field\">\n                    <span class=\"em-card-field-label\">Dur\u00e9e moyenne :<\/span>\n                    <span class=\"em-card-field-value\">3 \u00e0 4 heures<\/span>\n                  <\/div>\n                              <\/div>\n\n              <!-- Lien vers le d\u00e9tail -->\n              <div class=\"em-card-footer\">\n                <span>Voir le d\u00e9tail<\/span>\n                <svg fill=\"none\" viewBox=\"0 0 24 24\" stroke=\"currentColor\" stroke-width=\"2\"><path stroke-linecap=\"round\" stroke-linejoin=\"round\" d=\"M13.5 4.5L21 12m0 0l-7.5 7.5M21 12H3\"><\/path><\/svg>\n              <\/div>\n            <\/div>\n          <\/article>\n                  <article class=\"em-card\"\n            data-type=\"activity\"\n            data-features=\"\"\n            data-name=\"atelier de poterie artisanale\"\n            data-json=\"{&quot;name&quot;:&quot;Atelier de poterie artisanale&quot;,&quot;image&quot;:&quot;poterie artisanale&quot;,&quot;link&quot;:&quot;aucun&quot;,&quot;data&quot;:{&quot;name&quot;:&quot;Atelier de poterie artisanale&quot;,&quot;type&quot;:&quot;artisanat local&quot;,&quot;place&quot;:&quot;Ateliers de poterie \\u00e0 proximit\\u00e9&quot;,&quot;distance_km&quot;:&quot;5 \\u00e0 10&quot;,&quot;duration&quot;:&quot;2 \\u00e0 3 heures&quot;,&quot;price&quot;:&quot;environ 20 \\u00e0 50\\u20ac&quot;,&quot;booking_necessary&quot;:&quot;oui&quot;,&quot;comment&quot;:&quot;Cr\\u00e9ez vos propres \\u0153uvres&quot;,&quot;link&quot;:&quot;aucun&quot;,&quot;image&quot;:&quot;poterie artisanale&quot;},&quot;category&quot;:&quot;Activit\\u00e9s et lieux recommand\\u00e9s&quot;}\">\n\n            <!-- Image + badge cat\u00e9gorie -->\n            <div class=\"em-card-img-wrap\">\n                              <div class=\"em-card-placeholder\">\ud83d\udcf7 Pas d'image<\/div>\n                            <span class=\"em-card-badge badge-activity\">Activit\u00e9s et lieux recommand\u00e9s<\/span>\n            <\/div>\n\n            <!-- Contenu de la card -->\n            <div class=\"em-card-body\">\n              <h3 class=\"em-card-title\">Atelier de poterie artisanale<\/h3>\n\n              <!-- Tags r\u00e9sum\u00e9s (max 4) -->\n              <div class=\"em-card-tags\">\n                                    <span class=\"em-tag em-tag-green\">environ 20 \u00e0 50\u20ac<\/span>\n                                    <span class=\"em-tag em-tag-blue\">Ateliers de poterie \u00e0 proximit\u00e9<\/span>\n                                              <\/div>\n\n              <!-- Champs suppl\u00e9mentaires (max 3) -->\n              <div class=\"em-card-fields\">\n                                  <div class=\"em-card-field\">\n                    <span class=\"em-card-field-label\">Type d\u2019\u00e9v\u00e9nement (march\u00e9, festival, sport, etc.) :<\/span>\n                    <span class=\"em-card-field-value\">artisanat local<\/span>\n                  <\/div>\n                                  <div class=\"em-card-field\">\n                    <span class=\"em-card-field-label\">Distance depuis le camping (km) :<\/span>\n                    <span class=\"em-card-field-value\">5 \u00e0 10<\/span>\n                  <\/div>\n                                  <div class=\"em-card-field\">\n                    <span class=\"em-card-field-label\">Dur\u00e9e moyenne :<\/span>\n                    <span class=\"em-card-field-value\">2 \u00e0 3 heures<\/span>\n                  <\/div>\n                              <\/div>\n\n              <!-- Lien vers le d\u00e9tail -->\n              <div class=\"em-card-footer\">\n                <span>Voir le d\u00e9tail<\/span>\n                <svg fill=\"none\" viewBox=\"0 0 24 24\" stroke=\"currentColor\" stroke-width=\"2\"><path stroke-linecap=\"round\" stroke-linejoin=\"round\" d=\"M13.5 4.5L21 12m0 0l-7.5 7.5M21 12H3\"><\/path><\/svg>\n              <\/div>\n            <\/div>\n          <\/article>\n                  <article class=\"em-card\"\n            data-type=\"activity\"\n            data-features=\"\"\n            data-name=\"balade en chiens de tra\u00eeneaux\"\n            data-json=\"{&quot;name&quot;:&quot;Balade en chiens de tra\\u00eeneaux&quot;,&quot;image&quot;:&quot;chiens de tra\\u00eeneaux&quot;,&quot;link&quot;:&quot;aucun&quot;,&quot;data&quot;:{&quot;name&quot;:&quot;Balade en chiens de tra\\u00eeneaux&quot;,&quot;type&quot;:&quot;activit\\u00e9 en plein air&quot;,&quot;place&quot;:&quot;For\\u00eat landaise&quot;,&quot;distance_km&quot;:&quot;0&quot;,&quot;duration&quot;:&quot;1 \\u00e0 2 heures&quot;,&quot;price&quot;:&quot;environ 10 \\u00e0 20\\u20ac par personne&quot;,&quot;booking_necessary&quot;:&quot;oui&quot;,&quot;comment&quot;:&quot;Activit\\u00e9 disponible en saison&quot;,&quot;link&quot;:&quot;aucun&quot;,&quot;image&quot;:&quot;chiens de tra\\u00eeneaux&quot;},&quot;category&quot;:&quot;Activit\\u00e9s et lieux recommand\\u00e9s&quot;}\">\n\n            <!-- Image + badge cat\u00e9gorie -->\n            <div class=\"em-card-img-wrap\">\n                              <div class=\"em-card-placeholder\">\ud83d\udcf7 Pas d'image<\/div>\n                            <span class=\"em-card-badge badge-activity\">Activit\u00e9s et lieux recommand\u00e9s<\/span>\n            <\/div>\n\n            <!-- Contenu de la card -->\n            <div class=\"em-card-body\">\n              <h3 class=\"em-card-title\">Balade en chiens de tra\u00eeneaux<\/h3>\n\n              <!-- Tags r\u00e9sum\u00e9s (max 4) -->\n              <div class=\"em-card-tags\">\n                                    <span class=\"em-tag em-tag-green\">environ 10 \u00e0 20\u20ac par personne<\/span>\n                                    <span class=\"em-tag em-tag-blue\">For\u00eat landaise<\/span>\n                                              <\/div>\n\n              <!-- Champs suppl\u00e9mentaires (max 3) -->\n              <div class=\"em-card-fields\">\n                                  <div class=\"em-card-field\">\n                    <span class=\"em-card-field-label\">Type d\u2019\u00e9v\u00e9nement (march\u00e9, festival, sport, etc.) :<\/span>\n                    <span class=\"em-card-field-value\">activit\u00e9 en plein air<\/span>\n                  <\/div>\n                                  <div class=\"em-card-field\">\n                    <span class=\"em-card-field-label\">Dur\u00e9e moyenne :<\/span>\n                    <span class=\"em-card-field-value\">1 \u00e0 2 heures<\/span>\n                  <\/div>\n                                  <div class=\"em-card-field\">\n                    <span class=\"em-card-field-label\">R\u00e9servation n\u00e9cessaire ? :<\/span>\n                    <span class=\"em-card-field-value\">oui<\/span>\n                  <\/div>\n                              <\/div>\n\n              <!-- Lien vers le d\u00e9tail -->\n              <div class=\"em-card-footer\">\n                <span>Voir le d\u00e9tail<\/span>\n                <svg fill=\"none\" viewBox=\"0 0 24 24\" stroke=\"currentColor\" stroke-width=\"2\"><path stroke-linecap=\"round\" stroke-linejoin=\"round\" d=\"M13.5 4.5L21 12m0 0l-7.5 7.5M21 12H3\"><\/path><\/svg>\n              <\/div>\n            <\/div>\n          <\/article>\n                  <article class=\"em-card\"\n            data-type=\"activity\"\n            data-features=\"\"\n            data-name=\"cours de danse folklorique landaise\"\n            data-json=\"{&quot;name&quot;:&quot;Cours de danse folklorique landaise&quot;,&quot;image&quot;:&quot;danse folklorique landaise&quot;,&quot;link&quot;:&quot;aucun&quot;,&quot;data&quot;:{&quot;name&quot;:&quot;Cours de danse folklorique landaise&quot;,&quot;type&quot;:&quot;danse traditionnelle&quot;,&quot;place&quot;:&quot;Salle de danse locale&quot;,&quot;distance_km&quot;:&quot;0 \\u00e0 5&quot;,&quot;duration&quot;:&quot;1 \\u00e0 2 heures&quot;,&quot;price&quot;:&quot;environ 10 \\u00e0 20\\u20ac par session&quot;,&quot;booking_necessary&quot;:&quot;oui&quot;,&quot;comment&quot;:&quot;D\\u00e9couvrez les danses locales&quot;,&quot;link&quot;:&quot;aucun&quot;,&quot;image&quot;:&quot;danse folklorique landaise&quot;},&quot;category&quot;:&quot;Activit\\u00e9s et lieux recommand\\u00e9s&quot;}\">\n\n            <!-- Image + badge cat\u00e9gorie -->\n            <div class=\"em-card-img-wrap\">\n                              <div class=\"em-card-placeholder\">\ud83d\udcf7 Pas d'image<\/div>\n                            <span class=\"em-card-badge badge-activity\">Activit\u00e9s et lieux recommand\u00e9s<\/span>\n            <\/div>\n\n            <!-- Contenu de la card -->\n            <div class=\"em-card-body\">\n              <h3 class=\"em-card-title\">Cours de danse folklorique landaise<\/h3>\n\n              <!-- Tags r\u00e9sum\u00e9s (max 4) -->\n              <div class=\"em-card-tags\">\n                                    <span class=\"em-tag em-tag-green\">environ 10 \u00e0 20\u20ac par session<\/span>\n                                    <span class=\"em-tag em-tag-blue\">Salle de danse locale<\/span>\n                                              <\/div>\n\n              <!-- Champs suppl\u00e9mentaires (max 3) -->\n              <div class=\"em-card-fields\">\n                                  <div class=\"em-card-field\">\n                    <span class=\"em-card-field-label\">Type d\u2019\u00e9v\u00e9nement (march\u00e9, festival, sport, etc.) :<\/span>\n                    <span class=\"em-card-field-value\">danse traditionnelle<\/span>\n                  <\/div>\n                                  <div class=\"em-card-field\">\n                    <span class=\"em-card-field-label\">Distance depuis le camping (km) :<\/span>\n                    <span class=\"em-card-field-value\">0 \u00e0 5<\/span>\n                  <\/div>\n                                  <div class=\"em-card-field\">\n                    <span class=\"em-card-field-label\">Dur\u00e9e moyenne :<\/span>\n                    <span class=\"em-card-field-value\">1 \u00e0 2 heures<\/span>\n                  <\/div>\n                              <\/div>\n\n              <!-- Lien vers le d\u00e9tail -->\n              <div class=\"em-card-footer\">\n                <span>Voir le d\u00e9tail<\/span>\n                <svg fill=\"none\" viewBox=\"0 0 24 24\" stroke=\"currentColor\" stroke-width=\"2\"><path stroke-linecap=\"round\" stroke-linejoin=\"round\" d=\"M13.5 4.5L21 12m0 0l-7.5 7.5M21 12H3\"><\/path><\/svg>\n              <\/div>\n            <\/div>\n          <\/article>\n                  <article class=\"em-card\"\n            data-type=\"activity\"\n            data-features=\"\"\n            data-name=\"atelier de tricot\"\n            data-json=\"{&quot;name&quot;:&quot;Atelier de tricot&quot;,&quot;image&quot;:&quot;tricot&quot;,&quot;link&quot;:&quot;aucun&quot;,&quot;data&quot;:{&quot;name&quot;:&quot;Atelier de tricot&quot;,&quot;type&quot;:&quot;artisanat local&quot;,&quot;place&quot;:&quot;Ateliers de tricot \\u00e0 proximit\\u00e9&quot;,&quot;distance_km&quot;:&quot;5 \\u00e0 10&quot;,&quot;duration&quot;:&quot;2 \\u00e0 3 heures&quot;,&quot;price&quot;:&quot;environ 20 \\u00e0 50\\u20ac&quot;,&quot;booking_necessary&quot;:&quot;oui&quot;,&quot;comment&quot;:&quot;Cr\\u00e9ez vos propres v\\u00eatements&quot;,&quot;link&quot;:&quot;aucun&quot;,&quot;image&quot;:&quot;tricot&quot;},&quot;category&quot;:&quot;Activit\\u00e9s et lieux recommand\\u00e9s&quot;}\">\n\n            <!-- Image + badge cat\u00e9gorie -->\n            <div class=\"em-card-img-wrap\">\n                              <div class=\"em-card-placeholder\">\ud83d\udcf7 Pas d'image<\/div>\n                            <span class=\"em-card-badge badge-activity\">Activit\u00e9s et lieux recommand\u00e9s<\/span>\n            <\/div>\n\n            <!-- Contenu de la card -->\n            <div class=\"em-card-body\">\n              <h3 class=\"em-card-title\">Atelier de tricot<\/h3>\n\n              <!-- Tags r\u00e9sum\u00e9s (max 4) -->\n              <div class=\"em-card-tags\">\n                                    <span class=\"em-tag em-tag-green\">environ 20 \u00e0 50\u20ac<\/span>\n                                    <span class=\"em-tag em-tag-blue\">Ateliers de tricot \u00e0 proximit\u00e9<\/span>\n                                              <\/div>\n\n              <!-- Champs suppl\u00e9mentaires (max 3) -->\n              <div class=\"em-card-fields\">\n                                  <div class=\"em-card-field\">\n                    <span class=\"em-card-field-label\">Type d\u2019\u00e9v\u00e9nement (march\u00e9, festival, sport, etc.) :<\/span>\n                    <span class=\"em-card-field-value\">artisanat local<\/span>\n                  <\/div>\n                                  <div class=\"em-card-field\">\n                    <span class=\"em-card-field-label\">Distance depuis le camping (km) :<\/span>\n                    <span class=\"em-card-field-value\">5 \u00e0 10<\/span>\n                  <\/div>\n                                  <div class=\"em-card-field\">\n                    <span class=\"em-card-field-label\">Dur\u00e9e moyenne :<\/span>\n                    <span class=\"em-card-field-value\">2 \u00e0 3 heures<\/span>\n                  <\/div>\n                              <\/div>\n\n              <!-- Lien vers le d\u00e9tail -->\n              <div class=\"em-card-footer\">\n                <span>Voir le d\u00e9tail<\/span>\n                <svg fill=\"none\" viewBox=\"0 0 24 24\" stroke=\"currentColor\" stroke-width=\"2\"><path stroke-linecap=\"round\" stroke-linejoin=\"round\" d=\"M13.5 4.5L21 12m0 0l-7.5 7.5M21 12H3\"><\/path><\/svg>\n              <\/div>\n            <\/div>\n          <\/article>\n                  <article class=\"em-card\"\n            data-type=\"activity\"\n            data-features=\"\"\n            data-name=\"cours de boxe\"\n            data-json=\"{&quot;name&quot;:&quot;Cours de boxe&quot;,&quot;image&quot;:&quot;boxe&quot;,&quot;link&quot;:&quot;aucun&quot;,&quot;data&quot;:{&quot;name&quot;:&quot;Cours de boxe&quot;,&quot;type&quot;:&quot;sport&quot;,&quot;place&quot;:&quot;Salle de sport locale&quot;,&quot;distance_km&quot;:&quot;0 \\u00e0 5&quot;,&quot;duration&quot;:&quot;1 \\u00e0 2 heures&quot;,&quot;price&quot;:&quot;environ 10 \\u00e0 20\\u20ac par session&quot;,&quot;booking_necessary&quot;:&quot;oui&quot;,&quot;comment&quot;:&quot;Activit\\u00e9 physique&quot;,&quot;link&quot;:&quot;aucun&quot;,&quot;image&quot;:&quot;boxe&quot;},&quot;category&quot;:&quot;Activit\\u00e9s et lieux recommand\\u00e9s&quot;}\">\n\n            <!-- Image + badge cat\u00e9gorie -->\n            <div class=\"em-card-img-wrap\">\n                              <div class=\"em-card-placeholder\">\ud83d\udcf7 Pas d'image<\/div>\n                            <span class=\"em-card-badge badge-activity\">Activit\u00e9s et lieux recommand\u00e9s<\/span>\n            <\/div>\n\n            <!-- Contenu de la card -->\n            <div class=\"em-card-body\">\n              <h3 class=\"em-card-title\">Cours de boxe<\/h3>\n\n              <!-- Tags r\u00e9sum\u00e9s (max 4) -->\n              <div class=\"em-card-tags\">\n                                    <span class=\"em-tag em-tag-green\">environ 10 \u00e0 20\u20ac par session<\/span>\n                                    <span class=\"em-tag em-tag-blue\">Salle de sport locale<\/span>\n                                              <\/div>\n\n              <!-- Champs suppl\u00e9mentaires (max 3) -->\n              <div class=\"em-card-fields\">\n                                  <div class=\"em-card-field\">\n                    <span class=\"em-card-field-label\">Type d\u2019\u00e9v\u00e9nement (march\u00e9, festival, sport, etc.) :<\/span>\n                    <span class=\"em-card-field-value\">sport<\/span>\n                  <\/div>\n                                  <div class=\"em-card-field\">\n                    <span class=\"em-card-field-label\">Distance depuis le camping (km) :<\/span>\n                    <span class=\"em-card-field-value\">0 \u00e0 5<\/span>\n                  <\/div>\n                                  <div class=\"em-card-field\">\n                    <span class=\"em-card-field-label\">Dur\u00e9e moyenne :<\/span>\n                    <span class=\"em-card-field-value\">1 \u00e0 2 heures<\/span>\n                  <\/div>\n                              <\/div>\n\n              <!-- Lien vers le d\u00e9tail -->\n              <div class=\"em-card-footer\">\n                <span>Voir le d\u00e9tail<\/span>\n                <svg fill=\"none\" viewBox=\"0 0 24 24\" stroke=\"currentColor\" stroke-width=\"2\"><path stroke-linecap=\"round\" stroke-linejoin=\"round\" d=\"M13.5 4.5L21 12m0 0l-7.5 7.5M21 12H3\"><\/path><\/svg>\n              <\/div>\n            <\/div>\n          <\/article>\n                  <article class=\"em-card\"\n            data-type=\"activity\"\n            data-features=\"\"\n            data-name=\"excursion en v\u00e9l\u00e9c\u00e9lectrique dans la for\u00eat landaise\"\n            data-json=\"{&quot;name&quot;:&quot;Excursion en v\\u00e9l\\u00e9c\\u00e9lectrique dans la for\\u00eat landaise&quot;,&quot;image&quot;:&quot;v\\u00e9lo \\u00e9lectrique en for\\u00eat&quot;,&quot;link&quot;:&quot;aucun&quot;,&quot;data&quot;:{&quot;name&quot;:&quot;Excursion en v\\u00e9l\\u00e9c\\u00e9lectrique dans la for\\u00eat landaise&quot;,&quot;type&quot;:&quot;cyclotourisme&quot;,&quot;place&quot;:&quot;For\\u00eat landaise&quot;,&quot;distance_km&quot;:&quot;0 \\u00e0 20&quot;,&quot;duration&quot;:&quot;2 \\u00e0 4 heures&quot;,&quot;price&quot;:&quot;environ 20 \\u00e0 50\\u20ac par jour&quot;,&quot;booking_necessary&quot;:&quot;oui&quot;,&quot;comment&quot;:&quot;D\\u00e9couvrez les paysages locaux&quot;,&quot;link&quot;:&quot;aucun&quot;,&quot;image&quot;:&quot;v\\u00e9lo \\u00e9lectrique en for\\u00eat&quot;},&quot;category&quot;:&quot;Activit\\u00e9s et lieux recommand\\u00e9s&quot;}\">\n\n            <!-- Image + badge cat\u00e9gorie -->\n            <div class=\"em-card-img-wrap\">\n                              <div class=\"em-card-placeholder\">\ud83d\udcf7 Pas d'image<\/div>\n                            <span class=\"em-card-badge badge-activity\">Activit\u00e9s et lieux recommand\u00e9s<\/span>\n            <\/div>\n\n            <!-- Contenu de la card -->\n            <div class=\"em-card-body\">\n              <h3 class=\"em-card-title\">Excursion en v\u00e9l\u00e9c\u00e9lectrique dans la for\u00eat landaise<\/h3>\n\n              <!-- Tags r\u00e9sum\u00e9s (max 4) -->\n              <div class=\"em-card-tags\">\n                                    <span class=\"em-tag em-tag-green\">environ 20 \u00e0 50\u20ac par jour<\/span>\n                                    <span class=\"em-tag em-tag-blue\">For\u00eat landaise<\/span>\n                                              <\/div>\n\n              <!-- Champs suppl\u00e9mentaires (max 3) -->\n              <div class=\"em-card-fields\">\n                                  <div class=\"em-card-field\">\n                    <span class=\"em-card-field-label\">Type d\u2019\u00e9v\u00e9nement (march\u00e9, festival, sport, etc.) :<\/span>\n                    <span class=\"em-card-field-value\">cyclotourisme<\/span>\n                  <\/div>\n                                  <div class=\"em-card-field\">\n                    <span class=\"em-card-field-label\">Distance depuis le camping (km) :<\/span>\n                    <span class=\"em-card-field-value\">0 \u00e0 20<\/span>\n                  <\/div>\n                                  <div class=\"em-card-field\">\n                    <span class=\"em-card-field-label\">Dur\u00e9e moyenne :<\/span>\n                    <span class=\"em-card-field-value\">2 \u00e0 4 heures<\/span>\n                  <\/div>\n                              <\/div>\n\n              <!-- Lien vers le d\u00e9tail -->\n              <div class=\"em-card-footer\">\n                <span>Voir le d\u00e9tail<\/span>\n                <svg fill=\"none\" viewBox=\"0 0 24 24\" stroke=\"currentColor\" stroke-width=\"2\"><path stroke-linecap=\"round\" stroke-linejoin=\"round\" d=\"M13.5 4.5L21 12m0 0l-7.5 7.5M21 12H3\"><\/path><\/svg>\n              <\/div>\n            <\/div>\n          <\/article>\n                  <article class=\"em-card\"\n            data-type=\"activity\"\n            data-features=\"\"\n            data-name=\"atelier de dessin en plein air\"\n            data-json=\"{&quot;name&quot;:&quot;Atelier de dessin en plein air&quot;,&quot;image&quot;:&quot;dessin en plein air&quot;,&quot;link&quot;:&quot;aucun&quot;,&quot;data&quot;:{&quot;name&quot;:&quot;Atelier de dessin en plein air&quot;,&quot;type&quot;:&quot;art visuel&quot;,&quot;place&quot;:&quot;For\\u00eat ou au bord du lac&quot;,&quot;distance_km&quot;:&quot;0 \\u00e0 5&quot;,&quot;duration&quot;:&quot;2 \\u00e0 3 heures&quot;,&quot;price&quot;:&quot;environ 20 \\u00e0 50\\u20ac&quot;,&quot;booking_necessary&quot;:&quot;oui&quot;,&quot;comment&quot;:&quot;Capturer les paysages naturels&quot;,&quot;link&quot;:&quot;aucun&quot;,&quot;image&quot;:&quot;dessin en plein air&quot;},&quot;category&quot;:&quot;Activit\\u00e9s et lieux recommand\\u00e9s&quot;}\">\n\n            <!-- Image + badge cat\u00e9gorie -->\n            <div class=\"em-card-img-wrap\">\n                              <div class=\"em-card-placeholder\">\ud83d\udcf7 Pas d'image<\/div>\n                            <span class=\"em-card-badge badge-activity\">Activit\u00e9s et lieux recommand\u00e9s<\/span>\n            <\/div>\n\n            <!-- Contenu de la card -->\n            <div class=\"em-card-body\">\n              <h3 class=\"em-card-title\">Atelier de dessin en plein air<\/h3>\n\n              <!-- Tags r\u00e9sum\u00e9s (max 4) -->\n              <div class=\"em-card-tags\">\n                                    <span class=\"em-tag em-tag-green\">environ 20 \u00e0 50\u20ac<\/span>\n                                    <span class=\"em-tag em-tag-blue\">For\u00eat ou au bord du lac<\/span>\n                                              <\/div>\n\n              <!-- Champs suppl\u00e9mentaires (max 3) -->\n              <div class=\"em-card-fields\">\n                                  <div class=\"em-card-field\">\n                    <span class=\"em-card-field-label\">Type d\u2019\u00e9v\u00e9nement (march\u00e9, festival, sport, etc.) :<\/span>\n                    <span class=\"em-card-field-value\">art visuel<\/span>\n                  <\/div>\n                                  <div class=\"em-card-field\">\n                    <span class=\"em-card-field-label\">Distance depuis le camping (km) :<\/span>\n                    <span class=\"em-card-field-value\">0 \u00e0 5<\/span>\n                  <\/div>\n                                  <div class=\"em-card-field\">\n                    <span class=\"em-card-field-label\">Dur\u00e9e moyenne :<\/span>\n                    <span class=\"em-card-field-value\">2 \u00e0 3 heures<\/span>\n                  <\/div>\n                              <\/div>\n\n              <!-- Lien vers le d\u00e9tail -->\n              <div class=\"em-card-footer\">\n                <span>Voir le d\u00e9tail<\/span>\n                <svg fill=\"none\" viewBox=\"0 0 24 24\" stroke=\"currentColor\" stroke-width=\"2\"><path stroke-linecap=\"round\" stroke-linejoin=\"round\" d=\"M13.5 4.5L21 12m0 0l-7.5 7.5M21 12H3\"><\/path><\/svg>\n              <\/div>\n            <\/div>\n          <\/article>\n                  <article class=\"em-card\"\n            data-type=\"activity\"\n            data-features=\"\"\n            data-name=\"visite d&#039;une exploitation agricole locale\"\n            data-json=\"{&quot;name&quot;:&quot;Visite d&#039;une exploitation agricole locale&quot;,&quot;image&quot;:&quot;exploitation agricole&quot;,&quot;link&quot;:&quot;aucun&quot;,&quot;data&quot;:{&quot;name&quot;:&quot;Visite d&#039;une exploitation agricole locale&quot;,&quot;type&quot;:&quot;agriculture&quot;,&quot;place&quot;:&quot;Exploitations agricoles \\u00e0 proximit\\u00e9&quot;,&quot;distance_km&quot;:&quot;5 \\u00e0 10&quot;,&quot;duration&quot;:&quot;2 \\u00e0 3 heures&quot;,&quot;price&quot;:&quot;variables selon les exploitations&quot;,&quot;booking_necessary&quot;:&quot;oui&quot;,&quot;comment&quot;:&quot;D\\u00e9couvrez l&#039;agriculture locale&quot;,&quot;link&quot;:&quot;aucun&quot;,&quot;image&quot;:&quot;exploitation agricole&quot;},&quot;category&quot;:&quot;Activit\\u00e9s et lieux recommand\\u00e9s&quot;}\">\n\n            <!-- Image + badge cat\u00e9gorie -->\n            <div class=\"em-card-img-wrap\">\n                              <div class=\"em-card-placeholder\">\ud83d\udcf7 Pas d'image<\/div>\n                            <span class=\"em-card-badge badge-activity\">Activit\u00e9s et lieux recommand\u00e9s<\/span>\n            <\/div>\n\n            <!-- Contenu de la card -->\n            <div class=\"em-card-body\">\n              <h3 class=\"em-card-title\">Visite d&#039;une exploitation agricole locale<\/h3>\n\n              <!-- Tags r\u00e9sum\u00e9s (max 4) -->\n              <div class=\"em-card-tags\">\n                                    <span class=\"em-tag em-tag-green\">variables selon les exploitations<\/span>\n                                    <span class=\"em-tag em-tag-blue\">Exploitations agricoles \u00e0 proximit\u00e9<\/span>\n                                              <\/div>\n\n              <!-- Champs suppl\u00e9mentaires (max 3) -->\n              <div class=\"em-card-fields\">\n                                  <div class=\"em-card-field\">\n                    <span class=\"em-card-field-label\">Type d\u2019\u00e9v\u00e9nement (march\u00e9, festival, sport, etc.) :<\/span>\n                    <span class=\"em-card-field-value\">agriculture<\/span>\n                  <\/div>\n                                  <div class=\"em-card-field\">\n                    <span class=\"em-card-field-label\">Distance depuis le camping (km) :<\/span>\n                    <span class=\"em-card-field-value\">5 \u00e0 10<\/span>\n                  <\/div>\n                                  <div class=\"em-card-field\">\n                    <span class=\"em-card-field-label\">Dur\u00e9e moyenne :<\/span>\n                    <span class=\"em-card-field-value\">2 \u00e0 3 heures<\/span>\n                  <\/div>\n                              <\/div>\n\n              <!-- Lien vers le d\u00e9tail -->\n              <div class=\"em-card-footer\">\n                <span>Voir le d\u00e9tail<\/span>\n                <svg fill=\"none\" viewBox=\"0 0 24 24\" stroke=\"currentColor\" stroke-width=\"2\"><path stroke-linecap=\"round\" stroke-linejoin=\"round\" d=\"M13.5 4.5L21 12m0 0l-7.5 7.5M21 12H3\"><\/path><\/svg>\n              <\/div>\n            <\/div>\n          <\/article>\n                  <article class=\"em-card\"\n            data-type=\"activity\"\n            data-features=\"\"\n            data-name=\"cours de photo num\u00e9rique\"\n            data-json=\"{&quot;name&quot;:&quot;Cours de photo num\\u00e9rique&quot;,&quot;image&quot;:&quot;photographie en plein air&quot;,&quot;link&quot;:&quot;aucun&quot;,&quot;data&quot;:{&quot;name&quot;:&quot;Cours de photo num\\u00e9rique&quot;,&quot;type&quot;:&quot;photographie&quot;,&quot;place&quot;:&quot;For\\u00eat ou au bord du lac&quot;,&quot;distance_km&quot;:&quot;0 \\u00e0 5&quot;,&quot;duration&quot;:&quot;2 \\u00e0 3 heures&quot;,&quot;price&quot;:&quot;environ 20 \\u00e0 50\\u20ac&quot;,&quot;booking_necessary&quot;:&quot;oui&quot;,&quot;comment&quot;:&quot;Am\\u00e9liorez vos comp\\u00e9tences en photo&quot;,&quot;link&quot;:&quot;aucun&quot;,&quot;image&quot;:&quot;photographie en plein air&quot;},&quot;category&quot;:&quot;Activit\\u00e9s et lieux recommand\\u00e9s&quot;}\">\n\n            <!-- Image + badge cat\u00e9gorie -->\n            <div class=\"em-card-img-wrap\">\n                              <div class=\"em-card-placeholder\">\ud83d\udcf7 Pas d'image<\/div>\n                            <span class=\"em-card-badge badge-activity\">Activit\u00e9s et lieux recommand\u00e9s<\/span>\n            <\/div>\n\n            <!-- Contenu de la card -->\n            <div class=\"em-card-body\">\n              <h3 class=\"em-card-title\">Cours de photo num\u00e9rique<\/h3>\n\n              <!-- Tags r\u00e9sum\u00e9s (max 4) -->\n              <div class=\"em-card-tags\">\n                                    <span class=\"em-tag em-tag-green\">environ 20 \u00e0 50\u20ac<\/span>\n                                    <span class=\"em-tag em-tag-blue\">For\u00eat ou au bord du lac<\/span>\n                                              <\/div>\n\n              <!-- Champs suppl\u00e9mentaires (max 3) -->\n              <div class=\"em-card-fields\">\n                                  <div class=\"em-card-field\">\n                    <span class=\"em-card-field-label\">Type d\u2019\u00e9v\u00e9nement (march\u00e9, festival, sport, etc.) :<\/span>\n                    <span class=\"em-card-field-value\">photographie<\/span>\n                  <\/div>\n                                  <div class=\"em-card-field\">\n                    <span class=\"em-card-field-label\">Distance depuis le camping (km) :<\/span>\n                    <span class=\"em-card-field-value\">0 \u00e0 5<\/span>\n                  <\/div>\n                                  <div class=\"em-card-field\">\n                    <span class=\"em-card-field-label\">Dur\u00e9e moyenne :<\/span>\n                    <span class=\"em-card-field-value\">2 \u00e0 3 heures<\/span>\n                  <\/div>\n                              <\/div>\n\n              <!-- Lien vers le d\u00e9tail -->\n              <div class=\"em-card-footer\">\n                <span>Voir le d\u00e9tail<\/span>\n                <svg fill=\"none\" viewBox=\"0 0 24 24\" stroke=\"currentColor\" stroke-width=\"2\"><path stroke-linecap=\"round\" stroke-linejoin=\"round\" d=\"M13.5 4.5L21 12m0 0l-7.5 7.5M21 12H3\"><\/path><\/svg>\n              <\/div>\n            <\/div>\n          <\/article>\n                  <article class=\"em-card\"\n            data-type=\"activity\"\n            data-features=\"\"\n            data-name=\"atelier de marionnettes\"\n            data-json=\"{&quot;name&quot;:&quot;Atelier de marionnettes&quot;,&quot;image&quot;:&quot;marionnettes&quot;,&quot;link&quot;:&quot;aucun&quot;,&quot;data&quot;:{&quot;name&quot;:&quot;Atelier de marionnettes&quot;,&quot;type&quot;:&quot;artisanat local&quot;,&quot;place&quot;:&quot;Ateliers de marionnettes \\u00e0 proximit\\u00e9&quot;,&quot;distance_km&quot;:&quot;5 \\u00e0 10&quot;,&quot;duration&quot;:&quot;2 \\u00e0 3 heures&quot;,&quot;price&quot;:&quot;environ 20 \\u00e0 50\\u20ac&quot;,&quot;booking_necessary&quot;:&quot;oui&quot;,&quot;comment&quot;:&quot;Cr\\u00e9ez vos propres marionnettes&quot;,&quot;link&quot;:&quot;aucun&quot;,&quot;image&quot;:&quot;marionnettes&quot;},&quot;category&quot;:&quot;Activit\\u00e9s et lieux recommand\\u00e9s&quot;}\">\n\n            <!-- Image + badge cat\u00e9gorie -->\n            <div class=\"em-card-img-wrap\">\n                              <div class=\"em-card-placeholder\">\ud83d\udcf7 Pas d'image<\/div>\n                            <span class=\"em-card-badge badge-activity\">Activit\u00e9s et lieux recommand\u00e9s<\/span>\n            <\/div>\n\n            <!-- Contenu de la card -->\n            <div class=\"em-card-body\">\n              <h3 class=\"em-card-title\">Atelier de marionnettes<\/h3>\n\n              <!-- Tags r\u00e9sum\u00e9s (max 4) -->\n              <div class=\"em-card-tags\">\n                                    <span class=\"em-tag em-tag-green\">environ 20 \u00e0 50\u20ac<\/span>\n                                    <span class=\"em-tag em-tag-blue\">Ateliers de marionnettes \u00e0 proximit\u00e9<\/span>\n                                              <\/div>\n\n              <!-- Champs suppl\u00e9mentaires (max 3) -->\n              <div class=\"em-card-fields\">\n                                  <div class=\"em-card-field\">\n                    <span class=\"em-card-field-label\">Type d\u2019\u00e9v\u00e9nement (march\u00e9, festival, sport, etc.) :<\/span>\n                    <span class=\"em-card-field-value\">artisanat local<\/span>\n                  <\/div>\n                                  <div class=\"em-card-field\">\n                    <span class=\"em-card-field-label\">Distance depuis le camping (km) :<\/span>\n                    <span class=\"em-card-field-value\">5 \u00e0 10<\/span>\n                  <\/div>\n                                  <div class=\"em-card-field\">\n                    <span class=\"em-card-field-label\">Dur\u00e9e moyenne :<\/span>\n                    <span class=\"em-card-field-value\">2 \u00e0 3 heures<\/span>\n                  <\/div>\n                              <\/div>\n\n              <!-- Lien vers le d\u00e9tail -->\n              <div class=\"em-card-footer\">\n                <span>Voir le d\u00e9tail<\/span>\n                <svg fill=\"none\" viewBox=\"0 0 24 24\" stroke=\"currentColor\" stroke-width=\"2\"><path stroke-linecap=\"round\" stroke-linejoin=\"round\" d=\"M13.5 4.5L21 12m0 0l-7.5 7.5M21 12H3\"><\/path><\/svg>\n              <\/div>\n            <\/div>\n          <\/article>\n                  <article class=\"em-card\"\n            data-type=\"activity\"\n            data-features=\"\"\n            data-name=\"balade en chiens de tra\u00eeneaux d&#039;\u00e9t\u00e9\"\n            data-json=\"{&quot;name&quot;:&quot;Balade en chiens de tra\\u00eeneaux d&#039;\\u00e9t\\u00e9&quot;,&quot;image&quot;:&quot;chiens de tra\\u00eeneaux d&#039;\\u00e9t\\u00e9&quot;,&quot;link&quot;:&quot;aucun&quot;,&quot;data&quot;:{&quot;name&quot;:&quot;Balade en chiens de tra\\u00eeneaux d&#039;\\u00e9t\\u00e9&quot;,&quot;type&quot;:&quot;activit\\u00e9 en plein air&quot;,&quot;place&quot;:&quot;For\\u00eat landaise&quot;,&quot;distance_km&quot;:&quot;0&quot;,&quot;duration&quot;:&quot;1 \\u00e0 2 heures&quot;,&quot;price&quot;:&quot;environ 10 \\u00e0 20\\u20ac par personne&quot;,&quot;booking_necessary&quot;:&quot;oui&quot;,&quot;comment&quot;:&quot;Activit\\u00e9 en saison&quot;,&quot;link&quot;:&quot;aucun&quot;,&quot;image&quot;:&quot;chiens de tra\\u00eeneaux d&#039;\\u00e9t\\u00e9&quot;},&quot;category&quot;:&quot;Activit\\u00e9s et lieux recommand\\u00e9s&quot;}\">\n\n            <!-- Image + badge cat\u00e9gorie -->\n            <div class=\"em-card-img-wrap\">\n                              <div class=\"em-card-placeholder\">\ud83d\udcf7 Pas d'image<\/div>\n                            <span class=\"em-card-badge badge-activity\">Activit\u00e9s et lieux recommand\u00e9s<\/span>\n            <\/div>\n\n            <!-- Contenu de la card -->\n            <div class=\"em-card-body\">\n              <h3 class=\"em-card-title\">Balade en chiens de tra\u00eeneaux d&#039;\u00e9t\u00e9<\/h3>\n\n              <!-- Tags r\u00e9sum\u00e9s (max 4) -->\n              <div class=\"em-card-tags\">\n                                    <span class=\"em-tag em-tag-green\">environ 10 \u00e0 20\u20ac par personne<\/span>\n                                    <span class=\"em-tag em-tag-blue\">For\u00eat landaise<\/span>\n                                              <\/div>\n\n              <!-- Champs suppl\u00e9mentaires (max 3) -->\n              <div class=\"em-card-fields\">\n                                  <div class=\"em-card-field\">\n                    <span class=\"em-card-field-label\">Type d\u2019\u00e9v\u00e9nement (march\u00e9, festival, sport, etc.) :<\/span>\n                    <span class=\"em-card-field-value\">activit\u00e9 en plein air<\/span>\n                  <\/div>\n                                  <div class=\"em-card-field\">\n                    <span class=\"em-card-field-label\">Dur\u00e9e moyenne :<\/span>\n                    <span class=\"em-card-field-value\">1 \u00e0 2 heures<\/span>\n                  <\/div>\n                                  <div class=\"em-card-field\">\n                    <span class=\"em-card-field-label\">R\u00e9servation n\u00e9cessaire ? :<\/span>\n                    <span class=\"em-card-field-value\">oui<\/span>\n                  <\/div>\n                              <\/div>\n\n              <!-- Lien vers le d\u00e9tail -->\n              <div class=\"em-card-footer\">\n                <span>Voir le d\u00e9tail<\/span>\n                <svg fill=\"none\" viewBox=\"0 0 24 24\" stroke=\"currentColor\" stroke-width=\"2\"><path stroke-linecap=\"round\" stroke-linejoin=\"round\" d=\"M13.5 4.5L21 12m0 0l-7.5 7.5M21 12H3\"><\/path><\/svg>\n              <\/div>\n            <\/div>\n          <\/article>\n                  <article class=\"em-card\"\n            data-type=\"activity\"\n            data-features=\"\"\n            data-name=\"atelier de couture cr\u00e9ative\"\n            data-json=\"{&quot;name&quot;:&quot;Atelier de couture cr\\u00e9ative&quot;,&quot;image&quot;:&quot;couture cr\\u00e9ative&quot;,&quot;link&quot;:&quot;aucun&quot;,&quot;data&quot;:{&quot;name&quot;:&quot;Atelier de couture cr\\u00e9ative&quot;,&quot;type&quot;:&quot;artisanat local&quot;,&quot;place&quot;:&quot;Ateliers de couture \\u00e0 proximit\\u00e9&quot;,&quot;distance_km&quot;:&quot;5 \\u00e0 10&quot;,&quot;duration&quot;:&quot;2 \\u00e0 3 heures&quot;,&quot;price&quot;:&quot;environ 20 \\u00e0 50\\u20ac par session&quot;,&quot;booking_necessary&quot;:&quot;oui&quot;,&quot;comment&quot;:&quot;Cr\\u00e9ez vos propres v\\u00eatements&quot;,&quot;link&quot;:&quot;aucun&quot;,&quot;image&quot;:&quot;couture cr\\u00e9ative&quot;},&quot;category&quot;:&quot;Activit\\u00e9s et lieux recommand\\u00e9s&quot;}\">\n\n            <!-- Image + badge cat\u00e9gorie -->\n            <div class=\"em-card-img-wrap\">\n                              <div class=\"em-card-placeholder\">\ud83d\udcf7 Pas d'image<\/div>\n                            <span class=\"em-card-badge badge-activity\">Activit\u00e9s et lieux recommand\u00e9s<\/span>\n            <\/div>\n\n            <!-- Contenu de la card -->\n            <div class=\"em-card-body\">\n              <h3 class=\"em-card-title\">Atelier de couture cr\u00e9ative<\/h3>\n\n              <!-- Tags r\u00e9sum\u00e9s (max 4) -->\n              <div class=\"em-card-tags\">\n                                    <span class=\"em-tag em-tag-green\">environ 20 \u00e0 50\u20ac par session<\/span>\n                                    <span class=\"em-tag em-tag-blue\">Ateliers de couture \u00e0 proximit\u00e9<\/span>\n                                              <\/div>\n\n              <!-- Champs suppl\u00e9mentaires (max 3) -->\n              <div class=\"em-card-fields\">\n                                  <div class=\"em-card-field\">\n                    <span class=\"em-card-field-label\">Type d\u2019\u00e9v\u00e9nement (march\u00e9, festival, sport, etc.) :<\/span>\n                    <span class=\"em-card-field-value\">artisanat local<\/span>\n                  <\/div>\n                                  <div class=\"em-card-field\">\n                    <span class=\"em-card-field-label\">Distance depuis le camping (km) :<\/span>\n                    <span class=\"em-card-field-value\">5 \u00e0 10<\/span>\n                  <\/div>\n                                  <div class=\"em-card-field\">\n                    <span class=\"em-card-field-label\">Dur\u00e9e moyenne :<\/span>\n                    <span class=\"em-card-field-value\">2 \u00e0 3 heures<\/span>\n                  <\/div>\n                              <\/div>\n\n              <!-- Lien vers le d\u00e9tail -->\n              <div class=\"em-card-footer\">\n                <span>Voir le d\u00e9tail<\/span>\n                <svg fill=\"none\" viewBox=\"0 0 24 24\" stroke=\"currentColor\" stroke-width=\"2\"><path stroke-linecap=\"round\" stroke-linejoin=\"round\" d=\"M13.5 4.5L21 12m0 0l-7.5 7.5M21 12H3\"><\/path><\/svg>\n              <\/div>\n            <\/div>\n          <\/article>\n                  <article class=\"em-card\"\n            data-type=\"activity\"\n            data-features=\"\"\n            data-name=\"visite guid\u00e9e de la r\u00e9serve naturelle des marais d&#039;orx\"\n            data-json=\"{&quot;name&quot;:&quot;Visite guid\\u00e9e de la R\\u00e9serve Naturelle des Marais d&#039;Orx&quot;,&quot;image&quot;:&quot;marais d&#039;Orx&quot;,&quot;link&quot;:&quot;aucun&quot;,&quot;data&quot;:{&quot;name&quot;:&quot;Visite guid\\u00e9e de la R\\u00e9serve Naturelle des Marais d&#039;Orx&quot;,&quot;type&quot;:&quot;nature&quot;,&quot;place&quot;:&quot;Marais d&#039;Orx&quot;,&quot;distance_km&quot;:&quot;10 \\u00e0 20&quot;,&quot;duration&quot;:&quot;2 \\u00e0 3 heures&quot;,&quot;price&quot;:&quot;environ 10 \\u00e0 20\\u20ac par personne&quot;,&quot;booking_necessary&quot;:&quot;oui&quot;,&quot;comment&quot;:&quot;D\\u00e9couvrez la biodiversit\\u00e9 locale&quot;,&quot;link&quot;:&quot;aucun&quot;,&quot;image&quot;:&quot;marais d&#039;Orx&quot;},&quot;category&quot;:&quot;Activit\\u00e9s et lieux recommand\\u00e9s&quot;}\">\n\n            <!-- Image + badge cat\u00e9gorie -->\n            <div class=\"em-card-img-wrap\">\n                              <div class=\"em-card-placeholder\">\ud83d\udcf7 Pas d'image<\/div>\n                            <span class=\"em-card-badge badge-activity\">Activit\u00e9s et lieux recommand\u00e9s<\/span>\n            <\/div>\n\n            <!-- Contenu de la card -->\n            <div class=\"em-card-body\">\n              <h3 class=\"em-card-title\">Visite guid\u00e9e de la R\u00e9serve Naturelle des Marais d&#039;Orx<\/h3>\n\n              <!-- Tags r\u00e9sum\u00e9s (max 4) -->\n              <div class=\"em-card-tags\">\n                                    <span class=\"em-tag em-tag-green\">environ 10 \u00e0 20\u20ac par personne<\/span>\n                                    <span class=\"em-tag em-tag-blue\">Marais d&#039;Orx<\/span>\n                                              <\/div>\n\n              <!-- Champs suppl\u00e9mentaires (max 3) -->\n              <div class=\"em-card-fields\">\n                                  <div class=\"em-card-field\">\n                    <span class=\"em-card-field-label\">Type d\u2019\u00e9v\u00e9nement (march\u00e9, festival, sport, etc.) :<\/span>\n                    <span class=\"em-card-field-value\">nature<\/span>\n                  <\/div>\n                                  <div class=\"em-card-field\">\n                    <span class=\"em-card-field-label\">Distance depuis le camping (km) :<\/span>\n                    <span class=\"em-card-field-value\">10 \u00e0 20<\/span>\n                  <\/div>\n                                  <div class=\"em-card-field\">\n                    <span class=\"em-card-field-label\">Dur\u00e9e moyenne :<\/span>\n                    <span class=\"em-card-field-value\">2 \u00e0 3 heures<\/span>\n                  <\/div>\n                              <\/div>\n\n              <!-- Lien vers le d\u00e9tail -->\n              <div class=\"em-card-footer\">\n                <span>Voir le d\u00e9tail<\/span>\n                <svg fill=\"none\" viewBox=\"0 0 24 24\" stroke=\"currentColor\" stroke-width=\"2\"><path stroke-linecap=\"round\" stroke-linejoin=\"round\" d=\"M13.5 4.5L21 12m0 0l-7.5 7.5M21 12H3\"><\/path><\/svg>\n              <\/div>\n            <\/div>\n          <\/article>\n                  <article class=\"em-card\"\n            data-type=\"activity\"\n            data-features=\"\"\n            data-name=\"th\u00e9\u00e2tre de plein air en saison\"\n            data-json=\"{&quot;name&quot;:&quot;Th\\u00e9\\u00e2tre de plein air en saison&quot;,&quot;image&quot;:&quot;th\\u00e9\\u00e2tre de plein air&quot;,&quot;link&quot;:&quot;aucun&quot;,&quot;data&quot;:{&quot;name&quot;:&quot;Th\\u00e9\\u00e2tre de plein air en saison&quot;,&quot;type&quot;:&quot;th\\u00e9\\u00e2tre&quot;,&quot;place&quot;:&quot;Lieux de spectacle en plein air&quot;,&quot;distance_km&quot;:&quot;5 \\u00e0 10&quot;,&quot;duration&quot;:&quot;2 \\u00e0 4 heures&quot;,&quot;price&quot;:&quot;environ 10 \\u00e0 30\\u20ac par personne&quot;,&quot;booking_necessary&quot;:&quot;oui&quot;,&quot;comment&quot;:&quot;D\\u00e9couvrez des spectacles en ext\\u00e9rieur&quot;,&quot;link&quot;:&quot;aucun&quot;,&quot;image&quot;:&quot;th\\u00e9\\u00e2tre de plein air&quot;},&quot;category&quot;:&quot;Activit\\u00e9s et lieux recommand\\u00e9s&quot;}\">\n\n            <!-- Image + badge cat\u00e9gorie -->\n            <div class=\"em-card-img-wrap\">\n                              <div class=\"em-card-placeholder\">\ud83d\udcf7 Pas d'image<\/div>\n                            <span class=\"em-card-badge badge-activity\">Activit\u00e9s et lieux recommand\u00e9s<\/span>\n            <\/div>\n\n            <!-- Contenu de la card -->\n            <div class=\"em-card-body\">\n              <h3 class=\"em-card-title\">Th\u00e9\u00e2tre de plein air en saison<\/h3>\n\n              <!-- Tags r\u00e9sum\u00e9s (max 4) -->\n              <div class=\"em-card-tags\">\n                                    <span class=\"em-tag em-tag-green\">environ 10 \u00e0 30\u20ac par personne<\/span>\n                                    <span class=\"em-tag em-tag-blue\">Lieux de spectacle en plein air<\/span>\n                                              <\/div>\n\n              <!-- Champs suppl\u00e9mentaires (max 3) -->\n              <div class=\"em-card-fields\">\n                                  <div class=\"em-card-field\">\n                    <span class=\"em-card-field-label\">Type d\u2019\u00e9v\u00e9nement (march\u00e9, festival, sport, etc.) :<\/span>\n                    <span class=\"em-card-field-value\">th\u00e9\u00e2tre<\/span>\n                  <\/div>\n                                  <div class=\"em-card-field\">\n                    <span class=\"em-card-field-label\">Distance depuis le camping (km) :<\/span>\n                    <span class=\"em-card-field-value\">5 \u00e0 10<\/span>\n                  <\/div>\n                                  <div class=\"em-card-field\">\n                    <span class=\"em-card-field-label\">Dur\u00e9e moyenne :<\/span>\n                    <span class=\"em-card-field-value\">2 \u00e0 4 heures<\/span>\n                  <\/div>\n                              <\/div>\n\n              <!-- Lien vers le d\u00e9tail -->\n              <div class=\"em-card-footer\">\n                <span>Voir le d\u00e9tail<\/span>\n                <svg fill=\"none\" viewBox=\"0 0 24 24\" stroke=\"currentColor\" stroke-width=\"2\"><path stroke-linecap=\"round\" stroke-linejoin=\"round\" d=\"M13.5 4.5L21 12m0 0l-7.5 7.5M21 12H3\"><\/path><\/svg>\n              <\/div>\n            <\/div>\n          <\/article>\n                  <article class=\"em-card\"\n            data-type=\"activity\"\n            data-features=\"\"\n            data-name=\"d\u00e9couverte de l\u2019herboristerie locale\"\n            data-json=\"{&quot;name&quot;:&quot;D\\u00e9couverte de l\\u2019Herboristerie Locale&quot;,&quot;image&quot;:&quot;&quot;,&quot;link&quot;:&quot;https:\\\/\\\/www.mimizan-tourisme.com&quot;,&quot;data&quot;:{&quot;name&quot;:&quot;D\\u00e9couverte de l\\u2019Herboristerie Locale&quot;,&quot;type&quot;:&quot;Atelier&quot;,&quot;place&quot;:&quot;Saint-Paul-en-Born&quot;,&quot;distance_km&quot;:&quot;Sur place&quot;,&quot;duration&quot;:&quot;2-3 heures&quot;,&quot;price&quot;:&quot;\\u00c0 partir de 15\\u20ac&quot;,&quot;booking_necessary&quot;:&quot;Oui&quot;,&quot;comment&quot;:&quot;Atelier pour apprendre les usages des plantes m\\u00e9dicinales traditionnelles des Landes, anim\\u00e9 par un herboriste local.&quot;,&quot;link&quot;:&quot;https:\\\/\\\/www.mimizan-tourisme.com&quot;,&quot;image&quot;:&quot;&quot;},&quot;category&quot;:&quot;Activit\\u00e9s et lieux recommand\\u00e9s&quot;}\">\n\n            <!-- Image + badge cat\u00e9gorie -->\n            <div class=\"em-card-img-wrap\">\n                              <div class=\"em-card-placeholder\">\ud83d\udcf7 Pas d'image<\/div>\n                            <span class=\"em-card-badge badge-activity\">Activit\u00e9s et lieux recommand\u00e9s<\/span>\n            <\/div>\n\n            <!-- Contenu de la card -->\n            <div class=\"em-card-body\">\n              <h3 class=\"em-card-title\">D\u00e9couverte de l\u2019Herboristerie Locale<\/h3>\n\n              <!-- Tags r\u00e9sum\u00e9s (max 4) -->\n              <div class=\"em-card-tags\">\n                                    <span class=\"em-tag em-tag-green\">\u00c0 partir de 15\u20ac<\/span>\n                                    <span class=\"em-tag em-tag-blue\">Saint-Paul-en-Born<\/span>\n                                              <\/div>\n\n              <!-- Champs suppl\u00e9mentaires (max 3) -->\n              <div class=\"em-card-fields\">\n                                  <div class=\"em-card-field\">\n                    <span class=\"em-card-field-label\">Type d\u2019\u00e9v\u00e9nement (march\u00e9, festival, sport, etc.) :<\/span>\n                    <span class=\"em-card-field-value\">Atelier<\/span>\n                  <\/div>\n                                  <div class=\"em-card-field\">\n                    <span class=\"em-card-field-label\">Distance depuis le camping (km) :<\/span>\n                    <span class=\"em-card-field-value\">Sur place<\/span>\n                  <\/div>\n                                  <div class=\"em-card-field\">\n                    <span class=\"em-card-field-label\">Dur\u00e9e moyenne :<\/span>\n                    <span class=\"em-card-field-value\">2-3 heures<\/span>\n                  <\/div>\n                              <\/div>\n\n              <!-- Lien vers le d\u00e9tail -->\n              <div class=\"em-card-footer\">\n                <span>Voir le d\u00e9tail<\/span>\n                <svg fill=\"none\" viewBox=\"0 0 24 24\" stroke=\"currentColor\" stroke-width=\"2\"><path stroke-linecap=\"round\" stroke-linejoin=\"round\" d=\"M13.5 4.5L21 12m0 0l-7.5 7.5M21 12H3\"><\/path><\/svg>\n              <\/div>\n            <\/div>\n          <\/article>\n                  <article class=\"em-card\"\n            data-type=\"activity\"\n            data-features=\"\"\n            data-name=\"jeux de piste en for\u00eat landaise\"\n            data-json=\"{&quot;name&quot;:&quot;Jeux de Piste en For\\u00eat Landaise&quot;,&quot;image&quot;:&quot;&quot;,&quot;link&quot;:&quot;https:\\\/\\\/www.saint-paul-en-born.fr\\\/Tourisme&quot;,&quot;data&quot;:{&quot;name&quot;:&quot;Jeux de Piste en For\\u00eat Landaise&quot;,&quot;type&quot;:&quot;Activit\\u00e9 ludique&quot;,&quot;place&quot;:&quot;For\\u00eat autour de Saint-Paul-en-Born&quot;,&quot;distance_km&quot;:&quot;&lt;5 km&quot;,&quot;duration&quot;:&quot;1-2 heures&quot;,&quot;price&quot;:&quot;Gratuit \\u00e0 10\\u20ac selon l&#039;organisateur&quot;,&quot;booking_necessary&quot;:&quot;Souvent oui&quot;,&quot;comment&quot;:&quot;Chasse au tr\\u00e9sor ou parcours d\\u2019orientation en for\\u00eat pour d\\u00e9couvrir la nature de fa\\u00e7on ludique.&quot;,&quot;link&quot;:&quot;https:\\\/\\\/www.saint-paul-en-born.fr\\\/Tourisme&quot;,&quot;image&quot;:&quot;&quot;},&quot;category&quot;:&quot;Activit\\u00e9s et lieux recommand\\u00e9s&quot;}\">\n\n            <!-- Image + badge cat\u00e9gorie -->\n            <div class=\"em-card-img-wrap\">\n                              <div class=\"em-card-placeholder\">\ud83d\udcf7 Pas d'image<\/div>\n                            <span class=\"em-card-badge badge-activity\">Activit\u00e9s et lieux recommand\u00e9s<\/span>\n            <\/div>\n\n            <!-- Contenu de la card -->\n            <div class=\"em-card-body\">\n              <h3 class=\"em-card-title\">Jeux de Piste en For\u00eat Landaise<\/h3>\n\n              <!-- Tags r\u00e9sum\u00e9s (max 4) -->\n              <div class=\"em-card-tags\">\n                                    <span class=\"em-tag em-tag-green\">Gratuit \u00e0 10\u20ac selon l&#039;organisateur<\/span>\n                                    <span class=\"em-tag em-tag-blue\">For\u00eat autour de Saint-Paul-en-Born<\/span>\n                                              <\/div>\n\n              <!-- Champs suppl\u00e9mentaires (max 3) -->\n              <div class=\"em-card-fields\">\n                                  <div class=\"em-card-field\">\n                    <span class=\"em-card-field-label\">Type d\u2019\u00e9v\u00e9nement (march\u00e9, festival, sport, etc.) :<\/span>\n                    <span class=\"em-card-field-value\">Activit\u00e9 ludique<\/span>\n                  <\/div>\n                                  <div class=\"em-card-field\">\n                    <span class=\"em-card-field-label\">Distance depuis le camping (km) :<\/span>\n                    <span class=\"em-card-field-value\">&lt;5 km<\/span>\n                  <\/div>\n                                  <div class=\"em-card-field\">\n                    <span class=\"em-card-field-label\">Dur\u00e9e moyenne :<\/span>\n                    <span class=\"em-card-field-value\">1-2 heures<\/span>\n                  <\/div>\n                              <\/div>\n\n              <!-- Lien vers le d\u00e9tail -->\n              <div class=\"em-card-footer\">\n                <span>Voir le d\u00e9tail<\/span>\n                <svg fill=\"none\" viewBox=\"0 0 24 24\" stroke=\"currentColor\" stroke-width=\"2\"><path stroke-linecap=\"round\" stroke-linejoin=\"round\" d=\"M13.5 4.5L21 12m0 0l-7.5 7.5M21 12H3\"><\/path><\/svg>\n              <\/div>\n            <\/div>\n          <\/article>\n                  <article class=\"em-card\"\n            data-type=\"activity\"\n            data-features=\"\"\n            data-name=\"balade en fat bike\"\n            data-json=\"{&quot;name&quot;:&quot;Balade en Fat Bike&quot;,&quot;image&quot;:&quot;&quot;,&quot;link&quot;:&quot;https:\\\/\\\/www.tourismelandes.com&quot;,&quot;data&quot;:{&quot;name&quot;:&quot;Balade en Fat Bike&quot;,&quot;type&quot;:&quot;Randonn\\u00e9e sportive&quot;,&quot;place&quot;:&quot;For\\u00eat des Landes proche Saint-Paul-en-Born&quot;,&quot;distance_km&quot;:&quot;&lt;10 km&quot;,&quot;duration&quot;:&quot;2-4 heures&quot;,&quot;price&quot;:&quot;De 25\\u20ac \\u00e0 40\\u20ac la location + guide possible&quot;,&quot;booking_necessary&quot;:&quot;Oui&quot;,&quot;comment&quot;:&quot;V\\u00e9lo tout terrain \\u00e0 pneus larges permettant de parcourir les chemins forestiers, id\\u00e9al pour d\\u00e9couvrir la r\\u00e9gion autrement.&quot;,&quot;link&quot;:&quot;https:\\\/\\\/www.tourismelandes.com&quot;,&quot;image&quot;:&quot;&quot;},&quot;category&quot;:&quot;Activit\\u00e9s et lieux recommand\\u00e9s&quot;}\">\n\n            <!-- Image + badge cat\u00e9gorie -->\n            <div class=\"em-card-img-wrap\">\n                              <div class=\"em-card-placeholder\">\ud83d\udcf7 Pas d'image<\/div>\n                            <span class=\"em-card-badge badge-activity\">Activit\u00e9s et lieux recommand\u00e9s<\/span>\n            <\/div>\n\n            <!-- Contenu de la card -->\n            <div class=\"em-card-body\">\n              <h3 class=\"em-card-title\">Balade en Fat Bike<\/h3>\n\n              <!-- Tags r\u00e9sum\u00e9s (max 4) -->\n              <div class=\"em-card-tags\">\n                                    <span class=\"em-tag em-tag-green\">De 25\u20ac \u00e0 40\u20ac la location + guide possible<\/span>\n                                    <span class=\"em-tag em-tag-blue\">For\u00eat des Landes proche Saint-Paul-en-Born<\/span>\n                                              <\/div>\n\n              <!-- Champs suppl\u00e9mentaires (max 3) -->\n              <div class=\"em-card-fields\">\n                                  <div class=\"em-card-field\">\n                    <span class=\"em-card-field-label\">Type d\u2019\u00e9v\u00e9nement (march\u00e9, festival, sport, etc.) :<\/span>\n                    <span class=\"em-card-field-value\">Randonn\u00e9e sportive<\/span>\n                  <\/div>\n                                  <div class=\"em-card-field\">\n                    <span class=\"em-card-field-label\">Distance depuis le camping (km) :<\/span>\n                    <span class=\"em-card-field-value\">&lt;10 km<\/span>\n                  <\/div>\n                                  <div class=\"em-card-field\">\n                    <span class=\"em-card-field-label\">Dur\u00e9e moyenne :<\/span>\n                    <span class=\"em-card-field-value\">2-4 heures<\/span>\n                  <\/div>\n                              <\/div>\n\n              <!-- Lien vers le d\u00e9tail -->\n              <div class=\"em-card-footer\">\n                <span>Voir le d\u00e9tail<\/span>\n                <svg fill=\"none\" viewBox=\"0 0 24 24\" stroke=\"currentColor\" stroke-width=\"2\"><path stroke-linecap=\"round\" stroke-linejoin=\"round\" d=\"M13.5 4.5L21 12m0 0l-7.5 7.5M21 12H3\"><\/path><\/svg>\n              <\/div>\n            <\/div>\n          <\/article>\n                  <article class=\"em-card\"\n            data-type=\"activity\"\n            data-features=\"\"\n            data-name=\"atelier de poterie artisanale landaise\"\n            data-json=\"{&quot;name&quot;:&quot;Atelier de Poterie Artisanale Landaise&quot;,&quot;image&quot;:&quot;&quot;,&quot;link&quot;:&quot;https:\\\/\\\/www.mimizan-tourisme.com&quot;,&quot;data&quot;:{&quot;name&quot;:&quot;Atelier de Poterie Artisanale Landaise&quot;,&quot;type&quot;:&quot;Atelier cr\\u00e9atif&quot;,&quot;place&quot;:&quot;Saint-Paul-en-Born ou Mimizan&quot;,&quot;distance_km&quot;:&quot;5-7 km&quot;,&quot;duration&quot;:&quot;2-3 heures&quot;,&quot;price&quot;:&quot;Environ 20-35\\u20ac par session&quot;,&quot;booking_necessary&quot;:&quot;Oui&quot;,&quot;comment&quot;:&quot;Initiation \\u00e0 la poterie traditionnelle avec un artisan local, d\\u00e9couverte des techniques de modelage en terre.&quot;,&quot;link&quot;:&quot;https:\\\/\\\/www.mimizan-tourisme.com&quot;,&quot;image&quot;:&quot;&quot;},&quot;category&quot;:&quot;Activit\\u00e9s et lieux recommand\\u00e9s&quot;}\">\n\n            <!-- Image + badge cat\u00e9gorie -->\n            <div class=\"em-card-img-wrap\">\n                              <div class=\"em-card-placeholder\">\ud83d\udcf7 Pas d'image<\/div>\n                            <span class=\"em-card-badge badge-activity\">Activit\u00e9s et lieux recommand\u00e9s<\/span>\n            <\/div>\n\n            <!-- Contenu de la card -->\n            <div class=\"em-card-body\">\n              <h3 class=\"em-card-title\">Atelier de Poterie Artisanale Landaise<\/h3>\n\n              <!-- Tags r\u00e9sum\u00e9s (max 4) -->\n              <div class=\"em-card-tags\">\n                                    <span class=\"em-tag em-tag-green\">Environ 20-35\u20ac par session<\/span>\n                                    <span class=\"em-tag em-tag-blue\">Saint-Paul-en-Born ou Mimizan<\/span>\n                                              <\/div>\n\n              <!-- Champs suppl\u00e9mentaires (max 3) -->\n              <div class=\"em-card-fields\">\n                                  <div class=\"em-card-field\">\n                    <span class=\"em-card-field-label\">Type d\u2019\u00e9v\u00e9nement (march\u00e9, festival, sport, etc.) :<\/span>\n                    <span class=\"em-card-field-value\">Atelier cr\u00e9atif<\/span>\n                  <\/div>\n                                  <div class=\"em-card-field\">\n                    <span class=\"em-card-field-label\">Distance depuis le camping (km) :<\/span>\n                    <span class=\"em-card-field-value\">5-7 km<\/span>\n                  <\/div>\n                                  <div class=\"em-card-field\">\n                    <span class=\"em-card-field-label\">Dur\u00e9e moyenne :<\/span>\n                    <span class=\"em-card-field-value\">2-3 heures<\/span>\n                  <\/div>\n                              <\/div>\n\n              <!-- Lien vers le d\u00e9tail -->\n              <div class=\"em-card-footer\">\n                <span>Voir le d\u00e9tail<\/span>\n                <svg fill=\"none\" viewBox=\"0 0 24 24\" stroke=\"currentColor\" stroke-width=\"2\"><path stroke-linecap=\"round\" stroke-linejoin=\"round\" d=\"M13.5 4.5L21 12m0 0l-7.5 7.5M21 12H3\"><\/path><\/svg>\n              <\/div>\n            <\/div>\n          <\/article>\n                  <article class=\"em-card\"\n            data-type=\"activity\"\n            data-features=\"\"\n            data-name=\"visite guid\u00e9e des vestiges gallo-romains du pays de born\"\n            data-json=\"{&quot;name&quot;:&quot;Visite Guid\\u00e9e des Vestiges Gallo-Romains du Pays de Born&quot;,&quot;image&quot;:&quot;&quot;,&quot;link&quot;:&quot;https:\\\/\\\/www.saint-paul-en-born.fr\\\/Tourisme&quot;,&quot;data&quot;:{&quot;name&quot;:&quot;Visite Guid\\u00e9e des Vestiges Gallo-Romains du Pays de Born&quot;,&quot;type&quot;:&quot;Visite culturelle&quot;,&quot;place&quot;:&quot;Saint-Paul-en-Born et environs&quot;,&quot;distance_km&quot;:&quot;Sur place ou &lt;15 km&quot;,&quot;duration&quot;:&quot;2 heures&quot;,&quot;price&quot;:&quot;10\\u20ac \\u00e0 15\\u20ac&quot;,&quot;booking_necessary&quot;:&quot;Oui&quot;,&quot;comment&quot;:&quot;D\\u00e9couverte historique des sites arch\\u00e9ologiques gallo-romains locaux avec un guide sp\\u00e9cialis\\u00e9.&quot;,&quot;link&quot;:&quot;https:\\\/\\\/www.saint-paul-en-born.fr\\\/Tourisme&quot;,&quot;image&quot;:&quot;&quot;},&quot;category&quot;:&quot;Activit\\u00e9s et lieux recommand\\u00e9s&quot;}\">\n\n            <!-- Image + badge cat\u00e9gorie -->\n            <div class=\"em-card-img-wrap\">\n                              <div class=\"em-card-placeholder\">\ud83d\udcf7 Pas d'image<\/div>\n                            <span class=\"em-card-badge badge-activity\">Activit\u00e9s et lieux recommand\u00e9s<\/span>\n            <\/div>\n\n            <!-- Contenu de la card -->\n            <div class=\"em-card-body\">\n              <h3 class=\"em-card-title\">Visite Guid\u00e9e des Vestiges Gallo-Romains du Pays de Born<\/h3>\n\n              <!-- Tags r\u00e9sum\u00e9s (max 4) -->\n              <div class=\"em-card-tags\">\n                                    <span class=\"em-tag em-tag-green\">10\u20ac \u00e0 15\u20ac<\/span>\n                                    <span class=\"em-tag em-tag-blue\">Saint-Paul-en-Born et environs<\/span>\n                                              <\/div>\n\n              <!-- Champs suppl\u00e9mentaires (max 3) -->\n              <div class=\"em-card-fields\">\n                                  <div class=\"em-card-field\">\n                    <span class=\"em-card-field-label\">Type d\u2019\u00e9v\u00e9nement (march\u00e9, festival, sport, etc.) :<\/span>\n                    <span class=\"em-card-field-value\">Visite culturelle<\/span>\n                  <\/div>\n                                  <div class=\"em-card-field\">\n                    <span class=\"em-card-field-label\">Distance depuis le camping (km) :<\/span>\n                    <span class=\"em-card-field-value\">Sur place ou &lt;15 km<\/span>\n                  <\/div>\n                                  <div class=\"em-card-field\">\n                    <span class=\"em-card-field-label\">Dur\u00e9e moyenne :<\/span>\n                    <span class=\"em-card-field-value\">2 heures<\/span>\n                  <\/div>\n                              <\/div>\n\n              <!-- Lien vers le d\u00e9tail -->\n              <div class=\"em-card-footer\">\n                <span>Voir le d\u00e9tail<\/span>\n                <svg fill=\"none\" viewBox=\"0 0 24 24\" stroke=\"currentColor\" stroke-width=\"2\"><path stroke-linecap=\"round\" stroke-linejoin=\"round\" d=\"M13.5 4.5L21 12m0 0l-7.5 7.5M21 12H3\"><\/path><\/svg>\n              <\/div>\n            <\/div>\n          <\/article>\n                  <article class=\"em-card\"\n            data-type=\"activity\"\n            data-features=\"\"\n            data-name=\"excursion en bateau pneumatique sur le lac d\u2019aureilhan\"\n            data-json=\"{&quot;name&quot;:&quot;Excursion en Bateau Pneumatique sur le Lac d\\u2019Aureilhan&quot;,&quot;image&quot;:&quot;&quot;,&quot;link&quot;:&quot;https:\\\/\\\/www.tourismelandes.com&quot;,&quot;data&quot;:{&quot;name&quot;:&quot;Excursion en Bateau Pneumatique sur le Lac d\\u2019Aureilhan&quot;,&quot;type&quot;:&quot;Activit\\u00e9 nautique&quot;,&quot;place&quot;:&quot;Lac d\\u2019Aureilhan&quot;,&quot;distance_km&quot;:&quot;8 km&quot;,&quot;duration&quot;:&quot;1-2 heures&quot;,&quot;price&quot;:&quot;20\\u20ac \\u00e0 50\\u20ac selon la formule&quot;,&quot;booking_necessary&quot;:&quot;Oui&quot;,&quot;comment&quot;:&quot;Promenade en bateau pneumatique pour observer la faune et la flore du lac et ses environs.&quot;,&quot;link&quot;:&quot;https:\\\/\\\/www.tourismelandes.com&quot;,&quot;image&quot;:&quot;&quot;},&quot;category&quot;:&quot;Activit\\u00e9s et lieux recommand\\u00e9s&quot;}\">\n\n            <!-- Image + badge cat\u00e9gorie -->\n            <div class=\"em-card-img-wrap\">\n                              <div class=\"em-card-placeholder\">\ud83d\udcf7 Pas d'image<\/div>\n                            <span class=\"em-card-badge badge-activity\">Activit\u00e9s et lieux recommand\u00e9s<\/span>\n            <\/div>\n\n            <!-- Contenu de la card -->\n            <div class=\"em-card-body\">\n              <h3 class=\"em-card-title\">Excursion en Bateau Pneumatique sur le Lac d\u2019Aureilhan<\/h3>\n\n              <!-- Tags r\u00e9sum\u00e9s (max 4) -->\n              <div class=\"em-card-tags\">\n                                    <span class=\"em-tag em-tag-green\">20\u20ac \u00e0 50\u20ac selon la formule<\/span>\n                                    <span class=\"em-tag em-tag-blue\">Lac d\u2019Aureilhan<\/span>\n                                              <\/div>\n\n              <!-- Champs suppl\u00e9mentaires (max 3) -->\n              <div class=\"em-card-fields\">\n                                  <div class=\"em-card-field\">\n                    <span class=\"em-card-field-label\">Type d\u2019\u00e9v\u00e9nement (march\u00e9, festival, sport, etc.) :<\/span>\n                    <span class=\"em-card-field-value\">Activit\u00e9 nautique<\/span>\n                  <\/div>\n                                  <div class=\"em-card-field\">\n                    <span class=\"em-card-field-label\">Distance depuis le camping (km) :<\/span>\n                    <span class=\"em-card-field-value\">8 km<\/span>\n                  <\/div>\n                                  <div class=\"em-card-field\">\n                    <span class=\"em-card-field-label\">Dur\u00e9e moyenne :<\/span>\n                    <span class=\"em-card-field-value\">1-2 heures<\/span>\n                  <\/div>\n                              <\/div>\n\n              <!-- Lien vers le d\u00e9tail -->\n              <div class=\"em-card-footer\">\n                <span>Voir le d\u00e9tail<\/span>\n                <svg fill=\"none\" viewBox=\"0 0 24 24\" stroke=\"currentColor\" stroke-width=\"2\"><path stroke-linecap=\"round\" stroke-linejoin=\"round\" d=\"M13.5 4.5L21 12m0 0l-7.5 7.5M21 12H3\"><\/path><\/svg>\n              <\/div>\n            <\/div>\n          <\/article>\n                  <article class=\"em-card\"\n            data-type=\"activity\"\n            data-features=\"\"\n            data-name=\"initiation \u00e0 l\u2019apiculture\"\n            data-json=\"{&quot;name&quot;:&quot;Initiation \\u00e0 l\\u2019Apiculture&quot;,&quot;image&quot;:&quot;&quot;,&quot;link&quot;:&quot;https:\\\/\\\/www.mimizan-tourisme.com&quot;,&quot;data&quot;:{&quot;name&quot;:&quot;Initiation \\u00e0 l\\u2019Apiculture&quot;,&quot;type&quot;:&quot;Atelier d\\u00e9couverte&quot;,&quot;place&quot;:&quot;Proche Saint-Paul-en-Born&quot;,&quot;distance_km&quot;:&quot;&lt;10 km&quot;,&quot;duration&quot;:&quot;2 heures&quot;,&quot;price&quot;:&quot;Autour de 30\\u20ac&quot;,&quot;booking_necessary&quot;:&quot;Oui&quot;,&quot;comment&quot;:&quot;D\\u00e9couverte du m\\u00e9tier d\\u2019apiculteur, visite de ruches, et d\\u00e9gustation de miel local.&quot;,&quot;link&quot;:&quot;https:\\\/\\\/www.mimizan-tourisme.com&quot;,&quot;image&quot;:&quot;&quot;},&quot;category&quot;:&quot;Activit\\u00e9s et lieux recommand\\u00e9s&quot;}\">\n\n            <!-- Image + badge cat\u00e9gorie -->\n            <div class=\"em-card-img-wrap\">\n                              <div class=\"em-card-placeholder\">\ud83d\udcf7 Pas d'image<\/div>\n                            <span class=\"em-card-badge badge-activity\">Activit\u00e9s et lieux recommand\u00e9s<\/span>\n            <\/div>\n\n            <!-- Contenu de la card -->\n            <div class=\"em-card-body\">\n              <h3 class=\"em-card-title\">Initiation \u00e0 l\u2019Apiculture<\/h3>\n\n              <!-- Tags r\u00e9sum\u00e9s (max 4) -->\n              <div class=\"em-card-tags\">\n                                    <span class=\"em-tag em-tag-green\">Autour de 30\u20ac<\/span>\n                                    <span class=\"em-tag em-tag-blue\">Proche Saint-Paul-en-Born<\/span>\n                                              <\/div>\n\n              <!-- Champs suppl\u00e9mentaires (max 3) -->\n              <div class=\"em-card-fields\">\n                                  <div class=\"em-card-field\">\n                    <span class=\"em-card-field-label\">Type d\u2019\u00e9v\u00e9nement (march\u00e9, festival, sport, etc.) :<\/span>\n                    <span class=\"em-card-field-value\">Atelier d\u00e9couverte<\/span>\n                  <\/div>\n                                  <div class=\"em-card-field\">\n                    <span class=\"em-card-field-label\">Distance depuis le camping (km) :<\/span>\n                    <span class=\"em-card-field-value\">&lt;10 km<\/span>\n                  <\/div>\n                                  <div class=\"em-card-field\">\n                    <span class=\"em-card-field-label\">Dur\u00e9e moyenne :<\/span>\n                    <span class=\"em-card-field-value\">2 heures<\/span>\n                  <\/div>\n                              <\/div>\n\n              <!-- Lien vers le d\u00e9tail -->\n              <div class=\"em-card-footer\">\n                <span>Voir le d\u00e9tail<\/span>\n                <svg fill=\"none\" viewBox=\"0 0 24 24\" stroke=\"currentColor\" stroke-width=\"2\"><path stroke-linecap=\"round\" stroke-linejoin=\"round\" d=\"M13.5 4.5L21 12m0 0l-7.5 7.5M21 12H3\"><\/path><\/svg>\n              <\/div>\n            <\/div>\n          <\/article>\n                  <article class=\"em-card\"\n            data-type=\"activity\"\n            data-features=\"\"\n            data-name=\"balade fat bike en for\u00eat landaise\"\n            data-json=\"{&quot;name&quot;:&quot;Balade Fat Bike en For\\u00eat Landaise&quot;,&quot;image&quot;:&quot;&quot;,&quot;link&quot;:&quot;https:\\\/\\\/www.tourismelandes.com&quot;,&quot;data&quot;:{&quot;name&quot;:&quot;Balade Fat Bike en For\\u00eat Landaise&quot;,&quot;type&quot;:&quot;Randonn\\u00e9e sportive&quot;,&quot;place&quot;:&quot;For\\u00eat landaise autour de Saint-Paul-en-Born&quot;,&quot;distance_km&quot;:&quot;&lt;10 km&quot;,&quot;duration&quot;:&quot;2-3 heures&quot;,&quot;price&quot;:&quot;Location et guide possibles \\u00e0 partir de 30\\u20ac&quot;,&quot;booking_necessary&quot;:&quot;Oui&quot;,&quot;comment&quot;:&quot;Location de fat bike pour balades sportives sur les pistes foresti\\u00e8res.&quot;,&quot;link&quot;:&quot;https:\\\/\\\/www.tourismelandes.com&quot;,&quot;image&quot;:&quot;&quot;},&quot;category&quot;:&quot;Activit\\u00e9s et lieux recommand\\u00e9s&quot;}\">\n\n            <!-- Image + badge cat\u00e9gorie -->\n            <div class=\"em-card-img-wrap\">\n                              <div class=\"em-card-placeholder\">\ud83d\udcf7 Pas d'image<\/div>\n                            <span class=\"em-card-badge badge-activity\">Activit\u00e9s et lieux recommand\u00e9s<\/span>\n            <\/div>\n\n            <!-- Contenu de la card -->\n            <div class=\"em-card-body\">\n              <h3 class=\"em-card-title\">Balade Fat Bike en For\u00eat Landaise<\/h3>\n\n              <!-- Tags r\u00e9sum\u00e9s (max 4) -->\n              <div class=\"em-card-tags\">\n                                    <span class=\"em-tag em-tag-green\">Location et guide possibles \u00e0 partir de 30\u20ac<\/span>\n                                    <span class=\"em-tag em-tag-blue\">For\u00eat landaise autour de Saint-Paul-en-Born<\/span>\n                                              <\/div>\n\n              <!-- Champs suppl\u00e9mentaires (max 3) -->\n              <div class=\"em-card-fields\">\n                                  <div class=\"em-card-field\">\n                    <span class=\"em-card-field-label\">Type d\u2019\u00e9v\u00e9nement (march\u00e9, festival, sport, etc.) :<\/span>\n                    <span class=\"em-card-field-value\">Randonn\u00e9e sportive<\/span>\n                  <\/div>\n                                  <div class=\"em-card-field\">\n                    <span class=\"em-card-field-label\">Distance depuis le camping (km) :<\/span>\n                    <span class=\"em-card-field-value\">&lt;10 km<\/span>\n                  <\/div>\n                                  <div class=\"em-card-field\">\n                    <span class=\"em-card-field-label\">Dur\u00e9e moyenne :<\/span>\n                    <span class=\"em-card-field-value\">2-3 heures<\/span>\n                  <\/div>\n                              <\/div>\n\n              <!-- Lien vers le d\u00e9tail -->\n              <div class=\"em-card-footer\">\n                <span>Voir le d\u00e9tail<\/span>\n                <svg fill=\"none\" viewBox=\"0 0 24 24\" stroke=\"currentColor\" stroke-width=\"2\"><path stroke-linecap=\"round\" stroke-linejoin=\"round\" d=\"M13.5 4.5L21 12m0 0l-7.5 7.5M21 12H3\"><\/path><\/svg>\n              <\/div>\n            <\/div>\n          <\/article>\n                  <article class=\"em-card\"\n            data-type=\"activity\"\n            data-features=\"\"\n            data-name=\"atelier de dessin en plein air\"\n            data-json=\"{&quot;name&quot;:&quot;Atelier de Dessin en Plein Air&quot;,&quot;image&quot;:&quot;&quot;,&quot;link&quot;:&quot;https:\\\/\\\/www.mimizan-tourisme.com&quot;,&quot;data&quot;:{&quot;name&quot;:&quot;Atelier de Dessin en Plein Air&quot;,&quot;type&quot;:&quot;Atelier artistique&quot;,&quot;place&quot;:&quot;Saint-Paul-en-Born ou alentours&quot;,&quot;distance_km&quot;:&quot;Sur place ou &lt;10 km&quot;,&quot;duration&quot;:&quot;2-3 heures&quot;,&quot;price&quot;:&quot;Environ 25\\u20ac&quot;,&quot;booking_necessary&quot;:&quot;Oui&quot;,&quot;comment&quot;:&quot;Atelier pour apprendre les bases du dessin de paysage avec un artiste local, en ext\\u00e9rieur.&quot;,&quot;link&quot;:&quot;https:\\\/\\\/www.mimizan-tourisme.com&quot;,&quot;image&quot;:&quot;&quot;},&quot;category&quot;:&quot;Activit\\u00e9s et lieux recommand\\u00e9s&quot;}\">\n\n            <!-- Image + badge cat\u00e9gorie -->\n            <div class=\"em-card-img-wrap\">\n                              <div class=\"em-card-placeholder\">\ud83d\udcf7 Pas d'image<\/div>\n                            <span class=\"em-card-badge badge-activity\">Activit\u00e9s et lieux recommand\u00e9s<\/span>\n            <\/div>\n\n            <!-- Contenu de la card -->\n            <div class=\"em-card-body\">\n              <h3 class=\"em-card-title\">Atelier de Dessin en Plein Air<\/h3>\n\n              <!-- Tags r\u00e9sum\u00e9s (max 4) -->\n              <div class=\"em-card-tags\">\n                                    <span class=\"em-tag em-tag-green\">Environ 25\u20ac<\/span>\n                                    <span class=\"em-tag em-tag-blue\">Saint-Paul-en-Born ou alentours<\/span>\n                                              <\/div>\n\n              <!-- Champs suppl\u00e9mentaires (max 3) -->\n              <div class=\"em-card-fields\">\n                                  <div class=\"em-card-field\">\n                    <span class=\"em-card-field-label\">Type d\u2019\u00e9v\u00e9nement (march\u00e9, festival, sport, etc.) :<\/span>\n                    <span class=\"em-card-field-value\">Atelier artistique<\/span>\n                  <\/div>\n                                  <div class=\"em-card-field\">\n                    <span class=\"em-card-field-label\">Distance depuis le camping (km) :<\/span>\n                    <span class=\"em-card-field-value\">Sur place ou &lt;10 km<\/span>\n                  <\/div>\n                                  <div class=\"em-card-field\">\n                    <span class=\"em-card-field-label\">Dur\u00e9e moyenne :<\/span>\n                    <span class=\"em-card-field-value\">2-3 heures<\/span>\n                  <\/div>\n                              <\/div>\n\n              <!-- Lien vers le d\u00e9tail -->\n              <div class=\"em-card-footer\">\n                <span>Voir le d\u00e9tail<\/span>\n                <svg fill=\"none\" viewBox=\"0 0 24 24\" stroke=\"currentColor\" stroke-width=\"2\"><path stroke-linecap=\"round\" stroke-linejoin=\"round\" d=\"M13.5 4.5L21 12m0 0l-7.5 7.5M21 12H3\"><\/path><\/svg>\n              <\/div>\n            <\/div>\n          <\/article>\n                  <article class=\"em-card\"\n            data-type=\"activity\"\n            data-features=\"\"\n            data-name=\"visite guid\u00e9e de la for\u00eat d\u2019aulnaies\"\n            data-json=\"{&quot;name&quot;:&quot;Visite Guid\\u00e9e de la For\\u00eat d\\u2019Aulnaies&quot;,&quot;image&quot;:&quot;&quot;,&quot;link&quot;:&quot;https:\\\/\\\/www.saint-paul-en-born.fr\\\/Tourisme&quot;,&quot;data&quot;:{&quot;name&quot;:&quot;Visite Guid\\u00e9e de la For\\u00eat d\\u2019Aulnaies&quot;,&quot;type&quot;:&quot;Visite nature&quot;,&quot;place&quot;:&quot;For\\u00eat d\\u2019Aulnaies \\u00e0 Saint-Paul-en-Born&quot;,&quot;distance_km&quot;:&quot;Sur place&quot;,&quot;duration&quot;:&quot;2-3 heures&quot;,&quot;price&quot;:&quot;10\\u20ac \\u00e0 15\\u20ac&quot;,&quot;booking_necessary&quot;:&quot;Souvent oui&quot;,&quot;comment&quot;:&quot;D\\u00e9couverte guid\\u00e9e de la biodiversit\\u00e9 et des \\u00e9cosyst\\u00e8mes uniques de cette for\\u00eat humide.&quot;,&quot;link&quot;:&quot;https:\\\/\\\/www.saint-paul-en-born.fr\\\/Tourisme&quot;,&quot;image&quot;:&quot;&quot;},&quot;category&quot;:&quot;Activit\\u00e9s et lieux recommand\\u00e9s&quot;}\">\n\n            <!-- Image + badge cat\u00e9gorie -->\n            <div class=\"em-card-img-wrap\">\n                              <div class=\"em-card-placeholder\">\ud83d\udcf7 Pas d'image<\/div>\n                            <span class=\"em-card-badge badge-activity\">Activit\u00e9s et lieux recommand\u00e9s<\/span>\n            <\/div>\n\n            <!-- Contenu de la card -->\n            <div class=\"em-card-body\">\n              <h3 class=\"em-card-title\">Visite Guid\u00e9e de la For\u00eat d\u2019Aulnaies<\/h3>\n\n              <!-- Tags r\u00e9sum\u00e9s (max 4) -->\n              <div class=\"em-card-tags\">\n                                    <span class=\"em-tag em-tag-green\">10\u20ac \u00e0 15\u20ac<\/span>\n                                    <span class=\"em-tag em-tag-blue\">For\u00eat d\u2019Aulnaies \u00e0 Saint-Paul-en-Born<\/span>\n                                              <\/div>\n\n              <!-- Champs suppl\u00e9mentaires (max 3) -->\n              <div class=\"em-card-fields\">\n                                  <div class=\"em-card-field\">\n                    <span class=\"em-card-field-label\">Type d\u2019\u00e9v\u00e9nement (march\u00e9, festival, sport, etc.) :<\/span>\n                    <span class=\"em-card-field-value\">Visite nature<\/span>\n                  <\/div>\n                                  <div class=\"em-card-field\">\n                    <span class=\"em-card-field-label\">Distance depuis le camping (km) :<\/span>\n                    <span class=\"em-card-field-value\">Sur place<\/span>\n                  <\/div>\n                                  <div class=\"em-card-field\">\n                    <span class=\"em-card-field-label\">Dur\u00e9e moyenne :<\/span>\n                    <span class=\"em-card-field-value\">2-3 heures<\/span>\n                  <\/div>\n                              <\/div>\n\n              <!-- Lien vers le d\u00e9tail -->\n              <div class=\"em-card-footer\">\n                <span>Voir le d\u00e9tail<\/span>\n                <svg fill=\"none\" viewBox=\"0 0 24 24\" stroke=\"currentColor\" stroke-width=\"2\"><path stroke-linecap=\"round\" stroke-linejoin=\"round\" d=\"M13.5 4.5L21 12m0 0l-7.5 7.5M21 12H3\"><\/path><\/svg>\n              <\/div>\n            <\/div>\n          <\/article>\n                  <article class=\"em-card\"\n            data-type=\"activity\"\n            data-features=\"\"\n            data-name=\"sortie nocturne d\u2019observation des \u00c9toiles\"\n            data-json=\"{&quot;name&quot;:&quot;Sortie Nocturne d\\u2019Observation des \\u00c9toiles&quot;,&quot;image&quot;:&quot;&quot;,&quot;link&quot;:&quot;https:\\\/\\\/www.mimizan-tourisme.com&quot;,&quot;data&quot;:{&quot;name&quot;:&quot;Sortie Nocturne d\\u2019Observation des \\u00c9toiles&quot;,&quot;type&quot;:&quot;Activit\\u00e9 nature&quot;,&quot;place&quot;:&quot;Saint-Paul-en-Born et environs&quot;,&quot;distance_km&quot;:&quot;Sur place ou proche&quot;,&quot;duration&quot;:&quot;1-2 heures&quot;,&quot;price&quot;:&quot;Gratuite \\u00e0 15\\u20ac selon organisation&quot;,&quot;booking_necessary&quot;:&quot;Souvent oui&quot;,&quot;comment&quot;:&quot;Observation astronomique comment\\u00e9e lors de soir\\u00e9es claires, parfois organis\\u00e9e par des clubs d\\u2019astronomie.&quot;,&quot;link&quot;:&quot;https:\\\/\\\/www.mimizan-tourisme.com&quot;,&quot;image&quot;:&quot;&quot;},&quot;category&quot;:&quot;Activit\\u00e9s et lieux recommand\\u00e9s&quot;}\">\n\n            <!-- Image + badge cat\u00e9gorie -->\n            <div class=\"em-card-img-wrap\">\n                              <div class=\"em-card-placeholder\">\ud83d\udcf7 Pas d'image<\/div>\n                            <span class=\"em-card-badge badge-activity\">Activit\u00e9s et lieux recommand\u00e9s<\/span>\n            <\/div>\n\n            <!-- Contenu de la card -->\n            <div class=\"em-card-body\">\n              <h3 class=\"em-card-title\">Sortie Nocturne d\u2019Observation des \u00c9toiles<\/h3>\n\n              <!-- Tags r\u00e9sum\u00e9s (max 4) -->\n              <div class=\"em-card-tags\">\n                                    <span class=\"em-tag em-tag-green\">Gratuite \u00e0 15\u20ac selon organisation<\/span>\n                                    <span class=\"em-tag em-tag-blue\">Saint-Paul-en-Born et environs<\/span>\n                                              <\/div>\n\n              <!-- Champs suppl\u00e9mentaires (max 3) -->\n              <div class=\"em-card-fields\">\n                                  <div class=\"em-card-field\">\n                    <span class=\"em-card-field-label\">Type d\u2019\u00e9v\u00e9nement (march\u00e9, festival, sport, etc.) :<\/span>\n                    <span class=\"em-card-field-value\">Activit\u00e9 nature<\/span>\n                  <\/div>\n                                  <div class=\"em-card-field\">\n                    <span class=\"em-card-field-label\">Distance depuis le camping (km) :<\/span>\n                    <span class=\"em-card-field-value\">Sur place ou proche<\/span>\n                  <\/div>\n                                  <div class=\"em-card-field\">\n                    <span class=\"em-card-field-label\">Dur\u00e9e moyenne :<\/span>\n                    <span class=\"em-card-field-value\">1-2 heures<\/span>\n                  <\/div>\n                              <\/div>\n\n              <!-- Lien vers le d\u00e9tail -->\n              <div class=\"em-card-footer\">\n                <span>Voir le d\u00e9tail<\/span>\n                <svg fill=\"none\" viewBox=\"0 0 24 24\" stroke=\"currentColor\" stroke-width=\"2\"><path stroke-linecap=\"round\" stroke-linejoin=\"round\" d=\"M13.5 4.5L21 12m0 0l-7.5 7.5M21 12H3\"><\/path><\/svg>\n              <\/div>\n            <\/div>\n          <\/article>\n                  <article class=\"em-card\"\n            data-type=\"activity\"\n            data-features=\"\"\n            data-name=\"excursion ornithologique aux marais\"\n            data-json=\"{&quot;name&quot;:&quot;Excursion Ornithologique aux Marais&quot;,&quot;image&quot;:&quot;&quot;,&quot;link&quot;:&quot;https:\\\/\\\/www.tourismelandes.com&quot;,&quot;data&quot;:{&quot;name&quot;:&quot;Excursion Ornithologique aux Marais&quot;,&quot;type&quot;:&quot;Activit\\u00e9 nature&quot;,&quot;place&quot;:&quot;Marais autour de Saint-Paul-en-Born&quot;,&quot;distance_km&quot;:&quot;&lt;10 km&quot;,&quot;duration&quot;:&quot;2-4 heures&quot;,&quot;price&quot;:&quot;10\\u20ac \\u00e0 20\\u20ac&quot;,&quot;booking_necessary&quot;:&quot;Oui&quot;,&quot;comment&quot;:&quot;Balade guid\\u00e9e pour observer les oiseaux et la biodiversit\\u00e9 dans les zones humides pr\\u00e9serv\\u00e9es.&quot;,&quot;link&quot;:&quot;https:\\\/\\\/www.tourismelandes.com&quot;,&quot;image&quot;:&quot;&quot;},&quot;category&quot;:&quot;Activit\\u00e9s et lieux recommand\\u00e9s&quot;}\">\n\n            <!-- Image + badge cat\u00e9gorie -->\n            <div class=\"em-card-img-wrap\">\n                              <div class=\"em-card-placeholder\">\ud83d\udcf7 Pas d'image<\/div>\n                            <span class=\"em-card-badge badge-activity\">Activit\u00e9s et lieux recommand\u00e9s<\/span>\n            <\/div>\n\n            <!-- Contenu de la card -->\n            <div class=\"em-card-body\">\n              <h3 class=\"em-card-title\">Excursion Ornithologique aux Marais<\/h3>\n\n              <!-- Tags r\u00e9sum\u00e9s (max 4) -->\n              <div class=\"em-card-tags\">\n                                    <span class=\"em-tag em-tag-green\">10\u20ac \u00e0 20\u20ac<\/span>\n                                    <span class=\"em-tag em-tag-blue\">Marais autour de Saint-Paul-en-Born<\/span>\n                                              <\/div>\n\n              <!-- Champs suppl\u00e9mentaires (max 3) -->\n              <div class=\"em-card-fields\">\n                                  <div class=\"em-card-field\">\n                    <span class=\"em-card-field-label\">Type d\u2019\u00e9v\u00e9nement (march\u00e9, festival, sport, etc.) :<\/span>\n                    <span class=\"em-card-field-value\">Activit\u00e9 nature<\/span>\n                  <\/div>\n                                  <div class=\"em-card-field\">\n                    <span class=\"em-card-field-label\">Distance depuis le camping (km) :<\/span>\n                    <span class=\"em-card-field-value\">&lt;10 km<\/span>\n                  <\/div>\n                                  <div class=\"em-card-field\">\n                    <span class=\"em-card-field-label\">Dur\u00e9e moyenne :<\/span>\n                    <span class=\"em-card-field-value\">2-4 heures<\/span>\n                  <\/div>\n                              <\/div>\n\n              <!-- Lien vers le d\u00e9tail -->\n              <div class=\"em-card-footer\">\n                <span>Voir le d\u00e9tail<\/span>\n                <svg fill=\"none\" viewBox=\"0 0 24 24\" stroke=\"currentColor\" stroke-width=\"2\"><path stroke-linecap=\"round\" stroke-linejoin=\"round\" d=\"M13.5 4.5L21 12m0 0l-7.5 7.5M21 12H3\"><\/path><\/svg>\n              <\/div>\n            <\/div>\n          <\/article>\n                  <article class=\"em-card\"\n            data-type=\"activity\"\n            data-features=\"\"\n            data-name=\"atelier de couture cr\u00e9ative\"\n            data-json=\"{&quot;name&quot;:&quot;Atelier de Couture Cr\\u00e9ative&quot;,&quot;image&quot;:&quot;&quot;,&quot;link&quot;:&quot;https:\\\/\\\/www.mimizan-tourisme.com&quot;,&quot;data&quot;:{&quot;name&quot;:&quot;Atelier de Couture Cr\\u00e9ative&quot;,&quot;type&quot;:&quot;Atelier manuel&quot;,&quot;place&quot;:&quot;Saint-Paul-en-Born&quot;,&quot;distance_km&quot;:&quot;Sur place&quot;,&quot;duration&quot;:&quot;2-3 heures&quot;,&quot;price&quot;:&quot;15\\u20ac \\u00e0 30\\u20ac&quot;,&quot;booking_necessary&quot;:&quot;Oui&quot;,&quot;comment&quot;:&quot;Initiation \\u00e0 diff\\u00e9rentes techniques de couture pour petits projets cr\\u00e9atifs.&quot;,&quot;link&quot;:&quot;https:\\\/\\\/www.mimizan-tourisme.com&quot;,&quot;image&quot;:&quot;&quot;},&quot;category&quot;:&quot;Activit\\u00e9s et lieux recommand\\u00e9s&quot;}\">\n\n            <!-- Image + badge cat\u00e9gorie -->\n            <div class=\"em-card-img-wrap\">\n                              <div class=\"em-card-placeholder\">\ud83d\udcf7 Pas d'image<\/div>\n                            <span class=\"em-card-badge badge-activity\">Activit\u00e9s et lieux recommand\u00e9s<\/span>\n            <\/div>\n\n            <!-- Contenu de la card -->\n            <div class=\"em-card-body\">\n              <h3 class=\"em-card-title\">Atelier de Couture Cr\u00e9ative<\/h3>\n\n              <!-- Tags r\u00e9sum\u00e9s (max 4) -->\n              <div class=\"em-card-tags\">\n                                    <span class=\"em-tag em-tag-green\">15\u20ac \u00e0 30\u20ac<\/span>\n                                    <span class=\"em-tag em-tag-blue\">Saint-Paul-en-Born<\/span>\n                                              <\/div>\n\n              <!-- Champs suppl\u00e9mentaires (max 3) -->\n              <div class=\"em-card-fields\">\n                                  <div class=\"em-card-field\">\n                    <span class=\"em-card-field-label\">Type d\u2019\u00e9v\u00e9nement (march\u00e9, festival, sport, etc.) :<\/span>\n                    <span class=\"em-card-field-value\">Atelier manuel<\/span>\n                  <\/div>\n                                  <div class=\"em-card-field\">\n                    <span class=\"em-card-field-label\">Distance depuis le camping (km) :<\/span>\n                    <span class=\"em-card-field-value\">Sur place<\/span>\n                  <\/div>\n                                  <div class=\"em-card-field\">\n                    <span class=\"em-card-field-label\">Dur\u00e9e moyenne :<\/span>\n                    <span class=\"em-card-field-value\">2-3 heures<\/span>\n                  <\/div>\n                              <\/div>\n\n              <!-- Lien vers le d\u00e9tail -->\n              <div class=\"em-card-footer\">\n                <span>Voir le d\u00e9tail<\/span>\n                <svg fill=\"none\" viewBox=\"0 0 24 24\" stroke=\"currentColor\" stroke-width=\"2\"><path stroke-linecap=\"round\" stroke-linejoin=\"round\" d=\"M13.5 4.5L21 12m0 0l-7.5 7.5M21 12H3\"><\/path><\/svg>\n              <\/div>\n            <\/div>\n          <\/article>\n                  <article class=\"em-card\"\n            data-type=\"activity\"\n            data-features=\"\"\n            data-name=\"visite d\u2019une exploitation agricole locale\"\n            data-json=\"{&quot;name&quot;:&quot;Visite d\\u2019une Exploitation Agricole Locale&quot;,&quot;image&quot;:&quot;&quot;,&quot;link&quot;:&quot;https:\\\/\\\/www.saint-paul-en-born.fr\\\/Tourisme&quot;,&quot;data&quot;:{&quot;name&quot;:&quot;Visite d\\u2019une Exploitation Agricole Locale&quot;,&quot;type&quot;:&quot;Visite d\\u00e9couverte&quot;,&quot;place&quot;:&quot;Saint-Paul-en-Born et alentours&quot;,&quot;distance_km&quot;:&quot;&lt;10 km&quot;,&quot;duration&quot;:&quot;1-2 heures&quot;,&quot;price&quot;:&quot;Gratuit ou quelques euros&quot;,&quot;booking_necessary&quot;:&quot;Oui&quot;,&quot;comment&quot;:&quot;D\\u00e9couverte de la production locale agricole avec visite des installations et d\\u00e9gustation parfois propos\\u00e9e.&quot;,&quot;link&quot;:&quot;https:\\\/\\\/www.saint-paul-en-born.fr\\\/Tourisme&quot;,&quot;image&quot;:&quot;&quot;},&quot;category&quot;:&quot;Activit\\u00e9s et lieux recommand\\u00e9s&quot;}\">\n\n            <!-- Image + badge cat\u00e9gorie -->\n            <div class=\"em-card-img-wrap\">\n                              <div class=\"em-card-placeholder\">\ud83d\udcf7 Pas d'image<\/div>\n                            <span class=\"em-card-badge badge-activity\">Activit\u00e9s et lieux recommand\u00e9s<\/span>\n            <\/div>\n\n            <!-- Contenu de la card -->\n            <div class=\"em-card-body\">\n              <h3 class=\"em-card-title\">Visite d\u2019une Exploitation Agricole Locale<\/h3>\n\n              <!-- Tags r\u00e9sum\u00e9s (max 4) -->\n              <div class=\"em-card-tags\">\n                                    <span class=\"em-tag em-tag-green\">Gratuit ou quelques euros<\/span>\n                                    <span class=\"em-tag em-tag-blue\">Saint-Paul-en-Born et alentours<\/span>\n                                              <\/div>\n\n              <!-- Champs suppl\u00e9mentaires (max 3) -->\n              <div class=\"em-card-fields\">\n                                  <div class=\"em-card-field\">\n                    <span class=\"em-card-field-label\">Type d\u2019\u00e9v\u00e9nement (march\u00e9, festival, sport, etc.) :<\/span>\n                    <span class=\"em-card-field-value\">Visite d\u00e9couverte<\/span>\n                  <\/div>\n                                  <div class=\"em-card-field\">\n                    <span class=\"em-card-field-label\">Distance depuis le camping (km) :<\/span>\n                    <span class=\"em-card-field-value\">&lt;10 km<\/span>\n                  <\/div>\n                                  <div class=\"em-card-field\">\n                    <span class=\"em-card-field-label\">Dur\u00e9e moyenne :<\/span>\n                    <span class=\"em-card-field-value\">1-2 heures<\/span>\n                  <\/div>\n                              <\/div>\n\n              <!-- Lien vers le d\u00e9tail -->\n              <div class=\"em-card-footer\">\n                <span>Voir le d\u00e9tail<\/span>\n                <svg fill=\"none\" viewBox=\"0 0 24 24\" stroke=\"currentColor\" stroke-width=\"2\"><path stroke-linecap=\"round\" stroke-linejoin=\"round\" d=\"M13.5 4.5L21 12m0 0l-7.5 7.5M21 12H3\"><\/path><\/svg>\n              <\/div>\n            <\/div>\n          <\/article>\n                  <article class=\"em-card\"\n            data-type=\"activity\"\n            data-features=\"\"\n            data-name=\"cours de photo num\u00e9rique en ext\u00e9rieur\"\n            data-json=\"{&quot;name&quot;:&quot;Cours de Photo Num\\u00e9rique en Ext\\u00e9rieur&quot;,&quot;image&quot;:&quot;&quot;,&quot;link&quot;:&quot;https:\\\/\\\/www.mimizan-tourisme.com&quot;,&quot;data&quot;:{&quot;name&quot;:&quot;Cours de Photo Num\\u00e9rique en Ext\\u00e9rieur&quot;,&quot;type&quot;:&quot;Atelier artistique&quot;,&quot;place&quot;:&quot;Saint-Paul-en-Born&quot;,&quot;distance_km&quot;:&quot;Sur place&quot;,&quot;duration&quot;:&quot;3-4 heures&quot;,&quot;price&quot;:&quot;40\\u20ac \\u00e0 60\\u20ac&quot;,&quot;booking_necessary&quot;:&quot;Oui&quot;,&quot;comment&quot;:&quot;Initiation aux techniques de photographie num\\u00e9rique, avec prise de vues en milieu naturel.&quot;,&quot;link&quot;:&quot;https:\\\/\\\/www.mimizan-tourisme.com&quot;,&quot;image&quot;:&quot;&quot;},&quot;category&quot;:&quot;Activit\\u00e9s et lieux recommand\\u00e9s&quot;}\">\n\n            <!-- Image + badge cat\u00e9gorie -->\n            <div class=\"em-card-img-wrap\">\n                              <div class=\"em-card-placeholder\">\ud83d\udcf7 Pas d'image<\/div>\n                            <span class=\"em-card-badge badge-activity\">Activit\u00e9s et lieux recommand\u00e9s<\/span>\n            <\/div>\n\n            <!-- Contenu de la card -->\n            <div class=\"em-card-body\">\n              <h3 class=\"em-card-title\">Cours de Photo Num\u00e9rique en Ext\u00e9rieur<\/h3>\n\n              <!-- Tags r\u00e9sum\u00e9s (max 4) -->\n              <div class=\"em-card-tags\">\n                                    <span class=\"em-tag em-tag-green\">40\u20ac \u00e0 60\u20ac<\/span>\n                                    <span class=\"em-tag em-tag-blue\">Saint-Paul-en-Born<\/span>\n                                              <\/div>\n\n              <!-- Champs suppl\u00e9mentaires (max 3) -->\n              <div class=\"em-card-fields\">\n                                  <div class=\"em-card-field\">\n                    <span class=\"em-card-field-label\">Type d\u2019\u00e9v\u00e9nement (march\u00e9, festival, sport, etc.) :<\/span>\n                    <span class=\"em-card-field-value\">Atelier artistique<\/span>\n                  <\/div>\n                                  <div class=\"em-card-field\">\n                    <span class=\"em-card-field-label\">Distance depuis le camping (km) :<\/span>\n                    <span class=\"em-card-field-value\">Sur place<\/span>\n                  <\/div>\n                                  <div class=\"em-card-field\">\n                    <span class=\"em-card-field-label\">Dur\u00e9e moyenne :<\/span>\n                    <span class=\"em-card-field-value\">3-4 heures<\/span>\n                  <\/div>\n                              <\/div>\n\n              <!-- Lien vers le d\u00e9tail -->\n              <div class=\"em-card-footer\">\n                <span>Voir le d\u00e9tail<\/span>\n                <svg fill=\"none\" viewBox=\"0 0 24 24\" stroke=\"currentColor\" stroke-width=\"2\"><path stroke-linecap=\"round\" stroke-linejoin=\"round\" d=\"M13.5 4.5L21 12m0 0l-7.5 7.5M21 12H3\"><\/path><\/svg>\n              <\/div>\n            <\/div>\n          <\/article>\n                  <article class=\"em-card\"\n            data-type=\"activity\"\n            data-features=\"\"\n            data-name=\"sortie en trottinette \u00e9lectrique au ranch amadeus\"\n            data-json=\"{&quot;name&quot;:&quot;Sortie en trottinette \\u00e9lectrique au Ranch Amadeus&quot;,&quot;image&quot;:&quot;https:\\\/\\\/media-cdn.tripadvisor.com\\\/media\\\/photo-s\\\/12\\\/45\\\/fc\\\/fd\\\/le-ranch-amadeus.jpg&quot;,&quot;link&quot;:&quot;https:\\\/\\\/www.tripadvisor.fr\\\/Attraction_Review-g1219489-d12998228-Reviews-Le_Ranch_Amadeus-Saint_Paul_en_Born_Landes_Nouvelle_Aquitaine.html&quot;,&quot;data&quot;:{&quot;name&quot;:&quot;Sortie en trottinette \\u00e9lectrique au Ranch Amadeus&quot;,&quot;type&quot;:&quot;activit\\u00e9 de loisir&quot;,&quot;place&quot;:&quot;Le Ranch Amadeus, Saint-Paul-en-Born&quot;,&quot;distance_km&quot;:&quot;environ 3 km&quot;,&quot;duration&quot;:&quot;1h30&quot;,&quot;price&quot;:&quot;\\u00e0 partir de 49\\u20ac&quot;,&quot;booking_necessary&quot;:&quot;oui&quot;,&quot;comment&quot;:&quot;Balade loisir en trottinette \\u00e9lectrique sur domaine de 8 hectares dans la for\\u00eat landaise, exp\\u00e9rience originale proche de Camping La Clairi\\u00e8re.&quot;,&quot;link&quot;:&quot;https:\\\/\\\/www.tripadvisor.fr\\\/Attraction_Review-g1219489-d12998228-Reviews-Le_Ranch_Amadeus-Saint_Paul_en_Born_Landes_Nouvelle_Aquitaine.html&quot;,&quot;image&quot;:&quot;https:\\\/\\\/media-cdn.tripadvisor.com\\\/media\\\/photo-s\\\/12\\\/45\\\/fc\\\/fd\\\/le-ranch-amadeus.jpg&quot;},&quot;category&quot;:&quot;Activit\\u00e9s et lieux recommand\\u00e9s&quot;}\">\n\n            <!-- Image + badge cat\u00e9gorie -->\n            <div class=\"em-card-img-wrap\">\n                              <img decoding=\"async\" class=\"em-card-img\" src=\"https:\/\/media-cdn.tripadvisor.com\/media\/photo-s\/12\/45\/fc\/fd\/le-ranch-amadeus.jpg\" alt=\"Sortie en trottinette \u00e9lectrique au Ranch Amadeus\" loading=\"lazy\" onerror=\"this.style.display='none';this.nextElementSibling.style.display='flex';\">\n                <div class=\"em-card-placeholder\" style=\"display:none;\">\ud83d\udcf7 Image indisponible<\/div>\n                            <span class=\"em-card-badge badge-activity\">Activit\u00e9s et lieux recommand\u00e9s<\/span>\n            <\/div>\n\n            <!-- Contenu de la card -->\n            <div class=\"em-card-body\">\n              <h3 class=\"em-card-title\">Sortie en trottinette \u00e9lectrique au Ranch Amadeus<\/h3>\n\n              <!-- Tags r\u00e9sum\u00e9s (max 4) -->\n              <div class=\"em-card-tags\">\n                                    <span class=\"em-tag em-tag-green\">\u00e0 partir de 49\u20ac<\/span>\n                                    <span class=\"em-tag em-tag-blue\">Le Ranch Amadeus, Saint-Paul-en-Born<\/span>\n                                              <\/div>\n\n              <!-- Champs suppl\u00e9mentaires (max 3) -->\n              <div class=\"em-card-fields\">\n                                  <div class=\"em-card-field\">\n                    <span class=\"em-card-field-label\">Type d\u2019\u00e9v\u00e9nement (march\u00e9, festival, sport, etc.) :<\/span>\n                    <span class=\"em-card-field-value\">activit\u00e9 de loisir<\/span>\n                  <\/div>\n                                  <div class=\"em-card-field\">\n                    <span class=\"em-card-field-label\">Distance depuis le camping (km) :<\/span>\n                    <span class=\"em-card-field-value\">environ 3 km<\/span>\n                  <\/div>\n                                  <div class=\"em-card-field\">\n                    <span class=\"em-card-field-label\">Dur\u00e9e moyenne :<\/span>\n                    <span class=\"em-card-field-value\">1h30<\/span>\n                  <\/div>\n                              <\/div>\n\n              <!-- Lien vers le d\u00e9tail -->\n              <div class=\"em-card-footer\">\n                <span>Voir le d\u00e9tail<\/span>\n                <svg fill=\"none\" viewBox=\"0 0 24 24\" stroke=\"currentColor\" stroke-width=\"2\"><path stroke-linecap=\"round\" stroke-linejoin=\"round\" d=\"M13.5 4.5L21 12m0 0l-7.5 7.5M21 12H3\"><\/path><\/svg>\n              <\/div>\n            <\/div>\n          <\/article>\n                  <article class=\"em-card\"\n            data-type=\"activity\"\n            data-features=\"\"\n            data-name=\"descente de la rivi\u00e8re des forges en cano\u00eb kayak\"\n            data-json=\"{&quot;name&quot;:&quot;Descente de la rivi\\u00e8re des Forges en cano\\u00eb kayak&quot;,&quot;image&quot;:&quot;https:\\\/\\\/www.saint-paul-en-born.fr\\\/images\\\/canoe.jpg&quot;,&quot;link&quot;:&quot;https:\\\/\\\/www.saint-paul-en-born.fr\\\/Tourisme&quot;,&quot;data&quot;:{&quot;name&quot;:&quot;Descente de la rivi\\u00e8re des Forges en cano\\u00eb kayak&quot;,&quot;type&quot;:&quot;activit\\u00e9 nautique&quot;,&quot;place&quot;:&quot;Base proche de Saint-Paul-en-Born&quot;,&quot;distance_km&quot;:&quot;environ 2 km&quot;,&quot;duration&quot;:&quot;variable selon parcours&quot;,&quot;price&quot;:&quot;contact et tarifs via Cano\\u00eb Aventure&quot;,&quot;booking_necessary&quot;:&quot;recommand\\u00e9&quot;,&quot;comment&quot;:&quot;Descente guid\\u00e9e de rivi\\u00e8re sauvage qui rejoint le lac d&#039;Aureilhan, \\u00e9quip\\u00e9e de navette gratuite au d\\u00e9part.&quot;,&quot;link&quot;:&quot;https:\\\/\\\/www.saint-paul-en-born.fr\\\/Tourisme&quot;,&quot;image&quot;:&quot;https:\\\/\\\/www.saint-paul-en-born.fr\\\/images\\\/canoe.jpg&quot;},&quot;category&quot;:&quot;Activit\\u00e9s et lieux recommand\\u00e9s&quot;}\">\n\n            <!-- Image + badge cat\u00e9gorie -->\n            <div class=\"em-card-img-wrap\">\n                              <img decoding=\"async\" class=\"em-card-img\" src=\"https:\/\/www.saint-paul-en-born.fr\/images\/canoe.jpg\" alt=\"Descente de la rivi\u00e8re des Forges en cano\u00eb kayak\" loading=\"lazy\" onerror=\"this.style.display='none';this.nextElementSibling.style.display='flex';\">\n                <div class=\"em-card-placeholder\" style=\"display:none;\">\ud83d\udcf7 Image indisponible<\/div>\n                            <span class=\"em-card-badge badge-activity\">Activit\u00e9s et lieux recommand\u00e9s<\/span>\n            <\/div>\n\n            <!-- Contenu de la card -->\n            <div class=\"em-card-body\">\n              <h3 class=\"em-card-title\">Descente de la rivi\u00e8re des Forges en cano\u00eb kayak<\/h3>\n\n              <!-- Tags r\u00e9sum\u00e9s (max 4) -->\n              <div class=\"em-card-tags\">\n                                    <span class=\"em-tag em-tag-green\">contact et tarifs via Cano\u00eb Aventure<\/span>\n                                    <span class=\"em-tag em-tag-blue\">Base proche de Saint-Paul-en-Born<\/span>\n                                              <\/div>\n\n              <!-- Champs suppl\u00e9mentaires (max 3) -->\n              <div class=\"em-card-fields\">\n                                  <div class=\"em-card-field\">\n                    <span class=\"em-card-field-label\">Type d\u2019\u00e9v\u00e9nement (march\u00e9, festival, sport, etc.) :<\/span>\n                    <span class=\"em-card-field-value\">activit\u00e9 nautique<\/span>\n                  <\/div>\n                                  <div class=\"em-card-field\">\n                    <span class=\"em-card-field-label\">Distance depuis le camping (km) :<\/span>\n                    <span class=\"em-card-field-value\">environ 2 km<\/span>\n                  <\/div>\n                                  <div class=\"em-card-field\">\n                    <span class=\"em-card-field-label\">Dur\u00e9e moyenne :<\/span>\n                    <span class=\"em-card-field-value\">variable selon parcours<\/span>\n                  <\/div>\n                              <\/div>\n\n              <!-- Lien vers le d\u00e9tail -->\n              <div class=\"em-card-footer\">\n                <span>Voir le d\u00e9tail<\/span>\n                <svg fill=\"none\" viewBox=\"0 0 24 24\" stroke=\"currentColor\" stroke-width=\"2\"><path stroke-linecap=\"round\" stroke-linejoin=\"round\" d=\"M13.5 4.5L21 12m0 0l-7.5 7.5M21 12H3\"><\/path><\/svg>\n              <\/div>\n            <\/div>\n          <\/article>\n                  <article class=\"em-card\"\n            data-type=\"activity\"\n            data-features=\"\"\n            data-name=\"visite guid\u00e9e du circuit p\u00e9destre de saint-paul-le-vieux\"\n            data-json=\"{&quot;name&quot;:&quot;Visite guid\\u00e9e du circuit p\\u00e9destre de Saint-Paul-le-Vieux&quot;,&quot;image&quot;:&quot;https:\\\/\\\/www.mimizan-tourisme.com\\\/images\\\/rando-saint-paul-le-vieux.jpg&quot;,&quot;link&quot;:&quot;https:\\\/\\\/www.mimizan-tourisme.com\\\/offres\\\/a-saint-paul-en-born-circuit-de-saint-paul-le-vieux-saint-paul-en-born-fr-5030164\\\/&quot;,&quot;data&quot;:{&quot;name&quot;:&quot;Visite guid\\u00e9e du circuit p\\u00e9destre de Saint-Paul-le-Vieux&quot;,&quot;type&quot;:&quot;randonn\\u00e9e p\\u00e9destre&quot;,&quot;place&quot;:&quot;Saint-Paul-en-Born&quot;,&quot;distance_km&quot;:&quot;9,6 km&quot;,&quot;duration&quot;:&quot;3h15&quot;,&quot;price&quot;:&quot;2 \\u20ac pour topoguide&quot;,&quot;booking_necessary&quot;:&quot;non&quot;,&quot;comment&quot;:&quot;Parcours ombrag\\u00e9 passant par for\\u00eats et milieux humides, au bord du lac d&#039;Aureilhan, adapt\\u00e9 pour familles.&quot;,&quot;link&quot;:&quot;https:\\\/\\\/www.mimizan-tourisme.com\\\/offres\\\/a-saint-paul-en-born-circuit-de-saint-paul-le-vieux-saint-paul-en-born-fr-5030164\\\/&quot;,&quot;image&quot;:&quot;https:\\\/\\\/www.mimizan-tourisme.com\\\/images\\\/rando-saint-paul-le-vieux.jpg&quot;},&quot;category&quot;:&quot;Activit\\u00e9s et lieux recommand\\u00e9s&quot;}\">\n\n            <!-- Image + badge cat\u00e9gorie -->\n            <div class=\"em-card-img-wrap\">\n                              <img decoding=\"async\" class=\"em-card-img\" src=\"https:\/\/www.mimizan-tourisme.com\/images\/rando-saint-paul-le-vieux.jpg\" alt=\"Visite guid\u00e9e du circuit p\u00e9destre de Saint-Paul-le-Vieux\" loading=\"lazy\" onerror=\"this.style.display='none';this.nextElementSibling.style.display='flex';\">\n                <div class=\"em-card-placeholder\" style=\"display:none;\">\ud83d\udcf7 Image indisponible<\/div>\n                            <span class=\"em-card-badge badge-activity\">Activit\u00e9s et lieux recommand\u00e9s<\/span>\n            <\/div>\n\n            <!-- Contenu de la card -->\n            <div class=\"em-card-body\">\n              <h3 class=\"em-card-title\">Visite guid\u00e9e du circuit p\u00e9destre de Saint-Paul-le-Vieux<\/h3>\n\n              <!-- Tags r\u00e9sum\u00e9s (max 4) -->\n              <div class=\"em-card-tags\">\n                                    <span class=\"em-tag em-tag-green\">2 \u20ac pour topoguide<\/span>\n                                    <span class=\"em-tag em-tag-blue\">Saint-Paul-en-Born<\/span>\n                                              <\/div>\n\n              <!-- Champs suppl\u00e9mentaires (max 3) -->\n              <div class=\"em-card-fields\">\n                                  <div class=\"em-card-field\">\n                    <span class=\"em-card-field-label\">Type d\u2019\u00e9v\u00e9nement (march\u00e9, festival, sport, etc.) :<\/span>\n                    <span class=\"em-card-field-value\">randonn\u00e9e p\u00e9destre<\/span>\n                  <\/div>\n                                  <div class=\"em-card-field\">\n                    <span class=\"em-card-field-label\">Distance depuis le camping (km) :<\/span>\n                    <span class=\"em-card-field-value\">9,6 km<\/span>\n                  <\/div>\n                                  <div class=\"em-card-field\">\n                    <span class=\"em-card-field-label\">Dur\u00e9e moyenne :<\/span>\n                    <span class=\"em-card-field-value\">3h15<\/span>\n                  <\/div>\n                              <\/div>\n\n              <!-- Lien vers le d\u00e9tail -->\n              <div class=\"em-card-footer\">\n                <span>Voir le d\u00e9tail<\/span>\n                <svg fill=\"none\" viewBox=\"0 0 24 24\" stroke=\"currentColor\" stroke-width=\"2\"><path stroke-linecap=\"round\" stroke-linejoin=\"round\" d=\"M13.5 4.5L21 12m0 0l-7.5 7.5M21 12H3\"><\/path><\/svg>\n              <\/div>\n            <\/div>\n          <\/article>\n                  <article class=\"em-card\"\n            data-type=\"activity\"\n            data-features=\"\"\n            data-name=\"expositions artistiques \u00e0 la gare de l\u2019art\"\n            data-json=\"{&quot;name&quot;:&quot;Expositions artistiques \\u00e0 la Gare de l\\u2019Art&quot;,&quot;image&quot;:&quot;https:\\\/\\\/www.saint-paul-en-born.fr\\\/images\\\/LaGareDeLart.jpg&quot;,&quot;link&quot;:&quot;https:\\\/\\\/www.saint-paul-en-born.fr\\\/Tourisme&quot;,&quot;data&quot;:{&quot;name&quot;:&quot;Expositions artistiques \\u00e0 la Gare de l\\u2019Art&quot;,&quot;type&quot;:&quot;culturel&quot;,&quot;place&quot;:&quot;Gare de l\\u2019Art, Saint-Paul-en-Born&quot;,&quot;distance_km&quot;:&quot;2-3 km&quot;,&quot;duration&quot;:&quot;variable selon exposition&quot;,&quot;price&quot;:&quot;gratuit ou selon \\u00e9v\\u00e9nement&quot;,&quot;booking_necessary&quot;:&quot;variable&quot;,&quot;comment&quot;:&quot;Lieu d&#039;expositions artistiques en ancienne gare accueillant peintres, photographes et sculpteurs.&quot;,&quot;link&quot;:&quot;https:\\\/\\\/www.saint-paul-en-born.fr\\\/Tourisme&quot;,&quot;image&quot;:&quot;https:\\\/\\\/www.saint-paul-en-born.fr\\\/images\\\/LaGareDeLart.jpg&quot;},&quot;category&quot;:&quot;Activit\\u00e9s et lieux recommand\\u00e9s&quot;}\">\n\n            <!-- Image + badge cat\u00e9gorie -->\n            <div class=\"em-card-img-wrap\">\n                              <img decoding=\"async\" class=\"em-card-img\" src=\"https:\/\/www.saint-paul-en-born.fr\/images\/LaGareDeLart.jpg\" alt=\"Expositions artistiques \u00e0 la Gare de l\u2019Art\" loading=\"lazy\" onerror=\"this.style.display='none';this.nextElementSibling.style.display='flex';\">\n                <div class=\"em-card-placeholder\" style=\"display:none;\">\ud83d\udcf7 Image indisponible<\/div>\n                            <span class=\"em-card-badge badge-activity\">Activit\u00e9s et lieux recommand\u00e9s<\/span>\n            <\/div>\n\n            <!-- Contenu de la card -->\n            <div class=\"em-card-body\">\n              <h3 class=\"em-card-title\">Expositions artistiques \u00e0 la Gare de l\u2019Art<\/h3>\n\n              <!-- Tags r\u00e9sum\u00e9s (max 4) -->\n              <div class=\"em-card-tags\">\n                                    <span class=\"em-tag em-tag-green\">gratuit ou selon \u00e9v\u00e9nement<\/span>\n                                    <span class=\"em-tag em-tag-blue\">Gare de l\u2019Art, Saint-Paul-en-Born<\/span>\n                                              <\/div>\n\n              <!-- Champs suppl\u00e9mentaires (max 3) -->\n              <div class=\"em-card-fields\">\n                                  <div class=\"em-card-field\">\n                    <span class=\"em-card-field-label\">Type d\u2019\u00e9v\u00e9nement (march\u00e9, festival, sport, etc.) :<\/span>\n                    <span class=\"em-card-field-value\">culturel<\/span>\n                  <\/div>\n                                  <div class=\"em-card-field\">\n                    <span class=\"em-card-field-label\">Distance depuis le camping (km) :<\/span>\n                    <span class=\"em-card-field-value\">2-3 km<\/span>\n                  <\/div>\n                                  <div class=\"em-card-field\">\n                    <span class=\"em-card-field-label\">Dur\u00e9e moyenne :<\/span>\n                    <span class=\"em-card-field-value\">variable selon exposition<\/span>\n                  <\/div>\n                              <\/div>\n\n              <!-- Lien vers le d\u00e9tail -->\n              <div class=\"em-card-footer\">\n                <span>Voir le d\u00e9tail<\/span>\n                <svg fill=\"none\" viewBox=\"0 0 24 24\" stroke=\"currentColor\" stroke-width=\"2\"><path stroke-linecap=\"round\" stroke-linejoin=\"round\" d=\"M13.5 4.5L21 12m0 0l-7.5 7.5M21 12H3\"><\/path><\/svg>\n              <\/div>\n            <\/div>\n          <\/article>\n                  <article class=\"em-card\"\n            data-type=\"activity\"\n            data-features=\"\"\n            data-name=\"observation ornithologique aux marais d&#039;orx\"\n            data-json=\"{&quot;name&quot;:&quot;Observation ornithologique aux Marais d&#039;Orx&quot;,&quot;image&quot;:&quot;https:\\\/\\\/www.reserve-orx.fr\\\/images\\\/ornithologie.jpg&quot;,&quot;link&quot;:&quot;https:\\\/\\\/www.reserve-orx.fr&quot;,&quot;data&quot;:{&quot;name&quot;:&quot;Observation ornithologique aux Marais d&#039;Orx&quot;,&quot;type&quot;:&quot;nature et d\\u00e9couverte&quot;,&quot;place&quot;:&quot;R\\u00e9serve Naturelle des Marais d&#039;Orx&quot;,&quot;distance_km&quot;:&quot;environ 30 km&quot;,&quot;duration&quot;:&quot;variable&quot;,&quot;price&quot;:&quot;entr\\u00e9e libre ou visite guid\\u00e9e payante&quot;,&quot;booking_necessary&quot;:&quot;pour visites guid\\u00e9es oui&quot;,&quot;comment&quot;:&quot;Sortie d&#039;observation d&#039;oiseaux, papillons et faune locale dans la r\\u00e9serve prot\\u00e9g\\u00e9e&quot;,&quot;link&quot;:&quot;https:\\\/\\\/www.reserve-orx.fr&quot;,&quot;image&quot;:&quot;https:\\\/\\\/www.reserve-orx.fr\\\/images\\\/ornithologie.jpg&quot;},&quot;category&quot;:&quot;Activit\\u00e9s et lieux recommand\\u00e9s&quot;}\">\n\n            <!-- Image + badge cat\u00e9gorie -->\n            <div class=\"em-card-img-wrap\">\n                              <img decoding=\"async\" class=\"em-card-img\" src=\"https:\/\/www.reserve-orx.fr\/images\/ornithologie.jpg\" alt=\"Observation ornithologique aux Marais d&#039;Orx\" loading=\"lazy\" onerror=\"this.style.display='none';this.nextElementSibling.style.display='flex';\">\n                <div class=\"em-card-placeholder\" style=\"display:none;\">\ud83d\udcf7 Image indisponible<\/div>\n                            <span class=\"em-card-badge badge-activity\">Activit\u00e9s et lieux recommand\u00e9s<\/span>\n            <\/div>\n\n            <!-- Contenu de la card -->\n            <div class=\"em-card-body\">\n              <h3 class=\"em-card-title\">Observation ornithologique aux Marais d&#039;Orx<\/h3>\n\n              <!-- Tags r\u00e9sum\u00e9s (max 4) -->\n              <div class=\"em-card-tags\">\n                                    <span class=\"em-tag em-tag-green\">entr\u00e9e libre ou visite guid\u00e9e payante<\/span>\n                                    <span class=\"em-tag em-tag-blue\">R\u00e9serve Naturelle des Marais d&#039;Orx<\/span>\n                                              <\/div>\n\n              <!-- Champs suppl\u00e9mentaires (max 3) -->\n              <div class=\"em-card-fields\">\n                                  <div class=\"em-card-field\">\n                    <span class=\"em-card-field-label\">Type d\u2019\u00e9v\u00e9nement (march\u00e9, festival, sport, etc.) :<\/span>\n                    <span class=\"em-card-field-value\">nature et d\u00e9couverte<\/span>\n                  <\/div>\n                                  <div class=\"em-card-field\">\n                    <span class=\"em-card-field-label\">Distance depuis le camping (km) :<\/span>\n                    <span class=\"em-card-field-value\">environ 30 km<\/span>\n                  <\/div>\n                                  <div class=\"em-card-field\">\n                    <span class=\"em-card-field-label\">Dur\u00e9e moyenne :<\/span>\n                    <span class=\"em-card-field-value\">variable<\/span>\n                  <\/div>\n                              <\/div>\n\n              <!-- Lien vers le d\u00e9tail -->\n              <div class=\"em-card-footer\">\n                <span>Voir le d\u00e9tail<\/span>\n                <svg fill=\"none\" viewBox=\"0 0 24 24\" stroke=\"currentColor\" stroke-width=\"2\"><path stroke-linecap=\"round\" stroke-linejoin=\"round\" d=\"M13.5 4.5L21 12m0 0l-7.5 7.5M21 12H3\"><\/path><\/svg>\n              <\/div>\n            <\/div>\n          <\/article>\n                  <article class=\"em-card\"\n            data-type=\"activity\"\n            data-features=\"\"\n            data-name=\"excursion en bateau \u00e9lectrique sur le lac d&#039;aureilhan\"\n            data-json=\"{&quot;name&quot;:&quot;Excursion en bateau \\u00e9lectrique sur le lac d&#039;Aureilhan&quot;,&quot;image&quot;:&quot;https:\\\/\\\/www.mimizan-tourisme.com\\\/images\\\/boat-rental.jpg&quot;,&quot;link&quot;:&quot;https:\\\/\\\/www.mimizan-tourisme.com&quot;,&quot;data&quot;:{&quot;name&quot;:&quot;Excursion en bateau \\u00e9lectrique sur le lac d&#039;Aureilhan&quot;,&quot;type&quot;:&quot;activit\\u00e9 nautique&quot;,&quot;place&quot;:&quot;Lac d&#039;Aureilhan, Mimizan&quot;,&quot;distance_km&quot;:&quot;environ 10 km&quot;,&quot;duration&quot;:&quot;variable&quot;,&quot;price&quot;:&quot;location \\u00e0 r\\u00e9server&quot;,&quot;booking_necessary&quot;:&quot;oui&quot;,&quot;comment&quot;:&quot;Balade \\u00e9cologique en bateau \\u00e9lectrique sur le lac, d\\u00e9couverte de la nature et des paysages&quot;,&quot;link&quot;:&quot;https:\\\/\\\/www.mimizan-tourisme.com&quot;,&quot;image&quot;:&quot;https:\\\/\\\/www.mimizan-tourisme.com\\\/images\\\/boat-rental.jpg&quot;},&quot;category&quot;:&quot;Activit\\u00e9s et lieux recommand\\u00e9s&quot;}\">\n\n            <!-- Image + badge cat\u00e9gorie -->\n            <div class=\"em-card-img-wrap\">\n                              <img decoding=\"async\" class=\"em-card-img\" src=\"https:\/\/www.mimizan-tourisme.com\/images\/boat-rental.jpg\" alt=\"Excursion en bateau \u00e9lectrique sur le lac d&#039;Aureilhan\" loading=\"lazy\" onerror=\"this.style.display='none';this.nextElementSibling.style.display='flex';\">\n                <div class=\"em-card-placeholder\" style=\"display:none;\">\ud83d\udcf7 Image indisponible<\/div>\n                            <span class=\"em-card-badge badge-activity\">Activit\u00e9s et lieux recommand\u00e9s<\/span>\n            <\/div>\n\n            <!-- Contenu de la card -->\n            <div class=\"em-card-body\">\n              <h3 class=\"em-card-title\">Excursion en bateau \u00e9lectrique sur le lac d&#039;Aureilhan<\/h3>\n\n              <!-- Tags r\u00e9sum\u00e9s (max 4) -->\n              <div class=\"em-card-tags\">\n                                    <span class=\"em-tag em-tag-green\">location \u00e0 r\u00e9server<\/span>\n                                    <span class=\"em-tag em-tag-blue\">Lac d&#039;Aureilhan, Mimizan<\/span>\n                                              <\/div>\n\n              <!-- Champs suppl\u00e9mentaires (max 3) -->\n              <div class=\"em-card-fields\">\n                                  <div class=\"em-card-field\">\n                    <span class=\"em-card-field-label\">Type d\u2019\u00e9v\u00e9nement (march\u00e9, festival, sport, etc.) :<\/span>\n                    <span class=\"em-card-field-value\">activit\u00e9 nautique<\/span>\n                  <\/div>\n                                  <div class=\"em-card-field\">\n                    <span class=\"em-card-field-label\">Distance depuis le camping (km) :<\/span>\n                    <span class=\"em-card-field-value\">environ 10 km<\/span>\n                  <\/div>\n                                  <div class=\"em-card-field\">\n                    <span class=\"em-card-field-label\">Dur\u00e9e moyenne :<\/span>\n                    <span class=\"em-card-field-value\">variable<\/span>\n                  <\/div>\n                              <\/div>\n\n              <!-- Lien vers le d\u00e9tail -->\n              <div class=\"em-card-footer\">\n                <span>Voir le d\u00e9tail<\/span>\n                <svg fill=\"none\" viewBox=\"0 0 24 24\" stroke=\"currentColor\" stroke-width=\"2\"><path stroke-linecap=\"round\" stroke-linejoin=\"round\" d=\"M13.5 4.5L21 12m0 0l-7.5 7.5M21 12H3\"><\/path><\/svg>\n              <\/div>\n            <\/div>\n          <\/article>\n                  <article class=\"em-card\"\n            data-type=\"activity\"\n            data-features=\"\"\n            data-name=\"cours de cuisine landaise\"\n            data-json=\"{&quot;name&quot;:&quot;Cours de cuisine landaise&quot;,&quot;image&quot;:&quot;https:\\\/\\\/www.tourismelandes.com\\\/images\\\/cuisine-landes.jpg&quot;,&quot;link&quot;:&quot;https:\\\/\\\/www.tourismelandes.com&quot;,&quot;data&quot;:{&quot;name&quot;:&quot;Cours de cuisine landaise&quot;,&quot;type&quot;:&quot;atelier culinaire&quot;,&quot;place&quot;:&quot;Saint-Paul-en-Born et environs&quot;,&quot;distance_km&quot;:&quot;variable&quot;,&quot;duration&quot;:&quot;variable&quot;,&quot;price&quot;:&quot;variable selon atelier&quot;,&quot;booking_necessary&quot;:&quot;oui&quot;,&quot;comment&quot;:&quot;Atelier d&#039;initiation \\u00e0 la pr\\u00e9paration de sp\\u00e9cialit\\u00e9s gastronomiques locales&quot;,&quot;link&quot;:&quot;https:\\\/\\\/www.tourismelandes.com&quot;,&quot;image&quot;:&quot;https:\\\/\\\/www.tourismelandes.com\\\/images\\\/cuisine-landes.jpg&quot;},&quot;category&quot;:&quot;Activit\\u00e9s et lieux recommand\\u00e9s&quot;}\">\n\n            <!-- Image + badge cat\u00e9gorie -->\n            <div class=\"em-card-img-wrap\">\n                              <img decoding=\"async\" class=\"em-card-img\" src=\"https:\/\/www.tourismelandes.com\/images\/cuisine-landes.jpg\" alt=\"Cours de cuisine landaise\" loading=\"lazy\" onerror=\"this.style.display='none';this.nextElementSibling.style.display='flex';\">\n                <div class=\"em-card-placeholder\" style=\"display:none;\">\ud83d\udcf7 Image indisponible<\/div>\n                            <span class=\"em-card-badge badge-activity\">Activit\u00e9s et lieux recommand\u00e9s<\/span>\n            <\/div>\n\n            <!-- Contenu de la card -->\n            <div class=\"em-card-body\">\n              <h3 class=\"em-card-title\">Cours de cuisine landaise<\/h3>\n\n              <!-- Tags r\u00e9sum\u00e9s (max 4) -->\n              <div class=\"em-card-tags\">\n                                    <span class=\"em-tag em-tag-green\">variable selon atelier<\/span>\n                                    <span class=\"em-tag em-tag-blue\">Saint-Paul-en-Born et environs<\/span>\n                                              <\/div>\n\n              <!-- Champs suppl\u00e9mentaires (max 3) -->\n              <div class=\"em-card-fields\">\n                                  <div class=\"em-card-field\">\n                    <span class=\"em-card-field-label\">Type d\u2019\u00e9v\u00e9nement (march\u00e9, festival, sport, etc.) :<\/span>\n                    <span class=\"em-card-field-value\">atelier culinaire<\/span>\n                  <\/div>\n                                  <div class=\"em-card-field\">\n                    <span class=\"em-card-field-label\">Distance depuis le camping (km) :<\/span>\n                    <span class=\"em-card-field-value\">variable<\/span>\n                  <\/div>\n                                  <div class=\"em-card-field\">\n                    <span class=\"em-card-field-label\">Dur\u00e9e moyenne :<\/span>\n                    <span class=\"em-card-field-value\">variable<\/span>\n                  <\/div>\n                              <\/div>\n\n              <!-- Lien vers le d\u00e9tail -->\n              <div class=\"em-card-footer\">\n                <span>Voir le d\u00e9tail<\/span>\n                <svg fill=\"none\" viewBox=\"0 0 24 24\" stroke=\"currentColor\" stroke-width=\"2\"><path stroke-linecap=\"round\" stroke-linejoin=\"round\" d=\"M13.5 4.5L21 12m0 0l-7.5 7.5M21 12H3\"><\/path><\/svg>\n              <\/div>\n            <\/div>\n          <\/article>\n                  <article class=\"em-card\"\n            data-type=\"activity\"\n            data-features=\"\"\n            data-name=\"atelier d&#039;herboristerie locale\"\n            data-json=\"{&quot;name&quot;:&quot;Atelier d&#039;herboristerie locale&quot;,&quot;image&quot;:&quot;https:\\\/\\\/www.tourismelandes.com\\\/images\\\/herboristerie.jpg&quot;,&quot;link&quot;:&quot;https:\\\/\\\/www.tourismelandes.com&quot;,&quot;data&quot;:{&quot;name&quot;:&quot;Atelier d&#039;herboristerie locale&quot;,&quot;type&quot;:&quot;atelier nature&quot;,&quot;place&quot;:&quot;Saint-Paul-en-Born et environs&quot;,&quot;distance_km&quot;:&quot;variable&quot;,&quot;duration&quot;:&quot;variable&quot;,&quot;price&quot;:&quot;variable&quot;,&quot;booking_necessary&quot;:&quot;oui&quot;,&quot;comment&quot;:&quot;D\\u00e9couverte des plantes m\\u00e9dicinales et de leurs usages traditionnels dans les Landes&quot;,&quot;link&quot;:&quot;https:\\\/\\\/www.tourismelandes.com&quot;,&quot;image&quot;:&quot;https:\\\/\\\/www.tourismelandes.com\\\/images\\\/herboristerie.jpg&quot;},&quot;category&quot;:&quot;Activit\\u00e9s et lieux recommand\\u00e9s&quot;}\">\n\n            <!-- Image + badge cat\u00e9gorie -->\n            <div class=\"em-card-img-wrap\">\n                              <img decoding=\"async\" class=\"em-card-img\" src=\"https:\/\/www.tourismelandes.com\/images\/herboristerie.jpg\" alt=\"Atelier d&#039;herboristerie locale\" loading=\"lazy\" onerror=\"this.style.display='none';this.nextElementSibling.style.display='flex';\">\n                <div class=\"em-card-placeholder\" style=\"display:none;\">\ud83d\udcf7 Image indisponible<\/div>\n                            <span class=\"em-card-badge badge-activity\">Activit\u00e9s et lieux recommand\u00e9s<\/span>\n            <\/div>\n\n            <!-- Contenu de la card -->\n            <div class=\"em-card-body\">\n              <h3 class=\"em-card-title\">Atelier d&#039;herboristerie locale<\/h3>\n\n              <!-- Tags r\u00e9sum\u00e9s (max 4) -->\n              <div class=\"em-card-tags\">\n                                    <span class=\"em-tag em-tag-green\">variable<\/span>\n                                    <span class=\"em-tag em-tag-blue\">Saint-Paul-en-Born et environs<\/span>\n                                              <\/div>\n\n              <!-- Champs suppl\u00e9mentaires (max 3) -->\n              <div class=\"em-card-fields\">\n                                  <div class=\"em-card-field\">\n                    <span class=\"em-card-field-label\">Type d\u2019\u00e9v\u00e9nement (march\u00e9, festival, sport, etc.) :<\/span>\n                    <span class=\"em-card-field-value\">atelier nature<\/span>\n                  <\/div>\n                                  <div class=\"em-card-field\">\n                    <span class=\"em-card-field-label\">Distance depuis le camping (km) :<\/span>\n                    <span class=\"em-card-field-value\">variable<\/span>\n                  <\/div>\n                                  <div class=\"em-card-field\">\n                    <span class=\"em-card-field-label\">Dur\u00e9e moyenne :<\/span>\n                    <span class=\"em-card-field-value\">variable<\/span>\n                  <\/div>\n                              <\/div>\n\n              <!-- Lien vers le d\u00e9tail -->\n              <div class=\"em-card-footer\">\n                <span>Voir le d\u00e9tail<\/span>\n                <svg fill=\"none\" viewBox=\"0 0 24 24\" stroke=\"currentColor\" stroke-width=\"2\"><path stroke-linecap=\"round\" stroke-linejoin=\"round\" d=\"M13.5 4.5L21 12m0 0l-7.5 7.5M21 12H3\"><\/path><\/svg>\n              <\/div>\n            <\/div>\n          <\/article>\n                  <article class=\"em-card\"\n            data-type=\"activity\"\n            data-features=\"\"\n            data-name=\"balade fat bike en for\u00eat landaise\"\n            data-json=\"{&quot;name&quot;:&quot;Balade fat bike en for\\u00eat landaise&quot;,&quot;image&quot;:&quot;https:\\\/\\\/www.tourismelandes.com\\\/images\\\/fat-bike.jpg&quot;,&quot;link&quot;:&quot;https:\\\/\\\/www.tourismelandes.com&quot;,&quot;data&quot;:{&quot;name&quot;:&quot;Balade fat bike en for\\u00eat landaise&quot;,&quot;type&quot;:&quot;activit\\u00e9 sportive&quot;,&quot;place&quot;:&quot;For\\u00eat landaise autour de Saint-Paul-en-Born&quot;,&quot;distance_km&quot;:&quot;variable&quot;,&quot;duration&quot;:&quot;variable&quot;,&quot;price&quot;:&quot;location \\u00e0 pr\\u00e9voir&quot;,&quot;booking_necessary&quot;:&quot;oui&quot;,&quot;comment&quot;:&quot;Randonn\\u00e9e \\u00e0 v\\u00e9lo tout terrain \\u00e9lectrique, adapt\\u00e9e \\u00e0 tous niveaux, au c\\u0153ur de la for\\u00eat&quot;,&quot;link&quot;:&quot;https:\\\/\\\/www.tourismelandes.com&quot;,&quot;image&quot;:&quot;https:\\\/\\\/www.tourismelandes.com\\\/images\\\/fat-bike.jpg&quot;},&quot;category&quot;:&quot;Activit\\u00e9s et lieux recommand\\u00e9s&quot;}\">\n\n            <!-- Image + badge cat\u00e9gorie -->\n            <div class=\"em-card-img-wrap\">\n                              <img decoding=\"async\" class=\"em-card-img\" src=\"https:\/\/www.tourismelandes.com\/images\/fat-bike.jpg\" alt=\"Balade fat bike en for\u00eat landaise\" loading=\"lazy\" onerror=\"this.style.display='none';this.nextElementSibling.style.display='flex';\">\n                <div class=\"em-card-placeholder\" style=\"display:none;\">\ud83d\udcf7 Image indisponible<\/div>\n                            <span class=\"em-card-badge badge-activity\">Activit\u00e9s et lieux recommand\u00e9s<\/span>\n            <\/div>\n\n            <!-- Contenu de la card -->\n            <div class=\"em-card-body\">\n              <h3 class=\"em-card-title\">Balade fat bike en for\u00eat landaise<\/h3>\n\n              <!-- Tags r\u00e9sum\u00e9s (max 4) -->\n              <div class=\"em-card-tags\">\n                                    <span class=\"em-tag em-tag-green\">location \u00e0 pr\u00e9voir<\/span>\n                                    <span class=\"em-tag em-tag-blue\">For\u00eat landaise autour de Saint-Paul-en-Born<\/span>\n                                              <\/div>\n\n              <!-- Champs suppl\u00e9mentaires (max 3) -->\n              <div class=\"em-card-fields\">\n                                  <div class=\"em-card-field\">\n                    <span class=\"em-card-field-label\">Type d\u2019\u00e9v\u00e9nement (march\u00e9, festival, sport, etc.) :<\/span>\n                    <span class=\"em-card-field-value\">activit\u00e9 sportive<\/span>\n                  <\/div>\n                                  <div class=\"em-card-field\">\n                    <span class=\"em-card-field-label\">Distance depuis le camping (km) :<\/span>\n                    <span class=\"em-card-field-value\">variable<\/span>\n                  <\/div>\n                                  <div class=\"em-card-field\">\n                    <span class=\"em-card-field-label\">Dur\u00e9e moyenne :<\/span>\n                    <span class=\"em-card-field-value\">variable<\/span>\n                  <\/div>\n                              <\/div>\n\n              <!-- Lien vers le d\u00e9tail -->\n              <div class=\"em-card-footer\">\n                <span>Voir le d\u00e9tail<\/span>\n                <svg fill=\"none\" viewBox=\"0 0 24 24\" stroke=\"currentColor\" stroke-width=\"2\"><path stroke-linecap=\"round\" stroke-linejoin=\"round\" d=\"M13.5 4.5L21 12m0 0l-7.5 7.5M21 12H3\"><\/path><\/svg>\n              <\/div>\n            <\/div>\n          <\/article>\n                  <article class=\"em-card\"\n            data-type=\"activity\"\n            data-features=\"\"\n            data-name=\"jeux de piste en for\u00eat landaise\"\n            data-json=\"{&quot;name&quot;:&quot;Jeux de piste en for\\u00eat landaise&quot;,&quot;image&quot;:&quot;https:\\\/\\\/www.tourismelandes.com\\\/images\\\/jeu-de-piste.jpg&quot;,&quot;link&quot;:&quot;https:\\\/\\\/www.tourismelandes.com&quot;,&quot;data&quot;:{&quot;name&quot;:&quot;Jeux de piste en for\\u00eat landaise&quot;,&quot;type&quot;:&quot;activit\\u00e9 ludique en nature&quot;,&quot;place&quot;:&quot;For\\u00eat landaise autour de Saint-Paul-en-Born&quot;,&quot;distance_km&quot;:&quot;variable&quot;,&quot;duration&quot;:&quot;variable&quot;,&quot;price&quot;:&quot;variable&quot;,&quot;booking_necessary&quot;:&quot;oui&quot;,&quot;comment&quot;:&quot;Jeux d&#039;orientation et de d\\u00e9couverte en groupe pour tous \\u00e2ges dans la for\\u00eat&quot;,&quot;link&quot;:&quot;https:\\\/\\\/www.tourismelandes.com&quot;,&quot;image&quot;:&quot;https:\\\/\\\/www.tourismelandes.com\\\/images\\\/jeu-de-piste.jpg&quot;},&quot;category&quot;:&quot;Activit\\u00e9s et lieux recommand\\u00e9s&quot;}\">\n\n            <!-- Image + badge cat\u00e9gorie -->\n            <div class=\"em-card-img-wrap\">\n                              <img decoding=\"async\" class=\"em-card-img\" src=\"https:\/\/www.tourismelandes.com\/images\/jeu-de-piste.jpg\" alt=\"Jeux de piste en for\u00eat landaise\" loading=\"lazy\" onerror=\"this.style.display='none';this.nextElementSibling.style.display='flex';\">\n                <div class=\"em-card-placeholder\" style=\"display:none;\">\ud83d\udcf7 Image indisponible<\/div>\n                            <span class=\"em-card-badge badge-activity\">Activit\u00e9s et lieux recommand\u00e9s<\/span>\n            <\/div>\n\n            <!-- Contenu de la card -->\n            <div class=\"em-card-body\">\n              <h3 class=\"em-card-title\">Jeux de piste en for\u00eat landaise<\/h3>\n\n              <!-- Tags r\u00e9sum\u00e9s (max 4) -->\n              <div class=\"em-card-tags\">\n                                    <span class=\"em-tag em-tag-green\">variable<\/span>\n                                    <span class=\"em-tag em-tag-blue\">For\u00eat landaise autour de Saint-Paul-en-Born<\/span>\n                                              <\/div>\n\n              <!-- Champs suppl\u00e9mentaires (max 3) -->\n              <div class=\"em-card-fields\">\n                                  <div class=\"em-card-field\">\n                    <span class=\"em-card-field-label\">Type d\u2019\u00e9v\u00e9nement (march\u00e9, festival, sport, etc.) :<\/span>\n                    <span class=\"em-card-field-value\">activit\u00e9 ludique en nature<\/span>\n                  <\/div>\n                                  <div class=\"em-card-field\">\n                    <span class=\"em-card-field-label\">Distance depuis le camping (km) :<\/span>\n                    <span class=\"em-card-field-value\">variable<\/span>\n                  <\/div>\n                                  <div class=\"em-card-field\">\n                    <span class=\"em-card-field-label\">Dur\u00e9e moyenne :<\/span>\n                    <span class=\"em-card-field-value\">variable<\/span>\n                  <\/div>\n                              <\/div>\n\n              <!-- Lien vers le d\u00e9tail -->\n              <div class=\"em-card-footer\">\n                <span>Voir le d\u00e9tail<\/span>\n                <svg fill=\"none\" viewBox=\"0 0 24 24\" stroke=\"currentColor\" stroke-width=\"2\"><path stroke-linecap=\"round\" stroke-linejoin=\"round\" d=\"M13.5 4.5L21 12m0 0l-7.5 7.5M21 12H3\"><\/path><\/svg>\n              <\/div>\n            <\/div>\n          <\/article>\n                  <article class=\"em-card\"\n            data-type=\"activity\"\n            data-features=\"\"\n            data-name=\"atelier de dessin en plein air\"\n            data-json=\"{&quot;name&quot;:&quot;Atelier de dessin en plein air&quot;,&quot;image&quot;:&quot;https:\\\/\\\/www.tourismelandes.com\\\/images\\\/dessin-plein-air.jpg&quot;,&quot;link&quot;:&quot;https:\\\/\\\/www.tourismelandes.com&quot;,&quot;data&quot;:{&quot;name&quot;:&quot;Atelier de dessin en plein air&quot;,&quot;type&quot;:&quot;atelier artistique&quot;,&quot;place&quot;:&quot;Saint-Paul-en-Born et alentours&quot;,&quot;distance_km&quot;:&quot;variable&quot;,&quot;duration&quot;:&quot;variable&quot;,&quot;price&quot;:&quot;variable&quot;,&quot;booking_necessary&quot;:&quot;oui&quot;,&quot;comment&quot;:&quot;Initiation au dessin et \\u00e0 la peinture en ext\\u00e9rieur, sous la conduite d&#039;un artiste local&quot;,&quot;link&quot;:&quot;https:\\\/\\\/www.tourismelandes.com&quot;,&quot;image&quot;:&quot;https:\\\/\\\/www.tourismelandes.com\\\/images\\\/dessin-plein-air.jpg&quot;},&quot;category&quot;:&quot;Activit\\u00e9s et lieux recommand\\u00e9s&quot;}\">\n\n            <!-- Image + badge cat\u00e9gorie -->\n            <div class=\"em-card-img-wrap\">\n                              <img decoding=\"async\" class=\"em-card-img\" src=\"https:\/\/www.tourismelandes.com\/images\/dessin-plein-air.jpg\" alt=\"Atelier de dessin en plein air\" loading=\"lazy\" onerror=\"this.style.display='none';this.nextElementSibling.style.display='flex';\">\n                <div class=\"em-card-placeholder\" style=\"display:none;\">\ud83d\udcf7 Image indisponible<\/div>\n                            <span class=\"em-card-badge badge-activity\">Activit\u00e9s et lieux recommand\u00e9s<\/span>\n            <\/div>\n\n            <!-- Contenu de la card -->\n            <div class=\"em-card-body\">\n              <h3 class=\"em-card-title\">Atelier de dessin en plein air<\/h3>\n\n              <!-- Tags r\u00e9sum\u00e9s (max 4) -->\n              <div class=\"em-card-tags\">\n                                    <span class=\"em-tag em-tag-green\">variable<\/span>\n                                    <span class=\"em-tag em-tag-blue\">Saint-Paul-en-Born et alentours<\/span>\n                                              <\/div>\n\n              <!-- Champs suppl\u00e9mentaires (max 3) -->\n              <div class=\"em-card-fields\">\n                                  <div class=\"em-card-field\">\n                    <span class=\"em-card-field-label\">Type d\u2019\u00e9v\u00e9nement (march\u00e9, festival, sport, etc.) :<\/span>\n                    <span class=\"em-card-field-value\">atelier artistique<\/span>\n                  <\/div>\n                                  <div class=\"em-card-field\">\n                    <span class=\"em-card-field-label\">Distance depuis le camping (km) :<\/span>\n                    <span class=\"em-card-field-value\">variable<\/span>\n                  <\/div>\n                                  <div class=\"em-card-field\">\n                    <span class=\"em-card-field-label\">Dur\u00e9e moyenne :<\/span>\n                    <span class=\"em-card-field-value\">variable<\/span>\n                  <\/div>\n                              <\/div>\n\n              <!-- Lien vers le d\u00e9tail -->\n              <div class=\"em-card-footer\">\n                <span>Voir le d\u00e9tail<\/span>\n                <svg fill=\"none\" viewBox=\"0 0 24 24\" stroke=\"currentColor\" stroke-width=\"2\"><path stroke-linecap=\"round\" stroke-linejoin=\"round\" d=\"M13.5 4.5L21 12m0 0l-7.5 7.5M21 12H3\"><\/path><\/svg>\n              <\/div>\n            <\/div>\n          <\/article>\n                  <article class=\"em-card\"\n            data-type=\"activity\"\n            data-features=\"\"\n            data-name=\"visite d&#039;une exploitation agricole locale\"\n            data-json=\"{&quot;name&quot;:&quot;Visite d&#039;une exploitation agricole locale&quot;,&quot;image&quot;:&quot;https:\\\/\\\/www.tourismelandes.com\\\/images\\\/exploitation-agricole.jpg&quot;,&quot;link&quot;:&quot;https:\\\/\\\/www.tourismelandes.com&quot;,&quot;data&quot;:{&quot;name&quot;:&quot;Visite d&#039;une exploitation agricole locale&quot;,&quot;type&quot;:&quot;visite p\\u00e9dagogique&quot;,&quot;place&quot;:&quot;Saint-Paul-en-Born et environs&quot;,&quot;distance_km&quot;:&quot;variable&quot;,&quot;duration&quot;:&quot;variable&quot;,&quot;price&quot;:&quot;variable&quot;,&quot;booking_necessary&quot;:&quot;oui&quot;,&quot;comment&quot;:&quot;D\\u00e9couverte des pratiques agricoles traditionnelles et produits du terroir&quot;,&quot;link&quot;:&quot;https:\\\/\\\/www.tourismelandes.com&quot;,&quot;image&quot;:&quot;https:\\\/\\\/www.tourismelandes.com\\\/images\\\/exploitation-agricole.jpg&quot;},&quot;category&quot;:&quot;Activit\\u00e9s et lieux recommand\\u00e9s&quot;}\">\n\n            <!-- Image + badge cat\u00e9gorie -->\n            <div class=\"em-card-img-wrap\">\n                              <img decoding=\"async\" class=\"em-card-img\" src=\"https:\/\/www.tourismelandes.com\/images\/exploitation-agricole.jpg\" alt=\"Visite d&#039;une exploitation agricole locale\" loading=\"lazy\" onerror=\"this.style.display='none';this.nextElementSibling.style.display='flex';\">\n                <div class=\"em-card-placeholder\" style=\"display:none;\">\ud83d\udcf7 Image indisponible<\/div>\n                            <span class=\"em-card-badge badge-activity\">Activit\u00e9s et lieux recommand\u00e9s<\/span>\n            <\/div>\n\n            <!-- Contenu de la card -->\n            <div class=\"em-card-body\">\n              <h3 class=\"em-card-title\">Visite d&#039;une exploitation agricole locale<\/h3>\n\n              <!-- Tags r\u00e9sum\u00e9s (max 4) -->\n              <div class=\"em-card-tags\">\n                                    <span class=\"em-tag em-tag-green\">variable<\/span>\n                                    <span class=\"em-tag em-tag-blue\">Saint-Paul-en-Born et environs<\/span>\n                                              <\/div>\n\n              <!-- Champs suppl\u00e9mentaires (max 3) -->\n              <div class=\"em-card-fields\">\n                                  <div class=\"em-card-field\">\n                    <span class=\"em-card-field-label\">Type d\u2019\u00e9v\u00e9nement (march\u00e9, festival, sport, etc.) :<\/span>\n                    <span class=\"em-card-field-value\">visite p\u00e9dagogique<\/span>\n                  <\/div>\n                                  <div class=\"em-card-field\">\n                    <span class=\"em-card-field-label\">Distance depuis le camping (km) :<\/span>\n                    <span class=\"em-card-field-value\">variable<\/span>\n                  <\/div>\n                                  <div class=\"em-card-field\">\n                    <span class=\"em-card-field-label\">Dur\u00e9e moyenne :<\/span>\n                    <span class=\"em-card-field-value\">variable<\/span>\n                  <\/div>\n                              <\/div>\n\n              <!-- Lien vers le d\u00e9tail -->\n              <div class=\"em-card-footer\">\n                <span>Voir le d\u00e9tail<\/span>\n                <svg fill=\"none\" viewBox=\"0 0 24 24\" stroke=\"currentColor\" stroke-width=\"2\"><path stroke-linecap=\"round\" stroke-linejoin=\"round\" d=\"M13.5 4.5L21 12m0 0l-7.5 7.5M21 12H3\"><\/path><\/svg>\n              <\/div>\n            <\/div>\n          <\/article>\n                  <article class=\"em-card\"\n            data-type=\"activity\"\n            data-features=\"\"\n            data-name=\"initiation \u00e0 l&#039;apiculture\"\n            data-json=\"{&quot;name&quot;:&quot;Initiation \\u00e0 l&#039;apiculture&quot;,&quot;image&quot;:&quot;https:\\\/\\\/www.tourismelandes.com\\\/images\\\/apiculture.jpg&quot;,&quot;link&quot;:&quot;https:\\\/\\\/www.tourismelandes.com&quot;,&quot;data&quot;:{&quot;name&quot;:&quot;Initiation \\u00e0 l&#039;apiculture&quot;,&quot;type&quot;:&quot;atelier nature&quot;,&quot;place&quot;:&quot;Saint-Paul-en-Born et alentours&quot;,&quot;distance_km&quot;:&quot;variable&quot;,&quot;duration&quot;:&quot;variable&quot;,&quot;price&quot;:&quot;variable&quot;,&quot;booking_necessary&quot;:&quot;oui&quot;,&quot;comment&quot;:&quot;D\\u00e9couverte du m\\u00e9tier d&#039;apiculteur et d\\u00e9gustation de miel local&quot;,&quot;link&quot;:&quot;https:\\\/\\\/www.tourismelandes.com&quot;,&quot;image&quot;:&quot;https:\\\/\\\/www.tourismelandes.com\\\/images\\\/apiculture.jpg&quot;},&quot;category&quot;:&quot;Activit\\u00e9s et lieux recommand\\u00e9s&quot;}\">\n\n            <!-- Image + badge cat\u00e9gorie -->\n            <div class=\"em-card-img-wrap\">\n                              <img decoding=\"async\" class=\"em-card-img\" src=\"https:\/\/www.tourismelandes.com\/images\/apiculture.jpg\" alt=\"Initiation \u00e0 l&#039;apiculture\" loading=\"lazy\" onerror=\"this.style.display='none';this.nextElementSibling.style.display='flex';\">\n                <div class=\"em-card-placeholder\" style=\"display:none;\">\ud83d\udcf7 Image indisponible<\/div>\n                            <span class=\"em-card-badge badge-activity\">Activit\u00e9s et lieux recommand\u00e9s<\/span>\n            <\/div>\n\n            <!-- Contenu de la card -->\n            <div class=\"em-card-body\">\n              <h3 class=\"em-card-title\">Initiation \u00e0 l&#039;apiculture<\/h3>\n\n              <!-- Tags r\u00e9sum\u00e9s (max 4) -->\n              <div class=\"em-card-tags\">\n                                    <span class=\"em-tag em-tag-green\">variable<\/span>\n                                    <span class=\"em-tag em-tag-blue\">Saint-Paul-en-Born et alentours<\/span>\n                                              <\/div>\n\n              <!-- Champs suppl\u00e9mentaires (max 3) -->\n              <div class=\"em-card-fields\">\n                                  <div class=\"em-card-field\">\n                    <span class=\"em-card-field-label\">Type d\u2019\u00e9v\u00e9nement (march\u00e9, festival, sport, etc.) :<\/span>\n                    <span class=\"em-card-field-value\">atelier nature<\/span>\n                  <\/div>\n                                  <div class=\"em-card-field\">\n                    <span class=\"em-card-field-label\">Distance depuis le camping (km) :<\/span>\n                    <span class=\"em-card-field-value\">variable<\/span>\n                  <\/div>\n                                  <div class=\"em-card-field\">\n                    <span class=\"em-card-field-label\">Dur\u00e9e moyenne :<\/span>\n                    <span class=\"em-card-field-value\">variable<\/span>\n                  <\/div>\n                              <\/div>\n\n              <!-- Lien vers le d\u00e9tail -->\n              <div class=\"em-card-footer\">\n                <span>Voir le d\u00e9tail<\/span>\n                <svg fill=\"none\" viewBox=\"0 0 24 24\" stroke=\"currentColor\" stroke-width=\"2\"><path stroke-linecap=\"round\" stroke-linejoin=\"round\" d=\"M13.5 4.5L21 12m0 0l-7.5 7.5M21 12H3\"><\/path><\/svg>\n              <\/div>\n            <\/div>\n          <\/article>\n                  <article class=\"em-card\"\n            data-type=\"activity\"\n            data-features=\"\"\n            data-name=\"excursion ornithologique aux marais\"\n            data-json=\"{&quot;name&quot;:&quot;Excursion ornithologique aux marais&quot;,&quot;image&quot;:&quot;https:\\\/\\\/www.reserve-orx.fr\\\/images\\\/ornithologie-marais.jpg&quot;,&quot;link&quot;:&quot;https:\\\/\\\/www.reserve-orx.fr&quot;,&quot;data&quot;:{&quot;name&quot;:&quot;Excursion ornithologique aux marais&quot;,&quot;type&quot;:&quot;nature et d\\u00e9couverte&quot;,&quot;place&quot;:&quot;Marais proches de Saint-Paul-en-Born&quot;,&quot;distance_km&quot;:&quot;variable&quot;,&quot;duration&quot;:&quot;variable&quot;,&quot;price&quot;:&quot;variable&quot;,&quot;booking_necessary&quot;:&quot;oui&quot;,&quot;comment&quot;:&quot;Sortie guid\\u00e9e pour observer la faune ornithologique locale en milieux humides&quot;,&quot;link&quot;:&quot;https:\\\/\\\/www.reserve-orx.fr&quot;,&quot;image&quot;:&quot;https:\\\/\\\/www.reserve-orx.fr\\\/images\\\/ornithologie-marais.jpg&quot;},&quot;category&quot;:&quot;Activit\\u00e9s et lieux recommand\\u00e9s&quot;}\">\n\n            <!-- Image + badge cat\u00e9gorie -->\n            <div class=\"em-card-img-wrap\">\n                              <img decoding=\"async\" class=\"em-card-img\" src=\"https:\/\/www.reserve-orx.fr\/images\/ornithologie-marais.jpg\" alt=\"Excursion ornithologique aux marais\" loading=\"lazy\" onerror=\"this.style.display='none';this.nextElementSibling.style.display='flex';\">\n                <div class=\"em-card-placeholder\" style=\"display:none;\">\ud83d\udcf7 Image indisponible<\/div>\n                            <span class=\"em-card-badge badge-activity\">Activit\u00e9s et lieux recommand\u00e9s<\/span>\n            <\/div>\n\n            <!-- Contenu de la card -->\n            <div class=\"em-card-body\">\n              <h3 class=\"em-card-title\">Excursion ornithologique aux marais<\/h3>\n\n              <!-- Tags r\u00e9sum\u00e9s (max 4) -->\n              <div class=\"em-card-tags\">\n                                    <span class=\"em-tag em-tag-green\">variable<\/span>\n                                    <span class=\"em-tag em-tag-blue\">Marais proches de Saint-Paul-en-Born<\/span>\n                                              <\/div>\n\n              <!-- Champs suppl\u00e9mentaires (max 3) -->\n              <div class=\"em-card-fields\">\n                                  <div class=\"em-card-field\">\n                    <span class=\"em-card-field-label\">Type d\u2019\u00e9v\u00e9nement (march\u00e9, festival, sport, etc.) :<\/span>\n                    <span class=\"em-card-field-value\">nature et d\u00e9couverte<\/span>\n                  <\/div>\n                                  <div class=\"em-card-field\">\n                    <span class=\"em-card-field-label\">Distance depuis le camping (km) :<\/span>\n                    <span class=\"em-card-field-value\">variable<\/span>\n                  <\/div>\n                                  <div class=\"em-card-field\">\n                    <span class=\"em-card-field-label\">Dur\u00e9e moyenne :<\/span>\n                    <span class=\"em-card-field-value\">variable<\/span>\n                  <\/div>\n                              <\/div>\n\n              <!-- Lien vers le d\u00e9tail -->\n              <div class=\"em-card-footer\">\n                <span>Voir le d\u00e9tail<\/span>\n                <svg fill=\"none\" viewBox=\"0 0 24 24\" stroke=\"currentColor\" stroke-width=\"2\"><path stroke-linecap=\"round\" stroke-linejoin=\"round\" d=\"M13.5 4.5L21 12m0 0l-7.5 7.5M21 12H3\"><\/path><\/svg>\n              <\/div>\n            <\/div>\n          <\/article>\n                  <article class=\"em-card\"\n            data-type=\"activity\"\n            data-features=\"\"\n            data-name=\"atelier de fabrication de poterie landaise\"\n            data-json=\"{&quot;name&quot;:&quot;Atelier de fabrication de poterie landaise&quot;,&quot;image&quot;:&quot;https:\\\/\\\/www.tourismelandes.com\\\/images\\\/poterie.jpg&quot;,&quot;link&quot;:&quot;https:\\\/\\\/www.tourismelandes.com&quot;,&quot;data&quot;:{&quot;name&quot;:&quot;Atelier de fabrication de poterie landaise&quot;,&quot;type&quot;:&quot;atelier artisanal&quot;,&quot;place&quot;:&quot;Saint-Paul-en-Born et environs&quot;,&quot;distance_km&quot;:&quot;variable&quot;,&quot;duration&quot;:&quot;variable&quot;,&quot;price&quot;:&quot;variable&quot;,&quot;booking_necessary&quot;:&quot;oui&quot;,&quot;comment&quot;:&quot;Apprentissage des techniques traditionnelles de poterie et cr\\u00e9ation de pi\\u00e8ces personnalis\\u00e9es&quot;,&quot;link&quot;:&quot;https:\\\/\\\/www.tourismelandes.com&quot;,&quot;image&quot;:&quot;https:\\\/\\\/www.tourismelandes.com\\\/images\\\/poterie.jpg&quot;},&quot;category&quot;:&quot;Activit\\u00e9s et lieux recommand\\u00e9s&quot;}\">\n\n            <!-- Image + badge cat\u00e9gorie -->\n            <div class=\"em-card-img-wrap\">\n                              <img decoding=\"async\" class=\"em-card-img\" src=\"https:\/\/www.tourismelandes.com\/images\/poterie.jpg\" alt=\"Atelier de fabrication de poterie landaise\" loading=\"lazy\" onerror=\"this.style.display='none';this.nextElementSibling.style.display='flex';\">\n                <div class=\"em-card-placeholder\" style=\"display:none;\">\ud83d\udcf7 Image indisponible<\/div>\n                            <span class=\"em-card-badge badge-activity\">Activit\u00e9s et lieux recommand\u00e9s<\/span>\n            <\/div>\n\n            <!-- Contenu de la card -->\n            <div class=\"em-card-body\">\n              <h3 class=\"em-card-title\">Atelier de fabrication de poterie landaise<\/h3>\n\n              <!-- Tags r\u00e9sum\u00e9s (max 4) -->\n              <div class=\"em-card-tags\">\n                                    <span class=\"em-tag em-tag-green\">variable<\/span>\n                                    <span class=\"em-tag em-tag-blue\">Saint-Paul-en-Born et environs<\/span>\n                                              <\/div>\n\n              <!-- Champs suppl\u00e9mentaires (max 3) -->\n              <div class=\"em-card-fields\">\n                                  <div class=\"em-card-field\">\n                    <span class=\"em-card-field-label\">Type d\u2019\u00e9v\u00e9nement (march\u00e9, festival, sport, etc.) :<\/span>\n                    <span class=\"em-card-field-value\">atelier artisanal<\/span>\n                  <\/div>\n                                  <div class=\"em-card-field\">\n                    <span class=\"em-card-field-label\">Distance depuis le camping (km) :<\/span>\n                    <span class=\"em-card-field-value\">variable<\/span>\n                  <\/div>\n                                  <div class=\"em-card-field\">\n                    <span class=\"em-card-field-label\">Dur\u00e9e moyenne :<\/span>\n                    <span class=\"em-card-field-value\">variable<\/span>\n                  <\/div>\n                              <\/div>\n\n              <!-- Lien vers le d\u00e9tail -->\n              <div class=\"em-card-footer\">\n                <span>Voir le d\u00e9tail<\/span>\n                <svg fill=\"none\" viewBox=\"0 0 24 24\" stroke=\"currentColor\" stroke-width=\"2\"><path stroke-linecap=\"round\" stroke-linejoin=\"round\" d=\"M13.5 4.5L21 12m0 0l-7.5 7.5M21 12H3\"><\/path><\/svg>\n              <\/div>\n            <\/div>\n          <\/article>\n                  <article class=\"em-card\"\n            data-type=\"event\"\n            data-features=\"\"\n            data-name=\"soir\u00e9es musicales au camping\"\n            data-json=\"{&quot;name&quot;:&quot;Soir\\u00e9es musicales au camping&quot;,&quot;image&quot;:&quot;&quot;,&quot;link&quot;:&quot;https:\\\/\\\/www.camping-laclairiere.fr\\\/en\\\/campsite-animations-saint-paul-en-born\\\/&quot;,&quot;data&quot;:{&quot;name&quot;:&quot;Soir\\u00e9es musicales au camping&quot;,&quot;date_period&quot;:&quot;juillet et ao\\u00fbt&quot;,&quot;location&quot;:&quot;Camping La Clairi\\u00e8re&quot;,&quot;distance_km&quot;:&quot;,&quot;,&quot;description&quot;:&quot;Soir\\u00e9es musicales anim\\u00e9es deux fois par semaine.&quot;,&quot;type&quot;:&quot;Evening Event&quot;,&quot;comment&quot;:&quot;&quot;,&quot;link&quot;:&quot;https:\\\/\\\/www.camping-laclairiere.fr\\\/en\\\/campsite-animations-saint-paul-en-born\\\/&quot;,&quot;image&quot;:&quot;&quot;},&quot;category&quot;:&quot;\\u00c9v\\u00e9nements recommand\\u00e9s&quot;}\">\n\n            <!-- Image + badge cat\u00e9gorie -->\n            <div class=\"em-card-img-wrap\">\n                              <div class=\"em-card-placeholder\">\ud83d\udcf7 Pas d'image<\/div>\n                            <span class=\"em-card-badge badge-event\">\u00c9v\u00e9nements recommand\u00e9s<\/span>\n            <\/div>\n\n            <!-- Contenu de la card -->\n            <div class=\"em-card-body\">\n              <h3 class=\"em-card-title\">Soir\u00e9es musicales au camping<\/h3>\n\n              <!-- Tags r\u00e9sum\u00e9s (max 4) -->\n              <div class=\"em-card-tags\">\n                                              <\/div>\n\n              <!-- Champs suppl\u00e9mentaires (max 3) -->\n              <div class=\"em-card-fields\">\n                                  <div class=\"em-card-field\">\n                    <span class=\"em-card-field-label\">Date \/ P\u00e9riode :<\/span>\n                    <span class=\"em-card-field-value\">juillet et ao\u00fbt<\/span>\n                  <\/div>\n                                  <div class=\"em-card-field\">\n                    <span class=\"em-card-field-label\">Lieu (ville) :<\/span>\n                    <span class=\"em-card-field-value\">Camping La Clairi\u00e8re<\/span>\n                  <\/div>\n                                  <div class=\"em-card-field\">\n                    <span class=\"em-card-field-label\">Distance depuis le camping (km) :<\/span>\n                    <span class=\"em-card-field-value\">,<\/span>\n                  <\/div>\n                              <\/div>\n\n              <!-- Lien vers le d\u00e9tail -->\n              <div class=\"em-card-footer\">\n                <span>Voir le d\u00e9tail<\/span>\n                <svg fill=\"none\" viewBox=\"0 0 24 24\" stroke=\"currentColor\" stroke-width=\"2\"><path stroke-linecap=\"round\" stroke-linejoin=\"round\" d=\"M13.5 4.5L21 12m0 0l-7.5 7.5M21 12H3\"><\/path><\/svg>\n              <\/div>\n            <\/div>\n          <\/article>\n                  <article class=\"em-card\"\n            data-type=\"event\"\n            data-features=\"\"\n            data-name=\"kids club\"\n            data-json=\"{&quot;name&quot;:&quot;Kids Club&quot;,&quot;image&quot;:&quot;&quot;,&quot;link&quot;:&quot;https:\\\/\\\/www.camping-laclairiere.fr\\\/en\\\/campsite-animations-saint-paul-en-born\\\/&quot;,&quot;data&quot;:{&quot;name&quot;:&quot;Kids Club&quot;,&quot;date_period&quot;:&quot;saison haute&quot;,&quot;location&quot;:&quot;Camping La Clairi\\u00e8re&quot;,&quot;distance_km&quot;:&quot;,&quot;,&quot;description&quot;:&quot;Ateliers manuels et jeux pour enfants de 4 \\u00e0 17 ans&quot;,&quot;type&quot;:&quot;Kids Activity&quot;,&quot;comment&quot;:&quot;&quot;,&quot;link&quot;:&quot;https:\\\/\\\/www.camping-laclairiere.fr\\\/en\\\/campsite-animations-saint-paul-en-born\\\/&quot;,&quot;image&quot;:&quot;&quot;},&quot;category&quot;:&quot;\\u00c9v\\u00e9nements recommand\\u00e9s&quot;}\">\n\n            <!-- Image + badge cat\u00e9gorie -->\n            <div class=\"em-card-img-wrap\">\n                              <div class=\"em-card-placeholder\">\ud83d\udcf7 Pas d'image<\/div>\n                            <span class=\"em-card-badge badge-event\">\u00c9v\u00e9nements recommand\u00e9s<\/span>\n            <\/div>\n\n            <!-- Contenu de la card -->\n            <div class=\"em-card-body\">\n              <h3 class=\"em-card-title\">Kids Club<\/h3>\n\n              <!-- Tags r\u00e9sum\u00e9s (max 4) -->\n              <div class=\"em-card-tags\">\n                                              <\/div>\n\n              <!-- Champs suppl\u00e9mentaires (max 3) -->\n              <div class=\"em-card-fields\">\n                                  <div class=\"em-card-field\">\n                    <span class=\"em-card-field-label\">Date \/ P\u00e9riode :<\/span>\n                    <span class=\"em-card-field-value\">saison haute<\/span>\n                  <\/div>\n                                  <div class=\"em-card-field\">\n                    <span class=\"em-card-field-label\">Lieu (ville) :<\/span>\n                    <span class=\"em-card-field-value\">Camping La Clairi\u00e8re<\/span>\n                  <\/div>\n                                  <div class=\"em-card-field\">\n                    <span class=\"em-card-field-label\">Distance depuis le camping (km) :<\/span>\n                    <span class=\"em-card-field-value\">,<\/span>\n                  <\/div>\n                              <\/div>\n\n              <!-- Lien vers le d\u00e9tail -->\n              <div class=\"em-card-footer\">\n                <span>Voir le d\u00e9tail<\/span>\n                <svg fill=\"none\" viewBox=\"0 0 24 24\" stroke=\"currentColor\" stroke-width=\"2\"><path stroke-linecap=\"round\" stroke-linejoin=\"round\" d=\"M13.5 4.5L21 12m0 0l-7.5 7.5M21 12H3\"><\/path><\/svg>\n              <\/div>\n            <\/div>\n          <\/article>\n                  <article class=\"em-card\"\n            data-type=\"event\"\n            data-features=\"\"\n            data-name=\"tournaments sportifs\"\n            data-json=\"{&quot;name&quot;:&quot;Tournaments sportifs&quot;,&quot;image&quot;:&quot;&quot;,&quot;link&quot;:&quot;https:\\\/\\\/www.camping-laclairiere.fr\\\/en\\\/campsite-animations-saint-paul-en-born\\\/&quot;,&quot;data&quot;:{&quot;name&quot;:&quot;Tournaments sportifs&quot;,&quot;date_period&quot;:&quot;saison haute&quot;,&quot;location&quot;:&quot;Camping La Clairi\\u00e8re&quot;,&quot;distance_km&quot;:&quot;,&quot;,&quot;description&quot;:&quot;Football, volley-ball, chasse au tr\\u00e9sor g\\u00e9ant&quot;,&quot;type&quot;:&quot;Sport&quot;,&quot;comment&quot;:&quot;&quot;,&quot;link&quot;:&quot;https:\\\/\\\/www.camping-laclairiere.fr\\\/en\\\/campsite-animations-saint-paul-en-born\\\/&quot;,&quot;image&quot;:&quot;&quot;},&quot;category&quot;:&quot;\\u00c9v\\u00e9nements recommand\\u00e9s&quot;}\">\n\n            <!-- Image + badge cat\u00e9gorie -->\n            <div class=\"em-card-img-wrap\">\n                              <div class=\"em-card-placeholder\">\ud83d\udcf7 Pas d'image<\/div>\n                            <span class=\"em-card-badge badge-event\">\u00c9v\u00e9nements recommand\u00e9s<\/span>\n            <\/div>\n\n            <!-- Contenu de la card -->\n            <div class=\"em-card-body\">\n              <h3 class=\"em-card-title\">Tournaments sportifs<\/h3>\n\n              <!-- Tags r\u00e9sum\u00e9s (max 4) -->\n              <div class=\"em-card-tags\">\n                                              <\/div>\n\n              <!-- Champs suppl\u00e9mentaires (max 3) -->\n              <div class=\"em-card-fields\">\n                                  <div class=\"em-card-field\">\n                    <span class=\"em-card-field-label\">Date \/ P\u00e9riode :<\/span>\n                    <span class=\"em-card-field-value\">saison haute<\/span>\n                  <\/div>\n                                  <div class=\"em-card-field\">\n                    <span class=\"em-card-field-label\">Lieu (ville) :<\/span>\n                    <span class=\"em-card-field-value\">Camping La Clairi\u00e8re<\/span>\n                  <\/div>\n                                  <div class=\"em-card-field\">\n                    <span class=\"em-card-field-label\">Distance depuis le camping (km) :<\/span>\n                    <span class=\"em-card-field-value\">,<\/span>\n                  <\/div>\n                              <\/div>\n\n              <!-- Lien vers le d\u00e9tail -->\n              <div class=\"em-card-footer\">\n                <span>Voir le d\u00e9tail<\/span>\n                <svg fill=\"none\" viewBox=\"0 0 24 24\" stroke=\"currentColor\" stroke-width=\"2\"><path stroke-linecap=\"round\" stroke-linejoin=\"round\" d=\"M13.5 4.5L21 12m0 0l-7.5 7.5M21 12H3\"><\/path><\/svg>\n              <\/div>\n            <\/div>\n          <\/article>\n                  <article class=\"em-card\"\n            data-type=\"event\"\n            data-features=\"\"\n            data-name=\"f\u00eates de mimizan\"\n            data-json=\"{&quot;name&quot;:&quot;F\\u00eates de Mimizan&quot;,&quot;image&quot;:&quot;&quot;,&quot;link&quot;:&quot;https:\\\/\\\/www.mimizan-tourisme.com\\\/en\\\/offers\\\/camping-la-clairiere-saint-paul-en-born-en-5029435\\\/&quot;,&quot;data&quot;:{&quot;name&quot;:&quot;F\\u00eates de Mimizan&quot;,&quot;date_period&quot;:&quot;Variable&quot;,&quot;location&quot;:&quot;Mimizan&quot;,&quot;distance_km&quot;:&quot;environ 20 km&quot;,&quot;description&quot;:&quot;F\\u00eates locales avec animations vari\\u00e9es&quot;,&quot;type&quot;:&quot;Local Festival&quot;,&quot;comment&quot;:&quot;&quot;,&quot;link&quot;:&quot;https:\\\/\\\/www.mimizan-tourisme.com\\\/en\\\/offers\\\/camping-la-clairiere-saint-paul-en-born-en-5029435\\\/&quot;,&quot;image&quot;:&quot;&quot;},&quot;category&quot;:&quot;\\u00c9v\\u00e9nements recommand\\u00e9s&quot;}\">\n\n            <!-- Image + badge cat\u00e9gorie -->\n            <div class=\"em-card-img-wrap\">\n                              <div class=\"em-card-placeholder\">\ud83d\udcf7 Pas d'image<\/div>\n                            <span class=\"em-card-badge badge-event\">\u00c9v\u00e9nements recommand\u00e9s<\/span>\n            <\/div>\n\n            <!-- Contenu de la card -->\n            <div class=\"em-card-body\">\n              <h3 class=\"em-card-title\">F\u00eates de Mimizan<\/h3>\n\n              <!-- Tags r\u00e9sum\u00e9s (max 4) -->\n              <div class=\"em-card-tags\">\n                                              <\/div>\n\n              <!-- Champs suppl\u00e9mentaires (max 3) -->\n              <div class=\"em-card-fields\">\n                                  <div class=\"em-card-field\">\n                    <span class=\"em-card-field-label\">Date \/ P\u00e9riode :<\/span>\n                    <span class=\"em-card-field-value\">Variable<\/span>\n                  <\/div>\n                                  <div class=\"em-card-field\">\n                    <span class=\"em-card-field-label\">Lieu (ville) :<\/span>\n                    <span class=\"em-card-field-value\">Mimizan<\/span>\n                  <\/div>\n                                  <div class=\"em-card-field\">\n                    <span class=\"em-card-field-label\">Distance depuis le camping (km) :<\/span>\n                    <span class=\"em-card-field-value\">environ 20 km<\/span>\n                  <\/div>\n                              <\/div>\n\n              <!-- Lien vers le d\u00e9tail -->\n              <div class=\"em-card-footer\">\n                <span>Voir le d\u00e9tail<\/span>\n                <svg fill=\"none\" viewBox=\"0 0 24 24\" stroke=\"currentColor\" stroke-width=\"2\"><path stroke-linecap=\"round\" stroke-linejoin=\"round\" d=\"M13.5 4.5L21 12m0 0l-7.5 7.5M21 12H3\"><\/path><\/svg>\n              <\/div>\n            <\/div>\n          <\/article>\n                  <article class=\"em-card\"\n            data-type=\"event\"\n            data-features=\"\"\n            data-name=\"promenade fleurie\"\n            data-json=\"{&quot;name&quot;:&quot;Promenade Fleurie&quot;,&quot;image&quot;:&quot;&quot;,&quot;link&quot;:&quot;https:\\\/\\\/www.tripadvisor.com\\\/Hotel_Review-g1219489-d3781638-Reviews-Camping_La_Clairiere-Saint_Paul_en_Born_Landes_Nouvelle_Aquitaine.html&quot;,&quot;data&quot;:{&quot;name&quot;:&quot;Promenade Fleurie&quot;,&quot;date_period&quot;:&quot;Variable&quot;,&quot;location&quot;:&quot;Saint-Paul-en-Born&quot;,&quot;distance_km&quot;:&quot;environ 6 km&quot;,&quot;description&quot;:&quot;Promenade agr\\u00e9able avec fleurs et visite possible&quot;,&quot;type&quot;:&quot;Nature Walk&quot;,&quot;comment&quot;:&quot;&quot;,&quot;link&quot;:&quot;https:\\\/\\\/www.tripadvisor.com\\\/Hotel_Review-g1219489-d3781638-Reviews-Camping_La_Clairiere-Saint_Paul_en_Born_Landes_Nouvelle_Aquitaine.html&quot;,&quot;image&quot;:&quot;&quot;},&quot;category&quot;:&quot;\\u00c9v\\u00e9nements recommand\\u00e9s&quot;}\">\n\n            <!-- Image + badge cat\u00e9gorie -->\n            <div class=\"em-card-img-wrap\">\n                              <div class=\"em-card-placeholder\">\ud83d\udcf7 Pas d'image<\/div>\n                            <span class=\"em-card-badge badge-event\">\u00c9v\u00e9nements recommand\u00e9s<\/span>\n            <\/div>\n\n            <!-- Contenu de la card -->\n            <div class=\"em-card-body\">\n              <h3 class=\"em-card-title\">Promenade Fleurie<\/h3>\n\n              <!-- Tags r\u00e9sum\u00e9s (max 4) -->\n              <div class=\"em-card-tags\">\n                                              <\/div>\n\n              <!-- Champs suppl\u00e9mentaires (max 3) -->\n              <div class=\"em-card-fields\">\n                                  <div class=\"em-card-field\">\n                    <span class=\"em-card-field-label\">Date \/ P\u00e9riode :<\/span>\n                    <span class=\"em-card-field-value\">Variable<\/span>\n                  <\/div>\n                                  <div class=\"em-card-field\">\n                    <span class=\"em-card-field-label\">Lieu (ville) :<\/span>\n                    <span class=\"em-card-field-value\">Saint-Paul-en-Born<\/span>\n                  <\/div>\n                                  <div class=\"em-card-field\">\n                    <span class=\"em-card-field-label\">Distance depuis le camping (km) :<\/span>\n                    <span class=\"em-card-field-value\">environ 6 km<\/span>\n                  <\/div>\n                              <\/div>\n\n              <!-- Lien vers le d\u00e9tail -->\n              <div class=\"em-card-footer\">\n                <span>Voir le d\u00e9tail<\/span>\n                <svg fill=\"none\" viewBox=\"0 0 24 24\" stroke=\"currentColor\" stroke-width=\"2\"><path stroke-linecap=\"round\" stroke-linejoin=\"round\" d=\"M13.5 4.5L21 12m0 0l-7.5 7.5M21 12H3\"><\/path><\/svg>\n              <\/div>\n            <\/div>\n          <\/article>\n                  <article class=\"em-card\"\n            data-type=\"event\"\n            data-features=\"\"\n            data-name=\"les ruchers du born\"\n            data-json=\"{&quot;name&quot;:&quot;Les Ruchers du Born&quot;,&quot;image&quot;:&quot;&quot;,&quot;link&quot;:&quot;https:\\\/\\\/www.tripadvisor.com\\\/Hotel_Review-g1219489-d3781638-Reviews-Camping_La_Clairiere-Saint_Paul_en_Born_Landes_Nouvelle_Aquitaine.html&quot;,&quot;data&quot;:{&quot;name&quot;:&quot;Les Ruchers du Born&quot;,&quot;date_period&quot;:&quot;Variable&quot;,&quot;location&quot;:&quot;Saint-Paul-en-Born&quot;,&quot;distance_km&quot;:&quot;environ 2 km&quot;,&quot;description&quot;:&quot;Visite de ruchers avec d\\u00e9gustation&quot;,&quot;type&quot;:&quot;Bee Farm Visit&quot;,&quot;comment&quot;:&quot;&quot;,&quot;link&quot;:&quot;https:\\\/\\\/www.tripadvisor.com\\\/Hotel_Review-g1219489-d3781638-Reviews-Camping_La_Clairiere-Saint_Paul_en_Born_Landes_Nouvelle_Aquitaine.html&quot;,&quot;image&quot;:&quot;&quot;},&quot;category&quot;:&quot;\\u00c9v\\u00e9nements recommand\\u00e9s&quot;}\">\n\n            <!-- Image + badge cat\u00e9gorie -->\n            <div class=\"em-card-img-wrap\">\n                              <div class=\"em-card-placeholder\">\ud83d\udcf7 Pas d'image<\/div>\n                            <span class=\"em-card-badge badge-event\">\u00c9v\u00e9nements recommand\u00e9s<\/span>\n            <\/div>\n\n            <!-- Contenu de la card -->\n            <div class=\"em-card-body\">\n              <h3 class=\"em-card-title\">Les Ruchers du Born<\/h3>\n\n              <!-- Tags r\u00e9sum\u00e9s (max 4) -->\n              <div class=\"em-card-tags\">\n                                              <\/div>\n\n              <!-- Champs suppl\u00e9mentaires (max 3) -->\n              <div class=\"em-card-fields\">\n                                  <div class=\"em-card-field\">\n                    <span class=\"em-card-field-label\">Date \/ P\u00e9riode :<\/span>\n                    <span class=\"em-card-field-value\">Variable<\/span>\n                  <\/div>\n                                  <div class=\"em-card-field\">\n                    <span class=\"em-card-field-label\">Lieu (ville) :<\/span>\n                    <span class=\"em-card-field-value\">Saint-Paul-en-Born<\/span>\n                  <\/div>\n                                  <div class=\"em-card-field\">\n                    <span class=\"em-card-field-label\">Distance depuis le camping (km) :<\/span>\n                    <span class=\"em-card-field-value\">environ 2 km<\/span>\n                  <\/div>\n                              <\/div>\n\n              <!-- Lien vers le d\u00e9tail -->\n              <div class=\"em-card-footer\">\n                <span>Voir le d\u00e9tail<\/span>\n                <svg fill=\"none\" viewBox=\"0 0 24 24\" stroke=\"currentColor\" stroke-width=\"2\"><path stroke-linecap=\"round\" stroke-linejoin=\"round\" d=\"M13.5 4.5L21 12m0 0l-7.5 7.5M21 12H3\"><\/path><\/svg>\n              <\/div>\n            <\/div>\n          <\/article>\n                  <article class=\"em-card\"\n            data-type=\"event\"\n            data-features=\"\"\n            data-name=\"ecuries olivier bauer\"\n            data-json=\"{&quot;name&quot;:&quot;Ecuries Olivier Bauer&quot;,&quot;image&quot;:&quot;&quot;,&quot;link&quot;:&quot;https:\\\/\\\/www.tripadvisor.com\\\/Hotel_Review-g1219489-d3781638-Reviews-Camping_La_Clairiere-Saint_Paul_en_Born_Landes_Nouvelle_Aquitaine.html&quot;,&quot;data&quot;:{&quot;name&quot;:&quot;Ecuries Olivier Bauer&quot;,&quot;date_period&quot;:&quot;Variable&quot;,&quot;location&quot;:&quot;Saint-Paul-en-Born&quot;,&quot;distance_km&quot;:&quot;environ 6 km&quot;,&quot;description&quot;:&quot;Ecuries pour promenades \\u00e0 cheval&quot;,&quot;type&quot;:&quot;Horse Riding&quot;,&quot;comment&quot;:&quot;&quot;,&quot;link&quot;:&quot;https:\\\/\\\/www.tripadvisor.com\\\/Hotel_Review-g1219489-d3781638-Reviews-Camping_La_Clairiere-Saint_Paul_en_Born_Landes_Nouvelle_Aquitaine.html&quot;,&quot;image&quot;:&quot;&quot;},&quot;category&quot;:&quot;\\u00c9v\\u00e9nements recommand\\u00e9s&quot;}\">\n\n            <!-- Image + badge cat\u00e9gorie -->\n            <div class=\"em-card-img-wrap\">\n                              <div class=\"em-card-placeholder\">\ud83d\udcf7 Pas d'image<\/div>\n                            <span class=\"em-card-badge badge-event\">\u00c9v\u00e9nements recommand\u00e9s<\/span>\n            <\/div>\n\n            <!-- Contenu de la card -->\n            <div class=\"em-card-body\">\n              <h3 class=\"em-card-title\">Ecuries Olivier Bauer<\/h3>\n\n              <!-- Tags r\u00e9sum\u00e9s (max 4) -->\n              <div class=\"em-card-tags\">\n                                              <\/div>\n\n              <!-- Champs suppl\u00e9mentaires (max 3) -->\n              <div class=\"em-card-fields\">\n                                  <div class=\"em-card-field\">\n                    <span class=\"em-card-field-label\">Date \/ P\u00e9riode :<\/span>\n                    <span class=\"em-card-field-value\">Variable<\/span>\n                  <\/div>\n                                  <div class=\"em-card-field\">\n                    <span class=\"em-card-field-label\">Lieu (ville) :<\/span>\n                    <span class=\"em-card-field-value\">Saint-Paul-en-Born<\/span>\n                  <\/div>\n                                  <div class=\"em-card-field\">\n                    <span class=\"em-card-field-label\">Distance depuis le camping (km) :<\/span>\n                    <span class=\"em-card-field-value\">environ 6 km<\/span>\n                  <\/div>\n                              <\/div>\n\n              <!-- Lien vers le d\u00e9tail -->\n              <div class=\"em-card-footer\">\n                <span>Voir le d\u00e9tail<\/span>\n                <svg fill=\"none\" viewBox=\"0 0 24 24\" stroke=\"currentColor\" stroke-width=\"2\"><path stroke-linecap=\"round\" stroke-linejoin=\"round\" d=\"M13.5 4.5L21 12m0 0l-7.5 7.5M21 12H3\"><\/path><\/svg>\n              <\/div>\n            <\/div>\n          <\/article>\n                  <article class=\"em-card\"\n            data-type=\"event\"\n            data-features=\"\"\n            data-name=\"march\u00e9s locaux\"\n            data-json=\"{&quot;name&quot;:&quot;March\\u00e9s locaux&quot;,&quot;image&quot;:&quot;&quot;,&quot;link&quot;:&quot;&quot;,&quot;data&quot;:{&quot;name&quot;:&quot;March\\u00e9s locaux&quot;,&quot;date_period&quot;:&quot;Variable&quot;,&quot;location&quot;:&quot;Mimizan&quot;,&quot;distance_km&quot;:&quot;environ 20 km&quot;,&quot;description&quot;:&quot;March\\u00e9s artisanaux du dimanche&quot;,&quot;type&quot;:&quot;Local Market&quot;,&quot;comment&quot;:&quot;&quot;,&quot;link&quot;:&quot;&quot;,&quot;image&quot;:&quot;&quot;},&quot;category&quot;:&quot;\\u00c9v\\u00e9nements recommand\\u00e9s&quot;}\">\n\n            <!-- Image + badge cat\u00e9gorie -->\n            <div class=\"em-card-img-wrap\">\n                              <div class=\"em-card-placeholder\">\ud83d\udcf7 Pas d'image<\/div>\n                            <span class=\"em-card-badge badge-event\">\u00c9v\u00e9nements recommand\u00e9s<\/span>\n            <\/div>\n\n            <!-- Contenu de la card -->\n            <div class=\"em-card-body\">\n              <h3 class=\"em-card-title\">March\u00e9s locaux<\/h3>\n\n              <!-- Tags r\u00e9sum\u00e9s (max 4) -->\n              <div class=\"em-card-tags\">\n                                              <\/div>\n\n              <!-- Champs suppl\u00e9mentaires (max 3) -->\n              <div class=\"em-card-fields\">\n                                  <div class=\"em-card-field\">\n                    <span class=\"em-card-field-label\">Date \/ P\u00e9riode :<\/span>\n                    <span class=\"em-card-field-value\">Variable<\/span>\n                  <\/div>\n                                  <div class=\"em-card-field\">\n                    <span class=\"em-card-field-label\">Lieu (ville) :<\/span>\n                    <span class=\"em-card-field-value\">Mimizan<\/span>\n                  <\/div>\n                                  <div class=\"em-card-field\">\n                    <span class=\"em-card-field-label\">Distance depuis le camping (km) :<\/span>\n                    <span class=\"em-card-field-value\">environ 20 km<\/span>\n                  <\/div>\n                              <\/div>\n\n              <!-- Lien vers le d\u00e9tail -->\n              <div class=\"em-card-footer\">\n                <span>Voir le d\u00e9tail<\/span>\n                <svg fill=\"none\" viewBox=\"0 0 24 24\" stroke=\"currentColor\" stroke-width=\"2\"><path stroke-linecap=\"round\" stroke-linejoin=\"round\" d=\"M13.5 4.5L21 12m0 0l-7.5 7.5M21 12H3\"><\/path><\/svg>\n              <\/div>\n            <\/div>\n          <\/article>\n                  <article class=\"em-card\"\n            data-type=\"event\"\n            data-features=\"\"\n            data-name=\"visite du lac d&#039;aureilhan\"\n            data-json=\"{&quot;name&quot;:&quot;Visite du lac d&#039;Aureilhan&quot;,&quot;image&quot;:&quot;&quot;,&quot;link&quot;:&quot;&quot;,&quot;data&quot;:{&quot;name&quot;:&quot;Visite du lac d&#039;Aureilhan&quot;,&quot;date_period&quot;:&quot;Variable&quot;,&quot;location&quot;:&quot;Aureilhan&quot;,&quot;distance_km&quot;:&quot;environ 5 km&quot;,&quot;description&quot;:&quot;Visite du lac avec activit\\u00e9s nautiques&quot;,&quot;type&quot;:&quot;Lake Visit&quot;,&quot;comment&quot;:&quot;&quot;,&quot;link&quot;:&quot;&quot;,&quot;image&quot;:&quot;&quot;},&quot;category&quot;:&quot;\\u00c9v\\u00e9nements recommand\\u00e9s&quot;}\">\n\n            <!-- Image + badge cat\u00e9gorie -->\n            <div class=\"em-card-img-wrap\">\n                              <div class=\"em-card-placeholder\">\ud83d\udcf7 Pas d'image<\/div>\n                            <span class=\"em-card-badge badge-event\">\u00c9v\u00e9nements recommand\u00e9s<\/span>\n            <\/div>\n\n            <!-- Contenu de la card -->\n            <div class=\"em-card-body\">\n              <h3 class=\"em-card-title\">Visite du lac d&#039;Aureilhan<\/h3>\n\n              <!-- Tags r\u00e9sum\u00e9s (max 4) -->\n              <div class=\"em-card-tags\">\n                                              <\/div>\n\n              <!-- Champs suppl\u00e9mentaires (max 3) -->\n              <div class=\"em-card-fields\">\n                                  <div class=\"em-card-field\">\n                    <span class=\"em-card-field-label\">Date \/ P\u00e9riode :<\/span>\n                    <span class=\"em-card-field-value\">Variable<\/span>\n                  <\/div>\n                                  <div class=\"em-card-field\">\n                    <span class=\"em-card-field-label\">Lieu (ville) :<\/span>\n                    <span class=\"em-card-field-value\">Aureilhan<\/span>\n                  <\/div>\n                                  <div class=\"em-card-field\">\n                    <span class=\"em-card-field-label\">Distance depuis le camping (km) :<\/span>\n                    <span class=\"em-card-field-value\">environ 5 km<\/span>\n                  <\/div>\n                              <\/div>\n\n              <!-- Lien vers le d\u00e9tail -->\n              <div class=\"em-card-footer\">\n                <span>Voir le d\u00e9tail<\/span>\n                <svg fill=\"none\" viewBox=\"0 0 24 24\" stroke=\"currentColor\" stroke-width=\"2\"><path stroke-linecap=\"round\" stroke-linejoin=\"round\" d=\"M13.5 4.5L21 12m0 0l-7.5 7.5M21 12H3\"><\/path><\/svg>\n              <\/div>\n            <\/div>\n          <\/article>\n                  <article class=\"em-card\"\n            data-type=\"event\"\n            data-features=\"\"\n            data-name=\"p\u00eache au camping\"\n            data-json=\"{&quot;name&quot;:&quot;P\\u00eache au camping&quot;,&quot;image&quot;:&quot;&quot;,&quot;link&quot;:&quot;https:\\\/\\\/www.camping-laclairiere.fr\\\/en\\\/campsite-animations-saint-paul-en-born\\\/&quot;,&quot;data&quot;:{&quot;name&quot;:&quot;P\\u00eache au camping&quot;,&quot;date_period&quot;:&quot;Variable&quot;,&quot;location&quot;:&quot;Camping La Clairi\\u00e8re&quot;,&quot;distance_km&quot;:&quot;,&quot;,&quot;description&quot;:&quot;P\\u00eache dans la rivi\\u00e8re \\u00e0 c\\u00f4t\\u00e9 du camping&quot;,&quot;type&quot;:&quot;Fishing&quot;,&quot;comment&quot;:&quot;&quot;,&quot;link&quot;:&quot;https:\\\/\\\/www.camping-laclairiere.fr\\\/en\\\/campsite-animations-saint-paul-en-born\\\/&quot;,&quot;image&quot;:&quot;&quot;},&quot;category&quot;:&quot;\\u00c9v\\u00e9nements recommand\\u00e9s&quot;}\">\n\n            <!-- Image + badge cat\u00e9gorie -->\n            <div class=\"em-card-img-wrap\">\n                              <div class=\"em-card-placeholder\">\ud83d\udcf7 Pas d'image<\/div>\n                            <span class=\"em-card-badge badge-event\">\u00c9v\u00e9nements recommand\u00e9s<\/span>\n            <\/div>\n\n            <!-- Contenu de la card -->\n            <div class=\"em-card-body\">\n              <h3 class=\"em-card-title\">P\u00eache au camping<\/h3>\n\n              <!-- Tags r\u00e9sum\u00e9s (max 4) -->\n              <div class=\"em-card-tags\">\n                                              <\/div>\n\n              <!-- Champs suppl\u00e9mentaires (max 3) -->\n              <div class=\"em-card-fields\">\n                                  <div class=\"em-card-field\">\n                    <span class=\"em-card-field-label\">Date \/ P\u00e9riode :<\/span>\n                    <span class=\"em-card-field-value\">Variable<\/span>\n                  <\/div>\n                                  <div class=\"em-card-field\">\n                    <span class=\"em-card-field-label\">Lieu (ville) :<\/span>\n                    <span class=\"em-card-field-value\">Camping La Clairi\u00e8re<\/span>\n                  <\/div>\n                                  <div class=\"em-card-field\">\n                    <span class=\"em-card-field-label\">Distance depuis le camping (km) :<\/span>\n                    <span class=\"em-card-field-value\">,<\/span>\n                  <\/div>\n                              <\/div>\n\n              <!-- Lien vers le d\u00e9tail -->\n              <div class=\"em-card-footer\">\n                <span>Voir le d\u00e9tail<\/span>\n                <svg fill=\"none\" viewBox=\"0 0 24 24\" stroke=\"currentColor\" stroke-width=\"2\"><path stroke-linecap=\"round\" stroke-linejoin=\"round\" d=\"M13.5 4.5L21 12m0 0l-7.5 7.5M21 12H3\"><\/path><\/svg>\n              <\/div>\n            <\/div>\n          <\/article>\n                  <article class=\"em-card\"\n            data-type=\"event\"\n            data-features=\"\"\n            data-name=\"activit\u00e9s nautiques\"\n            data-json=\"{&quot;name&quot;:&quot;Activit\\u00e9s nautiques&quot;,&quot;image&quot;:&quot;&quot;,&quot;link&quot;:&quot;https:\\\/\\\/www.camping-laclairiere.fr\\\/en\\\/campsite-animations-saint-paul-en-born\\\/&quot;,&quot;data&quot;:{&quot;name&quot;:&quot;Activit\\u00e9s nautiques&quot;,&quot;date_period&quot;:&quot;Variable&quot;,&quot;location&quot;:&quot;Rivi\\u00e8re \\u00e0 c\\u00f4t\\u00e9 du camping&quot;,&quot;distance_km&quot;:&quot;,&quot;,&quot;description&quot;:&quot;Activit\\u00e9s nautiques telles que le paddle&quot;,&quot;type&quot;:&quot;Water Sports&quot;,&quot;comment&quot;:&quot;&quot;,&quot;link&quot;:&quot;https:\\\/\\\/www.camping-laclairiere.fr\\\/en\\\/campsite-animations-saint-paul-en-born\\\/&quot;,&quot;image&quot;:&quot;&quot;},&quot;category&quot;:&quot;\\u00c9v\\u00e9nements recommand\\u00e9s&quot;}\">\n\n            <!-- Image + badge cat\u00e9gorie -->\n            <div class=\"em-card-img-wrap\">\n                              <div class=\"em-card-placeholder\">\ud83d\udcf7 Pas d'image<\/div>\n                            <span class=\"em-card-badge badge-event\">\u00c9v\u00e9nements recommand\u00e9s<\/span>\n            <\/div>\n\n            <!-- Contenu de la card -->\n            <div class=\"em-card-body\">\n              <h3 class=\"em-card-title\">Activit\u00e9s nautiques<\/h3>\n\n              <!-- Tags r\u00e9sum\u00e9s (max 4) -->\n              <div class=\"em-card-tags\">\n                                              <\/div>\n\n              <!-- Champs suppl\u00e9mentaires (max 3) -->\n              <div class=\"em-card-fields\">\n                                  <div class=\"em-card-field\">\n                    <span class=\"em-card-field-label\">Date \/ P\u00e9riode :<\/span>\n                    <span class=\"em-card-field-value\">Variable<\/span>\n                  <\/div>\n                                  <div class=\"em-card-field\">\n                    <span class=\"em-card-field-label\">Lieu (ville) :<\/span>\n                    <span class=\"em-card-field-value\">Rivi\u00e8re \u00e0 c\u00f4t\u00e9 du camping<\/span>\n                  <\/div>\n                                  <div class=\"em-card-field\">\n                    <span class=\"em-card-field-label\">Distance depuis le camping (km) :<\/span>\n                    <span class=\"em-card-field-value\">,<\/span>\n                  <\/div>\n                              <\/div>\n\n              <!-- Lien vers le d\u00e9tail -->\n              <div class=\"em-card-footer\">\n                <span>Voir le d\u00e9tail<\/span>\n                <svg fill=\"none\" viewBox=\"0 0 24 24\" stroke=\"currentColor\" stroke-width=\"2\"><path stroke-linecap=\"round\" stroke-linejoin=\"round\" d=\"M13.5 4.5L21 12m0 0l-7.5 7.5M21 12H3\"><\/path><\/svg>\n              <\/div>\n            <\/div>\n          <\/article>\n                  <article class=\"em-card\"\n            data-type=\"event\"\n            data-features=\"\"\n            data-name=\"d\u00e9jeuners et barbecues au camping\"\n            data-json=\"{&quot;name&quot;:&quot;D\\u00e9jeuners et barbecues au camping&quot;,&quot;image&quot;:&quot;&quot;,&quot;link&quot;:&quot;https:\\\/\\\/www.camping-laclairiere.fr\\\/en\\\/campsite-animations-saint-paul-en-born\\\/&quot;,&quot;data&quot;:{&quot;name&quot;:&quot;D\\u00e9jeuners et barbecues au camping&quot;,&quot;date_period&quot;:&quot;Variable&quot;,&quot;location&quot;:&quot;Camping La Clairi\\u00e8re&quot;,&quot;distance_km&quot;:&quot;,&quot;,&quot;description&quot;:&quot;Services de restauration et barbecue disponibles&quot;,&quot;type&quot;:&quot;Food Event&quot;,&quot;comment&quot;:&quot;&quot;,&quot;link&quot;:&quot;https:\\\/\\\/www.camping-laclairiere.fr\\\/en\\\/campsite-animations-saint-paul-en-born\\\/&quot;,&quot;image&quot;:&quot;&quot;},&quot;category&quot;:&quot;\\u00c9v\\u00e9nements recommand\\u00e9s&quot;}\">\n\n            <!-- Image + badge cat\u00e9gorie -->\n            <div class=\"em-card-img-wrap\">\n                              <div class=\"em-card-placeholder\">\ud83d\udcf7 Pas d'image<\/div>\n                            <span class=\"em-card-badge badge-event\">\u00c9v\u00e9nements recommand\u00e9s<\/span>\n            <\/div>\n\n            <!-- Contenu de la card -->\n            <div class=\"em-card-body\">\n              <h3 class=\"em-card-title\">D\u00e9jeuners et barbecues au camping<\/h3>\n\n              <!-- Tags r\u00e9sum\u00e9s (max 4) -->\n              <div class=\"em-card-tags\">\n                                              <\/div>\n\n              <!-- Champs suppl\u00e9mentaires (max 3) -->\n              <div class=\"em-card-fields\">\n                                  <div class=\"em-card-field\">\n                    <span class=\"em-card-field-label\">Date \/ P\u00e9riode :<\/span>\n                    <span class=\"em-card-field-value\">Variable<\/span>\n                  <\/div>\n                                  <div class=\"em-card-field\">\n                    <span class=\"em-card-field-label\">Lieu (ville) :<\/span>\n                    <span class=\"em-card-field-value\">Camping La Clairi\u00e8re<\/span>\n                  <\/div>\n                                  <div class=\"em-card-field\">\n                    <span class=\"em-card-field-label\">Distance depuis le camping (km) :<\/span>\n                    <span class=\"em-card-field-value\">,<\/span>\n                  <\/div>\n                              <\/div>\n\n              <!-- Lien vers le d\u00e9tail -->\n              <div class=\"em-card-footer\">\n                <span>Voir le d\u00e9tail<\/span>\n                <svg fill=\"none\" viewBox=\"0 0 24 24\" stroke=\"currentColor\" stroke-width=\"2\"><path stroke-linecap=\"round\" stroke-linejoin=\"round\" d=\"M13.5 4.5L21 12m0 0l-7.5 7.5M21 12H3\"><\/path><\/svg>\n              <\/div>\n            <\/div>\n          <\/article>\n                  <article class=\"em-card\"\n            data-type=\"event\"\n            data-features=\"\"\n            data-name=\"march\u00e9 de saint-paul-en-born\"\n            data-json=\"{&quot;name&quot;:&quot;March\\u00e9 de Saint-Paul-en-Born&quot;,&quot;image&quot;:&quot;&quot;,&quot;link&quot;:&quot;&quot;,&quot;data&quot;:{&quot;name&quot;:&quot;March\\u00e9 de Saint-Paul-en-Born&quot;,&quot;date_period&quot;:&quot;Variable&quot;,&quot;location&quot;:&quot;Saint-Paul-en-Born&quot;,&quot;distance_km&quot;:&quot;environ 1 km&quot;,&quot;description&quot;:&quot;March\\u00e9 local avec produits r\\u00e9gionaux&quot;,&quot;type&quot;:&quot;Local Market&quot;,&quot;comment&quot;:&quot;&quot;,&quot;link&quot;:&quot;&quot;,&quot;image&quot;:&quot;&quot;},&quot;category&quot;:&quot;\\u00c9v\\u00e9nements recommand\\u00e9s&quot;}\">\n\n            <!-- Image + badge cat\u00e9gorie -->\n            <div class=\"em-card-img-wrap\">\n                              <div class=\"em-card-placeholder\">\ud83d\udcf7 Pas d'image<\/div>\n                            <span class=\"em-card-badge badge-event\">\u00c9v\u00e9nements recommand\u00e9s<\/span>\n            <\/div>\n\n            <!-- Contenu de la card -->\n            <div class=\"em-card-body\">\n              <h3 class=\"em-card-title\">March\u00e9 de Saint-Paul-en-Born<\/h3>\n\n              <!-- Tags r\u00e9sum\u00e9s (max 4) -->\n              <div class=\"em-card-tags\">\n                                              <\/div>\n\n              <!-- Champs suppl\u00e9mentaires (max 3) -->\n              <div class=\"em-card-fields\">\n                                  <div class=\"em-card-field\">\n                    <span class=\"em-card-field-label\">Date \/ P\u00e9riode :<\/span>\n                    <span class=\"em-card-field-value\">Variable<\/span>\n                  <\/div>\n                                  <div class=\"em-card-field\">\n                    <span class=\"em-card-field-label\">Lieu (ville) :<\/span>\n                    <span class=\"em-card-field-value\">Saint-Paul-en-Born<\/span>\n                  <\/div>\n                                  <div class=\"em-card-field\">\n                    <span class=\"em-card-field-label\">Distance depuis le camping (km) :<\/span>\n                    <span class=\"em-card-field-value\">environ 1 km<\/span>\n                  <\/div>\n                              <\/div>\n\n              <!-- Lien vers le d\u00e9tail -->\n              <div class=\"em-card-footer\">\n                <span>Voir le d\u00e9tail<\/span>\n                <svg fill=\"none\" viewBox=\"0 0 24 24\" stroke=\"currentColor\" stroke-width=\"2\"><path stroke-linecap=\"round\" stroke-linejoin=\"round\" d=\"M13.5 4.5L21 12m0 0l-7.5 7.5M21 12H3\"><\/path><\/svg>\n              <\/div>\n            <\/div>\n          <\/article>\n                  <article class=\"em-card\"\n            data-type=\"event\"\n            data-features=\"\"\n            data-name=\"visite de la for\u00eat des landes\"\n            data-json=\"{&quot;name&quot;:&quot;Visite de la for\\u00eat des Landes&quot;,&quot;image&quot;:&quot;&quot;,&quot;link&quot;:&quot;&quot;,&quot;data&quot;:{&quot;name&quot;:&quot;Visite de la for\\u00eat des Landes&quot;,&quot;date_period&quot;:&quot;Variable&quot;,&quot;location&quot;:&quot;For\\u00eat des Landes&quot;,&quot;distance_km&quot;:&quot;Environ 0 km&quot;,&quot;description&quot;:&quot;Promenade dans la for\\u00eat avec vue panoramique&quot;,&quot;type&quot;:&quot;Nature Walk&quot;,&quot;comment&quot;:&quot;&quot;,&quot;link&quot;:&quot;&quot;,&quot;image&quot;:&quot;&quot;},&quot;category&quot;:&quot;\\u00c9v\\u00e9nements recommand\\u00e9s&quot;}\">\n\n            <!-- Image + badge cat\u00e9gorie -->\n            <div class=\"em-card-img-wrap\">\n                              <div class=\"em-card-placeholder\">\ud83d\udcf7 Pas d'image<\/div>\n                            <span class=\"em-card-badge badge-event\">\u00c9v\u00e9nements recommand\u00e9s<\/span>\n            <\/div>\n\n            <!-- Contenu de la card -->\n            <div class=\"em-card-body\">\n              <h3 class=\"em-card-title\">Visite de la for\u00eat des Landes<\/h3>\n\n              <!-- Tags r\u00e9sum\u00e9s (max 4) -->\n              <div class=\"em-card-tags\">\n                                              <\/div>\n\n              <!-- Champs suppl\u00e9mentaires (max 3) -->\n              <div class=\"em-card-fields\">\n                                  <div class=\"em-card-field\">\n                    <span class=\"em-card-field-label\">Date \/ P\u00e9riode :<\/span>\n                    <span class=\"em-card-field-value\">Variable<\/span>\n                  <\/div>\n                                  <div class=\"em-card-field\">\n                    <span class=\"em-card-field-label\">Lieu (ville) :<\/span>\n                    <span class=\"em-card-field-value\">For\u00eat des Landes<\/span>\n                  <\/div>\n                                  <div class=\"em-card-field\">\n                    <span class=\"em-card-field-label\">Distance depuis le camping (km) :<\/span>\n                    <span class=\"em-card-field-value\">Environ 0 km<\/span>\n                  <\/div>\n                              <\/div>\n\n              <!-- Lien vers le d\u00e9tail -->\n              <div class=\"em-card-footer\">\n                <span>Voir le d\u00e9tail<\/span>\n                <svg fill=\"none\" viewBox=\"0 0 24 24\" stroke=\"currentColor\" stroke-width=\"2\"><path stroke-linecap=\"round\" stroke-linejoin=\"round\" d=\"M13.5 4.5L21 12m0 0l-7.5 7.5M21 12H3\"><\/path><\/svg>\n              <\/div>\n            <\/div>\n          <\/article>\n                  <article class=\"em-card\"\n            data-type=\"event\"\n            data-features=\"\"\n            data-name=\"plage de mimizan\"\n            data-json=\"{&quot;name&quot;:&quot;Plage de Mimizan&quot;,&quot;image&quot;:&quot;&quot;,&quot;link&quot;:&quot;https:\\\/\\\/www.mimizan-tourisme.com\\\/en\\\/offers\\\/camping-la-clairiere-saint-paul-en-born-en-5029435\\\/&quot;,&quot;data&quot;:{&quot;name&quot;:&quot;Plage de Mimizan&quot;,&quot;date_period&quot;:&quot;Variable&quot;,&quot;location&quot;:&quot;Mimizan&quot;,&quot;distance_km&quot;:&quot;environ 20 km&quot;,&quot;description&quot;:&quot;Journ\\u00e9e \\u00e0 la plage avec activit\\u00e9s vari\\u00e9es&quot;,&quot;type&quot;:&quot;Beach Day&quot;,&quot;comment&quot;:&quot;&quot;,&quot;link&quot;:&quot;https:\\\/\\\/www.mimizan-tourisme.com\\\/en\\\/offers\\\/camping-la-clairiere-saint-paul-en-born-en-5029435\\\/&quot;,&quot;image&quot;:&quot;&quot;},&quot;category&quot;:&quot;\\u00c9v\\u00e9nements recommand\\u00e9s&quot;}\">\n\n            <!-- Image + badge cat\u00e9gorie -->\n            <div class=\"em-card-img-wrap\">\n                              <div class=\"em-card-placeholder\">\ud83d\udcf7 Pas d'image<\/div>\n                            <span class=\"em-card-badge badge-event\">\u00c9v\u00e9nements recommand\u00e9s<\/span>\n            <\/div>\n\n            <!-- Contenu de la card -->\n            <div class=\"em-card-body\">\n              <h3 class=\"em-card-title\">Plage de Mimizan<\/h3>\n\n              <!-- Tags r\u00e9sum\u00e9s (max 4) -->\n              <div class=\"em-card-tags\">\n                                              <\/div>\n\n              <!-- Champs suppl\u00e9mentaires (max 3) -->\n              <div class=\"em-card-fields\">\n                                  <div class=\"em-card-field\">\n                    <span class=\"em-card-field-label\">Date \/ P\u00e9riode :<\/span>\n                    <span class=\"em-card-field-value\">Variable<\/span>\n                  <\/div>\n                                  <div class=\"em-card-field\">\n                    <span class=\"em-card-field-label\">Lieu (ville) :<\/span>\n                    <span class=\"em-card-field-value\">Mimizan<\/span>\n                  <\/div>\n                                  <div class=\"em-card-field\">\n                    <span class=\"em-card-field-label\">Distance depuis le camping (km) :<\/span>\n                    <span class=\"em-card-field-value\">environ 20 km<\/span>\n                  <\/div>\n                              <\/div>\n\n              <!-- Lien vers le d\u00e9tail -->\n              <div class=\"em-card-footer\">\n                <span>Voir le d\u00e9tail<\/span>\n                <svg fill=\"none\" viewBox=\"0 0 24 24\" stroke=\"currentColor\" stroke-width=\"2\"><path stroke-linecap=\"round\" stroke-linejoin=\"round\" d=\"M13.5 4.5L21 12m0 0l-7.5 7.5M21 12H3\"><\/path><\/svg>\n              <\/div>\n            <\/div>\n          <\/article>\n                  <article class=\"em-card\"\n            data-type=\"event\"\n            data-features=\"\"\n            data-name=\"nocturnes commerciales\"\n            data-json=\"{&quot;name&quot;:&quot;Nocturnes commerciales&quot;,&quot;image&quot;:&quot;&quot;,&quot;link&quot;:&quot;&quot;,&quot;data&quot;:{&quot;name&quot;:&quot;Nocturnes commerciales&quot;,&quot;date_period&quot;:&quot;\\u00c9t\\u00e9&quot;,&quot;location&quot;:&quot;Saint-Paul-en-Born&quot;,&quot;distance_km&quot;:&quot;environ 1 km&quot;,&quot;description&quot;:&quot;Nocturnes commerciales pendant l&#039;\\u00e9t\\u00e9&quot;,&quot;type&quot;:&quot;Shopping Event&quot;,&quot;comment&quot;:&quot;&quot;,&quot;link&quot;:&quot;&quot;,&quot;image&quot;:&quot;&quot;},&quot;category&quot;:&quot;\\u00c9v\\u00e9nements recommand\\u00e9s&quot;}\">\n\n            <!-- Image + badge cat\u00e9gorie -->\n            <div class=\"em-card-img-wrap\">\n                              <div class=\"em-card-placeholder\">\ud83d\udcf7 Pas d'image<\/div>\n                            <span class=\"em-card-badge badge-event\">\u00c9v\u00e9nements recommand\u00e9s<\/span>\n            <\/div>\n\n            <!-- Contenu de la card -->\n            <div class=\"em-card-body\">\n              <h3 class=\"em-card-title\">Nocturnes commerciales<\/h3>\n\n              <!-- Tags r\u00e9sum\u00e9s (max 4) -->\n              <div class=\"em-card-tags\">\n                                              <\/div>\n\n              <!-- Champs suppl\u00e9mentaires (max 3) -->\n              <div class=\"em-card-fields\">\n                                  <div class=\"em-card-field\">\n                    <span class=\"em-card-field-label\">Date \/ P\u00e9riode :<\/span>\n                    <span class=\"em-card-field-value\">\u00c9t\u00e9<\/span>\n                  <\/div>\n                                  <div class=\"em-card-field\">\n                    <span class=\"em-card-field-label\">Lieu (ville) :<\/span>\n                    <span class=\"em-card-field-value\">Saint-Paul-en-Born<\/span>\n                  <\/div>\n                                  <div class=\"em-card-field\">\n                    <span class=\"em-card-field-label\">Distance depuis le camping (km) :<\/span>\n                    <span class=\"em-card-field-value\">environ 1 km<\/span>\n                  <\/div>\n                              <\/div>\n\n              <!-- Lien vers le d\u00e9tail -->\n              <div class=\"em-card-footer\">\n                <span>Voir le d\u00e9tail<\/span>\n                <svg fill=\"none\" viewBox=\"0 0 24 24\" stroke=\"currentColor\" stroke-width=\"2\"><path stroke-linecap=\"round\" stroke-linejoin=\"round\" d=\"M13.5 4.5L21 12m0 0l-7.5 7.5M21 12H3\"><\/path><\/svg>\n              <\/div>\n            <\/div>\n          <\/article>\n                  <article class=\"em-card\"\n            data-type=\"event\"\n            data-features=\"\"\n            data-name=\"ferias du sud-ouest \u00e0 saint-paul-en-born\"\n            data-json=\"{&quot;name&quot;:&quot;Ferias du Sud-Ouest \\u00e0 Saint-Paul-en-Born&quot;,&quot;image&quot;:&quot;&quot;,&quot;link&quot;:&quot;https:\\\/\\\/www.mimizan-tourisme.com\\\/en\\\/agenda\\\/les-fetes-de-mimizan\\\/&quot;,&quot;data&quot;:{&quot;name&quot;:&quot;Ferias du Sud-Ouest \\u00e0 Saint-Paul-en-Born&quot;,&quot;date_period&quot;:&quot;23 au 25 mai 2025&quot;,&quot;location&quot;:&quot;Saint-Paul-en-Born&quot;,&quot;distance_km&quot;:&quot;0 km&quot;,&quot;description&quot;:&quot;Festival local m\\u00ealant bonne humeur, traditions, gastronomie et animations color\\u00e9es avec d\\u00e9fil\\u00e9s et folklore local sp\\u00e9cifiques au Sud-Ouest.&quot;,&quot;type&quot;:&quot;Festival culturel&quot;,&quot;comment&quot;:&quot;\\u00c9v\\u00e9nement embl\\u00e9matique proche du camping, vivant et authentique, parfait pour d\\u00e9couvrir les traditions r\\u00e9gionales.&quot;,&quot;link&quot;:&quot;https:\\\/\\\/www.mimizan-tourisme.com\\\/en\\\/agenda\\\/les-fetes-de-mimizan\\\/&quot;,&quot;image&quot;:&quot;&quot;},&quot;category&quot;:&quot;\\u00c9v\\u00e9nements recommand\\u00e9s&quot;}\">\n\n            <!-- Image + badge cat\u00e9gorie -->\n            <div class=\"em-card-img-wrap\">\n                              <div class=\"em-card-placeholder\">\ud83d\udcf7 Pas d'image<\/div>\n                            <span class=\"em-card-badge badge-event\">\u00c9v\u00e9nements recommand\u00e9s<\/span>\n            <\/div>\n\n            <!-- Contenu de la card -->\n            <div class=\"em-card-body\">\n              <h3 class=\"em-card-title\">Ferias du Sud-Ouest \u00e0 Saint-Paul-en-Born<\/h3>\n\n              <!-- Tags r\u00e9sum\u00e9s (max 4) -->\n              <div class=\"em-card-tags\">\n                                              <\/div>\n\n              <!-- Champs suppl\u00e9mentaires (max 3) -->\n              <div class=\"em-card-fields\">\n                                  <div class=\"em-card-field\">\n                    <span class=\"em-card-field-label\">Date \/ P\u00e9riode :<\/span>\n                    <span class=\"em-card-field-value\">23 au 25 mai 2025<\/span>\n                  <\/div>\n                                  <div class=\"em-card-field\">\n                    <span class=\"em-card-field-label\">Lieu (ville) :<\/span>\n                    <span class=\"em-card-field-value\">Saint-Paul-en-Born<\/span>\n                  <\/div>\n                                  <div class=\"em-card-field\">\n                    <span class=\"em-card-field-label\">Distance depuis le camping (km) :<\/span>\n                    <span class=\"em-card-field-value\">0 km<\/span>\n                  <\/div>\n                              <\/div>\n\n              <!-- Lien vers le d\u00e9tail -->\n              <div class=\"em-card-footer\">\n                <span>Voir le d\u00e9tail<\/span>\n                <svg fill=\"none\" viewBox=\"0 0 24 24\" stroke=\"currentColor\" stroke-width=\"2\"><path stroke-linecap=\"round\" stroke-linejoin=\"round\" d=\"M13.5 4.5L21 12m0 0l-7.5 7.5M21 12H3\"><\/path><\/svg>\n              <\/div>\n            <\/div>\n          <\/article>\n                  <article class=\"em-card\"\n            data-type=\"event\"\n            data-features=\"\"\n            data-name=\"balade nature autour de la loutre d&#039;europe\"\n            data-json=\"{&quot;name&quot;:&quot;Balade nature autour de la loutre d&#039;Europe&quot;,&quot;image&quot;:&quot;&quot;,&quot;link&quot;:&quot;https:\\\/\\\/www.eterritoire.fr\\\/territoires\\\/nouvelle-aquitaine\\\/landes\\\/saint-paul-en-born\\\/40278\\\/16036?agenda&quot;,&quot;data&quot;:{&quot;name&quot;:&quot;Balade nature autour de la loutre d&#039;Europe&quot;,&quot;date_period&quot;:&quot;25 octobre 2025&quot;,&quot;location&quot;:&quot;Saint-Paul-en-Born&quot;,&quot;distance_km&quot;:&quot;0 km&quot;,&quot;description&quot;:&quot;Promenade guid\\u00e9e en nature centr\\u00e9e sur la d\\u00e9couverte de la faune locale, notamment la loutre d&#039;Europe.&quot;,&quot;type&quot;:&quot;Animation nature&quot;,&quot;comment&quot;:&quot;Id\\u00e9al pour les amateurs de nature souhaitant explorer la biodiversit\\u00e9 locale.&quot;,&quot;link&quot;:&quot;https:\\\/\\\/www.eterritoire.fr\\\/territoires\\\/nouvelle-aquitaine\\\/landes\\\/saint-paul-en-born\\\/40278\\\/16036?agenda&quot;,&quot;image&quot;:&quot;&quot;},&quot;category&quot;:&quot;\\u00c9v\\u00e9nements recommand\\u00e9s&quot;}\">\n\n            <!-- Image + badge cat\u00e9gorie -->\n            <div class=\"em-card-img-wrap\">\n                              <div class=\"em-card-placeholder\">\ud83d\udcf7 Pas d'image<\/div>\n                            <span class=\"em-card-badge badge-event\">\u00c9v\u00e9nements recommand\u00e9s<\/span>\n            <\/div>\n\n            <!-- Contenu de la card -->\n            <div class=\"em-card-body\">\n              <h3 class=\"em-card-title\">Balade nature autour de la loutre d&#039;Europe<\/h3>\n\n              <!-- Tags r\u00e9sum\u00e9s (max 4) -->\n              <div class=\"em-card-tags\">\n                                              <\/div>\n\n              <!-- Champs suppl\u00e9mentaires (max 3) -->\n              <div class=\"em-card-fields\">\n                                  <div class=\"em-card-field\">\n                    <span class=\"em-card-field-label\">Date \/ P\u00e9riode :<\/span>\n                    <span class=\"em-card-field-value\">25 octobre 2025<\/span>\n                  <\/div>\n                                  <div class=\"em-card-field\">\n                    <span class=\"em-card-field-label\">Lieu (ville) :<\/span>\n                    <span class=\"em-card-field-value\">Saint-Paul-en-Born<\/span>\n                  <\/div>\n                                  <div class=\"em-card-field\">\n                    <span class=\"em-card-field-label\">Distance depuis le camping (km) :<\/span>\n                    <span class=\"em-card-field-value\">0 km<\/span>\n                  <\/div>\n                              <\/div>\n\n              <!-- Lien vers le d\u00e9tail -->\n              <div class=\"em-card-footer\">\n                <span>Voir le d\u00e9tail<\/span>\n                <svg fill=\"none\" viewBox=\"0 0 24 24\" stroke=\"currentColor\" stroke-width=\"2\"><path stroke-linecap=\"round\" stroke-linejoin=\"round\" d=\"M13.5 4.5L21 12m0 0l-7.5 7.5M21 12H3\"><\/path><\/svg>\n              <\/div>\n            <\/div>\n          <\/article>\n                  <article class=\"em-card\"\n            data-type=\"event\"\n            data-features=\"\"\n            data-name=\"concours de belote super\"\n            data-json=\"{&quot;name&quot;:&quot;Concours de belote super&quot;,&quot;image&quot;:&quot;&quot;,&quot;link&quot;:&quot;https:\\\/\\\/www.guide-des-landes.com\\\/fr\\\/agenda\\\/saint-paul-en-born-275.html&quot;,&quot;data&quot;:{&quot;name&quot;:&quot;Concours de belote super&quot;,&quot;date_period&quot;:&quot;4 octobre 2025&quot;,&quot;location&quot;:&quot;Saint-Paul-en-Born&quot;,&quot;distance_km&quot;:&quot;0 km&quot;,&quot;description&quot;:&quot;Concours de belote convivial organis\\u00e9 dans la commune, ouvert \\u00e0 tous les niveaux.&quot;,&quot;type&quot;:&quot;Jeu et concours&quot;,&quot;comment&quot;:&quot;Activit\\u00e9 locale ludique pour les amateurs de cartes et convivialit\\u00e9.&quot;,&quot;link&quot;:&quot;https:\\\/\\\/www.guide-des-landes.com\\\/fr\\\/agenda\\\/saint-paul-en-born-275.html&quot;,&quot;image&quot;:&quot;&quot;},&quot;category&quot;:&quot;\\u00c9v\\u00e9nements recommand\\u00e9s&quot;}\">\n\n            <!-- Image + badge cat\u00e9gorie -->\n            <div class=\"em-card-img-wrap\">\n                              <div class=\"em-card-placeholder\">\ud83d\udcf7 Pas d'image<\/div>\n                            <span class=\"em-card-badge badge-event\">\u00c9v\u00e9nements recommand\u00e9s<\/span>\n            <\/div>\n\n            <!-- Contenu de la card -->\n            <div class=\"em-card-body\">\n              <h3 class=\"em-card-title\">Concours de belote super<\/h3>\n\n              <!-- Tags r\u00e9sum\u00e9s (max 4) -->\n              <div class=\"em-card-tags\">\n                                              <\/div>\n\n              <!-- Champs suppl\u00e9mentaires (max 3) -->\n              <div class=\"em-card-fields\">\n                                  <div class=\"em-card-field\">\n                    <span class=\"em-card-field-label\">Date \/ P\u00e9riode :<\/span>\n                    <span class=\"em-card-field-value\">4 octobre 2025<\/span>\n                  <\/div>\n                                  <div class=\"em-card-field\">\n                    <span class=\"em-card-field-label\">Lieu (ville) :<\/span>\n                    <span class=\"em-card-field-value\">Saint-Paul-en-Born<\/span>\n                  <\/div>\n                                  <div class=\"em-card-field\">\n                    <span class=\"em-card-field-label\">Distance depuis le camping (km) :<\/span>\n                    <span class=\"em-card-field-value\">0 km<\/span>\n                  <\/div>\n                              <\/div>\n\n              <!-- Lien vers le d\u00e9tail -->\n              <div class=\"em-card-footer\">\n                <span>Voir le d\u00e9tail<\/span>\n                <svg fill=\"none\" viewBox=\"0 0 24 24\" stroke=\"currentColor\" stroke-width=\"2\"><path stroke-linecap=\"round\" stroke-linejoin=\"round\" d=\"M13.5 4.5L21 12m0 0l-7.5 7.5M21 12H3\"><\/path><\/svg>\n              <\/div>\n            <\/div>\n          <\/article>\n                  <article class=\"em-card\"\n            data-type=\"event\"\n            data-features=\"\"\n            data-name=\"atelier d\u00e9couverte pilates gratuit\"\n            data-json=\"{&quot;name&quot;:&quot;Atelier d\\u00e9couverte Pilates gratuit&quot;,&quot;image&quot;:&quot;&quot;,&quot;link&quot;:&quot;https:\\\/\\\/www.guide-des-landes.com\\\/fr\\\/agenda\\\/saint-paul-en-born-275.html&quot;,&quot;data&quot;:{&quot;name&quot;:&quot;Atelier d\\u00e9couverte Pilates gratuit&quot;,&quot;date_period&quot;:&quot;Date \\u00e0 pr\\u00e9ciser&quot;,&quot;location&quot;:&quot;Saint-Paul-en-Born&quot;,&quot;distance_km&quot;:&quot;0 km&quot;,&quot;description&quot;:&quot;S\\u00e9ance d\\u00e9couverte de Pilates pour tous niveaux, permettant d\\u00e9tente et renforcement musculaire.&quot;,&quot;type&quot;:&quot;Atelier sportif&quot;,&quot;comment&quot;:&quot;Activit\\u00e9 bien-\\u00eatre accessible \\u00e0 tous.&quot;,&quot;link&quot;:&quot;https:\\\/\\\/www.guide-des-landes.com\\\/fr\\\/agenda\\\/saint-paul-en-born-275.html&quot;,&quot;image&quot;:&quot;&quot;},&quot;category&quot;:&quot;\\u00c9v\\u00e9nements recommand\\u00e9s&quot;}\">\n\n            <!-- Image + badge cat\u00e9gorie -->\n            <div class=\"em-card-img-wrap\">\n                              <div class=\"em-card-placeholder\">\ud83d\udcf7 Pas d'image<\/div>\n                            <span class=\"em-card-badge badge-event\">\u00c9v\u00e9nements recommand\u00e9s<\/span>\n            <\/div>\n\n            <!-- Contenu de la card -->\n            <div class=\"em-card-body\">\n              <h3 class=\"em-card-title\">Atelier d\u00e9couverte Pilates gratuit<\/h3>\n\n              <!-- Tags r\u00e9sum\u00e9s (max 4) -->\n              <div class=\"em-card-tags\">\n                                              <\/div>\n\n              <!-- Champs suppl\u00e9mentaires (max 3) -->\n              <div class=\"em-card-fields\">\n                                  <div class=\"em-card-field\">\n                    <span class=\"em-card-field-label\">Date \/ P\u00e9riode :<\/span>\n                    <span class=\"em-card-field-value\">Date \u00e0 pr\u00e9ciser<\/span>\n                  <\/div>\n                                  <div class=\"em-card-field\">\n                    <span class=\"em-card-field-label\">Lieu (ville) :<\/span>\n                    <span class=\"em-card-field-value\">Saint-Paul-en-Born<\/span>\n                  <\/div>\n                                  <div class=\"em-card-field\">\n                    <span class=\"em-card-field-label\">Distance depuis le camping (km) :<\/span>\n                    <span class=\"em-card-field-value\">0 km<\/span>\n                  <\/div>\n                              <\/div>\n\n              <!-- Lien vers le d\u00e9tail -->\n              <div class=\"em-card-footer\">\n                <span>Voir le d\u00e9tail<\/span>\n                <svg fill=\"none\" viewBox=\"0 0 24 24\" stroke=\"currentColor\" stroke-width=\"2\"><path stroke-linecap=\"round\" stroke-linejoin=\"round\" d=\"M13.5 4.5L21 12m0 0l-7.5 7.5M21 12H3\"><\/path><\/svg>\n              <\/div>\n            <\/div>\n          <\/article>\n                  <article class=\"em-card\"\n            data-type=\"event\"\n            data-features=\"\"\n            data-name=\"soir\u00e9es anim\u00e9es au camping la clairi\u00e8re\"\n            data-json=\"{&quot;name&quot;:&quot;Soir\\u00e9es anim\\u00e9es au Camping La Clairi\\u00e8re&quot;,&quot;image&quot;:&quot;&quot;,&quot;link&quot;:&quot;https:\\\/\\\/www.camping-laclairiere.fr\\\/en\\\/campsite-animations-saint-paul-en-born\\\/&quot;,&quot;data&quot;:{&quot;name&quot;:&quot;Soir\\u00e9es anim\\u00e9es au Camping La Clairi\\u00e8re&quot;,&quot;date_period&quot;:&quot;Juillet - Ao\\u00fbt 2025 (deux fois par semaine)&quot;,&quot;location&quot;:&quot;Camping La Clairi\\u00e8re, Saint-Paul-en-Born&quot;,&quot;distance_km&quot;:&quot;sur place&quot;,&quot;description&quot;:&quot;Soir\\u00e9es musicales et ambiance conviviale au camping, avec animations et musique live pour les vacanciers.&quot;,&quot;type&quot;:&quot;Animation camping&quot;,&quot;comment&quot;:&quot;Proposition interne du camping pour une ambiance festive sur place.&quot;,&quot;link&quot;:&quot;https:\\\/\\\/www.camping-laclairiere.fr\\\/en\\\/campsite-animations-saint-paul-en-born\\\/&quot;,&quot;image&quot;:&quot;&quot;},&quot;category&quot;:&quot;\\u00c9v\\u00e9nements recommand\\u00e9s&quot;}\">\n\n            <!-- Image + badge cat\u00e9gorie -->\n            <div class=\"em-card-img-wrap\">\n                              <div class=\"em-card-placeholder\">\ud83d\udcf7 Pas d'image<\/div>\n                            <span class=\"em-card-badge badge-event\">\u00c9v\u00e9nements recommand\u00e9s<\/span>\n            <\/div>\n\n            <!-- Contenu de la card -->\n            <div class=\"em-card-body\">\n              <h3 class=\"em-card-title\">Soir\u00e9es anim\u00e9es au Camping La Clairi\u00e8re<\/h3>\n\n              <!-- Tags r\u00e9sum\u00e9s (max 4) -->\n              <div class=\"em-card-tags\">\n                                              <\/div>\n\n              <!-- Champs suppl\u00e9mentaires (max 3) -->\n              <div class=\"em-card-fields\">\n                                  <div class=\"em-card-field\">\n                    <span class=\"em-card-field-label\">Date \/ P\u00e9riode :<\/span>\n                    <span class=\"em-card-field-value\">Juillet - Ao\u00fbt 2025 (deux fois par semaine)<\/span>\n                  <\/div>\n                                  <div class=\"em-card-field\">\n                    <span class=\"em-card-field-label\">Lieu (ville) :<\/span>\n                    <span class=\"em-card-field-value\">Camping La Clairi\u00e8re, Saint-Paul-en-Born<\/span>\n                  <\/div>\n                                  <div class=\"em-card-field\">\n                    <span class=\"em-card-field-label\">Distance depuis le camping (km) :<\/span>\n                    <span class=\"em-card-field-value\">sur place<\/span>\n                  <\/div>\n                              <\/div>\n\n              <!-- Lien vers le d\u00e9tail -->\n              <div class=\"em-card-footer\">\n                <span>Voir le d\u00e9tail<\/span>\n                <svg fill=\"none\" viewBox=\"0 0 24 24\" stroke=\"currentColor\" stroke-width=\"2\"><path stroke-linecap=\"round\" stroke-linejoin=\"round\" d=\"M13.5 4.5L21 12m0 0l-7.5 7.5M21 12H3\"><\/path><\/svg>\n              <\/div>\n            <\/div>\n          <\/article>\n                  <article class=\"em-card\"\n            data-type=\"event\"\n            data-features=\"\"\n            data-name=\"accrobranche landes\"\n            data-json=\"{&quot;name&quot;:&quot;Accrobranche Landes&quot;,&quot;image&quot;:&quot;&quot;,&quot;link&quot;:&quot;https:\\\/\\\/www.camping-laclairiere.fr\\\/en\\\/campsite-animations-saint-paul-en-born\\\/&quot;,&quot;data&quot;:{&quot;name&quot;:&quot;Accrobranche Landes&quot;,&quot;date_period&quot;:&quot;Saison estivale 2025&quot;,&quot;location&quot;:&quot;Proche Saint-Paul-en-Born&quot;,&quot;distance_km&quot;:&quot;quelques km&quot;,&quot;description&quot;:&quot;Parcours accrobranche pour tous niveaux au c\\u0153ur de la for\\u00eat des Landes.&quot;,&quot;type&quot;:&quot;Activit\\u00e9 sportive aventure&quot;,&quot;comment&quot;:&quot;Activit\\u00e9 ludique et sportive accessible \\u00e0 proximit\\u00e9 du camping.&quot;,&quot;link&quot;:&quot;https:\\\/\\\/www.camping-laclairiere.fr\\\/en\\\/campsite-animations-saint-paul-en-born\\\/&quot;,&quot;image&quot;:&quot;&quot;},&quot;category&quot;:&quot;\\u00c9v\\u00e9nements recommand\\u00e9s&quot;}\">\n\n            <!-- Image + badge cat\u00e9gorie -->\n            <div class=\"em-card-img-wrap\">\n                              <div class=\"em-card-placeholder\">\ud83d\udcf7 Pas d'image<\/div>\n                            <span class=\"em-card-badge badge-event\">\u00c9v\u00e9nements recommand\u00e9s<\/span>\n            <\/div>\n\n            <!-- Contenu de la card -->\n            <div class=\"em-card-body\">\n              <h3 class=\"em-card-title\">Accrobranche Landes<\/h3>\n\n              <!-- Tags r\u00e9sum\u00e9s (max 4) -->\n              <div class=\"em-card-tags\">\n                                              <\/div>\n\n              <!-- Champs suppl\u00e9mentaires (max 3) -->\n              <div class=\"em-card-fields\">\n                                  <div class=\"em-card-field\">\n                    <span class=\"em-card-field-label\">Date \/ P\u00e9riode :<\/span>\n                    <span class=\"em-card-field-value\">Saison estivale 2025<\/span>\n                  <\/div>\n                                  <div class=\"em-card-field\">\n                    <span class=\"em-card-field-label\">Lieu (ville) :<\/span>\n                    <span class=\"em-card-field-value\">Proche Saint-Paul-en-Born<\/span>\n                  <\/div>\n                                  <div class=\"em-card-field\">\n                    <span class=\"em-card-field-label\">Distance depuis le camping (km) :<\/span>\n                    <span class=\"em-card-field-value\">quelques km<\/span>\n                  <\/div>\n                              <\/div>\n\n              <!-- Lien vers le d\u00e9tail -->\n              <div class=\"em-card-footer\">\n                <span>Voir le d\u00e9tail<\/span>\n                <svg fill=\"none\" viewBox=\"0 0 24 24\" stroke=\"currentColor\" stroke-width=\"2\"><path stroke-linecap=\"round\" stroke-linejoin=\"round\" d=\"M13.5 4.5L21 12m0 0l-7.5 7.5M21 12H3\"><\/path><\/svg>\n              <\/div>\n            <\/div>\n          <\/article>\n                  <article class=\"em-card\"\n            data-type=\"event\"\n            data-features=\"\"\n            data-name=\"comp\u00e9tition de skydiving \u00e0 mimizan\"\n            data-json=\"{&quot;name&quot;:&quot;Comp\\u00e9tition de skydiving \\u00e0 Mimizan&quot;,&quot;image&quot;:&quot;&quot;,&quot;link&quot;:&quot;https:\\\/\\\/www.camping-laclairiere.fr\\\/en\\\/campsite-animations-saint-paul-en-born\\\/&quot;,&quot;data&quot;:{&quot;name&quot;:&quot;Comp\\u00e9tition de skydiving \\u00e0 Mimizan&quot;,&quot;date_period&quot;:&quot;\\u00c9t\\u00e9 2025&quot;,&quot;location&quot;:&quot;Mimizan&quot;,&quot;distance_km&quot;:&quot;8.3 km&quot;,&quot;description&quot;:&quot;Event sportif de parachutisme pour amateurs et professionnels, avec d\\u00e9monstrations et initiations.&quot;,&quot;type&quot;:&quot;\\u00c9v\\u00e9nement sportif&quot;,&quot;comment&quot;:&quot;\\u00c0 proximit\\u00e9 du camping, pour les amateurs de sensations fortes.&quot;,&quot;link&quot;:&quot;https:\\\/\\\/www.camping-laclairiere.fr\\\/en\\\/campsite-animations-saint-paul-en-born\\\/&quot;,&quot;image&quot;:&quot;&quot;},&quot;category&quot;:&quot;\\u00c9v\\u00e9nements recommand\\u00e9s&quot;}\">\n\n            <!-- Image + badge cat\u00e9gorie -->\n            <div class=\"em-card-img-wrap\">\n                              <div class=\"em-card-placeholder\">\ud83d\udcf7 Pas d'image<\/div>\n                            <span class=\"em-card-badge badge-event\">\u00c9v\u00e9nements recommand\u00e9s<\/span>\n            <\/div>\n\n            <!-- Contenu de la card -->\n            <div class=\"em-card-body\">\n              <h3 class=\"em-card-title\">Comp\u00e9tition de skydiving \u00e0 Mimizan<\/h3>\n\n              <!-- Tags r\u00e9sum\u00e9s (max 4) -->\n              <div class=\"em-card-tags\">\n                                              <\/div>\n\n              <!-- Champs suppl\u00e9mentaires (max 3) -->\n              <div class=\"em-card-fields\">\n                                  <div class=\"em-card-field\">\n                    <span class=\"em-card-field-label\">Date \/ P\u00e9riode :<\/span>\n                    <span class=\"em-card-field-value\">\u00c9t\u00e9 2025<\/span>\n                  <\/div>\n                                  <div class=\"em-card-field\">\n                    <span class=\"em-card-field-label\">Lieu (ville) :<\/span>\n                    <span class=\"em-card-field-value\">Mimizan<\/span>\n                  <\/div>\n                                  <div class=\"em-card-field\">\n                    <span class=\"em-card-field-label\">Distance depuis le camping (km) :<\/span>\n                    <span class=\"em-card-field-value\">8.3 km<\/span>\n                  <\/div>\n                              <\/div>\n\n              <!-- Lien vers le d\u00e9tail -->\n              <div class=\"em-card-footer\">\n                <span>Voir le d\u00e9tail<\/span>\n                <svg fill=\"none\" viewBox=\"0 0 24 24\" stroke=\"currentColor\" stroke-width=\"2\"><path stroke-linecap=\"round\" stroke-linejoin=\"round\" d=\"M13.5 4.5L21 12m0 0l-7.5 7.5M21 12H3\"><\/path><\/svg>\n              <\/div>\n            <\/div>\n          <\/article>\n                  <article class=\"em-card\"\n            data-type=\"event\"\n            data-features=\"\"\n            data-name=\"tournoi de golf landes\"\n            data-json=\"{&quot;name&quot;:&quot;Tournoi de golf Landes&quot;,&quot;image&quot;:&quot;&quot;,&quot;link&quot;:&quot;https:\\\/\\\/www.camping-laclairiere.fr\\\/en\\\/campsite-animations-saint-paul-en-born\\\/&quot;,&quot;data&quot;:{&quot;name&quot;:&quot;Tournoi de golf Landes&quot;,&quot;date_period&quot;:&quot;\\u00c9t\\u00e9 2025&quot;,&quot;location&quot;:&quot;Saint-Paul-en-Born&quot;,&quot;distance_km&quot;:&quot;0 km&quot;,&quot;description&quot;:&quot;Tournoi amical de golf ouvert \\u00e0 tous, organis\\u00e9 localement.&quot;,&quot;type&quot;:&quot;Comp\\u00e9tition sportive&quot;,&quot;comment&quot;:&quot;Sport de pr\\u00e9cision accessible dans la r\\u00e9gion.&quot;,&quot;link&quot;:&quot;https:\\\/\\\/www.camping-laclairiere.fr\\\/en\\\/campsite-animations-saint-paul-en-born\\\/&quot;,&quot;image&quot;:&quot;&quot;},&quot;category&quot;:&quot;\\u00c9v\\u00e9nements recommand\\u00e9s&quot;}\">\n\n            <!-- Image + badge cat\u00e9gorie -->\n            <div class=\"em-card-img-wrap\">\n                              <div class=\"em-card-placeholder\">\ud83d\udcf7 Pas d'image<\/div>\n                            <span class=\"em-card-badge badge-event\">\u00c9v\u00e9nements recommand\u00e9s<\/span>\n            <\/div>\n\n            <!-- Contenu de la card -->\n            <div class=\"em-card-body\">\n              <h3 class=\"em-card-title\">Tournoi de golf Landes<\/h3>\n\n              <!-- Tags r\u00e9sum\u00e9s (max 4) -->\n              <div class=\"em-card-tags\">\n                                              <\/div>\n\n              <!-- Champs suppl\u00e9mentaires (max 3) -->\n              <div class=\"em-card-fields\">\n                                  <div class=\"em-card-field\">\n                    <span class=\"em-card-field-label\">Date \/ P\u00e9riode :<\/span>\n                    <span class=\"em-card-field-value\">\u00c9t\u00e9 2025<\/span>\n                  <\/div>\n                                  <div class=\"em-card-field\">\n                    <span class=\"em-card-field-label\">Lieu (ville) :<\/span>\n                    <span class=\"em-card-field-value\">Saint-Paul-en-Born<\/span>\n                  <\/div>\n                                  <div class=\"em-card-field\">\n                    <span class=\"em-card-field-label\">Distance depuis le camping (km) :<\/span>\n                    <span class=\"em-card-field-value\">0 km<\/span>\n                  <\/div>\n                              <\/div>\n\n              <!-- Lien vers le d\u00e9tail -->\n              <div class=\"em-card-footer\">\n                <span>Voir le d\u00e9tail<\/span>\n                <svg fill=\"none\" viewBox=\"0 0 24 24\" stroke=\"currentColor\" stroke-width=\"2\"><path stroke-linecap=\"round\" stroke-linejoin=\"round\" d=\"M13.5 4.5L21 12m0 0l-7.5 7.5M21 12H3\"><\/path><\/svg>\n              <\/div>\n            <\/div>\n          <\/article>\n                  <article class=\"em-card\"\n            data-type=\"event\"\n            data-features=\"\"\n            data-name=\"sortie kayak sur la c\u00f4te atlantique\"\n            data-json=\"{&quot;name&quot;:&quot;Sortie kayak sur la c\\u00f4te Atlantique&quot;,&quot;image&quot;:&quot;&quot;,&quot;link&quot;:&quot;https:\\\/\\\/www.camping-laclairiere.fr\\\/en\\\/campsite-animations-saint-paul-en-born\\\/&quot;,&quot;data&quot;:{&quot;name&quot;:&quot;Sortie kayak sur la c\\u00f4te Atlantique&quot;,&quot;date_period&quot;:&quot;\\u00c9t\\u00e9 2025&quot;,&quot;location&quot;:&quot;Saint-Paul-en-Born et environs&quot;,&quot;distance_km&quot;:&quot;0-10 km&quot;,&quot;description&quot;:&quot;Excursion en kayak pour d\\u00e9couvrir la c\\u00f4te et les \\u00e9tendues d&#039;eau proches, encadr\\u00e9e par des professionnels.&quot;,&quot;type&quot;:&quot;Activit\\u00e9 nautique&quot;,&quot;comment&quot;:&quot;Alternative sportive et nature \\u00e0 proximit\\u00e9 du camping.&quot;,&quot;link&quot;:&quot;https:\\\/\\\/www.camping-laclairiere.fr\\\/en\\\/campsite-animations-saint-paul-en-born\\\/&quot;,&quot;image&quot;:&quot;&quot;},&quot;category&quot;:&quot;\\u00c9v\\u00e9nements recommand\\u00e9s&quot;}\">\n\n            <!-- Image + badge cat\u00e9gorie -->\n            <div class=\"em-card-img-wrap\">\n                              <div class=\"em-card-placeholder\">\ud83d\udcf7 Pas d'image<\/div>\n                            <span class=\"em-card-badge badge-event\">\u00c9v\u00e9nements recommand\u00e9s<\/span>\n            <\/div>\n\n            <!-- Contenu de la card -->\n            <div class=\"em-card-body\">\n              <h3 class=\"em-card-title\">Sortie kayak sur la c\u00f4te Atlantique<\/h3>\n\n              <!-- Tags r\u00e9sum\u00e9s (max 4) -->\n              <div class=\"em-card-tags\">\n                                              <\/div>\n\n              <!-- Champs suppl\u00e9mentaires (max 3) -->\n              <div class=\"em-card-fields\">\n                                  <div class=\"em-card-field\">\n                    <span class=\"em-card-field-label\">Date \/ P\u00e9riode :<\/span>\n                    <span class=\"em-card-field-value\">\u00c9t\u00e9 2025<\/span>\n                  <\/div>\n                                  <div class=\"em-card-field\">\n                    <span class=\"em-card-field-label\">Lieu (ville) :<\/span>\n                    <span class=\"em-card-field-value\">Saint-Paul-en-Born et environs<\/span>\n                  <\/div>\n                                  <div class=\"em-card-field\">\n                    <span class=\"em-card-field-label\">Distance depuis le camping (km) :<\/span>\n                    <span class=\"em-card-field-value\">0-10 km<\/span>\n                  <\/div>\n                              <\/div>\n\n              <!-- Lien vers le d\u00e9tail -->\n              <div class=\"em-card-footer\">\n                <span>Voir le d\u00e9tail<\/span>\n                <svg fill=\"none\" viewBox=\"0 0 24 24\" stroke=\"currentColor\" stroke-width=\"2\"><path stroke-linecap=\"round\" stroke-linejoin=\"round\" d=\"M13.5 4.5L21 12m0 0l-7.5 7.5M21 12H3\"><\/path><\/svg>\n              <\/div>\n            <\/div>\n          <\/article>\n                  <article class=\"em-card\"\n            data-type=\"event\"\n            data-features=\"\"\n            data-name=\"initiation au paddle board\"\n            data-json=\"{&quot;name&quot;:&quot;Initiation au paddle board&quot;,&quot;image&quot;:&quot;&quot;,&quot;link&quot;:&quot;https:\\\/\\\/www.camping-laclairiere.fr\\\/en\\\/campsite-animations-saint-paul-en-born\\\/&quot;,&quot;data&quot;:{&quot;name&quot;:&quot;Initiation au paddle board&quot;,&quot;date_period&quot;:&quot;Saison estivale 2025&quot;,&quot;location&quot;:&quot;Mimizan&quot;,&quot;distance_km&quot;:&quot;8.3 km&quot;,&quot;description&quot;:&quot;Cours et initiation \\u00e0 la pratique du paddle sur le lac ou la mer.&quot;,&quot;type&quot;:&quot;Activit\\u00e9 nautique&quot;,&quot;comment&quot;:&quot;Activit\\u00e9 accessible d\\u00e9butants \\u00e0 quelques kilom\\u00e8tres du camping.&quot;,&quot;link&quot;:&quot;https:\\\/\\\/www.camping-laclairiere.fr\\\/en\\\/campsite-animations-saint-paul-en-born\\\/&quot;,&quot;image&quot;:&quot;&quot;},&quot;category&quot;:&quot;\\u00c9v\\u00e9nements recommand\\u00e9s&quot;}\">\n\n            <!-- Image + badge cat\u00e9gorie -->\n            <div class=\"em-card-img-wrap\">\n                              <div class=\"em-card-placeholder\">\ud83d\udcf7 Pas d'image<\/div>\n                            <span class=\"em-card-badge badge-event\">\u00c9v\u00e9nements recommand\u00e9s<\/span>\n            <\/div>\n\n            <!-- Contenu de la card -->\n            <div class=\"em-card-body\">\n              <h3 class=\"em-card-title\">Initiation au paddle board<\/h3>\n\n              <!-- Tags r\u00e9sum\u00e9s (max 4) -->\n              <div class=\"em-card-tags\">\n                                              <\/div>\n\n              <!-- Champs suppl\u00e9mentaires (max 3) -->\n              <div class=\"em-card-fields\">\n                                  <div class=\"em-card-field\">\n                    <span class=\"em-card-field-label\">Date \/ P\u00e9riode :<\/span>\n                    <span class=\"em-card-field-value\">Saison estivale 2025<\/span>\n                  <\/div>\n                                  <div class=\"em-card-field\">\n                    <span class=\"em-card-field-label\">Lieu (ville) :<\/span>\n                    <span class=\"em-card-field-value\">Mimizan<\/span>\n                  <\/div>\n                                  <div class=\"em-card-field\">\n                    <span class=\"em-card-field-label\">Distance depuis le camping (km) :<\/span>\n                    <span class=\"em-card-field-value\">8.3 km<\/span>\n                  <\/div>\n                              <\/div>\n\n              <!-- Lien vers le d\u00e9tail -->\n              <div class=\"em-card-footer\">\n                <span>Voir le d\u00e9tail<\/span>\n                <svg fill=\"none\" viewBox=\"0 0 24 24\" stroke=\"currentColor\" stroke-width=\"2\"><path stroke-linecap=\"round\" stroke-linejoin=\"round\" d=\"M13.5 4.5L21 12m0 0l-7.5 7.5M21 12H3\"><\/path><\/svg>\n              <\/div>\n            <\/div>\n          <\/article>\n                  <article class=\"em-card\"\n            data-type=\"event\"\n            data-features=\"\"\n            data-name=\"exposition locale et fest&#039;images\"\n            data-json=\"{&quot;name&quot;:&quot;Exposition locale et Fest&#039;Images&quot;,&quot;image&quot;:&quot;&quot;,&quot;link&quot;:&quot;https:\\\/\\\/www.ville-saintpaultroischateaux.fr\\\/systeme\\\/agenda\\\/&quot;,&quot;data&quot;:{&quot;name&quot;:&quot;Exposition locale et Fest&#039;Images&quot;,&quot;date_period&quot;:&quot;11 au 19 octobre 2025&quot;,&quot;location&quot;:&quot;Ville proche (Saint-Paul-Trois-Ch\\u00e2teaux)&quot;,&quot;distance_km&quot;:&quot;plus de 100 km (hors p\\u00e9rim\\u00e8tre imm\\u00e9diat)&quot;,&quot;description&quot;:&quot;Exposition photographique annuelle pr\\u00e9sentant la r\\u00e9gion et ses paysages.&quot;,&quot;type&quot;:&quot;Exposition culturelle&quot;,&quot;comment&quot;:&quot;Bien que \\u00e9loign\\u00e9, cit\\u00e9 pour contexte culturel, mais hors p\\u00e9rim\\u00e8tre proche du camping.&quot;,&quot;link&quot;:&quot;https:\\\/\\\/www.ville-saintpaultroischateaux.fr\\\/systeme\\\/agenda\\\/&quot;,&quot;image&quot;:&quot;&quot;},&quot;category&quot;:&quot;\\u00c9v\\u00e9nements recommand\\u00e9s&quot;}\">\n\n            <!-- Image + badge cat\u00e9gorie -->\n            <div class=\"em-card-img-wrap\">\n                              <div class=\"em-card-placeholder\">\ud83d\udcf7 Pas d'image<\/div>\n                            <span class=\"em-card-badge badge-event\">\u00c9v\u00e9nements recommand\u00e9s<\/span>\n            <\/div>\n\n            <!-- Contenu de la card -->\n            <div class=\"em-card-body\">\n              <h3 class=\"em-card-title\">Exposition locale et Fest&#039;Images<\/h3>\n\n              <!-- Tags r\u00e9sum\u00e9s (max 4) -->\n              <div class=\"em-card-tags\">\n                                              <\/div>\n\n              <!-- Champs suppl\u00e9mentaires (max 3) -->\n              <div class=\"em-card-fields\">\n                                  <div class=\"em-card-field\">\n                    <span class=\"em-card-field-label\">Date \/ P\u00e9riode :<\/span>\n                    <span class=\"em-card-field-value\">11 au 19 octobre 2025<\/span>\n                  <\/div>\n                                  <div class=\"em-card-field\">\n                    <span class=\"em-card-field-label\">Lieu (ville) :<\/span>\n                    <span class=\"em-card-field-value\">Ville proche (Saint-Paul-Trois-Ch\u00e2teaux)<\/span>\n                  <\/div>\n                                  <div class=\"em-card-field\">\n                    <span class=\"em-card-field-label\">Distance depuis le camping (km) :<\/span>\n                    <span class=\"em-card-field-value\">plus de 100 km (hors p\u00e9rim\u00e8tre imm\u00e9diat)<\/span>\n                  <\/div>\n                              <\/div>\n\n              <!-- Lien vers le d\u00e9tail -->\n              <div class=\"em-card-footer\">\n                <span>Voir le d\u00e9tail<\/span>\n                <svg fill=\"none\" viewBox=\"0 0 24 24\" stroke=\"currentColor\" stroke-width=\"2\"><path stroke-linecap=\"round\" stroke-linejoin=\"round\" d=\"M13.5 4.5L21 12m0 0l-7.5 7.5M21 12H3\"><\/path><\/svg>\n              <\/div>\n            <\/div>\n          <\/article>\n                  <article class=\"em-card\"\n            data-type=\"event\"\n            data-features=\"\"\n            data-name=\"journ\u00e9e d\u00e9couverte du patrimoine naturel\"\n            data-json=\"{&quot;name&quot;:&quot;Journ\\u00e9e d\\u00e9couverte du patrimoine naturel&quot;,&quot;image&quot;:&quot;&quot;,&quot;link&quot;:&quot;https:\\\/\\\/www.eterritoire.fr\\\/territoires\\\/nouvelle-aquitaine\\\/landes\\\/saint-paul-en-born\\\/40278\\\/16036?agenda&quot;,&quot;data&quot;:{&quot;name&quot;:&quot;Journ\\u00e9e d\\u00e9couverte du patrimoine naturel&quot;,&quot;date_period&quot;:&quot;dates variables 2025&quot;,&quot;location&quot;:&quot;Saint-Paul-en-Born&quot;,&quot;distance_km&quot;:&quot;0 km&quot;,&quot;description&quot;:&quot;Balades et ateliers pour d\\u00e9couvrir le patrimoine naturel et environnemental local.&quot;,&quot;type&quot;:&quot;Activit\\u00e9 culturelle et nature&quot;,&quot;comment&quot;:&quot;Favorise la sensibilisation \\u00e0 la nature et \\u00e0 l\\u2019environnement local.&quot;,&quot;link&quot;:&quot;https:\\\/\\\/www.eterritoire.fr\\\/territoires\\\/nouvelle-aquitaine\\\/landes\\\/saint-paul-en-born\\\/40278\\\/16036?agenda&quot;,&quot;image&quot;:&quot;&quot;},&quot;category&quot;:&quot;\\u00c9v\\u00e9nements recommand\\u00e9s&quot;}\">\n\n            <!-- Image + badge cat\u00e9gorie -->\n            <div class=\"em-card-img-wrap\">\n                              <div class=\"em-card-placeholder\">\ud83d\udcf7 Pas d'image<\/div>\n                            <span class=\"em-card-badge badge-event\">\u00c9v\u00e9nements recommand\u00e9s<\/span>\n            <\/div>\n\n            <!-- Contenu de la card -->\n            <div class=\"em-card-body\">\n              <h3 class=\"em-card-title\">Journ\u00e9e d\u00e9couverte du patrimoine naturel<\/h3>\n\n              <!-- Tags r\u00e9sum\u00e9s (max 4) -->\n              <div class=\"em-card-tags\">\n                                              <\/div>\n\n              <!-- Champs suppl\u00e9mentaires (max 3) -->\n              <div class=\"em-card-fields\">\n                                  <div class=\"em-card-field\">\n                    <span class=\"em-card-field-label\">Date \/ P\u00e9riode :<\/span>\n                    <span class=\"em-card-field-value\">dates variables 2025<\/span>\n                  <\/div>\n                                  <div class=\"em-card-field\">\n                    <span class=\"em-card-field-label\">Lieu (ville) :<\/span>\n                    <span class=\"em-card-field-value\">Saint-Paul-en-Born<\/span>\n                  <\/div>\n                                  <div class=\"em-card-field\">\n                    <span class=\"em-card-field-label\">Distance depuis le camping (km) :<\/span>\n                    <span class=\"em-card-field-value\">0 km<\/span>\n                  <\/div>\n                              <\/div>\n\n              <!-- Lien vers le d\u00e9tail -->\n              <div class=\"em-card-footer\">\n                <span>Voir le d\u00e9tail<\/span>\n                <svg fill=\"none\" viewBox=\"0 0 24 24\" stroke=\"currentColor\" stroke-width=\"2\"><path stroke-linecap=\"round\" stroke-linejoin=\"round\" d=\"M13.5 4.5L21 12m0 0l-7.5 7.5M21 12H3\"><\/path><\/svg>\n              <\/div>\n            <\/div>\n          <\/article>\n                  <article class=\"em-card\"\n            data-type=\"event\"\n            data-features=\"\"\n            data-name=\"animation sportive locale\"\n            data-json=\"{&quot;name&quot;:&quot;Animation sportive locale&quot;,&quot;image&quot;:&quot;&quot;,&quot;link&quot;:&quot;https:\\\/\\\/www.camping-laclairiere.fr\\\/en\\\/campsite-animations-saint-paul-en-born\\\/&quot;,&quot;data&quot;:{&quot;name&quot;:&quot;Animation sportive locale&quot;,&quot;date_period&quot;:&quot;\\u00c9t\\u00e9 2025&quot;,&quot;location&quot;:&quot;Saint-Paul-en-Born&quot;,&quot;distance_km&quot;:&quot;0 km&quot;,&quot;description&quot;:&quot;Sessions sportives diverses comprenant volleyball, tennis et home ball, avec pr\\u00eat de mat\\u00e9riel.&quot;,&quot;type&quot;:&quot;Animation sportive&quot;,&quot;comment&quot;:&quot;Permet la pratique facile de sports sur place.&quot;,&quot;link&quot;:&quot;https:\\\/\\\/www.camping-laclairiere.fr\\\/en\\\/campsite-animations-saint-paul-en-born\\\/&quot;,&quot;image&quot;:&quot;&quot;},&quot;category&quot;:&quot;\\u00c9v\\u00e9nements recommand\\u00e9s&quot;}\">\n\n            <!-- Image + badge cat\u00e9gorie -->\n            <div class=\"em-card-img-wrap\">\n                              <div class=\"em-card-placeholder\">\ud83d\udcf7 Pas d'image<\/div>\n                            <span class=\"em-card-badge badge-event\">\u00c9v\u00e9nements recommand\u00e9s<\/span>\n            <\/div>\n\n            <!-- Contenu de la card -->\n            <div class=\"em-card-body\">\n              <h3 class=\"em-card-title\">Animation sportive locale<\/h3>\n\n              <!-- Tags r\u00e9sum\u00e9s (max 4) -->\n              <div class=\"em-card-tags\">\n                                              <\/div>\n\n              <!-- Champs suppl\u00e9mentaires (max 3) -->\n              <div class=\"em-card-fields\">\n                                  <div class=\"em-card-field\">\n                    <span class=\"em-card-field-label\">Date \/ P\u00e9riode :<\/span>\n                    <span class=\"em-card-field-value\">\u00c9t\u00e9 2025<\/span>\n                  <\/div>\n                                  <div class=\"em-card-field\">\n                    <span class=\"em-card-field-label\">Lieu (ville) :<\/span>\n                    <span class=\"em-card-field-value\">Saint-Paul-en-Born<\/span>\n                  <\/div>\n                                  <div class=\"em-card-field\">\n                    <span class=\"em-card-field-label\">Distance depuis le camping (km) :<\/span>\n                    <span class=\"em-card-field-value\">0 km<\/span>\n                  <\/div>\n                              <\/div>\n\n              <!-- Lien vers le d\u00e9tail -->\n              <div class=\"em-card-footer\">\n                <span>Voir le d\u00e9tail<\/span>\n                <svg fill=\"none\" viewBox=\"0 0 24 24\" stroke=\"currentColor\" stroke-width=\"2\"><path stroke-linecap=\"round\" stroke-linejoin=\"round\" d=\"M13.5 4.5L21 12m0 0l-7.5 7.5M21 12H3\"><\/path><\/svg>\n              <\/div>\n            <\/div>\n          <\/article>\n                  <article class=\"em-card\"\n            data-type=\"event\"\n            data-features=\"\"\n            data-name=\"atelier musical pour enfants\"\n            data-json=\"{&quot;name&quot;:&quot;Atelier musical pour enfants&quot;,&quot;image&quot;:&quot;&quot;,&quot;link&quot;:&quot;&quot;,&quot;data&quot;:{&quot;name&quot;:&quot;Atelier musical pour enfants&quot;,&quot;date_period&quot;:&quot;Juillet - Ao\\u00fbt 2025&quot;,&quot;location&quot;:&quot;Saint-Paul-en-Born&quot;,&quot;distance_km&quot;:&quot;0 km&quot;,&quot;description&quot;:&quot;Activit\\u00e9 d\\u2019initiation musicale et chants pour enfants organis\\u00e9e localement.&quot;,&quot;type&quot;:&quot;Atelier culturel&quot;,&quot;comment&quot;:&quot;Compl\\u00e8te le Kids Club pour enfants pr\\u00e9sent au camping.&quot;,&quot;link&quot;:&quot;&quot;,&quot;image&quot;:&quot;&quot;},&quot;category&quot;:&quot;\\u00c9v\\u00e9nements recommand\\u00e9s&quot;}\">\n\n            <!-- Image + badge cat\u00e9gorie -->\n            <div class=\"em-card-img-wrap\">\n                              <div class=\"em-card-placeholder\">\ud83d\udcf7 Pas d'image<\/div>\n                            <span class=\"em-card-badge badge-event\">\u00c9v\u00e9nements recommand\u00e9s<\/span>\n            <\/div>\n\n            <!-- Contenu de la card -->\n            <div class=\"em-card-body\">\n              <h3 class=\"em-card-title\">Atelier musical pour enfants<\/h3>\n\n              <!-- Tags r\u00e9sum\u00e9s (max 4) -->\n              <div class=\"em-card-tags\">\n                                              <\/div>\n\n              <!-- Champs suppl\u00e9mentaires (max 3) -->\n              <div class=\"em-card-fields\">\n                                  <div class=\"em-card-field\">\n                    <span class=\"em-card-field-label\">Date \/ P\u00e9riode :<\/span>\n                    <span class=\"em-card-field-value\">Juillet - Ao\u00fbt 2025<\/span>\n                  <\/div>\n                                  <div class=\"em-card-field\">\n                    <span class=\"em-card-field-label\">Lieu (ville) :<\/span>\n                    <span class=\"em-card-field-value\">Saint-Paul-en-Born<\/span>\n                  <\/div>\n                                  <div class=\"em-card-field\">\n                    <span class=\"em-card-field-label\">Distance depuis le camping (km) :<\/span>\n                    <span class=\"em-card-field-value\">0 km<\/span>\n                  <\/div>\n                              <\/div>\n\n              <!-- Lien vers le d\u00e9tail -->\n              <div class=\"em-card-footer\">\n                <span>Voir le d\u00e9tail<\/span>\n                <svg fill=\"none\" viewBox=\"0 0 24 24\" stroke=\"currentColor\" stroke-width=\"2\"><path stroke-linecap=\"round\" stroke-linejoin=\"round\" d=\"M13.5 4.5L21 12m0 0l-7.5 7.5M21 12H3\"><\/path><\/svg>\n              <\/div>\n            <\/div>\n          <\/article>\n                  <article class=\"em-card\"\n            data-type=\"event\"\n            data-features=\"\"\n            data-name=\"soir\u00e9e dansante traditionnelle du sud-ouest\"\n            data-json=\"{&quot;name&quot;:&quot;Soir\\u00e9e dansante traditionnelle du Sud-Ouest&quot;,&quot;image&quot;:&quot;&quot;,&quot;link&quot;:&quot;https:\\\/\\\/www.mimizan-tourisme.com\\\/en\\\/agenda\\\/major-events\\\/&quot;,&quot;data&quot;:{&quot;name&quot;:&quot;Soir\\u00e9e dansante traditionnelle du Sud-Ouest&quot;,&quot;date_period&quot;:&quot;Dates estivales 2025&quot;,&quot;location&quot;:&quot;Saint-Paul-en-Born&quot;,&quot;distance_km&quot;:&quot;0 km&quot;,&quot;description&quot;:&quot;Soir\\u00e9e festive avec danse traditionnelle, bandas et ambiance r\\u00e9gionale.&quot;,&quot;type&quot;:&quot;Soir\\u00e9e festive&quot;,&quot;comment&quot;:&quot;Animation locale traditionnelle invitant \\u00e0 la convivialit\\u00e9 et \\u00e0 la culture r\\u00e9gionale.&quot;,&quot;link&quot;:&quot;https:\\\/\\\/www.mimizan-tourisme.com\\\/en\\\/agenda\\\/major-events\\\/&quot;,&quot;image&quot;:&quot;&quot;},&quot;category&quot;:&quot;\\u00c9v\\u00e9nements recommand\\u00e9s&quot;}\">\n\n            <!-- Image + badge cat\u00e9gorie -->\n            <div class=\"em-card-img-wrap\">\n                              <div class=\"em-card-placeholder\">\ud83d\udcf7 Pas d'image<\/div>\n                            <span class=\"em-card-badge badge-event\">\u00c9v\u00e9nements recommand\u00e9s<\/span>\n            <\/div>\n\n            <!-- Contenu de la card -->\n            <div class=\"em-card-body\">\n              <h3 class=\"em-card-title\">Soir\u00e9e dansante traditionnelle du Sud-Ouest<\/h3>\n\n              <!-- Tags r\u00e9sum\u00e9s (max 4) -->\n              <div class=\"em-card-tags\">\n                                              <\/div>\n\n              <!-- Champs suppl\u00e9mentaires (max 3) -->\n              <div class=\"em-card-fields\">\n                                  <div class=\"em-card-field\">\n                    <span class=\"em-card-field-label\">Date \/ P\u00e9riode :<\/span>\n                    <span class=\"em-card-field-value\">Dates estivales 2025<\/span>\n                  <\/div>\n                                  <div class=\"em-card-field\">\n                    <span class=\"em-card-field-label\">Lieu (ville) :<\/span>\n                    <span class=\"em-card-field-value\">Saint-Paul-en-Born<\/span>\n                  <\/div>\n                                  <div class=\"em-card-field\">\n                    <span class=\"em-card-field-label\">Distance depuis le camping (km) :<\/span>\n                    <span class=\"em-card-field-value\">0 km<\/span>\n                  <\/div>\n                              <\/div>\n\n              <!-- Lien vers le d\u00e9tail -->\n              <div class=\"em-card-footer\">\n                <span>Voir le d\u00e9tail<\/span>\n                <svg fill=\"none\" viewBox=\"0 0 24 24\" stroke=\"currentColor\" stroke-width=\"2\"><path stroke-linecap=\"round\" stroke-linejoin=\"round\" d=\"M13.5 4.5L21 12m0 0l-7.5 7.5M21 12H3\"><\/path><\/svg>\n              <\/div>\n            <\/div>\n          <\/article>\n                  <article class=\"em-card\"\n            data-type=\"event\"\n            data-features=\"\"\n            data-name=\"festival nature et loutres\"\n            data-json=\"{&quot;name&quot;:&quot;Festival Nature et Loutres&quot;,&quot;image&quot;:&quot;&quot;,&quot;link&quot;:&quot;https:\\\/\\\/www.eterritoire.fr\\\/territoires\\\/nouvelle-aquitaine\\\/landes\\\/saint-paul-en-born\\\/40278\\\/16036?agenda#agenda&quot;,&quot;data&quot;:{&quot;name&quot;:&quot;Festival Nature et Loutres&quot;,&quot;date_period&quot;:&quot;25 octobre 2025&quot;,&quot;location&quot;:&quot;Saint-Paul-en-Born&quot;,&quot;distance_km&quot;:&quot;0 km&quot;,&quot;description&quot;:&quot;Balade nature centr\\u00e9e autour de la loutre d&#039;Europe, pour d\\u00e9couvrir la faune locale et sensibiliser \\u00e0 la protection de l&#039;environnement.&quot;,&quot;type&quot;:&quot;manifestation culturelle, nature, environnement&quot;,&quot;comment&quot;:&quot;\\u00c9v\\u00e9nement local naturel et \\u00e9ducatif organis\\u00e9 \\u00e0 Saint-Paul-en-Born.&quot;,&quot;link&quot;:&quot;https:\\\/\\\/www.eterritoire.fr\\\/territoires\\\/nouvelle-aquitaine\\\/landes\\\/saint-paul-en-born\\\/40278\\\/16036?agenda#agenda&quot;,&quot;image&quot;:&quot;&quot;},&quot;category&quot;:&quot;\\u00c9v\\u00e9nements recommand\\u00e9s&quot;}\">\n\n            <!-- Image + badge cat\u00e9gorie -->\n            <div class=\"em-card-img-wrap\">\n                              <div class=\"em-card-placeholder\">\ud83d\udcf7 Pas d'image<\/div>\n                            <span class=\"em-card-badge badge-event\">\u00c9v\u00e9nements recommand\u00e9s<\/span>\n            <\/div>\n\n            <!-- Contenu de la card -->\n            <div class=\"em-card-body\">\n              <h3 class=\"em-card-title\">Festival Nature et Loutres<\/h3>\n\n              <!-- Tags r\u00e9sum\u00e9s (max 4) -->\n              <div class=\"em-card-tags\">\n                                              <\/div>\n\n              <!-- Champs suppl\u00e9mentaires (max 3) -->\n              <div class=\"em-card-fields\">\n                                  <div class=\"em-card-field\">\n                    <span class=\"em-card-field-label\">Date \/ P\u00e9riode :<\/span>\n                    <span class=\"em-card-field-value\">25 octobre 2025<\/span>\n                  <\/div>\n                                  <div class=\"em-card-field\">\n                    <span class=\"em-card-field-label\">Lieu (ville) :<\/span>\n                    <span class=\"em-card-field-value\">Saint-Paul-en-Born<\/span>\n                  <\/div>\n                                  <div class=\"em-card-field\">\n                    <span class=\"em-card-field-label\">Distance depuis le camping (km) :<\/span>\n                    <span class=\"em-card-field-value\">0 km<\/span>\n                  <\/div>\n                              <\/div>\n\n              <!-- Lien vers le d\u00e9tail -->\n              <div class=\"em-card-footer\">\n                <span>Voir le d\u00e9tail<\/span>\n                <svg fill=\"none\" viewBox=\"0 0 24 24\" stroke=\"currentColor\" stroke-width=\"2\"><path stroke-linecap=\"round\" stroke-linejoin=\"round\" d=\"M13.5 4.5L21 12m0 0l-7.5 7.5M21 12H3\"><\/path><\/svg>\n              <\/div>\n            <\/div>\n          <\/article>\n                  <article class=\"em-card\"\n            data-type=\"event\"\n            data-features=\"\"\n            data-name=\"mimizan triathlon 2025\"\n            data-json=\"{&quot;name&quot;:&quot;Mimizan Triathlon 2025&quot;,&quot;image&quot;:&quot;&quot;,&quot;link&quot;:&quot;https:\\\/\\\/www.mimizan-tourisme.com\\\/en\\\/agenda\\\/major-events\\\/&quot;,&quot;data&quot;:{&quot;name&quot;:&quot;Mimizan Triathlon 2025&quot;,&quot;date_period&quot;:&quot;7-8 juin 2025&quot;,&quot;location&quot;:&quot;Mimizan&quot;,&quot;distance_km&quot;:&quot;8.3 km&quot;,&quot;description&quot;:&quot;37\\u00e8me \\u00e9dition du triathlon de Mimizan avec plusieurs parcours sportifs pour tous les niveaux.&quot;,&quot;type&quot;:&quot;sport, comp\\u00e9tition&quot;,&quot;comment&quot;:&quot;\\u00c9v\\u00e9nement sportif majeur \\u00e0 proximit\\u00e9 imm\\u00e9diate du camping.&quot;,&quot;link&quot;:&quot;https:\\\/\\\/www.mimizan-tourisme.com\\\/en\\\/agenda\\\/major-events\\\/&quot;,&quot;image&quot;:&quot;&quot;},&quot;category&quot;:&quot;\\u00c9v\\u00e9nements recommand\\u00e9s&quot;}\">\n\n            <!-- Image + badge cat\u00e9gorie -->\n            <div class=\"em-card-img-wrap\">\n                              <div class=\"em-card-placeholder\">\ud83d\udcf7 Pas d'image<\/div>\n                            <span class=\"em-card-badge badge-event\">\u00c9v\u00e9nements recommand\u00e9s<\/span>\n            <\/div>\n\n            <!-- Contenu de la card -->\n            <div class=\"em-card-body\">\n              <h3 class=\"em-card-title\">Mimizan Triathlon 2025<\/h3>\n\n              <!-- Tags r\u00e9sum\u00e9s (max 4) -->\n              <div class=\"em-card-tags\">\n                                              <\/div>\n\n              <!-- Champs suppl\u00e9mentaires (max 3) -->\n              <div class=\"em-card-fields\">\n                                  <div class=\"em-card-field\">\n                    <span class=\"em-card-field-label\">Date \/ P\u00e9riode :<\/span>\n                    <span class=\"em-card-field-value\">7-8 juin 2025<\/span>\n                  <\/div>\n                                  <div class=\"em-card-field\">\n                    <span class=\"em-card-field-label\">Lieu (ville) :<\/span>\n                    <span class=\"em-card-field-value\">Mimizan<\/span>\n                  <\/div>\n                                  <div class=\"em-card-field\">\n                    <span class=\"em-card-field-label\">Distance depuis le camping (km) :<\/span>\n                    <span class=\"em-card-field-value\">8.3 km<\/span>\n                  <\/div>\n                              <\/div>\n\n              <!-- Lien vers le d\u00e9tail -->\n              <div class=\"em-card-footer\">\n                <span>Voir le d\u00e9tail<\/span>\n                <svg fill=\"none\" viewBox=\"0 0 24 24\" stroke=\"currentColor\" stroke-width=\"2\"><path stroke-linecap=\"round\" stroke-linejoin=\"round\" d=\"M13.5 4.5L21 12m0 0l-7.5 7.5M21 12H3\"><\/path><\/svg>\n              <\/div>\n            <\/div>\n          <\/article>\n                  <article class=\"em-card\"\n            data-type=\"event\"\n            data-features=\"\"\n            data-name=\"ferias du sud-ouest \u00e0 mimizan\"\n            data-json=\"{&quot;name&quot;:&quot;Ferias du Sud-Ouest \\u00e0 Mimizan&quot;,&quot;image&quot;:&quot;&quot;,&quot;link&quot;:&quot;https:\\\/\\\/www.mimizan-tourisme.com\\\/en\\\/agenda\\\/les-fetes-de-mimizan\\\/&quot;,&quot;data&quot;:{&quot;name&quot;:&quot;Ferias du Sud-Ouest \\u00e0 Mimizan&quot;,&quot;date_period&quot;:&quot;21-24 ao\\u00fbt 2025&quot;,&quot;location&quot;:&quot;Mimizan&quot;,&quot;distance_km&quot;:&quot;8.3 km&quot;,&quot;description&quot;:&quot;Festival festif m\\u00ealant traditions locales, gastronomie et spectacles color\\u00e9s avec bandas et bals populaires.&quot;,&quot;type&quot;:&quot;festival, culture, tradition&quot;,&quot;comment&quot;:&quot;Festival embl\\u00e9matique de la r\\u00e9gion du Sud-Ouest.&quot;,&quot;link&quot;:&quot;https:\\\/\\\/www.mimizan-tourisme.com\\\/en\\\/agenda\\\/les-fetes-de-mimizan\\\/&quot;,&quot;image&quot;:&quot;&quot;},&quot;category&quot;:&quot;\\u00c9v\\u00e9nements recommand\\u00e9s&quot;}\">\n\n            <!-- Image + badge cat\u00e9gorie -->\n            <div class=\"em-card-img-wrap\">\n                              <div class=\"em-card-placeholder\">\ud83d\udcf7 Pas d'image<\/div>\n                            <span class=\"em-card-badge badge-event\">\u00c9v\u00e9nements recommand\u00e9s<\/span>\n            <\/div>\n\n            <!-- Contenu de la card -->\n            <div class=\"em-card-body\">\n              <h3 class=\"em-card-title\">Ferias du Sud-Ouest \u00e0 Mimizan<\/h3>\n\n              <!-- Tags r\u00e9sum\u00e9s (max 4) -->\n              <div class=\"em-card-tags\">\n                                              <\/div>\n\n              <!-- Champs suppl\u00e9mentaires (max 3) -->\n              <div class=\"em-card-fields\">\n                                  <div class=\"em-card-field\">\n                    <span class=\"em-card-field-label\">Date \/ P\u00e9riode :<\/span>\n                    <span class=\"em-card-field-value\">21-24 ao\u00fbt 2025<\/span>\n                  <\/div>\n                                  <div class=\"em-card-field\">\n                    <span class=\"em-card-field-label\">Lieu (ville) :<\/span>\n                    <span class=\"em-card-field-value\">Mimizan<\/span>\n                  <\/div>\n                                  <div class=\"em-card-field\">\n                    <span class=\"em-card-field-label\">Distance depuis le camping (km) :<\/span>\n                    <span class=\"em-card-field-value\">8.3 km<\/span>\n                  <\/div>\n                              <\/div>\n\n              <!-- Lien vers le d\u00e9tail -->\n              <div class=\"em-card-footer\">\n                <span>Voir le d\u00e9tail<\/span>\n                <svg fill=\"none\" viewBox=\"0 0 24 24\" stroke=\"currentColor\" stroke-width=\"2\"><path stroke-linecap=\"round\" stroke-linejoin=\"round\" d=\"M13.5 4.5L21 12m0 0l-7.5 7.5M21 12H3\"><\/path><\/svg>\n              <\/div>\n            <\/div>\n          <\/article>\n                  <article class=\"em-card\"\n            data-type=\"event\"\n            data-features=\"\"\n            data-name=\"soir\u00e9es anim\u00e9es deux fois par semaine\"\n            data-json=\"{&quot;name&quot;:&quot;Soir\\u00e9es anim\\u00e9es deux fois par semaine&quot;,&quot;image&quot;:&quot;&quot;,&quot;link&quot;:&quot;https:\\\/\\\/www.camping-laclairiere.fr\\\/en\\\/campsite-animations-saint-paul-en-born\\\/&quot;,&quot;data&quot;:{&quot;name&quot;:&quot;Soir\\u00e9es anim\\u00e9es deux fois par semaine&quot;,&quot;date_period&quot;:&quot;Juillet - Ao\\u00fbt 2025&quot;,&quot;location&quot;:&quot;Camping La Clairi\\u00e8re, Saint-Paul-en-Born&quot;,&quot;distance_km&quot;:&quot;0 km&quot;,&quot;description&quot;:&quot;Soir\\u00e9es musicales et conviviales deux fois par semaine autour de la piscine chauff\\u00e9e avec ambiance chaleureuse.&quot;,&quot;type&quot;:&quot;animation camping&quot;,&quot;comment&quot;:&quot;Animation propre au camping, cr\\u00e9ant une ambiance festive sur place.&quot;,&quot;link&quot;:&quot;https:\\\/\\\/www.camping-laclairiere.fr\\\/en\\\/campsite-animations-saint-paul-en-born\\\/&quot;,&quot;image&quot;:&quot;&quot;},&quot;category&quot;:&quot;\\u00c9v\\u00e9nements recommand\\u00e9s&quot;}\">\n\n            <!-- Image + badge cat\u00e9gorie -->\n            <div class=\"em-card-img-wrap\">\n                              <div class=\"em-card-placeholder\">\ud83d\udcf7 Pas d'image<\/div>\n                            <span class=\"em-card-badge badge-event\">\u00c9v\u00e9nements recommand\u00e9s<\/span>\n            <\/div>\n\n            <!-- Contenu de la card -->\n            <div class=\"em-card-body\">\n              <h3 class=\"em-card-title\">Soir\u00e9es anim\u00e9es deux fois par semaine<\/h3>\n\n              <!-- Tags r\u00e9sum\u00e9s (max 4) -->\n              <div class=\"em-card-tags\">\n                                              <\/div>\n\n              <!-- Champs suppl\u00e9mentaires (max 3) -->\n              <div class=\"em-card-fields\">\n                                  <div class=\"em-card-field\">\n                    <span class=\"em-card-field-label\">Date \/ P\u00e9riode :<\/span>\n                    <span class=\"em-card-field-value\">Juillet - Ao\u00fbt 2025<\/span>\n                  <\/div>\n                                  <div class=\"em-card-field\">\n                    <span class=\"em-card-field-label\">Lieu (ville) :<\/span>\n                    <span class=\"em-card-field-value\">Camping La Clairi\u00e8re, Saint-Paul-en-Born<\/span>\n                  <\/div>\n                                  <div class=\"em-card-field\">\n                    <span class=\"em-card-field-label\">Distance depuis le camping (km) :<\/span>\n                    <span class=\"em-card-field-value\">0 km<\/span>\n                  <\/div>\n                              <\/div>\n\n              <!-- Lien vers le d\u00e9tail -->\n              <div class=\"em-card-footer\">\n                <span>Voir le d\u00e9tail<\/span>\n                <svg fill=\"none\" viewBox=\"0 0 24 24\" stroke=\"currentColor\" stroke-width=\"2\"><path stroke-linecap=\"round\" stroke-linejoin=\"round\" d=\"M13.5 4.5L21 12m0 0l-7.5 7.5M21 12H3\"><\/path><\/svg>\n              <\/div>\n            <\/div>\n          <\/article>\n                  <article class=\"em-card\"\n            data-type=\"event\"\n            data-features=\"\"\n            data-name=\"cours et initiation au surf\"\n            data-json=\"{&quot;name&quot;:&quot;Cours et initiation au surf&quot;,&quot;image&quot;:&quot;&quot;,&quot;link&quot;:&quot;https:\\\/\\\/www.mimizan-tourisme.com\\\/en\\\/agenda\\\/major-events\\\/&quot;,&quot;data&quot;:{&quot;name&quot;:&quot;Cours et initiation au surf&quot;,&quot;date_period&quot;:&quot;\\u00c9t\\u00e9 2025&quot;,&quot;location&quot;:&quot;Plage proche Mimizan&quot;,&quot;distance_km&quot;:&quot;8.3 km&quot;,&quot;description&quot;:&quot;Initiations et cours de surf pour tous les \\u00e2ges, id\\u00e9al pour profiter de l&#039;oc\\u00e9an Atlantique.&quot;,&quot;type&quot;:&quot;activit\\u00e9 sportive, nautique&quot;,&quot;comment&quot;:&quot;Activit\\u00e9 sportive de plein air \\u00e0 proximit\\u00e9 du camping.&quot;,&quot;link&quot;:&quot;https:\\\/\\\/www.mimizan-tourisme.com\\\/en\\\/agenda\\\/major-events\\\/&quot;,&quot;image&quot;:&quot;&quot;},&quot;category&quot;:&quot;\\u00c9v\\u00e9nements recommand\\u00e9s&quot;}\">\n\n            <!-- Image + badge cat\u00e9gorie -->\n            <div class=\"em-card-img-wrap\">\n                              <div class=\"em-card-placeholder\">\ud83d\udcf7 Pas d'image<\/div>\n                            <span class=\"em-card-badge badge-event\">\u00c9v\u00e9nements recommand\u00e9s<\/span>\n            <\/div>\n\n            <!-- Contenu de la card -->\n            <div class=\"em-card-body\">\n              <h3 class=\"em-card-title\">Cours et initiation au surf<\/h3>\n\n              <!-- Tags r\u00e9sum\u00e9s (max 4) -->\n              <div class=\"em-card-tags\">\n                                              <\/div>\n\n              <!-- Champs suppl\u00e9mentaires (max 3) -->\n              <div class=\"em-card-fields\">\n                                  <div class=\"em-card-field\">\n                    <span class=\"em-card-field-label\">Date \/ P\u00e9riode :<\/span>\n                    <span class=\"em-card-field-value\">\u00c9t\u00e9 2025<\/span>\n                  <\/div>\n                                  <div class=\"em-card-field\">\n                    <span class=\"em-card-field-label\">Lieu (ville) :<\/span>\n                    <span class=\"em-card-field-value\">Plage proche Mimizan<\/span>\n                  <\/div>\n                                  <div class=\"em-card-field\">\n                    <span class=\"em-card-field-label\">Distance depuis le camping (km) :<\/span>\n                    <span class=\"em-card-field-value\">8.3 km<\/span>\n                  <\/div>\n                              <\/div>\n\n              <!-- Lien vers le d\u00e9tail -->\n              <div class=\"em-card-footer\">\n                <span>Voir le d\u00e9tail<\/span>\n                <svg fill=\"none\" viewBox=\"0 0 24 24\" stroke=\"currentColor\" stroke-width=\"2\"><path stroke-linecap=\"round\" stroke-linejoin=\"round\" d=\"M13.5 4.5L21 12m0 0l-7.5 7.5M21 12H3\"><\/path><\/svg>\n              <\/div>\n            <\/div>\n          <\/article>\n                  <article class=\"em-card\"\n            data-type=\"event\"\n            data-features=\"\"\n            data-name=\"parcours accrobranche dans les landes\"\n            data-json=\"{&quot;name&quot;:&quot;Parcours accrobranche dans les Landes&quot;,&quot;image&quot;:&quot;&quot;,&quot;link&quot;:&quot;https:\\\/\\\/www.camping-laclairiere.fr\\\/en\\\/campsite-animations-saint-paul-en-born\\\/&quot;,&quot;data&quot;:{&quot;name&quot;:&quot;Parcours accrobranche dans les Landes&quot;,&quot;date_period&quot;:&quot;Toute la saison 2025&quot;,&quot;location&quot;:&quot;Aux alentours de Saint-Paul-en-Born&quot;,&quot;distance_km&quot;:&quot;Variable (environs 10 km)&quot;,&quot;description&quot;:&quot;Activit\\u00e9 ludique et sportive en for\\u00eat avec parcours d\\u2019accrobranche adapt\\u00e9 \\u00e0 tous les niveaux.&quot;,&quot;type&quot;:&quot;loisirs nature&quot;,&quot;comment&quot;:&quot;Activit\\u00e9 ext\\u00e9rieure proche du camping proposant aventure et d\\u00e9tente.&quot;,&quot;link&quot;:&quot;https:\\\/\\\/www.camping-laclairiere.fr\\\/en\\\/campsite-animations-saint-paul-en-born\\\/&quot;,&quot;image&quot;:&quot;&quot;},&quot;category&quot;:&quot;\\u00c9v\\u00e9nements recommand\\u00e9s&quot;}\">\n\n            <!-- Image + badge cat\u00e9gorie -->\n            <div class=\"em-card-img-wrap\">\n                              <div class=\"em-card-placeholder\">\ud83d\udcf7 Pas d'image<\/div>\n                            <span class=\"em-card-badge badge-event\">\u00c9v\u00e9nements recommand\u00e9s<\/span>\n            <\/div>\n\n            <!-- Contenu de la card -->\n            <div class=\"em-card-body\">\n              <h3 class=\"em-card-title\">Parcours accrobranche dans les Landes<\/h3>\n\n              <!-- Tags r\u00e9sum\u00e9s (max 4) -->\n              <div class=\"em-card-tags\">\n                                              <\/div>\n\n              <!-- Champs suppl\u00e9mentaires (max 3) -->\n              <div class=\"em-card-fields\">\n                                  <div class=\"em-card-field\">\n                    <span class=\"em-card-field-label\">Date \/ P\u00e9riode :<\/span>\n                    <span class=\"em-card-field-value\">Toute la saison 2025<\/span>\n                  <\/div>\n                                  <div class=\"em-card-field\">\n                    <span class=\"em-card-field-label\">Lieu (ville) :<\/span>\n                    <span class=\"em-card-field-value\">Aux alentours de Saint-Paul-en-Born<\/span>\n                  <\/div>\n                                  <div class=\"em-card-field\">\n                    <span class=\"em-card-field-label\">Distance depuis le camping (km) :<\/span>\n                    <span class=\"em-card-field-value\">Variable (environs 10 km)<\/span>\n                  <\/div>\n                              <\/div>\n\n              <!-- Lien vers le d\u00e9tail -->\n              <div class=\"em-card-footer\">\n                <span>Voir le d\u00e9tail<\/span>\n                <svg fill=\"none\" viewBox=\"0 0 24 24\" stroke=\"currentColor\" stroke-width=\"2\"><path stroke-linecap=\"round\" stroke-linejoin=\"round\" d=\"M13.5 4.5L21 12m0 0l-7.5 7.5M21 12H3\"><\/path><\/svg>\n              <\/div>\n            <\/div>\n          <\/article>\n                  <article class=\"em-card\"\n            data-type=\"event\"\n            data-features=\"\"\n            data-name=\"march\u00e9 artisanal et gastronomique de saint-paul-en-born\"\n            data-json=\"{&quot;name&quot;:&quot;March\\u00e9 artisanal et gastronomique de Saint-Paul-en-Born&quot;,&quot;image&quot;:&quot;&quot;,&quot;link&quot;:&quot;https:\\\/\\\/www.eterritoire.fr\\\/territoires\\\/nouvelle-aquitaine\\\/landes\\\/saint-paul-en-born\\\/40278\\\/16036?agenda&quot;,&quot;data&quot;:{&quot;name&quot;:&quot;March\\u00e9 artisanal et gastronomique de Saint-Paul-en-Born&quot;,&quot;date_period&quot;:&quot;Hebdomadaire, \\u00e9t\\u00e9s 2025&quot;,&quot;location&quot;:&quot;Saint-Paul-en-Born centre&quot;,&quot;distance_km&quot;:&quot;1-2 km&quot;,&quot;description&quot;:&quot;March\\u00e9 local proposant produits artisanaux, sp\\u00e9cialit\\u00e9s landaises et animation conviviale.&quot;,&quot;type&quot;:&quot;march\\u00e9, gastronomie locale&quot;,&quot;comment&quot;:&quot;March\\u00e9 typique permettant de d\\u00e9couvrir des saveurs et artisans locaux.&quot;,&quot;link&quot;:&quot;https:\\\/\\\/www.eterritoire.fr\\\/territoires\\\/nouvelle-aquitaine\\\/landes\\\/saint-paul-en-born\\\/40278\\\/16036?agenda&quot;,&quot;image&quot;:&quot;&quot;},&quot;category&quot;:&quot;\\u00c9v\\u00e9nements recommand\\u00e9s&quot;}\">\n\n            <!-- Image + badge cat\u00e9gorie -->\n            <div class=\"em-card-img-wrap\">\n                              <div class=\"em-card-placeholder\">\ud83d\udcf7 Pas d'image<\/div>\n                            <span class=\"em-card-badge badge-event\">\u00c9v\u00e9nements recommand\u00e9s<\/span>\n            <\/div>\n\n            <!-- Contenu de la card -->\n            <div class=\"em-card-body\">\n              <h3 class=\"em-card-title\">March\u00e9 artisanal et gastronomique de Saint-Paul-en-Born<\/h3>\n\n              <!-- Tags r\u00e9sum\u00e9s (max 4) -->\n              <div class=\"em-card-tags\">\n                                              <\/div>\n\n              <!-- Champs suppl\u00e9mentaires (max 3) -->\n              <div class=\"em-card-fields\">\n                                  <div class=\"em-card-field\">\n                    <span class=\"em-card-field-label\">Date \/ P\u00e9riode :<\/span>\n                    <span class=\"em-card-field-value\">Hebdomadaire, \u00e9t\u00e9s 2025<\/span>\n                  <\/div>\n                                  <div class=\"em-card-field\">\n                    <span class=\"em-card-field-label\">Lieu (ville) :<\/span>\n                    <span class=\"em-card-field-value\">Saint-Paul-en-Born centre<\/span>\n                  <\/div>\n                                  <div class=\"em-card-field\">\n                    <span class=\"em-card-field-label\">Distance depuis le camping (km) :<\/span>\n                    <span class=\"em-card-field-value\">1-2 km<\/span>\n                  <\/div>\n                              <\/div>\n\n              <!-- Lien vers le d\u00e9tail -->\n              <div class=\"em-card-footer\">\n                <span>Voir le d\u00e9tail<\/span>\n                <svg fill=\"none\" viewBox=\"0 0 24 24\" stroke=\"currentColor\" stroke-width=\"2\"><path stroke-linecap=\"round\" stroke-linejoin=\"round\" d=\"M13.5 4.5L21 12m0 0l-7.5 7.5M21 12H3\"><\/path><\/svg>\n              <\/div>\n            <\/div>\n          <\/article>\n                  <article class=\"em-card\"\n            data-type=\"event\"\n            data-features=\"\"\n            data-name=\"initiation au golf\"\n            data-json=\"{&quot;name&quot;:&quot;Initiation au golf&quot;,&quot;image&quot;:&quot;&quot;,&quot;link&quot;:&quot;https:\\\/\\\/www.camping-laclairiere.fr\\\/en\\\/campsite-animations-saint-paul-en-born\\\/&quot;,&quot;data&quot;:{&quot;name&quot;:&quot;Initiation au golf&quot;,&quot;date_period&quot;:&quot;Saison estivale 2025&quot;,&quot;location&quot;:&quot;Golf proche de Mimizan&quot;,&quot;distance_km&quot;:&quot;10 km&quot;,&quot;description&quot;:&quot;S\\u00e9ances d\\u2019initiation au golf ouvertes \\u00e0 tous les \\u00e2ges et niveaux.&quot;,&quot;type&quot;:&quot;activit\\u00e9 sportive&quot;,&quot;comment&quot;:&quot;Sport accessible et d\\u00e9tente \\u00e0 proximit\\u00e9 du camping.&quot;,&quot;link&quot;:&quot;https:\\\/\\\/www.camping-laclairiere.fr\\\/en\\\/campsite-animations-saint-paul-en-born\\\/&quot;,&quot;image&quot;:&quot;&quot;},&quot;category&quot;:&quot;\\u00c9v\\u00e9nements recommand\\u00e9s&quot;}\">\n\n            <!-- Image + badge cat\u00e9gorie -->\n            <div class=\"em-card-img-wrap\">\n                              <div class=\"em-card-placeholder\">\ud83d\udcf7 Pas d'image<\/div>\n                            <span class=\"em-card-badge badge-event\">\u00c9v\u00e9nements recommand\u00e9s<\/span>\n            <\/div>\n\n            <!-- Contenu de la card -->\n            <div class=\"em-card-body\">\n              <h3 class=\"em-card-title\">Initiation au golf<\/h3>\n\n              <!-- Tags r\u00e9sum\u00e9s (max 4) -->\n              <div class=\"em-card-tags\">\n                                              <\/div>\n\n              <!-- Champs suppl\u00e9mentaires (max 3) -->\n              <div class=\"em-card-fields\">\n                                  <div class=\"em-card-field\">\n                    <span class=\"em-card-field-label\">Date \/ P\u00e9riode :<\/span>\n                    <span class=\"em-card-field-value\">Saison estivale 2025<\/span>\n                  <\/div>\n                                  <div class=\"em-card-field\">\n                    <span class=\"em-card-field-label\">Lieu (ville) :<\/span>\n                    <span class=\"em-card-field-value\">Golf proche de Mimizan<\/span>\n                  <\/div>\n                                  <div class=\"em-card-field\">\n                    <span class=\"em-card-field-label\">Distance depuis le camping (km) :<\/span>\n                    <span class=\"em-card-field-value\">10 km<\/span>\n                  <\/div>\n                              <\/div>\n\n              <!-- Lien vers le d\u00e9tail -->\n              <div class=\"em-card-footer\">\n                <span>Voir le d\u00e9tail<\/span>\n                <svg fill=\"none\" viewBox=\"0 0 24 24\" stroke=\"currentColor\" stroke-width=\"2\"><path stroke-linecap=\"round\" stroke-linejoin=\"round\" d=\"M13.5 4.5L21 12m0 0l-7.5 7.5M21 12H3\"><\/path><\/svg>\n              <\/div>\n            <\/div>\n          <\/article>\n                  <article class=\"em-card\"\n            data-type=\"event\"\n            data-features=\"\"\n            data-name=\"kayak sur les \u00e9tangs landais\"\n            data-json=\"{&quot;name&quot;:&quot;Kayak sur les \\u00e9tangs landais&quot;,&quot;image&quot;:&quot;&quot;,&quot;link&quot;:&quot;https:\\\/\\\/www.camping-laclairiere.fr\\\/en\\\/campsite-animations-saint-paul-en-born\\\/&quot;,&quot;data&quot;:{&quot;name&quot;:&quot;Kayak sur les \\u00e9tangs landais&quot;,&quot;date_period&quot;:&quot;Mai \\u00e0 septembre 2025&quot;,&quot;location&quot;:&quot;\\u00c9tangs autour de Saint-Paul-en-Born&quot;,&quot;distance_km&quot;:&quot;3-10 km&quot;,&quot;description&quot;:&quot;Balades en kayak sur les plans d&#039;eau calmes entourant le camping.&quot;,&quot;type&quot;:&quot;activit\\u00e9 nautique&quot;,&quot;comment&quot;:&quot;Activit\\u00e9 nature et sport d\\u00e9couverte tr\\u00e8s proche du camping.&quot;,&quot;link&quot;:&quot;https:\\\/\\\/www.camping-laclairiere.fr\\\/en\\\/campsite-animations-saint-paul-en-born\\\/&quot;,&quot;image&quot;:&quot;&quot;},&quot;category&quot;:&quot;\\u00c9v\\u00e9nements recommand\\u00e9s&quot;}\">\n\n            <!-- Image + badge cat\u00e9gorie -->\n            <div class=\"em-card-img-wrap\">\n                              <div class=\"em-card-placeholder\">\ud83d\udcf7 Pas d'image<\/div>\n                            <span class=\"em-card-badge badge-event\">\u00c9v\u00e9nements recommand\u00e9s<\/span>\n            <\/div>\n\n            <!-- Contenu de la card -->\n            <div class=\"em-card-body\">\n              <h3 class=\"em-card-title\">Kayak sur les \u00e9tangs landais<\/h3>\n\n              <!-- Tags r\u00e9sum\u00e9s (max 4) -->\n              <div class=\"em-card-tags\">\n                                              <\/div>\n\n              <!-- Champs suppl\u00e9mentaires (max 3) -->\n              <div class=\"em-card-fields\">\n                                  <div class=\"em-card-field\">\n                    <span class=\"em-card-field-label\">Date \/ P\u00e9riode :<\/span>\n                    <span class=\"em-card-field-value\">Mai \u00e0 septembre 2025<\/span>\n                  <\/div>\n                                  <div class=\"em-card-field\">\n                    <span class=\"em-card-field-label\">Lieu (ville) :<\/span>\n                    <span class=\"em-card-field-value\">\u00c9tangs autour de Saint-Paul-en-Born<\/span>\n                  <\/div>\n                                  <div class=\"em-card-field\">\n                    <span class=\"em-card-field-label\">Distance depuis le camping (km) :<\/span>\n                    <span class=\"em-card-field-value\">3-10 km<\/span>\n                  <\/div>\n                              <\/div>\n\n              <!-- Lien vers le d\u00e9tail -->\n              <div class=\"em-card-footer\">\n                <span>Voir le d\u00e9tail<\/span>\n                <svg fill=\"none\" viewBox=\"0 0 24 24\" stroke=\"currentColor\" stroke-width=\"2\"><path stroke-linecap=\"round\" stroke-linejoin=\"round\" d=\"M13.5 4.5L21 12m0 0l-7.5 7.5M21 12H3\"><\/path><\/svg>\n              <\/div>\n            <\/div>\n          <\/article>\n                  <article class=\"em-card\"\n            data-type=\"event\"\n            data-features=\"\"\n            data-name=\"ateliers d\u00e9couverte de la biodiversit\u00e9 foresti\u00e8re\"\n            data-json=\"{&quot;name&quot;:&quot;Ateliers d\\u00e9couverte de la biodiversit\\u00e9 foresti\\u00e8re&quot;,&quot;image&quot;:&quot;&quot;,&quot;link&quot;:&quot;https:\\\/\\\/www.eterritoire.fr\\\/territoires\\\/nouvelle-aquitaine\\\/landes\\\/saint-paul-en-born\\\/40278\\\/16036?agenda&quot;,&quot;data&quot;:{&quot;name&quot;:&quot;Ateliers d\\u00e9couverte de la biodiversit\\u00e9 foresti\\u00e8re&quot;,&quot;date_period&quot;:&quot;Printemps et automne 2025&quot;,&quot;location&quot;:&quot;For\\u00eat des Landes pr\\u00e8s Saint-Paul-en-Born&quot;,&quot;distance_km&quot;:&quot;5 km&quot;,&quot;description&quot;:&quot;Ateliers p\\u00e9dagogiques pour adultes et enfants sur la flore et la faune locale en for\\u00eat.&quot;,&quot;type&quot;:&quot;activit\\u00e9 nature, p\\u00e9dagogique&quot;,&quot;comment&quot;:&quot;Activit\\u00e9 \\u00e9ducative proche promouvant la d\\u00e9couverte de la nature environnante.&quot;,&quot;link&quot;:&quot;https:\\\/\\\/www.eterritoire.fr\\\/territoires\\\/nouvelle-aquitaine\\\/landes\\\/saint-paul-en-born\\\/40278\\\/16036?agenda&quot;,&quot;image&quot;:&quot;&quot;},&quot;category&quot;:&quot;\\u00c9v\\u00e9nements recommand\\u00e9s&quot;}\">\n\n            <!-- Image + badge cat\u00e9gorie -->\n            <div class=\"em-card-img-wrap\">\n                              <div class=\"em-card-placeholder\">\ud83d\udcf7 Pas d'image<\/div>\n                            <span class=\"em-card-badge badge-event\">\u00c9v\u00e9nements recommand\u00e9s<\/span>\n            <\/div>\n\n            <!-- Contenu de la card -->\n            <div class=\"em-card-body\">\n              <h3 class=\"em-card-title\">Ateliers d\u00e9couverte de la biodiversit\u00e9 foresti\u00e8re<\/h3>\n\n              <!-- Tags r\u00e9sum\u00e9s (max 4) -->\n              <div class=\"em-card-tags\">\n                                              <\/div>\n\n              <!-- Champs suppl\u00e9mentaires (max 3) -->\n              <div class=\"em-card-fields\">\n                                  <div class=\"em-card-field\">\n                    <span class=\"em-card-field-label\">Date \/ P\u00e9riode :<\/span>\n                    <span class=\"em-card-field-value\">Printemps et automne 2025<\/span>\n                  <\/div>\n                                  <div class=\"em-card-field\">\n                    <span class=\"em-card-field-label\">Lieu (ville) :<\/span>\n                    <span class=\"em-card-field-value\">For\u00eat des Landes pr\u00e8s Saint-Paul-en-Born<\/span>\n                  <\/div>\n                                  <div class=\"em-card-field\">\n                    <span class=\"em-card-field-label\">Distance depuis le camping (km) :<\/span>\n                    <span class=\"em-card-field-value\">5 km<\/span>\n                  <\/div>\n                              <\/div>\n\n              <!-- Lien vers le d\u00e9tail -->\n              <div class=\"em-card-footer\">\n                <span>Voir le d\u00e9tail<\/span>\n                <svg fill=\"none\" viewBox=\"0 0 24 24\" stroke=\"currentColor\" stroke-width=\"2\"><path stroke-linecap=\"round\" stroke-linejoin=\"round\" d=\"M13.5 4.5L21 12m0 0l-7.5 7.5M21 12H3\"><\/path><\/svg>\n              <\/div>\n            <\/div>\n          <\/article>\n                  <article class=\"em-card\"\n            data-type=\"event\"\n            data-features=\"\"\n            data-name=\"balades guid\u00e9es en v\u00e9lo tout terrain\"\n            data-json=\"{&quot;name&quot;:&quot;Balades guid\\u00e9es en v\\u00e9lo tout terrain&quot;,&quot;image&quot;:&quot;&quot;,&quot;link&quot;:&quot;https:\\\/\\\/www.eterritoire.fr\\\/territoires\\\/nouvelle-aquitaine\\\/landes\\\/saint-paul-en-born\\\/40278\\\/16036?agenda&quot;,&quot;data&quot;:{&quot;name&quot;:&quot;Balades guid\\u00e9es en v\\u00e9lo tout terrain&quot;,&quot;date_period&quot;:&quot;Saison 2025&quot;,&quot;location&quot;:&quot;For\\u00eats et pistes autour de Saint-Paul-en-Born&quot;,&quot;distance_km&quot;:&quot;0-10 km&quot;,&quot;description&quot;:&quot;Excursions guid\\u00e9es en VTT pour d\\u00e9couvrir les paysages landais et profiter de la nature.&quot;,&quot;type&quot;:&quot;loisir sportif&quot;,&quot;comment&quot;:&quot;Activit\\u00e9 sportive plein air accessible depuis le camping.&quot;,&quot;link&quot;:&quot;https:\\\/\\\/www.eterritoire.fr\\\/territoires\\\/nouvelle-aquitaine\\\/landes\\\/saint-paul-en-born\\\/40278\\\/16036?agenda&quot;,&quot;image&quot;:&quot;&quot;},&quot;category&quot;:&quot;\\u00c9v\\u00e9nements recommand\\u00e9s&quot;}\">\n\n            <!-- Image + badge cat\u00e9gorie -->\n            <div class=\"em-card-img-wrap\">\n                              <div class=\"em-card-placeholder\">\ud83d\udcf7 Pas d'image<\/div>\n                            <span class=\"em-card-badge badge-event\">\u00c9v\u00e9nements recommand\u00e9s<\/span>\n            <\/div>\n\n            <!-- Contenu de la card -->\n            <div class=\"em-card-body\">\n              <h3 class=\"em-card-title\">Balades guid\u00e9es en v\u00e9lo tout terrain<\/h3>\n\n              <!-- Tags r\u00e9sum\u00e9s (max 4) -->\n              <div class=\"em-card-tags\">\n                                              <\/div>\n\n              <!-- Champs suppl\u00e9mentaires (max 3) -->\n              <div class=\"em-card-fields\">\n                                  <div class=\"em-card-field\">\n                    <span class=\"em-card-field-label\">Date \/ P\u00e9riode :<\/span>\n                    <span class=\"em-card-field-value\">Saison 2025<\/span>\n                  <\/div>\n                                  <div class=\"em-card-field\">\n                    <span class=\"em-card-field-label\">Lieu (ville) :<\/span>\n                    <span class=\"em-card-field-value\">For\u00eats et pistes autour de Saint-Paul-en-Born<\/span>\n                  <\/div>\n                                  <div class=\"em-card-field\">\n                    <span class=\"em-card-field-label\">Distance depuis le camping (km) :<\/span>\n                    <span class=\"em-card-field-value\">0-10 km<\/span>\n                  <\/div>\n                              <\/div>\n\n              <!-- Lien vers le d\u00e9tail -->\n              <div class=\"em-card-footer\">\n                <span>Voir le d\u00e9tail<\/span>\n                <svg fill=\"none\" viewBox=\"0 0 24 24\" stroke=\"currentColor\" stroke-width=\"2\"><path stroke-linecap=\"round\" stroke-linejoin=\"round\" d=\"M13.5 4.5L21 12m0 0l-7.5 7.5M21 12H3\"><\/path><\/svg>\n              <\/div>\n            <\/div>\n          <\/article>\n                  <article class=\"em-card\"\n            data-type=\"event\"\n            data-features=\"\"\n            data-name=\"soir\u00e9es barbecue conviviaux au camping\"\n            data-json=\"{&quot;name&quot;:&quot;Soir\\u00e9es barbecue conviviaux au camping&quot;,&quot;image&quot;:&quot;&quot;,&quot;link&quot;:&quot;https:\\\/\\\/www.camping-laclairiere.fr\\\/en\\\/campsite-animations-saint-paul-en-born\\\/&quot;,&quot;data&quot;:{&quot;name&quot;:&quot;Soir\\u00e9es barbecue conviviaux au camping&quot;,&quot;date_period&quot;:&quot;Saisons chaudes 2025&quot;,&quot;location&quot;:&quot;Camping La Clairi\\u00e8re&quot;,&quot;distance_km&quot;:&quot;0 km&quot;,&quot;description&quot;:&quot;Soir\\u00e9es barbecue organis\\u00e9es pour les campeurs avec partage et d\\u00e9tente dans un cadre naturel.&quot;,&quot;type&quot;:&quot;animation camping&quot;,&quot;comment&quot;:&quot;Temps fort convivial propre au camping pour ses visiteurs.&quot;,&quot;link&quot;:&quot;https:\\\/\\\/www.camping-laclairiere.fr\\\/en\\\/campsite-animations-saint-paul-en-born\\\/&quot;,&quot;image&quot;:&quot;&quot;},&quot;category&quot;:&quot;\\u00c9v\\u00e9nements recommand\\u00e9s&quot;}\">\n\n            <!-- Image + badge cat\u00e9gorie -->\n            <div class=\"em-card-img-wrap\">\n                              <div class=\"em-card-placeholder\">\ud83d\udcf7 Pas d'image<\/div>\n                            <span class=\"em-card-badge badge-event\">\u00c9v\u00e9nements recommand\u00e9s<\/span>\n            <\/div>\n\n            <!-- Contenu de la card -->\n            <div class=\"em-card-body\">\n              <h3 class=\"em-card-title\">Soir\u00e9es barbecue conviviaux au camping<\/h3>\n\n              <!-- Tags r\u00e9sum\u00e9s (max 4) -->\n              <div class=\"em-card-tags\">\n                                              <\/div>\n\n              <!-- Champs suppl\u00e9mentaires (max 3) -->\n              <div class=\"em-card-fields\">\n                                  <div class=\"em-card-field\">\n                    <span class=\"em-card-field-label\">Date \/ P\u00e9riode :<\/span>\n                    <span class=\"em-card-field-value\">Saisons chaudes 2025<\/span>\n                  <\/div>\n                                  <div class=\"em-card-field\">\n                    <span class=\"em-card-field-label\">Lieu (ville) :<\/span>\n                    <span class=\"em-card-field-value\">Camping La Clairi\u00e8re<\/span>\n                  <\/div>\n                                  <div class=\"em-card-field\">\n                    <span class=\"em-card-field-label\">Distance depuis le camping (km) :<\/span>\n                    <span class=\"em-card-field-value\">0 km<\/span>\n                  <\/div>\n                              <\/div>\n\n              <!-- Lien vers le d\u00e9tail -->\n              <div class=\"em-card-footer\">\n                <span>Voir le d\u00e9tail<\/span>\n                <svg fill=\"none\" viewBox=\"0 0 24 24\" stroke=\"currentColor\" stroke-width=\"2\"><path stroke-linecap=\"round\" stroke-linejoin=\"round\" d=\"M13.5 4.5L21 12m0 0l-7.5 7.5M21 12H3\"><\/path><\/svg>\n              <\/div>\n            <\/div>\n          <\/article>\n                  <article class=\"em-card\"\n            data-type=\"event\"\n            data-features=\"\"\n            data-name=\"animations et spectacles pour enfants au camping\"\n            data-json=\"{&quot;name&quot;:&quot;Animations et spectacles pour enfants au camping&quot;,&quot;image&quot;:&quot;&quot;,&quot;link&quot;:&quot;https:\\\/\\\/www.camping-laclairiere.fr\\\/en\\\/campsite-animations-saint-paul-en-born\\\/&quot;,&quot;data&quot;:{&quot;name&quot;:&quot;Animations et spectacles pour enfants au camping&quot;,&quot;date_period&quot;:&quot;Juillet - ao\\u00fbt 2025&quot;,&quot;location&quot;:&quot;Camping La Clairi\\u00e8re&quot;,&quot;distance_km&quot;:&quot;0 km&quot;,&quot;description&quot;:&quot;Activit\\u00e9s r\\u00e9cr\\u00e9atives et spectacles pour les enfants sur le site du camping.&quot;,&quot;type&quot;:&quot;animation camping, famille&quot;,&quot;comment&quot;:&quot;Programme sp\\u00e9cial enfants d\\u00e9velopp\\u00e9 par le camping.&quot;,&quot;link&quot;:&quot;https:\\\/\\\/www.camping-laclairiere.fr\\\/en\\\/campsite-animations-saint-paul-en-born\\\/&quot;,&quot;image&quot;:&quot;&quot;},&quot;category&quot;:&quot;\\u00c9v\\u00e9nements recommand\\u00e9s&quot;}\">\n\n            <!-- Image + badge cat\u00e9gorie -->\n            <div class=\"em-card-img-wrap\">\n                              <div class=\"em-card-placeholder\">\ud83d\udcf7 Pas d'image<\/div>\n                            <span class=\"em-card-badge badge-event\">\u00c9v\u00e9nements recommand\u00e9s<\/span>\n            <\/div>\n\n            <!-- Contenu de la card -->\n            <div class=\"em-card-body\">\n              <h3 class=\"em-card-title\">Animations et spectacles pour enfants au camping<\/h3>\n\n              <!-- Tags r\u00e9sum\u00e9s (max 4) -->\n              <div class=\"em-card-tags\">\n                                              <\/div>\n\n              <!-- Champs suppl\u00e9mentaires (max 3) -->\n              <div class=\"em-card-fields\">\n                                  <div class=\"em-card-field\">\n                    <span class=\"em-card-field-label\">Date \/ P\u00e9riode :<\/span>\n                    <span class=\"em-card-field-value\">Juillet - ao\u00fbt 2025<\/span>\n                  <\/div>\n                                  <div class=\"em-card-field\">\n                    <span class=\"em-card-field-label\">Lieu (ville) :<\/span>\n                    <span class=\"em-card-field-value\">Camping La Clairi\u00e8re<\/span>\n                  <\/div>\n                                  <div class=\"em-card-field\">\n                    <span class=\"em-card-field-label\">Distance depuis le camping (km) :<\/span>\n                    <span class=\"em-card-field-value\">0 km<\/span>\n                  <\/div>\n                              <\/div>\n\n              <!-- Lien vers le d\u00e9tail -->\n              <div class=\"em-card-footer\">\n                <span>Voir le d\u00e9tail<\/span>\n                <svg fill=\"none\" viewBox=\"0 0 24 24\" stroke=\"currentColor\" stroke-width=\"2\"><path stroke-linecap=\"round\" stroke-linejoin=\"round\" d=\"M13.5 4.5L21 12m0 0l-7.5 7.5M21 12H3\"><\/path><\/svg>\n              <\/div>\n            <\/div>\n          <\/article>\n                  <article class=\"em-card\"\n            data-type=\"event\"\n            data-features=\"\"\n            data-name=\"expositions et visites culturelles locales\"\n            data-json=\"{&quot;name&quot;:&quot;Expositions et visites culturelles locales&quot;,&quot;image&quot;:&quot;&quot;,&quot;link&quot;:&quot;https:\\\/\\\/www.eterritoire.fr\\\/territoires\\\/nouvelle-aquitaine\\\/landes\\\/saint-paul-en-born\\\/40278\\\/16036?agenda&quot;,&quot;data&quot;:{&quot;name&quot;:&quot;Expositions et visites culturelles locales&quot;,&quot;date_period&quot;:&quot;Tout au long de l&#039;ann\\u00e9e 2025&quot;,&quot;location&quot;:&quot;Saint-Paul-en-Born et environs&quot;,&quot;distance_km&quot;:&quot;0-10 km&quot;,&quot;description&quot;:&quot;Expositions d\\u2019art, patrimoine local et visites guid\\u00e9es pour d\\u00e9couvrir la culture r\\u00e9gionale.&quot;,&quot;type&quot;:&quot;culture, patrimoine&quot;,&quot;comment&quot;:&quot;Offre culturelle \\u00e0 proximit\\u00e9 du camping.&quot;,&quot;link&quot;:&quot;https:\\\/\\\/www.eterritoire.fr\\\/territoires\\\/nouvelle-aquitaine\\\/landes\\\/saint-paul-en-born\\\/40278\\\/16036?agenda&quot;,&quot;image&quot;:&quot;&quot;},&quot;category&quot;:&quot;\\u00c9v\\u00e9nements recommand\\u00e9s&quot;}\">\n\n            <!-- Image + badge cat\u00e9gorie -->\n            <div class=\"em-card-img-wrap\">\n                              <div class=\"em-card-placeholder\">\ud83d\udcf7 Pas d'image<\/div>\n                            <span class=\"em-card-badge badge-event\">\u00c9v\u00e9nements recommand\u00e9s<\/span>\n            <\/div>\n\n            <!-- Contenu de la card -->\n            <div class=\"em-card-body\">\n              <h3 class=\"em-card-title\">Expositions et visites culturelles locales<\/h3>\n\n              <!-- Tags r\u00e9sum\u00e9s (max 4) -->\n              <div class=\"em-card-tags\">\n                                              <\/div>\n\n              <!-- Champs suppl\u00e9mentaires (max 3) -->\n              <div class=\"em-card-fields\">\n                                  <div class=\"em-card-field\">\n                    <span class=\"em-card-field-label\">Date \/ P\u00e9riode :<\/span>\n                    <span class=\"em-card-field-value\">Tout au long de l&#039;ann\u00e9e 2025<\/span>\n                  <\/div>\n                                  <div class=\"em-card-field\">\n                    <span class=\"em-card-field-label\">Lieu (ville) :<\/span>\n                    <span class=\"em-card-field-value\">Saint-Paul-en-Born et environs<\/span>\n                  <\/div>\n                                  <div class=\"em-card-field\">\n                    <span class=\"em-card-field-label\">Distance depuis le camping (km) :<\/span>\n                    <span class=\"em-card-field-value\">0-10 km<\/span>\n                  <\/div>\n                              <\/div>\n\n              <!-- Lien vers le d\u00e9tail -->\n              <div class=\"em-card-footer\">\n                <span>Voir le d\u00e9tail<\/span>\n                <svg fill=\"none\" viewBox=\"0 0 24 24\" stroke=\"currentColor\" stroke-width=\"2\"><path stroke-linecap=\"round\" stroke-linejoin=\"round\" d=\"M13.5 4.5L21 12m0 0l-7.5 7.5M21 12H3\"><\/path><\/svg>\n              <\/div>\n            <\/div>\n          <\/article>\n                  <article class=\"em-card\"\n            data-type=\"event\"\n            data-features=\"\"\n            data-name=\"volley-ball sur terrain du camping\"\n            data-json=\"{&quot;name&quot;:&quot;Volley-ball sur terrain du camping&quot;,&quot;image&quot;:&quot;&quot;,&quot;link&quot;:&quot;https:\\\/\\\/www.camping-laclairiere.fr\\\/en\\\/campsite-animations-saint-paul-en-born\\\/&quot;,&quot;data&quot;:{&quot;name&quot;:&quot;Volley-ball sur terrain du camping&quot;,&quot;date_period&quot;:&quot;Toute la saison estivale 2025&quot;,&quot;location&quot;:&quot;Camping La Clairi\\u00e8re&quot;,&quot;distance_km&quot;:&quot;0 km&quot;,&quot;description&quot;:&quot;Tournois et parties de volley-ball organis\\u00e9s sur les terrains sportifs du camping.&quot;,&quot;type&quot;:&quot;activit\\u00e9 sportive camping&quot;,&quot;comment&quot;:&quot;Animation sportive sur place pour les clients.&quot;,&quot;link&quot;:&quot;https:\\\/\\\/www.camping-laclairiere.fr\\\/en\\\/campsite-animations-saint-paul-en-born\\\/&quot;,&quot;image&quot;:&quot;&quot;},&quot;category&quot;:&quot;\\u00c9v\\u00e9nements recommand\\u00e9s&quot;}\">\n\n            <!-- Image + badge cat\u00e9gorie -->\n            <div class=\"em-card-img-wrap\">\n                              <div class=\"em-card-placeholder\">\ud83d\udcf7 Pas d'image<\/div>\n                            <span class=\"em-card-badge badge-event\">\u00c9v\u00e9nements recommand\u00e9s<\/span>\n            <\/div>\n\n            <!-- Contenu de la card -->\n            <div class=\"em-card-body\">\n              <h3 class=\"em-card-title\">Volley-ball sur terrain du camping<\/h3>\n\n              <!-- Tags r\u00e9sum\u00e9s (max 4) -->\n              <div class=\"em-card-tags\">\n                                              <\/div>\n\n              <!-- Champs suppl\u00e9mentaires (max 3) -->\n              <div class=\"em-card-fields\">\n                                  <div class=\"em-card-field\">\n                    <span class=\"em-card-field-label\">Date \/ P\u00e9riode :<\/span>\n                    <span class=\"em-card-field-value\">Toute la saison estivale 2025<\/span>\n                  <\/div>\n                                  <div class=\"em-card-field\">\n                    <span class=\"em-card-field-label\">Lieu (ville) :<\/span>\n                    <span class=\"em-card-field-value\">Camping La Clairi\u00e8re<\/span>\n                  <\/div>\n                                  <div class=\"em-card-field\">\n                    <span class=\"em-card-field-label\">Distance depuis le camping (km) :<\/span>\n                    <span class=\"em-card-field-value\">0 km<\/span>\n                  <\/div>\n                              <\/div>\n\n              <!-- Lien vers le d\u00e9tail -->\n              <div class=\"em-card-footer\">\n                <span>Voir le d\u00e9tail<\/span>\n                <svg fill=\"none\" viewBox=\"0 0 24 24\" stroke=\"currentColor\" stroke-width=\"2\"><path stroke-linecap=\"round\" stroke-linejoin=\"round\" d=\"M13.5 4.5L21 12m0 0l-7.5 7.5M21 12H3\"><\/path><\/svg>\n              <\/div>\n            <\/div>\n          <\/article>\n                  <article class=\"em-card\"\n            data-type=\"event\"\n            data-features=\"\"\n            data-name=\"march\u00e9 nocturne de saint-paul-en-born\"\n            data-json=\"{&quot;name&quot;:&quot;March\\u00e9 nocturne de Saint-Paul-en-Born&quot;,&quot;image&quot;:&quot;&quot;,&quot;link&quot;:&quot;https:\\\/\\\/www.mimizan-tourisme.com\\\/&quot;,&quot;data&quot;:{&quot;name&quot;:&quot;March\\u00e9 nocturne de Saint-Paul-en-Born&quot;,&quot;date_period&quot;:&quot;\\u00c0 partir de juin jusqu&#039;en septembre 2025, un soir par semaine&quot;,&quot;location&quot;:&quot;Saint-Paul-en-Born&quot;,&quot;distance_km&quot;:&quot;0 km&quot;,&quot;description&quot;:&quot;March\\u00e9 nocturne estival proposant produits artisanaux, sp\\u00e9cialit\\u00e9s locales et animations musicales en plein air.&quot;,&quot;type&quot;:&quot;March\\u00e9 et animation locale&quot;,&quot;comment&quot;:&quot;Un moment convivial et typique \\u00e0 d\\u00e9couvrir en soir\\u00e9e proche du camping.&quot;,&quot;link&quot;:&quot;https:\\\/\\\/www.mimizan-tourisme.com\\\/&quot;,&quot;image&quot;:&quot;&quot;},&quot;category&quot;:&quot;\\u00c9v\\u00e9nements recommand\\u00e9s&quot;}\">\n\n            <!-- Image + badge cat\u00e9gorie -->\n            <div class=\"em-card-img-wrap\">\n                              <div class=\"em-card-placeholder\">\ud83d\udcf7 Pas d'image<\/div>\n                            <span class=\"em-card-badge badge-event\">\u00c9v\u00e9nements recommand\u00e9s<\/span>\n            <\/div>\n\n            <!-- Contenu de la card -->\n            <div class=\"em-card-body\">\n              <h3 class=\"em-card-title\">March\u00e9 nocturne de Saint-Paul-en-Born<\/h3>\n\n              <!-- Tags r\u00e9sum\u00e9s (max 4) -->\n              <div class=\"em-card-tags\">\n                                              <\/div>\n\n              <!-- Champs suppl\u00e9mentaires (max 3) -->\n              <div class=\"em-card-fields\">\n                                  <div class=\"em-card-field\">\n                    <span class=\"em-card-field-label\">Date \/ P\u00e9riode :<\/span>\n                    <span class=\"em-card-field-value\">\u00c0 partir de juin jusqu&#039;en septembre 2025, un soir par semain<\/span>\n                  <\/div>\n                                  <div class=\"em-card-field\">\n                    <span class=\"em-card-field-label\">Lieu (ville) :<\/span>\n                    <span class=\"em-card-field-value\">Saint-Paul-en-Born<\/span>\n                  <\/div>\n                                  <div class=\"em-card-field\">\n                    <span class=\"em-card-field-label\">Distance depuis le camping (km) :<\/span>\n                    <span class=\"em-card-field-value\">0 km<\/span>\n                  <\/div>\n                              <\/div>\n\n              <!-- Lien vers le d\u00e9tail -->\n              <div class=\"em-card-footer\">\n                <span>Voir le d\u00e9tail<\/span>\n                <svg fill=\"none\" viewBox=\"0 0 24 24\" stroke=\"currentColor\" stroke-width=\"2\"><path stroke-linecap=\"round\" stroke-linejoin=\"round\" d=\"M13.5 4.5L21 12m0 0l-7.5 7.5M21 12H3\"><\/path><\/svg>\n              <\/div>\n            <\/div>\n          <\/article>\n                  <article class=\"em-card\"\n            data-type=\"event\"\n            data-features=\"\"\n            data-name=\"atelier d\u00e9couverte de la boussole c\u00e9leste - automne en sc\u00e8ne\"\n            data-json=\"{&quot;name&quot;:&quot;Atelier d\\u00e9couverte de la boussole c\\u00e9leste - Automne en Sc\\u00e8ne&quot;,&quot;image&quot;:&quot;&quot;,&quot;link&quot;:&quot;https:\\\/\\\/www.guide-des-landes.com\\\/fr\\\/tourisme\\\/se-loger\\\/campings\\\/campings-mobil-homes\\\/saint-paul-en-born-275\\\/camping-la-clairiere-691.html&quot;,&quot;data&quot;:{&quot;name&quot;:&quot;Atelier d\\u00e9couverte de la boussole c\\u00e9leste - Automne en Sc\\u00e8ne&quot;,&quot;date_period&quot;:&quot;Septembre 2025&quot;,&quot;location&quot;:&quot;Saint-Paul-en-Born&quot;,&quot;distance_km&quot;:&quot;1,1 km&quot;,&quot;description&quot;:&quot;Animation culturelle pour apprendre \\u00e0 s\\u2019orienter la nuit gr\\u00e2ce \\u00e0 la boussole c\\u00e9leste.&quot;,&quot;type&quot;:&quot;Atelier culturel&quot;,&quot;comment&quot;:&quot;Activit\\u00e9 p\\u00e9dagogique et accessible \\u00e0 tous les \\u00e2ges, organis\\u00e9e \\u00e0 proximit\\u00e9 imm\\u00e9diate du camping.&quot;,&quot;link&quot;:&quot;https:\\\/\\\/www.guide-des-landes.com\\\/fr\\\/tourisme\\\/se-loger\\\/campings\\\/campings-mobil-homes\\\/saint-paul-en-born-275\\\/camping-la-clairiere-691.html&quot;,&quot;image&quot;:&quot;&quot;},&quot;category&quot;:&quot;\\u00c9v\\u00e9nements recommand\\u00e9s&quot;}\">\n\n            <!-- Image + badge cat\u00e9gorie -->\n            <div class=\"em-card-img-wrap\">\n                              <div class=\"em-card-placeholder\">\ud83d\udcf7 Pas d'image<\/div>\n                            <span class=\"em-card-badge badge-event\">\u00c9v\u00e9nements recommand\u00e9s<\/span>\n            <\/div>\n\n            <!-- Contenu de la card -->\n            <div class=\"em-card-body\">\n              <h3 class=\"em-card-title\">Atelier d\u00e9couverte de la boussole c\u00e9leste - Automne en Sc\u00e8ne<\/h3>\n\n              <!-- Tags r\u00e9sum\u00e9s (max 4) -->\n              <div class=\"em-card-tags\">\n                                              <\/div>\n\n              <!-- Champs suppl\u00e9mentaires (max 3) -->\n              <div class=\"em-card-fields\">\n                                  <div class=\"em-card-field\">\n                    <span class=\"em-card-field-label\">Date \/ P\u00e9riode :<\/span>\n                    <span class=\"em-card-field-value\">Septembre 2025<\/span>\n                  <\/div>\n                                  <div class=\"em-card-field\">\n                    <span class=\"em-card-field-label\">Lieu (ville) :<\/span>\n                    <span class=\"em-card-field-value\">Saint-Paul-en-Born<\/span>\n                  <\/div>\n                                  <div class=\"em-card-field\">\n                    <span class=\"em-card-field-label\">Distance depuis le camping (km) :<\/span>\n                    <span class=\"em-card-field-value\">1,1 km<\/span>\n                  <\/div>\n                              <\/div>\n\n              <!-- Lien vers le d\u00e9tail -->\n              <div class=\"em-card-footer\">\n                <span>Voir le d\u00e9tail<\/span>\n                <svg fill=\"none\" viewBox=\"0 0 24 24\" stroke=\"currentColor\" stroke-width=\"2\"><path stroke-linecap=\"round\" stroke-linejoin=\"round\" d=\"M13.5 4.5L21 12m0 0l-7.5 7.5M21 12H3\"><\/path><\/svg>\n              <\/div>\n            <\/div>\n          <\/article>\n                  <article class=\"em-card\"\n            data-type=\"event\"\n            data-features=\"\"\n            data-name=\"f\u00eate traditionnelle villageoise avec bandas et repas landais\"\n            data-json=\"{&quot;name&quot;:&quot;F\\u00eate traditionnelle villageoise avec bandas et repas landais&quot;,&quot;image&quot;:&quot;&quot;,&quot;link&quot;:&quot;https:\\\/\\\/www.campingsluxe.fr\\\/aquitaine\\\/landes\\\/saint-paul-en-born\\\/a-34908&quot;,&quot;data&quot;:{&quot;name&quot;:&quot;F\\u00eate traditionnelle villageoise avec bandas et repas landais&quot;,&quot;date_period&quot;:&quot;Chaque \\u00e9t\\u00e9, dates pr\\u00e9cises variables en 2025&quot;,&quot;location&quot;:&quot;Saint-Paul-en-Born&quot;,&quot;distance_km&quot;:&quot;1-3 km&quot;,&quot;description&quot;:&quot;F\\u00eates populaires locales incluant concerts, bals traditionnels et feux d\\u2019artifice.&quot;,&quot;type&quot;:&quot;F\\u00eate traditionnelle&quot;,&quot;comment&quot;:&quot;Offre un aper\\u00e7u authentique de la culture landaise pendant la saison estivale.&quot;,&quot;link&quot;:&quot;https:\\\/\\\/www.campingsluxe.fr\\\/aquitaine\\\/landes\\\/saint-paul-en-born\\\/a-34908&quot;,&quot;image&quot;:&quot;&quot;},&quot;category&quot;:&quot;\\u00c9v\\u00e9nements recommand\\u00e9s&quot;}\">\n\n            <!-- Image + badge cat\u00e9gorie -->\n            <div class=\"em-card-img-wrap\">\n                              <div class=\"em-card-placeholder\">\ud83d\udcf7 Pas d'image<\/div>\n                            <span class=\"em-card-badge badge-event\">\u00c9v\u00e9nements recommand\u00e9s<\/span>\n            <\/div>\n\n            <!-- Contenu de la card -->\n            <div class=\"em-card-body\">\n              <h3 class=\"em-card-title\">F\u00eate traditionnelle villageoise avec bandas et repas landais<\/h3>\n\n              <!-- Tags r\u00e9sum\u00e9s (max 4) -->\n              <div class=\"em-card-tags\">\n                                              <\/div>\n\n              <!-- Champs suppl\u00e9mentaires (max 3) -->\n              <div class=\"em-card-fields\">\n                                  <div class=\"em-card-field\">\n                    <span class=\"em-card-field-label\">Date \/ P\u00e9riode :<\/span>\n                    <span class=\"em-card-field-value\">Chaque \u00e9t\u00e9, dates pr\u00e9cises variables en 2025<\/span>\n                  <\/div>\n                                  <div class=\"em-card-field\">\n                    <span class=\"em-card-field-label\">Lieu (ville) :<\/span>\n                    <span class=\"em-card-field-value\">Saint-Paul-en-Born<\/span>\n                  <\/div>\n                                  <div class=\"em-card-field\">\n                    <span class=\"em-card-field-label\">Distance depuis le camping (km) :<\/span>\n                    <span class=\"em-card-field-value\">1-3 km<\/span>\n                  <\/div>\n                              <\/div>\n\n              <!-- Lien vers le d\u00e9tail -->\n              <div class=\"em-card-footer\">\n                <span>Voir le d\u00e9tail<\/span>\n                <svg fill=\"none\" viewBox=\"0 0 24 24\" stroke=\"currentColor\" stroke-width=\"2\"><path stroke-linecap=\"round\" stroke-linejoin=\"round\" d=\"M13.5 4.5L21 12m0 0l-7.5 7.5M21 12H3\"><\/path><\/svg>\n              <\/div>\n            <\/div>\n          <\/article>\n                  <article class=\"em-card\"\n            data-type=\"event\"\n            data-features=\"\"\n            data-name=\"circuit cycliste sur la v\u00e9lodys\u00e9e\"\n            data-json=\"{&quot;name&quot;:&quot;Circuit cycliste sur la V\\u00e9lodys\\u00e9e&quot;,&quot;image&quot;:&quot;&quot;,&quot;link&quot;:&quot;https:\\\/\\\/www.camping-laclairiere.fr\\\/fr\\\/&quot;,&quot;data&quot;:{&quot;name&quot;:&quot;Circuit cycliste sur la V\\u00e9lodys\\u00e9e&quot;,&quot;date_period&quot;:&quot;Toute l\\u2019ann\\u00e9e&quot;,&quot;location&quot;:&quot;Saint-Paul-en-Born et environs&quot;,&quot;distance_km&quot;:&quot;0-10 km&quot;,&quot;description&quot;:&quot;Parcours balis\\u00e9 pour cyclistes reliant la c\\u00f4te Atlantique au camping en traversant la for\\u00eat des Landes.&quot;,&quot;type&quot;:&quot;Activit\\u00e9 sportive en plein air&quot;,&quot;comment&quot;:&quot;Id\\u00e9al pour les amateurs de v\\u00e9lo voulant explorer les paysages locaux depuis le camping.&quot;,&quot;link&quot;:&quot;https:\\\/\\\/www.camping-laclairiere.fr\\\/fr\\\/&quot;,&quot;image&quot;:&quot;&quot;},&quot;category&quot;:&quot;\\u00c9v\\u00e9nements recommand\\u00e9s&quot;}\">\n\n            <!-- Image + badge cat\u00e9gorie -->\n            <div class=\"em-card-img-wrap\">\n                              <div class=\"em-card-placeholder\">\ud83d\udcf7 Pas d'image<\/div>\n                            <span class=\"em-card-badge badge-event\">\u00c9v\u00e9nements recommand\u00e9s<\/span>\n            <\/div>\n\n            <!-- Contenu de la card -->\n            <div class=\"em-card-body\">\n              <h3 class=\"em-card-title\">Circuit cycliste sur la V\u00e9lodys\u00e9e<\/h3>\n\n              <!-- Tags r\u00e9sum\u00e9s (max 4) -->\n              <div class=\"em-card-tags\">\n                                              <\/div>\n\n              <!-- Champs suppl\u00e9mentaires (max 3) -->\n              <div class=\"em-card-fields\">\n                                  <div class=\"em-card-field\">\n                    <span class=\"em-card-field-label\">Date \/ P\u00e9riode :<\/span>\n                    <span class=\"em-card-field-value\">Toute l\u2019ann\u00e9e<\/span>\n                  <\/div>\n                                  <div class=\"em-card-field\">\n                    <span class=\"em-card-field-label\">Lieu (ville) :<\/span>\n                    <span class=\"em-card-field-value\">Saint-Paul-en-Born et environs<\/span>\n                  <\/div>\n                                  <div class=\"em-card-field\">\n                    <span class=\"em-card-field-label\">Distance depuis le camping (km) :<\/span>\n                    <span class=\"em-card-field-value\">0-10 km<\/span>\n                  <\/div>\n                              <\/div>\n\n              <!-- Lien vers le d\u00e9tail -->\n              <div class=\"em-card-footer\">\n                <span>Voir le d\u00e9tail<\/span>\n                <svg fill=\"none\" viewBox=\"0 0 24 24\" stroke=\"currentColor\" stroke-width=\"2\"><path stroke-linecap=\"round\" stroke-linejoin=\"round\" d=\"M13.5 4.5L21 12m0 0l-7.5 7.5M21 12H3\"><\/path><\/svg>\n              <\/div>\n            <\/div>\n          <\/article>\n                  <article class=\"em-card\"\n            data-type=\"event\"\n            data-features=\"\"\n            data-name=\"randonn\u00e9es p\u00e9destres sur le chemin de saint-jacques-de-compostelle\"\n            data-json=\"{&quot;name&quot;:&quot;Randonn\\u00e9es p\\u00e9destres sur le chemin de Saint-Jacques-de-Compostelle&quot;,&quot;image&quot;:&quot;&quot;,&quot;link&quot;:&quot;https:\\\/\\\/www.camping-laclairiere.fr\\\/fr\\\/&quot;,&quot;data&quot;:{&quot;name&quot;:&quot;Randonn\\u00e9es p\\u00e9destres sur le chemin de Saint-Jacques-de-Compostelle&quot;,&quot;date_period&quot;:&quot;Toute l\\u2019ann\\u00e9e&quot;,&quot;location&quot;:&quot;D\\u00e9part proche camping&quot;,&quot;distance_km&quot;:&quot;0 km&quot;,&quot;description&quot;:&quot;Sentiers balis\\u00e9s autour de Saint-Paul-en-Born emprunt\\u00e9s par les p\\u00e8lerins, adapt\\u00e9s pour randonneurs.&quot;,&quot;type&quot;:&quot;Randonn\\u00e9e nature&quot;,&quot;comment&quot;:&quot;Exp\\u00e9rience culturelle et sportive accessible \\u00e0 tous, \\u00e0 proximit\\u00e9 imm\\u00e9diate du camping.&quot;,&quot;link&quot;:&quot;https:\\\/\\\/www.camping-laclairiere.fr\\\/fr\\\/&quot;,&quot;image&quot;:&quot;&quot;},&quot;category&quot;:&quot;\\u00c9v\\u00e9nements recommand\\u00e9s&quot;}\">\n\n            <!-- Image + badge cat\u00e9gorie -->\n            <div class=\"em-card-img-wrap\">\n                              <div class=\"em-card-placeholder\">\ud83d\udcf7 Pas d'image<\/div>\n                            <span class=\"em-card-badge badge-event\">\u00c9v\u00e9nements recommand\u00e9s<\/span>\n            <\/div>\n\n            <!-- Contenu de la card -->\n            <div class=\"em-card-body\">\n              <h3 class=\"em-card-title\">Randonn\u00e9es p\u00e9destres sur le chemin de Saint-Jacques-de-Compostelle<\/h3>\n\n              <!-- Tags r\u00e9sum\u00e9s (max 4) -->\n              <div class=\"em-card-tags\">\n                                              <\/div>\n\n              <!-- Champs suppl\u00e9mentaires (max 3) -->\n              <div class=\"em-card-fields\">\n                                  <div class=\"em-card-field\">\n                    <span class=\"em-card-field-label\">Date \/ P\u00e9riode :<\/span>\n                    <span class=\"em-card-field-value\">Toute l\u2019ann\u00e9e<\/span>\n                  <\/div>\n                                  <div class=\"em-card-field\">\n                    <span class=\"em-card-field-label\">Lieu (ville) :<\/span>\n                    <span class=\"em-card-field-value\">D\u00e9part proche camping<\/span>\n                  <\/div>\n                                  <div class=\"em-card-field\">\n                    <span class=\"em-card-field-label\">Distance depuis le camping (km) :<\/span>\n                    <span class=\"em-card-field-value\">0 km<\/span>\n                  <\/div>\n                              <\/div>\n\n              <!-- Lien vers le d\u00e9tail -->\n              <div class=\"em-card-footer\">\n                <span>Voir le d\u00e9tail<\/span>\n                <svg fill=\"none\" viewBox=\"0 0 24 24\" stroke=\"currentColor\" stroke-width=\"2\"><path stroke-linecap=\"round\" stroke-linejoin=\"round\" d=\"M13.5 4.5L21 12m0 0l-7.5 7.5M21 12H3\"><\/path><\/svg>\n              <\/div>\n            <\/div>\n          <\/article>\n                  <article class=\"em-card\"\n            data-type=\"event\"\n            data-features=\"\"\n            data-name=\"animations sportives familiales au city stade\"\n            data-json=\"{&quot;name&quot;:&quot;Animations sportives familiales au city stade&quot;,&quot;image&quot;:&quot;&quot;,&quot;link&quot;:&quot;https:\\\/\\\/www.camping-laclairiere.fr\\\/fr\\\/&quot;,&quot;data&quot;:{&quot;name&quot;:&quot;Animations sportives familiales au city stade&quot;,&quot;date_period&quot;:&quot;Juillet et ao\\u00fbt 2025, en apr\\u00e8s-midi&quot;,&quot;location&quot;:&quot;\\u00c0 1 km du camping, Saint-Paul-en-Born&quot;,&quot;distance_km&quot;:&quot;1 km&quot;,&quot;description&quot;:&quot;Activit\\u00e9s sportives encadr\\u00e9es pour enfants et adultes, ouvertes \\u00e0 tous.&quot;,&quot;type&quot;:&quot;Animation sportive&quot;,&quot;comment&quot;:&quot;Compl\\u00e9ment aux animations du camping, favorisant la convivialit\\u00e9 et le sport en famille.&quot;,&quot;link&quot;:&quot;https:\\\/\\\/www.camping-laclairiere.fr\\\/fr\\\/&quot;,&quot;image&quot;:&quot;&quot;},&quot;category&quot;:&quot;\\u00c9v\\u00e9nements recommand\\u00e9s&quot;}\">\n\n            <!-- Image + badge cat\u00e9gorie -->\n            <div class=\"em-card-img-wrap\">\n                              <div class=\"em-card-placeholder\">\ud83d\udcf7 Pas d'image<\/div>\n                            <span class=\"em-card-badge badge-event\">\u00c9v\u00e9nements recommand\u00e9s<\/span>\n            <\/div>\n\n            <!-- Contenu de la card -->\n            <div class=\"em-card-body\">\n              <h3 class=\"em-card-title\">Animations sportives familiales au city stade<\/h3>\n\n              <!-- Tags r\u00e9sum\u00e9s (max 4) -->\n              <div class=\"em-card-tags\">\n                                              <\/div>\n\n              <!-- Champs suppl\u00e9mentaires (max 3) -->\n              <div class=\"em-card-fields\">\n                                  <div class=\"em-card-field\">\n                    <span class=\"em-card-field-label\">Date \/ P\u00e9riode :<\/span>\n                    <span class=\"em-card-field-value\">Juillet et ao\u00fbt 2025, en apr\u00e8s-midi<\/span>\n                  <\/div>\n                                  <div class=\"em-card-field\">\n                    <span class=\"em-card-field-label\">Lieu (ville) :<\/span>\n                    <span class=\"em-card-field-value\">\u00c0 1 km du camping, Saint-Paul-en-Born<\/span>\n                  <\/div>\n                                  <div class=\"em-card-field\">\n                    <span class=\"em-card-field-label\">Distance depuis le camping (km) :<\/span>\n                    <span class=\"em-card-field-value\">1 km<\/span>\n                  <\/div>\n                              <\/div>\n\n              <!-- Lien vers le d\u00e9tail -->\n              <div class=\"em-card-footer\">\n                <span>Voir le d\u00e9tail<\/span>\n                <svg fill=\"none\" viewBox=\"0 0 24 24\" stroke=\"currentColor\" stroke-width=\"2\"><path stroke-linecap=\"round\" stroke-linejoin=\"round\" d=\"M13.5 4.5L21 12m0 0l-7.5 7.5M21 12H3\"><\/path><\/svg>\n              <\/div>\n            <\/div>\n          <\/article>\n                  <article class=\"em-card\"\n            data-type=\"event\"\n            data-features=\"\"\n            data-name=\"club enfants matin et activit\u00e9s ludiques l\u2019apr\u00e8s-midi\"\n            data-json=\"{&quot;name&quot;:&quot;Club enfants matin et activit\\u00e9s ludiques l\\u2019apr\\u00e8s-midi&quot;,&quot;image&quot;:&quot;&quot;,&quot;link&quot;:&quot;https:\\\/\\\/www.camping-laclairiere.fr\\\/fr\\\/camping-animations-saint-paul-en-born\\\/&quot;,&quot;data&quot;:{&quot;name&quot;:&quot;Club enfants matin et activit\\u00e9s ludiques l\\u2019apr\\u00e8s-midi&quot;,&quot;date_period&quot;:&quot;Juillet et ao\\u00fbt 2025&quot;,&quot;location&quot;:&quot;Camping La Clairi\\u00e8re&quot;,&quot;distance_km&quot;:&quot;0 km&quot;,&quot;description&quot;:&quot;Programme d\\u2019animations pour enfants de divers \\u00e2ges incluant activit\\u00e9s cr\\u00e9atives, sportives et r\\u00e9cr\\u00e9atives.&quot;,&quot;type&quot;:&quot;Animation enfants&quot;,&quot;comment&quot;:&quot;Sur place au camping, entrants dans les services offerts, sans recoupement avec Kids Club g\\u00e9n\\u00e9ral.&quot;,&quot;link&quot;:&quot;https:\\\/\\\/www.camping-laclairiere.fr\\\/fr\\\/camping-animations-saint-paul-en-born\\\/&quot;,&quot;image&quot;:&quot;&quot;},&quot;category&quot;:&quot;\\u00c9v\\u00e9nements recommand\\u00e9s&quot;}\">\n\n            <!-- Image + badge cat\u00e9gorie -->\n            <div class=\"em-card-img-wrap\">\n                              <div class=\"em-card-placeholder\">\ud83d\udcf7 Pas d'image<\/div>\n                            <span class=\"em-card-badge badge-event\">\u00c9v\u00e9nements recommand\u00e9s<\/span>\n            <\/div>\n\n            <!-- Contenu de la card -->\n            <div class=\"em-card-body\">\n              <h3 class=\"em-card-title\">Club enfants matin et activit\u00e9s ludiques l\u2019apr\u00e8s-midi<\/h3>\n\n              <!-- Tags r\u00e9sum\u00e9s (max 4) -->\n              <div class=\"em-card-tags\">\n                                              <\/div>\n\n              <!-- Champs suppl\u00e9mentaires (max 3) -->\n              <div class=\"em-card-fields\">\n                                  <div class=\"em-card-field\">\n                    <span class=\"em-card-field-label\">Date \/ P\u00e9riode :<\/span>\n                    <span class=\"em-card-field-value\">Juillet et ao\u00fbt 2025<\/span>\n                  <\/div>\n                                  <div class=\"em-card-field\">\n                    <span class=\"em-card-field-label\">Lieu (ville) :<\/span>\n                    <span class=\"em-card-field-value\">Camping La Clairi\u00e8re<\/span>\n                  <\/div>\n                                  <div class=\"em-card-field\">\n                    <span class=\"em-card-field-label\">Distance depuis le camping (km) :<\/span>\n                    <span class=\"em-card-field-value\">0 km<\/span>\n                  <\/div>\n                              <\/div>\n\n              <!-- Lien vers le d\u00e9tail -->\n              <div class=\"em-card-footer\">\n                <span>Voir le d\u00e9tail<\/span>\n                <svg fill=\"none\" viewBox=\"0 0 24 24\" stroke=\"currentColor\" stroke-width=\"2\"><path stroke-linecap=\"round\" stroke-linejoin=\"round\" d=\"M13.5 4.5L21 12m0 0l-7.5 7.5M21 12H3\"><\/path><\/svg>\n              <\/div>\n            <\/div>\n          <\/article>\n                  <article class=\"em-card\"\n            data-type=\"event\"\n            data-features=\"\"\n            data-name=\"tournois amicaux de p\u00e9tanque\"\n            data-json=\"{&quot;name&quot;:&quot;Tournois amicaux de p\\u00e9tanque&quot;,&quot;image&quot;:&quot;&quot;,&quot;link&quot;:&quot;https:\\\/\\\/www.guide-des-landes.com\\\/fr\\\/tourisme\\\/se-loger\\\/campings\\\/campings-mobil-homes\\\/saint-paul-en-born-275\\\/camping-la-clairiere-691.html&quot;,&quot;data&quot;:{&quot;name&quot;:&quot;Tournois amicaux de p\\u00e9tanque&quot;,&quot;date_period&quot;:&quot;Juillet et ao\\u00fbt 2025, dates ponctuelles&quot;,&quot;location&quot;:&quot;Camping La Clairi\\u00e8re&quot;,&quot;distance_km&quot;:&quot;0 km&quot;,&quot;description&quot;:&quot;Comp\\u00e9titions amicales de p\\u00e9tanque ouvertes aux campeurs, dans une ambiance d\\u00e9tendue et festive.&quot;,&quot;type&quot;:&quot;Activit\\u00e9 sportive locale&quot;,&quot;comment&quot;:&quot;Animation locale conviviale typique des Landes, propos\\u00e9e sur site.&quot;,&quot;link&quot;:&quot;https:\\\/\\\/www.guide-des-landes.com\\\/fr\\\/tourisme\\\/se-loger\\\/campings\\\/campings-mobil-homes\\\/saint-paul-en-born-275\\\/camping-la-clairiere-691.html&quot;,&quot;image&quot;:&quot;&quot;},&quot;category&quot;:&quot;\\u00c9v\\u00e9nements recommand\\u00e9s&quot;}\">\n\n            <!-- Image + badge cat\u00e9gorie -->\n            <div class=\"em-card-img-wrap\">\n                              <div class=\"em-card-placeholder\">\ud83d\udcf7 Pas d'image<\/div>\n                            <span class=\"em-card-badge badge-event\">\u00c9v\u00e9nements recommand\u00e9s<\/span>\n            <\/div>\n\n            <!-- Contenu de la card -->\n            <div class=\"em-card-body\">\n              <h3 class=\"em-card-title\">Tournois amicaux de p\u00e9tanque<\/h3>\n\n              <!-- Tags r\u00e9sum\u00e9s (max 4) -->\n              <div class=\"em-card-tags\">\n                                              <\/div>\n\n              <!-- Champs suppl\u00e9mentaires (max 3) -->\n              <div class=\"em-card-fields\">\n                                  <div class=\"em-card-field\">\n                    <span class=\"em-card-field-label\">Date \/ P\u00e9riode :<\/span>\n                    <span class=\"em-card-field-value\">Juillet et ao\u00fbt 2025, dates ponctuelles<\/span>\n                  <\/div>\n                                  <div class=\"em-card-field\">\n                    <span class=\"em-card-field-label\">Lieu (ville) :<\/span>\n                    <span class=\"em-card-field-value\">Camping La Clairi\u00e8re<\/span>\n                  <\/div>\n                                  <div class=\"em-card-field\">\n                    <span class=\"em-card-field-label\">Distance depuis le camping (km) :<\/span>\n                    <span class=\"em-card-field-value\">0 km<\/span>\n                  <\/div>\n                              <\/div>\n\n              <!-- Lien vers le d\u00e9tail -->\n              <div class=\"em-card-footer\">\n                <span>Voir le d\u00e9tail<\/span>\n                <svg fill=\"none\" viewBox=\"0 0 24 24\" stroke=\"currentColor\" stroke-width=\"2\"><path stroke-linecap=\"round\" stroke-linejoin=\"round\" d=\"M13.5 4.5L21 12m0 0l-7.5 7.5M21 12H3\"><\/path><\/svg>\n              <\/div>\n            <\/div>\n          <\/article>\n                  <article class=\"em-card\"\n            data-type=\"event\"\n            data-features=\"\"\n            data-name=\"cours de tennis de table sur site\"\n            data-json=\"{&quot;name&quot;:&quot;Cours de tennis de table sur site&quot;,&quot;image&quot;:&quot;&quot;,&quot;link&quot;:&quot;https:\\\/\\\/www.guide-des-landes.com\\\/fr\\\/tourisme\\\/se-loger\\\/campings\\\/campings-mobil-homes\\\/saint-paul-en-born-275\\\/camping-la-clairiere-691.html&quot;,&quot;data&quot;:{&quot;name&quot;:&quot;Cours de tennis de table sur site&quot;,&quot;date_period&quot;:&quot;Juillet et ao\\u00fbt 2025&quot;,&quot;location&quot;:&quot;Camping La Clairi\\u00e8re&quot;,&quot;distance_km&quot;:&quot;0 km&quot;,&quot;description&quot;:&quot;Sessions de tennis de table pour tous niveaux, anim\\u00e9es pour passer un moment convivial.&quot;,&quot;type&quot;:&quot;Animation sportive&quot;,&quot;comment&quot;:&quot;Activit\\u00e9 sportive en acc\\u00e8s direct au camping, compl\\u00e9mentaire aux sports nautiques.&quot;,&quot;link&quot;:&quot;https:\\\/\\\/www.guide-des-landes.com\\\/fr\\\/tourisme\\\/se-loger\\\/campings\\\/campings-mobil-homes\\\/saint-paul-en-born-275\\\/camping-la-clairiere-691.html&quot;,&quot;image&quot;:&quot;&quot;},&quot;category&quot;:&quot;\\u00c9v\\u00e9nements recommand\\u00e9s&quot;}\">\n\n            <!-- Image + badge cat\u00e9gorie -->\n            <div class=\"em-card-img-wrap\">\n                              <div class=\"em-card-placeholder\">\ud83d\udcf7 Pas d'image<\/div>\n                            <span class=\"em-card-badge badge-event\">\u00c9v\u00e9nements recommand\u00e9s<\/span>\n            <\/div>\n\n            <!-- Contenu de la card -->\n            <div class=\"em-card-body\">\n              <h3 class=\"em-card-title\">Cours de tennis de table sur site<\/h3>\n\n              <!-- Tags r\u00e9sum\u00e9s (max 4) -->\n              <div class=\"em-card-tags\">\n                                              <\/div>\n\n              <!-- Champs suppl\u00e9mentaires (max 3) -->\n              <div class=\"em-card-fields\">\n                                  <div class=\"em-card-field\">\n                    <span class=\"em-card-field-label\">Date \/ P\u00e9riode :<\/span>\n                    <span class=\"em-card-field-value\">Juillet et ao\u00fbt 2025<\/span>\n                  <\/div>\n                                  <div class=\"em-card-field\">\n                    <span class=\"em-card-field-label\">Lieu (ville) :<\/span>\n                    <span class=\"em-card-field-value\">Camping La Clairi\u00e8re<\/span>\n                  <\/div>\n                                  <div class=\"em-card-field\">\n                    <span class=\"em-card-field-label\">Distance depuis le camping (km) :<\/span>\n                    <span class=\"em-card-field-value\">0 km<\/span>\n                  <\/div>\n                              <\/div>\n\n              <!-- Lien vers le d\u00e9tail -->\n              <div class=\"em-card-footer\">\n                <span>Voir le d\u00e9tail<\/span>\n                <svg fill=\"none\" viewBox=\"0 0 24 24\" stroke=\"currentColor\" stroke-width=\"2\"><path stroke-linecap=\"round\" stroke-linejoin=\"round\" d=\"M13.5 4.5L21 12m0 0l-7.5 7.5M21 12H3\"><\/path><\/svg>\n              <\/div>\n            <\/div>\n          <\/article>\n                  <article class=\"em-card\"\n            data-type=\"event\"\n            data-features=\"\"\n            data-name=\"aire de jeux pour enfants\"\n            data-json=\"{&quot;name&quot;:&quot;Aire de jeux pour enfants&quot;,&quot;image&quot;:&quot;&quot;,&quot;link&quot;:&quot;https:\\\/\\\/www.guide-des-landes.com\\\/fr\\\/tourisme\\\/se-loger\\\/campings\\\/campings-mobil-homes\\\/saint-paul-en-born-275\\\/camping-la-clairiere-691.html&quot;,&quot;data&quot;:{&quot;name&quot;:&quot;Aire de jeux pour enfants&quot;,&quot;date_period&quot;:&quot;Ouvert toute la saison 2025&quot;,&quot;location&quot;:&quot;Camping La Clairi\\u00e8re&quot;,&quot;distance_km&quot;:&quot;0 km&quot;,&quot;description&quot;:&quot;Espace ludique ext\\u00e9rieur s\\u00e9curis\\u00e9 pour les plus jeunes enfants, avec balan\\u00e7oires et toboggans.&quot;,&quot;type&quot;:&quot;Activit\\u00e9 enfants&quot;,&quot;comment&quot;:&quot;Compl\\u00e9mentaire aux animations organis\\u00e9es pour enfants, favorise les moments en famille.&quot;,&quot;link&quot;:&quot;https:\\\/\\\/www.guide-des-landes.com\\\/fr\\\/tourisme\\\/se-loger\\\/campings\\\/campings-mobil-homes\\\/saint-paul-en-born-275\\\/camping-la-clairiere-691.html&quot;,&quot;image&quot;:&quot;&quot;},&quot;category&quot;:&quot;\\u00c9v\\u00e9nements recommand\\u00e9s&quot;}\">\n\n            <!-- Image + badge cat\u00e9gorie -->\n            <div class=\"em-card-img-wrap\">\n                              <div class=\"em-card-placeholder\">\ud83d\udcf7 Pas d'image<\/div>\n                            <span class=\"em-card-badge badge-event\">\u00c9v\u00e9nements recommand\u00e9s<\/span>\n            <\/div>\n\n            <!-- Contenu de la card -->\n            <div class=\"em-card-body\">\n              <h3 class=\"em-card-title\">Aire de jeux pour enfants<\/h3>\n\n              <!-- Tags r\u00e9sum\u00e9s (max 4) -->\n              <div class=\"em-card-tags\">\n                                              <\/div>\n\n              <!-- Champs suppl\u00e9mentaires (max 3) -->\n              <div class=\"em-card-fields\">\n                                  <div class=\"em-card-field\">\n                    <span class=\"em-card-field-label\">Date \/ P\u00e9riode :<\/span>\n                    <span class=\"em-card-field-value\">Ouvert toute la saison 2025<\/span>\n                  <\/div>\n                                  <div class=\"em-card-field\">\n                    <span class=\"em-card-field-label\">Lieu (ville) :<\/span>\n                    <span class=\"em-card-field-value\">Camping La Clairi\u00e8re<\/span>\n                  <\/div>\n                                  <div class=\"em-card-field\">\n                    <span class=\"em-card-field-label\">Distance depuis le camping (km) :<\/span>\n                    <span class=\"em-card-field-value\">0 km<\/span>\n                  <\/div>\n                              <\/div>\n\n              <!-- Lien vers le d\u00e9tail -->\n              <div class=\"em-card-footer\">\n                <span>Voir le d\u00e9tail<\/span>\n                <svg fill=\"none\" viewBox=\"0 0 24 24\" stroke=\"currentColor\" stroke-width=\"2\"><path stroke-linecap=\"round\" stroke-linejoin=\"round\" d=\"M13.5 4.5L21 12m0 0l-7.5 7.5M21 12H3\"><\/path><\/svg>\n              <\/div>\n            <\/div>\n          <\/article>\n                  <article class=\"em-card\"\n            data-type=\"event\"\n            data-features=\"\"\n            data-name=\"service d\u2019accueil v\u00e9lo avec conseils et r\u00e9parations basiques\"\n            data-json=\"{&quot;name&quot;:&quot;Service d\\u2019accueil v\\u00e9lo avec conseils et r\\u00e9parations basiques&quot;,&quot;image&quot;:&quot;&quot;,&quot;link&quot;:&quot;https:\\\/\\\/www.camping-laclairiere.fr\\\/fr\\\/&quot;,&quot;data&quot;:{&quot;name&quot;:&quot;Service d\\u2019accueil v\\u00e9lo avec conseils et r\\u00e9parations basiques&quot;,&quot;date_period&quot;:&quot;Saison 2025&quot;,&quot;location&quot;:&quot;Camping La Clairi\\u00e8re&quot;,&quot;distance_km&quot;:&quot;0 km&quot;,&quot;description&quot;:&quot;Dispositif d\\u2019assistance pour cyclistes, incluant station de r\\u00e9paration et informations sur les routes.&quot;,&quot;type&quot;:&quot;Service cycliste&quot;,&quot;comment&quot;:&quot;Facilite la pratique du v\\u00e9lo sur la V\\u00e9lodys\\u00e9e depuis le camping.&quot;,&quot;link&quot;:&quot;https:\\\/\\\/www.camping-laclairiere.fr\\\/fr\\\/&quot;,&quot;image&quot;:&quot;&quot;},&quot;category&quot;:&quot;\\u00c9v\\u00e9nements recommand\\u00e9s&quot;}\">\n\n            <!-- Image + badge cat\u00e9gorie -->\n            <div class=\"em-card-img-wrap\">\n                              <div class=\"em-card-placeholder\">\ud83d\udcf7 Pas d'image<\/div>\n                            <span class=\"em-card-badge badge-event\">\u00c9v\u00e9nements recommand\u00e9s<\/span>\n            <\/div>\n\n            <!-- Contenu de la card -->\n            <div class=\"em-card-body\">\n              <h3 class=\"em-card-title\">Service d\u2019accueil v\u00e9lo avec conseils et r\u00e9parations basiques<\/h3>\n\n              <!-- Tags r\u00e9sum\u00e9s (max 4) -->\n              <div class=\"em-card-tags\">\n                                              <\/div>\n\n              <!-- Champs suppl\u00e9mentaires (max 3) -->\n              <div class=\"em-card-fields\">\n                                  <div class=\"em-card-field\">\n                    <span class=\"em-card-field-label\">Date \/ P\u00e9riode :<\/span>\n                    <span class=\"em-card-field-value\">Saison 2025<\/span>\n                  <\/div>\n                                  <div class=\"em-card-field\">\n                    <span class=\"em-card-field-label\">Lieu (ville) :<\/span>\n                    <span class=\"em-card-field-value\">Camping La Clairi\u00e8re<\/span>\n                  <\/div>\n                                  <div class=\"em-card-field\">\n                    <span class=\"em-card-field-label\">Distance depuis le camping (km) :<\/span>\n                    <span class=\"em-card-field-value\">0 km<\/span>\n                  <\/div>\n                              <\/div>\n\n              <!-- Lien vers le d\u00e9tail -->\n              <div class=\"em-card-footer\">\n                <span>Voir le d\u00e9tail<\/span>\n                <svg fill=\"none\" viewBox=\"0 0 24 24\" stroke=\"currentColor\" stroke-width=\"2\"><path stroke-linecap=\"round\" stroke-linejoin=\"round\" d=\"M13.5 4.5L21 12m0 0l-7.5 7.5M21 12H3\"><\/path><\/svg>\n              <\/div>\n            <\/div>\n          <\/article>\n                  <article class=\"em-card\"\n            data-type=\"event\"\n            data-features=\"\"\n            data-name=\"excursion d\u00e9couverte de la faune locale\"\n            data-json=\"{&quot;name&quot;:&quot;Excursion d\\u00e9couverte de la faune locale&quot;,&quot;image&quot;:&quot;&quot;,&quot;link&quot;:&quot;https:\\\/\\\/www.guide-des-landes.com\\\/fr\\\/tourisme\\\/se-loger\\\/campings\\\/campings-mobil-homes\\\/saint-paul-en-born-275\\\/camping-la-clairiere-691.html&quot;,&quot;data&quot;:{&quot;name&quot;:&quot;Excursion d\\u00e9couverte de la faune locale&quot;,&quot;date_period&quot;:&quot;Juillet - ao\\u00fbt 2025&quot;,&quot;location&quot;:&quot;D\\u00e9part proche camping&quot;,&quot;distance_km&quot;:&quot;1-3 km&quot;,&quot;description&quot;:&quot;Sorties accompagn\\u00e9es pour observer la biodiversit\\u00e9 locale dans la for\\u00eat des Landes.&quot;,&quot;type&quot;:&quot;Sortie nature guid\\u00e9e&quot;,&quot;comment&quot;:&quot;Activit\\u00e9 \\u00e9ducative adapt\\u00e9e aux familles et amateurs de nature.&quot;,&quot;link&quot;:&quot;https:\\\/\\\/www.guide-des-landes.com\\\/fr\\\/tourisme\\\/se-loger\\\/campings\\\/campings-mobil-homes\\\/saint-paul-en-born-275\\\/camping-la-clairiere-691.html&quot;,&quot;image&quot;:&quot;&quot;},&quot;category&quot;:&quot;\\u00c9v\\u00e9nements recommand\\u00e9s&quot;}\">\n\n            <!-- Image + badge cat\u00e9gorie -->\n            <div class=\"em-card-img-wrap\">\n                              <div class=\"em-card-placeholder\">\ud83d\udcf7 Pas d'image<\/div>\n                            <span class=\"em-card-badge badge-event\">\u00c9v\u00e9nements recommand\u00e9s<\/span>\n            <\/div>\n\n            <!-- Contenu de la card -->\n            <div class=\"em-card-body\">\n              <h3 class=\"em-card-title\">Excursion d\u00e9couverte de la faune locale<\/h3>\n\n              <!-- Tags r\u00e9sum\u00e9s (max 4) -->\n              <div class=\"em-card-tags\">\n                                              <\/div>\n\n              <!-- Champs suppl\u00e9mentaires (max 3) -->\n              <div class=\"em-card-fields\">\n                                  <div class=\"em-card-field\">\n                    <span class=\"em-card-field-label\">Date \/ P\u00e9riode :<\/span>\n                    <span class=\"em-card-field-value\">Juillet - ao\u00fbt 2025<\/span>\n                  <\/div>\n                                  <div class=\"em-card-field\">\n                    <span class=\"em-card-field-label\">Lieu (ville) :<\/span>\n                    <span class=\"em-card-field-value\">D\u00e9part proche camping<\/span>\n                  <\/div>\n                                  <div class=\"em-card-field\">\n                    <span class=\"em-card-field-label\">Distance depuis le camping (km) :<\/span>\n                    <span class=\"em-card-field-value\">1-3 km<\/span>\n                  <\/div>\n                              <\/div>\n\n              <!-- Lien vers le d\u00e9tail -->\n              <div class=\"em-card-footer\">\n                <span>Voir le d\u00e9tail<\/span>\n                <svg fill=\"none\" viewBox=\"0 0 24 24\" stroke=\"currentColor\" stroke-width=\"2\"><path stroke-linecap=\"round\" stroke-linejoin=\"round\" d=\"M13.5 4.5L21 12m0 0l-7.5 7.5M21 12H3\"><\/path><\/svg>\n              <\/div>\n            <\/div>\n          <\/article>\n                  <article class=\"em-card\"\n            data-type=\"event\"\n            data-features=\"\"\n            data-name=\"animations d\u2019\u00e9t\u00e9 au restaurant du camping\"\n            data-json=\"{&quot;name&quot;:&quot;Animations d\\u2019\\u00e9t\\u00e9 au restaurant du camping&quot;,&quot;image&quot;:&quot;&quot;,&quot;link&quot;:&quot;https:\\\/\\\/www.camping-laclairiere.fr\\\/fr\\\/camping-animations-saint-paul-en-born\\\/&quot;,&quot;data&quot;:{&quot;name&quot;:&quot;Animations d\\u2019\\u00e9t\\u00e9 au restaurant du camping&quot;,&quot;date_period&quot;:&quot;Juillet et ao\\u00fbt 2025&quot;,&quot;location&quot;:&quot;Camping La Clairi\\u00e8re&quot;,&quot;distance_km&quot;:&quot;0 km&quot;,&quot;description&quot;:&quot;Soir\\u00e9es festives incluant d\\u00e9gustations, menus th\\u00e9matiques et animations musicales ponctuelles.&quot;,&quot;type&quot;:&quot;Animation culinaire&quot;,&quot;comment&quot;:&quot;Offre une ambiance conviviale dans le restaurant associ\\u00e9 au camping.&quot;,&quot;link&quot;:&quot;https:\\\/\\\/www.camping-laclairiere.fr\\\/fr\\\/camping-animations-saint-paul-en-born\\\/&quot;,&quot;image&quot;:&quot;&quot;},&quot;category&quot;:&quot;\\u00c9v\\u00e9nements recommand\\u00e9s&quot;}\">\n\n            <!-- Image + badge cat\u00e9gorie -->\n            <div class=\"em-card-img-wrap\">\n                              <div class=\"em-card-placeholder\">\ud83d\udcf7 Pas d'image<\/div>\n                            <span class=\"em-card-badge badge-event\">\u00c9v\u00e9nements recommand\u00e9s<\/span>\n            <\/div>\n\n            <!-- Contenu de la card -->\n            <div class=\"em-card-body\">\n              <h3 class=\"em-card-title\">Animations d\u2019\u00e9t\u00e9 au restaurant du camping<\/h3>\n\n              <!-- Tags r\u00e9sum\u00e9s (max 4) -->\n              <div class=\"em-card-tags\">\n                                              <\/div>\n\n              <!-- Champs suppl\u00e9mentaires (max 3) -->\n              <div class=\"em-card-fields\">\n                                  <div class=\"em-card-field\">\n                    <span class=\"em-card-field-label\">Date \/ P\u00e9riode :<\/span>\n                    <span class=\"em-card-field-value\">Juillet et ao\u00fbt 2025<\/span>\n                  <\/div>\n                                  <div class=\"em-card-field\">\n                    <span class=\"em-card-field-label\">Lieu (ville) :<\/span>\n                    <span class=\"em-card-field-value\">Camping La Clairi\u00e8re<\/span>\n                  <\/div>\n                                  <div class=\"em-card-field\">\n                    <span class=\"em-card-field-label\">Distance depuis le camping (km) :<\/span>\n                    <span class=\"em-card-field-value\">0 km<\/span>\n                  <\/div>\n                              <\/div>\n\n              <!-- Lien vers le d\u00e9tail -->\n              <div class=\"em-card-footer\">\n                <span>Voir le d\u00e9tail<\/span>\n                <svg fill=\"none\" viewBox=\"0 0 24 24\" stroke=\"currentColor\" stroke-width=\"2\"><path stroke-linecap=\"round\" stroke-linejoin=\"round\" d=\"M13.5 4.5L21 12m0 0l-7.5 7.5M21 12H3\"><\/path><\/svg>\n              <\/div>\n            <\/div>\n          <\/article>\n                  <article class=\"em-card\"\n            data-type=\"event\"\n            data-features=\"\"\n            data-name=\"initiation \u00e0 la p\u00e9tanque pour d\u00e9butants\"\n            data-json=\"{&quot;name&quot;:&quot;Initiation \\u00e0 la p\\u00e9tanque pour d\\u00e9butants&quot;,&quot;image&quot;:&quot;&quot;,&quot;link&quot;:&quot;https:\\\/\\\/www.guide-des-landes.com\\\/fr\\\/tourisme\\\/se-loger\\\/campings\\\/campings-mobil-homes\\\/saint-paul-en-born-275\\\/camping-la-clairiere-691.html&quot;,&quot;data&quot;:{&quot;name&quot;:&quot;Initiation \\u00e0 la p\\u00e9tanque pour d\\u00e9butants&quot;,&quot;date_period&quot;:&quot;Juin \\u00e0 septembre 2025, dates programm\\u00e9es&quot;,&quot;location&quot;:&quot;Camping La Clairi\\u00e8re&quot;,&quot;distance_km&quot;:&quot;0 km&quot;,&quot;description&quot;:&quot;S\\u00e9ances d\\u2019apprentissage aux r\\u00e8gles et techniques de p\\u00e9tanque pour toute la famille.&quot;,&quot;type&quot;:&quot;Atelier sportif&quot;,&quot;comment&quot;:&quot;Activit\\u00e9 ludique pour d\\u00e9couvrir un sport traditionnel local.&quot;,&quot;link&quot;:&quot;https:\\\/\\\/www.guide-des-landes.com\\\/fr\\\/tourisme\\\/se-loger\\\/campings\\\/campings-mobil-homes\\\/saint-paul-en-born-275\\\/camping-la-clairiere-691.html&quot;,&quot;image&quot;:&quot;&quot;},&quot;category&quot;:&quot;\\u00c9v\\u00e9nements recommand\\u00e9s&quot;}\">\n\n            <!-- Image + badge cat\u00e9gorie -->\n            <div class=\"em-card-img-wrap\">\n                              <div class=\"em-card-placeholder\">\ud83d\udcf7 Pas d'image<\/div>\n                            <span class=\"em-card-badge badge-event\">\u00c9v\u00e9nements recommand\u00e9s<\/span>\n            <\/div>\n\n            <!-- Contenu de la card -->\n            <div class=\"em-card-body\">\n              <h3 class=\"em-card-title\">Initiation \u00e0 la p\u00e9tanque pour d\u00e9butants<\/h3>\n\n              <!-- Tags r\u00e9sum\u00e9s (max 4) -->\n              <div class=\"em-card-tags\">\n                                              <\/div>\n\n              <!-- Champs suppl\u00e9mentaires (max 3) -->\n              <div class=\"em-card-fields\">\n                                  <div class=\"em-card-field\">\n                    <span class=\"em-card-field-label\">Date \/ P\u00e9riode :<\/span>\n                    <span class=\"em-card-field-value\">Juin \u00e0 septembre 2025, dates programm\u00e9es<\/span>\n                  <\/div>\n                                  <div class=\"em-card-field\">\n                    <span class=\"em-card-field-label\">Lieu (ville) :<\/span>\n                    <span class=\"em-card-field-value\">Camping La Clairi\u00e8re<\/span>\n                  <\/div>\n                                  <div class=\"em-card-field\">\n                    <span class=\"em-card-field-label\">Distance depuis le camping (km) :<\/span>\n                    <span class=\"em-card-field-value\">0 km<\/span>\n                  <\/div>\n                              <\/div>\n\n              <!-- Lien vers le d\u00e9tail -->\n              <div class=\"em-card-footer\">\n                <span>Voir le d\u00e9tail<\/span>\n                <svg fill=\"none\" viewBox=\"0 0 24 24\" stroke=\"currentColor\" stroke-width=\"2\"><path stroke-linecap=\"round\" stroke-linejoin=\"round\" d=\"M13.5 4.5L21 12m0 0l-7.5 7.5M21 12H3\"><\/path><\/svg>\n              <\/div>\n            <\/div>\n          <\/article>\n                  <article class=\"em-card\"\n            data-type=\"event\"\n            data-features=\"\"\n            data-name=\"sorties nature guid\u00e9es \u00e0 v\u00e9lo\"\n            data-json=\"{&quot;name&quot;:&quot;Sorties nature guid\\u00e9es \\u00e0 v\\u00e9lo&quot;,&quot;image&quot;:&quot;&quot;,&quot;link&quot;:&quot;https:\\\/\\\/www.camping-laclairiere.fr\\\/fr\\\/&quot;,&quot;data&quot;:{&quot;name&quot;:&quot;Sorties nature guid\\u00e9es \\u00e0 v\\u00e9lo&quot;,&quot;date_period&quot;:&quot;Juillet et ao\\u00fbt 2025&quot;,&quot;location&quot;:&quot;D\\u00e9part du camping&quot;,&quot;distance_km&quot;:&quot;0 km&quot;,&quot;description&quot;:&quot;Balades accompagn\\u00e9es \\u00e0 v\\u00e9lo dans la for\\u00eat et sur les pistes cyclables environnantes.&quot;,&quot;type&quot;:&quot;Excursion sportive&quot;,&quot;comment&quot;:&quot;Permet de d\\u00e9couvrir la r\\u00e9gion en activit\\u00e9 physique encadr\\u00e9e.&quot;,&quot;link&quot;:&quot;https:\\\/\\\/www.camping-laclairiere.fr\\\/fr\\\/&quot;,&quot;image&quot;:&quot;&quot;},&quot;category&quot;:&quot;\\u00c9v\\u00e9nements recommand\\u00e9s&quot;}\">\n\n            <!-- Image + badge cat\u00e9gorie -->\n            <div class=\"em-card-img-wrap\">\n                              <div class=\"em-card-placeholder\">\ud83d\udcf7 Pas d'image<\/div>\n                            <span class=\"em-card-badge badge-event\">\u00c9v\u00e9nements recommand\u00e9s<\/span>\n            <\/div>\n\n            <!-- Contenu de la card -->\n            <div class=\"em-card-body\">\n              <h3 class=\"em-card-title\">Sorties nature guid\u00e9es \u00e0 v\u00e9lo<\/h3>\n\n              <!-- Tags r\u00e9sum\u00e9s (max 4) -->\n              <div class=\"em-card-tags\">\n                                              <\/div>\n\n              <!-- Champs suppl\u00e9mentaires (max 3) -->\n              <div class=\"em-card-fields\">\n                                  <div class=\"em-card-field\">\n                    <span class=\"em-card-field-label\">Date \/ P\u00e9riode :<\/span>\n                    <span class=\"em-card-field-value\">Juillet et ao\u00fbt 2025<\/span>\n                  <\/div>\n                                  <div class=\"em-card-field\">\n                    <span class=\"em-card-field-label\">Lieu (ville) :<\/span>\n                    <span class=\"em-card-field-value\">D\u00e9part du camping<\/span>\n                  <\/div>\n                                  <div class=\"em-card-field\">\n                    <span class=\"em-card-field-label\">Distance depuis le camping (km) :<\/span>\n                    <span class=\"em-card-field-value\">0 km<\/span>\n                  <\/div>\n                              <\/div>\n\n              <!-- Lien vers le d\u00e9tail -->\n              <div class=\"em-card-footer\">\n                <span>Voir le d\u00e9tail<\/span>\n                <svg fill=\"none\" viewBox=\"0 0 24 24\" stroke=\"currentColor\" stroke-width=\"2\"><path stroke-linecap=\"round\" stroke-linejoin=\"round\" d=\"M13.5 4.5L21 12m0 0l-7.5 7.5M21 12H3\"><\/path><\/svg>\n              <\/div>\n            <\/div>\n          <\/article>\n                  <article class=\"em-card\"\n            data-type=\"event\"\n            data-features=\"\"\n            data-name=\"exposition &quot;automne en sc\u00e8ne&quot; - atelier d\u00e9couverte de la boussole c\u00e9leste\"\n            data-json=\"{&quot;name&quot;:&quot;Exposition \\&quot;Automne en Sc\\u00e8ne\\&quot; - Atelier d\\u00e9couverte de la boussole c\\u00e9leste&quot;,&quot;image&quot;:&quot;&quot;,&quot;link&quot;:&quot;https:\\\/\\\/www.guide-des-landes.com\\\/fr\\\/tourisme\\\/se-loger\\\/campings\\\/campings-mobil-homes\\\/saint-paul-en-born-275\\\/camping-la-clairiere-691.html&quot;,&quot;data&quot;:{&quot;name&quot;:&quot;Exposition \\&quot;Automne en Sc\\u00e8ne\\&quot; - Atelier d\\u00e9couverte de la boussole c\\u00e9leste&quot;,&quot;date_period&quot;:&quot;Octobre 2025&quot;,&quot;location&quot;:&quot;Saint-Paul-en-Born, \\u00e0 1,1 km du camping La Clairi\\u00e8re&quot;,&quot;distance_km&quot;:&quot;1,1 km&quot;,&quot;description&quot;:&quot;Atelier d&#039;initiation \\u00e0 la boussole c\\u00e9leste dans le cadre du festival \\&quot;Automne en Sc\\u00e8ne\\&quot;, permettant la d\\u00e9couverte de techniques de navigation anciennes.&quot;,&quot;type&quot;:&quot;Atelier culturel&quot;,&quot;comment&quot;:&quot;\\u00c9v\\u00e9nement local accessible \\u00e0 proximit\\u00e9 imm\\u00e9diate du camping, pour tous les \\u00e2ges.&quot;,&quot;link&quot;:&quot;https:\\\/\\\/www.guide-des-landes.com\\\/fr\\\/tourisme\\\/se-loger\\\/campings\\\/campings-mobil-homes\\\/saint-paul-en-born-275\\\/camping-la-clairiere-691.html&quot;,&quot;image&quot;:&quot;&quot;},&quot;category&quot;:&quot;\\u00c9v\\u00e9nements recommand\\u00e9s&quot;}\">\n\n            <!-- Image + badge cat\u00e9gorie -->\n            <div class=\"em-card-img-wrap\">\n                              <div class=\"em-card-placeholder\">\ud83d\udcf7 Pas d'image<\/div>\n                            <span class=\"em-card-badge badge-event\">\u00c9v\u00e9nements recommand\u00e9s<\/span>\n            <\/div>\n\n            <!-- Contenu de la card -->\n            <div class=\"em-card-body\">\n              <h3 class=\"em-card-title\">Exposition &quot;Automne en Sc\u00e8ne&quot; - Atelier d\u00e9couverte de la boussole c\u00e9leste<\/h3>\n\n              <!-- Tags r\u00e9sum\u00e9s (max 4) -->\n              <div class=\"em-card-tags\">\n                                              <\/div>\n\n              <!-- Champs suppl\u00e9mentaires (max 3) -->\n              <div class=\"em-card-fields\">\n                                  <div class=\"em-card-field\">\n                    <span class=\"em-card-field-label\">Date \/ P\u00e9riode :<\/span>\n                    <span class=\"em-card-field-value\">Octobre 2025<\/span>\n                  <\/div>\n                                  <div class=\"em-card-field\">\n                    <span class=\"em-card-field-label\">Lieu (ville) :<\/span>\n                    <span class=\"em-card-field-value\">Saint-Paul-en-Born, \u00e0 1,1 km du camping La Clairi\u00e8re<\/span>\n                  <\/div>\n                                  <div class=\"em-card-field\">\n                    <span class=\"em-card-field-label\">Distance depuis le camping (km) :<\/span>\n                    <span class=\"em-card-field-value\">1,1 km<\/span>\n                  <\/div>\n                              <\/div>\n\n              <!-- Lien vers le d\u00e9tail -->\n              <div class=\"em-card-footer\">\n                <span>Voir le d\u00e9tail<\/span>\n                <svg fill=\"none\" viewBox=\"0 0 24 24\" stroke=\"currentColor\" stroke-width=\"2\"><path stroke-linecap=\"round\" stroke-linejoin=\"round\" d=\"M13.5 4.5L21 12m0 0l-7.5 7.5M21 12H3\"><\/path><\/svg>\n              <\/div>\n            <\/div>\n          <\/article>\n                  <article class=\"em-card\"\n            data-type=\"event\"\n            data-features=\"\"\n            data-name=\"f\u00eates traditionnelles du village avec bandas et repas landais\"\n            data-json=\"{&quot;name&quot;:&quot;F\\u00eates traditionnelles du village avec bandas et repas landais&quot;,&quot;image&quot;:&quot;&quot;,&quot;link&quot;:&quot;https:\\\/\\\/www.campingsluxe.fr\\\/aquitaine\\\/landes\\\/saint-paul-en-born\\\/a-34908&quot;,&quot;data&quot;:{&quot;name&quot;:&quot;F\\u00eates traditionnelles du village avec bandas et repas landais&quot;,&quot;date_period&quot;:&quot;\\u00c9t\\u00e9 2025 (dates variables)&quot;,&quot;location&quot;:&quot;Saint-Paul-en-Born&quot;,&quot;distance_km&quot;:&quot;1 km&quot;,&quot;description&quot;:&quot;F\\u00eates villageoises typiques avec ambiance musicale (bandas), repas traditionnels et danses, invitant \\u00e0 la d\\u00e9couverte de la culture landaise.&quot;,&quot;type&quot;:&quot;F\\u00eate traditionnelle&quot;,&quot;comment&quot;:&quot;Animation conviviale en plein c\\u0153ur du village proche du camping.&quot;,&quot;link&quot;:&quot;https:\\\/\\\/www.campingsluxe.fr\\\/aquitaine\\\/landes\\\/saint-paul-en-born\\\/a-34908&quot;,&quot;image&quot;:&quot;&quot;},&quot;category&quot;:&quot;\\u00c9v\\u00e9nements recommand\\u00e9s&quot;}\">\n\n            <!-- Image + badge cat\u00e9gorie -->\n            <div class=\"em-card-img-wrap\">\n                              <div class=\"em-card-placeholder\">\ud83d\udcf7 Pas d'image<\/div>\n                            <span class=\"em-card-badge badge-event\">\u00c9v\u00e9nements recommand\u00e9s<\/span>\n            <\/div>\n\n            <!-- Contenu de la card -->\n            <div class=\"em-card-body\">\n              <h3 class=\"em-card-title\">F\u00eates traditionnelles du village avec bandas et repas landais<\/h3>\n\n              <!-- Tags r\u00e9sum\u00e9s (max 4) -->\n              <div class=\"em-card-tags\">\n                                              <\/div>\n\n              <!-- Champs suppl\u00e9mentaires (max 3) -->\n              <div class=\"em-card-fields\">\n                                  <div class=\"em-card-field\">\n                    <span class=\"em-card-field-label\">Date \/ P\u00e9riode :<\/span>\n                    <span class=\"em-card-field-value\">\u00c9t\u00e9 2025 (dates variables)<\/span>\n                  <\/div>\n                                  <div class=\"em-card-field\">\n                    <span class=\"em-card-field-label\">Lieu (ville) :<\/span>\n                    <span class=\"em-card-field-value\">Saint-Paul-en-Born<\/span>\n                  <\/div>\n                                  <div class=\"em-card-field\">\n                    <span class=\"em-card-field-label\">Distance depuis le camping (km) :<\/span>\n                    <span class=\"em-card-field-value\">1 km<\/span>\n                  <\/div>\n                              <\/div>\n\n              <!-- Lien vers le d\u00e9tail -->\n              <div class=\"em-card-footer\">\n                <span>Voir le d\u00e9tail<\/span>\n                <svg fill=\"none\" viewBox=\"0 0 24 24\" stroke=\"currentColor\" stroke-width=\"2\"><path stroke-linecap=\"round\" stroke-linejoin=\"round\" d=\"M13.5 4.5L21 12m0 0l-7.5 7.5M21 12H3\"><\/path><\/svg>\n              <\/div>\n            <\/div>\n          <\/article>\n                  <article class=\"em-card\"\n            data-type=\"event\"\n            data-features=\"\"\n            data-name=\"march\u00e9 nocturne artisanal et gastronomique\"\n            data-json=\"{&quot;name&quot;:&quot;March\\u00e9 nocturne artisanal et gastronomique&quot;,&quot;image&quot;:&quot;&quot;,&quot;link&quot;:&quot;https:\\\/\\\/www.camping-laclairiere.fr\\\/fr\\\/camping-animations-saint-paul-en-born\\\/&quot;,&quot;data&quot;:{&quot;name&quot;:&quot;March\\u00e9 nocturne artisanal et gastronomique&quot;,&quot;date_period&quot;:&quot;Estivale, juillet-ao\\u00fbt 2025&quot;,&quot;location&quot;:&quot;Saint-Paul-en-Born&quot;,&quot;distance_km&quot;:&quot;1 km&quot;,&quot;description&quot;:&quot;March\\u00e9 en soir\\u00e9e mettant en avant produits artisanaux et sp\\u00e9cialit\\u00e9s culinaires de la r\\u00e9gion, avec animations musicales ponctuelles.&quot;,&quot;type&quot;:&quot;March\\u00e9 local&quot;,&quot;comment&quot;:&quot;Une occasion id\\u00e9ale pour d\\u00e9couvrir les produits locaux \\u00e0 deux pas du camping.&quot;,&quot;link&quot;:&quot;https:\\\/\\\/www.camping-laclairiere.fr\\\/fr\\\/camping-animations-saint-paul-en-born\\\/&quot;,&quot;image&quot;:&quot;&quot;},&quot;category&quot;:&quot;\\u00c9v\\u00e9nements recommand\\u00e9s&quot;}\">\n\n            <!-- Image + badge cat\u00e9gorie -->\n            <div class=\"em-card-img-wrap\">\n                              <div class=\"em-card-placeholder\">\ud83d\udcf7 Pas d'image<\/div>\n                            <span class=\"em-card-badge badge-event\">\u00c9v\u00e9nements recommand\u00e9s<\/span>\n            <\/div>\n\n            <!-- Contenu de la card -->\n            <div class=\"em-card-body\">\n              <h3 class=\"em-card-title\">March\u00e9 nocturne artisanal et gastronomique<\/h3>\n\n              <!-- Tags r\u00e9sum\u00e9s (max 4) -->\n              <div class=\"em-card-tags\">\n                                              <\/div>\n\n              <!-- Champs suppl\u00e9mentaires (max 3) -->\n              <div class=\"em-card-fields\">\n                                  <div class=\"em-card-field\">\n                    <span class=\"em-card-field-label\">Date \/ P\u00e9riode :<\/span>\n                    <span class=\"em-card-field-value\">Estivale, juillet-ao\u00fbt 2025<\/span>\n                  <\/div>\n                                  <div class=\"em-card-field\">\n                    <span class=\"em-card-field-label\">Lieu (ville) :<\/span>\n                    <span class=\"em-card-field-value\">Saint-Paul-en-Born<\/span>\n                  <\/div>\n                                  <div class=\"em-card-field\">\n                    <span class=\"em-card-field-label\">Distance depuis le camping (km) :<\/span>\n                    <span class=\"em-card-field-value\">1 km<\/span>\n                  <\/div>\n                              <\/div>\n\n              <!-- Lien vers le d\u00e9tail -->\n              <div class=\"em-card-footer\">\n                <span>Voir le d\u00e9tail<\/span>\n                <svg fill=\"none\" viewBox=\"0 0 24 24\" stroke=\"currentColor\" stroke-width=\"2\"><path stroke-linecap=\"round\" stroke-linejoin=\"round\" d=\"M13.5 4.5L21 12m0 0l-7.5 7.5M21 12H3\"><\/path><\/svg>\n              <\/div>\n            <\/div>\n          <\/article>\n                  <article class=\"em-card\"\n            data-type=\"event\"\n            data-features=\"\"\n            data-name=\"balades nature guid\u00e9es dans la for\u00eat des landes\"\n            data-json=\"{&quot;name&quot;:&quot;Balades nature guid\\u00e9es dans la for\\u00eat des Landes&quot;,&quot;image&quot;:&quot;&quot;,&quot;link&quot;:&quot;https:\\\/\\\/www.guide-des-landes.com\\\/fr\\\/tourisme\\\/se-loger\\\/campings\\\/campings-mobil-homes\\\/saint-paul-en-born-275\\\/camping-la-clairiere-691.html&quot;,&quot;data&quot;:{&quot;name&quot;:&quot;Balades nature guid\\u00e9es dans la for\\u00eat des Landes&quot;,&quot;date_period&quot;:&quot;Printemps \\u00e0 automne 2025&quot;,&quot;location&quot;:&quot;For\\u00eat des Landes, pr\\u00e8s Saint-Paul-en-Born&quot;,&quot;distance_km&quot;:&quot;2 km&quot;,&quot;description&quot;:&quot;Randonn\\u00e9es accompagn\\u00e9es par un guide naturaliste pour observer la faune et la flore typiques des Landes.&quot;,&quot;type&quot;:&quot;Sortie nature&quot;,&quot;comment&quot;:&quot;Parfait pour les amoureux de la nature souhaitant explorer l&#039;environnement du camping.&quot;,&quot;link&quot;:&quot;https:\\\/\\\/www.guide-des-landes.com\\\/fr\\\/tourisme\\\/se-loger\\\/campings\\\/campings-mobil-homes\\\/saint-paul-en-born-275\\\/camping-la-clairiere-691.html&quot;,&quot;image&quot;:&quot;&quot;},&quot;category&quot;:&quot;\\u00c9v\\u00e9nements recommand\\u00e9s&quot;}\">\n\n            <!-- Image + badge cat\u00e9gorie -->\n            <div class=\"em-card-img-wrap\">\n                              <div class=\"em-card-placeholder\">\ud83d\udcf7 Pas d'image<\/div>\n                            <span class=\"em-card-badge badge-event\">\u00c9v\u00e9nements recommand\u00e9s<\/span>\n            <\/div>\n\n            <!-- Contenu de la card -->\n            <div class=\"em-card-body\">\n              <h3 class=\"em-card-title\">Balades nature guid\u00e9es dans la for\u00eat des Landes<\/h3>\n\n              <!-- Tags r\u00e9sum\u00e9s (max 4) -->\n              <div class=\"em-card-tags\">\n                                              <\/div>\n\n              <!-- Champs suppl\u00e9mentaires (max 3) -->\n              <div class=\"em-card-fields\">\n                                  <div class=\"em-card-field\">\n                    <span class=\"em-card-field-label\">Date \/ P\u00e9riode :<\/span>\n                    <span class=\"em-card-field-value\">Printemps \u00e0 automne 2025<\/span>\n                  <\/div>\n                                  <div class=\"em-card-field\">\n                    <span class=\"em-card-field-label\">Lieu (ville) :<\/span>\n                    <span class=\"em-card-field-value\">For\u00eat des Landes, pr\u00e8s Saint-Paul-en-Born<\/span>\n                  <\/div>\n                                  <div class=\"em-card-field\">\n                    <span class=\"em-card-field-label\">Distance depuis le camping (km) :<\/span>\n                    <span class=\"em-card-field-value\">2 km<\/span>\n                  <\/div>\n                              <\/div>\n\n              <!-- Lien vers le d\u00e9tail -->\n              <div class=\"em-card-footer\">\n                <span>Voir le d\u00e9tail<\/span>\n                <svg fill=\"none\" viewBox=\"0 0 24 24\" stroke=\"currentColor\" stroke-width=\"2\"><path stroke-linecap=\"round\" stroke-linejoin=\"round\" d=\"M13.5 4.5L21 12m0 0l-7.5 7.5M21 12H3\"><\/path><\/svg>\n              <\/div>\n            <\/div>\n          <\/article>\n                  <article class=\"em-card\"\n            data-type=\"event\"\n            data-features=\"\"\n            data-name=\"comp\u00e9tition annuelle de course cycliste &quot;circuit cycliste sur la v\u00e9lodys\u00e9e&quot;\"\n            data-json=\"{&quot;name&quot;:&quot;Comp\\u00e9tition annuelle de course cycliste \\&quot;Circuit cycliste sur la V\\u00e9lodys\\u00e9e\\&quot;&quot;,&quot;image&quot;:&quot;&quot;,&quot;link&quot;:&quot;https:\\\/\\\/www.guide-des-landes.com\\\/fr\\\/tourisme\\\/se-loger\\\/campings\\\/campings-mobil-homes\\\/saint-paul-en-born-275\\\/camping-la-clairiere-691.html&quot;,&quot;data&quot;:{&quot;name&quot;:&quot;Comp\\u00e9tition annuelle de course cycliste \\&quot;Circuit cycliste sur la V\\u00e9lodys\\u00e9e\\&quot;&quot;,&quot;date_period&quot;:&quot;Septembre 2025&quot;,&quot;location&quot;:&quot;D\\u00e9part et circuit autour de Saint-Paul-en-Born&quot;,&quot;distance_km&quot;:&quot;0-5 km&quot;,&quot;description&quot;:&quot;Course cycliste sur la c\\u00e9l\\u00e8bre piste cyclable V\\u00e9lodys\\u00e9e, traversant les paysages landais proches du camping.&quot;,&quot;type&quot;:&quot;\\u00c9v\\u00e9nement sportif&quot;,&quot;comment&quot;:&quot;Manifestation sportive majeure pour amateurs et professionnels.&quot;,&quot;link&quot;:&quot;https:\\\/\\\/www.guide-des-landes.com\\\/fr\\\/tourisme\\\/se-loger\\\/campings\\\/campings-mobil-homes\\\/saint-paul-en-born-275\\\/camping-la-clairiere-691.html&quot;,&quot;image&quot;:&quot;&quot;},&quot;category&quot;:&quot;\\u00c9v\\u00e9nements recommand\\u00e9s&quot;}\">\n\n            <!-- Image + badge cat\u00e9gorie -->\n            <div class=\"em-card-img-wrap\">\n                              <div class=\"em-card-placeholder\">\ud83d\udcf7 Pas d'image<\/div>\n                            <span class=\"em-card-badge badge-event\">\u00c9v\u00e9nements recommand\u00e9s<\/span>\n            <\/div>\n\n            <!-- Contenu de la card -->\n            <div class=\"em-card-body\">\n              <h3 class=\"em-card-title\">Comp\u00e9tition annuelle de course cycliste &quot;Circuit cycliste sur la V\u00e9lodys\u00e9e&quot;<\/h3>\n\n              <!-- Tags r\u00e9sum\u00e9s (max 4) -->\n              <div class=\"em-card-tags\">\n                                              <\/div>\n\n              <!-- Champs suppl\u00e9mentaires (max 3) -->\n              <div class=\"em-card-fields\">\n                                  <div class=\"em-card-field\">\n                    <span class=\"em-card-field-label\">Date \/ P\u00e9riode :<\/span>\n                    <span class=\"em-card-field-value\">Septembre 2025<\/span>\n                  <\/div>\n                                  <div class=\"em-card-field\">\n                    <span class=\"em-card-field-label\">Lieu (ville) :<\/span>\n                    <span class=\"em-card-field-value\">D\u00e9part et circuit autour de Saint-Paul-en-Born<\/span>\n                  <\/div>\n                                  <div class=\"em-card-field\">\n                    <span class=\"em-card-field-label\">Distance depuis le camping (km) :<\/span>\n                    <span class=\"em-card-field-value\">0-5 km<\/span>\n                  <\/div>\n                              <\/div>\n\n              <!-- Lien vers le d\u00e9tail -->\n              <div class=\"em-card-footer\">\n                <span>Voir le d\u00e9tail<\/span>\n                <svg fill=\"none\" viewBox=\"0 0 24 24\" stroke=\"currentColor\" stroke-width=\"2\"><path stroke-linecap=\"round\" stroke-linejoin=\"round\" d=\"M13.5 4.5L21 12m0 0l-7.5 7.5M21 12H3\"><\/path><\/svg>\n              <\/div>\n            <\/div>\n          <\/article>\n                  <article class=\"em-card\"\n            data-type=\"event\"\n            data-features=\"\"\n            data-name=\"festival nature et loutres\"\n            data-json=\"{&quot;name&quot;:&quot;Festival Nature et Loutres&quot;,&quot;image&quot;:&quot;&quot;,&quot;link&quot;:&quot;https:\\\/\\\/www.camping-laclairiere.fr\\\/fr\\\/camping-animations-saint-paul-en-born\\\/&quot;,&quot;data&quot;:{&quot;name&quot;:&quot;Festival Nature et Loutres&quot;,&quot;date_period&quot;:&quot;Juin 2025&quot;,&quot;location&quot;:&quot;Mimizan, \\u00e0 7 km du camping&quot;,&quot;distance_km&quot;:&quot;7 km&quot;,&quot;description&quot;:&quot;Festival consacr\\u00e9 \\u00e0 la d\\u00e9couverte de la biodiversit\\u00e9, avec ateliers p\\u00e9dagogiques, sorties nature et expositions.&quot;,&quot;type&quot;:&quot;Festival environnemental&quot;,&quot;comment&quot;:&quot;\\u00c9v\\u00e9nement important pour sensibilisation \\u00e0 la nature autour de la r\\u00e9gion.&quot;,&quot;link&quot;:&quot;https:\\\/\\\/www.camping-laclairiere.fr\\\/fr\\\/camping-animations-saint-paul-en-born\\\/&quot;,&quot;image&quot;:&quot;&quot;},&quot;category&quot;:&quot;\\u00c9v\\u00e9nements recommand\\u00e9s&quot;}\">\n\n            <!-- Image + badge cat\u00e9gorie -->\n            <div class=\"em-card-img-wrap\">\n                              <div class=\"em-card-placeholder\">\ud83d\udcf7 Pas d'image<\/div>\n                            <span class=\"em-card-badge badge-event\">\u00c9v\u00e9nements recommand\u00e9s<\/span>\n            <\/div>\n\n            <!-- Contenu de la card -->\n            <div class=\"em-card-body\">\n              <h3 class=\"em-card-title\">Festival Nature et Loutres<\/h3>\n\n              <!-- Tags r\u00e9sum\u00e9s (max 4) -->\n              <div class=\"em-card-tags\">\n                                              <\/div>\n\n              <!-- Champs suppl\u00e9mentaires (max 3) -->\n              <div class=\"em-card-fields\">\n                                  <div class=\"em-card-field\">\n                    <span class=\"em-card-field-label\">Date \/ P\u00e9riode :<\/span>\n                    <span class=\"em-card-field-value\">Juin 2025<\/span>\n                  <\/div>\n                                  <div class=\"em-card-field\">\n                    <span class=\"em-card-field-label\">Lieu (ville) :<\/span>\n                    <span class=\"em-card-field-value\">Mimizan, \u00e0 7 km du camping<\/span>\n                  <\/div>\n                                  <div class=\"em-card-field\">\n                    <span class=\"em-card-field-label\">Distance depuis le camping (km) :<\/span>\n                    <span class=\"em-card-field-value\">7 km<\/span>\n                  <\/div>\n                              <\/div>\n\n              <!-- Lien vers le d\u00e9tail -->\n              <div class=\"em-card-footer\">\n                <span>Voir le d\u00e9tail<\/span>\n                <svg fill=\"none\" viewBox=\"0 0 24 24\" stroke=\"currentColor\" stroke-width=\"2\"><path stroke-linecap=\"round\" stroke-linejoin=\"round\" d=\"M13.5 4.5L21 12m0 0l-7.5 7.5M21 12H3\"><\/path><\/svg>\n              <\/div>\n            <\/div>\n          <\/article>\n                  <article class=\"em-card\"\n            data-type=\"event\"\n            data-features=\"\"\n            data-name=\"journ\u00e9e d\u00e9couverte du patrimoine naturel local\"\n            data-json=\"{&quot;name&quot;:&quot;Journ\\u00e9e D\\u00e9couverte du Patrimoine Naturel local&quot;,&quot;image&quot;:&quot;&quot;,&quot;link&quot;:&quot;https:\\\/\\\/www.camping-laclairiere.fr\\\/fr\\\/camping-animations-saint-paul-en-born\\\/&quot;,&quot;data&quot;:{&quot;name&quot;:&quot;Journ\\u00e9e D\\u00e9couverte du Patrimoine Naturel local&quot;,&quot;date_period&quot;:&quot;Mai 2025&quot;,&quot;location&quot;:&quot;Saint-Paul-en-Born&quot;,&quot;distance_km&quot;:&quot;1 km&quot;,&quot;description&quot;:&quot;Journ\\u00e9e avec visites guid\\u00e9es, expositions et conf\\u00e9rences sur l\\u2019histoire naturelle et l\\u2019environnement local.&quot;,&quot;type&quot;:&quot;\\u00c9v\\u00e9nement culturel&quot;,&quot;comment&quot;:&quot;Approfondir la connaissance de la r\\u00e9gion dans un cadre convivial.&quot;,&quot;link&quot;:&quot;https:\\\/\\\/www.camping-laclairiere.fr\\\/fr\\\/camping-animations-saint-paul-en-born\\\/&quot;,&quot;image&quot;:&quot;&quot;},&quot;category&quot;:&quot;\\u00c9v\\u00e9nements recommand\\u00e9s&quot;}\">\n\n            <!-- Image + badge cat\u00e9gorie -->\n            <div class=\"em-card-img-wrap\">\n                              <div class=\"em-card-placeholder\">\ud83d\udcf7 Pas d'image<\/div>\n                            <span class=\"em-card-badge badge-event\">\u00c9v\u00e9nements recommand\u00e9s<\/span>\n            <\/div>\n\n            <!-- Contenu de la card -->\n            <div class=\"em-card-body\">\n              <h3 class=\"em-card-title\">Journ\u00e9e D\u00e9couverte du Patrimoine Naturel local<\/h3>\n\n              <!-- Tags r\u00e9sum\u00e9s (max 4) -->\n              <div class=\"em-card-tags\">\n                                              <\/div>\n\n              <!-- Champs suppl\u00e9mentaires (max 3) -->\n              <div class=\"em-card-fields\">\n                                  <div class=\"em-card-field\">\n                    <span class=\"em-card-field-label\">Date \/ P\u00e9riode :<\/span>\n                    <span class=\"em-card-field-value\">Mai 2025<\/span>\n                  <\/div>\n                                  <div class=\"em-card-field\">\n                    <span class=\"em-card-field-label\">Lieu (ville) :<\/span>\n                    <span class=\"em-card-field-value\">Saint-Paul-en-Born<\/span>\n                  <\/div>\n                                  <div class=\"em-card-field\">\n                    <span class=\"em-card-field-label\">Distance depuis le camping (km) :<\/span>\n                    <span class=\"em-card-field-value\">1 km<\/span>\n                  <\/div>\n                              <\/div>\n\n              <!-- Lien vers le d\u00e9tail -->\n              <div class=\"em-card-footer\">\n                <span>Voir le d\u00e9tail<\/span>\n                <svg fill=\"none\" viewBox=\"0 0 24 24\" stroke=\"currentColor\" stroke-width=\"2\"><path stroke-linecap=\"round\" stroke-linejoin=\"round\" d=\"M13.5 4.5L21 12m0 0l-7.5 7.5M21 12H3\"><\/path><\/svg>\n              <\/div>\n            <\/div>\n          <\/article>\n                  <article class=\"em-card\"\n            data-type=\"event\"\n            data-features=\"\"\n            data-name=\"animations sportives familiales au city stade\"\n            data-json=\"{&quot;name&quot;:&quot;Animations sportives familiales au city stade&quot;,&quot;image&quot;:&quot;&quot;,&quot;link&quot;:&quot;https:\\\/\\\/www.guide-des-landes.com\\\/fr\\\/tourisme\\\/se-loger\\\/campings\\\/campings-mobil-homes\\\/saint-paul-en-born-275\\\/camping-la-clairiere-691.html&quot;,&quot;data&quot;:{&quot;name&quot;:&quot;Animations sportives familiales au city stade&quot;,&quot;date_period&quot;:&quot;Juillet-Ao\\u00fbt 2025&quot;,&quot;location&quot;:&quot;Saint-Paul-en-Born, \\u00e0 1 km&quot;,&quot;distance_km&quot;:&quot;1 km&quot;,&quot;description&quot;:&quot;Animations sportives et ludiques destin\\u00e9es aux familles, propos\\u00e9es sur le city stade municipal proche du camping.&quot;,&quot;type&quot;:&quot;Animation sportive&quot;,&quot;comment&quot;:&quot;Activit\\u00e9s diversifi\\u00e9es pour petits et grands pendant la saison estivale.&quot;,&quot;link&quot;:&quot;https:\\\/\\\/www.guide-des-landes.com\\\/fr\\\/tourisme\\\/se-loger\\\/campings\\\/campings-mobil-homes\\\/saint-paul-en-born-275\\\/camping-la-clairiere-691.html&quot;,&quot;image&quot;:&quot;&quot;},&quot;category&quot;:&quot;\\u00c9v\\u00e9nements recommand\\u00e9s&quot;}\">\n\n            <!-- Image + badge cat\u00e9gorie -->\n            <div class=\"em-card-img-wrap\">\n                              <div class=\"em-card-placeholder\">\ud83d\udcf7 Pas d'image<\/div>\n                            <span class=\"em-card-badge badge-event\">\u00c9v\u00e9nements recommand\u00e9s<\/span>\n            <\/div>\n\n            <!-- Contenu de la card -->\n            <div class=\"em-card-body\">\n              <h3 class=\"em-card-title\">Animations sportives familiales au city stade<\/h3>\n\n              <!-- Tags r\u00e9sum\u00e9s (max 4) -->\n              <div class=\"em-card-tags\">\n                                              <\/div>\n\n              <!-- Champs suppl\u00e9mentaires (max 3) -->\n              <div class=\"em-card-fields\">\n                                  <div class=\"em-card-field\">\n                    <span class=\"em-card-field-label\">Date \/ P\u00e9riode :<\/span>\n                    <span class=\"em-card-field-value\">Juillet-Ao\u00fbt 2025<\/span>\n                  <\/div>\n                                  <div class=\"em-card-field\">\n                    <span class=\"em-card-field-label\">Lieu (ville) :<\/span>\n                    <span class=\"em-card-field-value\">Saint-Paul-en-Born, \u00e0 1 km<\/span>\n                  <\/div>\n                                  <div class=\"em-card-field\">\n                    <span class=\"em-card-field-label\">Distance depuis le camping (km) :<\/span>\n                    <span class=\"em-card-field-value\">1 km<\/span>\n                  <\/div>\n                              <\/div>\n\n              <!-- Lien vers le d\u00e9tail -->\n              <div class=\"em-card-footer\">\n                <span>Voir le d\u00e9tail<\/span>\n                <svg fill=\"none\" viewBox=\"0 0 24 24\" stroke=\"currentColor\" stroke-width=\"2\"><path stroke-linecap=\"round\" stroke-linejoin=\"round\" d=\"M13.5 4.5L21 12m0 0l-7.5 7.5M21 12H3\"><\/path><\/svg>\n              <\/div>\n            <\/div>\n          <\/article>\n                  <article class=\"em-card\"\n            data-type=\"event\"\n            data-features=\"\"\n            data-name=\"excursion guid\u00e9e pour la d\u00e9couverte de la faune locale\"\n            data-json=\"{&quot;name&quot;:&quot;Excursion guid\\u00e9e pour la d\\u00e9couverte de la faune locale&quot;,&quot;image&quot;:&quot;&quot;,&quot;link&quot;:&quot;https:\\\/\\\/www.guide-des-landes.com\\\/fr\\\/tourisme\\\/se-loger\\\/campings\\\/campings-mobil-homes\\\/saint-paul-en-born-275\\\/camping-la-clairiere-691.html&quot;,&quot;data&quot;:{&quot;name&quot;:&quot;Excursion guid\\u00e9e pour la d\\u00e9couverte de la faune locale&quot;,&quot;date_period&quot;:&quot;Printemps 2025&quot;,&quot;location&quot;:&quot;Environnement forestier proche du camping&quot;,&quot;distance_km&quot;:&quot;2 km&quot;,&quot;description&quot;:&quot;Sorties accompagn\\u00e9es par un guide pour observer animaux sauvages et oiseaux dans leur habitat naturel.&quot;,&quot;type&quot;:&quot;Sortie nature&quot;,&quot;comment&quot;:&quot;Sortie id\\u00e9ale pour les passionn\\u00e9s de faune sauvage.&quot;,&quot;link&quot;:&quot;https:\\\/\\\/www.guide-des-landes.com\\\/fr\\\/tourisme\\\/se-loger\\\/campings\\\/campings-mobil-homes\\\/saint-paul-en-born-275\\\/camping-la-clairiere-691.html&quot;,&quot;image&quot;:&quot;&quot;},&quot;category&quot;:&quot;\\u00c9v\\u00e9nements recommand\\u00e9s&quot;}\">\n\n            <!-- Image + badge cat\u00e9gorie -->\n            <div class=\"em-card-img-wrap\">\n                              <div class=\"em-card-placeholder\">\ud83d\udcf7 Pas d'image<\/div>\n                            <span class=\"em-card-badge badge-event\">\u00c9v\u00e9nements recommand\u00e9s<\/span>\n            <\/div>\n\n            <!-- Contenu de la card -->\n            <div class=\"em-card-body\">\n              <h3 class=\"em-card-title\">Excursion guid\u00e9e pour la d\u00e9couverte de la faune locale<\/h3>\n\n              <!-- Tags r\u00e9sum\u00e9s (max 4) -->\n              <div class=\"em-card-tags\">\n                                              <\/div>\n\n              <!-- Champs suppl\u00e9mentaires (max 3) -->\n              <div class=\"em-card-fields\">\n                                  <div class=\"em-card-field\">\n                    <span class=\"em-card-field-label\">Date \/ P\u00e9riode :<\/span>\n                    <span class=\"em-card-field-value\">Printemps 2025<\/span>\n                  <\/div>\n                                  <div class=\"em-card-field\">\n                    <span class=\"em-card-field-label\">Lieu (ville) :<\/span>\n                    <span class=\"em-card-field-value\">Environnement forestier proche du camping<\/span>\n                  <\/div>\n                                  <div class=\"em-card-field\">\n                    <span class=\"em-card-field-label\">Distance depuis le camping (km) :<\/span>\n                    <span class=\"em-card-field-value\">2 km<\/span>\n                  <\/div>\n                              <\/div>\n\n              <!-- Lien vers le d\u00e9tail -->\n              <div class=\"em-card-footer\">\n                <span>Voir le d\u00e9tail<\/span>\n                <svg fill=\"none\" viewBox=\"0 0 24 24\" stroke=\"currentColor\" stroke-width=\"2\"><path stroke-linecap=\"round\" stroke-linejoin=\"round\" d=\"M13.5 4.5L21 12m0 0l-7.5 7.5M21 12H3\"><\/path><\/svg>\n              <\/div>\n            <\/div>\n          <\/article>\n                  <article class=\"em-card\"\n            data-type=\"event\"\n            data-features=\"\"\n            data-name=\"tournoi amical de p\u00e9tanque\"\n            data-json=\"{&quot;name&quot;:&quot;Tournoi amical de p\\u00e9tanque&quot;,&quot;image&quot;:&quot;&quot;,&quot;link&quot;:&quot;https:\\\/\\\/www.camping-laclairiere.fr\\\/fr\\\/camping-animations-saint-paul-en-born\\\/&quot;,&quot;data&quot;:{&quot;name&quot;:&quot;Tournoi amical de p\\u00e9tanque&quot;,&quot;date_period&quot;:&quot;Juillet 2025&quot;,&quot;location&quot;:&quot;Camping La Clairi\\u00e8re, Saint-Paul-en-Born&quot;,&quot;distance_km&quot;:&quot;0 km&quot;,&quot;description&quot;:&quot;Comp\\u00e9tition conviviale et accessible \\u00e0 tous dans l\\u2019enceinte du camping.&quot;,&quot;type&quot;:&quot;Animation sportive&quot;,&quot;comment&quot;:&quot;Id\\u00e9al pour rencontrer les autres vacanciers et passer un bon moment.&quot;,&quot;link&quot;:&quot;https:\\\/\\\/www.camping-laclairiere.fr\\\/fr\\\/camping-animations-saint-paul-en-born\\\/&quot;,&quot;image&quot;:&quot;&quot;},&quot;category&quot;:&quot;\\u00c9v\\u00e9nements recommand\\u00e9s&quot;}\">\n\n            <!-- Image + badge cat\u00e9gorie -->\n            <div class=\"em-card-img-wrap\">\n                              <div class=\"em-card-placeholder\">\ud83d\udcf7 Pas d'image<\/div>\n                            <span class=\"em-card-badge badge-event\">\u00c9v\u00e9nements recommand\u00e9s<\/span>\n            <\/div>\n\n            <!-- Contenu de la card -->\n            <div class=\"em-card-body\">\n              <h3 class=\"em-card-title\">Tournoi amical de p\u00e9tanque<\/h3>\n\n              <!-- Tags r\u00e9sum\u00e9s (max 4) -->\n              <div class=\"em-card-tags\">\n                                              <\/div>\n\n              <!-- Champs suppl\u00e9mentaires (max 3) -->\n              <div class=\"em-card-fields\">\n                                  <div class=\"em-card-field\">\n                    <span class=\"em-card-field-label\">Date \/ P\u00e9riode :<\/span>\n                    <span class=\"em-card-field-value\">Juillet 2025<\/span>\n                  <\/div>\n                                  <div class=\"em-card-field\">\n                    <span class=\"em-card-field-label\">Lieu (ville) :<\/span>\n                    <span class=\"em-card-field-value\">Camping La Clairi\u00e8re, Saint-Paul-en-Born<\/span>\n                  <\/div>\n                                  <div class=\"em-card-field\">\n                    <span class=\"em-card-field-label\">Distance depuis le camping (km) :<\/span>\n                    <span class=\"em-card-field-value\">0 km<\/span>\n                  <\/div>\n                              <\/div>\n\n              <!-- Lien vers le d\u00e9tail -->\n              <div class=\"em-card-footer\">\n                <span>Voir le d\u00e9tail<\/span>\n                <svg fill=\"none\" viewBox=\"0 0 24 24\" stroke=\"currentColor\" stroke-width=\"2\"><path stroke-linecap=\"round\" stroke-linejoin=\"round\" d=\"M13.5 4.5L21 12m0 0l-7.5 7.5M21 12H3\"><\/path><\/svg>\n              <\/div>\n            <\/div>\n          <\/article>\n                  <article class=\"em-card\"\n            data-type=\"event\"\n            data-features=\"\"\n            data-name=\"atelier d\u2019initiation au tennis de table\"\n            data-json=\"{&quot;name&quot;:&quot;Atelier d\\u2019initiation au tennis de table&quot;,&quot;image&quot;:&quot;&quot;,&quot;link&quot;:&quot;https:\\\/\\\/www.guide-des-landes.com\\\/fr\\\/tourisme\\\/se-loger\\\/campings\\\/campings-mobil-homes\\\/saint-paul-en-born-275\\\/camping-la-clairiere-691.html&quot;,&quot;data&quot;:{&quot;name&quot;:&quot;Atelier d\\u2019initiation au tennis de table&quot;,&quot;date_period&quot;:&quot;Ao\\u00fbt 2025&quot;,&quot;location&quot;:&quot;Camping La Clairi\\u00e8re&quot;,&quot;distance_km&quot;:&quot;0 km&quot;,&quot;description&quot;:&quot;Sessions d\\u2019apprentissage pour adultes et enfants afin de pratiquer le tennis de table sur place.&quot;,&quot;type&quot;:&quot;Atelier sportif&quot;,&quot;comment&quot;:&quot;Activit\\u00e9 innovante propos\\u00e9e sur le camping, accessible \\u00e0 tous niveaux.&quot;,&quot;link&quot;:&quot;https:\\\/\\\/www.guide-des-landes.com\\\/fr\\\/tourisme\\\/se-loger\\\/campings\\\/campings-mobil-homes\\\/saint-paul-en-born-275\\\/camping-la-clairiere-691.html&quot;,&quot;image&quot;:&quot;&quot;},&quot;category&quot;:&quot;\\u00c9v\\u00e9nements recommand\\u00e9s&quot;}\">\n\n            <!-- Image + badge cat\u00e9gorie -->\n            <div class=\"em-card-img-wrap\">\n                              <div class=\"em-card-placeholder\">\ud83d\udcf7 Pas d'image<\/div>\n                            <span class=\"em-card-badge badge-event\">\u00c9v\u00e9nements recommand\u00e9s<\/span>\n            <\/div>\n\n            <!-- Contenu de la card -->\n            <div class=\"em-card-body\">\n              <h3 class=\"em-card-title\">Atelier d\u2019initiation au tennis de table<\/h3>\n\n              <!-- Tags r\u00e9sum\u00e9s (max 4) -->\n              <div class=\"em-card-tags\">\n                                              <\/div>\n\n              <!-- Champs suppl\u00e9mentaires (max 3) -->\n              <div class=\"em-card-fields\">\n                                  <div class=\"em-card-field\">\n                    <span class=\"em-card-field-label\">Date \/ P\u00e9riode :<\/span>\n                    <span class=\"em-card-field-value\">Ao\u00fbt 2025<\/span>\n                  <\/div>\n                                  <div class=\"em-card-field\">\n                    <span class=\"em-card-field-label\">Lieu (ville) :<\/span>\n                    <span class=\"em-card-field-value\">Camping La Clairi\u00e8re<\/span>\n                  <\/div>\n                                  <div class=\"em-card-field\">\n                    <span class=\"em-card-field-label\">Distance depuis le camping (km) :<\/span>\n                    <span class=\"em-card-field-value\">0 km<\/span>\n                  <\/div>\n                              <\/div>\n\n              <!-- Lien vers le d\u00e9tail -->\n              <div class=\"em-card-footer\">\n                <span>Voir le d\u00e9tail<\/span>\n                <svg fill=\"none\" viewBox=\"0 0 24 24\" stroke=\"currentColor\" stroke-width=\"2\"><path stroke-linecap=\"round\" stroke-linejoin=\"round\" d=\"M13.5 4.5L21 12m0 0l-7.5 7.5M21 12H3\"><\/path><\/svg>\n              <\/div>\n            <\/div>\n          <\/article>\n                  <article class=\"em-card\"\n            data-type=\"event\"\n            data-features=\"\"\n            data-name=\"soir\u00e9es barbecue conviviaux au camping\"\n            data-json=\"{&quot;name&quot;:&quot;Soir\\u00e9es barbecue conviviaux au camping&quot;,&quot;image&quot;:&quot;&quot;,&quot;link&quot;:&quot;https:\\\/\\\/www.camping-laclairiere.fr\\\/fr\\\/camping-animations-saint-paul-en-born\\\/&quot;,&quot;data&quot;:{&quot;name&quot;:&quot;Soir\\u00e9es barbecue conviviaux au camping&quot;,&quot;date_period&quot;:&quot;Saison estivale 2025&quot;,&quot;location&quot;:&quot;Camping La Clairi\\u00e8re&quot;,&quot;distance_km&quot;:&quot;0 km&quot;,&quot;description&quot;:&quot;Rassemblements autour d\\u2019un barbecue collectif avec \\u00e9changes et animations l\\u00e9g\\u00e8res.&quot;,&quot;type&quot;:&quot;Animation sociale&quot;,&quot;comment&quot;:&quot;Moment de partage et de d\\u00e9tente pour tous les vacanciers.&quot;,&quot;link&quot;:&quot;https:\\\/\\\/www.camping-laclairiere.fr\\\/fr\\\/camping-animations-saint-paul-en-born\\\/&quot;,&quot;image&quot;:&quot;&quot;},&quot;category&quot;:&quot;\\u00c9v\\u00e9nements recommand\\u00e9s&quot;}\">\n\n            <!-- Image + badge cat\u00e9gorie -->\n            <div class=\"em-card-img-wrap\">\n                              <div class=\"em-card-placeholder\">\ud83d\udcf7 Pas d'image<\/div>\n                            <span class=\"em-card-badge badge-event\">\u00c9v\u00e9nements recommand\u00e9s<\/span>\n            <\/div>\n\n            <!-- Contenu de la card -->\n            <div class=\"em-card-body\">\n              <h3 class=\"em-card-title\">Soir\u00e9es barbecue conviviaux au camping<\/h3>\n\n              <!-- Tags r\u00e9sum\u00e9s (max 4) -->\n              <div class=\"em-card-tags\">\n                                              <\/div>\n\n              <!-- Champs suppl\u00e9mentaires (max 3) -->\n              <div class=\"em-card-fields\">\n                                  <div class=\"em-card-field\">\n                    <span class=\"em-card-field-label\">Date \/ P\u00e9riode :<\/span>\n                    <span class=\"em-card-field-value\">Saison estivale 2025<\/span>\n                  <\/div>\n                                  <div class=\"em-card-field\">\n                    <span class=\"em-card-field-label\">Lieu (ville) :<\/span>\n                    <span class=\"em-card-field-value\">Camping La Clairi\u00e8re<\/span>\n                  <\/div>\n                                  <div class=\"em-card-field\">\n                    <span class=\"em-card-field-label\">Distance depuis le camping (km) :<\/span>\n                    <span class=\"em-card-field-value\">0 km<\/span>\n                  <\/div>\n                              <\/div>\n\n              <!-- Lien vers le d\u00e9tail -->\n              <div class=\"em-card-footer\">\n                <span>Voir le d\u00e9tail<\/span>\n                <svg fill=\"none\" viewBox=\"0 0 24 24\" stroke=\"currentColor\" stroke-width=\"2\"><path stroke-linecap=\"round\" stroke-linejoin=\"round\" d=\"M13.5 4.5L21 12m0 0l-7.5 7.5M21 12H3\"><\/path><\/svg>\n              <\/div>\n            <\/div>\n          <\/article>\n                  <article class=\"em-card\"\n            data-type=\"event\"\n            data-features=\"\"\n            data-name=\"animations estivales au restaurant du camping\"\n            data-json=\"{&quot;name&quot;:&quot;Animations estivales au restaurant du camping&quot;,&quot;image&quot;:&quot;&quot;,&quot;link&quot;:&quot;https:\\\/\\\/www.camping-laclairiere.fr\\\/fr\\\/camping-animations-saint-paul-en-born\\\/&quot;,&quot;data&quot;:{&quot;name&quot;:&quot;Animations estivales au restaurant du camping&quot;,&quot;date_period&quot;:&quot;Juillet-Ao\\u00fbt 2025&quot;,&quot;location&quot;:&quot;Restaurant Camping La Clairi\\u00e8re&quot;,&quot;distance_km&quot;:&quot;0 km&quot;,&quot;description&quot;:&quot;Animations musicales et conviviales en soir\\u00e9e, compl\\u00e9tant l\\u2019offre gastronomique du camping.&quot;,&quot;type&quot;:&quot;Animation festive&quot;,&quot;comment&quot;:&quot;Propose une ambiance chaleureuse et d\\u00e9tendue pour les repas.&quot;,&quot;link&quot;:&quot;https:\\\/\\\/www.camping-laclairiere.fr\\\/fr\\\/camping-animations-saint-paul-en-born\\\/&quot;,&quot;image&quot;:&quot;&quot;},&quot;category&quot;:&quot;\\u00c9v\\u00e9nements recommand\\u00e9s&quot;}\">\n\n            <!-- Image + badge cat\u00e9gorie -->\n            <div class=\"em-card-img-wrap\">\n                              <div class=\"em-card-placeholder\">\ud83d\udcf7 Pas d'image<\/div>\n                            <span class=\"em-card-badge badge-event\">\u00c9v\u00e9nements recommand\u00e9s<\/span>\n            <\/div>\n\n            <!-- Contenu de la card -->\n            <div class=\"em-card-body\">\n              <h3 class=\"em-card-title\">Animations estivales au restaurant du camping<\/h3>\n\n              <!-- Tags r\u00e9sum\u00e9s (max 4) -->\n              <div class=\"em-card-tags\">\n                                              <\/div>\n\n              <!-- Champs suppl\u00e9mentaires (max 3) -->\n              <div class=\"em-card-fields\">\n                                  <div class=\"em-card-field\">\n                    <span class=\"em-card-field-label\">Date \/ P\u00e9riode :<\/span>\n                    <span class=\"em-card-field-value\">Juillet-Ao\u00fbt 2025<\/span>\n                  <\/div>\n                                  <div class=\"em-card-field\">\n                    <span class=\"em-card-field-label\">Lieu (ville) :<\/span>\n                    <span class=\"em-card-field-value\">Restaurant Camping La Clairi\u00e8re<\/span>\n                  <\/div>\n                                  <div class=\"em-card-field\">\n                    <span class=\"em-card-field-label\">Distance depuis le camping (km) :<\/span>\n                    <span class=\"em-card-field-value\">0 km<\/span>\n                  <\/div>\n                              <\/div>\n\n              <!-- Lien vers le d\u00e9tail -->\n              <div class=\"em-card-footer\">\n                <span>Voir le d\u00e9tail<\/span>\n                <svg fill=\"none\" viewBox=\"0 0 24 24\" stroke=\"currentColor\" stroke-width=\"2\"><path stroke-linecap=\"round\" stroke-linejoin=\"round\" d=\"M13.5 4.5L21 12m0 0l-7.5 7.5M21 12H3\"><\/path><\/svg>\n              <\/div>\n            <\/div>\n          <\/article>\n                  <article class=\"em-card\"\n            data-type=\"event\"\n            data-features=\"\"\n            data-name=\"sorties nature guid\u00e9es \u00e0 v\u00e9lo\"\n            data-json=\"{&quot;name&quot;:&quot;Sorties nature guid\\u00e9es \\u00e0 v\\u00e9lo&quot;,&quot;image&quot;:&quot;&quot;,&quot;link&quot;:&quot;https:\\\/\\\/www.camping-laclairiere.fr\\\/fr\\\/camping-animations-saint-paul-en-born\\\/&quot;,&quot;data&quot;:{&quot;name&quot;:&quot;Sorties nature guid\\u00e9es \\u00e0 v\\u00e9lo&quot;,&quot;date_period&quot;:&quot;Saison 2025&quot;,&quot;location&quot;:&quot;Environs imm\\u00e9diats du camping&quot;,&quot;distance_km&quot;:&quot;0-5 km&quot;,&quot;description&quot;:&quot;Balades encadr\\u00e9es \\u00e0 v\\u00e9lo le long de pistes cyclables dont la V\\u00e9lodys\\u00e9e, pour d\\u00e9couvrir la r\\u00e9gion.&quot;,&quot;type&quot;:&quot;Sortie sportive&quot;,&quot;comment&quot;:&quot;Excellente activit\\u00e9 pour allier sport et d\\u00e9couverte naturelle.&quot;,&quot;link&quot;:&quot;https:\\\/\\\/www.camping-laclairiere.fr\\\/fr\\\/camping-animations-saint-paul-en-born\\\/&quot;,&quot;image&quot;:&quot;&quot;},&quot;category&quot;:&quot;\\u00c9v\\u00e9nements recommand\\u00e9s&quot;}\">\n\n            <!-- Image + badge cat\u00e9gorie -->\n            <div class=\"em-card-img-wrap\">\n                              <div class=\"em-card-placeholder\">\ud83d\udcf7 Pas d'image<\/div>\n                            <span class=\"em-card-badge badge-event\">\u00c9v\u00e9nements recommand\u00e9s<\/span>\n            <\/div>\n\n            <!-- Contenu de la card -->\n            <div class=\"em-card-body\">\n              <h3 class=\"em-card-title\">Sorties nature guid\u00e9es \u00e0 v\u00e9lo<\/h3>\n\n              <!-- Tags r\u00e9sum\u00e9s (max 4) -->\n              <div class=\"em-card-tags\">\n                                              <\/div>\n\n              <!-- Champs suppl\u00e9mentaires (max 3) -->\n              <div class=\"em-card-fields\">\n                                  <div class=\"em-card-field\">\n                    <span class=\"em-card-field-label\">Date \/ P\u00e9riode :<\/span>\n                    <span class=\"em-card-field-value\">Saison 2025<\/span>\n                  <\/div>\n                                  <div class=\"em-card-field\">\n                    <span class=\"em-card-field-label\">Lieu (ville) :<\/span>\n                    <span class=\"em-card-field-value\">Environs imm\u00e9diats du camping<\/span>\n                  <\/div>\n                                  <div class=\"em-card-field\">\n                    <span class=\"em-card-field-label\">Distance depuis le camping (km) :<\/span>\n                    <span class=\"em-card-field-value\">0-5 km<\/span>\n                  <\/div>\n                              <\/div>\n\n              <!-- Lien vers le d\u00e9tail -->\n              <div class=\"em-card-footer\">\n                <span>Voir le d\u00e9tail<\/span>\n                <svg fill=\"none\" viewBox=\"0 0 24 24\" stroke=\"currentColor\" stroke-width=\"2\"><path stroke-linecap=\"round\" stroke-linejoin=\"round\" d=\"M13.5 4.5L21 12m0 0l-7.5 7.5M21 12H3\"><\/path><\/svg>\n              <\/div>\n            <\/div>\n          <\/article>\n                  <article class=\"em-card\"\n            data-type=\"event\"\n            data-features=\"\"\n            data-name=\"atelier de d\u00e9couverte de la biodiversit\u00e9 foresti\u00e8re\"\n            data-json=\"{&quot;name&quot;:&quot;Atelier de d\\u00e9couverte de la biodiversit\\u00e9 foresti\\u00e8re&quot;,&quot;image&quot;:&quot;&quot;,&quot;link&quot;:&quot;https:\\\/\\\/www.guide-des-landes.com\\\/fr\\\/tourisme\\\/se-loger\\\/campings\\\/campings-mobil-homes\\\/saint-paul-en-born-275\\\/camping-la-clairiere-691.html&quot;,&quot;data&quot;:{&quot;name&quot;:&quot;Atelier de d\\u00e9couverte de la biodiversit\\u00e9 foresti\\u00e8re&quot;,&quot;date_period&quot;:&quot;Printemps 2025&quot;,&quot;location&quot;:&quot;For\\u00eat autour de Saint-Paul-en-Born&quot;,&quot;distance_km&quot;:&quot;2 km&quot;,&quot;description&quot;:&quot;Atelier p\\u00e9dagogique pour mieux conna\\u00eetre la flore et la faune sp\\u00e9cifiques de la for\\u00eat landaise.&quot;,&quot;type&quot;:&quot;Atelier nature&quot;,&quot;comment&quot;:&quot;Participez \\u00e0 une exp\\u00e9rience \\u00e9ducative enrichissante proche du camping.&quot;,&quot;link&quot;:&quot;https:\\\/\\\/www.guide-des-landes.com\\\/fr\\\/tourisme\\\/se-loger\\\/campings\\\/campings-mobil-homes\\\/saint-paul-en-born-275\\\/camping-la-clairiere-691.html&quot;,&quot;image&quot;:&quot;&quot;},&quot;category&quot;:&quot;\\u00c9v\\u00e9nements recommand\\u00e9s&quot;}\">\n\n            <!-- Image + badge cat\u00e9gorie -->\n            <div class=\"em-card-img-wrap\">\n                              <div class=\"em-card-placeholder\">\ud83d\udcf7 Pas d'image<\/div>\n                            <span class=\"em-card-badge badge-event\">\u00c9v\u00e9nements recommand\u00e9s<\/span>\n            <\/div>\n\n            <!-- Contenu de la card -->\n            <div class=\"em-card-body\">\n              <h3 class=\"em-card-title\">Atelier de d\u00e9couverte de la biodiversit\u00e9 foresti\u00e8re<\/h3>\n\n              <!-- Tags r\u00e9sum\u00e9s (max 4) -->\n              <div class=\"em-card-tags\">\n                                              <\/div>\n\n              <!-- Champs suppl\u00e9mentaires (max 3) -->\n              <div class=\"em-card-fields\">\n                                  <div class=\"em-card-field\">\n                    <span class=\"em-card-field-label\">Date \/ P\u00e9riode :<\/span>\n                    <span class=\"em-card-field-value\">Printemps 2025<\/span>\n                  <\/div>\n                                  <div class=\"em-card-field\">\n                    <span class=\"em-card-field-label\">Lieu (ville) :<\/span>\n                    <span class=\"em-card-field-value\">For\u00eat autour de Saint-Paul-en-Born<\/span>\n                  <\/div>\n                                  <div class=\"em-card-field\">\n                    <span class=\"em-card-field-label\">Distance depuis le camping (km) :<\/span>\n                    <span class=\"em-card-field-value\">2 km<\/span>\n                  <\/div>\n                              <\/div>\n\n              <!-- Lien vers le d\u00e9tail -->\n              <div class=\"em-card-footer\">\n                <span>Voir le d\u00e9tail<\/span>\n                <svg fill=\"none\" viewBox=\"0 0 24 24\" stroke=\"currentColor\" stroke-width=\"2\"><path stroke-linecap=\"round\" stroke-linejoin=\"round\" d=\"M13.5 4.5L21 12m0 0l-7.5 7.5M21 12H3\"><\/path><\/svg>\n              <\/div>\n            <\/div>\n          <\/article>\n                  <article class=\"em-card\"\n            data-type=\"event\"\n            data-features=\"\"\n            data-name=\"atelier d\u00e9couverte des \u00e9toiles et observation astronomique\"\n            data-json=\"{&quot;name&quot;:&quot;Atelier d\\u00e9couverte des \\u00e9toiles et observation astronomique&quot;,&quot;image&quot;:&quot;&quot;,&quot;link&quot;:&quot;https:\\\/\\\/www.guide-des-landes.com\\\/fr\\\/tourisme\\\/se-loger\\\/campings\\\/campings-mobil-homes\\\/saint-paul-en-born-275\\\/camping-la-clairiere-691.html&quot;,&quot;data&quot;:{&quot;name&quot;:&quot;Atelier d\\u00e9couverte des \\u00e9toiles et observation astronomique&quot;,&quot;date_period&quot;:&quot;de juin \\u00e0 septembre 2025&quot;,&quot;location&quot;:&quot;Saint-Paul-en-Born, proche du camping La Clairi\\u00e8re&quot;,&quot;distance_km&quot;:&quot;1 km&quot;,&quot;description&quot;:&quot;Atelier d&#039;initiation \\u00e0 l&#039;astronomie avec observation du ciel nocturne et explications sur les constellations et la boussole c\\u00e9leste, organis\\u00e9 dans le cadre d&#039;Automne en Sc\\u00e8ne.&quot;,&quot;type&quot;:&quot;Atelier&quot;,&quot;comment&quot;:&quot;Activit\\u00e9 familiale et \\u00e9ducative pour d\\u00e9couvrir le ciel landais \\u00e0 la nuit tomb\\u00e9e.&quot;,&quot;link&quot;:&quot;https:\\\/\\\/www.guide-des-landes.com\\\/fr\\\/tourisme\\\/se-loger\\\/campings\\\/campings-mobil-homes\\\/saint-paul-en-born-275\\\/camping-la-clairiere-691.html&quot;,&quot;image&quot;:&quot;&quot;},&quot;category&quot;:&quot;\\u00c9v\\u00e9nements recommand\\u00e9s&quot;}\">\n\n            <!-- Image + badge cat\u00e9gorie -->\n            <div class=\"em-card-img-wrap\">\n                              <div class=\"em-card-placeholder\">\ud83d\udcf7 Pas d'image<\/div>\n                            <span class=\"em-card-badge badge-event\">\u00c9v\u00e9nements recommand\u00e9s<\/span>\n            <\/div>\n\n            <!-- Contenu de la card -->\n            <div class=\"em-card-body\">\n              <h3 class=\"em-card-title\">Atelier d\u00e9couverte des \u00e9toiles et observation astronomique<\/h3>\n\n              <!-- Tags r\u00e9sum\u00e9s (max 4) -->\n              <div class=\"em-card-tags\">\n                                              <\/div>\n\n              <!-- Champs suppl\u00e9mentaires (max 3) -->\n              <div class=\"em-card-fields\">\n                                  <div class=\"em-card-field\">\n                    <span class=\"em-card-field-label\">Date \/ P\u00e9riode :<\/span>\n                    <span class=\"em-card-field-value\">de juin \u00e0 septembre 2025<\/span>\n                  <\/div>\n                                  <div class=\"em-card-field\">\n                    <span class=\"em-card-field-label\">Lieu (ville) :<\/span>\n                    <span class=\"em-card-field-value\">Saint-Paul-en-Born, proche du camping La Clairi\u00e8re<\/span>\n                  <\/div>\n                                  <div class=\"em-card-field\">\n                    <span class=\"em-card-field-label\">Distance depuis le camping (km) :<\/span>\n                    <span class=\"em-card-field-value\">1 km<\/span>\n                  <\/div>\n                              <\/div>\n\n              <!-- Lien vers le d\u00e9tail -->\n              <div class=\"em-card-footer\">\n                <span>Voir le d\u00e9tail<\/span>\n                <svg fill=\"none\" viewBox=\"0 0 24 24\" stroke=\"currentColor\" stroke-width=\"2\"><path stroke-linecap=\"round\" stroke-linejoin=\"round\" d=\"M13.5 4.5L21 12m0 0l-7.5 7.5M21 12H3\"><\/path><\/svg>\n              <\/div>\n            <\/div>\n          <\/article>\n                  <article class=\"em-card\"\n            data-type=\"event\"\n            data-features=\"\"\n            data-name=\"f\u00eates traditionnelles de saint-paul-en-born avec bandas et repas landais\"\n            data-json=\"{&quot;name&quot;:&quot;F\\u00eates traditionnelles de Saint-Paul-en-Born avec bandas et repas landais&quot;,&quot;image&quot;:&quot;&quot;,&quot;link&quot;:&quot;https:\\\/\\\/www.campingsluxe.fr\\\/aquitaine\\\/landes\\\/saint-paul-en-born\\\/a-34908&quot;,&quot;data&quot;:{&quot;name&quot;:&quot;F\\u00eates traditionnelles de Saint-Paul-en-Born avec bandas et repas landais&quot;,&quot;date_period&quot;:&quot;\\u00e9t\\u00e9 2025&quot;,&quot;location&quot;:&quot;Saint-Paul-en-Born&quot;,&quot;distance_km&quot;:&quot;0 km&quot;,&quot;description&quot;:&quot;Animations festives locales avec musiques bandas, repas typiques landais et danses traditionnelles pour une ambiance conviviale et culturelle.&quot;,&quot;type&quot;:&quot;F\\u00eate traditionnelle&quot;,&quot;comment&quot;:&quot;Permet de d\\u00e9couvrir la culture et la gastronomie du Sud-Ouest dans l&#039;ambiance villageoise.&quot;,&quot;link&quot;:&quot;https:\\\/\\\/www.campingsluxe.fr\\\/aquitaine\\\/landes\\\/saint-paul-en-born\\\/a-34908&quot;,&quot;image&quot;:&quot;&quot;},&quot;category&quot;:&quot;\\u00c9v\\u00e9nements recommand\\u00e9s&quot;}\">\n\n            <!-- Image + badge cat\u00e9gorie -->\n            <div class=\"em-card-img-wrap\">\n                              <div class=\"em-card-placeholder\">\ud83d\udcf7 Pas d'image<\/div>\n                            <span class=\"em-card-badge badge-event\">\u00c9v\u00e9nements recommand\u00e9s<\/span>\n            <\/div>\n\n            <!-- Contenu de la card -->\n            <div class=\"em-card-body\">\n              <h3 class=\"em-card-title\">F\u00eates traditionnelles de Saint-Paul-en-Born avec bandas et repas landais<\/h3>\n\n              <!-- Tags r\u00e9sum\u00e9s (max 4) -->\n              <div class=\"em-card-tags\">\n                                              <\/div>\n\n              <!-- Champs suppl\u00e9mentaires (max 3) -->\n              <div class=\"em-card-fields\">\n                                  <div class=\"em-card-field\">\n                    <span class=\"em-card-field-label\">Date \/ P\u00e9riode :<\/span>\n                    <span class=\"em-card-field-value\">\u00e9t\u00e9 2025<\/span>\n                  <\/div>\n                                  <div class=\"em-card-field\">\n                    <span class=\"em-card-field-label\">Lieu (ville) :<\/span>\n                    <span class=\"em-card-field-value\">Saint-Paul-en-Born<\/span>\n                  <\/div>\n                                  <div class=\"em-card-field\">\n                    <span class=\"em-card-field-label\">Distance depuis le camping (km) :<\/span>\n                    <span class=\"em-card-field-value\">0 km<\/span>\n                  <\/div>\n                              <\/div>\n\n              <!-- Lien vers le d\u00e9tail -->\n              <div class=\"em-card-footer\">\n                <span>Voir le d\u00e9tail<\/span>\n                <svg fill=\"none\" viewBox=\"0 0 24 24\" stroke=\"currentColor\" stroke-width=\"2\"><path stroke-linecap=\"round\" stroke-linejoin=\"round\" d=\"M13.5 4.5L21 12m0 0l-7.5 7.5M21 12H3\"><\/path><\/svg>\n              <\/div>\n            <\/div>\n          <\/article>\n                  <article class=\"em-card\"\n            data-type=\"event\"\n            data-features=\"\"\n            data-name=\"march\u00e9 artisanal et gastronomique de saint-paul-en-born\"\n            data-json=\"{&quot;name&quot;:&quot;March\\u00e9 artisanal et gastronomique de Saint-Paul-en-Born&quot;,&quot;image&quot;:&quot;&quot;,&quot;link&quot;:&quot;https:\\\/\\\/www.camping-laclairiere.fr\\\/fr\\\/camping-animations-saint-paul-en-born\\\/&quot;,&quot;data&quot;:{&quot;name&quot;:&quot;March\\u00e9 artisanal et gastronomique de Saint-Paul-en-Born&quot;,&quot;date_period&quot;:&quot;tous les samedis matin de la saison estivale 2025&quot;,&quot;location&quot;:&quot;Saint-Paul-en-Born&quot;,&quot;distance_km&quot;:&quot;1 km&quot;,&quot;description&quot;:&quot;March\\u00e9 proposant des produits locaux, artisanaux et gastronomiques typiques de la r\\u00e9gion des Landes.&quot;,&quot;type&quot;:&quot;March\\u00e9&quot;,&quot;comment&quot;:&quot;Id\\u00e9al pour go\\u00fbter et acheter des sp\\u00e9cialit\\u00e9s landaises \\u00e0 proximit\\u00e9 imm\\u00e9diate du camping.&quot;,&quot;link&quot;:&quot;https:\\\/\\\/www.camping-laclairiere.fr\\\/fr\\\/camping-animations-saint-paul-en-born\\\/&quot;,&quot;image&quot;:&quot;&quot;},&quot;category&quot;:&quot;\\u00c9v\\u00e9nements recommand\\u00e9s&quot;}\">\n\n            <!-- Image + badge cat\u00e9gorie -->\n            <div class=\"em-card-img-wrap\">\n                              <div class=\"em-card-placeholder\">\ud83d\udcf7 Pas d'image<\/div>\n                            <span class=\"em-card-badge badge-event\">\u00c9v\u00e9nements recommand\u00e9s<\/span>\n            <\/div>\n\n            <!-- Contenu de la card -->\n            <div class=\"em-card-body\">\n              <h3 class=\"em-card-title\">March\u00e9 artisanal et gastronomique de Saint-Paul-en-Born<\/h3>\n\n              <!-- Tags r\u00e9sum\u00e9s (max 4) -->\n              <div class=\"em-card-tags\">\n                                              <\/div>\n\n              <!-- Champs suppl\u00e9mentaires (max 3) -->\n              <div class=\"em-card-fields\">\n                                  <div class=\"em-card-field\">\n                    <span class=\"em-card-field-label\">Date \/ P\u00e9riode :<\/span>\n                    <span class=\"em-card-field-value\">tous les samedis matin de la saison estivale 2025<\/span>\n                  <\/div>\n                                  <div class=\"em-card-field\">\n                    <span class=\"em-card-field-label\">Lieu (ville) :<\/span>\n                    <span class=\"em-card-field-value\">Saint-Paul-en-Born<\/span>\n                  <\/div>\n                                  <div class=\"em-card-field\">\n                    <span class=\"em-card-field-label\">Distance depuis le camping (km) :<\/span>\n                    <span class=\"em-card-field-value\">1 km<\/span>\n                  <\/div>\n                              <\/div>\n\n              <!-- Lien vers le d\u00e9tail -->\n              <div class=\"em-card-footer\">\n                <span>Voir le d\u00e9tail<\/span>\n                <svg fill=\"none\" viewBox=\"0 0 24 24\" stroke=\"currentColor\" stroke-width=\"2\"><path stroke-linecap=\"round\" stroke-linejoin=\"round\" d=\"M13.5 4.5L21 12m0 0l-7.5 7.5M21 12H3\"><\/path><\/svg>\n              <\/div>\n            <\/div>\n          <\/article>\n                  <article class=\"em-card\"\n            data-type=\"event\"\n            data-features=\"\"\n            data-name=\"balades guid\u00e9es en for\u00eat des landes\"\n            data-json=\"{&quot;name&quot;:&quot;Balades guid\\u00e9es en for\\u00eat des Landes&quot;,&quot;image&quot;:&quot;&quot;,&quot;link&quot;:&quot;https:\\\/\\\/www.camping-laclairiere.fr\\\/fr\\\/&quot;,&quot;data&quot;:{&quot;name&quot;:&quot;Balades guid\\u00e9es en for\\u00eat des Landes&quot;,&quot;date_period&quot;:&quot;printemps-\\u00e9t\\u00e9 2025&quot;,&quot;location&quot;:&quot;For\\u00eat landaise aux alentours de Saint-Paul-en-Born&quot;,&quot;distance_km&quot;:&quot;1 km&quot;,&quot;description&quot;:&quot;Randonn\\u00e9es accompagn\\u00e9es pour d\\u00e9couvrir la faune, la flore et les sp\\u00e9cificit\\u00e9s de la grande for\\u00eat des Landes.&quot;,&quot;type&quot;:&quot;Randonn\\u00e9e guid\\u00e9e&quot;,&quot;comment&quot;:&quot;Accessible \\u00e0 tous les niveaux, parfait pour les amoureux de nature et de tranquillit\\u00e9.&quot;,&quot;link&quot;:&quot;https:\\\/\\\/www.camping-laclairiere.fr\\\/fr\\\/&quot;,&quot;image&quot;:&quot;&quot;},&quot;category&quot;:&quot;\\u00c9v\\u00e9nements recommand\\u00e9s&quot;}\">\n\n            <!-- Image + badge cat\u00e9gorie -->\n            <div class=\"em-card-img-wrap\">\n                              <div class=\"em-card-placeholder\">\ud83d\udcf7 Pas d'image<\/div>\n                            <span class=\"em-card-badge badge-event\">\u00c9v\u00e9nements recommand\u00e9s<\/span>\n            <\/div>\n\n            <!-- Contenu de la card -->\n            <div class=\"em-card-body\">\n              <h3 class=\"em-card-title\">Balades guid\u00e9es en for\u00eat des Landes<\/h3>\n\n              <!-- Tags r\u00e9sum\u00e9s (max 4) -->\n              <div class=\"em-card-tags\">\n                                              <\/div>\n\n              <!-- Champs suppl\u00e9mentaires (max 3) -->\n              <div class=\"em-card-fields\">\n                                  <div class=\"em-card-field\">\n                    <span class=\"em-card-field-label\">Date \/ P\u00e9riode :<\/span>\n                    <span class=\"em-card-field-value\">printemps-\u00e9t\u00e9 2025<\/span>\n                  <\/div>\n                                  <div class=\"em-card-field\">\n                    <span class=\"em-card-field-label\">Lieu (ville) :<\/span>\n                    <span class=\"em-card-field-value\">For\u00eat landaise aux alentours de Saint-Paul-en-Born<\/span>\n                  <\/div>\n                                  <div class=\"em-card-field\">\n                    <span class=\"em-card-field-label\">Distance depuis le camping (km) :<\/span>\n                    <span class=\"em-card-field-value\">1 km<\/span>\n                  <\/div>\n                              <\/div>\n\n              <!-- Lien vers le d\u00e9tail -->\n              <div class=\"em-card-footer\">\n                <span>Voir le d\u00e9tail<\/span>\n                <svg fill=\"none\" viewBox=\"0 0 24 24\" stroke=\"currentColor\" stroke-width=\"2\"><path stroke-linecap=\"round\" stroke-linejoin=\"round\" d=\"M13.5 4.5L21 12m0 0l-7.5 7.5M21 12H3\"><\/path><\/svg>\n              <\/div>\n            <\/div>\n          <\/article>\n                  <article class=\"em-card\"\n            data-type=\"event\"\n            data-features=\"\"\n            data-name=\"atelier d\u00e9gustation de vins et produits locaux\"\n            data-json=\"{&quot;name&quot;:&quot;Atelier d\\u00e9gustation de vins et produits locaux&quot;,&quot;image&quot;:&quot;&quot;,&quot;link&quot;:&quot;https:\\\/\\\/www.camping-laclairiere.fr\\\/fr\\\/camping-animations-saint-paul-en-born\\\/&quot;,&quot;data&quot;:{&quot;name&quot;:&quot;Atelier d\\u00e9gustation de vins et produits locaux&quot;,&quot;date_period&quot;:&quot;du 15 juillet au 30 ao\\u00fbt 2025, les jeudis soir&quot;,&quot;location&quot;:&quot;Saint-Paul-en-Born, salle communale ou camping&quot;,&quot;distance_km&quot;:&quot;1 km&quot;,&quot;description&quot;:&quot;D\\u00e9couverte des vins du Sud-Ouest et d\\u00e9gustation de produits du terroir des Landes dans une ambiance conviviale.&quot;,&quot;type&quot;:&quot;Atelier d\\u00e9gustation&quot;,&quot;comment&quot;:&quot;Animation id\\u00e9ale pour adultes amateur de gastronomie et des produits r\\u00e9gionaux.&quot;,&quot;link&quot;:&quot;https:\\\/\\\/www.camping-laclairiere.fr\\\/fr\\\/camping-animations-saint-paul-en-born\\\/&quot;,&quot;image&quot;:&quot;&quot;},&quot;category&quot;:&quot;\\u00c9v\\u00e9nements recommand\\u00e9s&quot;}\">\n\n            <!-- Image + badge cat\u00e9gorie -->\n            <div class=\"em-card-img-wrap\">\n                              <div class=\"em-card-placeholder\">\ud83d\udcf7 Pas d'image<\/div>\n                            <span class=\"em-card-badge badge-event\">\u00c9v\u00e9nements recommand\u00e9s<\/span>\n            <\/div>\n\n            <!-- Contenu de la card -->\n            <div class=\"em-card-body\">\n              <h3 class=\"em-card-title\">Atelier d\u00e9gustation de vins et produits locaux<\/h3>\n\n              <!-- Tags r\u00e9sum\u00e9s (max 4) -->\n              <div class=\"em-card-tags\">\n                                              <\/div>\n\n              <!-- Champs suppl\u00e9mentaires (max 3) -->\n              <div class=\"em-card-fields\">\n                                  <div class=\"em-card-field\">\n                    <span class=\"em-card-field-label\">Date \/ P\u00e9riode :<\/span>\n                    <span class=\"em-card-field-value\">du 15 juillet au 30 ao\u00fbt 2025, les jeudis soir<\/span>\n                  <\/div>\n                                  <div class=\"em-card-field\">\n                    <span class=\"em-card-field-label\">Lieu (ville) :<\/span>\n                    <span class=\"em-card-field-value\">Saint-Paul-en-Born, salle communale ou camping<\/span>\n                  <\/div>\n                                  <div class=\"em-card-field\">\n                    <span class=\"em-card-field-label\">Distance depuis le camping (km) :<\/span>\n                    <span class=\"em-card-field-value\">1 km<\/span>\n                  <\/div>\n                              <\/div>\n\n              <!-- Lien vers le d\u00e9tail -->\n              <div class=\"em-card-footer\">\n                <span>Voir le d\u00e9tail<\/span>\n                <svg fill=\"none\" viewBox=\"0 0 24 24\" stroke=\"currentColor\" stroke-width=\"2\"><path stroke-linecap=\"round\" stroke-linejoin=\"round\" d=\"M13.5 4.5L21 12m0 0l-7.5 7.5M21 12H3\"><\/path><\/svg>\n              <\/div>\n            <\/div>\n          <\/article>\n                  <article class=\"em-card\"\n            data-type=\"event\"\n            data-features=\"\"\n            data-name=\"festival de th\u00e9\u00e2tre amateur en plein air\"\n            data-json=\"{&quot;name&quot;:&quot;Festival de th\\u00e9\\u00e2tre amateur en plein air&quot;,&quot;image&quot;:&quot;&quot;,&quot;link&quot;:&quot;https:\\\/\\\/www.guide-des-landes.com\\\/fr\\\/&quot;,&quot;data&quot;:{&quot;name&quot;:&quot;Festival de th\\u00e9\\u00e2tre amateur en plein air&quot;,&quot;date_period&quot;:&quot;du 10 au 15 ao\\u00fbt 2025&quot;,&quot;location&quot;:&quot;Parc communal de Saint-Paul-en-Born&quot;,&quot;distance_km&quot;:&quot;1 km&quot;,&quot;description&quot;:&quot;Spectacles th\\u00e9\\u00e2traux en plein air, repr\\u00e9sentations par des troupes locales et r\\u00e9gionales.&quot;,&quot;type&quot;:&quot;Festival culturel&quot;,&quot;comment&quot;:&quot;\\u00c9v\\u00e9nement familial valorisant les arts de la sc\\u00e8ne locale.&quot;,&quot;link&quot;:&quot;https:\\\/\\\/www.guide-des-landes.com\\\/fr\\\/&quot;,&quot;image&quot;:&quot;&quot;},&quot;category&quot;:&quot;\\u00c9v\\u00e9nements recommand\\u00e9s&quot;}\">\n\n            <!-- Image + badge cat\u00e9gorie -->\n            <div class=\"em-card-img-wrap\">\n                              <div class=\"em-card-placeholder\">\ud83d\udcf7 Pas d'image<\/div>\n                            <span class=\"em-card-badge badge-event\">\u00c9v\u00e9nements recommand\u00e9s<\/span>\n            <\/div>\n\n            <!-- Contenu de la card -->\n            <div class=\"em-card-body\">\n              <h3 class=\"em-card-title\">Festival de th\u00e9\u00e2tre amateur en plein air<\/h3>\n\n              <!-- Tags r\u00e9sum\u00e9s (max 4) -->\n              <div class=\"em-card-tags\">\n                                              <\/div>\n\n              <!-- Champs suppl\u00e9mentaires (max 3) -->\n              <div class=\"em-card-fields\">\n                                  <div class=\"em-card-field\">\n                    <span class=\"em-card-field-label\">Date \/ P\u00e9riode :<\/span>\n                    <span class=\"em-card-field-value\">du 10 au 15 ao\u00fbt 2025<\/span>\n                  <\/div>\n                                  <div class=\"em-card-field\">\n                    <span class=\"em-card-field-label\">Lieu (ville) :<\/span>\n                    <span class=\"em-card-field-value\">Parc communal de Saint-Paul-en-Born<\/span>\n                  <\/div>\n                                  <div class=\"em-card-field\">\n                    <span class=\"em-card-field-label\">Distance depuis le camping (km) :<\/span>\n                    <span class=\"em-card-field-value\">1 km<\/span>\n                  <\/div>\n                              <\/div>\n\n              <!-- Lien vers le d\u00e9tail -->\n              <div class=\"em-card-footer\">\n                <span>Voir le d\u00e9tail<\/span>\n                <svg fill=\"none\" viewBox=\"0 0 24 24\" stroke=\"currentColor\" stroke-width=\"2\"><path stroke-linecap=\"round\" stroke-linejoin=\"round\" d=\"M13.5 4.5L21 12m0 0l-7.5 7.5M21 12H3\"><\/path><\/svg>\n              <\/div>\n            <\/div>\n          <\/article>\n                  <article class=\"em-card\"\n            data-type=\"event\"\n            data-features=\"\"\n            data-name=\"comp\u00e9tition amicale de p\u00e9tanque\"\n            data-json=\"{&quot;name&quot;:&quot;Comp\\u00e9tition amicale de p\\u00e9tanque&quot;,&quot;image&quot;:&quot;&quot;,&quot;link&quot;:&quot;https:\\\/\\\/www.camping-laclairiere.fr\\\/fr\\\/camping-animations-saint-paul-en-born\\\/&quot;,&quot;data&quot;:{&quot;name&quot;:&quot;Comp\\u00e9tition amicale de p\\u00e9tanque&quot;,&quot;date_period&quot;:&quot;dimanches matin de juillet et ao\\u00fbt 2025&quot;,&quot;location&quot;:&quot;Terrain de p\\u00e9tanque du camping La Clairi\\u00e8re&quot;,&quot;distance_km&quot;:&quot;0 km&quot;,&quot;description&quot;:&quot;Tournois ouverts \\u00e0 tous dans une ambiance d\\u00e9tente et conviviale pour petits et grands.&quot;,&quot;type&quot;:&quot;Comp\\u00e9tition sportive&quot;,&quot;comment&quot;:&quot;Pratique traditionnelle tr\\u00e8s appr\\u00e9ci\\u00e9e dans la r\\u00e9gion, bonne occasion pour socialiser.&quot;,&quot;link&quot;:&quot;https:\\\/\\\/www.camping-laclairiere.fr\\\/fr\\\/camping-animations-saint-paul-en-born\\\/&quot;,&quot;image&quot;:&quot;&quot;},&quot;category&quot;:&quot;\\u00c9v\\u00e9nements recommand\\u00e9s&quot;}\">\n\n            <!-- Image + badge cat\u00e9gorie -->\n            <div class=\"em-card-img-wrap\">\n                              <div class=\"em-card-placeholder\">\ud83d\udcf7 Pas d'image<\/div>\n                            <span class=\"em-card-badge badge-event\">\u00c9v\u00e9nements recommand\u00e9s<\/span>\n            <\/div>\n\n            <!-- Contenu de la card -->\n            <div class=\"em-card-body\">\n              <h3 class=\"em-card-title\">Comp\u00e9tition amicale de p\u00e9tanque<\/h3>\n\n              <!-- Tags r\u00e9sum\u00e9s (max 4) -->\n              <div class=\"em-card-tags\">\n                                              <\/div>\n\n              <!-- Champs suppl\u00e9mentaires (max 3) -->\n              <div class=\"em-card-fields\">\n                                  <div class=\"em-card-field\">\n                    <span class=\"em-card-field-label\">Date \/ P\u00e9riode :<\/span>\n                    <span class=\"em-card-field-value\">dimanches matin de juillet et ao\u00fbt 2025<\/span>\n                  <\/div>\n                                  <div class=\"em-card-field\">\n                    <span class=\"em-card-field-label\">Lieu (ville) :<\/span>\n                    <span class=\"em-card-field-value\">Terrain de p\u00e9tanque du camping La Clairi\u00e8re<\/span>\n                  <\/div>\n                                  <div class=\"em-card-field\">\n                    <span class=\"em-card-field-label\">Distance depuis le camping (km) :<\/span>\n                    <span class=\"em-card-field-value\">0 km<\/span>\n                  <\/div>\n                              <\/div>\n\n              <!-- Lien vers le d\u00e9tail -->\n              <div class=\"em-card-footer\">\n                <span>Voir le d\u00e9tail<\/span>\n                <svg fill=\"none\" viewBox=\"0 0 24 24\" stroke=\"currentColor\" stroke-width=\"2\"><path stroke-linecap=\"round\" stroke-linejoin=\"round\" d=\"M13.5 4.5L21 12m0 0l-7.5 7.5M21 12H3\"><\/path><\/svg>\n              <\/div>\n            <\/div>\n          <\/article>\n                  <article class=\"em-card\"\n            data-type=\"event\"\n            data-features=\"\"\n            data-name=\"atelier de peinture nature pour enfants\"\n            data-json=\"{&quot;name&quot;:&quot;Atelier de peinture nature pour enfants&quot;,&quot;image&quot;:&quot;&quot;,&quot;link&quot;:&quot;https:\\\/\\\/www.camping-laclairiere.fr\\\/fr\\\/camping-animations-saint-paul-en-born\\\/&quot;,&quot;data&quot;:{&quot;name&quot;:&quot;Atelier de peinture nature pour enfants&quot;,&quot;date_period&quot;:&quot;mercredis apr\\u00e8s-midi en juillet et ao\\u00fbt 2025&quot;,&quot;location&quot;:&quot;Espace animation du camping La Clairi\\u00e8re&quot;,&quot;distance_km&quot;:&quot;0 km&quot;,&quot;description&quot;:&quot;Activit\\u00e9 cr\\u00e9ative encadr\\u00e9e destin\\u00e9e aux enfants pour peindre la flore et la faune locales.&quot;,&quot;type&quot;:&quot;Atelier artistique&quot;,&quot;comment&quot;:&quot;Permet aux plus jeunes de d\\u00e9velopper leur cr\\u00e9ativit\\u00e9 tout en d\\u00e9couvrant leur environnement.&quot;,&quot;link&quot;:&quot;https:\\\/\\\/www.camping-laclairiere.fr\\\/fr\\\/camping-animations-saint-paul-en-born\\\/&quot;,&quot;image&quot;:&quot;&quot;},&quot;category&quot;:&quot;\\u00c9v\\u00e9nements recommand\\u00e9s&quot;}\">\n\n            <!-- Image + badge cat\u00e9gorie -->\n            <div class=\"em-card-img-wrap\">\n                              <div class=\"em-card-placeholder\">\ud83d\udcf7 Pas d'image<\/div>\n                            <span class=\"em-card-badge badge-event\">\u00c9v\u00e9nements recommand\u00e9s<\/span>\n            <\/div>\n\n            <!-- Contenu de la card -->\n            <div class=\"em-card-body\">\n              <h3 class=\"em-card-title\">Atelier de peinture nature pour enfants<\/h3>\n\n              <!-- Tags r\u00e9sum\u00e9s (max 4) -->\n              <div class=\"em-card-tags\">\n                                              <\/div>\n\n              <!-- Champs suppl\u00e9mentaires (max 3) -->\n              <div class=\"em-card-fields\">\n                                  <div class=\"em-card-field\">\n                    <span class=\"em-card-field-label\">Date \/ P\u00e9riode :<\/span>\n                    <span class=\"em-card-field-value\">mercredis apr\u00e8s-midi en juillet et ao\u00fbt 2025<\/span>\n                  <\/div>\n                                  <div class=\"em-card-field\">\n                    <span class=\"em-card-field-label\">Lieu (ville) :<\/span>\n                    <span class=\"em-card-field-value\">Espace animation du camping La Clairi\u00e8re<\/span>\n                  <\/div>\n                                  <div class=\"em-card-field\">\n                    <span class=\"em-card-field-label\">Distance depuis le camping (km) :<\/span>\n                    <span class=\"em-card-field-value\">0 km<\/span>\n                  <\/div>\n                              <\/div>\n\n              <!-- Lien vers le d\u00e9tail -->\n              <div class=\"em-card-footer\">\n                <span>Voir le d\u00e9tail<\/span>\n                <svg fill=\"none\" viewBox=\"0 0 24 24\" stroke=\"currentColor\" stroke-width=\"2\"><path stroke-linecap=\"round\" stroke-linejoin=\"round\" d=\"M13.5 4.5L21 12m0 0l-7.5 7.5M21 12H3\"><\/path><\/svg>\n              <\/div>\n            <\/div>\n          <\/article>\n                  <article class=\"em-card\"\n            data-type=\"event\"\n            data-features=\"\"\n            data-name=\"excursion p\u00e9destre au bord de la rivi\u00e8re et d\u00e9couverte de la biodiversit\u00e9\"\n            data-json=\"{&quot;name&quot;:&quot;Excursion p\\u00e9destre au bord de la rivi\\u00e8re et d\\u00e9couverte de la biodiversit\\u00e9&quot;,&quot;image&quot;:&quot;&quot;,&quot;link&quot;:&quot;https:\\\/\\\/www.camping-laclairiere.fr\\\/fr\\\/&quot;,&quot;data&quot;:{&quot;name&quot;:&quot;Excursion p\\u00e9destre au bord de la rivi\\u00e8re et d\\u00e9couverte de la biodiversit\\u00e9&quot;,&quot;date_period&quot;:&quot;mai \\u00e0 septembre 2025&quot;,&quot;location&quot;:&quot;Proximit\\u00e9 du camping, rive du cours d&#039;eau \\u00e0 Saint-Paul-en-Born&quot;,&quot;distance_km&quot;:&quot;0.5 km&quot;,&quot;description&quot;:&quot;Balade nature guid\\u00e9e avec un expert local pour observer la faune aquatique et les habitats riverains.&quot;,&quot;type&quot;:&quot;Excursion nature&quot;,&quot;comment&quot;:&quot;Id\\u00e9al pour les amateurs d\\u2019\\u00e9cologie et d\\u2019observation volontaire.&quot;,&quot;link&quot;:&quot;https:\\\/\\\/www.camping-laclairiere.fr\\\/fr\\\/&quot;,&quot;image&quot;:&quot;&quot;},&quot;category&quot;:&quot;\\u00c9v\\u00e9nements recommand\\u00e9s&quot;}\">\n\n            <!-- Image + badge cat\u00e9gorie -->\n            <div class=\"em-card-img-wrap\">\n                              <div class=\"em-card-placeholder\">\ud83d\udcf7 Pas d'image<\/div>\n                            <span class=\"em-card-badge badge-event\">\u00c9v\u00e9nements recommand\u00e9s<\/span>\n            <\/div>\n\n            <!-- Contenu de la card -->\n            <div class=\"em-card-body\">\n              <h3 class=\"em-card-title\">Excursion p\u00e9destre au bord de la rivi\u00e8re et d\u00e9couverte de la biodiversit\u00e9<\/h3>\n\n              <!-- Tags r\u00e9sum\u00e9s (max 4) -->\n              <div class=\"em-card-tags\">\n                                              <\/div>\n\n              <!-- Champs suppl\u00e9mentaires (max 3) -->\n              <div class=\"em-card-fields\">\n                                  <div class=\"em-card-field\">\n                    <span class=\"em-card-field-label\">Date \/ P\u00e9riode :<\/span>\n                    <span class=\"em-card-field-value\">mai \u00e0 septembre 2025<\/span>\n                  <\/div>\n                                  <div class=\"em-card-field\">\n                    <span class=\"em-card-field-label\">Lieu (ville) :<\/span>\n                    <span class=\"em-card-field-value\">Proximit\u00e9 du camping, rive du cours d&#039;eau \u00e0 Saint-Paul-en-Bo<\/span>\n                  <\/div>\n                                  <div class=\"em-card-field\">\n                    <span class=\"em-card-field-label\">Distance depuis le camping (km) :<\/span>\n                    <span class=\"em-card-field-value\">0.5 km<\/span>\n                  <\/div>\n                              <\/div>\n\n              <!-- Lien vers le d\u00e9tail -->\n              <div class=\"em-card-footer\">\n                <span>Voir le d\u00e9tail<\/span>\n                <svg fill=\"none\" viewBox=\"0 0 24 24\" stroke=\"currentColor\" stroke-width=\"2\"><path stroke-linecap=\"round\" stroke-linejoin=\"round\" d=\"M13.5 4.5L21 12m0 0l-7.5 7.5M21 12H3\"><\/path><\/svg>\n              <\/div>\n            <\/div>\n          <\/article>\n                  <article class=\"em-card\"\n            data-type=\"event\"\n            data-features=\"\"\n            data-name=\"march\u00e9 nocturne d\u2019\u00e9t\u00e9 \u00e0 saint-paul-en-born\"\n            data-json=\"{&quot;name&quot;:&quot;March\\u00e9 nocturne d\\u2019\\u00e9t\\u00e9 \\u00e0 Saint-Paul-en-Born&quot;,&quot;image&quot;:&quot;&quot;,&quot;link&quot;:&quot;https:\\\/\\\/www.camping-laclairiere.fr\\\/fr\\\/camping-animations-saint-paul-en-born\\\/&quot;,&quot;data&quot;:{&quot;name&quot;:&quot;March\\u00e9 nocturne d\\u2019\\u00e9t\\u00e9 \\u00e0 Saint-Paul-en-Born&quot;,&quot;date_period&quot;:&quot;tous les vendredis soirs de juillet et ao\\u00fbt 2025&quot;,&quot;location&quot;:&quot;Centre du village de Saint-Paul-en-Born&quot;,&quot;distance_km&quot;:&quot;1 km&quot;,&quot;description&quot;:&quot;March\\u00e9 en soir\\u00e9e avec stands d\\u2019artisans, producteurs locaux, animations et musique live.&quot;,&quot;type&quot;:&quot;March\\u00e9 nocturne&quot;,&quot;comment&quot;:&quot;Ambiance festive et d\\u00e9contract\\u00e9e pour d\\u00e9couvrir les saveurs et savoir-faire locaux.&quot;,&quot;link&quot;:&quot;https:\\\/\\\/www.camping-laclairiere.fr\\\/fr\\\/camping-animations-saint-paul-en-born\\\/&quot;,&quot;image&quot;:&quot;&quot;},&quot;category&quot;:&quot;\\u00c9v\\u00e9nements recommand\\u00e9s&quot;}\">\n\n            <!-- Image + badge cat\u00e9gorie -->\n            <div class=\"em-card-img-wrap\">\n                              <div class=\"em-card-placeholder\">\ud83d\udcf7 Pas d'image<\/div>\n                            <span class=\"em-card-badge badge-event\">\u00c9v\u00e9nements recommand\u00e9s<\/span>\n            <\/div>\n\n            <!-- Contenu de la card -->\n            <div class=\"em-card-body\">\n              <h3 class=\"em-card-title\">March\u00e9 nocturne d\u2019\u00e9t\u00e9 \u00e0 Saint-Paul-en-Born<\/h3>\n\n              <!-- Tags r\u00e9sum\u00e9s (max 4) -->\n              <div class=\"em-card-tags\">\n                                              <\/div>\n\n              <!-- Champs suppl\u00e9mentaires (max 3) -->\n              <div class=\"em-card-fields\">\n                                  <div class=\"em-card-field\">\n                    <span class=\"em-card-field-label\">Date \/ P\u00e9riode :<\/span>\n                    <span class=\"em-card-field-value\">tous les vendredis soirs de juillet et ao\u00fbt 2025<\/span>\n                  <\/div>\n                                  <div class=\"em-card-field\">\n                    <span class=\"em-card-field-label\">Lieu (ville) :<\/span>\n                    <span class=\"em-card-field-value\">Centre du village de Saint-Paul-en-Born<\/span>\n                  <\/div>\n                                  <div class=\"em-card-field\">\n                    <span class=\"em-card-field-label\">Distance depuis le camping (km) :<\/span>\n                    <span class=\"em-card-field-value\">1 km<\/span>\n                  <\/div>\n                              <\/div>\n\n              <!-- Lien vers le d\u00e9tail -->\n              <div class=\"em-card-footer\">\n                <span>Voir le d\u00e9tail<\/span>\n                <svg fill=\"none\" viewBox=\"0 0 24 24\" stroke=\"currentColor\" stroke-width=\"2\"><path stroke-linecap=\"round\" stroke-linejoin=\"round\" d=\"M13.5 4.5L21 12m0 0l-7.5 7.5M21 12H3\"><\/path><\/svg>\n              <\/div>\n            <\/div>\n          <\/article>\n                  <article class=\"em-card\"\n            data-type=\"event\"\n            data-features=\"\"\n            data-name=\"initiation \u00e0 la course d\u2019orientation en for\u00eat\"\n            data-json=\"{&quot;name&quot;:&quot;Initiation \\u00e0 la course d\\u2019orientation en for\\u00eat&quot;,&quot;image&quot;:&quot;&quot;,&quot;link&quot;:&quot;https:\\\/\\\/www.guide-des-landes.com\\\/fr\\\/&quot;,&quot;data&quot;:{&quot;name&quot;:&quot;Initiation \\u00e0 la course d\\u2019orientation en for\\u00eat&quot;,&quot;date_period&quot;:&quot;week-ends de juin et septembre 2025&quot;,&quot;location&quot;:&quot;For\\u00eat des Landes proche de Saint-Paul-en-Born&quot;,&quot;distance_km&quot;:&quot;2 km&quot;,&quot;description&quot;:&quot;Activit\\u00e9 sportive et ludique pour apprendre \\u00e0 s\\u2019orienter avec carte et boussole en milieu naturel.&quot;,&quot;type&quot;:&quot;Atelier sportif&quot;,&quot;comment&quot;:&quot;Accessible aux d\\u00e9butants et parfait pour un moment en famille ou entre amis.&quot;,&quot;link&quot;:&quot;https:\\\/\\\/www.guide-des-landes.com\\\/fr\\\/&quot;,&quot;image&quot;:&quot;&quot;},&quot;category&quot;:&quot;\\u00c9v\\u00e9nements recommand\\u00e9s&quot;}\">\n\n            <!-- Image + badge cat\u00e9gorie -->\n            <div class=\"em-card-img-wrap\">\n                              <div class=\"em-card-placeholder\">\ud83d\udcf7 Pas d'image<\/div>\n                            <span class=\"em-card-badge badge-event\">\u00c9v\u00e9nements recommand\u00e9s<\/span>\n            <\/div>\n\n            <!-- Contenu de la card -->\n            <div class=\"em-card-body\">\n              <h3 class=\"em-card-title\">Initiation \u00e0 la course d\u2019orientation en for\u00eat<\/h3>\n\n              <!-- Tags r\u00e9sum\u00e9s (max 4) -->\n              <div class=\"em-card-tags\">\n                                              <\/div>\n\n              <!-- Champs suppl\u00e9mentaires (max 3) -->\n              <div class=\"em-card-fields\">\n                                  <div class=\"em-card-field\">\n                    <span class=\"em-card-field-label\">Date \/ P\u00e9riode :<\/span>\n                    <span class=\"em-card-field-value\">week-ends de juin et septembre 2025<\/span>\n                  <\/div>\n                                  <div class=\"em-card-field\">\n                    <span class=\"em-card-field-label\">Lieu (ville) :<\/span>\n                    <span class=\"em-card-field-value\">For\u00eat des Landes proche de Saint-Paul-en-Born<\/span>\n                  <\/div>\n                                  <div class=\"em-card-field\">\n                    <span class=\"em-card-field-label\">Distance depuis le camping (km) :<\/span>\n                    <span class=\"em-card-field-value\">2 km<\/span>\n                  <\/div>\n                              <\/div>\n\n              <!-- Lien vers le d\u00e9tail -->\n              <div class=\"em-card-footer\">\n                <span>Voir le d\u00e9tail<\/span>\n                <svg fill=\"none\" viewBox=\"0 0 24 24\" stroke=\"currentColor\" stroke-width=\"2\"><path stroke-linecap=\"round\" stroke-linejoin=\"round\" d=\"M13.5 4.5L21 12m0 0l-7.5 7.5M21 12H3\"><\/path><\/svg>\n              <\/div>\n            <\/div>\n          <\/article>\n                  <article class=\"em-card\"\n            data-type=\"event\"\n            data-features=\"\"\n            data-name=\"concerts de jazz en plein air\"\n            data-json=\"{&quot;name&quot;:&quot;Concerts de jazz en plein air&quot;,&quot;image&quot;:&quot;&quot;,&quot;link&quot;:&quot;https:\\\/\\\/www.camping-laclairiere.fr\\\/fr\\\/camping-animations-saint-paul-en-born\\\/&quot;,&quot;data&quot;:{&quot;name&quot;:&quot;Concerts de jazz en plein air&quot;,&quot;date_period&quot;:&quot;mi-juillet \\u00e0 fin ao\\u00fbt 2025, tous les samedis soir&quot;,&quot;location&quot;:&quot;Parc communal ou espace d\\u00e9tente proche du camping&quot;,&quot;distance_km&quot;:&quot;1 km&quot;,&quot;description&quot;:&quot;Animations musicales avec groupes locaux et r\\u00e9gionaux dans une ambiance d\\u00e9tendue en ext\\u00e9rieur.&quot;,&quot;type&quot;:&quot;Concert&quot;,&quot;comment&quot;:&quot;Soir\\u00e9es id\\u00e9ales pour profiter d\\u2019une musique jazzy dans un cadre nature.&quot;,&quot;link&quot;:&quot;https:\\\/\\\/www.camping-laclairiere.fr\\\/fr\\\/camping-animations-saint-paul-en-born\\\/&quot;,&quot;image&quot;:&quot;&quot;},&quot;category&quot;:&quot;\\u00c9v\\u00e9nements recommand\\u00e9s&quot;}\">\n\n            <!-- Image + badge cat\u00e9gorie -->\n            <div class=\"em-card-img-wrap\">\n                              <div class=\"em-card-placeholder\">\ud83d\udcf7 Pas d'image<\/div>\n                            <span class=\"em-card-badge badge-event\">\u00c9v\u00e9nements recommand\u00e9s<\/span>\n            <\/div>\n\n            <!-- Contenu de la card -->\n            <div class=\"em-card-body\">\n              <h3 class=\"em-card-title\">Concerts de jazz en plein air<\/h3>\n\n              <!-- Tags r\u00e9sum\u00e9s (max 4) -->\n              <div class=\"em-card-tags\">\n                                              <\/div>\n\n              <!-- Champs suppl\u00e9mentaires (max 3) -->\n              <div class=\"em-card-fields\">\n                                  <div class=\"em-card-field\">\n                    <span class=\"em-card-field-label\">Date \/ P\u00e9riode :<\/span>\n                    <span class=\"em-card-field-value\">mi-juillet \u00e0 fin ao\u00fbt 2025, tous les samedis soir<\/span>\n                  <\/div>\n                                  <div class=\"em-card-field\">\n                    <span class=\"em-card-field-label\">Lieu (ville) :<\/span>\n                    <span class=\"em-card-field-value\">Parc communal ou espace d\u00e9tente proche du camping<\/span>\n                  <\/div>\n                                  <div class=\"em-card-field\">\n                    <span class=\"em-card-field-label\">Distance depuis le camping (km) :<\/span>\n                    <span class=\"em-card-field-value\">1 km<\/span>\n                  <\/div>\n                              <\/div>\n\n              <!-- Lien vers le d\u00e9tail -->\n              <div class=\"em-card-footer\">\n                <span>Voir le d\u00e9tail<\/span>\n                <svg fill=\"none\" viewBox=\"0 0 24 24\" stroke=\"currentColor\" stroke-width=\"2\"><path stroke-linecap=\"round\" stroke-linejoin=\"round\" d=\"M13.5 4.5L21 12m0 0l-7.5 7.5M21 12H3\"><\/path><\/svg>\n              <\/div>\n            <\/div>\n          <\/article>\n                  <article class=\"em-card\"\n            data-type=\"event\"\n            data-features=\"\"\n            data-name=\"atelier d\u00e9couverte de la faune des landes pour enfants\"\n            data-json=\"{&quot;name&quot;:&quot;Atelier d\\u00e9couverte de la faune des Landes pour enfants&quot;,&quot;image&quot;:&quot;&quot;,&quot;link&quot;:&quot;https:\\\/\\\/www.camping-laclairiere.fr\\\/fr\\\/&quot;,&quot;data&quot;:{&quot;name&quot;:&quot;Atelier d\\u00e9couverte de la faune des Landes pour enfants&quot;,&quot;date_period&quot;:&quot;tous les mardis matin en juillet et ao\\u00fbt 2025&quot;,&quot;location&quot;:&quot;Camping La Clairi\\u00e8re&quot;,&quot;distance_km&quot;:&quot;0 km&quot;,&quot;description&quot;:&quot;Petites sorties et activit\\u00e9s p\\u00e9dagogiques pour apprendre \\u00e0 reconna\\u00eetre oiseaux, insectes et mammif\\u00e8res locaux.&quot;,&quot;type&quot;:&quot;Atelier p\\u00e9dagogique&quot;,&quot;comment&quot;:&quot;Parfait pour \\u00e9veiller les enfants \\u00e0 la nature locale de mani\\u00e8re ludique.&quot;,&quot;link&quot;:&quot;https:\\\/\\\/www.camping-laclairiere.fr\\\/fr\\\/&quot;,&quot;image&quot;:&quot;&quot;},&quot;category&quot;:&quot;\\u00c9v\\u00e9nements recommand\\u00e9s&quot;}\">\n\n            <!-- Image + badge cat\u00e9gorie -->\n            <div class=\"em-card-img-wrap\">\n                              <div class=\"em-card-placeholder\">\ud83d\udcf7 Pas d'image<\/div>\n                            <span class=\"em-card-badge badge-event\">\u00c9v\u00e9nements recommand\u00e9s<\/span>\n            <\/div>\n\n            <!-- Contenu de la card -->\n            <div class=\"em-card-body\">\n              <h3 class=\"em-card-title\">Atelier d\u00e9couverte de la faune des Landes pour enfants<\/h3>\n\n              <!-- Tags r\u00e9sum\u00e9s (max 4) -->\n              <div class=\"em-card-tags\">\n                                              <\/div>\n\n              <!-- Champs suppl\u00e9mentaires (max 3) -->\n              <div class=\"em-card-fields\">\n                                  <div class=\"em-card-field\">\n                    <span class=\"em-card-field-label\">Date \/ P\u00e9riode :<\/span>\n                    <span class=\"em-card-field-value\">tous les mardis matin en juillet et ao\u00fbt 2025<\/span>\n                  <\/div>\n                                  <div class=\"em-card-field\">\n                    <span class=\"em-card-field-label\">Lieu (ville) :<\/span>\n                    <span class=\"em-card-field-value\">Camping La Clairi\u00e8re<\/span>\n                  <\/div>\n                                  <div class=\"em-card-field\">\n                    <span class=\"em-card-field-label\">Distance depuis le camping (km) :<\/span>\n                    <span class=\"em-card-field-value\">0 km<\/span>\n                  <\/div>\n                              <\/div>\n\n              <!-- Lien vers le d\u00e9tail -->\n              <div class=\"em-card-footer\">\n                <span>Voir le d\u00e9tail<\/span>\n                <svg fill=\"none\" viewBox=\"0 0 24 24\" stroke=\"currentColor\" stroke-width=\"2\"><path stroke-linecap=\"round\" stroke-linejoin=\"round\" d=\"M13.5 4.5L21 12m0 0l-7.5 7.5M21 12H3\"><\/path><\/svg>\n              <\/div>\n            <\/div>\n          <\/article>\n                  <article class=\"em-card\"\n            data-type=\"event\"\n            data-features=\"\"\n            data-name=\"exposition photographique sur la nature landaise\"\n            data-json=\"{&quot;name&quot;:&quot;Exposition photographique sur la nature landaise&quot;,&quot;image&quot;:&quot;&quot;,&quot;link&quot;:&quot;https:\\\/\\\/www.guide-des-landes.com\\\/fr\\\/&quot;,&quot;data&quot;:{&quot;name&quot;:&quot;Exposition photographique sur la nature landaise&quot;,&quot;date_period&quot;:&quot;juillet-septembre 2025&quot;,&quot;location&quot;:&quot;Salle communautaire de Saint-Paul-en-Born&quot;,&quot;distance_km&quot;:&quot;1 km&quot;,&quot;description&quot;:&quot;Photos artistiques expos\\u00e9es sur la biodiversit\\u00e9 et les paysages des Landes.&quot;,&quot;type&quot;:&quot;Exposition&quot;,&quot;comment&quot;:&quot;Ouverture gratuite pour d\\u00e9couvrir le travail de photographes locaux.&quot;,&quot;link&quot;:&quot;https:\\\/\\\/www.guide-des-landes.com\\\/fr\\\/&quot;,&quot;image&quot;:&quot;&quot;},&quot;category&quot;:&quot;\\u00c9v\\u00e9nements recommand\\u00e9s&quot;}\">\n\n            <!-- Image + badge cat\u00e9gorie -->\n            <div class=\"em-card-img-wrap\">\n                              <div class=\"em-card-placeholder\">\ud83d\udcf7 Pas d'image<\/div>\n                            <span class=\"em-card-badge badge-event\">\u00c9v\u00e9nements recommand\u00e9s<\/span>\n            <\/div>\n\n            <!-- Contenu de la card -->\n            <div class=\"em-card-body\">\n              <h3 class=\"em-card-title\">Exposition photographique sur la nature landaise<\/h3>\n\n              <!-- Tags r\u00e9sum\u00e9s (max 4) -->\n              <div class=\"em-card-tags\">\n                                              <\/div>\n\n              <!-- Champs suppl\u00e9mentaires (max 3) -->\n              <div class=\"em-card-fields\">\n                                  <div class=\"em-card-field\">\n                    <span class=\"em-card-field-label\">Date \/ P\u00e9riode :<\/span>\n                    <span class=\"em-card-field-value\">juillet-septembre 2025<\/span>\n                  <\/div>\n                                  <div class=\"em-card-field\">\n                    <span class=\"em-card-field-label\">Lieu (ville) :<\/span>\n                    <span class=\"em-card-field-value\">Salle communautaire de Saint-Paul-en-Born<\/span>\n                  <\/div>\n                                  <div class=\"em-card-field\">\n                    <span class=\"em-card-field-label\">Distance depuis le camping (km) :<\/span>\n                    <span class=\"em-card-field-value\">1 km<\/span>\n                  <\/div>\n                              <\/div>\n\n              <!-- Lien vers le d\u00e9tail -->\n              <div class=\"em-card-footer\">\n                <span>Voir le d\u00e9tail<\/span>\n                <svg fill=\"none\" viewBox=\"0 0 24 24\" stroke=\"currentColor\" stroke-width=\"2\"><path stroke-linecap=\"round\" stroke-linejoin=\"round\" d=\"M13.5 4.5L21 12m0 0l-7.5 7.5M21 12H3\"><\/path><\/svg>\n              <\/div>\n            <\/div>\n          <\/article>\n                  <article class=\"em-card\"\n            data-type=\"event\"\n            data-features=\"\"\n            data-name=\"initiation au yoga et relaxation en plein air\"\n            data-json=\"{&quot;name&quot;:&quot;Initiation au yoga et relaxation en plein air&quot;,&quot;image&quot;:&quot;&quot;,&quot;link&quot;:&quot;https:\\\/\\\/www.camping-laclairiere.fr\\\/fr\\\/camping-animations-saint-paul-en-born\\\/&quot;,&quot;data&quot;:{&quot;name&quot;:&quot;Initiation au yoga et relaxation en plein air&quot;,&quot;date_period&quot;:&quot;tous les matins en juillet et ao\\u00fbt 2025&quot;,&quot;location&quot;:&quot;Espace vert du camping La Clairi\\u00e8re&quot;,&quot;distance_km&quot;:&quot;0 km&quot;,&quot;description&quot;:&quot;Cours de yoga accessibles \\u00e0 tous pour se d\\u00e9tendre au contact de la nature.&quot;,&quot;type&quot;:&quot;Atelier bien-\\u00eatre&quot;,&quot;comment&quot;:&quot;Activit\\u00e9 recommand\\u00e9e pour commencer la journ\\u00e9e en s\\u00e9r\\u00e9nit\\u00e9 dans un cadre naturel.&quot;,&quot;link&quot;:&quot;https:\\\/\\\/www.camping-laclairiere.fr\\\/fr\\\/camping-animations-saint-paul-en-born\\\/&quot;,&quot;image&quot;:&quot;&quot;},&quot;category&quot;:&quot;\\u00c9v\\u00e9nements recommand\\u00e9s&quot;}\">\n\n            <!-- Image + badge cat\u00e9gorie -->\n            <div class=\"em-card-img-wrap\">\n                              <div class=\"em-card-placeholder\">\ud83d\udcf7 Pas d'image<\/div>\n                            <span class=\"em-card-badge badge-event\">\u00c9v\u00e9nements recommand\u00e9s<\/span>\n            <\/div>\n\n            <!-- Contenu de la card -->\n            <div class=\"em-card-body\">\n              <h3 class=\"em-card-title\">Initiation au yoga et relaxation en plein air<\/h3>\n\n              <!-- Tags r\u00e9sum\u00e9s (max 4) -->\n              <div class=\"em-card-tags\">\n                                              <\/div>\n\n              <!-- Champs suppl\u00e9mentaires (max 3) -->\n              <div class=\"em-card-fields\">\n                                  <div class=\"em-card-field\">\n                    <span class=\"em-card-field-label\">Date \/ P\u00e9riode :<\/span>\n                    <span class=\"em-card-field-value\">tous les matins en juillet et ao\u00fbt 2025<\/span>\n                  <\/div>\n                                  <div class=\"em-card-field\">\n                    <span class=\"em-card-field-label\">Lieu (ville) :<\/span>\n                    <span class=\"em-card-field-value\">Espace vert du camping La Clairi\u00e8re<\/span>\n                  <\/div>\n                                  <div class=\"em-card-field\">\n                    <span class=\"em-card-field-label\">Distance depuis le camping (km) :<\/span>\n                    <span class=\"em-card-field-value\">0 km<\/span>\n                  <\/div>\n                              <\/div>\n\n              <!-- Lien vers le d\u00e9tail -->\n              <div class=\"em-card-footer\">\n                <span>Voir le d\u00e9tail<\/span>\n                <svg fill=\"none\" viewBox=\"0 0 24 24\" stroke=\"currentColor\" stroke-width=\"2\"><path stroke-linecap=\"round\" stroke-linejoin=\"round\" d=\"M13.5 4.5L21 12m0 0l-7.5 7.5M21 12H3\"><\/path><\/svg>\n              <\/div>\n            <\/div>\n          <\/article>\n                  <article class=\"em-card\"\n            data-type=\"event\"\n            data-features=\"\"\n            data-name=\"festival de th\u00e9\u00e2tre amateur en plein air\"\n            data-json=\"{&quot;name&quot;:&quot;Festival de th\\u00e9\\u00e2tre amateur en plein air&quot;,&quot;image&quot;:&quot;&quot;,&quot;link&quot;:&quot;https:\\\/\\\/www.guide-des-landes.com\\\/fr\\\/tourisme\\\/se-loger\\\/campings\\\/campings-mobil-homes\\\/saint-paul-en-born-275\\\/camping-la-clairiere-691.html&quot;,&quot;data&quot;:{&quot;name&quot;:&quot;Festival de th\\u00e9\\u00e2tre amateur en plein air&quot;,&quot;date_period&quot;:&quot;\\u00c9t\\u00e9 2025&quot;,&quot;location&quot;:&quot;Saint-Paul-en-Born, pr\\u00e8s du camping La Clairi\\u00e8re&quot;,&quot;distance_km&quot;:&quot;1.1 km&quot;,&quot;description&quot;:&quot;Festival artistique rassemblant des troupes de th\\u00e9\\u00e2tre amateur en plein air avec des repr\\u00e9sentations vari\\u00e9es.&quot;,&quot;type&quot;:&quot;Culturel&quot;,&quot;comment&quot;:&quot;\\u00c9v\\u00e9nement culturel annuel local&quot;,&quot;link&quot;:&quot;https:\\\/\\\/www.guide-des-landes.com\\\/fr\\\/tourisme\\\/se-loger\\\/campings\\\/campings-mobil-homes\\\/saint-paul-en-born-275\\\/camping-la-clairiere-691.html&quot;,&quot;image&quot;:&quot;&quot;},&quot;category&quot;:&quot;\\u00c9v\\u00e9nements recommand\\u00e9s&quot;}\">\n\n            <!-- Image + badge cat\u00e9gorie -->\n            <div class=\"em-card-img-wrap\">\n                              <div class=\"em-card-placeholder\">\ud83d\udcf7 Pas d'image<\/div>\n                            <span class=\"em-card-badge badge-event\">\u00c9v\u00e9nements recommand\u00e9s<\/span>\n            <\/div>\n\n            <!-- Contenu de la card -->\n            <div class=\"em-card-body\">\n              <h3 class=\"em-card-title\">Festival de th\u00e9\u00e2tre amateur en plein air<\/h3>\n\n              <!-- Tags r\u00e9sum\u00e9s (max 4) -->\n              <div class=\"em-card-tags\">\n                                              <\/div>\n\n              <!-- Champs suppl\u00e9mentaires (max 3) -->\n              <div class=\"em-card-fields\">\n                                  <div class=\"em-card-field\">\n                    <span class=\"em-card-field-label\">Date \/ P\u00e9riode :<\/span>\n                    <span class=\"em-card-field-value\">\u00c9t\u00e9 2025<\/span>\n                  <\/div>\n                                  <div class=\"em-card-field\">\n                    <span class=\"em-card-field-label\">Lieu (ville) :<\/span>\n                    <span class=\"em-card-field-value\">Saint-Paul-en-Born, pr\u00e8s du camping La Clairi\u00e8re<\/span>\n                  <\/div>\n                                  <div class=\"em-card-field\">\n                    <span class=\"em-card-field-label\">Distance depuis le camping (km) :<\/span>\n                    <span class=\"em-card-field-value\">1.1 km<\/span>\n                  <\/div>\n                              <\/div>\n\n              <!-- Lien vers le d\u00e9tail -->\n              <div class=\"em-card-footer\">\n                <span>Voir le d\u00e9tail<\/span>\n                <svg fill=\"none\" viewBox=\"0 0 24 24\" stroke=\"currentColor\" stroke-width=\"2\"><path stroke-linecap=\"round\" stroke-linejoin=\"round\" d=\"M13.5 4.5L21 12m0 0l-7.5 7.5M21 12H3\"><\/path><\/svg>\n              <\/div>\n            <\/div>\n          <\/article>\n                  <article class=\"em-card\"\n            data-type=\"event\"\n            data-features=\"\"\n            data-name=\"atelier d\u00e9couverte de la boussole c\u00e9leste - automne en sc\u00e8ne\"\n            data-json=\"{&quot;name&quot;:&quot;Atelier d\\u00e9couverte de la boussole c\\u00e9leste - Automne en Sc\\u00e8ne&quot;,&quot;image&quot;:&quot;&quot;,&quot;link&quot;:&quot;https:\\\/\\\/www.guide-des-landes.com\\\/fr\\\/tourisme\\\/se-loger\\\/campings\\\/campings-mobil-homes\\\/saint-paul-en-born-275\\\/camping-la-clairiere-691.html&quot;,&quot;data&quot;:{&quot;name&quot;:&quot;Atelier d\\u00e9couverte de la boussole c\\u00e9leste - Automne en Sc\\u00e8ne&quot;,&quot;date_period&quot;:&quot;Automne 2025&quot;,&quot;location&quot;:&quot;Saint-Paul-en-Born&quot;,&quot;distance_km&quot;:&quot;1.1 km&quot;,&quot;description&quot;:&quot;Atelier d&#039;initiation \\u00e0 la lecture des \\u00e9toiles et utilisation de la boussole c\\u00e9leste.&quot;,&quot;type&quot;:&quot;Nature &amp; \\u00c9ducatif&quot;,&quot;comment&quot;:&quot;Organis\\u00e9 dans le cadre du festival Automne en Sc\\u00e8ne&quot;,&quot;link&quot;:&quot;https:\\\/\\\/www.guide-des-landes.com\\\/fr\\\/tourisme\\\/se-loger\\\/campings\\\/campings-mobil-homes\\\/saint-paul-en-born-275\\\/camping-la-clairiere-691.html&quot;,&quot;image&quot;:&quot;&quot;},&quot;category&quot;:&quot;\\u00c9v\\u00e9nements recommand\\u00e9s&quot;}\">\n\n            <!-- Image + badge cat\u00e9gorie -->\n            <div class=\"em-card-img-wrap\">\n                              <div class=\"em-card-placeholder\">\ud83d\udcf7 Pas d'image<\/div>\n                            <span class=\"em-card-badge badge-event\">\u00c9v\u00e9nements recommand\u00e9s<\/span>\n            <\/div>\n\n            <!-- Contenu de la card -->\n            <div class=\"em-card-body\">\n              <h3 class=\"em-card-title\">Atelier d\u00e9couverte de la boussole c\u00e9leste - Automne en Sc\u00e8ne<\/h3>\n\n              <!-- Tags r\u00e9sum\u00e9s (max 4) -->\n              <div class=\"em-card-tags\">\n                                              <\/div>\n\n              <!-- Champs suppl\u00e9mentaires (max 3) -->\n              <div class=\"em-card-fields\">\n                                  <div class=\"em-card-field\">\n                    <span class=\"em-card-field-label\">Date \/ P\u00e9riode :<\/span>\n                    <span class=\"em-card-field-value\">Automne 2025<\/span>\n                  <\/div>\n                                  <div class=\"em-card-field\">\n                    <span class=\"em-card-field-label\">Lieu (ville) :<\/span>\n                    <span class=\"em-card-field-value\">Saint-Paul-en-Born<\/span>\n                  <\/div>\n                                  <div class=\"em-card-field\">\n                    <span class=\"em-card-field-label\">Distance depuis le camping (km) :<\/span>\n                    <span class=\"em-card-field-value\">1.1 km<\/span>\n                  <\/div>\n                              <\/div>\n\n              <!-- Lien vers le d\u00e9tail -->\n              <div class=\"em-card-footer\">\n                <span>Voir le d\u00e9tail<\/span>\n                <svg fill=\"none\" viewBox=\"0 0 24 24\" stroke=\"currentColor\" stroke-width=\"2\"><path stroke-linecap=\"round\" stroke-linejoin=\"round\" d=\"M13.5 4.5L21 12m0 0l-7.5 7.5M21 12H3\"><\/path><\/svg>\n              <\/div>\n            <\/div>\n          <\/article>\n                  <article class=\"em-card\"\n            data-type=\"event\"\n            data-features=\"\"\n            data-name=\"atelier d\u00e9couverte des \u00e9toiles et observation astronomique\"\n            data-json=\"{&quot;name&quot;:&quot;Atelier d\\u00e9couverte des \\u00e9toiles et observation astronomique&quot;,&quot;image&quot;:&quot;&quot;,&quot;link&quot;:&quot;&quot;,&quot;data&quot;:{&quot;name&quot;:&quot;Atelier d\\u00e9couverte des \\u00e9toiles et observation astronomique&quot;,&quot;date_period&quot;:&quot;P\\u00e9riodes estivales&quot;,&quot;location&quot;:&quot;Proche de Saint-Paul-en-Born&quot;,&quot;distance_km&quot;:&quot;1 km&quot;,&quot;description&quot;:&quot;Soir\\u00e9es d&#039;observation du ciel avec explications p\\u00e9dagogiques sur les constellations.&quot;,&quot;type&quot;:&quot;Nature &amp; \\u00c9ducatif&quot;,&quot;comment&quot;:&quot;Propose une immersion dans l&#039;astronomie locale&quot;,&quot;link&quot;:&quot;&quot;,&quot;image&quot;:&quot;&quot;},&quot;category&quot;:&quot;\\u00c9v\\u00e9nements recommand\\u00e9s&quot;}\">\n\n            <!-- Image + badge cat\u00e9gorie -->\n            <div class=\"em-card-img-wrap\">\n                              <div class=\"em-card-placeholder\">\ud83d\udcf7 Pas d'image<\/div>\n                            <span class=\"em-card-badge badge-event\">\u00c9v\u00e9nements recommand\u00e9s<\/span>\n            <\/div>\n\n            <!-- Contenu de la card -->\n            <div class=\"em-card-body\">\n              <h3 class=\"em-card-title\">Atelier d\u00e9couverte des \u00e9toiles et observation astronomique<\/h3>\n\n              <!-- Tags r\u00e9sum\u00e9s (max 4) -->\n              <div class=\"em-card-tags\">\n                                              <\/div>\n\n              <!-- Champs suppl\u00e9mentaires (max 3) -->\n              <div class=\"em-card-fields\">\n                                  <div class=\"em-card-field\">\n                    <span class=\"em-card-field-label\">Date \/ P\u00e9riode :<\/span>\n                    <span class=\"em-card-field-value\">P\u00e9riodes estivales<\/span>\n                  <\/div>\n                                  <div class=\"em-card-field\">\n                    <span class=\"em-card-field-label\">Lieu (ville) :<\/span>\n                    <span class=\"em-card-field-value\">Proche de Saint-Paul-en-Born<\/span>\n                  <\/div>\n                                  <div class=\"em-card-field\">\n                    <span class=\"em-card-field-label\">Distance depuis le camping (km) :<\/span>\n                    <span class=\"em-card-field-value\">1 km<\/span>\n                  <\/div>\n                              <\/div>\n\n              <!-- Lien vers le d\u00e9tail -->\n              <div class=\"em-card-footer\">\n                <span>Voir le d\u00e9tail<\/span>\n                <svg fill=\"none\" viewBox=\"0 0 24 24\" stroke=\"currentColor\" stroke-width=\"2\"><path stroke-linecap=\"round\" stroke-linejoin=\"round\" d=\"M13.5 4.5L21 12m0 0l-7.5 7.5M21 12H3\"><\/path><\/svg>\n              <\/div>\n            <\/div>\n          <\/article>\n                  <article class=\"em-card\"\n            data-type=\"event\"\n            data-features=\"\"\n            data-name=\"atelier d\u00e9tection de la faune des landes pour enfants\"\n            data-json=\"{&quot;name&quot;:&quot;Atelier d\\u00e9tection de la faune des Landes pour enfants&quot;,&quot;image&quot;:&quot;&quot;,&quot;link&quot;:&quot;https:\\\/\\\/www.guide-des-landes.com\\\/fr\\\/tourisme\\\/se-loger\\\/campings\\\/campings-mobil-homes\\\/saint-paul-en-born-275\\\/camping-la-clairiere-691.html&quot;,&quot;data&quot;:{&quot;name&quot;:&quot;Atelier d\\u00e9tection de la faune des Landes pour enfants&quot;,&quot;date_period&quot;:&quot;Saisons d&#039;\\u00e9t\\u00e9 2025&quot;,&quot;location&quot;:&quot;Saint-Paul-en-Born&quot;,&quot;distance_km&quot;:&quot;1.1 km&quot;,&quot;description&quot;:&quot;Atelier ludique pour enfants permettant de d\\u00e9couvrir les animaux locaux et sensibiliser \\u00e0 la biodiversit\\u00e9.&quot;,&quot;type&quot;:&quot;Enfants &amp; Nature&quot;,&quot;comment&quot;:&quot;&quot;,&quot;link&quot;:&quot;https:\\\/\\\/www.guide-des-landes.com\\\/fr\\\/tourisme\\\/se-loger\\\/campings\\\/campings-mobil-homes\\\/saint-paul-en-born-275\\\/camping-la-clairiere-691.html&quot;,&quot;image&quot;:&quot;&quot;},&quot;category&quot;:&quot;\\u00c9v\\u00e9nements recommand\\u00e9s&quot;}\">\n\n            <!-- Image + badge cat\u00e9gorie -->\n            <div class=\"em-card-img-wrap\">\n                              <div class=\"em-card-placeholder\">\ud83d\udcf7 Pas d'image<\/div>\n                            <span class=\"em-card-badge badge-event\">\u00c9v\u00e9nements recommand\u00e9s<\/span>\n            <\/div>\n\n            <!-- Contenu de la card -->\n            <div class=\"em-card-body\">\n              <h3 class=\"em-card-title\">Atelier d\u00e9tection de la faune des Landes pour enfants<\/h3>\n\n              <!-- Tags r\u00e9sum\u00e9s (max 4) -->\n              <div class=\"em-card-tags\">\n                                              <\/div>\n\n              <!-- Champs suppl\u00e9mentaires (max 3) -->\n              <div class=\"em-card-fields\">\n                                  <div class=\"em-card-field\">\n                    <span class=\"em-card-field-label\">Date \/ P\u00e9riode :<\/span>\n                    <span class=\"em-card-field-value\">Saisons d&#039;\u00e9t\u00e9 2025<\/span>\n                  <\/div>\n                                  <div class=\"em-card-field\">\n                    <span class=\"em-card-field-label\">Lieu (ville) :<\/span>\n                    <span class=\"em-card-field-value\">Saint-Paul-en-Born<\/span>\n                  <\/div>\n                                  <div class=\"em-card-field\">\n                    <span class=\"em-card-field-label\">Distance depuis le camping (km) :<\/span>\n                    <span class=\"em-card-field-value\">1.1 km<\/span>\n                  <\/div>\n                              <\/div>\n\n              <!-- Lien vers le d\u00e9tail -->\n              <div class=\"em-card-footer\">\n                <span>Voir le d\u00e9tail<\/span>\n                <svg fill=\"none\" viewBox=\"0 0 24 24\" stroke=\"currentColor\" stroke-width=\"2\"><path stroke-linecap=\"round\" stroke-linejoin=\"round\" d=\"M13.5 4.5L21 12m0 0l-7.5 7.5M21 12H3\"><\/path><\/svg>\n              <\/div>\n            <\/div>\n          <\/article>\n                  <article class=\"em-card\"\n            data-type=\"event\"\n            data-features=\"\"\n            data-name=\"festival de musique jazz en plein air\"\n            data-json=\"{&quot;name&quot;:&quot;Festival de musique jazz en plein air&quot;,&quot;image&quot;:&quot;&quot;,&quot;link&quot;:&quot;&quot;,&quot;data&quot;:{&quot;name&quot;:&quot;Festival de musique jazz en plein air&quot;,&quot;date_period&quot;:&quot;2025 (dates \\u00e0 confirmer)&quot;,&quot;location&quot;:&quot;Saint-Paul-en-Born&quot;,&quot;distance_km&quot;:&quot;\\u00c0 proximit\\u00e9&quot;,&quot;description&quot;:&quot;Concerts de jazz en ext\\u00e9rieur r\\u00e9unissant musiciens de la r\\u00e9gion et invit\\u00e9s.&quot;,&quot;type&quot;:&quot;Culturel &amp; Musical&quot;,&quot;comment&quot;:&quot;\\u00c9v\\u00e9nement annuel dans la r\\u00e9gion proche du camping&quot;,&quot;link&quot;:&quot;&quot;,&quot;image&quot;:&quot;&quot;},&quot;category&quot;:&quot;\\u00c9v\\u00e9nements recommand\\u00e9s&quot;}\">\n\n            <!-- Image + badge cat\u00e9gorie -->\n            <div class=\"em-card-img-wrap\">\n                              <div class=\"em-card-placeholder\">\ud83d\udcf7 Pas d'image<\/div>\n                            <span class=\"em-card-badge badge-event\">\u00c9v\u00e9nements recommand\u00e9s<\/span>\n            <\/div>\n\n            <!-- Contenu de la card -->\n            <div class=\"em-card-body\">\n              <h3 class=\"em-card-title\">Festival de musique jazz en plein air<\/h3>\n\n              <!-- Tags r\u00e9sum\u00e9s (max 4) -->\n              <div class=\"em-card-tags\">\n                                              <\/div>\n\n              <!-- Champs suppl\u00e9mentaires (max 3) -->\n              <div class=\"em-card-fields\">\n                                  <div class=\"em-card-field\">\n                    <span class=\"em-card-field-label\">Date \/ P\u00e9riode :<\/span>\n                    <span class=\"em-card-field-value\">2025 (dates \u00e0 confirmer)<\/span>\n                  <\/div>\n                                  <div class=\"em-card-field\">\n                    <span class=\"em-card-field-label\">Lieu (ville) :<\/span>\n                    <span class=\"em-card-field-value\">Saint-Paul-en-Born<\/span>\n                  <\/div>\n                                  <div class=\"em-card-field\">\n                    <span class=\"em-card-field-label\">Distance depuis le camping (km) :<\/span>\n                    <span class=\"em-card-field-value\">\u00c0 proximit\u00e9<\/span>\n                  <\/div>\n                              <\/div>\n\n              <!-- Lien vers le d\u00e9tail -->\n              <div class=\"em-card-footer\">\n                <span>Voir le d\u00e9tail<\/span>\n                <svg fill=\"none\" viewBox=\"0 0 24 24\" stroke=\"currentColor\" stroke-width=\"2\"><path stroke-linecap=\"round\" stroke-linejoin=\"round\" d=\"M13.5 4.5L21 12m0 0l-7.5 7.5M21 12H3\"><\/path><\/svg>\n              <\/div>\n            <\/div>\n          <\/article>\n                  <article class=\"em-card\"\n            data-type=\"event\"\n            data-features=\"\"\n            data-name=\"atelier initiation au yoga et relaxation en plein air\"\n            data-json=\"{&quot;name&quot;:&quot;Atelier initiation au yoga et relaxation en plein air&quot;,&quot;image&quot;:&quot;&quot;,&quot;link&quot;:&quot;https:\\\/\\\/www.guide-des-landes.com\\\/fr\\\/tourisme\\\/se-loger\\\/campings\\\/campings-mobil-homes\\\/saint-paul-en-born-275\\\/camping-la-clairiere-691.html&quot;,&quot;data&quot;:{&quot;name&quot;:&quot;Atelier initiation au yoga et relaxation en plein air&quot;,&quot;date_period&quot;:&quot;Saisons estivales 2025&quot;,&quot;location&quot;:&quot;Pr\\u00e8s du Camping La Clairi\\u00e8re&quot;,&quot;distance_km&quot;:&quot;1.1 km&quot;,&quot;description&quot;:&quot;Cours collectifs de yoga en plein air pour d\\u00e9tente et bien-\\u00eatre, ouverts \\u00e0 tous niveaux.&quot;,&quot;type&quot;:&quot;Bien-\\u00eatre&quot;,&quot;comment&quot;:&quot;&quot;,&quot;link&quot;:&quot;https:\\\/\\\/www.guide-des-landes.com\\\/fr\\\/tourisme\\\/se-loger\\\/campings\\\/campings-mobil-homes\\\/saint-paul-en-born-275\\\/camping-la-clairiere-691.html&quot;,&quot;image&quot;:&quot;&quot;},&quot;category&quot;:&quot;\\u00c9v\\u00e9nements recommand\\u00e9s&quot;}\">\n\n            <!-- Image + badge cat\u00e9gorie -->\n            <div class=\"em-card-img-wrap\">\n                              <div class=\"em-card-placeholder\">\ud83d\udcf7 Pas d'image<\/div>\n                            <span class=\"em-card-badge badge-event\">\u00c9v\u00e9nements recommand\u00e9s<\/span>\n            <\/div>\n\n            <!-- Contenu de la card -->\n            <div class=\"em-card-body\">\n              <h3 class=\"em-card-title\">Atelier initiation au yoga et relaxation en plein air<\/h3>\n\n              <!-- Tags r\u00e9sum\u00e9s (max 4) -->\n              <div class=\"em-card-tags\">\n                                              <\/div>\n\n              <!-- Champs suppl\u00e9mentaires (max 3) -->\n              <div class=\"em-card-fields\">\n                                  <div class=\"em-card-field\">\n                    <span class=\"em-card-field-label\">Date \/ P\u00e9riode :<\/span>\n                    <span class=\"em-card-field-value\">Saisons estivales 2025<\/span>\n                  <\/div>\n                                  <div class=\"em-card-field\">\n                    <span class=\"em-card-field-label\">Lieu (ville) :<\/span>\n                    <span class=\"em-card-field-value\">Pr\u00e8s du Camping La Clairi\u00e8re<\/span>\n                  <\/div>\n                                  <div class=\"em-card-field\">\n                    <span class=\"em-card-field-label\">Distance depuis le camping (km) :<\/span>\n                    <span class=\"em-card-field-value\">1.1 km<\/span>\n                  <\/div>\n                              <\/div>\n\n              <!-- Lien vers le d\u00e9tail -->\n              <div class=\"em-card-footer\">\n                <span>Voir le d\u00e9tail<\/span>\n                <svg fill=\"none\" viewBox=\"0 0 24 24\" stroke=\"currentColor\" stroke-width=\"2\"><path stroke-linecap=\"round\" stroke-linejoin=\"round\" d=\"M13.5 4.5L21 12m0 0l-7.5 7.5M21 12H3\"><\/path><\/svg>\n              <\/div>\n            <\/div>\n          <\/article>\n                  <article class=\"em-card\"\n            data-type=\"event\"\n            data-features=\"\"\n            data-name=\"f\u00eates traditionnelles de saint-paul-en-born\"\n            data-json=\"{&quot;name&quot;:&quot;F\\u00eates traditionnelles de Saint-Paul-en-Born&quot;,&quot;image&quot;:&quot;&quot;,&quot;link&quot;:&quot;https:\\\/\\\/www.camping-laclairiere.fr\\\/fr\\\/&quot;,&quot;data&quot;:{&quot;name&quot;:&quot;F\\u00eates traditionnelles de Saint-Paul-en-Born&quot;,&quot;date_period&quot;:&quot;Juillet - Ao\\u00fbt 2025&quot;,&quot;location&quot;:&quot;Saint-Paul-en-Born&quot;,&quot;distance_km&quot;:&quot;Sur place ou tr\\u00e8s proche&quot;,&quot;description&quot;:&quot;F\\u00eates villageoises avec bandas, repas landais, bals et feux d&#039;artifice.&quot;,&quot;type&quot;:&quot;Culturel &amp; Festif&quot;,&quot;comment&quot;:&quot;Manifestation phare du village en \\u00e9t\\u00e9&quot;,&quot;link&quot;:&quot;https:\\\/\\\/www.camping-laclairiere.fr\\\/fr\\\/&quot;,&quot;image&quot;:&quot;&quot;},&quot;category&quot;:&quot;\\u00c9v\\u00e9nements recommand\\u00e9s&quot;}\">\n\n            <!-- Image + badge cat\u00e9gorie -->\n            <div class=\"em-card-img-wrap\">\n                              <div class=\"em-card-placeholder\">\ud83d\udcf7 Pas d'image<\/div>\n                            <span class=\"em-card-badge badge-event\">\u00c9v\u00e9nements recommand\u00e9s<\/span>\n            <\/div>\n\n            <!-- Contenu de la card -->\n            <div class=\"em-card-body\">\n              <h3 class=\"em-card-title\">F\u00eates traditionnelles de Saint-Paul-en-Born<\/h3>\n\n              <!-- Tags r\u00e9sum\u00e9s (max 4) -->\n              <div class=\"em-card-tags\">\n                                              <\/div>\n\n              <!-- Champs suppl\u00e9mentaires (max 3) -->\n              <div class=\"em-card-fields\">\n                                  <div class=\"em-card-field\">\n                    <span class=\"em-card-field-label\">Date \/ P\u00e9riode :<\/span>\n                    <span class=\"em-card-field-value\">Juillet - Ao\u00fbt 2025<\/span>\n                  <\/div>\n                                  <div class=\"em-card-field\">\n                    <span class=\"em-card-field-label\">Lieu (ville) :<\/span>\n                    <span class=\"em-card-field-value\">Saint-Paul-en-Born<\/span>\n                  <\/div>\n                                  <div class=\"em-card-field\">\n                    <span class=\"em-card-field-label\">Distance depuis le camping (km) :<\/span>\n                    <span class=\"em-card-field-value\">Sur place ou tr\u00e8s proche<\/span>\n                  <\/div>\n                              <\/div>\n\n              <!-- Lien vers le d\u00e9tail -->\n              <div class=\"em-card-footer\">\n                <span>Voir le d\u00e9tail<\/span>\n                <svg fill=\"none\" viewBox=\"0 0 24 24\" stroke=\"currentColor\" stroke-width=\"2\"><path stroke-linecap=\"round\" stroke-linejoin=\"round\" d=\"M13.5 4.5L21 12m0 0l-7.5 7.5M21 12H3\"><\/path><\/svg>\n              <\/div>\n            <\/div>\n          <\/article>\n                  <article class=\"em-card\"\n            data-type=\"event\"\n            data-features=\"\"\n            data-name=\"march\u00e9 artisanal et gastronomique de saint-paul-en-born\"\n            data-json=\"{&quot;name&quot;:&quot;March\\u00e9 artisanal et gastronomique de Saint-Paul-en-Born&quot;,&quot;image&quot;:&quot;&quot;,&quot;link&quot;:&quot;https:\\\/\\\/www.camping-laclairiere.fr\\\/fr\\\/&quot;,&quot;data&quot;:{&quot;name&quot;:&quot;March\\u00e9 artisanal et gastronomique de Saint-Paul-en-Born&quot;,&quot;date_period&quot;:&quot;Saisons estivales 2025&quot;,&quot;location&quot;:&quot;Saint-Paul-en-Born&quot;,&quot;distance_km&quot;:&quot;Sur place&quot;,&quot;description&quot;:&quot;March\\u00e9 proposant produits artisanaux et sp\\u00e9cialit\\u00e9s culinaires locales.&quot;,&quot;type&quot;:&quot;Gastronomie &amp; Tradition&quot;,&quot;comment&quot;:&quot;March\\u00e9 r\\u00e9gulier durant la haute saison&quot;,&quot;link&quot;:&quot;https:\\\/\\\/www.camping-laclairiere.fr\\\/fr\\\/&quot;,&quot;image&quot;:&quot;&quot;},&quot;category&quot;:&quot;\\u00c9v\\u00e9nements recommand\\u00e9s&quot;}\">\n\n            <!-- Image + badge cat\u00e9gorie -->\n            <div class=\"em-card-img-wrap\">\n                              <div class=\"em-card-placeholder\">\ud83d\udcf7 Pas d'image<\/div>\n                            <span class=\"em-card-badge badge-event\">\u00c9v\u00e9nements recommand\u00e9s<\/span>\n            <\/div>\n\n            <!-- Contenu de la card -->\n            <div class=\"em-card-body\">\n              <h3 class=\"em-card-title\">March\u00e9 artisanal et gastronomique de Saint-Paul-en-Born<\/h3>\n\n              <!-- Tags r\u00e9sum\u00e9s (max 4) -->\n              <div class=\"em-card-tags\">\n                                              <\/div>\n\n              <!-- Champs suppl\u00e9mentaires (max 3) -->\n              <div class=\"em-card-fields\">\n                                  <div class=\"em-card-field\">\n                    <span class=\"em-card-field-label\">Date \/ P\u00e9riode :<\/span>\n                    <span class=\"em-card-field-value\">Saisons estivales 2025<\/span>\n                  <\/div>\n                                  <div class=\"em-card-field\">\n                    <span class=\"em-card-field-label\">Lieu (ville) :<\/span>\n                    <span class=\"em-card-field-value\">Saint-Paul-en-Born<\/span>\n                  <\/div>\n                                  <div class=\"em-card-field\">\n                    <span class=\"em-card-field-label\">Distance depuis le camping (km) :<\/span>\n                    <span class=\"em-card-field-value\">Sur place<\/span>\n                  <\/div>\n                              <\/div>\n\n              <!-- Lien vers le d\u00e9tail -->\n              <div class=\"em-card-footer\">\n                <span>Voir le d\u00e9tail<\/span>\n                <svg fill=\"none\" viewBox=\"0 0 24 24\" stroke=\"currentColor\" stroke-width=\"2\"><path stroke-linecap=\"round\" stroke-linejoin=\"round\" d=\"M13.5 4.5L21 12m0 0l-7.5 7.5M21 12H3\"><\/path><\/svg>\n              <\/div>\n            <\/div>\n          <\/article>\n                  <article class=\"em-card\"\n            data-type=\"event\"\n            data-features=\"\"\n            data-name=\"excursions p\u00e9destres au bord de la rivi\u00e8re et d\u00e9couverte de la biodiversit\u00e9\"\n            data-json=\"{&quot;name&quot;:&quot;Excursions p\\u00e9destres au bord de la rivi\\u00e8re et d\\u00e9couverte de la biodiversit\\u00e9&quot;,&quot;image&quot;:&quot;&quot;,&quot;link&quot;:&quot;https:\\\/\\\/www.guide-des-landes.com\\\/fr\\\/tourisme\\\/se-loger\\\/campings\\\/campings-mobil-homes\\\/saint-paul-en-born-275\\\/camping-la-clairiere-691.html&quot;,&quot;data&quot;:{&quot;name&quot;:&quot;Excursions p\\u00e9destres au bord de la rivi\\u00e8re et d\\u00e9couverte de la biodiversit\\u00e9&quot;,&quot;date_period&quot;:&quot;Printemps - Automne 2025&quot;,&quot;location&quot;:&quot;\\u00c0 proximit\\u00e9 du camping&quot;,&quot;distance_km&quot;:&quot;1-2 km&quot;,&quot;description&quot;:&quot;Randonn\\u00e9es guid\\u00e9es centr\\u00e9es sur l&#039;observation et la connaissance de la faune et flore locale.&quot;,&quot;type&quot;:&quot;Nature &amp; Sport&quot;,&quot;comment&quot;:&quot;&quot;,&quot;link&quot;:&quot;https:\\\/\\\/www.guide-des-landes.com\\\/fr\\\/tourisme\\\/se-loger\\\/campings\\\/campings-mobil-homes\\\/saint-paul-en-born-275\\\/camping-la-clairiere-691.html&quot;,&quot;image&quot;:&quot;&quot;},&quot;category&quot;:&quot;\\u00c9v\\u00e9nements recommand\\u00e9s&quot;}\">\n\n            <!-- Image + badge cat\u00e9gorie -->\n            <div class=\"em-card-img-wrap\">\n                              <div class=\"em-card-placeholder\">\ud83d\udcf7 Pas d'image<\/div>\n                            <span class=\"em-card-badge badge-event\">\u00c9v\u00e9nements recommand\u00e9s<\/span>\n            <\/div>\n\n            <!-- Contenu de la card -->\n            <div class=\"em-card-body\">\n              <h3 class=\"em-card-title\">Excursions p\u00e9destres au bord de la rivi\u00e8re et d\u00e9couverte de la biodiversit\u00e9<\/h3>\n\n              <!-- Tags r\u00e9sum\u00e9s (max 4) -->\n              <div class=\"em-card-tags\">\n                                              <\/div>\n\n              <!-- Champs suppl\u00e9mentaires (max 3) -->\n              <div class=\"em-card-fields\">\n                                  <div class=\"em-card-field\">\n                    <span class=\"em-card-field-label\">Date \/ P\u00e9riode :<\/span>\n                    <span class=\"em-card-field-value\">Printemps - Automne 2025<\/span>\n                  <\/div>\n                                  <div class=\"em-card-field\">\n                    <span class=\"em-card-field-label\">Lieu (ville) :<\/span>\n                    <span class=\"em-card-field-value\">\u00c0 proximit\u00e9 du camping<\/span>\n                  <\/div>\n                                  <div class=\"em-card-field\">\n                    <span class=\"em-card-field-label\">Distance depuis le camping (km) :<\/span>\n                    <span class=\"em-card-field-value\">1-2 km<\/span>\n                  <\/div>\n                              <\/div>\n\n              <!-- Lien vers le d\u00e9tail -->\n              <div class=\"em-card-footer\">\n                <span>Voir le d\u00e9tail<\/span>\n                <svg fill=\"none\" viewBox=\"0 0 24 24\" stroke=\"currentColor\" stroke-width=\"2\"><path stroke-linecap=\"round\" stroke-linejoin=\"round\" d=\"M13.5 4.5L21 12m0 0l-7.5 7.5M21 12H3\"><\/path><\/svg>\n              <\/div>\n            <\/div>\n          <\/article>\n                  <article class=\"em-card\"\n            data-type=\"event\"\n            data-features=\"\"\n            data-name=\"initiation \u00e0 la course d&#039;orientation en for\u00eat\"\n            data-json=\"{&quot;name&quot;:&quot;Initiation \\u00e0 la course d&#039;orientation en for\\u00eat&quot;,&quot;image&quot;:&quot;&quot;,&quot;link&quot;:&quot;https:\\\/\\\/www.guide-des-landes.com\\\/fr\\\/tourisme\\\/se-loger\\\/campings\\\/campings-mobil-homes\\\/saint-paul-en-born-275\\\/camping-la-clairiere-691.html&quot;,&quot;data&quot;:{&quot;name&quot;:&quot;Initiation \\u00e0 la course d&#039;orientation en for\\u00eat&quot;,&quot;date_period&quot;:&quot;2025&quot;,&quot;location&quot;:&quot;For\\u00eat des Landes, proche Saint-Paul-en-Born&quot;,&quot;distance_km&quot;:&quot;1-3 km&quot;,&quot;description&quot;:&quot;Atelier d&#039;initiation aux techniques de course d&#039;orientation et utilisation de la boussole dans la for\\u00eat.&quot;,&quot;type&quot;:&quot;Sport &amp; Nature&quot;,&quot;comment&quot;:&quot;&quot;,&quot;link&quot;:&quot;https:\\\/\\\/www.guide-des-landes.com\\\/fr\\\/tourisme\\\/se-loger\\\/campings\\\/campings-mobil-homes\\\/saint-paul-en-born-275\\\/camping-la-clairiere-691.html&quot;,&quot;image&quot;:&quot;&quot;},&quot;category&quot;:&quot;\\u00c9v\\u00e9nements recommand\\u00e9s&quot;}\">\n\n            <!-- Image + badge cat\u00e9gorie -->\n            <div class=\"em-card-img-wrap\">\n                              <div class=\"em-card-placeholder\">\ud83d\udcf7 Pas d'image<\/div>\n                            <span class=\"em-card-badge badge-event\">\u00c9v\u00e9nements recommand\u00e9s<\/span>\n            <\/div>\n\n            <!-- Contenu de la card -->\n            <div class=\"em-card-body\">\n              <h3 class=\"em-card-title\">Initiation \u00e0 la course d&#039;orientation en for\u00eat<\/h3>\n\n              <!-- Tags r\u00e9sum\u00e9s (max 4) -->\n              <div class=\"em-card-tags\">\n                                              <\/div>\n\n              <!-- Champs suppl\u00e9mentaires (max 3) -->\n              <div class=\"em-card-fields\">\n                                  <div class=\"em-card-field\">\n                    <span class=\"em-card-field-label\">Date \/ P\u00e9riode :<\/span>\n                    <span class=\"em-card-field-value\">2025<\/span>\n                  <\/div>\n                                  <div class=\"em-card-field\">\n                    <span class=\"em-card-field-label\">Lieu (ville) :<\/span>\n                    <span class=\"em-card-field-value\">For\u00eat des Landes, proche Saint-Paul-en-Born<\/span>\n                  <\/div>\n                                  <div class=\"em-card-field\">\n                    <span class=\"em-card-field-label\">Distance depuis le camping (km) :<\/span>\n                    <span class=\"em-card-field-value\">1-3 km<\/span>\n                  <\/div>\n                              <\/div>\n\n              <!-- Lien vers le d\u00e9tail -->\n              <div class=\"em-card-footer\">\n                <span>Voir le d\u00e9tail<\/span>\n                <svg fill=\"none\" viewBox=\"0 0 24 24\" stroke=\"currentColor\" stroke-width=\"2\"><path stroke-linecap=\"round\" stroke-linejoin=\"round\" d=\"M13.5 4.5L21 12m0 0l-7.5 7.5M21 12H3\"><\/path><\/svg>\n              <\/div>\n            <\/div>\n          <\/article>\n                  <article class=\"em-card\"\n            data-type=\"event\"\n            data-features=\"\"\n            data-name=\"circuit cycliste sur la v\u00e9lodys\u00e9e\"\n            data-json=\"{&quot;name&quot;:&quot;Circuit cycliste sur la V\\u00e9lodys\\u00e9e&quot;,&quot;image&quot;:&quot;&quot;,&quot;link&quot;:&quot;https:\\\/\\\/www.camping-laclairiere.fr\\\/fr\\\/&quot;,&quot;data&quot;:{&quot;name&quot;:&quot;Circuit cycliste sur la V\\u00e9lodys\\u00e9e&quot;,&quot;date_period&quot;:&quot;Printemps - Automne 2025&quot;,&quot;location&quot;:&quot;Sur la V\\u00e9lodys\\u00e9e, proche du camping&quot;,&quot;distance_km&quot;:&quot;Directement au camping&quot;,&quot;description&quot;:&quot;Parcours cycliste reconnu traversant Saint-Paul-en-Born, id\\u00e9al pour sorties sportives et touristiques.&quot;,&quot;type&quot;:&quot;Sport &amp; Loisirs&quot;,&quot;comment&quot;:&quot;Parcours accessible d\\u00e9butants et confirm\\u00e9s&quot;,&quot;link&quot;:&quot;https:\\\/\\\/www.camping-laclairiere.fr\\\/fr\\\/&quot;,&quot;image&quot;:&quot;&quot;},&quot;category&quot;:&quot;\\u00c9v\\u00e9nements recommand\\u00e9s&quot;}\">\n\n            <!-- Image + badge cat\u00e9gorie -->\n            <div class=\"em-card-img-wrap\">\n                              <div class=\"em-card-placeholder\">\ud83d\udcf7 Pas d'image<\/div>\n                            <span class=\"em-card-badge badge-event\">\u00c9v\u00e9nements recommand\u00e9s<\/span>\n            <\/div>\n\n            <!-- Contenu de la card -->\n            <div class=\"em-card-body\">\n              <h3 class=\"em-card-title\">Circuit cycliste sur la V\u00e9lodys\u00e9e<\/h3>\n\n              <!-- Tags r\u00e9sum\u00e9s (max 4) -->\n              <div class=\"em-card-tags\">\n                                              <\/div>\n\n              <!-- Champs suppl\u00e9mentaires (max 3) -->\n              <div class=\"em-card-fields\">\n                                  <div class=\"em-card-field\">\n                    <span class=\"em-card-field-label\">Date \/ P\u00e9riode :<\/span>\n                    <span class=\"em-card-field-value\">Printemps - Automne 2025<\/span>\n                  <\/div>\n                                  <div class=\"em-card-field\">\n                    <span class=\"em-card-field-label\">Lieu (ville) :<\/span>\n                    <span class=\"em-card-field-value\">Sur la V\u00e9lodys\u00e9e, proche du camping<\/span>\n                  <\/div>\n                                  <div class=\"em-card-field\">\n                    <span class=\"em-card-field-label\">Distance depuis le camping (km) :<\/span>\n                    <span class=\"em-card-field-value\">Directement au camping<\/span>\n                  <\/div>\n                              <\/div>\n\n              <!-- Lien vers le d\u00e9tail -->\n              <div class=\"em-card-footer\">\n                <span>Voir le d\u00e9tail<\/span>\n                <svg fill=\"none\" viewBox=\"0 0 24 24\" stroke=\"currentColor\" stroke-width=\"2\"><path stroke-linecap=\"round\" stroke-linejoin=\"round\" d=\"M13.5 4.5L21 12m0 0l-7.5 7.5M21 12H3\"><\/path><\/svg>\n              <\/div>\n            <\/div>\n          <\/article>\n                  <article class=\"em-card\"\n            data-type=\"event\"\n            data-features=\"\"\n            data-name=\"sortie nature guid\u00e9e \u00e0 v\u00e9lo\"\n            data-json=\"{&quot;name&quot;:&quot;Sortie nature guid\\u00e9e \\u00e0 v\\u00e9lo&quot;,&quot;image&quot;:&quot;&quot;,&quot;link&quot;:&quot;https:\\\/\\\/www.guide-des-landes.com\\\/fr\\\/tourisme\\\/se-loger\\\/campings\\\/campings-mobil-homes\\\/saint-paul-en-born-275\\\/camping-la-clairiere-691.html&quot;,&quot;data&quot;:{&quot;name&quot;:&quot;Sortie nature guid\\u00e9e \\u00e0 v\\u00e9lo&quot;,&quot;date_period&quot;:&quot;2025&quot;,&quot;location&quot;:&quot;\\u00c0 proximit\\u00e9 du Camping La Clairi\\u00e8re&quot;,&quot;distance_km&quot;:&quot;1 km&quot;,&quot;description&quot;:&quot;Balades accompagn\\u00e9es \\u00e0 v\\u00e9lo pour d\\u00e9couvrir la biodiversit\\u00e9 et les paysages landais.&quot;,&quot;type&quot;:&quot;Nature &amp; Activit\\u00e9s sportives&quot;,&quot;comment&quot;:&quot;&quot;,&quot;link&quot;:&quot;https:\\\/\\\/www.guide-des-landes.com\\\/fr\\\/tourisme\\\/se-loger\\\/campings\\\/campings-mobil-homes\\\/saint-paul-en-born-275\\\/camping-la-clairiere-691.html&quot;,&quot;image&quot;:&quot;&quot;},&quot;category&quot;:&quot;\\u00c9v\\u00e9nements recommand\\u00e9s&quot;}\">\n\n            <!-- Image + badge cat\u00e9gorie -->\n            <div class=\"em-card-img-wrap\">\n                              <div class=\"em-card-placeholder\">\ud83d\udcf7 Pas d'image<\/div>\n                            <span class=\"em-card-badge badge-event\">\u00c9v\u00e9nements recommand\u00e9s<\/span>\n            <\/div>\n\n            <!-- Contenu de la card -->\n            <div class=\"em-card-body\">\n              <h3 class=\"em-card-title\">Sortie nature guid\u00e9e \u00e0 v\u00e9lo<\/h3>\n\n              <!-- Tags r\u00e9sum\u00e9s (max 4) -->\n              <div class=\"em-card-tags\">\n                                              <\/div>\n\n              <!-- Champs suppl\u00e9mentaires (max 3) -->\n              <div class=\"em-card-fields\">\n                                  <div class=\"em-card-field\">\n                    <span class=\"em-card-field-label\">Date \/ P\u00e9riode :<\/span>\n                    <span class=\"em-card-field-value\">2025<\/span>\n                  <\/div>\n                                  <div class=\"em-card-field\">\n                    <span class=\"em-card-field-label\">Lieu (ville) :<\/span>\n                    <span class=\"em-card-field-value\">\u00c0 proximit\u00e9 du Camping La Clairi\u00e8re<\/span>\n                  <\/div>\n                                  <div class=\"em-card-field\">\n                    <span class=\"em-card-field-label\">Distance depuis le camping (km) :<\/span>\n                    <span class=\"em-card-field-value\">1 km<\/span>\n                  <\/div>\n                              <\/div>\n\n              <!-- Lien vers le d\u00e9tail -->\n              <div class=\"em-card-footer\">\n                <span>Voir le d\u00e9tail<\/span>\n                <svg fill=\"none\" viewBox=\"0 0 24 24\" stroke=\"currentColor\" stroke-width=\"2\"><path stroke-linecap=\"round\" stroke-linejoin=\"round\" d=\"M13.5 4.5L21 12m0 0l-7.5 7.5M21 12H3\"><\/path><\/svg>\n              <\/div>\n            <\/div>\n          <\/article>\n                  <article class=\"em-card\"\n            data-type=\"event\"\n            data-features=\"\"\n            data-name=\"march\u00e9 nocturne artisanal et gastronomique\"\n            data-json=\"{&quot;name&quot;:&quot;March\\u00e9 nocturne artisanal et gastronomique&quot;,&quot;image&quot;:&quot;&quot;,&quot;link&quot;:&quot;https:\\\/\\\/www.guide-des-landes.com\\\/fr\\\/tourisme\\\/se-loger\\\/campings\\\/campings-mobil-homes\\\/saint-paul-en-born-275\\\/camping-la-clairiere-691.html&quot;,&quot;data&quot;:{&quot;name&quot;:&quot;March\\u00e9 nocturne artisanal et gastronomique&quot;,&quot;date_period&quot;:&quot;\\u00c9t\\u00e9 2025&quot;,&quot;location&quot;:&quot;Saint-Paul-en-Born&quot;,&quot;distance_km&quot;:&quot;Sur place&quot;,&quot;description&quot;:&quot;March\\u00e9 de nuit anim\\u00e9 avec stands artisanaux et d\\u00e9gustations de produits r\\u00e9gionaux.&quot;,&quot;type&quot;:&quot;Gastronomie &amp; Culture&quot;,&quot;comment&quot;:&quot;Tr\\u00e8s appr\\u00e9ci\\u00e9 en saison estivale&quot;,&quot;link&quot;:&quot;https:\\\/\\\/www.guide-des-landes.com\\\/fr\\\/tourisme\\\/se-loger\\\/campings\\\/campings-mobil-homes\\\/saint-paul-en-born-275\\\/camping-la-clairiere-691.html&quot;,&quot;image&quot;:&quot;&quot;},&quot;category&quot;:&quot;\\u00c9v\\u00e9nements recommand\\u00e9s&quot;}\">\n\n            <!-- Image + badge cat\u00e9gorie -->\n            <div class=\"em-card-img-wrap\">\n                              <div class=\"em-card-placeholder\">\ud83d\udcf7 Pas d'image<\/div>\n                            <span class=\"em-card-badge badge-event\">\u00c9v\u00e9nements recommand\u00e9s<\/span>\n            <\/div>\n\n            <!-- Contenu de la card -->\n            <div class=\"em-card-body\">\n              <h3 class=\"em-card-title\">March\u00e9 nocturne artisanal et gastronomique<\/h3>\n\n              <!-- Tags r\u00e9sum\u00e9s (max 4) -->\n              <div class=\"em-card-tags\">\n                                              <\/div>\n\n              <!-- Champs suppl\u00e9mentaires (max 3) -->\n              <div class=\"em-card-fields\">\n                                  <div class=\"em-card-field\">\n                    <span class=\"em-card-field-label\">Date \/ P\u00e9riode :<\/span>\n                    <span class=\"em-card-field-value\">\u00c9t\u00e9 2025<\/span>\n                  <\/div>\n                                  <div class=\"em-card-field\">\n                    <span class=\"em-card-field-label\">Lieu (ville) :<\/span>\n                    <span class=\"em-card-field-value\">Saint-Paul-en-Born<\/span>\n                  <\/div>\n                                  <div class=\"em-card-field\">\n                    <span class=\"em-card-field-label\">Distance depuis le camping (km) :<\/span>\n                    <span class=\"em-card-field-value\">Sur place<\/span>\n                  <\/div>\n                              <\/div>\n\n              <!-- Lien vers le d\u00e9tail -->\n              <div class=\"em-card-footer\">\n                <span>Voir le d\u00e9tail<\/span>\n                <svg fill=\"none\" viewBox=\"0 0 24 24\" stroke=\"currentColor\" stroke-width=\"2\"><path stroke-linecap=\"round\" stroke-linejoin=\"round\" d=\"M13.5 4.5L21 12m0 0l-7.5 7.5M21 12H3\"><\/path><\/svg>\n              <\/div>\n            <\/div>\n          <\/article>\n                  <article class=\"em-card\"\n            data-type=\"event\"\n            data-features=\"\"\n            data-name=\"exposition photographique sur la nature landaise\"\n            data-json=\"{&quot;name&quot;:&quot;Exposition photographique sur la nature landaise&quot;,&quot;image&quot;:&quot;&quot;,&quot;link&quot;:&quot;https:\\\/\\\/www.guide-des-landes.com\\\/fr\\\/tourisme\\\/se-loger\\\/campings\\\/campings-mobil-homes\\\/saint-paul-en-born-275\\\/camping-la-clairiere-691.html&quot;,&quot;data&quot;:{&quot;name&quot;:&quot;Exposition photographique sur la nature landaise&quot;,&quot;date_period&quot;:&quot;Saisons printemps et \\u00e9t\\u00e9 2025&quot;,&quot;location&quot;:&quot;Saint-Paul-en-Born, proche du camping&quot;,&quot;distance_km&quot;:&quot;1.1 km&quot;,&quot;description&quot;:&quot;Exposition de photographies mettant en valeur les paysages et la faune des Landes.&quot;,&quot;type&quot;:&quot;Culturel &amp; Nature&quot;,&quot;comment&quot;:&quot;&quot;,&quot;link&quot;:&quot;https:\\\/\\\/www.guide-des-landes.com\\\/fr\\\/tourisme\\\/se-loger\\\/campings\\\/campings-mobil-homes\\\/saint-paul-en-born-275\\\/camping-la-clairiere-691.html&quot;,&quot;image&quot;:&quot;&quot;},&quot;category&quot;:&quot;\\u00c9v\\u00e9nements recommand\\u00e9s&quot;}\">\n\n            <!-- Image + badge cat\u00e9gorie -->\n            <div class=\"em-card-img-wrap\">\n                              <div class=\"em-card-placeholder\">\ud83d\udcf7 Pas d'image<\/div>\n                            <span class=\"em-card-badge badge-event\">\u00c9v\u00e9nements recommand\u00e9s<\/span>\n            <\/div>\n\n            <!-- Contenu de la card -->\n            <div class=\"em-card-body\">\n              <h3 class=\"em-card-title\">Exposition photographique sur la nature landaise<\/h3>\n\n              <!-- Tags r\u00e9sum\u00e9s (max 4) -->\n              <div class=\"em-card-tags\">\n                                              <\/div>\n\n              <!-- Champs suppl\u00e9mentaires (max 3) -->\n              <div class=\"em-card-fields\">\n                                  <div class=\"em-card-field\">\n                    <span class=\"em-card-field-label\">Date \/ P\u00e9riode :<\/span>\n                    <span class=\"em-card-field-value\">Saisons printemps et \u00e9t\u00e9 2025<\/span>\n                  <\/div>\n                                  <div class=\"em-card-field\">\n                    <span class=\"em-card-field-label\">Lieu (ville) :<\/span>\n                    <span class=\"em-card-field-value\">Saint-Paul-en-Born, proche du camping<\/span>\n                  <\/div>\n                                  <div class=\"em-card-field\">\n                    <span class=\"em-card-field-label\">Distance depuis le camping (km) :<\/span>\n                    <span class=\"em-card-field-value\">1.1 km<\/span>\n                  <\/div>\n                              <\/div>\n\n              <!-- Lien vers le d\u00e9tail -->\n              <div class=\"em-card-footer\">\n                <span>Voir le d\u00e9tail<\/span>\n                <svg fill=\"none\" viewBox=\"0 0 24 24\" stroke=\"currentColor\" stroke-width=\"2\"><path stroke-linecap=\"round\" stroke-linejoin=\"round\" d=\"M13.5 4.5L21 12m0 0l-7.5 7.5M21 12H3\"><\/path><\/svg>\n              <\/div>\n            <\/div>\n          <\/article>\n                  <article class=\"em-card\"\n            data-type=\"event\"\n            data-features=\"\"\n            data-name=\"atelier de d\u00e9gustation de vins et produits locaux\"\n            data-json=\"{&quot;name&quot;:&quot;Atelier de d\\u00e9gustation de vins et produits locaux&quot;,&quot;image&quot;:&quot;&quot;,&quot;link&quot;:&quot;https:\\\/\\\/www.guide-des-landes.com\\\/fr\\\/tourisme\\\/se-loger\\\/campings\\\/campings-mobil-homes\\\/saint-paul-en-born-275\\\/camping-la-clairiere-691.html&quot;,&quot;data&quot;:{&quot;name&quot;:&quot;Atelier de d\\u00e9gustation de vins et produits locaux&quot;,&quot;date_period&quot;:&quot;Saisons estivales 2025&quot;,&quot;location&quot;:&quot;Saint-Paul-en-Born&quot;,&quot;distance_km&quot;:&quot;1.1 km&quot;,&quot;description&quot;:&quot;Atelier organis\\u00e9 pour d\\u00e9couvrir les vins du Sud-Ouest ainsi que les sp\\u00e9cialit\\u00e9s r\\u00e9gionales culinaires.&quot;,&quot;type&quot;:&quot;Gastronomie&quot;,&quot;comment&quot;:&quot;&quot;,&quot;link&quot;:&quot;https:\\\/\\\/www.guide-des-landes.com\\\/fr\\\/tourisme\\\/se-loger\\\/campings\\\/campings-mobil-homes\\\/saint-paul-en-born-275\\\/camping-la-clairiere-691.html&quot;,&quot;image&quot;:&quot;&quot;},&quot;category&quot;:&quot;\\u00c9v\\u00e9nements recommand\\u00e9s&quot;}\">\n\n            <!-- Image + badge cat\u00e9gorie -->\n            <div class=\"em-card-img-wrap\">\n                              <div class=\"em-card-placeholder\">\ud83d\udcf7 Pas d'image<\/div>\n                            <span class=\"em-card-badge badge-event\">\u00c9v\u00e9nements recommand\u00e9s<\/span>\n            <\/div>\n\n            <!-- Contenu de la card -->\n            <div class=\"em-card-body\">\n              <h3 class=\"em-card-title\">Atelier de d\u00e9gustation de vins et produits locaux<\/h3>\n\n              <!-- Tags r\u00e9sum\u00e9s (max 4) -->\n              <div class=\"em-card-tags\">\n                                              <\/div>\n\n              <!-- Champs suppl\u00e9mentaires (max 3) -->\n              <div class=\"em-card-fields\">\n                                  <div class=\"em-card-field\">\n                    <span class=\"em-card-field-label\">Date \/ P\u00e9riode :<\/span>\n                    <span class=\"em-card-field-value\">Saisons estivales 2025<\/span>\n                  <\/div>\n                                  <div class=\"em-card-field\">\n                    <span class=\"em-card-field-label\">Lieu (ville) :<\/span>\n                    <span class=\"em-card-field-value\">Saint-Paul-en-Born<\/span>\n                  <\/div>\n                                  <div class=\"em-card-field\">\n                    <span class=\"em-card-field-label\">Distance depuis le camping (km) :<\/span>\n                    <span class=\"em-card-field-value\">1.1 km<\/span>\n                  <\/div>\n                              <\/div>\n\n              <!-- Lien vers le d\u00e9tail -->\n              <div class=\"em-card-footer\">\n                <span>Voir le d\u00e9tail<\/span>\n                <svg fill=\"none\" viewBox=\"0 0 24 24\" stroke=\"currentColor\" stroke-width=\"2\"><path stroke-linecap=\"round\" stroke-linejoin=\"round\" d=\"M13.5 4.5L21 12m0 0l-7.5 7.5M21 12H3\"><\/path><\/svg>\n              <\/div>\n            <\/div>\n          <\/article>\n                  <article class=\"em-card\"\n            data-type=\"event\"\n            data-features=\"\"\n            data-name=\"atelier cr\u00e9atif pour enfants\"\n            data-json=\"{&quot;name&quot;:&quot;Atelier cr\\u00e9atif pour enfants&quot;,&quot;image&quot;:&quot;&quot;,&quot;link&quot;:&quot;&quot;,&quot;data&quot;:{&quot;name&quot;:&quot;Atelier cr\\u00e9atif pour enfants&quot;,&quot;date_period&quot;:&quot;Pendant les vacances d&#039;\\u00e9t\\u00e9 (juillet-ao\\u00fbt)&quot;,&quot;location&quot;:&quot;Club enfants du camping&quot;,&quot;distance_km&quot;:&quot;0&quot;,&quot;description&quot;:&quot;Ateliers manuels et cr\\u00e9atifs adapt\\u00e9s aux diff\\u00e9rentes tranches d&#039;\\u00e2ge (4-7 ans, 8-11 ans, 12-17 ans), propos\\u00e9s r\\u00e9guli\\u00e8rement par le club enfants du camping La Clairi\\u00e8re[1].&quot;,&quot;type&quot;:&quot;Animation&quot;,&quot;comment&quot;:&quot;Activit\\u00e9 encadr\\u00e9e et conviviale pour les jeunes vacanciers.&quot;,&quot;link&quot;:&quot;&quot;,&quot;image&quot;:&quot;&quot;},&quot;category&quot;:&quot;\\u00c9v\\u00e9nements recommand\\u00e9s&quot;}\">\n\n            <!-- Image + badge cat\u00e9gorie -->\n            <div class=\"em-card-img-wrap\">\n                              <div class=\"em-card-placeholder\">\ud83d\udcf7 Pas d'image<\/div>\n                            <span class=\"em-card-badge badge-event\">\u00c9v\u00e9nements recommand\u00e9s<\/span>\n            <\/div>\n\n            <!-- Contenu de la card -->\n            <div class=\"em-card-body\">\n              <h3 class=\"em-card-title\">Atelier cr\u00e9atif pour enfants<\/h3>\n\n              <!-- Tags r\u00e9sum\u00e9s (max 4) -->\n              <div class=\"em-card-tags\">\n                                              <\/div>\n\n              <!-- Champs suppl\u00e9mentaires (max 3) -->\n              <div class=\"em-card-fields\">\n                                  <div class=\"em-card-field\">\n                    <span class=\"em-card-field-label\">Date \/ P\u00e9riode :<\/span>\n                    <span class=\"em-card-field-value\">Pendant les vacances d&#039;\u00e9t\u00e9 (juillet-ao\u00fbt)<\/span>\n                  <\/div>\n                                  <div class=\"em-card-field\">\n                    <span class=\"em-card-field-label\">Lieu (ville) :<\/span>\n                    <span class=\"em-card-field-value\">Club enfants du camping<\/span>\n                  <\/div>\n                                  <div class=\"em-card-field\">\n                    <span class=\"em-card-field-label\">Type d\u2019\u00e9v\u00e9nement (march\u00e9, festival, sport, etc.) :<\/span>\n                    <span class=\"em-card-field-value\">Animation<\/span>\n                  <\/div>\n                              <\/div>\n\n              <!-- Lien vers le d\u00e9tail -->\n              <div class=\"em-card-footer\">\n                <span>Voir le d\u00e9tail<\/span>\n                <svg fill=\"none\" viewBox=\"0 0 24 24\" stroke=\"currentColor\" stroke-width=\"2\"><path stroke-linecap=\"round\" stroke-linejoin=\"round\" d=\"M13.5 4.5L21 12m0 0l-7.5 7.5M21 12H3\"><\/path><\/svg>\n              <\/div>\n            <\/div>\n          <\/article>\n                  <article class=\"em-card\"\n            data-type=\"event\"\n            data-features=\"\"\n            data-name=\"chasse au tr\u00e9sor en pleine nature\"\n            data-json=\"{&quot;name&quot;:&quot;Chasse au tr\\u00e9sor en pleine nature&quot;,&quot;image&quot;:&quot;&quot;,&quot;link&quot;:&quot;&quot;,&quot;data&quot;:{&quot;name&quot;:&quot;Chasse au tr\\u00e9sor en pleine nature&quot;,&quot;date_period&quot;:&quot;Juillet-ao\\u00fbt&quot;,&quot;location&quot;:&quot;Camping et alentours&quot;,&quot;distance_km&quot;:&quot;0-1&quot;,&quot;description&quot;:&quot;Animation ludique organis\\u00e9e par l\\u2019\\u00e9quipe d\\u2019animation pour d\\u00e9couvrir le site et la faune locale tout en s\\u2019amusant, id\\u00e9ale pour les familles[1].&quot;,&quot;type&quot;:&quot;Animation&quot;,&quot;comment&quot;:&quot;Permet de d\\u00e9couvrir la biodiversit\\u00e9 des Landes de fa\\u00e7on interactive.&quot;,&quot;link&quot;:&quot;&quot;,&quot;image&quot;:&quot;&quot;},&quot;category&quot;:&quot;\\u00c9v\\u00e9nements recommand\\u00e9s&quot;}\">\n\n            <!-- Image + badge cat\u00e9gorie -->\n            <div class=\"em-card-img-wrap\">\n                              <div class=\"em-card-placeholder\">\ud83d\udcf7 Pas d'image<\/div>\n                            <span class=\"em-card-badge badge-event\">\u00c9v\u00e9nements recommand\u00e9s<\/span>\n            <\/div>\n\n            <!-- Contenu de la card -->\n            <div class=\"em-card-body\">\n              <h3 class=\"em-card-title\">Chasse au tr\u00e9sor en pleine nature<\/h3>\n\n              <!-- Tags r\u00e9sum\u00e9s (max 4) -->\n              <div class=\"em-card-tags\">\n                                              <\/div>\n\n              <!-- Champs suppl\u00e9mentaires (max 3) -->\n              <div class=\"em-card-fields\">\n                                  <div class=\"em-card-field\">\n                    <span class=\"em-card-field-label\">Date \/ P\u00e9riode :<\/span>\n                    <span class=\"em-card-field-value\">Juillet-ao\u00fbt<\/span>\n                  <\/div>\n                                  <div class=\"em-card-field\">\n                    <span class=\"em-card-field-label\">Lieu (ville) :<\/span>\n                    <span class=\"em-card-field-value\">Camping et alentours<\/span>\n                  <\/div>\n                                  <div class=\"em-card-field\">\n                    <span class=\"em-card-field-label\">Distance depuis le camping (km) :<\/span>\n                    <span class=\"em-card-field-value\">0-1<\/span>\n                  <\/div>\n                              <\/div>\n\n              <!-- Lien vers le d\u00e9tail -->\n              <div class=\"em-card-footer\">\n                <span>Voir le d\u00e9tail<\/span>\n                <svg fill=\"none\" viewBox=\"0 0 24 24\" stroke=\"currentColor\" stroke-width=\"2\"><path stroke-linecap=\"round\" stroke-linejoin=\"round\" d=\"M13.5 4.5L21 12m0 0l-7.5 7.5M21 12H3\"><\/path><\/svg>\n              <\/div>\n            <\/div>\n          <\/article>\n                  <article class=\"em-card\"\n            data-type=\"event\"\n            data-features=\"\"\n            data-name=\"randonn\u00e9e \u00e9questre dans la for\u00eat landaise\"\n            data-json=\"{&quot;name&quot;:&quot;Randonn\\u00e9e \\u00e9questre dans la for\\u00eat landaise&quot;,&quot;image&quot;:&quot;&quot;,&quot;link&quot;:&quot;&quot;,&quot;data&quot;:{&quot;name&quot;:&quot;Randonn\\u00e9e \\u00e9questre dans la for\\u00eat landaise&quot;,&quot;date_period&quot;:&quot;Toute la saison (selon disponibilit\\u00e9)&quot;,&quot;location&quot;:&quot;\\u00c9curies Olivier Bauer, 6,4 km&quot;,&quot;distance_km&quot;:&quot;6,4&quot;,&quot;description&quot;:&quot;Balades \\u00e0 cheval ou \\u00e0 poney pour tous niveaux, \\u00e0 travers les chemins forestiers et les paysages typiques des Landes[2].&quot;,&quot;type&quot;:&quot;Loisirs&quot;,&quot;comment&quot;:&quot;Activit\\u00e9 \\u00e0 r\\u00e9server \\u00e0 l\\u2019avance, adapt\\u00e9e aux enfants et adultes.&quot;,&quot;link&quot;:&quot;&quot;,&quot;image&quot;:&quot;&quot;},&quot;category&quot;:&quot;\\u00c9v\\u00e9nements recommand\\u00e9s&quot;}\">\n\n            <!-- Image + badge cat\u00e9gorie -->\n            <div class=\"em-card-img-wrap\">\n                              <div class=\"em-card-placeholder\">\ud83d\udcf7 Pas d'image<\/div>\n                            <span class=\"em-card-badge badge-event\">\u00c9v\u00e9nements recommand\u00e9s<\/span>\n            <\/div>\n\n            <!-- Contenu de la card -->\n            <div class=\"em-card-body\">\n              <h3 class=\"em-card-title\">Randonn\u00e9e \u00e9questre dans la for\u00eat landaise<\/h3>\n\n              <!-- Tags r\u00e9sum\u00e9s (max 4) -->\n              <div class=\"em-card-tags\">\n                                              <\/div>\n\n              <!-- Champs suppl\u00e9mentaires (max 3) -->\n              <div class=\"em-card-fields\">\n                                  <div class=\"em-card-field\">\n                    <span class=\"em-card-field-label\">Date \/ P\u00e9riode :<\/span>\n                    <span class=\"em-card-field-value\">Toute la saison (selon disponibilit\u00e9)<\/span>\n                  <\/div>\n                                  <div class=\"em-card-field\">\n                    <span class=\"em-card-field-label\">Lieu (ville) :<\/span>\n                    <span class=\"em-card-field-value\">\u00c9curies Olivier Bauer, 6,4 km<\/span>\n                  <\/div>\n                                  <div class=\"em-card-field\">\n                    <span class=\"em-card-field-label\">Distance depuis le camping (km) :<\/span>\n                    <span class=\"em-card-field-value\">6,4<\/span>\n                  <\/div>\n                              <\/div>\n\n              <!-- Lien vers le d\u00e9tail -->\n              <div class=\"em-card-footer\">\n                <span>Voir le d\u00e9tail<\/span>\n                <svg fill=\"none\" viewBox=\"0 0 24 24\" stroke=\"currentColor\" stroke-width=\"2\"><path stroke-linecap=\"round\" stroke-linejoin=\"round\" d=\"M13.5 4.5L21 12m0 0l-7.5 7.5M21 12H3\"><\/path><\/svg>\n              <\/div>\n            <\/div>\n          <\/article>\n                  <article class=\"em-card\"\n            data-type=\"event\"\n            data-features=\"\"\n            data-name=\"d\u00e9couverte du patrimoine jacquaire\"\n            data-json=\"{&quot;name&quot;:&quot;D\\u00e9couverte du patrimoine jacquaire&quot;,&quot;image&quot;:&quot;&quot;,&quot;link&quot;:&quot;&quot;,&quot;data&quot;:{&quot;name&quot;:&quot;D\\u00e9couverte du patrimoine jacquaire&quot;,&quot;date_period&quot;:&quot;Toute l\\u2019ann\\u00e9e&quot;,&quot;location&quot;:&quot;Chemin de Saint-Jacques-de-Compostelle, \\u00e0 proximit\\u00e9 imm\\u00e9diate&quot;,&quot;distance_km&quot;:&quot;0&quot;,&quot;description&quot;:&quot;Randonn\\u00e9es p\\u00e9destres ou cyclistes sur l\\u2019ancien chemin de p\\u00e8lerinage, avec possibilit\\u00e9 de d\\u00e9couvrir l\\u2019histoire et les paysages du Sud-Ouest[3].&quot;,&quot;type&quot;:&quot;Culture&quot;,&quot;comment&quot;:&quot;Itin\\u00e9raire balis\\u00e9, accessible aux d\\u00e9butants comme aux marcheurs aguerris.&quot;,&quot;link&quot;:&quot;&quot;,&quot;image&quot;:&quot;&quot;},&quot;category&quot;:&quot;\\u00c9v\\u00e9nements recommand\\u00e9s&quot;}\">\n\n            <!-- Image + badge cat\u00e9gorie -->\n            <div class=\"em-card-img-wrap\">\n                              <div class=\"em-card-placeholder\">\ud83d\udcf7 Pas d'image<\/div>\n                            <span class=\"em-card-badge badge-event\">\u00c9v\u00e9nements recommand\u00e9s<\/span>\n            <\/div>\n\n            <!-- Contenu de la card -->\n            <div class=\"em-card-body\">\n              <h3 class=\"em-card-title\">D\u00e9couverte du patrimoine jacquaire<\/h3>\n\n              <!-- Tags r\u00e9sum\u00e9s (max 4) -->\n              <div class=\"em-card-tags\">\n                                              <\/div>\n\n              <!-- Champs suppl\u00e9mentaires (max 3) -->\n              <div class=\"em-card-fields\">\n                                  <div class=\"em-card-field\">\n                    <span class=\"em-card-field-label\">Date \/ P\u00e9riode :<\/span>\n                    <span class=\"em-card-field-value\">Toute l\u2019ann\u00e9e<\/span>\n                  <\/div>\n                                  <div class=\"em-card-field\">\n                    <span class=\"em-card-field-label\">Lieu (ville) :<\/span>\n                    <span class=\"em-card-field-value\">Chemin de Saint-Jacques-de-Compostelle, \u00e0 proximit\u00e9 imm\u00e9diat<\/span>\n                  <\/div>\n                                  <div class=\"em-card-field\">\n                    <span class=\"em-card-field-label\">Type d\u2019\u00e9v\u00e9nement (march\u00e9, festival, sport, etc.) :<\/span>\n                    <span class=\"em-card-field-value\">Culture<\/span>\n                  <\/div>\n                              <\/div>\n\n              <!-- Lien vers le d\u00e9tail -->\n              <div class=\"em-card-footer\">\n                <span>Voir le d\u00e9tail<\/span>\n                <svg fill=\"none\" viewBox=\"0 0 24 24\" stroke=\"currentColor\" stroke-width=\"2\"><path stroke-linecap=\"round\" stroke-linejoin=\"round\" d=\"M13.5 4.5L21 12m0 0l-7.5 7.5M21 12H3\"><\/path><\/svg>\n              <\/div>\n            <\/div>\n          <\/article>\n                  <article class=\"em-card\"\n            data-type=\"event\"\n            data-features=\"\"\n            data-name=\"atelier yoga en plein air\"\n            data-json=\"{&quot;name&quot;:&quot;Atelier yoga en plein air&quot;,&quot;image&quot;:&quot;&quot;,&quot;link&quot;:&quot;&quot;,&quot;data&quot;:{&quot;name&quot;:&quot;Atelier yoga en plein air&quot;,&quot;date_period&quot;:&quot;Vacances d&#039;\\u00e9t\\u00e9 (non confirm\\u00e9, \\u00e0 v\\u00e9rifier sur place)&quot;,&quot;location&quot;:&quot;Camping ou plage de Mimizan&quot;,&quot;distance_km&quot;:&quot;5&quot;,&quot;description&quot;:&quot;Initiation au yoga dans un cadre naturel, pour tous les \\u00e2ges, avec instructeur qualifi\\u00e9 (\\u00e0 confirmer lors de votre s\\u00e9jour)[4].&quot;,&quot;type&quot;:&quot;Bien-\\u00eatre&quot;,&quot;comment&quot;:&quot;Activit\\u00e9 relaxante, id\\u00e9ale pour d\\u00e9marrer la journ\\u00e9e.&quot;,&quot;link&quot;:&quot;&quot;,&quot;image&quot;:&quot;&quot;},&quot;category&quot;:&quot;\\u00c9v\\u00e9nements recommand\\u00e9s&quot;}\">\n\n            <!-- Image + badge cat\u00e9gorie -->\n            <div class=\"em-card-img-wrap\">\n                              <div class=\"em-card-placeholder\">\ud83d\udcf7 Pas d'image<\/div>\n                            <span class=\"em-card-badge badge-event\">\u00c9v\u00e9nements recommand\u00e9s<\/span>\n            <\/div>\n\n            <!-- Contenu de la card -->\n            <div class=\"em-card-body\">\n              <h3 class=\"em-card-title\">Atelier yoga en plein air<\/h3>\n\n              <!-- Tags r\u00e9sum\u00e9s (max 4) -->\n              <div class=\"em-card-tags\">\n                                              <\/div>\n\n              <!-- Champs suppl\u00e9mentaires (max 3) -->\n              <div class=\"em-card-fields\">\n                                  <div class=\"em-card-field\">\n                    <span class=\"em-card-field-label\">Date \/ P\u00e9riode :<\/span>\n                    <span class=\"em-card-field-value\">Vacances d&#039;\u00e9t\u00e9 (non confirm\u00e9, \u00e0 v\u00e9rifier sur place)<\/span>\n                  <\/div>\n                                  <div class=\"em-card-field\">\n                    <span class=\"em-card-field-label\">Lieu (ville) :<\/span>\n                    <span class=\"em-card-field-value\">Camping ou plage de Mimizan<\/span>\n                  <\/div>\n                                  <div class=\"em-card-field\">\n                    <span class=\"em-card-field-label\">Distance depuis le camping (km) :<\/span>\n                    <span class=\"em-card-field-value\">5<\/span>\n                  <\/div>\n                              <\/div>\n\n              <!-- Lien vers le d\u00e9tail -->\n              <div class=\"em-card-footer\">\n                <span>Voir le d\u00e9tail<\/span>\n                <svg fill=\"none\" viewBox=\"0 0 24 24\" stroke=\"currentColor\" stroke-width=\"2\"><path stroke-linecap=\"round\" stroke-linejoin=\"round\" d=\"M13.5 4.5L21 12m0 0l-7.5 7.5M21 12H3\"><\/path><\/svg>\n              <\/div>\n            <\/div>\n          <\/article>\n                  <article class=\"em-card\"\n            data-type=\"event\"\n            data-features=\"\"\n            data-name=\"concours de ch\u00e2teaux de sable\"\n            data-json=\"{&quot;name&quot;:&quot;Concours de ch\\u00e2teaux de sable&quot;,&quot;image&quot;:&quot;&quot;,&quot;link&quot;:&quot;&quot;,&quot;data&quot;:{&quot;name&quot;:&quot;Concours de ch\\u00e2teaux de sable&quot;,&quot;date_period&quot;:&quot;Sur demande \\\/ animations estivales&quot;,&quot;location&quot;:&quot;Plage de Mimizan, 5 km&quot;,&quot;distance_km&quot;:&quot;5&quot;,&quot;description&quot;:&quot;Animation conviviale sur la plage, ouverte \\u00e0 tous, pour petits et grands, lors de certaines semaines d\\u2019\\u00e9t\\u00e9 (\\u00e0 confirmer selon programmation locale)[4].&quot;,&quot;type&quot;:&quot;Loisirs&quot;,&quot;comment&quot;:&quot;Animation classique des vacances \\u00e0 la mer.&quot;,&quot;link&quot;:&quot;&quot;,&quot;image&quot;:&quot;&quot;},&quot;category&quot;:&quot;\\u00c9v\\u00e9nements recommand\\u00e9s&quot;}\">\n\n            <!-- Image + badge cat\u00e9gorie -->\n            <div class=\"em-card-img-wrap\">\n                              <div class=\"em-card-placeholder\">\ud83d\udcf7 Pas d'image<\/div>\n                            <span class=\"em-card-badge badge-event\">\u00c9v\u00e9nements recommand\u00e9s<\/span>\n            <\/div>\n\n            <!-- Contenu de la card -->\n            <div class=\"em-card-body\">\n              <h3 class=\"em-card-title\">Concours de ch\u00e2teaux de sable<\/h3>\n\n              <!-- Tags r\u00e9sum\u00e9s (max 4) -->\n              <div class=\"em-card-tags\">\n                                              <\/div>\n\n              <!-- Champs suppl\u00e9mentaires (max 3) -->\n              <div class=\"em-card-fields\">\n                                  <div class=\"em-card-field\">\n                    <span class=\"em-card-field-label\">Date \/ P\u00e9riode :<\/span>\n                    <span class=\"em-card-field-value\">Sur demande \/ animations estivales<\/span>\n                  <\/div>\n                                  <div class=\"em-card-field\">\n                    <span class=\"em-card-field-label\">Lieu (ville) :<\/span>\n                    <span class=\"em-card-field-value\">Plage de Mimizan, 5 km<\/span>\n                  <\/div>\n                                  <div class=\"em-card-field\">\n                    <span class=\"em-card-field-label\">Distance depuis le camping (km) :<\/span>\n                    <span class=\"em-card-field-value\">5<\/span>\n                  <\/div>\n                              <\/div>\n\n              <!-- Lien vers le d\u00e9tail -->\n              <div class=\"em-card-footer\">\n                <span>Voir le d\u00e9tail<\/span>\n                <svg fill=\"none\" viewBox=\"0 0 24 24\" stroke=\"currentColor\" stroke-width=\"2\"><path stroke-linecap=\"round\" stroke-linejoin=\"round\" d=\"M13.5 4.5L21 12m0 0l-7.5 7.5M21 12H3\"><\/path><\/svg>\n              <\/div>\n            <\/div>\n          <\/article>\n                  <article class=\"em-card\"\n            data-type=\"event\"\n            data-features=\"\"\n            data-name=\"initiation \u00e0 la voile sur le lac d\u2019aureilhan\"\n            data-json=\"{&quot;name&quot;:&quot;Initiation \\u00e0 la voile sur le lac d\\u2019Aureilhan&quot;,&quot;image&quot;:&quot;&quot;,&quot;link&quot;:&quot;&quot;,&quot;data&quot;:{&quot;name&quot;:&quot;Initiation \\u00e0 la voile sur le lac d\\u2019Aureilhan&quot;,&quot;date_period&quot;:&quot;Toute la saison (selon m\\u00e9t\\u00e9o)&quot;,&quot;location&quot;:&quot;Lac d\\u2019Aureilhan, 5 km&quot;,&quot;distance_km&quot;:&quot;5&quot;,&quot;description&quot;:&quot;Cours et sorties encadr\\u00e9es pour d\\u00e9couvrir la voile sur l\\u2019un des plus grands lacs des Landes[4].&quot;,&quot;type&quot;:&quot;Sport&quot;,&quot;comment&quot;:&quot;Activit\\u00e9 nautique accessible d\\u00e8s l\\u2019adolescence.&quot;,&quot;link&quot;:&quot;&quot;,&quot;image&quot;:&quot;&quot;},&quot;category&quot;:&quot;\\u00c9v\\u00e9nements recommand\\u00e9s&quot;}\">\n\n            <!-- Image + badge cat\u00e9gorie -->\n            <div class=\"em-card-img-wrap\">\n                              <div class=\"em-card-placeholder\">\ud83d\udcf7 Pas d'image<\/div>\n                            <span class=\"em-card-badge badge-event\">\u00c9v\u00e9nements recommand\u00e9s<\/span>\n            <\/div>\n\n            <!-- Contenu de la card -->\n            <div class=\"em-card-body\">\n              <h3 class=\"em-card-title\">Initiation \u00e0 la voile sur le lac d\u2019Aureilhan<\/h3>\n\n              <!-- Tags r\u00e9sum\u00e9s (max 4) -->\n              <div class=\"em-card-tags\">\n                                              <\/div>\n\n              <!-- Champs suppl\u00e9mentaires (max 3) -->\n              <div class=\"em-card-fields\">\n                                  <div class=\"em-card-field\">\n                    <span class=\"em-card-field-label\">Date \/ P\u00e9riode :<\/span>\n                    <span class=\"em-card-field-value\">Toute la saison (selon m\u00e9t\u00e9o)<\/span>\n                  <\/div>\n                                  <div class=\"em-card-field\">\n                    <span class=\"em-card-field-label\">Lieu (ville) :<\/span>\n                    <span class=\"em-card-field-value\">Lac d\u2019Aureilhan, 5 km<\/span>\n                  <\/div>\n                                  <div class=\"em-card-field\">\n                    <span class=\"em-card-field-label\">Distance depuis le camping (km) :<\/span>\n                    <span class=\"em-card-field-value\">5<\/span>\n                  <\/div>\n                              <\/div>\n\n              <!-- Lien vers le d\u00e9tail -->\n              <div class=\"em-card-footer\">\n                <span>Voir le d\u00e9tail<\/span>\n                <svg fill=\"none\" viewBox=\"0 0 24 24\" stroke=\"currentColor\" stroke-width=\"2\"><path stroke-linecap=\"round\" stroke-linejoin=\"round\" d=\"M13.5 4.5L21 12m0 0l-7.5 7.5M21 12H3\"><\/path><\/svg>\n              <\/div>\n            <\/div>\n          <\/article>\n                  <article class=\"em-card\"\n            data-type=\"event\"\n            data-features=\"\"\n            data-name=\"atelier cuisine landaise\"\n            data-json=\"{&quot;name&quot;:&quot;Atelier cuisine landaise&quot;,&quot;image&quot;:&quot;&quot;,&quot;link&quot;:&quot;&quot;,&quot;data&quot;:{&quot;name&quot;:&quot;Atelier cuisine landaise&quot;,&quot;date_period&quot;:&quot;Sur demande \\\/ animations estivales&quot;,&quot;location&quot;:&quot;Camping ou village&quot;,&quot;distance_km&quot;:&quot;0-1&quot;,&quot;description&quot;:&quot;D\\u00e9couverte des sp\\u00e9cialit\\u00e9s locales (magret, foie gras, asperges) avec d\\u00e9monstration et d\\u00e9gustation (\\u00e0 confirmer selon programmation locale)[4].&quot;,&quot;type&quot;:&quot;Gastronomie&quot;,&quot;comment&quot;:&quot;Id\\u00e9al pour s\\u2019initier \\u00e0 la culture culinaire du Sud-Ouest.&quot;,&quot;link&quot;:&quot;&quot;,&quot;image&quot;:&quot;&quot;},&quot;category&quot;:&quot;\\u00c9v\\u00e9nements recommand\\u00e9s&quot;}\">\n\n            <!-- Image + badge cat\u00e9gorie -->\n            <div class=\"em-card-img-wrap\">\n                              <div class=\"em-card-placeholder\">\ud83d\udcf7 Pas d'image<\/div>\n                            <span class=\"em-card-badge badge-event\">\u00c9v\u00e9nements recommand\u00e9s<\/span>\n            <\/div>\n\n            <!-- Contenu de la card -->\n            <div class=\"em-card-body\">\n              <h3 class=\"em-card-title\">Atelier cuisine landaise<\/h3>\n\n              <!-- Tags r\u00e9sum\u00e9s (max 4) -->\n              <div class=\"em-card-tags\">\n                                              <\/div>\n\n              <!-- Champs suppl\u00e9mentaires (max 3) -->\n              <div class=\"em-card-fields\">\n                                  <div class=\"em-card-field\">\n                    <span class=\"em-card-field-label\">Date \/ P\u00e9riode :<\/span>\n                    <span class=\"em-card-field-value\">Sur demande \/ animations estivales<\/span>\n                  <\/div>\n                                  <div class=\"em-card-field\">\n                    <span class=\"em-card-field-label\">Lieu (ville) :<\/span>\n                    <span class=\"em-card-field-value\">Camping ou village<\/span>\n                  <\/div>\n                                  <div class=\"em-card-field\">\n                    <span class=\"em-card-field-label\">Distance depuis le camping (km) :<\/span>\n                    <span class=\"em-card-field-value\">0-1<\/span>\n                  <\/div>\n                              <\/div>\n\n              <!-- Lien vers le d\u00e9tail -->\n              <div class=\"em-card-footer\">\n                <span>Voir le d\u00e9tail<\/span>\n                <svg fill=\"none\" viewBox=\"0 0 24 24\" stroke=\"currentColor\" stroke-width=\"2\"><path stroke-linecap=\"round\" stroke-linejoin=\"round\" d=\"M13.5 4.5L21 12m0 0l-7.5 7.5M21 12H3\"><\/path><\/svg>\n              <\/div>\n            <\/div>\n          <\/article>\n                  <article class=\"em-card\"\n            data-type=\"event\"\n            data-features=\"\"\n            data-name=\"balade nocturne \u00e0 la d\u00e9couverte des \u00e9toiles\"\n            data-json=\"{&quot;name&quot;:&quot;Balade nocturne \\u00e0 la d\\u00e9couverte des \\u00e9toiles&quot;,&quot;image&quot;:&quot;&quot;,&quot;link&quot;:&quot;&quot;,&quot;data&quot;:{&quot;name&quot;:&quot;Balade nocturne \\u00e0 la d\\u00e9couverte des \\u00e9toiles&quot;,&quot;date_period&quot;:&quot;Nuits d&#039;\\u00e9t\\u00e9, selon programmation&quot;,&quot;location&quot;:&quot;Camping ou plage de Mimizan&quot;,&quot;distance_km&quot;:&quot;0-5&quot;,&quot;description&quot;:&quot;Observation du ciel \\u00e9toil\\u00e9 avec un animateur nature, pour apprendre \\u00e0 reconna\\u00eetre les constellations et les plan\\u00e8tes (\\u00e0 confirmer selon programmation locale)[4].&quot;,&quot;type&quot;:&quot;Nature&quot;,&quot;comment&quot;:&quot;Activit\\u00e9 originale pour toute la famille.&quot;,&quot;link&quot;:&quot;&quot;,&quot;image&quot;:&quot;&quot;},&quot;category&quot;:&quot;\\u00c9v\\u00e9nements recommand\\u00e9s&quot;}\">\n\n            <!-- Image + badge cat\u00e9gorie -->\n            <div class=\"em-card-img-wrap\">\n                              <div class=\"em-card-placeholder\">\ud83d\udcf7 Pas d'image<\/div>\n                            <span class=\"em-card-badge badge-event\">\u00c9v\u00e9nements recommand\u00e9s<\/span>\n            <\/div>\n\n            <!-- Contenu de la card -->\n            <div class=\"em-card-body\">\n              <h3 class=\"em-card-title\">Balade nocturne \u00e0 la d\u00e9couverte des \u00e9toiles<\/h3>\n\n              <!-- Tags r\u00e9sum\u00e9s (max 4) -->\n              <div class=\"em-card-tags\">\n                                              <\/div>\n\n              <!-- Champs suppl\u00e9mentaires (max 3) -->\n              <div class=\"em-card-fields\">\n                                  <div class=\"em-card-field\">\n                    <span class=\"em-card-field-label\">Date \/ P\u00e9riode :<\/span>\n                    <span class=\"em-card-field-value\">Nuits d&#039;\u00e9t\u00e9, selon programmation<\/span>\n                  <\/div>\n                                  <div class=\"em-card-field\">\n                    <span class=\"em-card-field-label\">Lieu (ville) :<\/span>\n                    <span class=\"em-card-field-value\">Camping ou plage de Mimizan<\/span>\n                  <\/div>\n                                  <div class=\"em-card-field\">\n                    <span class=\"em-card-field-label\">Distance depuis le camping (km) :<\/span>\n                    <span class=\"em-card-field-value\">0-5<\/span>\n                  <\/div>\n                              <\/div>\n\n              <!-- Lien vers le d\u00e9tail -->\n              <div class=\"em-card-footer\">\n                <span>Voir le d\u00e9tail<\/span>\n                <svg fill=\"none\" viewBox=\"0 0 24 24\" stroke=\"currentColor\" stroke-width=\"2\"><path stroke-linecap=\"round\" stroke-linejoin=\"round\" d=\"M13.5 4.5L21 12m0 0l-7.5 7.5M21 12H3\"><\/path><\/svg>\n              <\/div>\n            <\/div>\n          <\/article>\n                  <article class=\"em-card\"\n            data-type=\"event\"\n            data-features=\"\"\n            data-name=\"exposition sur la biodiversit\u00e9 des landes\"\n            data-json=\"{&quot;name&quot;:&quot;Exposition sur la biodiversit\\u00e9 des Landes&quot;,&quot;image&quot;:&quot;&quot;,&quot;link&quot;:&quot;&quot;,&quot;data&quot;:{&quot;name&quot;:&quot;Exposition sur la biodiversit\\u00e9 des Landes&quot;,&quot;date_period&quot;:&quot;Selon programmation locale&quot;,&quot;location&quot;:&quot;Camping ou village&quot;,&quot;distance_km&quot;:&quot;0-1&quot;,&quot;description&quot;:&quot;Exposition p\\u00e9dagogique pr\\u00e9sentant la faune, la flore et les milieux naturels caract\\u00e9ristiques de la r\\u00e9gion (\\u00e0 confirmer selon programmation locale)[4].&quot;,&quot;type&quot;:&quot;Culture&quot;,&quot;comment&quot;:&quot;Pour mieux comprendre et prot\\u00e9ger l\\u2019environnement local.&quot;,&quot;link&quot;:&quot;&quot;,&quot;image&quot;:&quot;&quot;},&quot;category&quot;:&quot;\\u00c9v\\u00e9nements recommand\\u00e9s&quot;}\">\n\n            <!-- Image + badge cat\u00e9gorie -->\n            <div class=\"em-card-img-wrap\">\n                              <div class=\"em-card-placeholder\">\ud83d\udcf7 Pas d'image<\/div>\n                            <span class=\"em-card-badge badge-event\">\u00c9v\u00e9nements recommand\u00e9s<\/span>\n            <\/div>\n\n            <!-- Contenu de la card -->\n            <div class=\"em-card-body\">\n              <h3 class=\"em-card-title\">Exposition sur la biodiversit\u00e9 des Landes<\/h3>\n\n              <!-- Tags r\u00e9sum\u00e9s (max 4) -->\n              <div class=\"em-card-tags\">\n                                              <\/div>\n\n              <!-- Champs suppl\u00e9mentaires (max 3) -->\n              <div class=\"em-card-fields\">\n                                  <div class=\"em-card-field\">\n                    <span class=\"em-card-field-label\">Date \/ P\u00e9riode :<\/span>\n                    <span class=\"em-card-field-value\">Selon programmation locale<\/span>\n                  <\/div>\n                                  <div class=\"em-card-field\">\n                    <span class=\"em-card-field-label\">Lieu (ville) :<\/span>\n                    <span class=\"em-card-field-value\">Camping ou village<\/span>\n                  <\/div>\n                                  <div class=\"em-card-field\">\n                    <span class=\"em-card-field-label\">Distance depuis le camping (km) :<\/span>\n                    <span class=\"em-card-field-value\">0-1<\/span>\n                  <\/div>\n                              <\/div>\n\n              <!-- Lien vers le d\u00e9tail -->\n              <div class=\"em-card-footer\">\n                <span>Voir le d\u00e9tail<\/span>\n                <svg fill=\"none\" viewBox=\"0 0 24 24\" stroke=\"currentColor\" stroke-width=\"2\"><path stroke-linecap=\"round\" stroke-linejoin=\"round\" d=\"M13.5 4.5L21 12m0 0l-7.5 7.5M21 12H3\"><\/path><\/svg>\n              <\/div>\n            <\/div>\n          <\/article>\n                  <article class=\"em-card\"\n            data-type=\"event\"\n            data-features=\"\"\n            data-name=\"tournoi de beach-volley\"\n            data-json=\"{&quot;name&quot;:&quot;Tournoi de beach-volley&quot;,&quot;image&quot;:&quot;&quot;,&quot;link&quot;:&quot;&quot;,&quot;data&quot;:{&quot;name&quot;:&quot;Tournoi de beach-volley&quot;,&quot;date_period&quot;:&quot;\\u00c9t\\u00e9, selon programmation&quot;,&quot;location&quot;:&quot;Plage de Mimizan, 5 km&quot;,&quot;distance_km&quot;:&quot;5&quot;,&quot;description&quot;:&quot;Comp\\u00e9tition amicale de beach-volley ouverte \\u00e0 tous, sur la plage (\\u00e0 confirmer selon programmation locale)[4].&quot;,&quot;type&quot;:&quot;Sport&quot;,&quot;comment&quot;:&quot;Animation conviviale et sportive.&quot;,&quot;link&quot;:&quot;&quot;,&quot;image&quot;:&quot;&quot;},&quot;category&quot;:&quot;\\u00c9v\\u00e9nements recommand\\u00e9s&quot;}\">\n\n            <!-- Image + badge cat\u00e9gorie -->\n            <div class=\"em-card-img-wrap\">\n                              <div class=\"em-card-placeholder\">\ud83d\udcf7 Pas d'image<\/div>\n                            <span class=\"em-card-badge badge-event\">\u00c9v\u00e9nements recommand\u00e9s<\/span>\n            <\/div>\n\n            <!-- Contenu de la card -->\n            <div class=\"em-card-body\">\n              <h3 class=\"em-card-title\">Tournoi de beach-volley<\/h3>\n\n              <!-- Tags r\u00e9sum\u00e9s (max 4) -->\n              <div class=\"em-card-tags\">\n                                              <\/div>\n\n              <!-- Champs suppl\u00e9mentaires (max 3) -->\n              <div class=\"em-card-fields\">\n                                  <div class=\"em-card-field\">\n                    <span class=\"em-card-field-label\">Date \/ P\u00e9riode :<\/span>\n                    <span class=\"em-card-field-value\">\u00c9t\u00e9, selon programmation<\/span>\n                  <\/div>\n                                  <div class=\"em-card-field\">\n                    <span class=\"em-card-field-label\">Lieu (ville) :<\/span>\n                    <span class=\"em-card-field-value\">Plage de Mimizan, 5 km<\/span>\n                  <\/div>\n                                  <div class=\"em-card-field\">\n                    <span class=\"em-card-field-label\">Distance depuis le camping (km) :<\/span>\n                    <span class=\"em-card-field-value\">5<\/span>\n                  <\/div>\n                              <\/div>\n\n              <!-- Lien vers le d\u00e9tail -->\n              <div class=\"em-card-footer\">\n                <span>Voir le d\u00e9tail<\/span>\n                <svg fill=\"none\" viewBox=\"0 0 24 24\" stroke=\"currentColor\" stroke-width=\"2\"><path stroke-linecap=\"round\" stroke-linejoin=\"round\" d=\"M13.5 4.5L21 12m0 0l-7.5 7.5M21 12H3\"><\/path><\/svg>\n              <\/div>\n            <\/div>\n          <\/article>\n                  <article class=\"em-card\"\n            data-type=\"event\"\n            data-features=\"\"\n            data-name=\"sortie vtt sur la piste cyclable de la v\u00e9lodyss\u00e9e\"\n            data-json=\"{&quot;name&quot;:&quot;Sortie VTT sur la piste cyclable de la V\\u00e9lodyss\\u00e9e&quot;,&quot;image&quot;:&quot;&quot;,&quot;link&quot;:&quot;&quot;,&quot;data&quot;:{&quot;name&quot;:&quot;Sortie VTT sur la piste cyclable de la V\\u00e9lodyss\\u00e9e&quot;,&quot;date_period&quot;:&quot;Toute l\\u2019ann\\u00e9e&quot;,&quot;location&quot;:&quot;D\\u00e9part du camping, acc\\u00e8s direct&quot;,&quot;distance_km&quot;:&quot;0&quot;,&quot;description&quot;:&quot;Location de v\\u00e9los possible sur place pour d\\u00e9couvrir l\\u2019un des plus beaux itin\\u00e9raires cyclables d\\u2019Europe, traversant for\\u00eats, lacs et plages[3].&quot;,&quot;type&quot;:&quot;Sport&quot;,&quot;comment&quot;:&quot;Parcours adapt\\u00e9 \\u00e0 tous les niveaux, id\\u00e9al en famille.&quot;,&quot;link&quot;:&quot;&quot;,&quot;image&quot;:&quot;&quot;},&quot;category&quot;:&quot;\\u00c9v\\u00e9nements recommand\\u00e9s&quot;}\">\n\n            <!-- Image + badge cat\u00e9gorie -->\n            <div class=\"em-card-img-wrap\">\n                              <div class=\"em-card-placeholder\">\ud83d\udcf7 Pas d'image<\/div>\n                            <span class=\"em-card-badge badge-event\">\u00c9v\u00e9nements recommand\u00e9s<\/span>\n            <\/div>\n\n            <!-- Contenu de la card -->\n            <div class=\"em-card-body\">\n              <h3 class=\"em-card-title\">Sortie VTT sur la piste cyclable de la V\u00e9lodyss\u00e9e<\/h3>\n\n              <!-- Tags r\u00e9sum\u00e9s (max 4) -->\n              <div class=\"em-card-tags\">\n                                              <\/div>\n\n              <!-- Champs suppl\u00e9mentaires (max 3) -->\n              <div class=\"em-card-fields\">\n                                  <div class=\"em-card-field\">\n                    <span class=\"em-card-field-label\">Date \/ P\u00e9riode :<\/span>\n                    <span class=\"em-card-field-value\">Toute l\u2019ann\u00e9e<\/span>\n                  <\/div>\n                                  <div class=\"em-card-field\">\n                    <span class=\"em-card-field-label\">Lieu (ville) :<\/span>\n                    <span class=\"em-card-field-value\">D\u00e9part du camping, acc\u00e8s direct<\/span>\n                  <\/div>\n                                  <div class=\"em-card-field\">\n                    <span class=\"em-card-field-label\">Type d\u2019\u00e9v\u00e9nement (march\u00e9, festival, sport, etc.) :<\/span>\n                    <span class=\"em-card-field-value\">Sport<\/span>\n                  <\/div>\n                              <\/div>\n\n              <!-- Lien vers le d\u00e9tail -->\n              <div class=\"em-card-footer\">\n                <span>Voir le d\u00e9tail<\/span>\n                <svg fill=\"none\" viewBox=\"0 0 24 24\" stroke=\"currentColor\" stroke-width=\"2\"><path stroke-linecap=\"round\" stroke-linejoin=\"round\" d=\"M13.5 4.5L21 12m0 0l-7.5 7.5M21 12H3\"><\/path><\/svg>\n              <\/div>\n            <\/div>\n          <\/article>\n                  <article class=\"em-card\"\n            data-type=\"event\"\n            data-features=\"\"\n            data-name=\"atelier d\u00e9couverte de la faune aquatique\"\n            data-json=\"{&quot;name&quot;:&quot;Atelier d\\u00e9couverte de la faune aquatique&quot;,&quot;image&quot;:&quot;&quot;,&quot;link&quot;:&quot;&quot;,&quot;data&quot;:{&quot;name&quot;:&quot;Atelier d\\u00e9couverte de la faune aquatique&quot;,&quot;date_period&quot;:&quot;\\u00c9t\\u00e9, selon programmation&quot;,&quot;location&quot;:&quot;Rivi\\u00e8re ou \\u00e9tang \\u00e0 proximit\\u00e9&quot;,&quot;distance_km&quot;:&quot;0-1&quot;,&quot;description&quot;:&quot;Animation nature pour observer et comprendre la vie dans les cours d\\u2019eau landais, avec un guide naturaliste (\\u00e0 confirmer selon programmation locale)[4].&quot;,&quot;type&quot;:&quot;Nature&quot;,&quot;comment&quot;:&quot;Activit\\u00e9 p\\u00e9dagogique pour petits et grands.&quot;,&quot;link&quot;:&quot;&quot;,&quot;image&quot;:&quot;&quot;},&quot;category&quot;:&quot;\\u00c9v\\u00e9nements recommand\\u00e9s&quot;}\">\n\n            <!-- Image + badge cat\u00e9gorie -->\n            <div class=\"em-card-img-wrap\">\n                              <div class=\"em-card-placeholder\">\ud83d\udcf7 Pas d'image<\/div>\n                            <span class=\"em-card-badge badge-event\">\u00c9v\u00e9nements recommand\u00e9s<\/span>\n            <\/div>\n\n            <!-- Contenu de la card -->\n            <div class=\"em-card-body\">\n              <h3 class=\"em-card-title\">Atelier d\u00e9couverte de la faune aquatique<\/h3>\n\n              <!-- Tags r\u00e9sum\u00e9s (max 4) -->\n              <div class=\"em-card-tags\">\n                                              <\/div>\n\n              <!-- Champs suppl\u00e9mentaires (max 3) -->\n              <div class=\"em-card-fields\">\n                                  <div class=\"em-card-field\">\n                    <span class=\"em-card-field-label\">Date \/ P\u00e9riode :<\/span>\n                    <span class=\"em-card-field-value\">\u00c9t\u00e9, selon programmation<\/span>\n                  <\/div>\n                                  <div class=\"em-card-field\">\n                    <span class=\"em-card-field-label\">Lieu (ville) :<\/span>\n                    <span class=\"em-card-field-value\">Rivi\u00e8re ou \u00e9tang \u00e0 proximit\u00e9<\/span>\n                  <\/div>\n                                  <div class=\"em-card-field\">\n                    <span class=\"em-card-field-label\">Distance depuis le camping (km) :<\/span>\n                    <span class=\"em-card-field-value\">0-1<\/span>\n                  <\/div>\n                              <\/div>\n\n              <!-- Lien vers le d\u00e9tail -->\n              <div class=\"em-card-footer\">\n                <span>Voir le d\u00e9tail<\/span>\n                <svg fill=\"none\" viewBox=\"0 0 24 24\" stroke=\"currentColor\" stroke-width=\"2\"><path stroke-linecap=\"round\" stroke-linejoin=\"round\" d=\"M13.5 4.5L21 12m0 0l-7.5 7.5M21 12H3\"><\/path><\/svg>\n              <\/div>\n            <\/div>\n          <\/article>\n                  <article class=\"em-card\"\n            data-type=\"event\"\n            data-features=\"\"\n            data-name=\"soir\u00e9e quiz musical\"\n            data-json=\"{&quot;name&quot;:&quot;Soir\\u00e9e quiz musical&quot;,&quot;image&quot;:&quot;&quot;,&quot;link&quot;:&quot;&quot;,&quot;data&quot;:{&quot;name&quot;:&quot;Soir\\u00e9e quiz musical&quot;,&quot;date_period&quot;:&quot;Soir\\u00e9es d\\u2019\\u00e9t\\u00e9, selon programmation&quot;,&quot;location&quot;:&quot;Camping&quot;,&quot;distance_km&quot;:&quot;0&quot;,&quot;description&quot;:&quot;Animation conviviale autour de la musique, avec jeux, quiz et ambiance festive (\\u00e0 confirmer selon programmation locale)[1].&quot;,&quot;type&quot;:&quot;Animation&quot;,&quot;comment&quot;:&quot;Pour passer une soir\\u00e9e d\\u00e9tendue entre amis ou en famille.&quot;,&quot;link&quot;:&quot;&quot;,&quot;image&quot;:&quot;&quot;},&quot;category&quot;:&quot;\\u00c9v\\u00e9nements recommand\\u00e9s&quot;}\">\n\n            <!-- Image + badge cat\u00e9gorie -->\n            <div class=\"em-card-img-wrap\">\n                              <div class=\"em-card-placeholder\">\ud83d\udcf7 Pas d'image<\/div>\n                            <span class=\"em-card-badge badge-event\">\u00c9v\u00e9nements recommand\u00e9s<\/span>\n            <\/div>\n\n            <!-- Contenu de la card -->\n            <div class=\"em-card-body\">\n              <h3 class=\"em-card-title\">Soir\u00e9e quiz musical<\/h3>\n\n              <!-- Tags r\u00e9sum\u00e9s (max 4) -->\n              <div class=\"em-card-tags\">\n                                              <\/div>\n\n              <!-- Champs suppl\u00e9mentaires (max 3) -->\n              <div class=\"em-card-fields\">\n                                  <div class=\"em-card-field\">\n                    <span class=\"em-card-field-label\">Date \/ P\u00e9riode :<\/span>\n                    <span class=\"em-card-field-value\">Soir\u00e9es d\u2019\u00e9t\u00e9, selon programmation<\/span>\n                  <\/div>\n                                  <div class=\"em-card-field\">\n                    <span class=\"em-card-field-label\">Lieu (ville) :<\/span>\n                    <span class=\"em-card-field-value\">Camping<\/span>\n                  <\/div>\n                                  <div class=\"em-card-field\">\n                    <span class=\"em-card-field-label\">Type d\u2019\u00e9v\u00e9nement (march\u00e9, festival, sport, etc.) :<\/span>\n                    <span class=\"em-card-field-value\">Animation<\/span>\n                  <\/div>\n                              <\/div>\n\n              <!-- Lien vers le d\u00e9tail -->\n              <div class=\"em-card-footer\">\n                <span>Voir le d\u00e9tail<\/span>\n                <svg fill=\"none\" viewBox=\"0 0 24 24\" stroke=\"currentColor\" stroke-width=\"2\"><path stroke-linecap=\"round\" stroke-linejoin=\"round\" d=\"M13.5 4.5L21 12m0 0l-7.5 7.5M21 12H3\"><\/path><\/svg>\n              <\/div>\n            <\/div>\n          <\/article>\n                  <article class=\"em-card\"\n            data-type=\"event\"\n            data-features=\"\"\n            data-name=\"atelier fabrication de nichoirs \u00e0 oiseaux\"\n            data-json=\"{&quot;name&quot;:&quot;Atelier fabrication de nichoirs \\u00e0 oiseaux&quot;,&quot;image&quot;:&quot;&quot;,&quot;link&quot;:&quot;&quot;,&quot;data&quot;:{&quot;name&quot;:&quot;Atelier fabrication de nichoirs \\u00e0 oiseaux&quot;,&quot;date_period&quot;:&quot;\\u00c9t\\u00e9, selon programmation&quot;,&quot;location&quot;:&quot;Club enfants du camping&quot;,&quot;distance_km&quot;:&quot;0&quot;,&quot;description&quot;:&quot;Atelier manuel pour sensibiliser \\u00e0 la protection des oiseaux et fabriquer un nichoir \\u00e0 emporter chez soi (\\u00e0 confirmer selon programmation locale)[4].&quot;,&quot;type&quot;:&quot;Nature&quot;,&quot;comment&quot;:&quot;Activit\\u00e9 \\u00e9ducative et utile pour la biodiversit\\u00e9.&quot;,&quot;link&quot;:&quot;&quot;,&quot;image&quot;:&quot;&quot;},&quot;category&quot;:&quot;\\u00c9v\\u00e9nements recommand\\u00e9s&quot;}\">\n\n            <!-- Image + badge cat\u00e9gorie -->\n            <div class=\"em-card-img-wrap\">\n                              <div class=\"em-card-placeholder\">\ud83d\udcf7 Pas d'image<\/div>\n                            <span class=\"em-card-badge badge-event\">\u00c9v\u00e9nements recommand\u00e9s<\/span>\n            <\/div>\n\n            <!-- Contenu de la card -->\n            <div class=\"em-card-body\">\n              <h3 class=\"em-card-title\">Atelier fabrication de nichoirs \u00e0 oiseaux<\/h3>\n\n              <!-- Tags r\u00e9sum\u00e9s (max 4) -->\n              <div class=\"em-card-tags\">\n                                              <\/div>\n\n              <!-- Champs suppl\u00e9mentaires (max 3) -->\n              <div class=\"em-card-fields\">\n                                  <div class=\"em-card-field\">\n                    <span class=\"em-card-field-label\">Date \/ P\u00e9riode :<\/span>\n                    <span class=\"em-card-field-value\">\u00c9t\u00e9, selon programmation<\/span>\n                  <\/div>\n                                  <div class=\"em-card-field\">\n                    <span class=\"em-card-field-label\">Lieu (ville) :<\/span>\n                    <span class=\"em-card-field-value\">Club enfants du camping<\/span>\n                  <\/div>\n                                  <div class=\"em-card-field\">\n                    <span class=\"em-card-field-label\">Type d\u2019\u00e9v\u00e9nement (march\u00e9, festival, sport, etc.) :<\/span>\n                    <span class=\"em-card-field-value\">Nature<\/span>\n                  <\/div>\n                              <\/div>\n\n              <!-- Lien vers le d\u00e9tail -->\n              <div class=\"em-card-footer\">\n                <span>Voir le d\u00e9tail<\/span>\n                <svg fill=\"none\" viewBox=\"0 0 24 24\" stroke=\"currentColor\" stroke-width=\"2\"><path stroke-linecap=\"round\" stroke-linejoin=\"round\" d=\"M13.5 4.5L21 12m0 0l-7.5 7.5M21 12H3\"><\/path><\/svg>\n              <\/div>\n            <\/div>\n          <\/article>\n                  <article class=\"em-card\"\n            data-type=\"event\"\n            data-features=\"\"\n            data-name=\"journ\u00e9es culturelles landaises\"\n            data-json=\"{&quot;name&quot;:&quot;Journ\\u00e9es culturelles landaises&quot;,&quot;image&quot;:&quot;&quot;,&quot;link&quot;:&quot;&quot;,&quot;data&quot;:{&quot;name&quot;:&quot;Journ\\u00e9es culturelles landaises&quot;,&quot;date_period&quot;:&quot;Vari\\u00e9es&quot;,&quot;location&quot;:&quot;Saint-Paul-en-Born&quot;,&quot;distance_km&quot;:&quot;0&quot;,&quot;description&quot;:&quot;D\\u00e9couvrez les traditions locales avec des animations culturelles et culinaires.&quot;,&quot;type&quot;:&quot;\\u00e9v\\u00e8nement culturel et gastronomique&quot;,&quot;comment&quot;:&quot;&quot;,&quot;link&quot;:&quot;&quot;,&quot;image&quot;:&quot;&quot;},&quot;category&quot;:&quot;\\u00c9v\\u00e9nements recommand\\u00e9s&quot;}\">\n\n            <!-- Image + badge cat\u00e9gorie -->\n            <div class=\"em-card-img-wrap\">\n                              <div class=\"em-card-placeholder\">\ud83d\udcf7 Pas d'image<\/div>\n                            <span class=\"em-card-badge badge-event\">\u00c9v\u00e9nements recommand\u00e9s<\/span>\n            <\/div>\n\n            <!-- Contenu de la card -->\n            <div class=\"em-card-body\">\n              <h3 class=\"em-card-title\">Journ\u00e9es culturelles landaises<\/h3>\n\n              <!-- Tags r\u00e9sum\u00e9s (max 4) -->\n              <div class=\"em-card-tags\">\n                                              <\/div>\n\n              <!-- Champs suppl\u00e9mentaires (max 3) -->\n              <div class=\"em-card-fields\">\n                                  <div class=\"em-card-field\">\n                    <span class=\"em-card-field-label\">Date \/ P\u00e9riode :<\/span>\n                    <span class=\"em-card-field-value\">Vari\u00e9es<\/span>\n                  <\/div>\n                                  <div class=\"em-card-field\">\n                    <span class=\"em-card-field-label\">Lieu (ville) :<\/span>\n                    <span class=\"em-card-field-value\">Saint-Paul-en-Born<\/span>\n                  <\/div>\n                                  <div class=\"em-card-field\">\n                    <span class=\"em-card-field-label\">Type d\u2019\u00e9v\u00e9nement (march\u00e9, festival, sport, etc.) :<\/span>\n                    <span class=\"em-card-field-value\">\u00e9v\u00e8nement culturel et gastronomique<\/span>\n                  <\/div>\n                              <\/div>\n\n              <!-- Lien vers le d\u00e9tail -->\n              <div class=\"em-card-footer\">\n                <span>Voir le d\u00e9tail<\/span>\n                <svg fill=\"none\" viewBox=\"0 0 24 24\" stroke=\"currentColor\" stroke-width=\"2\"><path stroke-linecap=\"round\" stroke-linejoin=\"round\" d=\"M13.5 4.5L21 12m0 0l-7.5 7.5M21 12H3\"><\/path><\/svg>\n              <\/div>\n            <\/div>\n          <\/article>\n                  <article class=\"em-card\"\n            data-type=\"event\"\n            data-features=\"\"\n            data-name=\"f\u00eate de la musique\"\n            data-json=\"{&quot;name&quot;:&quot;F\\u00eate de la musique&quot;,&quot;image&quot;:&quot;&quot;,&quot;link&quot;:&quot;&quot;,&quot;data&quot;:{&quot;name&quot;:&quot;F\\u00eate de la musique&quot;,&quot;date_period&quot;:&quot;Juin&quot;,&quot;location&quot;:&quot;Saint-Paul-en-Born&quot;,&quot;distance_km&quot;:&quot;0&quot;,&quot;description&quot;:&quot;Soir\\u00e9e musicale en plein air avec concert gratuits.&quot;,&quot;type&quot;:&quot;\\u00e9v\\u00e8nement musical&quot;,&quot;comment&quot;:&quot;&quot;,&quot;link&quot;:&quot;&quot;,&quot;image&quot;:&quot;&quot;},&quot;category&quot;:&quot;\\u00c9v\\u00e9nements recommand\\u00e9s&quot;}\">\n\n            <!-- Image + badge cat\u00e9gorie -->\n            <div class=\"em-card-img-wrap\">\n                              <div class=\"em-card-placeholder\">\ud83d\udcf7 Pas d'image<\/div>\n                            <span class=\"em-card-badge badge-event\">\u00c9v\u00e9nements recommand\u00e9s<\/span>\n            <\/div>\n\n            <!-- Contenu de la card -->\n            <div class=\"em-card-body\">\n              <h3 class=\"em-card-title\">F\u00eate de la musique<\/h3>\n\n              <!-- Tags r\u00e9sum\u00e9s (max 4) -->\n              <div class=\"em-card-tags\">\n                                              <\/div>\n\n              <!-- Champs suppl\u00e9mentaires (max 3) -->\n              <div class=\"em-card-fields\">\n                                  <div class=\"em-card-field\">\n                    <span class=\"em-card-field-label\">Date \/ P\u00e9riode :<\/span>\n                    <span class=\"em-card-field-value\">Juin<\/span>\n                  <\/div>\n                                  <div class=\"em-card-field\">\n                    <span class=\"em-card-field-label\">Lieu (ville) :<\/span>\n                    <span class=\"em-card-field-value\">Saint-Paul-en-Born<\/span>\n                  <\/div>\n                                  <div class=\"em-card-field\">\n                    <span class=\"em-card-field-label\">Type d\u2019\u00e9v\u00e9nement (march\u00e9, festival, sport, etc.) :<\/span>\n                    <span class=\"em-card-field-value\">\u00e9v\u00e8nement musical<\/span>\n                  <\/div>\n                              <\/div>\n\n              <!-- Lien vers le d\u00e9tail -->\n              <div class=\"em-card-footer\">\n                <span>Voir le d\u00e9tail<\/span>\n                <svg fill=\"none\" viewBox=\"0 0 24 24\" stroke=\"currentColor\" stroke-width=\"2\"><path stroke-linecap=\"round\" stroke-linejoin=\"round\" d=\"M13.5 4.5L21 12m0 0l-7.5 7.5M21 12H3\"><\/path><\/svg>\n              <\/div>\n            <\/div>\n          <\/article>\n                  <article class=\"em-card\"\n            data-type=\"event\"\n            data-features=\"\"\n            data-name=\"sortie nature guid\u00e9e en cano\u00eb\"\n            data-json=\"{&quot;name&quot;:&quot;Sortie nature guid\\u00e9e en cano\\u00eb&quot;,&quot;image&quot;:&quot;&quot;,&quot;link&quot;:&quot;&quot;,&quot;data&quot;:{&quot;name&quot;:&quot;Sortie nature guid\\u00e9e en cano\\u00eb&quot;,&quot;date_period&quot;:&quot;Juillet \\u00e0 ao\\u00fbt&quot;,&quot;location&quot;:&quot;C\\u00f4te atlantique&quot;,&quot;distance_km&quot;:&quot;8&quot;,&quot;description&quot;:&quot;Pagaie dans les eaux landaises avec des guides locaux.&quot;,&quot;type&quot;:&quot;activit\\u00e9 sportive aquatique&quot;,&quot;comment&quot;:&quot;&quot;,&quot;link&quot;:&quot;&quot;,&quot;image&quot;:&quot;&quot;},&quot;category&quot;:&quot;\\u00c9v\\u00e9nements recommand\\u00e9s&quot;}\">\n\n            <!-- Image + badge cat\u00e9gorie -->\n            <div class=\"em-card-img-wrap\">\n                              <div class=\"em-card-placeholder\">\ud83d\udcf7 Pas d'image<\/div>\n                            <span class=\"em-card-badge badge-event\">\u00c9v\u00e9nements recommand\u00e9s<\/span>\n            <\/div>\n\n            <!-- Contenu de la card -->\n            <div class=\"em-card-body\">\n              <h3 class=\"em-card-title\">Sortie nature guid\u00e9e en cano\u00eb<\/h3>\n\n              <!-- Tags r\u00e9sum\u00e9s (max 4) -->\n              <div class=\"em-card-tags\">\n                                              <\/div>\n\n              <!-- Champs suppl\u00e9mentaires (max 3) -->\n              <div class=\"em-card-fields\">\n                                  <div class=\"em-card-field\">\n                    <span class=\"em-card-field-label\">Date \/ P\u00e9riode :<\/span>\n                    <span class=\"em-card-field-value\">Juillet \u00e0 ao\u00fbt<\/span>\n                  <\/div>\n                                  <div class=\"em-card-field\">\n                    <span class=\"em-card-field-label\">Lieu (ville) :<\/span>\n                    <span class=\"em-card-field-value\">C\u00f4te atlantique<\/span>\n                  <\/div>\n                                  <div class=\"em-card-field\">\n                    <span class=\"em-card-field-label\">Distance depuis le camping (km) :<\/span>\n                    <span class=\"em-card-field-value\">8<\/span>\n                  <\/div>\n                              <\/div>\n\n              <!-- Lien vers le d\u00e9tail -->\n              <div class=\"em-card-footer\">\n                <span>Voir le d\u00e9tail<\/span>\n                <svg fill=\"none\" viewBox=\"0 0 24 24\" stroke=\"currentColor\" stroke-width=\"2\"><path stroke-linecap=\"round\" stroke-linejoin=\"round\" d=\"M13.5 4.5L21 12m0 0l-7.5 7.5M21 12H3\"><\/path><\/svg>\n              <\/div>\n            <\/div>\n          <\/article>\n                  <article class=\"em-card\"\n            data-type=\"event\"\n            data-features=\"\"\n            data-name=\"circuit culinaire des landes\"\n            data-json=\"{&quot;name&quot;:&quot;Circuit culinaire des Landes&quot;,&quot;image&quot;:&quot;&quot;,&quot;link&quot;:&quot;&quot;,&quot;data&quot;:{&quot;name&quot;:&quot;Circuit culinaire des Landes&quot;,&quot;date_period&quot;:&quot;Juillet \\u00e0 ao\\u00fbt&quot;,&quot;location&quot;:&quot;Mimizan&quot;,&quot;distance_km&quot;:&quot;8&quot;,&quot;description&quot;:&quot;D\\u00e9gustez les sp\\u00e9cialit\\u00e9s culinaires r\\u00e9gionales.&quot;,&quot;type&quot;:&quot;\\u00e9v\\u00e8nement gastronomique&quot;,&quot;comment&quot;:&quot;&quot;,&quot;link&quot;:&quot;&quot;,&quot;image&quot;:&quot;&quot;},&quot;category&quot;:&quot;\\u00c9v\\u00e9nements recommand\\u00e9s&quot;}\">\n\n            <!-- Image + badge cat\u00e9gorie -->\n            <div class=\"em-card-img-wrap\">\n                              <div class=\"em-card-placeholder\">\ud83d\udcf7 Pas d'image<\/div>\n                            <span class=\"em-card-badge badge-event\">\u00c9v\u00e9nements recommand\u00e9s<\/span>\n            <\/div>\n\n            <!-- Contenu de la card -->\n            <div class=\"em-card-body\">\n              <h3 class=\"em-card-title\">Circuit culinaire des Landes<\/h3>\n\n              <!-- Tags r\u00e9sum\u00e9s (max 4) -->\n              <div class=\"em-card-tags\">\n                                              <\/div>\n\n              <!-- Champs suppl\u00e9mentaires (max 3) -->\n              <div class=\"em-card-fields\">\n                                  <div class=\"em-card-field\">\n                    <span class=\"em-card-field-label\">Date \/ P\u00e9riode :<\/span>\n                    <span class=\"em-card-field-value\">Juillet \u00e0 ao\u00fbt<\/span>\n                  <\/div>\n                                  <div class=\"em-card-field\">\n                    <span class=\"em-card-field-label\">Lieu (ville) :<\/span>\n                    <span class=\"em-card-field-value\">Mimizan<\/span>\n                  <\/div>\n                                  <div class=\"em-card-field\">\n                    <span class=\"em-card-field-label\">Distance depuis le camping (km) :<\/span>\n                    <span class=\"em-card-field-value\">8<\/span>\n                  <\/div>\n                              <\/div>\n\n              <!-- Lien vers le d\u00e9tail -->\n              <div class=\"em-card-footer\">\n                <span>Voir le d\u00e9tail<\/span>\n                <svg fill=\"none\" viewBox=\"0 0 24 24\" stroke=\"currentColor\" stroke-width=\"2\"><path stroke-linecap=\"round\" stroke-linejoin=\"round\" d=\"M13.5 4.5L21 12m0 0l-7.5 7.5M21 12H3\"><\/path><\/svg>\n              <\/div>\n            <\/div>\n          <\/article>\n                  <article class=\"em-card\"\n            data-type=\"event\"\n            data-features=\"\"\n            data-name=\"comp\u00e9tition de naturisme\"\n            data-json=\"{&quot;name&quot;:&quot;Comp\\u00e9tition de naturisme&quot;,&quot;image&quot;:&quot;&quot;,&quot;link&quot;:&quot;&quot;,&quot;data&quot;:{&quot;name&quot;:&quot;Comp\\u00e9tition de naturisme&quot;,&quot;date_period&quot;:&quot;Septembre&quot;,&quot;location&quot;:&quot;Plage naturiste de la Naturist Camp des Landes&quot;,&quot;distance_km&quot;:&quot;15&quot;,&quot;description&quot;:&quot;Participez \\u00e0 des activit\\u00e9s de bien-\\u00eatre et de sport au naturel.&quot;,&quot;type&quot;:&quot;\\u00e9v\\u00e8nement sportif&quot;,&quot;comment&quot;:&quot;&quot;,&quot;link&quot;:&quot;&quot;,&quot;image&quot;:&quot;&quot;},&quot;category&quot;:&quot;\\u00c9v\\u00e9nements recommand\\u00e9s&quot;}\">\n\n            <!-- Image + badge cat\u00e9gorie -->\n            <div class=\"em-card-img-wrap\">\n                              <div class=\"em-card-placeholder\">\ud83d\udcf7 Pas d'image<\/div>\n                            <span class=\"em-card-badge badge-event\">\u00c9v\u00e9nements recommand\u00e9s<\/span>\n            <\/div>\n\n            <!-- Contenu de la card -->\n            <div class=\"em-card-body\">\n              <h3 class=\"em-card-title\">Comp\u00e9tition de naturisme<\/h3>\n\n              <!-- Tags r\u00e9sum\u00e9s (max 4) -->\n              <div class=\"em-card-tags\">\n                                              <\/div>\n\n              <!-- Champs suppl\u00e9mentaires (max 3) -->\n              <div class=\"em-card-fields\">\n                                  <div class=\"em-card-field\">\n                    <span class=\"em-card-field-label\">Date \/ P\u00e9riode :<\/span>\n                    <span class=\"em-card-field-value\">Septembre<\/span>\n                  <\/div>\n                                  <div class=\"em-card-field\">\n                    <span class=\"em-card-field-label\">Lieu (ville) :<\/span>\n                    <span class=\"em-card-field-value\">Plage naturiste de la Naturist Camp des Landes<\/span>\n                  <\/div>\n                                  <div class=\"em-card-field\">\n                    <span class=\"em-card-field-label\">Distance depuis le camping (km) :<\/span>\n                    <span class=\"em-card-field-value\">15<\/span>\n                  <\/div>\n                              <\/div>\n\n              <!-- Lien vers le d\u00e9tail -->\n              <div class=\"em-card-footer\">\n                <span>Voir le d\u00e9tail<\/span>\n                <svg fill=\"none\" viewBox=\"0 0 24 24\" stroke=\"currentColor\" stroke-width=\"2\"><path stroke-linecap=\"round\" stroke-linejoin=\"round\" d=\"M13.5 4.5L21 12m0 0l-7.5 7.5M21 12H3\"><\/path><\/svg>\n              <\/div>\n            <\/div>\n          <\/article>\n                  <article class=\"em-card\"\n            data-type=\"event\"\n            data-features=\"\"\n            data-name=\"march\u00e9 de no\u00ebl\"\n            data-json=\"{&quot;name&quot;:&quot;March\\u00e9 de No\\u00ebl&quot;,&quot;image&quot;:&quot;&quot;,&quot;link&quot;:&quot;&quot;,&quot;data&quot;:{&quot;name&quot;:&quot;March\\u00e9 de No\\u00ebl&quot;,&quot;date_period&quot;:&quot;D\\u00e9cembre&quot;,&quot;location&quot;:&quot;Saint-Paul-en-Born&quot;,&quot;distance_km&quot;:&quot;0&quot;,&quot;description&quot;:&quot;D\\u00e9couvrez les produits locaux et les traditions de saison.&quot;,&quot;type&quot;:&quot;\\u00e9v\\u00e8nement commercial et culturel&quot;,&quot;comment&quot;:&quot;&quot;,&quot;link&quot;:&quot;&quot;,&quot;image&quot;:&quot;&quot;},&quot;category&quot;:&quot;\\u00c9v\\u00e9nements recommand\\u00e9s&quot;}\">\n\n            <!-- Image + badge cat\u00e9gorie -->\n            <div class=\"em-card-img-wrap\">\n                              <div class=\"em-card-placeholder\">\ud83d\udcf7 Pas d'image<\/div>\n                            <span class=\"em-card-badge badge-event\">\u00c9v\u00e9nements recommand\u00e9s<\/span>\n            <\/div>\n\n            <!-- Contenu de la card -->\n            <div class=\"em-card-body\">\n              <h3 class=\"em-card-title\">March\u00e9 de No\u00ebl<\/h3>\n\n              <!-- Tags r\u00e9sum\u00e9s (max 4) -->\n              <div class=\"em-card-tags\">\n                                              <\/div>\n\n              <!-- Champs suppl\u00e9mentaires (max 3) -->\n              <div class=\"em-card-fields\">\n                                  <div class=\"em-card-field\">\n                    <span class=\"em-card-field-label\">Date \/ P\u00e9riode :<\/span>\n                    <span class=\"em-card-field-value\">D\u00e9cembre<\/span>\n                  <\/div>\n                                  <div class=\"em-card-field\">\n                    <span class=\"em-card-field-label\">Lieu (ville) :<\/span>\n                    <span class=\"em-card-field-value\">Saint-Paul-en-Born<\/span>\n                  <\/div>\n                                  <div class=\"em-card-field\">\n                    <span class=\"em-card-field-label\">Type d\u2019\u00e9v\u00e9nement (march\u00e9, festival, sport, etc.) :<\/span>\n                    <span class=\"em-card-field-value\">\u00e9v\u00e8nement commercial et culturel<\/span>\n                  <\/div>\n                              <\/div>\n\n              <!-- Lien vers le d\u00e9tail -->\n              <div class=\"em-card-footer\">\n                <span>Voir le d\u00e9tail<\/span>\n                <svg fill=\"none\" viewBox=\"0 0 24 24\" stroke=\"currentColor\" stroke-width=\"2\"><path stroke-linecap=\"round\" stroke-linejoin=\"round\" d=\"M13.5 4.5L21 12m0 0l-7.5 7.5M21 12H3\"><\/path><\/svg>\n              <\/div>\n            <\/div>\n          <\/article>\n                  <article class=\"em-card\"\n            data-type=\"event\"\n            data-features=\"\"\n            data-name=\"f\u00eate de la saint-jean\"\n            data-json=\"{&quot;name&quot;:&quot;F\\u00eate de la Saint-Jean&quot;,&quot;image&quot;:&quot;&quot;,&quot;link&quot;:&quot;&quot;,&quot;data&quot;:{&quot;name&quot;:&quot;F\\u00eate de la Saint-Jean&quot;,&quot;date_period&quot;:&quot;Juin&quot;,&quot;location&quot;:&quot;Saint-Paul-en-Born&quot;,&quot;distance_km&quot;:&quot;0&quot;,&quot;description&quot;:&quot;F\\u00eate traditionnelle avec feux de joie et animations.&quot;,&quot;type&quot;:&quot;f\\u00eate traditionnelle&quot;,&quot;comment&quot;:&quot;&quot;,&quot;link&quot;:&quot;&quot;,&quot;image&quot;:&quot;&quot;},&quot;category&quot;:&quot;\\u00c9v\\u00e9nements recommand\\u00e9s&quot;}\">\n\n            <!-- Image + badge cat\u00e9gorie -->\n            <div class=\"em-card-img-wrap\">\n                              <div class=\"em-card-placeholder\">\ud83d\udcf7 Pas d'image<\/div>\n                            <span class=\"em-card-badge badge-event\">\u00c9v\u00e9nements recommand\u00e9s<\/span>\n            <\/div>\n\n            <!-- Contenu de la card -->\n            <div class=\"em-card-body\">\n              <h3 class=\"em-card-title\">F\u00eate de la Saint-Jean<\/h3>\n\n              <!-- Tags r\u00e9sum\u00e9s (max 4) -->\n              <div class=\"em-card-tags\">\n                                              <\/div>\n\n              <!-- Champs suppl\u00e9mentaires (max 3) -->\n              <div class=\"em-card-fields\">\n                                  <div class=\"em-card-field\">\n                    <span class=\"em-card-field-label\">Date \/ P\u00e9riode :<\/span>\n                    <span class=\"em-card-field-value\">Juin<\/span>\n                  <\/div>\n                                  <div class=\"em-card-field\">\n                    <span class=\"em-card-field-label\">Lieu (ville) :<\/span>\n                    <span class=\"em-card-field-value\">Saint-Paul-en-Born<\/span>\n                  <\/div>\n                                  <div class=\"em-card-field\">\n                    <span class=\"em-card-field-label\">Type d\u2019\u00e9v\u00e9nement (march\u00e9, festival, sport, etc.) :<\/span>\n                    <span class=\"em-card-field-value\">f\u00eate traditionnelle<\/span>\n                  <\/div>\n                              <\/div>\n\n              <!-- Lien vers le d\u00e9tail -->\n              <div class=\"em-card-footer\">\n                <span>Voir le d\u00e9tail<\/span>\n                <svg fill=\"none\" viewBox=\"0 0 24 24\" stroke=\"currentColor\" stroke-width=\"2\"><path stroke-linecap=\"round\" stroke-linejoin=\"round\" d=\"M13.5 4.5L21 12m0 0l-7.5 7.5M21 12H3\"><\/path><\/svg>\n              <\/div>\n            <\/div>\n          <\/article>\n                  <article class=\"em-card\"\n            data-type=\"event\"\n            data-features=\"\"\n            data-name=\"sorties vtt\"\n            data-json=\"{&quot;name&quot;:&quot;Sorties VTT&quot;,&quot;image&quot;:&quot;&quot;,&quot;link&quot;:&quot;&quot;,&quot;data&quot;:{&quot;name&quot;:&quot;Sorties VTT&quot;,&quot;date_period&quot;:&quot;Toute l&#039;ann\\u00e9e&quot;,&quot;location&quot;:&quot;Pistes cyclables des Landes&quot;,&quot;distance_km&quot;:&quot;2&quot;,&quot;description&quot;:&quot;Explorez les paysages landais \\u00e0 v\\u00e9lo.&quot;,&quot;type&quot;:&quot;activit\\u00e9 sportive&quot;,&quot;comment&quot;:&quot;&quot;,&quot;link&quot;:&quot;&quot;,&quot;image&quot;:&quot;&quot;},&quot;category&quot;:&quot;\\u00c9v\\u00e9nements recommand\\u00e9s&quot;}\">\n\n            <!-- Image + badge cat\u00e9gorie -->\n            <div class=\"em-card-img-wrap\">\n                              <div class=\"em-card-placeholder\">\ud83d\udcf7 Pas d'image<\/div>\n                            <span class=\"em-card-badge badge-event\">\u00c9v\u00e9nements recommand\u00e9s<\/span>\n            <\/div>\n\n            <!-- Contenu de la card -->\n            <div class=\"em-card-body\">\n              <h3 class=\"em-card-title\">Sorties VTT<\/h3>\n\n              <!-- Tags r\u00e9sum\u00e9s (max 4) -->\n              <div class=\"em-card-tags\">\n                                              <\/div>\n\n              <!-- Champs suppl\u00e9mentaires (max 3) -->\n              <div class=\"em-card-fields\">\n                                  <div class=\"em-card-field\">\n                    <span class=\"em-card-field-label\">Date \/ P\u00e9riode :<\/span>\n                    <span class=\"em-card-field-value\">Toute l&#039;ann\u00e9e<\/span>\n                  <\/div>\n                                  <div class=\"em-card-field\">\n                    <span class=\"em-card-field-label\">Lieu (ville) :<\/span>\n                    <span class=\"em-card-field-value\">Pistes cyclables des Landes<\/span>\n                  <\/div>\n                                  <div class=\"em-card-field\">\n                    <span class=\"em-card-field-label\">Distance depuis le camping (km) :<\/span>\n                    <span class=\"em-card-field-value\">2<\/span>\n                  <\/div>\n                              <\/div>\n\n              <!-- Lien vers le d\u00e9tail -->\n              <div class=\"em-card-footer\">\n                <span>Voir le d\u00e9tail<\/span>\n                <svg fill=\"none\" viewBox=\"0 0 24 24\" stroke=\"currentColor\" stroke-width=\"2\"><path stroke-linecap=\"round\" stroke-linejoin=\"round\" d=\"M13.5 4.5L21 12m0 0l-7.5 7.5M21 12H3\"><\/path><\/svg>\n              <\/div>\n            <\/div>\n          <\/article>\n                  <article class=\"em-card\"\n            data-type=\"event\"\n            data-features=\"\"\n            data-name=\"f\u00eate de la rivi\u00e8re\"\n            data-json=\"{&quot;name&quot;:&quot;F\\u00eate de la rivi\\u00e8re&quot;,&quot;image&quot;:&quot;&quot;,&quot;link&quot;:&quot;&quot;,&quot;data&quot;:{&quot;name&quot;:&quot;F\\u00eate de la rivi\\u00e8re&quot;,&quot;date_period&quot;:&quot;Juillet&quot;,&quot;location&quot;:&quot;Saint-Paul-en-Born&quot;,&quot;distance_km&quot;:&quot;0&quot;,&quot;description&quot;:&quot;Animations nautiques et d\\u00e9jeuners sur l&#039;eau.&quot;,&quot;type&quot;:&quot;\\u00e9v\\u00e8nement nautique&quot;,&quot;comment&quot;:&quot;&quot;,&quot;link&quot;:&quot;&quot;,&quot;image&quot;:&quot;&quot;},&quot;category&quot;:&quot;\\u00c9v\\u00e9nements recommand\\u00e9s&quot;}\">\n\n            <!-- Image + badge cat\u00e9gorie -->\n            <div class=\"em-card-img-wrap\">\n                              <div class=\"em-card-placeholder\">\ud83d\udcf7 Pas d'image<\/div>\n                            <span class=\"em-card-badge badge-event\">\u00c9v\u00e9nements recommand\u00e9s<\/span>\n            <\/div>\n\n            <!-- Contenu de la card -->\n            <div class=\"em-card-body\">\n              <h3 class=\"em-card-title\">F\u00eate de la rivi\u00e8re<\/h3>\n\n              <!-- Tags r\u00e9sum\u00e9s (max 4) -->\n              <div class=\"em-card-tags\">\n                                              <\/div>\n\n              <!-- Champs suppl\u00e9mentaires (max 3) -->\n              <div class=\"em-card-fields\">\n                                  <div class=\"em-card-field\">\n                    <span class=\"em-card-field-label\">Date \/ P\u00e9riode :<\/span>\n                    <span class=\"em-card-field-value\">Juillet<\/span>\n                  <\/div>\n                                  <div class=\"em-card-field\">\n                    <span class=\"em-card-field-label\">Lieu (ville) :<\/span>\n                    <span class=\"em-card-field-value\">Saint-Paul-en-Born<\/span>\n                  <\/div>\n                                  <div class=\"em-card-field\">\n                    <span class=\"em-card-field-label\">Type d\u2019\u00e9v\u00e9nement (march\u00e9, festival, sport, etc.) :<\/span>\n                    <span class=\"em-card-field-value\">\u00e9v\u00e8nement nautique<\/span>\n                  <\/div>\n                              <\/div>\n\n              <!-- Lien vers le d\u00e9tail -->\n              <div class=\"em-card-footer\">\n                <span>Voir le d\u00e9tail<\/span>\n                <svg fill=\"none\" viewBox=\"0 0 24 24\" stroke=\"currentColor\" stroke-width=\"2\"><path stroke-linecap=\"round\" stroke-linejoin=\"round\" d=\"M13.5 4.5L21 12m0 0l-7.5 7.5M21 12H3\"><\/path><\/svg>\n              <\/div>\n            <\/div>\n          <\/article>\n                  <article class=\"em-card\"\n            data-type=\"event\"\n            data-features=\"\"\n            data-name=\"march\u00e9 des artisans\"\n            data-json=\"{&quot;name&quot;:&quot;March\\u00e9 des artisans&quot;,&quot;image&quot;:&quot;&quot;,&quot;link&quot;:&quot;&quot;,&quot;data&quot;:{&quot;name&quot;:&quot;March\\u00e9 des artisans&quot;,&quot;date_period&quot;:&quot;Fin d&#039;ann\\u00e9e&quot;,&quot;location&quot;:&quot;Saint-Paul-en-Born&quot;,&quot;distance_km&quot;:&quot;0&quot;,&quot;description&quot;:&quot;D\\u00e9couvrez les produits artisanaux locaux.&quot;,&quot;type&quot;:&quot;\\u00e9v\\u00e8nement commercial&quot;,&quot;comment&quot;:&quot;&quot;,&quot;link&quot;:&quot;&quot;,&quot;image&quot;:&quot;&quot;},&quot;category&quot;:&quot;\\u00c9v\\u00e9nements recommand\\u00e9s&quot;}\">\n\n            <!-- Image + badge cat\u00e9gorie -->\n            <div class=\"em-card-img-wrap\">\n                              <div class=\"em-card-placeholder\">\ud83d\udcf7 Pas d'image<\/div>\n                            <span class=\"em-card-badge badge-event\">\u00c9v\u00e9nements recommand\u00e9s<\/span>\n            <\/div>\n\n            <!-- Contenu de la card -->\n            <div class=\"em-card-body\">\n              <h3 class=\"em-card-title\">March\u00e9 des artisans<\/h3>\n\n              <!-- Tags r\u00e9sum\u00e9s (max 4) -->\n              <div class=\"em-card-tags\">\n                                              <\/div>\n\n              <!-- Champs suppl\u00e9mentaires (max 3) -->\n              <div class=\"em-card-fields\">\n                                  <div class=\"em-card-field\">\n                    <span class=\"em-card-field-label\">Date \/ P\u00e9riode :<\/span>\n                    <span class=\"em-card-field-value\">Fin d&#039;ann\u00e9e<\/span>\n                  <\/div>\n                                  <div class=\"em-card-field\">\n                    <span class=\"em-card-field-label\">Lieu (ville) :<\/span>\n                    <span class=\"em-card-field-value\">Saint-Paul-en-Born<\/span>\n                  <\/div>\n                                  <div class=\"em-card-field\">\n                    <span class=\"em-card-field-label\">Type d\u2019\u00e9v\u00e9nement (march\u00e9, festival, sport, etc.) :<\/span>\n                    <span class=\"em-card-field-value\">\u00e9v\u00e8nement commercial<\/span>\n                  <\/div>\n                              <\/div>\n\n              <!-- Lien vers le d\u00e9tail -->\n              <div class=\"em-card-footer\">\n                <span>Voir le d\u00e9tail<\/span>\n                <svg fill=\"none\" viewBox=\"0 0 24 24\" stroke=\"currentColor\" stroke-width=\"2\"><path stroke-linecap=\"round\" stroke-linejoin=\"round\" d=\"M13.5 4.5L21 12m0 0l-7.5 7.5M21 12H3\"><\/path><\/svg>\n              <\/div>\n            <\/div>\n          <\/article>\n                  <article class=\"em-card\"\n            data-type=\"event\"\n            data-features=\"\"\n            data-name=\"atelier de permaculture\"\n            data-json=\"{&quot;name&quot;:&quot;Atelier de permaculture&quot;,&quot;image&quot;:&quot;&quot;,&quot;link&quot;:&quot;&quot;,&quot;data&quot;:{&quot;name&quot;:&quot;Atelier de permaculture&quot;,&quot;date_period&quot;:&quot;Printemps&quot;,&quot;location&quot;:&quot;Jardin de Saint-Paul-en-Born&quot;,&quot;distance_km&quot;:&quot;0&quot;,&quot;description&quot;:&quot;Initiation aux techniques de permaculture.&quot;,&quot;type&quot;:&quot;atelier p\\u00e9dagogique&quot;,&quot;comment&quot;:&quot;&quot;,&quot;link&quot;:&quot;&quot;,&quot;image&quot;:&quot;&quot;},&quot;category&quot;:&quot;\\u00c9v\\u00e9nements recommand\\u00e9s&quot;}\">\n\n            <!-- Image + badge cat\u00e9gorie -->\n            <div class=\"em-card-img-wrap\">\n                              <div class=\"em-card-placeholder\">\ud83d\udcf7 Pas d'image<\/div>\n                            <span class=\"em-card-badge badge-event\">\u00c9v\u00e9nements recommand\u00e9s<\/span>\n            <\/div>\n\n            <!-- Contenu de la card -->\n            <div class=\"em-card-body\">\n              <h3 class=\"em-card-title\">Atelier de permaculture<\/h3>\n\n              <!-- Tags r\u00e9sum\u00e9s (max 4) -->\n              <div class=\"em-card-tags\">\n                                              <\/div>\n\n              <!-- Champs suppl\u00e9mentaires (max 3) -->\n              <div class=\"em-card-fields\">\n                                  <div class=\"em-card-field\">\n                    <span class=\"em-card-field-label\">Date \/ P\u00e9riode :<\/span>\n                    <span class=\"em-card-field-value\">Printemps<\/span>\n                  <\/div>\n                                  <div class=\"em-card-field\">\n                    <span class=\"em-card-field-label\">Lieu (ville) :<\/span>\n                    <span class=\"em-card-field-value\">Jardin de Saint-Paul-en-Born<\/span>\n                  <\/div>\n                                  <div class=\"em-card-field\">\n                    <span class=\"em-card-field-label\">Type d\u2019\u00e9v\u00e9nement (march\u00e9, festival, sport, etc.) :<\/span>\n                    <span class=\"em-card-field-value\">atelier p\u00e9dagogique<\/span>\n                  <\/div>\n                              <\/div>\n\n              <!-- Lien vers le d\u00e9tail -->\n              <div class=\"em-card-footer\">\n                <span>Voir le d\u00e9tail<\/span>\n                <svg fill=\"none\" viewBox=\"0 0 24 24\" stroke=\"currentColor\" stroke-width=\"2\"><path stroke-linecap=\"round\" stroke-linejoin=\"round\" d=\"M13.5 4.5L21 12m0 0l-7.5 7.5M21 12H3\"><\/path><\/svg>\n              <\/div>\n            <\/div>\n          <\/article>\n                  <article class=\"em-card\"\n            data-type=\"event\"\n            data-features=\"\"\n            data-name=\"visite guid\u00e9e de la nature\"\n            data-json=\"{&quot;name&quot;:&quot;Visite guid\\u00e9e de la nature&quot;,&quot;image&quot;:&quot;&quot;,&quot;link&quot;:&quot;&quot;,&quot;data&quot;:{&quot;name&quot;:&quot;Visite guid\\u00e9e de la nature&quot;,&quot;date_period&quot;:&quot;Toute l&#039;ann\\u00e9e&quot;,&quot;location&quot;:&quot;For\\u00eat des Landes&quot;,&quot;distance_km&quot;:&quot;3&quot;,&quot;description&quot;:&quot;Explorez la faune et la flore locales avec des guides experts.&quot;,&quot;type&quot;:&quot;activit\\u00e9 p\\u00e9dagogique&quot;,&quot;comment&quot;:&quot;&quot;,&quot;link&quot;:&quot;&quot;,&quot;image&quot;:&quot;&quot;},&quot;category&quot;:&quot;\\u00c9v\\u00e9nements recommand\\u00e9s&quot;}\">\n\n            <!-- Image + badge cat\u00e9gorie -->\n            <div class=\"em-card-img-wrap\">\n                              <div class=\"em-card-placeholder\">\ud83d\udcf7 Pas d'image<\/div>\n                            <span class=\"em-card-badge badge-event\">\u00c9v\u00e9nements recommand\u00e9s<\/span>\n            <\/div>\n\n            <!-- Contenu de la card -->\n            <div class=\"em-card-body\">\n              <h3 class=\"em-card-title\">Visite guid\u00e9e de la nature<\/h3>\n\n              <!-- Tags r\u00e9sum\u00e9s (max 4) -->\n              <div class=\"em-card-tags\">\n                                              <\/div>\n\n              <!-- Champs suppl\u00e9mentaires (max 3) -->\n              <div class=\"em-card-fields\">\n                                  <div class=\"em-card-field\">\n                    <span class=\"em-card-field-label\">Date \/ P\u00e9riode :<\/span>\n                    <span class=\"em-card-field-value\">Toute l&#039;ann\u00e9e<\/span>\n                  <\/div>\n                                  <div class=\"em-card-field\">\n                    <span class=\"em-card-field-label\">Lieu (ville) :<\/span>\n                    <span class=\"em-card-field-value\">For\u00eat des Landes<\/span>\n                  <\/div>\n                                  <div class=\"em-card-field\">\n                    <span class=\"em-card-field-label\">Distance depuis le camping (km) :<\/span>\n                    <span class=\"em-card-field-value\">3<\/span>\n                  <\/div>\n                              <\/div>\n\n              <!-- Lien vers le d\u00e9tail -->\n              <div class=\"em-card-footer\">\n                <span>Voir le d\u00e9tail<\/span>\n                <svg fill=\"none\" viewBox=\"0 0 24 24\" stroke=\"currentColor\" stroke-width=\"2\"><path stroke-linecap=\"round\" stroke-linejoin=\"round\" d=\"M13.5 4.5L21 12m0 0l-7.5 7.5M21 12H3\"><\/path><\/svg>\n              <\/div>\n            <\/div>\n          <\/article>\n                  <article class=\"em-card\"\n            data-type=\"event\"\n            data-features=\"\"\n            data-name=\"spectacle de feu d&#039;artifice\"\n            data-json=\"{&quot;name&quot;:&quot;Spectacle de feu d&#039;artifice&quot;,&quot;image&quot;:&quot;&quot;,&quot;link&quot;:&quot;&quot;,&quot;data&quot;:{&quot;name&quot;:&quot;Spectacle de feu d&#039;artifice&quot;,&quot;date_period&quot;:&quot;Juillet&quot;,&quot;location&quot;:&quot;Saint-Paul-en-Born&quot;,&quot;distance_km&quot;:&quot;0&quot;,&quot;description&quot;:&quot;F\\u00eate nationale avec spectacle pyrotechnique.&quot;,&quot;type&quot;:&quot;spectacle pyrotechnique&quot;,&quot;comment&quot;:&quot;&quot;,&quot;link&quot;:&quot;&quot;,&quot;image&quot;:&quot;&quot;},&quot;category&quot;:&quot;\\u00c9v\\u00e9nements recommand\\u00e9s&quot;}\">\n\n            <!-- Image + badge cat\u00e9gorie -->\n            <div class=\"em-card-img-wrap\">\n                              <div class=\"em-card-placeholder\">\ud83d\udcf7 Pas d'image<\/div>\n                            <span class=\"em-card-badge badge-event\">\u00c9v\u00e9nements recommand\u00e9s<\/span>\n            <\/div>\n\n            <!-- Contenu de la card -->\n            <div class=\"em-card-body\">\n              <h3 class=\"em-card-title\">Spectacle de feu d&#039;artifice<\/h3>\n\n              <!-- Tags r\u00e9sum\u00e9s (max 4) -->\n              <div class=\"em-card-tags\">\n                                              <\/div>\n\n              <!-- Champs suppl\u00e9mentaires (max 3) -->\n              <div class=\"em-card-fields\">\n                                  <div class=\"em-card-field\">\n                    <span class=\"em-card-field-label\">Date \/ P\u00e9riode :<\/span>\n                    <span class=\"em-card-field-value\">Juillet<\/span>\n                  <\/div>\n                                  <div class=\"em-card-field\">\n                    <span class=\"em-card-field-label\">Lieu (ville) :<\/span>\n                    <span class=\"em-card-field-value\">Saint-Paul-en-Born<\/span>\n                  <\/div>\n                                  <div class=\"em-card-field\">\n                    <span class=\"em-card-field-label\">Type d\u2019\u00e9v\u00e9nement (march\u00e9, festival, sport, etc.) :<\/span>\n                    <span class=\"em-card-field-value\">spectacle pyrotechnique<\/span>\n                  <\/div>\n                              <\/div>\n\n              <!-- Lien vers le d\u00e9tail -->\n              <div class=\"em-card-footer\">\n                <span>Voir le d\u00e9tail<\/span>\n                <svg fill=\"none\" viewBox=\"0 0 24 24\" stroke=\"currentColor\" stroke-width=\"2\"><path stroke-linecap=\"round\" stroke-linejoin=\"round\" d=\"M13.5 4.5L21 12m0 0l-7.5 7.5M21 12H3\"><\/path><\/svg>\n              <\/div>\n            <\/div>\n          <\/article>\n                  <article class=\"em-card\"\n            data-type=\"event\"\n            data-features=\"\"\n            data-name=\"d\u00e9monstration de\u2019\u00e9quitation\"\n            data-json=\"{&quot;name&quot;:&quot;D\\u00e9monstration de\\u2019\\u00e9quitation&quot;,&quot;image&quot;:&quot;&quot;,&quot;link&quot;:&quot;&quot;,&quot;data&quot;:{&quot;name&quot;:&quot;D\\u00e9monstration de\\u2019\\u00e9quitation&quot;,&quot;date_period&quot;:&quot;Ao\\u00fbt&quot;,&quot;location&quot;:&quot;Ecuries Olivier Bauer&quot;,&quot;distance_km&quot;:&quot;6.4&quot;,&quot;description&quot;:&quot;D\\u00e9couvrez les techniques \\u00e9questres avec des cavaliers locaux.&quot;,&quot;type&quot;:&quot;\\u00e9v\\u00e8nement \\u00e9questre&quot;,&quot;comment&quot;:&quot;&quot;,&quot;link&quot;:&quot;&quot;,&quot;image&quot;:&quot;&quot;},&quot;category&quot;:&quot;\\u00c9v\\u00e9nements recommand\\u00e9s&quot;}\">\n\n            <!-- Image + badge cat\u00e9gorie -->\n            <div class=\"em-card-img-wrap\">\n                              <div class=\"em-card-placeholder\">\ud83d\udcf7 Pas d'image<\/div>\n                            <span class=\"em-card-badge badge-event\">\u00c9v\u00e9nements recommand\u00e9s<\/span>\n            <\/div>\n\n            <!-- Contenu de la card -->\n            <div class=\"em-card-body\">\n              <h3 class=\"em-card-title\">D\u00e9monstration de\u2019\u00e9quitation<\/h3>\n\n              <!-- Tags r\u00e9sum\u00e9s (max 4) -->\n              <div class=\"em-card-tags\">\n                                              <\/div>\n\n              <!-- Champs suppl\u00e9mentaires (max 3) -->\n              <div class=\"em-card-fields\">\n                                  <div class=\"em-card-field\">\n                    <span class=\"em-card-field-label\">Date \/ P\u00e9riode :<\/span>\n                    <span class=\"em-card-field-value\">Ao\u00fbt<\/span>\n                  <\/div>\n                                  <div class=\"em-card-field\">\n                    <span class=\"em-card-field-label\">Lieu (ville) :<\/span>\n                    <span class=\"em-card-field-value\">Ecuries Olivier Bauer<\/span>\n                  <\/div>\n                                  <div class=\"em-card-field\">\n                    <span class=\"em-card-field-label\">Distance depuis le camping (km) :<\/span>\n                    <span class=\"em-card-field-value\">6.4<\/span>\n                  <\/div>\n                              <\/div>\n\n              <!-- Lien vers le d\u00e9tail -->\n              <div class=\"em-card-footer\">\n                <span>Voir le d\u00e9tail<\/span>\n                <svg fill=\"none\" viewBox=\"0 0 24 24\" stroke=\"currentColor\" stroke-width=\"2\"><path stroke-linecap=\"round\" stroke-linejoin=\"round\" d=\"M13.5 4.5L21 12m0 0l-7.5 7.5M21 12H3\"><\/path><\/svg>\n              <\/div>\n            <\/div>\n          <\/article>\n                  <article class=\"em-card\"\n            data-type=\"event\"\n            data-features=\"\"\n            data-name=\"journ\u00e9es d\u2019initiation au yoga\"\n            data-json=\"{&quot;name&quot;:&quot;Journ\\u00e9es d\\u2019initiation au yoga&quot;,&quot;image&quot;:&quot;&quot;,&quot;link&quot;:&quot;&quot;,&quot;data&quot;:{&quot;name&quot;:&quot;Journ\\u00e9es d\\u2019initiation au yoga&quot;,&quot;date_period&quot;:&quot;Juillet \\u00e0 ao\\u00fbt&quot;,&quot;location&quot;:&quot;Paysage des Landes&quot;,&quot;distance_km&quot;:&quot;3&quot;,&quot;description&quot;:&quot;Initiation au yoga en plein air.&quot;,&quot;type&quot;:&quot;atelier de bien-\\u00eatre&quot;,&quot;comment&quot;:&quot;&quot;,&quot;link&quot;:&quot;&quot;,&quot;image&quot;:&quot;&quot;},&quot;category&quot;:&quot;\\u00c9v\\u00e9nements recommand\\u00e9s&quot;}\">\n\n            <!-- Image + badge cat\u00e9gorie -->\n            <div class=\"em-card-img-wrap\">\n                              <div class=\"em-card-placeholder\">\ud83d\udcf7 Pas d'image<\/div>\n                            <span class=\"em-card-badge badge-event\">\u00c9v\u00e9nements recommand\u00e9s<\/span>\n            <\/div>\n\n            <!-- Contenu de la card -->\n            <div class=\"em-card-body\">\n              <h3 class=\"em-card-title\">Journ\u00e9es d\u2019initiation au yoga<\/h3>\n\n              <!-- Tags r\u00e9sum\u00e9s (max 4) -->\n              <div class=\"em-card-tags\">\n                                              <\/div>\n\n              <!-- Champs suppl\u00e9mentaires (max 3) -->\n              <div class=\"em-card-fields\">\n                                  <div class=\"em-card-field\">\n                    <span class=\"em-card-field-label\">Date \/ P\u00e9riode :<\/span>\n                    <span class=\"em-card-field-value\">Juillet \u00e0 ao\u00fbt<\/span>\n                  <\/div>\n                                  <div class=\"em-card-field\">\n                    <span class=\"em-card-field-label\">Lieu (ville) :<\/span>\n                    <span class=\"em-card-field-value\">Paysage des Landes<\/span>\n                  <\/div>\n                                  <div class=\"em-card-field\">\n                    <span class=\"em-card-field-label\">Distance depuis le camping (km) :<\/span>\n                    <span class=\"em-card-field-value\">3<\/span>\n                  <\/div>\n                              <\/div>\n\n              <!-- Lien vers le d\u00e9tail -->\n              <div class=\"em-card-footer\">\n                <span>Voir le d\u00e9tail<\/span>\n                <svg fill=\"none\" viewBox=\"0 0 24 24\" stroke=\"currentColor\" stroke-width=\"2\"><path stroke-linecap=\"round\" stroke-linejoin=\"round\" d=\"M13.5 4.5L21 12m0 0l-7.5 7.5M21 12H3\"><\/path><\/svg>\n              <\/div>\n            <\/div>\n          <\/article>\n                  <article class=\"em-card\"\n            data-type=\"event\"\n            data-features=\"\"\n            data-name=\"f\u00eate des vendanges\"\n            data-json=\"{&quot;name&quot;:&quot;F\\u00eate des vendanges&quot;,&quot;image&quot;:&quot;&quot;,&quot;link&quot;:&quot;&quot;,&quot;data&quot;:{&quot;name&quot;:&quot;F\\u00eate des vendanges&quot;,&quot;date_period&quot;:&quot;Septembre&quot;,&quot;location&quot;:&quot;Saint-Paul-en-Born&quot;,&quot;distance_km&quot;:&quot;0&quot;,&quot;description&quot;:&quot;F\\u00eate traditionnelle avec d\\u00e9gustation de vins locaux.&quot;,&quot;type&quot;:&quot;\\u00e9v\\u00e8nement gastronomique&quot;,&quot;comment&quot;:&quot;&quot;,&quot;link&quot;:&quot;&quot;,&quot;image&quot;:&quot;&quot;},&quot;category&quot;:&quot;\\u00c9v\\u00e9nements recommand\\u00e9s&quot;}\">\n\n            <!-- Image + badge cat\u00e9gorie -->\n            <div class=\"em-card-img-wrap\">\n                              <div class=\"em-card-placeholder\">\ud83d\udcf7 Pas d'image<\/div>\n                            <span class=\"em-card-badge badge-event\">\u00c9v\u00e9nements recommand\u00e9s<\/span>\n            <\/div>\n\n            <!-- Contenu de la card -->\n            <div class=\"em-card-body\">\n              <h3 class=\"em-card-title\">F\u00eate des vendanges<\/h3>\n\n              <!-- Tags r\u00e9sum\u00e9s (max 4) -->\n              <div class=\"em-card-tags\">\n                                              <\/div>\n\n              <!-- Champs suppl\u00e9mentaires (max 3) -->\n              <div class=\"em-card-fields\">\n                                  <div class=\"em-card-field\">\n                    <span class=\"em-card-field-label\">Date \/ P\u00e9riode :<\/span>\n                    <span class=\"em-card-field-value\">Septembre<\/span>\n                  <\/div>\n                                  <div class=\"em-card-field\">\n                    <span class=\"em-card-field-label\">Lieu (ville) :<\/span>\n                    <span class=\"em-card-field-value\">Saint-Paul-en-Born<\/span>\n                  <\/div>\n                                  <div class=\"em-card-field\">\n                    <span class=\"em-card-field-label\">Type d\u2019\u00e9v\u00e9nement (march\u00e9, festival, sport, etc.) :<\/span>\n                    <span class=\"em-card-field-value\">\u00e9v\u00e8nement gastronomique<\/span>\n                  <\/div>\n                              <\/div>\n\n              <!-- Lien vers le d\u00e9tail -->\n              <div class=\"em-card-footer\">\n                <span>Voir le d\u00e9tail<\/span>\n                <svg fill=\"none\" viewBox=\"0 0 24 24\" stroke=\"currentColor\" stroke-width=\"2\"><path stroke-linecap=\"round\" stroke-linejoin=\"round\" d=\"M13.5 4.5L21 12m0 0l-7.5 7.5M21 12H3\"><\/path><\/svg>\n              <\/div>\n            <\/div>\n          <\/article>\n                  <article class=\"em-card\"\n            data-type=\"event\"\n            data-features=\"\"\n            data-name=\"march\u00e9 de saint-paul-en-born\"\n            data-json=\"{&quot;name&quot;:&quot;March\\u00e9 de Saint-Paul-en-Born&quot;,&quot;image&quot;:&quot;&quot;,&quot;link&quot;:&quot;&quot;,&quot;data&quot;:{&quot;name&quot;:&quot;March\\u00e9 de Saint-Paul-en-Born&quot;,&quot;date_period&quot;:&quot;Tous les mercredis&quot;,&quot;location&quot;:&quot;March\\u00e9 de Saint-Paul-en-Born&quot;,&quot;distance_km&quot;:&quot;0&quot;,&quot;description&quot;:&quot;D\\u00e9couvrez les produits frais locaux.&quot;,&quot;type&quot;:&quot;\\u00e9v\\u00e8nement commercial&quot;,&quot;comment&quot;:&quot;&quot;,&quot;link&quot;:&quot;&quot;,&quot;image&quot;:&quot;&quot;},&quot;category&quot;:&quot;\\u00c9v\\u00e9nements recommand\\u00e9s&quot;}\">\n\n            <!-- Image + badge cat\u00e9gorie -->\n            <div class=\"em-card-img-wrap\">\n                              <div class=\"em-card-placeholder\">\ud83d\udcf7 Pas d'image<\/div>\n                            <span class=\"em-card-badge badge-event\">\u00c9v\u00e9nements recommand\u00e9s<\/span>\n            <\/div>\n\n            <!-- Contenu de la card -->\n            <div class=\"em-card-body\">\n              <h3 class=\"em-card-title\">March\u00e9 de Saint-Paul-en-Born<\/h3>\n\n              <!-- Tags r\u00e9sum\u00e9s (max 4) -->\n              <div class=\"em-card-tags\">\n                                              <\/div>\n\n              <!-- Champs suppl\u00e9mentaires (max 3) -->\n              <div class=\"em-card-fields\">\n                                  <div class=\"em-card-field\">\n                    <span class=\"em-card-field-label\">Date \/ P\u00e9riode :<\/span>\n                    <span class=\"em-card-field-value\">Tous les mercredis<\/span>\n                  <\/div>\n                                  <div class=\"em-card-field\">\n                    <span class=\"em-card-field-label\">Lieu (ville) :<\/span>\n                    <span class=\"em-card-field-value\">March\u00e9 de Saint-Paul-en-Born<\/span>\n                  <\/div>\n                                  <div class=\"em-card-field\">\n                    <span class=\"em-card-field-label\">Type d\u2019\u00e9v\u00e9nement (march\u00e9, festival, sport, etc.) :<\/span>\n                    <span class=\"em-card-field-value\">\u00e9v\u00e8nement commercial<\/span>\n                  <\/div>\n                              <\/div>\n\n              <!-- Lien vers le d\u00e9tail -->\n              <div class=\"em-card-footer\">\n                <span>Voir le d\u00e9tail<\/span>\n                <svg fill=\"none\" viewBox=\"0 0 24 24\" stroke=\"currentColor\" stroke-width=\"2\"><path stroke-linecap=\"round\" stroke-linejoin=\"round\" d=\"M13.5 4.5L21 12m0 0l-7.5 7.5M21 12H3\"><\/path><\/svg>\n              <\/div>\n            <\/div>\n          <\/article>\n                  <article class=\"em-card\"\n            data-type=\"event\"\n            data-features=\"\"\n            data-name=\"atelier de peinture sur toile\"\n            data-json=\"{&quot;name&quot;:&quot;Atelier de peinture sur toile&quot;,&quot;image&quot;:&quot;&quot;,&quot;link&quot;:&quot;&quot;,&quot;data&quot;:{&quot;name&quot;:&quot;Atelier de peinture sur toile&quot;,&quot;date_period&quot;:&quot;\\u00c9t\\u00e9&quot;,&quot;location&quot;:&quot;Camping La Clairi\\u00e8re&quot;,&quot;distance_km&quot;:&quot;0&quot;,&quot;description&quot;:&quot;Initiation \\u00e0 la peinture pour adultes et enfants.&quot;,&quot;type&quot;:&quot;atelier artistique&quot;,&quot;comment&quot;:&quot;&quot;,&quot;link&quot;:&quot;&quot;,&quot;image&quot;:&quot;&quot;},&quot;category&quot;:&quot;\\u00c9v\\u00e9nements recommand\\u00e9s&quot;}\">\n\n            <!-- Image + badge cat\u00e9gorie -->\n            <div class=\"em-card-img-wrap\">\n                              <div class=\"em-card-placeholder\">\ud83d\udcf7 Pas d'image<\/div>\n                            <span class=\"em-card-badge badge-event\">\u00c9v\u00e9nements recommand\u00e9s<\/span>\n            <\/div>\n\n            <!-- Contenu de la card -->\n            <div class=\"em-card-body\">\n              <h3 class=\"em-card-title\">Atelier de peinture sur toile<\/h3>\n\n              <!-- Tags r\u00e9sum\u00e9s (max 4) -->\n              <div class=\"em-card-tags\">\n                                              <\/div>\n\n              <!-- Champs suppl\u00e9mentaires (max 3) -->\n              <div class=\"em-card-fields\">\n                                  <div class=\"em-card-field\">\n                    <span class=\"em-card-field-label\">Date \/ P\u00e9riode :<\/span>\n                    <span class=\"em-card-field-value\">\u00c9t\u00e9<\/span>\n                  <\/div>\n                                  <div class=\"em-card-field\">\n                    <span class=\"em-card-field-label\">Lieu (ville) :<\/span>\n                    <span class=\"em-card-field-value\">Camping La Clairi\u00e8re<\/span>\n                  <\/div>\n                                  <div class=\"em-card-field\">\n                    <span class=\"em-card-field-label\">Type d\u2019\u00e9v\u00e9nement (march\u00e9, festival, sport, etc.) :<\/span>\n                    <span class=\"em-card-field-value\">atelier artistique<\/span>\n                  <\/div>\n                              <\/div>\n\n              <!-- Lien vers le d\u00e9tail -->\n              <div class=\"em-card-footer\">\n                <span>Voir le d\u00e9tail<\/span>\n                <svg fill=\"none\" viewBox=\"0 0 24 24\" stroke=\"currentColor\" stroke-width=\"2\"><path stroke-linecap=\"round\" stroke-linejoin=\"round\" d=\"M13.5 4.5L21 12m0 0l-7.5 7.5M21 12H3\"><\/path><\/svg>\n              <\/div>\n            <\/div>\n          <\/article>\n                  <article class=\"em-card\"\n            data-type=\"event\"\n            data-features=\"\"\n            data-name=\"initiation \u00e0 l&#039;escalade dans les landes\"\n            data-json=\"{&quot;name&quot;:&quot;Initiation \\u00e0 l&#039;escalade dans les Landes&quot;,&quot;image&quot;:&quot;non disponible&quot;,&quot;link&quot;:&quot;non disponible&quot;,&quot;data&quot;:{&quot;name&quot;:&quot;Initiation \\u00e0 l&#039;escalade dans les Landes&quot;,&quot;date_period&quot;:&quot;juillet et ao\\u00fbt&quot;,&quot;location&quot;:&quot;Saint-Paul-en-Born&quot;,&quot;distance_km&quot;:&quot;environ 5 km&quot;,&quot;description&quot;:&quot;Activit\\u00e9 d&#039;escalade dans la nature landaise pour les amateurs.&quot;,&quot;type&quot;:&quot;Sportif&quot;,&quot;comment&quot;:&quot;Activit\\u00e9 non mentionn\\u00e9e pr\\u00e9c\\u00e9demment.&quot;,&quot;link&quot;:&quot;non disponible&quot;,&quot;image&quot;:&quot;non disponible&quot;},&quot;category&quot;:&quot;\\u00c9v\\u00e9nements recommand\\u00e9s&quot;}\">\n\n            <!-- Image + badge cat\u00e9gorie -->\n            <div class=\"em-card-img-wrap\">\n                              <div class=\"em-card-placeholder\">\ud83d\udcf7 Pas d'image<\/div>\n                            <span class=\"em-card-badge badge-event\">\u00c9v\u00e9nements recommand\u00e9s<\/span>\n            <\/div>\n\n            <!-- Contenu de la card -->\n            <div class=\"em-card-body\">\n              <h3 class=\"em-card-title\">Initiation \u00e0 l&#039;escalade dans les Landes<\/h3>\n\n              <!-- Tags r\u00e9sum\u00e9s (max 4) -->\n              <div class=\"em-card-tags\">\n                                              <\/div>\n\n              <!-- Champs suppl\u00e9mentaires (max 3) -->\n              <div class=\"em-card-fields\">\n                                  <div class=\"em-card-field\">\n                    <span class=\"em-card-field-label\">Date \/ P\u00e9riode :<\/span>\n                    <span class=\"em-card-field-value\">juillet et ao\u00fbt<\/span>\n                  <\/div>\n                                  <div class=\"em-card-field\">\n                    <span class=\"em-card-field-label\">Lieu (ville) :<\/span>\n                    <span class=\"em-card-field-value\">Saint-Paul-en-Born<\/span>\n                  <\/div>\n                                  <div class=\"em-card-field\">\n                    <span class=\"em-card-field-label\">Distance depuis le camping (km) :<\/span>\n                    <span class=\"em-card-field-value\">environ 5 km<\/span>\n                  <\/div>\n                              <\/div>\n\n              <!-- Lien vers le d\u00e9tail -->\n              <div class=\"em-card-footer\">\n                <span>Voir le d\u00e9tail<\/span>\n                <svg fill=\"none\" viewBox=\"0 0 24 24\" stroke=\"currentColor\" stroke-width=\"2\"><path stroke-linecap=\"round\" stroke-linejoin=\"round\" d=\"M13.5 4.5L21 12m0 0l-7.5 7.5M21 12H3\"><\/path><\/svg>\n              <\/div>\n            <\/div>\n          <\/article>\n                  <article class=\"em-card\"\n            data-type=\"event\"\n            data-features=\"\"\n            data-name=\"march\u00e9 des producteurs locaux\"\n            data-json=\"{&quot;name&quot;:&quot;March\\u00e9 des producteurs locaux&quot;,&quot;image&quot;:&quot;non disponible&quot;,&quot;link&quot;:&quot;non disponible&quot;,&quot;data&quot;:{&quot;name&quot;:&quot;March\\u00e9 des producteurs locaux&quot;,&quot;date_period&quot;:&quot;tous les samedis&quot;,&quot;location&quot;:&quot;Saint-Paul-en-Born&quot;,&quot;distance_km&quot;:&quot;0 km&quot;,&quot;description&quot;:&quot;Un march\\u00e9 local pour d\\u00e9guster les produits regionaux.&quot;,&quot;type&quot;:&quot;Gastronomique&quot;,&quot;comment&quot;:&quot;Activit\\u00e9 non mentionn\\u00e9e pr\\u00e9c\\u00e9demment.&quot;,&quot;link&quot;:&quot;non disponible&quot;,&quot;image&quot;:&quot;non disponible&quot;},&quot;category&quot;:&quot;\\u00c9v\\u00e9nements recommand\\u00e9s&quot;}\">\n\n            <!-- Image + badge cat\u00e9gorie -->\n            <div class=\"em-card-img-wrap\">\n                              <div class=\"em-card-placeholder\">\ud83d\udcf7 Pas d'image<\/div>\n                            <span class=\"em-card-badge badge-event\">\u00c9v\u00e9nements recommand\u00e9s<\/span>\n            <\/div>\n\n            <!-- Contenu de la card -->\n            <div class=\"em-card-body\">\n              <h3 class=\"em-card-title\">March\u00e9 des producteurs locaux<\/h3>\n\n              <!-- Tags r\u00e9sum\u00e9s (max 4) -->\n              <div class=\"em-card-tags\">\n                                              <\/div>\n\n              <!-- Champs suppl\u00e9mentaires (max 3) -->\n              <div class=\"em-card-fields\">\n                                  <div class=\"em-card-field\">\n                    <span class=\"em-card-field-label\">Date \/ P\u00e9riode :<\/span>\n                    <span class=\"em-card-field-value\">tous les samedis<\/span>\n                  <\/div>\n                                  <div class=\"em-card-field\">\n                    <span class=\"em-card-field-label\">Lieu (ville) :<\/span>\n                    <span class=\"em-card-field-value\">Saint-Paul-en-Born<\/span>\n                  <\/div>\n                                  <div class=\"em-card-field\">\n                    <span class=\"em-card-field-label\">Distance depuis le camping (km) :<\/span>\n                    <span class=\"em-card-field-value\">0 km<\/span>\n                  <\/div>\n                              <\/div>\n\n              <!-- Lien vers le d\u00e9tail -->\n              <div class=\"em-card-footer\">\n                <span>Voir le d\u00e9tail<\/span>\n                <svg fill=\"none\" viewBox=\"0 0 24 24\" stroke=\"currentColor\" stroke-width=\"2\"><path stroke-linecap=\"round\" stroke-linejoin=\"round\" d=\"M13.5 4.5L21 12m0 0l-7.5 7.5M21 12H3\"><\/path><\/svg>\n              <\/div>\n            <\/div>\n          <\/article>\n                  <article class=\"em-card\"\n            data-type=\"event\"\n            data-features=\"\"\n            data-name=\"visite guid\u00e9e de la dune du pilat\"\n            data-json=\"{&quot;name&quot;:&quot;Visite guid\\u00e9e de la Dune du Pilat&quot;,&quot;image&quot;:&quot;non disponible&quot;,&quot;link&quot;:&quot;non disponible&quot;,&quot;data&quot;:{&quot;name&quot;:&quot;Visite guid\\u00e9e de la Dune du Pilat&quot;,&quot;date_period&quot;:&quot;toute l&#039;ann\\u00e9e&quot;,&quot;location&quot;:&quot;Dune du Pilat&quot;,&quot;distance_km&quot;:&quot;environ 60 km&quot;,&quot;description&quot;:&quot;D\\u00e9couverte de la plus grande dune d&#039;Europe.&quot;,&quot;type&quot;:&quot;Nature&quot;,&quot;comment&quot;:&quot;Activit\\u00e9 non mentionn\\u00e9e pr\\u00e9c\\u00e9demment.&quot;,&quot;link&quot;:&quot;non disponible&quot;,&quot;image&quot;:&quot;non disponible&quot;},&quot;category&quot;:&quot;\\u00c9v\\u00e9nements recommand\\u00e9s&quot;}\">\n\n            <!-- Image + badge cat\u00e9gorie -->\n            <div class=\"em-card-img-wrap\">\n                              <div class=\"em-card-placeholder\">\ud83d\udcf7 Pas d'image<\/div>\n                            <span class=\"em-card-badge badge-event\">\u00c9v\u00e9nements recommand\u00e9s<\/span>\n            <\/div>\n\n            <!-- Contenu de la card -->\n            <div class=\"em-card-body\">\n              <h3 class=\"em-card-title\">Visite guid\u00e9e de la Dune du Pilat<\/h3>\n\n              <!-- Tags r\u00e9sum\u00e9s (max 4) -->\n              <div class=\"em-card-tags\">\n                                              <\/div>\n\n              <!-- Champs suppl\u00e9mentaires (max 3) -->\n              <div class=\"em-card-fields\">\n                                  <div class=\"em-card-field\">\n                    <span class=\"em-card-field-label\">Date \/ P\u00e9riode :<\/span>\n                    <span class=\"em-card-field-value\">toute l&#039;ann\u00e9e<\/span>\n                  <\/div>\n                                  <div class=\"em-card-field\">\n                    <span class=\"em-card-field-label\">Lieu (ville) :<\/span>\n                    <span class=\"em-card-field-value\">Dune du Pilat<\/span>\n                  <\/div>\n                                  <div class=\"em-card-field\">\n                    <span class=\"em-card-field-label\">Distance depuis le camping (km) :<\/span>\n                    <span class=\"em-card-field-value\">environ 60 km<\/span>\n                  <\/div>\n                              <\/div>\n\n              <!-- Lien vers le d\u00e9tail -->\n              <div class=\"em-card-footer\">\n                <span>Voir le d\u00e9tail<\/span>\n                <svg fill=\"none\" viewBox=\"0 0 24 24\" stroke=\"currentColor\" stroke-width=\"2\"><path stroke-linecap=\"round\" stroke-linejoin=\"round\" d=\"M13.5 4.5L21 12m0 0l-7.5 7.5M21 12H3\"><\/path><\/svg>\n              <\/div>\n            <\/div>\n          <\/article>\n                  <article class=\"em-card\"\n            data-type=\"event\"\n            data-features=\"\"\n            data-name=\"concerts en for\u00eat\"\n            data-json=\"{&quot;name&quot;:&quot;Concerts en for\\u00eat&quot;,&quot;image&quot;:&quot;non disponible&quot;,&quot;link&quot;:&quot;non disponible&quot;,&quot;data&quot;:{&quot;name&quot;:&quot;Concerts en for\\u00eat&quot;,&quot;date_period&quot;:&quot;juillet-septembre&quot;,&quot;location&quot;:&quot;For\\u00eat des Landes&quot;,&quot;distance_km&quot;:&quot;environ 10 km&quot;,&quot;description&quot;:&quot;Concerts en plein air dans un cadre naturel.&quot;,&quot;type&quot;:&quot;Culturel&quot;,&quot;comment&quot;:&quot;Activit\\u00e9 non mentionn\\u00e9e pr\\u00e9c\\u00e9demment.&quot;,&quot;link&quot;:&quot;non disponible&quot;,&quot;image&quot;:&quot;non disponible&quot;},&quot;category&quot;:&quot;\\u00c9v\\u00e9nements recommand\\u00e9s&quot;}\">\n\n            <!-- Image + badge cat\u00e9gorie -->\n            <div class=\"em-card-img-wrap\">\n                              <div class=\"em-card-placeholder\">\ud83d\udcf7 Pas d'image<\/div>\n                            <span class=\"em-card-badge badge-event\">\u00c9v\u00e9nements recommand\u00e9s<\/span>\n            <\/div>\n\n            <!-- Contenu de la card -->\n            <div class=\"em-card-body\">\n              <h3 class=\"em-card-title\">Concerts en for\u00eat<\/h3>\n\n              <!-- Tags r\u00e9sum\u00e9s (max 4) -->\n              <div class=\"em-card-tags\">\n                                              <\/div>\n\n              <!-- Champs suppl\u00e9mentaires (max 3) -->\n              <div class=\"em-card-fields\">\n                                  <div class=\"em-card-field\">\n                    <span class=\"em-card-field-label\">Date \/ P\u00e9riode :<\/span>\n                    <span class=\"em-card-field-value\">juillet-septembre<\/span>\n                  <\/div>\n                                  <div class=\"em-card-field\">\n                    <span class=\"em-card-field-label\">Lieu (ville) :<\/span>\n                    <span class=\"em-card-field-value\">For\u00eat des Landes<\/span>\n                  <\/div>\n                                  <div class=\"em-card-field\">\n                    <span class=\"em-card-field-label\">Distance depuis le camping (km) :<\/span>\n                    <span class=\"em-card-field-value\">environ 10 km<\/span>\n                  <\/div>\n                              <\/div>\n\n              <!-- Lien vers le d\u00e9tail -->\n              <div class=\"em-card-footer\">\n                <span>Voir le d\u00e9tail<\/span>\n                <svg fill=\"none\" viewBox=\"0 0 24 24\" stroke=\"currentColor\" stroke-width=\"2\"><path stroke-linecap=\"round\" stroke-linejoin=\"round\" d=\"M13.5 4.5L21 12m0 0l-7.5 7.5M21 12H3\"><\/path><\/svg>\n              <\/div>\n            <\/div>\n          <\/article>\n                  <article class=\"em-card\"\n            data-type=\"event\"\n            data-features=\"\"\n            data-name=\"atelier d&#039;initiation au potager permacole\"\n            data-json=\"{&quot;name&quot;:&quot;Atelier d&#039;initiation au potager permacole&quot;,&quot;image&quot;:&quot;non disponible&quot;,&quot;link&quot;:&quot;non disponible&quot;,&quot;data&quot;:{&quot;name&quot;:&quot;Atelier d&#039;initiation au potager permacole&quot;,&quot;date_period&quot;:&quot;juin-ao\\u00fbt&quot;,&quot;location&quot;:&quot;Saint-Paul-en-Born&quot;,&quot;distance_km&quot;:&quot;environ 2 km&quot;,&quot;description&quot;:&quot;D\\u00e9couverte des techniques de permaculture.&quot;,&quot;type&quot;:&quot;\\u00c9cologique&quot;,&quot;comment&quot;:&quot;Activit\\u00e9 non mentionn\\u00e9e pr\\u00e9c\\u00e9demment.&quot;,&quot;link&quot;:&quot;non disponible&quot;,&quot;image&quot;:&quot;non disponible&quot;},&quot;category&quot;:&quot;\\u00c9v\\u00e9nements recommand\\u00e9s&quot;}\">\n\n            <!-- Image + badge cat\u00e9gorie -->\n            <div class=\"em-card-img-wrap\">\n                              <div class=\"em-card-placeholder\">\ud83d\udcf7 Pas d'image<\/div>\n                            <span class=\"em-card-badge badge-event\">\u00c9v\u00e9nements recommand\u00e9s<\/span>\n            <\/div>\n\n            <!-- Contenu de la card -->\n            <div class=\"em-card-body\">\n              <h3 class=\"em-card-title\">Atelier d&#039;initiation au potager permacole<\/h3>\n\n              <!-- Tags r\u00e9sum\u00e9s (max 4) -->\n              <div class=\"em-card-tags\">\n                                              <\/div>\n\n              <!-- Champs suppl\u00e9mentaires (max 3) -->\n              <div class=\"em-card-fields\">\n                                  <div class=\"em-card-field\">\n                    <span class=\"em-card-field-label\">Date \/ P\u00e9riode :<\/span>\n                    <span class=\"em-card-field-value\">juin-ao\u00fbt<\/span>\n                  <\/div>\n                                  <div class=\"em-card-field\">\n                    <span class=\"em-card-field-label\">Lieu (ville) :<\/span>\n                    <span class=\"em-card-field-value\">Saint-Paul-en-Born<\/span>\n                  <\/div>\n                                  <div class=\"em-card-field\">\n                    <span class=\"em-card-field-label\">Distance depuis le camping (km) :<\/span>\n                    <span class=\"em-card-field-value\">environ 2 km<\/span>\n                  <\/div>\n                              <\/div>\n\n              <!-- Lien vers le d\u00e9tail -->\n              <div class=\"em-card-footer\">\n                <span>Voir le d\u00e9tail<\/span>\n                <svg fill=\"none\" viewBox=\"0 0 24 24\" stroke=\"currentColor\" stroke-width=\"2\"><path stroke-linecap=\"round\" stroke-linejoin=\"round\" d=\"M13.5 4.5L21 12m0 0l-7.5 7.5M21 12H3\"><\/path><\/svg>\n              <\/div>\n            <\/div>\n          <\/article>\n                  <article class=\"em-card\"\n            data-type=\"event\"\n            data-features=\"\"\n            data-name=\"sortie p\u00e9destre dans les marais\"\n            data-json=\"{&quot;name&quot;:&quot;Sortie p\\u00e9destre dans les marais&quot;,&quot;image&quot;:&quot;non disponible&quot;,&quot;link&quot;:&quot;non disponible&quot;,&quot;data&quot;:{&quot;name&quot;:&quot;Sortie p\\u00e9destre dans les marais&quot;,&quot;date_period&quot;:&quot;Toute l&#039;ann\\u00e9e&quot;,&quot;location&quot;:&quot;Marais de Mimizan&quot;,&quot;distance_km&quot;:&quot;environ 8 km&quot;,&quot;description&quot;:&quot;Randonn\\u00e9e dans un cadre naturel pr\\u00e9serv\\u00e9.&quot;,&quot;type&quot;:&quot;Nature&quot;,&quot;comment&quot;:&quot;Activit\\u00e9 non mentionn\\u00e9e pr\\u00e9c\\u00e9demment.&quot;,&quot;link&quot;:&quot;non disponible&quot;,&quot;image&quot;:&quot;non disponible&quot;},&quot;category&quot;:&quot;\\u00c9v\\u00e9nements recommand\\u00e9s&quot;}\">\n\n            <!-- Image + badge cat\u00e9gorie -->\n            <div class=\"em-card-img-wrap\">\n                              <div class=\"em-card-placeholder\">\ud83d\udcf7 Pas d'image<\/div>\n                            <span class=\"em-card-badge badge-event\">\u00c9v\u00e9nements recommand\u00e9s<\/span>\n            <\/div>\n\n            <!-- Contenu de la card -->\n            <div class=\"em-card-body\">\n              <h3 class=\"em-card-title\">Sortie p\u00e9destre dans les marais<\/h3>\n\n              <!-- Tags r\u00e9sum\u00e9s (max 4) -->\n              <div class=\"em-card-tags\">\n                                              <\/div>\n\n              <!-- Champs suppl\u00e9mentaires (max 3) -->\n              <div class=\"em-card-fields\">\n                                  <div class=\"em-card-field\">\n                    <span class=\"em-card-field-label\">Date \/ P\u00e9riode :<\/span>\n                    <span class=\"em-card-field-value\">Toute l&#039;ann\u00e9e<\/span>\n                  <\/div>\n                                  <div class=\"em-card-field\">\n                    <span class=\"em-card-field-label\">Lieu (ville) :<\/span>\n                    <span class=\"em-card-field-value\">Marais de Mimizan<\/span>\n                  <\/div>\n                                  <div class=\"em-card-field\">\n                    <span class=\"em-card-field-label\">Distance depuis le camping (km) :<\/span>\n                    <span class=\"em-card-field-value\">environ 8 km<\/span>\n                  <\/div>\n                              <\/div>\n\n              <!-- Lien vers le d\u00e9tail -->\n              <div class=\"em-card-footer\">\n                <span>Voir le d\u00e9tail<\/span>\n                <svg fill=\"none\" viewBox=\"0 0 24 24\" stroke=\"currentColor\" stroke-width=\"2\"><path stroke-linecap=\"round\" stroke-linejoin=\"round\" d=\"M13.5 4.5L21 12m0 0l-7.5 7.5M21 12H3\"><\/path><\/svg>\n              <\/div>\n            <\/div>\n          <\/article>\n                  <article class=\"em-card\"\n            data-type=\"event\"\n            data-features=\"\"\n            data-name=\"atelier de d\u00e9couverte de l&#039;environnement pour enfants\"\n            data-json=\"{&quot;name&quot;:&quot;Atelier de d\\u00e9couverte de l&#039;environnement pour enfants&quot;,&quot;image&quot;:&quot;non disponible&quot;,&quot;link&quot;:&quot;non disponible&quot;,&quot;data&quot;:{&quot;name&quot;:&quot;Atelier de d\\u00e9couverte de l&#039;environnement pour enfants&quot;,&quot;date_period&quot;:&quot;juillet et ao\\u00fbt&quot;,&quot;location&quot;:&quot;Camping La Clairi\\u00e8re&quot;,&quot;distance_km&quot;:&quot;0 km&quot;,&quot;description&quot;:&quot;Atelier pour les enfants sur la biodiversit\\u00e9.&quot;,&quot;type&quot;:&quot;\\u00c9ducatif&quot;,&quot;comment&quot;:&quot;Activit\\u00e9 non mentionn\\u00e9e pr\\u00e9c\\u00e9demment.&quot;,&quot;link&quot;:&quot;non disponible&quot;,&quot;image&quot;:&quot;non disponible&quot;},&quot;category&quot;:&quot;\\u00c9v\\u00e9nements recommand\\u00e9s&quot;}\">\n\n            <!-- Image + badge cat\u00e9gorie -->\n            <div class=\"em-card-img-wrap\">\n                              <div class=\"em-card-placeholder\">\ud83d\udcf7 Pas d'image<\/div>\n                            <span class=\"em-card-badge badge-event\">\u00c9v\u00e9nements recommand\u00e9s<\/span>\n            <\/div>\n\n            <!-- Contenu de la card -->\n            <div class=\"em-card-body\">\n              <h3 class=\"em-card-title\">Atelier de d\u00e9couverte de l&#039;environnement pour enfants<\/h3>\n\n              <!-- Tags r\u00e9sum\u00e9s (max 4) -->\n              <div class=\"em-card-tags\">\n                                              <\/div>\n\n              <!-- Champs suppl\u00e9mentaires (max 3) -->\n              <div class=\"em-card-fields\">\n                                  <div class=\"em-card-field\">\n                    <span class=\"em-card-field-label\">Date \/ P\u00e9riode :<\/span>\n                    <span class=\"em-card-field-value\">juillet et ao\u00fbt<\/span>\n                  <\/div>\n                                  <div class=\"em-card-field\">\n                    <span class=\"em-card-field-label\">Lieu (ville) :<\/span>\n                    <span class=\"em-card-field-value\">Camping La Clairi\u00e8re<\/span>\n                  <\/div>\n                                  <div class=\"em-card-field\">\n                    <span class=\"em-card-field-label\">Distance depuis le camping (km) :<\/span>\n                    <span class=\"em-card-field-value\">0 km<\/span>\n                  <\/div>\n                              <\/div>\n\n              <!-- Lien vers le d\u00e9tail -->\n              <div class=\"em-card-footer\">\n                <span>Voir le d\u00e9tail<\/span>\n                <svg fill=\"none\" viewBox=\"0 0 24 24\" stroke=\"currentColor\" stroke-width=\"2\"><path stroke-linecap=\"round\" stroke-linejoin=\"round\" d=\"M13.5 4.5L21 12m0 0l-7.5 7.5M21 12H3\"><\/path><\/svg>\n              <\/div>\n            <\/div>\n          <\/article>\n                  <article class=\"em-card\"\n            data-type=\"event\"\n            data-features=\"\"\n            data-name=\"spectacle de feu d&#039;artifice des f\u00eates traditionnelles\"\n            data-json=\"{&quot;name&quot;:&quot;Spectacle de feu d&#039;artifice des f\\u00eates traditionnelles&quot;,&quot;image&quot;:&quot;non disponible&quot;,&quot;link&quot;:&quot;non disponible&quot;,&quot;data&quot;:{&quot;name&quot;:&quot;Spectacle de feu d&#039;artifice des f\\u00eates traditionnelles&quot;,&quot;date_period&quot;:&quot;juillet&quot;,&quot;location&quot;:&quot;Saint-Paul-en-Born&quot;,&quot;distance_km&quot;:&quot;0 km&quot;,&quot;description&quot;:&quot;Spectacle pyrotechnique lors des f\\u00eates du village.&quot;,&quot;type&quot;:&quot;Culturel&quot;,&quot;comment&quot;:&quot;Activit\\u00e9 non mentionn\\u00e9e pr\\u00e9c\\u00e9demment.&quot;,&quot;link&quot;:&quot;non disponible&quot;,&quot;image&quot;:&quot;non disponible&quot;},&quot;category&quot;:&quot;\\u00c9v\\u00e9nements recommand\\u00e9s&quot;}\">\n\n            <!-- Image + badge cat\u00e9gorie -->\n            <div class=\"em-card-img-wrap\">\n                              <div class=\"em-card-placeholder\">\ud83d\udcf7 Pas d'image<\/div>\n                            <span class=\"em-card-badge badge-event\">\u00c9v\u00e9nements recommand\u00e9s<\/span>\n            <\/div>\n\n            <!-- Contenu de la card -->\n            <div class=\"em-card-body\">\n              <h3 class=\"em-card-title\">Spectacle de feu d&#039;artifice des f\u00eates traditionnelles<\/h3>\n\n              <!-- Tags r\u00e9sum\u00e9s (max 4) -->\n              <div class=\"em-card-tags\">\n                                              <\/div>\n\n              <!-- Champs suppl\u00e9mentaires (max 3) -->\n              <div class=\"em-card-fields\">\n                                  <div class=\"em-card-field\">\n                    <span class=\"em-card-field-label\">Date \/ P\u00e9riode :<\/span>\n                    <span class=\"em-card-field-value\">juillet<\/span>\n                  <\/div>\n                                  <div class=\"em-card-field\">\n                    <span class=\"em-card-field-label\">Lieu (ville) :<\/span>\n                    <span class=\"em-card-field-value\">Saint-Paul-en-Born<\/span>\n                  <\/div>\n                                  <div class=\"em-card-field\">\n                    <span class=\"em-card-field-label\">Distance depuis le camping (km) :<\/span>\n                    <span class=\"em-card-field-value\">0 km<\/span>\n                  <\/div>\n                              <\/div>\n\n              <!-- Lien vers le d\u00e9tail -->\n              <div class=\"em-card-footer\">\n                <span>Voir le d\u00e9tail<\/span>\n                <svg fill=\"none\" viewBox=\"0 0 24 24\" stroke=\"currentColor\" stroke-width=\"2\"><path stroke-linecap=\"round\" stroke-linejoin=\"round\" d=\"M13.5 4.5L21 12m0 0l-7.5 7.5M21 12H3\"><\/path><\/svg>\n              <\/div>\n            <\/div>\n          <\/article>\n                  <article class=\"em-card\"\n            data-type=\"event\"\n            data-features=\"\"\n            data-name=\"visite guid\u00e9e au parc naturel r\u00e9gional des landes de gascogne\"\n            data-json=\"{&quot;name&quot;:&quot;Visite guid\\u00e9e au Parc naturel r\\u00e9gional des Landes de Gascogne&quot;,&quot;image&quot;:&quot;non disponible&quot;,&quot;link&quot;:&quot;non disponible&quot;,&quot;data&quot;:{&quot;name&quot;:&quot;Visite guid\\u00e9e au Parc naturel r\\u00e9gional des Landes de Gascogne&quot;,&quot;date_period&quot;:&quot;toute l&#039;ann\\u00e9e&quot;,&quot;location&quot;:&quot;Parc Naturel R\\u00e9gional des Landes de Gascogne&quot;,&quot;distance_km&quot;:&quot;environ 60 km&quot;,&quot;description&quot;:&quot;D\\u00e9couverte des paysages naturels du Parc.&quot;,&quot;type&quot;:&quot;Nature&quot;,&quot;comment&quot;:&quot;Activit\\u00e9 non mentionn\\u00e9e pr\\u00e9c\\u00e9demment.&quot;,&quot;link&quot;:&quot;non disponible&quot;,&quot;image&quot;:&quot;non disponible&quot;},&quot;category&quot;:&quot;\\u00c9v\\u00e9nements recommand\\u00e9s&quot;}\">\n\n            <!-- Image + badge cat\u00e9gorie -->\n            <div class=\"em-card-img-wrap\">\n                              <div class=\"em-card-placeholder\">\ud83d\udcf7 Pas d'image<\/div>\n                            <span class=\"em-card-badge badge-event\">\u00c9v\u00e9nements recommand\u00e9s<\/span>\n            <\/div>\n\n            <!-- Contenu de la card -->\n            <div class=\"em-card-body\">\n              <h3 class=\"em-card-title\">Visite guid\u00e9e au Parc naturel r\u00e9gional des Landes de Gascogne<\/h3>\n\n              <!-- Tags r\u00e9sum\u00e9s (max 4) -->\n              <div class=\"em-card-tags\">\n                                              <\/div>\n\n              <!-- Champs suppl\u00e9mentaires (max 3) -->\n              <div class=\"em-card-fields\">\n                                  <div class=\"em-card-field\">\n                    <span class=\"em-card-field-label\">Date \/ P\u00e9riode :<\/span>\n                    <span class=\"em-card-field-value\">toute l&#039;ann\u00e9e<\/span>\n                  <\/div>\n                                  <div class=\"em-card-field\">\n                    <span class=\"em-card-field-label\">Lieu (ville) :<\/span>\n                    <span class=\"em-card-field-value\">Parc Naturel R\u00e9gional des Landes de Gascogne<\/span>\n                  <\/div>\n                                  <div class=\"em-card-field\">\n                    <span class=\"em-card-field-label\">Distance depuis le camping (km) :<\/span>\n                    <span class=\"em-card-field-value\">environ 60 km<\/span>\n                  <\/div>\n                              <\/div>\n\n              <!-- Lien vers le d\u00e9tail -->\n              <div class=\"em-card-footer\">\n                <span>Voir le d\u00e9tail<\/span>\n                <svg fill=\"none\" viewBox=\"0 0 24 24\" stroke=\"currentColor\" stroke-width=\"2\"><path stroke-linecap=\"round\" stroke-linejoin=\"round\" d=\"M13.5 4.5L21 12m0 0l-7.5 7.5M21 12H3\"><\/path><\/svg>\n              <\/div>\n            <\/div>\n          <\/article>\n                  <article class=\"em-card\"\n            data-type=\"event\"\n            data-features=\"\"\n            data-name=\"initiation \u00e0 la chasse au tr\u00e9sor g\u00e9ocaching\"\n            data-json=\"{&quot;name&quot;:&quot;Initiation \\u00e0 la chasse au tr\\u00e9sor g\\u00e9ocaching&quot;,&quot;image&quot;:&quot;non disponible&quot;,&quot;link&quot;:&quot;non disponible&quot;,&quot;data&quot;:{&quot;name&quot;:&quot;Initiation \\u00e0 la chasse au tr\\u00e9sor g\\u00e9ocaching&quot;,&quot;date_period&quot;:&quot;juillet et ao\\u00fbt&quot;,&quot;location&quot;:&quot;For\\u00eat des Landes&quot;,&quot;distance_km&quot;:&quot;environ 10 km&quot;,&quot;description&quot;:&quot;Activit\\u00e9 interactive pour familles.&quot;,&quot;type&quot;:&quot;Divertissement&quot;,&quot;comment&quot;:&quot;Activit\\u00e9 non mentionn\\u00e9e pr\\u00e9c\\u00e9demment.&quot;,&quot;link&quot;:&quot;non disponible&quot;,&quot;image&quot;:&quot;non disponible&quot;},&quot;category&quot;:&quot;\\u00c9v\\u00e9nements recommand\\u00e9s&quot;}\">\n\n            <!-- Image + badge cat\u00e9gorie -->\n            <div class=\"em-card-img-wrap\">\n                              <div class=\"em-card-placeholder\">\ud83d\udcf7 Pas d'image<\/div>\n                            <span class=\"em-card-badge badge-event\">\u00c9v\u00e9nements recommand\u00e9s<\/span>\n            <\/div>\n\n            <!-- Contenu de la card -->\n            <div class=\"em-card-body\">\n              <h3 class=\"em-card-title\">Initiation \u00e0 la chasse au tr\u00e9sor g\u00e9ocaching<\/h3>\n\n              <!-- Tags r\u00e9sum\u00e9s (max 4) -->\n              <div class=\"em-card-tags\">\n                                              <\/div>\n\n              <!-- Champs suppl\u00e9mentaires (max 3) -->\n              <div class=\"em-card-fields\">\n                                  <div class=\"em-card-field\">\n                    <span class=\"em-card-field-label\">Date \/ P\u00e9riode :<\/span>\n                    <span class=\"em-card-field-value\">juillet et ao\u00fbt<\/span>\n                  <\/div>\n                                  <div class=\"em-card-field\">\n                    <span class=\"em-card-field-label\">Lieu (ville) :<\/span>\n                    <span class=\"em-card-field-value\">For\u00eat des Landes<\/span>\n                  <\/div>\n                                  <div class=\"em-card-field\">\n                    <span class=\"em-card-field-label\">Distance depuis le camping (km) :<\/span>\n                    <span class=\"em-card-field-value\">environ 10 km<\/span>\n                  <\/div>\n                              <\/div>\n\n              <!-- Lien vers le d\u00e9tail -->\n              <div class=\"em-card-footer\">\n                <span>Voir le d\u00e9tail<\/span>\n                <svg fill=\"none\" viewBox=\"0 0 24 24\" stroke=\"currentColor\" stroke-width=\"2\"><path stroke-linecap=\"round\" stroke-linejoin=\"round\" d=\"M13.5 4.5L21 12m0 0l-7.5 7.5M21 12H3\"><\/path><\/svg>\n              <\/div>\n            <\/div>\n          <\/article>\n                  <article class=\"em-card\"\n            data-type=\"event\"\n            data-features=\"\"\n            data-name=\"atelier de couture pour enfants\"\n            data-json=\"{&quot;name&quot;:&quot;Atelier de couture pour enfants&quot;,&quot;image&quot;:&quot;non disponible&quot;,&quot;link&quot;:&quot;non disponible&quot;,&quot;data&quot;:{&quot;name&quot;:&quot;Atelier de couture pour enfants&quot;,&quot;date_period&quot;:&quot;juillet&quot;,&quot;location&quot;:&quot;Saint-Paul-en-Born&quot;,&quot;distance_km&quot;:&quot;environ 2 km&quot;,&quot;description&quot;:&quot;Atelier cr\\u00e9atif pour les petits.&quot;,&quot;type&quot;:&quot;Divertissement&quot;,&quot;comment&quot;:&quot;Activit\\u00e9 non mentionn\\u00e9e pr\\u00e9c\\u00e9demment.&quot;,&quot;link&quot;:&quot;non disponible&quot;,&quot;image&quot;:&quot;non disponible&quot;},&quot;category&quot;:&quot;\\u00c9v\\u00e9nements recommand\\u00e9s&quot;}\">\n\n            <!-- Image + badge cat\u00e9gorie -->\n            <div class=\"em-card-img-wrap\">\n                              <div class=\"em-card-placeholder\">\ud83d\udcf7 Pas d'image<\/div>\n                            <span class=\"em-card-badge badge-event\">\u00c9v\u00e9nements recommand\u00e9s<\/span>\n            <\/div>\n\n            <!-- Contenu de la card -->\n            <div class=\"em-card-body\">\n              <h3 class=\"em-card-title\">Atelier de couture pour enfants<\/h3>\n\n              <!-- Tags r\u00e9sum\u00e9s (max 4) -->\n              <div class=\"em-card-tags\">\n                                              <\/div>\n\n              <!-- Champs suppl\u00e9mentaires (max 3) -->\n              <div class=\"em-card-fields\">\n                                  <div class=\"em-card-field\">\n                    <span class=\"em-card-field-label\">Date \/ P\u00e9riode :<\/span>\n                    <span class=\"em-card-field-value\">juillet<\/span>\n                  <\/div>\n                                  <div class=\"em-card-field\">\n                    <span class=\"em-card-field-label\">Lieu (ville) :<\/span>\n                    <span class=\"em-card-field-value\">Saint-Paul-en-Born<\/span>\n                  <\/div>\n                                  <div class=\"em-card-field\">\n                    <span class=\"em-card-field-label\">Distance depuis le camping (km) :<\/span>\n                    <span class=\"em-card-field-value\">environ 2 km<\/span>\n                  <\/div>\n                              <\/div>\n\n              <!-- Lien vers le d\u00e9tail -->\n              <div class=\"em-card-footer\">\n                <span>Voir le d\u00e9tail<\/span>\n                <svg fill=\"none\" viewBox=\"0 0 24 24\" stroke=\"currentColor\" stroke-width=\"2\"><path stroke-linecap=\"round\" stroke-linejoin=\"round\" d=\"M13.5 4.5L21 12m0 0l-7.5 7.5M21 12H3\"><\/path><\/svg>\n              <\/div>\n            <\/div>\n          <\/article>\n                  <article class=\"em-card\"\n            data-type=\"event\"\n            data-features=\"\"\n            data-name=\"sortie en kayak sur la rivi\u00e8re\"\n            data-json=\"{&quot;name&quot;:&quot;Sortie en kayak sur la rivi\\u00e8re&quot;,&quot;image&quot;:&quot;non disponible&quot;,&quot;link&quot;:&quot;non disponible&quot;,&quot;data&quot;:{&quot;name&quot;:&quot;Sortie en kayak sur la rivi\\u00e8re&quot;,&quot;date_period&quot;:&quot;juillet et ao\\u00fbt&quot;,&quot;location&quot;:&quot;Rivi\\u00e8re de Saint-Paul-en-Born&quot;,&quot;distance_km&quot;:&quot;environ 5 km&quot;,&quot;description&quot;:&quot;Pleine immersion dans la nature.&quot;,&quot;type&quot;:&quot;Sportif&quot;,&quot;comment&quot;:&quot;Activit\\u00e9 non mentionn\\u00e9e pr\\u00e9c\\u00e9demment.&quot;,&quot;link&quot;:&quot;non disponible&quot;,&quot;image&quot;:&quot;non disponible&quot;},&quot;category&quot;:&quot;\\u00c9v\\u00e9nements recommand\\u00e9s&quot;}\">\n\n            <!-- Image + badge cat\u00e9gorie -->\n            <div class=\"em-card-img-wrap\">\n                              <div class=\"em-card-placeholder\">\ud83d\udcf7 Pas d'image<\/div>\n                            <span class=\"em-card-badge badge-event\">\u00c9v\u00e9nements recommand\u00e9s<\/span>\n            <\/div>\n\n            <!-- Contenu de la card -->\n            <div class=\"em-card-body\">\n              <h3 class=\"em-card-title\">Sortie en kayak sur la rivi\u00e8re<\/h3>\n\n              <!-- Tags r\u00e9sum\u00e9s (max 4) -->\n              <div class=\"em-card-tags\">\n                                              <\/div>\n\n              <!-- Champs suppl\u00e9mentaires (max 3) -->\n              <div class=\"em-card-fields\">\n                                  <div class=\"em-card-field\">\n                    <span class=\"em-card-field-label\">Date \/ P\u00e9riode :<\/span>\n                    <span class=\"em-card-field-value\">juillet et ao\u00fbt<\/span>\n                  <\/div>\n                                  <div class=\"em-card-field\">\n                    <span class=\"em-card-field-label\">Lieu (ville) :<\/span>\n                    <span class=\"em-card-field-value\">Rivi\u00e8re de Saint-Paul-en-Born<\/span>\n                  <\/div>\n                                  <div class=\"em-card-field\">\n                    <span class=\"em-card-field-label\">Distance depuis le camping (km) :<\/span>\n                    <span class=\"em-card-field-value\">environ 5 km<\/span>\n                  <\/div>\n                              <\/div>\n\n              <!-- Lien vers le d\u00e9tail -->\n              <div class=\"em-card-footer\">\n                <span>Voir le d\u00e9tail<\/span>\n                <svg fill=\"none\" viewBox=\"0 0 24 24\" stroke=\"currentColor\" stroke-width=\"2\"><path stroke-linecap=\"round\" stroke-linejoin=\"round\" d=\"M13.5 4.5L21 12m0 0l-7.5 7.5M21 12H3\"><\/path><\/svg>\n              <\/div>\n            <\/div>\n          <\/article>\n                  <article class=\"em-card\"\n            data-type=\"event\"\n            data-features=\"\"\n            data-name=\"f\u00eate traditionnelle landaise\"\n            data-json=\"{&quot;name&quot;:&quot;F\\u00eate traditionnelle landaise&quot;,&quot;image&quot;:&quot;non disponible&quot;,&quot;link&quot;:&quot;non disponible&quot;,&quot;data&quot;:{&quot;name&quot;:&quot;F\\u00eate traditionnelle landaise&quot;,&quot;date_period&quot;:&quot;juillet&quot;,&quot;location&quot;:&quot;Saint-Paul-en-Born&quot;,&quot;distance_km&quot;:&quot;0 km&quot;,&quot;description&quot;:&quot;F\\u00eate culturelle avec repas landais.&quot;,&quot;type&quot;:&quot;Culturel&quot;,&quot;comment&quot;:&quot;Activit\\u00e9 non mentionn\\u00e9e pr\\u00e9c\\u00e9demment.&quot;,&quot;link&quot;:&quot;non disponible&quot;,&quot;image&quot;:&quot;non disponible&quot;},&quot;category&quot;:&quot;\\u00c9v\\u00e9nements recommand\\u00e9s&quot;}\">\n\n            <!-- Image + badge cat\u00e9gorie -->\n            <div class=\"em-card-img-wrap\">\n                              <div class=\"em-card-placeholder\">\ud83d\udcf7 Pas d'image<\/div>\n                            <span class=\"em-card-badge badge-event\">\u00c9v\u00e9nements recommand\u00e9s<\/span>\n            <\/div>\n\n            <!-- Contenu de la card -->\n            <div class=\"em-card-body\">\n              <h3 class=\"em-card-title\">F\u00eate traditionnelle landaise<\/h3>\n\n              <!-- Tags r\u00e9sum\u00e9s (max 4) -->\n              <div class=\"em-card-tags\">\n                                              <\/div>\n\n              <!-- Champs suppl\u00e9mentaires (max 3) -->\n              <div class=\"em-card-fields\">\n                                  <div class=\"em-card-field\">\n                    <span class=\"em-card-field-label\">Date \/ P\u00e9riode :<\/span>\n                    <span class=\"em-card-field-value\">juillet<\/span>\n                  <\/div>\n                                  <div class=\"em-card-field\">\n                    <span class=\"em-card-field-label\">Lieu (ville) :<\/span>\n                    <span class=\"em-card-field-value\">Saint-Paul-en-Born<\/span>\n                  <\/div>\n                                  <div class=\"em-card-field\">\n                    <span class=\"em-card-field-label\">Distance depuis le camping (km) :<\/span>\n                    <span class=\"em-card-field-value\">0 km<\/span>\n                  <\/div>\n                              <\/div>\n\n              <!-- Lien vers le d\u00e9tail -->\n              <div class=\"em-card-footer\">\n                <span>Voir le d\u00e9tail<\/span>\n                <svg fill=\"none\" viewBox=\"0 0 24 24\" stroke=\"currentColor\" stroke-width=\"2\"><path stroke-linecap=\"round\" stroke-linejoin=\"round\" d=\"M13.5 4.5L21 12m0 0l-7.5 7.5M21 12H3\"><\/path><\/svg>\n              <\/div>\n            <\/div>\n          <\/article>\n                  <article class=\"em-card\"\n            data-type=\"event\"\n            data-features=\"\"\n            data-name=\"journ\u00e9e d&#039;initiation \u00e0 l&#039;\u00e9quitation\"\n            data-json=\"{&quot;name&quot;:&quot;Journ\\u00e9e d&#039;initiation \\u00e0 l&#039;\\u00e9quitation&quot;,&quot;image&quot;:&quot;non disponible&quot;,&quot;link&quot;:&quot;non disponible&quot;,&quot;data&quot;:{&quot;name&quot;:&quot;Journ\\u00e9e d&#039;initiation \\u00e0 l&#039;\\u00e9quitation&quot;,&quot;date_period&quot;:&quot;juillet et ao\\u00fbt&quot;,&quot;location&quot;:&quot;Ecuries Olivier Bauer&quot;,&quot;distance_km&quot;:&quot;environ 6 km&quot;,&quot;description&quot;:&quot;D\\u00e9couverte de l&#039;\\u00e9quitation pour d\\u00e9butants.&quot;,&quot;type&quot;:&quot;Sportif&quot;,&quot;comment&quot;:&quot;Activit\\u00e9 non mentionn\\u00e9e pr\\u00e9c\\u00e9demment.&quot;,&quot;link&quot;:&quot;non disponible&quot;,&quot;image&quot;:&quot;non disponible&quot;},&quot;category&quot;:&quot;\\u00c9v\\u00e9nements recommand\\u00e9s&quot;}\">\n\n            <!-- Image + badge cat\u00e9gorie -->\n            <div class=\"em-card-img-wrap\">\n                              <div class=\"em-card-placeholder\">\ud83d\udcf7 Pas d'image<\/div>\n                            <span class=\"em-card-badge badge-event\">\u00c9v\u00e9nements recommand\u00e9s<\/span>\n            <\/div>\n\n            <!-- Contenu de la card -->\n            <div class=\"em-card-body\">\n              <h3 class=\"em-card-title\">Journ\u00e9e d&#039;initiation \u00e0 l&#039;\u00e9quitation<\/h3>\n\n              <!-- Tags r\u00e9sum\u00e9s (max 4) -->\n              <div class=\"em-card-tags\">\n                                              <\/div>\n\n              <!-- Champs suppl\u00e9mentaires (max 3) -->\n              <div class=\"em-card-fields\">\n                                  <div class=\"em-card-field\">\n                    <span class=\"em-card-field-label\">Date \/ P\u00e9riode :<\/span>\n                    <span class=\"em-card-field-value\">juillet et ao\u00fbt<\/span>\n                  <\/div>\n                                  <div class=\"em-card-field\">\n                    <span class=\"em-card-field-label\">Lieu (ville) :<\/span>\n                    <span class=\"em-card-field-value\">Ecuries Olivier Bauer<\/span>\n                  <\/div>\n                                  <div class=\"em-card-field\">\n                    <span class=\"em-card-field-label\">Distance depuis le camping (km) :<\/span>\n                    <span class=\"em-card-field-value\">environ 6 km<\/span>\n                  <\/div>\n                              <\/div>\n\n              <!-- Lien vers le d\u00e9tail -->\n              <div class=\"em-card-footer\">\n                <span>Voir le d\u00e9tail<\/span>\n                <svg fill=\"none\" viewBox=\"0 0 24 24\" stroke=\"currentColor\" stroke-width=\"2\"><path stroke-linecap=\"round\" stroke-linejoin=\"round\" d=\"M13.5 4.5L21 12m0 0l-7.5 7.5M21 12H3\"><\/path><\/svg>\n              <\/div>\n            <\/div>\n          <\/article>\n                  <article class=\"em-card\"\n            data-type=\"event\"\n            data-features=\"\"\n            data-name=\"concert de musique acoustique en for\u00eat\"\n            data-json=\"{&quot;name&quot;:&quot;Concert de musique acoustique en for\\u00eat&quot;,&quot;image&quot;:&quot;non disponible&quot;,&quot;link&quot;:&quot;non disponible&quot;,&quot;data&quot;:{&quot;name&quot;:&quot;Concert de musique acoustique en for\\u00eat&quot;,&quot;date_period&quot;:&quot;juillet et ao\\u00fbt&quot;,&quot;location&quot;:&quot;For\\u00eat des Landes&quot;,&quot;distance_km&quot;:&quot;environ 10 km&quot;,&quot;description&quot;:&quot;Concert en plein air dans un cadre naturel.&quot;,&quot;type&quot;:&quot;Culturel&quot;,&quot;comment&quot;:&quot;Activit\\u00e9 non mentionn\\u00e9e pr\\u00e9c\\u00e9demment.&quot;,&quot;link&quot;:&quot;non disponible&quot;,&quot;image&quot;:&quot;non disponible&quot;},&quot;category&quot;:&quot;\\u00c9v\\u00e9nements recommand\\u00e9s&quot;}\">\n\n            <!-- Image + badge cat\u00e9gorie -->\n            <div class=\"em-card-img-wrap\">\n                              <div class=\"em-card-placeholder\">\ud83d\udcf7 Pas d'image<\/div>\n                            <span class=\"em-card-badge badge-event\">\u00c9v\u00e9nements recommand\u00e9s<\/span>\n            <\/div>\n\n            <!-- Contenu de la card -->\n            <div class=\"em-card-body\">\n              <h3 class=\"em-card-title\">Concert de musique acoustique en for\u00eat<\/h3>\n\n              <!-- Tags r\u00e9sum\u00e9s (max 4) -->\n              <div class=\"em-card-tags\">\n                                              <\/div>\n\n              <!-- Champs suppl\u00e9mentaires (max 3) -->\n              <div class=\"em-card-fields\">\n                                  <div class=\"em-card-field\">\n                    <span class=\"em-card-field-label\">Date \/ P\u00e9riode :<\/span>\n                    <span class=\"em-card-field-value\">juillet et ao\u00fbt<\/span>\n                  <\/div>\n                                  <div class=\"em-card-field\">\n                    <span class=\"em-card-field-label\">Lieu (ville) :<\/span>\n                    <span class=\"em-card-field-value\">For\u00eat des Landes<\/span>\n                  <\/div>\n                                  <div class=\"em-card-field\">\n                    <span class=\"em-card-field-label\">Distance depuis le camping (km) :<\/span>\n                    <span class=\"em-card-field-value\">environ 10 km<\/span>\n                  <\/div>\n                              <\/div>\n\n              <!-- Lien vers le d\u00e9tail -->\n              <div class=\"em-card-footer\">\n                <span>Voir le d\u00e9tail<\/span>\n                <svg fill=\"none\" viewBox=\"0 0 24 24\" stroke=\"currentColor\" stroke-width=\"2\"><path stroke-linecap=\"round\" stroke-linejoin=\"round\" d=\"M13.5 4.5L21 12m0 0l-7.5 7.5M21 12H3\"><\/path><\/svg>\n              <\/div>\n            <\/div>\n          <\/article>\n                  <article class=\"em-card\"\n            data-type=\"event\"\n            data-features=\"\"\n            data-name=\"sortie naturaliste en v\u00e9lo\"\n            data-json=\"{&quot;name&quot;:&quot;Sortie naturaliste en v\\u00e9lo&quot;,&quot;image&quot;:&quot;non disponible&quot;,&quot;link&quot;:&quot;non disponible&quot;,&quot;data&quot;:{&quot;name&quot;:&quot;Sortie naturaliste en v\\u00e9lo&quot;,&quot;date_period&quot;:&quot;Toute l&#039;ann\\u00e9e&quot;,&quot;location&quot;:&quot;V\\u00e9lodys\\u00e9e&quot;,&quot;distance_km&quot;:&quot;environ 5 km&quot;,&quot;description&quot;:&quot;Randonn\\u00e9e \\u00e0 v\\u00e9lo le long de la piste cyclable.&quot;,&quot;type&quot;:&quot;Nature&quot;,&quot;comment&quot;:&quot;Activit\\u00e9 non mentionn\\u00e9e pr\\u00e9c\\u00e9demment.&quot;,&quot;link&quot;:&quot;non disponible&quot;,&quot;image&quot;:&quot;non disponible&quot;},&quot;category&quot;:&quot;\\u00c9v\\u00e9nements recommand\\u00e9s&quot;}\">\n\n            <!-- Image + badge cat\u00e9gorie -->\n            <div class=\"em-card-img-wrap\">\n                              <div class=\"em-card-placeholder\">\ud83d\udcf7 Pas d'image<\/div>\n                            <span class=\"em-card-badge badge-event\">\u00c9v\u00e9nements recommand\u00e9s<\/span>\n            <\/div>\n\n            <!-- Contenu de la card -->\n            <div class=\"em-card-body\">\n              <h3 class=\"em-card-title\">Sortie naturaliste en v\u00e9lo<\/h3>\n\n              <!-- Tags r\u00e9sum\u00e9s (max 4) -->\n              <div class=\"em-card-tags\">\n                                              <\/div>\n\n              <!-- Champs suppl\u00e9mentaires (max 3) -->\n              <div class=\"em-card-fields\">\n                                  <div class=\"em-card-field\">\n                    <span class=\"em-card-field-label\">Date \/ P\u00e9riode :<\/span>\n                    <span class=\"em-card-field-value\">Toute l&#039;ann\u00e9e<\/span>\n                  <\/div>\n                                  <div class=\"em-card-field\">\n                    <span class=\"em-card-field-label\">Lieu (ville) :<\/span>\n                    <span class=\"em-card-field-value\">V\u00e9lodys\u00e9e<\/span>\n                  <\/div>\n                                  <div class=\"em-card-field\">\n                    <span class=\"em-card-field-label\">Distance depuis le camping (km) :<\/span>\n                    <span class=\"em-card-field-value\">environ 5 km<\/span>\n                  <\/div>\n                              <\/div>\n\n              <!-- Lien vers le d\u00e9tail -->\n              <div class=\"em-card-footer\">\n                <span>Voir le d\u00e9tail<\/span>\n                <svg fill=\"none\" viewBox=\"0 0 24 24\" stroke=\"currentColor\" stroke-width=\"2\"><path stroke-linecap=\"round\" stroke-linejoin=\"round\" d=\"M13.5 4.5L21 12m0 0l-7.5 7.5M21 12H3\"><\/path><\/svg>\n              <\/div>\n            <\/div>\n          <\/article>\n                  <article class=\"em-card\"\n            data-type=\"event\"\n            data-features=\"\"\n            data-name=\"f\u00eate traditionnelle de la saint-jean \u00e0 saint-paul-en-born\"\n            data-json=\"{&quot;name&quot;:&quot;F\\u00eate traditionnelle de la Saint-Jean \\u00e0 Saint-Paul-en-Born&quot;,&quot;image&quot;:&quot;&quot;,&quot;link&quot;:&quot;https:\\\/\\\/www.mimizan-tourisme.com&quot;,&quot;data&quot;:{&quot;name&quot;:&quot;F\\u00eate traditionnelle de la Saint-Jean \\u00e0 Saint-Paul-en-Born&quot;,&quot;date_period&quot;:&quot;Fin juin 2025&quot;,&quot;location&quot;:&quot;Saint-Paul-en-Born&quot;,&quot;distance_km&quot;:&quot;0 km&quot;,&quot;description&quot;:&quot;C\\u00e9l\\u00e9bration traditionnelle locale avec bandas et repas landais, mettant en avant les coutumes et restitutions culturelles du village.&quot;,&quot;type&quot;:&quot;F\\u00eate traditionnelle&quot;,&quot;comment&quot;:&quot;\\u00c9v\\u00e9nement annuel populaire pour les habitants et les visiteurs, anim\\u00e9 par des musiciens traditionnels et des repas conviviaux.&quot;,&quot;link&quot;:&quot;https:\\\/\\\/www.mimizan-tourisme.com&quot;,&quot;image&quot;:&quot;&quot;},&quot;category&quot;:&quot;\\u00c9v\\u00e9nements recommand\\u00e9s&quot;}\">\n\n            <!-- Image + badge cat\u00e9gorie -->\n            <div class=\"em-card-img-wrap\">\n                              <div class=\"em-card-placeholder\">\ud83d\udcf7 Pas d'image<\/div>\n                            <span class=\"em-card-badge badge-event\">\u00c9v\u00e9nements recommand\u00e9s<\/span>\n            <\/div>\n\n            <!-- Contenu de la card -->\n            <div class=\"em-card-body\">\n              <h3 class=\"em-card-title\">F\u00eate traditionnelle de la Saint-Jean \u00e0 Saint-Paul-en-Born<\/h3>\n\n              <!-- Tags r\u00e9sum\u00e9s (max 4) -->\n              <div class=\"em-card-tags\">\n                                              <\/div>\n\n              <!-- Champs suppl\u00e9mentaires (max 3) -->\n              <div class=\"em-card-fields\">\n                                  <div class=\"em-card-field\">\n                    <span class=\"em-card-field-label\">Date \/ P\u00e9riode :<\/span>\n                    <span class=\"em-card-field-value\">Fin juin 2025<\/span>\n                  <\/div>\n                                  <div class=\"em-card-field\">\n                    <span class=\"em-card-field-label\">Lieu (ville) :<\/span>\n                    <span class=\"em-card-field-value\">Saint-Paul-en-Born<\/span>\n                  <\/div>\n                                  <div class=\"em-card-field\">\n                    <span class=\"em-card-field-label\">Distance depuis le camping (km) :<\/span>\n                    <span class=\"em-card-field-value\">0 km<\/span>\n                  <\/div>\n                              <\/div>\n\n              <!-- Lien vers le d\u00e9tail -->\n              <div class=\"em-card-footer\">\n                <span>Voir le d\u00e9tail<\/span>\n                <svg fill=\"none\" viewBox=\"0 0 24 24\" stroke=\"currentColor\" stroke-width=\"2\"><path stroke-linecap=\"round\" stroke-linejoin=\"round\" d=\"M13.5 4.5L21 12m0 0l-7.5 7.5M21 12H3\"><\/path><\/svg>\n              <\/div>\n            <\/div>\n          <\/article>\n                  <article class=\"em-card\"\n            data-type=\"event\"\n            data-features=\"\"\n            data-name=\"march\u00e9 artisanal et gastronomique nocturne sp\u00e9cial \u00e9t\u00e9\"\n            data-json=\"{&quot;name&quot;:&quot;March\\u00e9 artisanal et gastronomique nocturne sp\\u00e9cial \\u00e9t\\u00e9&quot;,&quot;image&quot;:&quot;&quot;,&quot;link&quot;:&quot;https:\\\/\\\/www.mimizan-tourisme.com&quot;,&quot;data&quot;:{&quot;name&quot;:&quot;March\\u00e9 artisanal et gastronomique nocturne sp\\u00e9cial \\u00e9t\\u00e9&quot;,&quot;date_period&quot;:&quot;Juillet et ao\\u00fbt 2025, soir\\u00e9es en semaine&quot;,&quot;location&quot;:&quot;Saint-Paul-en-Born&quot;,&quot;distance_km&quot;:&quot;0 km&quot;,&quot;description&quot;:&quot;March\\u00e9 nocturne mettant en valeur les produits artisanaux et gastronomiques locaux, id\\u00e9al pour d\\u00e9couvrir les saveurs landaises.&quot;,&quot;type&quot;:&quot;March\\u00e9&quot;,&quot;comment&quot;:&quot;Animation estivale appr\\u00e9ci\\u00e9e des vacanciers du Camping La Clairi\\u00e8re, \\u00e0 proximit\\u00e9 directe.&quot;,&quot;link&quot;:&quot;https:\\\/\\\/www.mimizan-tourisme.com&quot;,&quot;image&quot;:&quot;&quot;},&quot;category&quot;:&quot;\\u00c9v\\u00e9nements recommand\\u00e9s&quot;}\">\n\n            <!-- Image + badge cat\u00e9gorie -->\n            <div class=\"em-card-img-wrap\">\n                              <div class=\"em-card-placeholder\">\ud83d\udcf7 Pas d'image<\/div>\n                            <span class=\"em-card-badge badge-event\">\u00c9v\u00e9nements recommand\u00e9s<\/span>\n            <\/div>\n\n            <!-- Contenu de la card -->\n            <div class=\"em-card-body\">\n              <h3 class=\"em-card-title\">March\u00e9 artisanal et gastronomique nocturne sp\u00e9cial \u00e9t\u00e9<\/h3>\n\n              <!-- Tags r\u00e9sum\u00e9s (max 4) -->\n              <div class=\"em-card-tags\">\n                                              <\/div>\n\n              <!-- Champs suppl\u00e9mentaires (max 3) -->\n              <div class=\"em-card-fields\">\n                                  <div class=\"em-card-field\">\n                    <span class=\"em-card-field-label\">Date \/ P\u00e9riode :<\/span>\n                    <span class=\"em-card-field-value\">Juillet et ao\u00fbt 2025, soir\u00e9es en semaine<\/span>\n                  <\/div>\n                                  <div class=\"em-card-field\">\n                    <span class=\"em-card-field-label\">Lieu (ville) :<\/span>\n                    <span class=\"em-card-field-value\">Saint-Paul-en-Born<\/span>\n                  <\/div>\n                                  <div class=\"em-card-field\">\n                    <span class=\"em-card-field-label\">Distance depuis le camping (km) :<\/span>\n                    <span class=\"em-card-field-value\">0 km<\/span>\n                  <\/div>\n                              <\/div>\n\n              <!-- Lien vers le d\u00e9tail -->\n              <div class=\"em-card-footer\">\n                <span>Voir le d\u00e9tail<\/span>\n                <svg fill=\"none\" viewBox=\"0 0 24 24\" stroke=\"currentColor\" stroke-width=\"2\"><path stroke-linecap=\"round\" stroke-linejoin=\"round\" d=\"M13.5 4.5L21 12m0 0l-7.5 7.5M21 12H3\"><\/path><\/svg>\n              <\/div>\n            <\/div>\n          <\/article>\n                  <article class=\"em-card\"\n            data-type=\"event\"\n            data-features=\"\"\n            data-name=\"festival de th\u00e9\u00e2tre amateur en plein air\"\n            data-json=\"{&quot;name&quot;:&quot;Festival de th\\u00e9\\u00e2tre amateur en plein air&quot;,&quot;image&quot;:&quot;&quot;,&quot;link&quot;:&quot;https:\\\/\\\/www.guide-des-landes.com&quot;,&quot;data&quot;:{&quot;name&quot;:&quot;Festival de th\\u00e9\\u00e2tre amateur en plein air&quot;,&quot;date_period&quot;:&quot;Ao\\u00fbt 2025&quot;,&quot;location&quot;:&quot;Saint-Paul-en-Born&quot;,&quot;distance_km&quot;:&quot;1 km&quot;,&quot;description&quot;:&quot;Rencontre artistique avec des compagnies de th\\u00e9\\u00e2tre amateur se produisant en plein air dans un cadre naturel.&quot;,&quot;type&quot;:&quot;Festival culturel&quot;,&quot;comment&quot;:&quot;Propose des spectacles vari\\u00e9s pour toute la famille \\u00e0 proximit\\u00e9 du camping.&quot;,&quot;link&quot;:&quot;https:\\\/\\\/www.guide-des-landes.com&quot;,&quot;image&quot;:&quot;&quot;},&quot;category&quot;:&quot;\\u00c9v\\u00e9nements recommand\\u00e9s&quot;}\">\n\n            <!-- Image + badge cat\u00e9gorie -->\n            <div class=\"em-card-img-wrap\">\n                              <div class=\"em-card-placeholder\">\ud83d\udcf7 Pas d'image<\/div>\n                            <span class=\"em-card-badge badge-event\">\u00c9v\u00e9nements recommand\u00e9s<\/span>\n            <\/div>\n\n            <!-- Contenu de la card -->\n            <div class=\"em-card-body\">\n              <h3 class=\"em-card-title\">Festival de th\u00e9\u00e2tre amateur en plein air<\/h3>\n\n              <!-- Tags r\u00e9sum\u00e9s (max 4) -->\n              <div class=\"em-card-tags\">\n                                              <\/div>\n\n              <!-- Champs suppl\u00e9mentaires (max 3) -->\n              <div class=\"em-card-fields\">\n                                  <div class=\"em-card-field\">\n                    <span class=\"em-card-field-label\">Date \/ P\u00e9riode :<\/span>\n                    <span class=\"em-card-field-value\">Ao\u00fbt 2025<\/span>\n                  <\/div>\n                                  <div class=\"em-card-field\">\n                    <span class=\"em-card-field-label\">Lieu (ville) :<\/span>\n                    <span class=\"em-card-field-value\">Saint-Paul-en-Born<\/span>\n                  <\/div>\n                                  <div class=\"em-card-field\">\n                    <span class=\"em-card-field-label\">Distance depuis le camping (km) :<\/span>\n                    <span class=\"em-card-field-value\">1 km<\/span>\n                  <\/div>\n                              <\/div>\n\n              <!-- Lien vers le d\u00e9tail -->\n              <div class=\"em-card-footer\">\n                <span>Voir le d\u00e9tail<\/span>\n                <svg fill=\"none\" viewBox=\"0 0 24 24\" stroke=\"currentColor\" stroke-width=\"2\"><path stroke-linecap=\"round\" stroke-linejoin=\"round\" d=\"M13.5 4.5L21 12m0 0l-7.5 7.5M21 12H3\"><\/path><\/svg>\n              <\/div>\n            <\/div>\n          <\/article>\n                  <article class=\"em-card\"\n            data-type=\"event\"\n            data-features=\"\"\n            data-name=\"concerts de jazz en plein air\"\n            data-json=\"{&quot;name&quot;:&quot;Concerts de jazz en plein air&quot;,&quot;image&quot;:&quot;&quot;,&quot;link&quot;:&quot;https:\\\/\\\/www.guide-des-landes.com&quot;,&quot;data&quot;:{&quot;name&quot;:&quot;Concerts de jazz en plein air&quot;,&quot;date_period&quot;:&quot;Juillet 2025&quot;,&quot;location&quot;:&quot;Saint-Paul-en-Born&quot;,&quot;distance_km&quot;:&quot;1 km&quot;,&quot;description&quot;:&quot;S\\u00e9rie de concerts de jazz dans un cadre naturel, offrant une ambiance musicale d\\u00e9tendue pour les visiteurs.&quot;,&quot;type&quot;:&quot;Concert&quot;,&quot;comment&quot;:&quot;Id\\u00e9al pour les amateurs de musique cherchant une ambiance conviviale \\u00e0 proximit\\u00e9 du camping.&quot;,&quot;link&quot;:&quot;https:\\\/\\\/www.guide-des-landes.com&quot;,&quot;image&quot;:&quot;&quot;},&quot;category&quot;:&quot;\\u00c9v\\u00e9nements recommand\\u00e9s&quot;}\">\n\n            <!-- Image + badge cat\u00e9gorie -->\n            <div class=\"em-card-img-wrap\">\n                              <div class=\"em-card-placeholder\">\ud83d\udcf7 Pas d'image<\/div>\n                            <span class=\"em-card-badge badge-event\">\u00c9v\u00e9nements recommand\u00e9s<\/span>\n            <\/div>\n\n            <!-- Contenu de la card -->\n            <div class=\"em-card-body\">\n              <h3 class=\"em-card-title\">Concerts de jazz en plein air<\/h3>\n\n              <!-- Tags r\u00e9sum\u00e9s (max 4) -->\n              <div class=\"em-card-tags\">\n                                              <\/div>\n\n              <!-- Champs suppl\u00e9mentaires (max 3) -->\n              <div class=\"em-card-fields\">\n                                  <div class=\"em-card-field\">\n                    <span class=\"em-card-field-label\">Date \/ P\u00e9riode :<\/span>\n                    <span class=\"em-card-field-value\">Juillet 2025<\/span>\n                  <\/div>\n                                  <div class=\"em-card-field\">\n                    <span class=\"em-card-field-label\">Lieu (ville) :<\/span>\n                    <span class=\"em-card-field-value\">Saint-Paul-en-Born<\/span>\n                  <\/div>\n                                  <div class=\"em-card-field\">\n                    <span class=\"em-card-field-label\">Distance depuis le camping (km) :<\/span>\n                    <span class=\"em-card-field-value\">1 km<\/span>\n                  <\/div>\n                              <\/div>\n\n              <!-- Lien vers le d\u00e9tail -->\n              <div class=\"em-card-footer\">\n                <span>Voir le d\u00e9tail<\/span>\n                <svg fill=\"none\" viewBox=\"0 0 24 24\" stroke=\"currentColor\" stroke-width=\"2\"><path stroke-linecap=\"round\" stroke-linejoin=\"round\" d=\"M13.5 4.5L21 12m0 0l-7.5 7.5M21 12H3\"><\/path><\/svg>\n              <\/div>\n            <\/div>\n          <\/article>\n                  <article class=\"em-card\"\n            data-type=\"event\"\n            data-features=\"\"\n            data-name=\"atelier d\u00e9couverte de la boussole c\u00e9leste - automne en sc\u00e8ne\"\n            data-json=\"{&quot;name&quot;:&quot;Atelier d\\u00e9couverte de la boussole c\\u00e9leste - Automne en Sc\\u00e8ne&quot;,&quot;image&quot;:&quot;&quot;,&quot;link&quot;:&quot;https:\\\/\\\/www.guide-des-landes.com\\\/fr\\\/tourisme\\\/se-loger\\\/campings\\\/campings-mobil-homes\\\/saint-paul-en-born-275\\\/camping-la-clairiere-691.html&quot;,&quot;data&quot;:{&quot;name&quot;:&quot;Atelier d\\u00e9couverte de la boussole c\\u00e9leste - Automne en Sc\\u00e8ne&quot;,&quot;date_period&quot;:&quot;Automne 2025&quot;,&quot;location&quot;:&quot;Saint-Paul-en-Born&quot;,&quot;distance_km&quot;:&quot;1 km&quot;,&quot;description&quot;:&quot;Atelier \\u00e9ducatif et ludique d&#039;observation astronomique pour tous les \\u00e2ges, avec initiation \\u00e0 la boussole c\\u00e9leste.&quot;,&quot;type&quot;:&quot;Atelier nature&quot;,&quot;comment&quot;:&quot;Activit\\u00e9 culturelle originale organis\\u00e9es localement, proche du camping.&quot;,&quot;link&quot;:&quot;https:\\\/\\\/www.guide-des-landes.com\\\/fr\\\/tourisme\\\/se-loger\\\/campings\\\/campings-mobil-homes\\\/saint-paul-en-born-275\\\/camping-la-clairiere-691.html&quot;,&quot;image&quot;:&quot;&quot;},&quot;category&quot;:&quot;\\u00c9v\\u00e9nements recommand\\u00e9s&quot;}\">\n\n            <!-- Image + badge cat\u00e9gorie -->\n            <div class=\"em-card-img-wrap\">\n                              <div class=\"em-card-placeholder\">\ud83d\udcf7 Pas d'image<\/div>\n                            <span class=\"em-card-badge badge-event\">\u00c9v\u00e9nements recommand\u00e9s<\/span>\n            <\/div>\n\n            <!-- Contenu de la card -->\n            <div class=\"em-card-body\">\n              <h3 class=\"em-card-title\">Atelier d\u00e9couverte de la boussole c\u00e9leste - Automne en Sc\u00e8ne<\/h3>\n\n              <!-- Tags r\u00e9sum\u00e9s (max 4) -->\n              <div class=\"em-card-tags\">\n                                              <\/div>\n\n              <!-- Champs suppl\u00e9mentaires (max 3) -->\n              <div class=\"em-card-fields\">\n                                  <div class=\"em-card-field\">\n                    <span class=\"em-card-field-label\">Date \/ P\u00e9riode :<\/span>\n                    <span class=\"em-card-field-value\">Automne 2025<\/span>\n                  <\/div>\n                                  <div class=\"em-card-field\">\n                    <span class=\"em-card-field-label\">Lieu (ville) :<\/span>\n                    <span class=\"em-card-field-value\">Saint-Paul-en-Born<\/span>\n                  <\/div>\n                                  <div class=\"em-card-field\">\n                    <span class=\"em-card-field-label\">Distance depuis le camping (km) :<\/span>\n                    <span class=\"em-card-field-value\">1 km<\/span>\n                  <\/div>\n                              <\/div>\n\n              <!-- Lien vers le d\u00e9tail -->\n              <div class=\"em-card-footer\">\n                <span>Voir le d\u00e9tail<\/span>\n                <svg fill=\"none\" viewBox=\"0 0 24 24\" stroke=\"currentColor\" stroke-width=\"2\"><path stroke-linecap=\"round\" stroke-linejoin=\"round\" d=\"M13.5 4.5L21 12m0 0l-7.5 7.5M21 12H3\"><\/path><\/svg>\n              <\/div>\n            <\/div>\n          <\/article>\n                  <article class=\"em-card\"\n            data-type=\"event\"\n            data-features=\"\"\n            data-name=\"sorties vtt sur la piste cyclable de la v\u00e9lodyss\u00e9e\"\n            data-json=\"{&quot;name&quot;:&quot;Sorties VTT sur la piste cyclable de la V\\u00e9lodyss\\u00e9e&quot;,&quot;image&quot;:&quot;&quot;,&quot;link&quot;:&quot;https:\\\/\\\/www.camping-laclairiere.fr\\\/fr\\\/&quot;,&quot;data&quot;:{&quot;name&quot;:&quot;Sorties VTT sur la piste cyclable de la V\\u00e9lodyss\\u00e9e&quot;,&quot;date_period&quot;:&quot;Toute l&#039;ann\\u00e9e 2025&quot;,&quot;location&quot;:&quot;Saint-Paul-en-Born et environs&quot;,&quot;distance_km&quot;:&quot;Sur place&quot;,&quot;description&quot;:&quot;Excursions guid\\u00e9es ou libres \\u00e0 VTT sur la fameuse V\\u00e9lodyss\\u00e9e, parcours cyclable longeant la c\\u00f4te atlantique.&quot;,&quot;type&quot;:&quot;Activit\\u00e9 sportive&quot;,&quot;comment&quot;:&quot;Id\\u00e9al pour les amateurs de v\\u00e9lo, accessible directement depuis le camping.&quot;,&quot;link&quot;:&quot;https:\\\/\\\/www.camping-laclairiere.fr\\\/fr\\\/&quot;,&quot;image&quot;:&quot;&quot;},&quot;category&quot;:&quot;\\u00c9v\\u00e9nements recommand\\u00e9s&quot;}\">\n\n            <!-- Image + badge cat\u00e9gorie -->\n            <div class=\"em-card-img-wrap\">\n                              <div class=\"em-card-placeholder\">\ud83d\udcf7 Pas d'image<\/div>\n                            <span class=\"em-card-badge badge-event\">\u00c9v\u00e9nements recommand\u00e9s<\/span>\n            <\/div>\n\n            <!-- Contenu de la card -->\n            <div class=\"em-card-body\">\n              <h3 class=\"em-card-title\">Sorties VTT sur la piste cyclable de la V\u00e9lodyss\u00e9e<\/h3>\n\n              <!-- Tags r\u00e9sum\u00e9s (max 4) -->\n              <div class=\"em-card-tags\">\n                                              <\/div>\n\n              <!-- Champs suppl\u00e9mentaires (max 3) -->\n              <div class=\"em-card-fields\">\n                                  <div class=\"em-card-field\">\n                    <span class=\"em-card-field-label\">Date \/ P\u00e9riode :<\/span>\n                    <span class=\"em-card-field-value\">Toute l&#039;ann\u00e9e 2025<\/span>\n                  <\/div>\n                                  <div class=\"em-card-field\">\n                    <span class=\"em-card-field-label\">Lieu (ville) :<\/span>\n                    <span class=\"em-card-field-value\">Saint-Paul-en-Born et environs<\/span>\n                  <\/div>\n                                  <div class=\"em-card-field\">\n                    <span class=\"em-card-field-label\">Distance depuis le camping (km) :<\/span>\n                    <span class=\"em-card-field-value\">Sur place<\/span>\n                  <\/div>\n                              <\/div>\n\n              <!-- Lien vers le d\u00e9tail -->\n              <div class=\"em-card-footer\">\n                <span>Voir le d\u00e9tail<\/span>\n                <svg fill=\"none\" viewBox=\"0 0 24 24\" stroke=\"currentColor\" stroke-width=\"2\"><path stroke-linecap=\"round\" stroke-linejoin=\"round\" d=\"M13.5 4.5L21 12m0 0l-7.5 7.5M21 12H3\"><\/path><\/svg>\n              <\/div>\n            <\/div>\n          <\/article>\n                  <article class=\"em-card\"\n            data-type=\"event\"\n            data-features=\"\"\n            data-name=\"randonn\u00e9e \u00e9questre dans la for\u00eat landaise\"\n            data-json=\"{&quot;name&quot;:&quot;Randonn\\u00e9e \\u00e9questre dans la for\\u00eat landaise&quot;,&quot;image&quot;:&quot;&quot;,&quot;link&quot;:&quot;https:\\\/\\\/www.mimizan-tourisme.com&quot;,&quot;data&quot;:{&quot;name&quot;:&quot;Randonn\\u00e9e \\u00e9questre dans la for\\u00eat landaise&quot;,&quot;date_period&quot;:&quot;Saison estivale 2025&quot;,&quot;location&quot;:&quot;For\\u00eat des Landes pr\\u00e8s de Saint-Paul-en-Born&quot;,&quot;distance_km&quot;:&quot;5 km&quot;,&quot;description&quot;:&quot;Balades \\u00e0 cheval encadr\\u00e9es pour d\\u00e9couvrir la faune et la flore des Landes.&quot;,&quot;type&quot;:&quot;Activit\\u00e9 nature&quot;,&quot;comment&quot;:&quot;Proximit\\u00e9 des \\u00e9curies locales, parfait pour les cavaliers.&quot;,&quot;link&quot;:&quot;https:\\\/\\\/www.mimizan-tourisme.com&quot;,&quot;image&quot;:&quot;&quot;},&quot;category&quot;:&quot;\\u00c9v\\u00e9nements recommand\\u00e9s&quot;}\">\n\n            <!-- Image + badge cat\u00e9gorie -->\n            <div class=\"em-card-img-wrap\">\n                              <div class=\"em-card-placeholder\">\ud83d\udcf7 Pas d'image<\/div>\n                            <span class=\"em-card-badge badge-event\">\u00c9v\u00e9nements recommand\u00e9s<\/span>\n            <\/div>\n\n            <!-- Contenu de la card -->\n            <div class=\"em-card-body\">\n              <h3 class=\"em-card-title\">Randonn\u00e9e \u00e9questre dans la for\u00eat landaise<\/h3>\n\n              <!-- Tags r\u00e9sum\u00e9s (max 4) -->\n              <div class=\"em-card-tags\">\n                                              <\/div>\n\n              <!-- Champs suppl\u00e9mentaires (max 3) -->\n              <div class=\"em-card-fields\">\n                                  <div class=\"em-card-field\">\n                    <span class=\"em-card-field-label\">Date \/ P\u00e9riode :<\/span>\n                    <span class=\"em-card-field-value\">Saison estivale 2025<\/span>\n                  <\/div>\n                                  <div class=\"em-card-field\">\n                    <span class=\"em-card-field-label\">Lieu (ville) :<\/span>\n                    <span class=\"em-card-field-value\">For\u00eat des Landes pr\u00e8s de Saint-Paul-en-Born<\/span>\n                  <\/div>\n                                  <div class=\"em-card-field\">\n                    <span class=\"em-card-field-label\">Distance depuis le camping (km) :<\/span>\n                    <span class=\"em-card-field-value\">5 km<\/span>\n                  <\/div>\n                              <\/div>\n\n              <!-- Lien vers le d\u00e9tail -->\n              <div class=\"em-card-footer\">\n                <span>Voir le d\u00e9tail<\/span>\n                <svg fill=\"none\" viewBox=\"0 0 24 24\" stroke=\"currentColor\" stroke-width=\"2\"><path stroke-linecap=\"round\" stroke-linejoin=\"round\" d=\"M13.5 4.5L21 12m0 0l-7.5 7.5M21 12H3\"><\/path><\/svg>\n              <\/div>\n            <\/div>\n          <\/article>\n                  <article class=\"em-card\"\n            data-type=\"event\"\n            data-features=\"\"\n            data-name=\"atelier de peinture nature pour enfants\"\n            data-json=\"{&quot;name&quot;:&quot;Atelier de peinture nature pour enfants&quot;,&quot;image&quot;:&quot;&quot;,&quot;link&quot;:&quot;https:\\\/\\\/www.guide-des-landes.com&quot;,&quot;data&quot;:{&quot;name&quot;:&quot;Atelier de peinture nature pour enfants&quot;,&quot;date_period&quot;:&quot;Juillet-ao\\u00fbt 2025&quot;,&quot;location&quot;:&quot;Saint-Paul-en-Born&quot;,&quot;distance_km&quot;:&quot;1 km&quot;,&quot;description&quot;:&quot;Atelier cr\\u00e9atif pour les enfants, r\\u00e9alisation d\\u2019\\u0153uvres inspir\\u00e9es par la nature landaise.&quot;,&quot;type&quot;:&quot;Atelier artistique&quot;,&quot;comment&quot;:&quot;Activit\\u00e9 \\u00e9ducative et ludique, adapt\\u00e9e aux familles en vacances au camping.&quot;,&quot;link&quot;:&quot;https:\\\/\\\/www.guide-des-landes.com&quot;,&quot;image&quot;:&quot;&quot;},&quot;category&quot;:&quot;\\u00c9v\\u00e9nements recommand\\u00e9s&quot;}\">\n\n            <!-- Image + badge cat\u00e9gorie -->\n            <div class=\"em-card-img-wrap\">\n                              <div class=\"em-card-placeholder\">\ud83d\udcf7 Pas d'image<\/div>\n                            <span class=\"em-card-badge badge-event\">\u00c9v\u00e9nements recommand\u00e9s<\/span>\n            <\/div>\n\n            <!-- Contenu de la card -->\n            <div class=\"em-card-body\">\n              <h3 class=\"em-card-title\">Atelier de peinture nature pour enfants<\/h3>\n\n              <!-- Tags r\u00e9sum\u00e9s (max 4) -->\n              <div class=\"em-card-tags\">\n                                              <\/div>\n\n              <!-- Champs suppl\u00e9mentaires (max 3) -->\n              <div class=\"em-card-fields\">\n                                  <div class=\"em-card-field\">\n                    <span class=\"em-card-field-label\">Date \/ P\u00e9riode :<\/span>\n                    <span class=\"em-card-field-value\">Juillet-ao\u00fbt 2025<\/span>\n                  <\/div>\n                                  <div class=\"em-card-field\">\n                    <span class=\"em-card-field-label\">Lieu (ville) :<\/span>\n                    <span class=\"em-card-field-value\">Saint-Paul-en-Born<\/span>\n                  <\/div>\n                                  <div class=\"em-card-field\">\n                    <span class=\"em-card-field-label\">Distance depuis le camping (km) :<\/span>\n                    <span class=\"em-card-field-value\">1 km<\/span>\n                  <\/div>\n                              <\/div>\n\n              <!-- Lien vers le d\u00e9tail -->\n              <div class=\"em-card-footer\">\n                <span>Voir le d\u00e9tail<\/span>\n                <svg fill=\"none\" viewBox=\"0 0 24 24\" stroke=\"currentColor\" stroke-width=\"2\"><path stroke-linecap=\"round\" stroke-linejoin=\"round\" d=\"M13.5 4.5L21 12m0 0l-7.5 7.5M21 12H3\"><\/path><\/svg>\n              <\/div>\n            <\/div>\n          <\/article>\n                  <article class=\"em-card\"\n            data-type=\"event\"\n            data-features=\"\"\n            data-name=\"excursion p\u00e9destre au bord de la rivi\u00e8re et d\u00e9couverte de la biodiversit\u00e9\"\n            data-json=\"{&quot;name&quot;:&quot;Excursion p\\u00e9destre au bord de la rivi\\u00e8re et d\\u00e9couverte de la biodiversit\\u00e9&quot;,&quot;image&quot;:&quot;&quot;,&quot;link&quot;:&quot;https:\\\/\\\/www.camping-laclairiere.fr\\\/fr\\\/&quot;,&quot;data&quot;:{&quot;name&quot;:&quot;Excursion p\\u00e9destre au bord de la rivi\\u00e8re et d\\u00e9couverte de la biodiversit\\u00e9&quot;,&quot;date_period&quot;:&quot;Mai \\u00e0 septembre 2025&quot;,&quot;location&quot;:&quot;Rivi\\u00e8re proche de Saint-Paul-en-Born&quot;,&quot;distance_km&quot;:&quot;2 km&quot;,&quot;description&quot;:&quot;Promenades guid\\u00e9es pour observer les esp\\u00e8ces animales et v\\u00e9g\\u00e9tales locales dans leur habitat naturel.&quot;,&quot;type&quot;:&quot;Nature et randonn\\u00e9e&quot;,&quot;comment&quot;:&quot;Pour les amoureux de la nature et randonneurs, accessible facilement depuis le camping.&quot;,&quot;link&quot;:&quot;https:\\\/\\\/www.camping-laclairiere.fr\\\/fr\\\/&quot;,&quot;image&quot;:&quot;&quot;},&quot;category&quot;:&quot;\\u00c9v\\u00e9nements recommand\\u00e9s&quot;}\">\n\n            <!-- Image + badge cat\u00e9gorie -->\n            <div class=\"em-card-img-wrap\">\n                              <div class=\"em-card-placeholder\">\ud83d\udcf7 Pas d'image<\/div>\n                            <span class=\"em-card-badge badge-event\">\u00c9v\u00e9nements recommand\u00e9s<\/span>\n            <\/div>\n\n            <!-- Contenu de la card -->\n            <div class=\"em-card-body\">\n              <h3 class=\"em-card-title\">Excursion p\u00e9destre au bord de la rivi\u00e8re et d\u00e9couverte de la biodiversit\u00e9<\/h3>\n\n              <!-- Tags r\u00e9sum\u00e9s (max 4) -->\n              <div class=\"em-card-tags\">\n                                              <\/div>\n\n              <!-- Champs suppl\u00e9mentaires (max 3) -->\n              <div class=\"em-card-fields\">\n                                  <div class=\"em-card-field\">\n                    <span class=\"em-card-field-label\">Date \/ P\u00e9riode :<\/span>\n                    <span class=\"em-card-field-value\">Mai \u00e0 septembre 2025<\/span>\n                  <\/div>\n                                  <div class=\"em-card-field\">\n                    <span class=\"em-card-field-label\">Lieu (ville) :<\/span>\n                    <span class=\"em-card-field-value\">Rivi\u00e8re proche de Saint-Paul-en-Born<\/span>\n                  <\/div>\n                                  <div class=\"em-card-field\">\n                    <span class=\"em-card-field-label\">Distance depuis le camping (km) :<\/span>\n                    <span class=\"em-card-field-value\">2 km<\/span>\n                  <\/div>\n                              <\/div>\n\n              <!-- Lien vers le d\u00e9tail -->\n              <div class=\"em-card-footer\">\n                <span>Voir le d\u00e9tail<\/span>\n                <svg fill=\"none\" viewBox=\"0 0 24 24\" stroke=\"currentColor\" stroke-width=\"2\"><path stroke-linecap=\"round\" stroke-linejoin=\"round\" d=\"M13.5 4.5L21 12m0 0l-7.5 7.5M21 12H3\"><\/path><\/svg>\n              <\/div>\n            <\/div>\n          <\/article>\n                  <article class=\"em-card\"\n            data-type=\"event\"\n            data-features=\"\"\n            data-name=\"atelier d\u2019initiation au yoga et relaxation en plein air\"\n            data-json=\"{&quot;name&quot;:&quot;Atelier d\\u2019initiation au yoga et relaxation en plein air&quot;,&quot;image&quot;:&quot;&quot;,&quot;link&quot;:&quot;https:\\\/\\\/www.guide-des-landes.com&quot;,&quot;data&quot;:{&quot;name&quot;:&quot;Atelier d\\u2019initiation au yoga et relaxation en plein air&quot;,&quot;date_period&quot;:&quot;Saison 2025&quot;,&quot;location&quot;:&quot;Saint-Paul-en-Born&quot;,&quot;distance_km&quot;:&quot;1 km&quot;,&quot;description&quot;:&quot;S\\u00e9ances relaxantes et bien-\\u00eatre en plein air, adapt\\u00e9es \\u00e0 tous les niveaux, dans un cadre naturel apaisant.&quot;,&quot;type&quot;:&quot;Bien-\\u00eatre&quot;,&quot;comment&quot;:&quot;Propose un moment de d\\u00e9tente pour les vacanciers du camping.&quot;,&quot;link&quot;:&quot;https:\\\/\\\/www.guide-des-landes.com&quot;,&quot;image&quot;:&quot;&quot;},&quot;category&quot;:&quot;\\u00c9v\\u00e9nements recommand\\u00e9s&quot;}\">\n\n            <!-- Image + badge cat\u00e9gorie -->\n            <div class=\"em-card-img-wrap\">\n                              <div class=\"em-card-placeholder\">\ud83d\udcf7 Pas d'image<\/div>\n                            <span class=\"em-card-badge badge-event\">\u00c9v\u00e9nements recommand\u00e9s<\/span>\n            <\/div>\n\n            <!-- Contenu de la card -->\n            <div class=\"em-card-body\">\n              <h3 class=\"em-card-title\">Atelier d\u2019initiation au yoga et relaxation en plein air<\/h3>\n\n              <!-- Tags r\u00e9sum\u00e9s (max 4) -->\n              <div class=\"em-card-tags\">\n                                              <\/div>\n\n              <!-- Champs suppl\u00e9mentaires (max 3) -->\n              <div class=\"em-card-fields\">\n                                  <div class=\"em-card-field\">\n                    <span class=\"em-card-field-label\">Date \/ P\u00e9riode :<\/span>\n                    <span class=\"em-card-field-value\">Saison 2025<\/span>\n                  <\/div>\n                                  <div class=\"em-card-field\">\n                    <span class=\"em-card-field-label\">Lieu (ville) :<\/span>\n                    <span class=\"em-card-field-value\">Saint-Paul-en-Born<\/span>\n                  <\/div>\n                                  <div class=\"em-card-field\">\n                    <span class=\"em-card-field-label\">Distance depuis le camping (km) :<\/span>\n                    <span class=\"em-card-field-value\">1 km<\/span>\n                  <\/div>\n                              <\/div>\n\n              <!-- Lien vers le d\u00e9tail -->\n              <div class=\"em-card-footer\">\n                <span>Voir le d\u00e9tail<\/span>\n                <svg fill=\"none\" viewBox=\"0 0 24 24\" stroke=\"currentColor\" stroke-width=\"2\"><path stroke-linecap=\"round\" stroke-linejoin=\"round\" d=\"M13.5 4.5L21 12m0 0l-7.5 7.5M21 12H3\"><\/path><\/svg>\n              <\/div>\n            <\/div>\n          <\/article>\n                  <article class=\"em-card\"\n            data-type=\"event\"\n            data-features=\"\"\n            data-name=\"festival de musique jazz en plein air\"\n            data-json=\"{&quot;name&quot;:&quot;Festival de musique jazz en plein air&quot;,&quot;image&quot;:&quot;&quot;,&quot;link&quot;:&quot;https:\\\/\\\/www.guide-des-landes.com&quot;,&quot;data&quot;:{&quot;name&quot;:&quot;Festival de musique jazz en plein air&quot;,&quot;date_period&quot;:&quot;Juillet 2025&quot;,&quot;location&quot;:&quot;Saint-Paul-en-Born&quot;,&quot;distance_km&quot;:&quot;1 km&quot;,&quot;description&quot;:&quot;Festival r\\u00e9unissant plusieurs groupes de jazz, concerts en ext\\u00e9rieur pour un public vari\\u00e9.&quot;,&quot;type&quot;:&quot;Festival musical&quot;,&quot;comment&quot;:&quot;Compl\\u00e9ment culturel aux animations du camping.&quot;,&quot;link&quot;:&quot;https:\\\/\\\/www.guide-des-landes.com&quot;,&quot;image&quot;:&quot;&quot;},&quot;category&quot;:&quot;\\u00c9v\\u00e9nements recommand\\u00e9s&quot;}\">\n\n            <!-- Image + badge cat\u00e9gorie -->\n            <div class=\"em-card-img-wrap\">\n                              <div class=\"em-card-placeholder\">\ud83d\udcf7 Pas d'image<\/div>\n                            <span class=\"em-card-badge badge-event\">\u00c9v\u00e9nements recommand\u00e9s<\/span>\n            <\/div>\n\n            <!-- Contenu de la card -->\n            <div class=\"em-card-body\">\n              <h3 class=\"em-card-title\">Festival de musique jazz en plein air<\/h3>\n\n              <!-- Tags r\u00e9sum\u00e9s (max 4) -->\n              <div class=\"em-card-tags\">\n                                              <\/div>\n\n              <!-- Champs suppl\u00e9mentaires (max 3) -->\n              <div class=\"em-card-fields\">\n                                  <div class=\"em-card-field\">\n                    <span class=\"em-card-field-label\">Date \/ P\u00e9riode :<\/span>\n                    <span class=\"em-card-field-value\">Juillet 2025<\/span>\n                  <\/div>\n                                  <div class=\"em-card-field\">\n                    <span class=\"em-card-field-label\">Lieu (ville) :<\/span>\n                    <span class=\"em-card-field-value\">Saint-Paul-en-Born<\/span>\n                  <\/div>\n                                  <div class=\"em-card-field\">\n                    <span class=\"em-card-field-label\">Distance depuis le camping (km) :<\/span>\n                    <span class=\"em-card-field-value\">1 km<\/span>\n                  <\/div>\n                              <\/div>\n\n              <!-- Lien vers le d\u00e9tail -->\n              <div class=\"em-card-footer\">\n                <span>Voir le d\u00e9tail<\/span>\n                <svg fill=\"none\" viewBox=\"0 0 24 24\" stroke=\"currentColor\" stroke-width=\"2\"><path stroke-linecap=\"round\" stroke-linejoin=\"round\" d=\"M13.5 4.5L21 12m0 0l-7.5 7.5M21 12H3\"><\/path><\/svg>\n              <\/div>\n            <\/div>\n          <\/article>\n                  <article class=\"em-card\"\n            data-type=\"event\"\n            data-features=\"\"\n            data-name=\"chasse au tr\u00e9sor en pleine nature\"\n            data-json=\"{&quot;name&quot;:&quot;Chasse au tr\\u00e9sor en pleine nature&quot;,&quot;image&quot;:&quot;&quot;,&quot;link&quot;:&quot;https:\\\/\\\/www.mimizan-tourisme.com&quot;,&quot;data&quot;:{&quot;name&quot;:&quot;Chasse au tr\\u00e9sor en pleine nature&quot;,&quot;date_period&quot;:&quot;Juillet et ao\\u00fbt 2025&quot;,&quot;location&quot;:&quot;For\\u00eat et environs de Saint-Paul-en-Born&quot;,&quot;distance_km&quot;:&quot;2 km&quot;,&quot;description&quot;:&quot;Jeu de piste familial organis\\u00e9 pour d\\u00e9couvrir la nature en s\\u2019amusant, adapt\\u00e9 aux enfants et adolescents.&quot;,&quot;type&quot;:&quot;Animation famille&quot;,&quot;comment&quot;:&quot;Activit\\u00e9 ludique propos\\u00e9e en p\\u00e9riode estivale proche du camping.&quot;,&quot;link&quot;:&quot;https:\\\/\\\/www.mimizan-tourisme.com&quot;,&quot;image&quot;:&quot;&quot;},&quot;category&quot;:&quot;\\u00c9v\\u00e9nements recommand\\u00e9s&quot;}\">\n\n            <!-- Image + badge cat\u00e9gorie -->\n            <div class=\"em-card-img-wrap\">\n                              <div class=\"em-card-placeholder\">\ud83d\udcf7 Pas d'image<\/div>\n                            <span class=\"em-card-badge badge-event\">\u00c9v\u00e9nements recommand\u00e9s<\/span>\n            <\/div>\n\n            <!-- Contenu de la card -->\n            <div class=\"em-card-body\">\n              <h3 class=\"em-card-title\">Chasse au tr\u00e9sor en pleine nature<\/h3>\n\n              <!-- Tags r\u00e9sum\u00e9s (max 4) -->\n              <div class=\"em-card-tags\">\n                                              <\/div>\n\n              <!-- Champs suppl\u00e9mentaires (max 3) -->\n              <div class=\"em-card-fields\">\n                                  <div class=\"em-card-field\">\n                    <span class=\"em-card-field-label\">Date \/ P\u00e9riode :<\/span>\n                    <span class=\"em-card-field-value\">Juillet et ao\u00fbt 2025<\/span>\n                  <\/div>\n                                  <div class=\"em-card-field\">\n                    <span class=\"em-card-field-label\">Lieu (ville) :<\/span>\n                    <span class=\"em-card-field-value\">For\u00eat et environs de Saint-Paul-en-Born<\/span>\n                  <\/div>\n                                  <div class=\"em-card-field\">\n                    <span class=\"em-card-field-label\">Distance depuis le camping (km) :<\/span>\n                    <span class=\"em-card-field-value\">2 km<\/span>\n                  <\/div>\n                              <\/div>\n\n              <!-- Lien vers le d\u00e9tail -->\n              <div class=\"em-card-footer\">\n                <span>Voir le d\u00e9tail<\/span>\n                <svg fill=\"none\" viewBox=\"0 0 24 24\" stroke=\"currentColor\" stroke-width=\"2\"><path stroke-linecap=\"round\" stroke-linejoin=\"round\" d=\"M13.5 4.5L21 12m0 0l-7.5 7.5M21 12H3\"><\/path><\/svg>\n              <\/div>\n            <\/div>\n          <\/article>\n                  <article class=\"em-card\"\n            data-type=\"event\"\n            data-features=\"\"\n            data-name=\"atelier fabrication de nichoirs \u00e0 oiseaux\"\n            data-json=\"{&quot;name&quot;:&quot;Atelier fabrication de nichoirs \\u00e0 oiseaux&quot;,&quot;image&quot;:&quot;&quot;,&quot;link&quot;:&quot;https:\\\/\\\/www.guide-des-landes.com&quot;,&quot;data&quot;:{&quot;name&quot;:&quot;Atelier fabrication de nichoirs \\u00e0 oiseaux&quot;,&quot;date_period&quot;:&quot;Printemps 2025&quot;,&quot;location&quot;:&quot;Saint-Paul-en-Born&quot;,&quot;distance_km&quot;:&quot;1 km&quot;,&quot;description&quot;:&quot;Atelier cr\\u00e9atif et \\u00e9cologique pour apprendre \\u00e0 fabriquer des abris pour oiseaux locaux.&quot;,&quot;type&quot;:&quot;Atelier nature&quot;,&quot;comment&quot;:&quot;Soutient la sensibilisation \\u00e0 la faune locale, adapt\\u00e9 aux familles.&quot;,&quot;link&quot;:&quot;https:\\\/\\\/www.guide-des-landes.com&quot;,&quot;image&quot;:&quot;&quot;},&quot;category&quot;:&quot;\\u00c9v\\u00e9nements recommand\\u00e9s&quot;}\">\n\n            <!-- Image + badge cat\u00e9gorie -->\n            <div class=\"em-card-img-wrap\">\n                              <div class=\"em-card-placeholder\">\ud83d\udcf7 Pas d'image<\/div>\n                            <span class=\"em-card-badge badge-event\">\u00c9v\u00e9nements recommand\u00e9s<\/span>\n            <\/div>\n\n            <!-- Contenu de la card -->\n            <div class=\"em-card-body\">\n              <h3 class=\"em-card-title\">Atelier fabrication de nichoirs \u00e0 oiseaux<\/h3>\n\n              <!-- Tags r\u00e9sum\u00e9s (max 4) -->\n              <div class=\"em-card-tags\">\n                                              <\/div>\n\n              <!-- Champs suppl\u00e9mentaires (max 3) -->\n              <div class=\"em-card-fields\">\n                                  <div class=\"em-card-field\">\n                    <span class=\"em-card-field-label\">Date \/ P\u00e9riode :<\/span>\n                    <span class=\"em-card-field-value\">Printemps 2025<\/span>\n                  <\/div>\n                                  <div class=\"em-card-field\">\n                    <span class=\"em-card-field-label\">Lieu (ville) :<\/span>\n                    <span class=\"em-card-field-value\">Saint-Paul-en-Born<\/span>\n                  <\/div>\n                                  <div class=\"em-card-field\">\n                    <span class=\"em-card-field-label\">Distance depuis le camping (km) :<\/span>\n                    <span class=\"em-card-field-value\">1 km<\/span>\n                  <\/div>\n                              <\/div>\n\n              <!-- Lien vers le d\u00e9tail -->\n              <div class=\"em-card-footer\">\n                <span>Voir le d\u00e9tail<\/span>\n                <svg fill=\"none\" viewBox=\"0 0 24 24\" stroke=\"currentColor\" stroke-width=\"2\"><path stroke-linecap=\"round\" stroke-linejoin=\"round\" d=\"M13.5 4.5L21 12m0 0l-7.5 7.5M21 12H3\"><\/path><\/svg>\n              <\/div>\n            <\/div>\n          <\/article>\n                  <article class=\"em-card\"\n            data-type=\"event\"\n            data-features=\"\"\n            data-name=\"spectacle de feu d&#039;artifice pour la f\u00eate locale\"\n            data-json=\"{&quot;name&quot;:&quot;Spectacle de feu d&#039;artifice pour la f\\u00eate locale&quot;,&quot;image&quot;:&quot;&quot;,&quot;link&quot;:&quot;https:\\\/\\\/www.mimizan-tourisme.com&quot;,&quot;data&quot;:{&quot;name&quot;:&quot;Spectacle de feu d&#039;artifice pour la f\\u00eate locale&quot;,&quot;date_period&quot;:&quot;Juillet 2025&quot;,&quot;location&quot;:&quot;Saint-Paul-en-Born&quot;,&quot;distance_km&quot;:&quot;0.5 km&quot;,&quot;description&quot;:&quot;Grand feu d\\u2019artifice accompagn\\u00e9 d\\u2019animations festives pour c\\u00e9l\\u00e9brer les festivit\\u00e9s locales estivales.&quot;,&quot;type&quot;:&quot;Spectacle&quot;,&quot;comment&quot;:&quot;Temps fort festif pour les vacanciers du camping et habitants.&quot;,&quot;link&quot;:&quot;https:\\\/\\\/www.mimizan-tourisme.com&quot;,&quot;image&quot;:&quot;&quot;},&quot;category&quot;:&quot;\\u00c9v\\u00e9nements recommand\\u00e9s&quot;}\">\n\n            <!-- Image + badge cat\u00e9gorie -->\n            <div class=\"em-card-img-wrap\">\n                              <div class=\"em-card-placeholder\">\ud83d\udcf7 Pas d'image<\/div>\n                            <span class=\"em-card-badge badge-event\">\u00c9v\u00e9nements recommand\u00e9s<\/span>\n            <\/div>\n\n            <!-- Contenu de la card -->\n            <div class=\"em-card-body\">\n              <h3 class=\"em-card-title\">Spectacle de feu d&#039;artifice pour la f\u00eate locale<\/h3>\n\n              <!-- Tags r\u00e9sum\u00e9s (max 4) -->\n              <div class=\"em-card-tags\">\n                                              <\/div>\n\n              <!-- Champs suppl\u00e9mentaires (max 3) -->\n              <div class=\"em-card-fields\">\n                                  <div class=\"em-card-field\">\n                    <span class=\"em-card-field-label\">Date \/ P\u00e9riode :<\/span>\n                    <span class=\"em-card-field-value\">Juillet 2025<\/span>\n                  <\/div>\n                                  <div class=\"em-card-field\">\n                    <span class=\"em-card-field-label\">Lieu (ville) :<\/span>\n                    <span class=\"em-card-field-value\">Saint-Paul-en-Born<\/span>\n                  <\/div>\n                                  <div class=\"em-card-field\">\n                    <span class=\"em-card-field-label\">Distance depuis le camping (km) :<\/span>\n                    <span class=\"em-card-field-value\">0.5 km<\/span>\n                  <\/div>\n                              <\/div>\n\n              <!-- Lien vers le d\u00e9tail -->\n              <div class=\"em-card-footer\">\n                <span>Voir le d\u00e9tail<\/span>\n                <svg fill=\"none\" viewBox=\"0 0 24 24\" stroke=\"currentColor\" stroke-width=\"2\"><path stroke-linecap=\"round\" stroke-linejoin=\"round\" d=\"M13.5 4.5L21 12m0 0l-7.5 7.5M21 12H3\"><\/path><\/svg>\n              <\/div>\n            <\/div>\n          <\/article>\n                  <article class=\"em-card\"\n            data-type=\"event\"\n            data-features=\"\"\n            data-name=\"circuit culinaire des landes\"\n            data-json=\"{&quot;name&quot;:&quot;Circuit culinaire des Landes&quot;,&quot;image&quot;:&quot;&quot;,&quot;link&quot;:&quot;https:\\\/\\\/www.guide-des-landes.com&quot;,&quot;data&quot;:{&quot;name&quot;:&quot;Circuit culinaire des Landes&quot;,&quot;date_period&quot;:&quot;\\u00c9t\\u00e9 2025&quot;,&quot;location&quot;:&quot;Saint-Paul-en-Born et alentours&quot;,&quot;distance_km&quot;:&quot;0-10 km&quot;,&quot;description&quot;:&quot;D\\u00e9couverte gourmande des sp\\u00e9cialit\\u00e9s culinaires landaises via des d\\u00e9gustations et visites chez les producteurs.&quot;,&quot;type&quot;:&quot;Gastronomie&quot;,&quot;comment&quot;:&quot;Offre une exp\\u00e9rience authentique et savoureuse proche du camping.&quot;,&quot;link&quot;:&quot;https:\\\/\\\/www.guide-des-landes.com&quot;,&quot;image&quot;:&quot;&quot;},&quot;category&quot;:&quot;\\u00c9v\\u00e9nements recommand\\u00e9s&quot;}\">\n\n            <!-- Image + badge cat\u00e9gorie -->\n            <div class=\"em-card-img-wrap\">\n                              <div class=\"em-card-placeholder\">\ud83d\udcf7 Pas d'image<\/div>\n                            <span class=\"em-card-badge badge-event\">\u00c9v\u00e9nements recommand\u00e9s<\/span>\n            <\/div>\n\n            <!-- Contenu de la card -->\n            <div class=\"em-card-body\">\n              <h3 class=\"em-card-title\">Circuit culinaire des Landes<\/h3>\n\n              <!-- Tags r\u00e9sum\u00e9s (max 4) -->\n              <div class=\"em-card-tags\">\n                                              <\/div>\n\n              <!-- Champs suppl\u00e9mentaires (max 3) -->\n              <div class=\"em-card-fields\">\n                                  <div class=\"em-card-field\">\n                    <span class=\"em-card-field-label\">Date \/ P\u00e9riode :<\/span>\n                    <span class=\"em-card-field-value\">\u00c9t\u00e9 2025<\/span>\n                  <\/div>\n                                  <div class=\"em-card-field\">\n                    <span class=\"em-card-field-label\">Lieu (ville) :<\/span>\n                    <span class=\"em-card-field-value\">Saint-Paul-en-Born et alentours<\/span>\n                  <\/div>\n                                  <div class=\"em-card-field\">\n                    <span class=\"em-card-field-label\">Distance depuis le camping (km) :<\/span>\n                    <span class=\"em-card-field-value\">0-10 km<\/span>\n                  <\/div>\n                              <\/div>\n\n              <!-- Lien vers le d\u00e9tail -->\n              <div class=\"em-card-footer\">\n                <span>Voir le d\u00e9tail<\/span>\n                <svg fill=\"none\" viewBox=\"0 0 24 24\" stroke=\"currentColor\" stroke-width=\"2\"><path stroke-linecap=\"round\" stroke-linejoin=\"round\" d=\"M13.5 4.5L21 12m0 0l-7.5 7.5M21 12H3\"><\/path><\/svg>\n              <\/div>\n            <\/div>\n          <\/article>\n                  <article class=\"em-card\"\n            data-type=\"event\"\n            data-features=\"\"\n            data-name=\"journ\u00e9es d&#039;initiation \u00e0 la p\u00eache au niveau local\"\n            data-json=\"{&quot;name&quot;:&quot;Journ\\u00e9es d&#039;initiation \\u00e0 la p\\u00eache au niveau local&quot;,&quot;image&quot;:&quot;&quot;,&quot;link&quot;:&quot;&quot;,&quot;data&quot;:{&quot;name&quot;:&quot;Journ\\u00e9es d&#039;initiation \\u00e0 la p\\u00eache au niveau local&quot;,&quot;date_period&quot;:&quot;Variable&quot;,&quot;location&quot;:&quot;Rivi\\u00e8re et \\u00e9tangs proches&quot;,&quot;distance_km&quot;:&quot;Moins de 5 km&quot;,&quot;description&quot;:&quot;Initiation \\u00e0 la p\\u00eache pour les d\\u00e9butants, avec guidance sur les techniques et les \\u00e9quipements de base.&quot;,&quot;type&quot;:&quot;Activit\\u00e9 de plein air&quot;,&quot;comment&quot;:&quot;Activit\\u00e9 pouvant \\u00eatre organis\\u00e9e en partenariat avec des guides locaux.&quot;,&quot;link&quot;:&quot;&quot;,&quot;image&quot;:&quot;&quot;},&quot;category&quot;:&quot;\\u00c9v\\u00e9nements recommand\\u00e9s&quot;}\">\n\n            <!-- Image + badge cat\u00e9gorie -->\n            <div class=\"em-card-img-wrap\">\n                              <div class=\"em-card-placeholder\">\ud83d\udcf7 Pas d'image<\/div>\n                            <span class=\"em-card-badge badge-event\">\u00c9v\u00e9nements recommand\u00e9s<\/span>\n            <\/div>\n\n            <!-- Contenu de la card -->\n            <div class=\"em-card-body\">\n              <h3 class=\"em-card-title\">Journ\u00e9es d&#039;initiation \u00e0 la p\u00eache au niveau local<\/h3>\n\n              <!-- Tags r\u00e9sum\u00e9s (max 4) -->\n              <div class=\"em-card-tags\">\n                                              <\/div>\n\n              <!-- Champs suppl\u00e9mentaires (max 3) -->\n              <div class=\"em-card-fields\">\n                                  <div class=\"em-card-field\">\n                    <span class=\"em-card-field-label\">Date \/ P\u00e9riode :<\/span>\n                    <span class=\"em-card-field-value\">Variable<\/span>\n                  <\/div>\n                                  <div class=\"em-card-field\">\n                    <span class=\"em-card-field-label\">Lieu (ville) :<\/span>\n                    <span class=\"em-card-field-value\">Rivi\u00e8re et \u00e9tangs proches<\/span>\n                  <\/div>\n                                  <div class=\"em-card-field\">\n                    <span class=\"em-card-field-label\">Distance depuis le camping (km) :<\/span>\n                    <span class=\"em-card-field-value\">Moins de 5 km<\/span>\n                  <\/div>\n                              <\/div>\n\n              <!-- Lien vers le d\u00e9tail -->\n              <div class=\"em-card-footer\">\n                <span>Voir le d\u00e9tail<\/span>\n                <svg fill=\"none\" viewBox=\"0 0 24 24\" stroke=\"currentColor\" stroke-width=\"2\"><path stroke-linecap=\"round\" stroke-linejoin=\"round\" d=\"M13.5 4.5L21 12m0 0l-7.5 7.5M21 12H3\"><\/path><\/svg>\n              <\/div>\n            <\/div>\n          <\/article>\n                  <article class=\"em-card\"\n            data-type=\"event\"\n            data-features=\"\"\n            data-name=\"f\u00eate des jeunes\"\n            data-json=\"{&quot;name&quot;:&quot;F\\u00eate des Jeunes&quot;,&quot;image&quot;:&quot;&quot;,&quot;link&quot;:&quot;&quot;,&quot;data&quot;:{&quot;name&quot;:&quot;F\\u00eate des Jeunes&quot;,&quot;date_period&quot;:&quot;Variable&quot;,&quot;location&quot;:&quot;Saint-Paul-en-Born&quot;,&quot;distance_km&quot;:&quot;Moins de 5 km&quot;,&quot;description&quot;:&quot;F\\u00eate organis\\u00e9e pour les jeunes avec des animations vari\\u00e9es.&quot;,&quot;type&quot;:&quot;F\\u00eate locale&quot;,&quot;comment&quot;:&quot;Inclut des concerts, des activit\\u00e9s ludiques, et des jeux pour tous les \\u00e2ges.&quot;,&quot;link&quot;:&quot;&quot;,&quot;image&quot;:&quot;&quot;},&quot;category&quot;:&quot;\\u00c9v\\u00e9nements recommand\\u00e9s&quot;}\">\n\n            <!-- Image + badge cat\u00e9gorie -->\n            <div class=\"em-card-img-wrap\">\n                              <div class=\"em-card-placeholder\">\ud83d\udcf7 Pas d'image<\/div>\n                            <span class=\"em-card-badge badge-event\">\u00c9v\u00e9nements recommand\u00e9s<\/span>\n            <\/div>\n\n            <!-- Contenu de la card -->\n            <div class=\"em-card-body\">\n              <h3 class=\"em-card-title\">F\u00eate des Jeunes<\/h3>\n\n              <!-- Tags r\u00e9sum\u00e9s (max 4) -->\n              <div class=\"em-card-tags\">\n                                              <\/div>\n\n              <!-- Champs suppl\u00e9mentaires (max 3) -->\n              <div class=\"em-card-fields\">\n                                  <div class=\"em-card-field\">\n                    <span class=\"em-card-field-label\">Date \/ P\u00e9riode :<\/span>\n                    <span class=\"em-card-field-value\">Variable<\/span>\n                  <\/div>\n                                  <div class=\"em-card-field\">\n                    <span class=\"em-card-field-label\">Lieu (ville) :<\/span>\n                    <span class=\"em-card-field-value\">Saint-Paul-en-Born<\/span>\n                  <\/div>\n                                  <div class=\"em-card-field\">\n                    <span class=\"em-card-field-label\">Distance depuis le camping (km) :<\/span>\n                    <span class=\"em-card-field-value\">Moins de 5 km<\/span>\n                  <\/div>\n                              <\/div>\n\n              <!-- Lien vers le d\u00e9tail -->\n              <div class=\"em-card-footer\">\n                <span>Voir le d\u00e9tail<\/span>\n                <svg fill=\"none\" viewBox=\"0 0 24 24\" stroke=\"currentColor\" stroke-width=\"2\"><path stroke-linecap=\"round\" stroke-linejoin=\"round\" d=\"M13.5 4.5L21 12m0 0l-7.5 7.5M21 12H3\"><\/path><\/svg>\n              <\/div>\n            <\/div>\n          <\/article>\n                  <article class=\"em-card\"\n            data-type=\"event\"\n            data-features=\"\"\n            data-name=\"concerts en plein air \u00e0 la clairi\u00e8re\"\n            data-json=\"{&quot;name&quot;:&quot;Concerts en plein air \\u00e0 La Clairi\\u00e8re&quot;,&quot;image&quot;:&quot;&quot;,&quot;link&quot;:&quot;&quot;,&quot;data&quot;:{&quot;name&quot;:&quot;Concerts en plein air \\u00e0 La Clairi\\u00e8re&quot;,&quot;date_period&quot;:&quot;\\u00c9t\\u00e9&quot;,&quot;location&quot;:&quot;Camping La Clairi\\u00e8re&quot;,&quot;distance_km&quot;:&quot;Dans le camping&quot;,&quot;description&quot;:&quot;Concerts de musique en plein air, souvent inclus dans les soir\\u00e9es anim\\u00e9es du camping.&quot;,&quot;type&quot;:&quot;\\u00c9v\\u00e9nement musical&quot;,&quot;comment&quot;:&quot;Ouvert aux r\\u00e9sidents et invit\\u00e9s du camping.&quot;,&quot;link&quot;:&quot;&quot;,&quot;image&quot;:&quot;&quot;},&quot;category&quot;:&quot;\\u00c9v\\u00e9nements recommand\\u00e9s&quot;}\">\n\n            <!-- Image + badge cat\u00e9gorie -->\n            <div class=\"em-card-img-wrap\">\n                              <div class=\"em-card-placeholder\">\ud83d\udcf7 Pas d'image<\/div>\n                            <span class=\"em-card-badge badge-event\">\u00c9v\u00e9nements recommand\u00e9s<\/span>\n            <\/div>\n\n            <!-- Contenu de la card -->\n            <div class=\"em-card-body\">\n              <h3 class=\"em-card-title\">Concerts en plein air \u00e0 La Clairi\u00e8re<\/h3>\n\n              <!-- Tags r\u00e9sum\u00e9s (max 4) -->\n              <div class=\"em-card-tags\">\n                                              <\/div>\n\n              <!-- Champs suppl\u00e9mentaires (max 3) -->\n              <div class=\"em-card-fields\">\n                                  <div class=\"em-card-field\">\n                    <span class=\"em-card-field-label\">Date \/ P\u00e9riode :<\/span>\n                    <span class=\"em-card-field-value\">\u00c9t\u00e9<\/span>\n                  <\/div>\n                                  <div class=\"em-card-field\">\n                    <span class=\"em-card-field-label\">Lieu (ville) :<\/span>\n                    <span class=\"em-card-field-value\">Camping La Clairi\u00e8re<\/span>\n                  <\/div>\n                                  <div class=\"em-card-field\">\n                    <span class=\"em-card-field-label\">Distance depuis le camping (km) :<\/span>\n                    <span class=\"em-card-field-value\">Dans le camping<\/span>\n                  <\/div>\n                              <\/div>\n\n              <!-- Lien vers le d\u00e9tail -->\n              <div class=\"em-card-footer\">\n                <span>Voir le d\u00e9tail<\/span>\n                <svg fill=\"none\" viewBox=\"0 0 24 24\" stroke=\"currentColor\" stroke-width=\"2\"><path stroke-linecap=\"round\" stroke-linejoin=\"round\" d=\"M13.5 4.5L21 12m0 0l-7.5 7.5M21 12H3\"><\/path><\/svg>\n              <\/div>\n            <\/div>\n          <\/article>\n                  <article class=\"em-card\"\n            data-type=\"event\"\n            data-features=\"\"\n            data-name=\"initiation \u00e0 la course d&#039;orientation\"\n            data-json=\"{&quot;name&quot;:&quot;Initiation \\u00e0 la course d&#039;orientation&quot;,&quot;image&quot;:&quot;&quot;,&quot;link&quot;:&quot;&quot;,&quot;data&quot;:{&quot;name&quot;:&quot;Initiation \\u00e0 la course d&#039;orientation&quot;,&quot;date_period&quot;:&quot;Variable&quot;,&quot;location&quot;:&quot;For\\u00eat des Landes&quot;,&quot;distance_km&quot;:&quot;Moins de 10 km&quot;,&quot;description&quot;:&quot;Activit\\u00e9 de course d&#039;orientation pour tous niveaux, dans la for\\u00eat landaise.&quot;,&quot;type&quot;:&quot;Activit\\u00e9 sportive&quot;,&quot;comment&quot;:&quot;Parfaite pour les familles et les groupes.&quot;,&quot;link&quot;:&quot;&quot;,&quot;image&quot;:&quot;&quot;},&quot;category&quot;:&quot;\\u00c9v\\u00e9nements recommand\\u00e9s&quot;}\">\n\n            <!-- Image + badge cat\u00e9gorie -->\n            <div class=\"em-card-img-wrap\">\n                              <div class=\"em-card-placeholder\">\ud83d\udcf7 Pas d'image<\/div>\n                            <span class=\"em-card-badge badge-event\">\u00c9v\u00e9nements recommand\u00e9s<\/span>\n            <\/div>\n\n            <!-- Contenu de la card -->\n            <div class=\"em-card-body\">\n              <h3 class=\"em-card-title\">Initiation \u00e0 la course d&#039;orientation<\/h3>\n\n              <!-- Tags r\u00e9sum\u00e9s (max 4) -->\n              <div class=\"em-card-tags\">\n                                              <\/div>\n\n              <!-- Champs suppl\u00e9mentaires (max 3) -->\n              <div class=\"em-card-fields\">\n                                  <div class=\"em-card-field\">\n                    <span class=\"em-card-field-label\">Date \/ P\u00e9riode :<\/span>\n                    <span class=\"em-card-field-value\">Variable<\/span>\n                  <\/div>\n                                  <div class=\"em-card-field\">\n                    <span class=\"em-card-field-label\">Lieu (ville) :<\/span>\n                    <span class=\"em-card-field-value\">For\u00eat des Landes<\/span>\n                  <\/div>\n                                  <div class=\"em-card-field\">\n                    <span class=\"em-card-field-label\">Distance depuis le camping (km) :<\/span>\n                    <span class=\"em-card-field-value\">Moins de 10 km<\/span>\n                  <\/div>\n                              <\/div>\n\n              <!-- Lien vers le d\u00e9tail -->\n              <div class=\"em-card-footer\">\n                <span>Voir le d\u00e9tail<\/span>\n                <svg fill=\"none\" viewBox=\"0 0 24 24\" stroke=\"currentColor\" stroke-width=\"2\"><path stroke-linecap=\"round\" stroke-linejoin=\"round\" d=\"M13.5 4.5L21 12m0 0l-7.5 7.5M21 12H3\"><\/path><\/svg>\n              <\/div>\n            <\/div>\n          <\/article>\n                  <article class=\"em-card\"\n            data-type=\"event\"\n            data-features=\"\"\n            data-name=\"march\u00e9 bio et artisanal\"\n            data-json=\"{&quot;name&quot;:&quot;March\\u00e9 bio et artisanal&quot;,&quot;image&quot;:&quot;&quot;,&quot;link&quot;:&quot;&quot;,&quot;data&quot;:{&quot;name&quot;:&quot;March\\u00e9 bio et artisanal&quot;,&quot;date_period&quot;:&quot;Variable&quot;,&quot;location&quot;:&quot;Saint-Paul-en-Born&quot;,&quot;distance_km&quot;:&quot;Moins de 5 km&quot;,&quot;description&quot;:&quot;March\\u00e9 proposant des produits bio et des cr\\u00e9ations artisanales locales.&quot;,&quot;type&quot;:&quot;March\\u00e9 local&quot;,&quot;comment&quot;:&quot;Ide\\u00e9 pour ceux qui aiment les produits frais et locaux.&quot;,&quot;link&quot;:&quot;&quot;,&quot;image&quot;:&quot;&quot;},&quot;category&quot;:&quot;\\u00c9v\\u00e9nements recommand\\u00e9s&quot;}\">\n\n            <!-- Image + badge cat\u00e9gorie -->\n            <div class=\"em-card-img-wrap\">\n                              <div class=\"em-card-placeholder\">\ud83d\udcf7 Pas d'image<\/div>\n                            <span class=\"em-card-badge badge-event\">\u00c9v\u00e9nements recommand\u00e9s<\/span>\n            <\/div>\n\n            <!-- Contenu de la card -->\n            <div class=\"em-card-body\">\n              <h3 class=\"em-card-title\">March\u00e9 bio et artisanal<\/h3>\n\n              <!-- Tags r\u00e9sum\u00e9s (max 4) -->\n              <div class=\"em-card-tags\">\n                                              <\/div>\n\n              <!-- Champs suppl\u00e9mentaires (max 3) -->\n              <div class=\"em-card-fields\">\n                                  <div class=\"em-card-field\">\n                    <span class=\"em-card-field-label\">Date \/ P\u00e9riode :<\/span>\n                    <span class=\"em-card-field-value\">Variable<\/span>\n                  <\/div>\n                                  <div class=\"em-card-field\">\n                    <span class=\"em-card-field-label\">Lieu (ville) :<\/span>\n                    <span class=\"em-card-field-value\">Saint-Paul-en-Born<\/span>\n                  <\/div>\n                                  <div class=\"em-card-field\">\n                    <span class=\"em-card-field-label\">Distance depuis le camping (km) :<\/span>\n                    <span class=\"em-card-field-value\">Moins de 5 km<\/span>\n                  <\/div>\n                              <\/div>\n\n              <!-- Lien vers le d\u00e9tail -->\n              <div class=\"em-card-footer\">\n                <span>Voir le d\u00e9tail<\/span>\n                <svg fill=\"none\" viewBox=\"0 0 24 24\" stroke=\"currentColor\" stroke-width=\"2\"><path stroke-linecap=\"round\" stroke-linejoin=\"round\" d=\"M13.5 4.5L21 12m0 0l-7.5 7.5M21 12H3\"><\/path><\/svg>\n              <\/div>\n            <\/div>\n          <\/article>\n                  <article class=\"em-card\"\n            data-type=\"event\"\n            data-features=\"\"\n            data-name=\"balade \u00e0 cheval\"\n            data-json=\"{&quot;name&quot;:&quot;Balade \\u00e0 cheval&quot;,&quot;image&quot;:&quot;&quot;,&quot;link&quot;:&quot;&quot;,&quot;data&quot;:{&quot;name&quot;:&quot;Balade \\u00e0 cheval&quot;,&quot;date_period&quot;:&quot;Variable&quot;,&quot;location&quot;:&quot;\\u00c9curies proches&quot;,&quot;distance_km&quot;:&quot;Moins de 10 km&quot;,&quot;description&quot;:&quot;Promenade \\u00e0 cheval dans la campagne landaise.&quot;,&quot;type&quot;:&quot;Randonn\\u00e9e \\u00e9questre&quot;,&quot;comment&quot;:&quot;Convient aux d\\u00e9butants et aux cavaliers exp\\u00e9riment\\u00e9s.&quot;,&quot;link&quot;:&quot;&quot;,&quot;image&quot;:&quot;&quot;},&quot;category&quot;:&quot;\\u00c9v\\u00e9nements recommand\\u00e9s&quot;}\">\n\n            <!-- Image + badge cat\u00e9gorie -->\n            <div class=\"em-card-img-wrap\">\n                              <div class=\"em-card-placeholder\">\ud83d\udcf7 Pas d'image<\/div>\n                            <span class=\"em-card-badge badge-event\">\u00c9v\u00e9nements recommand\u00e9s<\/span>\n            <\/div>\n\n            <!-- Contenu de la card -->\n            <div class=\"em-card-body\">\n              <h3 class=\"em-card-title\">Balade \u00e0 cheval<\/h3>\n\n              <!-- Tags r\u00e9sum\u00e9s (max 4) -->\n              <div class=\"em-card-tags\">\n                                              <\/div>\n\n              <!-- Champs suppl\u00e9mentaires (max 3) -->\n              <div class=\"em-card-fields\">\n                                  <div class=\"em-card-field\">\n                    <span class=\"em-card-field-label\">Date \/ P\u00e9riode :<\/span>\n                    <span class=\"em-card-field-value\">Variable<\/span>\n                  <\/div>\n                                  <div class=\"em-card-field\">\n                    <span class=\"em-card-field-label\">Lieu (ville) :<\/span>\n                    <span class=\"em-card-field-value\">\u00c9curies proches<\/span>\n                  <\/div>\n                                  <div class=\"em-card-field\">\n                    <span class=\"em-card-field-label\">Distance depuis le camping (km) :<\/span>\n                    <span class=\"em-card-field-value\">Moins de 10 km<\/span>\n                  <\/div>\n                              <\/div>\n\n              <!-- Lien vers le d\u00e9tail -->\n              <div class=\"em-card-footer\">\n                <span>Voir le d\u00e9tail<\/span>\n                <svg fill=\"none\" viewBox=\"0 0 24 24\" stroke=\"currentColor\" stroke-width=\"2\"><path stroke-linecap=\"round\" stroke-linejoin=\"round\" d=\"M13.5 4.5L21 12m0 0l-7.5 7.5M21 12H3\"><\/path><\/svg>\n              <\/div>\n            <\/div>\n          <\/article>\n                  <article class=\"em-card\"\n            data-type=\"event\"\n            data-features=\"\"\n            data-name=\"spectacle de cirque local\"\n            data-json=\"{&quot;name&quot;:&quot;Spectacle de cirque local&quot;,&quot;image&quot;:&quot;&quot;,&quot;link&quot;:&quot;&quot;,&quot;data&quot;:{&quot;name&quot;:&quot;Spectacle de cirque local&quot;,&quot;date_period&quot;:&quot;\\u00c9t\\u00e9&quot;,&quot;location&quot;:&quot;Saint-Paul-en-Born&quot;,&quot;distance_km&quot;:&quot;Moins de 5 km&quot;,&quot;description&quot;:&quot;Spectacle de cirque offrant diverses performances acrobatiques et artistiques.&quot;,&quot;type&quot;:&quot;Spectacle&quot;,&quot;comment&quot;:&quot;Destin\\u00e9 aux familles et aux enfants.&quot;,&quot;link&quot;:&quot;&quot;,&quot;image&quot;:&quot;&quot;},&quot;category&quot;:&quot;\\u00c9v\\u00e9nements recommand\\u00e9s&quot;}\">\n\n            <!-- Image + badge cat\u00e9gorie -->\n            <div class=\"em-card-img-wrap\">\n                              <div class=\"em-card-placeholder\">\ud83d\udcf7 Pas d'image<\/div>\n                            <span class=\"em-card-badge badge-event\">\u00c9v\u00e9nements recommand\u00e9s<\/span>\n            <\/div>\n\n            <!-- Contenu de la card -->\n            <div class=\"em-card-body\">\n              <h3 class=\"em-card-title\">Spectacle de cirque local<\/h3>\n\n              <!-- Tags r\u00e9sum\u00e9s (max 4) -->\n              <div class=\"em-card-tags\">\n                                              <\/div>\n\n              <!-- Champs suppl\u00e9mentaires (max 3) -->\n              <div class=\"em-card-fields\">\n                                  <div class=\"em-card-field\">\n                    <span class=\"em-card-field-label\">Date \/ P\u00e9riode :<\/span>\n                    <span class=\"em-card-field-value\">\u00c9t\u00e9<\/span>\n                  <\/div>\n                                  <div class=\"em-card-field\">\n                    <span class=\"em-card-field-label\">Lieu (ville) :<\/span>\n                    <span class=\"em-card-field-value\">Saint-Paul-en-Born<\/span>\n                  <\/div>\n                                  <div class=\"em-card-field\">\n                    <span class=\"em-card-field-label\">Distance depuis le camping (km) :<\/span>\n                    <span class=\"em-card-field-value\">Moins de 5 km<\/span>\n                  <\/div>\n                              <\/div>\n\n              <!-- Lien vers le d\u00e9tail -->\n              <div class=\"em-card-footer\">\n                <span>Voir le d\u00e9tail<\/span>\n                <svg fill=\"none\" viewBox=\"0 0 24 24\" stroke=\"currentColor\" stroke-width=\"2\"><path stroke-linecap=\"round\" stroke-linejoin=\"round\" d=\"M13.5 4.5L21 12m0 0l-7.5 7.5M21 12H3\"><\/path><\/svg>\n              <\/div>\n            <\/div>\n          <\/article>\n                  <article class=\"em-card\"\n            data-type=\"event\"\n            data-features=\"\"\n            data-name=\"atelier de cuisine gasconne\"\n            data-json=\"{&quot;name&quot;:&quot;Atelier de cuisine gasconne&quot;,&quot;image&quot;:&quot;&quot;,&quot;link&quot;:&quot;&quot;,&quot;data&quot;:{&quot;name&quot;:&quot;Atelier de cuisine gasconne&quot;,&quot;date_period&quot;:&quot;Variable&quot;,&quot;location&quot;:&quot;Restaurant local&quot;,&quot;distance_km&quot;:&quot;Moins de 5 km&quot;,&quot;description&quot;:&quot;Atelier pour apprendre \\u00e0 pr\\u00e9parer des plats traditionnels gascons.&quot;,&quot;type&quot;:&quot;Atelier culinaire&quot;,&quot;comment&quot;:&quot;Inclut d\\u00e9gustation des pr\\u00e9parations.&quot;,&quot;link&quot;:&quot;&quot;,&quot;image&quot;:&quot;&quot;},&quot;category&quot;:&quot;\\u00c9v\\u00e9nements recommand\\u00e9s&quot;}\">\n\n            <!-- Image + badge cat\u00e9gorie -->\n            <div class=\"em-card-img-wrap\">\n                              <div class=\"em-card-placeholder\">\ud83d\udcf7 Pas d'image<\/div>\n                            <span class=\"em-card-badge badge-event\">\u00c9v\u00e9nements recommand\u00e9s<\/span>\n            <\/div>\n\n            <!-- Contenu de la card -->\n            <div class=\"em-card-body\">\n              <h3 class=\"em-card-title\">Atelier de cuisine gasconne<\/h3>\n\n              <!-- Tags r\u00e9sum\u00e9s (max 4) -->\n              <div class=\"em-card-tags\">\n                                              <\/div>\n\n              <!-- Champs suppl\u00e9mentaires (max 3) -->\n              <div class=\"em-card-fields\">\n                                  <div class=\"em-card-field\">\n                    <span class=\"em-card-field-label\">Date \/ P\u00e9riode :<\/span>\n                    <span class=\"em-card-field-value\">Variable<\/span>\n                  <\/div>\n                                  <div class=\"em-card-field\">\n                    <span class=\"em-card-field-label\">Lieu (ville) :<\/span>\n                    <span class=\"em-card-field-value\">Restaurant local<\/span>\n                  <\/div>\n                                  <div class=\"em-card-field\">\n                    <span class=\"em-card-field-label\">Distance depuis le camping (km) :<\/span>\n                    <span class=\"em-card-field-value\">Moins de 5 km<\/span>\n                  <\/div>\n                              <\/div>\n\n              <!-- Lien vers le d\u00e9tail -->\n              <div class=\"em-card-footer\">\n                <span>Voir le d\u00e9tail<\/span>\n                <svg fill=\"none\" viewBox=\"0 0 24 24\" stroke=\"currentColor\" stroke-width=\"2\"><path stroke-linecap=\"round\" stroke-linejoin=\"round\" d=\"M13.5 4.5L21 12m0 0l-7.5 7.5M21 12H3\"><\/path><\/svg>\n              <\/div>\n            <\/div>\n          <\/article>\n                  <article class=\"em-card\"\n            data-type=\"event\"\n            data-features=\"\"\n            data-name=\"f\u00eate de la saint-jean avec feu d&#039;artifice\"\n            data-json=\"{&quot;name&quot;:&quot;F\\u00eate de la Saint-Jean avec feu d&#039;artifice&quot;,&quot;image&quot;:&quot;&quot;,&quot;link&quot;:&quot;&quot;,&quot;data&quot;:{&quot;name&quot;:&quot;F\\u00eate de la Saint-Jean avec feu d&#039;artifice&quot;,&quot;date_period&quot;:&quot;Fin juin&quot;,&quot;location&quot;:&quot;Saint-Paul-en-Born&quot;,&quot;distance_km&quot;:&quot;Moins de 5 km&quot;,&quot;description&quot;:&quot;F\\u00eate traditionnelle avec un grand feu d&#039;artifice.&quot;,&quot;type&quot;:&quot;F\\u00eate locale&quot;,&quot;comment&quot;:&quot;Inclut musique, danse et animations familiales.&quot;,&quot;link&quot;:&quot;&quot;,&quot;image&quot;:&quot;&quot;},&quot;category&quot;:&quot;\\u00c9v\\u00e9nements recommand\\u00e9s&quot;}\">\n\n            <!-- Image + badge cat\u00e9gorie -->\n            <div class=\"em-card-img-wrap\">\n                              <div class=\"em-card-placeholder\">\ud83d\udcf7 Pas d'image<\/div>\n                            <span class=\"em-card-badge badge-event\">\u00c9v\u00e9nements recommand\u00e9s<\/span>\n            <\/div>\n\n            <!-- Contenu de la card -->\n            <div class=\"em-card-body\">\n              <h3 class=\"em-card-title\">F\u00eate de la Saint-Jean avec feu d&#039;artifice<\/h3>\n\n              <!-- Tags r\u00e9sum\u00e9s (max 4) -->\n              <div class=\"em-card-tags\">\n                                              <\/div>\n\n              <!-- Champs suppl\u00e9mentaires (max 3) -->\n              <div class=\"em-card-fields\">\n                                  <div class=\"em-card-field\">\n                    <span class=\"em-card-field-label\">Date \/ P\u00e9riode :<\/span>\n                    <span class=\"em-card-field-value\">Fin juin<\/span>\n                  <\/div>\n                                  <div class=\"em-card-field\">\n                    <span class=\"em-card-field-label\">Lieu (ville) :<\/span>\n                    <span class=\"em-card-field-value\">Saint-Paul-en-Born<\/span>\n                  <\/div>\n                                  <div class=\"em-card-field\">\n                    <span class=\"em-card-field-label\">Distance depuis le camping (km) :<\/span>\n                    <span class=\"em-card-field-value\">Moins de 5 km<\/span>\n                  <\/div>\n                              <\/div>\n\n              <!-- Lien vers le d\u00e9tail -->\n              <div class=\"em-card-footer\">\n                <span>Voir le d\u00e9tail<\/span>\n                <svg fill=\"none\" viewBox=\"0 0 24 24\" stroke=\"currentColor\" stroke-width=\"2\"><path stroke-linecap=\"round\" stroke-linejoin=\"round\" d=\"M13.5 4.5L21 12m0 0l-7.5 7.5M21 12H3\"><\/path><\/svg>\n              <\/div>\n            <\/div>\n          <\/article>\n                  <article class=\"em-card\"\n            data-type=\"event\"\n            data-features=\"\"\n            data-name=\"randonn\u00e9e guid\u00e9e le long de la rivi\u00e8re\"\n            data-json=\"{&quot;name&quot;:&quot;Randonn\\u00e9e guid\\u00e9e le long de la rivi\\u00e8re&quot;,&quot;image&quot;:&quot;&quot;,&quot;link&quot;:&quot;&quot;,&quot;data&quot;:{&quot;name&quot;:&quot;Randonn\\u00e9e guid\\u00e9e le long de la rivi\\u00e8re&quot;,&quot;date_period&quot;:&quot;Variable&quot;,&quot;location&quot;:&quot;Rivi\\u00e8re proche&quot;,&quot;distance_km&quot;:&quot;Moins de 5 km&quot;,&quot;description&quot;:&quot;Randonn\\u00e9e le long de la rivi\\u00e8re, explorant la faune locale.&quot;,&quot;type&quot;:&quot;Randonn\\u00e9e p\\u00e9d\\u00e8stre&quot;,&quot;comment&quot;:&quot;Id\\u00e9ale pour les amateurs de nature.&quot;,&quot;link&quot;:&quot;&quot;,&quot;image&quot;:&quot;&quot;},&quot;category&quot;:&quot;\\u00c9v\\u00e9nements recommand\\u00e9s&quot;}\">\n\n            <!-- Image + badge cat\u00e9gorie -->\n            <div class=\"em-card-img-wrap\">\n                              <div class=\"em-card-placeholder\">\ud83d\udcf7 Pas d'image<\/div>\n                            <span class=\"em-card-badge badge-event\">\u00c9v\u00e9nements recommand\u00e9s<\/span>\n            <\/div>\n\n            <!-- Contenu de la card -->\n            <div class=\"em-card-body\">\n              <h3 class=\"em-card-title\">Randonn\u00e9e guid\u00e9e le long de la rivi\u00e8re<\/h3>\n\n              <!-- Tags r\u00e9sum\u00e9s (max 4) -->\n              <div class=\"em-card-tags\">\n                                              <\/div>\n\n              <!-- Champs suppl\u00e9mentaires (max 3) -->\n              <div class=\"em-card-fields\">\n                                  <div class=\"em-card-field\">\n                    <span class=\"em-card-field-label\">Date \/ P\u00e9riode :<\/span>\n                    <span class=\"em-card-field-value\">Variable<\/span>\n                  <\/div>\n                                  <div class=\"em-card-field\">\n                    <span class=\"em-card-field-label\">Lieu (ville) :<\/span>\n                    <span class=\"em-card-field-value\">Rivi\u00e8re proche<\/span>\n                  <\/div>\n                                  <div class=\"em-card-field\">\n                    <span class=\"em-card-field-label\">Distance depuis le camping (km) :<\/span>\n                    <span class=\"em-card-field-value\">Moins de 5 km<\/span>\n                  <\/div>\n                              <\/div>\n\n              <!-- Lien vers le d\u00e9tail -->\n              <div class=\"em-card-footer\">\n                <span>Voir le d\u00e9tail<\/span>\n                <svg fill=\"none\" viewBox=\"0 0 24 24\" stroke=\"currentColor\" stroke-width=\"2\"><path stroke-linecap=\"round\" stroke-linejoin=\"round\" d=\"M13.5 4.5L21 12m0 0l-7.5 7.5M21 12H3\"><\/path><\/svg>\n              <\/div>\n            <\/div>\n          <\/article>\n                  <article class=\"em-card\"\n            data-type=\"event\"\n            data-features=\"\"\n            data-name=\"atelier de d\u00e9coration de fleurs\"\n            data-json=\"{&quot;name&quot;:&quot;Atelier de d\\u00e9coration de fleurs&quot;,&quot;image&quot;:&quot;&quot;,&quot;link&quot;:&quot;&quot;,&quot;data&quot;:{&quot;name&quot;:&quot;Atelier de d\\u00e9coration de fleurs&quot;,&quot;date_period&quot;:&quot;\\u00c9t\\u00e9&quot;,&quot;location&quot;:&quot;Camping ou local proche&quot;,&quot;distance_km&quot;:&quot;Moins de 5 km&quot;,&quot;description&quot;:&quot;Atelier pour apprendre \\u00e0 cr\\u00e9er des arrangements floraux.&quot;,&quot;type&quot;:&quot;Atelier cr\\u00e9atif&quot;,&quot;comment&quot;:&quot;Destin\\u00e9 aux amateurs de jardinage et de fleurs.&quot;,&quot;link&quot;:&quot;&quot;,&quot;image&quot;:&quot;&quot;},&quot;category&quot;:&quot;\\u00c9v\\u00e9nements recommand\\u00e9s&quot;}\">\n\n            <!-- Image + badge cat\u00e9gorie -->\n            <div class=\"em-card-img-wrap\">\n                              <div class=\"em-card-placeholder\">\ud83d\udcf7 Pas d'image<\/div>\n                            <span class=\"em-card-badge badge-event\">\u00c9v\u00e9nements recommand\u00e9s<\/span>\n            <\/div>\n\n            <!-- Contenu de la card -->\n            <div class=\"em-card-body\">\n              <h3 class=\"em-card-title\">Atelier de d\u00e9coration de fleurs<\/h3>\n\n              <!-- Tags r\u00e9sum\u00e9s (max 4) -->\n              <div class=\"em-card-tags\">\n                                              <\/div>\n\n              <!-- Champs suppl\u00e9mentaires (max 3) -->\n              <div class=\"em-card-fields\">\n                                  <div class=\"em-card-field\">\n                    <span class=\"em-card-field-label\">Date \/ P\u00e9riode :<\/span>\n                    <span class=\"em-card-field-value\">\u00c9t\u00e9<\/span>\n                  <\/div>\n                                  <div class=\"em-card-field\">\n                    <span class=\"em-card-field-label\">Lieu (ville) :<\/span>\n                    <span class=\"em-card-field-value\">Camping ou local proche<\/span>\n                  <\/div>\n                                  <div class=\"em-card-field\">\n                    <span class=\"em-card-field-label\">Distance depuis le camping (km) :<\/span>\n                    <span class=\"em-card-field-value\">Moins de 5 km<\/span>\n                  <\/div>\n                              <\/div>\n\n              <!-- Lien vers le d\u00e9tail -->\n              <div class=\"em-card-footer\">\n                <span>Voir le d\u00e9tail<\/span>\n                <svg fill=\"none\" viewBox=\"0 0 24 24\" stroke=\"currentColor\" stroke-width=\"2\"><path stroke-linecap=\"round\" stroke-linejoin=\"round\" d=\"M13.5 4.5L21 12m0 0l-7.5 7.5M21 12H3\"><\/path><\/svg>\n              <\/div>\n            <\/div>\n          <\/article>\n                  <article class=\"em-card\"\n            data-type=\"event\"\n            data-features=\"\"\n            data-name=\"soir\u00e9e de observation astronomique\"\n            data-json=\"{&quot;name&quot;:&quot;Soir\\u00e9e de observation astronomique&quot;,&quot;image&quot;:&quot;&quot;,&quot;link&quot;:&quot;&quot;,&quot;data&quot;:{&quot;name&quot;:&quot;Soir\\u00e9e de observation astronomique&quot;,&quot;date_period&quot;:&quot;\\u00c9t\\u00e9&quot;,&quot;location&quot;:&quot;Camping ou champ proche&quot;,&quot;distance_km&quot;:&quot;Moins de 5 km&quot;,&quot;description&quot;:&quot;Soir\\u00e9e pour observer les \\u00e9toiles dans le ciel clair landais.&quot;,&quot;type&quot;:&quot;Observation astronomique&quot;,&quot;comment&quot;:&quot;Parfaite pour les amateurs d&#039;astronomie.&quot;,&quot;link&quot;:&quot;&quot;,&quot;image&quot;:&quot;&quot;},&quot;category&quot;:&quot;\\u00c9v\\u00e9nements recommand\\u00e9s&quot;}\">\n\n            <!-- Image + badge cat\u00e9gorie -->\n            <div class=\"em-card-img-wrap\">\n                              <div class=\"em-card-placeholder\">\ud83d\udcf7 Pas d'image<\/div>\n                            <span class=\"em-card-badge badge-event\">\u00c9v\u00e9nements recommand\u00e9s<\/span>\n            <\/div>\n\n            <!-- Contenu de la card -->\n            <div class=\"em-card-body\">\n              <h3 class=\"em-card-title\">Soir\u00e9e de observation astronomique<\/h3>\n\n              <!-- Tags r\u00e9sum\u00e9s (max 4) -->\n              <div class=\"em-card-tags\">\n                                              <\/div>\n\n              <!-- Champs suppl\u00e9mentaires (max 3) -->\n              <div class=\"em-card-fields\">\n                                  <div class=\"em-card-field\">\n                    <span class=\"em-card-field-label\">Date \/ P\u00e9riode :<\/span>\n                    <span class=\"em-card-field-value\">\u00c9t\u00e9<\/span>\n                  <\/div>\n                                  <div class=\"em-card-field\">\n                    <span class=\"em-card-field-label\">Lieu (ville) :<\/span>\n                    <span class=\"em-card-field-value\">Camping ou champ proche<\/span>\n                  <\/div>\n                                  <div class=\"em-card-field\">\n                    <span class=\"em-card-field-label\">Distance depuis le camping (km) :<\/span>\n                    <span class=\"em-card-field-value\">Moins de 5 km<\/span>\n                  <\/div>\n                              <\/div>\n\n              <!-- Lien vers le d\u00e9tail -->\n              <div class=\"em-card-footer\">\n                <span>Voir le d\u00e9tail<\/span>\n                <svg fill=\"none\" viewBox=\"0 0 24 24\" stroke=\"currentColor\" stroke-width=\"2\"><path stroke-linecap=\"round\" stroke-linejoin=\"round\" d=\"M13.5 4.5L21 12m0 0l-7.5 7.5M21 12H3\"><\/path><\/svg>\n              <\/div>\n            <\/div>\n          <\/article>\n                  <article class=\"em-card\"\n            data-type=\"event\"\n            data-features=\"\"\n            data-name=\"comp\u00e9tition de p\u00eache amateur\"\n            data-json=\"{&quot;name&quot;:&quot;Comp\\u00e9tition de p\\u00eache amateur&quot;,&quot;image&quot;:&quot;&quot;,&quot;link&quot;:&quot;&quot;,&quot;data&quot;:{&quot;name&quot;:&quot;Comp\\u00e9tition de p\\u00eache amateur&quot;,&quot;date_period&quot;:&quot;\\u00c9t\\u00e9&quot;,&quot;location&quot;:&quot;Rivi\\u00e8re ou \\u00e9tang proche&quot;,&quot;distance_km&quot;:&quot;Moins de 5 km&quot;,&quot;description&quot;:&quot;Comp\\u00e9tition amicale de p\\u00eache pour adultes et enfants.&quot;,&quot;type&quot;:&quot;Comp\\u00e9tition sportive&quot;,&quot;comment&quot;:&quot;Inclut prix et r\\u00e9compenses pour les participants.&quot;,&quot;link&quot;:&quot;&quot;,&quot;image&quot;:&quot;&quot;},&quot;category&quot;:&quot;\\u00c9v\\u00e9nements recommand\\u00e9s&quot;}\">\n\n            <!-- Image + badge cat\u00e9gorie -->\n            <div class=\"em-card-img-wrap\">\n                              <div class=\"em-card-placeholder\">\ud83d\udcf7 Pas d'image<\/div>\n                            <span class=\"em-card-badge badge-event\">\u00c9v\u00e9nements recommand\u00e9s<\/span>\n            <\/div>\n\n            <!-- Contenu de la card -->\n            <div class=\"em-card-body\">\n              <h3 class=\"em-card-title\">Comp\u00e9tition de p\u00eache amateur<\/h3>\n\n              <!-- Tags r\u00e9sum\u00e9s (max 4) -->\n              <div class=\"em-card-tags\">\n                                              <\/div>\n\n              <!-- Champs suppl\u00e9mentaires (max 3) -->\n              <div class=\"em-card-fields\">\n                                  <div class=\"em-card-field\">\n                    <span class=\"em-card-field-label\">Date \/ P\u00e9riode :<\/span>\n                    <span class=\"em-card-field-value\">\u00c9t\u00e9<\/span>\n                  <\/div>\n                                  <div class=\"em-card-field\">\n                    <span class=\"em-card-field-label\">Lieu (ville) :<\/span>\n                    <span class=\"em-card-field-value\">Rivi\u00e8re ou \u00e9tang proche<\/span>\n                  <\/div>\n                                  <div class=\"em-card-field\">\n                    <span class=\"em-card-field-label\">Distance depuis le camping (km) :<\/span>\n                    <span class=\"em-card-field-value\">Moins de 5 km<\/span>\n                  <\/div>\n                              <\/div>\n\n              <!-- Lien vers le d\u00e9tail -->\n              <div class=\"em-card-footer\">\n                <span>Voir le d\u00e9tail<\/span>\n                <svg fill=\"none\" viewBox=\"0 0 24 24\" stroke=\"currentColor\" stroke-width=\"2\"><path stroke-linecap=\"round\" stroke-linejoin=\"round\" d=\"M13.5 4.5L21 12m0 0l-7.5 7.5M21 12H3\"><\/path><\/svg>\n              <\/div>\n            <\/div>\n          <\/article>\n                  <article class=\"em-card\"\n            data-type=\"event\"\n            data-features=\"\"\n            data-name=\"exposition de photographies de nature\"\n            data-json=\"{&quot;name&quot;:&quot;Exposition de photographies de nature&quot;,&quot;image&quot;:&quot;&quot;,&quot;link&quot;:&quot;&quot;,&quot;data&quot;:{&quot;name&quot;:&quot;Exposition de photographies de nature&quot;,&quot;date_period&quot;:&quot;Variable&quot;,&quot;location&quot;:&quot;Galerie locale ou espace public&quot;,&quot;distance_km&quot;:&quot;Moins de 5 km&quot;,&quot;description&quot;:&quot;Exposition de photos mettant en valeur la beaut\\u00e9 naturelle des Landes.&quot;,&quot;type&quot;:&quot;Exposition artistique&quot;,&quot;comment&quot;:&quot;Inclut conf\\u00e9rences et d\\u00e9bats sur la nature.&quot;,&quot;link&quot;:&quot;&quot;,&quot;image&quot;:&quot;&quot;},&quot;category&quot;:&quot;\\u00c9v\\u00e9nements recommand\\u00e9s&quot;}\">\n\n            <!-- Image + badge cat\u00e9gorie -->\n            <div class=\"em-card-img-wrap\">\n                              <div class=\"em-card-placeholder\">\ud83d\udcf7 Pas d'image<\/div>\n                            <span class=\"em-card-badge badge-event\">\u00c9v\u00e9nements recommand\u00e9s<\/span>\n            <\/div>\n\n            <!-- Contenu de la card -->\n            <div class=\"em-card-body\">\n              <h3 class=\"em-card-title\">Exposition de photographies de nature<\/h3>\n\n              <!-- Tags r\u00e9sum\u00e9s (max 4) -->\n              <div class=\"em-card-tags\">\n                                              <\/div>\n\n              <!-- Champs suppl\u00e9mentaires (max 3) -->\n              <div class=\"em-card-fields\">\n                                  <div class=\"em-card-field\">\n                    <span class=\"em-card-field-label\">Date \/ P\u00e9riode :<\/span>\n                    <span class=\"em-card-field-value\">Variable<\/span>\n                  <\/div>\n                                  <div class=\"em-card-field\">\n                    <span class=\"em-card-field-label\">Lieu (ville) :<\/span>\n                    <span class=\"em-card-field-value\">Galerie locale ou espace public<\/span>\n                  <\/div>\n                                  <div class=\"em-card-field\">\n                    <span class=\"em-card-field-label\">Distance depuis le camping (km) :<\/span>\n                    <span class=\"em-card-field-value\">Moins de 5 km<\/span>\n                  <\/div>\n                              <\/div>\n\n              <!-- Lien vers le d\u00e9tail -->\n              <div class=\"em-card-footer\">\n                <span>Voir le d\u00e9tail<\/span>\n                <svg fill=\"none\" viewBox=\"0 0 24 24\" stroke=\"currentColor\" stroke-width=\"2\"><path stroke-linecap=\"round\" stroke-linejoin=\"round\" d=\"M13.5 4.5L21 12m0 0l-7.5 7.5M21 12H3\"><\/path><\/svg>\n              <\/div>\n            <\/div>\n          <\/article>\n                  <article class=\"em-card\"\n            data-type=\"event\"\n            data-features=\"\"\n            data-name=\"f\u00eate traditionnelle landaise\"\n            data-json=\"{&quot;name&quot;:&quot;F\\u00eate traditionnelle landaise&quot;,&quot;image&quot;:&quot;&quot;,&quot;link&quot;:&quot;&quot;,&quot;data&quot;:{&quot;name&quot;:&quot;F\\u00eate traditionnelle landaise&quot;,&quot;date_period&quot;:&quot;Mi-juillet&quot;,&quot;location&quot;:&quot;Saint-Paul-en-Born&quot;,&quot;distance_km&quot;:&quot;Moins de 5 km&quot;,&quot;description&quot;:&quot;F\\u00eate locale avec musique, danse, et plats traditionnels.&quot;,&quot;type&quot;:&quot;F\\u00eate culturelle&quot;,&quot;comment&quot;:&quot;Inclut d\\u00e9monstrations de m\\u00e9tiers anciens.&quot;,&quot;link&quot;:&quot;&quot;,&quot;image&quot;:&quot;&quot;},&quot;category&quot;:&quot;\\u00c9v\\u00e9nements recommand\\u00e9s&quot;}\">\n\n            <!-- Image + badge cat\u00e9gorie -->\n            <div class=\"em-card-img-wrap\">\n                              <div class=\"em-card-placeholder\">\ud83d\udcf7 Pas d'image<\/div>\n                            <span class=\"em-card-badge badge-event\">\u00c9v\u00e9nements recommand\u00e9s<\/span>\n            <\/div>\n\n            <!-- Contenu de la card -->\n            <div class=\"em-card-body\">\n              <h3 class=\"em-card-title\">F\u00eate traditionnelle landaise<\/h3>\n\n              <!-- Tags r\u00e9sum\u00e9s (max 4) -->\n              <div class=\"em-card-tags\">\n                                              <\/div>\n\n              <!-- Champs suppl\u00e9mentaires (max 3) -->\n              <div class=\"em-card-fields\">\n                                  <div class=\"em-card-field\">\n                    <span class=\"em-card-field-label\">Date \/ P\u00e9riode :<\/span>\n                    <span class=\"em-card-field-value\">Mi-juillet<\/span>\n                  <\/div>\n                                  <div class=\"em-card-field\">\n                    <span class=\"em-card-field-label\">Lieu (ville) :<\/span>\n                    <span class=\"em-card-field-value\">Saint-Paul-en-Born<\/span>\n                  <\/div>\n                                  <div class=\"em-card-field\">\n                    <span class=\"em-card-field-label\">Distance depuis le camping (km) :<\/span>\n                    <span class=\"em-card-field-value\">Moins de 5 km<\/span>\n                  <\/div>\n                              <\/div>\n\n              <!-- Lien vers le d\u00e9tail -->\n              <div class=\"em-card-footer\">\n                <span>Voir le d\u00e9tail<\/span>\n                <svg fill=\"none\" viewBox=\"0 0 24 24\" stroke=\"currentColor\" stroke-width=\"2\"><path stroke-linecap=\"round\" stroke-linejoin=\"round\" d=\"M13.5 4.5L21 12m0 0l-7.5 7.5M21 12H3\"><\/path><\/svg>\n              <\/div>\n            <\/div>\n          <\/article>\n                  <article class=\"em-card\"\n            data-type=\"event\"\n            data-features=\"\"\n            data-name=\"visite guid\u00e9e du parc naturel r\u00e9gional des landes\"\n            data-json=\"{&quot;name&quot;:&quot;Visite guid\\u00e9e du Parc Naturel R\\u00e9gional des Landes&quot;,&quot;image&quot;:&quot;&quot;,&quot;link&quot;:&quot;&quot;,&quot;data&quot;:{&quot;name&quot;:&quot;Visite guid\\u00e9e du Parc Naturel R\\u00e9gional des Landes&quot;,&quot;date_period&quot;:&quot;Variable&quot;,&quot;location&quot;:&quot;Parc Naturel R\\u00e9gional des Landes&quot;,&quot;distance_km&quot;:&quot;Moins de 60 km&quot;,&quot;description&quot;:&quot;Visite guid\\u00e9e pour d\\u00e9couvrir la biodiversit\\u00e9 unique du parc.&quot;,&quot;type&quot;:&quot;Visite guid\\u00e9e&quot;,&quot;comment&quot;:&quot;Inclut observation de la faune et de la flore locales.&quot;,&quot;link&quot;:&quot;&quot;,&quot;image&quot;:&quot;&quot;},&quot;category&quot;:&quot;\\u00c9v\\u00e9nements recommand\\u00e9s&quot;}\">\n\n            <!-- Image + badge cat\u00e9gorie -->\n            <div class=\"em-card-img-wrap\">\n                              <div class=\"em-card-placeholder\">\ud83d\udcf7 Pas d'image<\/div>\n                            <span class=\"em-card-badge badge-event\">\u00c9v\u00e9nements recommand\u00e9s<\/span>\n            <\/div>\n\n            <!-- Contenu de la card -->\n            <div class=\"em-card-body\">\n              <h3 class=\"em-card-title\">Visite guid\u00e9e du Parc Naturel R\u00e9gional des Landes<\/h3>\n\n              <!-- Tags r\u00e9sum\u00e9s (max 4) -->\n              <div class=\"em-card-tags\">\n                                              <\/div>\n\n              <!-- Champs suppl\u00e9mentaires (max 3) -->\n              <div class=\"em-card-fields\">\n                                  <div class=\"em-card-field\">\n                    <span class=\"em-card-field-label\">Date \/ P\u00e9riode :<\/span>\n                    <span class=\"em-card-field-value\">Variable<\/span>\n                  <\/div>\n                                  <div class=\"em-card-field\">\n                    <span class=\"em-card-field-label\">Lieu (ville) :<\/span>\n                    <span class=\"em-card-field-value\">Parc Naturel R\u00e9gional des Landes<\/span>\n                  <\/div>\n                                  <div class=\"em-card-field\">\n                    <span class=\"em-card-field-label\">Distance depuis le camping (km) :<\/span>\n                    <span class=\"em-card-field-value\">Moins de 60 km<\/span>\n                  <\/div>\n                              <\/div>\n\n              <!-- Lien vers le d\u00e9tail -->\n              <div class=\"em-card-footer\">\n                <span>Voir le d\u00e9tail<\/span>\n                <svg fill=\"none\" viewBox=\"0 0 24 24\" stroke=\"currentColor\" stroke-width=\"2\"><path stroke-linecap=\"round\" stroke-linejoin=\"round\" d=\"M13.5 4.5L21 12m0 0l-7.5 7.5M21 12H3\"><\/path><\/svg>\n              <\/div>\n            <\/div>\n          <\/article>\n                  <article class=\"em-card\"\n            data-type=\"event\"\n            data-features=\"\"\n            data-name=\"repair caf\u00e9\"\n            data-json=\"{&quot;name&quot;:&quot;Repair caf\\u00e9&quot;,&quot;image&quot;:&quot;&quot;,&quot;link&quot;:&quot;&quot;,&quot;data&quot;:{&quot;name&quot;:&quot;Repair caf\\u00e9&quot;,&quot;date_period&quot;:&quot;Variable&quot;,&quot;location&quot;:&quot;Saint-Paul-en-Born&quot;,&quot;distance_km&quot;:&quot;Moins de 5 km&quot;,&quot;description&quot;:&quot;Atelier de r\\u00e9paration participatif pour les objets de la vie quotidienne.&quot;,&quot;type&quot;:&quot;Atelier cr\\u00e9atif&quot;,&quot;comment&quot;:&quot;Pour les amateurs de bricolage et de r\\u00e9paration.&quot;,&quot;link&quot;:&quot;&quot;,&quot;image&quot;:&quot;&quot;},&quot;category&quot;:&quot;\\u00c9v\\u00e9nements recommand\\u00e9s&quot;}\">\n\n            <!-- Image + badge cat\u00e9gorie -->\n            <div class=\"em-card-img-wrap\">\n                              <div class=\"em-card-placeholder\">\ud83d\udcf7 Pas d'image<\/div>\n                            <span class=\"em-card-badge badge-event\">\u00c9v\u00e9nements recommand\u00e9s<\/span>\n            <\/div>\n\n            <!-- Contenu de la card -->\n            <div class=\"em-card-body\">\n              <h3 class=\"em-card-title\">Repair caf\u00e9<\/h3>\n\n              <!-- Tags r\u00e9sum\u00e9s (max 4) -->\n              <div class=\"em-card-tags\">\n                                              <\/div>\n\n              <!-- Champs suppl\u00e9mentaires (max 3) -->\n              <div class=\"em-card-fields\">\n                                  <div class=\"em-card-field\">\n                    <span class=\"em-card-field-label\">Date \/ P\u00e9riode :<\/span>\n                    <span class=\"em-card-field-value\">Variable<\/span>\n                  <\/div>\n                                  <div class=\"em-card-field\">\n                    <span class=\"em-card-field-label\">Lieu (ville) :<\/span>\n                    <span class=\"em-card-field-value\">Saint-Paul-en-Born<\/span>\n                  <\/div>\n                                  <div class=\"em-card-field\">\n                    <span class=\"em-card-field-label\">Distance depuis le camping (km) :<\/span>\n                    <span class=\"em-card-field-value\">Moins de 5 km<\/span>\n                  <\/div>\n                              <\/div>\n\n              <!-- Lien vers le d\u00e9tail -->\n              <div class=\"em-card-footer\">\n                <span>Voir le d\u00e9tail<\/span>\n                <svg fill=\"none\" viewBox=\"0 0 24 24\" stroke=\"currentColor\" stroke-width=\"2\"><path stroke-linecap=\"round\" stroke-linejoin=\"round\" d=\"M13.5 4.5L21 12m0 0l-7.5 7.5M21 12H3\"><\/path><\/svg>\n              <\/div>\n            <\/div>\n          <\/article>\n                  <article class=\"em-card\"\n            data-type=\"event\"\n            data-features=\"\"\n            data-name=\"concerts et animations musicales au camping\"\n            data-json=\"{&quot;name&quot;:&quot;Concerts et animations musicales au camping&quot;,&quot;image&quot;:&quot;&quot;,&quot;link&quot;:&quot;https:\\\/\\\/www.camping-laclairiere.fr\\\/fr\\\/camping-animations-saint-paul-en-born\\\/&quot;,&quot;data&quot;:{&quot;name&quot;:&quot;Concerts et animations musicales au camping&quot;,&quot;date_period&quot;:&quot;Juillet et ao\\u00fbt 2025, deux fois par semaine&quot;,&quot;location&quot;:&quot;Camping La Clairi\\u00e8re, Saint-Paul-en-Born&quot;,&quot;distance_km&quot;:&quot;0 km&quot;,&quot;description&quot;:&quot;Soir\\u00e9es anim\\u00e9es musicales propos\\u00e9es aux vacanciers apr\\u00e8s la baignade dans la piscine chauff\\u00e9e, pour partager un moment convivial en famille ou entre amis.&quot;,&quot;type&quot;:&quot;Animation&quot;,&quot;comment&quot;:&quot;Activit\\u00e9 phare directement au camping, favorise l&#039;ambiance conviviale et familiale.&quot;,&quot;link&quot;:&quot;https:\\\/\\\/www.camping-laclairiere.fr\\\/fr\\\/camping-animations-saint-paul-en-born\\\/&quot;,&quot;image&quot;:&quot;&quot;},&quot;category&quot;:&quot;\\u00c9v\\u00e9nements recommand\\u00e9s&quot;}\">\n\n            <!-- Image + badge cat\u00e9gorie -->\n            <div class=\"em-card-img-wrap\">\n                              <div class=\"em-card-placeholder\">\ud83d\udcf7 Pas d'image<\/div>\n                            <span class=\"em-card-badge badge-event\">\u00c9v\u00e9nements recommand\u00e9s<\/span>\n            <\/div>\n\n            <!-- Contenu de la card -->\n            <div class=\"em-card-body\">\n              <h3 class=\"em-card-title\">Concerts et animations musicales au camping<\/h3>\n\n              <!-- Tags r\u00e9sum\u00e9s (max 4) -->\n              <div class=\"em-card-tags\">\n                                              <\/div>\n\n              <!-- Champs suppl\u00e9mentaires (max 3) -->\n              <div class=\"em-card-fields\">\n                                  <div class=\"em-card-field\">\n                    <span class=\"em-card-field-label\">Date \/ P\u00e9riode :<\/span>\n                    <span class=\"em-card-field-value\">Juillet et ao\u00fbt 2025, deux fois par semaine<\/span>\n                  <\/div>\n                                  <div class=\"em-card-field\">\n                    <span class=\"em-card-field-label\">Lieu (ville) :<\/span>\n                    <span class=\"em-card-field-value\">Camping La Clairi\u00e8re, Saint-Paul-en-Born<\/span>\n                  <\/div>\n                                  <div class=\"em-card-field\">\n                    <span class=\"em-card-field-label\">Distance depuis le camping (km) :<\/span>\n                    <span class=\"em-card-field-value\">0 km<\/span>\n                  <\/div>\n                              <\/div>\n\n              <!-- Lien vers le d\u00e9tail -->\n              <div class=\"em-card-footer\">\n                <span>Voir le d\u00e9tail<\/span>\n                <svg fill=\"none\" viewBox=\"0 0 24 24\" stroke=\"currentColor\" stroke-width=\"2\"><path stroke-linecap=\"round\" stroke-linejoin=\"round\" d=\"M13.5 4.5L21 12m0 0l-7.5 7.5M21 12H3\"><\/path><\/svg>\n              <\/div>\n            <\/div>\n          <\/article>\n                  <article class=\"em-card\"\n            data-type=\"event\"\n            data-features=\"\"\n            data-name=\"club enfants avec animations adapt\u00e9es\"\n            data-json=\"{&quot;name&quot;:&quot;Club enfants avec animations adapt\\u00e9es&quot;,&quot;image&quot;:&quot;&quot;,&quot;link&quot;:&quot;https:\\\/\\\/www.camping-laclairiere.fr\\\/fr\\\/camping-animations-saint-paul-en-born\\\/&quot;,&quot;data&quot;:{&quot;name&quot;:&quot;Club enfants avec animations adapt\\u00e9es&quot;,&quot;date_period&quot;:&quot;Saison estivale 2025&quot;,&quot;location&quot;:&quot;Camping La Clairi\\u00e8re&quot;,&quot;distance_km&quot;:&quot;0 km&quot;,&quot;description&quot;:&quot;Activit\\u00e9s sportives, ludiques et cr\\u00e9atives organis\\u00e9es pour les enfants selon les tranches d&#039;\\u00e2ge (4-7 ans, 8-11 ans, 12-17 ans), \\u00e9galement activit\\u00e9s pour adultes.&quot;,&quot;type&quot;:&quot;Animation&quot;,&quot;comment&quot;:&quot;Am\\u00e9nagement d\\u00e9di\\u00e9 aux familles avec enfants au sein du camping.&quot;,&quot;link&quot;:&quot;https:\\\/\\\/www.camping-laclairiere.fr\\\/fr\\\/camping-animations-saint-paul-en-born\\\/&quot;,&quot;image&quot;:&quot;&quot;},&quot;category&quot;:&quot;\\u00c9v\\u00e9nements recommand\\u00e9s&quot;}\">\n\n            <!-- Image + badge cat\u00e9gorie -->\n            <div class=\"em-card-img-wrap\">\n                              <div class=\"em-card-placeholder\">\ud83d\udcf7 Pas d'image<\/div>\n                            <span class=\"em-card-badge badge-event\">\u00c9v\u00e9nements recommand\u00e9s<\/span>\n            <\/div>\n\n            <!-- Contenu de la card -->\n            <div class=\"em-card-body\">\n              <h3 class=\"em-card-title\">Club enfants avec animations adapt\u00e9es<\/h3>\n\n              <!-- Tags r\u00e9sum\u00e9s (max 4) -->\n              <div class=\"em-card-tags\">\n                                              <\/div>\n\n              <!-- Champs suppl\u00e9mentaires (max 3) -->\n              <div class=\"em-card-fields\">\n                                  <div class=\"em-card-field\">\n                    <span class=\"em-card-field-label\">Date \/ P\u00e9riode :<\/span>\n                    <span class=\"em-card-field-value\">Saison estivale 2025<\/span>\n                  <\/div>\n                                  <div class=\"em-card-field\">\n                    <span class=\"em-card-field-label\">Lieu (ville) :<\/span>\n                    <span class=\"em-card-field-value\">Camping La Clairi\u00e8re<\/span>\n                  <\/div>\n                                  <div class=\"em-card-field\">\n                    <span class=\"em-card-field-label\">Distance depuis le camping (km) :<\/span>\n                    <span class=\"em-card-field-value\">0 km<\/span>\n                  <\/div>\n                              <\/div>\n\n              <!-- Lien vers le d\u00e9tail -->\n              <div class=\"em-card-footer\">\n                <span>Voir le d\u00e9tail<\/span>\n                <svg fill=\"none\" viewBox=\"0 0 24 24\" stroke=\"currentColor\" stroke-width=\"2\"><path stroke-linecap=\"round\" stroke-linejoin=\"round\" d=\"M13.5 4.5L21 12m0 0l-7.5 7.5M21 12H3\"><\/path><\/svg>\n              <\/div>\n            <\/div>\n          <\/article>\n                  <article class=\"em-card\"\n            data-type=\"event\"\n            data-features=\"\"\n            data-name=\"balade le long de la v\u00e9lodys\u00e9e\"\n            data-json=\"{&quot;name&quot;:&quot;Balade le long de la V\\u00e9lodys\\u00e9e&quot;,&quot;image&quot;:&quot;&quot;,&quot;link&quot;:&quot;https:\\\/\\\/www.camping-laclairiere.fr\\\/fr\\\/&quot;,&quot;data&quot;:{&quot;name&quot;:&quot;Balade le long de la V\\u00e9lodys\\u00e9e&quot;,&quot;date_period&quot;:&quot;Toute l&#039;ann\\u00e9e&quot;,&quot;location&quot;:&quot;Proche Camping La Clairi\\u00e8re, Saint-Paul-en-Born&quot;,&quot;distance_km&quot;:&quot;\\u00c0 proximit\\u00e9 imm\\u00e9diate&quot;,&quot;description&quot;:&quot;Parcours cyclable longeant la c\\u00f4te Atlantique accessible depuis le camping, id\\u00e9al pour randonneurs et cyclistes.&quot;,&quot;type&quot;:&quot;Activit\\u00e9 ext\\u00e9rieure&quot;,&quot;comment&quot;:&quot;Lien direct avec le camping, convient aux amateurs de v\\u00e9lo et grands espaces.&quot;,&quot;link&quot;:&quot;https:\\\/\\\/www.camping-laclairiere.fr\\\/fr\\\/&quot;,&quot;image&quot;:&quot;&quot;},&quot;category&quot;:&quot;\\u00c9v\\u00e9nements recommand\\u00e9s&quot;}\">\n\n            <!-- Image + badge cat\u00e9gorie -->\n            <div class=\"em-card-img-wrap\">\n                              <div class=\"em-card-placeholder\">\ud83d\udcf7 Pas d'image<\/div>\n                            <span class=\"em-card-badge badge-event\">\u00c9v\u00e9nements recommand\u00e9s<\/span>\n            <\/div>\n\n            <!-- Contenu de la card -->\n            <div class=\"em-card-body\">\n              <h3 class=\"em-card-title\">Balade le long de la V\u00e9lodys\u00e9e<\/h3>\n\n              <!-- Tags r\u00e9sum\u00e9s (max 4) -->\n              <div class=\"em-card-tags\">\n                                              <\/div>\n\n              <!-- Champs suppl\u00e9mentaires (max 3) -->\n              <div class=\"em-card-fields\">\n                                  <div class=\"em-card-field\">\n                    <span class=\"em-card-field-label\">Date \/ P\u00e9riode :<\/span>\n                    <span class=\"em-card-field-value\">Toute l&#039;ann\u00e9e<\/span>\n                  <\/div>\n                                  <div class=\"em-card-field\">\n                    <span class=\"em-card-field-label\">Lieu (ville) :<\/span>\n                    <span class=\"em-card-field-value\">Proche Camping La Clairi\u00e8re, Saint-Paul-en-Born<\/span>\n                  <\/div>\n                                  <div class=\"em-card-field\">\n                    <span class=\"em-card-field-label\">Distance depuis le camping (km) :<\/span>\n                    <span class=\"em-card-field-value\">\u00c0 proximit\u00e9 imm\u00e9diate<\/span>\n                  <\/div>\n                              <\/div>\n\n              <!-- Lien vers le d\u00e9tail -->\n              <div class=\"em-card-footer\">\n                <span>Voir le d\u00e9tail<\/span>\n                <svg fill=\"none\" viewBox=\"0 0 24 24\" stroke=\"currentColor\" stroke-width=\"2\"><path stroke-linecap=\"round\" stroke-linejoin=\"round\" d=\"M13.5 4.5L21 12m0 0l-7.5 7.5M21 12H3\"><\/path><\/svg>\n              <\/div>\n            <\/div>\n          <\/article>\n                  <article class=\"em-card\"\n            data-type=\"event\"\n            data-features=\"\"\n            data-name=\"randonn\u00e9e p\u00e9destre sur le chemin de saint-jacques-de-compostelle\"\n            data-json=\"{&quot;name&quot;:&quot;Randonn\\u00e9e p\\u00e9destre sur le chemin de Saint-Jacques-de-Compostelle&quot;,&quot;image&quot;:&quot;&quot;,&quot;link&quot;:&quot;https:\\\/\\\/www.camping-laclairiere.fr\\\/fr\\\/&quot;,&quot;data&quot;:{&quot;name&quot;:&quot;Randonn\\u00e9e p\\u00e9destre sur le chemin de Saint-Jacques-de-Compostelle&quot;,&quot;date_period&quot;:&quot;Toute l&#039;ann\\u00e9e&quot;,&quot;location&quot;:&quot;D\\u00e9part proche du camping&quot;,&quot;distance_km&quot;:&quot;Environ 1 km&quot;,&quot;description&quot;:&quot;Itin\\u00e9raire de randonn\\u00e9e pour d\\u00e9couvrir le patrimoine naturel et culturel au d\\u00e9part de Saint-Paul-en-Born.&quot;,&quot;type&quot;:&quot;Activit\\u00e9 ext\\u00e9rieure&quot;,&quot;comment&quot;:&quot;Id\\u00e9al pour amateurs de randonn\\u00e9e et d\\u2019histoire, accessible depuis le camping.&quot;,&quot;link&quot;:&quot;https:\\\/\\\/www.camping-laclairiere.fr\\\/fr\\\/&quot;,&quot;image&quot;:&quot;&quot;},&quot;category&quot;:&quot;\\u00c9v\\u00e9nements recommand\\u00e9s&quot;}\">\n\n            <!-- Image + badge cat\u00e9gorie -->\n            <div class=\"em-card-img-wrap\">\n                              <div class=\"em-card-placeholder\">\ud83d\udcf7 Pas d'image<\/div>\n                            <span class=\"em-card-badge badge-event\">\u00c9v\u00e9nements recommand\u00e9s<\/span>\n            <\/div>\n\n            <!-- Contenu de la card -->\n            <div class=\"em-card-body\">\n              <h3 class=\"em-card-title\">Randonn\u00e9e p\u00e9destre sur le chemin de Saint-Jacques-de-Compostelle<\/h3>\n\n              <!-- Tags r\u00e9sum\u00e9s (max 4) -->\n              <div class=\"em-card-tags\">\n                                              <\/div>\n\n              <!-- Champs suppl\u00e9mentaires (max 3) -->\n              <div class=\"em-card-fields\">\n                                  <div class=\"em-card-field\">\n                    <span class=\"em-card-field-label\">Date \/ P\u00e9riode :<\/span>\n                    <span class=\"em-card-field-value\">Toute l&#039;ann\u00e9e<\/span>\n                  <\/div>\n                                  <div class=\"em-card-field\">\n                    <span class=\"em-card-field-label\">Lieu (ville) :<\/span>\n                    <span class=\"em-card-field-value\">D\u00e9part proche du camping<\/span>\n                  <\/div>\n                                  <div class=\"em-card-field\">\n                    <span class=\"em-card-field-label\">Distance depuis le camping (km) :<\/span>\n                    <span class=\"em-card-field-value\">Environ 1 km<\/span>\n                  <\/div>\n                              <\/div>\n\n              <!-- Lien vers le d\u00e9tail -->\n              <div class=\"em-card-footer\">\n                <span>Voir le d\u00e9tail<\/span>\n                <svg fill=\"none\" viewBox=\"0 0 24 24\" stroke=\"currentColor\" stroke-width=\"2\"><path stroke-linecap=\"round\" stroke-linejoin=\"round\" d=\"M13.5 4.5L21 12m0 0l-7.5 7.5M21 12H3\"><\/path><\/svg>\n              <\/div>\n            <\/div>\n          <\/article>\n                  <article class=\"em-card\"\n            data-type=\"event\"\n            data-features=\"\"\n            data-name=\"animation et jeux au city stade\"\n            data-json=\"{&quot;name&quot;:&quot;Animation et jeux au city stade&quot;,&quot;image&quot;:&quot;&quot;,&quot;link&quot;:&quot;https:\\\/\\\/www.camping-laclairiere.fr\\\/fr\\\/&quot;,&quot;data&quot;:{&quot;name&quot;:&quot;Animation et jeux au city stade&quot;,&quot;date_period&quot;:&quot;Saison estivale&quot;,&quot;location&quot;:&quot;\\u00c0 1 km du camping&quot;,&quot;distance_km&quot;:&quot;1 km&quot;,&quot;description&quot;:&quot;Animations sportives familiales avec diverses activit\\u00e9s ludiques sur le city stade proche du camping.&quot;,&quot;type&quot;:&quot;Animation&quot;,&quot;comment&quot;:&quot;Compl\\u00e9ment id\\u00e9al aux services du camping pour les activit\\u00e9s sportives.&quot;,&quot;link&quot;:&quot;https:\\\/\\\/www.camping-laclairiere.fr\\\/fr\\\/&quot;,&quot;image&quot;:&quot;&quot;},&quot;category&quot;:&quot;\\u00c9v\\u00e9nements recommand\\u00e9s&quot;}\">\n\n            <!-- Image + badge cat\u00e9gorie -->\n            <div class=\"em-card-img-wrap\">\n                              <div class=\"em-card-placeholder\">\ud83d\udcf7 Pas d'image<\/div>\n                            <span class=\"em-card-badge badge-event\">\u00c9v\u00e9nements recommand\u00e9s<\/span>\n            <\/div>\n\n            <!-- Contenu de la card -->\n            <div class=\"em-card-body\">\n              <h3 class=\"em-card-title\">Animation et jeux au city stade<\/h3>\n\n              <!-- Tags r\u00e9sum\u00e9s (max 4) -->\n              <div class=\"em-card-tags\">\n                                              <\/div>\n\n              <!-- Champs suppl\u00e9mentaires (max 3) -->\n              <div class=\"em-card-fields\">\n                                  <div class=\"em-card-field\">\n                    <span class=\"em-card-field-label\">Date \/ P\u00e9riode :<\/span>\n                    <span class=\"em-card-field-value\">Saison estivale<\/span>\n                  <\/div>\n                                  <div class=\"em-card-field\">\n                    <span class=\"em-card-field-label\">Lieu (ville) :<\/span>\n                    <span class=\"em-card-field-value\">\u00c0 1 km du camping<\/span>\n                  <\/div>\n                                  <div class=\"em-card-field\">\n                    <span class=\"em-card-field-label\">Distance depuis le camping (km) :<\/span>\n                    <span class=\"em-card-field-value\">1 km<\/span>\n                  <\/div>\n                              <\/div>\n\n              <!-- Lien vers le d\u00e9tail -->\n              <div class=\"em-card-footer\">\n                <span>Voir le d\u00e9tail<\/span>\n                <svg fill=\"none\" viewBox=\"0 0 24 24\" stroke=\"currentColor\" stroke-width=\"2\"><path stroke-linecap=\"round\" stroke-linejoin=\"round\" d=\"M13.5 4.5L21 12m0 0l-7.5 7.5M21 12H3\"><\/path><\/svg>\n              <\/div>\n            <\/div>\n          <\/article>\n                  <article class=\"em-card\"\n            data-type=\"event\"\n            data-features=\"\"\n            data-name=\"soir\u00e9es barbecue conviviaux au camping\"\n            data-json=\"{&quot;name&quot;:&quot;Soir\\u00e9es barbecue conviviaux au camping&quot;,&quot;image&quot;:&quot;&quot;,&quot;link&quot;:&quot;https:\\\/\\\/www.camping-laclairiere.fr\\\/fr\\\/&quot;,&quot;data&quot;:{&quot;name&quot;:&quot;Soir\\u00e9es barbecue conviviaux au camping&quot;,&quot;date_period&quot;:&quot;P\\u00e9riode estivale&quot;,&quot;location&quot;:&quot;Camping La Clairi\\u00e8re&quot;,&quot;distance_km&quot;:&quot;0 km&quot;,&quot;description&quot;:&quot;Soir\\u00e9es barbecue organis\\u00e9es permettant aux vacanciers de partager un repas convivial en plein air.&quot;,&quot;type&quot;:&quot;Animation&quot;,&quot;comment&quot;:&quot;Moment de convivialit\\u00e9 et d\\u00e9tente en soir\\u00e9e sur le site m\\u00eame du camping.&quot;,&quot;link&quot;:&quot;https:\\\/\\\/www.camping-laclairiere.fr\\\/fr\\\/&quot;,&quot;image&quot;:&quot;&quot;},&quot;category&quot;:&quot;\\u00c9v\\u00e9nements recommand\\u00e9s&quot;}\">\n\n            <!-- Image + badge cat\u00e9gorie -->\n            <div class=\"em-card-img-wrap\">\n                              <div class=\"em-card-placeholder\">\ud83d\udcf7 Pas d'image<\/div>\n                            <span class=\"em-card-badge badge-event\">\u00c9v\u00e9nements recommand\u00e9s<\/span>\n            <\/div>\n\n            <!-- Contenu de la card -->\n            <div class=\"em-card-body\">\n              <h3 class=\"em-card-title\">Soir\u00e9es barbecue conviviaux au camping<\/h3>\n\n              <!-- Tags r\u00e9sum\u00e9s (max 4) -->\n              <div class=\"em-card-tags\">\n                                              <\/div>\n\n              <!-- Champs suppl\u00e9mentaires (max 3) -->\n              <div class=\"em-card-fields\">\n                                  <div class=\"em-card-field\">\n                    <span class=\"em-card-field-label\">Date \/ P\u00e9riode :<\/span>\n                    <span class=\"em-card-field-value\">P\u00e9riode estivale<\/span>\n                  <\/div>\n                                  <div class=\"em-card-field\">\n                    <span class=\"em-card-field-label\">Lieu (ville) :<\/span>\n                    <span class=\"em-card-field-value\">Camping La Clairi\u00e8re<\/span>\n                  <\/div>\n                                  <div class=\"em-card-field\">\n                    <span class=\"em-card-field-label\">Distance depuis le camping (km) :<\/span>\n                    <span class=\"em-card-field-value\">0 km<\/span>\n                  <\/div>\n                              <\/div>\n\n              <!-- Lien vers le d\u00e9tail -->\n              <div class=\"em-card-footer\">\n                <span>Voir le d\u00e9tail<\/span>\n                <svg fill=\"none\" viewBox=\"0 0 24 24\" stroke=\"currentColor\" stroke-width=\"2\"><path stroke-linecap=\"round\" stroke-linejoin=\"round\" d=\"M13.5 4.5L21 12m0 0l-7.5 7.5M21 12H3\"><\/path><\/svg>\n              <\/div>\n            <\/div>\n          <\/article>\n                  <article class=\"em-card\"\n            data-type=\"event\"\n            data-features=\"\"\n            data-name=\"location de v\u00e9los et vtt\"\n            data-json=\"{&quot;name&quot;:&quot;Location de v\\u00e9los et VTT&quot;,&quot;image&quot;:&quot;&quot;,&quot;link&quot;:&quot;https:\\\/\\\/www.camping-laclairiere.fr\\\/fr\\\/&quot;,&quot;data&quot;:{&quot;name&quot;:&quot;Location de v\\u00e9los et VTT&quot;,&quot;date_period&quot;:&quot;Toute la saison&quot;,&quot;location&quot;:&quot;Camping La Clairi\\u00e8re&quot;,&quot;distance_km&quot;:&quot;0 km&quot;,&quot;description&quot;:&quot;Service de location permettant de d\\u00e9couvrir les environs en v\\u00e9lo ou VTT, incluant la d\\u00e9couverte de pistes cyclables proches.&quot;,&quot;type&quot;:&quot;Service et activit\\u00e9 ext\\u00e9rieure&quot;,&quot;comment&quot;:&quot;Facilite les excursions et balades nature autour du camping.&quot;,&quot;link&quot;:&quot;https:\\\/\\\/www.camping-laclairiere.fr\\\/fr\\\/&quot;,&quot;image&quot;:&quot;&quot;},&quot;category&quot;:&quot;\\u00c9v\\u00e9nements recommand\\u00e9s&quot;}\">\n\n            <!-- Image + badge cat\u00e9gorie -->\n            <div class=\"em-card-img-wrap\">\n                              <div class=\"em-card-placeholder\">\ud83d\udcf7 Pas d'image<\/div>\n                            <span class=\"em-card-badge badge-event\">\u00c9v\u00e9nements recommand\u00e9s<\/span>\n            <\/div>\n\n            <!-- Contenu de la card -->\n            <div class=\"em-card-body\">\n              <h3 class=\"em-card-title\">Location de v\u00e9los et VTT<\/h3>\n\n              <!-- Tags r\u00e9sum\u00e9s (max 4) -->\n              <div class=\"em-card-tags\">\n                                              <\/div>\n\n              <!-- Champs suppl\u00e9mentaires (max 3) -->\n              <div class=\"em-card-fields\">\n                                  <div class=\"em-card-field\">\n                    <span class=\"em-card-field-label\">Date \/ P\u00e9riode :<\/span>\n                    <span class=\"em-card-field-value\">Toute la saison<\/span>\n                  <\/div>\n                                  <div class=\"em-card-field\">\n                    <span class=\"em-card-field-label\">Lieu (ville) :<\/span>\n                    <span class=\"em-card-field-value\">Camping La Clairi\u00e8re<\/span>\n                  <\/div>\n                                  <div class=\"em-card-field\">\n                    <span class=\"em-card-field-label\">Distance depuis le camping (km) :<\/span>\n                    <span class=\"em-card-field-value\">0 km<\/span>\n                  <\/div>\n                              <\/div>\n\n              <!-- Lien vers le d\u00e9tail -->\n              <div class=\"em-card-footer\">\n                <span>Voir le d\u00e9tail<\/span>\n                <svg fill=\"none\" viewBox=\"0 0 24 24\" stroke=\"currentColor\" stroke-width=\"2\"><path stroke-linecap=\"round\" stroke-linejoin=\"round\" d=\"M13.5 4.5L21 12m0 0l-7.5 7.5M21 12H3\"><\/path><\/svg>\n              <\/div>\n            <\/div>\n          <\/article>\n                  <article class=\"em-card\"\n            data-type=\"event\"\n            data-features=\"\"\n            data-name=\"p\u00eache au bord de la rivi\u00e8re\"\n            data-json=\"{&quot;name&quot;:&quot;P\\u00eache au bord de la rivi\\u00e8re&quot;,&quot;image&quot;:&quot;&quot;,&quot;link&quot;:&quot;https:\\\/\\\/www.mimizan-tourisme.com\\\/offres\\\/camping-la-clairiere-saint-paul-en-born-fr-5029435\\\/&quot;,&quot;data&quot;:{&quot;name&quot;:&quot;P\\u00eache au bord de la rivi\\u00e8re&quot;,&quot;date_period&quot;:&quot;Saison estivale&quot;,&quot;location&quot;:&quot;Au camping et environs proches&quot;,&quot;distance_km&quot;:&quot;0 km&quot;,&quot;description&quot;:&quot;Activit\\u00e9 de p\\u00eache possible sur le site du camping, proche de la rivi\\u00e8re, adapt\\u00e9e aux familles et amateurs de nature.&quot;,&quot;type&quot;:&quot;Activit\\u00e9 ext\\u00e9rieure&quot;,&quot;comment&quot;:&quot;Permet d\\u00e9tente et loisir p\\u00eache dans un cadre naturel pr\\u00e9serv\\u00e9.&quot;,&quot;link&quot;:&quot;https:\\\/\\\/www.mimizan-tourisme.com\\\/offres\\\/camping-la-clairiere-saint-paul-en-born-fr-5029435\\\/&quot;,&quot;image&quot;:&quot;&quot;},&quot;category&quot;:&quot;\\u00c9v\\u00e9nements recommand\\u00e9s&quot;}\">\n\n            <!-- Image + badge cat\u00e9gorie -->\n            <div class=\"em-card-img-wrap\">\n                              <div class=\"em-card-placeholder\">\ud83d\udcf7 Pas d'image<\/div>\n                            <span class=\"em-card-badge badge-event\">\u00c9v\u00e9nements recommand\u00e9s<\/span>\n            <\/div>\n\n            <!-- Contenu de la card -->\n            <div class=\"em-card-body\">\n              <h3 class=\"em-card-title\">P\u00eache au bord de la rivi\u00e8re<\/h3>\n\n              <!-- Tags r\u00e9sum\u00e9s (max 4) -->\n              <div class=\"em-card-tags\">\n                                              <\/div>\n\n              <!-- Champs suppl\u00e9mentaires (max 3) -->\n              <div class=\"em-card-fields\">\n                                  <div class=\"em-card-field\">\n                    <span class=\"em-card-field-label\">Date \/ P\u00e9riode :<\/span>\n                    <span class=\"em-card-field-value\">Saison estivale<\/span>\n                  <\/div>\n                                  <div class=\"em-card-field\">\n                    <span class=\"em-card-field-label\">Lieu (ville) :<\/span>\n                    <span class=\"em-card-field-value\">Au camping et environs proches<\/span>\n                  <\/div>\n                                  <div class=\"em-card-field\">\n                    <span class=\"em-card-field-label\">Distance depuis le camping (km) :<\/span>\n                    <span class=\"em-card-field-value\">0 km<\/span>\n                  <\/div>\n                              <\/div>\n\n              <!-- Lien vers le d\u00e9tail -->\n              <div class=\"em-card-footer\">\n                <span>Voir le d\u00e9tail<\/span>\n                <svg fill=\"none\" viewBox=\"0 0 24 24\" stroke=\"currentColor\" stroke-width=\"2\"><path stroke-linecap=\"round\" stroke-linejoin=\"round\" d=\"M13.5 4.5L21 12m0 0l-7.5 7.5M21 12H3\"><\/path><\/svg>\n              <\/div>\n            <\/div>\n          <\/article>\n                  <article class=\"em-card\"\n            data-type=\"event\"\n            data-features=\"\"\n            data-name=\"piscine chauff\u00e9e avec pataugeoire\"\n            data-json=\"{&quot;name&quot;:&quot;Piscine chauff\\u00e9e avec pataugeoire&quot;,&quot;image&quot;:&quot;&quot;,&quot;link&quot;:&quot;https:\\\/\\\/www.mimizan-tourisme.com\\\/offres\\\/camping-la-clairiere-saint-paul-en-born-fr-5029435\\\/&quot;,&quot;data&quot;:{&quot;name&quot;:&quot;Piscine chauff\\u00e9e avec pataugeoire&quot;,&quot;date_period&quot;:&quot;Ouverture du camping : avril \\u00e0 septembre 2025&quot;,&quot;location&quot;:&quot;Camping La Clairi\\u00e8re&quot;,&quot;distance_km&quot;:&quot;0 km&quot;,&quot;description&quot;:&quot;Piscine de 160 m\\u00b2 chauff\\u00e9e avec pataugeoire, id\\u00e9ale pour petits et grands pour la baignade et le jeu aquatique.&quot;,&quot;type&quot;:&quot;Installation&quot;,&quot;comment&quot;:&quot;Atout majeur du camping pour le confort et loisirs aquatiques des vacanciers.&quot;,&quot;link&quot;:&quot;https:\\\/\\\/www.mimizan-tourisme.com\\\/offres\\\/camping-la-clairiere-saint-paul-en-born-fr-5029435\\\/&quot;,&quot;image&quot;:&quot;&quot;},&quot;category&quot;:&quot;\\u00c9v\\u00e9nements recommand\\u00e9s&quot;}\">\n\n            <!-- Image + badge cat\u00e9gorie -->\n            <div class=\"em-card-img-wrap\">\n                              <div class=\"em-card-placeholder\">\ud83d\udcf7 Pas d'image<\/div>\n                            <span class=\"em-card-badge badge-event\">\u00c9v\u00e9nements recommand\u00e9s<\/span>\n            <\/div>\n\n            <!-- Contenu de la card -->\n            <div class=\"em-card-body\">\n              <h3 class=\"em-card-title\">Piscine chauff\u00e9e avec pataugeoire<\/h3>\n\n              <!-- Tags r\u00e9sum\u00e9s (max 4) -->\n              <div class=\"em-card-tags\">\n                                              <\/div>\n\n              <!-- Champs suppl\u00e9mentaires (max 3) -->\n              <div class=\"em-card-fields\">\n                                  <div class=\"em-card-field\">\n                    <span class=\"em-card-field-label\">Date \/ P\u00e9riode :<\/span>\n                    <span class=\"em-card-field-value\">Ouverture du camping : avril \u00e0 septembre 2025<\/span>\n                  <\/div>\n                                  <div class=\"em-card-field\">\n                    <span class=\"em-card-field-label\">Lieu (ville) :<\/span>\n                    <span class=\"em-card-field-value\">Camping La Clairi\u00e8re<\/span>\n                  <\/div>\n                                  <div class=\"em-card-field\">\n                    <span class=\"em-card-field-label\">Distance depuis le camping (km) :<\/span>\n                    <span class=\"em-card-field-value\">0 km<\/span>\n                  <\/div>\n                              <\/div>\n\n              <!-- Lien vers le d\u00e9tail -->\n              <div class=\"em-card-footer\">\n                <span>Voir le d\u00e9tail<\/span>\n                <svg fill=\"none\" viewBox=\"0 0 24 24\" stroke=\"currentColor\" stroke-width=\"2\"><path stroke-linecap=\"round\" stroke-linejoin=\"round\" d=\"M13.5 4.5L21 12m0 0l-7.5 7.5M21 12H3\"><\/path><\/svg>\n              <\/div>\n            <\/div>\n          <\/article>\n                  <article class=\"em-card\"\n            data-type=\"event\"\n            data-features=\"\"\n            data-name=\"club enfants avec mini club et activit\u00e9s ludiques\"\n            data-json=\"{&quot;name&quot;:&quot;Club enfants avec mini club et activit\\u00e9s ludiques&quot;,&quot;image&quot;:&quot;&quot;,&quot;link&quot;:&quot;https:\\\/\\\/fr.camping-and-co.com\\\/camping-la-clairiere-saint-paul-en-born&quot;,&quot;data&quot;:{&quot;name&quot;:&quot;Club enfants avec mini club et activit\\u00e9s ludiques&quot;,&quot;date_period&quot;:&quot;Haute saison 2025&quot;,&quot;location&quot;:&quot;Camping La Clairi\\u00e8re&quot;,&quot;distance_km&quot;:&quot;0 km&quot;,&quot;description&quot;:&quot;Mini club proposant ateliers et activit\\u00e9s pour enfants, avec jeux aquatiques et aire de jeux sur place.&quot;,&quot;type&quot;:&quot;Animation&quot;,&quot;comment&quot;:&quot;Destin\\u00e9 aux jeunes vacanciers avec encadrement et animations sp\\u00e9cifiques.&quot;,&quot;link&quot;:&quot;https:\\\/\\\/fr.camping-and-co.com\\\/camping-la-clairiere-saint-paul-en-born&quot;,&quot;image&quot;:&quot;&quot;},&quot;category&quot;:&quot;\\u00c9v\\u00e9nements recommand\\u00e9s&quot;}\">\n\n            <!-- Image + badge cat\u00e9gorie -->\n            <div class=\"em-card-img-wrap\">\n                              <div class=\"em-card-placeholder\">\ud83d\udcf7 Pas d'image<\/div>\n                            <span class=\"em-card-badge badge-event\">\u00c9v\u00e9nements recommand\u00e9s<\/span>\n            <\/div>\n\n            <!-- Contenu de la card -->\n            <div class=\"em-card-body\">\n              <h3 class=\"em-card-title\">Club enfants avec mini club et activit\u00e9s ludiques<\/h3>\n\n              <!-- Tags r\u00e9sum\u00e9s (max 4) -->\n              <div class=\"em-card-tags\">\n                                              <\/div>\n\n              <!-- Champs suppl\u00e9mentaires (max 3) -->\n              <div class=\"em-card-fields\">\n                                  <div class=\"em-card-field\">\n                    <span class=\"em-card-field-label\">Date \/ P\u00e9riode :<\/span>\n                    <span class=\"em-card-field-value\">Haute saison 2025<\/span>\n                  <\/div>\n                                  <div class=\"em-card-field\">\n                    <span class=\"em-card-field-label\">Lieu (ville) :<\/span>\n                    <span class=\"em-card-field-value\">Camping La Clairi\u00e8re<\/span>\n                  <\/div>\n                                  <div class=\"em-card-field\">\n                    <span class=\"em-card-field-label\">Distance depuis le camping (km) :<\/span>\n                    <span class=\"em-card-field-value\">0 km<\/span>\n                  <\/div>\n                              <\/div>\n\n              <!-- Lien vers le d\u00e9tail -->\n              <div class=\"em-card-footer\">\n                <span>Voir le d\u00e9tail<\/span>\n                <svg fill=\"none\" viewBox=\"0 0 24 24\" stroke=\"currentColor\" stroke-width=\"2\"><path stroke-linecap=\"round\" stroke-linejoin=\"round\" d=\"M13.5 4.5L21 12m0 0l-7.5 7.5M21 12H3\"><\/path><\/svg>\n              <\/div>\n            <\/div>\n          <\/article>\n                  <article class=\"em-card\"\n            data-type=\"event\"\n            data-features=\"\"\n            data-name=\"march\u00e9 nocturne artisanal et gastronomique\"\n            data-json=\"{&quot;name&quot;:&quot;March\\u00e9 nocturne artisanal et gastronomique&quot;,&quot;image&quot;:&quot;&quot;,&quot;link&quot;:&quot;https:\\\/\\\/www.guide-des-landes.com\\\/fr\\\/tourisme\\\/se-loger\\\/campings\\\/campings-mobil-homes\\\/saint-paul-en-born-275\\\/camping-la-clairiere-691.html&quot;,&quot;data&quot;:{&quot;name&quot;:&quot;March\\u00e9 nocturne artisanal et gastronomique&quot;,&quot;date_period&quot;:&quot;\\u00c9t\\u00e9s 2025&quot;,&quot;location&quot;:&quot;Saint-Paul-en-Born&quot;,&quot;distance_km&quot;:&quot;1-2 km&quot;,&quot;description&quot;:&quot;March\\u00e9 nocturne proposant produits artisanaux et sp\\u00e9cialit\\u00e9s locales, accessible en proximit\\u00e9 du camping.&quot;,&quot;type&quot;:&quot;\\u00c9v\\u00e9nement local&quot;,&quot;comment&quot;:&quot;Offre culturelle et gastronomique \\u00e0 d\\u00e9couvrir pour les vacanciers.&quot;,&quot;link&quot;:&quot;https:\\\/\\\/www.guide-des-landes.com\\\/fr\\\/tourisme\\\/se-loger\\\/campings\\\/campings-mobil-homes\\\/saint-paul-en-born-275\\\/camping-la-clairiere-691.html&quot;,&quot;image&quot;:&quot;&quot;},&quot;category&quot;:&quot;\\u00c9v\\u00e9nements recommand\\u00e9s&quot;}\">\n\n            <!-- Image + badge cat\u00e9gorie -->\n            <div class=\"em-card-img-wrap\">\n                              <div class=\"em-card-placeholder\">\ud83d\udcf7 Pas d'image<\/div>\n                            <span class=\"em-card-badge badge-event\">\u00c9v\u00e9nements recommand\u00e9s<\/span>\n            <\/div>\n\n            <!-- Contenu de la card -->\n            <div class=\"em-card-body\">\n              <h3 class=\"em-card-title\">March\u00e9 nocturne artisanal et gastronomique<\/h3>\n\n              <!-- Tags r\u00e9sum\u00e9s (max 4) -->\n              <div class=\"em-card-tags\">\n                                              <\/div>\n\n              <!-- Champs suppl\u00e9mentaires (max 3) -->\n              <div class=\"em-card-fields\">\n                                  <div class=\"em-card-field\">\n                    <span class=\"em-card-field-label\">Date \/ P\u00e9riode :<\/span>\n                    <span class=\"em-card-field-value\">\u00c9t\u00e9s 2025<\/span>\n                  <\/div>\n                                  <div class=\"em-card-field\">\n                    <span class=\"em-card-field-label\">Lieu (ville) :<\/span>\n                    <span class=\"em-card-field-value\">Saint-Paul-en-Born<\/span>\n                  <\/div>\n                                  <div class=\"em-card-field\">\n                    <span class=\"em-card-field-label\">Distance depuis le camping (km) :<\/span>\n                    <span class=\"em-card-field-value\">1-2 km<\/span>\n                  <\/div>\n                              <\/div>\n\n              <!-- Lien vers le d\u00e9tail -->\n              <div class=\"em-card-footer\">\n                <span>Voir le d\u00e9tail<\/span>\n                <svg fill=\"none\" viewBox=\"0 0 24 24\" stroke=\"currentColor\" stroke-width=\"2\"><path stroke-linecap=\"round\" stroke-linejoin=\"round\" d=\"M13.5 4.5L21 12m0 0l-7.5 7.5M21 12H3\"><\/path><\/svg>\n              <\/div>\n            <\/div>\n          <\/article>\n                  <article class=\"em-card\"\n            data-type=\"event\"\n            data-features=\"\"\n            data-name=\"f\u00eates traditionnelles de saint-paul-en-born\"\n            data-json=\"{&quot;name&quot;:&quot;F\\u00eates traditionnelles de Saint-Paul-en-Born&quot;,&quot;image&quot;:&quot;&quot;,&quot;link&quot;:&quot;https:\\\/\\\/www.guide-des-landes.com\\\/fr\\\/tourisme\\\/se-loger\\\/campings\\\/campings-mobil-homes\\\/saint-paul-en-born-275\\\/camping-la-clairiere-691.html&quot;,&quot;data&quot;:{&quot;name&quot;:&quot;F\\u00eates traditionnelles de Saint-Paul-en-Born&quot;,&quot;date_period&quot;:&quot;Saison estivale 2025&quot;,&quot;location&quot;:&quot;Saint-Paul-en-Born&quot;,&quot;distance_km&quot;:&quot;1-2 km&quot;,&quot;description&quot;:&quot;F\\u00eates avec bandas, repas landais et bals organis\\u00e9es au village, accessibles depuis le camping.&quot;,&quot;type&quot;:&quot;\\u00c9v\\u00e9nement culturel&quot;,&quot;comment&quot;:&quot;Immersion dans la culture locale typique des Landes au voisinage du camping.&quot;,&quot;link&quot;:&quot;https:\\\/\\\/www.guide-des-landes.com\\\/fr\\\/tourisme\\\/se-loger\\\/campings\\\/campings-mobil-homes\\\/saint-paul-en-born-275\\\/camping-la-clairiere-691.html&quot;,&quot;image&quot;:&quot;&quot;},&quot;category&quot;:&quot;\\u00c9v\\u00e9nements recommand\\u00e9s&quot;}\">\n\n            <!-- Image + badge cat\u00e9gorie -->\n            <div class=\"em-card-img-wrap\">\n                              <div class=\"em-card-placeholder\">\ud83d\udcf7 Pas d'image<\/div>\n                            <span class=\"em-card-badge badge-event\">\u00c9v\u00e9nements recommand\u00e9s<\/span>\n            <\/div>\n\n            <!-- Contenu de la card -->\n            <div class=\"em-card-body\">\n              <h3 class=\"em-card-title\">F\u00eates traditionnelles de Saint-Paul-en-Born<\/h3>\n\n              <!-- Tags r\u00e9sum\u00e9s (max 4) -->\n              <div class=\"em-card-tags\">\n                                              <\/div>\n\n              <!-- Champs suppl\u00e9mentaires (max 3) -->\n              <div class=\"em-card-fields\">\n                                  <div class=\"em-card-field\">\n                    <span class=\"em-card-field-label\">Date \/ P\u00e9riode :<\/span>\n                    <span class=\"em-card-field-value\">Saison estivale 2025<\/span>\n                  <\/div>\n                                  <div class=\"em-card-field\">\n                    <span class=\"em-card-field-label\">Lieu (ville) :<\/span>\n                    <span class=\"em-card-field-value\">Saint-Paul-en-Born<\/span>\n                  <\/div>\n                                  <div class=\"em-card-field\">\n                    <span class=\"em-card-field-label\">Distance depuis le camping (km) :<\/span>\n                    <span class=\"em-card-field-value\">1-2 km<\/span>\n                  <\/div>\n                              <\/div>\n\n              <!-- Lien vers le d\u00e9tail -->\n              <div class=\"em-card-footer\">\n                <span>Voir le d\u00e9tail<\/span>\n                <svg fill=\"none\" viewBox=\"0 0 24 24\" stroke=\"currentColor\" stroke-width=\"2\"><path stroke-linecap=\"round\" stroke-linejoin=\"round\" d=\"M13.5 4.5L21 12m0 0l-7.5 7.5M21 12H3\"><\/path><\/svg>\n              <\/div>\n            <\/div>\n          <\/article>\n                  <article class=\"em-card\"\n            data-type=\"event\"\n            data-features=\"\"\n            data-name=\"initiation au yoga et relaxation en plein air\"\n            data-json=\"{&quot;name&quot;:&quot;Initiation au yoga et relaxation en plein air&quot;,&quot;image&quot;:&quot;&quot;,&quot;link&quot;:&quot;https:\\\/\\\/www.guide-des-landes.com\\\/fr\\\/tourisme\\\/se-loger\\\/campings\\\/campings-mobil-homes\\\/saint-paul-en-born-275\\\/camping-la-clairiere-691.html&quot;,&quot;data&quot;:{&quot;name&quot;:&quot;Initiation au yoga et relaxation en plein air&quot;,&quot;date_period&quot;:&quot;P\\u00e9riodes estivales 2025&quot;,&quot;location&quot;:&quot;Aux alentours du camping&quot;,&quot;distance_km&quot;:&quot;Proche, dans la nature&quot;,&quot;description&quot;:&quot;Sessions de yoga en plein air pour d\\u00e9tente et bien-\\u00eatre au contact de la nature landaise.&quot;,&quot;type&quot;:&quot;Animation bien-\\u00eatre&quot;,&quot;comment&quot;:&quot;Activit\\u00e9 douce li\\u00e9e \\u00e0 la nature, accessible aux vacanciers recherchant calme et partage.&quot;,&quot;link&quot;:&quot;https:\\\/\\\/www.guide-des-landes.com\\\/fr\\\/tourisme\\\/se-loger\\\/campings\\\/campings-mobil-homes\\\/saint-paul-en-born-275\\\/camping-la-clairiere-691.html&quot;,&quot;image&quot;:&quot;&quot;},&quot;category&quot;:&quot;\\u00c9v\\u00e9nements recommand\\u00e9s&quot;}\">\n\n            <!-- Image + badge cat\u00e9gorie -->\n            <div class=\"em-card-img-wrap\">\n                              <div class=\"em-card-placeholder\">\ud83d\udcf7 Pas d'image<\/div>\n                            <span class=\"em-card-badge badge-event\">\u00c9v\u00e9nements recommand\u00e9s<\/span>\n            <\/div>\n\n            <!-- Contenu de la card -->\n            <div class=\"em-card-body\">\n              <h3 class=\"em-card-title\">Initiation au yoga et relaxation en plein air<\/h3>\n\n              <!-- Tags r\u00e9sum\u00e9s (max 4) -->\n              <div class=\"em-card-tags\">\n                                              <\/div>\n\n              <!-- Champs suppl\u00e9mentaires (max 3) -->\n              <div class=\"em-card-fields\">\n                                  <div class=\"em-card-field\">\n                    <span class=\"em-card-field-label\">Date \/ P\u00e9riode :<\/span>\n                    <span class=\"em-card-field-value\">P\u00e9riodes estivales 2025<\/span>\n                  <\/div>\n                                  <div class=\"em-card-field\">\n                    <span class=\"em-card-field-label\">Lieu (ville) :<\/span>\n                    <span class=\"em-card-field-value\">Aux alentours du camping<\/span>\n                  <\/div>\n                                  <div class=\"em-card-field\">\n                    <span class=\"em-card-field-label\">Distance depuis le camping (km) :<\/span>\n                    <span class=\"em-card-field-value\">Proche, dans la nature<\/span>\n                  <\/div>\n                              <\/div>\n\n              <!-- Lien vers le d\u00e9tail -->\n              <div class=\"em-card-footer\">\n                <span>Voir le d\u00e9tail<\/span>\n                <svg fill=\"none\" viewBox=\"0 0 24 24\" stroke=\"currentColor\" stroke-width=\"2\"><path stroke-linecap=\"round\" stroke-linejoin=\"round\" d=\"M13.5 4.5L21 12m0 0l-7.5 7.5M21 12H3\"><\/path><\/svg>\n              <\/div>\n            <\/div>\n          <\/article>\n                  <article class=\"em-card\"\n            data-type=\"event\"\n            data-features=\"\"\n            data-name=\"festival de th\u00e9\u00e2tre amateur en plein air\"\n            data-json=\"{&quot;name&quot;:&quot;Festival de th\\u00e9\\u00e2tre amateur en plein air&quot;,&quot;image&quot;:&quot;&quot;,&quot;link&quot;:&quot;https:\\\/\\\/www.guide-des-landes.com\\\/fr\\\/tourisme\\\/se-loger\\\/campings\\\/campings-mobil-homes\\\/saint-paul-en-born-275\\\/camping-la-clairiere-691.html&quot;,&quot;data&quot;:{&quot;name&quot;:&quot;Festival de th\\u00e9\\u00e2tre amateur en plein air&quot;,&quot;date_period&quot;:&quot;\\u00c9t\\u00e9 2025&quot;,&quot;location&quot;:&quot;Saint-Paul-en-Born&quot;,&quot;distance_km&quot;:&quot;\\u00c0 proximit\\u00e9 du camping&quot;,&quot;description&quot;:&quot;Festival proposant des repr\\u00e9sentations th\\u00e9\\u00e2trales en plein air, dans un cadre convivial proche du camping.&quot;,&quot;type&quot;:&quot;\\u00c9v\\u00e9nement culturel&quot;,&quot;comment&quot;:&quot;Proposition artistique locale permettant immersion dans la vie culturelle.&quot;,&quot;link&quot;:&quot;https:\\\/\\\/www.guide-des-landes.com\\\/fr\\\/tourisme\\\/se-loger\\\/campings\\\/campings-mobil-homes\\\/saint-paul-en-born-275\\\/camping-la-clairiere-691.html&quot;,&quot;image&quot;:&quot;&quot;},&quot;category&quot;:&quot;\\u00c9v\\u00e9nements recommand\\u00e9s&quot;}\">\n\n            <!-- Image + badge cat\u00e9gorie -->\n            <div class=\"em-card-img-wrap\">\n                              <div class=\"em-card-placeholder\">\ud83d\udcf7 Pas d'image<\/div>\n                            <span class=\"em-card-badge badge-event\">\u00c9v\u00e9nements recommand\u00e9s<\/span>\n            <\/div>\n\n            <!-- Contenu de la card -->\n            <div class=\"em-card-body\">\n              <h3 class=\"em-card-title\">Festival de th\u00e9\u00e2tre amateur en plein air<\/h3>\n\n              <!-- Tags r\u00e9sum\u00e9s (max 4) -->\n              <div class=\"em-card-tags\">\n                                              <\/div>\n\n              <!-- Champs suppl\u00e9mentaires (max 3) -->\n              <div class=\"em-card-fields\">\n                                  <div class=\"em-card-field\">\n                    <span class=\"em-card-field-label\">Date \/ P\u00e9riode :<\/span>\n                    <span class=\"em-card-field-value\">\u00c9t\u00e9 2025<\/span>\n                  <\/div>\n                                  <div class=\"em-card-field\">\n                    <span class=\"em-card-field-label\">Lieu (ville) :<\/span>\n                    <span class=\"em-card-field-value\">Saint-Paul-en-Born<\/span>\n                  <\/div>\n                                  <div class=\"em-card-field\">\n                    <span class=\"em-card-field-label\">Distance depuis le camping (km) :<\/span>\n                    <span class=\"em-card-field-value\">\u00c0 proximit\u00e9 du camping<\/span>\n                  <\/div>\n                              <\/div>\n\n              <!-- Lien vers le d\u00e9tail -->\n              <div class=\"em-card-footer\">\n                <span>Voir le d\u00e9tail<\/span>\n                <svg fill=\"none\" viewBox=\"0 0 24 24\" stroke=\"currentColor\" stroke-width=\"2\"><path stroke-linecap=\"round\" stroke-linejoin=\"round\" d=\"M13.5 4.5L21 12m0 0l-7.5 7.5M21 12H3\"><\/path><\/svg>\n              <\/div>\n            <\/div>\n          <\/article>\n                  <article class=\"em-card\"\n            data-type=\"event\"\n            data-features=\"\"\n            data-name=\"exposition &quot;automne en sc\u00e8ne&quot; - atelier d\u00e9couverte de la boussole c\u00e9leste\"\n            data-json=\"{&quot;name&quot;:&quot;Exposition \\&quot;Automne en Sc\\u00e8ne\\&quot; - Atelier d\\u00e9couverte de la boussole c\\u00e9leste&quot;,&quot;image&quot;:&quot;&quot;,&quot;link&quot;:&quot;https:\\\/\\\/www.guide-des-landes.com\\\/fr\\\/tourisme\\\/se-loger\\\/campings\\\/campings-mobil-homes\\\/saint-paul-en-born-275\\\/camping-la-clairiere-691.html&quot;,&quot;data&quot;:{&quot;name&quot;:&quot;Exposition \\&quot;Automne en Sc\\u00e8ne\\&quot; - Atelier d\\u00e9couverte de la boussole c\\u00e9leste&quot;,&quot;date_period&quot;:&quot;Automne 2025&quot;,&quot;location&quot;:&quot;Saint-Paul-en-Born, proche camping&quot;,&quot;distance_km&quot;:&quot;1-2 km&quot;,&quot;description&quot;:&quot;Atelier d&#039;initiation \\u00e0 la boussole c\\u00e9leste dans le cadre de l&#039;exposition locale \\&quot;Automne en Sc\\u00e8ne\\&quot;.&quot;,&quot;type&quot;:&quot;Animation culturelle et scientifique&quot;,&quot;comment&quot;:&quot;Destin\\u00e9 aux passionn\\u00e9s de nature et astronomie, accessible aux familles.&quot;,&quot;link&quot;:&quot;https:\\\/\\\/www.guide-des-landes.com\\\/fr\\\/tourisme\\\/se-loger\\\/campings\\\/campings-mobil-homes\\\/saint-paul-en-born-275\\\/camping-la-clairiere-691.html&quot;,&quot;image&quot;:&quot;&quot;},&quot;category&quot;:&quot;\\u00c9v\\u00e9nements recommand\\u00e9s&quot;}\">\n\n            <!-- Image + badge cat\u00e9gorie -->\n            <div class=\"em-card-img-wrap\">\n                              <div class=\"em-card-placeholder\">\ud83d\udcf7 Pas d'image<\/div>\n                            <span class=\"em-card-badge badge-event\">\u00c9v\u00e9nements recommand\u00e9s<\/span>\n            <\/div>\n\n            <!-- Contenu de la card -->\n            <div class=\"em-card-body\">\n              <h3 class=\"em-card-title\">Exposition &quot;Automne en Sc\u00e8ne&quot; - Atelier d\u00e9couverte de la boussole c\u00e9leste<\/h3>\n\n              <!-- Tags r\u00e9sum\u00e9s (max 4) -->\n              <div class=\"em-card-tags\">\n                                              <\/div>\n\n              <!-- Champs suppl\u00e9mentaires (max 3) -->\n              <div class=\"em-card-fields\">\n                                  <div class=\"em-card-field\">\n                    <span class=\"em-card-field-label\">Date \/ P\u00e9riode :<\/span>\n                    <span class=\"em-card-field-value\">Automne 2025<\/span>\n                  <\/div>\n                                  <div class=\"em-card-field\">\n                    <span class=\"em-card-field-label\">Lieu (ville) :<\/span>\n                    <span class=\"em-card-field-value\">Saint-Paul-en-Born, proche camping<\/span>\n                  <\/div>\n                                  <div class=\"em-card-field\">\n                    <span class=\"em-card-field-label\">Distance depuis le camping (km) :<\/span>\n                    <span class=\"em-card-field-value\">1-2 km<\/span>\n                  <\/div>\n                              <\/div>\n\n              <!-- Lien vers le d\u00e9tail -->\n              <div class=\"em-card-footer\">\n                <span>Voir le d\u00e9tail<\/span>\n                <svg fill=\"none\" viewBox=\"0 0 24 24\" stroke=\"currentColor\" stroke-width=\"2\"><path stroke-linecap=\"round\" stroke-linejoin=\"round\" d=\"M13.5 4.5L21 12m0 0l-7.5 7.5M21 12H3\"><\/path><\/svg>\n              <\/div>\n            <\/div>\n          <\/article>\n              <\/div>\n\n      <!-- \u00c9tat vide (aucun r\u00e9sultat apr\u00e8s filtrage) -->\n      <div class=\"em-empty\" id=\"em-empty\" style=\"display:none;\">\n        <p><strong>Aucun r\u00e9sultat<\/strong><br>Modifiez vos filtres pour voir plus de r\u00e9sultats<\/p>\n      <\/div>\n    <\/main>\n  <\/div>\n<\/div>\n\n<!-- \u2550\u2550\u2550\u2550\u2550\u2550\u2550\u2550\u2550\u2550\u2550\u2550\u2550\u2550\u2550\u2550\u2550\u2550\u2550\u2550\u2550\u2550\u2550\u2550\u2550\u2550\u2550\u2550\u2550\u2550\u2550\u2550\u2550\u2550\u2550\u2550\u2550\u2550\u2550\u2550\u2550\u2550\u2550\u2550\u2550\u2550\u2550\u2550\u2550\u2550\u2550\u2550\u2550\u2550\u2550\u2550\u2550\u2550\u2550\u2550\u2550\u2550\u2550\n     JAVASCRIPT \u2014 Filtres, modal, carte Leaflet\n     \u2550\u2550\u2550\u2550\u2550\u2550\u2550\u2550\u2550\u2550\u2550\u2550\u2550\u2550\u2550\u2550\u2550\u2550\u2550\u2550\u2550\u2550\u2550\u2550\u2550\u2550\u2550\u2550\u2550\u2550\u2550\u2550\u2550\u2550\u2550\u2550\u2550\u2550\u2550\u2550\u2550\u2550\u2550\u2550\u2550\u2550\u2550\u2550\u2550\u2550\u2550\u2550\u2550\u2550\u2550\u2550\u2550\u2550\u2550\u2550\u2550\u2550\u2550 -->\n\n<script>\n(function() {\n  'use strict';\n\n  \/\/ Labels des champs (inject\u00e9s depuis PHP)\n  var FIELD_LABELS = window.emFieldLabels || {};\n\n  \/\/ Cl\u00e9s exclues de la modal (donn\u00e9es internes \/ d\u00e9j\u00e0 affich\u00e9es)\n  var EXCLUDED_KEYS = [\n    'name', 'image', 'images', 'image_url', 'link', 'site_officiel',\n    'gps_coordinates_latitude', 'gps_coordinates_longitude',\n    'latitude', 'longitude', 'latitude_deg', 'longitude_deg',\n    'address', 'available_image_urls'\n  ];\n\n  \/**\n   * Retourne le label lisible d'un champ\n   * Utilise les labels API si disponibles, sinon formate la cl\u00e9\n   *\/\n  function getFieldLabel(key) {\n    return FIELD_LABELS[key] || key.replace(\/_\/g, ' ').replace(\/^\\w\/, function(c) { return c.toUpperCase(); });\n  }\n\n  \/**\n   * \u00c9chappe le HTML pour \u00e9viter les injections XSS\n   *\/\n  function escapeHtml(str) {\n    if (!str) return '';\n    var div = document.createElement('div');\n    div.textContent = str;\n    return div.innerHTML;\n  }\n\n  \/\/ \u2550\u2550\u2550\u2550\u2550\u2550\u2550\u2550\u2550\u2550\u2550\u2550\u2550\u2550\u2550\u2550\u2550\u2550\u2550\u2550\u2550\u2550\u2550\u2550\u2550\u2550\u2550\u2550\u2550\u2550\u2550\u2550\u2550\u2550\u2550\u2550\u2550\u2550\u2550\n  \/\/ FILTRES \u2014 Onglets, checkboxes, recherche\n  \/\/ \u2550\u2550\u2550\u2550\u2550\u2550\u2550\u2550\u2550\u2550\u2550\u2550\u2550\u2550\u2550\u2550\u2550\u2550\u2550\u2550\u2550\u2550\u2550\u2550\u2550\u2550\u2550\u2550\u2550\u2550\u2550\u2550\u2550\u2550\u2550\u2550\u2550\u2550\u2550\n\n  var activeCategoryFilter = 'all';\n  var searchQuery = '';\n\n  \/**\n   * Applique tous les filtres actifs (cat\u00e9gorie, type, \u00e9quipements, recherche)\n   * Met \u00e0 jour la visibilit\u00e9 des cards et les compteurs\n   *\/\n  function applyFilters() {\n    var selectedTypes    = Array.from(document.querySelectorAll('.em-filter-type:checked')).map(function(cb) { return cb.value; });\n    var selectedFeatures = Array.from(document.querySelectorAll('.em-filter-feat:checked')).map(function(cb) { return cb.value; });\n    var cards = document.querySelectorAll('.em-card');\n    var visibleCount = 0;\n\n    cards.forEach(function(card) {\n      var cardType     = card.getAttribute('data-type');\n      var cardFeatures = (card.getAttribute('data-features') || '').split(',').filter(Boolean);\n      var cardName     = card.getAttribute('data-name') || '';\n\n      \/\/ V\u00e9rifier chaque crit\u00e8re de filtre\n      var matchesCategory = (activeCategoryFilter === 'all' || activeCategoryFilter === cardType);\n      var matchesType     = selectedTypes.indexOf(cardType) !== -1;\n      var matchesSearch   = (searchQuery === '' || cardName.indexOf(searchQuery.toLowerCase()) !== -1);\n\n      var isVisible = matchesCategory && matchesType && matchesSearch;\n\n      \/\/ Filtre \u00e9quipements (uniquement pour les h\u00e9bergements)\n      if (isVisible && (cardType === 'accommodation' || cardType === 'accomodation') && selectedFeatures.length > 0) {\n        isVisible = selectedFeatures.every(function(feat) { return cardFeatures.indexOf(feat) !== -1; });\n      }\n\n      card.style.display = isVisible ? '' : 'none';\n      if (isVisible) visibleCount++;\n    });\n\n    \/\/ Mise \u00e0 jour des compteurs\n    document.getElementById('em-stat-visible').textContent = visibleCount;\n    document.getElementById('em-empty').style.display = visibleCount === 0 ? 'block' : 'none';\n\n    \/\/ Mise \u00e0 jour des marqueurs de la carte\n    if (typeof updateMapMarkers === 'function') {\n      updateMapMarkers(activeCategoryFilter === 'all' ? selectedTypes : [activeCategoryFilter]);\n    }\n  }\n\n  \/\/ \u2500\u2500\u2500 Onglets de cat\u00e9gories \u2500\u2500\u2500\n  document.querySelectorAll('.em-tab').forEach(function(tab) {\n    tab.addEventListener('click', function() {\n      document.querySelectorAll('.em-tab').forEach(function(t) { t.classList.remove('active'); });\n      tab.classList.add('active');\n      activeCategoryFilter = tab.getAttribute('data-filter');\n      applyFilters();\n    });\n  });\n\n  \/\/ \u2500\u2500\u2500 Checkboxes filtres \u2500\u2500\u2500\n  document.querySelectorAll('.em-filter-type, .em-filter-feat').forEach(function(checkbox) {\n    checkbox.addEventListener('change', applyFilters);\n  });\n\n  \/\/ \u2500\u2500\u2500 Barre de recherche \u2500\u2500\u2500\n  var searchInput = document.getElementById('em-search');\n  if (searchInput) {\n    searchInput.addEventListener('input', function(e) {\n      searchQuery = e.target.value;\n      applyFilters();\n    });\n  }\n\n  \/\/ \u2500\u2500\u2500 Bouton r\u00e9initialiser \u2500\u2500\u2500\n  var resetButton = document.getElementById('em-reset-filters');\n  if (resetButton) {\n    resetButton.addEventListener('click', function() {\n      document.querySelectorAll('.em-filter-type').forEach(function(cb) { cb.checked = true; });\n      document.querySelectorAll('.em-filter-feat').forEach(function(cb) { cb.checked = false; });\n      if (searchInput) searchInput.value = '';\n      searchQuery = '';\n      activeCategoryFilter = 'all';\n\n      \/\/ Remettre l'onglet \"Tout\" actif\n      document.querySelectorAll('.em-tab').forEach(function(t) { t.classList.remove('active'); });\n      var allTab = document.querySelector('.em-tab[data-filter=\"all\"]');\n      if (allTab) allTab.classList.add('active');\n\n      applyFilters();\n    });\n  }\n\n  \/\/ Application initiale des filtres\n  applyFilters();\n\n  \/\/ \u2550\u2550\u2550\u2550\u2550\u2550\u2550\u2550\u2550\u2550\u2550\u2550\u2550\u2550\u2550\u2550\u2550\u2550\u2550\u2550\u2550\u2550\u2550\u2550\u2550\u2550\u2550\u2550\u2550\u2550\u2550\u2550\u2550\u2550\u2550\u2550\u2550\u2550\u2550\n  \/\/ MODAL \u2014 D\u00e9tail d'une fiche\n  \/\/ \u2550\u2550\u2550\u2550\u2550\u2550\u2550\u2550\u2550\u2550\u2550\u2550\u2550\u2550\u2550\u2550\u2550\u2550\u2550\u2550\u2550\u2550\u2550\u2550\u2550\u2550\u2550\u2550\u2550\u2550\u2550\u2550\u2550\u2550\u2550\u2550\u2550\u2550\u2550\n\n  \/\/ Clic sur une card \u2192 ouvrir la modal\n  document.querySelectorAll('.em-card').forEach(function(card) {\n    card.addEventListener('click', function() {\n      var cardData = JSON.parse(card.getAttribute('data-json'));\n      openDetailModal(cardData);\n    });\n  });\n\n  \/**\n   * Ouvre la modal de d\u00e9tail pour une fiche\n   * Affiche l'image (si disponible), les champs et le lien externe\n   *\/\n  function openDetailModal(item) {\n    \/\/ Filtrer les champs \u00e0 afficher (exclure les cl\u00e9s internes)\n    var entries = Object.entries(item.data || {}).filter(function(entry) {\n      return EXCLUDED_KEYS.indexOf(entry[0]) === -1\n        && entry[1] && entry[1] !== ''\n        && typeof entry[1] !== 'object';\n    }).map(function(entry) {\n      var value = entry[1];\n      if (value === true || value === 'true') value = 'Oui';\n      else if (value === false || value === 'false') value = 'Non';\n      return { label: getFieldLabel(entry[0]), value: String(value) };\n    });\n\n    var hasImage = item.image && item.image.indexOf('http') === 0;\n    var html = '<div class=\"em-modal\">';\n\n    \/\/ \u2500\u2500\u2500 Header de la modal (avec ou sans image) \u2500\u2500\u2500\n    if (hasImage) {\n      html += '<div class=\"em-modal-img-wrap\">'\n        + '<img decoding=\"async\" class=\"em-modal-img\" src=\"' + escapeHtml(item.image) + '\" alt=\"' + escapeHtml(item.name) + '\" onerror=\"this.style.display=\\'none\\'\">'\n        + '<div class=\"em-modal-img-gradient\"><\/div>'\n        + '<button class=\"em-modal-close\" data-close>&times;<\/button>'\n        + '<div class=\"em-modal-img-info\">'\n        + '<p class=\"em-modal-img-cat\">' + escapeHtml(item.category || '') + '<\/p>'\n        + '<h3 class=\"em-modal-img-title\">' + escapeHtml(item.name) + '<\/h3>'\n        + '<\/div><\/div>';\n    } else {\n      html += '<div class=\"em-modal-header-noimg\"><div>'\n        + '<p class=\"em-modal-header-noimg-cat\">' + escapeHtml(item.category || '') + '<\/p>'\n        + '<h3 class=\"em-modal-header-noimg-title\">' + escapeHtml(item.name) + '<\/h3>'\n        + '<\/div><button class=\"em-modal-close-noimg\" data-close>&times;<\/button><\/div>';\n    }\n\n    \/\/ \u2500\u2500\u2500 Corps de la modal : champs cl\u00e9\/valeur \u2500\u2500\u2500\n    html += '<div class=\"em-modal-body\">';\n    entries.forEach(function(entry) {\n      html += '<div class=\"em-modal-entry\">'\n        + '<p class=\"em-modal-entry-label\">' + escapeHtml(entry.label) + '<\/p>'\n        + '<p class=\"em-modal-entry-value\">' + escapeHtml(entry.value) + '<\/p>'\n        + '<\/div>';\n    });\n    html += '<\/div>';\n\n    \/\/ \u2500\u2500\u2500 Footer de la modal : lien externe + bouton fermer \u2500\u2500\u2500\n    html += '<div class=\"em-modal-footer\">';\n    if (item.link && item.link.indexOf('http') === 0) {\n      html += '<a href=\"' + escapeHtml(item.link) + '\" target=\"_blank\" rel=\"noopener\" class=\"em-modal-link\">Ouvrir le lien &rarr;<\/a>';\n    } else {\n      html += '<span><\/span>';\n    }\n    html += '<button class=\"em-modal-close-btn\" data-close>Fermer<\/button><\/div><\/div>';\n\n    \/\/ \u2500\u2500\u2500 Injection dans le DOM \u2500\u2500\u2500\n    var overlay = document.createElement('div');\n    overlay.className = 'em-modal-overlay';\n    overlay.innerHTML = html;\n    document.body.appendChild(overlay);\n\n    \/\/ Fermeture : boutons, clic overlay, touche Escape\n    overlay.querySelectorAll('[data-close]').forEach(function(btn) {\n      btn.addEventListener('click', function() { overlay.remove(); });\n    });\n    overlay.addEventListener('click', function(e) { if (e.target === overlay) overlay.remove(); });\n    document.addEventListener('keydown', function escapeHandler(e) {\n      if (e.key === 'Escape') { overlay.remove(); document.removeEventListener('keydown', escapeHandler); }\n    });\n  }\n\n  \/\/ \u2550\u2550\u2550\u2550\u2550\u2550\u2550\u2550\u2550\u2550\u2550\u2550\u2550\u2550\u2550\u2550\u2550\u2550\u2550\u2550\u2550\u2550\u2550\u2550\u2550\u2550\u2550\u2550\u2550\u2550\u2550\u2550\u2550\u2550\u2550\u2550\u2550\u2550\u2550\n  \/\/ CARTE LEAFLET \u2014 Marqueurs + interactions\n  \/\/ \u2550\u2550\u2550\u2550\u2550\u2550\u2550\u2550\u2550\u2550\u2550\u2550\u2550\u2550\u2550\u2550\u2550\u2550\u2550\u2550\u2550\u2550\u2550\u2550\u2550\u2550\u2550\u2550\u2550\u2550\u2550\u2550\u2550\u2550\u2550\u2550\u2550\u2550\u2550\n\n  var mapElement = document.getElementById('em-map');\n\n  if (mapElement && typeof L !== 'undefined') {\n\n    \/\/ Initialisation de la carte\n    var map = L.map(mapElement, { zoomControl: false, attributionControl: false }).setView([46.6, 1.9], 6);\n    L.control.zoom({ position: 'topright' }).addTo(map);\n    L.control.attribution({ position: 'bottomright', prefix: false })\n      .addAttribution('&copy; <a href=\"https:\/\/www.openstreetmap.org\/copyright\">OSM<\/a> &copy; <a href=\"https:\/\/carto.com\/\">CARTO<\/a>')\n      .addTo(map);\n\n    \/\/ Tuiles CartoDB Voyager\n    L.tileLayer('https:\/\/{s}.basemaps.cartocdn.com\/rastertiles\/voyager\/{z}\/{x}\/{y}{r}.png', {\n      maxZoom: 19,\n      subdomains: 'abcd'\n    }).addTo(map);\n\n    \/\/ Donn\u00e9es inject\u00e9es depuis PHP\n    var gpsPoints      = [];\n    var categoryColorMap  = {\"city\":\"#3b82f6\",\"activity\":\"#a855f7\",\"event\":\"#ef4444\"};\n    var categoryLabelMap  = {\"city\":\"Villes aux alentours\",\"activity\":\"Activit\\u00e9s et lieux recommand\\u00e9s\",\"event\":\"\\u00c9v\\u00e9nements recommand\\u00e9s\"};\n\n    var markers      = [];   \/\/ Tous les marqueurs [{marker, type, latLng, idx}]\n    var allBounds    = [];   \/\/ Coordonn\u00e9es pour le fitBounds initial\n    var activeMarker = null; \/\/ Marqueur actuellement s\u00e9lectionn\u00e9\n\n    \/**\n     * Cr\u00e9e une ic\u00f4ne SVG circulaire pour un marqueur Leaflet\n     * @param {string} color  \u2014 Couleur de remplissage\n     * @param {number} size   \u2014 Diam\u00e8tre du cercle int\u00e9rieur (d\u00e9faut: 12)\n     *\/\n    function createMarkerIcon(color, size) {\n      size = size || 12;\n      var outerSize = size + 8;\n      var center = outerSize \/ 2;\n      return L.divIcon({\n        className: 'em-marker',\n        html: '<svg width=\"' + outerSize + '\" height=\"' + outerSize + '\" viewBox=\"0 0 ' + outerSize + ' ' + outerSize + '\">'\n          + '<circle cx=\"' + center + '\" cy=\"' + center + '\" r=\"' + (size \/ 2 + 2) + '\" fill=\"white\" opacity=\"0.9\"\/>'\n          + '<circle cx=\"' + center + '\" cy=\"' + center + '\" r=\"' + (size \/ 2) + '\" fill=\"' + color + '\"\/>'\n          + '<\/svg>',\n        iconSize: [outerSize, outerSize],\n        iconAnchor: [center, center],\n        popupAnchor: [0, -(size \/ 2 + 6)]\n      });\n    }\n\n    \/\/ \u2500\u2500\u2500 Placement des marqueurs sur la carte \u2500\u2500\u2500\n    gpsPoints.forEach(function(point) {\n      var color    = categoryColorMap[point.type] || '#6b7280';\n      var catLabel = categoryLabelMap[point.type] || point.type;\n      var icon     = createMarkerIcon(color, 12);\n      var marker   = L.marker([point.lat, point.lng], { icon: icon }).addTo(map);\n\n      \/\/ Popup au clic\n      var popupHtml = '<div class=\"em-map-popup\">'\n        + '<p class=\"em-map-popup-name\">' + escapeHtml(point.name) + '<\/p>'\n        + '<p class=\"em-map-popup-cat\" style=\"color:' + color + '\">' + escapeHtml(catLabel) + '<\/p>'\n        + '<button class=\"em-map-popup-btn\" data-card-idx=\"' + point.idx + '\">Voir la fiche \u2192<\/button>'\n        + '<\/div>';\n      marker.bindPopup(popupHtml, { closeButton: false, minWidth: 180 });\n\n      \/\/ Highlight du marqueur actif\n      marker.on('click', function() {\n        if (activeMarker && activeMarker.getElement()) activeMarker.getElement().classList.remove('em-marker--active');\n        if (marker.getElement()) marker.getElement().classList.add('em-marker--active');\n        activeMarker = marker;\n      });\n\n      \/\/ Bouton \"Voir la fiche\" dans la popup \u2192 scroll vers la card\n      marker.on('popupopen', function() {\n        var popupBtn = document.querySelector('.em-map-popup-btn[data-card-idx=\"' + point.idx + '\"]');\n        if (popupBtn) {\n          popupBtn.addEventListener('click', function() {\n            var allCards = document.querySelectorAll('.em-card');\n            var targetCard = allCards[point.idx];\n            if (targetCard && targetCard.style.display !== 'none') {\n              targetCard.scrollIntoView({ behavior: 'smooth', block: 'center' });\n              targetCard.classList.add('em-card--highlight');\n              setTimeout(function() { targetCard.classList.remove('em-card--highlight'); }, 2000);\n            }\n            map.closePopup();\n          });\n        }\n      });\n\n      markers.push({ marker: marker, type: point.type, latLng: [point.lat, point.lng], idx: point.idx });\n      allBounds.push([point.lat, point.lng]);\n    });\n\n    \/\/ Cadrage initial de la carte\n    if (allBounds.length > 1) map.fitBounds(allBounds, { padding: [40, 40] });\n    else if (allBounds.length === 1) map.setView(allBounds[0], 13);\n    setTimeout(function() { map.invalidateSize(); }, 100);\n\n    \/\/ \u2500\u2500\u2500 Interaction cards \u2194 marqueurs (hover) \u2500\u2500\u2500\n    document.querySelectorAll('.em-card').forEach(function(card, cardIndex) {\n      card.addEventListener('mouseenter', function() {\n        markers.forEach(function(m) {\n          if (m.idx === cardIndex) {\n            m.marker.setIcon(createMarkerIcon(categoryColorMap[m.type] || '#6b7280', 18));\n            m.marker.setZIndexOffset(1000);\n          }\n        });\n      });\n      card.addEventListener('mouseleave', function() {\n        markers.forEach(function(m) {\n          if (m.idx === cardIndex) {\n            m.marker.setIcon(createMarkerIcon(categoryColorMap[m.type] || '#6b7280', 12));\n            m.marker.setZIndexOffset(0);\n          }\n        });\n      });\n    });\n\n    \/**\n     * Met \u00e0 jour la visibilit\u00e9 des marqueurs selon les types s\u00e9lectionn\u00e9s\n     * Appel\u00e9 par applyFilters() quand les filtres changent\n     *\/\n    window.updateMapMarkers = function(visibleTypes) {\n      var visibleBounds = [];\n      markers.forEach(function(m) {\n        if (visibleTypes.indexOf(m.type) !== -1) {\n          if (!map.hasLayer(m.marker)) map.addLayer(m.marker);\n          visibleBounds.push(m.latLng);\n        } else {\n          if (map.hasLayer(m.marker)) map.removeLayer(m.marker);\n        }\n      });\n      if (visibleBounds.length > 1) map.fitBounds(visibleBounds, { padding: [40, 40], maxZoom: 14 });\n      else if (visibleBounds.length === 1) map.setView(visibleBounds[0], 13);\n    };\n\n    \/\/ \u2500\u2500\u2500 Toggle visibilit\u00e9 de la carte \u2500\u2500\u2500\n    var mapToggle = document.getElementById('em-map-toggle');\n    var mapWrapper = document.getElementById('em-map-wrap');\n    if (mapToggle && mapWrapper) {\n      mapToggle.addEventListener('click', function() {\n        var isVisible = mapWrapper.style.display !== 'none';\n        mapWrapper.style.display = isVisible ? 'none' : '';\n        mapToggle.classList.toggle('active', !isVisible);\n        if (!isVisible) setTimeout(function() { map.invalidateSize(); }, 100);\n      });\n    }\n  }\n\n  \/\/ \u2550\u2550\u2550\u2550\u2550\u2550\u2550\u2550\u2550\u2550\u2550\u2550\u2550\u2550\u2550\u2550\u2550\u2550\u2550\u2550\u2550\u2550\u2550\u2550\u2550\u2550\u2550\u2550\u2550\u2550\u2550\u2550\u2550\u2550\u2550\u2550\u2550\u2550\u2550\n  \/\/ MOBILE \u2014 Sidebar filtres collapsible\n  \/\/ \u2550\u2550\u2550\u2550\u2550\u2550\u2550\u2550\u2550\u2550\u2550\u2550\u2550\u2550\u2550\u2550\u2550\u2550\u2550\u2550\u2550\u2550\u2550\u2550\u2550\u2550\u2550\u2550\u2550\u2550\u2550\u2550\u2550\u2550\u2550\u2550\u2550\u2550\u2550\n\n  \/**\n   * Sur mobile (\u2264720px), la sidebar filtres est repli\u00e9e par d\u00e9faut\n   * Un clic sur le titre la d\u00e9plie\/replie\n   *\/\n  function initMobileFilters() {\n    var filtersContainer = document.querySelector('.em-filters');\n    var filtersTitle     = document.querySelector('.em-filters-title');\n    if (!filtersContainer || !filtersTitle) return;\n\n    if (window.innerWidth <= 720) {\n      filtersContainer.classList.add('collapsed');\n    }\n\n    filtersTitle.addEventListener('click', function() {\n      if (window.innerWidth <= 720) {\n        filtersContainer.classList.toggle('collapsed');\n      }\n    });\n  }\n\n  initMobileFilters();\n})();\n<\/script>\n\n\n","protected":false},"excerpt":{"rendered":"","protected":false},"author":2,"featured_media":0,"parent":0,"menu_order":0,"comment_status":"closed","ping_status":"closed","template":"","meta":{"_acf_changed":false,"footnotes":""},"sujet":[],"class_list":["post-3152","page","type-page","status-publish","hentry"],"acf":[],"yoast_head":"<!-- This site is optimized with the Yoast SEO plugin v25.3 - https:\/\/yoast.com\/wordpress\/plugins\/seo\/ -->\n<title>D\u00e9couvrez autour de vous - Camping La Clairi\u00e8re<\/title>\n<meta name=\"robots\" content=\"index, follow, max-snippet:-1, max-image-preview:large, max-video-preview:-1\" \/>\n<link rel=\"canonical\" href=\"https:\/\/www.camping-laclairiere.fr\/fr\/elaia-metadatas\/\" \/>\n<meta property=\"og:locale\" content=\"fr_FR\" \/>\n<meta property=\"og:type\" content=\"article\" \/>\n<meta property=\"og:title\" content=\"D\u00e9couvrez autour de vous - Camping La Clairi\u00e8re\" \/>\n<meta property=\"og:url\" content=\"https:\/\/www.camping-laclairiere.fr\/fr\/elaia-metadatas\/\" \/>\n<meta property=\"og:site_name\" content=\"Camping La Clairi\u00e8re\" \/>\n<meta property=\"article:modified_time\" content=\"2026-04-28T10:09:48+00:00\" \/>\n<meta name=\"twitter:card\" content=\"summary_large_image\" \/>\n<script type=\"application\/ld+json\" class=\"yoast-schema-graph\">{\"@context\":\"https:\/\/schema.org\",\"@graph\":[{\"@type\":\"WebPage\",\"@id\":\"https:\/\/www.camping-laclairiere.fr\/fr\/elaia-metadatas\/\",\"url\":\"https:\/\/www.camping-laclairiere.fr\/fr\/elaia-metadatas\/\",\"name\":\"D\u00e9couvrez autour de vous - Camping La Clairi\u00e8re\",\"isPartOf\":{\"@id\":\"https:\/\/www.camping-laclairiere.fr\/fr\/#website\"},\"datePublished\":\"2026-02-22T13:15:37+00:00\",\"dateModified\":\"2026-04-28T10:09:48+00:00\",\"breadcrumb\":{\"@id\":\"https:\/\/www.camping-laclairiere.fr\/fr\/elaia-metadatas\/#breadcrumb\"},\"inLanguage\":\"fr-FR\",\"potentialAction\":[{\"@type\":\"ReadAction\",\"target\":[\"https:\/\/www.camping-laclairiere.fr\/fr\/elaia-metadatas\/\"]}]},{\"@type\":\"BreadcrumbList\",\"@id\":\"https:\/\/www.camping-laclairiere.fr\/fr\/elaia-metadatas\/#breadcrumb\",\"itemListElement\":[{\"@type\":\"ListItem\",\"position\":1,\"name\":\"Camping Landes\",\"item\":\"https:\/\/www.camping-laclairiere.fr\/fr\/\"},{\"@type\":\"ListItem\",\"position\":2,\"name\":\"D\u00e9couvrez autour de vous\"}]},{\"@type\":\"WebSite\",\"@id\":\"https:\/\/www.camping-laclairiere.fr\/fr\/#website\",\"url\":\"https:\/\/www.camping-laclairiere.fr\/fr\/\",\"name\":\"Camping La Clairi\u00e8re\",\"description\":\"\",\"publisher\":{\"@id\":\"https:\/\/www.camping-laclairiere.fr\/fr\/#organization\"},\"potentialAction\":[{\"@type\":\"SearchAction\",\"target\":{\"@type\":\"EntryPoint\",\"urlTemplate\":\"https:\/\/www.camping-laclairiere.fr\/fr\/?s={search_term_string}\"},\"query-input\":{\"@type\":\"PropertyValueSpecification\",\"valueRequired\":true,\"valueName\":\"search_term_string\"}}],\"inLanguage\":\"fr-FR\"},{\"@type\":\"Organization\",\"@id\":\"https:\/\/www.camping-laclairiere.fr\/fr\/#organization\",\"name\":\"Camping La Clairi\u00e8re\",\"url\":\"https:\/\/www.camping-laclairiere.fr\/fr\/\",\"logo\":{\"@type\":\"ImageObject\",\"inLanguage\":\"fr-FR\",\"@id\":\"https:\/\/www.camping-laclairiere.fr\/fr\/#\/schema\/logo\/image\/\",\"url\":\"https:\/\/www.camping-laclairiere.fr\/wp-content\/uploads\/2022\/12\/logo-camping-la-clairiere.png\",\"contentUrl\":\"https:\/\/www.camping-laclairiere.fr\/wp-content\/uploads\/2022\/12\/logo-camping-la-clairiere.png\",\"width\":317,\"height\":111,\"caption\":\"Camping La Clairi\u00e8re\"},\"image\":{\"@id\":\"https:\/\/www.camping-laclairiere.fr\/fr\/#\/schema\/logo\/image\/\"}}]}<\/script>\n<!-- \/ Yoast SEO plugin. -->","yoast_head_json":{"title":"D\u00e9couvrez autour de vous - Camping La Clairi\u00e8re","robots":{"index":"index","follow":"follow","max-snippet":"max-snippet:-1","max-image-preview":"max-image-preview:large","max-video-preview":"max-video-preview:-1"},"canonical":"https:\/\/www.camping-laclairiere.fr\/fr\/elaia-metadatas\/","og_locale":"fr_FR","og_type":"article","og_title":"D\u00e9couvrez autour de vous - Camping La Clairi\u00e8re","og_url":"https:\/\/www.camping-laclairiere.fr\/fr\/elaia-metadatas\/","og_site_name":"Camping La Clairi\u00e8re","article_modified_time":"2026-04-28T10:09:48+00:00","twitter_card":"summary_large_image","schema":{"@context":"https:\/\/schema.org","@graph":[{"@type":"WebPage","@id":"https:\/\/www.camping-laclairiere.fr\/fr\/elaia-metadatas\/","url":"https:\/\/www.camping-laclairiere.fr\/fr\/elaia-metadatas\/","name":"D\u00e9couvrez autour de vous - Camping La Clairi\u00e8re","isPartOf":{"@id":"https:\/\/www.camping-laclairiere.fr\/fr\/#website"},"datePublished":"2026-02-22T13:15:37+00:00","dateModified":"2026-04-28T10:09:48+00:00","breadcrumb":{"@id":"https:\/\/www.camping-laclairiere.fr\/fr\/elaia-metadatas\/#breadcrumb"},"inLanguage":"fr-FR","potentialAction":[{"@type":"ReadAction","target":["https:\/\/www.camping-laclairiere.fr\/fr\/elaia-metadatas\/"]}]},{"@type":"BreadcrumbList","@id":"https:\/\/www.camping-laclairiere.fr\/fr\/elaia-metadatas\/#breadcrumb","itemListElement":[{"@type":"ListItem","position":1,"name":"Camping Landes","item":"https:\/\/www.camping-laclairiere.fr\/fr\/"},{"@type":"ListItem","position":2,"name":"D\u00e9couvrez autour de vous"}]},{"@type":"WebSite","@id":"https:\/\/www.camping-laclairiere.fr\/fr\/#website","url":"https:\/\/www.camping-laclairiere.fr\/fr\/","name":"Camping La Clairi\u00e8re","description":"","publisher":{"@id":"https:\/\/www.camping-laclairiere.fr\/fr\/#organization"},"potentialAction":[{"@type":"SearchAction","target":{"@type":"EntryPoint","urlTemplate":"https:\/\/www.camping-laclairiere.fr\/fr\/?s={search_term_string}"},"query-input":{"@type":"PropertyValueSpecification","valueRequired":true,"valueName":"search_term_string"}}],"inLanguage":"fr-FR"},{"@type":"Organization","@id":"https:\/\/www.camping-laclairiere.fr\/fr\/#organization","name":"Camping La Clairi\u00e8re","url":"https:\/\/www.camping-laclairiere.fr\/fr\/","logo":{"@type":"ImageObject","inLanguage":"fr-FR","@id":"https:\/\/www.camping-laclairiere.fr\/fr\/#\/schema\/logo\/image\/","url":"https:\/\/www.camping-laclairiere.fr\/wp-content\/uploads\/2022\/12\/logo-camping-la-clairiere.png","contentUrl":"https:\/\/www.camping-laclairiere.fr\/wp-content\/uploads\/2022\/12\/logo-camping-la-clairiere.png","width":317,"height":111,"caption":"Camping La Clairi\u00e8re"},"image":{"@id":"https:\/\/www.camping-laclairiere.fr\/fr\/#\/schema\/logo\/image\/"}}]}},"_links":{"self":[{"href":"https:\/\/www.camping-laclairiere.fr\/fr\/wp-json\/wp\/v2\/pages\/3152","targetHints":{"allow":["GET"]}}],"collection":[{"href":"https:\/\/www.camping-laclairiere.fr\/fr\/wp-json\/wp\/v2\/pages"}],"about":[{"href":"https:\/\/www.camping-laclairiere.fr\/fr\/wp-json\/wp\/v2\/types\/page"}],"author":[{"embeddable":true,"href":"https:\/\/www.camping-laclairiere.fr\/fr\/wp-json\/wp\/v2\/users\/2"}],"replies":[{"embeddable":true,"href":"https:\/\/www.camping-laclairiere.fr\/fr\/wp-json\/wp\/v2\/comments?post=3152"}],"version-history":[{"count":1,"href":"https:\/\/www.camping-laclairiere.fr\/fr\/wp-json\/wp\/v2\/pages\/3152\/revisions"}],"predecessor-version":[{"id":3160,"href":"https:\/\/www.camping-laclairiere.fr\/fr\/wp-json\/wp\/v2\/pages\/3152\/revisions\/3160"}],"wp:attachment":[{"href":"https:\/\/www.camping-laclairiere.fr\/fr\/wp-json\/wp\/v2\/media?parent=3152"}],"wp:term":[{"taxonomy":"sujet","embeddable":true,"href":"https:\/\/www.camping-laclairiere.fr\/fr\/wp-json\/wp\/v2\/sujet?post=3152"}],"curies":[{"name":"wp","href":"https:\/\/api.w.org\/{rel}","templated":true}]}}